{"id":32620,"date":"2018-12-13T06:46:03","date_gmt":"2018-12-13T08:46:03","guid":{"rendered":"https:\/\/www.formentera.es\/aspectos-utiles\/"},"modified":"2024-09-26T12:13:20","modified_gmt":"2024-09-26T10:13:20","slug":"informacoes-uteis","status":"publish","type":"page","link":"https:\/\/www.formentera.es\/pt\/planifica\/informacoes-uteis\/","title":{"rendered":"Informa\u00e7\u00f5es \u00fateis"},"content":{"rendered":"<div class=\"wpb-content-wrapper\"><p>[vc_row full_width=&#8221;stretch_row_content_no_spaces&#8221; content_placement=&#8221;middle&#8221; css=&#8221;.vc_custom_1549362852420{background-image: url(https:\/\/www.formentera.es\/wp-content\/uploads\/2019\/01\/LEVANTE-1E-JORGE-JIMENEZ.jpg?id=2033) !important;background-position: center !important;background-repeat: no-repeat !important;background-size: cover !important;}&#8221; el_id=&#8221;top_categoria&#8221; el_class=&#8221;planifica&#8221;][vc_column][vc_column_text]<\/p>\n<h1>Informa\u00e7\u00f5es \u00fateis<\/h1>\n<p>[\/vc_column_text][\/vc_column][\/vc_row][vc_row el_class=&#8221;bgen&#8221;][vc_column width=&#8221;2\/3&#8243;][vc_column_text]Formentera \u00e9 uma ilha pequena, com uma atmosfera pac\u00edfica onde turistas e residentes coexistem num <strong>espa\u00e7o seguro<\/strong>. No entanto, se lhe acontecer um incidente durante as suas f\u00e9rias, explicamos-lhe aqui como lidar com ele: <a href=\"https:\/\/www.formentera.es\/wp-content\/uploads\/2019\/05\/DESTINO-SEGURO-INTERIOR.pdf\">Formentera, destino seguro<\/a><\/p>\n<p><strong>Idioma<\/strong>. A l\u00edngua oficial \u00e9 o espanhol para al\u00e9m do catal\u00e3o, oficial nas ilhas Baleares. O ingl\u00eas, o alem\u00e3o, o italiano e o franc\u00eas tamb\u00e9m s\u00e3o falados na maioria dos estabelecimentos tur\u00edsticos.<\/p>\n<p><strong>Moeda.<\/strong> A moeda oficial \u00e9 o euro, tal como no resto do territ\u00f3rio espanhol. Qualquer valor que entre ou saia de Espanha superior a 6011 euros dever\u00e1 ser declarado.<\/p>\n<p><strong>Hor\u00e1rios.<\/strong> O hor\u00e1rio normal de funcionamento \u00e9 das 9h00 \u00e0s 14h00 e das 17h00 \u00e0s 20h00. No entanto, muitos estabelecimentos permanecem abertos ao meio-dia e at\u00e9 \u00e0 meia-noite. Em alguns domingos e feriados, muitos neg\u00f3cios abrem tamb\u00e9m as suas portas ao p\u00fablico..<\/p>\n<p><strong>Acampamento e camping.<\/strong> Devido \u00e0 pequena dimens\u00e3o da ilha, n\u00e3o existe parque de campismo em Formentera. \u00c9 proibido acampar livremente em toda a ilha, pernoitar em qualquer tipo de ve\u00edculo e dormir na praia e em zonas de bosque.<\/p>\n<p><strong>Emergencias<\/strong>. En caso de una emergencia, puede solicitar ayuda inmediata (ambulancias, bomberos, seguridad) marcando el n\u00famero de tel\u00e9fono 112, el servicio de emergencias de las Illes Balears. La llamada es gratuita y le atender\u00e1n r\u00e1pidamente en 4 idiomas (castellano, catal\u00e1n, ingl\u00e9s y alem\u00e1n).<\/p>\n<p><strong>Animais dom\u00e9sticos.<\/strong> As pessoas que pretendam viajar para Formentera com os seus animais de estima\u00e7\u00e3o devem certificar-se, com anteced\u00eancia, de que os alojamentos que escolheram permitam esta op\u00e7\u00e3o e que cumprem os requisitos de entrada em Espanha. Al\u00e9m disso, se o animal for considerado uma ra\u00e7a perigosa, dever\u00e1 viajar com o certificado. Em qualquer caso, dever\u00e3o observar as regras gerais e particulares relativas ao uso da trela, da a\u00e7aime e demais disposi\u00e7\u00f5es aplic\u00e1veis. Regra geral, \u00e9 proibida a entrada de animais de estima\u00e7\u00e3o em bares, restaurantes, lojas de alimenta\u00e7\u00e3o, praias e transportes urbanos, exceto c\u00e3es-guia. Para mais informa\u00e7\u00f5es consulte o posto de turismo.<\/p>\n<p><strong>Postos de informa\u00e7\u00e3o tur\u00edstica<\/strong><\/p>\n<ul>\n<li aria-level=\"1\">Posto de informa\u00e7\u00e3o tur\u00edstica de Savina. Estaci\u00f3n Mar\u00edtima de Savina | Telefone: (+34) 971322057 | Fax: (+34) 971322825 | informacioturistica@formentera.es. Aberta durante todo o ano.<\/li>\n<li>Ponto de informa\u00e7\u00e3o tur\u00edstica de Sant Francesc Xavier. Pla\u00e7a de la Constituci\u00f3 s\/n | Telefone: (+34) 971323620 |sanfrancesc@formentera.es Aberto durante todo o ano.<\/li>\n<li aria-level=\"1\">Posto de informa\u00e7\u00e3o tur\u00edstica de Es Pujols. Carrer Espalmador esquina Avenida Miramar | Telefone:\u00a0 (+34) 971328997 |espujols@formentera.es. Aberto de 1 de maio a 30 de outubro.<\/li>\n<li aria-level=\"1\">Posto de informa\u00e7\u00e3o tur\u00edstica do Aeroporto de Ibiza. Telefone: (+34) 97132809118. De segunda-feira a s\u00e1bado, das 10h00 \u00e0s 14h00 e das 17h00 \u00e0s 19h00.<\/li>\n<\/ul>\n<p><strong>Transportes p\u00fablicos.<\/strong> Formentera disp\u00f5e de linhas regulares de autocarros durante todo o ano, sendo refor\u00e7adas nos meses de ver\u00e3o. Hor\u00e1rios e informa\u00e7\u00f5es: Autocares Paya: (+34) 971323181<\/p>\n<p><a href=\"http:\/\/www.busformentera.com\/\" target=\"_blank\" rel=\"noopener noreferrer\">www.busformentera.com<\/a><\/p>\n<p><strong>Taxis<\/strong>. Existe tamb\u00e9m um servi\u00e7o de t\u00e1xi com paragens no porto de Savina e em todos os n\u00facleos urbanos um dos t\u00e1xis est\u00e1 adaptado para pessoas com mobilidade reduzida. Existe tamb\u00e9m um servi\u00e7o privado de t\u00e1xi n\u00e1utico para desloca\u00e7\u00f5es de barco entre Ibiza e Formentera. T\u00e1xi: Es Pujols (+34) 971328016 | Porto de Sabina: (+34) 971322002 | San Francisco: (+34) 971322016 | Radio Taxi: (+34) 971322342<\/p>\n<p><strong>Taxis n\u00e1uticos<\/strong><\/p>\n<ul>\n<li>Barco Salao: (+34) 609 84 71 16 | <a href=\"http:\/\/www.formenterawatertaxi.es\/\" target=\"_blank\" rel=\"noopener noreferrer\">www.formenterawatertaxi.es<\/a><\/li>\n<li>Taximar: 629158664 &#8211; 607188981 | <a href=\"http:\/\/www.taximar.es\/\" target=\"_blank\" rel=\"noopener noreferrer\">www.taximar.es<\/a><\/li>\n<\/ul>\n<p><strong>ACESSO AO PARQUE NATURAL DE SES SALINES DE FORMENTERA<\/strong><\/p>\n<p>Neste\u00a0<a href=\"https:\/\/www.formentera.es\/wp-content\/uploads\/2024\/09\/Acces_Parc-Natural-de-ses-Salines.pdf\">link<\/a>, pode encontrar todas as informa\u00e7\u00f5es sobre as taxas de entrada e acesso dos diferentes ve\u00edculos \u00e0s praias do Parque Natural de Ses Salines.<\/p>\n<p><strong>Farm\u00e1cias e centros de sa\u00fade<\/strong><\/p>\n<p>Hospital. Centro de Sa\u00fade de Formentera. Carretera de Sabina a San Francisco Km 2,9 07860 Sant Francesc Xavier | Telefones: +34 971 32 +34, 971, 32, 23, 69, 23 57<\/p>\n<p><strong>Farm\u00e1cias:<\/strong><\/p>\n<ul>\n<li>Farmacia Joan Torres Quetglas. Sant Francesc Xavier. +34 971 32 24 19<\/li>\n<li>Farmacia Josep Mayans Ribas. Sant Ferran. +34 971 32 80 04<\/li>\n<li>Farmacia Maiteder de Eguileor Lasquibar. Es Pujols. +34 971 32 86 63<\/li>\n<li>Farmacia Guitart Lorente de No. Es Cal\u00f3 de Sant Agust\u00ed. +34 971 32 73 98<\/li>\n<\/ul>\n<p><strong>Telefone de emerg\u00eancias: 112<\/strong><\/p>\n<p><strong>Centros M\u00e9dicos Privados:<\/strong><\/p>\n<ul>\n<li>Centro M\u00e9dico en La Savina:www. cmformentera.imedicplatform.com<\/li>\n<li>Centro M\u00e9dico en Sant Francesc Xavier: Consultorio Pedro Piza<\/li>\n<li>Centro M\u00e9dico en Sant Ferran: Dr. Luis Mart\u00edn Soledad<\/li>\n<\/ul>\n<p><strong>Telefones \u00fateis:<\/strong><\/p>\n<ul>\n<li>Ayuntamiento: 971 32 10 87<\/li>\n<li>Policia Local: 092\/ 971 32 22 01<\/li>\n<li>Gu\u00e0rdia Civil: 971 32 20 22<\/li>\n<li>Bomberos: 092\/112<\/li>\n<li>Hospital de Formentera: 971 32 12 12<\/li>\n<li>Taxis Radio Tel\u00e9fono: 971 32 23 42<\/li>\n<li>Emergencias112<\/li>\n<\/ul>\n<p><strong>Festas populares:<\/strong> Os patronos das diferentes povoa\u00e7\u00f5es da ilha s\u00e3o eventos festivos obrigat\u00f3rios para residentes e turistas. Destacam-se as festas de Sant Jaume (em Sant Francesc) e a festividade da Virgem do Carmo (Carme), com celebra\u00e7\u00f5es em Savina e Es Pujols. As festas mais importantes s\u00e3o: Sant Ferran (30 de maio), Sant Joan (S\u00e3o Jo\u00e3o) a 24 de junho, Dia da Virgem do Carmo (Carme) a 16 de julho, Sant Jaume a 25 de julho, Santa Maria a 5 de agosto, Dia da Virgem do Pilar a 12 de outubro), Sant Francesc Xavier a 3 de dezembro).<\/p>\n<p><strong>Eletricidade.<\/strong> A corrente el\u00e9trica \u00e9 de 230 volts e 50 Hz.<\/p>\n<p><strong>Gasolina<\/strong>. Existem dois postos de abastecimento de combust\u00edvel na ilha, localizados na estrada principal entre as localidades de Savina e Sant Francesc e de Sant Francesc e Sant Ferran. Nos postos de abastecimento de combust\u00edvel vende-se gasolina sem chumbo (95 ou 98 octanas) e gas\u00f3leo.<\/p>\n<p><strong>Gorjetas.<\/strong> Embora sejam discricion\u00e1rias, \u00e9 costume deixar alguma gorjeta em bares, restaurantes e a pessoal de hotelaria, normalmente entre 5-10% do valor total do consumo.<\/p>\n<p><strong>Feriados::<\/strong><\/p>\n<ul>\n<li aria-level=\"1\">Dia 1 de janeiro.<\/li>\n<li aria-level=\"1\">Dia 6 de janeiro.<\/li>\n<li aria-level=\"1\">Quinta-feira Santa.<\/li>\n<li aria-level=\"1\">Sexta-feira Santa.<\/li>\n<li aria-level=\"1\">Segunda-feira de P\u00e1scoa.<\/li>\n<li aria-level=\"1\">Dia 1 de maio. Dia do Trabalhador.<\/li>\n<li aria-level=\"1\">Dia 15 de Agosto: Assun\u00e7\u00e3o de Maria.<\/li>\n<li aria-level=\"1\">Dia 12 de outubro. Virgem do Pilar.<\/li>\n<li aria-level=\"1\">Dia 15 de Agosto: Assun\u00e7\u00e3o de Nossa Senhora.<\/li>\n<li aria-level=\"1\">Dia 1 de novembro. Dia de Todos os Santos.<\/li>\n<li aria-level=\"1\">Dia 6 de dezembro. Dia da Constitui\u00e7\u00e3o Espanhola.<\/li>\n<li aria-level=\"1\">Dia 8 de dezembro. Imaculada Concei\u00e7\u00e3o.<\/li>\n<li aria-level=\"1\">Dia 24 de dezembro. V\u00e9spera de Natal.<\/li>\n<li aria-level=\"1\">Dia 25 de dezembro. Nascimento de Nosso Senhor Jesus Cristo.<\/li>\n<li aria-level=\"1\">Dia 26 de dezembro. Santo Estev\u00e3o.<\/li>\n<\/ul>\n<p>[\/vc_column_text][\/vc_column][vc_column width=&#8221;1\/3&#8243;][vc_wp_custommenu title=&#8221;Planifica tu viaje&#8221; nav_menu=&#8221;20&#8243;][vc_column_text]<div id=\"sidebar_ficha\"><a class=\"sidebar_breadcrumbs\" href=\"https:\/\/www.formentera.es\/pt\/planifica\/\"><i class=\"fa fa-angle-left\"><\/i>Voltar a Planifica<\/a><div class=\"content_sidebar\"><div class=\"bloc_share\"><div class=\"blocs1\"><div class=\"tit_medium\">Compartilhar<\/div><div class=\"redes_ficha\"><div class=\"fa fa-brands fa-x-twitter st-custom-button\" data-network=\"twitter\"><\/div><div class=\"fa fa-facebook st-custom-button\" data-network=\"facebook\"><\/div><div class=\"fa fa-pinterest-p st-custom-button\" data-network=\"pinterest\"><\/div><\/div><\/div><div class=\"blocs2\"><div class=\"tit_medium\">Enviar para um amigo<\/div><div class=\"redes_ficha\"><div class=\"fa fa-envelope st-custom-button\" data-network=\"email\"><\/div><div class=\"fa fa-whatsapp st-custom-button\" data-network=\"whatsapp\"><\/div><\/div><\/div><\/div><\/div><\/div>[\/vc_column_text][\/vc_column][\/vc_row][vc_row][vc_column][vc_column_text]<div id=\"siguexpl\" class=\"container sc\"><h2>Continue explorando<\/h2><div class=\"row\"><a href=\"https:\/\/www.formentera.es\/pt\/explorar\/cultura-e-patrimonio\/\" class=\"col-md-4\">\n\t\t\t\t\t\t<div class=\"row\">\n\t\t\t\t\t\t\t<div class=\"col-sm-4\" style=\"background-image: url(https:\/\/www.formentera.es\/wp-content\/uploads\/2019\/01\/Torre-de-Sa-Gavina_Moonkoala-300x200.jpg)\"><\/div>\n\t\t\t\t\t\t\t<div class=\"col-sm-8\">\n\t\t\t\t\t\t\t\tCultura e patrim\u00f3nio\n\t\t\t\t\t\t\t\t<i class=\"fa fa-angle-right\"><\/i>\n\t\t\t\t\t\t\t<\/div>\n\t\t\t\t\t\t\t<div class=\"bhover\"><\/div>\n\t\t\t\t\t\t<\/div>\n\t\t\t\t\t\t\n\t\t\t\t\t<\/a><a href=\"https:\/\/www.formentera.es\/pt\/explorar\/atividades\/\" class=\"col-md-4\">\n\t\t\t\t\t\t<div class=\"row\">\n\t\t\t\t\t\t\t<div class=\"col-sm-4\" style=\"background-image: url(https:\/\/www.formentera.es\/wp-content\/uploads\/2018\/11\/ESCUELA-MUNICIPAL-DE-VELA-4NOMADAS-jjfoto\u0300graf-16-300x207.jpg)\"><\/div>\n\t\t\t\t\t\t\t<div class=\"col-sm-8\">\n\t\t\t\t\t\t\t\tAtividades\n\t\t\t\t\t\t\t\t<i class=\"fa fa-angle-right\"><\/i>\n\t\t\t\t\t\t\t<\/div>\n\t\t\t\t\t\t\t<div class=\"bhover\"><\/div>\n\t\t\t\t\t\t<\/div>\n\t\t\t\t\t\t\n\t\t\t\t\t<\/a><a href=\"https:\/\/www.formentera.es\/pt\/explorar\/aldeias\/\" class=\"col-md-4\">\n\t\t\t\t\t\t<div class=\"row\">\n\t\t\t\t\t\t\t<div class=\"col-sm-4\" style=\"background-image: url(https:\/\/www.formentera.es\/wp-content\/uploads\/2018\/11\/1_Esglesia-St.-Francesc-panoramica-300x190.jpg)\"><\/div>\n\t\t\t\t\t\t\t<div class=\"col-sm-8\">\n\t\t\t\t\t\t\t\tAldeias\n\t\t\t\t\t\t\t\t<i class=\"fa fa-angle-right\"><\/i>\n\t\t\t\t\t\t\t<\/div>\n\t\t\t\t\t\t\t<div class=\"bhover\"><\/div>\n\t\t\t\t\t\t<\/div>\n\t\t\t\t\t\t\n\t\t\t\t\t<\/a><\/div><\/div>[\/vc_column_text][\/vc_column][\/vc_row]<\/p>\n<\/div>","protected":false},"excerpt":{"rendered":"<p>[vc_row full_width=&#8221;stretch_row_content_no_spaces&#8221; content_placement=&#8221;middle&#8221; css=&#8221;.vc_custom_1549362852420{background-image: url(https:\/\/www.formentera.es\/wp-content\/uploads\/2019\/01\/LEVANTE-1E-JORGE-JIMENEZ.jpg?id=2033) !important;background-position: center !important;background-repeat: no-repeat !important;background-size: cover !important;}&#8221; el_id=&#8221;top_categoria&#8221; el_class=&#8221;planifica&#8221;][vc_column][vc_column_text] Informa\u00e7\u00f5es [&hellip;]<\/p>\n","protected":false},"author":1,"featured_media":0,"parent":32624,"menu_order":0,"comment_status":"closed","ping_status":"closed","template":"page-gen.php","meta":{"_acf_changed":false,"footnotes":""},"categories":[],"class_list":["post-32620","page","type-page","status-publish","hentry"],"acf":[],"yoast_head":"<!-- This site is optimized with the Yoast SEO plugin v25.5 - https:\/\/yoast.com\/wordpress\/plugins\/seo\/ -->\n<title>Prepara tu visita Formentera | Turismo de Formentera<\/title>\n<meta name=\"description\" content=\"En esta p\u00e1gina encontrar\u00e1s toda la informaci\u00f3n que necesitas saber antes de llegar a la isla. Idioma, moneda, etc...\" \/>\n<meta name=\"robots\" content=\"index, follow, max-snippet:-1, max-image-preview:large, max-video-preview:-1\" \/>\n<link rel=\"canonical\" href=\"https:\/\/www.formentera.es\/planifica\/aspectos-utiles\/\" \/>\n<meta property=\"og:locale\" content=\"pt_PT\" \/>\n<meta property=\"og:type\" content=\"article\" \/>\n<meta property=\"og:title\" content=\"Prepara tu visita Formentera | Turismo de Formentera\" \/>\n<meta property=\"og:description\" content=\"En esta p\u00e1gina encontrar\u00e1s toda la informaci\u00f3n que necesitas saber antes de llegar a la isla. Idioma, moneda, etc...\" \/>\n<meta property=\"og:url\" content=\"https:\/\/www.formentera.es\/planifica\/aspectos-utiles\/\" \/>\n<meta property=\"og:site_name\" content=\"Turismo de Formentera\" \/>\n<meta property=\"article:publisher\" content=\"https:\/\/www.facebook.com\/turismoformentera\/\" \/>\n<meta property=\"article:modified_time\" content=\"2024-09-26T10:13:20+00:00\" \/>\n<meta name=\"twitter:card\" content=\"summary_large_image\" \/>\n<meta name=\"twitter:site\" content=\"@visitformentera\" \/>\n<meta name=\"twitter:label1\" content=\"Tempo estimado de leitura\" \/>\n\t<meta name=\"twitter:data1\" content=\"6 minutos\" \/>\n<script type=\"application\/ld+json\" class=\"yoast-schema-graph\">{\"@context\":\"https:\/\/schema.org\",\"@graph\":[{\"@type\":\"WebPage\",\"@id\":\"https:\/\/www.formentera.es\/planifica\/aspectos-utiles\/\",\"url\":\"https:\/\/www.formentera.es\/planifica\/aspectos-utiles\/\",\"name\":\"Prepara tu visita Formentera | Turismo de Formentera\",\"isPartOf\":{\"@id\":\"https:\/\/www.formentera.es\/#website\"},\"datePublished\":\"2018-12-13T08:46:03+00:00\",\"dateModified\":\"2024-09-26T10:13:20+00:00\",\"description\":\"En esta p\u00e1gina encontrar\u00e1s toda la informaci\u00f3n que necesitas saber antes de llegar a la isla. Idioma, moneda, etc...\",\"breadcrumb\":{\"@id\":\"https:\/\/www.formentera.es\/planifica\/aspectos-utiles\/#breadcrumb\"},\"inLanguage\":\"pt-PT\",\"potentialAction\":[{\"@type\":\"ReadAction\",\"target\":[\"https:\/\/www.formentera.es\/planifica\/aspectos-utiles\/\"]}]},{\"@type\":\"BreadcrumbList\",\"@id\":\"https:\/\/www.formentera.es\/planifica\/aspectos-utiles\/#breadcrumb\",\"itemListElement\":[{\"@type\":\"ListItem\",\"position\":1,\"name\":\"Portada\",\"item\":\"https:\/\/www.formentera.es\/pt\/\"},{\"@type\":\"ListItem\",\"position\":2,\"name\":\"Planifica\",\"item\":\"https:\/\/www.formentera.es\/pt\/planifica\/\"},{\"@type\":\"ListItem\",\"position\":3,\"name\":\"Informa\u00e7\u00f5es \u00fateis\"}]},{\"@type\":\"WebSite\",\"@id\":\"https:\/\/www.formentera.es\/#website\",\"url\":\"https:\/\/www.formentera.es\/\",\"name\":\"Turismo de Formentera\",\"description\":\"Web oficial de Turismo de Formentera\",\"potentialAction\":[{\"@type\":\"SearchAction\",\"target\":{\"@type\":\"EntryPoint\",\"urlTemplate\":\"https:\/\/www.formentera.es\/?s={search_term_string}\"},\"query-input\":{\"@type\":\"PropertyValueSpecification\",\"valueRequired\":true,\"valueName\":\"search_term_string\"}}],\"inLanguage\":\"pt-PT\"}]}<\/script>\n<!-- \/ Yoast SEO plugin. -->","yoast_head_json":{"title":"Prepara tu visita Formentera | Turismo de Formentera","description":"En esta p\u00e1gina encontrar\u00e1s toda la informaci\u00f3n que necesitas saber antes de llegar a la isla. Idioma, moneda, etc...","robots":{"index":"index","follow":"follow","max-snippet":"max-snippet:-1","max-image-preview":"max-image-preview:large","max-video-preview":"max-video-preview:-1"},"canonical":"https:\/\/www.formentera.es\/planifica\/aspectos-utiles\/","og_locale":"pt_PT","og_type":"article","og_title":"Prepara tu visita Formentera | Turismo de Formentera","og_description":"En esta p\u00e1gina encontrar\u00e1s toda la informaci\u00f3n que necesitas saber antes de llegar a la isla. Idioma, moneda, etc...","og_url":"https:\/\/www.formentera.es\/planifica\/aspectos-utiles\/","og_site_name":"Turismo de Formentera","article_publisher":"https:\/\/www.facebook.com\/turismoformentera\/","article_modified_time":"2024-09-26T10:13:20+00:00","twitter_card":"summary_large_image","twitter_site":"@visitformentera","twitter_misc":{"Tempo estimado de leitura":"6 minutos"},"schema":{"@context":"https:\/\/schema.org","@graph":[{"@type":"WebPage","@id":"https:\/\/www.formentera.es\/planifica\/aspectos-utiles\/","url":"https:\/\/www.formentera.es\/planifica\/aspectos-utiles\/","name":"Prepara tu visita Formentera | Turismo de Formentera","isPartOf":{"@id":"https:\/\/www.formentera.es\/#website"},"datePublished":"2018-12-13T08:46:03+00:00","dateModified":"2024-09-26T10:13:20+00:00","description":"En esta p\u00e1gina encontrar\u00e1s toda la informaci\u00f3n que necesitas saber antes de llegar a la isla. Idioma, moneda, etc...","breadcrumb":{"@id":"https:\/\/www.formentera.es\/planifica\/aspectos-utiles\/#breadcrumb"},"inLanguage":"pt-PT","potentialAction":[{"@type":"ReadAction","target":["https:\/\/www.formentera.es\/planifica\/aspectos-utiles\/"]}]},{"@type":"BreadcrumbList","@id":"https:\/\/www.formentera.es\/planifica\/aspectos-utiles\/#breadcrumb","itemListElement":[{"@type":"ListItem","position":1,"name":"Portada","item":"https:\/\/www.formentera.es\/pt\/"},{"@type":"ListItem","position":2,"name":"Planifica","item":"https:\/\/www.formentera.es\/pt\/planifica\/"},{"@type":"ListItem","position":3,"name":"Informa\u00e7\u00f5es \u00fateis"}]},{"@type":"WebSite","@id":"https:\/\/www.formentera.es\/#website","url":"https:\/\/www.formentera.es\/","name":"Turismo de Formentera","description":"Web oficial de Turismo de Formentera","potentialAction":[{"@type":"SearchAction","target":{"@type":"EntryPoint","urlTemplate":"https:\/\/www.formentera.es\/?s={search_term_string}"},"query-input":{"@type":"PropertyValueSpecification","valueRequired":true,"valueName":"search_term_string"}}],"inLanguage":"pt-PT"}]}},"_links":{"self":[{"href":"https:\/\/www.formentera.es\/pt\/wp-json\/wp\/v2\/pages\/32620","targetHints":{"allow":["GET"]}}],"collection":[{"href":"https:\/\/www.formentera.es\/pt\/wp-json\/wp\/v2\/pages"}],"about":[{"href":"https:\/\/www.formentera.es\/pt\/wp-json\/wp\/v2\/types\/page"}],"author":[{"embeddable":true,"href":"https:\/\/www.formentera.es\/pt\/wp-json\/wp\/v2\/users\/1"}],"replies":[{"embeddable":true,"href":"https:\/\/www.formentera.es\/pt\/wp-json\/wp\/v2\/comments?post=32620"}],"version-history":[{"count":0,"href":"https:\/\/www.formentera.es\/pt\/wp-json\/wp\/v2\/pages\/32620\/revisions"}],"up":[{"embeddable":true,"href":"https:\/\/www.formentera.es\/pt\/wp-json\/wp\/v2\/pages\/32624"}],"wp:attachment":[{"href":"https:\/\/www.formentera.es\/pt\/wp-json\/wp\/v2\/media?parent=32620"}],"wp:term":[{"taxonomy":"category","embeddable":true,"href":"https:\/\/www.formentera.es\/pt\/wp-json\/wp\/v2\/categories?post=32620"}],"curies":[{"name":"wp","href":"https:\/\/api.w.org\/{rel}","templated":true}]}}