{"id":32595,"date":"2018-12-12T07:43:42","date_gmt":"2018-12-12T09:43:42","guid":{"rendered":"https:\/\/www.formentera.es\/audioguias\/"},"modified":"2024-08-22T11:10:56","modified_gmt":"2024-08-22T09:10:56","slug":"audioguias","status":"publish","type":"page","link":"https:\/\/www.formentera.es\/pt\/planifica\/audioguias\/","title":{"rendered":"Audioguias"},"content":{"rendered":"<div class=\"wpb-content-wrapper\"><p>[vc_row css=&#8221;.vc_custom_1547571073394{padding-top: 40px !important;}&#8221;][vc_column alignment=&#8221;center&#8221;][vc_custom_heading source=&#8221;post_title&#8221; font_container=&#8221;tag:h1|text_align:center|color:%232e3a6e&#8221; use_theme_fonts=&#8221;yes&#8221;][vc_column_text el_class=&#8221;subtexto&#8221;]Nos postos de turismo de Formentera existem <strong>audioguias<\/strong> \u00e0 disposi\u00e7\u00e3o dos visitantes que desejem conhecer o patrim\u00f3nio da ilha em apoio guiado.[\/vc_column_text][\/vc_column][\/vc_row][vc_row full_width=&#8221;stretch_row_content&#8221; gap=&#8221;20&#8243; equal_height=&#8221;yes&#8221; el_class=&#8221;audioguias descargas&#8221;][vc_column width=&#8221;1\/4&#8243;][vc_single_image image=&#8221;1432&#8243; img_size=&#8221;full&#8221; alignment=&#8221;center&#8221;][vc_column_text el_class=&#8221;box_audio&#8221;]<\/p>\n<!--[if lt IE 9]><script>document.createElement('audio');<\/script><![endif]-->\n<audio class=\"wp-audio-shortcode\" id=\"audio-32595-1\" preload=\"none\" style=\"width: 100%;\" controls=\"controls\"><source type=\"audio\/mpeg\" src=\"https:\/\/www.formentera.es\/wp-content\/uploads\/2018\/12\/audio_1.mp3?_=1\" \/><a href=\"https:\/\/www.formentera.es\/wp-content\/uploads\/2018\/12\/audio_1.mp3\">https:\/\/www.formentera.es\/wp-content\/uploads\/2018\/12\/audio_1.mp3<\/a><\/audio>\n<p>[\/vc_column_text][vc_column_text]<\/p>\n<h3>1. Introdu\u00e7\u00e3o<\/h3>\n<p>[\/vc_column_text][vc_message message_box_style=&#8221;outline&#8221; style=&#8221;square&#8221; message_box_color=&#8221;white&#8221; icon_fontawesome=&#8221;fa fa-arrow-circle-o-down&#8221;]<a href=\"https:\/\/www.formentera.es\/wp-content\/uploads\/2018\/12\/audio_1.mp3\" target=\"_blank\" rel=\"noopener noreferrer\" download=\"Audio1\">Descarregar \u00e1udio<\/a>[\/vc_message][\/vc_column][vc_column width=&#8221;1\/4&#8243;][vc_single_image image=&#8221;1435&#8243; img_size=&#8221;full&#8221; alignment=&#8221;center&#8221;][vc_column_text el_class=&#8221;box_audio&#8221;]<\/p>\n<audio class=\"wp-audio-shortcode\" id=\"audio-32595-2\" preload=\"none\" style=\"width: 100%;\" controls=\"controls\"><source type=\"audio\/mpeg\" src=\"https:\/\/www.formentera.es\/wp-content\/uploads\/2018\/12\/audio_2.mp3?_=2\" \/><a href=\"https:\/\/www.formentera.es\/wp-content\/uploads\/2018\/12\/audio_2.mp3\">https:\/\/www.formentera.es\/wp-content\/uploads\/2018\/12\/audio_2.mp3<\/a><\/audio>\n<p>[\/vc_column_text][vc_column_text]<\/p>\n<h3>2. Descri\u00e7\u00e3o da rota.<\/h3>\n<p>[\/vc_column_text][vc_message message_box_style=&#8221;outline&#8221; style=&#8221;square&#8221; message_box_color=&#8221;white&#8221; icon_fontawesome=&#8221;fa fa-arrow-circle-o-down&#8221;]<a href=\"https:\/\/www.formentera.es\/wp-content\/uploads\/2018\/12\/audio_2.mp3\" target=\"_blank\" rel=\"noopener noreferrer\" download=\"Audio2\">Descarregar \u00e1udio<\/a>[\/vc_message][\/vc_column][vc_column width=&#8221;1\/4&#8243;][vc_single_image image=&#8221;1437&#8243; img_size=&#8221;full&#8221; alignment=&#8221;center&#8221;][vc_column_text el_class=&#8221;box_audio&#8221;]<\/p>\n<audio class=\"wp-audio-shortcode\" id=\"audio-32595-3\" preload=\"none\" style=\"width: 100%;\" controls=\"controls\"><source type=\"audio\/mpeg\" src=\"https:\/\/www.formentera.es\/wp-content\/uploads\/2018\/12\/audio_3.mp3?_=3\" \/><a href=\"https:\/\/www.formentera.es\/wp-content\/uploads\/2018\/12\/audio_3.mp3\">https:\/\/www.formentera.es\/wp-content\/uploads\/2018\/12\/audio_3.mp3<\/a><\/audio>\n<p>[\/vc_column_text][vc_column_text]<\/p>\n<h3>3. A caminho de algum lugar, a hist\u00f3ria da ilha<\/h3>\n<p>[\/vc_column_text][vc_message message_box_style=&#8221;outline&#8221; style=&#8221;square&#8221; message_box_color=&#8221;white&#8221; icon_fontawesome=&#8221;fa fa-arrow-circle-o-down&#8221;]<a href=\"https:\/\/www.formentera.es\/wp-content\/uploads\/2018\/12\/audio_3.mp3\" target=\"_blank\" rel=\"noopener noreferrer\" download=\"Audio3\">Descarregar \u00e1udio<\/a>[\/vc_message][\/vc_column][vc_column width=&#8221;1\/4&#8243;][vc_single_image image=&#8221;1439&#8243; img_size=&#8221;full&#8221; alignment=&#8221;center&#8221;][vc_column_text el_class=&#8221;box_audio&#8221;]<\/p>\n<audio class=\"wp-audio-shortcode\" id=\"audio-32595-4\" preload=\"none\" style=\"width: 100%;\" controls=\"controls\"><source type=\"audio\/mpeg\" src=\"https:\/\/www.formentera.es\/wp-content\/uploads\/2018\/12\/audio_4.mp3?_=4\" \/><a href=\"https:\/\/www.formentera.es\/wp-content\/uploads\/2018\/12\/audio_4.mp3\">https:\/\/www.formentera.es\/wp-content\/uploads\/2018\/12\/audio_4.mp3<\/a><\/audio>\n<p>[\/vc_column_text][vc_column_text]<\/p>\n<h3>4. Es mirador<\/h3>\n<p>[\/vc_column_text][vc_message message_box_style=&#8221;outline&#8221; style=&#8221;square&#8221; message_box_color=&#8221;white&#8221; icon_fontawesome=&#8221;fa fa-arrow-circle-o-down&#8221;]<a href=\"https:\/\/www.formentera.es\/wp-content\/uploads\/2018\/12\/audio_4.mp3\" target=\"_blank\" rel=\"noopener noreferrer\" download=\"Audio4\">Descarregar \u00e1udio<\/a>[\/vc_message][\/vc_column][\/vc_row][vc_row full_width=&#8221;stretch_row_content&#8221; gap=&#8221;20&#8243; equal_height=&#8221;yes&#8221; el_class=&#8221;audioguias descargas&#8221;][vc_column width=&#8221;1\/4&#8243;][vc_single_image image=&#8221;1441&#8243; img_size=&#8221;full&#8221; alignment=&#8221;center&#8221;][vc_column_text el_class=&#8221;box_audio&#8221;]<\/p>\n<audio class=\"wp-audio-shortcode\" id=\"audio-32595-5\" preload=\"none\" style=\"width: 100%;\" controls=\"controls\"><source type=\"audio\/mpeg\" src=\"https:\/\/www.formentera.es\/wp-content\/uploads\/2018\/12\/audio_5.mp3?_=5\" \/><a href=\"https:\/\/www.formentera.es\/wp-content\/uploads\/2018\/12\/audio_5.mp3\">https:\/\/www.formentera.es\/wp-content\/uploads\/2018\/12\/audio_5.mp3<\/a><\/audio>\n<p>[\/vc_column_text][vc_column_text]<\/p>\n<h3>5. Pilar de la Mola. Mercado Hippie. Artesanato e hist\u00f3ria.<\/h3>\n<p>[\/vc_column_text][vc_message message_box_style=&#8221;outline&#8221; style=&#8221;square&#8221; message_box_color=&#8221;white&#8221; icon_fontawesome=&#8221;fa fa-arrow-circle-o-down&#8221;]<a href=\"https:\/\/www.formentera.es\/wp-content\/uploads\/2018\/12\/audio_5.mp3\" target=\"_blank\" rel=\"noopener noreferrer\" download=\"Audio5\">Descarregar \u00e1udio<\/a>[\/vc_message][\/vc_column][vc_column width=&#8221;1\/4&#8243;][vc_single_image image=&#8221;1443&#8243; img_size=&#8221;full&#8221; alignment=&#8221;center&#8221;][vc_column_text el_class=&#8221;box_audio&#8221;]<\/p>\n<audio class=\"wp-audio-shortcode\" id=\"audio-32595-6\" preload=\"none\" style=\"width: 100%;\" controls=\"controls\"><source type=\"audio\/mpeg\" src=\"https:\/\/www.formentera.es\/wp-content\/uploads\/2018\/12\/audio_6.mp3?_=6\" \/><a href=\"https:\/\/www.formentera.es\/wp-content\/uploads\/2018\/12\/audio_6.mp3\">https:\/\/www.formentera.es\/wp-content\/uploads\/2018\/12\/audio_6.mp3<\/a><\/audio>\n<p>[\/vc_column_text][vc_column_text]<\/p>\n<h3>6. Farol de Mola<\/h3>\n<p>[\/vc_column_text][vc_message message_box_style=&#8221;outline&#8221; style=&#8221;square&#8221; message_box_color=&#8221;white&#8221; icon_fontawesome=&#8221;fa fa-arrow-circle-o-down&#8221;]<a href=\"https:\/\/www.formentera.es\/wp-content\/uploads\/2018\/12\/audio_6.mp3\" target=\"_blank\" rel=\"noopener noreferrer\" download=\"Audio6\">Descarregar \u00e1udio<\/a>[\/vc_message][\/vc_column][vc_column width=&#8221;1\/4&#8243;][vc_single_image image=&#8221;1445&#8243; img_size=&#8221;full&#8221; alignment=&#8221;center&#8221;][vc_column_text el_class=&#8221;box_audio&#8221;]<\/p>\n<audio class=\"wp-audio-shortcode\" id=\"audio-32595-7\" preload=\"none\" style=\"width: 100%;\" controls=\"controls\"><source type=\"audio\/mpeg\" src=\"https:\/\/www.formentera.es\/wp-content\/uploads\/2018\/12\/audio_7.mp3?_=7\" \/><a href=\"https:\/\/www.formentera.es\/wp-content\/uploads\/2018\/12\/audio_7.mp3\">https:\/\/www.formentera.es\/wp-content\/uploads\/2018\/12\/audio_7.mp3<\/a><\/audio>\n<p>[\/vc_column_text][vc_column_text]<\/p>\n<h3>7. Moinho velho de Mola<\/h3>\n<p>[\/vc_column_text][vc_message message_box_style=&#8221;outline&#8221; style=&#8221;square&#8221; message_box_color=&#8221;white&#8221; icon_fontawesome=&#8221;fa fa-arrow-circle-o-down&#8221;]<a href=\"https:\/\/www.formentera.es\/wp-content\/uploads\/2018\/12\/audio_7.mp3\" target=\"_blank\" rel=\"noopener noreferrer\" download=\"Audio7\">Descarregar \u00e1udio<\/a>[\/vc_message][\/vc_column][vc_column width=&#8221;1\/4&#8243;][vc_single_image image=&#8221;1447&#8243; img_size=&#8221;full&#8221; alignment=&#8221;center&#8221;][vc_column_text el_class=&#8221;box_audio&#8221;]<\/p>\n<audio class=\"wp-audio-shortcode\" id=\"audio-32595-8\" preload=\"none\" style=\"width: 100%;\" controls=\"controls\"><source type=\"audio\/mpeg\" src=\"https:\/\/www.formentera.es\/wp-content\/uploads\/2018\/12\/audio_8.mp3?_=8\" \/><a href=\"https:\/\/www.formentera.es\/wp-content\/uploads\/2018\/12\/audio_8.mp3\">https:\/\/www.formentera.es\/wp-content\/uploads\/2018\/12\/audio_8.mp3<\/a><\/audio>\n<p>[\/vc_column_text][vc_column_text]<\/p>\n<h3>8. Gastronomia. Pratos e produtos.<\/h3>\n<p>[\/vc_column_text][vc_message message_box_style=&#8221;outline&#8221; style=&#8221;square&#8221; message_box_color=&#8221;white&#8221; icon_fontawesome=&#8221;fa fa-arrow-circle-o-down&#8221;]<a href=\"https:\/\/www.formentera.es\/wp-content\/uploads\/2018\/12\/audio_8.mp3\" target=\"_blank\" rel=\"noopener noreferrer\" download=\"Audio8\">Descarregar \u00e1udio<\/a>[\/vc_message][\/vc_column][\/vc_row][vc_row full_width=&#8221;stretch_row_content&#8221; gap=&#8221;20&#8243; equal_height=&#8221;yes&#8221; el_class=&#8221;audioguias descargas&#8221;][vc_column width=&#8221;1\/4&#8243;][vc_single_image image=&#8221;1449&#8243; img_size=&#8221;full&#8221; alignment=&#8221;center&#8221;][vc_column_text el_class=&#8221;box_audio&#8221;]<\/p>\n<audio class=\"wp-audio-shortcode\" id=\"audio-32595-9\" preload=\"none\" style=\"width: 100%;\" controls=\"controls\"><source type=\"audio\/mpeg\" src=\"https:\/\/www.formentera.es\/wp-content\/uploads\/2018\/12\/audio_9.mp3?_=9\" \/><a href=\"https:\/\/www.formentera.es\/wp-content\/uploads\/2018\/12\/audio_9.mp3\">https:\/\/www.formentera.es\/wp-content\/uploads\/2018\/12\/audio_9.mp3<\/a><\/audio>\n<p>[\/vc_column_text][vc_column_text]<\/p>\n<h3>9. <em>Castellum<\/em> Romano de Can Blai<\/h3>\n<p>[\/vc_column_text][vc_message message_box_style=&#8221;outline&#8221; style=&#8221;square&#8221; message_box_color=&#8221;white&#8221; icon_fontawesome=&#8221;fa fa-arrow-circle-o-down&#8221;]<a href=\"https:\/\/www.formentera.es\/wp-content\/uploads\/2018\/12\/audio_9.mp3\" target=\"_blank\" rel=\"noopener noreferrer\" download=\"Audio9\">Descarregar \u00e1udio<\/a>[\/vc_message][\/vc_column][vc_column width=&#8221;1\/4&#8243;][vc_single_image image=&#8221;1451&#8243; img_size=&#8221;full&#8221; alignment=&#8221;center&#8221;][vc_column_text el_class=&#8221;box_audio&#8221;]<\/p>\n<audio class=\"wp-audio-shortcode\" id=\"audio-32595-10\" preload=\"none\" style=\"width: 100%;\" controls=\"controls\"><source type=\"audio\/mpeg\" src=\"https:\/\/www.formentera.es\/wp-content\/uploads\/2018\/12\/audio_10.mp3?_=10\" \/><a href=\"https:\/\/www.formentera.es\/wp-content\/uploads\/2018\/12\/audio_10.mp3\">https:\/\/www.formentera.es\/wp-content\/uploads\/2018\/12\/audio_10.mp3<\/a><\/audio>\n<p>[\/vc_column_text][vc_column_text]<\/p>\n<h3>10. Praia de Mitjorn<\/h3>\n<p>[\/vc_column_text][vc_message message_box_style=&#8221;outline&#8221; style=&#8221;square&#8221; message_box_color=&#8221;white&#8221; icon_fontawesome=&#8221;fa fa-arrow-circle-o-down&#8221;]<a href=\"https:\/\/www.formentera.es\/wp-content\/uploads\/2018\/12\/audio_10.mp3\" target=\"_blank\" rel=\"noopener noreferrer\" download=\"Audio10\">Descarregar \u00e1udio<\/a>[\/vc_message][\/vc_column][vc_column width=&#8221;1\/4&#8243;][vc_single_image image=&#8221;1453&#8243; img_size=&#8221;full&#8221; alignment=&#8221;center&#8221;][vc_column_text el_class=&#8221;box_audio&#8221;]<\/p>\n<audio class=\"wp-audio-shortcode\" id=\"audio-32595-11\" preload=\"none\" style=\"width: 100%;\" controls=\"controls\"><source type=\"audio\/mpeg\" src=\"https:\/\/www.formentera.es\/wp-content\/uploads\/2018\/12\/audio_11.mp3?_=11\" \/><a href=\"https:\/\/www.formentera.es\/wp-content\/uploads\/2018\/12\/audio_11.mp3\">https:\/\/www.formentera.es\/wp-content\/uploads\/2018\/12\/audio_11.mp3<\/a><\/audio>\n<p>[\/vc_column_text][vc_column_text]<\/p>\n<h3>11. Sant Ferran e o movimento Hippie<\/h3>\n<p>[\/vc_column_text][vc_message message_box_style=&#8221;outline&#8221; style=&#8221;square&#8221; message_box_color=&#8221;white&#8221; icon_fontawesome=&#8221;fa fa-arrow-circle-o-down&#8221;]<a href=\"https:\/\/www.formentera.es\/wp-content\/uploads\/2018\/12\/audio_11.mp3\" target=\"_blank\" rel=\"noopener noreferrer\" download=\"Audio11\">Descarregar \u00e1udio<\/a>[\/vc_message][\/vc_column][vc_column width=&#8221;1\/4&#8243;][vc_single_image image=&#8221;1455&#8243; img_size=&#8221;full&#8221; alignment=&#8221;center&#8221;][vc_column_text el_class=&#8221;box_audio&#8221;]<\/p>\n<audio class=\"wp-audio-shortcode\" id=\"audio-32595-12\" preload=\"none\" style=\"width: 100%;\" controls=\"controls\"><source type=\"audio\/mpeg\" src=\"https:\/\/www.formentera.es\/wp-content\/uploads\/2018\/12\/audio_12.mp3?_=12\" \/><a href=\"https:\/\/www.formentera.es\/wp-content\/uploads\/2018\/12\/audio_12.mp3\">https:\/\/www.formentera.es\/wp-content\/uploads\/2018\/12\/audio_12.mp3<\/a><\/audio>\n<p>[\/vc_column_text][vc_column_text]<\/p>\n<h3>12. Sant Francesc Xavier<\/h3>\n<p>[\/vc_column_text][vc_message message_box_style=&#8221;outline&#8221; style=&#8221;square&#8221; message_box_color=&#8221;white&#8221; icon_fontawesome=&#8221;fa fa-arrow-circle-o-down&#8221;]<a href=\"https:\/\/www.formentera.es\/wp-content\/uploads\/2018\/12\/audio_12.mp3\" target=\"_blank\" rel=\"noopener noreferrer\" download=\"Audio12\">Descarregar \u00e1udio<\/a>[\/vc_message][\/vc_column][\/vc_row][vc_row full_width=&#8221;stretch_row_content&#8221; gap=&#8221;20&#8243; equal_height=&#8221;yes&#8221; el_class=&#8221;audioguias descargas&#8221;][vc_column width=&#8221;1\/4&#8243;][vc_single_image image=&#8221;1457&#8243; img_size=&#8221;full&#8221; alignment=&#8221;center&#8221;][vc_column_text el_class=&#8221;box_audio&#8221;]<\/p>\n<audio class=\"wp-audio-shortcode\" id=\"audio-32595-13\" preload=\"none\" style=\"width: 100%;\" controls=\"controls\"><source type=\"audio\/mpeg\" src=\"https:\/\/www.formentera.es\/wp-content\/uploads\/2018\/12\/audio_13.mp3?_=13\" \/><a href=\"https:\/\/www.formentera.es\/wp-content\/uploads\/2018\/12\/audio_13.mp3\">https:\/\/www.formentera.es\/wp-content\/uploads\/2018\/12\/audio_13.mp3<\/a><\/audio>\n<p>[\/vc_column_text][vc_column_text]<\/p>\n<h3>13. Festas<\/h3>\n<p>[\/vc_column_text][vc_message message_box_style=&#8221;outline&#8221; style=&#8221;square&#8221; message_box_color=&#8221;white&#8221; icon_fontawesome=&#8221;fa fa-arrow-circle-o-down&#8221;]<a href=\"https:\/\/www.formentera.es\/wp-content\/uploads\/2018\/12\/audio_13.mp3\" target=\"_blank\" rel=\"noopener noreferrer\" download=\"Audio13\">Descarregar \u00e1udio<\/a>[\/vc_message][\/vc_column][vc_column width=&#8221;1\/4&#8243;][vc_single_image image=&#8221;1459&#8243; img_size=&#8221;full&#8221; alignment=&#8221;center&#8221;][vc_column_text el_class=&#8221;box_audio&#8221;]<\/p>\n<audio class=\"wp-audio-shortcode\" id=\"audio-32595-14\" preload=\"none\" style=\"width: 100%;\" controls=\"controls\"><source type=\"audio\/mpeg\" src=\"https:\/\/www.formentera.es\/wp-content\/uploads\/2018\/12\/audio_14.mp3?_=14\" \/><a href=\"https:\/\/www.formentera.es\/wp-content\/uploads\/2018\/12\/audio_14.mp3\">https:\/\/www.formentera.es\/wp-content\/uploads\/2018\/12\/audio_14.mp3<\/a><\/audio>\n<p>[\/vc_column_text][vc_column_text]<\/p>\n<h3>14. Igreja e pra\u00e7a do munic\u00edpio<\/h3>\n<p>[\/vc_column_text][vc_message message_box_style=&#8221;outline&#8221; style=&#8221;square&#8221; message_box_color=&#8221;white&#8221; icon_fontawesome=&#8221;fa fa-arrow-circle-o-down&#8221;]<a href=\"https:\/\/www.formentera.es\/wp-content\/uploads\/2018\/12\/audio_14.mp3\" target=\"_blank\" rel=\"noopener noreferrer\" download=\"Audio14\">Descarregar \u00e1udio<\/a>[\/vc_message][\/vc_column][vc_column width=&#8221;1\/4&#8243;][vc_single_image image=&#8221;1461&#8243; img_size=&#8221;full&#8221; alignment=&#8221;center&#8221;][vc_column_text el_class=&#8221;box_audio&#8221;]<\/p>\n<audio class=\"wp-audio-shortcode\" id=\"audio-32595-15\" preload=\"none\" style=\"width: 100%;\" controls=\"controls\"><source type=\"audio\/mpeg\" src=\"https:\/\/www.formentera.es\/wp-content\/uploads\/2018\/12\/audio_15.mp3?_=15\" \/><a href=\"https:\/\/www.formentera.es\/wp-content\/uploads\/2018\/12\/audio_15.mp3\">https:\/\/www.formentera.es\/wp-content\/uploads\/2018\/12\/audio_15.mp3<\/a><\/audio>\n<p>[\/vc_column_text][vc_column_text]<\/p>\n<h3>15. Museu de Etnografia de Formentera<\/h3>\n<p>[\/vc_column_text][vc_message message_box_style=&#8221;outline&#8221; style=&#8221;square&#8221; message_box_color=&#8221;white&#8221; icon_fontawesome=&#8221;fa fa-arrow-circle-o-down&#8221;]<a href=\"https:\/\/www.formentera.es\/wp-content\/uploads\/2018\/12\/audio_15.mp3\" target=\"_blank\" rel=\"noopener noreferrer\" download=\"Audio15\">Descarregar \u00e1udio<\/a>[\/vc_message][\/vc_column][vc_column width=&#8221;1\/4&#8243;][vc_single_image image=&#8221;1463&#8243; img_size=&#8221;full&#8221; alignment=&#8221;center&#8221;][vc_column_text el_class=&#8221;box_audio&#8221;]<\/p>\n<audio class=\"wp-audio-shortcode\" id=\"audio-32595-16\" preload=\"none\" style=\"width: 100%;\" controls=\"controls\"><source type=\"audio\/mpeg\" src=\"https:\/\/www.formentera.es\/wp-content\/uploads\/2018\/12\/audio_16.mp3?_=16\" \/><a href=\"https:\/\/www.formentera.es\/wp-content\/uploads\/2018\/12\/audio_16.mp3\">https:\/\/www.formentera.es\/wp-content\/uploads\/2018\/12\/audio_16.mp3<\/a><\/audio>\n<p>[\/vc_column_text][vc_column_text]<\/p>\n<h3>16. A caminho do Farol de Cap de Barberia<\/h3>\n<p>[\/vc_column_text][vc_message message_box_style=&#8221;outline&#8221; style=&#8221;square&#8221; message_box_color=&#8221;white&#8221; icon_fontawesome=&#8221;fa fa-arrow-circle-o-down&#8221;]<a href=\"https:\/\/www.formentera.es\/wp-content\/uploads\/2018\/12\/audio_16.mp3\" target=\"_blank\" rel=\"noopener noreferrer\" download=\"Audio16\">Descarregar \u00e1udio<\/a>[\/vc_message][\/vc_column][\/vc_row][vc_row full_width=&#8221;stretch_row_content&#8221; gap=&#8221;20&#8243; equal_height=&#8221;yes&#8221; el_class=&#8221;audioguias descargas&#8221;][vc_column width=&#8221;1\/4&#8243;][vc_single_image image=&#8221;1465&#8243; img_size=&#8221;full&#8221; alignment=&#8221;center&#8221;][vc_column_text el_class=&#8221;box_audio&#8221;]<\/p>\n<audio class=\"wp-audio-shortcode\" id=\"audio-32595-17\" preload=\"none\" style=\"width: 100%;\" controls=\"controls\"><source type=\"audio\/mpeg\" src=\"https:\/\/www.formentera.es\/wp-content\/uploads\/2018\/12\/audio_17.mp3?_=17\" \/><a href=\"https:\/\/www.formentera.es\/wp-content\/uploads\/2018\/12\/audio_17.mp3\">https:\/\/www.formentera.es\/wp-content\/uploads\/2018\/12\/audio_17.mp3<\/a><\/audio>\n<p>[\/vc_column_text][vc_column_text]<\/p>\n<h3>17. Farol Cap de Barber\u00eda<\/h3>\n<p>[\/vc_column_text][vc_message message_box_style=&#8221;outline&#8221; style=&#8221;square&#8221; message_box_color=&#8221;white&#8221; icon_fontawesome=&#8221;fa fa-arrow-circle-o-down&#8221;]<a href=\"https:\/\/www.formentera.es\/wp-content\/uploads\/2018\/12\/audio_17.mp3\" target=\"_blank\" rel=\"noopener noreferrer\" download=\"Audio17\">Descarregar \u00e1udio<\/a>[\/vc_message][\/vc_column][vc_column width=&#8221;1\/4&#8243;][vc_single_image image=&#8221;1467&#8243; img_size=&#8221;full&#8221; alignment=&#8221;center&#8221;][vc_column_text el_class=&#8221;box_audio&#8221;]<\/p>\n<audio class=\"wp-audio-shortcode\" id=\"audio-32595-18\" preload=\"none\" style=\"width: 100%;\" controls=\"controls\"><source type=\"audio\/mpeg\" src=\"https:\/\/www.formentera.es\/wp-content\/uploads\/2018\/12\/audio_18.mp3?_=18\" \/><a href=\"https:\/\/www.formentera.es\/wp-content\/uploads\/2018\/12\/audio_18.mp3\">https:\/\/www.formentera.es\/wp-content\/uploads\/2018\/12\/audio_18.mp3<\/a><\/audio>\n<p>[\/vc_column_text][vc_column_text]<\/p>\n<h3>18. Casa tradicional<\/h3>\n<p>[\/vc_column_text][vc_message message_box_style=&#8221;outline&#8221; style=&#8221;square&#8221; message_box_color=&#8221;white&#8221; icon_fontawesome=&#8221;fa fa-arrow-circle-o-down&#8221;]<a href=\"https:\/\/www.formentera.es\/wp-content\/uploads\/2018\/12\/audio_18.mp3\" target=\"_blank\" rel=\"noopener noreferrer\" download=\"Audio18\">Descarregar \u00e1udio<\/a>[\/vc_message][\/vc_column][vc_column width=&#8221;1\/4&#8243;][vc_single_image image=&#8221;1469&#8243; img_size=&#8221;full&#8221; alignment=&#8221;center&#8221;][vc_column_text el_class=&#8221;box_audio&#8221;]<\/p>\n<audio class=\"wp-audio-shortcode\" id=\"audio-32595-19\" preload=\"none\" style=\"width: 100%;\" controls=\"controls\"><source type=\"audio\/mpeg\" src=\"https:\/\/www.formentera.es\/wp-content\/uploads\/2018\/12\/audio_19.mp3?_=19\" \/><a href=\"https:\/\/www.formentera.es\/wp-content\/uploads\/2018\/12\/audio_19.mp3\">https:\/\/www.formentera.es\/wp-content\/uploads\/2018\/12\/audio_19.mp3<\/a><\/audio>\n<p>[\/vc_column_text][vc_column_text]<\/p>\n<h3>19. As salinas de Formentera<\/h3>\n<p>[\/vc_column_text][vc_message message_box_style=&#8221;outline&#8221; style=&#8221;square&#8221; message_box_color=&#8221;white&#8221; icon_fontawesome=&#8221;fa fa-arrow-circle-o-down&#8221;]<a href=\"https:\/\/www.formentera.es\/wp-content\/uploads\/2018\/12\/audio_19.mp3\" target=\"_blank\" rel=\"noopener noreferrer\" download=\"Audio19\">Descarregar \u00e1udio<\/a>[\/vc_message][\/vc_column][vc_column width=&#8221;1\/4&#8243;][vc_single_image image=&#8221;1471&#8243; img_size=&#8221;full&#8221; alignment=&#8221;center&#8221;][vc_column_text el_class=&#8221;box_audio&#8221;]<\/p>\n<audio class=\"wp-audio-shortcode\" id=\"audio-32595-20\" preload=\"none\" style=\"width: 100%;\" controls=\"controls\"><source type=\"audio\/mpeg\" src=\"https:\/\/www.formentera.es\/wp-content\/uploads\/2018\/12\/audio_20.mp3?_=20\" \/><a href=\"https:\/\/www.formentera.es\/wp-content\/uploads\/2018\/12\/audio_20.mp3\">https:\/\/www.formentera.es\/wp-content\/uploads\/2018\/12\/audio_20.mp3<\/a><\/audio>\n<p>[\/vc_column_text][vc_column_text]<\/p>\n<h3>20. T\u00famulo megal\u00edtico de Ca Na Costa<\/h3>\n<p>[\/vc_column_text][vc_message message_box_style=&#8221;outline&#8221; style=&#8221;square&#8221; message_box_color=&#8221;white&#8221; icon_fontawesome=&#8221;fa fa-arrow-circle-o-down&#8221;]<a href=\"https:\/\/www.formentera.es\/wp-content\/uploads\/2018\/12\/audio_20.mp3\" target=\"_blank\" rel=\"noopener noreferrer\" download=\"Audio20\">Descarregar \u00e1udio<\/a>[\/vc_message][\/vc_column][\/vc_row][vc_row full_width=&#8221;stretch_row_content&#8221; gap=&#8221;20&#8243; equal_height=&#8221;yes&#8221; el_class=&#8221;audioguias descargas&#8221;][vc_column width=&#8221;1\/4&#8243;][vc_single_image image=&#8221;1473&#8243; img_size=&#8221;full&#8221; alignment=&#8221;center&#8221;][vc_column_text el_class=&#8221;box_audio&#8221;]<\/p>\n<audio class=\"wp-audio-shortcode\" id=\"audio-32595-21\" preload=\"none\" style=\"width: 100%;\" controls=\"controls\"><source type=\"audio\/mpeg\" src=\"https:\/\/www.formentera.es\/wp-content\/uploads\/2018\/12\/audio_21.mp3?_=21\" \/><a href=\"https:\/\/www.formentera.es\/wp-content\/uploads\/2018\/12\/audio_21.mp3\">https:\/\/www.formentera.es\/wp-content\/uploads\/2018\/12\/audio_21.mp3<\/a><\/audio>\n<p>[\/vc_column_text][vc_column_text]<\/p>\n<h3>21. Porto de Savina<\/h3>\n<p>[\/vc_column_text][vc_message message_box_style=&#8221;outline&#8221; style=&#8221;square&#8221; message_box_color=&#8221;white&#8221; icon_fontawesome=&#8221;fa fa-arrow-circle-o-down&#8221;]<a href=\"https:\/\/www.formentera.es\/wp-content\/uploads\/2018\/12\/audio_21.mp3\" target=\"_blank\" rel=\"noopener noreferrer\" download=\"Audio21\">Descarregar \u00e1udio<\/a>[\/vc_message][\/vc_column][vc_column width=&#8221;1\/4&#8243;][\/vc_column][vc_column width=&#8221;1\/4&#8243;][\/vc_column][vc_column width=&#8221;1\/4&#8243;][\/vc_column][\/vc_row]<\/p>\n<\/div>","protected":false},"excerpt":{"rendered":"<p>[vc_row css=&#8221;.vc_custom_1547571073394{padding-top: 40px !important;}&#8221;][vc_column alignment=&#8221;center&#8221;][vc_custom_heading source=&#8221;post_title&#8221; font_container=&#8221;tag:h1|text_align:center|color:%232e3a6e&#8221; use_theme_fonts=&#8221;yes&#8221;][vc_column_text el_class=&#8221;subtexto&#8221;]Nos postos de turismo de Formentera existem [&hellip;]<\/p>\n","protected":false},"author":1,"featured_media":0,"parent":32624,"menu_order":0,"comment_status":"closed","ping_status":"closed","template":"page-gen.php","meta":{"_acf_changed":false,"footnotes":""},"categories":[],"class_list":["post-32595","page","type-page","status-publish","hentry"],"acf":[],"yoast_head":"<!-- This site is optimized with the Yoast SEO plugin v25.5 - https:\/\/yoast.com\/wordpress\/plugins\/seo\/ -->\n<title>Audiogu\u00edas para conocer Formentera | Turismo de Formentera<\/title>\n<meta name=\"description\" content=\"Conoce un poco m\u00e1s a fondo la isla con esta lista de audiogu\u00edas sobre Formentera y sus distintos puntos de inter\u00e9s.\" \/>\n<meta name=\"robots\" content=\"index, follow, max-snippet:-1, max-image-preview:large, max-video-preview:-1\" \/>\n<link rel=\"canonical\" href=\"https:\/\/www.formentera.es\/pt\/planifica\/audioguias\/\" \/>\n<meta property=\"og:locale\" content=\"pt_PT\" \/>\n<meta property=\"og:type\" content=\"article\" \/>\n<meta property=\"og:title\" content=\"Audiogu\u00edas para conocer Formentera | Turismo de Formentera\" \/>\n<meta property=\"og:description\" content=\"Conoce un poco m\u00e1s a fondo la isla con esta lista de audiogu\u00edas sobre Formentera y sus distintos puntos de inter\u00e9s.\" \/>\n<meta property=\"og:url\" content=\"https:\/\/www.formentera.es\/pt\/planifica\/audioguias\/\" \/>\n<meta property=\"og:site_name\" content=\"Turismo de Formentera\" \/>\n<meta property=\"article:publisher\" content=\"https:\/\/www.facebook.com\/turismoformentera\/\" \/>\n<meta property=\"article:modified_time\" content=\"2024-08-22T09:10:56+00:00\" \/>\n<meta name=\"twitter:card\" content=\"summary_large_image\" \/>\n<meta name=\"twitter:site\" content=\"@visitformentera\" \/>\n<meta name=\"twitter:label1\" content=\"Tempo estimado de leitura\" \/>\n\t<meta name=\"twitter:data1\" content=\"8 minutos\" \/>\n<script type=\"application\/ld+json\" class=\"yoast-schema-graph\">{\"@context\":\"https:\/\/schema.org\",\"@graph\":[{\"@type\":\"WebPage\",\"@id\":\"https:\/\/www.formentera.es\/pt\/planifica\/audioguias\/\",\"url\":\"https:\/\/www.formentera.es\/pt\/planifica\/audioguias\/\",\"name\":\"Audiogu\u00edas para conocer Formentera | Turismo de Formentera\",\"isPartOf\":{\"@id\":\"https:\/\/www.formentera.es\/#website\"},\"datePublished\":\"2018-12-12T09:43:42+00:00\",\"dateModified\":\"2024-08-22T09:10:56+00:00\",\"description\":\"Conoce un poco m\u00e1s a fondo la isla con esta lista de audiogu\u00edas sobre Formentera y sus distintos puntos de inter\u00e9s.\",\"breadcrumb\":{\"@id\":\"https:\/\/www.formentera.es\/pt\/planifica\/audioguias\/#breadcrumb\"},\"inLanguage\":\"pt-PT\",\"potentialAction\":[{\"@type\":\"ReadAction\",\"target\":[\"https:\/\/www.formentera.es\/pt\/planifica\/audioguias\/\"]}]},{\"@type\":\"BreadcrumbList\",\"@id\":\"https:\/\/www.formentera.es\/pt\/planifica\/audioguias\/#breadcrumb\",\"itemListElement\":[{\"@type\":\"ListItem\",\"position\":1,\"name\":\"Portada\",\"item\":\"https:\/\/www.formentera.es\/pt\/\"},{\"@type\":\"ListItem\",\"position\":2,\"name\":\"Planifica\",\"item\":\"https:\/\/www.formentera.es\/pt\/planifica\/\"},{\"@type\":\"ListItem\",\"position\":3,\"name\":\"Audioguias\"}]},{\"@type\":\"WebSite\",\"@id\":\"https:\/\/www.formentera.es\/#website\",\"url\":\"https:\/\/www.formentera.es\/\",\"name\":\"Turismo de Formentera\",\"description\":\"Web oficial de Turismo de Formentera\",\"potentialAction\":[{\"@type\":\"SearchAction\",\"target\":{\"@type\":\"EntryPoint\",\"urlTemplate\":\"https:\/\/www.formentera.es\/?s={search_term_string}\"},\"query-input\":{\"@type\":\"PropertyValueSpecification\",\"valueRequired\":true,\"valueName\":\"search_term_string\"}}],\"inLanguage\":\"pt-PT\"}]}<\/script>\n<!-- \/ Yoast SEO plugin. -->","yoast_head_json":{"title":"Audiogu\u00edas para conocer Formentera | Turismo de Formentera","description":"Conoce un poco m\u00e1s a fondo la isla con esta lista de audiogu\u00edas sobre Formentera y sus distintos puntos de inter\u00e9s.","robots":{"index":"index","follow":"follow","max-snippet":"max-snippet:-1","max-image-preview":"max-image-preview:large","max-video-preview":"max-video-preview:-1"},"canonical":"https:\/\/www.formentera.es\/pt\/planifica\/audioguias\/","og_locale":"pt_PT","og_type":"article","og_title":"Audiogu\u00edas para conocer Formentera | Turismo de Formentera","og_description":"Conoce un poco m\u00e1s a fondo la isla con esta lista de audiogu\u00edas sobre Formentera y sus distintos puntos de inter\u00e9s.","og_url":"https:\/\/www.formentera.es\/pt\/planifica\/audioguias\/","og_site_name":"Turismo de Formentera","article_publisher":"https:\/\/www.facebook.com\/turismoformentera\/","article_modified_time":"2024-08-22T09:10:56+00:00","twitter_card":"summary_large_image","twitter_site":"@visitformentera","twitter_misc":{"Tempo estimado de leitura":"8 minutos"},"schema":{"@context":"https:\/\/schema.org","@graph":[{"@type":"WebPage","@id":"https:\/\/www.formentera.es\/pt\/planifica\/audioguias\/","url":"https:\/\/www.formentera.es\/pt\/planifica\/audioguias\/","name":"Audiogu\u00edas para conocer Formentera | Turismo de Formentera","isPartOf":{"@id":"https:\/\/www.formentera.es\/#website"},"datePublished":"2018-12-12T09:43:42+00:00","dateModified":"2024-08-22T09:10:56+00:00","description":"Conoce un poco m\u00e1s a fondo la isla con esta lista de audiogu\u00edas sobre Formentera y sus distintos puntos de inter\u00e9s.","breadcrumb":{"@id":"https:\/\/www.formentera.es\/pt\/planifica\/audioguias\/#breadcrumb"},"inLanguage":"pt-PT","potentialAction":[{"@type":"ReadAction","target":["https:\/\/www.formentera.es\/pt\/planifica\/audioguias\/"]}]},{"@type":"BreadcrumbList","@id":"https:\/\/www.formentera.es\/pt\/planifica\/audioguias\/#breadcrumb","itemListElement":[{"@type":"ListItem","position":1,"name":"Portada","item":"https:\/\/www.formentera.es\/pt\/"},{"@type":"ListItem","position":2,"name":"Planifica","item":"https:\/\/www.formentera.es\/pt\/planifica\/"},{"@type":"ListItem","position":3,"name":"Audioguias"}]},{"@type":"WebSite","@id":"https:\/\/www.formentera.es\/#website","url":"https:\/\/www.formentera.es\/","name":"Turismo de Formentera","description":"Web oficial de Turismo de Formentera","potentialAction":[{"@type":"SearchAction","target":{"@type":"EntryPoint","urlTemplate":"https:\/\/www.formentera.es\/?s={search_term_string}"},"query-input":{"@type":"PropertyValueSpecification","valueRequired":true,"valueName":"search_term_string"}}],"inLanguage":"pt-PT"}]}},"_links":{"self":[{"href":"https:\/\/www.formentera.es\/pt\/wp-json\/wp\/v2\/pages\/32595","targetHints":{"allow":["GET"]}}],"collection":[{"href":"https:\/\/www.formentera.es\/pt\/wp-json\/wp\/v2\/pages"}],"about":[{"href":"https:\/\/www.formentera.es\/pt\/wp-json\/wp\/v2\/types\/page"}],"author":[{"embeddable":true,"href":"https:\/\/www.formentera.es\/pt\/wp-json\/wp\/v2\/users\/1"}],"replies":[{"embeddable":true,"href":"https:\/\/www.formentera.es\/pt\/wp-json\/wp\/v2\/comments?post=32595"}],"version-history":[{"count":0,"href":"https:\/\/www.formentera.es\/pt\/wp-json\/wp\/v2\/pages\/32595\/revisions"}],"up":[{"embeddable":true,"href":"https:\/\/www.formentera.es\/pt\/wp-json\/wp\/v2\/pages\/32624"}],"wp:attachment":[{"href":"https:\/\/www.formentera.es\/pt\/wp-json\/wp\/v2\/media?parent=32595"}],"wp:term":[{"taxonomy":"category","embeddable":true,"href":"https:\/\/www.formentera.es\/pt\/wp-json\/wp\/v2\/categories?post=32595"}],"curies":[{"name":"wp","href":"https:\/\/api.w.org\/{rel}","templated":true}]}}