{"id":32135,"date":"2018-11-26T14:57:52","date_gmt":"2018-11-26T16:57:52","guid":{"rendered":"https:\/\/www.formentera.es\/explorar\/cultura-e-patrimonio\/musica\/"},"modified":"2024-08-21T11:51:32","modified_gmt":"2024-08-21T09:51:32","slug":"musica","status":"publish","type":"page","link":"https:\/\/www.formentera.es\/pt\/explorar\/cultura-e-patrimonio\/musica\/","title":{"rendered":"M\u00fasica"},"content":{"rendered":"<div class=\"wpb-content-wrapper\"><p>[vc_row full_width=&#8221;stretch_row&#8221;][vc_column width=&#8221;2\/3&#8243; css=&#8221;.vc_custom_1530269560078{padding-right: 5% !important;}&#8221;][vc_column_text el_class=&#8221;texto_ficha&#8221;]<\/p>\n<h2>A m\u00fasica move Formentera<\/h2>\n<h3>Em junho, tem in\u00edcio um ciclo de m\u00fasica ao vivo nas pra\u00e7as das povoa\u00e7\u00f5es de Formentera. \u00c0s quintas-feiras pode ouvir world music ao vivo em Es Pujols, \u00e0s sextas-feiras rock em Sant Ferran e aos s\u00e1bados jazz na Pla\u00e7a de Sant Francesc.<\/h3>\n<p>Este g\u00e9nero musical \u00e9 tamb\u00e9m protagonista do <strong>Formentera Jazz Festival<\/strong>, dirigido por Maxwell Moya Wright, antigo membro da formenterense Ojos de Brujo. Circulam pela ilha numerosas lendas e hist\u00f3rias ver\u00eddicas sobre a presen\u00e7a de m\u00fasicos como Bob Dylan, Gilberto Gil, Pink Floyd ou Bob Marley em Formentera durante os anos 60 e 70. Foi deste esp\u00edrito de inspira\u00e7\u00e3o que Formentera gera nos artistas e m\u00fasicos que nasceu o <a href=\"http:\/\/www.formenterajazzfestival.com\/\" target=\"_blank\" rel=\"noopener noreferrer\">Formentera Jazz Festival<\/a>.<\/p>\n<p>Outro ponto de encontro para ouvir m\u00fasica ao vivo s\u00e3o os Mercados de Artesanato. Na pra\u00e7a central do <strong>Mercado de Artesanato de Mola<\/strong> (quartas e domingos, das 16h00 \u00e0s 22h00) \u00e9 habitual haver m\u00fasica ao vivo, e a sua envolvente ganha vida com as esplanadas dos bares vizinhos. \u00c9 tamb\u00e9m habitual o <strong>Mercado de Artesanato de Sant Ferran<\/strong> oferecer m\u00fasica ao vivo \u00e0s quintas, sextas e s\u00e1bados \u00e0 tarde e \u00e0 noite. Durante o m\u00eas de agosto, este hor\u00e1rio \u00e9 alargado \u00e0s segundas e ter\u00e7as-feiras.<\/p>\n<p>Durante o m\u00eas de setembro realiza-se tamb\u00e9m em Sant Ferran o <strong>Festival de Guitarras<\/strong>, duas noites de m\u00fasica ao vivo com m\u00fasicos locais e estrangeiros de grande qualidade, organizado pelo <i>luthier<\/i> e m\u00fasico Ekkehard Hoffmann (Ekki), de Formentera Guitars. O promotor da iniciativa est\u00e1 na ilha h\u00e1 26 anos \u00e0 frente do seu atelier, onde recebe m\u00fasicos de todo o mundo e a quem ensina a fazer a sua pr\u00f3pria guitarra, de forma artesanal, aliando o artesanato, a cultura e o turismo.[\/vc_column_text][\/vc_column][vc_column width=&#8221;1\/3&#8243;][vc_column_text]<div id=\"sidebar_ficha\"><a class=\"sidebar_breadcrumbs\" href=\"https:\/\/www.formentera.es\/pt\/explorar\/cultura-e-patrimonio\/\"><i class=\"fa fa-angle-left\"><\/i>Voltar a Cultura e patrim\u00f3nio<\/a><div class=\"content_sidebar\"><div class=\"bloc_share\"><div class=\"blocs1\"><div class=\"tit_medium\">Compartilhar<\/div><div class=\"redes_ficha\"><div class=\"fa fa-brands fa-x-twitter st-custom-button\" data-network=\"twitter\"><\/div><div class=\"fa fa-facebook st-custom-button\" data-network=\"facebook\"><\/div><div class=\"fa fa-pinterest-p st-custom-button\" data-network=\"pinterest\"><\/div><\/div><\/div><div class=\"blocs2\"><div class=\"tit_medium\">Enviar para um amigo<\/div><div class=\"redes_ficha\"><div class=\"fa fa-envelope st-custom-button\" data-network=\"email\"><\/div><div class=\"fa fa-whatsapp st-custom-button\" data-network=\"whatsapp\"><\/div><\/div><\/div><\/div><\/div><\/div>[\/vc_column_text][\/vc_column][\/vc_row][vc_row full_width=&#8221;stretch_row_content_no_spaces&#8221;][vc_column][vc_column_text]<style>#jtg-1629 .modula-item .jtg-social a, .lightbox-socials.jtg-social a{ fill: #ffffff; color: #ffffff }#jtg-1629 .modula-item .jtg-social-mobile a{ fill: #ffffff; color: #ffffff }#jtg-1629 .modula-item .jtg-social svg, .lightbox-socials.jtg-social svg { height: 16px; width: 16px }#jtg-1629 .modula-item .jtg-social-mobile svg { height: 16px; width: 16px }#jtg-1629 .modula-item .jtg-social a:not(:last-child), .lightbox-socials.jtg-social a:not(:last-child) { margin-right: 10px }#jtg-1629 .modula-item .jtg-social-mobile .jtg-social-mobile-icons a:not(:last-child){ margin-right: 10px }#jtg-1629 .modula-item .figc {color:#ffffff;}#jtg-1629 .modula-item .modula-item-content { transform: scale(1) }#jtg-1629 .modula-items .figc p.description { font-size:14px; }#jtg-1629 .modula-items .figc p.description { color:#ffffff;}#jtg-1629.modula-gallery .modula-item > a, #jtg-1629.modula-gallery .modula-item, #jtg-1629.modula-gallery .modula-item-content > a:not(.modula-no-follow) { cursor:zoom-in; } #jtg-1629.modula-gallery .modula-item-content .modula-no-follow { cursor: default; } #jtg-1629 .modula-item { background-color:#000000; }#jtg-1629 .modula-item:hover img { opacity: 0.5; }#jtg-1629 .modula-item { transform: scale(1) translate(0px,0px) rotate(0deg); }@media screen and (max-width:480px){#jtg-1629 .modula-item .figc .jtg-title {  font-size: 12px; }#jtg-1629 .modula-items .figc p.description { color:#ffffff;font-size:10px; }}<\/style>\n<div  id=\"jtg-1629\" class=\"modula modula-gallery modula-custom-grid\" data-config=\"{&quot;height&quot;:800,&quot;tabletHeight&quot;:800,&quot;mobileHeight&quot;:800,&quot;desktopHeight&quot;:800,&quot;enableTwitter&quot;:false,&quot;enableWhatsapp&quot;:false,&quot;enableFacebook&quot;:false,&quot;enablePinterest&quot;:false,&quot;enableLinkedin&quot;:false,&quot;enableEmail&quot;:false,&quot;randomFactor&quot;:0.5,&quot;type&quot;:&quot;custom-grid&quot;,&quot;columns&quot;:12,&quot;gutter&quot;:10,&quot;mobileGutter&quot;:10,&quot;tabletGutter&quot;:10,&quot;desktopGutter&quot;:10,&quot;enableResponsive&quot;:true,&quot;tabletColumns&quot;:2,&quot;mobileColumns&quot;:1,&quot;lazyLoad&quot;:&quot;0&quot;,&quot;lightboxOpts&quot;:{&quot;animated&quot;:true,&quot;Thumbs&quot;:{&quot;type&quot;:&quot;modern&quot;,&quot;showOnStart&quot;:false},&quot;Toolbar&quot;:{&quot;display&quot;:{&quot;right&quot;:[&quot;close&quot;]},&quot;enabled&quot;:true},&quot;Carousel&quot;:{&quot;Panzoom&quot;:{&quot;touch&quot;:false},&quot;infinite&quot;:false},&quot;keyboard&quot;:{&quot;Escape&quot;:&quot;close&quot;,&quot;Delete&quot;:&quot;close&quot;,&quot;Backspace&quot;:&quot;close&quot;,&quot;PageUp&quot;:false,&quot;PageDown&quot;:false,&quot;ArrowUp&quot;:false,&quot;ArrowDown&quot;:false,&quot;ArrowRight&quot;:false,&quot;ArrowLeft&quot;:false},&quot;touch&quot;:false,&quot;backdropClick&quot;:false,&quot;l10n&quot;:{&quot;CLOSE&quot;:&quot;Close&quot;,&quot;NEXT&quot;:&quot;Next&quot;,&quot;PREV&quot;:&quot;Previous&quot;,&quot;Error&quot;:&quot;The requested content cannot be loaded. Please try again later.&quot;,&quot;PLAY_START&quot;:&quot;Start slideshow&quot;,&quot;PLAY_STOP&quot;:&quot;Pause slideshow&quot;,&quot;FULL_SCREEN&quot;:&quot;Full screen&quot;,&quot;THUMBS&quot;:&quot;Thumbnails&quot;,&quot;DOWNLOAD&quot;:&quot;Download&quot;,&quot;SHARE&quot;:&quot;Share&quot;,&quot;ZOOM&quot;:&quot;Zoom&quot;,&quot;EMAIL&quot;:&quot;Here is the link to the image : %%image_link%% and this is the link to the gallery : %%gallery_link%%&quot;,&quot;MODAL&quot;:&quot;You can close this modal content with the ESC key&quot;,&quot;ERROR&quot;:&quot;Something Went Wrong, Please Try Again Later&quot;,&quot;IMAGE_ERROR&quot;:&quot;Image Not Found&quot;,&quot;ELEMENT_NOT_FOUND&quot;:&quot;HTML Element Not Found&quot;,&quot;AJAX_NOT_FOUND&quot;:&quot;Error Loading AJAX : Not Found&quot;,&quot;AJAX_FORBIDDEN&quot;:&quot;Error Loading AJAX : Forbidden&quot;,&quot;IFRAME_ERROR&quot;:&quot;Error Loading Page&quot;,&quot;TOGGLE_ZOOM&quot;:&quot;Toggle zoom level&quot;,&quot;TOGGLE_THUMBS&quot;:&quot;Toggle thumbnails&quot;,&quot;TOGGLE_SLIDESHOW&quot;:&quot;Toggle slideshow&quot;,&quot;TOGGLE_FULLSCREEN&quot;:&quot;Toggle full-screen mode&quot;},&quot;Images&quot;:{&quot;Panzoom&quot;:{&quot;maxScale&quot;:2}},&quot;mainClass&quot;:&quot;modula-fancybox-container modula-lightbox-jtg-1629&quot;,&quot;Html&quot;:{&quot;videoAutoplay&quot;:0,&quot;videoTpl&quot;:&quot;&lt;video class=\\&quot;fancybox__html5video\\&quot; controls muted playsinline controlsList controlsList=\\&quot;nodownload\\&quot; poster=\\&quot;{{poster}}\\&quot; src=\\&quot;{{src}}\\&quot; type=\\&quot;{{format}}\\&quot; &gt;  Sorry, your browser doesn&#039;t support embedded videos, &lt;a href=\\&quot;{{src}}\\&quot;&gt; download &lt;\\\/a&gt; and watch with your favorite video player! &lt;\\\/video&gt;&quot;}},&quot;inView&quot;:false,&quot;email_subject&quot;:&quot;\\u00a1\\u00a1Mira esta impresionante imagen!!&quot;,&quot;email_message&quot;:&quot;Este es el enlace a la imagen: %%image_link%% y este es el enlace a la galer\\u00eda: %%gallery_link%%&quot;,&quot;lightbox&quot;:&quot;fancybox&quot;,&quot;filterClick&quot;:&quot;0&quot;,&quot;defaultActiveFilter&quot;:&quot;all&quot;}\">\n\n\t\n\t<div  class=\"modula-items\">\n\t\t<div class=\"modula-item effect-quiet jtg-filter-all jtg-filter-\" data-width=\"4\" data-height=\"5\" >\n\t<div class=\"modula-item-overlay\"><\/div>\n\n\t<div class=\"modula-item-content\">\n\n\t\t\t\t\n\t\t\t\t\t<a data-image-id=\"1630\" tabindex=\"0\" href=\"https:\/\/www.formentera.es\/wp-content\/uploads\/2019\/01\/34192203_2080702235535059_2095510089837314048_o.jpg\" rel=\"jtg-1629\" data-caption=\"\" aria-label=\"Open image in lightbox\" role=\"button\" data-cyclefilter=\"show\" data-fancybox=\"jtg-1629\" class=\"tile-inner modula-item-link\"><\/a>\n\t\t\n\t\t<img loading=\"lazy\" decoding=\"async\" class=\"pic wp-image-1630\"  data-valign=\"middle\" data-halign=\"center\" alt=\"\" data-full=\"https:\/\/www.formentera.es\/wp-content\/uploads\/2019\/01\/34192203_2080702235535059_2095510089837314048_o.jpg\" title=\"34192203_2080702235535059_2095510089837314048_o\" width=\"1900\" height=\"1267\" src=\"https:\/\/www.formentera.es\/wp-content\/uploads\/2019\/01\/34192203_2080702235535059_2095510089837314048_o.jpg\" data-src=\"https:\/\/www.formentera.es\/wp-content\/uploads\/2019\/01\/34192203_2080702235535059_2095510089837314048_o.jpg\" data-caption=\"\" srcset=\"https:\/\/www.formentera.es\/wp-content\/uploads\/2019\/01\/34192203_2080702235535059_2095510089837314048_o.jpg 1900w, https:\/\/www.formentera.es\/wp-content\/uploads\/2019\/01\/34192203_2080702235535059_2095510089837314048_o-300x200.jpg 300w, https:\/\/www.formentera.es\/wp-content\/uploads\/2019\/01\/34192203_2080702235535059_2095510089837314048_o-768x512.jpg 768w, https:\/\/www.formentera.es\/wp-content\/uploads\/2019\/01\/34192203_2080702235535059_2095510089837314048_o-1024x683.jpg 1024w\" sizes=\"auto, (max-width: 1900px) 100vw, 1900px\" \/>\n\t\t<div class=\"figc no-description\">\n\t\t\t<div class=\"figc-inner\">\n\t\t\t\t\t\t\t\t\t\t\t\t\t\t\t<\/div>\n\t\t<\/div>\n\n\t<\/div>\n\n<\/div><div class=\"modula-item effect-quiet jtg-filter-all jtg-filter-\" data-width=\"8\" data-height=\"5\" >\n\t<div class=\"modula-item-overlay\"><\/div>\n\n\t<div class=\"modula-item-content\">\n\n\t\t\t\t\n\t\t\t\t\t<a data-image-id=\"1631\" tabindex=\"0\" href=\"https:\/\/www.formentera.es\/wp-content\/uploads\/2019\/01\/34258846_2079122602359689_1344508949025521664_o.jpg\" rel=\"jtg-1629\" data-caption=\"\" aria-label=\"Open image in lightbox\" role=\"button\" data-cyclefilter=\"show\" data-fancybox=\"jtg-1629\" class=\"tile-inner modula-item-link\"><\/a>\n\t\t\n\t\t<img loading=\"lazy\" decoding=\"async\" class=\"pic wp-image-1631\"  data-valign=\"middle\" data-halign=\"center\" alt=\"\" data-full=\"https:\/\/www.formentera.es\/wp-content\/uploads\/2019\/01\/34258846_2079122602359689_1344508949025521664_o.jpg\" title=\"34258846_2079122602359689_1344508949025521664_o\" width=\"1900\" height=\"1267\" src=\"https:\/\/www.formentera.es\/wp-content\/uploads\/2019\/01\/34258846_2079122602359689_1344508949025521664_o.jpg\" data-src=\"https:\/\/www.formentera.es\/wp-content\/uploads\/2019\/01\/34258846_2079122602359689_1344508949025521664_o.jpg\" data-caption=\"\" srcset=\"https:\/\/www.formentera.es\/wp-content\/uploads\/2019\/01\/34258846_2079122602359689_1344508949025521664_o.jpg 1900w, https:\/\/www.formentera.es\/wp-content\/uploads\/2019\/01\/34258846_2079122602359689_1344508949025521664_o-300x200.jpg 300w, https:\/\/www.formentera.es\/wp-content\/uploads\/2019\/01\/34258846_2079122602359689_1344508949025521664_o-768x512.jpg 768w, https:\/\/www.formentera.es\/wp-content\/uploads\/2019\/01\/34258846_2079122602359689_1344508949025521664_o-1024x683.jpg 1024w\" sizes=\"auto, (max-width: 1900px) 100vw, 1900px\" \/>\n\t\t<div class=\"figc no-description\">\n\t\t\t<div class=\"figc-inner\">\n\t\t\t\t\t\t\t\t\t\t\t\t\t\t\t<\/div>\n\t\t<\/div>\n\n\t<\/div>\n\n<\/div><div class=\"modula-item effect-quiet jtg-filter-all jtg-filter-\" data-width=\"7\" data-height=\"5\" >\n\t<div class=\"modula-item-overlay\"><\/div>\n\n\t<div class=\"modula-item-content\">\n\n\t\t\t\t\n\t\t\t\t\t<a data-image-id=\"1636\" tabindex=\"0\" href=\"https:\/\/www.formentera.es\/wp-content\/uploads\/2019\/01\/Santjaume2016_FlowerPower_02_consell_de_formentera.jpg\" rel=\"jtg-1629\" data-caption=\"\" aria-label=\"Open image in lightbox\" role=\"button\" data-cyclefilter=\"show\" data-fancybox=\"jtg-1629\" class=\"tile-inner modula-item-link\"><\/a>\n\t\t\n\t\t<img loading=\"lazy\" decoding=\"async\" class=\"pic wp-image-1636\"  data-valign=\"middle\" data-halign=\"center\" alt=\"\" data-full=\"https:\/\/www.formentera.es\/wp-content\/uploads\/2019\/01\/Santjaume2016_FlowerPower_02_consell_de_formentera.jpg\" title=\"Santjaume2016_FlowerPower_02_consell_de_formentera\" width=\"1900\" height=\"1234\" src=\"https:\/\/www.formentera.es\/wp-content\/uploads\/2019\/01\/Santjaume2016_FlowerPower_02_consell_de_formentera.jpg\" data-src=\"https:\/\/www.formentera.es\/wp-content\/uploads\/2019\/01\/Santjaume2016_FlowerPower_02_consell_de_formentera.jpg\" data-caption=\"\" srcset=\"https:\/\/www.formentera.es\/wp-content\/uploads\/2019\/01\/Santjaume2016_FlowerPower_02_consell_de_formentera.jpg 1900w, https:\/\/www.formentera.es\/wp-content\/uploads\/2019\/01\/Santjaume2016_FlowerPower_02_consell_de_formentera-300x195.jpg 300w, https:\/\/www.formentera.es\/wp-content\/uploads\/2019\/01\/Santjaume2016_FlowerPower_02_consell_de_formentera-768x499.jpg 768w, https:\/\/www.formentera.es\/wp-content\/uploads\/2019\/01\/Santjaume2016_FlowerPower_02_consell_de_formentera-1024x665.jpg 1024w\" sizes=\"auto, (max-width: 1900px) 100vw, 1900px\" \/>\n\t\t<div class=\"figc no-description\">\n\t\t\t<div class=\"figc-inner\">\n\t\t\t\t\t\t\t\t\t\t\t\t\t\t\t<\/div>\n\t\t<\/div>\n\n\t<\/div>\n\n<\/div><div class=\"modula-item effect-quiet jtg-filter-all jtg-filter-\" data-width=\"5\" data-height=\"5\" >\n\t<div class=\"modula-item-overlay\"><\/div>\n\n\t<div class=\"modula-item-content\">\n\n\t\t\t\t\n\t\t\t\t\t<a data-image-id=\"1632\" tabindex=\"0\" href=\"https:\/\/www.formentera.es\/wp-content\/uploads\/2019\/01\/34342531_2080695945535688_6530179718354829312_o.jpg\" rel=\"jtg-1629\" data-caption=\"\" aria-label=\"Open image in lightbox\" role=\"button\" data-cyclefilter=\"show\" data-fancybox=\"jtg-1629\" class=\"tile-inner modula-item-link\"><\/a>\n\t\t\n\t\t<img loading=\"lazy\" decoding=\"async\" class=\"pic wp-image-1632\"  data-valign=\"middle\" data-halign=\"center\" alt=\"\" data-full=\"https:\/\/www.formentera.es\/wp-content\/uploads\/2019\/01\/34342531_2080695945535688_6530179718354829312_o.jpg\" title=\"34342531_2080695945535688_6530179718354829312_o\" width=\"1900\" height=\"1267\" src=\"https:\/\/www.formentera.es\/wp-content\/uploads\/2019\/01\/34342531_2080695945535688_6530179718354829312_o.jpg\" data-src=\"https:\/\/www.formentera.es\/wp-content\/uploads\/2019\/01\/34342531_2080695945535688_6530179718354829312_o.jpg\" data-caption=\"\" srcset=\"https:\/\/www.formentera.es\/wp-content\/uploads\/2019\/01\/34342531_2080695945535688_6530179718354829312_o.jpg 1900w, https:\/\/www.formentera.es\/wp-content\/uploads\/2019\/01\/34342531_2080695945535688_6530179718354829312_o-300x200.jpg 300w, https:\/\/www.formentera.es\/wp-content\/uploads\/2019\/01\/34342531_2080695945535688_6530179718354829312_o-768x512.jpg 768w, https:\/\/www.formentera.es\/wp-content\/uploads\/2019\/01\/34342531_2080695945535688_6530179718354829312_o-1024x683.jpg 1024w\" sizes=\"auto, (max-width: 1900px) 100vw, 1900px\" \/>\n\t\t<div class=\"figc no-description\">\n\t\t\t<div class=\"figc-inner\">\n\t\t\t\t\t\t\t\t\t\t\t\t\t\t\t<\/div>\n\t\t<\/div>\n\n\t<\/div>\n\n<\/div>\t\t\n\t<\/div>\n\n\t\n\t\n\t<script type=\"application\/ld+json\">\n\t{\n\t\t\"@context\": \"http:\/\/schema.org\",\n\t\t\"@type\"   : \"ImageGallery\",\n\t\t\"id\"      : \"https:\/\/www.formentera.es\/pt\/explorar\/cultura-e-patrimonio\/musica\/\",\n\t\t\"url\"     : \"https:\/\/www.formentera.es\/pt\/explorar\/cultura-e-patrimonio\/musica\/\"\n\t}\n\n\t<\/script>\n\n\t\n<\/div>\n[\/vc_column_text][\/vc_column][\/vc_row][vc_row][vc_column][vc_column_text]<div id=\"siguexpl\" class=\"container sc\"><h2>Continue explorando<\/h2><div class=\"row\"><a href=\"https:\/\/www.formentera.es\/pt\/explorar\/locais-de-interesse\/\" class=\"col-md-4\">\n\t\t\t\t\t\t<div class=\"row\">\n\t\t\t\t\t\t\t<div class=\"col-sm-4\" style=\"background-image: url(https:\/\/www.formentera.es\/wp-content\/uploads\/2018\/12\/audio_16-mp3-image-300x297.png)\"><\/div>\n\t\t\t\t\t\t\t<div class=\"col-sm-8\">\n\t\t\t\t\t\t\t\tLocais de interesse\n\t\t\t\t\t\t\t\t<i class=\"fa fa-angle-right\"><\/i>\n\t\t\t\t\t\t\t<\/div>\n\t\t\t\t\t\t\t<div class=\"bhover\"><\/div>\n\t\t\t\t\t\t<\/div>\n\t\t\t\t\t\t\n\t\t\t\t\t<\/a><a href=\"https:\/\/www.formentera.es\/pt\/explorar\/cultura-e-patrimonio\/\" class=\"col-md-4\">\n\t\t\t\t\t\t<div class=\"row\">\n\t\t\t\t\t\t\t<div class=\"col-sm-4\" style=\"background-image: url(https:\/\/www.formentera.es\/wp-content\/uploads\/2019\/01\/Torre-de-Sa-Gavina_Moonkoala-300x200.jpg)\"><\/div>\n\t\t\t\t\t\t\t<div class=\"col-sm-8\">\n\t\t\t\t\t\t\t\tCultura e patrim\u00f3nio\n\t\t\t\t\t\t\t\t<i class=\"fa fa-angle-right\"><\/i>\n\t\t\t\t\t\t\t<\/div>\n\t\t\t\t\t\t\t<div class=\"bhover\"><\/div>\n\t\t\t\t\t\t<\/div>\n\t\t\t\t\t\t\n\t\t\t\t\t<\/a><a href=\"https:\/\/www.formentera.es\/pt\/a-ilha\/\" class=\"col-md-4\">\n\t\t\t\t\t\t<div class=\"row\">\n\t\t\t\t\t\t\t<div class=\"col-sm-4\" style=\"background-image: url(https:\/\/www.formentera.es\/wp-content\/uploads\/2019\/01\/AdobeStock_68411178-300x179.jpg)\"><\/div>\n\t\t\t\t\t\t\t<div class=\"col-sm-8\">\n\t\t\t\t\t\t\t\tA ilha\n\t\t\t\t\t\t\t\t<i class=\"fa fa-angle-right\"><\/i>\n\t\t\t\t\t\t\t<\/div>\n\t\t\t\t\t\t\t<div class=\"bhover\"><\/div>\n\t\t\t\t\t\t<\/div>\n\t\t\t\t\t\t\n\t\t\t\t\t<\/a><\/div><\/div>[\/vc_column_text][\/vc_column][\/vc_row][vc_row full_width=&#8221;stretch_row_content&#8221; equal_height=&#8221;yes&#8221; css=&#8221;.vc_custom_1549020867862{padding-top: 80px !important;}&#8221; el_class=&#8221;bloque_maseventos&#8221;][vc_column][vc_column_text el_class=&#8221;h1&#8243;]<\/p>\n<h2 style=\"text-align: center;\">Eventos em Formentera<\/h2>\n<p>[\/vc_column_text][vc_basic_grid post_type=&#8221;post&#8221; max_items=&#8221;3&#8243; orderby=&#8221;rand&#8221; item=&#8221;1524&#8243; grid_id=&#8221;vc_gid:1724233723914-65b837ef-3083-5&#8243; taxonomies=&#8221;17&#8243;][vc_btn title=&#8221;Mais eventos&#8221; style=&#8221;flat&#8221; shape=&#8221;square&#8221; color=&#8221;white&#8221; size=&#8221;lg&#8221; align=&#8221;center&#8221; i_align=&#8221;right&#8221; i_type=&#8221;entypo&#8221; i_icon_entypo=&#8221;entypo-icon entypo-icon-right-open-big&#8221; add_icon=&#8221;true&#8221; el_class=&#8221;btn_more&#8221; link=&#8221;url:https%3A%2F%2Fwww.formentera.es%2Fpt%2Feventos%2F%20|||&#8221;][\/vc_column][\/vc_row]<\/p>\n<\/div>","protected":false},"excerpt":{"rendered":"<p>[vc_row full_width=&#8221;stretch_row&#8221;][vc_column width=&#8221;2\/3&#8243; css=&#8221;.vc_custom_1530269560078{padding-right: 5% !important;}&#8221;][vc_column_text el_class=&#8221;texto_ficha&#8221;] A m\u00fasica move Formentera Em junho, tem in\u00edcio [&hellip;]<\/p>\n","protected":false},"author":1,"featured_media":31550,"parent":32124,"menu_order":0,"comment_status":"closed","ping_status":"closed","template":"page-ficha.php","meta":{"_acf_changed":false,"footnotes":""},"categories":[],"class_list":["post-32135","page","type-page","status-publish","hentry"],"acf":[],"yoast_head":"<!-- This site is optimized with the Yoast SEO plugin v25.5 - https:\/\/yoast.com\/wordpress\/plugins\/seo\/ -->\n<title>M\u00fasica | Turismo de Formentera<\/title>\n<meta name=\"robots\" content=\"index, follow, max-snippet:-1, max-image-preview:large, max-video-preview:-1\" \/>\n<link rel=\"canonical\" href=\"https:\/\/www.formentera.es\/explorar\/cultura-y-patrimonio\/musica\/\" \/>\n<meta property=\"og:locale\" content=\"pt_PT\" \/>\n<meta property=\"og:type\" content=\"article\" \/>\n<meta property=\"og:title\" content=\"M\u00fasica | Turismo de Formentera\" \/>\n<meta property=\"og:description\" content=\"[vc_row full_width=&#8221;stretch_row&#8221;][vc_column width=&#8221;2\/3&#8243; css=&#8221;.vc_custom_1530269560078{padding-right: 5% !important;}&#8221;][vc_column_text el_class=&#8221;texto_ficha&#8221;] A m\u00fasica move Formentera Em junho, tem in\u00edcio [&hellip;]\" \/>\n<meta property=\"og:url\" content=\"https:\/\/www.formentera.es\/explorar\/cultura-y-patrimonio\/musica\/\" \/>\n<meta property=\"og:site_name\" content=\"Turismo de Formentera\" \/>\n<meta property=\"article:publisher\" content=\"https:\/\/www.facebook.com\/turismoformentera\/\" \/>\n<meta property=\"article:modified_time\" content=\"2024-08-21T09:51:32+00:00\" \/>\n<meta property=\"og:image\" content=\"https:\/\/www.formentera.es\/wp-content\/uploads\/2018\/11\/Mercat-la-mola.jpg\" \/>\n\t<meta property=\"og:image:width\" content=\"1900\" \/>\n\t<meta property=\"og:image:height\" content=\"1267\" \/>\n\t<meta property=\"og:image:type\" content=\"image\/jpeg\" \/>\n<meta name=\"twitter:card\" content=\"summary_large_image\" \/>\n<meta name=\"twitter:site\" content=\"@visitformentera\" \/>\n<meta name=\"twitter:label1\" content=\"Tempo estimado de leitura\" \/>\n\t<meta name=\"twitter:data1\" content=\"2 minutos\" \/>\n<script type=\"application\/ld+json\" class=\"yoast-schema-graph\">{\"@context\":\"https:\/\/schema.org\",\"@graph\":[{\"@type\":\"WebPage\",\"@id\":\"https:\/\/www.formentera.es\/explorar\/cultura-y-patrimonio\/musica\/\",\"url\":\"https:\/\/www.formentera.es\/explorar\/cultura-y-patrimonio\/musica\/\",\"name\":\"M\u00fasica | Turismo de Formentera\",\"isPartOf\":{\"@id\":\"https:\/\/www.formentera.es\/#website\"},\"primaryImageOfPage\":{\"@id\":\"https:\/\/www.formentera.es\/explorar\/cultura-y-patrimonio\/musica\/#primaryimage\"},\"image\":{\"@id\":\"https:\/\/www.formentera.es\/explorar\/cultura-y-patrimonio\/musica\/#primaryimage\"},\"thumbnailUrl\":\"https:\/\/www.formentera.es\/wp-content\/uploads\/2018\/11\/Mercat-la-mola.jpg\",\"datePublished\":\"2018-11-26T16:57:52+00:00\",\"dateModified\":\"2024-08-21T09:51:32+00:00\",\"breadcrumb\":{\"@id\":\"https:\/\/www.formentera.es\/explorar\/cultura-y-patrimonio\/musica\/#breadcrumb\"},\"inLanguage\":\"pt-PT\",\"potentialAction\":[{\"@type\":\"ReadAction\",\"target\":[\"https:\/\/www.formentera.es\/explorar\/cultura-y-patrimonio\/musica\/\"]}]},{\"@type\":\"ImageObject\",\"inLanguage\":\"pt-PT\",\"@id\":\"https:\/\/www.formentera.es\/explorar\/cultura-y-patrimonio\/musica\/#primaryimage\",\"url\":\"https:\/\/www.formentera.es\/wp-content\/uploads\/2018\/11\/Mercat-la-mola.jpg\",\"contentUrl\":\"https:\/\/www.formentera.es\/wp-content\/uploads\/2018\/11\/Mercat-la-mola.jpg\",\"width\":1900,\"height\":1267},{\"@type\":\"BreadcrumbList\",\"@id\":\"https:\/\/www.formentera.es\/explorar\/cultura-y-patrimonio\/musica\/#breadcrumb\",\"itemListElement\":[{\"@type\":\"ListItem\",\"position\":1,\"name\":\"Portada\",\"item\":\"https:\/\/www.formentera.es\/pt\/\"},{\"@type\":\"ListItem\",\"position\":2,\"name\":\"Explorar\",\"item\":\"https:\/\/www.formentera.es\/explorar\/\"},{\"@type\":\"ListItem\",\"position\":3,\"name\":\"Cultura e patrim\u00f3nio\",\"item\":\"https:\/\/www.formentera.es\/pt\/explorar\/cultura-e-patrimonio\/\"},{\"@type\":\"ListItem\",\"position\":4,\"name\":\"M\u00fasica\"}]},{\"@type\":\"WebSite\",\"@id\":\"https:\/\/www.formentera.es\/#website\",\"url\":\"https:\/\/www.formentera.es\/\",\"name\":\"Turismo de Formentera\",\"description\":\"Web oficial de Turismo de Formentera\",\"potentialAction\":[{\"@type\":\"SearchAction\",\"target\":{\"@type\":\"EntryPoint\",\"urlTemplate\":\"https:\/\/www.formentera.es\/?s={search_term_string}\"},\"query-input\":{\"@type\":\"PropertyValueSpecification\",\"valueRequired\":true,\"valueName\":\"search_term_string\"}}],\"inLanguage\":\"pt-PT\"}]}<\/script>\n<!-- \/ Yoast SEO plugin. -->","yoast_head_json":{"title":"M\u00fasica | Turismo de Formentera","robots":{"index":"index","follow":"follow","max-snippet":"max-snippet:-1","max-image-preview":"max-image-preview:large","max-video-preview":"max-video-preview:-1"},"canonical":"https:\/\/www.formentera.es\/explorar\/cultura-y-patrimonio\/musica\/","og_locale":"pt_PT","og_type":"article","og_title":"M\u00fasica | Turismo de Formentera","og_description":"[vc_row full_width=&#8221;stretch_row&#8221;][vc_column width=&#8221;2\/3&#8243; css=&#8221;.vc_custom_1530269560078{padding-right: 5% !important;}&#8221;][vc_column_text el_class=&#8221;texto_ficha&#8221;] A m\u00fasica move Formentera Em junho, tem in\u00edcio [&hellip;]","og_url":"https:\/\/www.formentera.es\/explorar\/cultura-y-patrimonio\/musica\/","og_site_name":"Turismo de Formentera","article_publisher":"https:\/\/www.facebook.com\/turismoformentera\/","article_modified_time":"2024-08-21T09:51:32+00:00","og_image":[{"width":1900,"height":1267,"url":"https:\/\/www.formentera.es\/wp-content\/uploads\/2018\/11\/Mercat-la-mola.jpg","type":"image\/jpeg"}],"twitter_card":"summary_large_image","twitter_site":"@visitformentera","twitter_misc":{"Tempo estimado de leitura":"2 minutos"},"schema":{"@context":"https:\/\/schema.org","@graph":[{"@type":"WebPage","@id":"https:\/\/www.formentera.es\/explorar\/cultura-y-patrimonio\/musica\/","url":"https:\/\/www.formentera.es\/explorar\/cultura-y-patrimonio\/musica\/","name":"M\u00fasica | Turismo de Formentera","isPartOf":{"@id":"https:\/\/www.formentera.es\/#website"},"primaryImageOfPage":{"@id":"https:\/\/www.formentera.es\/explorar\/cultura-y-patrimonio\/musica\/#primaryimage"},"image":{"@id":"https:\/\/www.formentera.es\/explorar\/cultura-y-patrimonio\/musica\/#primaryimage"},"thumbnailUrl":"https:\/\/www.formentera.es\/wp-content\/uploads\/2018\/11\/Mercat-la-mola.jpg","datePublished":"2018-11-26T16:57:52+00:00","dateModified":"2024-08-21T09:51:32+00:00","breadcrumb":{"@id":"https:\/\/www.formentera.es\/explorar\/cultura-y-patrimonio\/musica\/#breadcrumb"},"inLanguage":"pt-PT","potentialAction":[{"@type":"ReadAction","target":["https:\/\/www.formentera.es\/explorar\/cultura-y-patrimonio\/musica\/"]}]},{"@type":"ImageObject","inLanguage":"pt-PT","@id":"https:\/\/www.formentera.es\/explorar\/cultura-y-patrimonio\/musica\/#primaryimage","url":"https:\/\/www.formentera.es\/wp-content\/uploads\/2018\/11\/Mercat-la-mola.jpg","contentUrl":"https:\/\/www.formentera.es\/wp-content\/uploads\/2018\/11\/Mercat-la-mola.jpg","width":1900,"height":1267},{"@type":"BreadcrumbList","@id":"https:\/\/www.formentera.es\/explorar\/cultura-y-patrimonio\/musica\/#breadcrumb","itemListElement":[{"@type":"ListItem","position":1,"name":"Portada","item":"https:\/\/www.formentera.es\/pt\/"},{"@type":"ListItem","position":2,"name":"Explorar","item":"https:\/\/www.formentera.es\/explorar\/"},{"@type":"ListItem","position":3,"name":"Cultura e patrim\u00f3nio","item":"https:\/\/www.formentera.es\/pt\/explorar\/cultura-e-patrimonio\/"},{"@type":"ListItem","position":4,"name":"M\u00fasica"}]},{"@type":"WebSite","@id":"https:\/\/www.formentera.es\/#website","url":"https:\/\/www.formentera.es\/","name":"Turismo de Formentera","description":"Web oficial de Turismo de Formentera","potentialAction":[{"@type":"SearchAction","target":{"@type":"EntryPoint","urlTemplate":"https:\/\/www.formentera.es\/?s={search_term_string}"},"query-input":{"@type":"PropertyValueSpecification","valueRequired":true,"valueName":"search_term_string"}}],"inLanguage":"pt-PT"}]}},"_links":{"self":[{"href":"https:\/\/www.formentera.es\/pt\/wp-json\/wp\/v2\/pages\/32135","targetHints":{"allow":["GET"]}}],"collection":[{"href":"https:\/\/www.formentera.es\/pt\/wp-json\/wp\/v2\/pages"}],"about":[{"href":"https:\/\/www.formentera.es\/pt\/wp-json\/wp\/v2\/types\/page"}],"author":[{"embeddable":true,"href":"https:\/\/www.formentera.es\/pt\/wp-json\/wp\/v2\/users\/1"}],"replies":[{"embeddable":true,"href":"https:\/\/www.formentera.es\/pt\/wp-json\/wp\/v2\/comments?post=32135"}],"version-history":[{"count":0,"href":"https:\/\/www.formentera.es\/pt\/wp-json\/wp\/v2\/pages\/32135\/revisions"}],"up":[{"embeddable":true,"href":"https:\/\/www.formentera.es\/pt\/wp-json\/wp\/v2\/pages\/32124"}],"wp:featuredmedia":[{"embeddable":true,"href":"https:\/\/www.formentera.es\/pt\/wp-json\/wp\/v2\/media\/31550"}],"wp:attachment":[{"href":"https:\/\/www.formentera.es\/pt\/wp-json\/wp\/v2\/media?parent=32135"}],"wp:term":[{"taxonomy":"category","embeddable":true,"href":"https:\/\/www.formentera.es\/pt\/wp-json\/wp\/v2\/categories?post=32135"}],"curies":[{"name":"wp","href":"https:\/\/api.w.org\/{rel}","templated":true}]}}