{"id":32124,"date":"2018-11-26T12:51:36","date_gmt":"2018-11-26T14:51:36","guid":{"rendered":"https:\/\/www.formentera.es\/explorar\/cultura-y-patrimonio\/"},"modified":"2025-09-09T16:41:15","modified_gmt":"2025-09-09T14:41:15","slug":"cultura-e-patrimonio","status":"publish","type":"page","link":"https:\/\/www.formentera.es\/pt\/explorar\/cultura-e-patrimonio\/","title":{"rendered":"Cultura e patrim\u00f3nio"},"content":{"rendered":"<div class=\"wpb-content-wrapper\"><p>[vc_row full_width=&#8221;stretch_row_content_no_spaces&#8221; equal_height=&#8221;yes&#8221; content_placement=&#8221;bottom&#8221; css=&#8221;.vc_custom_1546432535287{background-position: center !important;background-repeat: no-repeat !important;background-size: cover !important;}&#8221; el_id=&#8221;top_categoria&#8221; el_class=&#8221;categoria2&#8243;][vc_column width=&#8221;1\/2&#8243; css=&#8221;.vc_custom_1546432660675{background-image: url(https:\/\/www.formentera.es\/wp-content\/uploads\/2018\/11\/Torres-de-defensa-panoramica.jpg?id=1146) !important;background-position: center !important;background-repeat: no-repeat !important;background-size: cover !important;}&#8221;][vc_column_text]<\/p>\n<h1>Cultura e patrim\u00f3nio em Formentera<\/h1>\n<p>[\/vc_column_text][\/vc_column][vc_column width=&#8221;1\/2&#8243; css=&#8221;.vc_custom_1757428873695{background-color: #30A8A2 !important;}&#8221;][vc_column_text css=&#8221;&#8221; el_class=&#8221;enlaceblanco&#8221;]Numa por\u00e7\u00e3o de territ\u00f3rio t\u00e3o pequena como Formentera, onde os recursos terrestres e marinhos condicionaram significativamente a vida na ilha, a fronteira entre o valor cultural e o valor natural \u00e9 muitas vezes vaga. Boa prova disso \u00e9 a amplitude do nosso patrim\u00f3nio etnol\u00f3gico, que constitui um comp\u00eandio de utiliza\u00e7\u00e3o sustent\u00e1vel dos diferentes recursos naturais da ilha.<\/p>\n<p>Formentera conta com tr\u00eas c<strong>onjuntos hist\u00f3ricos<\/strong>: Sant Francesc Xavier, Sant Ferran de ses Roques e Pilar de la Mola. Em todos eles o epicentro e edif\u00edcio mais relevante \u00e9 a igreja paroquial. Em seu redor existe toda uma rede de pra\u00e7as e vias, a maior parte das quais coincidem com os antigas caminhos que ligavam as zonas populacionais dispersas aos templos religiosos.<\/p>\n<p>Pertencem ainda ao <strong>patrim\u00f3nio cultural<\/strong> de Formentera os elementos de defesa e sinaliza\u00e7\u00e3o costeira (torres defensivas e far\u00f3is), locais hist\u00f3ricos (Ses Salines, Col\u00f3nia Penitenci\u00e1ria de Formentera), caminhos e divis\u00e3o territorial (Cam\u00ed de sa Pujada, marcos, muros de pedra seca), assim como casas, moinhos farinheiros, cisternas e algibes, po\u00e7os, noras, \u00e1rvores singulares, ou <i>escars <\/i>(varadouros), entre outros bens.<\/p>\n<p>No dom\u00ednio do <strong>patrim\u00f3nio imaterial<\/strong> destacam-se as <i>ballades<\/i> e as <i>cantades<\/i>, manifesta\u00e7\u00f5es musicais que tiveram um peso importante na sociedade insular at\u00e9 meados do s\u00e9culo XX. \u00c9 tamb\u00e9m indispens\u00e1vel referir as <strong><i>Caramelles<\/i><\/strong>, c\u00e2nticos interpretados por homens com acompanhamento instrumental que est\u00e3o intimamente ligados a duas celebra\u00e7\u00f5es fundamentais do calend\u00e1rio lit\u00fargico: Natal e P\u00e1scoa.<\/p>\n<p>Mais informa\u00e7\u00f5es no <a href=\"https:\/\/www.formentera.es\/wp-content\/uploads\/2018\/12\/PATRIMONI_ESCAEN.pdf\" target=\"_blank\" rel=\"noopener noreferrer\">Cat\u00e1logo de Patrim\u00f3nio<\/a>.[\/vc_column_text][\/vc_column][\/vc_row][vc_row full_width=&#8221;stretch_row_content&#8221; equal_height=&#8221;yes&#8221;][vc_column][vc_column_text el_class=&#8221;h1&#8243;]<\/p>\n<h2>Cultura e patrim\u00f3nio<\/h2>\n<p>[\/vc_column_text][\/vc_column][\/vc_row][vc_row full_width=&#8221;stretch_row_content&#8221;][vc_column][vc_basic_grid post_type=&#8221;ids&#8221; item=&#8221;60&#8243; grid_id=&#8221;vc_gid:1757428859087-cc89bc19-0a37-7&#8243; include=&#8221;1209, 1214, 1217, 1212, 135&#8243;][\/vc_column][\/vc_row][vc_row full_width=&#8221;stretch_row_content&#8221; css=&#8221;.vc_custom_1548954740584{padding-top: 80px !important;}&#8221; el_class=&#8221;bloque_maseventos&#8221;][vc_column][vc_column_text el_class=&#8221;h1&#8243;]<\/p>\n<h2>Eventos em Formentera<\/h2>\n<p>[\/vc_column_text][vc_basic_grid post_type=&#8221;post&#8221; max_items=&#8221;2&#8243; element_width=&#8221;6&#8243; orderby=&#8221;rand&#8221; item=&#8221;1532&#8243; grid_id=&#8221;vc_gid:1757428859087-3bd75709-200f-8&#8243; taxonomies=&#8221;17&#8243;][vc_btn title=&#8221;Mais eventos&#8221; style=&#8221;flat&#8221; shape=&#8221;square&#8221; color=&#8221;white&#8221; size=&#8221;lg&#8221; align=&#8221;center&#8221; i_align=&#8221;right&#8221; i_type=&#8221;entypo&#8221; i_icon_entypo=&#8221;entypo-icon entypo-icon-right-open-big&#8221; add_icon=&#8221;true&#8221; el_class=&#8221;btn_more&#8221; link=&#8221;url:https%3A%2F%2Fwww.formentera.es%2Fpt%2Feventos%2F%20|||&#8221;][\/vc_column][\/vc_row]<\/p>\n<\/div>","protected":false},"excerpt":{"rendered":"<p>[vc_row full_width=&#8221;stretch_row_content_no_spaces&#8221; equal_height=&#8221;yes&#8221; content_placement=&#8221;bottom&#8221; css=&#8221;.vc_custom_1546432535287{background-position: center !important;background-repeat: no-repeat !important;background-size: cover !important;}&#8221; el_id=&#8221;top_categoria&#8221; el_class=&#8221;categoria2&#8243;][vc_column width=&#8221;1\/2&#8243; css=&#8221;.vc_custom_1546432660675{background-image: [&hellip;]<\/p>\n","protected":false},"author":1,"featured_media":32126,"parent":31416,"menu_order":0,"comment_status":"closed","ping_status":"closed","template":"","meta":{"_acf_changed":false,"footnotes":""},"categories":[],"class_list":["post-32124","page","type-page","status-publish","hentry"],"acf":[],"yoast_head":"<!-- This site is optimized with the Yoast SEO plugin v25.5 - https:\/\/yoast.com\/wordpress\/plugins\/seo\/ -->\n<title>Cultura y patrimonio de Formentera | Turismo de Formentera<\/title>\n<meta name=\"description\" content=\"Descubre el valor cultura y el valor natural que posee la isla en la p\u00e1gina de Cultura y Patrimonio de Formentera.\" \/>\n<meta name=\"robots\" content=\"index, follow, max-snippet:-1, max-image-preview:large, max-video-preview:-1\" \/>\n<link rel=\"canonical\" href=\"https:\/\/www.formentera.es\/pt\/explorar\/cultura-e-patrimonio\/\" \/>\n<meta property=\"og:locale\" content=\"pt_PT\" \/>\n<meta property=\"og:type\" content=\"article\" \/>\n<meta property=\"og:title\" content=\"Cultura y patrimonio de Formentera | Turismo de Formentera\" \/>\n<meta property=\"og:description\" content=\"Descubre el valor cultura y el valor natural que posee la isla en la p\u00e1gina de Cultura y Patrimonio de Formentera.\" \/>\n<meta property=\"og:url\" content=\"https:\/\/www.formentera.es\/pt\/explorar\/cultura-e-patrimonio\/\" \/>\n<meta property=\"og:site_name\" content=\"Turismo de Formentera\" \/>\n<meta property=\"article:publisher\" content=\"https:\/\/www.facebook.com\/turismoformentera\/\" \/>\n<meta property=\"article:modified_time\" content=\"2025-09-09T14:41:15+00:00\" \/>\n<meta property=\"og:image\" content=\"https:\/\/www.formentera.es\/wp-content\/uploads\/2019\/01\/Torre-de-Sa-Gavina_Moonkoala.jpg\" \/>\n\t<meta property=\"og:image:width\" content=\"1900\" \/>\n\t<meta property=\"og:image:height\" content=\"1267\" \/>\n\t<meta property=\"og:image:type\" content=\"image\/jpeg\" \/>\n<meta name=\"twitter:card\" content=\"summary_large_image\" \/>\n<meta name=\"twitter:site\" content=\"@visitformentera\" \/>\n<meta name=\"twitter:label1\" content=\"Tempo estimado de leitura\" \/>\n\t<meta name=\"twitter:data1\" content=\"2 minutos\" \/>\n<script type=\"application\/ld+json\" class=\"yoast-schema-graph\">{\"@context\":\"https:\/\/schema.org\",\"@graph\":[{\"@type\":\"WebPage\",\"@id\":\"https:\/\/www.formentera.es\/pt\/explorar\/cultura-e-patrimonio\/\",\"url\":\"https:\/\/www.formentera.es\/pt\/explorar\/cultura-e-patrimonio\/\",\"name\":\"Cultura y patrimonio de Formentera | Turismo de Formentera\",\"isPartOf\":{\"@id\":\"https:\/\/www.formentera.es\/#website\"},\"primaryImageOfPage\":{\"@id\":\"https:\/\/www.formentera.es\/pt\/explorar\/cultura-e-patrimonio\/#primaryimage\"},\"image\":{\"@id\":\"https:\/\/www.formentera.es\/pt\/explorar\/cultura-e-patrimonio\/#primaryimage\"},\"thumbnailUrl\":\"https:\/\/www.formentera.es\/wp-content\/uploads\/2019\/01\/Torre-de-Sa-Gavina_Moonkoala.jpg\",\"datePublished\":\"2018-11-26T14:51:36+00:00\",\"dateModified\":\"2025-09-09T14:41:15+00:00\",\"description\":\"Descubre el valor cultura y el valor natural que posee la isla en la p\u00e1gina de Cultura y Patrimonio de Formentera.\",\"breadcrumb\":{\"@id\":\"https:\/\/www.formentera.es\/pt\/explorar\/cultura-e-patrimonio\/#breadcrumb\"},\"inLanguage\":\"pt-PT\",\"potentialAction\":[{\"@type\":\"ReadAction\",\"target\":[\"https:\/\/www.formentera.es\/pt\/explorar\/cultura-e-patrimonio\/\"]}]},{\"@type\":\"ImageObject\",\"inLanguage\":\"pt-PT\",\"@id\":\"https:\/\/www.formentera.es\/pt\/explorar\/cultura-e-patrimonio\/#primaryimage\",\"url\":\"https:\/\/www.formentera.es\/wp-content\/uploads\/2019\/01\/Torre-de-Sa-Gavina_Moonkoala.jpg\",\"contentUrl\":\"https:\/\/www.formentera.es\/wp-content\/uploads\/2019\/01\/Torre-de-Sa-Gavina_Moonkoala.jpg\",\"width\":1900,\"height\":1267},{\"@type\":\"BreadcrumbList\",\"@id\":\"https:\/\/www.formentera.es\/pt\/explorar\/cultura-e-patrimonio\/#breadcrumb\",\"itemListElement\":[{\"@type\":\"ListItem\",\"position\":1,\"name\":\"Portada\",\"item\":\"https:\/\/www.formentera.es\/pt\/\"},{\"@type\":\"ListItem\",\"position\":2,\"name\":\"Explorar\",\"item\":\"https:\/\/www.formentera.es\/explorar\/\"},{\"@type\":\"ListItem\",\"position\":3,\"name\":\"Cultura e patrim\u00f3nio\"}]},{\"@type\":\"WebSite\",\"@id\":\"https:\/\/www.formentera.es\/#website\",\"url\":\"https:\/\/www.formentera.es\/\",\"name\":\"Turismo de Formentera\",\"description\":\"Web oficial de Turismo de Formentera\",\"potentialAction\":[{\"@type\":\"SearchAction\",\"target\":{\"@type\":\"EntryPoint\",\"urlTemplate\":\"https:\/\/www.formentera.es\/?s={search_term_string}\"},\"query-input\":{\"@type\":\"PropertyValueSpecification\",\"valueRequired\":true,\"valueName\":\"search_term_string\"}}],\"inLanguage\":\"pt-PT\"}]}<\/script>\n<!-- \/ Yoast SEO plugin. -->","yoast_head_json":{"title":"Cultura y patrimonio de Formentera | Turismo de Formentera","description":"Descubre el valor cultura y el valor natural que posee la isla en la p\u00e1gina de Cultura y Patrimonio de Formentera.","robots":{"index":"index","follow":"follow","max-snippet":"max-snippet:-1","max-image-preview":"max-image-preview:large","max-video-preview":"max-video-preview:-1"},"canonical":"https:\/\/www.formentera.es\/pt\/explorar\/cultura-e-patrimonio\/","og_locale":"pt_PT","og_type":"article","og_title":"Cultura y patrimonio de Formentera | Turismo de Formentera","og_description":"Descubre el valor cultura y el valor natural que posee la isla en la p\u00e1gina de Cultura y Patrimonio de Formentera.","og_url":"https:\/\/www.formentera.es\/pt\/explorar\/cultura-e-patrimonio\/","og_site_name":"Turismo de Formentera","article_publisher":"https:\/\/www.facebook.com\/turismoformentera\/","article_modified_time":"2025-09-09T14:41:15+00:00","og_image":[{"width":1900,"height":1267,"url":"https:\/\/www.formentera.es\/wp-content\/uploads\/2019\/01\/Torre-de-Sa-Gavina_Moonkoala.jpg","type":"image\/jpeg"}],"twitter_card":"summary_large_image","twitter_site":"@visitformentera","twitter_misc":{"Tempo estimado de leitura":"2 minutos"},"schema":{"@context":"https:\/\/schema.org","@graph":[{"@type":"WebPage","@id":"https:\/\/www.formentera.es\/pt\/explorar\/cultura-e-patrimonio\/","url":"https:\/\/www.formentera.es\/pt\/explorar\/cultura-e-patrimonio\/","name":"Cultura y patrimonio de Formentera | Turismo de Formentera","isPartOf":{"@id":"https:\/\/www.formentera.es\/#website"},"primaryImageOfPage":{"@id":"https:\/\/www.formentera.es\/pt\/explorar\/cultura-e-patrimonio\/#primaryimage"},"image":{"@id":"https:\/\/www.formentera.es\/pt\/explorar\/cultura-e-patrimonio\/#primaryimage"},"thumbnailUrl":"https:\/\/www.formentera.es\/wp-content\/uploads\/2019\/01\/Torre-de-Sa-Gavina_Moonkoala.jpg","datePublished":"2018-11-26T14:51:36+00:00","dateModified":"2025-09-09T14:41:15+00:00","description":"Descubre el valor cultura y el valor natural que posee la isla en la p\u00e1gina de Cultura y Patrimonio de Formentera.","breadcrumb":{"@id":"https:\/\/www.formentera.es\/pt\/explorar\/cultura-e-patrimonio\/#breadcrumb"},"inLanguage":"pt-PT","potentialAction":[{"@type":"ReadAction","target":["https:\/\/www.formentera.es\/pt\/explorar\/cultura-e-patrimonio\/"]}]},{"@type":"ImageObject","inLanguage":"pt-PT","@id":"https:\/\/www.formentera.es\/pt\/explorar\/cultura-e-patrimonio\/#primaryimage","url":"https:\/\/www.formentera.es\/wp-content\/uploads\/2019\/01\/Torre-de-Sa-Gavina_Moonkoala.jpg","contentUrl":"https:\/\/www.formentera.es\/wp-content\/uploads\/2019\/01\/Torre-de-Sa-Gavina_Moonkoala.jpg","width":1900,"height":1267},{"@type":"BreadcrumbList","@id":"https:\/\/www.formentera.es\/pt\/explorar\/cultura-e-patrimonio\/#breadcrumb","itemListElement":[{"@type":"ListItem","position":1,"name":"Portada","item":"https:\/\/www.formentera.es\/pt\/"},{"@type":"ListItem","position":2,"name":"Explorar","item":"https:\/\/www.formentera.es\/explorar\/"},{"@type":"ListItem","position":3,"name":"Cultura e patrim\u00f3nio"}]},{"@type":"WebSite","@id":"https:\/\/www.formentera.es\/#website","url":"https:\/\/www.formentera.es\/","name":"Turismo de Formentera","description":"Web oficial de Turismo de Formentera","potentialAction":[{"@type":"SearchAction","target":{"@type":"EntryPoint","urlTemplate":"https:\/\/www.formentera.es\/?s={search_term_string}"},"query-input":{"@type":"PropertyValueSpecification","valueRequired":true,"valueName":"search_term_string"}}],"inLanguage":"pt-PT"}]}},"_links":{"self":[{"href":"https:\/\/www.formentera.es\/pt\/wp-json\/wp\/v2\/pages\/32124","targetHints":{"allow":["GET"]}}],"collection":[{"href":"https:\/\/www.formentera.es\/pt\/wp-json\/wp\/v2\/pages"}],"about":[{"href":"https:\/\/www.formentera.es\/pt\/wp-json\/wp\/v2\/types\/page"}],"author":[{"embeddable":true,"href":"https:\/\/www.formentera.es\/pt\/wp-json\/wp\/v2\/users\/1"}],"replies":[{"embeddable":true,"href":"https:\/\/www.formentera.es\/pt\/wp-json\/wp\/v2\/comments?post=32124"}],"version-history":[{"count":1,"href":"https:\/\/www.formentera.es\/pt\/wp-json\/wp\/v2\/pages\/32124\/revisions"}],"predecessor-version":[{"id":45279,"href":"https:\/\/www.formentera.es\/pt\/wp-json\/wp\/v2\/pages\/32124\/revisions\/45279"}],"up":[{"embeddable":true,"href":"https:\/\/www.formentera.es\/pt\/wp-json\/wp\/v2\/pages\/31416"}],"wp:featuredmedia":[{"embeddable":true,"href":"https:\/\/www.formentera.es\/pt\/wp-json\/wp\/v2\/media\/32126"}],"wp:attachment":[{"href":"https:\/\/www.formentera.es\/pt\/wp-json\/wp\/v2\/media?parent=32124"}],"wp:term":[{"taxonomy":"category","embeddable":true,"href":"https:\/\/www.formentera.es\/pt\/wp-json\/wp\/v2\/categories?post=32124"}],"curies":[{"name":"wp","href":"https:\/\/api.w.org\/{rel}","templated":true}]}}