{"id":31850,"date":"2022-02-15T13:04:15","date_gmt":"2022-02-15T12:04:15","guid":{"rendered":"https:\/\/www.formentera.es\/la-ruta-de-los-faros\/"},"modified":"2025-09-26T13:27:30","modified_gmt":"2025-09-26T11:27:30","slug":"rota-dos-farois","status":"publish","type":"page","link":"https:\/\/www.formentera.es\/pt\/rota-dos-farois\/","title":{"rendered":"Rota dos Far\u00f3is de Formentera"},"content":{"rendered":"<div class=\"wpb-content-wrapper\"><p>[vc_row el_id=&#8221;paginafaros&#8221;][vc_column]<div id=\"fullpage\"><section id=\"section0\" class=\"vertical-scrolling\" style=\"background:  url(https:\/\/www.formentera.es\/wp-content\/uploads\/2022\/02\/CapdeBarbaria4.jpg);  background-repeat: no-repeat; -webkit-background-size: cover; -moz-background-size: cover; -o-background-size: cover; background-size: cover; background-position: center center; height: 100%; overflow: hidden; background-attachment: scroll;\">[vc_single_image image=&#8221;15986&#8243; img_size=&#8221;full&#8221; alignment=&#8221;center&#8221; el_id=&#8221;logofaros&#8221;][vc_column_text]<\/p>\n<p style=\"text-align: center;\">A Rota dos Far\u00f3is \u00e9 outra atra\u00e7\u00e3o de Formentera, a ilha perfeita para desfrutar em qualquer \u00e9poca do ano<\/p>\n<p>[\/vc_column_text][vc_btn title=&#8221;O itiner\u00e1rio come\u00e7a&#8221; shape=&#8221;round&#8221; color=&#8221;blue&#8221; align=&#8221;center&#8221; css=&#8221;&#8221; link=&#8221;url:%232&#8243;][vc_single_image image=&#8221;16057&#8243; img_size=&#8221;full&#8221; alignment=&#8221;center&#8221; onclick=&#8221;custom_link&#8221; css=&#8221;&#8221; link=&#8221;#2&#8243; el_class=&#8221;imgscroll&#8221;]<\/section><section id=\"section1\" class=\"vertical-scrolling\" style=\"background: #ffffff url();  background-repeat: no-repeat; -webkit-background-size: cover; -moz-background-size: cover; -o-background-size: cover; background-size: cover; background-position: center center; height: 100%; overflow: hidden; background-attachment: scroll;\">[vc_row_inner equal_height=&#8221;yes&#8221; el_id=&#8221;faro2&#8243;][vc_column_inner el_class=&#8221;bloquetexto&#8221; width=&#8221;1\/2&#8243;][vc_single_image image=&#8221;45617&#8243; img_size=&#8221;full&#8221; alignment=&#8221;right&#8221; css=&#8221;&#8221; el_class=&#8221;logofarosblue&#8221;][vc_custom_heading text=&#8221;Onde a terra e o mar se encontram&#8221; use_theme_fonts=&#8221;yes&#8221;][vc_column_text]A influ\u00eancia do mar numa pequena ilha como Formentera \u00e9 evidente. E que melhor maneira de a sentir do que conhecendo os seus far\u00f3is, elementos-chave para os navegantes do passado e do presente, e descobrindo as suas silhuetas ao amanhecer ou ao entardecer em ambientes inigual\u00e1veis..<\/p>\n<p>A Rota dos Far\u00f3is de Formentera recebeu o pr\u00e9mio Nit del Turisme 2021, em reconhecimento por ser uma experi\u00eancia que, al\u00e9m de conectar significativamente com as pessoas, valoriza os recursos do territ\u00f3rio, sempre sob crit\u00e9rios de sustentabilidade e qualidade em todos os sentidos.[\/vc_column_text][\/vc_column_inner][vc_column_inner width=&#8221;1\/2&#8243; css=&#8221;.vc_custom_1646391383592{background: #d2ecfc url(https:\/\/www.formentera.es\/wp-content\/uploads\/2022\/03\/FONDO-1.png?id=16142) !important;background-position: center !important;background-repeat: no-repeat !important;background-size: contain !important;}&#8221;][vc_single_image image=&#8221;45625&#8243; img_size=&#8221;medium&#8221; onclick=&#8221;custom_link&#8221; css=&#8221;&#8221; el_class=&#8221;foto1&#8243; link=&#8221;#21&#8243;][vc_single_image image=&#8221;45633&#8243; img_size=&#8221;medium&#8221; onclick=&#8221;custom_link&#8221; css=&#8221;&#8221; el_class=&#8221;foto2&#8243; link=&#8221;#81&#8243;][vc_single_image image=&#8221;45641&#8243; img_size=&#8221;medium&#8221; onclick=&#8221;custom_link&#8221; css=&#8221;&#8221; el_class=&#8221;foto3&#8243; link=&#8221;#41&#8243;][\/vc_column_inner][\/vc_row_inner]<\/section><section id=\"section2\" class=\"vertical-scrolling\" style=\"background: #ffffff url();  background-repeat: no-repeat; -webkit-background-size: cover; -moz-background-size: cover; -o-background-size: cover; background-size: cover; background-position: center center; height: 100%; overflow: hidden; background-attachment: scroll;\">[vc_row_inner equal_height=&#8221;yes&#8221; el_id=&#8221;faro-savina1&#8243;][vc_column_inner el_class=&#8221;bloquetexto&#8221; width=&#8221;1\/2&#8243;][vc_single_image image=&#8221;45617&#8243; img_size=&#8221;full&#8221; alignment=&#8221;right&#8221; css=&#8221;&#8221; el_class=&#8221;logofarosblue&#8221;][vc_column_text el_class=&#8221;titup&#8221;]Farol de Savina[\/vc_column_text][vc_custom_heading text=&#8221;Um elemento-chave do porto de Savina&#8221; use_theme_fonts=&#8221;yes&#8221;][vc_column_text]Os s\u00edtios talai\u00f3ticos da ilha de Formentera sugerem que esta pequena ilha j\u00e1 tinha pontos de liga\u00e7\u00e3o com o mundo exterior na \u00e9poca pr\u00e9-hist\u00f3rica. A zona do porto de Savina proporcionava abrigo contra as tempestades e assim se tornou num porto mercantil para o com\u00e9rcio de sal.<\/p>\n<p>Deste modo, com o aumento de passageiros e comerciantes, em 1926 foi inaugurado o Farol de Savina, elemento-chave do porto que passou a ajudar os navegantes da regi\u00e3o a sinalizar a entrada do porto.[\/vc_column_text][\/vc_column_inner][vc_column_inner el_class=&#8221;colpiefoto&#8221; width=&#8221;1\/2&#8243; css=&#8221;.vc_custom_1646389184955{background: #f8f5f0 url(https:\/\/www.formentera.es\/wp-content\/uploads\/2022\/03\/La-Savina4.jpg?id=16157) !important;background-position: center !important;background-repeat: no-repeat !important;background-size: cover !important;}&#8221;][vc_column_text el_class=&#8221;piefoto&#8221;][\/vc_column_text][\/vc_column_inner][\/vc_row_inner]<\/section><section id=\"section3\" class=\"vertical-scrolling\" style=\"background: #ffffff url();  background-repeat: no-repeat; -webkit-background-size: cover; -moz-background-size: cover; -o-background-size: cover; background-size: cover; background-position: center center; height: 100%; overflow: hidden; background-attachment: scroll;\">[vc_row_inner equal_height=&#8221;yes&#8221; el_id=&#8221;faro-savina2&#8243;][vc_column_inner el_class=&#8221;bloquetexto&#8221; width=&#8221;1\/2&#8243;][vc_single_image image=&#8221;45617&#8243; img_size=&#8221;full&#8221; alignment=&#8221;right&#8221; css=&#8221;&#8221; el_class=&#8221;logofarosblue&#8221;][vc_column_text el_class=&#8221;titup&#8221;]Farol de Savina[\/vc_column_text][vc_custom_heading text=&#8221;O Farol de Savina d\u00e1 as boas-vindas aos visitantes&#8221; use_theme_fonts=&#8221;yes&#8221;][vc_column_text]Este farol modesto, mas peculiar, est\u00e1 localizado no porto de Savina, e perto da Estany des Peix. Est\u00e1 rodeado por um ambiente cuidado, com um passadi\u00e7o de acesso direto que o leva at\u00e9 \u00e0 sua porta e ao longo do qual poder\u00e1 desfrutar de um agrad\u00e1vel passeio.<\/p>\n<p>N\u00e3o se pode entrar nele, mas da sua envolvente \u00e9 poss\u00edvel observar um espetacular p\u00f4r-do-sol, onde o perfil da ilha de Ibiza e do ilhote de Es Vedr\u00e0 \u00e9 perfeitamente vis\u00edvel nos dias de c\u00e9u limpo.[\/vc_column_text][vc_column_text el_class=&#8221;vergalsavina linkfaro&#8221;]<a href=\"#\"><i class=\"fa fa-camera\"><\/i>Ver galer\u00eda<\/a>[\/vc_column_text][\/vc_column_inner][vc_column_inner width=&#8221;1\/2&#8243; css=&#8221;.vc_custom_1646389280925{padding-bottom: 100% !important;background: #f8f5f0 url(https:\/\/www.formentera.es\/wp-content\/uploads\/2022\/03\/La-Savina2.jpg?id=16164) !important;}&#8221;][\/vc_column_inner][\/vc_row_inner]<\/section><section id=\"section4\" class=\"vertical-scrolling\" style=\"background: #ffffff url();  background-repeat: no-repeat; -webkit-background-size: cover; -moz-background-size: cover; -o-background-size: cover; background-size: cover; background-position: center center; height: 100%; overflow: hidden; background-attachment: scroll;\">[vc_row_inner equal_height=&#8221;yes&#8221; el_id=&#8221;faro3&#8243;][vc_column_inner el_class=&#8221;bloquetexto&#8221; width=&#8221;1\/2&#8243;][vc_single_image image=&#8221;45617&#8243; img_size=&#8221;full&#8221; alignment=&#8221;right&#8221; css=&#8221;&#8221; el_class=&#8221;logofarosblue&#8221;][vc_column_text el_class=&#8221;titup&#8221;]Farol de Mola[\/vc_column_text][vc_custom_heading text=&#8221;O lugar que mais magia transmite em toda a ilha&#8221; use_theme_fonts=&#8221;yes&#8221;][vc_column_text]\u00c9 um dos lugares mais espetaculares de toda a ilha. Encontraremos o farol \u00e0 beira de uma fal\u00e9sia a 120 metros acima do n\u00edvel do mar, no planalto de Mola, onde tamb\u00e9m encontramos o ponto mais alto da ilha: Sa Tala\u00efassa, 192 m acima do n\u00edvel do mar. Um dos aspectos mais marcantes deste lugar s\u00e3o as suas vistas sobre o Mediterr\u00e2neo. Verdadeiramente impressionantes. Tamb\u00e9m \u00e9 altamente recomend\u00e1vel desfrutar deste ambiente natural durante o nascer ou o p\u00f4r do sol.<\/p>\n<p>O Farol de Mola \u00e9 um elemento de elevado valor patrimonial por ser um dos poucos exemplares da arquitetura e t\u00e9cnica civil da segunda metade do s\u00e9culo XIX em Formentera, elemento relevante do patrim\u00f3nio cultural e paisag\u00edstico da ilha, do qual o Consell de Formentera garante a prote\u00e7\u00e3o e conserva\u00e7\u00e3o.[\/vc_column_text][vc_column_text el_class=&#8221;vergalamola linkfaro&#8221;]Ver a galeria[\/vc_column_text][\/vc_column_inner][vc_column_inner width=&#8221;1\/2&#8243; css=&#8221;.vc_custom_1645454806741{background-color: #f8f5f0 !important;}&#8221;][vc_single_image image=&#8221;16024&#8243; img_size=&#8221;full&#8221; alignment=&#8221;center&#8221; css_animation=&#8221;none&#8221; el_class=&#8221;foto1&#8243;][vc_single_image image=&#8221;16017&#8243; img_size=&#8221;full&#8221; alignment=&#8221;right&#8221; css_animation=&#8221;none&#8221; el_class=&#8221;foto2&#8243;][vc_single_image image=&#8221;16010&#8243; img_size=&#8221;full&#8221; el_class=&#8221;foto3&#8243;][\/vc_column_inner][\/vc_row_inner]<\/section><section id=\"section5\" class=\"vertical-scrolling\" style=\"background: #ffffff url();  background-repeat: no-repeat; -webkit-background-size: cover; -moz-background-size: cover; -o-background-size: cover; background-size: cover; background-position: center center; height: 100%; overflow: hidden; background-attachment: scroll;\">[vc_row_inner equal_height=&#8221;yes&#8221; el_id=&#8221;faro-lamola1&#8243;][vc_column_inner el_class=&#8221;bloquetexto&#8221; width=&#8221;1\/2&#8243;][vc_single_image image=&#8221;45617&#8243; img_size=&#8221;full&#8221; alignment=&#8221;right&#8221; css=&#8221;&#8221; el_class=&#8221;logofarosblue&#8221;][vc_column_text el_class=&#8221;titup&#8221;]Farol de Mola<br \/>\n[\/vc_column_text][vc_custom_heading text=&#8221;160 anos a iluminar o extremo meridional das Ilhas Baleares&#8221; use_theme_fonts=&#8221;yes&#8221;][vc_column_text]m 1847, sob o reinado de Isabel II, foi ordenada a constru\u00e7\u00e3o do Farol de Mola, embora a sua constru\u00e7\u00e3o s\u00f3 tenha iniciado em 25 de agosto de 1860, e come\u00e7ado oficialmente a funcionar em 30 de novembro de 1861. O farol de Mola foi projetado pelo engenheiro Emili Poy i Bonet, autor de outros projetos de far\u00f3is nas Ilhas Pitiusas. Um s\u00e9culo e meio depois, os 12 feixes de luz projetados pela \u00f3tica original esculpida \u00e0 m\u00e3o deste farol de segunda classe continuam a atrair n\u00e3o s\u00f3 os barcos que passam junto das fal\u00e9sias do leste de Formentera, mas tamb\u00e9m os milhares de turistas que v\u00eam observar este monumento, declarado Bem de Interesse Cultural.<\/p>\n<p>O farol eleva-se 142 metros acima do n\u00edvel do mar gra\u00e7as \u00e0 torre branca que mede 22 metros. O alcance da luz chega a 23 milhas n\u00e1uticas, com um clar\u00e3o a cada cinco segundos.[\/vc_column_text][\/vc_column_inner][vc_column_inner width=&#8221;1\/2&#8243; css=&#8221;.vc_custom_1646389351850{padding-bottom: 100% !important;background: #f8f5f0 url(https:\/\/www.formentera.es\/wp-content\/uploads\/2022\/03\/La-Mola1.jpg?id=16171) !important;background-position: center !important;background-repeat: no-repeat !important;background-size: cover !important;}&#8221;][\/vc_column_inner][\/vc_row_inner]<\/section><section id=\"section6\" class=\"vertical-scrolling\" style=\"background: #ffffff url();  background-repeat: no-repeat; -webkit-background-size: cover; -moz-background-size: cover; -o-background-size: cover; background-size: cover; background-position: center center; height: 100%; overflow: hidden; background-attachment: scroll;\">[vc_row_inner equal_height=&#8221;yes&#8221; el_id=&#8221;faro-lamola2&#8243;][vc_column_inner el_class=&#8221;bloquetexto&#8221; width=&#8221;1\/2&#8243;][vc_single_image image=&#8221;45617&#8243; img_size=&#8221;full&#8221; alignment=&#8221;right&#8221; css=&#8221;&#8221; el_class=&#8221;logofarosblue&#8221;][vc_column_text el_class=&#8221;titup&#8221;]Farol de Mola[\/vc_column_text][vc_custom_heading text=&#8221;De um antigo farol a um espa\u00e7o cultural \u00fanico&#8221; use_theme_fonts=&#8221;yes&#8221;][vc_column_text css=&#8221;&#8221;]Em 2019 foi realizado um projeto de adapta\u00e7\u00e3o e reabilita\u00e7\u00e3o de r\u00e9s-do-ch\u00e3o e da fachada. O principal objetivo da remodela\u00e7\u00e3o do farol foi concentrar no mesmo espa\u00e7o, um centro de interpreta\u00e7\u00e3o dos far\u00f3is de Formentera e uma exposi\u00e7\u00e3o permanente tendo como tema principal a rela\u00e7\u00e3o entre os formenterenses e o mar ao longo da hist\u00f3ria. Ali tamb\u00e9m encontraremos um espa\u00e7o polivalente perfeito para a realiza\u00e7\u00e3o de eventos culturais, como concertos ou representa\u00e7\u00f5es teatrais. A \u00e1rea exterior tamb\u00e9m foi reabilitada para acolher eventos culturais e educativos ao ar livre.<\/p>\n<p>O hor\u00e1rio de funcionamento no ver\u00e3o \u00e9 de ter\u00e7a a domingo, das 11h \u00e0s 14h, e \u00e0s quartas e domingos tamb\u00e9m das 17h \u00e0s 21h. Fechado \u00e0 segunda-feira. A partir de 20 de setembro, o hor\u00e1rio \u00e9 de ter\u00e7a a domingo, das 10h \u00e0s 14h. Segunda-feira e feriados: fechado[\/vc_column_text][vc_column_text el_class=&#8221;linkfaro&#8221;]<a href=\"https:\/\/www.formentera.es\/wp-content\/uploads\/2022\/03\/triptic_far.pdf\" target=\"_blank\" rel=\"noopener noreferrer\">Ver brochura<\/a>[\/vc_column_text][\/vc_column_inner][vc_column_inner width=&#8221;1\/2&#8243; css=&#8221;.vc_custom_1646389386623{padding-bottom: 100% !important;background: #f8f5f0 url(https:\/\/www.formentera.es\/wp-content\/uploads\/2022\/03\/La-Mola2.jpg?id=16178) !important;background-position: center !important;background-repeat: no-repeat !important;background-size: cover !important;}&#8221;][\/vc_column_inner][\/vc_row_inner]<\/section><section id=\"section7\" class=\"vertical-scrolling\" style=\"background: #ffffff url();  background-repeat: no-repeat; -webkit-background-size: cover; -moz-background-size: cover; -o-background-size: cover; background-size: cover; background-position: center center; height: 100%; overflow: hidden; background-attachment: scroll;\">[vc_row_inner equal_height=&#8221;yes&#8221; el_id=&#8221;faro-lamola3&#8243;][vc_column_inner el_class=&#8221;bloquetexto&#8221; width=&#8221;1\/2&#8243;][vc_single_image image=&#8221;45617&#8243; img_size=&#8221;full&#8221; alignment=&#8221;right&#8221; css=&#8221;&#8221; el_class=&#8221;logofarosblue&#8221;][vc_column_text el_class=&#8221;titup&#8221;]Farol de Mola<br \/>\n[\/vc_column_text][vc_custom_heading text=&#8221;J\u00falio Verne e seu amor pelo Farol de Mola&#8221; use_theme_fonts=&#8221;yes&#8221;][vc_column_text]J\u00falio Verne sentiu-se profundamente atra\u00eddo pela ilha de Formentera e especificamente pela sua forma, embora nunca a tenha visitado pessoalmente. Plana e com um declive que chegava \u00e0s fal\u00e9sias de Mola, que lhe parecia uma rampa de \u00ablan\u00e7amento de qualquer tipo de navio\u00bb. O pr\u00f3prio Verne falou do farol como \u00abum lugar a partir do qual se pode medir o mundo\u00bb.<\/p>\n<p>Uma placa comemorativa situada perto do farol lembra-nos que o escritor fez de Mola o local onde se passa a a\u00e7\u00e3o do seu romance <i>Hector Servadac<\/i> e que certamente tamb\u00e9m inspirou a sua obra <i>O farol do fim do mundo<\/i>.[\/vc_column_text][\/vc_column_inner][vc_column_inner width=&#8221;1\/2&#8243; css=&#8221;.vc_custom_1646389425057{padding-bottom: 100% !important;background: #f8f5f0 url(https:\/\/www.formentera.es\/wp-content\/uploads\/2022\/03\/La-Mola3.jpg?id=16185) !important;background-position: center !important;background-repeat: no-repeat !important;background-size: cover !important;}&#8221;][\/vc_column_inner][\/vc_row_inner]<\/section><section id=\"section8\" class=\"vertical-scrolling\" style=\"background: #ffffff url();  background-repeat: no-repeat; -webkit-background-size: cover; -moz-background-size: cover; -o-background-size: cover; background-size: cover; background-position: center center; height: 100%; overflow: hidden; background-attachment: scroll;\">[vc_row_inner equal_height=&#8221;yes&#8221; el_id=&#8221;faro4&#8243;][vc_column_inner el_class=&#8221;bloquetexto&#8221; width=&#8221;1\/2&#8243;][vc_single_image image=&#8221;45617&#8243; img_size=&#8221;full&#8221; alignment=&#8221;right&#8221; css=&#8221;&#8221; el_class=&#8221;logofarosblue&#8221;][vc_column_text el_class=&#8221;titup&#8221;]Farol de Es Cap de Barbaria<br \/>\n[\/vc_column_text][vc_custom_heading text=&#8221;Imagem ic\u00f3nica de Formentera&#8221; use_theme_fonts=&#8221;yes&#8221;][vc_column_text]Es Cap de Barbaria \u00e9 a eleva\u00e7\u00e3o rochosa mais meridional da ilha e de todas as Ilhas Baleares, uma vez que \u00e9 o ponto geogr\u00e1fico mais pr\u00f3ximo da costa africana. O <strong>Farol de Es Cap de Barbaria<\/strong> preside esta impressionante fal\u00e9sia vertical a 100 metros acima do n\u00edvel do mar. O farol foi inaugurado em 1971, embora o projeto remonte a 1924. Com pouco mais de 17 metros de altura, tem cerca de 3 metros de di\u00e2metro e tinha como fun\u00e7\u00e3o servir de sinaliza\u00e7\u00e3o mar\u00edtima.<\/p>\n<p>Para l\u00e1 chegar, os visitantes torneiam a pequena colina de Puig d&#8217;en Guillem e atravessam uma zona de bosque at\u00e9 chegarem a uma paisagem semilunar, quase sem vegeta\u00e7\u00e3o. E, ali, no final da estrada, surge o farol, cuja silhueta contrasta com o mar.[\/vc_column_text][vc_column_text el_class=&#8221;vergalescap linkfaro&#8221;]Ver galeria[\/vc_column_text][\/vc_column_inner][vc_column_inner width=&#8221;1\/2&#8243; css=&#8221;.vc_custom_1645446931160{padding-bottom: 100% !important;background-color: #f8f5f0 !important;}&#8221;][vc_single_image image=&#8221;16047&#8243; img_size=&#8221;full&#8221; el_class=&#8221;foto1&#8243;][vc_single_image image=&#8221;16033&#8243; img_size=&#8221;full&#8221; alignment=&#8221;right&#8221; el_class=&#8221;foto2&#8243;][vc_single_image image=&#8221;16107&#8243; img_size=&#8221;full&#8221; el_class=&#8221;foto3&#8243;][\/vc_column_inner][\/vc_row_inner]<\/section><section id=\"section9\" class=\"vertical-scrolling\" style=\"background: #ffffff url();  background-repeat: no-repeat; -webkit-background-size: cover; -moz-background-size: cover; -o-background-size: cover; background-size: cover; background-position: center center; height: 100%; overflow: hidden; background-attachment: scroll;\">[vc_row_inner equal_height=&#8221;yes&#8221; el_id=&#8221;faro-cap1&#8243;][vc_column_inner el_class=&#8221;bloquetexto&#8221; width=&#8221;1\/2&#8243;][vc_single_image image=&#8221;45617&#8243; img_size=&#8221;full&#8221; alignment=&#8221;right&#8221; css=&#8221;&#8221; el_class=&#8221;logofarosblue&#8221;][vc_column_text el_class=&#8221;titup&#8221;]Farol de Es Cap de Barbaria<br \/>\n[\/vc_column_text][vc_custom_heading text=&#8221;Os arredores&#8221; use_theme_fonts=&#8221;yes&#8221;][vc_column_text]A vegeta\u00e7\u00e3o desta zona \u00e9 \u00e1rida e escassa, capaz de resistir aos fortes ventos que sopram sobre a fal\u00e9sia. Nos arredores do farol encontramos mais dois locais recomendados para visitar: <strong>a Cova Foradada<\/strong>, uma gruta que conduz a um miradouro muito especial. Para aceder a esta gruta teremos de entrar por um buraco. Recomendamos visitar este local com especial cuidado.<\/p>\n<p>O outro ponto de interesse est\u00e1 localizado a cerca de 150 metros a oeste: a <strong>Torre de Garroveret<\/strong>. Uma das torres de defesa espalhadas ao longo da costa pitiusana que come\u00e7aram a ser constru\u00eddas no s\u00e9culo XVIII para vigiar poss\u00edveis apari\u00e7\u00f5es de barcos piratas sarracenos. Para alertar sobre o avistamento de algum desses barcos, os vigias ou sentinelas utilizavam um c\u00f3digo de sinais de fumo a partir das torres.<\/p>\n<p>Nas imedia\u00e7\u00f5es do farol encontramos tamb\u00e9m s\u00edtios megal\u00edticos de h\u00e1 3800 anos.[\/vc_column_text][\/vc_column_inner][vc_column_inner width=&#8221;1\/2&#8243; css=&#8221;.vc_custom_1646389473134{padding-bottom: 100% !important;background: #f8f5f0 url(https:\/\/www.formentera.es\/wp-content\/uploads\/2022\/03\/CapdeBarbaria4.jpg?id=16192) !important;background-position: center !important;background-repeat: no-repeat !important;background-size: cover !important;}&#8221;][\/vc_column_inner][\/vc_row_inner]<\/section><section id=\"section10\" class=\"vertical-scrolling\" style=\"background: #ffffff url();  background-repeat: no-repeat; -webkit-background-size: cover; -moz-background-size: cover; -o-background-size: cover; background-size: cover; background-position: center center; height: 100%; overflow: hidden; background-attachment: scroll;\">[vc_row_inner equal_height=&#8221;yes&#8221; el_id=&#8221;faro-cap2&#8243;][vc_column_inner el_class=&#8221;bloquetexto&#8221; width=&#8221;1\/2&#8243;][vc_single_image image=&#8221;45617&#8243; img_size=&#8221;full&#8221; alignment=&#8221;right&#8221; css=&#8221;&#8221; el_class=&#8221;logofarosblue&#8221;][vc_column_text el_class=&#8221;titup&#8221;]Farol de Es Cap de Barbaria[\/vc_column_text][vc_custom_heading text=&#8221;Um p\u00f4r-do-sol inesquec\u00edvel&#8221; use_theme_fonts=&#8221;yes&#8221;][vc_column_text]Desde este lugar m\u00e1gico podemos ver um dos melhores pores-do-sol do Mediterr\u00e2neo. A pureza do c\u00e9u e a brisa que chega diretamente do mar fazem com que a luz reflita na \u00e1gua e no c\u00e9u de uma forma muito especial. Em dias muito claros, e devido \u00e0 altura a que se encontra Es Cap de Barbaria (o Cabo de Berberia), \u00e9 poss\u00edvel distinguir algumas montanhas no horizonte, acima do mar: \u00e9 a Pen\u00ednsula Ib\u00e9rica, que fica a praticamente 100 quil\u00f3metros de dist\u00e2ncia.<\/p>\n<p>A imagem de uma paisagem quase des\u00e9rtica, de uma estrada estreita, do farol distante ao centro e do azul do mar ao fundo, todos estes elementos fazem parte do imagin\u00e1rio cinematogr\u00e1fico. O farol protagonista desta cena captada por Julio Medem no filme<i> L\u00facia e o Sexo <\/i>\u00e9 o de Es Cap de Barbaria, situado no extremo sudoeste da ilha.[\/vc_column_text][\/vc_column_inner][vc_column_inner width=&#8221;1\/2&#8243; css=&#8221;.vc_custom_1646390596492{padding-bottom: 100% !important;background: #f8f5f0 url(https:\/\/www.formentera.es\/wp-content\/uploads\/2022\/03\/capdebarbaria2.jpg?id=16291) !important;background-position: center !important;background-repeat: no-repeat !important;background-size: cover !important;}&#8221;][\/vc_column_inner][\/vc_row_inner]<\/section><section id=\"section11\" class=\"vertical-scrolling\" style=\"background: #ffffff url();  background-repeat: no-repeat; -webkit-background-size: cover; -moz-background-size: cover; -o-background-size: cover; background-size: cover; background-position: center center; height: 100%; overflow: hidden; background-attachment: scroll;\">[vc_row_inner equal_height=&#8221;yes&#8221; el_id=&#8221;faro-cap3&#8243;][vc_column_inner el_class=&#8221;bloquetexto&#8221; width=&#8221;1\/2&#8243;][vc_single_image image=&#8221;45617&#8243; img_size=&#8221;full&#8221; alignment=&#8221;right&#8221; css=&#8221;&#8221; el_class=&#8221;logofarosblue&#8221;][vc_column_text el_class=&#8221;titup&#8221;]Farol de Es Cap de Barbaria[\/vc_column_text][vc_custom_heading text=&#8221;Zona de acesso autom\u00f3vel limitado&#8221; use_theme_fonts=&#8221;yes&#8221;][vc_column_text]O Farol de Es Cap de Barbaria n\u00e3o est\u00e1 aberto ao p\u00fablico, mas \u00e9 poss\u00edvel aceder \u00e0s suas imedia\u00e7\u00f5es. Devido aos aglomerados que se geram nesta pequena estrada que leva ao farol, o acesso de ve\u00edculos motorizados \u00e9 limitado durante o ver\u00e3o. De 15 de maio a 15 de outubro, a estrada permanece fechada a partir do estacionamento localizado no km 6,5. Isso significa que carros e motos n\u00e3o poder\u00e3o circular nos 2,5 km que faltam at\u00e9 chegar ao farol.<\/p>\n<p>O hor\u00e1rio destas restri\u00e7\u00f5es \u00e9 das 11h \u00e0s 13h e das 18h \u00e0s 22h. Durante esses per\u00edodos, poder\u00e1 aceder a p\u00e9, de bicicleta ou em ve\u00edculo com pessoas de mobilidade reduzida. Desta forma poder\u00e1 desfrutar de um caminho rodeado de natureza que n\u00e3o demora mais de 15 minutos a percorrer.[\/vc_column_text][\/vc_column_inner][vc_column_inner width=&#8221;1\/2&#8243; css=&#8221;.vc_custom_1646390615849{padding-bottom: 100% !important;background: #f8f5f0 url(https:\/\/www.formentera.es\/wp-content\/uploads\/2022\/03\/shutterstock_2016384755.jpg?id=16298) !important;background-position: center !important;background-repeat: no-repeat !important;background-size: cover !important;}&#8221;][\/vc_column_inner][\/vc_row_inner]<\/section><\/div>[\/vc_column][\/vc_row]<\/p>\n<\/div>","protected":false},"excerpt":{"rendered":"<p>[vc_row el_id=&#8221;paginafaros&#8221;][vc_column][\/vc_column][\/vc_row]<\/p>\n","protected":false},"author":1,"featured_media":0,"parent":0,"menu_order":0,"comment_status":"closed","ping_status":"closed","template":"","meta":{"_acf_changed":false,"footnotes":""},"categories":[],"class_list":["post-31850","page","type-page","status-publish","hentry"],"acf":[],"yoast_head":"<!-- This site is optimized with the Yoast SEO plugin v25.5 - https:\/\/yoast.com\/wordpress\/plugins\/seo\/ -->\n<title>Rota dos Far\u00f3is de Formentera | Turismo de Formentera<\/title>\n<meta name=\"robots\" content=\"index, follow, max-snippet:-1, max-image-preview:large, max-video-preview:-1\" \/>\n<link rel=\"canonical\" href=\"https:\/\/www.formentera.es\/pt\/rota-dos-farois\/\" \/>\n<meta property=\"og:locale\" content=\"pt_PT\" \/>\n<meta property=\"og:type\" content=\"article\" \/>\n<meta property=\"og:title\" content=\"Rota dos Far\u00f3is de Formentera | Turismo de Formentera\" \/>\n<meta property=\"og:description\" content=\"[vc_row el_id=&#8221;paginafaros&#8221;][vc_column][\/vc_column][\/vc_row]\" \/>\n<meta property=\"og:url\" content=\"https:\/\/www.formentera.es\/pt\/rota-dos-farois\/\" \/>\n<meta property=\"og:site_name\" content=\"Turismo de Formentera\" \/>\n<meta property=\"article:publisher\" content=\"https:\/\/www.facebook.com\/turismoformentera\/\" \/>\n<meta property=\"article:modified_time\" content=\"2025-09-26T11:27:30+00:00\" \/>\n<meta name=\"twitter:card\" content=\"summary_large_image\" \/>\n<meta name=\"twitter:site\" content=\"@visitformentera\" \/>\n<meta name=\"twitter:label1\" content=\"Tempo estimado de leitura\" \/>\n\t<meta name=\"twitter:data1\" content=\"9 minutos\" \/>\n<script type=\"application\/ld+json\" class=\"yoast-schema-graph\">{\"@context\":\"https:\/\/schema.org\",\"@graph\":[{\"@type\":\"WebPage\",\"@id\":\"https:\/\/www.formentera.es\/pt\/rota-dos-farois\/\",\"url\":\"https:\/\/www.formentera.es\/pt\/rota-dos-farois\/\",\"name\":\"Rota dos Far\u00f3is de Formentera | Turismo de Formentera\",\"isPartOf\":{\"@id\":\"https:\/\/www.formentera.es\/#website\"},\"datePublished\":\"2022-02-15T12:04:15+00:00\",\"dateModified\":\"2025-09-26T11:27:30+00:00\",\"breadcrumb\":{\"@id\":\"https:\/\/www.formentera.es\/pt\/rota-dos-farois\/#breadcrumb\"},\"inLanguage\":\"pt-PT\",\"potentialAction\":[{\"@type\":\"ReadAction\",\"target\":[\"https:\/\/www.formentera.es\/pt\/rota-dos-farois\/\"]}]},{\"@type\":\"BreadcrumbList\",\"@id\":\"https:\/\/www.formentera.es\/pt\/rota-dos-farois\/#breadcrumb\",\"itemListElement\":[{\"@type\":\"ListItem\",\"position\":1,\"name\":\"Portada\",\"item\":\"https:\/\/www.formentera.es\/pt\/\"},{\"@type\":\"ListItem\",\"position\":2,\"name\":\"Rota dos Far\u00f3is de Formentera\"}]},{\"@type\":\"WebSite\",\"@id\":\"https:\/\/www.formentera.es\/#website\",\"url\":\"https:\/\/www.formentera.es\/\",\"name\":\"Turismo de Formentera\",\"description\":\"Web oficial de Turismo de Formentera\",\"potentialAction\":[{\"@type\":\"SearchAction\",\"target\":{\"@type\":\"EntryPoint\",\"urlTemplate\":\"https:\/\/www.formentera.es\/?s={search_term_string}\"},\"query-input\":{\"@type\":\"PropertyValueSpecification\",\"valueRequired\":true,\"valueName\":\"search_term_string\"}}],\"inLanguage\":\"pt-PT\"}]}<\/script>\n<!-- \/ Yoast SEO plugin. -->","yoast_head_json":{"title":"Rota dos Far\u00f3is de Formentera | Turismo de Formentera","robots":{"index":"index","follow":"follow","max-snippet":"max-snippet:-1","max-image-preview":"max-image-preview:large","max-video-preview":"max-video-preview:-1"},"canonical":"https:\/\/www.formentera.es\/pt\/rota-dos-farois\/","og_locale":"pt_PT","og_type":"article","og_title":"Rota dos Far\u00f3is de Formentera | Turismo de Formentera","og_description":"[vc_row el_id=&#8221;paginafaros&#8221;][vc_column][\/vc_column][\/vc_row]","og_url":"https:\/\/www.formentera.es\/pt\/rota-dos-farois\/","og_site_name":"Turismo de Formentera","article_publisher":"https:\/\/www.facebook.com\/turismoformentera\/","article_modified_time":"2025-09-26T11:27:30+00:00","twitter_card":"summary_large_image","twitter_site":"@visitformentera","twitter_misc":{"Tempo estimado de leitura":"9 minutos"},"schema":{"@context":"https:\/\/schema.org","@graph":[{"@type":"WebPage","@id":"https:\/\/www.formentera.es\/pt\/rota-dos-farois\/","url":"https:\/\/www.formentera.es\/pt\/rota-dos-farois\/","name":"Rota dos Far\u00f3is de Formentera | Turismo de Formentera","isPartOf":{"@id":"https:\/\/www.formentera.es\/#website"},"datePublished":"2022-02-15T12:04:15+00:00","dateModified":"2025-09-26T11:27:30+00:00","breadcrumb":{"@id":"https:\/\/www.formentera.es\/pt\/rota-dos-farois\/#breadcrumb"},"inLanguage":"pt-PT","potentialAction":[{"@type":"ReadAction","target":["https:\/\/www.formentera.es\/pt\/rota-dos-farois\/"]}]},{"@type":"BreadcrumbList","@id":"https:\/\/www.formentera.es\/pt\/rota-dos-farois\/#breadcrumb","itemListElement":[{"@type":"ListItem","position":1,"name":"Portada","item":"https:\/\/www.formentera.es\/pt\/"},{"@type":"ListItem","position":2,"name":"Rota dos Far\u00f3is de Formentera"}]},{"@type":"WebSite","@id":"https:\/\/www.formentera.es\/#website","url":"https:\/\/www.formentera.es\/","name":"Turismo de Formentera","description":"Web oficial de Turismo de Formentera","potentialAction":[{"@type":"SearchAction","target":{"@type":"EntryPoint","urlTemplate":"https:\/\/www.formentera.es\/?s={search_term_string}"},"query-input":{"@type":"PropertyValueSpecification","valueRequired":true,"valueName":"search_term_string"}}],"inLanguage":"pt-PT"}]}},"_links":{"self":[{"href":"https:\/\/www.formentera.es\/pt\/wp-json\/wp\/v2\/pages\/31850","targetHints":{"allow":["GET"]}}],"collection":[{"href":"https:\/\/www.formentera.es\/pt\/wp-json\/wp\/v2\/pages"}],"about":[{"href":"https:\/\/www.formentera.es\/pt\/wp-json\/wp\/v2\/types\/page"}],"author":[{"embeddable":true,"href":"https:\/\/www.formentera.es\/pt\/wp-json\/wp\/v2\/users\/1"}],"replies":[{"embeddable":true,"href":"https:\/\/www.formentera.es\/pt\/wp-json\/wp\/v2\/comments?post=31850"}],"version-history":[{"count":4,"href":"https:\/\/www.formentera.es\/pt\/wp-json\/wp\/v2\/pages\/31850\/revisions"}],"predecessor-version":[{"id":45802,"href":"https:\/\/www.formentera.es\/pt\/wp-json\/wp\/v2\/pages\/31850\/revisions\/45802"}],"wp:attachment":[{"href":"https:\/\/www.formentera.es\/pt\/wp-json\/wp\/v2\/media?parent=31850"}],"wp:term":[{"taxonomy":"category","embeddable":true,"href":"https:\/\/www.formentera.es\/pt\/wp-json\/wp\/v2\/categories?post=31850"}],"curies":[{"name":"wp","href":"https:\/\/api.w.org\/{rel}","templated":true}]}}