{"id":31752,"date":"2020-04-15T16:57:39","date_gmt":"2020-04-15T14:57:39","guid":{"rendered":"https:\/\/www.formentera.es\/explorar\/atividades\/rotas-verdes\/sant-ferran-cala-en-baster-platja-de-migjorn\/"},"modified":"2024-08-20T10:39:51","modified_gmt":"2024-08-20T08:39:51","slug":"sant-ferran-cala-en-baster-platja-de-migjorn","status":"publish","type":"page","link":"https:\/\/www.formentera.es\/pt\/explorar\/atividades\/rotas-verdes\/sant-ferran-cala-en-baster-platja-de-migjorn\/","title":{"rendered":"Sant Ferran  &#8211;  Cala En Baster  &#8211;  Platja De Migjorn"},"content":{"rendered":"<div class=\"wpb-content-wrapper\"><p>[vc_row][vc_column width=&#8221;8\/12&#8243;][vc_column_text]Quem conhece um pouco Formentera pode certificar que um dos lugares mais especiais e incompar\u00e1veis \u200b\u200bda ilha \u00e9 Cala en Baster. \u00c9 um ref\u00fagio de pescadores rodeado por altos muros de calc\u00e1rio onde se destacam os tradicionais embarcadouros escavados como grutas no mar. Para aceder a ela facilmente, sairemos da localidade de Sant Ferran de Ses Roques, onde poderemos visitar previamente a sua igreja, a pra\u00e7a e a lend\u00e1ria Fonda Pepe, centro nevr\u00e1lgico da cena hippie dos anos setenta. De <a href=\"https:\/\/www.formentera.es\/pt\/explorar\/aldeias\/sant-ferran\/\">Sant Ferran<\/a> De Sant Ferran iremos em dire\u00e7\u00e3o \u00e0 costa de Tramuntana, que ocupa a parte centro-norte da ilha e \u00e9 composta principalmente por rochas baixas. Cala en Baster est\u00e1 situada no final do caminho, ficaremos surpreendidos com a sua altura imponente, a transpar\u00eancia das suas \u00e1guas e as figuras aleat\u00f3rias que o vento molda nas rochas do mar, onde se escondem os tradicionais embarcadouros, desta vez parecendo grutas. A nossa rota continuar\u00e1 em dire\u00e7\u00e3o ao sul por caminhos do interior de car\u00e1cter marcadamente agr\u00edcola, onde apreciaremos elementos t\u00edpicos da paisagem de Formentera, tais como figueiras escoradas por \u00abestalons\u00bb, pequenos rebanhos e hortas familiares divididas pelos caracter\u00edsticos muros de pedra. No final do nosso destino espera-nos <a href=\"https:\/\/www.formentera.es\/pt\/explorar\/praias\/migjorn\/\">Migjorn<\/a>, a maior praia de Formentera com uma extens\u00e3o de 5 km que, em forma de meia-lua, cobre todo o sul da ilha.[\/vc_column_text][\/vc_column][vc_column width=&#8221;4\/12&#8243;][vc_column_text]<div id=\"back_blue\"><h3>Baixar a rota<\/h3><div><img decoding=\"async\" src=\"https:\/\/www.formentera.es\/wp-content\/themes\/Formentera\/img\/mapas-de-google-w.svg\"><a href=\"https:\/\/www.google.com\/maps\/d\/u\/0\/embed?mid=1nUTlBl4cQ5v3qeAgxFMXZtoheBosGcT5\" target=\"_blank\">Ver a rota no Google Maps<\/a><\/div><div><img decoding=\"async\" src=\"https:\/\/www.formentera.es\/wp-content\/themes\/Formentera\/img\/maps-and-location-w.svg\" class=\"pl_5\"><a href=\"https:\/\/www.formentera.es\/wp-content\/uploads\/2020\/04\/21.-Sant-Ferran-Cala-En-Baster-Platja-De-Migjorn.gpx.zip\" target=\"_blank\">Descarregue a rota para GPS<\/a><\/div><div><img decoding=\"async\" src=\"https:\/\/www.formentera.es\/wp-content\/themes\/Formentera\/img\/pin-w.svg\"><a href=\"https:\/\/es.wikiloc.com\/rutas-senderismo\/ruta-21-sant-ferran-cala-en-baster-platja-de-migjorn-48413118\" target=\"_blank\">Veja a rota no Wikiloc<\/a><\/div><div><img decoding=\"async\" src=\"https:\/\/www.formentera.es\/wp-content\/themes\/Formentera\/img\/descarga-w.svg\"><a href=\"Array\" target=\"_blank\">Baixar ficheiro<\/a><\/div><\/div><div id=\"como_llegar\"><a href=\"https:\/\/www.google.com\/maps?saddr=My+Location&daddr=38.70695,1.46021\" target=\"_blank\">Como chegar ao ponto de partida?<\/a><img decoding=\"async\" src=\"https:\/\/www.formentera.es\/wp-content\/themes\/Formentera\/img\/start.svg\"><\/div>[\/vc_column_text][\/vc_column][\/vc_row][vc_row][vc_column][vc_gmaps link=&#8221;#E-8_JTNDaWZyYW1lJTIwc3JjJTNEJTIyaHR0cHMlM0ElMkYlMkZ3d3cuZ29vZ2xlLmNvbSUyRm1hcHMlMkZkJTJGdSUyRjAlMkZlbWJlZCUzRm1pZCUzRDFuVVRsQmw0Y1E1djNxZUFneEZNWFp0b2hlQm9zR2NUNSUyMiUyMCUyMHdpZHRoJTNEJTIyNjAwJTIyJTIwaGVpZ2h0JTNEJTIyNDUwJTIyJTIwZnJhbWVib3JkZXIlM0QlMjIwJTIyJTIwc3R5bGUlM0QlMjJib3JkZXIlM0EwJTIyJTIwYWxsb3dmdWxsc2NyZWVuJTNFJTNDJTJGaWZyYW1lJTNFJTBBJTBB&#8221; size=&#8221;&#8221;][\/vc_column][\/vc_row][vc_row full_width=&#8221;stretch_row_content_no_spaces&#8221;][vc_column][vc_column_text]<style>#jtg-11113 .modula-item .jtg-social a, .lightbox-socials.jtg-social a{ fill: #ffffff; color: #ffffff }#jtg-11113 .modula-item .jtg-social-mobile a{ fill: #ffffff; color: #ffffff }#jtg-11113 .modula-item .jtg-social svg, .lightbox-socials.jtg-social svg { height: 16px; width: 16px }#jtg-11113 .modula-item .jtg-social-mobile svg { height: 16px; width: 16px }#jtg-11113 .modula-item .jtg-social a:not(:last-child), .lightbox-socials.jtg-social a:not(:last-child) { margin-right: 10px }#jtg-11113 .modula-item .jtg-social-mobile .jtg-social-mobile-icons a:not(:last-child){ margin-right: 10px }#jtg-11113 .modula-item .figc {color:#ffffff;}#jtg-11113 .modula-item .modula-item-content { transform: scale(1) }#jtg-11113 .modula-items .figc p.description { font-size:14px; }#jtg-11113 .modula-items .figc p.description { color:#ffffff;}#jtg-11113.modula-gallery .modula-item > a, #jtg-11113.modula-gallery .modula-item, #jtg-11113.modula-gallery .modula-item-content > a:not(.modula-no-follow) { cursor:zoom-in; } #jtg-11113.modula-gallery .modula-item-content .modula-no-follow { cursor: default; } #jtg-11113 .modula-item { background-color:#ffffff; }#jtg-11113 .modula-item:hover img { opacity: 0.5; }#jtg-11113 .modula-item { transform: scale(1) translate(0px,0px) rotate(0deg); }@media screen and (max-width:480px){#jtg-11113 .modula-item .figc .jtg-title {  font-size: 12px; }#jtg-11113 .modula-items .figc p.description { color:#ffffff;font-size:10px; }}#jtg-11113 .modula-items .modula-item:hover img{opacity:1;}<\/style>\n<div  id=\"jtg-11113\" class=\"modula modula-gallery modula-custom-grid\" data-config=\"{&quot;height&quot;:800,&quot;tabletHeight&quot;:800,&quot;mobileHeight&quot;:800,&quot;desktopHeight&quot;:800,&quot;enableTwitter&quot;:true,&quot;enableWhatsapp&quot;:false,&quot;enableFacebook&quot;:true,&quot;enablePinterest&quot;:true,&quot;enableLinkedin&quot;:true,&quot;enableEmail&quot;:false,&quot;randomFactor&quot;:0.5,&quot;type&quot;:&quot;custom-grid&quot;,&quot;columns&quot;:12,&quot;gutter&quot;:10,&quot;mobileGutter&quot;:10,&quot;tabletGutter&quot;:10,&quot;desktopGutter&quot;:10,&quot;enableResponsive&quot;:&quot;0&quot;,&quot;tabletColumns&quot;:2,&quot;mobileColumns&quot;:1,&quot;lazyLoad&quot;:&quot;0&quot;,&quot;lightboxOpts&quot;:{&quot;animated&quot;:true,&quot;Thumbs&quot;:{&quot;type&quot;:&quot;modern&quot;,&quot;showOnStart&quot;:false},&quot;Toolbar&quot;:{&quot;display&quot;:{&quot;right&quot;:[&quot;close&quot;]},&quot;enabled&quot;:true},&quot;Carousel&quot;:{&quot;Panzoom&quot;:{&quot;touch&quot;:false},&quot;infinite&quot;:false},&quot;keyboard&quot;:{&quot;Escape&quot;:&quot;close&quot;,&quot;Delete&quot;:&quot;close&quot;,&quot;Backspace&quot;:&quot;close&quot;,&quot;PageUp&quot;:false,&quot;PageDown&quot;:false,&quot;ArrowUp&quot;:false,&quot;ArrowDown&quot;:false,&quot;ArrowRight&quot;:false,&quot;ArrowLeft&quot;:false},&quot;touch&quot;:false,&quot;backdropClick&quot;:false,&quot;l10n&quot;:{&quot;CLOSE&quot;:&quot;Close&quot;,&quot;NEXT&quot;:&quot;Next&quot;,&quot;PREV&quot;:&quot;Previous&quot;,&quot;Error&quot;:&quot;The requested content cannot be loaded. Please try again later.&quot;,&quot;PLAY_START&quot;:&quot;Start slideshow&quot;,&quot;PLAY_STOP&quot;:&quot;Pause slideshow&quot;,&quot;FULL_SCREEN&quot;:&quot;Full screen&quot;,&quot;THUMBS&quot;:&quot;Thumbnails&quot;,&quot;DOWNLOAD&quot;:&quot;Download&quot;,&quot;SHARE&quot;:&quot;Share&quot;,&quot;ZOOM&quot;:&quot;Zoom&quot;,&quot;EMAIL&quot;:&quot;Here is the link to the image : %%image_link%% and this is the link to the gallery : %%gallery_link%%&quot;,&quot;MODAL&quot;:&quot;You can close this modal content with the ESC key&quot;,&quot;ERROR&quot;:&quot;Something Went Wrong, Please Try Again Later&quot;,&quot;IMAGE_ERROR&quot;:&quot;Image Not Found&quot;,&quot;ELEMENT_NOT_FOUND&quot;:&quot;HTML Element Not Found&quot;,&quot;AJAX_NOT_FOUND&quot;:&quot;Error Loading AJAX : Not Found&quot;,&quot;AJAX_FORBIDDEN&quot;:&quot;Error Loading AJAX : Forbidden&quot;,&quot;IFRAME_ERROR&quot;:&quot;Error Loading Page&quot;,&quot;TOGGLE_ZOOM&quot;:&quot;Toggle zoom level&quot;,&quot;TOGGLE_THUMBS&quot;:&quot;Toggle thumbnails&quot;,&quot;TOGGLE_SLIDESHOW&quot;:&quot;Toggle slideshow&quot;,&quot;TOGGLE_FULLSCREEN&quot;:&quot;Toggle full-screen mode&quot;},&quot;Images&quot;:{&quot;Panzoom&quot;:{&quot;maxScale&quot;:2}},&quot;mainClass&quot;:&quot;modula-fancybox-container modula-lightbox-jtg-11113&quot;,&quot;Html&quot;:{&quot;videoAutoplay&quot;:0,&quot;videoTpl&quot;:&quot;&lt;video class=\\&quot;fancybox__html5video\\&quot; controls muted playsinline controlsList controlsList=\\&quot;nodownload\\&quot; poster=\\&quot;{{poster}}\\&quot; src=\\&quot;{{src}}\\&quot; type=\\&quot;{{format}}\\&quot; &gt;  Sorry, your browser doesn&#039;t support embedded videos, &lt;a href=\\&quot;{{src}}\\&quot;&gt; download &lt;\\\/a&gt; and watch with your favorite video player! &lt;\\\/video&gt;&quot;}},&quot;inView&quot;:false,&quot;email_subject&quot;:&quot;\\u00a1\\u00a1Mira esta impresionante imagen!!&quot;,&quot;email_message&quot;:&quot;Este es el enlace a la imagen: %%image_link%% y este es el enlace a la galer\\u00eda: %%gallery_link%%&quot;,&quot;lightbox&quot;:&quot;fancybox&quot;,&quot;filterClick&quot;:&quot;0&quot;,&quot;defaultActiveFilter&quot;:&quot;all&quot;}\">\n\n\t\n\t<div  class=\"modula-items\">\n\t\t<div class=\"modula-item jtg-filter-all jtg-filter-\" data-width=\"6\" data-height=\"5\" >\n\t<div class=\"modula-item-content\">\n\t\t\n\t\t\t\t\t<a data-image-id=\"11114\" tabindex=\"0\" href=\"https:\/\/www.formentera.es\/wp-content\/uploads\/2020\/04\/cala_baster.jpg\" rel=\"jtg-11113\" data-caption=\"\" aria-label=\"Open image in lightbox\" role=\"button\" data-cyclefilter=\"show\" data-fancybox=\"jtg-11113\" class=\"tile-inner modula-item-link\"><\/a>\n\t\t\n\t\t<img loading=\"lazy\" decoding=\"async\" class=\"pic wp-image-11114\"  data-valign=\"middle\" data-halign=\"center\" alt=\"\" data-full=\"https:\/\/www.formentera.es\/wp-content\/uploads\/2020\/04\/cala_baster.jpg\" title=\"CALA EN BASTER\" width=\"1600\" height=\"1067\" src=\"https:\/\/www.formentera.es\/wp-content\/uploads\/2020\/04\/cala_baster.jpg\" data-src=\"https:\/\/www.formentera.es\/wp-content\/uploads\/2020\/04\/cala_baster.jpg\" data-caption=\"CALA EN BASTER\" srcset=\"https:\/\/www.formentera.es\/wp-content\/uploads\/2020\/04\/cala_baster.jpg 1600w, https:\/\/www.formentera.es\/wp-content\/uploads\/2020\/04\/cala_baster-300x200.jpg 300w, https:\/\/www.formentera.es\/wp-content\/uploads\/2020\/04\/cala_baster-768x512.jpg 768w, https:\/\/www.formentera.es\/wp-content\/uploads\/2020\/04\/cala_baster-1024x683.jpg 1024w\" sizes=\"auto, (max-width: 1600px) 100vw, 1600px\" \/>\n\t<\/div>\n\n<\/div><div class=\"modula-item jtg-filter-all jtg-filter-\" data-width=\"6\" data-height=\"5\" >\n\t<div class=\"modula-item-content\">\n\t\t\n\t\t\t\t\t<a data-image-id=\"11128\" tabindex=\"0\" href=\"https:\/\/www.formentera.es\/wp-content\/uploads\/2020\/04\/shutterstock_1604448322.jpg\" rel=\"jtg-11113\" data-caption=\"\" aria-label=\"Open image in lightbox\" role=\"button\" data-cyclefilter=\"show\" data-fancybox=\"jtg-11113\" class=\"tile-inner modula-item-link\"><\/a>\n\t\t\n\t\t<img loading=\"lazy\" decoding=\"async\" class=\"pic wp-image-11128\"  data-valign=\"middle\" data-halign=\"center\" alt=\"\" data-full=\"https:\/\/www.formentera.es\/wp-content\/uploads\/2020\/04\/shutterstock_1604448322.jpg\" title=\"shutterstock_1604448322\" width=\"1600\" height=\"1067\" src=\"https:\/\/www.formentera.es\/wp-content\/uploads\/2020\/04\/shutterstock_1604448322.jpg\" data-src=\"https:\/\/www.formentera.es\/wp-content\/uploads\/2020\/04\/shutterstock_1604448322.jpg\" data-caption=\"\" srcset=\"https:\/\/www.formentera.es\/wp-content\/uploads\/2020\/04\/shutterstock_1604448322.jpg 1600w, https:\/\/www.formentera.es\/wp-content\/uploads\/2020\/04\/shutterstock_1604448322-300x200.jpg 300w, https:\/\/www.formentera.es\/wp-content\/uploads\/2020\/04\/shutterstock_1604448322-768x512.jpg 768w, https:\/\/www.formentera.es\/wp-content\/uploads\/2020\/04\/shutterstock_1604448322-1024x683.jpg 1024w\" sizes=\"auto, (max-width: 1600px) 100vw, 1600px\" \/>\n\t<\/div>\n\n<\/div><div class=\"modula-item jtg-filter-all jtg-filter-\" data-width=\"12\" data-height=\"6\" >\n\t<div class=\"modula-item-content\">\n\t\t\n\t\t\t\t\t<a data-image-id=\"11121\" tabindex=\"0\" href=\"https:\/\/www.formentera.es\/wp-content\/uploads\/2020\/04\/shutterstock_472735891.jpg\" rel=\"jtg-11113\" data-caption=\"\" aria-label=\"Open image in lightbox\" role=\"button\" data-cyclefilter=\"show\" data-fancybox=\"jtg-11113\" class=\"tile-inner modula-item-link\"><\/a>\n\t\t\n\t\t<img loading=\"lazy\" decoding=\"async\" class=\"pic wp-image-11121\"  data-valign=\"middle\" data-halign=\"center\" alt=\"\" data-full=\"https:\/\/www.formentera.es\/wp-content\/uploads\/2020\/04\/shutterstock_472735891.jpg\" title=\"shutterstock_472735891\" width=\"1600\" height=\"1043\" src=\"https:\/\/www.formentera.es\/wp-content\/uploads\/2020\/04\/shutterstock_472735891.jpg\" data-src=\"https:\/\/www.formentera.es\/wp-content\/uploads\/2020\/04\/shutterstock_472735891.jpg\" data-caption=\"\" srcset=\"https:\/\/www.formentera.es\/wp-content\/uploads\/2020\/04\/shutterstock_472735891.jpg 1600w, https:\/\/www.formentera.es\/wp-content\/uploads\/2020\/04\/shutterstock_472735891-300x196.jpg 300w, https:\/\/www.formentera.es\/wp-content\/uploads\/2020\/04\/shutterstock_472735891-768x501.jpg 768w, https:\/\/www.formentera.es\/wp-content\/uploads\/2020\/04\/shutterstock_472735891-1024x668.jpg 1024w\" sizes=\"auto, (max-width: 1600px) 100vw, 1600px\" \/>\n\t<\/div>\n\n<\/div>\t\t\n\t<\/div>\n\n\t\n\t\n\t<script type=\"application\/ld+json\">\n\t{\n\t\t\"@context\": \"http:\/\/schema.org\",\n\t\t\"@type\"   : \"ImageGallery\",\n\t\t\"id\"      : \"https:\/\/www.formentera.es\/pt\/explorar\/atividades\/rotas-verdes\/sant-ferran-cala-en-baster-platja-de-migjorn\/\",\n\t\t\"url\"     : \"https:\/\/www.formentera.es\/pt\/explorar\/atividades\/rotas-verdes\/sant-ferran-cala-en-baster-platja-de-migjorn\/\"\n\t}\n\n\t<\/script>\n\n\t\n<\/div>\n[\/vc_column_text][\/vc_column][\/vc_row][vc_row][vc_column][vc_column_text]<div id=\"mas_rutas\" class=\"container sc\"><h2>Outras rotas em Formentera<\/h2><div class=\"row\"><div class=\"col-md-6 col-lg-4\">\n\t\t\t\t\t\t\t<a href=\"https:\/\/www.formentera.es\/pt\/explorar\/atividades\/rotas-verdes\/es-pujols-es-ca-mari\/\" class=\"img_ruta\"  style=\"background-image: url(https:\/\/www.formentera.es\/wp-content\/uploads\/2020\/04\/IMG_7569_migjorn-300x200.jpg)\"><\/a>\n\t\t\t\t\t\t\t\n\t\t\t\t\t\t\t<div class=\"col-sm-12\">\n\t\t\t\t\t\t\t\t<a href=\"https:\/\/www.formentera.es\/pt\/explorar\/atividades\/rotas-verdes\/es-pujols-es-ca-mari\/\">Es Pujols  &#8211;  Es Ca Mar\u00ed<\/a><div><img decoding=\"async\" src=\"https:\/\/www.formentera.es\/wp-content\/themes\/Formentera\/img\/bicib.png\">35 min.<\/div><div><img decoding=\"async\" src=\"https:\/\/www.formentera.es\/wp-content\/themes\/Formentera\/img\/caminarb.png\">90 min.<\/div><\/div>\n\t\t\t\t\t\t<\/div><div class=\"col-md-6 col-lg-4\">\n\t\t\t\t\t\t\t<a href=\"https:\/\/www.formentera.es\/pt\/explorar\/atividades\/rotas-verdes\/sant-ferran-de-ses-roques-es-ca-mari\/\" class=\"img_ruta\"  style=\"background-image: url(https:\/\/www.formentera.es\/wp-content\/uploads\/2020\/04\/shutterstock_1662241711-300x200.jpg)\"><\/a>\n\t\t\t\t\t\t\t\n\t\t\t\t\t\t\t<div class=\"col-sm-12\">\n\t\t\t\t\t\t\t\t<a href=\"https:\/\/www.formentera.es\/pt\/explorar\/atividades\/rotas-verdes\/sant-ferran-de-ses-roques-es-ca-mari\/\">Sant Ferran De Ses Roques  &#8211;  Es Ca Mar\u00ed<\/a><div><img decoding=\"async\" src=\"https:\/\/www.formentera.es\/wp-content\/themes\/Formentera\/img\/bicib.png\">17 min.<\/div><div><img decoding=\"async\" src=\"https:\/\/www.formentera.es\/wp-content\/themes\/Formentera\/img\/caminarb.png\">35 min.<\/div><\/div>\n\t\t\t\t\t\t<\/div><div class=\"col-md-6 col-lg-4\">\n\t\t\t\t\t\t\t<a href=\"https:\/\/www.formentera.es\/pt\/explorar\/atividades\/rotas-verdes\/can-marroig-punta-de-la-gavina\/\" class=\"img_ruta\"  style=\"background-image: url(https:\/\/www.formentera.es\/wp-content\/uploads\/2018\/11\/pano_02_Can-Marroig_Moonkoala-300x160.jpg)\"><\/a>\n\t\t\t\t\t\t\t\n\t\t\t\t\t\t\t<div class=\"col-sm-12\">\n\t\t\t\t\t\t\t\t<a href=\"https:\/\/www.formentera.es\/pt\/explorar\/atividades\/rotas-verdes\/can-marroig-punta-de-la-gavina\/\">Can Marroig  &#8211;  Punta De La Gavina<\/a><div><img decoding=\"async\" src=\"https:\/\/www.formentera.es\/wp-content\/themes\/Formentera\/img\/bicib.png\">10 min.<\/div><div><img decoding=\"async\" src=\"https:\/\/www.formentera.es\/wp-content\/themes\/Formentera\/img\/caminarb.png\">30 min.<\/div><\/div>\n\t\t\t\t\t\t<\/div><\/div><a class=\"text-center\" href=\"\">Ver todas as rotas<\/a><\/div>[\/vc_column_text][\/vc_column][\/vc_row]<\/p>\n<\/div>","protected":false},"excerpt":{"rendered":"<p>[vc_row][vc_column width=&#8221;8\/12&#8243;][vc_column_text]Quem conhece um pouco Formentera pode certificar que um dos lugares mais especiais e [&hellip;]<\/p>\n","protected":false},"author":1,"featured_media":31754,"parent":31625,"menu_order":0,"comment_status":"closed","ping_status":"closed","template":"page-ruta.php","meta":{"_acf_changed":false,"footnotes":""},"categories":[],"class_list":["post-31752","page","type-page","status-publish","hentry"],"acf":[],"yoast_head":"<!-- This site is optimized with the Yoast SEO plugin v25.5 - https:\/\/yoast.com\/wordpress\/plugins\/seo\/ -->\n<title>Sant Ferran - Cala En Baster - Platja De Migjorn | Turismo de Formentera<\/title>\n<meta name=\"robots\" content=\"index, follow, max-snippet:-1, max-image-preview:large, max-video-preview:-1\" \/>\n<link rel=\"canonical\" href=\"https:\/\/www.formentera.es\/pt\/explorar\/atividades\/rotas-verdes\/sant-ferran-cala-en-baster-platja-de-migjorn\/\" \/>\n<meta property=\"og:locale\" content=\"pt_PT\" \/>\n<meta property=\"og:type\" content=\"article\" \/>\n<meta property=\"og:title\" content=\"Sant Ferran - Cala En Baster - Platja De Migjorn | Turismo de Formentera\" \/>\n<meta property=\"og:description\" content=\"[vc_row][vc_column width=&#8221;8\/12&#8243;][vc_column_text]Quem conhece um pouco Formentera pode certificar que um dos lugares mais especiais e [&hellip;]\" \/>\n<meta property=\"og:url\" content=\"https:\/\/www.formentera.es\/pt\/explorar\/atividades\/rotas-verdes\/sant-ferran-cala-en-baster-platja-de-migjorn\/\" \/>\n<meta property=\"og:site_name\" content=\"Turismo de Formentera\" \/>\n<meta property=\"article:publisher\" content=\"https:\/\/www.facebook.com\/turismoformentera\/\" \/>\n<meta property=\"article:modified_time\" content=\"2024-08-20T08:39:51+00:00\" \/>\n<meta property=\"og:image\" content=\"https:\/\/www.formentera.es\/wp-content\/uploads\/2020\/04\/shutterstock_1604448322.jpg\" \/>\n\t<meta property=\"og:image:width\" content=\"1600\" \/>\n\t<meta property=\"og:image:height\" content=\"1067\" \/>\n\t<meta property=\"og:image:type\" content=\"image\/jpeg\" \/>\n<meta name=\"twitter:card\" content=\"summary_large_image\" \/>\n<meta name=\"twitter:site\" content=\"@visitformentera\" \/>\n<meta name=\"twitter:label1\" content=\"Tempo estimado de leitura\" \/>\n\t<meta name=\"twitter:data1\" content=\"2 minutos\" \/>\n<script type=\"application\/ld+json\" class=\"yoast-schema-graph\">{\"@context\":\"https:\/\/schema.org\",\"@graph\":[{\"@type\":\"WebPage\",\"@id\":\"https:\/\/www.formentera.es\/pt\/explorar\/atividades\/rotas-verdes\/sant-ferran-cala-en-baster-platja-de-migjorn\/\",\"url\":\"https:\/\/www.formentera.es\/pt\/explorar\/atividades\/rotas-verdes\/sant-ferran-cala-en-baster-platja-de-migjorn\/\",\"name\":\"Sant Ferran - Cala En Baster - Platja De Migjorn | Turismo de Formentera\",\"isPartOf\":{\"@id\":\"https:\/\/www.formentera.es\/#website\"},\"primaryImageOfPage\":{\"@id\":\"https:\/\/www.formentera.es\/pt\/explorar\/atividades\/rotas-verdes\/sant-ferran-cala-en-baster-platja-de-migjorn\/#primaryimage\"},\"image\":{\"@id\":\"https:\/\/www.formentera.es\/pt\/explorar\/atividades\/rotas-verdes\/sant-ferran-cala-en-baster-platja-de-migjorn\/#primaryimage\"},\"thumbnailUrl\":\"https:\/\/www.formentera.es\/wp-content\/uploads\/2020\/04\/shutterstock_1604448322.jpg\",\"datePublished\":\"2020-04-15T14:57:39+00:00\",\"dateModified\":\"2024-08-20T08:39:51+00:00\",\"breadcrumb\":{\"@id\":\"https:\/\/www.formentera.es\/pt\/explorar\/atividades\/rotas-verdes\/sant-ferran-cala-en-baster-platja-de-migjorn\/#breadcrumb\"},\"inLanguage\":\"pt-PT\",\"potentialAction\":[{\"@type\":\"ReadAction\",\"target\":[\"https:\/\/www.formentera.es\/pt\/explorar\/atividades\/rotas-verdes\/sant-ferran-cala-en-baster-platja-de-migjorn\/\"]}]},{\"@type\":\"ImageObject\",\"inLanguage\":\"pt-PT\",\"@id\":\"https:\/\/www.formentera.es\/pt\/explorar\/atividades\/rotas-verdes\/sant-ferran-cala-en-baster-platja-de-migjorn\/#primaryimage\",\"url\":\"https:\/\/www.formentera.es\/wp-content\/uploads\/2020\/04\/shutterstock_1604448322.jpg\",\"contentUrl\":\"https:\/\/www.formentera.es\/wp-content\/uploads\/2020\/04\/shutterstock_1604448322.jpg\",\"width\":1600,\"height\":1067},{\"@type\":\"BreadcrumbList\",\"@id\":\"https:\/\/www.formentera.es\/pt\/explorar\/atividades\/rotas-verdes\/sant-ferran-cala-en-baster-platja-de-migjorn\/#breadcrumb\",\"itemListElement\":[{\"@type\":\"ListItem\",\"position\":1,\"name\":\"Portada\",\"item\":\"https:\/\/www.formentera.es\/pt\/\"},{\"@type\":\"ListItem\",\"position\":2,\"name\":\"Explorar\",\"item\":\"https:\/\/www.formentera.es\/explorar\/\"},{\"@type\":\"ListItem\",\"position\":3,\"name\":\"Atividades\",\"item\":\"https:\/\/www.formentera.es\/pt\/explorar\/atividades\/\"},{\"@type\":\"ListItem\",\"position\":4,\"name\":\"Rotas verdes\",\"item\":\"https:\/\/www.formentera.es\/pt\/explorar\/atividades\/rotas-verdes\/\"},{\"@type\":\"ListItem\",\"position\":5,\"name\":\"Sant Ferran &#8211; Cala En Baster &#8211; Platja De Migjorn\"}]},{\"@type\":\"WebSite\",\"@id\":\"https:\/\/www.formentera.es\/#website\",\"url\":\"https:\/\/www.formentera.es\/\",\"name\":\"Turismo de Formentera\",\"description\":\"Web oficial de Turismo de Formentera\",\"potentialAction\":[{\"@type\":\"SearchAction\",\"target\":{\"@type\":\"EntryPoint\",\"urlTemplate\":\"https:\/\/www.formentera.es\/?s={search_term_string}\"},\"query-input\":{\"@type\":\"PropertyValueSpecification\",\"valueRequired\":true,\"valueName\":\"search_term_string\"}}],\"inLanguage\":\"pt-PT\"}]}<\/script>\n<!-- \/ Yoast SEO plugin. -->","yoast_head_json":{"title":"Sant Ferran - Cala En Baster - Platja De Migjorn | Turismo de Formentera","robots":{"index":"index","follow":"follow","max-snippet":"max-snippet:-1","max-image-preview":"max-image-preview:large","max-video-preview":"max-video-preview:-1"},"canonical":"https:\/\/www.formentera.es\/pt\/explorar\/atividades\/rotas-verdes\/sant-ferran-cala-en-baster-platja-de-migjorn\/","og_locale":"pt_PT","og_type":"article","og_title":"Sant Ferran - Cala En Baster - Platja De Migjorn | Turismo de Formentera","og_description":"[vc_row][vc_column width=&#8221;8\/12&#8243;][vc_column_text]Quem conhece um pouco Formentera pode certificar que um dos lugares mais especiais e [&hellip;]","og_url":"https:\/\/www.formentera.es\/pt\/explorar\/atividades\/rotas-verdes\/sant-ferran-cala-en-baster-platja-de-migjorn\/","og_site_name":"Turismo de Formentera","article_publisher":"https:\/\/www.facebook.com\/turismoformentera\/","article_modified_time":"2024-08-20T08:39:51+00:00","og_image":[{"width":1600,"height":1067,"url":"https:\/\/www.formentera.es\/wp-content\/uploads\/2020\/04\/shutterstock_1604448322.jpg","type":"image\/jpeg"}],"twitter_card":"summary_large_image","twitter_site":"@visitformentera","twitter_misc":{"Tempo estimado de leitura":"2 minutos"},"schema":{"@context":"https:\/\/schema.org","@graph":[{"@type":"WebPage","@id":"https:\/\/www.formentera.es\/pt\/explorar\/atividades\/rotas-verdes\/sant-ferran-cala-en-baster-platja-de-migjorn\/","url":"https:\/\/www.formentera.es\/pt\/explorar\/atividades\/rotas-verdes\/sant-ferran-cala-en-baster-platja-de-migjorn\/","name":"Sant Ferran - Cala En Baster - Platja De Migjorn | Turismo de Formentera","isPartOf":{"@id":"https:\/\/www.formentera.es\/#website"},"primaryImageOfPage":{"@id":"https:\/\/www.formentera.es\/pt\/explorar\/atividades\/rotas-verdes\/sant-ferran-cala-en-baster-platja-de-migjorn\/#primaryimage"},"image":{"@id":"https:\/\/www.formentera.es\/pt\/explorar\/atividades\/rotas-verdes\/sant-ferran-cala-en-baster-platja-de-migjorn\/#primaryimage"},"thumbnailUrl":"https:\/\/www.formentera.es\/wp-content\/uploads\/2020\/04\/shutterstock_1604448322.jpg","datePublished":"2020-04-15T14:57:39+00:00","dateModified":"2024-08-20T08:39:51+00:00","breadcrumb":{"@id":"https:\/\/www.formentera.es\/pt\/explorar\/atividades\/rotas-verdes\/sant-ferran-cala-en-baster-platja-de-migjorn\/#breadcrumb"},"inLanguage":"pt-PT","potentialAction":[{"@type":"ReadAction","target":["https:\/\/www.formentera.es\/pt\/explorar\/atividades\/rotas-verdes\/sant-ferran-cala-en-baster-platja-de-migjorn\/"]}]},{"@type":"ImageObject","inLanguage":"pt-PT","@id":"https:\/\/www.formentera.es\/pt\/explorar\/atividades\/rotas-verdes\/sant-ferran-cala-en-baster-platja-de-migjorn\/#primaryimage","url":"https:\/\/www.formentera.es\/wp-content\/uploads\/2020\/04\/shutterstock_1604448322.jpg","contentUrl":"https:\/\/www.formentera.es\/wp-content\/uploads\/2020\/04\/shutterstock_1604448322.jpg","width":1600,"height":1067},{"@type":"BreadcrumbList","@id":"https:\/\/www.formentera.es\/pt\/explorar\/atividades\/rotas-verdes\/sant-ferran-cala-en-baster-platja-de-migjorn\/#breadcrumb","itemListElement":[{"@type":"ListItem","position":1,"name":"Portada","item":"https:\/\/www.formentera.es\/pt\/"},{"@type":"ListItem","position":2,"name":"Explorar","item":"https:\/\/www.formentera.es\/explorar\/"},{"@type":"ListItem","position":3,"name":"Atividades","item":"https:\/\/www.formentera.es\/pt\/explorar\/atividades\/"},{"@type":"ListItem","position":4,"name":"Rotas verdes","item":"https:\/\/www.formentera.es\/pt\/explorar\/atividades\/rotas-verdes\/"},{"@type":"ListItem","position":5,"name":"Sant Ferran &#8211; Cala En Baster &#8211; Platja De Migjorn"}]},{"@type":"WebSite","@id":"https:\/\/www.formentera.es\/#website","url":"https:\/\/www.formentera.es\/","name":"Turismo de Formentera","description":"Web oficial de Turismo de Formentera","potentialAction":[{"@type":"SearchAction","target":{"@type":"EntryPoint","urlTemplate":"https:\/\/www.formentera.es\/?s={search_term_string}"},"query-input":{"@type":"PropertyValueSpecification","valueRequired":true,"valueName":"search_term_string"}}],"inLanguage":"pt-PT"}]}},"_links":{"self":[{"href":"https:\/\/www.formentera.es\/pt\/wp-json\/wp\/v2\/pages\/31752","targetHints":{"allow":["GET"]}}],"collection":[{"href":"https:\/\/www.formentera.es\/pt\/wp-json\/wp\/v2\/pages"}],"about":[{"href":"https:\/\/www.formentera.es\/pt\/wp-json\/wp\/v2\/types\/page"}],"author":[{"embeddable":true,"href":"https:\/\/www.formentera.es\/pt\/wp-json\/wp\/v2\/users\/1"}],"replies":[{"embeddable":true,"href":"https:\/\/www.formentera.es\/pt\/wp-json\/wp\/v2\/comments?post=31752"}],"version-history":[{"count":0,"href":"https:\/\/www.formentera.es\/pt\/wp-json\/wp\/v2\/pages\/31752\/revisions"}],"up":[{"embeddable":true,"href":"https:\/\/www.formentera.es\/pt\/wp-json\/wp\/v2\/pages\/31625"}],"wp:featuredmedia":[{"embeddable":true,"href":"https:\/\/www.formentera.es\/pt\/wp-json\/wp\/v2\/media\/31754"}],"wp:attachment":[{"href":"https:\/\/www.formentera.es\/pt\/wp-json\/wp\/v2\/media?parent=31752"}],"wp:term":[{"taxonomy":"category","embeddable":true,"href":"https:\/\/www.formentera.es\/pt\/wp-json\/wp\/v2\/categories?post=31752"}],"curies":[{"name":"wp","href":"https:\/\/api.w.org\/{rel}","templated":true}]}}