{"id":31661,"date":"2020-04-15T13:03:04","date_gmt":"2020-04-15T11:03:04","guid":{"rendered":"https:\/\/www.formentera.es\/explorar\/atividades\/rotas-verdes\/can-marroig-punta-de-la-gavina\/"},"modified":"2024-08-20T09:40:43","modified_gmt":"2024-08-20T07:40:43","slug":"can-marroig-punta-de-la-gavina","status":"publish","type":"page","link":"https:\/\/www.formentera.es\/pt\/explorar\/atividades\/rotas-verdes\/can-marroig-punta-de-la-gavina\/","title":{"rendered":"Can Marroig  &#8211;  Punta De La Gavina"},"content":{"rendered":"<div class=\"wpb-content-wrapper\"><p>[vc_row][vc_column width=&#8221;8\/12&#8243;][vc_column_text]O tra\u00e7o diferencial da rota 5 \u00e9 que ela percorre parte da costa noroeste de Formentera at\u00e9 chegar \u00e0 <a href=\"https:\/\/www.formentera.es\/pt\/explorar\/locais-de-interesse\/torres-defensivas\/\">torre de La Gavina<\/a>. Este trajeto parte do Centro de Interpreta\u00e7\u00e3o de\u00a0 <a href=\"https:\/\/www.formentera.es\/pt\/explorar\/locais-de-interesse\/can-marroig-e-punta-de-sa-pedrera\/\">Can Marroig<\/a>, situado numa zona arborizada que contrasta com a paisagem lunar que encontraremos a seguir. Trata-se de uma paragem com aspecto des\u00e9rtico salpicada por rochas e pedras de formas caprichosas. No passado, esta zona funcionou como pedreira de onde se extra\u00edam <i>mar\u00e9s<\/i>, calc\u00e1rio historicamente utilizado nas constru\u00e7\u00f5es da ilha. Este passeio percorre uma costa escarpada, de dif\u00edcil acesso ao mar, cuja recompensa est\u00e1 nas formid\u00e1veis \u200b\u200bvistas do ilhote ibicenco de Es Vedr\u00e0, de Es Vedranell e da pr\u00f3pria Eivissa.<\/p>\n<p>Para finalizar, chegaremos \u00e0 Torre de Sa Gavina, constru\u00edda entre 1762 e 1763. \u00c9 uma das cinco torres de vigia da ilha, integrante do sistema defensivo, de onde era dado o alarme, em forma de fogo ou sinal de fumo, em caso de ataque vindo do mar.[\/vc_column_text][\/vc_column][vc_column width=&#8221;4\/12&#8243;][vc_column_text]<div id=\"back_blue\"><h3>Baixar a rota<\/h3><div><img decoding=\"async\" src=\"https:\/\/www.formentera.es\/wp-content\/themes\/Formentera\/img\/mapas-de-google-w.svg\"><a href=\"https:\/\/www.google.com\/maps\/d\/u\/0\/embed?mid=1rfca4sOlN6n2YcWE3Hj0iDzLVHbR0q50\" target=\"_blank\">Ver a rota no Google Maps<\/a><\/div><div><img decoding=\"async\" src=\"https:\/\/www.formentera.es\/wp-content\/themes\/Formentera\/img\/maps-and-location-w.svg\" class=\"pl_5\"><a href=\"https:\/\/www.formentera.es\/wp-content\/uploads\/2020\/04\/5.-Can-Marroig-Punta-De-La-Gavina.gpx.zip\" target=\"_blank\">Descarregue a rota para GPS<\/a><\/div><div><img decoding=\"async\" src=\"https:\/\/www.formentera.es\/wp-content\/themes\/Formentera\/img\/pin-w.svg\"><a href=\"https:\/\/es.wikiloc.com\/rutas-senderismo\/ruta-5-can-marroig-punta-de-la-gavina-48409774\" target=\"_blank\">Veja a rota no Wikiloc<\/a><\/div><div><img decoding=\"async\" src=\"https:\/\/www.formentera.es\/wp-content\/themes\/Formentera\/img\/descarga-w.svg\"><a href=\"Array\" target=\"_blank\">Baixar ficheiro<\/a><\/div><\/div><div id=\"como_llegar\"><a href=\"https:\/\/www.google.com\/maps?saddr=My+Location&daddr=38.726389,1.395734\" target=\"_blank\">Como chegar ao ponto de partida?<\/a><img decoding=\"async\" src=\"https:\/\/www.formentera.es\/wp-content\/themes\/Formentera\/img\/start.svg\"><\/div>[\/vc_column_text][\/vc_column][\/vc_row][vc_row][vc_column][vc_gmaps link=&#8221;#E-8_JTNDaWZyYW1lJTIwc3JjJTNEJTIyaHR0cHMlM0ElMkYlMkZ3d3cuZ29vZ2xlLmNvbSUyRm1hcHMlMkZkJTJGdSUyRjAlMkZlbWJlZCUzRm1pZCUzRDFyZmNhNHNPbE42bjJZY1dFM0hqMGlEekxWSGJSMHE1MCUyMiUyMCUyMHdpZHRoJTNEJTIyNjAwJTIyJTIwaGVpZ2h0JTNEJTIyNDUwJTIyJTIwZnJhbWVib3JkZXIlM0QlMjIwJTIyJTIwc3R5bGUlM0QlMjJib3JkZXIlM0EwJTIyJTIwYWxsb3dmdWxsc2NyZWVuJTNFJTNDJTJGaWZyYW1lJTNFJTBB&#8221; size=&#8221;&#8221;][\/vc_column][\/vc_row][vc_row full_width=&#8221;stretch_row_content_no_spaces&#8221;][vc_column][vc_column_text]<style>#jtg-10750 .modula-item .jtg-social a, .lightbox-socials.jtg-social a{ fill: #ffffff; color: #ffffff }#jtg-10750 .modula-item .jtg-social-mobile a{ fill: #ffffff; color: #ffffff }#jtg-10750 .modula-item .jtg-social svg, .lightbox-socials.jtg-social svg { height: 16px; width: 16px }#jtg-10750 .modula-item .jtg-social-mobile svg { height: 16px; width: 16px }#jtg-10750 .modula-item .jtg-social a:not(:last-child), .lightbox-socials.jtg-social a:not(:last-child) { margin-right: 10px }#jtg-10750 .modula-item .jtg-social-mobile .jtg-social-mobile-icons a:not(:last-child){ margin-right: 10px }#jtg-10750 .modula-item .figc {color:#ffffff;}#jtg-10750 .modula-item .modula-item-content { transform: scale(1) }#jtg-10750 .modula-items .figc p.description { font-size:14px; }#jtg-10750 .modula-items .figc p.description { color:#ffffff;}#jtg-10750.modula-gallery .modula-item > a, #jtg-10750.modula-gallery .modula-item, #jtg-10750.modula-gallery .modula-item-content > a:not(.modula-no-follow) { cursor:zoom-in; } #jtg-10750.modula-gallery .modula-item-content .modula-no-follow { cursor: default; } #jtg-10750 .modula-item { background-color:#ffffff; }#jtg-10750 .modula-item:hover img { opacity: 0.5; }#jtg-10750 .modula-item { transform: scale(1) translate(0px,0px) rotate(0deg); }@media screen and (max-width:480px){#jtg-10750 .modula-item .figc .jtg-title {  font-size: 12px; }#jtg-10750 .modula-items .figc p.description { color:#ffffff;font-size:10px; }}#jtg-10750 .modula-items .modula-item:hover img{opacity:1;}<\/style>\n<div  id=\"jtg-10750\" class=\"modula modula-gallery modula-custom-grid\" data-config=\"{&quot;height&quot;:800,&quot;tabletHeight&quot;:800,&quot;mobileHeight&quot;:800,&quot;desktopHeight&quot;:800,&quot;enableTwitter&quot;:true,&quot;enableWhatsapp&quot;:false,&quot;enableFacebook&quot;:true,&quot;enablePinterest&quot;:true,&quot;enableLinkedin&quot;:true,&quot;enableEmail&quot;:false,&quot;randomFactor&quot;:0.5,&quot;type&quot;:&quot;custom-grid&quot;,&quot;columns&quot;:12,&quot;gutter&quot;:10,&quot;mobileGutter&quot;:10,&quot;tabletGutter&quot;:10,&quot;desktopGutter&quot;:10,&quot;enableResponsive&quot;:&quot;0&quot;,&quot;tabletColumns&quot;:2,&quot;mobileColumns&quot;:1,&quot;lazyLoad&quot;:&quot;0&quot;,&quot;lightboxOpts&quot;:{&quot;animated&quot;:true,&quot;Thumbs&quot;:{&quot;type&quot;:&quot;modern&quot;,&quot;showOnStart&quot;:false},&quot;Toolbar&quot;:{&quot;display&quot;:{&quot;right&quot;:[&quot;close&quot;]},&quot;enabled&quot;:true},&quot;Carousel&quot;:{&quot;Panzoom&quot;:{&quot;touch&quot;:false},&quot;infinite&quot;:false},&quot;keyboard&quot;:{&quot;Escape&quot;:&quot;close&quot;,&quot;Delete&quot;:&quot;close&quot;,&quot;Backspace&quot;:&quot;close&quot;,&quot;PageUp&quot;:false,&quot;PageDown&quot;:false,&quot;ArrowUp&quot;:false,&quot;ArrowDown&quot;:false,&quot;ArrowRight&quot;:false,&quot;ArrowLeft&quot;:false},&quot;touch&quot;:false,&quot;backdropClick&quot;:false,&quot;l10n&quot;:{&quot;CLOSE&quot;:&quot;Close&quot;,&quot;NEXT&quot;:&quot;Next&quot;,&quot;PREV&quot;:&quot;Previous&quot;,&quot;Error&quot;:&quot;The requested content cannot be loaded. Please try again later.&quot;,&quot;PLAY_START&quot;:&quot;Start slideshow&quot;,&quot;PLAY_STOP&quot;:&quot;Pause slideshow&quot;,&quot;FULL_SCREEN&quot;:&quot;Full screen&quot;,&quot;THUMBS&quot;:&quot;Thumbnails&quot;,&quot;DOWNLOAD&quot;:&quot;Download&quot;,&quot;SHARE&quot;:&quot;Share&quot;,&quot;ZOOM&quot;:&quot;Zoom&quot;,&quot;EMAIL&quot;:&quot;Here is the link to the image : %%image_link%% and this is the link to the gallery : %%gallery_link%%&quot;,&quot;MODAL&quot;:&quot;You can close this modal content with the ESC key&quot;,&quot;ERROR&quot;:&quot;Something Went Wrong, Please Try Again Later&quot;,&quot;IMAGE_ERROR&quot;:&quot;Image Not Found&quot;,&quot;ELEMENT_NOT_FOUND&quot;:&quot;HTML Element Not Found&quot;,&quot;AJAX_NOT_FOUND&quot;:&quot;Error Loading AJAX : Not Found&quot;,&quot;AJAX_FORBIDDEN&quot;:&quot;Error Loading AJAX : Forbidden&quot;,&quot;IFRAME_ERROR&quot;:&quot;Error Loading Page&quot;,&quot;TOGGLE_ZOOM&quot;:&quot;Toggle zoom level&quot;,&quot;TOGGLE_THUMBS&quot;:&quot;Toggle thumbnails&quot;,&quot;TOGGLE_SLIDESHOW&quot;:&quot;Toggle slideshow&quot;,&quot;TOGGLE_FULLSCREEN&quot;:&quot;Toggle full-screen mode&quot;},&quot;Images&quot;:{&quot;Panzoom&quot;:{&quot;maxScale&quot;:2}},&quot;mainClass&quot;:&quot;modula-fancybox-container modula-lightbox-jtg-10750&quot;,&quot;Html&quot;:{&quot;videoAutoplay&quot;:0,&quot;videoTpl&quot;:&quot;&lt;video class=\\&quot;fancybox__html5video\\&quot; controls muted playsinline controlsList controlsList=\\&quot;nodownload\\&quot; poster=\\&quot;{{poster}}\\&quot; src=\\&quot;{{src}}\\&quot; type=\\&quot;{{format}}\\&quot; &gt;  Sorry, your browser doesn&#039;t support embedded videos, &lt;a href=\\&quot;{{src}}\\&quot;&gt; download &lt;\\\/a&gt; and watch with your favorite video player! &lt;\\\/video&gt;&quot;}},&quot;inView&quot;:false,&quot;email_subject&quot;:&quot;\\u00a1\\u00a1Mira esta impresionante imagen!!&quot;,&quot;email_message&quot;:&quot;Este es el enlace a la imagen: %%image_link%% y este es el enlace a la galer\\u00eda: %%gallery_link%%&quot;,&quot;lightbox&quot;:&quot;fancybox&quot;,&quot;filterClick&quot;:&quot;0&quot;,&quot;defaultActiveFilter&quot;:&quot;all&quot;}\">\n\n\t\n\t<div  class=\"modula-items\">\n\t\t<div class=\"modula-item jtg-filter-all jtg-filter-\" data-width=\"12\" data-height=\"6\" >\n\t<div class=\"modula-item-content\">\n\t\t\n\t\t\t\t\t<a data-image-id=\"10721\" tabindex=\"0\" href=\"https:\/\/www.formentera.es\/wp-content\/uploads\/2020\/04\/Can-Marroig.jpg\" rel=\"jtg-10750\" data-caption=\"\" aria-label=\"Open image in lightbox\" role=\"button\" data-cyclefilter=\"show\" data-fancybox=\"jtg-10750\" class=\"tile-inner modula-item-link\"><\/a>\n\t\t\n\t\t<img loading=\"lazy\" decoding=\"async\" class=\"pic wp-image-10721\"  data-valign=\"middle\" data-halign=\"center\" alt=\"\" data-full=\"https:\/\/www.formentera.es\/wp-content\/uploads\/2020\/04\/Can-Marroig.jpg\" title=\"Can-Marroig\" width=\"1600\" height=\"856\" src=\"https:\/\/www.formentera.es\/wp-content\/uploads\/2020\/04\/Can-Marroig.jpg\" data-src=\"https:\/\/www.formentera.es\/wp-content\/uploads\/2020\/04\/Can-Marroig.jpg\" data-caption=\"\" srcset=\"https:\/\/www.formentera.es\/wp-content\/uploads\/2020\/04\/Can-Marroig.jpg 1600w, https:\/\/www.formentera.es\/wp-content\/uploads\/2020\/04\/Can-Marroig-300x161.jpg 300w, https:\/\/www.formentera.es\/wp-content\/uploads\/2020\/04\/Can-Marroig-768x411.jpg 768w, https:\/\/www.formentera.es\/wp-content\/uploads\/2020\/04\/Can-Marroig-1024x548.jpg 1024w\" sizes=\"auto, (max-width: 1600px) 100vw, 1600px\" \/>\n\t<\/div>\n\n<\/div><div class=\"modula-item jtg-filter-all jtg-filter-\" data-width=\"12\" data-height=\"6\" >\n\t<div class=\"modula-item-content\">\n\t\t\n\t\t\t\t\t<a data-image-id=\"10742\" tabindex=\"0\" href=\"https:\/\/www.formentera.es\/wp-content\/uploads\/2020\/04\/sa-gavina-19.jpg\" rel=\"jtg-10750\" data-caption=\"\" aria-label=\"Open image in lightbox\" role=\"button\" data-cyclefilter=\"show\" data-fancybox=\"jtg-10750\" class=\"tile-inner modula-item-link\"><\/a>\n\t\t\n\t\t<img loading=\"lazy\" decoding=\"async\" class=\"pic wp-image-10742\"  data-valign=\"middle\" data-halign=\"center\" alt=\"\" data-full=\"https:\/\/www.formentera.es\/wp-content\/uploads\/2020\/04\/sa-gavina-19.jpg\" title=\"sa-gavina-19\" width=\"1600\" height=\"1067\" src=\"https:\/\/www.formentera.es\/wp-content\/uploads\/2020\/04\/sa-gavina-19.jpg\" data-src=\"https:\/\/www.formentera.es\/wp-content\/uploads\/2020\/04\/sa-gavina-19.jpg\" data-caption=\"\" srcset=\"https:\/\/www.formentera.es\/wp-content\/uploads\/2020\/04\/sa-gavina-19.jpg 1600w, https:\/\/www.formentera.es\/wp-content\/uploads\/2020\/04\/sa-gavina-19-300x200.jpg 300w, https:\/\/www.formentera.es\/wp-content\/uploads\/2020\/04\/sa-gavina-19-768x512.jpg 768w, https:\/\/www.formentera.es\/wp-content\/uploads\/2020\/04\/sa-gavina-19-1024x683.jpg 1024w\" sizes=\"auto, (max-width: 1600px) 100vw, 1600px\" \/>\n\t<\/div>\n\n<\/div>\t\t\n\t<\/div>\n\n\t\n\t\n\t<script type=\"application\/ld+json\">\n\t{\n\t\t\"@context\": \"http:\/\/schema.org\",\n\t\t\"@type\"   : \"ImageGallery\",\n\t\t\"id\"      : \"https:\/\/www.formentera.es\/pt\/explorar\/atividades\/rotas-verdes\/can-marroig-punta-de-la-gavina\/\",\n\t\t\"url\"     : \"https:\/\/www.formentera.es\/pt\/explorar\/atividades\/rotas-verdes\/can-marroig-punta-de-la-gavina\/\"\n\t}\n\n\t<\/script>\n\n\t\n<\/div>\n[\/vc_column_text][\/vc_column][\/vc_row][vc_row][vc_column][vc_column_text]<div id=\"mas_rutas\" class=\"container sc\"><h2>Outras rotas em Formentera<\/h2><div class=\"row\"><div class=\"col-md-6 col-lg-4\">\n\t\t\t\t\t\t\t<a href=\"https:\/\/www.formentera.es\/pt\/explorar\/atividades\/rotas-verdes\/sant-ferran-de-ses-roques-es-pujols-punta-prima\/\" class=\"img_ruta\"  style=\"background-image: url(https:\/\/www.formentera.es\/wp-content\/uploads\/2020\/04\/P1170741-1-300x225.jpg)\"><\/a>\n\t\t\t\t\t\t\t\n\t\t\t\t\t\t\t<div class=\"col-sm-12\">\n\t\t\t\t\t\t\t\t<a href=\"https:\/\/www.formentera.es\/pt\/explorar\/atividades\/rotas-verdes\/sant-ferran-de-ses-roques-es-pujols-punta-prima\/\">Sant Ferran De Ses Roques  &#8211;  Es Pujols  &#8211;  Punta Prima<\/a><div><img decoding=\"async\" src=\"https:\/\/www.formentera.es\/wp-content\/themes\/Formentera\/img\/bicib.png\">15 min.<\/div><div><img decoding=\"async\" src=\"https:\/\/www.formentera.es\/wp-content\/themes\/Formentera\/img\/caminarb.png\">40 min.<\/div><\/div>\n\t\t\t\t\t\t<\/div><div class=\"col-md-6 col-lg-4\">\n\t\t\t\t\t\t\t<a href=\"https:\/\/www.formentera.es\/pt\/explorar\/atividades\/rotas-verdes\/es-cap-es-garroveret\/\" class=\"img_ruta\"  style=\"background-image: url(https:\/\/www.formentera.es\/wp-content\/uploads\/2020\/11\/ES-CAP-ES-ARROVERET-300x200.jpg)\"><\/a>\n\t\t\t\t\t\t\t\n\t\t\t\t\t\t\t<div class=\"col-sm-12\">\n\t\t\t\t\t\t\t\t<a href=\"https:\/\/www.formentera.es\/pt\/explorar\/atividades\/rotas-verdes\/es-cap-es-garroveret\/\">Es Cap &#8211; Es Garroveret<\/a><div><img decoding=\"async\" src=\"https:\/\/www.formentera.es\/wp-content\/themes\/Formentera\/img\/bicib.png\">55 min.<\/div><div><img decoding=\"async\" src=\"https:\/\/www.formentera.es\/wp-content\/themes\/Formentera\/img\/caminarb.png\">165 min.<\/div><\/div>\n\t\t\t\t\t\t<\/div><div class=\"col-md-6 col-lg-4\">\n\t\t\t\t\t\t\t<a href=\"https:\/\/www.formentera.es\/pt\/explorar\/atividades\/rotas-verdes\/sant-ferran-de-ses-roques-es-ca-mari\/\" class=\"img_ruta\"  style=\"background-image: url(https:\/\/www.formentera.es\/wp-content\/uploads\/2020\/04\/shutterstock_1662241711-300x200.jpg)\"><\/a>\n\t\t\t\t\t\t\t\n\t\t\t\t\t\t\t<div class=\"col-sm-12\">\n\t\t\t\t\t\t\t\t<a href=\"https:\/\/www.formentera.es\/pt\/explorar\/atividades\/rotas-verdes\/sant-ferran-de-ses-roques-es-ca-mari\/\">Sant Ferran De Ses Roques  &#8211;  Es Ca Mar\u00ed<\/a><div><img decoding=\"async\" src=\"https:\/\/www.formentera.es\/wp-content\/themes\/Formentera\/img\/bicib.png\">17 min.<\/div><div><img decoding=\"async\" src=\"https:\/\/www.formentera.es\/wp-content\/themes\/Formentera\/img\/caminarb.png\">35 min.<\/div><\/div>\n\t\t\t\t\t\t<\/div><\/div><a class=\"text-center\" href=\"\">Ver todas as rotas<\/a><\/div>[\/vc_column_text][\/vc_column][\/vc_row]<\/p>\n<\/div>","protected":false},"excerpt":{"rendered":"<p>[vc_row][vc_column width=&#8221;8\/12&#8243;][vc_column_text]O tra\u00e7o diferencial da rota 5 \u00e9 que ela percorre parte da costa noroeste [&hellip;]<\/p>\n","protected":false},"author":1,"featured_media":31589,"parent":31625,"menu_order":0,"comment_status":"closed","ping_status":"closed","template":"page-ruta.php","meta":{"_acf_changed":false,"footnotes":""},"categories":[],"class_list":["post-31661","page","type-page","status-publish","hentry"],"acf":[],"yoast_head":"<!-- This site is optimized with the Yoast SEO plugin v25.5 - https:\/\/yoast.com\/wordpress\/plugins\/seo\/ -->\n<title>Can Marroig - Punta De La Gavina | Turismo de Formentera<\/title>\n<meta name=\"description\" content=\"-1344\" \/>\n<meta name=\"robots\" content=\"index, follow, max-snippet:-1, max-image-preview:large, max-video-preview:-1\" \/>\n<link rel=\"canonical\" href=\"https:\/\/www.formentera.es\/pt\/explorar\/atividades\/rotas-verdes\/can-marroig-punta-de-la-gavina\/\" \/>\n<meta property=\"og:locale\" content=\"pt_PT\" \/>\n<meta property=\"og:type\" content=\"article\" \/>\n<meta property=\"og:title\" content=\"Can Marroig - Punta De La Gavina | Turismo de Formentera\" \/>\n<meta property=\"og:description\" content=\"-1344\" \/>\n<meta property=\"og:url\" content=\"https:\/\/www.formentera.es\/pt\/explorar\/atividades\/rotas-verdes\/can-marroig-punta-de-la-gavina\/\" \/>\n<meta property=\"og:site_name\" content=\"Turismo de Formentera\" \/>\n<meta property=\"article:publisher\" content=\"https:\/\/www.facebook.com\/turismoformentera\/\" \/>\n<meta property=\"article:modified_time\" content=\"2024-08-20T07:40:43+00:00\" \/>\n<meta property=\"og:image\" content=\"https:\/\/www.formentera.es\/wp-content\/uploads\/2018\/11\/pano_02_Can-Marroig_Moonkoala.jpg\" \/>\n\t<meta property=\"og:image:width\" content=\"1900\" \/>\n\t<meta property=\"og:image:height\" content=\"1016\" \/>\n\t<meta property=\"og:image:type\" content=\"image\/jpeg\" \/>\n<meta name=\"twitter:card\" content=\"summary_large_image\" \/>\n<meta name=\"twitter:site\" content=\"@visitformentera\" \/>\n<meta name=\"twitter:label1\" content=\"Tempo estimado de leitura\" \/>\n\t<meta name=\"twitter:data1\" content=\"1 minuto\" \/>\n<script type=\"application\/ld+json\" class=\"yoast-schema-graph\">{\"@context\":\"https:\/\/schema.org\",\"@graph\":[{\"@type\":\"WebPage\",\"@id\":\"https:\/\/www.formentera.es\/pt\/explorar\/atividades\/rotas-verdes\/can-marroig-punta-de-la-gavina\/\",\"url\":\"https:\/\/www.formentera.es\/pt\/explorar\/atividades\/rotas-verdes\/can-marroig-punta-de-la-gavina\/\",\"name\":\"Can Marroig - Punta De La Gavina | Turismo de Formentera\",\"isPartOf\":{\"@id\":\"https:\/\/www.formentera.es\/#website\"},\"primaryImageOfPage\":{\"@id\":\"https:\/\/www.formentera.es\/pt\/explorar\/atividades\/rotas-verdes\/can-marroig-punta-de-la-gavina\/#primaryimage\"},\"image\":{\"@id\":\"https:\/\/www.formentera.es\/pt\/explorar\/atividades\/rotas-verdes\/can-marroig-punta-de-la-gavina\/#primaryimage\"},\"thumbnailUrl\":\"https:\/\/www.formentera.es\/wp-content\/uploads\/2018\/11\/pano_02_Can-Marroig_Moonkoala.jpg\",\"datePublished\":\"2020-04-15T11:03:04+00:00\",\"dateModified\":\"2024-08-20T07:40:43+00:00\",\"description\":\"-1344\",\"breadcrumb\":{\"@id\":\"https:\/\/www.formentera.es\/pt\/explorar\/atividades\/rotas-verdes\/can-marroig-punta-de-la-gavina\/#breadcrumb\"},\"inLanguage\":\"pt-PT\",\"potentialAction\":[{\"@type\":\"ReadAction\",\"target\":[\"https:\/\/www.formentera.es\/pt\/explorar\/atividades\/rotas-verdes\/can-marroig-punta-de-la-gavina\/\"]}]},{\"@type\":\"ImageObject\",\"inLanguage\":\"pt-PT\",\"@id\":\"https:\/\/www.formentera.es\/pt\/explorar\/atividades\/rotas-verdes\/can-marroig-punta-de-la-gavina\/#primaryimage\",\"url\":\"https:\/\/www.formentera.es\/wp-content\/uploads\/2018\/11\/pano_02_Can-Marroig_Moonkoala.jpg\",\"contentUrl\":\"https:\/\/www.formentera.es\/wp-content\/uploads\/2018\/11\/pano_02_Can-Marroig_Moonkoala.jpg\",\"width\":1900,\"height\":1016},{\"@type\":\"BreadcrumbList\",\"@id\":\"https:\/\/www.formentera.es\/pt\/explorar\/atividades\/rotas-verdes\/can-marroig-punta-de-la-gavina\/#breadcrumb\",\"itemListElement\":[{\"@type\":\"ListItem\",\"position\":1,\"name\":\"Portada\",\"item\":\"https:\/\/www.formentera.es\/pt\/\"},{\"@type\":\"ListItem\",\"position\":2,\"name\":\"Explorar\",\"item\":\"https:\/\/www.formentera.es\/explorar\/\"},{\"@type\":\"ListItem\",\"position\":3,\"name\":\"Atividades\",\"item\":\"https:\/\/www.formentera.es\/pt\/explorar\/atividades\/\"},{\"@type\":\"ListItem\",\"position\":4,\"name\":\"Rotas verdes\",\"item\":\"https:\/\/www.formentera.es\/pt\/explorar\/atividades\/rotas-verdes\/\"},{\"@type\":\"ListItem\",\"position\":5,\"name\":\"Can Marroig &#8211; Punta De La Gavina\"}]},{\"@type\":\"WebSite\",\"@id\":\"https:\/\/www.formentera.es\/#website\",\"url\":\"https:\/\/www.formentera.es\/\",\"name\":\"Turismo de Formentera\",\"description\":\"Web oficial de Turismo de Formentera\",\"potentialAction\":[{\"@type\":\"SearchAction\",\"target\":{\"@type\":\"EntryPoint\",\"urlTemplate\":\"https:\/\/www.formentera.es\/?s={search_term_string}\"},\"query-input\":{\"@type\":\"PropertyValueSpecification\",\"valueRequired\":true,\"valueName\":\"search_term_string\"}}],\"inLanguage\":\"pt-PT\"}]}<\/script>\n<!-- \/ Yoast SEO plugin. -->","yoast_head_json":{"title":"Can Marroig - Punta De La Gavina | Turismo de Formentera","description":"-1344","robots":{"index":"index","follow":"follow","max-snippet":"max-snippet:-1","max-image-preview":"max-image-preview:large","max-video-preview":"max-video-preview:-1"},"canonical":"https:\/\/www.formentera.es\/pt\/explorar\/atividades\/rotas-verdes\/can-marroig-punta-de-la-gavina\/","og_locale":"pt_PT","og_type":"article","og_title":"Can Marroig - Punta De La Gavina | Turismo de Formentera","og_description":"-1344","og_url":"https:\/\/www.formentera.es\/pt\/explorar\/atividades\/rotas-verdes\/can-marroig-punta-de-la-gavina\/","og_site_name":"Turismo de Formentera","article_publisher":"https:\/\/www.facebook.com\/turismoformentera\/","article_modified_time":"2024-08-20T07:40:43+00:00","og_image":[{"width":1900,"height":1016,"url":"https:\/\/www.formentera.es\/wp-content\/uploads\/2018\/11\/pano_02_Can-Marroig_Moonkoala.jpg","type":"image\/jpeg"}],"twitter_card":"summary_large_image","twitter_site":"@visitformentera","twitter_misc":{"Tempo estimado de leitura":"1 minuto"},"schema":{"@context":"https:\/\/schema.org","@graph":[{"@type":"WebPage","@id":"https:\/\/www.formentera.es\/pt\/explorar\/atividades\/rotas-verdes\/can-marroig-punta-de-la-gavina\/","url":"https:\/\/www.formentera.es\/pt\/explorar\/atividades\/rotas-verdes\/can-marroig-punta-de-la-gavina\/","name":"Can Marroig - Punta De La Gavina | Turismo de Formentera","isPartOf":{"@id":"https:\/\/www.formentera.es\/#website"},"primaryImageOfPage":{"@id":"https:\/\/www.formentera.es\/pt\/explorar\/atividades\/rotas-verdes\/can-marroig-punta-de-la-gavina\/#primaryimage"},"image":{"@id":"https:\/\/www.formentera.es\/pt\/explorar\/atividades\/rotas-verdes\/can-marroig-punta-de-la-gavina\/#primaryimage"},"thumbnailUrl":"https:\/\/www.formentera.es\/wp-content\/uploads\/2018\/11\/pano_02_Can-Marroig_Moonkoala.jpg","datePublished":"2020-04-15T11:03:04+00:00","dateModified":"2024-08-20T07:40:43+00:00","description":"-1344","breadcrumb":{"@id":"https:\/\/www.formentera.es\/pt\/explorar\/atividades\/rotas-verdes\/can-marroig-punta-de-la-gavina\/#breadcrumb"},"inLanguage":"pt-PT","potentialAction":[{"@type":"ReadAction","target":["https:\/\/www.formentera.es\/pt\/explorar\/atividades\/rotas-verdes\/can-marroig-punta-de-la-gavina\/"]}]},{"@type":"ImageObject","inLanguage":"pt-PT","@id":"https:\/\/www.formentera.es\/pt\/explorar\/atividades\/rotas-verdes\/can-marroig-punta-de-la-gavina\/#primaryimage","url":"https:\/\/www.formentera.es\/wp-content\/uploads\/2018\/11\/pano_02_Can-Marroig_Moonkoala.jpg","contentUrl":"https:\/\/www.formentera.es\/wp-content\/uploads\/2018\/11\/pano_02_Can-Marroig_Moonkoala.jpg","width":1900,"height":1016},{"@type":"BreadcrumbList","@id":"https:\/\/www.formentera.es\/pt\/explorar\/atividades\/rotas-verdes\/can-marroig-punta-de-la-gavina\/#breadcrumb","itemListElement":[{"@type":"ListItem","position":1,"name":"Portada","item":"https:\/\/www.formentera.es\/pt\/"},{"@type":"ListItem","position":2,"name":"Explorar","item":"https:\/\/www.formentera.es\/explorar\/"},{"@type":"ListItem","position":3,"name":"Atividades","item":"https:\/\/www.formentera.es\/pt\/explorar\/atividades\/"},{"@type":"ListItem","position":4,"name":"Rotas verdes","item":"https:\/\/www.formentera.es\/pt\/explorar\/atividades\/rotas-verdes\/"},{"@type":"ListItem","position":5,"name":"Can Marroig &#8211; Punta De La Gavina"}]},{"@type":"WebSite","@id":"https:\/\/www.formentera.es\/#website","url":"https:\/\/www.formentera.es\/","name":"Turismo de Formentera","description":"Web oficial de Turismo de Formentera","potentialAction":[{"@type":"SearchAction","target":{"@type":"EntryPoint","urlTemplate":"https:\/\/www.formentera.es\/?s={search_term_string}"},"query-input":{"@type":"PropertyValueSpecification","valueRequired":true,"valueName":"search_term_string"}}],"inLanguage":"pt-PT"}]}},"_links":{"self":[{"href":"https:\/\/www.formentera.es\/pt\/wp-json\/wp\/v2\/pages\/31661","targetHints":{"allow":["GET"]}}],"collection":[{"href":"https:\/\/www.formentera.es\/pt\/wp-json\/wp\/v2\/pages"}],"about":[{"href":"https:\/\/www.formentera.es\/pt\/wp-json\/wp\/v2\/types\/page"}],"author":[{"embeddable":true,"href":"https:\/\/www.formentera.es\/pt\/wp-json\/wp\/v2\/users\/1"}],"replies":[{"embeddable":true,"href":"https:\/\/www.formentera.es\/pt\/wp-json\/wp\/v2\/comments?post=31661"}],"version-history":[{"count":0,"href":"https:\/\/www.formentera.es\/pt\/wp-json\/wp\/v2\/pages\/31661\/revisions"}],"up":[{"embeddable":true,"href":"https:\/\/www.formentera.es\/pt\/wp-json\/wp\/v2\/pages\/31625"}],"wp:featuredmedia":[{"embeddable":true,"href":"https:\/\/www.formentera.es\/pt\/wp-json\/wp\/v2\/media\/31589"}],"wp:attachment":[{"href":"https:\/\/www.formentera.es\/pt\/wp-json\/wp\/v2\/media?parent=31661"}],"wp:term":[{"taxonomy":"category","embeddable":true,"href":"https:\/\/www.formentera.es\/pt\/wp-json\/wp\/v2\/categories?post=31661"}],"curies":[{"name":"wp","href":"https:\/\/api.w.org\/{rel}","templated":true}]}}