{"id":31655,"date":"2020-04-15T12:57:19","date_gmt":"2020-04-15T10:57:19","guid":{"rendered":"https:\/\/www.formentera.es\/explorar\/atividades\/rotas-verdes\/sant-francesc-ses-escoles-can-marroig\/"},"modified":"2024-08-20T09:33:24","modified_gmt":"2024-08-20T07:33:24","slug":"sant-francesc-ses-escoles-can-marroig","status":"publish","type":"page","link":"https:\/\/www.formentera.es\/pt\/explorar\/atividades\/rotas-verdes\/sant-francesc-ses-escoles-can-marroig\/","title":{"rendered":"Sant Francesc &#8211; Ses Escoles &#8211; Can Marroig"},"content":{"rendered":"<div class=\"wpb-content-wrapper\"><p>[vc_row][vc_column width=&#8221;8\/12&#8243;][vc_column_text]Este apraz\u00edvel trajeto liga a c\u00eantrica cidade de <a href=\"https:\/\/www.formentera.es\/pt\/explorar\/aldeias\/sant-francesc\/\">Sant Francesc Xavier<\/a> ao Centro de Interpreta\u00e7\u00e3o de <a href=\"https:\/\/www.formentera.es\/pt\/explorar\/locais-de-interesse\/can-marroig-e-punta-de-sa-pedrera\/\">Can Marroig<\/a>. O ponto de partida \u00e9 a avenida Porto-Sal\u00e8 que nos levar\u00e1 ao <a href=\"https:\/\/www.formentera.es\/pt\/explorar\/locais-de-interesse\/estany-des-peix\/\">Estany des Peix<\/a>. Este pequeno lago, aberto ao mar atrav\u00e9s de um estreito canal, \u00e9 um cen\u00e1rio ideal para a pr\u00e1tica e aprendizagem de desportos n\u00e1uticos. Al\u00e9m disso, possui pequenas praias com muito pouca profundidade, que aliadas \u00e0 temperatura amena superior \u00e0 do mar, fazem dela um destino ideal para passar uma tarde de praia com as crian\u00e7as.<\/p>\n<p>Continuaremos o caminho que bordeja o lago e segue at\u00e9 Can Marroig. Este edif\u00edcio foi adquirido no final do s\u00e9culo XIX pelo maiorquino Antoni Marroig, que implementou sistemas de irriga\u00e7\u00e3o inovadores. Atualmente, este espa\u00e7o oferece aos visitantes informa\u00e7\u00f5es e atividades educativas relacionadas com o ambiente natural protegido. A reabilita\u00e7\u00e3o da propriedade, que abriu as suas portas em 2011, ganhou o pr\u00e9mio Constru\u00e7\u00e3o Sustent\u00e1vel de Castela e Le\u00e3o. Aqui podemos desfrutar da sombra dos seus pinheiros e zimbros ou fazer uma pequena pausa aproveitando as suas instala\u00e7\u00f5es preparadas para um piquenique em fam\u00edlia.[\/vc_column_text][\/vc_column][vc_column width=&#8221;4\/12&#8243;][vc_column_text]<div id=\"back_blue\"><h3>Baixar a rota<\/h3><div><img decoding=\"async\" src=\"https:\/\/www.formentera.es\/wp-content\/themes\/Formentera\/img\/mapas-de-google-w.svg\"><a href=\"https:\/\/www.google.com\/maps\/d\/u\/0\/embed?mid=1g-GB0bGgm8TRzlkpZumN0D3Cds82J8KZ\" target=\"_blank\">Ver a rota no Google Maps<\/a><\/div><div><img decoding=\"async\" src=\"https:\/\/www.formentera.es\/wp-content\/themes\/Formentera\/img\/maps-and-location-w.svg\" class=\"pl_5\"><a href=\"https:\/\/www.formentera.es\/wp-content\/uploads\/2020\/04\/4.-Sant-Francesc-Ses-Escoles-Can-Marroig.gpx.zip\" target=\"_blank\">Descarregue a rota para GPS<\/a><\/div><div><img decoding=\"async\" src=\"https:\/\/www.formentera.es\/wp-content\/themes\/Formentera\/img\/pin-w.svg\"><a href=\"https:\/\/es.wikiloc.com\/rutas-senderismo\/ruta-4-sant-francesc-ses-escoles-can-marroig-48409462\" target=\"_blank\">Veja a rota no Wikiloc<\/a><\/div><div><img decoding=\"async\" src=\"https:\/\/www.formentera.es\/wp-content\/themes\/Formentera\/img\/descarga-w.svg\"><a href=\"Array\" target=\"_blank\">Baixar ficheiro<\/a><\/div><\/div><div id=\"como_llegar\"><a href=\"https:\/\/www.google.com\/maps?saddr=My+Location&daddr=38.705490,1.428326\" target=\"_blank\">Como chegar ao ponto de partida?<\/a><img decoding=\"async\" src=\"https:\/\/www.formentera.es\/wp-content\/themes\/Formentera\/img\/start.svg\"><\/div>[\/vc_column_text][\/vc_column][\/vc_row][vc_row][vc_column][vc_gmaps link=&#8221;#E-8_JTNDaWZyYW1lJTIwc3JjJTNEJTIyaHR0cHMlM0ElMkYlMkZ3d3cuZ29vZ2xlLmNvbSUyRm1hcHMlMkZkJTJGdSUyRjAlMkZlbWJlZCUzRm1pZCUzRDFnLUdCMGJHZ204VFJ6bGtwWnVtTjBEM0NkczgySjhLWiUyMiUyMCUyMHdpZHRoJTNEJTIyNjAwJTIyJTIwaGVpZ2h0JTNEJTIyNDUwJTIyJTIwZnJhbWVib3JkZXIlM0QlMjIwJTIyJTIwc3R5bGUlM0QlMjJib3JkZXIlM0EwJTIyJTIwYWxsb3dmdWxsc2NyZWVuJTNFJTNDJTJGaWZyYW1lJTNFJTBB&#8221; size=&#8221;&#8221;][\/vc_column][\/vc_row][vc_row full_width=&#8221;stretch_row_content_no_spaces&#8221;][vc_column][vc_column_text]<style>#jtg-10720 .modula-item .jtg-social a, .lightbox-socials.jtg-social a{ fill: #ffffff; color: #ffffff }#jtg-10720 .modula-item .jtg-social-mobile a{ fill: #ffffff; color: #ffffff }#jtg-10720 .modula-item .jtg-social svg, .lightbox-socials.jtg-social svg { height: 16px; width: 16px }#jtg-10720 .modula-item .jtg-social-mobile svg { height: 16px; width: 16px }#jtg-10720 .modula-item .jtg-social a:not(:last-child), .lightbox-socials.jtg-social a:not(:last-child) { margin-right: 10px }#jtg-10720 .modula-item .jtg-social-mobile .jtg-social-mobile-icons a:not(:last-child){ margin-right: 10px }#jtg-10720 .modula-item .figc {color:#ffffff;}#jtg-10720 .modula-item .modula-item-content { transform: scale(1) }#jtg-10720 .modula-items .figc p.description { font-size:14px; }#jtg-10720 .modula-items .figc p.description { color:#ffffff;}#jtg-10720.modula-gallery .modula-item > a, #jtg-10720.modula-gallery .modula-item, #jtg-10720.modula-gallery .modula-item-content > a:not(.modula-no-follow) { cursor:zoom-in; } #jtg-10720.modula-gallery .modula-item-content .modula-no-follow { cursor: default; } #jtg-10720 .modula-item { background-color:#ffffff; }#jtg-10720 .modula-item:hover img { opacity: 0.5; }#jtg-10720 .modula-item { transform: scale(1) translate(0px,0px) rotate(0deg); }@media screen and (max-width:480px){#jtg-10720 .modula-item .figc .jtg-title {  font-size: 12px; }#jtg-10720 .modula-items .figc p.description { color:#ffffff;font-size:10px; }}#jtg-10720 .modula-items .modula-item:hover img{opacity:1;}<\/style>\n<div  id=\"jtg-10720\" class=\"modula modula-gallery modula-custom-grid\" data-config=\"{&quot;height&quot;:800,&quot;tabletHeight&quot;:800,&quot;mobileHeight&quot;:800,&quot;desktopHeight&quot;:800,&quot;enableTwitter&quot;:true,&quot;enableWhatsapp&quot;:false,&quot;enableFacebook&quot;:true,&quot;enablePinterest&quot;:true,&quot;enableLinkedin&quot;:true,&quot;enableEmail&quot;:false,&quot;randomFactor&quot;:0.5,&quot;type&quot;:&quot;custom-grid&quot;,&quot;columns&quot;:12,&quot;gutter&quot;:10,&quot;mobileGutter&quot;:10,&quot;tabletGutter&quot;:10,&quot;desktopGutter&quot;:10,&quot;enableResponsive&quot;:&quot;0&quot;,&quot;tabletColumns&quot;:2,&quot;mobileColumns&quot;:1,&quot;lazyLoad&quot;:&quot;0&quot;,&quot;lightboxOpts&quot;:{&quot;animated&quot;:true,&quot;Thumbs&quot;:{&quot;type&quot;:&quot;modern&quot;,&quot;showOnStart&quot;:false},&quot;Toolbar&quot;:{&quot;display&quot;:{&quot;right&quot;:[&quot;close&quot;]},&quot;enabled&quot;:true},&quot;Carousel&quot;:{&quot;Panzoom&quot;:{&quot;touch&quot;:false},&quot;infinite&quot;:false},&quot;keyboard&quot;:{&quot;Escape&quot;:&quot;close&quot;,&quot;Delete&quot;:&quot;close&quot;,&quot;Backspace&quot;:&quot;close&quot;,&quot;PageUp&quot;:false,&quot;PageDown&quot;:false,&quot;ArrowUp&quot;:false,&quot;ArrowDown&quot;:false,&quot;ArrowRight&quot;:false,&quot;ArrowLeft&quot;:false},&quot;touch&quot;:false,&quot;backdropClick&quot;:false,&quot;l10n&quot;:{&quot;CLOSE&quot;:&quot;Close&quot;,&quot;NEXT&quot;:&quot;Next&quot;,&quot;PREV&quot;:&quot;Previous&quot;,&quot;Error&quot;:&quot;The requested content cannot be loaded. Please try again later.&quot;,&quot;PLAY_START&quot;:&quot;Start slideshow&quot;,&quot;PLAY_STOP&quot;:&quot;Pause slideshow&quot;,&quot;FULL_SCREEN&quot;:&quot;Full screen&quot;,&quot;THUMBS&quot;:&quot;Thumbnails&quot;,&quot;DOWNLOAD&quot;:&quot;Download&quot;,&quot;SHARE&quot;:&quot;Share&quot;,&quot;ZOOM&quot;:&quot;Zoom&quot;,&quot;EMAIL&quot;:&quot;Here is the link to the image : %%image_link%% and this is the link to the gallery : %%gallery_link%%&quot;,&quot;MODAL&quot;:&quot;You can close this modal content with the ESC key&quot;,&quot;ERROR&quot;:&quot;Something Went Wrong, Please Try Again Later&quot;,&quot;IMAGE_ERROR&quot;:&quot;Image Not Found&quot;,&quot;ELEMENT_NOT_FOUND&quot;:&quot;HTML Element Not Found&quot;,&quot;AJAX_NOT_FOUND&quot;:&quot;Error Loading AJAX : Not Found&quot;,&quot;AJAX_FORBIDDEN&quot;:&quot;Error Loading AJAX : Forbidden&quot;,&quot;IFRAME_ERROR&quot;:&quot;Error Loading Page&quot;,&quot;TOGGLE_ZOOM&quot;:&quot;Toggle zoom level&quot;,&quot;TOGGLE_THUMBS&quot;:&quot;Toggle thumbnails&quot;,&quot;TOGGLE_SLIDESHOW&quot;:&quot;Toggle slideshow&quot;,&quot;TOGGLE_FULLSCREEN&quot;:&quot;Toggle full-screen mode&quot;},&quot;Images&quot;:{&quot;Panzoom&quot;:{&quot;maxScale&quot;:2}},&quot;mainClass&quot;:&quot;modula-fancybox-container modula-lightbox-jtg-10720&quot;,&quot;Html&quot;:{&quot;videoAutoplay&quot;:0,&quot;videoTpl&quot;:&quot;&lt;video class=\\&quot;fancybox__html5video\\&quot; controls muted playsinline controlsList controlsList=\\&quot;nodownload\\&quot; poster=\\&quot;{{poster}}\\&quot; src=\\&quot;{{src}}\\&quot; type=\\&quot;{{format}}\\&quot; &gt;  Sorry, your browser doesn&#039;t support embedded videos, &lt;a href=\\&quot;{{src}}\\&quot;&gt; download &lt;\\\/a&gt; and watch with your favorite video player! &lt;\\\/video&gt;&quot;}},&quot;inView&quot;:false,&quot;email_subject&quot;:&quot;\\u00a1\\u00a1Mira esta impresionante imagen!!&quot;,&quot;email_message&quot;:&quot;Este es el enlace a la imagen: %%image_link%% y este es el enlace a la galer\\u00eda: %%gallery_link%%&quot;,&quot;lightbox&quot;:&quot;fancybox&quot;,&quot;filterClick&quot;:&quot;0&quot;,&quot;defaultActiveFilter&quot;:&quot;all&quot;}\">\n\n\t\n\t<div  class=\"modula-items\">\n\t\t<div class=\"modula-item jtg-filter-all jtg-filter-\" data-width=\"7\" data-height=\"6\" >\n\t<div class=\"modula-item-content\">\n\t\t\n\t\t\t\t\t<a data-image-id=\"976\" tabindex=\"0\" href=\"https:\/\/www.formentera.es\/wp-content\/uploads\/2018\/11\/1_Esglesia-St.-Francesc-panoramica.jpg\" rel=\"jtg-10720\" data-caption=\"\" aria-label=\"Open image in lightbox\" role=\"button\" data-cyclefilter=\"show\" data-fancybox=\"jtg-10720\" class=\"tile-inner modula-item-link\"><\/a>\n\t\t\n\t\t<img loading=\"lazy\" decoding=\"async\" class=\"pic wp-image-976\"  data-valign=\"middle\" data-halign=\"center\" alt=\"\" data-full=\"https:\/\/www.formentera.es\/wp-content\/uploads\/2018\/11\/1_Esglesia-St.-Francesc-panoramica.jpg\" title=\"1_Esglesia St. Francesc (panoramica)\" width=\"1900\" height=\"1202\" src=\"https:\/\/www.formentera.es\/wp-content\/uploads\/2018\/11\/1_Esglesia-St.-Francesc-panoramica.jpg\" data-src=\"https:\/\/www.formentera.es\/wp-content\/uploads\/2018\/11\/1_Esglesia-St.-Francesc-panoramica.jpg\" data-caption=\"\" srcset=\"https:\/\/www.formentera.es\/wp-content\/uploads\/2018\/11\/1_Esglesia-St.-Francesc-panoramica.jpg 1900w, https:\/\/www.formentera.es\/wp-content\/uploads\/2018\/11\/1_Esglesia-St.-Francesc-panoramica-300x190.jpg 300w, https:\/\/www.formentera.es\/wp-content\/uploads\/2018\/11\/1_Esglesia-St.-Francesc-panoramica-768x486.jpg 768w, https:\/\/www.formentera.es\/wp-content\/uploads\/2018\/11\/1_Esglesia-St.-Francesc-panoramica-1024x648.jpg 1024w\" sizes=\"auto, (max-width: 1900px) 100vw, 1900px\" \/>\n\t<\/div>\n\n<\/div><div class=\"modula-item jtg-filter-all jtg-filter-\" data-width=\"5\" data-height=\"6\" >\n\t<div class=\"modula-item-content\">\n\t\t\n\t\t\t\t\t<a data-image-id=\"10721\" tabindex=\"0\" href=\"https:\/\/www.formentera.es\/wp-content\/uploads\/2020\/04\/Can-Marroig.jpg\" rel=\"jtg-10720\" data-caption=\"\" aria-label=\"Open image in lightbox\" role=\"button\" data-cyclefilter=\"show\" data-fancybox=\"jtg-10720\" class=\"tile-inner modula-item-link\"><\/a>\n\t\t\n\t\t<img loading=\"lazy\" decoding=\"async\" class=\"pic wp-image-10721\"  data-valign=\"middle\" data-halign=\"center\" alt=\"\" data-full=\"https:\/\/www.formentera.es\/wp-content\/uploads\/2020\/04\/Can-Marroig.jpg\" title=\"Can-Marroig\" width=\"1600\" height=\"856\" src=\"https:\/\/www.formentera.es\/wp-content\/uploads\/2020\/04\/Can-Marroig.jpg\" data-src=\"https:\/\/www.formentera.es\/wp-content\/uploads\/2020\/04\/Can-Marroig.jpg\" data-caption=\"\" srcset=\"https:\/\/www.formentera.es\/wp-content\/uploads\/2020\/04\/Can-Marroig.jpg 1600w, https:\/\/www.formentera.es\/wp-content\/uploads\/2020\/04\/Can-Marroig-300x161.jpg 300w, https:\/\/www.formentera.es\/wp-content\/uploads\/2020\/04\/Can-Marroig-768x411.jpg 768w, https:\/\/www.formentera.es\/wp-content\/uploads\/2020\/04\/Can-Marroig-1024x548.jpg 1024w\" sizes=\"auto, (max-width: 1600px) 100vw, 1600px\" \/>\n\t<\/div>\n\n<\/div><div class=\"modula-item jtg-filter-all jtg-filter-\" data-width=\"8\" data-height=\"4\" >\n\t<div class=\"modula-item-content\">\n\t\t\n\t\t\t\t\t<a data-image-id=\"10742\" tabindex=\"0\" href=\"https:\/\/www.formentera.es\/wp-content\/uploads\/2020\/04\/sa-gavina-19.jpg\" rel=\"jtg-10720\" data-caption=\"\" aria-label=\"Open image in lightbox\" role=\"button\" data-cyclefilter=\"show\" data-fancybox=\"jtg-10720\" class=\"tile-inner modula-item-link\"><\/a>\n\t\t\n\t\t<img loading=\"lazy\" decoding=\"async\" class=\"pic wp-image-10742\"  data-valign=\"middle\" data-halign=\"center\" alt=\"\" data-full=\"https:\/\/www.formentera.es\/wp-content\/uploads\/2020\/04\/sa-gavina-19.jpg\" title=\"sa-gavina-19\" width=\"1600\" height=\"1067\" src=\"https:\/\/www.formentera.es\/wp-content\/uploads\/2020\/04\/sa-gavina-19.jpg\" data-src=\"https:\/\/www.formentera.es\/wp-content\/uploads\/2020\/04\/sa-gavina-19.jpg\" data-caption=\"\" srcset=\"https:\/\/www.formentera.es\/wp-content\/uploads\/2020\/04\/sa-gavina-19.jpg 1600w, https:\/\/www.formentera.es\/wp-content\/uploads\/2020\/04\/sa-gavina-19-300x200.jpg 300w, https:\/\/www.formentera.es\/wp-content\/uploads\/2020\/04\/sa-gavina-19-768x512.jpg 768w, https:\/\/www.formentera.es\/wp-content\/uploads\/2020\/04\/sa-gavina-19-1024x683.jpg 1024w\" sizes=\"auto, (max-width: 1600px) 100vw, 1600px\" \/>\n\t<\/div>\n\n<\/div><div class=\"modula-item jtg-filter-all jtg-filter-\" data-width=\"4\" data-height=\"4\" >\n\t<div class=\"modula-item-content\">\n\t\t\n\t\t\t\t\t<a data-image-id=\"10728\" tabindex=\"0\" href=\"https:\/\/www.formentera.es\/wp-content\/uploads\/2020\/04\/centre_can_marroig.jpg\" rel=\"jtg-10720\" data-caption=\"\" aria-label=\"Open image in lightbox\" role=\"button\" data-cyclefilter=\"show\" data-fancybox=\"jtg-10720\" class=\"tile-inner modula-item-link\"><\/a>\n\t\t\n\t\t<img loading=\"lazy\" decoding=\"async\" class=\"pic wp-image-10728\"  data-valign=\"middle\" data-halign=\"center\" alt=\"\" data-full=\"https:\/\/www.formentera.es\/wp-content\/uploads\/2020\/04\/centre_can_marroig.jpg\" title=\"centre_can_marroig\" width=\"1600\" height=\"1200\" src=\"https:\/\/www.formentera.es\/wp-content\/uploads\/2020\/04\/centre_can_marroig.jpg\" data-src=\"https:\/\/www.formentera.es\/wp-content\/uploads\/2020\/04\/centre_can_marroig.jpg\" data-caption=\"\" srcset=\"https:\/\/www.formentera.es\/wp-content\/uploads\/2020\/04\/centre_can_marroig.jpg 1600w, https:\/\/www.formentera.es\/wp-content\/uploads\/2020\/04\/centre_can_marroig-300x225.jpg 300w, https:\/\/www.formentera.es\/wp-content\/uploads\/2020\/04\/centre_can_marroig-768x576.jpg 768w, https:\/\/www.formentera.es\/wp-content\/uploads\/2020\/04\/centre_can_marroig-1024x768.jpg 1024w\" sizes=\"auto, (max-width: 1600px) 100vw, 1600px\" \/>\n\t<\/div>\n\n<\/div>\t\t\n\t<\/div>\n\n\t\n\t\n\t<script type=\"application\/ld+json\">\n\t{\n\t\t\"@context\": \"http:\/\/schema.org\",\n\t\t\"@type\"   : \"ImageGallery\",\n\t\t\"id\"      : \"https:\/\/www.formentera.es\/pt\/explorar\/atividades\/rotas-verdes\/sant-francesc-ses-escoles-can-marroig\/\",\n\t\t\"url\"     : \"https:\/\/www.formentera.es\/pt\/explorar\/atividades\/rotas-verdes\/sant-francesc-ses-escoles-can-marroig\/\"\n\t}\n\n\t<\/script>\n\n\t\n<\/div>\n[\/vc_column_text][\/vc_column][\/vc_row][vc_row][vc_column][vc_column_text]<div id=\"mas_rutas\" class=\"container sc\"><h2>Outras rotas em Formentera<\/h2><div class=\"row\"><div class=\"col-md-6 col-lg-4\">\n\t\t\t\t\t\t\t<a href=\"https:\/\/www.formentera.es\/pt\/explorar\/atividades\/rotas-verdes\/sant-francesc-xavier-sant-ferran-de-ses-roques\/\" class=\"img_ruta\"  style=\"background-image: url(https:\/\/www.formentera.es\/wp-content\/uploads\/2020\/04\/shutterstock_87231541-300x200.jpg)\"><\/a>\n\t\t\t\t\t\t\t\n\t\t\t\t\t\t\t<div class=\"col-sm-12\">\n\t\t\t\t\t\t\t\t<a href=\"https:\/\/www.formentera.es\/pt\/explorar\/atividades\/rotas-verdes\/sant-francesc-xavier-sant-ferran-de-ses-roques\/\">Sant Francesc Xavier  &#8211;  Sant Ferran De Ses Roques<\/a><div><img decoding=\"async\" src=\"https:\/\/www.formentera.es\/wp-content\/themes\/Formentera\/img\/bicib.png\">10 min.<\/div><div><img decoding=\"async\" src=\"https:\/\/www.formentera.es\/wp-content\/themes\/Formentera\/img\/caminarb.png\">30 min.<\/div><\/div>\n\t\t\t\t\t\t<\/div><div class=\"col-md-6 col-lg-4\">\n\t\t\t\t\t\t\t<a href=\"https:\/\/www.formentera.es\/pt\/explorar\/atividades\/rotas-verdes\/el-pilar-de-la-mola-sestufador-es-ram\/\" class=\"img_ruta\"  style=\"background-image: url(https:\/\/www.formentera.es\/wp-content\/uploads\/2020\/11\/EL-PILAR-DE-LA-MOLA-ESTUFADOR.-ES-RAM-300x200.jpg)\"><\/a>\n\t\t\t\t\t\t\t\n\t\t\t\t\t\t\t<div class=\"col-sm-12\">\n\t\t\t\t\t\t\t\t<a href=\"https:\/\/www.formentera.es\/pt\/explorar\/atividades\/rotas-verdes\/el-pilar-de-la-mola-sestufador-es-ram\/\">El Pilar De La Mola  &#8211;  S&#8217;Estufador  &#8211;  Es Ram<\/a><div><img decoding=\"async\" src=\"https:\/\/www.formentera.es\/wp-content\/themes\/Formentera\/img\/caminarb.png\">85 min.<\/div><\/div>\n\t\t\t\t\t\t<\/div><div class=\"col-md-6 col-lg-4\">\n\t\t\t\t\t\t\t<a href=\"https:\/\/www.formentera.es\/pt\/explorar\/atividades\/rotas-verdes\/es-cap-torrent-de-salga\/\" class=\"img_ruta\"  style=\"background-image: url(https:\/\/www.formentera.es\/wp-content\/uploads\/2020\/04\/torrent_salga-300x200.jpg)\"><\/a>\n\t\t\t\t\t\t\t\n\t\t\t\t\t\t\t<div class=\"col-sm-12\">\n\t\t\t\t\t\t\t\t<a href=\"https:\/\/www.formentera.es\/pt\/explorar\/atividades\/rotas-verdes\/es-cap-torrent-de-salga\/\">Es Cap  &#8211;  Torrent De S&#8217;Alga<\/a><div><img decoding=\"async\" src=\"https:\/\/www.formentera.es\/wp-content\/themes\/Formentera\/img\/bicib.png\">10 min.<\/div><div><img decoding=\"async\" src=\"https:\/\/www.formentera.es\/wp-content\/themes\/Formentera\/img\/caminarb.png\">30 min.<\/div><\/div>\n\t\t\t\t\t\t<\/div><\/div><a class=\"text-center\" href=\"\">Ver todas as rotas<\/a><\/div>[\/vc_column_text][\/vc_column][\/vc_row]<\/p>\n<\/div>","protected":false},"excerpt":{"rendered":"<p>[vc_row][vc_column width=&#8221;8\/12&#8243;][vc_column_text]Este apraz\u00edvel trajeto liga a c\u00eantrica cidade de Sant Francesc Xavier ao Centro de [&hellip;]<\/p>\n","protected":false},"author":1,"featured_media":31657,"parent":31625,"menu_order":0,"comment_status":"closed","ping_status":"closed","template":"page-ruta.php","meta":{"_acf_changed":false,"footnotes":""},"categories":[],"class_list":["post-31655","page","type-page","status-publish","hentry"],"acf":[],"yoast_head":"<!-- This site is optimized with the Yoast SEO plugin v25.5 - https:\/\/yoast.com\/wordpress\/plugins\/seo\/ -->\n<title>Sant Francesc - Ses Escoles - Can Marroig | Turismo de Formentera<\/title>\n<meta name=\"robots\" content=\"index, follow, max-snippet:-1, max-image-preview:large, max-video-preview:-1\" \/>\n<link rel=\"canonical\" href=\"https:\/\/www.formentera.es\/pt\/explorar\/atividades\/rotas-verdes\/sant-francesc-ses-escoles-can-marroig\/\" \/>\n<meta property=\"og:locale\" content=\"pt_PT\" \/>\n<meta property=\"og:type\" content=\"article\" \/>\n<meta property=\"og:title\" content=\"Sant Francesc - Ses Escoles - Can Marroig | Turismo de Formentera\" \/>\n<meta property=\"og:description\" content=\"[vc_row][vc_column width=&#8221;8\/12&#8243;][vc_column_text]Este apraz\u00edvel trajeto liga a c\u00eantrica cidade de Sant Francesc Xavier ao Centro de [&hellip;]\" \/>\n<meta property=\"og:url\" content=\"https:\/\/www.formentera.es\/pt\/explorar\/atividades\/rotas-verdes\/sant-francesc-ses-escoles-can-marroig\/\" \/>\n<meta property=\"og:site_name\" content=\"Turismo de Formentera\" \/>\n<meta property=\"article:publisher\" content=\"https:\/\/www.facebook.com\/turismoformentera\/\" \/>\n<meta property=\"article:modified_time\" content=\"2024-08-20T07:33:24+00:00\" \/>\n<meta property=\"og:image\" content=\"https:\/\/www.formentera.es\/wp-content\/uploads\/2020\/04\/sa-gavina-19.jpg\" \/>\n\t<meta property=\"og:image:width\" content=\"1600\" \/>\n\t<meta property=\"og:image:height\" content=\"1067\" \/>\n\t<meta property=\"og:image:type\" content=\"image\/jpeg\" \/>\n<meta name=\"twitter:card\" content=\"summary_large_image\" \/>\n<meta name=\"twitter:site\" content=\"@visitformentera\" \/>\n<meta name=\"twitter:label1\" content=\"Tempo estimado de leitura\" \/>\n\t<meta name=\"twitter:data1\" content=\"2 minutos\" \/>\n<script type=\"application\/ld+json\" class=\"yoast-schema-graph\">{\"@context\":\"https:\/\/schema.org\",\"@graph\":[{\"@type\":\"WebPage\",\"@id\":\"https:\/\/www.formentera.es\/pt\/explorar\/atividades\/rotas-verdes\/sant-francesc-ses-escoles-can-marroig\/\",\"url\":\"https:\/\/www.formentera.es\/pt\/explorar\/atividades\/rotas-verdes\/sant-francesc-ses-escoles-can-marroig\/\",\"name\":\"Sant Francesc - Ses Escoles - Can Marroig | Turismo de Formentera\",\"isPartOf\":{\"@id\":\"https:\/\/www.formentera.es\/#website\"},\"primaryImageOfPage\":{\"@id\":\"https:\/\/www.formentera.es\/pt\/explorar\/atividades\/rotas-verdes\/sant-francesc-ses-escoles-can-marroig\/#primaryimage\"},\"image\":{\"@id\":\"https:\/\/www.formentera.es\/pt\/explorar\/atividades\/rotas-verdes\/sant-francesc-ses-escoles-can-marroig\/#primaryimage\"},\"thumbnailUrl\":\"https:\/\/www.formentera.es\/wp-content\/uploads\/2020\/04\/sa-gavina-19.jpg\",\"datePublished\":\"2020-04-15T10:57:19+00:00\",\"dateModified\":\"2024-08-20T07:33:24+00:00\",\"breadcrumb\":{\"@id\":\"https:\/\/www.formentera.es\/pt\/explorar\/atividades\/rotas-verdes\/sant-francesc-ses-escoles-can-marroig\/#breadcrumb\"},\"inLanguage\":\"pt-PT\",\"potentialAction\":[{\"@type\":\"ReadAction\",\"target\":[\"https:\/\/www.formentera.es\/pt\/explorar\/atividades\/rotas-verdes\/sant-francesc-ses-escoles-can-marroig\/\"]}]},{\"@type\":\"ImageObject\",\"inLanguage\":\"pt-PT\",\"@id\":\"https:\/\/www.formentera.es\/pt\/explorar\/atividades\/rotas-verdes\/sant-francesc-ses-escoles-can-marroig\/#primaryimage\",\"url\":\"https:\/\/www.formentera.es\/wp-content\/uploads\/2020\/04\/sa-gavina-19.jpg\",\"contentUrl\":\"https:\/\/www.formentera.es\/wp-content\/uploads\/2020\/04\/sa-gavina-19.jpg\",\"width\":1600,\"height\":1067},{\"@type\":\"BreadcrumbList\",\"@id\":\"https:\/\/www.formentera.es\/pt\/explorar\/atividades\/rotas-verdes\/sant-francesc-ses-escoles-can-marroig\/#breadcrumb\",\"itemListElement\":[{\"@type\":\"ListItem\",\"position\":1,\"name\":\"Portada\",\"item\":\"https:\/\/www.formentera.es\/pt\/\"},{\"@type\":\"ListItem\",\"position\":2,\"name\":\"Explorar\",\"item\":\"https:\/\/www.formentera.es\/explorar\/\"},{\"@type\":\"ListItem\",\"position\":3,\"name\":\"Atividades\",\"item\":\"https:\/\/www.formentera.es\/pt\/explorar\/atividades\/\"},{\"@type\":\"ListItem\",\"position\":4,\"name\":\"Rotas verdes\",\"item\":\"https:\/\/www.formentera.es\/pt\/explorar\/atividades\/rotas-verdes\/\"},{\"@type\":\"ListItem\",\"position\":5,\"name\":\"Sant Francesc &#8211; Ses Escoles &#8211; Can Marroig\"}]},{\"@type\":\"WebSite\",\"@id\":\"https:\/\/www.formentera.es\/#website\",\"url\":\"https:\/\/www.formentera.es\/\",\"name\":\"Turismo de Formentera\",\"description\":\"Web oficial de Turismo de Formentera\",\"potentialAction\":[{\"@type\":\"SearchAction\",\"target\":{\"@type\":\"EntryPoint\",\"urlTemplate\":\"https:\/\/www.formentera.es\/?s={search_term_string}\"},\"query-input\":{\"@type\":\"PropertyValueSpecification\",\"valueRequired\":true,\"valueName\":\"search_term_string\"}}],\"inLanguage\":\"pt-PT\"}]}<\/script>\n<!-- \/ Yoast SEO plugin. -->","yoast_head_json":{"title":"Sant Francesc - Ses Escoles - Can Marroig | Turismo de Formentera","robots":{"index":"index","follow":"follow","max-snippet":"max-snippet:-1","max-image-preview":"max-image-preview:large","max-video-preview":"max-video-preview:-1"},"canonical":"https:\/\/www.formentera.es\/pt\/explorar\/atividades\/rotas-verdes\/sant-francesc-ses-escoles-can-marroig\/","og_locale":"pt_PT","og_type":"article","og_title":"Sant Francesc - Ses Escoles - Can Marroig | Turismo de Formentera","og_description":"[vc_row][vc_column width=&#8221;8\/12&#8243;][vc_column_text]Este apraz\u00edvel trajeto liga a c\u00eantrica cidade de Sant Francesc Xavier ao Centro de [&hellip;]","og_url":"https:\/\/www.formentera.es\/pt\/explorar\/atividades\/rotas-verdes\/sant-francesc-ses-escoles-can-marroig\/","og_site_name":"Turismo de Formentera","article_publisher":"https:\/\/www.facebook.com\/turismoformentera\/","article_modified_time":"2024-08-20T07:33:24+00:00","og_image":[{"width":1600,"height":1067,"url":"https:\/\/www.formentera.es\/wp-content\/uploads\/2020\/04\/sa-gavina-19.jpg","type":"image\/jpeg"}],"twitter_card":"summary_large_image","twitter_site":"@visitformentera","twitter_misc":{"Tempo estimado de leitura":"2 minutos"},"schema":{"@context":"https:\/\/schema.org","@graph":[{"@type":"WebPage","@id":"https:\/\/www.formentera.es\/pt\/explorar\/atividades\/rotas-verdes\/sant-francesc-ses-escoles-can-marroig\/","url":"https:\/\/www.formentera.es\/pt\/explorar\/atividades\/rotas-verdes\/sant-francesc-ses-escoles-can-marroig\/","name":"Sant Francesc - Ses Escoles - Can Marroig | Turismo de Formentera","isPartOf":{"@id":"https:\/\/www.formentera.es\/#website"},"primaryImageOfPage":{"@id":"https:\/\/www.formentera.es\/pt\/explorar\/atividades\/rotas-verdes\/sant-francesc-ses-escoles-can-marroig\/#primaryimage"},"image":{"@id":"https:\/\/www.formentera.es\/pt\/explorar\/atividades\/rotas-verdes\/sant-francesc-ses-escoles-can-marroig\/#primaryimage"},"thumbnailUrl":"https:\/\/www.formentera.es\/wp-content\/uploads\/2020\/04\/sa-gavina-19.jpg","datePublished":"2020-04-15T10:57:19+00:00","dateModified":"2024-08-20T07:33:24+00:00","breadcrumb":{"@id":"https:\/\/www.formentera.es\/pt\/explorar\/atividades\/rotas-verdes\/sant-francesc-ses-escoles-can-marroig\/#breadcrumb"},"inLanguage":"pt-PT","potentialAction":[{"@type":"ReadAction","target":["https:\/\/www.formentera.es\/pt\/explorar\/atividades\/rotas-verdes\/sant-francesc-ses-escoles-can-marroig\/"]}]},{"@type":"ImageObject","inLanguage":"pt-PT","@id":"https:\/\/www.formentera.es\/pt\/explorar\/atividades\/rotas-verdes\/sant-francesc-ses-escoles-can-marroig\/#primaryimage","url":"https:\/\/www.formentera.es\/wp-content\/uploads\/2020\/04\/sa-gavina-19.jpg","contentUrl":"https:\/\/www.formentera.es\/wp-content\/uploads\/2020\/04\/sa-gavina-19.jpg","width":1600,"height":1067},{"@type":"BreadcrumbList","@id":"https:\/\/www.formentera.es\/pt\/explorar\/atividades\/rotas-verdes\/sant-francesc-ses-escoles-can-marroig\/#breadcrumb","itemListElement":[{"@type":"ListItem","position":1,"name":"Portada","item":"https:\/\/www.formentera.es\/pt\/"},{"@type":"ListItem","position":2,"name":"Explorar","item":"https:\/\/www.formentera.es\/explorar\/"},{"@type":"ListItem","position":3,"name":"Atividades","item":"https:\/\/www.formentera.es\/pt\/explorar\/atividades\/"},{"@type":"ListItem","position":4,"name":"Rotas verdes","item":"https:\/\/www.formentera.es\/pt\/explorar\/atividades\/rotas-verdes\/"},{"@type":"ListItem","position":5,"name":"Sant Francesc &#8211; Ses Escoles &#8211; Can Marroig"}]},{"@type":"WebSite","@id":"https:\/\/www.formentera.es\/#website","url":"https:\/\/www.formentera.es\/","name":"Turismo de Formentera","description":"Web oficial de Turismo de Formentera","potentialAction":[{"@type":"SearchAction","target":{"@type":"EntryPoint","urlTemplate":"https:\/\/www.formentera.es\/?s={search_term_string}"},"query-input":{"@type":"PropertyValueSpecification","valueRequired":true,"valueName":"search_term_string"}}],"inLanguage":"pt-PT"}]}},"_links":{"self":[{"href":"https:\/\/www.formentera.es\/pt\/wp-json\/wp\/v2\/pages\/31655","targetHints":{"allow":["GET"]}}],"collection":[{"href":"https:\/\/www.formentera.es\/pt\/wp-json\/wp\/v2\/pages"}],"about":[{"href":"https:\/\/www.formentera.es\/pt\/wp-json\/wp\/v2\/types\/page"}],"author":[{"embeddable":true,"href":"https:\/\/www.formentera.es\/pt\/wp-json\/wp\/v2\/users\/1"}],"replies":[{"embeddable":true,"href":"https:\/\/www.formentera.es\/pt\/wp-json\/wp\/v2\/comments?post=31655"}],"version-history":[{"count":0,"href":"https:\/\/www.formentera.es\/pt\/wp-json\/wp\/v2\/pages\/31655\/revisions"}],"up":[{"embeddable":true,"href":"https:\/\/www.formentera.es\/pt\/wp-json\/wp\/v2\/pages\/31625"}],"wp:featuredmedia":[{"embeddable":true,"href":"https:\/\/www.formentera.es\/pt\/wp-json\/wp\/v2\/media\/31657"}],"wp:attachment":[{"href":"https:\/\/www.formentera.es\/pt\/wp-json\/wp\/v2\/media?parent=31655"}],"wp:term":[{"taxonomy":"category","embeddable":true,"href":"https:\/\/www.formentera.es\/pt\/wp-json\/wp\/v2\/categories?post=31655"}],"curies":[{"name":"wp","href":"https:\/\/api.w.org\/{rel}","templated":true}]}}