{"id":31593,"date":"2022-09-06T09:27:11","date_gmt":"2022-09-06T07:27:11","guid":{"rendered":"https:\/\/www.formentera.es\/explorar\/locais-de-interesse\/ruta-fotografica\/"},"modified":"2024-08-19T16:03:47","modified_gmt":"2024-08-19T14:03:47","slug":"rota-fotografica","status":"publish","type":"page","link":"https:\/\/www.formentera.es\/pt\/explorar\/locais-de-interesse\/rota-fotografica\/","title":{"rendered":"Rota fotogr\u00e1fica"},"content":{"rendered":"<div class=\"wpb-content-wrapper\"><p>[vc_row full_width=&#8221;stretch_row&#8221;][vc_column width=&#8221;2\/3&#8243; css=&#8221;.vc_custom_1530269560078{padding-right: 5% !important;}&#8221;][vc_column_text el_class=&#8221;texto_ficha&#8221;]<\/p>\n<h2>Levar para casa uma recorda\u00e7\u00e3o de Formentera<\/h2>\n<h3>Descubra o nosso percurso fotogr\u00e1fico pelos pontos mais carater\u00edsticos da ilha<\/h3>\n<p>\u00c9 uma ilha com uma forma totalmente original e uma superf\u00edcie plana, com os seus 69 quil\u00f3metros de costa e praias magn.<\/p>\n<p>Propomos este itiner\u00e1rio para descobrir o patrim\u00f3nio natural e cultural de Formen<\/p>\n<p>Esperamos que gostem da ilha e da nossa nova rota, e que levem consigo mem\u00f3rias inesquec\u00edve.<\/p>\n<p>Nestes locais, foram instalados suportes onde pode colocar o seu telem\u00f3vel e tirar uma selfie de recorda\u00e7\u00e3o que mostre o melhor enquadramento da envolvente. O mapa de localiza\u00e7\u00e3o destes suportes pode ser obtido atrav\u00e9s da leitura do c\u00f3digo QR ou seguindo <a href=\"https:\/\/turs.photo\/qr\/formentera\/\" target=\"_blank\" rel=\"noopener noreferrer\">esta liga\u00e7\u00e3o<\/a>.[\/vc_column_text][\/vc_column][vc_column width=&#8221;1\/3&#8243;][vc_column_text]<div id=\"sidebar_ficha\"><a class=\"sidebar_breadcrumbs\" href=\"https:\/\/www.formentera.es\/pt\/explorar\/locais-de-interesse\/\"><i class=\"fa fa-angle-left\"><\/i>Voltar a Locais de interesse<\/a><div class=\"content_sidebar\"><div class=\"bloc_share\"><div class=\"blocs1\"><div class=\"tit_medium\">Compartilhar<\/div><div class=\"redes_ficha\"><div class=\"fa fa-brands fa-x-twitter st-custom-button\" data-network=\"twitter\"><\/div><div class=\"fa fa-facebook st-custom-button\" data-network=\"facebook\"><\/div><div class=\"fa fa-pinterest-p st-custom-button\" data-network=\"pinterest\"><\/div><\/div><\/div><div class=\"blocs2\"><div class=\"tit_medium\">Enviar para um amigo<\/div><div class=\"redes_ficha\"><div class=\"fa fa-envelope st-custom-button\" data-network=\"email\"><\/div><div class=\"fa fa-whatsapp st-custom-button\" data-network=\"whatsapp\"><\/div><\/div><\/div><\/div><\/div><\/div>[\/vc_column_text][\/vc_column][\/vc_row][vc_row full_width=&#8221;stretch_row&#8221; disable_element=&#8221;yes&#8221;][vc_column width=&#8221;2\/3&#8243; css=&#8221;.vc_custom_1530269560078{padding-right: 5% !important;}&#8221;][vc_column_text]<\/p>\n<h3>Marque-nos #visitformentera e ganhe duas fotografias em papel<\/h3>\n<p>Partilhe as suas fotografias nas redes sociais, marcando Turismo de Formentera @visitformentera. Isto d\u00e1-lhe o direito de imprimir duas fotografias de recorda\u00e7\u00e3o deste percurso no Posto de Informa\u00e7\u00e3o Tur\u00edstica de La Savina, gratuitamente[\/vc_column_text][vc_single_image image=&#8221;17766&#8243; img_size=&#8221;full&#8221;][\/vc_column][vc_column width=&#8221;1\/3&#8243;][\/vc_column][\/vc_row][vc_row full_width=&#8221;stretch_row_content_no_spaces&#8221; el_id=&#8221;iframe_mapa&#8221;][vc_column][vc_raw_html]JTNDaWZyYW1lJTIwd2lkdGglM0QlMjIxMDAlMjUlMjIlMjBoZWlnaHQlM0QlMjI5MDBweCUyMiUyMGZyYW1lYm9yZGVyJTNEJTIyMCUyMiUyMGFsbG93ZnVsbHNjcmVlbiUyMHNyYyUzRCUyMiUyRiUyRnVtYXAub3BlbnN0cmVldG1hcC5mciUyRmVzJTJGbWFwJTJGZm9ybWVudGVyYS1zZWxmaWUtcG9pbnRzLWxvY2F0aW9uc183NzY4MzclM0ZzY2FsZUNvbnRyb2wlM0RmYWxzZSUyNm1pbmlNYXAlM0RmYWxzZSUyNnNjcm9sbFdoZWVsWm9vbSUzRGZhbHNlJTI2em9vbUNvbnRyb2wlM0R0cnVlJTI2YWxsb3dFZGl0JTNEZmFsc2UlMjZtb3JlQ29udHJvbCUzRGZhbHNlJTI2c2VhcmNoQ29udHJvbCUzRG51bGwlMjZ0aWxlbGF5ZXJzQ29udHJvbCUzRG51bGwlMjZlbWJlZENvbnRyb2wlM0RudWxsJTI2ZGF0YWxheWVyc0NvbnRyb2wlM0R0cnVlJTI2b25Mb2FkUGFuZWwlM0R1bmRlZmluZWQlMjZjYXB0aW9uQmFyJTNEZmFsc2UlMjMxMyUyRjM4LjY5NzglMkYxLjQ2NDQlMjIlM0UlM0MlMkZpZnJhbWUlM0U=[\/vc_raw_html][\/vc_column][\/vc_row][vc_row full_width=&#8221;stretch_row_content_no_spaces&#8221;][vc_column][vc_column_text]<style>#jtg-17737 .modula-item .jtg-social a, .lightbox-socials.jtg-social a{ fill: #ffffff; color: #ffffff }#jtg-17737 .modula-item .jtg-social-mobile a{ fill: #ffffff; color: #ffffff }#jtg-17737 .modula-item .jtg-social svg, .lightbox-socials.jtg-social svg { height: 16px; width: 16px }#jtg-17737 .modula-item .jtg-social-mobile svg { height: 16px; width: 16px }#jtg-17737 .modula-item .jtg-social a:not(:last-child), .lightbox-socials.jtg-social a:not(:last-child) { margin-right: 10px }#jtg-17737 .modula-item .jtg-social-mobile .jtg-social-mobile-icons a:not(:last-child){ margin-right: 10px }#jtg-17737 .modula-item .figc {color:#ffffff;}#jtg-17737 .modula-item .figc .jtg-title {  font-size: 16px; }#jtg-17737 .modula-item .modula-item-content { transform: scale(1) }#jtg-17737 .modula-items .figc p.description { font-size:14px; }#jtg-17737 .modula-items .figc p.description { color:#ffffff;}#jtg-17737.modula-gallery .modula-item > a, #jtg-17737.modula-gallery .modula-item, #jtg-17737.modula-gallery .modula-item-content > a:not(.modula-no-follow) { cursor:zoom-in; } #jtg-17737.modula-gallery .modula-item-content .modula-no-follow { cursor: default; } #jtg-17737 .modula-item { background-color:#000000; }#jtg-17737 .modula-item:hover img { opacity: 0.5; }#jtg-17737 .modula-item { transform: scale(1) translate(0px,0px) rotate(0deg); }@media screen and (max-width:480px){#jtg-17737 .modula-item .figc .jtg-title {  font-size: 12px; }#jtg-17737 .modula-items .figc p.description { color:#ffffff;font-size:10px; }}<\/style>\n<div  id=\"jtg-17737\" class=\"modula modula-gallery modula-custom-grid\" data-config=\"{&quot;height&quot;:1000,&quot;tabletHeight&quot;:1000,&quot;mobileHeight&quot;:1000,&quot;desktopHeight&quot;:1000,&quot;enableTwitter&quot;:false,&quot;enableWhatsapp&quot;:false,&quot;enableFacebook&quot;:false,&quot;enablePinterest&quot;:false,&quot;enableLinkedin&quot;:false,&quot;enableEmail&quot;:false,&quot;randomFactor&quot;:0.5,&quot;type&quot;:&quot;custom-grid&quot;,&quot;columns&quot;:12,&quot;gutter&quot;:10,&quot;mobileGutter&quot;:10,&quot;tabletGutter&quot;:10,&quot;desktopGutter&quot;:10,&quot;enableResponsive&quot;:true,&quot;tabletColumns&quot;:2,&quot;mobileColumns&quot;:1,&quot;lazyLoad&quot;:&quot;0&quot;,&quot;lightboxOpts&quot;:{&quot;animated&quot;:true,&quot;Thumbs&quot;:{&quot;type&quot;:&quot;modern&quot;,&quot;showOnStart&quot;:false},&quot;Toolbar&quot;:{&quot;display&quot;:{&quot;right&quot;:[&quot;close&quot;]},&quot;enabled&quot;:true},&quot;Carousel&quot;:{&quot;Panzoom&quot;:{&quot;touch&quot;:false},&quot;infinite&quot;:false},&quot;keyboard&quot;:{&quot;Escape&quot;:&quot;close&quot;,&quot;Delete&quot;:&quot;close&quot;,&quot;Backspace&quot;:&quot;close&quot;,&quot;PageUp&quot;:false,&quot;PageDown&quot;:false,&quot;ArrowUp&quot;:false,&quot;ArrowDown&quot;:false,&quot;ArrowRight&quot;:false,&quot;ArrowLeft&quot;:false},&quot;touch&quot;:false,&quot;backdropClick&quot;:false,&quot;l10n&quot;:{&quot;CLOSE&quot;:&quot;Close&quot;,&quot;NEXT&quot;:&quot;Next&quot;,&quot;PREV&quot;:&quot;Previous&quot;,&quot;Error&quot;:&quot;The requested content cannot be loaded. Please try again later.&quot;,&quot;PLAY_START&quot;:&quot;Start slideshow&quot;,&quot;PLAY_STOP&quot;:&quot;Pause slideshow&quot;,&quot;FULL_SCREEN&quot;:&quot;Full screen&quot;,&quot;THUMBS&quot;:&quot;Thumbnails&quot;,&quot;DOWNLOAD&quot;:&quot;Download&quot;,&quot;SHARE&quot;:&quot;Share&quot;,&quot;ZOOM&quot;:&quot;Zoom&quot;,&quot;EMAIL&quot;:&quot;Here is the link to the image : %%image_link%% and this is the link to the gallery : %%gallery_link%%&quot;,&quot;MODAL&quot;:&quot;You can close this modal content with the ESC key&quot;,&quot;ERROR&quot;:&quot;Something Went Wrong, Please Try Again Later&quot;,&quot;IMAGE_ERROR&quot;:&quot;Image Not Found&quot;,&quot;ELEMENT_NOT_FOUND&quot;:&quot;HTML Element Not Found&quot;,&quot;AJAX_NOT_FOUND&quot;:&quot;Error Loading AJAX : Not Found&quot;,&quot;AJAX_FORBIDDEN&quot;:&quot;Error Loading AJAX : Forbidden&quot;,&quot;IFRAME_ERROR&quot;:&quot;Error Loading Page&quot;,&quot;TOGGLE_ZOOM&quot;:&quot;Toggle zoom level&quot;,&quot;TOGGLE_THUMBS&quot;:&quot;Toggle thumbnails&quot;,&quot;TOGGLE_SLIDESHOW&quot;:&quot;Toggle slideshow&quot;,&quot;TOGGLE_FULLSCREEN&quot;:&quot;Toggle full-screen mode&quot;},&quot;Images&quot;:{&quot;Panzoom&quot;:{&quot;maxScale&quot;:2}},&quot;mainClass&quot;:&quot;modula-fancybox-container modula-lightbox-jtg-17737&quot;,&quot;Html&quot;:{&quot;videoAutoplay&quot;:0,&quot;videoTpl&quot;:&quot;&lt;video class=\\&quot;fancybox__html5video\\&quot; controls muted playsinline controlsList controlsList=\\&quot;nodownload\\&quot; poster=\\&quot;{{poster}}\\&quot; src=\\&quot;{{src}}\\&quot; type=\\&quot;{{format}}\\&quot; &gt;  Sorry, your browser doesn&#039;t support embedded videos, &lt;a href=\\&quot;{{src}}\\&quot;&gt; download &lt;\\\/a&gt; and watch with your favorite video player! &lt;\\\/video&gt;&quot;}},&quot;inView&quot;:false,&quot;email_subject&quot;:&quot;\\u00a1\\u00a1Mira esta impresionante imagen!!&quot;,&quot;email_message&quot;:&quot;Este es el enlace a la imagen: %%image_link%% y este es el enlace a la galer\\u00eda: %%gallery_link%%&quot;,&quot;lightbox&quot;:&quot;fancybox&quot;,&quot;filterClick&quot;:&quot;0&quot;,&quot;defaultActiveFilter&quot;:&quot;all&quot;}\">\n\n\t\n\t<div  class=\"modula-items\">\n\t\t<div class=\"modula-item effect-quiet jtg-filter-all jtg-filter-\" data-width=\"5\" data-height=\"4\" >\n\t<div class=\"modula-item-overlay\"><\/div>\n\n\t<div class=\"modula-item-content\">\n\n\t\t\t\t\n\t\t\t\t\t<a data-image-id=\"17745\" tabindex=\"0\" href=\"https:\/\/www.formentera.es\/wp-content\/uploads\/2022\/09\/section-photos_01.jpg\" rel=\"jtg-17737\" data-caption=\"\" aria-label=\"Open image in lightbox\" role=\"button\" data-cyclefilter=\"show\" data-fancybox=\"jtg-17737\" class=\"tile-inner modula-item-link\"><\/a>\n\t\t\n\t\t<img loading=\"lazy\" decoding=\"async\" class=\"pic wp-image-17745\"  data-valign=\"middle\" data-halign=\"center\" alt=\"\" data-full=\"https:\/\/www.formentera.es\/wp-content\/uploads\/2022\/09\/section-photos_01.jpg\" title=\"section-photos_01\" width=\"570\" height=\"600\" src=\"https:\/\/www.formentera.es\/wp-content\/uploads\/2022\/09\/section-photos_01.jpg\" data-src=\"https:\/\/www.formentera.es\/wp-content\/uploads\/2022\/09\/section-photos_01.jpg\" data-caption=\"\" srcset=\"https:\/\/www.formentera.es\/wp-content\/uploads\/2022\/09\/section-photos_01.jpg 570w, https:\/\/www.formentera.es\/wp-content\/uploads\/2022\/09\/section-photos_01-285x300.jpg 285w\" sizes=\"auto, (max-width: 570px) 100vw, 570px\" \/>\n\t\t<div class=\"figc no-description\">\n\t\t\t<div class=\"figc-inner\">\n\t\t\t\t\t\t\t\t\t\t\t\t\t\t\t<\/div>\n\t\t<\/div>\n\n\t<\/div>\n\n<\/div><div class=\"modula-item effect-quiet jtg-filter-all jtg-filter-\" data-width=\"7\" data-height=\"5\" >\n\t<div class=\"modula-item-overlay\"><\/div>\n\n\t<div class=\"modula-item-content\">\n\n\t\t\t\t\n\t\t\t\t\t<a data-image-id=\"13458\" tabindex=\"0\" href=\"https:\/\/www.formentera.es\/wp-content\/uploads\/2020\/08\/2-guiaFormentera.jpg\" rel=\"jtg-17737\" data-caption=\"\" aria-label=\"Open image in lightbox\" role=\"button\" data-cyclefilter=\"show\" data-fancybox=\"jtg-17737\" class=\"tile-inner modula-item-link\"><\/a>\n\t\t\n\t\t<img loading=\"lazy\" decoding=\"async\" class=\"pic wp-image-13458\"  data-valign=\"middle\" data-halign=\"center\" alt=\"\" data-full=\"https:\/\/www.formentera.es\/wp-content\/uploads\/2020\/08\/2-guiaFormentera.jpg\" title=\"2-guiaFormentera\" width=\"1900\" height=\"1425\" src=\"https:\/\/www.formentera.es\/wp-content\/uploads\/2020\/08\/2-guiaFormentera.jpg\" data-src=\"https:\/\/www.formentera.es\/wp-content\/uploads\/2020\/08\/2-guiaFormentera.jpg\" data-caption=\"Sant Francesc Xavier\" srcset=\"https:\/\/www.formentera.es\/wp-content\/uploads\/2020\/08\/2-guiaFormentera.jpg 1900w, https:\/\/www.formentera.es\/wp-content\/uploads\/2020\/08\/2-guiaFormentera-300x225.jpg 300w, https:\/\/www.formentera.es\/wp-content\/uploads\/2020\/08\/2-guiaFormentera-768x576.jpg 768w, https:\/\/www.formentera.es\/wp-content\/uploads\/2020\/08\/2-guiaFormentera-1024x768.jpg 1024w\" sizes=\"auto, (max-width: 1900px) 100vw, 1900px\" \/>\n\t\t<div class=\"figc\">\n\t\t\t<div class=\"figc-inner\">\n\t\t\t\t\t\t\t\t\t\t\t\t\t\t\t<\/div>\n\t\t<\/div>\n\n\t<\/div>\n\n<\/div><div class=\"modula-item effect-quiet jtg-filter-all jtg-filter-\" data-width=\"5\" data-height=\"5\" >\n\t<div class=\"modula-item-overlay\"><\/div>\n\n\t<div class=\"modula-item-content\">\n\n\t\t\t\t\n\t\t\t\t\t<a data-image-id=\"13481\" tabindex=\"0\" href=\"https:\/\/www.formentera.es\/wp-content\/uploads\/2020\/08\/5-guiaFormentera.jpg\" rel=\"jtg-17737\" data-caption=\"\" aria-label=\"Open image in lightbox\" role=\"button\" data-cyclefilter=\"show\" data-fancybox=\"jtg-17737\" class=\"tile-inner modula-item-link\"><\/a>\n\t\t\n\t\t<img loading=\"lazy\" decoding=\"async\" class=\"pic wp-image-13481\"  data-valign=\"middle\" data-halign=\"center\" alt=\"\" data-full=\"https:\/\/www.formentera.es\/wp-content\/uploads\/2020\/08\/5-guiaFormentera.jpg\" title=\"5-guiaFormentera\" width=\"1900\" height=\"2533\" src=\"https:\/\/www.formentera.es\/wp-content\/uploads\/2020\/08\/5-guiaFormentera.jpg\" data-src=\"https:\/\/www.formentera.es\/wp-content\/uploads\/2020\/08\/5-guiaFormentera.jpg\" data-caption=\"Faro de Cap de Barbaria\" srcset=\"https:\/\/www.formentera.es\/wp-content\/uploads\/2020\/08\/5-guiaFormentera.jpg 1900w, https:\/\/www.formentera.es\/wp-content\/uploads\/2020\/08\/5-guiaFormentera-225x300.jpg 225w, https:\/\/www.formentera.es\/wp-content\/uploads\/2020\/08\/5-guiaFormentera-768x1024.jpg 768w\" sizes=\"auto, (max-width: 1900px) 100vw, 1900px\" \/>\n\t\t<div class=\"figc\">\n\t\t\t<div class=\"figc-inner\">\n\t\t\t\t\t\t\t\t\t\t\t\t\t\t\t<\/div>\n\t\t<\/div>\n\n\t<\/div>\n\n<\/div><div class=\"modula-item effect-quiet jtg-filter-all jtg-filter-\" data-width=\"4\" data-height=\"4\" >\n\t<div class=\"modula-item-overlay\"><\/div>\n\n\t<div class=\"modula-item-content\">\n\n\t\t\t\t\n\t\t\t\t\t<a data-image-id=\"17738\" tabindex=\"0\" href=\"https:\/\/www.formentera.es\/wp-content\/uploads\/2022\/09\/section-photos_08.jpg\" rel=\"jtg-17737\" data-caption=\"\" aria-label=\"Open image in lightbox\" role=\"button\" data-cyclefilter=\"show\" data-fancybox=\"jtg-17737\" class=\"tile-inner modula-item-link\"><\/a>\n\t\t\n\t\t<img loading=\"lazy\" decoding=\"async\" class=\"pic wp-image-17738\"  data-valign=\"middle\" data-halign=\"center\" alt=\"\" data-full=\"https:\/\/www.formentera.es\/wp-content\/uploads\/2022\/09\/section-photos_08.jpg\" title=\"section-photos_08\" width=\"570\" height=\"600\" src=\"https:\/\/www.formentera.es\/wp-content\/uploads\/2022\/09\/section-photos_08.jpg\" data-src=\"https:\/\/www.formentera.es\/wp-content\/uploads\/2022\/09\/section-photos_08.jpg\" data-caption=\"\" srcset=\"https:\/\/www.formentera.es\/wp-content\/uploads\/2022\/09\/section-photos_08.jpg 570w, https:\/\/www.formentera.es\/wp-content\/uploads\/2022\/09\/section-photos_08-285x300.jpg 285w\" sizes=\"auto, (max-width: 570px) 100vw, 570px\" \/>\n\t\t<div class=\"figc no-description\">\n\t\t\t<div class=\"figc-inner\">\n\t\t\t\t\t\t\t\t\t\t\t\t\t\t\t<\/div>\n\t\t<\/div>\n\n\t<\/div>\n\n<\/div><div class=\"modula-item effect-quiet jtg-filter-all jtg-filter-\" data-width=\"3\" data-height=\"4\" >\n\t<div class=\"modula-item-overlay\"><\/div>\n\n\t<div class=\"modula-item-content\">\n\n\t\t\t\t\n\t\t\t\t\t<a data-image-id=\"17752\" tabindex=\"0\" href=\"https:\/\/www.formentera.es\/wp-content\/uploads\/2022\/09\/section-photos_09.jpg\" rel=\"jtg-17737\" data-caption=\"\" aria-label=\"Open image in lightbox\" role=\"button\" data-cyclefilter=\"show\" data-fancybox=\"jtg-17737\" class=\"tile-inner modula-item-link\"><\/a>\n\t\t\n\t\t<img loading=\"lazy\" decoding=\"async\" class=\"pic wp-image-17752\"  data-valign=\"middle\" data-halign=\"center\" alt=\"\" data-full=\"https:\/\/www.formentera.es\/wp-content\/uploads\/2022\/09\/section-photos_09.jpg\" title=\"section-photos_09\" width=\"570\" height=\"600\" src=\"https:\/\/www.formentera.es\/wp-content\/uploads\/2022\/09\/section-photos_09.jpg\" data-src=\"https:\/\/www.formentera.es\/wp-content\/uploads\/2022\/09\/section-photos_09.jpg\" data-caption=\"\" srcset=\"https:\/\/www.formentera.es\/wp-content\/uploads\/2022\/09\/section-photos_09.jpg 570w, https:\/\/www.formentera.es\/wp-content\/uploads\/2022\/09\/section-photos_09-285x300.jpg 285w\" sizes=\"auto, (max-width: 570px) 100vw, 570px\" \/>\n\t\t<div class=\"figc no-description\">\n\t\t\t<div class=\"figc-inner\">\n\t\t\t\t\t\t\t\t\t\t\t\t\t\t\t<\/div>\n\t\t<\/div>\n\n\t<\/div>\n\n<\/div>\t\t\n\t<\/div>\n\n\t\n\t\n\t<script type=\"application\/ld+json\">\n\t{\n\t\t\"@context\": \"http:\/\/schema.org\",\n\t\t\"@type\"   : \"ImageGallery\",\n\t\t\"id\"      : \"https:\/\/www.formentera.es\/pt\/explorar\/locais-de-interesse\/rota-fotografica\/\",\n\t\t\"url\"     : \"https:\/\/www.formentera.es\/pt\/explorar\/locais-de-interesse\/rota-fotografica\/\"\n\t}\n\n\t<\/script>\n\n\t\n<\/div>\n[\/vc_column_text][\/vc_column][\/vc_row][vc_row full_width=&#8221;stretch_row_content&#8221; equal_height=&#8221;yes&#8221; css=&#8221;.vc_custom_1530270547786{padding-top: 80px !important;}&#8221;][vc_column][vc_column_text el_class=&#8221;h1&#8243;]<\/p>\n<h2 style=\"text-align: center;\">Eventos em Formentera<\/h2>\n<p>[\/vc_column_text][vc_basic_grid post_type=&#8221;post&#8221; max_items=&#8221;3&#8243; orderby=&#8221;rand&#8221; item=&#8221;60&#8243; grid_id=&#8221;vc_gid:1724075895270-1bacf2d3-b320-3&#8243;][vc_btn title=&#8221;Mais eventos&#8221; style=&#8221;flat&#8221; shape=&#8221;square&#8221; color=&#8221;white&#8221; size=&#8221;lg&#8221; align=&#8221;center&#8221; i_align=&#8221;right&#8221; i_type=&#8221;entypo&#8221; i_icon_entypo=&#8221;entypo-icon entypo-icon-right-open-big&#8221; add_icon=&#8221;true&#8221; el_class=&#8221;btn_more&#8221; link=&#8221;url:https%3A%2F%2Fwww.formentera.es%2Fpt%2Feventos%2F%20|||&#8221;][\/vc_column][\/vc_row]<\/p>\n<\/div>","protected":false},"excerpt":{"rendered":"<p>[vc_row full_width=&#8221;stretch_row&#8221;][vc_column width=&#8221;2\/3&#8243; css=&#8221;.vc_custom_1530269560078{padding-right: 5% !important;}&#8221;][vc_column_text el_class=&#8221;texto_ficha&#8221;] Levar para casa uma recorda\u00e7\u00e3o de Formentera Descubra [&hellip;]<\/p>\n","protected":false},"author":1,"featured_media":31595,"parent":31533,"menu_order":0,"comment_status":"closed","ping_status":"closed","template":"page-ficha.php","meta":{"_acf_changed":false,"footnotes":""},"categories":[],"class_list":["post-31593","page","type-page","status-publish","hentry"],"acf":[],"yoast_head":"<!-- This site is optimized with the Yoast SEO plugin v25.5 - https:\/\/yoast.com\/wordpress\/plugins\/seo\/ -->\n<title>Rota fotogr\u00e1fica | Turismo de Formentera<\/title>\n<meta name=\"robots\" content=\"index, follow, max-snippet:-1, max-image-preview:large, max-video-preview:-1\" \/>\n<link rel=\"canonical\" href=\"https:\/\/www.formentera.es\/pt\/explorar\/locais-de-interesse\/rota-fotografica\/\" \/>\n<meta property=\"og:locale\" content=\"pt_PT\" \/>\n<meta property=\"og:type\" content=\"article\" \/>\n<meta property=\"og:title\" content=\"Rota fotogr\u00e1fica | Turismo de Formentera\" \/>\n<meta property=\"og:description\" content=\"[vc_row full_width=&#8221;stretch_row&#8221;][vc_column width=&#8221;2\/3&#8243; css=&#8221;.vc_custom_1530269560078{padding-right: 5% !important;}&#8221;][vc_column_text el_class=&#8221;texto_ficha&#8221;] Levar para casa uma recorda\u00e7\u00e3o de Formentera Descubra [&hellip;]\" \/>\n<meta property=\"og:url\" content=\"https:\/\/www.formentera.es\/pt\/explorar\/locais-de-interesse\/rota-fotografica\/\" \/>\n<meta property=\"og:site_name\" content=\"Turismo de Formentera\" \/>\n<meta property=\"article:publisher\" content=\"https:\/\/www.facebook.com\/turismoformentera\/\" \/>\n<meta property=\"article:modified_time\" content=\"2024-08-19T14:03:47+00:00\" \/>\n<meta property=\"og:image\" content=\"https:\/\/www.formentera.es\/wp-content\/uploads\/2022\/09\/Sa-Pujada.jpg\" \/>\n\t<meta property=\"og:image:width\" content=\"1900\" \/>\n\t<meta property=\"og:image:height\" content=\"1267\" \/>\n\t<meta property=\"og:image:type\" content=\"image\/jpeg\" \/>\n<meta name=\"twitter:card\" content=\"summary_large_image\" \/>\n<meta name=\"twitter:site\" content=\"@visitformentera\" \/>\n<meta name=\"twitter:label1\" content=\"Tempo estimado de leitura\" \/>\n\t<meta name=\"twitter:data1\" content=\"2 minutos\" \/>\n<script type=\"application\/ld+json\" class=\"yoast-schema-graph\">{\"@context\":\"https:\/\/schema.org\",\"@graph\":[{\"@type\":\"WebPage\",\"@id\":\"https:\/\/www.formentera.es\/pt\/explorar\/locais-de-interesse\/rota-fotografica\/\",\"url\":\"https:\/\/www.formentera.es\/pt\/explorar\/locais-de-interesse\/rota-fotografica\/\",\"name\":\"Rota fotogr\u00e1fica | Turismo de Formentera\",\"isPartOf\":{\"@id\":\"https:\/\/www.formentera.es\/#website\"},\"primaryImageOfPage\":{\"@id\":\"https:\/\/www.formentera.es\/pt\/explorar\/locais-de-interesse\/rota-fotografica\/#primaryimage\"},\"image\":{\"@id\":\"https:\/\/www.formentera.es\/pt\/explorar\/locais-de-interesse\/rota-fotografica\/#primaryimage\"},\"thumbnailUrl\":\"https:\/\/www.formentera.es\/wp-content\/uploads\/2022\/09\/Sa-Pujada.jpg\",\"datePublished\":\"2022-09-06T07:27:11+00:00\",\"dateModified\":\"2024-08-19T14:03:47+00:00\",\"breadcrumb\":{\"@id\":\"https:\/\/www.formentera.es\/pt\/explorar\/locais-de-interesse\/rota-fotografica\/#breadcrumb\"},\"inLanguage\":\"pt-PT\",\"potentialAction\":[{\"@type\":\"ReadAction\",\"target\":[\"https:\/\/www.formentera.es\/pt\/explorar\/locais-de-interesse\/rota-fotografica\/\"]}]},{\"@type\":\"ImageObject\",\"inLanguage\":\"pt-PT\",\"@id\":\"https:\/\/www.formentera.es\/pt\/explorar\/locais-de-interesse\/rota-fotografica\/#primaryimage\",\"url\":\"https:\/\/www.formentera.es\/wp-content\/uploads\/2022\/09\/Sa-Pujada.jpg\",\"contentUrl\":\"https:\/\/www.formentera.es\/wp-content\/uploads\/2022\/09\/Sa-Pujada.jpg\",\"width\":1900,\"height\":1267},{\"@type\":\"BreadcrumbList\",\"@id\":\"https:\/\/www.formentera.es\/pt\/explorar\/locais-de-interesse\/rota-fotografica\/#breadcrumb\",\"itemListElement\":[{\"@type\":\"ListItem\",\"position\":1,\"name\":\"Portada\",\"item\":\"https:\/\/www.formentera.es\/pt\/\"},{\"@type\":\"ListItem\",\"position\":2,\"name\":\"Explorar\",\"item\":\"https:\/\/www.formentera.es\/explorar\/\"},{\"@type\":\"ListItem\",\"position\":3,\"name\":\"Locais de interesse\",\"item\":\"https:\/\/www.formentera.es\/pt\/explorar\/locais-de-interesse\/\"},{\"@type\":\"ListItem\",\"position\":4,\"name\":\"Rota fotogr\u00e1fica\"}]},{\"@type\":\"WebSite\",\"@id\":\"https:\/\/www.formentera.es\/#website\",\"url\":\"https:\/\/www.formentera.es\/\",\"name\":\"Turismo de Formentera\",\"description\":\"Web oficial de Turismo de Formentera\",\"potentialAction\":[{\"@type\":\"SearchAction\",\"target\":{\"@type\":\"EntryPoint\",\"urlTemplate\":\"https:\/\/www.formentera.es\/?s={search_term_string}\"},\"query-input\":{\"@type\":\"PropertyValueSpecification\",\"valueRequired\":true,\"valueName\":\"search_term_string\"}}],\"inLanguage\":\"pt-PT\"}]}<\/script>\n<!-- \/ Yoast SEO plugin. -->","yoast_head_json":{"title":"Rota fotogr\u00e1fica | Turismo de Formentera","robots":{"index":"index","follow":"follow","max-snippet":"max-snippet:-1","max-image-preview":"max-image-preview:large","max-video-preview":"max-video-preview:-1"},"canonical":"https:\/\/www.formentera.es\/pt\/explorar\/locais-de-interesse\/rota-fotografica\/","og_locale":"pt_PT","og_type":"article","og_title":"Rota fotogr\u00e1fica | Turismo de Formentera","og_description":"[vc_row full_width=&#8221;stretch_row&#8221;][vc_column width=&#8221;2\/3&#8243; css=&#8221;.vc_custom_1530269560078{padding-right: 5% !important;}&#8221;][vc_column_text el_class=&#8221;texto_ficha&#8221;] Levar para casa uma recorda\u00e7\u00e3o de Formentera Descubra [&hellip;]","og_url":"https:\/\/www.formentera.es\/pt\/explorar\/locais-de-interesse\/rota-fotografica\/","og_site_name":"Turismo de Formentera","article_publisher":"https:\/\/www.facebook.com\/turismoformentera\/","article_modified_time":"2024-08-19T14:03:47+00:00","og_image":[{"width":1900,"height":1267,"url":"https:\/\/www.formentera.es\/wp-content\/uploads\/2022\/09\/Sa-Pujada.jpg","type":"image\/jpeg"}],"twitter_card":"summary_large_image","twitter_site":"@visitformentera","twitter_misc":{"Tempo estimado de leitura":"2 minutos"},"schema":{"@context":"https:\/\/schema.org","@graph":[{"@type":"WebPage","@id":"https:\/\/www.formentera.es\/pt\/explorar\/locais-de-interesse\/rota-fotografica\/","url":"https:\/\/www.formentera.es\/pt\/explorar\/locais-de-interesse\/rota-fotografica\/","name":"Rota fotogr\u00e1fica | Turismo de Formentera","isPartOf":{"@id":"https:\/\/www.formentera.es\/#website"},"primaryImageOfPage":{"@id":"https:\/\/www.formentera.es\/pt\/explorar\/locais-de-interesse\/rota-fotografica\/#primaryimage"},"image":{"@id":"https:\/\/www.formentera.es\/pt\/explorar\/locais-de-interesse\/rota-fotografica\/#primaryimage"},"thumbnailUrl":"https:\/\/www.formentera.es\/wp-content\/uploads\/2022\/09\/Sa-Pujada.jpg","datePublished":"2022-09-06T07:27:11+00:00","dateModified":"2024-08-19T14:03:47+00:00","breadcrumb":{"@id":"https:\/\/www.formentera.es\/pt\/explorar\/locais-de-interesse\/rota-fotografica\/#breadcrumb"},"inLanguage":"pt-PT","potentialAction":[{"@type":"ReadAction","target":["https:\/\/www.formentera.es\/pt\/explorar\/locais-de-interesse\/rota-fotografica\/"]}]},{"@type":"ImageObject","inLanguage":"pt-PT","@id":"https:\/\/www.formentera.es\/pt\/explorar\/locais-de-interesse\/rota-fotografica\/#primaryimage","url":"https:\/\/www.formentera.es\/wp-content\/uploads\/2022\/09\/Sa-Pujada.jpg","contentUrl":"https:\/\/www.formentera.es\/wp-content\/uploads\/2022\/09\/Sa-Pujada.jpg","width":1900,"height":1267},{"@type":"BreadcrumbList","@id":"https:\/\/www.formentera.es\/pt\/explorar\/locais-de-interesse\/rota-fotografica\/#breadcrumb","itemListElement":[{"@type":"ListItem","position":1,"name":"Portada","item":"https:\/\/www.formentera.es\/pt\/"},{"@type":"ListItem","position":2,"name":"Explorar","item":"https:\/\/www.formentera.es\/explorar\/"},{"@type":"ListItem","position":3,"name":"Locais de interesse","item":"https:\/\/www.formentera.es\/pt\/explorar\/locais-de-interesse\/"},{"@type":"ListItem","position":4,"name":"Rota fotogr\u00e1fica"}]},{"@type":"WebSite","@id":"https:\/\/www.formentera.es\/#website","url":"https:\/\/www.formentera.es\/","name":"Turismo de Formentera","description":"Web oficial de Turismo de Formentera","potentialAction":[{"@type":"SearchAction","target":{"@type":"EntryPoint","urlTemplate":"https:\/\/www.formentera.es\/?s={search_term_string}"},"query-input":{"@type":"PropertyValueSpecification","valueRequired":true,"valueName":"search_term_string"}}],"inLanguage":"pt-PT"}]}},"_links":{"self":[{"href":"https:\/\/www.formentera.es\/pt\/wp-json\/wp\/v2\/pages\/31593","targetHints":{"allow":["GET"]}}],"collection":[{"href":"https:\/\/www.formentera.es\/pt\/wp-json\/wp\/v2\/pages"}],"about":[{"href":"https:\/\/www.formentera.es\/pt\/wp-json\/wp\/v2\/types\/page"}],"author":[{"embeddable":true,"href":"https:\/\/www.formentera.es\/pt\/wp-json\/wp\/v2\/users\/1"}],"replies":[{"embeddable":true,"href":"https:\/\/www.formentera.es\/pt\/wp-json\/wp\/v2\/comments?post=31593"}],"version-history":[{"count":0,"href":"https:\/\/www.formentera.es\/pt\/wp-json\/wp\/v2\/pages\/31593\/revisions"}],"up":[{"embeddable":true,"href":"https:\/\/www.formentera.es\/pt\/wp-json\/wp\/v2\/pages\/31533"}],"wp:featuredmedia":[{"embeddable":true,"href":"https:\/\/www.formentera.es\/pt\/wp-json\/wp\/v2\/media\/31595"}],"wp:attachment":[{"href":"https:\/\/www.formentera.es\/pt\/wp-json\/wp\/v2\/media?parent=31593"}],"wp:term":[{"taxonomy":"category","embeddable":true,"href":"https:\/\/www.formentera.es\/pt\/wp-json\/wp\/v2\/categories?post=31593"}],"curies":[{"name":"wp","href":"https:\/\/api.w.org\/{rel}","templated":true}]}}