{"id":31554,"date":"2018-11-23T07:56:12","date_gmt":"2018-11-23T09:56:12","guid":{"rendered":"https:\/\/www.formentera.es\/explorar\/locais-de-interesse\/cap-de-barbaria\/"},"modified":"2024-08-19T12:32:46","modified_gmt":"2024-08-19T10:32:46","slug":"cap-de-barbaria","status":"publish","type":"page","link":"https:\/\/www.formentera.es\/pt\/explorar\/locais-de-interesse\/cap-de-barbaria\/","title":{"rendered":"Es Cap de Barbaria"},"content":{"rendered":"<div class=\"wpb-content-wrapper\"><p>[vc_row full_width=&#8221;stretch_row&#8221;][vc_column width=&#8221;2\/3&#8243; css=&#8221;.vc_custom_1530269560078{padding-right: 5% !important;}&#8221;][vc_column_text el_class=&#8221;texto_ficha&#8221;]<\/p>\n<h2>Um dos locais mais ic\u00f3nicos de Formentera<\/h2>\n<h3>A imagem de uma paisagem quase des\u00e9rtica, de uma estrada estreita, do farol distante ao centro e do azul do mar ao fundo, faz parte do imagin\u00e1rio cinematogr\u00e1fico coletivo.<\/h3>\n<p>O farol protagonista desta fotografia captada por Julio Medem em \u00abL\u00fac\u00eda e o Sexo\u00bb \u00e9 o de Es Cap de Barbaria, situado no extremo sudoeste da ilha.<\/p>\n<p>Es Cap de Barbaria \u00e9 a eleva\u00e7\u00e3o rochosa mais a sul da ilha e de todas as ilhas Baleares, por ser o ponto geogr\u00e1fico mais pr\u00f3ximo da costa africana. O <strong>farol do Cap de Barbaria<\/strong> (Cabo de Barbaria) preside a esta impressionante fal\u00e9sia vertical a 100 metros acima do n\u00edvel do mar.<\/p>\n<p>A vegeta\u00e7\u00e3o desta zona \u00e9 \u00e1rida e escassa, capaz de resistir aos ventos fortes que sopram sobre a arriba. Nos arredores do farol encontramos mais dois locais que merecem uma visita: A <strong>Cova Foradada<\/strong>, uma gruta que conduz a um miradouro muito especial. Para aceder a esta gruta teremos de entrar por um buraco. Recomendamos realizar a visita a este local com especial cuidado.<\/p>\n<p>O outro ponto de interesse situa-se a cerca de 150 metros a poente: A <strong>Torre Des Garroveret<\/strong>. Uma das torres defensivas espalhadas ao longo da costa pitiusana, que come\u00e7ou a ser constru\u00edda no s\u00e9culo XVIII para vigiar poss\u00edveis apari\u00e7\u00f5es de armadores piratas sarracenos. Para alertar sobre o avistamento de um destes navios, as sentinelas ou vigias utilizavam um c\u00f3digo de sinais de fumo proveniente das torres.<\/p>\n<p>Voltando ao Cabo de Barbaria, este \u00e9 um ponto de encontro para o p\u00f4r-do-sol devido \u00e0s maravilhosas vistas do m\u00e1gico ilhote Es Vedr\u00e1. \u00c9 tamb\u00e9m um local onde se unem sensa\u00e7\u00f5es de imensa solid\u00e3o e liberdade.<\/p>\n<p>As rotas verdes 8, 10 e 11 levar-nos-\u00e3o at\u00e9 aqui, passando tamb\u00e9m pelos s\u00edtios pr\u00e9-hist\u00f3ricos do Cabo de Barbaria.[\/vc_column_text][\/vc_column][vc_column width=&#8221;1\/3&#8243;][vc_column_text]<div id=\"sidebar_ficha\"><a class=\"sidebar_breadcrumbs\" href=\"https:\/\/www.formentera.es\/pt\/explorar\/locais-de-interesse\/\"><i class=\"fa fa-angle-left\"><\/i>Voltar a Locais de interesse<\/a><div class=\"content_sidebar\"><div class=\"tit_medium\">Informa\u00e7\u00f5es \u00fateis<\/div><div id=\"mapaficha\"><a href=\"https:\/\/goo.gl\/maps\/3WEpE7VZEj62\" target=\"_blank\"><img decoding=\"async\" src=\"https:\/\/www.formentera.es\/wp-content\/uploads\/2018\/11\/mapacapdebarbaria.png\"><\/a><\/div><div class=\"\"><a href=\"https:\/\/www.google.com\/maps?saddr=My+Location&daddr=38.6415192,1.3873493\" target=\"_blank\"><i class=\"fa fa-location-arrow\"><\/i><span>Como chegar?<\/span><\/a><\/div><div class=\"bloc_share\"><div class=\"blocs1\"><div class=\"tit_medium\">Compartilhar<\/div><div class=\"redes_ficha\"><div class=\"fa fa-brands fa-x-twitter st-custom-button\" data-network=\"twitter\"><\/div><div class=\"fa fa-facebook st-custom-button\" data-network=\"facebook\"><\/div><div class=\"fa fa-pinterest-p st-custom-button\" data-network=\"pinterest\"><\/div><\/div><\/div><div class=\"blocs2\"><div class=\"tit_medium\">Enviar para um amigo<\/div><div class=\"redes_ficha\"><div class=\"fa fa-envelope st-custom-button\" data-network=\"email\"><\/div><div class=\"fa fa-whatsapp st-custom-button\" data-network=\"whatsapp\"><\/div><\/div><\/div><\/div><\/div><\/div>[\/vc_column_text][\/vc_column][\/vc_row][vc_row full_width=&#8221;stretch_row_content_no_spaces&#8221;][vc_column][vc_column_text]<style>#jtg-1092 .modula-item .jtg-social a, .lightbox-socials.jtg-social a{ fill: #ffffff; color: #ffffff }#jtg-1092 .modula-item .jtg-social-mobile a{ fill: #ffffff; color: #ffffff }#jtg-1092 .modula-item .jtg-social svg, .lightbox-socials.jtg-social svg { height: 16px; width: 16px }#jtg-1092 .modula-item .jtg-social-mobile svg { height: 16px; width: 16px }#jtg-1092 .modula-item .jtg-social a:not(:last-child), .lightbox-socials.jtg-social a:not(:last-child) { margin-right: 10px }#jtg-1092 .modula-item .jtg-social-mobile .jtg-social-mobile-icons a:not(:last-child){ margin-right: 10px }#jtg-1092 .modula-item .figc {color:#ffffff;}#jtg-1092 .modula-item .modula-item-content { transform: scale(1) }#jtg-1092 .modula-items .figc p.description { font-size:14px; }#jtg-1092 .modula-items .figc p.description { color:#ffffff;}#jtg-1092.modula-gallery .modula-item > a, #jtg-1092.modula-gallery .modula-item, #jtg-1092.modula-gallery .modula-item-content > a:not(.modula-no-follow) { cursor:zoom-in; } #jtg-1092.modula-gallery .modula-item-content .modula-no-follow { cursor: default; } #jtg-1092 .modula-item { background-color:#000000; }#jtg-1092 .modula-item:hover img { opacity: 0.5; }#jtg-1092 .modula-item { transform: scale(1) translate(0px,0px) rotate(0deg); }@media screen and (max-width:480px){#jtg-1092 .modula-item .figc .jtg-title {  font-size: 12px; }#jtg-1092 .modula-items .figc p.description { color:#ffffff;font-size:10px; }}<\/style>\n<div  id=\"jtg-1092\" class=\"modula modula-gallery modula-custom-grid\" data-config=\"{&quot;height&quot;:800,&quot;tabletHeight&quot;:800,&quot;mobileHeight&quot;:800,&quot;desktopHeight&quot;:800,&quot;enableTwitter&quot;:false,&quot;enableWhatsapp&quot;:false,&quot;enableFacebook&quot;:false,&quot;enablePinterest&quot;:false,&quot;enableLinkedin&quot;:false,&quot;enableEmail&quot;:false,&quot;randomFactor&quot;:0.5,&quot;type&quot;:&quot;custom-grid&quot;,&quot;columns&quot;:12,&quot;gutter&quot;:10,&quot;mobileGutter&quot;:10,&quot;tabletGutter&quot;:10,&quot;desktopGutter&quot;:10,&quot;enableResponsive&quot;:true,&quot;tabletColumns&quot;:2,&quot;mobileColumns&quot;:1,&quot;lazyLoad&quot;:&quot;0&quot;,&quot;lightboxOpts&quot;:{&quot;animated&quot;:true,&quot;Thumbs&quot;:{&quot;type&quot;:&quot;modern&quot;,&quot;showOnStart&quot;:false},&quot;Toolbar&quot;:{&quot;display&quot;:{&quot;right&quot;:[&quot;close&quot;]},&quot;enabled&quot;:true},&quot;Carousel&quot;:{&quot;Panzoom&quot;:{&quot;touch&quot;:false},&quot;infinite&quot;:false},&quot;keyboard&quot;:{&quot;Escape&quot;:&quot;close&quot;,&quot;Delete&quot;:&quot;close&quot;,&quot;Backspace&quot;:&quot;close&quot;,&quot;PageUp&quot;:false,&quot;PageDown&quot;:false,&quot;ArrowUp&quot;:false,&quot;ArrowDown&quot;:false,&quot;ArrowRight&quot;:false,&quot;ArrowLeft&quot;:false},&quot;touch&quot;:false,&quot;backdropClick&quot;:false,&quot;l10n&quot;:{&quot;CLOSE&quot;:&quot;Close&quot;,&quot;NEXT&quot;:&quot;Next&quot;,&quot;PREV&quot;:&quot;Previous&quot;,&quot;Error&quot;:&quot;The requested content cannot be loaded. Please try again later.&quot;,&quot;PLAY_START&quot;:&quot;Start slideshow&quot;,&quot;PLAY_STOP&quot;:&quot;Pause slideshow&quot;,&quot;FULL_SCREEN&quot;:&quot;Full screen&quot;,&quot;THUMBS&quot;:&quot;Thumbnails&quot;,&quot;DOWNLOAD&quot;:&quot;Download&quot;,&quot;SHARE&quot;:&quot;Share&quot;,&quot;ZOOM&quot;:&quot;Zoom&quot;,&quot;EMAIL&quot;:&quot;Here is the link to the image : %%image_link%% and this is the link to the gallery : %%gallery_link%%&quot;,&quot;MODAL&quot;:&quot;You can close this modal content with the ESC key&quot;,&quot;ERROR&quot;:&quot;Something Went Wrong, Please Try Again Later&quot;,&quot;IMAGE_ERROR&quot;:&quot;Image Not Found&quot;,&quot;ELEMENT_NOT_FOUND&quot;:&quot;HTML Element Not Found&quot;,&quot;AJAX_NOT_FOUND&quot;:&quot;Error Loading AJAX : Not Found&quot;,&quot;AJAX_FORBIDDEN&quot;:&quot;Error Loading AJAX : Forbidden&quot;,&quot;IFRAME_ERROR&quot;:&quot;Error Loading Page&quot;,&quot;TOGGLE_ZOOM&quot;:&quot;Toggle zoom level&quot;,&quot;TOGGLE_THUMBS&quot;:&quot;Toggle thumbnails&quot;,&quot;TOGGLE_SLIDESHOW&quot;:&quot;Toggle slideshow&quot;,&quot;TOGGLE_FULLSCREEN&quot;:&quot;Toggle full-screen mode&quot;},&quot;Images&quot;:{&quot;Panzoom&quot;:{&quot;maxScale&quot;:2}},&quot;mainClass&quot;:&quot;modula-fancybox-container modula-lightbox-jtg-1092&quot;,&quot;Html&quot;:{&quot;videoAutoplay&quot;:0,&quot;videoTpl&quot;:&quot;&lt;video class=\\&quot;fancybox__html5video\\&quot; controls muted playsinline controlsList controlsList=\\&quot;nodownload\\&quot; poster=\\&quot;{{poster}}\\&quot; src=\\&quot;{{src}}\\&quot; type=\\&quot;{{format}}\\&quot; &gt;  Sorry, your browser doesn&#039;t support embedded videos, &lt;a href=\\&quot;{{src}}\\&quot;&gt; download &lt;\\\/a&gt; and watch with your favorite video player! &lt;\\\/video&gt;&quot;}},&quot;inView&quot;:false,&quot;email_subject&quot;:&quot;\\u00a1\\u00a1Mira esta impresionante imagen!!&quot;,&quot;email_message&quot;:&quot;Este es el enlace a la imagen: %%image_link%% y este es el enlace a la galer\\u00eda: %%gallery_link%%&quot;,&quot;lightbox&quot;:&quot;fancybox&quot;,&quot;filterClick&quot;:&quot;0&quot;,&quot;defaultActiveFilter&quot;:&quot;all&quot;}\">\n\n\t\n\t<div  class=\"modula-items\">\n\t\t<div class=\"modula-item effect-quiet jtg-filter-all jtg-filter-\" data-width=\"12\" data-height=\"7\" >\n\t<div class=\"modula-item-overlay\"><\/div>\n\n\t<div class=\"modula-item-content\">\n\n\t\t\t\t\n\t\t\t\t\t<a data-image-id=\"1096\" tabindex=\"0\" href=\"https:\/\/www.formentera.es\/wp-content\/uploads\/2018\/11\/Paratge-Es-Cap_Moonkoala.jpg\" rel=\"jtg-1092\" data-caption=\"\" aria-label=\"Open image in lightbox\" role=\"button\" data-cyclefilter=\"show\" data-fancybox=\"jtg-1092\" class=\"tile-inner modula-item-link\"><\/a>\n\t\t\n\t\t<img loading=\"lazy\" decoding=\"async\" class=\"pic wp-image-1096\"  data-valign=\"middle\" data-halign=\"center\" alt=\"\" data-full=\"https:\/\/www.formentera.es\/wp-content\/uploads\/2018\/11\/Paratge-Es-Cap_Moonkoala.jpg\" title=\"Paratge Es Cap_Moonkoala\" width=\"1900\" height=\"1267\" src=\"https:\/\/www.formentera.es\/wp-content\/uploads\/2018\/11\/Paratge-Es-Cap_Moonkoala.jpg\" data-src=\"https:\/\/www.formentera.es\/wp-content\/uploads\/2018\/11\/Paratge-Es-Cap_Moonkoala.jpg\" data-caption=\"\" srcset=\"https:\/\/www.formentera.es\/wp-content\/uploads\/2018\/11\/Paratge-Es-Cap_Moonkoala.jpg 1900w, https:\/\/www.formentera.es\/wp-content\/uploads\/2018\/11\/Paratge-Es-Cap_Moonkoala-300x200.jpg 300w, https:\/\/www.formentera.es\/wp-content\/uploads\/2018\/11\/Paratge-Es-Cap_Moonkoala-768x512.jpg 768w, https:\/\/www.formentera.es\/wp-content\/uploads\/2018\/11\/Paratge-Es-Cap_Moonkoala-1024x683.jpg 1024w\" sizes=\"auto, (max-width: 1900px) 100vw, 1900px\" \/>\n\t\t<div class=\"figc no-description\">\n\t\t\t<div class=\"figc-inner\">\n\t\t\t\t\t\t\t\t\t\t\t\t\t\t\t<\/div>\n\t\t<\/div>\n\n\t<\/div>\n\n<\/div><div class=\"modula-item effect-quiet jtg-filter-all jtg-filter-\" data-width=\"4\" data-height=\"4\" >\n\t<div class=\"modula-item-overlay\"><\/div>\n\n\t<div class=\"modula-item-content\">\n\n\t\t\t\t\n\t\t\t\t\t<a data-image-id=\"1095\" tabindex=\"0\" href=\"https:\/\/www.formentera.es\/wp-content\/uploads\/2018\/11\/Cap-de-Barbaria-II.jpg\" rel=\"jtg-1092\" data-caption=\"\" aria-label=\"Open image in lightbox\" role=\"button\" data-cyclefilter=\"show\" data-fancybox=\"jtg-1092\" class=\"tile-inner modula-item-link\"><\/a>\n\t\t\n\t\t<img loading=\"lazy\" decoding=\"async\" class=\"pic wp-image-1095\"  data-valign=\"middle\" data-halign=\"center\" alt=\"\" data-full=\"https:\/\/www.formentera.es\/wp-content\/uploads\/2018\/11\/Cap-de-Barbaria-II.jpg\" title=\"Cap de Barbaria II\" width=\"1900\" height=\"946\" src=\"https:\/\/www.formentera.es\/wp-content\/uploads\/2018\/11\/Cap-de-Barbaria-II.jpg\" data-src=\"https:\/\/www.formentera.es\/wp-content\/uploads\/2018\/11\/Cap-de-Barbaria-II.jpg\" data-caption=\"\" srcset=\"https:\/\/www.formentera.es\/wp-content\/uploads\/2018\/11\/Cap-de-Barbaria-II.jpg 1900w, https:\/\/www.formentera.es\/wp-content\/uploads\/2018\/11\/Cap-de-Barbaria-II-300x149.jpg 300w, https:\/\/www.formentera.es\/wp-content\/uploads\/2018\/11\/Cap-de-Barbaria-II-768x382.jpg 768w, https:\/\/www.formentera.es\/wp-content\/uploads\/2018\/11\/Cap-de-Barbaria-II-1024x510.jpg 1024w\" sizes=\"auto, (max-width: 1900px) 100vw, 1900px\" \/>\n\t\t<div class=\"figc no-description\">\n\t\t\t<div class=\"figc-inner\">\n\t\t\t\t\t\t\t\t\t\t\t\t\t\t\t<\/div>\n\t\t<\/div>\n\n\t<\/div>\n\n<\/div><div class=\"modula-item effect-quiet jtg-filter-all jtg-filter-\" data-width=\"8\" data-height=\"4\" >\n\t<div class=\"modula-item-overlay\"><\/div>\n\n\t<div class=\"modula-item-content\">\n\n\t\t\t\t\n\t\t\t\t\t<a data-image-id=\"1097\" tabindex=\"0\" href=\"https:\/\/www.formentera.es\/wp-content\/uploads\/2018\/11\/shutterstock_78734173-2.jpg\" rel=\"jtg-1092\" data-caption=\"\" aria-label=\"Open image in lightbox\" role=\"button\" data-cyclefilter=\"show\" data-fancybox=\"jtg-1092\" class=\"tile-inner modula-item-link\"><\/a>\n\t\t\n\t\t<img loading=\"lazy\" decoding=\"async\" class=\"pic wp-image-1097\"  data-valign=\"middle\" data-halign=\"center\" alt=\"\" data-full=\"https:\/\/www.formentera.es\/wp-content\/uploads\/2018\/11\/shutterstock_78734173-2.jpg\" title=\"shutterstock_78734173 (2)\" width=\"1900\" height=\"1267\" src=\"https:\/\/www.formentera.es\/wp-content\/uploads\/2018\/11\/shutterstock_78734173-2.jpg\" data-src=\"https:\/\/www.formentera.es\/wp-content\/uploads\/2018\/11\/shutterstock_78734173-2.jpg\" data-caption=\"\" srcset=\"https:\/\/www.formentera.es\/wp-content\/uploads\/2018\/11\/shutterstock_78734173-2.jpg 1900w, https:\/\/www.formentera.es\/wp-content\/uploads\/2018\/11\/shutterstock_78734173-2-300x200.jpg 300w, https:\/\/www.formentera.es\/wp-content\/uploads\/2018\/11\/shutterstock_78734173-2-768x512.jpg 768w, https:\/\/www.formentera.es\/wp-content\/uploads\/2018\/11\/shutterstock_78734173-2-1024x683.jpg 1024w\" sizes=\"auto, (max-width: 1900px) 100vw, 1900px\" \/>\n\t\t<div class=\"figc no-description\">\n\t\t\t<div class=\"figc-inner\">\n\t\t\t\t\t\t\t\t\t\t\t\t\t\t\t<\/div>\n\t\t<\/div>\n\n\t<\/div>\n\n<\/div>\t\t\n\t<\/div>\n\n\t\n\t\n\t<script type=\"application\/ld+json\">\n\t{\n\t\t\"@context\": \"http:\/\/schema.org\",\n\t\t\"@type\"   : \"ImageGallery\",\n\t\t\"id\"      : \"https:\/\/www.formentera.es\/pt\/explorar\/locais-de-interesse\/cap-de-barbaria\/\",\n\t\t\"url\"     : \"https:\/\/www.formentera.es\/pt\/explorar\/locais-de-interesse\/cap-de-barbaria\/\"\n\t}\n\n\t<\/script>\n\n\t\n<\/div>\n[\/vc_column_text][\/vc_column][\/vc_row][vc_row][vc_column][vc_column_text]<div id=\"siguexpl\" class=\"container sc\"><h2>Continue explorando<\/h2><div class=\"row\"><a href=\"https:\/\/www.formentera.es\/pt\/explorar\/aldeias\/\" class=\"col-md-4\">\n\t\t\t\t\t\t<div class=\"row\">\n\t\t\t\t\t\t\t<div class=\"col-sm-4\" style=\"background-image: url(https:\/\/www.formentera.es\/wp-content\/uploads\/2018\/11\/1_Esglesia-St.-Francesc-panoramica-300x190.jpg)\"><\/div>\n\t\t\t\t\t\t\t<div class=\"col-sm-8\">\n\t\t\t\t\t\t\t\tAldeias\n\t\t\t\t\t\t\t\t<i class=\"fa fa-angle-right\"><\/i>\n\t\t\t\t\t\t\t<\/div>\n\t\t\t\t\t\t\t<div class=\"bhover\"><\/div>\n\t\t\t\t\t\t<\/div>\n\t\t\t\t\t\t\n\t\t\t\t\t<\/a><a href=\"https:\/\/www.formentera.es\/pt\/explorar\/praias\/\" class=\"col-md-4\">\n\t\t\t\t\t\t<div class=\"row\">\n\t\t\t\t\t\t\t<div class=\"col-sm-4\" style=\"background-image: url(https:\/\/www.formentera.es\/wp-content\/uploads\/2025\/07\/illetas2025-300x225.webp)\"><\/div>\n\t\t\t\t\t\t\t<div class=\"col-sm-8\">\n\t\t\t\t\t\t\t\tPraias\n\t\t\t\t\t\t\t\t<i class=\"fa fa-angle-right\"><\/i>\n\t\t\t\t\t\t\t<\/div>\n\t\t\t\t\t\t\t<div class=\"bhover\"><\/div>\n\t\t\t\t\t\t<\/div>\n\t\t\t\t\t\t\n\t\t\t\t\t<\/a><a href=\"https:\/\/www.formentera.es\/pt\/explorar\/locais-de-interesse\/\" class=\"col-md-4\">\n\t\t\t\t\t\t<div class=\"row\">\n\t\t\t\t\t\t\t<div class=\"col-sm-4\" style=\"background-image: url(https:\/\/www.formentera.es\/wp-content\/uploads\/2018\/12\/audio_16-mp3-image-300x297.png)\"><\/div>\n\t\t\t\t\t\t\t<div class=\"col-sm-8\">\n\t\t\t\t\t\t\t\tLocais de interesse\n\t\t\t\t\t\t\t\t<i class=\"fa fa-angle-right\"><\/i>\n\t\t\t\t\t\t\t<\/div>\n\t\t\t\t\t\t\t<div class=\"bhover\"><\/div>\n\t\t\t\t\t\t<\/div>\n\t\t\t\t\t\t\n\t\t\t\t\t<\/a><\/div><\/div>[\/vc_column_text][\/vc_column][\/vc_row][vc_row full_width=&#8221;stretch_row_content&#8221; equal_height=&#8221;yes&#8221; css=&#8221;.vc_custom_1549021098613{padding-top: 80px !important;}&#8221; el_class=&#8221;bloque_maseventos&#8221;][vc_column][vc_column_text el_class=&#8221;h1&#8243;]<\/p>\n<h2 style=\"text-align: center;\">Eventos em Formentera<\/h2>\n<p>[\/vc_column_text][vc_basic_grid post_type=&#8221;post&#8221; max_items=&#8221;3&#8243; orderby=&#8221;rand&#8221; item=&#8221;1524&#8243; grid_id=&#8221;vc_gid:1724063320824-3ddbeb4f-2428-7&#8243; taxonomies=&#8221;17&#8243;][vc_btn title=&#8221;Mais eventos&#8221; style=&#8221;flat&#8221; shape=&#8221;square&#8221; color=&#8221;white&#8221; size=&#8221;lg&#8221; align=&#8221;center&#8221; i_align=&#8221;right&#8221; i_type=&#8221;entypo&#8221; i_icon_entypo=&#8221;entypo-icon entypo-icon-right-open-big&#8221; add_icon=&#8221;true&#8221; el_class=&#8221;btn_more&#8221; link=&#8221;url:https%3A%2F%2Fwww.formentera.es%2Fpt%2Feventos%2F%20|||&#8221;][\/vc_column][\/vc_row]<\/p>\n<\/div>","protected":false},"excerpt":{"rendered":"<p>[vc_row full_width=&#8221;stretch_row&#8221;][vc_column width=&#8221;2\/3&#8243; css=&#8221;.vc_custom_1530269560078{padding-right: 5% !important;}&#8221;][vc_column_text el_class=&#8221;texto_ficha&#8221;] Um dos locais mais ic\u00f3nicos de Formentera A [&hellip;]<\/p>\n","protected":false},"author":1,"featured_media":31556,"parent":31533,"menu_order":0,"comment_status":"closed","ping_status":"closed","template":"page-ficha.php","meta":{"_acf_changed":false,"footnotes":""},"categories":[],"class_list":["post-31554","page","type-page","status-publish","hentry"],"acf":[],"yoast_head":"<!-- This site is optimized with the Yoast SEO plugin v25.5 - https:\/\/yoast.com\/wordpress\/plugins\/seo\/ -->\n<title>Es Cap de Barbaria | Turismo de Formentera<\/title>\n<meta name=\"robots\" content=\"index, follow, max-snippet:-1, max-image-preview:large, max-video-preview:-1\" \/>\n<link rel=\"canonical\" href=\"https:\/\/www.formentera.es\/explorar\/lugares-de-interes\/cap-de-barbaria\/\" \/>\n<meta property=\"og:locale\" content=\"pt_PT\" \/>\n<meta property=\"og:type\" content=\"article\" \/>\n<meta property=\"og:title\" content=\"Es Cap de Barbaria | Turismo de Formentera\" \/>\n<meta property=\"og:description\" content=\"[vc_row full_width=&#8221;stretch_row&#8221;][vc_column width=&#8221;2\/3&#8243; css=&#8221;.vc_custom_1530269560078{padding-right: 5% !important;}&#8221;][vc_column_text el_class=&#8221;texto_ficha&#8221;] Um dos locais mais ic\u00f3nicos de Formentera A [&hellip;]\" \/>\n<meta property=\"og:url\" content=\"https:\/\/www.formentera.es\/explorar\/lugares-de-interes\/cap-de-barbaria\/\" \/>\n<meta property=\"og:site_name\" content=\"Turismo de Formentera\" \/>\n<meta property=\"article:publisher\" content=\"https:\/\/www.facebook.com\/turismoformentera\/\" \/>\n<meta property=\"article:modified_time\" content=\"2024-08-19T10:32:46+00:00\" \/>\n<meta property=\"og:image\" content=\"https:\/\/www.formentera.es\/wp-content\/uploads\/2018\/11\/shutterstock_78200752.jpg\" \/>\n\t<meta property=\"og:image:width\" content=\"1900\" \/>\n\t<meta property=\"og:image:height\" content=\"1267\" \/>\n\t<meta property=\"og:image:type\" content=\"image\/jpeg\" \/>\n<meta name=\"twitter:card\" content=\"summary_large_image\" \/>\n<meta name=\"twitter:site\" content=\"@visitformentera\" \/>\n<meta name=\"twitter:label1\" content=\"Tempo estimado de leitura\" \/>\n\t<meta name=\"twitter:data1\" content=\"3 minutos\" \/>\n<script type=\"application\/ld+json\" class=\"yoast-schema-graph\">{\"@context\":\"https:\/\/schema.org\",\"@graph\":[{\"@type\":\"WebPage\",\"@id\":\"https:\/\/www.formentera.es\/explorar\/lugares-de-interes\/cap-de-barbaria\/\",\"url\":\"https:\/\/www.formentera.es\/explorar\/lugares-de-interes\/cap-de-barbaria\/\",\"name\":\"Es Cap de Barbaria | Turismo de Formentera\",\"isPartOf\":{\"@id\":\"https:\/\/www.formentera.es\/#website\"},\"primaryImageOfPage\":{\"@id\":\"https:\/\/www.formentera.es\/explorar\/lugares-de-interes\/cap-de-barbaria\/#primaryimage\"},\"image\":{\"@id\":\"https:\/\/www.formentera.es\/explorar\/lugares-de-interes\/cap-de-barbaria\/#primaryimage\"},\"thumbnailUrl\":\"https:\/\/www.formentera.es\/wp-content\/uploads\/2018\/11\/shutterstock_78200752.jpg\",\"datePublished\":\"2018-11-23T09:56:12+00:00\",\"dateModified\":\"2024-08-19T10:32:46+00:00\",\"breadcrumb\":{\"@id\":\"https:\/\/www.formentera.es\/explorar\/lugares-de-interes\/cap-de-barbaria\/#breadcrumb\"},\"inLanguage\":\"pt-PT\",\"potentialAction\":[{\"@type\":\"ReadAction\",\"target\":[\"https:\/\/www.formentera.es\/explorar\/lugares-de-interes\/cap-de-barbaria\/\"]}]},{\"@type\":\"ImageObject\",\"inLanguage\":\"pt-PT\",\"@id\":\"https:\/\/www.formentera.es\/explorar\/lugares-de-interes\/cap-de-barbaria\/#primaryimage\",\"url\":\"https:\/\/www.formentera.es\/wp-content\/uploads\/2018\/11\/shutterstock_78200752.jpg\",\"contentUrl\":\"https:\/\/www.formentera.es\/wp-content\/uploads\/2018\/11\/shutterstock_78200752.jpg\",\"width\":1900,\"height\":1267},{\"@type\":\"BreadcrumbList\",\"@id\":\"https:\/\/www.formentera.es\/explorar\/lugares-de-interes\/cap-de-barbaria\/#breadcrumb\",\"itemListElement\":[{\"@type\":\"ListItem\",\"position\":1,\"name\":\"Portada\",\"item\":\"https:\/\/www.formentera.es\/pt\/\"},{\"@type\":\"ListItem\",\"position\":2,\"name\":\"Explorar\",\"item\":\"https:\/\/www.formentera.es\/explorar\/\"},{\"@type\":\"ListItem\",\"position\":3,\"name\":\"Locais de interesse\",\"item\":\"https:\/\/www.formentera.es\/pt\/explorar\/locais-de-interesse\/\"},{\"@type\":\"ListItem\",\"position\":4,\"name\":\"Es Cap de Barbaria\"}]},{\"@type\":\"WebSite\",\"@id\":\"https:\/\/www.formentera.es\/#website\",\"url\":\"https:\/\/www.formentera.es\/\",\"name\":\"Turismo de Formentera\",\"description\":\"Web oficial de Turismo de Formentera\",\"potentialAction\":[{\"@type\":\"SearchAction\",\"target\":{\"@type\":\"EntryPoint\",\"urlTemplate\":\"https:\/\/www.formentera.es\/?s={search_term_string}\"},\"query-input\":{\"@type\":\"PropertyValueSpecification\",\"valueRequired\":true,\"valueName\":\"search_term_string\"}}],\"inLanguage\":\"pt-PT\"}]}<\/script>\n<!-- \/ Yoast SEO plugin. -->","yoast_head_json":{"title":"Es Cap de Barbaria | Turismo de Formentera","robots":{"index":"index","follow":"follow","max-snippet":"max-snippet:-1","max-image-preview":"max-image-preview:large","max-video-preview":"max-video-preview:-1"},"canonical":"https:\/\/www.formentera.es\/explorar\/lugares-de-interes\/cap-de-barbaria\/","og_locale":"pt_PT","og_type":"article","og_title":"Es Cap de Barbaria | Turismo de Formentera","og_description":"[vc_row full_width=&#8221;stretch_row&#8221;][vc_column width=&#8221;2\/3&#8243; css=&#8221;.vc_custom_1530269560078{padding-right: 5% !important;}&#8221;][vc_column_text el_class=&#8221;texto_ficha&#8221;] Um dos locais mais ic\u00f3nicos de Formentera A [&hellip;]","og_url":"https:\/\/www.formentera.es\/explorar\/lugares-de-interes\/cap-de-barbaria\/","og_site_name":"Turismo de Formentera","article_publisher":"https:\/\/www.facebook.com\/turismoformentera\/","article_modified_time":"2024-08-19T10:32:46+00:00","og_image":[{"width":1900,"height":1267,"url":"https:\/\/www.formentera.es\/wp-content\/uploads\/2018\/11\/shutterstock_78200752.jpg","type":"image\/jpeg"}],"twitter_card":"summary_large_image","twitter_site":"@visitformentera","twitter_misc":{"Tempo estimado de leitura":"3 minutos"},"schema":{"@context":"https:\/\/schema.org","@graph":[{"@type":"WebPage","@id":"https:\/\/www.formentera.es\/explorar\/lugares-de-interes\/cap-de-barbaria\/","url":"https:\/\/www.formentera.es\/explorar\/lugares-de-interes\/cap-de-barbaria\/","name":"Es Cap de Barbaria | Turismo de Formentera","isPartOf":{"@id":"https:\/\/www.formentera.es\/#website"},"primaryImageOfPage":{"@id":"https:\/\/www.formentera.es\/explorar\/lugares-de-interes\/cap-de-barbaria\/#primaryimage"},"image":{"@id":"https:\/\/www.formentera.es\/explorar\/lugares-de-interes\/cap-de-barbaria\/#primaryimage"},"thumbnailUrl":"https:\/\/www.formentera.es\/wp-content\/uploads\/2018\/11\/shutterstock_78200752.jpg","datePublished":"2018-11-23T09:56:12+00:00","dateModified":"2024-08-19T10:32:46+00:00","breadcrumb":{"@id":"https:\/\/www.formentera.es\/explorar\/lugares-de-interes\/cap-de-barbaria\/#breadcrumb"},"inLanguage":"pt-PT","potentialAction":[{"@type":"ReadAction","target":["https:\/\/www.formentera.es\/explorar\/lugares-de-interes\/cap-de-barbaria\/"]}]},{"@type":"ImageObject","inLanguage":"pt-PT","@id":"https:\/\/www.formentera.es\/explorar\/lugares-de-interes\/cap-de-barbaria\/#primaryimage","url":"https:\/\/www.formentera.es\/wp-content\/uploads\/2018\/11\/shutterstock_78200752.jpg","contentUrl":"https:\/\/www.formentera.es\/wp-content\/uploads\/2018\/11\/shutterstock_78200752.jpg","width":1900,"height":1267},{"@type":"BreadcrumbList","@id":"https:\/\/www.formentera.es\/explorar\/lugares-de-interes\/cap-de-barbaria\/#breadcrumb","itemListElement":[{"@type":"ListItem","position":1,"name":"Portada","item":"https:\/\/www.formentera.es\/pt\/"},{"@type":"ListItem","position":2,"name":"Explorar","item":"https:\/\/www.formentera.es\/explorar\/"},{"@type":"ListItem","position":3,"name":"Locais de interesse","item":"https:\/\/www.formentera.es\/pt\/explorar\/locais-de-interesse\/"},{"@type":"ListItem","position":4,"name":"Es Cap de Barbaria"}]},{"@type":"WebSite","@id":"https:\/\/www.formentera.es\/#website","url":"https:\/\/www.formentera.es\/","name":"Turismo de Formentera","description":"Web oficial de Turismo de Formentera","potentialAction":[{"@type":"SearchAction","target":{"@type":"EntryPoint","urlTemplate":"https:\/\/www.formentera.es\/?s={search_term_string}"},"query-input":{"@type":"PropertyValueSpecification","valueRequired":true,"valueName":"search_term_string"}}],"inLanguage":"pt-PT"}]}},"_links":{"self":[{"href":"https:\/\/www.formentera.es\/pt\/wp-json\/wp\/v2\/pages\/31554","targetHints":{"allow":["GET"]}}],"collection":[{"href":"https:\/\/www.formentera.es\/pt\/wp-json\/wp\/v2\/pages"}],"about":[{"href":"https:\/\/www.formentera.es\/pt\/wp-json\/wp\/v2\/types\/page"}],"author":[{"embeddable":true,"href":"https:\/\/www.formentera.es\/pt\/wp-json\/wp\/v2\/users\/1"}],"replies":[{"embeddable":true,"href":"https:\/\/www.formentera.es\/pt\/wp-json\/wp\/v2\/comments?post=31554"}],"version-history":[{"count":0,"href":"https:\/\/www.formentera.es\/pt\/wp-json\/wp\/v2\/pages\/31554\/revisions"}],"up":[{"embeddable":true,"href":"https:\/\/www.formentera.es\/pt\/wp-json\/wp\/v2\/pages\/31533"}],"wp:featuredmedia":[{"embeddable":true,"href":"https:\/\/www.formentera.es\/pt\/wp-json\/wp\/v2\/media\/31556"}],"wp:attachment":[{"href":"https:\/\/www.formentera.es\/pt\/wp-json\/wp\/v2\/media?parent=31554"}],"wp:term":[{"taxonomy":"category","embeddable":true,"href":"https:\/\/www.formentera.es\/pt\/wp-json\/wp\/v2\/categories?post=31554"}],"curies":[{"name":"wp","href":"https:\/\/api.w.org\/{rel}","templated":true}]}}