{"id":31508,"date":"2018-12-12T08:58:11","date_gmt":"2018-12-12T10:58:11","guid":{"rendered":"https:\/\/www.formentera.es\/a-ilha\/historia\/"},"modified":"2024-08-19T10:59:07","modified_gmt":"2024-08-19T08:59:07","slug":"historia","status":"publish","type":"page","link":"https:\/\/www.formentera.es\/pt\/a-ilha\/historia\/","title":{"rendered":"Hist\u00f3ria"},"content":{"rendered":"<div class=\"wpb-content-wrapper\"><p>[vc_row full_width=&#8221;stretch_row&#8221;][vc_column width=&#8221;2\/3&#8243; css=&#8221;.vc_custom_1530269560078{padding-right: 5% !important;}&#8221;][vc_column_text el_class=&#8221;texto_ficha&#8221;]A presen\u00e7a de uma popula\u00e7\u00e3o est\u00e1vel e cont\u00ednua em Formentera est\u00e1 documentada a partir do final do <strong>terceiro mil\u00e9nio a.C.<\/strong>, embora neste momento n\u00e3o se saiba quando come\u00e7ou a sua ocupa\u00e7\u00e3o. A este per\u00edodo corresponde o t\u00famulo <strong>megal\u00edtico de Ca na Costa<\/strong>.<\/p>\n<p>Os s\u00edtios <strong>Cap de Barbaria I, II e III<\/strong> pertencem tamb\u00e9m ao per\u00edodo pr\u00e9-hist\u00f3rico &#8211; embora com uma cronologia um pouco posterior. Dos numerosos testemunhos arqueol\u00f3gicos de ocupa\u00e7\u00e3o humana durante a antiguidade destaca-se o <strong>s\u00edtio de Can Blai<\/strong>, uma fortifica\u00e7\u00e3o da \u00e9poca do Baixo Imp\u00e9rio Romano.<\/p>\n<p>Ap\u00f3s o per\u00edodo isl\u00e2mico, Ibiza e Formentera passaram a fazer parte da Coroa de Arag\u00e3o no ano de 1235. Mas as dificuldades em fixar uma nova popula\u00e7\u00e3o na ilha agravaram-se a partir da segunda metade do s\u00e9culo XIV, devido aos efeitos da Peste Negra e, mais tarde, \u00e0 amea\u00e7a representada pela pirataria. As tentativas de repovoamento de Formentera foram numerosas, mas s\u00f3 se concretizaram no final do s\u00e9culo XVII. Foi ent\u00e3o que se iniciou definitivamente o processo, que se concretizou ao longo do s\u00e9culo XVIII com popula\u00e7\u00e3o proveniente de Ibiza..<\/p>\n<p>A segunda metade do s\u00e9culo XX representa um per\u00edodo de fortes e r\u00e1pidas transforma\u00e7\u00f5es para Formentera, que t\u00eam um impacto direto a n\u00edvel ambiental, social e cultural. De modos de vida que poder\u00edamos chamar tradicionais, marcados por uma economia tendente \u00e0 autossufici\u00eancia, evolu\u00edmos para um sistema baseado no sector dos servi\u00e7os em torno do turismo como principal motor econ\u00f3mico, facto que implica um abandono progressivo das pr\u00e1ticas tradicionais do passado em virtude de outras mais t\u00edpicas do mundo globalizado. O turismo mudou radicalmente a economia e a sociedade da ilha.<\/p>\n<p>Para saber mais sobre a hist\u00f3ria de Formentera, podes consultar a<a href=\"http:\/\/www.eeif.es\/\">\u00a0Enciclopedia de Eivissa i Formentera<\/a>, para al\u00e9m da bibliografia que indicamos no final deste texto. Tamb\u00e9m pode ser do seu interesse a informa\u00e7\u00e3o contida no nosso <a href=\"https:\/\/www.formentera.es\/wp-content\/uploads\/2023\/02\/EL-PATRIMONIO-CULTURAL-DE-FORMENTERA-1.pdf\">Cat\u00e1logo de Patrim\u00f3nio<\/a>, visitar a Cole\u00e7\u00e3o Etnogr\u00e1fica de Formentera ou conhecer o Arquivo de Imagem e Som de Formentera.<\/p>\n<p>BIBLIOGRAFIA RECOMENDADA<\/p>\n<ul>\n<li>COLOMAR Ferrer, Santiago, Formentera a l\u2019\u00e8poca contempor\u00e0nia (1782-2007). Edicions Documenta Balear (cole\u00e7\u00e3o \u00abQuaderns d\u2019hist\u00f2ria contempor\u00e0nia de les Balears\u00bb; 65), Palma, 2009. ISBN 978-84-92703-21-0<\/li>\n<li>GORDILLO Courci\u00e8res, Jos\u00e9 Luis, Un combate naval en Formentera. Editor Jos\u00e9 Luis Gordillo Courci\u00e8res, Val\u00eancia, 1993. ISBN 84-600-5533-5<\/li>\n<li>PARRON i Guasch, Artur, La guerra civil a Eivissa i Formentera (1936-1939). Edicions Documenta Balear (cole\u00e7\u00e3o \u00abQuaderns d\u2019hist\u00f2ria contempor\u00e0nia de les Balears\u00bb; 21), Palma, 2000. ISBN 84-89068-76-7<\/li>\n<li aria-level=\"1\">MARI Cardona, Joan, Illes Piti\u00fcses III. Formentera. Institut d\u2019Estudis Eivissencs, Eivissa (Ibiza), 1983. ISBN 84-00-05362-1<\/li>\n<\/ul>\n<p>[\/vc_column_text][\/vc_column][vc_column width=&#8221;1\/3&#8243;][vc_column_text]<div id=\"sidebar_ficha\"><a class=\"sidebar_breadcrumbs\" href=\"https:\/\/www.formentera.es\/pt\/a-ilha\/\"><i class=\"fa fa-angle-left\"><\/i>Voltar a A ilha<\/a><div class=\"content_sidebar\"><div class=\"bloc_share\"><div class=\"blocs1\"><div class=\"tit_medium\">Compartilhar<\/div><div class=\"redes_ficha\"><div class=\"fa fa-brands fa-x-twitter st-custom-button\" data-network=\"twitter\"><\/div><div class=\"fa fa-facebook st-custom-button\" data-network=\"facebook\"><\/div><div class=\"fa fa-pinterest-p st-custom-button\" data-network=\"pinterest\"><\/div><\/div><\/div><div class=\"blocs2\"><div class=\"tit_medium\">Enviar para um amigo<\/div><div class=\"redes_ficha\"><div class=\"fa fa-envelope st-custom-button\" data-network=\"email\"><\/div><div class=\"fa fa-whatsapp st-custom-button\" data-network=\"whatsapp\"><\/div><\/div><\/div><\/div><\/div><\/div>[\/vc_column_text][\/vc_column][\/vc_row][vc_row full_width=&#8221;stretch_row_content_no_spaces&#8221;][vc_column][vc_column_text]<style>#jtg-1960 .modula-item .jtg-social a, .lightbox-socials.jtg-social a{ fill: #ffffff; color: #ffffff }#jtg-1960 .modula-item .jtg-social-mobile a{ fill: #ffffff; color: #ffffff }#jtg-1960 .modula-item .jtg-social svg, .lightbox-socials.jtg-social svg { height: 16px; width: 16px }#jtg-1960 .modula-item .jtg-social-mobile svg { height: 16px; width: 16px }#jtg-1960 .modula-item .jtg-social a:not(:last-child), .lightbox-socials.jtg-social a:not(:last-child) { margin-right: 10px }#jtg-1960 .modula-item .jtg-social-mobile .jtg-social-mobile-icons a:not(:last-child){ margin-right: 10px }#jtg-1960 .modula-item .figc {color:#ffffff;}#jtg-1960 .modula-item .modula-item-content { transform: scale(1) }#jtg-1960 .modula-items .figc p.description { font-size:14px; }#jtg-1960 .modula-items .figc p.description { color:#ffffff;}#jtg-1960.modula-gallery .modula-item > a, #jtg-1960.modula-gallery .modula-item, #jtg-1960.modula-gallery .modula-item-content > a:not(.modula-no-follow) { cursor:zoom-in; } #jtg-1960.modula-gallery .modula-item-content .modula-no-follow { cursor: default; } #jtg-1960 .modula-item { background-color:#000000; }#jtg-1960 .modula-item:hover img { opacity: 0.5; }#jtg-1960 .modula-item { transform: scale(1) translate(0px,0px) rotate(0deg); }@media screen and (max-width:480px){#jtg-1960 .modula-item .figc .jtg-title {  font-size: 12px; }#jtg-1960 .modula-items .figc p.description { color:#ffffff;font-size:10px; }}<\/style>\n<div  id=\"jtg-1960\" class=\"modula modula-gallery modula-custom-grid\" data-config=\"{&quot;height&quot;:800,&quot;tabletHeight&quot;:800,&quot;mobileHeight&quot;:800,&quot;desktopHeight&quot;:800,&quot;enableTwitter&quot;:false,&quot;enableWhatsapp&quot;:false,&quot;enableFacebook&quot;:false,&quot;enablePinterest&quot;:false,&quot;enableLinkedin&quot;:false,&quot;enableEmail&quot;:false,&quot;randomFactor&quot;:0.5,&quot;type&quot;:&quot;custom-grid&quot;,&quot;columns&quot;:12,&quot;gutter&quot;:10,&quot;mobileGutter&quot;:10,&quot;tabletGutter&quot;:10,&quot;desktopGutter&quot;:10,&quot;enableResponsive&quot;:true,&quot;tabletColumns&quot;:2,&quot;mobileColumns&quot;:1,&quot;lazyLoad&quot;:&quot;0&quot;,&quot;lightboxOpts&quot;:{&quot;animated&quot;:true,&quot;Thumbs&quot;:{&quot;type&quot;:&quot;modern&quot;,&quot;showOnStart&quot;:false},&quot;Toolbar&quot;:{&quot;display&quot;:{&quot;right&quot;:[&quot;close&quot;]},&quot;enabled&quot;:true},&quot;Carousel&quot;:{&quot;Panzoom&quot;:{&quot;touch&quot;:false},&quot;infinite&quot;:false},&quot;keyboard&quot;:{&quot;Escape&quot;:&quot;close&quot;,&quot;Delete&quot;:&quot;close&quot;,&quot;Backspace&quot;:&quot;close&quot;,&quot;PageUp&quot;:false,&quot;PageDown&quot;:false,&quot;ArrowUp&quot;:false,&quot;ArrowDown&quot;:false,&quot;ArrowRight&quot;:false,&quot;ArrowLeft&quot;:false},&quot;touch&quot;:false,&quot;backdropClick&quot;:false,&quot;l10n&quot;:{&quot;CLOSE&quot;:&quot;Close&quot;,&quot;NEXT&quot;:&quot;Next&quot;,&quot;PREV&quot;:&quot;Previous&quot;,&quot;Error&quot;:&quot;The requested content cannot be loaded. Please try again later.&quot;,&quot;PLAY_START&quot;:&quot;Start slideshow&quot;,&quot;PLAY_STOP&quot;:&quot;Pause slideshow&quot;,&quot;FULL_SCREEN&quot;:&quot;Full screen&quot;,&quot;THUMBS&quot;:&quot;Thumbnails&quot;,&quot;DOWNLOAD&quot;:&quot;Download&quot;,&quot;SHARE&quot;:&quot;Share&quot;,&quot;ZOOM&quot;:&quot;Zoom&quot;,&quot;EMAIL&quot;:&quot;Here is the link to the image : %%image_link%% and this is the link to the gallery : %%gallery_link%%&quot;,&quot;MODAL&quot;:&quot;You can close this modal content with the ESC key&quot;,&quot;ERROR&quot;:&quot;Something Went Wrong, Please Try Again Later&quot;,&quot;IMAGE_ERROR&quot;:&quot;Image Not Found&quot;,&quot;ELEMENT_NOT_FOUND&quot;:&quot;HTML Element Not Found&quot;,&quot;AJAX_NOT_FOUND&quot;:&quot;Error Loading AJAX : Not Found&quot;,&quot;AJAX_FORBIDDEN&quot;:&quot;Error Loading AJAX : Forbidden&quot;,&quot;IFRAME_ERROR&quot;:&quot;Error Loading Page&quot;,&quot;TOGGLE_ZOOM&quot;:&quot;Toggle zoom level&quot;,&quot;TOGGLE_THUMBS&quot;:&quot;Toggle thumbnails&quot;,&quot;TOGGLE_SLIDESHOW&quot;:&quot;Toggle slideshow&quot;,&quot;TOGGLE_FULLSCREEN&quot;:&quot;Toggle full-screen mode&quot;},&quot;Images&quot;:{&quot;Panzoom&quot;:{&quot;maxScale&quot;:2}},&quot;mainClass&quot;:&quot;modula-fancybox-container modula-lightbox-jtg-1960&quot;,&quot;Html&quot;:{&quot;videoAutoplay&quot;:0,&quot;videoTpl&quot;:&quot;&lt;video class=\\&quot;fancybox__html5video\\&quot; controls muted playsinline controlsList controlsList=\\&quot;nodownload\\&quot; poster=\\&quot;{{poster}}\\&quot; src=\\&quot;{{src}}\\&quot; type=\\&quot;{{format}}\\&quot; &gt;  Sorry, your browser doesn&#039;t support embedded videos, &lt;a href=\\&quot;{{src}}\\&quot;&gt; download &lt;\\\/a&gt; and watch with your favorite video player! &lt;\\\/video&gt;&quot;}},&quot;inView&quot;:false,&quot;email_subject&quot;:&quot;\\u00a1\\u00a1Mira esta impresionante imagen!!&quot;,&quot;email_message&quot;:&quot;Este es el enlace a la imagen: %%image_link%% y este es el enlace a la galer\\u00eda: %%gallery_link%%&quot;,&quot;lightbox&quot;:&quot;fancybox&quot;,&quot;filterClick&quot;:&quot;0&quot;,&quot;defaultActiveFilter&quot;:&quot;all&quot;}\">\n\n\t\n\t<div  class=\"modula-items\">\n\t\t<div class=\"modula-item effect-quiet jtg-filter-all jtg-filter-\" data-width=\"3\" data-height=\"6\" >\n\t<div class=\"modula-item-overlay\"><\/div>\n\n\t<div class=\"modula-item-content\">\n\n\t\t\t\t\n\t\t\t\t\t<a data-image-id=\"1992\" tabindex=\"0\" href=\"https:\/\/www.formentera.es\/wp-content\/uploads\/2019\/01\/MG_3273-1.jpg\" rel=\"jtg-1960\" data-caption=\"\" aria-label=\"Open image in lightbox\" role=\"button\" data-cyclefilter=\"show\" data-fancybox=\"jtg-1960\" class=\"tile-inner modula-item-link\"><\/a>\n\t\t\n\t\t<img loading=\"lazy\" decoding=\"async\" class=\"pic wp-image-1992\"  data-valign=\"middle\" data-halign=\"center\" alt=\"\" data-full=\"https:\/\/www.formentera.es\/wp-content\/uploads\/2019\/01\/MG_3273-1.jpg\" title=\"_MG_3273\" width=\"1900\" height=\"1285\" src=\"https:\/\/www.formentera.es\/wp-content\/uploads\/2019\/01\/MG_3273-1.jpg\" data-src=\"https:\/\/www.formentera.es\/wp-content\/uploads\/2019\/01\/MG_3273-1.jpg\" data-caption=\"\" srcset=\"https:\/\/www.formentera.es\/wp-content\/uploads\/2019\/01\/MG_3273-1.jpg 1900w, https:\/\/www.formentera.es\/wp-content\/uploads\/2019\/01\/MG_3273-1-300x203.jpg 300w, https:\/\/www.formentera.es\/wp-content\/uploads\/2019\/01\/MG_3273-1-768x519.jpg 768w, https:\/\/www.formentera.es\/wp-content\/uploads\/2019\/01\/MG_3273-1-1024x693.jpg 1024w\" sizes=\"auto, (max-width: 1900px) 100vw, 1900px\" \/>\n\t\t<div class=\"figc no-description\">\n\t\t\t<div class=\"figc-inner\">\n\t\t\t\t\t\t\t\t\t\t\t\t\t\t\t<\/div>\n\t\t<\/div>\n\n\t<\/div>\n\n<\/div><div class=\"modula-item effect-quiet jtg-filter-all jtg-filter-\" data-width=\"9\" data-height=\"6\" >\n\t<div class=\"modula-item-overlay\"><\/div>\n\n\t<div class=\"modula-item-content\">\n\n\t\t\t\t\n\t\t\t\t\t<a data-image-id=\"2000\" tabindex=\"0\" href=\"https:\/\/www.formentera.es\/wp-content\/uploads\/2019\/01\/Moli\u0301-de-vent_cami\u0301-de-cala-saona_moonkoala-1.jpg\" rel=\"jtg-1960\" data-caption=\"\" aria-label=\"Open image in lightbox\" role=\"button\" data-cyclefilter=\"show\" data-fancybox=\"jtg-1960\" class=\"tile-inner modula-item-link\"><\/a>\n\t\t\n\t\t<img loading=\"lazy\" decoding=\"async\" class=\"pic wp-image-2000\"  data-valign=\"middle\" data-halign=\"center\" alt=\"\" data-full=\"https:\/\/www.formentera.es\/wp-content\/uploads\/2019\/01\/Moli\u0301-de-vent_cami\u0301-de-cala-saona_moonkoala-1.jpg\" title=\"Moli\u0301 de vent_cami\u0301 de cala saona_moonkoala\" width=\"1900\" height=\"1267\" src=\"https:\/\/www.formentera.es\/wp-content\/uploads\/2019\/01\/Moli\u0301-de-vent_cami\u0301-de-cala-saona_moonkoala-1.jpg\" data-src=\"https:\/\/www.formentera.es\/wp-content\/uploads\/2019\/01\/Moli\u0301-de-vent_cami\u0301-de-cala-saona_moonkoala-1.jpg\" data-caption=\"\" srcset=\"https:\/\/www.formentera.es\/wp-content\/uploads\/2019\/01\/Moli\u0301-de-vent_cami\u0301-de-cala-saona_moonkoala-1.jpg 1900w, https:\/\/www.formentera.es\/wp-content\/uploads\/2019\/01\/Moli\u0301-de-vent_cami\u0301-de-cala-saona_moonkoala-1-300x200.jpg 300w, https:\/\/www.formentera.es\/wp-content\/uploads\/2019\/01\/Moli\u0301-de-vent_cami\u0301-de-cala-saona_moonkoala-1-768x512.jpg 768w, https:\/\/www.formentera.es\/wp-content\/uploads\/2019\/01\/Moli\u0301-de-vent_cami\u0301-de-cala-saona_moonkoala-1-1024x683.jpg 1024w\" sizes=\"auto, (max-width: 1900px) 100vw, 1900px\" \/>\n\t\t<div class=\"figc no-description\">\n\t\t\t<div class=\"figc-inner\">\n\t\t\t\t\t\t\t\t\t\t\t\t\t\t\t<\/div>\n\t\t<\/div>\n\n\t<\/div>\n\n<\/div><div class=\"modula-item effect-quiet jtg-filter-all jtg-filter-\" data-width=\"9\" data-height=\"6\" >\n\t<div class=\"modula-item-overlay\"><\/div>\n\n\t<div class=\"modula-item-content\">\n\n\t\t\t\t\n\t\t\t\t\t<a data-image-id=\"2001\" tabindex=\"0\" href=\"https:\/\/www.formentera.es\/wp-content\/uploads\/2019\/01\/Moli-vell_Alfredo-Montero-1.jpg\" rel=\"jtg-1960\" data-caption=\"\" aria-label=\"Open image in lightbox\" role=\"button\" data-cyclefilter=\"show\" data-fancybox=\"jtg-1960\" class=\"tile-inner modula-item-link\"><\/a>\n\t\t\n\t\t<img loading=\"lazy\" decoding=\"async\" class=\"pic wp-image-2001\"  data-valign=\"middle\" data-halign=\"center\" alt=\"\" data-full=\"https:\/\/www.formentera.es\/wp-content\/uploads\/2019\/01\/Moli-vell_Alfredo-Montero-1.jpg\" title=\"Moli vell_Alfredo Montero\" width=\"1900\" height=\"1425\" src=\"https:\/\/www.formentera.es\/wp-content\/uploads\/2019\/01\/Moli-vell_Alfredo-Montero-1.jpg\" data-src=\"https:\/\/www.formentera.es\/wp-content\/uploads\/2019\/01\/Moli-vell_Alfredo-Montero-1.jpg\" data-caption=\"\" srcset=\"https:\/\/www.formentera.es\/wp-content\/uploads\/2019\/01\/Moli-vell_Alfredo-Montero-1.jpg 1900w, https:\/\/www.formentera.es\/wp-content\/uploads\/2019\/01\/Moli-vell_Alfredo-Montero-1-300x225.jpg 300w, https:\/\/www.formentera.es\/wp-content\/uploads\/2019\/01\/Moli-vell_Alfredo-Montero-1-768x576.jpg 768w, https:\/\/www.formentera.es\/wp-content\/uploads\/2019\/01\/Moli-vell_Alfredo-Montero-1-1024x768.jpg 1024w\" sizes=\"auto, (max-width: 1900px) 100vw, 1900px\" \/>\n\t\t<div class=\"figc no-description\">\n\t\t\t<div class=\"figc-inner\">\n\t\t\t\t\t\t\t\t\t\t\t\t\t\t\t<\/div>\n\t\t<\/div>\n\n\t<\/div>\n\n<\/div><div class=\"modula-item effect-quiet jtg-filter-all jtg-filter-\" data-width=\"3\" data-height=\"3\" >\n\t<div class=\"modula-item-overlay\"><\/div>\n\n\t<div class=\"modula-item-content\">\n\n\t\t\t\t\n\t\t\t\t\t<a data-image-id=\"2006\" tabindex=\"0\" href=\"https:\/\/www.formentera.es\/wp-content\/uploads\/2019\/01\/Pous-II.jpg\" rel=\"jtg-1960\" data-caption=\"\" aria-label=\"Open image in lightbox\" role=\"button\" data-cyclefilter=\"show\" data-fancybox=\"jtg-1960\" class=\"tile-inner modula-item-link\"><\/a>\n\t\t\n\t\t<img loading=\"lazy\" decoding=\"async\" class=\"pic wp-image-2006\"  data-valign=\"middle\" data-halign=\"center\" alt=\"\" data-full=\"https:\/\/www.formentera.es\/wp-content\/uploads\/2019\/01\/Pous-II.jpg\" title=\"Pous (II)\" width=\"1900\" height=\"1267\" src=\"https:\/\/www.formentera.es\/wp-content\/uploads\/2019\/01\/Pous-II.jpg\" data-src=\"https:\/\/www.formentera.es\/wp-content\/uploads\/2019\/01\/Pous-II.jpg\" data-caption=\"\" srcset=\"https:\/\/www.formentera.es\/wp-content\/uploads\/2019\/01\/Pous-II.jpg 1900w, https:\/\/www.formentera.es\/wp-content\/uploads\/2019\/01\/Pous-II-300x200.jpg 300w, https:\/\/www.formentera.es\/wp-content\/uploads\/2019\/01\/Pous-II-768x512.jpg 768w, https:\/\/www.formentera.es\/wp-content\/uploads\/2019\/01\/Pous-II-1024x683.jpg 1024w\" sizes=\"auto, (max-width: 1900px) 100vw, 1900px\" \/>\n\t\t<div class=\"figc no-description\">\n\t\t\t<div class=\"figc-inner\">\n\t\t\t\t\t\t\t\t\t\t\t\t\t\t\t<\/div>\n\t\t<\/div>\n\n\t<\/div>\n\n<\/div><div class=\"modula-item effect-quiet jtg-filter-all jtg-filter-\" data-width=\"3\" data-height=\"3\" >\n\t<div class=\"modula-item-overlay\"><\/div>\n\n\t<div class=\"modula-item-content\">\n\n\t\t\t\t\n\t\t\t\t\t<a data-image-id=\"1995\" tabindex=\"0\" href=\"https:\/\/www.formentera.es\/wp-content\/uploads\/2019\/01\/Cap-de-Barbaria-III.jpg\" rel=\"jtg-1960\" data-caption=\"\" aria-label=\"Open image in lightbox\" role=\"button\" data-cyclefilter=\"show\" data-fancybox=\"jtg-1960\" class=\"tile-inner modula-item-link\"><\/a>\n\t\t\n\t\t<img loading=\"lazy\" decoding=\"async\" class=\"pic wp-image-1995\"  data-valign=\"middle\" data-halign=\"center\" alt=\"\" data-full=\"https:\/\/www.formentera.es\/wp-content\/uploads\/2019\/01\/Cap-de-Barbaria-III.jpg\" title=\"Cap de Barbaria (III)\" width=\"1900\" height=\"1267\" src=\"https:\/\/www.formentera.es\/wp-content\/uploads\/2019\/01\/Cap-de-Barbaria-III.jpg\" data-src=\"https:\/\/www.formentera.es\/wp-content\/uploads\/2019\/01\/Cap-de-Barbaria-III.jpg\" data-caption=\"\" srcset=\"https:\/\/www.formentera.es\/wp-content\/uploads\/2019\/01\/Cap-de-Barbaria-III.jpg 1900w, https:\/\/www.formentera.es\/wp-content\/uploads\/2019\/01\/Cap-de-Barbaria-III-300x200.jpg 300w, https:\/\/www.formentera.es\/wp-content\/uploads\/2019\/01\/Cap-de-Barbaria-III-768x512.jpg 768w, https:\/\/www.formentera.es\/wp-content\/uploads\/2019\/01\/Cap-de-Barbaria-III-1024x683.jpg 1024w\" sizes=\"auto, (max-width: 1900px) 100vw, 1900px\" \/>\n\t\t<div class=\"figc no-description\">\n\t\t\t<div class=\"figc-inner\">\n\t\t\t\t\t\t\t\t\t\t\t\t\t\t\t<\/div>\n\t\t<\/div>\n\n\t<\/div>\n\n<\/div><div class=\"modula-item effect-quiet jtg-filter-all jtg-filter-\" data-width=\"7\" data-height=\"9\" >\n\t<div class=\"modula-item-overlay\"><\/div>\n\n\t<div class=\"modula-item-content\">\n\n\t\t\t\t\n\t\t\t\t\t<a data-image-id=\"2002\" tabindex=\"0\" href=\"https:\/\/www.formentera.es\/wp-content\/uploads\/2019\/01\/Sa-Tanca-Vella-1.jpg\" rel=\"jtg-1960\" data-caption=\"\" aria-label=\"Open image in lightbox\" role=\"button\" data-cyclefilter=\"show\" data-fancybox=\"jtg-1960\" class=\"tile-inner modula-item-link\"><\/a>\n\t\t\n\t\t<img loading=\"lazy\" decoding=\"async\" class=\"pic wp-image-2002\"  data-valign=\"middle\" data-halign=\"center\" alt=\"\" data-full=\"https:\/\/www.formentera.es\/wp-content\/uploads\/2019\/01\/Sa-Tanca-Vella-1.jpg\" title=\"Sa Tanca Vella (1)\" width=\"1900\" height=\"1267\" src=\"https:\/\/www.formentera.es\/wp-content\/uploads\/2019\/01\/Sa-Tanca-Vella-1.jpg\" data-src=\"https:\/\/www.formentera.es\/wp-content\/uploads\/2019\/01\/Sa-Tanca-Vella-1.jpg\" data-caption=\"\" srcset=\"https:\/\/www.formentera.es\/wp-content\/uploads\/2019\/01\/Sa-Tanca-Vella-1.jpg 1900w, https:\/\/www.formentera.es\/wp-content\/uploads\/2019\/01\/Sa-Tanca-Vella-1-300x200.jpg 300w, https:\/\/www.formentera.es\/wp-content\/uploads\/2019\/01\/Sa-Tanca-Vella-1-768x512.jpg 768w, https:\/\/www.formentera.es\/wp-content\/uploads\/2019\/01\/Sa-Tanca-Vella-1-1024x683.jpg 1024w\" sizes=\"auto, (max-width: 1900px) 100vw, 1900px\" \/>\n\t\t<div class=\"figc no-description\">\n\t\t\t<div class=\"figc-inner\">\n\t\t\t\t\t\t\t\t\t\t\t\t\t\t\t<\/div>\n\t\t<\/div>\n\n\t<\/div>\n\n<\/div><div class=\"modula-item effect-quiet jtg-filter-all jtg-filter-\" data-width=\"5\" data-height=\"6\" >\n\t<div class=\"modula-item-overlay\"><\/div>\n\n\t<div class=\"modula-item-content\">\n\n\t\t\t\t\n\t\t\t\t\t<a data-image-id=\"1994\" tabindex=\"0\" href=\"https:\/\/www.formentera.es\/wp-content\/uploads\/2019\/01\/MG_4352-2.jpg\" rel=\"jtg-1960\" data-caption=\"\" aria-label=\"Open image in lightbox\" role=\"button\" data-cyclefilter=\"show\" data-fancybox=\"jtg-1960\" class=\"tile-inner modula-item-link\"><\/a>\n\t\t\n\t\t<img loading=\"lazy\" decoding=\"async\" class=\"pic wp-image-1994\"  data-valign=\"middle\" data-halign=\"center\" alt=\"\" data-full=\"https:\/\/www.formentera.es\/wp-content\/uploads\/2019\/01\/MG_4352-2.jpg\" title=\"_MG_4352-2\" width=\"1900\" height=\"1243\" src=\"https:\/\/www.formentera.es\/wp-content\/uploads\/2019\/01\/MG_4352-2.jpg\" data-src=\"https:\/\/www.formentera.es\/wp-content\/uploads\/2019\/01\/MG_4352-2.jpg\" data-caption=\"\" srcset=\"https:\/\/www.formentera.es\/wp-content\/uploads\/2019\/01\/MG_4352-2.jpg 1900w, https:\/\/www.formentera.es\/wp-content\/uploads\/2019\/01\/MG_4352-2-300x196.jpg 300w, https:\/\/www.formentera.es\/wp-content\/uploads\/2019\/01\/MG_4352-2-768x502.jpg 768w, https:\/\/www.formentera.es\/wp-content\/uploads\/2019\/01\/MG_4352-2-1024x670.jpg 1024w\" sizes=\"auto, (max-width: 1900px) 100vw, 1900px\" \/>\n\t\t<div class=\"figc no-description\">\n\t\t\t<div class=\"figc-inner\">\n\t\t\t\t\t\t\t\t\t\t\t\t\t\t\t<\/div>\n\t\t<\/div>\n\n\t<\/div>\n\n<\/div><div class=\"modula-item effect-quiet jtg-filter-all jtg-filter-\" data-width=\"5\" data-height=\"3\" >\n\t<div class=\"modula-item-overlay\"><\/div>\n\n\t<div class=\"modula-item-content\">\n\n\t\t\t\t\n\t\t\t\t\t<a data-image-id=\"2004\" tabindex=\"0\" href=\"https:\/\/www.formentera.es\/wp-content\/uploads\/2019\/01\/MG_4342-1.jpg\" rel=\"jtg-1960\" data-caption=\"\" aria-label=\"Open image in lightbox\" role=\"button\" data-cyclefilter=\"show\" data-fancybox=\"jtg-1960\" class=\"tile-inner modula-item-link\"><\/a>\n\t\t\n\t\t<img loading=\"lazy\" decoding=\"async\" class=\"pic wp-image-2004\"  data-valign=\"middle\" data-halign=\"center\" alt=\"\" data-full=\"https:\/\/www.formentera.es\/wp-content\/uploads\/2019\/01\/MG_4342-1.jpg\" title=\"_MG_4342\" width=\"1900\" height=\"1267\" src=\"https:\/\/www.formentera.es\/wp-content\/uploads\/2019\/01\/MG_4342-1.jpg\" data-src=\"https:\/\/www.formentera.es\/wp-content\/uploads\/2019\/01\/MG_4342-1.jpg\" data-caption=\"\" srcset=\"https:\/\/www.formentera.es\/wp-content\/uploads\/2019\/01\/MG_4342-1.jpg 1900w, https:\/\/www.formentera.es\/wp-content\/uploads\/2019\/01\/MG_4342-1-300x200.jpg 300w, https:\/\/www.formentera.es\/wp-content\/uploads\/2019\/01\/MG_4342-1-768x512.jpg 768w, https:\/\/www.formentera.es\/wp-content\/uploads\/2019\/01\/MG_4342-1-1024x683.jpg 1024w\" sizes=\"auto, (max-width: 1900px) 100vw, 1900px\" \/>\n\t\t<div class=\"figc no-description\">\n\t\t\t<div class=\"figc-inner\">\n\t\t\t\t\t\t\t\t\t\t\t\t\t\t\t<\/div>\n\t\t<\/div>\n\n\t<\/div>\n\n<\/div>\t\t\n\t<\/div>\n\n\t\n\t\n\t<script type=\"application\/ld+json\">\n\t{\n\t\t\"@context\": \"http:\/\/schema.org\",\n\t\t\"@type\"   : \"ImageGallery\",\n\t\t\"id\"      : \"https:\/\/www.formentera.es\/pt\/a-ilha\/historia\/\",\n\t\t\"url\"     : \"https:\/\/www.formentera.es\/pt\/a-ilha\/historia\/\"\n\t}\n\n\t<\/script>\n\n\t\n<\/div>\n[\/vc_column_text][\/vc_column][\/vc_row][vc_row][vc_column][vc_column_text]<div id=\"siguexpl\" class=\"container sc\"><h2>Continue explorando<\/h2><div class=\"row\"><a href=\"https:\/\/www.formentera.es\/pt\/explorar\/cultura-e-patrimonio\/\" class=\"col-md-4\">\n\t\t\t\t\t\t<div class=\"row\">\n\t\t\t\t\t\t\t<div class=\"col-sm-4\" style=\"background-image: url(https:\/\/www.formentera.es\/wp-content\/uploads\/2019\/01\/Torre-de-Sa-Gavina_Moonkoala-300x200.jpg)\"><\/div>\n\t\t\t\t\t\t\t<div class=\"col-sm-8\">\n\t\t\t\t\t\t\t\tCultura e patrim\u00f3nio\n\t\t\t\t\t\t\t\t<i class=\"fa fa-angle-right\"><\/i>\n\t\t\t\t\t\t\t<\/div>\n\t\t\t\t\t\t\t<div class=\"bhover\"><\/div>\n\t\t\t\t\t\t<\/div>\n\t\t\t\t\t\t\n\t\t\t\t\t<\/a><a href=\"https:\/\/www.formentera.es\/pt\/explorar\/praias\/\" class=\"col-md-4\">\n\t\t\t\t\t\t<div class=\"row\">\n\t\t\t\t\t\t\t<div class=\"col-sm-4\" style=\"background-image: url(https:\/\/www.formentera.es\/wp-content\/uploads\/2025\/07\/illetas2025-300x225.webp)\"><\/div>\n\t\t\t\t\t\t\t<div class=\"col-sm-8\">\n\t\t\t\t\t\t\t\tPraias\n\t\t\t\t\t\t\t\t<i class=\"fa fa-angle-right\"><\/i>\n\t\t\t\t\t\t\t<\/div>\n\t\t\t\t\t\t\t<div class=\"bhover\"><\/div>\n\t\t\t\t\t\t<\/div>\n\t\t\t\t\t\t\n\t\t\t\t\t<\/a><a href=\"https:\/\/www.formentera.es\/pt\/explorar\/locais-de-interesse\/\" class=\"col-md-4\">\n\t\t\t\t\t\t<div class=\"row\">\n\t\t\t\t\t\t\t<div class=\"col-sm-4\" style=\"background-image: url(https:\/\/www.formentera.es\/wp-content\/uploads\/2018\/12\/audio_16-mp3-image-300x297.png)\"><\/div>\n\t\t\t\t\t\t\t<div class=\"col-sm-8\">\n\t\t\t\t\t\t\t\tLocais de interesse\n\t\t\t\t\t\t\t\t<i class=\"fa fa-angle-right\"><\/i>\n\t\t\t\t\t\t\t<\/div>\n\t\t\t\t\t\t\t<div class=\"bhover\"><\/div>\n\t\t\t\t\t\t<\/div>\n\t\t\t\t\t\t\n\t\t\t\t\t<\/a><\/div><\/div>[\/vc_column_text][\/vc_column][\/vc_row][vc_row full_width=&#8221;stretch_row_content&#8221; equal_height=&#8221;yes&#8221; css=&#8221;.vc_custom_1549021619732{padding-top: 80px !important;}&#8221; el_class=&#8221;bloque_maseventos&#8221;][vc_column][vc_column_text el_class=&#8221;h1&#8243;]<\/p>\n<h2 style=\"text-align: center;\">Eventos em Formentera<\/h2>\n<p>[\/vc_column_text][vc_basic_grid post_type=&#8221;post&#8221; max_items=&#8221;3&#8243; orderby=&#8221;rand&#8221; item=&#8221;1524&#8243; grid_id=&#8221;vc_gid:1724057643311-188ef07e-7a9a-4&#8243; taxonomies=&#8221;17&#8243;][vc_btn title=&#8221;Mais eventos&#8221; style=&#8221;flat&#8221; shape=&#8221;square&#8221; color=&#8221;white&#8221; size=&#8221;lg&#8221; align=&#8221;center&#8221; i_align=&#8221;right&#8221; i_type=&#8221;entypo&#8221; i_icon_entypo=&#8221;entypo-icon entypo-icon-right-open-big&#8221; add_icon=&#8221;true&#8221; el_class=&#8221;btn_more&#8221; link=&#8221;url:https%3A%2F%2Fwww.formentera.es%2Fpt%2Feventos%2F%20|||&#8221;][\/vc_column][\/vc_row]<\/p>\n<\/div>","protected":false},"excerpt":{"rendered":"<p>[vc_row full_width=&#8221;stretch_row&#8221;][vc_column width=&#8221;2\/3&#8243; css=&#8221;.vc_custom_1530269560078{padding-right: 5% !important;}&#8221;][vc_column_text el_class=&#8221;texto_ficha&#8221;]A presen\u00e7a de uma popula\u00e7\u00e3o est\u00e1vel e cont\u00ednua em [&hellip;]<\/p>\n","protected":false},"author":1,"featured_media":31510,"parent":31345,"menu_order":0,"comment_status":"closed","ping_status":"closed","template":"page-ficha.php","meta":{"_acf_changed":false,"footnotes":""},"categories":[],"class_list":["post-31508","page","type-page","status-publish","hentry"],"acf":[],"yoast_head":"<!-- This site is optimized with the Yoast SEO plugin v25.5 - https:\/\/yoast.com\/wordpress\/plugins\/seo\/ -->\n<title>La historia de Formentera | Turismo de Formentera<\/title>\n<meta name=\"description\" content=\"Ad\u00e9ntrate en la historia de Formentera. Conoce a sus antiguos pobladores, conquistas y todos los hechos hist\u00f3ricos que ha sufrido la isla.\" \/>\n<meta name=\"robots\" content=\"index, follow, max-snippet:-1, max-image-preview:large, max-video-preview:-1\" \/>\n<link rel=\"canonical\" href=\"https:\/\/www.formentera.es\/a-ilha\/historia\/\" \/>\n<meta property=\"og:locale\" content=\"pt_PT\" \/>\n<meta property=\"og:type\" content=\"article\" \/>\n<meta property=\"og:title\" content=\"La historia de Formentera | Turismo de Formentera\" \/>\n<meta property=\"og:description\" content=\"Ad\u00e9ntrate en la historia de Formentera. Conoce a sus antiguos pobladores, conquistas y todos los hechos hist\u00f3ricos que ha sufrido la isla.\" \/>\n<meta property=\"og:url\" content=\"https:\/\/www.formentera.es\/a-ilha\/historia\/\" \/>\n<meta property=\"og:site_name\" content=\"Turismo de Formentera\" \/>\n<meta property=\"article:publisher\" content=\"https:\/\/www.facebook.com\/turismoformentera\/\" \/>\n<meta property=\"article:modified_time\" content=\"2024-08-19T08:59:07+00:00\" \/>\n<meta property=\"og:image\" content=\"https:\/\/www.formentera.es\/wp-content\/uploads\/2019\/01\/shutterstock_228329833-3.jpg\" \/>\n\t<meta property=\"og:image:width\" content=\"1900\" \/>\n\t<meta property=\"og:image:height\" content=\"1040\" \/>\n\t<meta property=\"og:image:type\" content=\"image\/jpeg\" \/>\n<meta name=\"twitter:card\" content=\"summary_large_image\" \/>\n<meta name=\"twitter:site\" content=\"@visitformentera\" \/>\n<meta name=\"twitter:label1\" content=\"Tempo estimado de leitura\" \/>\n\t<meta name=\"twitter:data1\" content=\"3 minutos\" \/>\n<script type=\"application\/ld+json\" class=\"yoast-schema-graph\">{\"@context\":\"https:\/\/schema.org\",\"@graph\":[{\"@type\":\"WebPage\",\"@id\":\"https:\/\/www.formentera.es\/a-ilha\/historia\/\",\"url\":\"https:\/\/www.formentera.es\/a-ilha\/historia\/\",\"name\":\"La historia de Formentera | Turismo de Formentera\",\"isPartOf\":{\"@id\":\"https:\/\/www.formentera.es\/#website\"},\"primaryImageOfPage\":{\"@id\":\"https:\/\/www.formentera.es\/a-ilha\/historia\/#primaryimage\"},\"image\":{\"@id\":\"https:\/\/www.formentera.es\/a-ilha\/historia\/#primaryimage\"},\"thumbnailUrl\":\"https:\/\/www.formentera.es\/wp-content\/uploads\/2019\/01\/shutterstock_228329833-3.jpg\",\"datePublished\":\"2018-12-12T10:58:11+00:00\",\"dateModified\":\"2024-08-19T08:59:07+00:00\",\"description\":\"Ad\u00e9ntrate en la historia de Formentera. Conoce a sus antiguos pobladores, conquistas y todos los hechos hist\u00f3ricos que ha sufrido la isla.\",\"breadcrumb\":{\"@id\":\"https:\/\/www.formentera.es\/a-ilha\/historia\/#breadcrumb\"},\"inLanguage\":\"pt-PT\",\"potentialAction\":[{\"@type\":\"ReadAction\",\"target\":[\"https:\/\/www.formentera.es\/a-ilha\/historia\/\"]}]},{\"@type\":\"ImageObject\",\"inLanguage\":\"pt-PT\",\"@id\":\"https:\/\/www.formentera.es\/a-ilha\/historia\/#primaryimage\",\"url\":\"https:\/\/www.formentera.es\/wp-content\/uploads\/2019\/01\/shutterstock_228329833-3.jpg\",\"contentUrl\":\"https:\/\/www.formentera.es\/wp-content\/uploads\/2019\/01\/shutterstock_228329833-3.jpg\",\"width\":1900,\"height\":1040},{\"@type\":\"BreadcrumbList\",\"@id\":\"https:\/\/www.formentera.es\/a-ilha\/historia\/#breadcrumb\",\"itemListElement\":[{\"@type\":\"ListItem\",\"position\":1,\"name\":\"Portada\",\"item\":\"https:\/\/www.formentera.es\/pt\/\"},{\"@type\":\"ListItem\",\"position\":2,\"name\":\"A ilha\",\"item\":\"https:\/\/www.formentera.es\/a-ilha\/\"},{\"@type\":\"ListItem\",\"position\":3,\"name\":\"Hist\u00f3ria\"}]},{\"@type\":\"WebSite\",\"@id\":\"https:\/\/www.formentera.es\/#website\",\"url\":\"https:\/\/www.formentera.es\/\",\"name\":\"Turismo de Formentera\",\"description\":\"Web oficial de Turismo de Formentera\",\"potentialAction\":[{\"@type\":\"SearchAction\",\"target\":{\"@type\":\"EntryPoint\",\"urlTemplate\":\"https:\/\/www.formentera.es\/?s={search_term_string}\"},\"query-input\":{\"@type\":\"PropertyValueSpecification\",\"valueRequired\":true,\"valueName\":\"search_term_string\"}}],\"inLanguage\":\"pt-PT\"}]}<\/script>\n<!-- \/ Yoast SEO plugin. -->","yoast_head_json":{"title":"La historia de Formentera | Turismo de Formentera","description":"Ad\u00e9ntrate en la historia de Formentera. Conoce a sus antiguos pobladores, conquistas y todos los hechos hist\u00f3ricos que ha sufrido la isla.","robots":{"index":"index","follow":"follow","max-snippet":"max-snippet:-1","max-image-preview":"max-image-preview:large","max-video-preview":"max-video-preview:-1"},"canonical":"https:\/\/www.formentera.es\/a-ilha\/historia\/","og_locale":"pt_PT","og_type":"article","og_title":"La historia de Formentera | Turismo de Formentera","og_description":"Ad\u00e9ntrate en la historia de Formentera. Conoce a sus antiguos pobladores, conquistas y todos los hechos hist\u00f3ricos que ha sufrido la isla.","og_url":"https:\/\/www.formentera.es\/a-ilha\/historia\/","og_site_name":"Turismo de Formentera","article_publisher":"https:\/\/www.facebook.com\/turismoformentera\/","article_modified_time":"2024-08-19T08:59:07+00:00","og_image":[{"width":1900,"height":1040,"url":"https:\/\/www.formentera.es\/wp-content\/uploads\/2019\/01\/shutterstock_228329833-3.jpg","type":"image\/jpeg"}],"twitter_card":"summary_large_image","twitter_site":"@visitformentera","twitter_misc":{"Tempo estimado de leitura":"3 minutos"},"schema":{"@context":"https:\/\/schema.org","@graph":[{"@type":"WebPage","@id":"https:\/\/www.formentera.es\/a-ilha\/historia\/","url":"https:\/\/www.formentera.es\/a-ilha\/historia\/","name":"La historia de Formentera | Turismo de Formentera","isPartOf":{"@id":"https:\/\/www.formentera.es\/#website"},"primaryImageOfPage":{"@id":"https:\/\/www.formentera.es\/a-ilha\/historia\/#primaryimage"},"image":{"@id":"https:\/\/www.formentera.es\/a-ilha\/historia\/#primaryimage"},"thumbnailUrl":"https:\/\/www.formentera.es\/wp-content\/uploads\/2019\/01\/shutterstock_228329833-3.jpg","datePublished":"2018-12-12T10:58:11+00:00","dateModified":"2024-08-19T08:59:07+00:00","description":"Ad\u00e9ntrate en la historia de Formentera. Conoce a sus antiguos pobladores, conquistas y todos los hechos hist\u00f3ricos que ha sufrido la isla.","breadcrumb":{"@id":"https:\/\/www.formentera.es\/a-ilha\/historia\/#breadcrumb"},"inLanguage":"pt-PT","potentialAction":[{"@type":"ReadAction","target":["https:\/\/www.formentera.es\/a-ilha\/historia\/"]}]},{"@type":"ImageObject","inLanguage":"pt-PT","@id":"https:\/\/www.formentera.es\/a-ilha\/historia\/#primaryimage","url":"https:\/\/www.formentera.es\/wp-content\/uploads\/2019\/01\/shutterstock_228329833-3.jpg","contentUrl":"https:\/\/www.formentera.es\/wp-content\/uploads\/2019\/01\/shutterstock_228329833-3.jpg","width":1900,"height":1040},{"@type":"BreadcrumbList","@id":"https:\/\/www.formentera.es\/a-ilha\/historia\/#breadcrumb","itemListElement":[{"@type":"ListItem","position":1,"name":"Portada","item":"https:\/\/www.formentera.es\/pt\/"},{"@type":"ListItem","position":2,"name":"A ilha","item":"https:\/\/www.formentera.es\/a-ilha\/"},{"@type":"ListItem","position":3,"name":"Hist\u00f3ria"}]},{"@type":"WebSite","@id":"https:\/\/www.formentera.es\/#website","url":"https:\/\/www.formentera.es\/","name":"Turismo de Formentera","description":"Web oficial de Turismo de Formentera","potentialAction":[{"@type":"SearchAction","target":{"@type":"EntryPoint","urlTemplate":"https:\/\/www.formentera.es\/?s={search_term_string}"},"query-input":{"@type":"PropertyValueSpecification","valueRequired":true,"valueName":"search_term_string"}}],"inLanguage":"pt-PT"}]}},"_links":{"self":[{"href":"https:\/\/www.formentera.es\/pt\/wp-json\/wp\/v2\/pages\/31508","targetHints":{"allow":["GET"]}}],"collection":[{"href":"https:\/\/www.formentera.es\/pt\/wp-json\/wp\/v2\/pages"}],"about":[{"href":"https:\/\/www.formentera.es\/pt\/wp-json\/wp\/v2\/types\/page"}],"author":[{"embeddable":true,"href":"https:\/\/www.formentera.es\/pt\/wp-json\/wp\/v2\/users\/1"}],"replies":[{"embeddable":true,"href":"https:\/\/www.formentera.es\/pt\/wp-json\/wp\/v2\/comments?post=31508"}],"version-history":[{"count":0,"href":"https:\/\/www.formentera.es\/pt\/wp-json\/wp\/v2\/pages\/31508\/revisions"}],"up":[{"embeddable":true,"href":"https:\/\/www.formentera.es\/pt\/wp-json\/wp\/v2\/pages\/31345"}],"wp:featuredmedia":[{"embeddable":true,"href":"https:\/\/www.formentera.es\/pt\/wp-json\/wp\/v2\/media\/31510"}],"wp:attachment":[{"href":"https:\/\/www.formentera.es\/pt\/wp-json\/wp\/v2\/media?parent=31508"}],"wp:term":[{"taxonomy":"category","embeddable":true,"href":"https:\/\/www.formentera.es\/pt\/wp-json\/wp\/v2\/categories?post=31508"}],"curies":[{"name":"wp","href":"https:\/\/api.w.org\/{rel}","templated":true}]}}