{"id":31477,"date":"2018-11-14T13:36:43","date_gmt":"2018-11-14T15:36:43","guid":{"rendered":"https:\/\/www.formentera.es\/a-ilha\/flora-e-fauna\/posidonia\/"},"modified":"2024-08-19T10:26:43","modified_gmt":"2024-08-19T08:26:43","slug":"posidonia","status":"publish","type":"page","link":"https:\/\/www.formentera.es\/pt\/a-ilha\/flora-e-fauna\/posidonia\/","title":{"rendered":"Posidonia"},"content":{"rendered":"<div class=\"wpb-content-wrapper\"><p>[vc_row full_width=&#8221;stretch_row&#8221;][vc_column width=&#8221;2\/3&#8243;][vc_column_text]<\/p>\n<h2>O ser vivo mais antigo do mundo \u00e9 o respons\u00e1vel pela claridade das nossas \u00e1guas<\/h2>\n<h3>Muitas vezes confundida com uma alga, a Posidonia oceanica \u00e9 provavelmente a planta mais importante do ecossistema marinho das Pitiusas..<\/h3>\n<p>Se algo se destaca sobretudo na paisagem da costa de Formentera s\u00e3o as \u00e1guas cristalinas que rodeiam a ilha, e isto gra\u00e7as \u00e0 presen\u00e7a da imensa pradaria de <i>Posidonia oceanica<\/i> que desempenha o papel de purificador natural. A sua import\u00e2ncia ecol\u00f3gica \u00e9 tal que em 1999 foi declarada <strong>Patrim\u00f3nio Mundial pela Unesco<\/strong>.<\/p>\n<p>A pradaria de <i>Posidonia<\/i> \u00e9 crucial para o ecossistema marinho porque, por ser uma planta que realiza a fotoss\u00edntese, \u00e9 um dos principais produtores de oxig\u00e9nio, que alimenta peixes, esponjas, algas e outros animais marinhos que vivem sob o seu abrigo. A sua presen\u00e7a permite que muitas esp\u00e9cies marinhas se estabele\u00e7am nas \u00e1guas de Formentera e tem uma fun\u00e7\u00e3o semelhante \u00e0 de um recife que protege a costa das intemp\u00e9ries.<\/p>\n<p>A <i>Posidonia<\/i> \u00e9 uma planta que geralmente cresce em fundos arenosos pouco profundos, embora tamb\u00e9m se encontre em fundos rochosos. Possui folhas, ra\u00edzes, frutos e flores, caracter\u00edsticas que nos permitiram determinar que se trata de uma planta terrestre que no passado se adaptou ao meio marinho. Como muitas plantas, segue um ciclo de vida ao longo do ano com a consequente perda de folhas durante o outono, e hiberna\u00e7\u00e3o ou flora\u00e7\u00e3o durante os meses de primavera. A sua presen\u00e7a \u00e9 vital para evitar a eros\u00e3o do fundo do mar gra\u00e7as \u00e0s suas ra\u00edzes, al\u00e9m de proteger a costa das tempestades com as folhas mortas que se depositam nas margens durante o outono.[\/vc_column_text][vc_video link=&#8221;https:\/\/vimeo.com\/226725852&#8243;][\/vc_column][vc_column width=&#8221;1\/3&#8243;][vc_column_text]<div id=\"sidebar_ficha\"><a class=\"sidebar_breadcrumbs\" href=\"https:\/\/www.formentera.es\/pt\/a-ilha\/flora-e-fauna\/\"><i class=\"fa fa-angle-left\"><\/i>Voltar a Flora e fauna<\/a><div class=\"content_sidebar\"><div class=\"bloc_share\"><div class=\"blocs1\"><div class=\"tit_medium\">Compartilhar<\/div><div class=\"redes_ficha\"><div class=\"fa fa-brands fa-x-twitter st-custom-button\" data-network=\"twitter\"><\/div><div class=\"fa fa-facebook st-custom-button\" data-network=\"facebook\"><\/div><div class=\"fa fa-pinterest-p st-custom-button\" data-network=\"pinterest\"><\/div><\/div><\/div><div class=\"blocs2\"><div class=\"tit_medium\">Enviar para um amigo<\/div><div class=\"redes_ficha\"><div class=\"fa fa-envelope st-custom-button\" data-network=\"email\"><\/div><div class=\"fa fa-whatsapp st-custom-button\" data-network=\"whatsapp\"><\/div><\/div><\/div><\/div><\/div><\/div>[\/vc_column_text][\/vc_column][\/vc_row][vc_row full_width=&#8221;stretch_row_content_no_spaces&#8221;][vc_column][vc_column_text]<style>#jtg-1475 .modula-item .jtg-social a, .lightbox-socials.jtg-social a{ fill: #ffffff; color: #ffffff }#jtg-1475 .modula-item .jtg-social-mobile a{ fill: #ffffff; color: #ffffff }#jtg-1475 .modula-item .jtg-social svg, .lightbox-socials.jtg-social svg { height: 16px; width: 16px }#jtg-1475 .modula-item .jtg-social-mobile svg { height: 16px; width: 16px }#jtg-1475 .modula-item .jtg-social a:not(:last-child), .lightbox-socials.jtg-social a:not(:last-child) { margin-right: 10px }#jtg-1475 .modula-item .jtg-social-mobile .jtg-social-mobile-icons a:not(:last-child){ margin-right: 10px }#jtg-1475 .modula-item .figc {color:#ffffff;}#jtg-1475 .modula-item .modula-item-content { transform: scale(1) }#jtg-1475 .modula-items .figc p.description { font-size:14px; }#jtg-1475 .modula-items .figc p.description { color:#ffffff;}#jtg-1475.modula-gallery .modula-item > a, #jtg-1475.modula-gallery .modula-item, #jtg-1475.modula-gallery .modula-item-content > a:not(.modula-no-follow) { cursor:zoom-in; } #jtg-1475.modula-gallery .modula-item-content .modula-no-follow { cursor: default; } #jtg-1475 .modula-item { background-color:#000000; }#jtg-1475 .modula-item:hover img { opacity: 0.5; }#jtg-1475 .modula-item { transform: scale(1) translate(0px,0px) rotate(0deg); }@media screen and (max-width:480px){#jtg-1475 .modula-item .figc .jtg-title {  font-size: 12px; }#jtg-1475 .modula-items .figc p.description { color:#ffffff;font-size:10px; }}<\/style>\n<div  id=\"jtg-1475\" class=\"modula modula-gallery modula-custom-grid\" data-config=\"{&quot;height&quot;:800,&quot;tabletHeight&quot;:800,&quot;mobileHeight&quot;:800,&quot;desktopHeight&quot;:800,&quot;enableTwitter&quot;:false,&quot;enableWhatsapp&quot;:false,&quot;enableFacebook&quot;:false,&quot;enablePinterest&quot;:false,&quot;enableLinkedin&quot;:false,&quot;enableEmail&quot;:false,&quot;randomFactor&quot;:0.5,&quot;type&quot;:&quot;custom-grid&quot;,&quot;columns&quot;:12,&quot;gutter&quot;:10,&quot;mobileGutter&quot;:10,&quot;tabletGutter&quot;:10,&quot;desktopGutter&quot;:10,&quot;enableResponsive&quot;:true,&quot;tabletColumns&quot;:2,&quot;mobileColumns&quot;:1,&quot;lazyLoad&quot;:&quot;0&quot;,&quot;lightboxOpts&quot;:{&quot;animated&quot;:true,&quot;Thumbs&quot;:{&quot;type&quot;:&quot;modern&quot;,&quot;showOnStart&quot;:false},&quot;Toolbar&quot;:{&quot;display&quot;:{&quot;right&quot;:[&quot;close&quot;]},&quot;enabled&quot;:true},&quot;Carousel&quot;:{&quot;Panzoom&quot;:{&quot;touch&quot;:false},&quot;infinite&quot;:false},&quot;keyboard&quot;:{&quot;Escape&quot;:&quot;close&quot;,&quot;Delete&quot;:&quot;close&quot;,&quot;Backspace&quot;:&quot;close&quot;,&quot;PageUp&quot;:false,&quot;PageDown&quot;:false,&quot;ArrowUp&quot;:false,&quot;ArrowDown&quot;:false,&quot;ArrowRight&quot;:false,&quot;ArrowLeft&quot;:false},&quot;touch&quot;:false,&quot;backdropClick&quot;:false,&quot;l10n&quot;:{&quot;CLOSE&quot;:&quot;Close&quot;,&quot;NEXT&quot;:&quot;Next&quot;,&quot;PREV&quot;:&quot;Previous&quot;,&quot;Error&quot;:&quot;The requested content cannot be loaded. Please try again later.&quot;,&quot;PLAY_START&quot;:&quot;Start slideshow&quot;,&quot;PLAY_STOP&quot;:&quot;Pause slideshow&quot;,&quot;FULL_SCREEN&quot;:&quot;Full screen&quot;,&quot;THUMBS&quot;:&quot;Thumbnails&quot;,&quot;DOWNLOAD&quot;:&quot;Download&quot;,&quot;SHARE&quot;:&quot;Share&quot;,&quot;ZOOM&quot;:&quot;Zoom&quot;,&quot;EMAIL&quot;:&quot;Here is the link to the image : %%image_link%% and this is the link to the gallery : %%gallery_link%%&quot;,&quot;MODAL&quot;:&quot;You can close this modal content with the ESC key&quot;,&quot;ERROR&quot;:&quot;Something Went Wrong, Please Try Again Later&quot;,&quot;IMAGE_ERROR&quot;:&quot;Image Not Found&quot;,&quot;ELEMENT_NOT_FOUND&quot;:&quot;HTML Element Not Found&quot;,&quot;AJAX_NOT_FOUND&quot;:&quot;Error Loading AJAX : Not Found&quot;,&quot;AJAX_FORBIDDEN&quot;:&quot;Error Loading AJAX : Forbidden&quot;,&quot;IFRAME_ERROR&quot;:&quot;Error Loading Page&quot;,&quot;TOGGLE_ZOOM&quot;:&quot;Toggle zoom level&quot;,&quot;TOGGLE_THUMBS&quot;:&quot;Toggle thumbnails&quot;,&quot;TOGGLE_SLIDESHOW&quot;:&quot;Toggle slideshow&quot;,&quot;TOGGLE_FULLSCREEN&quot;:&quot;Toggle full-screen mode&quot;},&quot;Images&quot;:{&quot;Panzoom&quot;:{&quot;maxScale&quot;:2}},&quot;mainClass&quot;:&quot;modula-fancybox-container modula-lightbox-jtg-1475&quot;,&quot;Html&quot;:{&quot;videoAutoplay&quot;:0,&quot;videoTpl&quot;:&quot;&lt;video class=\\&quot;fancybox__html5video\\&quot; controls muted playsinline controlsList controlsList=\\&quot;nodownload\\&quot; poster=\\&quot;{{poster}}\\&quot; src=\\&quot;{{src}}\\&quot; type=\\&quot;{{format}}\\&quot; &gt;  Sorry, your browser doesn&#039;t support embedded videos, &lt;a href=\\&quot;{{src}}\\&quot;&gt; download &lt;\\\/a&gt; and watch with your favorite video player! &lt;\\\/video&gt;&quot;}},&quot;inView&quot;:false,&quot;email_subject&quot;:&quot;\\u00a1\\u00a1Mira esta impresionante imagen!!&quot;,&quot;email_message&quot;:&quot;Este es el enlace a la imagen: %%image_link%% y este es el enlace a la galer\\u00eda: %%gallery_link%%&quot;,&quot;lightbox&quot;:&quot;fancybox&quot;,&quot;filterClick&quot;:&quot;0&quot;,&quot;defaultActiveFilter&quot;:&quot;all&quot;}\">\n\n\t\n\t<div  class=\"modula-items\">\n\t\t<div class=\"modula-item effect-quiet jtg-filter-all jtg-filter-\" data-width=\"8\" data-height=\"5\" >\n\t<div class=\"modula-item-overlay\"><\/div>\n\n\t<div class=\"modula-item-content\">\n\n\t\t\t\t\n\t\t\t\t\t<a data-image-id=\"1480\" tabindex=\"0\" href=\"https:\/\/www.formentera.es\/wp-content\/uploads\/2018\/12\/shutterstock_288244211.jpg\" rel=\"jtg-1475\" data-caption=\"\" aria-label=\"Open image in lightbox\" role=\"button\" data-cyclefilter=\"show\" data-fancybox=\"jtg-1475\" class=\"tile-inner modula-item-link\"><\/a>\n\t\t\n\t\t<img loading=\"lazy\" decoding=\"async\" class=\"pic wp-image-1480\"  data-valign=\"middle\" data-halign=\"center\" alt=\"\" data-full=\"https:\/\/www.formentera.es\/wp-content\/uploads\/2018\/12\/shutterstock_288244211.jpg\" title=\"shutterstock_288244211\" width=\"1900\" height=\"1267\" src=\"https:\/\/www.formentera.es\/wp-content\/uploads\/2018\/12\/shutterstock_288244211.jpg\" data-src=\"https:\/\/www.formentera.es\/wp-content\/uploads\/2018\/12\/shutterstock_288244211.jpg\" data-caption=\"\" srcset=\"https:\/\/www.formentera.es\/wp-content\/uploads\/2018\/12\/shutterstock_288244211.jpg 1900w, https:\/\/www.formentera.es\/wp-content\/uploads\/2018\/12\/shutterstock_288244211-300x200.jpg 300w, https:\/\/www.formentera.es\/wp-content\/uploads\/2018\/12\/shutterstock_288244211-768x512.jpg 768w, https:\/\/www.formentera.es\/wp-content\/uploads\/2018\/12\/shutterstock_288244211-1024x683.jpg 1024w\" sizes=\"auto, (max-width: 1900px) 100vw, 1900px\" \/>\n\t\t<div class=\"figc no-description\">\n\t\t\t<div class=\"figc-inner\">\n\t\t\t\t\t\t\t\t\t\t\t\t\t\t\t<\/div>\n\t\t<\/div>\n\n\t<\/div>\n\n<\/div><div class=\"modula-item effect-quiet jtg-filter-all jtg-filter-\" data-width=\"4\" data-height=\"5\" >\n\t<div class=\"modula-item-overlay\"><\/div>\n\n\t<div class=\"modula-item-content\">\n\n\t\t\t\t\n\t\t\t\t\t<a data-image-id=\"1478\" tabindex=\"0\" href=\"https:\/\/www.formentera.es\/wp-content\/uploads\/2018\/12\/shutterstock_98548376.jpg\" rel=\"jtg-1475\" data-caption=\"\" aria-label=\"Open image in lightbox\" role=\"button\" data-cyclefilter=\"show\" data-fancybox=\"jtg-1475\" class=\"tile-inner modula-item-link\"><\/a>\n\t\t\n\t\t<img loading=\"lazy\" decoding=\"async\" class=\"pic wp-image-1478\"  data-valign=\"middle\" data-halign=\"center\" alt=\"\" data-full=\"https:\/\/www.formentera.es\/wp-content\/uploads\/2018\/12\/shutterstock_98548376.jpg\" title=\"shutterstock_98548376\" width=\"1000\" height=\"1333\" src=\"https:\/\/www.formentera.es\/wp-content\/uploads\/2018\/12\/shutterstock_98548376.jpg\" data-src=\"https:\/\/www.formentera.es\/wp-content\/uploads\/2018\/12\/shutterstock_98548376.jpg\" data-caption=\"\" srcset=\"https:\/\/www.formentera.es\/wp-content\/uploads\/2018\/12\/shutterstock_98548376.jpg 1000w, https:\/\/www.formentera.es\/wp-content\/uploads\/2018\/12\/shutterstock_98548376-225x300.jpg 225w, https:\/\/www.formentera.es\/wp-content\/uploads\/2018\/12\/shutterstock_98548376-768x1024.jpg 768w\" sizes=\"auto, (max-width: 1000px) 100vw, 1000px\" \/>\n\t\t<div class=\"figc no-description\">\n\t\t\t<div class=\"figc-inner\">\n\t\t\t\t\t\t\t\t\t\t\t\t\t\t\t<\/div>\n\t\t<\/div>\n\n\t<\/div>\n\n<\/div><div class=\"modula-item effect-quiet jtg-filter-all jtg-filter-\" data-width=\"12\" data-height=\"7\" >\n\t<div class=\"modula-item-overlay\"><\/div>\n\n\t<div class=\"modula-item-content\">\n\n\t\t\t\t\n\t\t\t\t\t<a data-image-id=\"1477\" tabindex=\"0\" href=\"https:\/\/www.formentera.es\/wp-content\/uploads\/2018\/12\/shutterstock_72961186.jpg\" rel=\"jtg-1475\" data-caption=\"\" aria-label=\"Open image in lightbox\" role=\"button\" data-cyclefilter=\"show\" data-fancybox=\"jtg-1475\" class=\"tile-inner modula-item-link\"><\/a>\n\t\t\n\t\t<img loading=\"lazy\" decoding=\"async\" class=\"pic wp-image-1477\"  data-valign=\"middle\" data-halign=\"center\" alt=\"\" data-full=\"https:\/\/www.formentera.es\/wp-content\/uploads\/2018\/12\/shutterstock_72961186.jpg\" title=\"shutterstock_72961186\" width=\"1900\" height=\"1425\" src=\"https:\/\/www.formentera.es\/wp-content\/uploads\/2018\/12\/shutterstock_72961186.jpg\" data-src=\"https:\/\/www.formentera.es\/wp-content\/uploads\/2018\/12\/shutterstock_72961186.jpg\" data-caption=\"\" srcset=\"https:\/\/www.formentera.es\/wp-content\/uploads\/2018\/12\/shutterstock_72961186.jpg 1900w, https:\/\/www.formentera.es\/wp-content\/uploads\/2018\/12\/shutterstock_72961186-300x225.jpg 300w, https:\/\/www.formentera.es\/wp-content\/uploads\/2018\/12\/shutterstock_72961186-768x576.jpg 768w, https:\/\/www.formentera.es\/wp-content\/uploads\/2018\/12\/shutterstock_72961186-1024x768.jpg 1024w\" sizes=\"auto, (max-width: 1900px) 100vw, 1900px\" \/>\n\t\t<div class=\"figc no-description\">\n\t\t\t<div class=\"figc-inner\">\n\t\t\t\t\t\t\t\t\t\t\t\t\t\t\t<\/div>\n\t\t<\/div>\n\n\t<\/div>\n\n<\/div><div class=\"modula-item effect-quiet jtg-filter-all jtg-filter-\" data-width=\"6\" data-height=\"4\" >\n\t<div class=\"modula-item-overlay\"><\/div>\n\n\t<div class=\"modula-item-content\">\n\n\t\t\t\t\n\t\t\t\t\t<a data-image-id=\"1479\" tabindex=\"0\" href=\"https:\/\/www.formentera.es\/wp-content\/uploads\/2018\/12\/shutterstock_142372267.jpg\" rel=\"jtg-1475\" data-caption=\"\" aria-label=\"Open image in lightbox\" role=\"button\" data-cyclefilter=\"show\" data-fancybox=\"jtg-1475\" class=\"tile-inner modula-item-link\"><\/a>\n\t\t\n\t\t<img loading=\"lazy\" decoding=\"async\" class=\"pic wp-image-1479\"  data-valign=\"middle\" data-halign=\"center\" alt=\"\" data-full=\"https:\/\/www.formentera.es\/wp-content\/uploads\/2018\/12\/shutterstock_142372267.jpg\" title=\"shutterstock_142372267\" width=\"1900\" height=\"1267\" src=\"https:\/\/www.formentera.es\/wp-content\/uploads\/2018\/12\/shutterstock_142372267.jpg\" data-src=\"https:\/\/www.formentera.es\/wp-content\/uploads\/2018\/12\/shutterstock_142372267.jpg\" data-caption=\"\" srcset=\"https:\/\/www.formentera.es\/wp-content\/uploads\/2018\/12\/shutterstock_142372267.jpg 1900w, https:\/\/www.formentera.es\/wp-content\/uploads\/2018\/12\/shutterstock_142372267-300x200.jpg 300w, https:\/\/www.formentera.es\/wp-content\/uploads\/2018\/12\/shutterstock_142372267-768x512.jpg 768w, https:\/\/www.formentera.es\/wp-content\/uploads\/2018\/12\/shutterstock_142372267-1024x683.jpg 1024w\" sizes=\"auto, (max-width: 1900px) 100vw, 1900px\" \/>\n\t\t<div class=\"figc no-description\">\n\t\t\t<div class=\"figc-inner\">\n\t\t\t\t\t\t\t\t\t\t\t\t\t\t\t<\/div>\n\t\t<\/div>\n\n\t<\/div>\n\n<\/div><div class=\"modula-item effect-quiet jtg-filter-all jtg-filter-\" data-width=\"6\" data-height=\"4\" >\n\t<div class=\"modula-item-overlay\"><\/div>\n\n\t<div class=\"modula-item-content\">\n\n\t\t\t\t\n\t\t\t\t\t<a data-image-id=\"1476\" tabindex=\"0\" href=\"https:\/\/www.formentera.es\/wp-content\/uploads\/2018\/12\/Sergio-Arribas-3.jpg\" rel=\"jtg-1475\" data-caption=\"\" aria-label=\"Open image in lightbox\" role=\"button\" data-cyclefilter=\"show\" data-fancybox=\"jtg-1475\" class=\"tile-inner modula-item-link\"><\/a>\n\t\t\n\t\t<img loading=\"lazy\" decoding=\"async\" class=\"pic wp-image-1476\"  data-valign=\"middle\" data-halign=\"center\" alt=\"\" data-full=\"https:\/\/www.formentera.es\/wp-content\/uploads\/2018\/12\/Sergio-Arribas-3.jpg\" title=\"Sergio Arribas-3\" width=\"1900\" height=\"1425\" src=\"https:\/\/www.formentera.es\/wp-content\/uploads\/2018\/12\/Sergio-Arribas-3.jpg\" data-src=\"https:\/\/www.formentera.es\/wp-content\/uploads\/2018\/12\/Sergio-Arribas-3.jpg\" data-caption=\"\" srcset=\"https:\/\/www.formentera.es\/wp-content\/uploads\/2018\/12\/Sergio-Arribas-3.jpg 1900w, https:\/\/www.formentera.es\/wp-content\/uploads\/2018\/12\/Sergio-Arribas-3-300x225.jpg 300w, https:\/\/www.formentera.es\/wp-content\/uploads\/2018\/12\/Sergio-Arribas-3-768x576.jpg 768w, https:\/\/www.formentera.es\/wp-content\/uploads\/2018\/12\/Sergio-Arribas-3-1024x768.jpg 1024w\" sizes=\"auto, (max-width: 1900px) 100vw, 1900px\" \/>\n\t\t<div class=\"figc no-description\">\n\t\t\t<div class=\"figc-inner\">\n\t\t\t\t\t\t\t\t\t\t\t\t\t\t\t<\/div>\n\t\t<\/div>\n\n\t<\/div>\n\n<\/div>\t\t\n\t<\/div>\n\n\t\n\t\n\t<script type=\"application\/ld+json\">\n\t{\n\t\t\"@context\": \"http:\/\/schema.org\",\n\t\t\"@type\"   : \"ImageGallery\",\n\t\t\"id\"      : \"https:\/\/www.formentera.es\/pt\/a-ilha\/flora-e-fauna\/posidonia\/\",\n\t\t\"url\"     : \"https:\/\/www.formentera.es\/pt\/a-ilha\/flora-e-fauna\/posidonia\/\"\n\t}\n\n\t<\/script>\n\n\t\n<\/div>\n[\/vc_column_text][\/vc_column][\/vc_row][vc_row full_width=&#8221;stretch_row&#8221; css=&#8221;.vc_custom_1542210731474{padding-top: 80px !important;padding-bottom: 60px !important;}&#8221;][vc_column width=&#8221;2\/3&#8243;][vc_column_text]A pradaria que ocupa a costa de Formentera cobre cerca de 7650 hectares. A manuten\u00e7\u00e3o de um espa\u00e7o t\u00e3o extenso \u00e9 complicada devido a amea\u00e7as como a polui\u00e7\u00e3o das \u00e1guas, que dificulta a fotoss\u00edntese desta planta, ou a ancoragem de navios nestas zonas que os arranca do fundo do mar. Estes problemas fizeram com que a conserva\u00e7\u00e3o deste espa\u00e7o ecol\u00f3gico fosse uma prioridade para Formentera, com o financiamento de medidas de regula\u00e7\u00e3o ou projetos t\u00e3o importantes como o <a href=\"https:\/\/www.saveposidoniaproject.org\/es\/\">Save Posidonia Project<\/a> que visa proteg\u00ea-lo e sensibilizar as pessoas para o importante papel que desempenha no ecossistema marinho da ilha. Para o conhecer de perto, nada melhor do que praticar snorkeling ou mergulho e descobrir a imensa riqueza que o Mar Mediterr\u00e2neo proporciona[\/vc_column_text][\/vc_column][vc_column width=&#8221;1\/3&#8243;][\/vc_column][\/vc_row][vc_row full_width=&#8221;stretch_row_content_no_spaces&#8221;][vc_column][vc_single_image image=&#8221;821&#8243; img_size=&#8221;full&#8221; el_class=&#8221;img100&#8243;][\/vc_column][\/vc_row][vc_row][vc_column][vc_column_text]<div id=\"siguexpl\" class=\"container sc\"><h2>Continue explorando<\/h2><div class=\"row\"><a href=\"https:\/\/www.formentera.es\/pt\/explorar\/aldeias\/\" class=\"col-md-4\">\n\t\t\t\t\t\t<div class=\"row\">\n\t\t\t\t\t\t\t<div class=\"col-sm-4\" style=\"background-image: url(https:\/\/www.formentera.es\/wp-content\/uploads\/2018\/11\/1_Esglesia-St.-Francesc-panoramica-300x190.jpg)\"><\/div>\n\t\t\t\t\t\t\t<div class=\"col-sm-8\">\n\t\t\t\t\t\t\t\tAldeias\n\t\t\t\t\t\t\t\t<i class=\"fa fa-angle-right\"><\/i>\n\t\t\t\t\t\t\t<\/div>\n\t\t\t\t\t\t\t<div class=\"bhover\"><\/div>\n\t\t\t\t\t\t<\/div>\n\t\t\t\t\t\t\n\t\t\t\t\t<\/a><a href=\"https:\/\/www.formentera.es\/pt\/explorar\/locais-de-interesse\/\" class=\"col-md-4\">\n\t\t\t\t\t\t<div class=\"row\">\n\t\t\t\t\t\t\t<div class=\"col-sm-4\" style=\"background-image: url(https:\/\/www.formentera.es\/wp-content\/uploads\/2018\/12\/audio_16-mp3-image-300x297.png)\"><\/div>\n\t\t\t\t\t\t\t<div class=\"col-sm-8\">\n\t\t\t\t\t\t\t\tLocais de interesse\n\t\t\t\t\t\t\t\t<i class=\"fa fa-angle-right\"><\/i>\n\t\t\t\t\t\t\t<\/div>\n\t\t\t\t\t\t\t<div class=\"bhover\"><\/div>\n\t\t\t\t\t\t<\/div>\n\t\t\t\t\t\t\n\t\t\t\t\t<\/a><a href=\"https:\/\/www.formentera.es\/pt\/explorar\/cultura-e-patrimonio\/\" class=\"col-md-4\">\n\t\t\t\t\t\t<div class=\"row\">\n\t\t\t\t\t\t\t<div class=\"col-sm-4\" style=\"background-image: url(https:\/\/www.formentera.es\/wp-content\/uploads\/2019\/01\/Torre-de-Sa-Gavina_Moonkoala-300x200.jpg)\"><\/div>\n\t\t\t\t\t\t\t<div class=\"col-sm-8\">\n\t\t\t\t\t\t\t\tCultura e patrim\u00f3nio\n\t\t\t\t\t\t\t\t<i class=\"fa fa-angle-right\"><\/i>\n\t\t\t\t\t\t\t<\/div>\n\t\t\t\t\t\t\t<div class=\"bhover\"><\/div>\n\t\t\t\t\t\t<\/div>\n\t\t\t\t\t\t\n\t\t\t\t\t<\/a><\/div><\/div>[\/vc_column_text][\/vc_column][\/vc_row][vc_row full_width=&#8221;stretch_row_content&#8221; equal_height=&#8221;yes&#8221; css=&#8221;.vc_custom_1549021593175{padding-top: 80px !important;}&#8221; el_class=&#8221;bloque_maseventos&#8221;][vc_column][vc_column_text el_class=&#8221;h1&#8243;]<\/p>\n<h2 style=\"text-align: center;\">Eventos em Formentera<\/h2>\n<p>[\/vc_column_text][vc_basic_grid post_type=&#8221;post&#8221; max_items=&#8221;3&#8243; orderby=&#8221;rand&#8221; item=&#8221;1524&#8243; grid_id=&#8221;vc_gid:1724055749894-9680639e-5897-1&#8243; taxonomies=&#8221;17&#8243;][vc_btn title=&#8221;Mais eventos&#8221; style=&#8221;flat&#8221; shape=&#8221;square&#8221; color=&#8221;white&#8221; size=&#8221;lg&#8221; align=&#8221;center&#8221; i_align=&#8221;right&#8221; i_type=&#8221;entypo&#8221; i_icon_entypo=&#8221;entypo-icon entypo-icon-right-open-big&#8221; add_icon=&#8221;true&#8221; el_class=&#8221;btn_more&#8221; link=&#8221;url:https%3A%2F%2Fwww.formentera.es%2Fpt%2Feventos%2F|||&#8221;][\/vc_column][\/vc_row]<\/p>\n<\/div>","protected":false},"excerpt":{"rendered":"<p>[vc_row full_width=&#8221;stretch_row&#8221;][vc_column width=&#8221;2\/3&#8243;][vc_column_text] O ser vivo mais antigo do mundo \u00e9 o respons\u00e1vel pela claridade [&hellip;]<\/p>\n","protected":false},"author":1,"featured_media":31479,"parent":31470,"menu_order":0,"comment_status":"closed","ping_status":"closed","template":"page-ficha.php","meta":{"_acf_changed":false,"footnotes":""},"categories":[],"class_list":["post-31477","page","type-page","status-publish","hentry"],"acf":[],"yoast_head":"<!-- This site is optimized with the Yoast SEO plugin v25.5 - https:\/\/yoast.com\/wordpress\/plugins\/seo\/ -->\n<title>Posidonia | Turismo de Formentera<\/title>\n<meta name=\"robots\" content=\"index, follow, max-snippet:-1, max-image-preview:large, max-video-preview:-1\" \/>\n<link rel=\"canonical\" href=\"https:\/\/www.formentera.es\/pt\/a-ilha\/flora-e-fauna\/posidonia\/\" \/>\n<meta property=\"og:locale\" content=\"pt_PT\" \/>\n<meta property=\"og:type\" content=\"article\" \/>\n<meta property=\"og:title\" content=\"Posidonia | Turismo de Formentera\" \/>\n<meta property=\"og:description\" content=\"[vc_row full_width=&#8221;stretch_row&#8221;][vc_column width=&#8221;2\/3&#8243;][vc_column_text] O ser vivo mais antigo do mundo \u00e9 o respons\u00e1vel pela claridade [&hellip;]\" \/>\n<meta property=\"og:url\" content=\"https:\/\/www.formentera.es\/pt\/a-ilha\/flora-e-fauna\/posidonia\/\" \/>\n<meta property=\"og:site_name\" content=\"Turismo de Formentera\" \/>\n<meta property=\"article:publisher\" content=\"https:\/\/www.facebook.com\/turismoformentera\/\" \/>\n<meta property=\"article:modified_time\" content=\"2024-08-19T08:26:43+00:00\" \/>\n<meta property=\"og:image\" content=\"https:\/\/www.formentera.es\/wp-content\/uploads\/2018\/11\/Posidonia2.jpg\" \/>\n\t<meta property=\"og:image:width\" content=\"1920\" \/>\n\t<meta property=\"og:image:height\" content=\"870\" \/>\n\t<meta property=\"og:image:type\" content=\"image\/jpeg\" \/>\n<meta name=\"twitter:card\" content=\"summary_large_image\" \/>\n<meta name=\"twitter:site\" content=\"@visitformentera\" \/>\n<meta name=\"twitter:label1\" content=\"Tempo estimado de leitura\" \/>\n\t<meta name=\"twitter:data1\" content=\"3 minutos\" \/>\n<script type=\"application\/ld+json\" class=\"yoast-schema-graph\">{\"@context\":\"https:\/\/schema.org\",\"@graph\":[{\"@type\":\"WebPage\",\"@id\":\"https:\/\/www.formentera.es\/pt\/a-ilha\/flora-e-fauna\/posidonia\/\",\"url\":\"https:\/\/www.formentera.es\/pt\/a-ilha\/flora-e-fauna\/posidonia\/\",\"name\":\"Posidonia | Turismo de Formentera\",\"isPartOf\":{\"@id\":\"https:\/\/www.formentera.es\/#website\"},\"primaryImageOfPage\":{\"@id\":\"https:\/\/www.formentera.es\/pt\/a-ilha\/flora-e-fauna\/posidonia\/#primaryimage\"},\"image\":{\"@id\":\"https:\/\/www.formentera.es\/pt\/a-ilha\/flora-e-fauna\/posidonia\/#primaryimage\"},\"thumbnailUrl\":\"https:\/\/www.formentera.es\/wp-content\/uploads\/2018\/11\/Posidonia2.jpg\",\"datePublished\":\"2018-11-14T15:36:43+00:00\",\"dateModified\":\"2024-08-19T08:26:43+00:00\",\"breadcrumb\":{\"@id\":\"https:\/\/www.formentera.es\/pt\/a-ilha\/flora-e-fauna\/posidonia\/#breadcrumb\"},\"inLanguage\":\"pt-PT\",\"potentialAction\":[{\"@type\":\"ReadAction\",\"target\":[\"https:\/\/www.formentera.es\/pt\/a-ilha\/flora-e-fauna\/posidonia\/\"]}]},{\"@type\":\"ImageObject\",\"inLanguage\":\"pt-PT\",\"@id\":\"https:\/\/www.formentera.es\/pt\/a-ilha\/flora-e-fauna\/posidonia\/#primaryimage\",\"url\":\"https:\/\/www.formentera.es\/wp-content\/uploads\/2018\/11\/Posidonia2.jpg\",\"contentUrl\":\"https:\/\/www.formentera.es\/wp-content\/uploads\/2018\/11\/Posidonia2.jpg\",\"width\":1920,\"height\":870},{\"@type\":\"BreadcrumbList\",\"@id\":\"https:\/\/www.formentera.es\/pt\/a-ilha\/flora-e-fauna\/posidonia\/#breadcrumb\",\"itemListElement\":[{\"@type\":\"ListItem\",\"position\":1,\"name\":\"Portada\",\"item\":\"https:\/\/www.formentera.es\/pt\/\"},{\"@type\":\"ListItem\",\"position\":2,\"name\":\"A ilha\",\"item\":\"https:\/\/www.formentera.es\/a-ilha\/\"},{\"@type\":\"ListItem\",\"position\":3,\"name\":\"Flora e fauna\",\"item\":\"https:\/\/www.formentera.es\/pt\/a-ilha\/flora-e-fauna\/\"},{\"@type\":\"ListItem\",\"position\":4,\"name\":\"Posidonia\"}]},{\"@type\":\"WebSite\",\"@id\":\"https:\/\/www.formentera.es\/#website\",\"url\":\"https:\/\/www.formentera.es\/\",\"name\":\"Turismo de Formentera\",\"description\":\"Web oficial de Turismo de Formentera\",\"potentialAction\":[{\"@type\":\"SearchAction\",\"target\":{\"@type\":\"EntryPoint\",\"urlTemplate\":\"https:\/\/www.formentera.es\/?s={search_term_string}\"},\"query-input\":{\"@type\":\"PropertyValueSpecification\",\"valueRequired\":true,\"valueName\":\"search_term_string\"}}],\"inLanguage\":\"pt-PT\"}]}<\/script>\n<!-- \/ Yoast SEO plugin. -->","yoast_head_json":{"title":"Posidonia | Turismo de Formentera","robots":{"index":"index","follow":"follow","max-snippet":"max-snippet:-1","max-image-preview":"max-image-preview:large","max-video-preview":"max-video-preview:-1"},"canonical":"https:\/\/www.formentera.es\/pt\/a-ilha\/flora-e-fauna\/posidonia\/","og_locale":"pt_PT","og_type":"article","og_title":"Posidonia | Turismo de Formentera","og_description":"[vc_row full_width=&#8221;stretch_row&#8221;][vc_column width=&#8221;2\/3&#8243;][vc_column_text] O ser vivo mais antigo do mundo \u00e9 o respons\u00e1vel pela claridade [&hellip;]","og_url":"https:\/\/www.formentera.es\/pt\/a-ilha\/flora-e-fauna\/posidonia\/","og_site_name":"Turismo de Formentera","article_publisher":"https:\/\/www.facebook.com\/turismoformentera\/","article_modified_time":"2024-08-19T08:26:43+00:00","og_image":[{"width":1920,"height":870,"url":"https:\/\/www.formentera.es\/wp-content\/uploads\/2018\/11\/Posidonia2.jpg","type":"image\/jpeg"}],"twitter_card":"summary_large_image","twitter_site":"@visitformentera","twitter_misc":{"Tempo estimado de leitura":"3 minutos"},"schema":{"@context":"https:\/\/schema.org","@graph":[{"@type":"WebPage","@id":"https:\/\/www.formentera.es\/pt\/a-ilha\/flora-e-fauna\/posidonia\/","url":"https:\/\/www.formentera.es\/pt\/a-ilha\/flora-e-fauna\/posidonia\/","name":"Posidonia | Turismo de Formentera","isPartOf":{"@id":"https:\/\/www.formentera.es\/#website"},"primaryImageOfPage":{"@id":"https:\/\/www.formentera.es\/pt\/a-ilha\/flora-e-fauna\/posidonia\/#primaryimage"},"image":{"@id":"https:\/\/www.formentera.es\/pt\/a-ilha\/flora-e-fauna\/posidonia\/#primaryimage"},"thumbnailUrl":"https:\/\/www.formentera.es\/wp-content\/uploads\/2018\/11\/Posidonia2.jpg","datePublished":"2018-11-14T15:36:43+00:00","dateModified":"2024-08-19T08:26:43+00:00","breadcrumb":{"@id":"https:\/\/www.formentera.es\/pt\/a-ilha\/flora-e-fauna\/posidonia\/#breadcrumb"},"inLanguage":"pt-PT","potentialAction":[{"@type":"ReadAction","target":["https:\/\/www.formentera.es\/pt\/a-ilha\/flora-e-fauna\/posidonia\/"]}]},{"@type":"ImageObject","inLanguage":"pt-PT","@id":"https:\/\/www.formentera.es\/pt\/a-ilha\/flora-e-fauna\/posidonia\/#primaryimage","url":"https:\/\/www.formentera.es\/wp-content\/uploads\/2018\/11\/Posidonia2.jpg","contentUrl":"https:\/\/www.formentera.es\/wp-content\/uploads\/2018\/11\/Posidonia2.jpg","width":1920,"height":870},{"@type":"BreadcrumbList","@id":"https:\/\/www.formentera.es\/pt\/a-ilha\/flora-e-fauna\/posidonia\/#breadcrumb","itemListElement":[{"@type":"ListItem","position":1,"name":"Portada","item":"https:\/\/www.formentera.es\/pt\/"},{"@type":"ListItem","position":2,"name":"A ilha","item":"https:\/\/www.formentera.es\/a-ilha\/"},{"@type":"ListItem","position":3,"name":"Flora e fauna","item":"https:\/\/www.formentera.es\/pt\/a-ilha\/flora-e-fauna\/"},{"@type":"ListItem","position":4,"name":"Posidonia"}]},{"@type":"WebSite","@id":"https:\/\/www.formentera.es\/#website","url":"https:\/\/www.formentera.es\/","name":"Turismo de Formentera","description":"Web oficial de Turismo de Formentera","potentialAction":[{"@type":"SearchAction","target":{"@type":"EntryPoint","urlTemplate":"https:\/\/www.formentera.es\/?s={search_term_string}"},"query-input":{"@type":"PropertyValueSpecification","valueRequired":true,"valueName":"search_term_string"}}],"inLanguage":"pt-PT"}]}},"_links":{"self":[{"href":"https:\/\/www.formentera.es\/pt\/wp-json\/wp\/v2\/pages\/31477","targetHints":{"allow":["GET"]}}],"collection":[{"href":"https:\/\/www.formentera.es\/pt\/wp-json\/wp\/v2\/pages"}],"about":[{"href":"https:\/\/www.formentera.es\/pt\/wp-json\/wp\/v2\/types\/page"}],"author":[{"embeddable":true,"href":"https:\/\/www.formentera.es\/pt\/wp-json\/wp\/v2\/users\/1"}],"replies":[{"embeddable":true,"href":"https:\/\/www.formentera.es\/pt\/wp-json\/wp\/v2\/comments?post=31477"}],"version-history":[{"count":0,"href":"https:\/\/www.formentera.es\/pt\/wp-json\/wp\/v2\/pages\/31477\/revisions"}],"up":[{"embeddable":true,"href":"https:\/\/www.formentera.es\/pt\/wp-json\/wp\/v2\/pages\/31470"}],"wp:featuredmedia":[{"embeddable":true,"href":"https:\/\/www.formentera.es\/pt\/wp-json\/wp\/v2\/media\/31479"}],"wp:attachment":[{"href":"https:\/\/www.formentera.es\/pt\/wp-json\/wp\/v2\/media?parent=31477"}],"wp:term":[{"taxonomy":"category","embeddable":true,"href":"https:\/\/www.formentera.es\/pt\/wp-json\/wp\/v2\/categories?post=31477"}],"curies":[{"name":"wp","href":"https:\/\/api.w.org\/{rel}","templated":true}]}}