{"id":8217,"date":"2018-12-12T07:41:57","date_gmt":"2018-12-12T09:41:57","guid":{"rendered":"https:\/\/www.formentera.es\/planifica\/brochures-maps-and-guides\/"},"modified":"2026-03-06T14:11:26","modified_gmt":"2026-03-06T13:11:26","slug":"brochures-kaarten-en-gidsen","status":"publish","type":"page","link":"https:\/\/www.formentera.es\/nl\/plan-uw-reis\/brochures-kaarten-en-gidsen\/","title":{"rendered":"Brochures, kaarten en gidsen"},"content":{"rendered":"<div class=\"wpb-content-wrapper\"><p>[vc_row css=&#8221;.vc_custom_1547571029760{padding-top: 40px !important;}&#8221;][vc_column][vc_custom_heading source=&#8221;post_title&#8221; font_container=&#8221;tag:h1|text_align:center|color:%232e3a6e&#8221; use_theme_fonts=&#8221;yes&#8221;][vc_column_text css=&#8221;.vc_custom_1644320671810{padding-top: 40px !important;}&#8221;]<\/p>\n<p style=\"text-align: center;\">Wij hebben enkele catalogi in verschillende talen. <a href=\"https:\/\/www.formentera.es\/en\/planning\/brochures-maps-and-guides-other-languages\/\">Bezoek hier<\/a><\/p>\n<p>[\/vc_column_text][\/vc_column][\/vc_row][vc_row full_width=&#8221;stretch_row_content&#8221; gap=&#8221;20&#8243; equal_height=&#8221;yes&#8221; el_class=&#8221;descargas&#8221;][vc_column width=&#8221;1\/4&#8243;][vc_single_image image=&#8221;18830&#8243; img_size=&#8221;full&#8221; alignment=&#8221;center&#8221;][vc_column_text]<\/p>\n<h3>Toeristen handleiding<\/h3>\n<p>[\/vc_column_text][vc_message message_box_style=&#8221;outline&#8221; style=&#8221;square&#8221; message_box_color=&#8221;white&#8221; icon_fontawesome=&#8221;fa fa-arrow-circle-o-down&#8221;]<a href=\"https:\/\/www.formentera.es\/wp-content\/uploads\/2024\/08\/Manual-Turista-HOLANDES.pdf\" target=\"_blank\" rel=\"noopener noreferrer\">Download PDF<\/a>[\/vc_message][\/vc_column][vc_column width=&#8221;1\/4&#8243;][vc_single_image image=&#8221;8254&#8243; img_size=&#8221;full&#8221; alignment=&#8221;center&#8221;][vc_column_text]<\/p>\n<h3>Groene routes Formentera<\/h3>\n<p>[\/vc_column_text][vc_message message_box_style=&#8221;outline&#8221; style=&#8221;square&#8221; message_box_color=&#8221;white&#8221; icon_fontawesome=&#8221;fa fa-arrow-circle-o-down&#8221;]<a href=\"https:\/\/www.formentera.es\/wp-content\/uploads\/2019\/06\/RUT_GREEN_HOL_web.pdf\">Download PDF<\/a>[\/vc_message][\/vc_column][vc_column width=&#8221;1\/4&#8243;][vc_single_image image=&#8221;8282&#8243; img_size=&#8221;full&#8221; alignment=&#8221;center&#8221;][vc_column_text]<\/p>\n<h3>Het cultureel patrimonium van Formentera<\/h3>\n<p>[\/vc_column_text][vc_message message_box_style=&#8221;outline&#8221; style=&#8221;square&#8221; message_box_color=&#8221;white&#8221; icon_fontawesome=&#8221;fa fa-arrow-circle-o-down&#8221;]<a href=\"https:\/\/www.formentera.es\/wp-content\/uploads\/2019\/06\/2018-HET-CULTUREEL-PATRIMONIUM-VAN-FORMENTERA-NL.pdf\" target=\"_blank\" rel=\"noopener noreferrer\">Download PDF<\/a>[\/vc_message][\/vc_column][vc_column width=&#8221;1\/4&#8243;][vc_single_image image=&#8221;35400&#8243; img_size=&#8221;full&#8221; alignment=&#8221;center&#8221;][vc_column_text]<\/p>\n<h3>Beach guide <strong>(English)<\/strong><\/h3>\n<p>[\/vc_column_text][vc_message message_box_style=&#8221;outline&#8221; style=&#8221;square&#8221; message_box_color=&#8221;white&#8221; icon_fontawesome=&#8221;fa fa-arrow-circle-o-down&#8221;]<a href=\"https:\/\/www.formentera.es\/wp-content\/uploads\/2024\/09\/BEACH-GUIDE_ENG.pdf\" target=\"_blank\" rel=\"noopener noreferrer\">Download PDF<\/a>[\/vc_message][\/vc_column][\/vc_row][vc_row full_width=&#8221;stretch_row_content&#8221; gap=&#8221;20&#8243; equal_height=&#8221;yes&#8221; el_class=&#8221;descargas&#8221;][vc_column width=&#8221;1\/4&#8243;][vc_single_image image=&#8221;20241&#8243; img_size=&#8221;full&#8221; alignment=&#8221;center&#8221;][vc_column_text]<\/p>\n<h3>Active tourism <strong>(English)<\/strong><\/h3>\n<p>[\/vc_column_text][vc_message message_box_style=&#8221;outline&#8221; style=&#8221;square&#8221; message_box_color=&#8221;white&#8221; icon_fontawesome=&#8221;fa fa-arrow-circle-o-down&#8221;]<a href=\"https:\/\/www.formentera.es\/wp-content\/uploads\/2023\/09\/turisme_actiu_EN.pdf\" target=\"_blank\" rel=\"noopener noreferrer\">Download PDF<\/a>[\/vc_message][\/vc_column][vc_column width=&#8221;1\/4&#8243;][vc_single_image image=&#8221;8261&#8243; img_size=&#8221;full&#8221; alignment=&#8221;center&#8221;][vc_column_text]<\/p>\n<h3>Formentera onder de zee<\/h3>\n<p>[\/vc_column_text][vc_message message_box_style=&#8221;outline&#8221; style=&#8221;square&#8221; message_box_color=&#8221;white&#8221; icon_fontawesome=&#8221;fa fa-arrow-circle-o-down&#8221;]<a href=\"https:\/\/www.formentera.es\/wp-content\/uploads\/2019\/06\/scubaNL_WEB.pdf\" target=\"_blank\" rel=\"noopener noreferrer\">Download PDF<\/a>[\/vc_message][\/vc_column][vc_column width=&#8221;1\/4&#8243;][vc_single_image image=&#8221;1718&#8243; img_size=&#8221;full&#8221; alignment=&#8221;center&#8221;][vc_column_text]<\/p>\n<h3>Natural Park of Ses Salines <strong>(Espa\u00f1ol)<\/strong><\/h3>\n<p>[\/vc_column_text][vc_message message_box_style=&#8221;outline&#8221; style=&#8221;square&#8221; message_box_color=&#8221;white&#8221; icon_fontawesome=&#8221;fa fa-arrow-circle-o-down&#8221;]<a href=\"https:\/\/www.formentera.es\/wp-content\/uploads\/2018\/12\/ParqueNaturalSessalines_ES.pdf\" target=\"_blank\" rel=\"noopener noreferrer\">Download PDF<\/a>[\/vc_message][\/vc_column][vc_column width=&#8221;1\/4&#8243;][vc_single_image image=&#8221;35486&#8243; img_size=&#8221;full&#8221; alignment=&#8221;center&#8221;][vc_column_text]<\/p>\n<h3>Formentera, een andere luxe<\/h3>\n<p>[\/vc_column_text][vc_message message_box_style=&#8221;outline&#8221; style=&#8221;square&#8221; message_box_color=&#8221;white&#8221; icon_fontawesome=&#8221;fa fa-arrow-circle-o-down&#8221;]<a href=\"https:\/\/www.formentera.es\/wp-content\/uploads\/2024\/09\/FORMENTERA-EEN-ANDERE-LUXE_NL.pdf\" target=\"_blank\" rel=\"noopener noreferrer\">Download PDF<\/a>[\/vc_message][\/vc_column][\/vc_row][vc_row full_width=&#8221;stretch_row_content&#8221; gap=&#8221;20&#8243; equal_height=&#8221;yes&#8221; el_class=&#8221;descargas&#8221;][vc_column width=&#8221;1\/4&#8243;][vc_single_image image=&#8221;17659&#8243; img_size=&#8221;full&#8221; alignment=&#8221;center&#8221;][vc_column_text]<\/p>\n<h3>Formentera familie bestemming<\/h3>\n<p>[\/vc_column_text][vc_message message_box_style=&#8221;outline&#8221; style=&#8221;square&#8221; message_box_color=&#8221;white&#8221; icon_fontawesome=&#8221;fa fa-arrow-circle-o-down&#8221;]<a href=\"https:\/\/www.formentera.es\/wp-content\/uploads\/2022\/08\/FORMENTERA-EN-FAMILIA-holandes.pdf\" target=\"_blank\" rel=\"noopener noreferrer\">Download PDF<\/a>[\/vc_message][\/vc_column][vc_column width=&#8221;1\/4&#8243;][vc_single_image image=&#8221;17458&#8243; img_size=&#8221;full&#8221; alignment=&#8221;center&#8221;][vc_column_text]<\/p>\n<h3>Formentera for kids <strong>(English)<\/strong><\/h3>\n<p>[\/vc_column_text][vc_message message_box_style=&#8221;outline&#8221; style=&#8221;square&#8221; message_box_color=&#8221;white&#8221; icon_fontawesome=&#8221;fa fa-arrow-circle-o-down&#8221;]<a href=\"https:\/\/www.formentera.es\/wp-content\/uploads\/2022\/07\/Formentera-nens-i-nenes-2022.pdf\" target=\"_blank\" rel=\"noopener noreferrer\">Download PDF<\/a>[\/vc_message][\/vc_column][vc_column width=&#8221;1\/4&#8243;][vc_single_image image=&#8221;15291&#8243; img_size=&#8221;full&#8221; alignment=&#8221;center&#8221;][vc_column_text]<\/p>\n<h3>Planten van Formentera<\/h3>\n<p>[\/vc_column_text][vc_message message_box_style=&#8221;outline&#8221; style=&#8221;square&#8221; message_box_color=&#8221;white&#8221; icon_fontawesome=&#8221;fa fa-arrow-circle-o-down&#8221;]<a href=\"https:\/\/www.formentera.es\/wp-content\/uploads\/2021\/11\/flora-de-formentera_NL.pdf\" target=\"_blank\" rel=\"noopener noreferrer\">Download PDF<\/a>[\/vc_message][\/vc_column][vc_column width=&#8221;1\/4&#8243;][vc_single_image image=&#8221;8268&#8243; img_size=&#8221;full&#8221; alignment=&#8221;center&#8221;][vc_column_text]<\/p>\n<h3>De vogels van Formentera<\/h3>\n<p>[\/vc_column_text][vc_message message_box_style=&#8221;outline&#8221; style=&#8221;square&#8221; message_box_color=&#8221;white&#8221; icon_fontawesome=&#8221;fa fa-arrow-circle-o-down&#8221;]<a href=\"https:\/\/www.formentera.es\/wp-content\/uploads\/2019\/06\/2018-DE-VOGELS-VAN-FORMENTERA-NL.pdf\" target=\"_blank\" rel=\"noopener noreferrer\">Download PDF<\/a>[\/vc_message][\/vc_column][\/vc_row][vc_row full_width=&#8221;stretch_row_content&#8221; gap=&#8221;20&#8243; equal_height=&#8221;yes&#8221; el_class=&#8221;descargas&#8221;][vc_column width=&#8221;1\/4&#8243;][vc_single_image image=&#8221;35495&#8243; img_size=&#8221;full&#8221; alignment=&#8221;center&#8221;][vc_column_text]<\/p>\n<h3>Gastronomie van Formentera<\/h3>\n<p>[\/vc_column_text][vc_message message_box_style=&#8221;outline&#8221; style=&#8221;square&#8221; message_box_color=&#8221;white&#8221; icon_fontawesome=&#8221;fa fa-arrow-circle-o-down&#8221;]<a href=\"https:\/\/www.formentera.es\/wp-content\/uploads\/2024\/09\/GASTRONOMIE-VAN-FORMENTERA_NL.pdf\" target=\"_blank\" rel=\"noopener noreferrer\">Download PDF<\/a>[\/vc_message][\/vc_column][vc_column width=&#8221;1\/4&#8243;][\/vc_column][vc_column width=&#8221;1\/4&#8243;][\/vc_column][vc_column width=&#8221;1\/4&#8243;][\/vc_column][\/vc_row][vc_row full_width=&#8221;stretch_row_content&#8221; gap=&#8221;20&#8243; equal_height=&#8221;yes&#8221; el_class=&#8221;descargas&#8221;][vc_column][vc_custom_heading text=&#8221;Kaarten&#8221; use_theme_fonts=&#8221;yes&#8221;][\/vc_column][\/vc_row][vc_row full_width=&#8221;stretch_row_content&#8221; gap=&#8221;20&#8243; equal_height=&#8221;yes&#8221; el_class=&#8221;descargas&#8221;][vc_column width=&#8221;1\/4&#8243;][vc_single_image image=&#8221;8713&#8243; img_size=&#8221;full&#8221; alignment=&#8221;center&#8221;][vc_column_text]<\/p>\n<h3>Formentera offici\u00eble kaart<\/h3>\n<p>[\/vc_column_text][vc_message message_box_style=&#8221;outline&#8221; style=&#8221;square&#8221; message_box_color=&#8221;white&#8221; icon_fontawesome=&#8221;fa fa-arrow-circle-o-down&#8221;]<a href=\"https:\/\/www.formentera.es\/wp-content\/uploads\/2024\/04\/Mapa_general_Formetera.pdf\" target=\"_blank\" rel=\"noopener noreferrer\">Download PDF<\/a>[\/vc_message][\/vc_column][vc_column width=&#8221;1\/4&#8243;][vc_single_image image=&#8221;1717&#8243; img_size=&#8221;full&#8221; alignment=&#8221;center&#8221;][vc_column_text]<\/p>\n<h3>Green routes map <strong>(English)<\/strong><\/h3>\n<p>[\/vc_column_text][vc_message message_box_style=&#8221;outline&#8221; style=&#8221;square&#8221; message_box_color=&#8221;white&#8221; icon_fontawesome=&#8221;fa fa-arrow-circle-o-down&#8221;]<a href=\"https:\/\/www.formentera.es\/wp-content\/uploads\/2024\/04\/mapa_Formentera_rutes_verdes-2023.pdf\" target=\"_blank\" rel=\"noopener noreferrer\">Download PDF<\/a>[\/vc_message][\/vc_column][vc_column width=&#8221;1\/4&#8243;][vc_single_image image=&#8221;42690&#8243; img_size=&#8221;full&#8221; alignment=&#8221;center&#8221;][vc_column_text]<\/p>\n<h3>Kaart van Sant Francesc<\/h3>\n<p>[\/vc_column_text][vc_message message_box_style=&#8221;outline&#8221; style=&#8221;square&#8221; message_box_color=&#8221;white&#8221; icon_fontawesome=&#8221;fa fa-arrow-circle-o-down&#8221;]<a href=\"https:\/\/www.formentera.es\/wp-content\/uploads\/2025\/06\/mapa_santfrancesc_2025.pdf\" target=\"_blank\" rel=\"noopener noreferrer\">Download PDF<\/a>[\/vc_message][\/vc_column][vc_column width=&#8221;1\/4&#8243;][vc_single_image image=&#8221;42682&#8243; img_size=&#8221;full&#8221; alignment=&#8221;center&#8221;][vc_column_text]<\/p>\n<h3>Es Pujols map <strong>(English)<\/strong><\/h3>\n<p>[\/vc_column_text][vc_message message_box_style=&#8221;outline&#8221; style=&#8221;square&#8221; message_box_color=&#8221;white&#8221; icon_fontawesome=&#8221;fa fa-arrow-circle-o-down&#8221;]<a href=\"https:\/\/www.formentera.es\/wp-content\/uploads\/2025\/06\/mapa_espujols_2025.pdf\" target=\"_blank\" rel=\"noopener noreferrer\">Download PDF<\/a>[\/vc_message][\/vc_column][\/vc_row][vc_row full_width=&#8221;stretch_row_content&#8221; gap=&#8221;20&#8243; equal_height=&#8221;yes&#8221; el_class=&#8221;descargas&#8221;][vc_column width=&#8221;1\/4&#8243;][vc_single_image image=&#8221;14686&#8243; img_size=&#8221;full&#8221; alignment=&#8221;center&#8221;][vc_column_text]<\/p>\n<h3>Metrominut Formentera, better by bike<\/h3>\n<p>[\/vc_column_text][vc_message message_box_style=&#8221;outline&#8221; style=&#8221;square&#8221; message_box_color=&#8221;white&#8221; icon_fontawesome=&#8221;fa fa-arrow-circle-o-down&#8221;]<a href=\"https:\/\/www.formentera.es\/wp-content\/uploads\/2021\/07\/plano-metrominut.pdf\" target=\"_blank\" rel=\"noopener noreferrer\">Download PDF<\/a>[\/vc_message][\/vc_column][vc_column width=&#8221;1\/4&#8243;][\/vc_column][vc_column width=&#8221;1\/4&#8243;][\/vc_column][\/vc_row][vc_row full_width=&#8221;stretch_row_content&#8221; gap=&#8221;20&#8243; equal_height=&#8221;yes&#8221; disable_element=&#8221;yes&#8221; el_class=&#8221;descargas&#8221;][vc_column width=&#8221;1\/4&#8243;][vc_single_image image=&#8221;1716&#8243; img_size=&#8221;full&#8221; alignment=&#8221;center&#8221;][vc_column_text]<\/p>\n<h3>Electric vehicle charging points <strong>(English)<\/strong><\/h3>\n<p>[\/vc_column_text][vc_message message_box_style=&#8221;outline&#8221; style=&#8221;square&#8221; message_box_color=&#8221;white&#8221; icon_fontawesome=&#8221;fa fa-arrow-circle-o-down&#8221;]<a href=\"https:\/\/www.formentera.es\/wp-content\/uploads\/2019\/01\/mapa_electric.pdf\" target=\"_blank\" rel=\"noopener noreferrer\">Download PDF<\/a>[\/vc_message][\/vc_column][vc_column width=&#8221;1\/4&#8243;][vc_single_image image=&#8221;6144&#8243; img_size=&#8221;full&#8221; alignment=&#8221;center&#8221;][vc_column_text]<\/p>\n<h3>Formentera, a safe place to travel <strong>(English)<\/strong><\/h3>\n<p>[\/vc_column_text][vc_message message_box_style=&#8221;outline&#8221; style=&#8221;square&#8221; message_box_color=&#8221;white&#8221; icon_fontawesome=&#8221;fa fa-arrow-circle-o-down&#8221;]<a href=\"https:\/\/www.formentera.es\/wp-content\/uploads\/2019\/05\/Formentera-destino-seguro-1.pdf\" target=\"_blank\" rel=\"noopener noreferrer\">Download PDF<\/a>[\/vc_message][\/vc_column][vc_column width=&#8221;1\/4&#8243;][vc_single_image image=&#8221;2732&#8243; img_size=&#8221;full&#8221; alignment=&#8221;center&#8221;][vc_column_text]<\/p>\n<h3>Accommodation guide <strong>(English)<\/strong><\/h3>\n<p>[\/vc_column_text][vc_message message_box_style=&#8221;outline&#8221; style=&#8221;square&#8221; message_box_color=&#8221;white&#8221; icon_fontawesome=&#8221;fa fa-arrow-circle-o-down&#8221;]<a href=\"https:\/\/www.formentera.es\/wp-content\/uploads\/2019\/01\/LISTADO_ALOJAMIENTOS_2015.pdf\" target=\"_blank\" rel=\"noopener noreferrer\">Download PDF<\/a>[\/vc_message][\/vc_column][vc_column width=&#8221;1\/4&#8243;][vc_single_image image=&#8221;8771&#8243; img_size=&#8221;full&#8221; alignment=&#8221;center&#8221;][vc_column_text]<\/p>\n<h3>Restaurant gids <strong>(English)<\/strong><\/h3>\n<p>[\/vc_column_text][vc_message message_box_style=&#8221;outline&#8221; style=&#8221;square&#8221; message_box_color=&#8221;white&#8221; icon_fontawesome=&#8221;fa fa-arrow-circle-o-down&#8221;]<a href=\"https:\/\/www.formentera.es\/wp-content\/uploads\/2019\/08\/GUIA-DE-RESTAURANTS-2019.pdf\" target=\"_blank\" rel=\"noopener noreferrer\">Download PDF<\/a>[\/vc_message][\/vc_column][\/vc_row][vc_row full_width=&#8221;stretch_row_content&#8221; gap=&#8221;20&#8243; equal_height=&#8221;yes&#8221; disable_element=&#8221;yes&#8221; el_class=&#8221;descargas&#8221;][vc_column width=&#8221;1\/4&#8243;][vc_single_image image=&#8221;10373&#8243; img_size=&#8221;full&#8221; alignment=&#8221;center&#8221;][vc_column_text]<\/p>\n<h3>Sport calendar 2020 <strong>(English)<\/strong><\/h3>\n<p>[\/vc_column_text][vc_message message_box_style=&#8221;outline&#8221; style=&#8221;square&#8221; message_box_color=&#8221;white&#8221; icon_fontawesome=&#8221;fa fa-arrow-circle-o-down&#8221;]<a href=\"https:\/\/www.formentera.es\/wp-content\/uploads\/2020\/03\/calendari-2020-ENGL-DEPORTIVO.pdf\" target=\"_blank\" rel=\"noopener noreferrer\">Download PDF<\/a>[\/vc_message][\/vc_column][vc_column width=&#8221;1\/4&#8243; offset=&#8221;vc_hidden-lg vc_hidden-md vc_hidden-sm vc_hidden-xs&#8221;][vc_single_image image=&#8221;15757&#8243; img_size=&#8221;full&#8221; alignment=&#8221;center&#8221;][vc_column_text]<\/p>\n<h3>2022 Event Calendar <strong>(English)<\/strong><\/h3>\n<p>[\/vc_column_text][vc_message message_box_style=&#8221;outline&#8221; style=&#8221;square&#8221; message_box_color=&#8221;white&#8221; icon_fontawesome=&#8221;fa fa-arrow-circle-o-down&#8221;]<a href=\"https:\/\/www.formentera.es\/wp-content\/uploads\/2022\/03\/calendari2022_eng.pdf\" target=\"_blank\" rel=\"noopener noreferrer\">Download PDF<\/a>[\/vc_message][\/vc_column][vc_column width=&#8221;1\/4&#8243; offset=&#8221;vc_hidden-lg vc_hidden-md vc_hidden-sm vc_hidden-xs&#8221;][vc_single_image image=&#8221;8240&#8243; img_size=&#8221;full&#8221; alignment=&#8221;center&#8221;][vc_column_text]<\/p>\n<h3>Kajak in Formentera<\/h3>\n<p>[\/vc_column_text][vc_message message_box_style=&#8221;outline&#8221; style=&#8221;square&#8221; message_box_color=&#8221;white&#8221; icon_fontawesome=&#8221;fa fa-arrow-circle-o-down&#8221;]<a href=\"https:\/\/www.formentera.es\/wp-content\/uploads\/2019\/06\/KAYAK_NL_WEB.pdf\" target=\"_blank\" rel=\"noopener noreferrer\">Download PDF<\/a>[\/vc_message][\/vc_column][vc_column width=&#8221;1\/4&#8243;][vc_single_image image=&#8221;8233&#8243; img_size=&#8221;full&#8221; alignment=&#8221;center&#8221;][vc_column_text]<\/p>\n<h3>Formentera te paard<\/h3>\n<p>[\/vc_column_text][vc_message message_box_style=&#8221;outline&#8221; style=&#8221;square&#8221; message_box_color=&#8221;white&#8221; icon_fontawesome=&#8221;fa fa-arrow-circle-o-down&#8221;]<a href=\"https:\/\/www.formentera.es\/wp-content\/uploads\/2019\/06\/horse_NL_WEB.pdf\" target=\"_blank\" rel=\"noopener noreferrer\">Download PDF<\/a>[\/vc_message][\/vc_column][\/vc_row][vc_row full_width=&#8221;stretch_row_content&#8221; gap=&#8221;20&#8243; equal_height=&#8221;yes&#8221; disable_element=&#8221;yes&#8221; el_class=&#8221;descargas&#8221;][vc_column width=&#8221;1\/4&#8243;][\/vc_column][vc_column width=&#8221;1\/4&#8243;][vc_single_image image=&#8221;8764&#8243; img_size=&#8221;full&#8221; alignment=&#8221;center&#8221;][vc_column_text]<\/p>\n<h3>Formentera met kinderen 2019 <strong>(English)<\/strong><\/h3>\n<p>[\/vc_column_text][vc_message message_box_style=&#8221;outline&#8221; style=&#8221;square&#8221; message_box_color=&#8221;white&#8221; icon_fontawesome=&#8221;fa fa-arrow-circle-o-down&#8221;]<a href=\"https:\/\/www.formentera.es\/wp-content\/uploads\/2019\/08\/EN-FAMILIA-2019-ENGLISH.pdf\" target=\"_blank\" rel=\"noopener noreferrer\">Download PDF<\/a>[\/vc_message][\/vc_column][vc_column width=&#8221;1\/4&#8243;][\/vc_column][vc_column width=&#8221;1\/4&#8243;][vc_single_image image=&#8221;8352&#8243; img_size=&#8221;full&#8221; alignment=&#8221;center&#8221;][vc_column_text]<\/p>\n<h3>Zee en land <strong>(English)<\/strong><\/h3>\n<p>[\/vc_column_text][vc_message message_box_style=&#8221;outline&#8221; style=&#8221;square&#8221; message_box_color=&#8221;white&#8221; icon_fontawesome=&#8221;fa fa-arrow-circle-o-down&#8221;]<a href=\"https:\/\/www.formentera.es\/wp-content\/uploads\/2019\/07\/MAR-Y-TIERRA-2019.pdf\" target=\"_blank\" rel=\"noopener noreferrer\">Download PDF<\/a>[\/vc_message][\/vc_column][\/vc_row]<\/p>\n<\/div>","protected":false},"excerpt":{"rendered":"<p>[vc_row css=&#8221;.vc_custom_1547571029760{padding-top: 40px !important;}&#8221;][vc_column][vc_custom_heading source=&#8221;post_title&#8221; font_container=&#8221;tag:h1|text_align:center|color:%232e3a6e&#8221; use_theme_fonts=&#8221;yes&#8221;][vc_column_text css=&#8221;.vc_custom_1644320671810{padding-top: 40px !important;}&#8221;] Wij hebben enkele catalogi in [&hellip;]<\/p>\n","protected":false},"author":1,"featured_media":0,"parent":8084,"menu_order":0,"comment_status":"closed","ping_status":"closed","template":"page-gen.php","meta":{"_acf_changed":false,"footnotes":""},"categories":[],"class_list":["post-8217","page","type-page","status-publish","hentry"],"acf":[],"yoast_head":"<!-- This site is optimized with the Yoast SEO plugin v25.5 - https:\/\/yoast.com\/wordpress\/plugins\/seo\/ -->\n<title>Folletos, mapas y gu\u00edas de Formentera | Turismo de Formentera<\/title>\n<meta name=\"description\" content=\"En los folletos, mapas y gu\u00edas oficiales de Turismo en Formentera encontrar\u00e1s toda la informaci\u00f3n necesaria para organizar tu visita a Formentera.\" \/>\n<meta name=\"robots\" content=\"index, follow, max-snippet:-1, max-image-preview:large, max-video-preview:-1\" \/>\n<link rel=\"canonical\" href=\"https:\/\/www.formentera.es\/nl\/plan-uw-reis\/brochures-kaarten-en-gidsen\/\" \/>\n<meta property=\"og:locale\" content=\"nl_NL\" \/>\n<meta property=\"og:type\" content=\"article\" \/>\n<meta property=\"og:title\" content=\"Folletos, mapas y gu\u00edas de Formentera | Turismo de Formentera\" \/>\n<meta property=\"og:description\" content=\"En los folletos, mapas y gu\u00edas oficiales de Turismo en Formentera encontrar\u00e1s toda la informaci\u00f3n necesaria para organizar tu visita a Formentera.\" \/>\n<meta property=\"og:url\" content=\"https:\/\/www.formentera.es\/nl\/plan-uw-reis\/brochures-kaarten-en-gidsen\/\" \/>\n<meta property=\"og:site_name\" content=\"Turismo de Formentera\" \/>\n<meta property=\"article:publisher\" content=\"https:\/\/www.facebook.com\/turismoformentera\/\" \/>\n<meta property=\"article:modified_time\" content=\"2026-03-06T13:11:26+00:00\" \/>\n<meta name=\"twitter:card\" content=\"summary_large_image\" \/>\n<meta name=\"twitter:site\" content=\"@visitformentera\" \/>\n<meta name=\"twitter:label1\" content=\"Geschatte leestijd\" \/>\n\t<meta name=\"twitter:data1\" content=\"5 minuten\" \/>\n<script type=\"application\/ld+json\" class=\"yoast-schema-graph\">{\"@context\":\"https:\/\/schema.org\",\"@graph\":[{\"@type\":\"WebPage\",\"@id\":\"https:\/\/www.formentera.es\/nl\/plan-uw-reis\/brochures-kaarten-en-gidsen\/\",\"url\":\"https:\/\/www.formentera.es\/nl\/plan-uw-reis\/brochures-kaarten-en-gidsen\/\",\"name\":\"Folletos, mapas y gu\u00edas de Formentera | Turismo de Formentera\",\"isPartOf\":{\"@id\":\"https:\/\/www.formentera.es\/#website\"},\"datePublished\":\"2018-12-12T09:41:57+00:00\",\"dateModified\":\"2026-03-06T13:11:26+00:00\",\"description\":\"En los folletos, mapas y gu\u00edas oficiales de Turismo en Formentera encontrar\u00e1s toda la informaci\u00f3n necesaria para organizar tu visita a Formentera.\",\"breadcrumb\":{\"@id\":\"https:\/\/www.formentera.es\/nl\/plan-uw-reis\/brochures-kaarten-en-gidsen\/#breadcrumb\"},\"inLanguage\":\"nl-NL\",\"potentialAction\":[{\"@type\":\"ReadAction\",\"target\":[\"https:\/\/www.formentera.es\/nl\/plan-uw-reis\/brochures-kaarten-en-gidsen\/\"]}]},{\"@type\":\"BreadcrumbList\",\"@id\":\"https:\/\/www.formentera.es\/nl\/plan-uw-reis\/brochures-kaarten-en-gidsen\/#breadcrumb\",\"itemListElement\":[{\"@type\":\"ListItem\",\"position\":1,\"name\":\"Portada\",\"item\":\"https:\/\/www.formentera.es\/nl\/\"},{\"@type\":\"ListItem\",\"position\":2,\"name\":\"Plan uw reis\",\"item\":\"https:\/\/www.formentera.es\/nl\/plan-uw-reis\/\"},{\"@type\":\"ListItem\",\"position\":3,\"name\":\"Brochures, kaarten en gidsen\"}]},{\"@type\":\"WebSite\",\"@id\":\"https:\/\/www.formentera.es\/#website\",\"url\":\"https:\/\/www.formentera.es\/\",\"name\":\"Turismo de Formentera\",\"description\":\"Web oficial de Turismo de Formentera\",\"potentialAction\":[{\"@type\":\"SearchAction\",\"target\":{\"@type\":\"EntryPoint\",\"urlTemplate\":\"https:\/\/www.formentera.es\/?s={search_term_string}\"},\"query-input\":{\"@type\":\"PropertyValueSpecification\",\"valueRequired\":true,\"valueName\":\"search_term_string\"}}],\"inLanguage\":\"nl-NL\"}]}<\/script>\n<!-- \/ Yoast SEO plugin. -->","yoast_head_json":{"title":"Folletos, mapas y gu\u00edas de Formentera | Turismo de Formentera","description":"En los folletos, mapas y gu\u00edas oficiales de Turismo en Formentera encontrar\u00e1s toda la informaci\u00f3n necesaria para organizar tu visita a Formentera.","robots":{"index":"index","follow":"follow","max-snippet":"max-snippet:-1","max-image-preview":"max-image-preview:large","max-video-preview":"max-video-preview:-1"},"canonical":"https:\/\/www.formentera.es\/nl\/plan-uw-reis\/brochures-kaarten-en-gidsen\/","og_locale":"nl_NL","og_type":"article","og_title":"Folletos, mapas y gu\u00edas de Formentera | Turismo de Formentera","og_description":"En los folletos, mapas y gu\u00edas oficiales de Turismo en Formentera encontrar\u00e1s toda la informaci\u00f3n necesaria para organizar tu visita a Formentera.","og_url":"https:\/\/www.formentera.es\/nl\/plan-uw-reis\/brochures-kaarten-en-gidsen\/","og_site_name":"Turismo de Formentera","article_publisher":"https:\/\/www.facebook.com\/turismoformentera\/","article_modified_time":"2026-03-06T13:11:26+00:00","twitter_card":"summary_large_image","twitter_site":"@visitformentera","twitter_misc":{"Geschatte leestijd":"5 minuten"},"schema":{"@context":"https:\/\/schema.org","@graph":[{"@type":"WebPage","@id":"https:\/\/www.formentera.es\/nl\/plan-uw-reis\/brochures-kaarten-en-gidsen\/","url":"https:\/\/www.formentera.es\/nl\/plan-uw-reis\/brochures-kaarten-en-gidsen\/","name":"Folletos, mapas y gu\u00edas de Formentera | Turismo de Formentera","isPartOf":{"@id":"https:\/\/www.formentera.es\/#website"},"datePublished":"2018-12-12T09:41:57+00:00","dateModified":"2026-03-06T13:11:26+00:00","description":"En los folletos, mapas y gu\u00edas oficiales de Turismo en Formentera encontrar\u00e1s toda la informaci\u00f3n necesaria para organizar tu visita a Formentera.","breadcrumb":{"@id":"https:\/\/www.formentera.es\/nl\/plan-uw-reis\/brochures-kaarten-en-gidsen\/#breadcrumb"},"inLanguage":"nl-NL","potentialAction":[{"@type":"ReadAction","target":["https:\/\/www.formentera.es\/nl\/plan-uw-reis\/brochures-kaarten-en-gidsen\/"]}]},{"@type":"BreadcrumbList","@id":"https:\/\/www.formentera.es\/nl\/plan-uw-reis\/brochures-kaarten-en-gidsen\/#breadcrumb","itemListElement":[{"@type":"ListItem","position":1,"name":"Portada","item":"https:\/\/www.formentera.es\/nl\/"},{"@type":"ListItem","position":2,"name":"Plan uw reis","item":"https:\/\/www.formentera.es\/nl\/plan-uw-reis\/"},{"@type":"ListItem","position":3,"name":"Brochures, kaarten en gidsen"}]},{"@type":"WebSite","@id":"https:\/\/www.formentera.es\/#website","url":"https:\/\/www.formentera.es\/","name":"Turismo de Formentera","description":"Web oficial de Turismo de Formentera","potentialAction":[{"@type":"SearchAction","target":{"@type":"EntryPoint","urlTemplate":"https:\/\/www.formentera.es\/?s={search_term_string}"},"query-input":{"@type":"PropertyValueSpecification","valueRequired":true,"valueName":"search_term_string"}}],"inLanguage":"nl-NL"}]}},"_links":{"self":[{"href":"https:\/\/www.formentera.es\/nl\/wp-json\/wp\/v2\/pages\/8217","targetHints":{"allow":["GET"]}}],"collection":[{"href":"https:\/\/www.formentera.es\/nl\/wp-json\/wp\/v2\/pages"}],"about":[{"href":"https:\/\/www.formentera.es\/nl\/wp-json\/wp\/v2\/types\/page"}],"author":[{"embeddable":true,"href":"https:\/\/www.formentera.es\/nl\/wp-json\/wp\/v2\/users\/1"}],"replies":[{"embeddable":true,"href":"https:\/\/www.formentera.es\/nl\/wp-json\/wp\/v2\/comments?post=8217"}],"version-history":[{"count":1,"href":"https:\/\/www.formentera.es\/nl\/wp-json\/wp\/v2\/pages\/8217\/revisions"}],"predecessor-version":[{"id":56387,"href":"https:\/\/www.formentera.es\/nl\/wp-json\/wp\/v2\/pages\/8217\/revisions\/56387"}],"up":[{"embeddable":true,"href":"https:\/\/www.formentera.es\/nl\/wp-json\/wp\/v2\/pages\/8084"}],"wp:attachment":[{"href":"https:\/\/www.formentera.es\/nl\/wp-json\/wp\/v2\/media?parent=8217"}],"wp:term":[{"taxonomy":"category","embeddable":true,"href":"https:\/\/www.formentera.es\/nl\/wp-json\/wp\/v2\/categories?post=8217"}],"curies":[{"name":"wp","href":"https:\/\/api.w.org\/{rel}","templated":true}]}}