{"id":8082,"date":"2018-07-23T12:25:00","date_gmt":"2018-07-23T14:25:00","guid":{"rendered":"https:\/\/www.formentera.es\/explorar\/pueblos\/sant-francesc\/"},"modified":"2025-02-21T09:06:51","modified_gmt":"2025-02-21T08:06:51","slug":"sant-francesc","status":"publish","type":"page","link":"https:\/\/www.formentera.es\/nl\/verken\/dorpen-en-locaties\/sant-francesc\/","title":{"rendered":"Sant Francesc"},"content":{"rendered":"<div class=\"wpb-content-wrapper\"><p>[vc_row full_width=&#8221;stretch_row&#8221;][vc_column width=&#8221;2\/3&#8243; css=&#8221;.vc_custom_1530269560078{padding-right: 5% !important;}&#8221;][vc_column_text el_class=&#8221;texto_ficha&#8221;]<\/p>\n<h2>Het belangrijkste dorp van het eiland<\/h2>\n<h3>Sant Francesc Xavier is de hoofdstad van Formentera. In Sant Francesc is de Consell Insular (eilandraad) gevestigd en bevinden zich de voornaamste diensten van het eiland.<\/h3>\n<p><strong>Bezienswaardigheden: Het plein en het historische monumentencomplex<\/strong><\/p>\n<p>Het epicentrum en belangrijkste gebouw is de <strong>parochiekerk<\/strong>. De sobere uitstraling van de kerk is te danken aan het feit dat het gebouw aanvankelijk, naast kerkelijke tempel als vestingwerk diende, in een tijdperk waarin de zeeroverij nog vers in het geheugen lag. Opmerkelijk is de deur bekleed met ijzeren platen. De kerk werd in 1738 afgerond en staat tegenover het gebouw van de Consell Insular. In San Francesc vindt u ook de kleine <strong>kapel Sa Tanca Vella<\/strong>, overdekt met een tongewelf. De Sa Tanca Vella-kapel dateert uit de 13e of 14e eeuw. Met de herbevolking van de 18e eeuw werd hij te klein en werd begonnen met de bouw van de kerk van Sant Francesc. Tegenwoordig is de kapel niet meer in gebruik, maar is hij gerestaureerd en kan hij van dinsdag tot en met zaterdag van 10.00 tot 14.00 uur worden bezichtigd.<\/p>\n<p>Na een wandeling over het plein en door het oostelijke deel van <strong>Sa Raval<\/strong>, is een bezoek aan de <strong>Fossar Vell<\/strong> de moeite waard. Deze begraafplaats, die van dinsdag tot zaterdag van 10.00 tot 14.00 uur kan worden bezocht, werd gerestaureerd door de uit Formentera afkomstige architect Mari\u00e0 Castell\u00f3. Zijn werk was een van de finalisten voor de FAD-prijzen voor architectuur in 2017.<\/p>\n<p>Via de Avinguda Portossal\u00e8 bereikt u de dienstenzone, waar zich de bioscoop, de bibliotheek, het zwembad, de sporthal en de soci\u00ebteit Es Mol\u00ed bevinden.<\/p>\n<p>In de buurt van Sant Francesc Xavier bevinden zich de <strong>molens van Sa Mirada of Sa Miranda<\/strong>. De eerste molen die we aantreffen (Mol\u00ed d\u2019en Mateu) maakt deel uit van een priv\u00e9woning terwijl de tweede, Mol\u00ed d&#8217;en Jeroni genaamd, toegankelijk is. Zij werden in de 19e eeuw gebouwd en werden in de jaren 50 van de vorige eeuw buiten gebruik gesteld. Vanaf de molens hebt u een weids uitzicht over een aaneenschakeling van landtongen en de zee: u kunt hier het meer Estany des Peix en La Savina, het eiland Ibiza en het eilandje Es Vedr\u00e0 zien.<br \/>\n[\/vc_column_text][\/vc_column][vc_column width=&#8221;1\/3&#8243;][vc_column_text]<div id=\"sidebar_ficha\"><a class=\"sidebar_breadcrumbs\" href=\"https:\/\/www.formentera.es\/nl\/verken\/dorpen-en-locaties\/\"><i class=\"fa fa-angle-left\"><\/i>Terug naar Dorpen en locaties<\/a><div class=\"content_sidebar\"><div class=\"tit_medium\">Nuttige informatie<\/div><div id=\"mapaficha\"><a href=\"https:\/\/goo.gl\/maps\/2QgzuiePqks\" target=\"_blank\"><img decoding=\"async\" src=\"https:\/\/www.formentera.es\/wp-content\/uploads\/2018\/11\/mapasantfrancesc.png\"><\/a><\/div><div class=\"\"><a href=\"https:\/\/www.google.com\/maps?saddr=My+Location&daddr=38.7063355,1.4266206\" target=\"_blank\"><i class=\"fa fa-location-arrow\"><\/i><span>Hoe kom je daar?<\/span><\/a><\/div><div class=\"bloc_share\"><div class=\"blocs1\"><div class=\"tit_medium\">Aandeel<\/div><div class=\"redes_ficha\"><div class=\"fa fa-brands fa-x-twitter st-custom-button\" data-network=\"twitter\"><\/div><div class=\"fa fa-facebook st-custom-button\" data-network=\"facebook\"><\/div><div class=\"fa fa-pinterest-p st-custom-button\" data-network=\"pinterest\"><\/div><\/div><\/div><div class=\"blocs2\"><div class=\"tit_medium\">Stuur naar een vriend<\/div><div class=\"redes_ficha\"><div class=\"fa fa-envelope st-custom-button\" data-network=\"email\"><\/div><div class=\"fa fa-whatsapp st-custom-button\" data-network=\"whatsapp\"><\/div><\/div><\/div><\/div><\/div><\/div>[\/vc_column_text][\/vc_column][\/vc_row][vc_row full_width=&#8221;stretch_row_content_no_spaces&#8221;][vc_column][vc_column_text]<style>#jtg-967 .modula-item .jtg-social a, .lightbox-socials.jtg-social a{ fill: #ffffff; color: #ffffff }#jtg-967 .modula-item .jtg-social-mobile a{ fill: #ffffff; color: #ffffff }#jtg-967 .modula-item .jtg-social svg, .lightbox-socials.jtg-social svg { height: 16px; width: 16px }#jtg-967 .modula-item .jtg-social-mobile svg { height: 16px; width: 16px }#jtg-967 .modula-item .jtg-social a:not(:last-child), .lightbox-socials.jtg-social a:not(:last-child) { margin-right: 10px }#jtg-967 .modula-item .jtg-social-mobile .jtg-social-mobile-icons a:not(:last-child){ margin-right: 10px }#jtg-967 .modula-item .figc {color:#ffffff;}#jtg-967 .modula-item .modula-item-content { transform: scale(1) }#jtg-967 .modula-items .figc p.description { font-size:14px; }#jtg-967 .modula-items .figc p.description { color:#ffffff;}#jtg-967.modula-gallery .modula-item > a, #jtg-967.modula-gallery .modula-item, #jtg-967.modula-gallery .modula-item-content > a:not(.modula-no-follow) { cursor:zoom-in; } #jtg-967.modula-gallery .modula-item-content .modula-no-follow { cursor: default; } #jtg-967 .modula-item { background-color:#000000; }#jtg-967 .modula-item:hover img { opacity: 0.5; }#jtg-967 .modula-item { transform: scale(1) translate(0px,0px) rotate(0deg); }@media screen and (max-width:480px){#jtg-967 .modula-item .figc .jtg-title {  font-size: 12px; }#jtg-967 .modula-items .figc p.description { color:#ffffff;font-size:10px; }}<\/style>\n<div  id=\"jtg-967\" class=\"modula modula-gallery modula-custom-grid\" data-config=\"{&quot;height&quot;:800,&quot;tabletHeight&quot;:800,&quot;mobileHeight&quot;:800,&quot;desktopHeight&quot;:800,&quot;enableTwitter&quot;:false,&quot;enableWhatsapp&quot;:false,&quot;enableFacebook&quot;:false,&quot;enablePinterest&quot;:false,&quot;enableLinkedin&quot;:false,&quot;enableEmail&quot;:false,&quot;randomFactor&quot;:0.5,&quot;type&quot;:&quot;custom-grid&quot;,&quot;columns&quot;:12,&quot;gutter&quot;:10,&quot;mobileGutter&quot;:10,&quot;tabletGutter&quot;:10,&quot;desktopGutter&quot;:10,&quot;enableResponsive&quot;:true,&quot;tabletColumns&quot;:2,&quot;mobileColumns&quot;:1,&quot;lazyLoad&quot;:&quot;0&quot;,&quot;lightboxOpts&quot;:{&quot;animated&quot;:true,&quot;Thumbs&quot;:{&quot;type&quot;:&quot;modern&quot;,&quot;showOnStart&quot;:false},&quot;Toolbar&quot;:{&quot;display&quot;:{&quot;right&quot;:[&quot;close&quot;]},&quot;enabled&quot;:true},&quot;Carousel&quot;:{&quot;Panzoom&quot;:{&quot;touch&quot;:false},&quot;infinite&quot;:false},&quot;keyboard&quot;:{&quot;Escape&quot;:&quot;close&quot;,&quot;Delete&quot;:&quot;close&quot;,&quot;Backspace&quot;:&quot;close&quot;,&quot;PageUp&quot;:false,&quot;PageDown&quot;:false,&quot;ArrowUp&quot;:false,&quot;ArrowDown&quot;:false,&quot;ArrowRight&quot;:false,&quot;ArrowLeft&quot;:false},&quot;touch&quot;:false,&quot;backdropClick&quot;:false,&quot;l10n&quot;:{&quot;CLOSE&quot;:&quot;Sluiten&quot;,&quot;NEXT&quot;:&quot;Volgende&quot;,&quot;PREV&quot;:&quot;Vorige&quot;,&quot;Error&quot;:&quot;De gevraagde inhoud kan niet worden geladen. Probeer het later opnieuw.&quot;,&quot;PLAY_START&quot;:&quot;Start slideshow&quot;,&quot;PLAY_STOP&quot;:&quot;Slideshow pauzeren&quot;,&quot;FULL_SCREEN&quot;:&quot;Volledig scherm&quot;,&quot;THUMBS&quot;:&quot;Thumbnails&quot;,&quot;DOWNLOAD&quot;:&quot;Downloaden&quot;,&quot;SHARE&quot;:&quot;Delen&quot;,&quot;ZOOM&quot;:&quot;Zoom&quot;,&quot;EMAIL&quot;:&quot;Here is the link to the image : %%image_link%% and this is the link to the gallery : %%gallery_link%%&quot;,&quot;MODAL&quot;:&quot;Je kunt deze modale inhoud sluiten met de ESC sleutel&quot;,&quot;ERROR&quot;:&quot;Er is iets misgegaan, probeer het later nog eens&quot;,&quot;IMAGE_ERROR&quot;:&quot;Afbeelding niet gevonden&quot;,&quot;ELEMENT_NOT_FOUND&quot;:&quot;HTML element niet gevonden&quot;,&quot;AJAX_NOT_FOUND&quot;:&quot;Fout bij het laden van Ajax: niet gevonden&quot;,&quot;AJAX_FORBIDDEN&quot;:&quot;Fout bij laden Ajax: verboden&quot;,&quot;IFRAME_ERROR&quot;:&quot;Fout bij het laden van de pagina&quot;,&quot;TOGGLE_ZOOM&quot;:&quot;Toggle zoomniveau&quot;,&quot;TOGGLE_THUMBS&quot;:&quot;Toggle thumbnails&quot;,&quot;TOGGLE_SLIDESHOW&quot;:&quot;Toggle slideshow&quot;,&quot;TOGGLE_FULLSCREEN&quot;:&quot;Toggle modus volledig scherm&quot;},&quot;Images&quot;:{&quot;Panzoom&quot;:{&quot;maxScale&quot;:2}},&quot;mainClass&quot;:&quot;modula-fancybox-container modula-lightbox-jtg-967&quot;,&quot;Html&quot;:{&quot;videoAutoplay&quot;:0,&quot;videoTpl&quot;:&quot;&lt;video class=\\&quot;fancybox__html5video\\&quot; controls muted playsinline controlsList controlsList=\\&quot;nodownload\\&quot; poster=\\&quot;{{poster}}\\&quot; src=\\&quot;{{src}}\\&quot; type=\\&quot;{{format}}\\&quot; &gt;  Sorry, your browser doesn&#039;t support embedded videos, &lt;a href=\\&quot;{{src}}\\&quot;&gt; download &lt;\\\/a&gt; and watch with your favorite video player! &lt;\\\/video&gt;&quot;}},&quot;inView&quot;:false,&quot;email_subject&quot;:&quot;\\u00a1\\u00a1Mira esta impresionante imagen!!&quot;,&quot;email_message&quot;:&quot;Este es el enlace a la imagen: %%image_link%% y este es el enlace a la galer\\u00eda: %%gallery_link%%&quot;,&quot;lightbox&quot;:&quot;fancybox&quot;,&quot;filterClick&quot;:&quot;0&quot;,&quot;defaultActiveFilter&quot;:&quot;all&quot;}\">\n\n\t\n\t<div  class=\"modula-items\">\n\t\t<div class=\"modula-item effect-quiet jtg-filter-all jtg-filter-\" data-width=\"6\" data-height=\"4\" >\n\t<div class=\"modula-item-overlay\"><\/div>\n\n\t<div class=\"modula-item-content\">\n\n\t\t\t\t\n\t\t\t\t\t<a data-image-id=\"977\" tabindex=\"0\" href=\"https:\/\/www.formentera.es\/wp-content\/uploads\/2018\/11\/Arquitectura-urbana-panoramica.jpg\" rel=\"jtg-967\" data-caption=\"\" aria-label=\"Afbeelding openen in lightbox\" role=\"button\" data-cyclefilter=\"show\" data-fancybox=\"jtg-967\" class=\"tile-inner modula-item-link\"><\/a>\n\t\t\n\t\t<img loading=\"lazy\" decoding=\"async\" class=\"pic wp-image-977\"  data-valign=\"middle\" data-halign=\"center\" alt=\"\" data-full=\"https:\/\/www.formentera.es\/wp-content\/uploads\/2018\/11\/Arquitectura-urbana-panoramica.jpg\" title=\"Arquitectura urbana (panoramica)\" width=\"1900\" height=\"1267\" src=\"https:\/\/www.formentera.es\/wp-content\/uploads\/2018\/11\/Arquitectura-urbana-panoramica.jpg\" data-src=\"https:\/\/www.formentera.es\/wp-content\/uploads\/2018\/11\/Arquitectura-urbana-panoramica.jpg\" data-caption=\"\" srcset=\"https:\/\/www.formentera.es\/wp-content\/uploads\/2018\/11\/Arquitectura-urbana-panoramica.jpg 1900w, https:\/\/www.formentera.es\/wp-content\/uploads\/2018\/11\/Arquitectura-urbana-panoramica-300x200.jpg 300w, https:\/\/www.formentera.es\/wp-content\/uploads\/2018\/11\/Arquitectura-urbana-panoramica-768x512.jpg 768w, https:\/\/www.formentera.es\/wp-content\/uploads\/2018\/11\/Arquitectura-urbana-panoramica-1024x683.jpg 1024w\" sizes=\"auto, (max-width: 1900px) 100vw, 1900px\" \/>\n\t\t<div class=\"figc no-description\">\n\t\t\t<div class=\"figc-inner\">\n\t\t\t\t\t\t\t\t\t\t\t\t\t\t\t<\/div>\n\t\t<\/div>\n\n\t<\/div>\n\n<\/div><div class=\"modula-item effect-quiet jtg-filter-all jtg-filter-\" data-width=\"6\" data-height=\"4\" >\n\t<div class=\"modula-item-overlay\"><\/div>\n\n\t<div class=\"modula-item-content\">\n\n\t\t\t\t\n\t\t\t\t\t<a data-image-id=\"981\" tabindex=\"0\" href=\"https:\/\/www.formentera.es\/wp-content\/uploads\/2018\/11\/Detall_creu_esglesia-sant-francesc_alfredo-montero.jpg\" rel=\"jtg-967\" data-caption=\"\" aria-label=\"Afbeelding openen in lightbox\" role=\"button\" data-cyclefilter=\"show\" data-fancybox=\"jtg-967\" class=\"tile-inner modula-item-link\"><\/a>\n\t\t\n\t\t<img loading=\"lazy\" decoding=\"async\" class=\"pic wp-image-981\"  data-valign=\"middle\" data-halign=\"center\" alt=\"\" data-full=\"https:\/\/www.formentera.es\/wp-content\/uploads\/2018\/11\/Detall_creu_esglesia-sant-francesc_alfredo-montero.jpg\" title=\"Detall_creu_esglesia sant francesc_alfredo montero\" width=\"1900\" height=\"1267\" src=\"https:\/\/www.formentera.es\/wp-content\/uploads\/2018\/11\/Detall_creu_esglesia-sant-francesc_alfredo-montero.jpg\" data-src=\"https:\/\/www.formentera.es\/wp-content\/uploads\/2018\/11\/Detall_creu_esglesia-sant-francesc_alfredo-montero.jpg\" data-caption=\"\" srcset=\"https:\/\/www.formentera.es\/wp-content\/uploads\/2018\/11\/Detall_creu_esglesia-sant-francesc_alfredo-montero.jpg 1900w, https:\/\/www.formentera.es\/wp-content\/uploads\/2018\/11\/Detall_creu_esglesia-sant-francesc_alfredo-montero-300x200.jpg 300w, https:\/\/www.formentera.es\/wp-content\/uploads\/2018\/11\/Detall_creu_esglesia-sant-francesc_alfredo-montero-768x512.jpg 768w, https:\/\/www.formentera.es\/wp-content\/uploads\/2018\/11\/Detall_creu_esglesia-sant-francesc_alfredo-montero-1024x683.jpg 1024w\" sizes=\"auto, (max-width: 1900px) 100vw, 1900px\" \/>\n\t\t<div class=\"figc no-description\">\n\t\t\t<div class=\"figc-inner\">\n\t\t\t\t\t\t\t\t\t\t\t\t\t\t\t<\/div>\n\t\t<\/div>\n\n\t<\/div>\n\n<\/div><div class=\"modula-item effect-quiet jtg-filter-all jtg-filter-\" data-width=\"4\" data-height=\"4\" >\n\t<div class=\"modula-item-overlay\"><\/div>\n\n\t<div class=\"modula-item-content\">\n\n\t\t\t\t\n\t\t\t\t\t<a data-image-id=\"988\" tabindex=\"0\" href=\"https:\/\/www.formentera.es\/wp-content\/uploads\/2018\/11\/Sant-Francesc_OIT-17.jpg\" rel=\"jtg-967\" data-caption=\"\" aria-label=\"Afbeelding openen in lightbox\" role=\"button\" data-cyclefilter=\"show\" data-fancybox=\"jtg-967\" class=\"tile-inner modula-item-link\"><\/a>\n\t\t\n\t\t<img loading=\"lazy\" decoding=\"async\" class=\"pic wp-image-988\"  data-valign=\"middle\" data-halign=\"center\" alt=\"\" data-full=\"https:\/\/www.formentera.es\/wp-content\/uploads\/2018\/11\/Sant-Francesc_OIT-17.jpg\" title=\"Sant Francesc_OIT (17)\" width=\"1900\" height=\"1267\" src=\"https:\/\/www.formentera.es\/wp-content\/uploads\/2018\/11\/Sant-Francesc_OIT-17.jpg\" data-src=\"https:\/\/www.formentera.es\/wp-content\/uploads\/2018\/11\/Sant-Francesc_OIT-17.jpg\" data-caption=\"\" srcset=\"https:\/\/www.formentera.es\/wp-content\/uploads\/2018\/11\/Sant-Francesc_OIT-17.jpg 1900w, https:\/\/www.formentera.es\/wp-content\/uploads\/2018\/11\/Sant-Francesc_OIT-17-300x200.jpg 300w, https:\/\/www.formentera.es\/wp-content\/uploads\/2018\/11\/Sant-Francesc_OIT-17-768x512.jpg 768w, https:\/\/www.formentera.es\/wp-content\/uploads\/2018\/11\/Sant-Francesc_OIT-17-1024x683.jpg 1024w\" sizes=\"auto, (max-width: 1900px) 100vw, 1900px\" \/>\n\t\t<div class=\"figc no-description\">\n\t\t\t<div class=\"figc-inner\">\n\t\t\t\t\t\t\t\t\t\t\t\t\t\t\t<\/div>\n\t\t<\/div>\n\n\t<\/div>\n\n<\/div><div class=\"modula-item effect-quiet jtg-filter-all jtg-filter-\" data-width=\"4\" data-height=\"4\" >\n\t<div class=\"modula-item-overlay\"><\/div>\n\n\t<div class=\"modula-item-content\">\n\n\t\t\t\t\n\t\t\t\t\t<a data-image-id=\"985\" tabindex=\"0\" href=\"https:\/\/www.formentera.es\/wp-content\/uploads\/2018\/11\/Sa-Tanca-Vella-1.jpg\" rel=\"jtg-967\" data-caption=\"\" aria-label=\"Afbeelding openen in lightbox\" role=\"button\" data-cyclefilter=\"show\" data-fancybox=\"jtg-967\" class=\"tile-inner modula-item-link\"><\/a>\n\t\t\n\t\t<img loading=\"lazy\" decoding=\"async\" class=\"pic wp-image-985\"  data-valign=\"middle\" data-halign=\"center\" alt=\"\" data-full=\"https:\/\/www.formentera.es\/wp-content\/uploads\/2018\/11\/Sa-Tanca-Vella-1.jpg\" title=\"Sa Tanca Vella (1)\" width=\"1900\" height=\"1267\" src=\"https:\/\/www.formentera.es\/wp-content\/uploads\/2018\/11\/Sa-Tanca-Vella-1.jpg\" data-src=\"https:\/\/www.formentera.es\/wp-content\/uploads\/2018\/11\/Sa-Tanca-Vella-1.jpg\" data-caption=\"\" srcset=\"https:\/\/www.formentera.es\/wp-content\/uploads\/2018\/11\/Sa-Tanca-Vella-1.jpg 1900w, https:\/\/www.formentera.es\/wp-content\/uploads\/2018\/11\/Sa-Tanca-Vella-1-300x200.jpg 300w, https:\/\/www.formentera.es\/wp-content\/uploads\/2018\/11\/Sa-Tanca-Vella-1-768x512.jpg 768w, https:\/\/www.formentera.es\/wp-content\/uploads\/2018\/11\/Sa-Tanca-Vella-1-1024x683.jpg 1024w\" sizes=\"auto, (max-width: 1900px) 100vw, 1900px\" \/>\n\t\t<div class=\"figc no-description\">\n\t\t\t<div class=\"figc-inner\">\n\t\t\t\t\t\t\t\t\t\t\t\t\t\t\t<\/div>\n\t\t<\/div>\n\n\t<\/div>\n\n<\/div><div class=\"modula-item effect-quiet jtg-filter-all jtg-filter-\" data-width=\"4\" data-height=\"4\" >\n\t<div class=\"modula-item-overlay\"><\/div>\n\n\t<div class=\"modula-item-content\">\n\n\t\t\t\t\n\t\t\t\t\t<a data-image-id=\"986\" tabindex=\"0\" href=\"https:\/\/www.formentera.es\/wp-content\/uploads\/2018\/11\/sant-francesc-barda.jpg\" rel=\"jtg-967\" data-caption=\"\" aria-label=\"Afbeelding openen in lightbox\" role=\"button\" data-cyclefilter=\"show\" data-fancybox=\"jtg-967\" class=\"tile-inner modula-item-link\"><\/a>\n\t\t\n\t\t<img loading=\"lazy\" decoding=\"async\" class=\"pic wp-image-986\"  data-valign=\"middle\" data-halign=\"center\" alt=\"\" data-full=\"https:\/\/www.formentera.es\/wp-content\/uploads\/2018\/11\/sant-francesc-barda.jpg\" title=\"sant francesc barda\" width=\"1900\" height=\"1267\" src=\"https:\/\/www.formentera.es\/wp-content\/uploads\/2018\/11\/sant-francesc-barda.jpg\" data-src=\"https:\/\/www.formentera.es\/wp-content\/uploads\/2018\/11\/sant-francesc-barda.jpg\" data-caption=\"\" srcset=\"https:\/\/www.formentera.es\/wp-content\/uploads\/2018\/11\/sant-francesc-barda.jpg 1900w, https:\/\/www.formentera.es\/wp-content\/uploads\/2018\/11\/sant-francesc-barda-300x200.jpg 300w, https:\/\/www.formentera.es\/wp-content\/uploads\/2018\/11\/sant-francesc-barda-768x512.jpg 768w, https:\/\/www.formentera.es\/wp-content\/uploads\/2018\/11\/sant-francesc-barda-1024x683.jpg 1024w\" sizes=\"auto, (max-width: 1900px) 100vw, 1900px\" \/>\n\t\t<div class=\"figc no-description\">\n\t\t\t<div class=\"figc-inner\">\n\t\t\t\t\t\t\t\t\t\t\t\t\t\t\t<\/div>\n\t\t<\/div>\n\n\t<\/div>\n\n<\/div><div class=\"modula-item effect-quiet jtg-filter-all jtg-filter-\" data-width=\"5\" data-height=\"3\" >\n\t<div class=\"modula-item-overlay\"><\/div>\n\n\t<div class=\"modula-item-content\">\n\n\t\t\t\t\n\t\t\t\t\t<a data-image-id=\"982\" tabindex=\"0\" href=\"https:\/\/www.formentera.es\/wp-content\/uploads\/2018\/11\/Dia_de_les_balears01_moonkoala.jpg\" rel=\"jtg-967\" data-caption=\"\" aria-label=\"Afbeelding openen in lightbox\" role=\"button\" data-cyclefilter=\"show\" data-fancybox=\"jtg-967\" class=\"tile-inner modula-item-link\"><\/a>\n\t\t\n\t\t<img loading=\"lazy\" decoding=\"async\" class=\"pic wp-image-982\"  data-valign=\"middle\" data-halign=\"center\" alt=\"\" data-full=\"https:\/\/www.formentera.es\/wp-content\/uploads\/2018\/11\/Dia_de_les_balears01_moonkoala.jpg\" title=\"Dia_de_les_balears01_moonkoala\" width=\"1900\" height=\"2850\" src=\"https:\/\/www.formentera.es\/wp-content\/uploads\/2018\/11\/Dia_de_les_balears01_moonkoala.jpg\" data-src=\"https:\/\/www.formentera.es\/wp-content\/uploads\/2018\/11\/Dia_de_les_balears01_moonkoala.jpg\" data-caption=\"\" srcset=\"https:\/\/www.formentera.es\/wp-content\/uploads\/2018\/11\/Dia_de_les_balears01_moonkoala.jpg 1900w, https:\/\/www.formentera.es\/wp-content\/uploads\/2018\/11\/Dia_de_les_balears01_moonkoala-200x300.jpg 200w, https:\/\/www.formentera.es\/wp-content\/uploads\/2018\/11\/Dia_de_les_balears01_moonkoala-768x1152.jpg 768w, https:\/\/www.formentera.es\/wp-content\/uploads\/2018\/11\/Dia_de_les_balears01_moonkoala-683x1024.jpg 683w\" sizes=\"auto, (max-width: 1900px) 100vw, 1900px\" \/>\n\t\t<div class=\"figc no-description\">\n\t\t\t<div class=\"figc-inner\">\n\t\t\t\t\t\t\t\t\t\t\t\t\t\t\t<\/div>\n\t\t<\/div>\n\n\t<\/div>\n\n<\/div><div class=\"modula-item effect-quiet jtg-filter-all jtg-filter-\" data-width=\"4\" data-height=\"3\" >\n\t<div class=\"modula-item-overlay\"><\/div>\n\n\t<div class=\"modula-item-content\">\n\n\t\t\t\t\n\t\t\t\t\t<a data-image-id=\"983\" tabindex=\"0\" href=\"https:\/\/www.formentera.es\/wp-content\/uploads\/2018\/11\/Moonkoala_OCTUBRE.jpg\" rel=\"jtg-967\" data-caption=\"\" aria-label=\"Afbeelding openen in lightbox\" role=\"button\" data-cyclefilter=\"show\" data-fancybox=\"jtg-967\" class=\"tile-inner modula-item-link\"><\/a>\n\t\t\n\t\t<img loading=\"lazy\" decoding=\"async\" class=\"pic wp-image-983\"  data-valign=\"middle\" data-halign=\"center\" alt=\"\" data-full=\"https:\/\/www.formentera.es\/wp-content\/uploads\/2018\/11\/Moonkoala_OCTUBRE.jpg\" title=\"Moonkoala_OCTUBRE\" width=\"1900\" height=\"1330\" src=\"https:\/\/www.formentera.es\/wp-content\/uploads\/2018\/11\/Moonkoala_OCTUBRE.jpg\" data-src=\"https:\/\/www.formentera.es\/wp-content\/uploads\/2018\/11\/Moonkoala_OCTUBRE.jpg\" data-caption=\"\" srcset=\"https:\/\/www.formentera.es\/wp-content\/uploads\/2018\/11\/Moonkoala_OCTUBRE.jpg 1900w, https:\/\/www.formentera.es\/wp-content\/uploads\/2018\/11\/Moonkoala_OCTUBRE-300x210.jpg 300w, https:\/\/www.formentera.es\/wp-content\/uploads\/2018\/11\/Moonkoala_OCTUBRE-768x538.jpg 768w, https:\/\/www.formentera.es\/wp-content\/uploads\/2018\/11\/Moonkoala_OCTUBRE-1024x717.jpg 1024w\" sizes=\"auto, (max-width: 1900px) 100vw, 1900px\" \/>\n\t\t<div class=\"figc no-description\">\n\t\t\t<div class=\"figc-inner\">\n\t\t\t\t\t\t\t\t\t\t\t\t\t\t\t<\/div>\n\t\t<\/div>\n\n\t<\/div>\n\n<\/div><div class=\"modula-item effect-quiet jtg-filter-all jtg-filter-\" data-width=\"3\" data-height=\"3\" >\n\t<div class=\"modula-item-overlay\"><\/div>\n\n\t<div class=\"modula-item-content\">\n\n\t\t\t\t\n\t\t\t\t\t<a data-image-id=\"979\" tabindex=\"0\" href=\"https:\/\/www.formentera.es\/wp-content\/uploads\/2018\/11\/Ballada_pagesa_santjaume2016_05_ElenaM.jpg\" rel=\"jtg-967\" data-caption=\"\" aria-label=\"Afbeelding openen in lightbox\" role=\"button\" data-cyclefilter=\"show\" data-fancybox=\"jtg-967\" class=\"tile-inner modula-item-link\"><\/a>\n\t\t\n\t\t<img loading=\"lazy\" decoding=\"async\" class=\"pic wp-image-979\"  data-valign=\"middle\" data-halign=\"center\" alt=\"\" data-full=\"https:\/\/www.formentera.es\/wp-content\/uploads\/2018\/11\/Ballada_pagesa_santjaume2016_05_ElenaM.jpg\" title=\"Ballada_pagesa_santjaume2016_05_ElenaM\" width=\"1900\" height=\"1267\" src=\"https:\/\/www.formentera.es\/wp-content\/uploads\/2018\/11\/Ballada_pagesa_santjaume2016_05_ElenaM.jpg\" data-src=\"https:\/\/www.formentera.es\/wp-content\/uploads\/2018\/11\/Ballada_pagesa_santjaume2016_05_ElenaM.jpg\" data-caption=\"\" srcset=\"https:\/\/www.formentera.es\/wp-content\/uploads\/2018\/11\/Ballada_pagesa_santjaume2016_05_ElenaM.jpg 1900w, https:\/\/www.formentera.es\/wp-content\/uploads\/2018\/11\/Ballada_pagesa_santjaume2016_05_ElenaM-300x200.jpg 300w, https:\/\/www.formentera.es\/wp-content\/uploads\/2018\/11\/Ballada_pagesa_santjaume2016_05_ElenaM-768x512.jpg 768w, https:\/\/www.formentera.es\/wp-content\/uploads\/2018\/11\/Ballada_pagesa_santjaume2016_05_ElenaM-1024x683.jpg 1024w\" sizes=\"auto, (max-width: 1900px) 100vw, 1900px\" \/>\n\t\t<div class=\"figc no-description\">\n\t\t\t<div class=\"figc-inner\">\n\t\t\t\t\t\t\t\t\t\t\t\t\t\t\t<\/div>\n\t\t<\/div>\n\n\t<\/div>\n\n<\/div>\t\t\n\t<\/div>\n\n\t\n\t\n\t<script type=\"application\/ld+json\">\n\t{\n\t\t\"@context\": \"http:\/\/schema.org\",\n\t\t\"@type\"   : \"ImageGallery\",\n\t\t\"id\"      : \"https:\/\/www.formentera.es\/nl\/verken\/dorpen-en-locaties\/sant-francesc\/\",\n\t\t\"url\"     : \"https:\/\/www.formentera.es\/nl\/verken\/dorpen-en-locaties\/sant-francesc\/\"\n\t}\n\n\t<\/script>\n\n\t\n<\/div>\n[\/vc_column_text][\/vc_column][\/vc_row][vc_row][vc_column][vc_column_text]<strong>Tentoonstellingszalen<\/strong><\/p>\n<p>Sant Francesc is ook de plaats waar diverse tentoonstellingszalen zijn. De <strong>Sala d\u2019Exposicions Ajuntament Vell<\/strong>, die al tien jaar lang onafgebroken een vast programma heeft, bevindt zich op het plein Plaza de la Constituci\u00f3n. Openingen zijn meestal op maandag om 20.00 uur en de toegang is gratis. Het <strong>Centrum Antoni Tur \u201cGabrielet\u201d<\/strong> is een ruimte voor tentoonstellingen en workshops die gerelateerd zijn aan het plaatselijke ambachtswerk. Geopend van maandag tot zaterdag.<\/p>\n<p>De <strong>Etnografische collectie van Formentera<\/strong> bevindt zich in de Calle de Jaume I, 15 (eerste verdieping). Het bestaat uit een permanente tentoonstelling van gereedschap, werktuigen, meubels, klederdracht en instrumenten die ruimschoots illustreren hoe het leven op het eiland tot het midden van de 20e eeuw was: een verzameling gebruiksvoorwerpen die typerend zijn voor het dagelijkse leven van het traditionele Formentera. De openingstijden zijn van 10.00 tot 14.00 uur van maandag tot vrijdag.<\/p>\n<p><strong>Winkelen<\/strong><\/p>\n<p>Sant Francesc Xavier is vandaag de dag het centrum van de modewinkels en in de straten van het centrum zijn kleine boetiekjes gevestigd met een persoonlijk interieurontwerp en een zorgvuldige selectie artikelen zoals kleding, decoratie en sieraden. Van mei tot en met oktober staan er kleine kraampjes op straat. Sommige van de sieraden- of lederwarenkraampjes bieden op Formentera ambachtelijk gemaakte artikelen aan. Op dinsdag en zaterdag (ochtend) vinden we in de Jard\u00ed de Ses Eres (achter de kerk) een rommelmarkt met tweedehands kleding, boeken en andere artikelen.<\/p>\n<p><strong>Feesten in Sant Francesc<\/strong><\/p>\n<ul>\n<li>25 juli, het feest van Sint-Jakobus, in het Catalaans Sant Jaume, patroonheilige van Formentera.<\/li>\n<li>5 augustus, Mariadag, feesten van de aarde.<\/li>\n<li>3 december, feest van Franciscus Xaverius.<\/li>\n<\/ul>\n<p>[\/vc_column_text][\/vc_column][\/vc_row][vc_row full_width=&#8221;stretch_row_content_no_spaces&#8221;][vc_column width=&#8221;1\/2&#8243;][vc_single_image image=&#8221;987&#8243; img_size=&#8221;full&#8221; add_caption=&#8221;yes&#8221; el_class=&#8221;img100&#8243;][\/vc_column][vc_column width=&#8221;1\/2&#8243;][vc_single_image image=&#8221;980&#8243; img_size=&#8221;full&#8221; add_caption=&#8221;yes&#8221; el_class=&#8221;img100&#8243;][\/vc_column][\/vc_row][vc_row][vc_column][vc_column_text]<div id=\"siguexpl\" class=\"container sc\"><h2>Blijf verkennen<\/h2><div class=\"row\"><a href=\"https:\/\/www.formentera.es\/nl\/verken\/activiteiten\/\" class=\"col-md-4\">\n\t\t\t\t\t\t<div class=\"row\">\n\t\t\t\t\t\t\t<div class=\"col-sm-4\" style=\"background-image: url(https:\/\/www.formentera.es\/wp-content\/uploads\/2018\/11\/ESCUELA-MUNICIPAL-DE-VELA-4NOMADAS-jjfoto\u0300graf-16-300x207.jpg)\"><\/div>\n\t\t\t\t\t\t\t<div class=\"col-sm-8\">\n\t\t\t\t\t\t\t\tActiviteiten\n\t\t\t\t\t\t\t\t<i class=\"fa fa-angle-right\"><\/i>\n\t\t\t\t\t\t\t<\/div>\n\t\t\t\t\t\t\t<div class=\"bhover\"><\/div>\n\t\t\t\t\t\t<\/div>\n\t\t\t\t\t\t\n\t\t\t\t\t<\/a><a href=\"https:\/\/www.formentera.es\/nl\/verken\/stranden\/\" class=\"col-md-4\">\n\t\t\t\t\t\t<div class=\"row\">\n\t\t\t\t\t\t\t<div class=\"col-sm-4\" style=\"background-image: url(https:\/\/www.formentera.es\/wp-content\/uploads\/2025\/07\/illetas2025-300x225.webp)\"><\/div>\n\t\t\t\t\t\t\t<div class=\"col-sm-8\">\n\t\t\t\t\t\t\t\tStranden\n\t\t\t\t\t\t\t\t<i class=\"fa fa-angle-right\"><\/i>\n\t\t\t\t\t\t\t<\/div>\n\t\t\t\t\t\t\t<div class=\"bhover\"><\/div>\n\t\t\t\t\t\t<\/div>\n\t\t\t\t\t\t\n\t\t\t\t\t<\/a><a href=\"https:\/\/www.formentera.es\/nl\/verken\/bezienswaardigheden\/\" class=\"col-md-4\">\n\t\t\t\t\t\t<div class=\"row\">\n\t\t\t\t\t\t\t<div class=\"col-sm-4\" style=\"background-image: url(https:\/\/www.formentera.es\/wp-content\/uploads\/2018\/12\/audio_16-mp3-image-300x297.png)\"><\/div>\n\t\t\t\t\t\t\t<div class=\"col-sm-8\">\n\t\t\t\t\t\t\t\tBezienswaardigheden\n\t\t\t\t\t\t\t\t<i class=\"fa fa-angle-right\"><\/i>\n\t\t\t\t\t\t\t<\/div>\n\t\t\t\t\t\t\t<div class=\"bhover\"><\/div>\n\t\t\t\t\t\t<\/div>\n\t\t\t\t\t\t\n\t\t\t\t\t<\/a><\/div><\/div>[\/vc_column_text][\/vc_column][\/vc_row][vc_row full_width=&#8221;stretch_row_content&#8221; equal_height=&#8221;yes&#8221; css=&#8221;.vc_custom_1549021463311{padding-top: 80px !important;}&#8221; el_class=&#8221;bloque_maseventos&#8221;][vc_column][vc_column_text el_class=&#8221;h1&#8243;]<\/p>\n<h2 style=\"text-align: center;\">Evenementen in Formentera<\/h2>\n<p>[\/vc_column_text][vc_basic_grid post_type=&#8221;post&#8221; max_items=&#8221;3&#8243; orderby=&#8221;rand&#8221; item=&#8221;1524&#8243; grid_id=&#8221;vc_gid:1740125150169-c2aac3de-457a-0&#8243; taxonomies=&#8221;17&#8243;][vc_btn title=&#8221;Meer evenementen&#8221; style=&#8221;flat&#8221; shape=&#8221;square&#8221; color=&#8221;white&#8221; size=&#8221;lg&#8221; align=&#8221;center&#8221; i_align=&#8221;right&#8221; i_type=&#8221;entypo&#8221; i_icon_entypo=&#8221;entypo-icon entypo-icon-right-open-big&#8221; add_icon=&#8221;true&#8221; el_class=&#8221;btn_more&#8221; link=&#8221;url:https%3A%2F%2Fwww.formentera.es%2Fnl%2Fevenementen|||&#8221;][\/vc_column][\/vc_row]<\/p>\n<\/div>","protected":false},"excerpt":{"rendered":"<p>[vc_row full_width=&#8221;stretch_row&#8221;][vc_column width=&#8221;2\/3&#8243; css=&#8221;.vc_custom_1530269560078{padding-right: 5% !important;}&#8221;][vc_column_text el_class=&#8221;texto_ficha&#8221;] Het belangrijkste dorp van het eiland Sant Francesc [&hellip;]<\/p>\n","protected":false},"author":1,"featured_media":7955,"parent":7953,"menu_order":0,"comment_status":"closed","ping_status":"closed","template":"page-ficha.php","meta":{"_acf_changed":false,"footnotes":""},"categories":[],"class_list":["post-8082","page","type-page","status-publish","hentry"],"acf":[],"yoast_head":"<!-- This site is optimized with the Yoast SEO plugin v25.5 - https:\/\/yoast.com\/wordpress\/plugins\/seo\/ -->\n<title>Sant Francesc | Turismo de Formentera<\/title>\n<meta name=\"robots\" content=\"index, follow, max-snippet:-1, max-image-preview:large, max-video-preview:-1\" \/>\n<link rel=\"canonical\" href=\"https:\/\/www.formentera.es\/explorar\/pueblos\/sant-francesc\/\" \/>\n<meta property=\"og:locale\" content=\"nl_NL\" \/>\n<meta property=\"og:type\" content=\"article\" \/>\n<meta property=\"og:title\" content=\"Sant Francesc | Turismo de Formentera\" \/>\n<meta property=\"og:description\" content=\"[vc_row full_width=&#8221;stretch_row&#8221;][vc_column width=&#8221;2\/3&#8243; css=&#8221;.vc_custom_1530269560078{padding-right: 5% !important;}&#8221;][vc_column_text el_class=&#8221;texto_ficha&#8221;] Het belangrijkste dorp van het eiland Sant Francesc [&hellip;]\" \/>\n<meta property=\"og:url\" content=\"https:\/\/www.formentera.es\/explorar\/pueblos\/sant-francesc\/\" \/>\n<meta property=\"og:site_name\" content=\"Turismo de Formentera\" \/>\n<meta property=\"article:publisher\" content=\"https:\/\/www.facebook.com\/turismoformentera\/\" \/>\n<meta property=\"article:modified_time\" content=\"2025-02-21T08:06:51+00:00\" \/>\n<meta property=\"og:image\" content=\"https:\/\/www.formentera.es\/wp-content\/uploads\/2018\/11\/1_Esglesia-St.-Francesc-panoramica.jpg\" \/>\n\t<meta property=\"og:image:width\" content=\"1900\" \/>\n\t<meta property=\"og:image:height\" content=\"1202\" \/>\n\t<meta property=\"og:image:type\" content=\"image\/jpeg\" \/>\n<meta name=\"twitter:card\" content=\"summary_large_image\" \/>\n<meta name=\"twitter:site\" content=\"@visitformentera\" \/>\n<meta name=\"twitter:label1\" content=\"Geschatte leestijd\" \/>\n\t<meta name=\"twitter:data1\" content=\"4 minuten\" \/>\n<script type=\"application\/ld+json\" class=\"yoast-schema-graph\">{\"@context\":\"https:\/\/schema.org\",\"@graph\":[{\"@type\":\"WebPage\",\"@id\":\"https:\/\/www.formentera.es\/explorar\/pueblos\/sant-francesc\/\",\"url\":\"https:\/\/www.formentera.es\/explorar\/pueblos\/sant-francesc\/\",\"name\":\"Sant Francesc | Turismo de Formentera\",\"isPartOf\":{\"@id\":\"https:\/\/www.formentera.es\/#website\"},\"primaryImageOfPage\":{\"@id\":\"https:\/\/www.formentera.es\/explorar\/pueblos\/sant-francesc\/#primaryimage\"},\"image\":{\"@id\":\"https:\/\/www.formentera.es\/explorar\/pueblos\/sant-francesc\/#primaryimage\"},\"thumbnailUrl\":\"https:\/\/www.formentera.es\/wp-content\/uploads\/2018\/11\/1_Esglesia-St.-Francesc-panoramica.jpg\",\"datePublished\":\"2018-07-23T14:25:00+00:00\",\"dateModified\":\"2025-02-21T08:06:51+00:00\",\"breadcrumb\":{\"@id\":\"https:\/\/www.formentera.es\/explorar\/pueblos\/sant-francesc\/#breadcrumb\"},\"inLanguage\":\"nl-NL\",\"potentialAction\":[{\"@type\":\"ReadAction\",\"target\":[\"https:\/\/www.formentera.es\/explorar\/pueblos\/sant-francesc\/\"]}]},{\"@type\":\"ImageObject\",\"inLanguage\":\"nl-NL\",\"@id\":\"https:\/\/www.formentera.es\/explorar\/pueblos\/sant-francesc\/#primaryimage\",\"url\":\"https:\/\/www.formentera.es\/wp-content\/uploads\/2018\/11\/1_Esglesia-St.-Francesc-panoramica.jpg\",\"contentUrl\":\"https:\/\/www.formentera.es\/wp-content\/uploads\/2018\/11\/1_Esglesia-St.-Francesc-panoramica.jpg\",\"width\":1900,\"height\":1202},{\"@type\":\"BreadcrumbList\",\"@id\":\"https:\/\/www.formentera.es\/explorar\/pueblos\/sant-francesc\/#breadcrumb\",\"itemListElement\":[{\"@type\":\"ListItem\",\"position\":1,\"name\":\"Portada\",\"item\":\"https:\/\/www.formentera.es\/nl\/\"},{\"@type\":\"ListItem\",\"position\":2,\"name\":\"Verken\",\"item\":\"https:\/\/www.formentera.es\/explorar\/\"},{\"@type\":\"ListItem\",\"position\":3,\"name\":\"Dorpen en locaties\",\"item\":\"https:\/\/www.formentera.es\/nl\/verken\/dorpen-en-locaties\/\"},{\"@type\":\"ListItem\",\"position\":4,\"name\":\"Sant Francesc\"}]},{\"@type\":\"WebSite\",\"@id\":\"https:\/\/www.formentera.es\/#website\",\"url\":\"https:\/\/www.formentera.es\/\",\"name\":\"Turismo de Formentera\",\"description\":\"Web oficial de Turismo de Formentera\",\"potentialAction\":[{\"@type\":\"SearchAction\",\"target\":{\"@type\":\"EntryPoint\",\"urlTemplate\":\"https:\/\/www.formentera.es\/?s={search_term_string}\"},\"query-input\":{\"@type\":\"PropertyValueSpecification\",\"valueRequired\":true,\"valueName\":\"search_term_string\"}}],\"inLanguage\":\"nl-NL\"}]}<\/script>\n<!-- \/ Yoast SEO plugin. -->","yoast_head_json":{"title":"Sant Francesc | Turismo de Formentera","robots":{"index":"index","follow":"follow","max-snippet":"max-snippet:-1","max-image-preview":"max-image-preview:large","max-video-preview":"max-video-preview:-1"},"canonical":"https:\/\/www.formentera.es\/explorar\/pueblos\/sant-francesc\/","og_locale":"nl_NL","og_type":"article","og_title":"Sant Francesc | Turismo de Formentera","og_description":"[vc_row full_width=&#8221;stretch_row&#8221;][vc_column width=&#8221;2\/3&#8243; css=&#8221;.vc_custom_1530269560078{padding-right: 5% !important;}&#8221;][vc_column_text el_class=&#8221;texto_ficha&#8221;] Het belangrijkste dorp van het eiland Sant Francesc [&hellip;]","og_url":"https:\/\/www.formentera.es\/explorar\/pueblos\/sant-francesc\/","og_site_name":"Turismo de Formentera","article_publisher":"https:\/\/www.facebook.com\/turismoformentera\/","article_modified_time":"2025-02-21T08:06:51+00:00","og_image":[{"width":1900,"height":1202,"url":"https:\/\/www.formentera.es\/wp-content\/uploads\/2018\/11\/1_Esglesia-St.-Francesc-panoramica.jpg","type":"image\/jpeg"}],"twitter_card":"summary_large_image","twitter_site":"@visitformentera","twitter_misc":{"Geschatte leestijd":"4 minuten"},"schema":{"@context":"https:\/\/schema.org","@graph":[{"@type":"WebPage","@id":"https:\/\/www.formentera.es\/explorar\/pueblos\/sant-francesc\/","url":"https:\/\/www.formentera.es\/explorar\/pueblos\/sant-francesc\/","name":"Sant Francesc | Turismo de Formentera","isPartOf":{"@id":"https:\/\/www.formentera.es\/#website"},"primaryImageOfPage":{"@id":"https:\/\/www.formentera.es\/explorar\/pueblos\/sant-francesc\/#primaryimage"},"image":{"@id":"https:\/\/www.formentera.es\/explorar\/pueblos\/sant-francesc\/#primaryimage"},"thumbnailUrl":"https:\/\/www.formentera.es\/wp-content\/uploads\/2018\/11\/1_Esglesia-St.-Francesc-panoramica.jpg","datePublished":"2018-07-23T14:25:00+00:00","dateModified":"2025-02-21T08:06:51+00:00","breadcrumb":{"@id":"https:\/\/www.formentera.es\/explorar\/pueblos\/sant-francesc\/#breadcrumb"},"inLanguage":"nl-NL","potentialAction":[{"@type":"ReadAction","target":["https:\/\/www.formentera.es\/explorar\/pueblos\/sant-francesc\/"]}]},{"@type":"ImageObject","inLanguage":"nl-NL","@id":"https:\/\/www.formentera.es\/explorar\/pueblos\/sant-francesc\/#primaryimage","url":"https:\/\/www.formentera.es\/wp-content\/uploads\/2018\/11\/1_Esglesia-St.-Francesc-panoramica.jpg","contentUrl":"https:\/\/www.formentera.es\/wp-content\/uploads\/2018\/11\/1_Esglesia-St.-Francesc-panoramica.jpg","width":1900,"height":1202},{"@type":"BreadcrumbList","@id":"https:\/\/www.formentera.es\/explorar\/pueblos\/sant-francesc\/#breadcrumb","itemListElement":[{"@type":"ListItem","position":1,"name":"Portada","item":"https:\/\/www.formentera.es\/nl\/"},{"@type":"ListItem","position":2,"name":"Verken","item":"https:\/\/www.formentera.es\/explorar\/"},{"@type":"ListItem","position":3,"name":"Dorpen en locaties","item":"https:\/\/www.formentera.es\/nl\/verken\/dorpen-en-locaties\/"},{"@type":"ListItem","position":4,"name":"Sant Francesc"}]},{"@type":"WebSite","@id":"https:\/\/www.formentera.es\/#website","url":"https:\/\/www.formentera.es\/","name":"Turismo de Formentera","description":"Web oficial de Turismo de Formentera","potentialAction":[{"@type":"SearchAction","target":{"@type":"EntryPoint","urlTemplate":"https:\/\/www.formentera.es\/?s={search_term_string}"},"query-input":{"@type":"PropertyValueSpecification","valueRequired":true,"valueName":"search_term_string"}}],"inLanguage":"nl-NL"}]}},"_links":{"self":[{"href":"https:\/\/www.formentera.es\/nl\/wp-json\/wp\/v2\/pages\/8082","targetHints":{"allow":["GET"]}}],"collection":[{"href":"https:\/\/www.formentera.es\/nl\/wp-json\/wp\/v2\/pages"}],"about":[{"href":"https:\/\/www.formentera.es\/nl\/wp-json\/wp\/v2\/types\/page"}],"author":[{"embeddable":true,"href":"https:\/\/www.formentera.es\/nl\/wp-json\/wp\/v2\/users\/1"}],"replies":[{"embeddable":true,"href":"https:\/\/www.formentera.es\/nl\/wp-json\/wp\/v2\/comments?post=8082"}],"version-history":[{"count":0,"href":"https:\/\/www.formentera.es\/nl\/wp-json\/wp\/v2\/pages\/8082\/revisions"}],"up":[{"embeddable":true,"href":"https:\/\/www.formentera.es\/nl\/wp-json\/wp\/v2\/pages\/7953"}],"wp:featuredmedia":[{"embeddable":true,"href":"https:\/\/www.formentera.es\/nl\/wp-json\/wp\/v2\/media\/7955"}],"wp:attachment":[{"href":"https:\/\/www.formentera.es\/nl\/wp-json\/wp\/v2\/media?parent=8082"}],"wp:term":[{"taxonomy":"category","embeddable":true,"href":"https:\/\/www.formentera.es\/nl\/wp-json\/wp\/v2\/categories?post=8082"}],"curies":[{"name":"wp","href":"https:\/\/api.w.org\/{rel}","templated":true}]}}