{"id":6627,"date":"2018-11-26T15:08:47","date_gmt":"2018-11-26T17:08:47","guid":{"rendered":"https:\/\/www.formentera.es\/esplorare\/cultura-e-patrimonio\/sala-de-exposiciones-y-museos\/"},"modified":"2025-11-07T09:08:56","modified_gmt":"2025-11-07T08:08:56","slug":"sale-espositive-e-musei","status":"publish","type":"page","link":"https:\/\/www.formentera.es\/it\/esplorare\/cultura-e-patrimonio\/sale-espositive-e-musei\/","title":{"rendered":"Sale espositive e musei"},"content":{"rendered":"<div class=\"wpb-content-wrapper\"><p>[vc_row full_width=&#8221;stretch_row&#8221;][vc_column width=&#8221;2\/3&#8243; css=&#8221;.vc_custom_1530269560078{padding-right: 5% !important;}&#8221;][vc_column_text css=&#8221;&#8221; el_class=&#8221;texto_ficha&#8221;]<\/p>\n<h2>Un ambiente stimolante per artisti e artigiani<\/h2>\n<h3>L&#8217;inconfondibile luce e la bellezza della natura di Formentera sono state fonte di ispirazione per artisti, artigiani e creativi.<\/h3>\n<p>Dagli anni &#8217;60, Formentera ospita persone provenienti da tutto il mondo che hanno aperto il loro laboratorio creativo a Formentera, creando un tessuto sociale cosmopolita e particolarmente prolifico nell&#8217;artigianato, nell&#8217;arte e nel design. Gli artisti locali dispongono di ben tre sale in cui esporre le loro opere, tra cui spicca la Sala d\u2019Exposicions Ajuntament Vell.<\/p>\n<p>Con oltre 10 anni di programmazione stabile e continuativa, la <strong>Sala d\u2019Exposicions Ajuntament Vell<\/strong>, situata in Plaza de la Constituci\u00f3n a Sant Francesc Xavier, \u00e8 uno spazio destinato ad ospitare esposizioni di artisti, gruppi e associazioni culturali locali e non. Gestita dall&#8217;area Cultura e Patrimonio, la sala offre un programma di mostre temporanee durante tutto l&#8217;anno. Le inaugurazioni si svolgono solitamente il luned\u00ec alle ore 20:00 con ingresso gratuito.<\/p>\n<p>Il <strong>Centro Antoni Tur \u201cGabrielet\u201d<\/strong> \u00e8 uno spazio per mostre e laboratori legati all&#8217;artigianato locale, con una sezione riservata al mercato per la vendita di prodotti alimentari realizzati sull&#8217;isola. Aperto dal luned\u00ec al sabato (ulteriori informazioni sono disponibili qui).<\/p>\n<p><strong>Faro di La Mola. <\/strong>Dal 2019, il faro ospita uno spazio culturale e divulgativo per il patrimonio marittimo di Formentera, un\u2019area espositiva, uno spazio polivalente per concerti, conferenze o rappresentazioni teatrali di piccolo formato.<br \/>\nGli orari di apertura in estate sono dal marted\u00ec alla domenica dalle 10 alle 14 ore. Chiuso luned\u00ec. Dal 15 ottobre al 30 novembre l&#8217;orario di apertura \u00e8 dal marted\u00ec alla domenica, dalle 9 alle 14. Luned\u00ec chiuso. Dal 1\u00b0 dicembre all&#8217;11 febbraio rimarr\u00e0 chiuso. L\u2019ingresso generale ha un prezzo di 4,5 euro. Per i residenti, i bambini sotto i 18 anni di et\u00e0 e le persone disoccupate l\u2019ingresso \u00e8 gratuito, pensionati e studenti pagheranno un prezzo ridotto di 2,5 euro.<\/p>\n<p>La <strong>Collezione Etnografica di Formentera<\/strong> (Calle Santa Maria, 16, primo piano a destra) \u00e8 una mostra permanente di strumenti, utensili, mobili, capi di abbigliamento e attrezzi che testimoniano la vita sull&#8217;isola fino alla met\u00e0 del XX secolo. Orari di apertura: dal luned\u00ec al venerd\u00ec dalle 10.00 alle 14.00.[\/vc_column_text][\/vc_column][vc_column width=&#8221;1\/3&#8243;][vc_column_text]<div id=\"sidebar_ficha\"><a class=\"sidebar_breadcrumbs\" href=\"https:\/\/www.formentera.es\/it\/esplorare\/cultura-e-patrimonio\/\"><i class=\"fa fa-angle-left\"><\/i>Torna a Cultura e patrimonio<\/a><div class=\"content_sidebar\"><div class=\"bloc_share\"><div class=\"blocs1\"><div class=\"tit_medium\">Condividi<\/div><div class=\"redes_ficha\"><div class=\"fa fa-brands fa-x-twitter st-custom-button\" data-network=\"twitter\"><\/div><div class=\"fa fa-facebook st-custom-button\" data-network=\"facebook\"><\/div><div class=\"fa fa-pinterest-p st-custom-button\" data-network=\"pinterest\"><\/div><\/div><\/div><div class=\"blocs2\"><div class=\"tit_medium\">Invia ad un amico<\/div><div class=\"redes_ficha\"><div class=\"fa fa-envelope st-custom-button\" data-network=\"email\"><\/div><div class=\"fa fa-whatsapp st-custom-button\" data-network=\"whatsapp\"><\/div><\/div><\/div><\/div><\/div><\/div>[\/vc_column_text][\/vc_column][\/vc_row][vc_row full_width=&#8221;stretch_row_content_no_spaces&#8221;][vc_column][vc_column_text]<style>#jtg-1638 .modula-item .jtg-social a, .lightbox-socials.jtg-social a{ fill: #ffffff; color: #ffffff }#jtg-1638 .modula-item .jtg-social-mobile a{ fill: #ffffff; color: #ffffff }#jtg-1638 .modula-item .jtg-social svg, .lightbox-socials.jtg-social svg { height: 16px; width: 16px }#jtg-1638 .modula-item .jtg-social-mobile svg { height: 16px; width: 16px }#jtg-1638 .modula-item .jtg-social a:not(:last-child), .lightbox-socials.jtg-social a:not(:last-child) { margin-right: 10px }#jtg-1638 .modula-item .jtg-social-mobile .jtg-social-mobile-icons a:not(:last-child){ margin-right: 10px }#jtg-1638 .modula-item .figc {color:#ffffff;}#jtg-1638 .modula-item .modula-item-content { transform: scale(1) }#jtg-1638 .modula-items .figc p.description { font-size:14px; }#jtg-1638 .modula-items .figc p.description { color:#ffffff;}#jtg-1638.modula-gallery .modula-item > a, #jtg-1638.modula-gallery .modula-item, #jtg-1638.modula-gallery .modula-item-content > a:not(.modula-no-follow) { cursor:zoom-in; } #jtg-1638.modula-gallery .modula-item-content .modula-no-follow { cursor: default; } #jtg-1638 .modula-item { background-color:#000000; }#jtg-1638 .modula-item:hover img { opacity: 0.5; }#jtg-1638 .modula-item { transform: scale(1) translate(0px,0px) rotate(0deg); }@media screen and (max-width:480px){#jtg-1638 .modula-item .figc .jtg-title {  font-size: 12px; }#jtg-1638 .modula-items .figc p.description { color:#ffffff;font-size:10px; }}<\/style>\n<div  id=\"jtg-1638\" class=\"modula modula-gallery modula-custom-grid\" data-config=\"{&quot;height&quot;:800,&quot;tabletHeight&quot;:800,&quot;mobileHeight&quot;:800,&quot;desktopHeight&quot;:800,&quot;enableTwitter&quot;:false,&quot;enableWhatsapp&quot;:false,&quot;enableFacebook&quot;:false,&quot;enablePinterest&quot;:false,&quot;enableLinkedin&quot;:false,&quot;enableEmail&quot;:false,&quot;randomFactor&quot;:0.5,&quot;type&quot;:&quot;custom-grid&quot;,&quot;columns&quot;:12,&quot;gutter&quot;:10,&quot;mobileGutter&quot;:10,&quot;tabletGutter&quot;:10,&quot;desktopGutter&quot;:10,&quot;enableResponsive&quot;:true,&quot;tabletColumns&quot;:2,&quot;mobileColumns&quot;:1,&quot;lazyLoad&quot;:&quot;0&quot;,&quot;lightboxOpts&quot;:{&quot;animated&quot;:true,&quot;Thumbs&quot;:{&quot;type&quot;:&quot;modern&quot;,&quot;showOnStart&quot;:false},&quot;Toolbar&quot;:{&quot;display&quot;:{&quot;right&quot;:[&quot;close&quot;]},&quot;enabled&quot;:true},&quot;Carousel&quot;:{&quot;Panzoom&quot;:{&quot;touch&quot;:false},&quot;infinite&quot;:false},&quot;keyboard&quot;:{&quot;Escape&quot;:&quot;close&quot;,&quot;Delete&quot;:&quot;close&quot;,&quot;Backspace&quot;:&quot;close&quot;,&quot;PageUp&quot;:false,&quot;PageDown&quot;:false,&quot;ArrowUp&quot;:false,&quot;ArrowDown&quot;:false,&quot;ArrowRight&quot;:false,&quot;ArrowLeft&quot;:false},&quot;touch&quot;:false,&quot;backdropClick&quot;:false,&quot;l10n&quot;:{&quot;CLOSE&quot;:&quot;Close&quot;,&quot;NEXT&quot;:&quot;Next&quot;,&quot;PREV&quot;:&quot;Previous&quot;,&quot;Error&quot;:&quot;The requested content cannot be loaded. Please try again later.&quot;,&quot;PLAY_START&quot;:&quot;Start slideshow&quot;,&quot;PLAY_STOP&quot;:&quot;Pause slideshow&quot;,&quot;FULL_SCREEN&quot;:&quot;Full screen&quot;,&quot;THUMBS&quot;:&quot;Thumbnails&quot;,&quot;DOWNLOAD&quot;:&quot;Download&quot;,&quot;SHARE&quot;:&quot;Share&quot;,&quot;ZOOM&quot;:&quot;Zoom&quot;,&quot;EMAIL&quot;:&quot;Here is the link to the image : %%image_link%% and this is the link to the gallery : %%gallery_link%%&quot;,&quot;MODAL&quot;:&quot;You can close this modal content with the ESC key&quot;,&quot;ERROR&quot;:&quot;Something Went Wrong, Please Try Again Later&quot;,&quot;IMAGE_ERROR&quot;:&quot;Image Not Found&quot;,&quot;ELEMENT_NOT_FOUND&quot;:&quot;HTML Element Not Found&quot;,&quot;AJAX_NOT_FOUND&quot;:&quot;Error Loading AJAX : Not Found&quot;,&quot;AJAX_FORBIDDEN&quot;:&quot;Error Loading AJAX : Forbidden&quot;,&quot;IFRAME_ERROR&quot;:&quot;Error Loading Page&quot;,&quot;TOGGLE_ZOOM&quot;:&quot;Toggle zoom level&quot;,&quot;TOGGLE_THUMBS&quot;:&quot;Toggle thumbnails&quot;,&quot;TOGGLE_SLIDESHOW&quot;:&quot;Toggle slideshow&quot;,&quot;TOGGLE_FULLSCREEN&quot;:&quot;Toggle full-screen mode&quot;},&quot;Images&quot;:{&quot;Panzoom&quot;:{&quot;maxScale&quot;:2}},&quot;mainClass&quot;:&quot;modula-fancybox-container modula-lightbox-jtg-1638&quot;,&quot;Html&quot;:{&quot;videoAutoplay&quot;:0,&quot;videoTpl&quot;:&quot;&lt;video class=\\&quot;fancybox__html5video\\&quot; controls muted playsinline controlsList controlsList=\\&quot;nodownload\\&quot; poster=\\&quot;{{poster}}\\&quot; src=\\&quot;{{src}}\\&quot; type=\\&quot;{{format}}\\&quot; &gt;  Sorry, your browser doesn&#039;t support embedded videos, &lt;a href=\\&quot;{{src}}\\&quot;&gt; download &lt;\\\/a&gt; and watch with your favorite video player! &lt;\\\/video&gt;&quot;}},&quot;inView&quot;:false,&quot;email_subject&quot;:&quot;\\u00a1\\u00a1Mira esta impresionante imagen!!&quot;,&quot;email_message&quot;:&quot;Este es el enlace a la imagen: %%image_link%% y este es el enlace a la galer\\u00eda: %%gallery_link%%&quot;,&quot;lightbox&quot;:&quot;fancybox&quot;,&quot;filterClick&quot;:&quot;0&quot;,&quot;defaultActiveFilter&quot;:&quot;all&quot;}\">\n\n\t\n\t<div  class=\"modula-items\">\n\t\t<div class=\"modula-item effect-quiet jtg-filter-all jtg-filter-\" data-width=\"8\" data-height=\"6\" >\n\t<div class=\"modula-item-overlay\"><\/div>\n\n\t<div class=\"modula-item-content\">\n\n\t\t\t\t\n\t\t\t\t\t<a data-image-id=\"1642\" tabindex=\"0\" href=\"https:\/\/www.formentera.es\/wp-content\/uploads\/2019\/01\/sala-exposicions-David-Shaw-02.jpg\" rel=\"jtg-1638\" data-caption=\"\" aria-label=\"Open image in lightbox\" role=\"button\" data-cyclefilter=\"show\" data-fancybox=\"jtg-1638\" class=\"tile-inner modula-item-link\"><\/a>\n\t\t\n\t\t<img loading=\"lazy\" decoding=\"async\" class=\"pic wp-image-1642\"  data-valign=\"middle\" data-halign=\"center\" alt=\"\" data-full=\"https:\/\/www.formentera.es\/wp-content\/uploads\/2019\/01\/sala-exposicions-David-Shaw-02.jpg\" title=\"sala exposicions David Shaw 02\" width=\"1900\" height=\"1267\" src=\"https:\/\/www.formentera.es\/wp-content\/uploads\/2019\/01\/sala-exposicions-David-Shaw-02.jpg\" data-src=\"https:\/\/www.formentera.es\/wp-content\/uploads\/2019\/01\/sala-exposicions-David-Shaw-02.jpg\" data-caption=\"\" srcset=\"https:\/\/www.formentera.es\/wp-content\/uploads\/2019\/01\/sala-exposicions-David-Shaw-02.jpg 1900w, https:\/\/www.formentera.es\/wp-content\/uploads\/2019\/01\/sala-exposicions-David-Shaw-02-300x200.jpg 300w, https:\/\/www.formentera.es\/wp-content\/uploads\/2019\/01\/sala-exposicions-David-Shaw-02-768x512.jpg 768w, https:\/\/www.formentera.es\/wp-content\/uploads\/2019\/01\/sala-exposicions-David-Shaw-02-1024x683.jpg 1024w\" sizes=\"auto, (max-width: 1900px) 100vw, 1900px\" \/>\n\t\t<div class=\"figc no-description\">\n\t\t\t<div class=\"figc-inner\">\n\t\t\t\t\t\t\t\t\t\t\t\t\t\t\t<\/div>\n\t\t<\/div>\n\n\t<\/div>\n\n<\/div><div class=\"modula-item effect-quiet jtg-filter-all jtg-filter-\" data-width=\"4\" data-height=\"6\" >\n\t<div class=\"modula-item-overlay\"><\/div>\n\n\t<div class=\"modula-item-content\">\n\n\t\t\t\t\n\t\t\t\t\t<a data-image-id=\"2011\" tabindex=\"0\" href=\"https:\/\/www.formentera.es\/wp-content\/uploads\/2019\/01\/sala-ajuntament-vell-4.jpg\" rel=\"jtg-1638\" data-caption=\"\" aria-label=\"Open image in lightbox\" role=\"button\" data-cyclefilter=\"show\" data-fancybox=\"jtg-1638\" class=\"tile-inner modula-item-link\"><\/a>\n\t\t\n\t\t<img loading=\"lazy\" decoding=\"async\" class=\"pic wp-image-2011\"  data-valign=\"middle\" data-halign=\"center\" alt=\"\" data-full=\"https:\/\/www.formentera.es\/wp-content\/uploads\/2019\/01\/sala-ajuntament-vell-4.jpg\" title=\"sala ajuntament vell\" width=\"1769\" height=\"2404\" src=\"https:\/\/www.formentera.es\/wp-content\/uploads\/2019\/01\/sala-ajuntament-vell-4.jpg\" data-src=\"https:\/\/www.formentera.es\/wp-content\/uploads\/2019\/01\/sala-ajuntament-vell-4.jpg\" data-caption=\"\" srcset=\"https:\/\/www.formentera.es\/wp-content\/uploads\/2019\/01\/sala-ajuntament-vell-4.jpg 1769w, https:\/\/www.formentera.es\/wp-content\/uploads\/2019\/01\/sala-ajuntament-vell-4-221x300.jpg 221w, https:\/\/www.formentera.es\/wp-content\/uploads\/2019\/01\/sala-ajuntament-vell-4-768x1044.jpg 768w, https:\/\/www.formentera.es\/wp-content\/uploads\/2019\/01\/sala-ajuntament-vell-4-754x1024.jpg 754w\" sizes=\"auto, (max-width: 1769px) 100vw, 1769px\" \/>\n\t\t<div class=\"figc no-description\">\n\t\t\t<div class=\"figc-inner\">\n\t\t\t\t\t\t\t\t\t\t\t\t\t\t\t<\/div>\n\t\t<\/div>\n\n\t<\/div>\n\n<\/div><div class=\"modula-item effect-quiet jtg-filter-all jtg-filter-\" data-width=\"7\" data-height=\"5\" >\n\t<div class=\"modula-item-overlay\"><\/div>\n\n\t<div class=\"modula-item-content\">\n\n\t\t\t\t\n\t\t\t\t\t<a data-image-id=\"1641\" tabindex=\"0\" href=\"https:\/\/www.formentera.es\/wp-content\/uploads\/2019\/01\/sala-exposicions-David-Shaw-01.jpg\" rel=\"jtg-1638\" data-caption=\"\" aria-label=\"Open image in lightbox\" role=\"button\" data-cyclefilter=\"show\" data-fancybox=\"jtg-1638\" class=\"tile-inner modula-item-link\"><\/a>\n\t\t\n\t\t<img loading=\"lazy\" decoding=\"async\" class=\"pic wp-image-1641\"  data-valign=\"middle\" data-halign=\"center\" alt=\"\" data-full=\"https:\/\/www.formentera.es\/wp-content\/uploads\/2019\/01\/sala-exposicions-David-Shaw-01.jpg\" title=\"sala exposicions David Shaw 01\" width=\"1900\" height=\"1249\" src=\"https:\/\/www.formentera.es\/wp-content\/uploads\/2019\/01\/sala-exposicions-David-Shaw-01.jpg\" data-src=\"https:\/\/www.formentera.es\/wp-content\/uploads\/2019\/01\/sala-exposicions-David-Shaw-01.jpg\" data-caption=\"\" srcset=\"https:\/\/www.formentera.es\/wp-content\/uploads\/2019\/01\/sala-exposicions-David-Shaw-01.jpg 1900w, https:\/\/www.formentera.es\/wp-content\/uploads\/2019\/01\/sala-exposicions-David-Shaw-01-300x197.jpg 300w, https:\/\/www.formentera.es\/wp-content\/uploads\/2019\/01\/sala-exposicions-David-Shaw-01-768x505.jpg 768w, https:\/\/www.formentera.es\/wp-content\/uploads\/2019\/01\/sala-exposicions-David-Shaw-01-1024x673.jpg 1024w\" sizes=\"auto, (max-width: 1900px) 100vw, 1900px\" \/>\n\t\t<div class=\"figc no-description\">\n\t\t\t<div class=\"figc-inner\">\n\t\t\t\t\t\t\t\t\t\t\t\t\t\t\t<\/div>\n\t\t<\/div>\n\n\t<\/div>\n\n<\/div><div class=\"modula-item effect-quiet jtg-filter-all jtg-filter-\" data-width=\"5\" data-height=\"5\" >\n\t<div class=\"modula-item-overlay\"><\/div>\n\n\t<div class=\"modula-item-content\">\n\n\t\t\t\t\n\t\t\t\t\t<a data-image-id=\"1643\" tabindex=\"0\" href=\"https:\/\/www.formentera.es\/wp-content\/uploads\/2019\/01\/sala-exposicions-David-Shaw-03.jpg\" rel=\"jtg-1638\" data-caption=\"\" aria-label=\"Open image in lightbox\" role=\"button\" data-cyclefilter=\"show\" data-fancybox=\"jtg-1638\" class=\"tile-inner modula-item-link\"><\/a>\n\t\t\n\t\t<img loading=\"lazy\" decoding=\"async\" class=\"pic wp-image-1643\"  data-valign=\"middle\" data-halign=\"center\" alt=\"\" data-full=\"https:\/\/www.formentera.es\/wp-content\/uploads\/2019\/01\/sala-exposicions-David-Shaw-03.jpg\" title=\"sala exposicions David Shaw 03\" width=\"1900\" height=\"1900\" src=\"https:\/\/www.formentera.es\/wp-content\/uploads\/2019\/01\/sala-exposicions-David-Shaw-03.jpg\" data-src=\"https:\/\/www.formentera.es\/wp-content\/uploads\/2019\/01\/sala-exposicions-David-Shaw-03.jpg\" data-caption=\"\" srcset=\"https:\/\/www.formentera.es\/wp-content\/uploads\/2019\/01\/sala-exposicions-David-Shaw-03.jpg 1900w, https:\/\/www.formentera.es\/wp-content\/uploads\/2019\/01\/sala-exposicions-David-Shaw-03-150x150.jpg 150w, https:\/\/www.formentera.es\/wp-content\/uploads\/2019\/01\/sala-exposicions-David-Shaw-03-300x300.jpg 300w, https:\/\/www.formentera.es\/wp-content\/uploads\/2019\/01\/sala-exposicions-David-Shaw-03-768x768.jpg 768w, https:\/\/www.formentera.es\/wp-content\/uploads\/2019\/01\/sala-exposicions-David-Shaw-03-1024x1024.jpg 1024w\" sizes=\"auto, (max-width: 1900px) 100vw, 1900px\" \/>\n\t\t<div class=\"figc no-description\">\n\t\t\t<div class=\"figc-inner\">\n\t\t\t\t\t\t\t\t\t\t\t\t\t\t\t<\/div>\n\t\t<\/div>\n\n\t<\/div>\n\n<\/div><div class=\"modula-item effect-quiet jtg-filter-all jtg-filter-\" data-width=\"12\" data-height=\"7\" >\n\t<div class=\"modula-item-overlay\"><\/div>\n\n\t<div class=\"modula-item-content\">\n\n\t\t\t\t\n\t\t\t\t\t<a data-image-id=\"2109\" tabindex=\"0\" href=\"https:\/\/www.formentera.es\/wp-content\/uploads\/2019\/01\/shutterstock_108092789.jpg\" rel=\"jtg-1638\" data-caption=\"\" aria-label=\"Open image in lightbox\" role=\"button\" data-cyclefilter=\"show\" data-fancybox=\"jtg-1638\" class=\"tile-inner modula-item-link\"><\/a>\n\t\t\n\t\t<img loading=\"lazy\" decoding=\"async\" class=\"pic wp-image-2109\"  data-valign=\"middle\" data-halign=\"center\" alt=\"\" data-full=\"https:\/\/www.formentera.es\/wp-content\/uploads\/2019\/01\/shutterstock_108092789.jpg\" title=\"shutterstock_108092789\" width=\"1900\" height=\"1900\" src=\"https:\/\/www.formentera.es\/wp-content\/uploads\/2019\/01\/shutterstock_108092789.jpg\" data-src=\"https:\/\/www.formentera.es\/wp-content\/uploads\/2019\/01\/shutterstock_108092789.jpg\" data-caption=\"\" srcset=\"https:\/\/www.formentera.es\/wp-content\/uploads\/2019\/01\/shutterstock_108092789.jpg 1900w, https:\/\/www.formentera.es\/wp-content\/uploads\/2019\/01\/shutterstock_108092789-150x150.jpg 150w, https:\/\/www.formentera.es\/wp-content\/uploads\/2019\/01\/shutterstock_108092789-300x300.jpg 300w, https:\/\/www.formentera.es\/wp-content\/uploads\/2019\/01\/shutterstock_108092789-768x768.jpg 768w, https:\/\/www.formentera.es\/wp-content\/uploads\/2019\/01\/shutterstock_108092789-1024x1024.jpg 1024w\" sizes=\"auto, (max-width: 1900px) 100vw, 1900px\" \/>\n\t\t<div class=\"figc no-description\">\n\t\t\t<div class=\"figc-inner\">\n\t\t\t\t\t\t\t\t\t\t\t\t\t\t\t<\/div>\n\t\t<\/div>\n\n\t<\/div>\n\n<\/div><div class=\"modula-item effect-quiet jtg-filter-all jtg-filter-\" data-width=\"6\" data-height=\"5\" >\n\t<div class=\"modula-item-overlay\"><\/div>\n\n\t<div class=\"modula-item-content\">\n\n\t\t\t\t\n\t\t\t\t\t<a data-image-id=\"8660\" tabindex=\"0\" href=\"https:\/\/www.formentera.es\/wp-content\/uploads\/2019\/07\/Faro-de-la-Mola-2019-3.jpeg\" rel=\"jtg-1638\" data-caption=\"\" aria-label=\"Open image in lightbox\" role=\"button\" data-cyclefilter=\"show\" data-fancybox=\"jtg-1638\" class=\"tile-inner modula-item-link\"><\/a>\n\t\t\n\t\t<img loading=\"lazy\" decoding=\"async\" class=\"pic wp-image-8660\"  data-valign=\"middle\" data-halign=\"center\" alt=\"\" data-full=\"https:\/\/www.formentera.es\/wp-content\/uploads\/2019\/07\/Faro-de-la-Mola-2019-3.jpeg\" title=\"Faro de la Mola 2019 (3)\" width=\"1600\" height=\"1200\" src=\"https:\/\/www.formentera.es\/wp-content\/uploads\/2019\/07\/Faro-de-la-Mola-2019-3.jpeg\" data-src=\"https:\/\/www.formentera.es\/wp-content\/uploads\/2019\/07\/Faro-de-la-Mola-2019-3.jpeg\" data-caption=\"\" srcset=\"https:\/\/www.formentera.es\/wp-content\/uploads\/2019\/07\/Faro-de-la-Mola-2019-3.jpeg 1600w, https:\/\/www.formentera.es\/wp-content\/uploads\/2019\/07\/Faro-de-la-Mola-2019-3-300x225.jpeg 300w, https:\/\/www.formentera.es\/wp-content\/uploads\/2019\/07\/Faro-de-la-Mola-2019-3-768x576.jpeg 768w, https:\/\/www.formentera.es\/wp-content\/uploads\/2019\/07\/Faro-de-la-Mola-2019-3-1024x768.jpeg 1024w\" sizes=\"auto, (max-width: 1600px) 100vw, 1600px\" \/>\n\t\t<div class=\"figc no-description\">\n\t\t\t<div class=\"figc-inner\">\n\t\t\t\t\t\t\t\t\t\t\t\t\t\t\t<\/div>\n\t\t<\/div>\n\n\t<\/div>\n\n<\/div><div class=\"modula-item effect-quiet jtg-filter-all jtg-filter-\" data-width=\"6\" data-height=\"5\" >\n\t<div class=\"modula-item-overlay\"><\/div>\n\n\t<div class=\"modula-item-content\">\n\n\t\t\t\t\n\t\t\t\t\t<a data-image-id=\"8690\" tabindex=\"0\" href=\"https:\/\/www.formentera.es\/wp-content\/uploads\/2019\/07\/formentera-vuurtoren-far-de-la-mola-2-1024x683.jpg\" rel=\"jtg-1638\" data-caption=\"\" aria-label=\"Open image in lightbox\" role=\"button\" data-cyclefilter=\"show\" data-fancybox=\"jtg-1638\" class=\"tile-inner modula-item-link\"><\/a>\n\t\t\n\t\t<img loading=\"lazy\" decoding=\"async\" class=\"pic wp-image-8690\"  data-valign=\"middle\" data-halign=\"center\" alt=\"\" data-full=\"https:\/\/www.formentera.es\/wp-content\/uploads\/2019\/07\/formentera-vuurtoren-far-de-la-mola-2-1024x683.jpg\" title=\"formentera-vuurtoren-far-de-la-mola-2-1024&#215;683\" width=\"1024\" height=\"683\" src=\"https:\/\/www.formentera.es\/wp-content\/uploads\/2019\/07\/formentera-vuurtoren-far-de-la-mola-2-1024x683.jpg\" data-src=\"https:\/\/www.formentera.es\/wp-content\/uploads\/2019\/07\/formentera-vuurtoren-far-de-la-mola-2-1024x683.jpg\" data-caption=\"\" srcset=\"https:\/\/www.formentera.es\/wp-content\/uploads\/2019\/07\/formentera-vuurtoren-far-de-la-mola-2-1024x683.jpg 1024w, https:\/\/www.formentera.es\/wp-content\/uploads\/2019\/07\/formentera-vuurtoren-far-de-la-mola-2-1024x683-300x200.jpg 300w, https:\/\/www.formentera.es\/wp-content\/uploads\/2019\/07\/formentera-vuurtoren-far-de-la-mola-2-1024x683-768x512.jpg 768w\" sizes=\"auto, (max-width: 1024px) 100vw, 1024px\" \/>\n\t\t<div class=\"figc no-description\">\n\t\t\t<div class=\"figc-inner\">\n\t\t\t\t\t\t\t\t\t\t\t\t\t\t\t<\/div>\n\t\t<\/div>\n\n\t<\/div>\n\n<\/div>\t\t\n\t<\/div>\n\n\t\n\t\n\t<script type=\"application\/ld+json\">\n\t{\n\t\t\"@context\": \"http:\/\/schema.org\",\n\t\t\"@type\"   : \"ImageGallery\",\n\t\t\"id\"      : \"https:\/\/www.formentera.es\/it\/esplorare\/cultura-e-patrimonio\/sale-espositive-e-musei\/\",\n\t\t\"url\"     : \"https:\/\/www.formentera.es\/it\/esplorare\/cultura-e-patrimonio\/sale-espositive-e-musei\/\"\n\t}\n\n\t<\/script>\n\n\t\n<\/div>\n[\/vc_column_text][\/vc_column][\/vc_row][vc_row][vc_column][vc_column_text]<div id=\"siguexpl\" class=\"container sc\"><h2>Continua ad esplorare<\/h2><div class=\"row\"><a href=\"https:\/\/www.formentera.es\/it\/esplorare\/spiagge\/\" class=\"col-md-4\">\n\t\t\t\t\t\t<div class=\"row\">\n\t\t\t\t\t\t\t<div class=\"col-sm-4\" style=\"background-image: url(https:\/\/www.formentera.es\/wp-content\/uploads\/2025\/07\/illetas2025-300x225.webp)\"><\/div>\n\t\t\t\t\t\t\t<div class=\"col-sm-8\">\n\t\t\t\t\t\t\t\tSpiagge\n\t\t\t\t\t\t\t\t<i class=\"fa fa-angle-right\"><\/i>\n\t\t\t\t\t\t\t<\/div>\n\t\t\t\t\t\t\t<div class=\"bhover\"><\/div>\n\t\t\t\t\t\t<\/div>\n\t\t\t\t\t\t\n\t\t\t\t\t<\/a><a href=\"https:\/\/www.formentera.es\/it\/esplorare\/attivita\/\" class=\"col-md-4\">\n\t\t\t\t\t\t<div class=\"row\">\n\t\t\t\t\t\t\t<div class=\"col-sm-4\" style=\"background-image: url(https:\/\/www.formentera.es\/wp-content\/uploads\/2018\/11\/ESCUELA-MUNICIPAL-DE-VELA-4NOMADAS-jjfoto\u0300graf-16-300x207.jpg)\"><\/div>\n\t\t\t\t\t\t\t<div class=\"col-sm-8\">\n\t\t\t\t\t\t\t\tAttivit\u00e0\n\t\t\t\t\t\t\t\t<i class=\"fa fa-angle-right\"><\/i>\n\t\t\t\t\t\t\t<\/div>\n\t\t\t\t\t\t\t<div class=\"bhover\"><\/div>\n\t\t\t\t\t\t<\/div>\n\t\t\t\t\t\t\n\t\t\t\t\t<\/a><a href=\"https:\/\/www.formentera.es\/it\/lisola\/\" class=\"col-md-4\">\n\t\t\t\t\t\t<div class=\"row\">\n\t\t\t\t\t\t\t<div class=\"col-sm-4\" style=\"background-image: url(https:\/\/www.formentera.es\/wp-content\/uploads\/2019\/01\/AdobeStock_68411178-300x179.jpg)\"><\/div>\n\t\t\t\t\t\t\t<div class=\"col-sm-8\">\n\t\t\t\t\t\t\t\tL\u2019Isola\n\t\t\t\t\t\t\t\t<i class=\"fa fa-angle-right\"><\/i>\n\t\t\t\t\t\t\t<\/div>\n\t\t\t\t\t\t\t<div class=\"bhover\"><\/div>\n\t\t\t\t\t\t<\/div>\n\t\t\t\t\t\t\n\t\t\t\t\t<\/a><\/div><\/div>[\/vc_column_text][\/vc_column][\/vc_row][vc_row full_width=&#8221;stretch_row_content&#8221; equal_height=&#8221;yes&#8221; css=&#8221;.vc_custom_1549020876465{padding-top: 80px !important;}&#8221; el_class=&#8221;bloque_maseventos&#8221;][vc_column][vc_column_text el_class=&#8221;h1&#8243;]<\/p>\n<h2 style=\"text-align: center;\">Eventi a Formentera<\/h2>\n<p>[\/vc_column_text][vc_basic_grid post_type=&#8221;post&#8221; max_items=&#8221;3&#8243; orderby=&#8221;rand&#8221; item=&#8221;1524&#8243; grid_id=&#8221;vc_gid:1762502800547-eb77c9d6-01a1-5&#8243; taxonomies=&#8221;17&#8243;][vc_btn title=&#8221;Pi\u00f9 eventi&#8221; style=&#8221;flat&#8221; shape=&#8221;square&#8221; color=&#8221;white&#8221; size=&#8221;lg&#8221; align=&#8221;center&#8221; i_align=&#8221;right&#8221; i_type=&#8221;entypo&#8221; i_icon_entypo=&#8221;entypo-icon entypo-icon-right-open-big&#8221; add_icon=&#8221;true&#8221; el_class=&#8221;btn_more&#8221; link=&#8221;url:https%3A%2F%2Fwww.formentera.es%2Fit%2Feventi%2F|||&#8221;][\/vc_column][\/vc_row]<\/p>\n<\/div>","protected":false},"excerpt":{"rendered":"<p>[vc_row full_width=&#8221;stretch_row&#8221;][vc_column width=&#8221;2\/3&#8243; css=&#8221;.vc_custom_1530269560078{padding-right: 5% !important;}&#8221;][vc_column_text css=&#8221;&#8221; el_class=&#8221;texto_ficha&#8221;] Un ambiente stimolante per artisti e artigiani [&hellip;]<\/p>\n","protected":false},"author":1,"featured_media":6628,"parent":6615,"menu_order":0,"comment_status":"closed","ping_status":"closed","template":"page-ficha.php","meta":{"_acf_changed":false,"footnotes":""},"categories":[],"class_list":["post-6627","page","type-page","status-publish","hentry"],"acf":[],"yoast_head":"<!-- This site is optimized with the Yoast SEO plugin v25.5 - https:\/\/yoast.com\/wordpress\/plugins\/seo\/ -->\n<title>Sale espositive e musei | Turismo de Formentera<\/title>\n<meta name=\"robots\" content=\"index, follow, max-snippet:-1, max-image-preview:large, max-video-preview:-1\" \/>\n<link rel=\"canonical\" href=\"https:\/\/www.formentera.es\/it\/esplorare\/cultura-e-patrimonio\/sale-espositive-e-musei\/\" \/>\n<meta property=\"og:locale\" content=\"it_IT\" \/>\n<meta property=\"og:type\" content=\"article\" \/>\n<meta property=\"og:title\" content=\"Sale espositive e musei | Turismo de Formentera\" \/>\n<meta property=\"og:description\" content=\"[vc_row full_width=&#8221;stretch_row&#8221;][vc_column width=&#8221;2\/3&#8243; css=&#8221;.vc_custom_1530269560078{padding-right: 5% !important;}&#8221;][vc_column_text css=&#8221;&#8221; el_class=&#8221;texto_ficha&#8221;] Un ambiente stimolante per artisti e artigiani [&hellip;]\" \/>\n<meta property=\"og:url\" content=\"https:\/\/www.formentera.es\/it\/esplorare\/cultura-e-patrimonio\/sale-espositive-e-musei\/\" \/>\n<meta property=\"og:site_name\" content=\"Turismo de Formentera\" \/>\n<meta property=\"article:publisher\" content=\"https:\/\/www.facebook.com\/turismoformentera\/\" \/>\n<meta property=\"article:modified_time\" content=\"2025-11-07T08:08:56+00:00\" \/>\n<meta property=\"og:image\" content=\"https:\/\/www.formentera.es\/wp-content\/uploads\/2018\/11\/sala-exposicions-David-Shaw-04.jpg\" \/>\n\t<meta property=\"og:image:width\" content=\"1125\" \/>\n\t<meta property=\"og:image:height\" content=\"750\" \/>\n\t<meta property=\"og:image:type\" content=\"image\/jpeg\" \/>\n<meta name=\"twitter:card\" content=\"summary_large_image\" \/>\n<meta name=\"twitter:site\" content=\"@visitformentera\" \/>\n<meta name=\"twitter:label1\" content=\"Tempo di lettura stimato\" \/>\n\t<meta name=\"twitter:data1\" content=\"3 minuti\" \/>\n<script type=\"application\/ld+json\" class=\"yoast-schema-graph\">{\"@context\":\"https:\/\/schema.org\",\"@graph\":[{\"@type\":\"WebPage\",\"@id\":\"https:\/\/www.formentera.es\/it\/esplorare\/cultura-e-patrimonio\/sale-espositive-e-musei\/\",\"url\":\"https:\/\/www.formentera.es\/it\/esplorare\/cultura-e-patrimonio\/sale-espositive-e-musei\/\",\"name\":\"Sale espositive e musei | Turismo de Formentera\",\"isPartOf\":{\"@id\":\"https:\/\/www.formentera.es\/#website\"},\"primaryImageOfPage\":{\"@id\":\"https:\/\/www.formentera.es\/it\/esplorare\/cultura-e-patrimonio\/sale-espositive-e-musei\/#primaryimage\"},\"image\":{\"@id\":\"https:\/\/www.formentera.es\/it\/esplorare\/cultura-e-patrimonio\/sale-espositive-e-musei\/#primaryimage\"},\"thumbnailUrl\":\"https:\/\/www.formentera.es\/wp-content\/uploads\/2018\/11\/sala-exposicions-David-Shaw-04.jpg\",\"datePublished\":\"2018-11-26T17:08:47+00:00\",\"dateModified\":\"2025-11-07T08:08:56+00:00\",\"breadcrumb\":{\"@id\":\"https:\/\/www.formentera.es\/it\/esplorare\/cultura-e-patrimonio\/sale-espositive-e-musei\/#breadcrumb\"},\"inLanguage\":\"it-IT\",\"potentialAction\":[{\"@type\":\"ReadAction\",\"target\":[\"https:\/\/www.formentera.es\/it\/esplorare\/cultura-e-patrimonio\/sale-espositive-e-musei\/\"]}]},{\"@type\":\"ImageObject\",\"inLanguage\":\"it-IT\",\"@id\":\"https:\/\/www.formentera.es\/it\/esplorare\/cultura-e-patrimonio\/sale-espositive-e-musei\/#primaryimage\",\"url\":\"https:\/\/www.formentera.es\/wp-content\/uploads\/2018\/11\/sala-exposicions-David-Shaw-04.jpg\",\"contentUrl\":\"https:\/\/www.formentera.es\/wp-content\/uploads\/2018\/11\/sala-exposicions-David-Shaw-04.jpg\",\"width\":1125,\"height\":750},{\"@type\":\"BreadcrumbList\",\"@id\":\"https:\/\/www.formentera.es\/it\/esplorare\/cultura-e-patrimonio\/sale-espositive-e-musei\/#breadcrumb\",\"itemListElement\":[{\"@type\":\"ListItem\",\"position\":1,\"name\":\"Portada\",\"item\":\"https:\/\/www.formentera.es\/it\/\"},{\"@type\":\"ListItem\",\"position\":2,\"name\":\"Esplorare\",\"item\":\"https:\/\/www.formentera.es\/explorar\/\"},{\"@type\":\"ListItem\",\"position\":3,\"name\":\"Cultura e patrimonio\",\"item\":\"https:\/\/www.formentera.es\/it\/esplorare\/cultura-e-patrimonio\/\"},{\"@type\":\"ListItem\",\"position\":4,\"name\":\"Sale espositive e musei\"}]},{\"@type\":\"WebSite\",\"@id\":\"https:\/\/www.formentera.es\/#website\",\"url\":\"https:\/\/www.formentera.es\/\",\"name\":\"Turismo de Formentera\",\"description\":\"Web oficial de Turismo de Formentera\",\"potentialAction\":[{\"@type\":\"SearchAction\",\"target\":{\"@type\":\"EntryPoint\",\"urlTemplate\":\"https:\/\/www.formentera.es\/?s={search_term_string}\"},\"query-input\":{\"@type\":\"PropertyValueSpecification\",\"valueRequired\":true,\"valueName\":\"search_term_string\"}}],\"inLanguage\":\"it-IT\"}]}<\/script>\n<!-- \/ Yoast SEO plugin. -->","yoast_head_json":{"title":"Sale espositive e musei | Turismo de Formentera","robots":{"index":"index","follow":"follow","max-snippet":"max-snippet:-1","max-image-preview":"max-image-preview:large","max-video-preview":"max-video-preview:-1"},"canonical":"https:\/\/www.formentera.es\/it\/esplorare\/cultura-e-patrimonio\/sale-espositive-e-musei\/","og_locale":"it_IT","og_type":"article","og_title":"Sale espositive e musei | Turismo de Formentera","og_description":"[vc_row full_width=&#8221;stretch_row&#8221;][vc_column width=&#8221;2\/3&#8243; css=&#8221;.vc_custom_1530269560078{padding-right: 5% !important;}&#8221;][vc_column_text css=&#8221;&#8221; el_class=&#8221;texto_ficha&#8221;] Un ambiente stimolante per artisti e artigiani [&hellip;]","og_url":"https:\/\/www.formentera.es\/it\/esplorare\/cultura-e-patrimonio\/sale-espositive-e-musei\/","og_site_name":"Turismo de Formentera","article_publisher":"https:\/\/www.facebook.com\/turismoformentera\/","article_modified_time":"2025-11-07T08:08:56+00:00","og_image":[{"width":1125,"height":750,"url":"https:\/\/www.formentera.es\/wp-content\/uploads\/2018\/11\/sala-exposicions-David-Shaw-04.jpg","type":"image\/jpeg"}],"twitter_card":"summary_large_image","twitter_site":"@visitformentera","twitter_misc":{"Tempo di lettura stimato":"3 minuti"},"schema":{"@context":"https:\/\/schema.org","@graph":[{"@type":"WebPage","@id":"https:\/\/www.formentera.es\/it\/esplorare\/cultura-e-patrimonio\/sale-espositive-e-musei\/","url":"https:\/\/www.formentera.es\/it\/esplorare\/cultura-e-patrimonio\/sale-espositive-e-musei\/","name":"Sale espositive e musei | Turismo de Formentera","isPartOf":{"@id":"https:\/\/www.formentera.es\/#website"},"primaryImageOfPage":{"@id":"https:\/\/www.formentera.es\/it\/esplorare\/cultura-e-patrimonio\/sale-espositive-e-musei\/#primaryimage"},"image":{"@id":"https:\/\/www.formentera.es\/it\/esplorare\/cultura-e-patrimonio\/sale-espositive-e-musei\/#primaryimage"},"thumbnailUrl":"https:\/\/www.formentera.es\/wp-content\/uploads\/2018\/11\/sala-exposicions-David-Shaw-04.jpg","datePublished":"2018-11-26T17:08:47+00:00","dateModified":"2025-11-07T08:08:56+00:00","breadcrumb":{"@id":"https:\/\/www.formentera.es\/it\/esplorare\/cultura-e-patrimonio\/sale-espositive-e-musei\/#breadcrumb"},"inLanguage":"it-IT","potentialAction":[{"@type":"ReadAction","target":["https:\/\/www.formentera.es\/it\/esplorare\/cultura-e-patrimonio\/sale-espositive-e-musei\/"]}]},{"@type":"ImageObject","inLanguage":"it-IT","@id":"https:\/\/www.formentera.es\/it\/esplorare\/cultura-e-patrimonio\/sale-espositive-e-musei\/#primaryimage","url":"https:\/\/www.formentera.es\/wp-content\/uploads\/2018\/11\/sala-exposicions-David-Shaw-04.jpg","contentUrl":"https:\/\/www.formentera.es\/wp-content\/uploads\/2018\/11\/sala-exposicions-David-Shaw-04.jpg","width":1125,"height":750},{"@type":"BreadcrumbList","@id":"https:\/\/www.formentera.es\/it\/esplorare\/cultura-e-patrimonio\/sale-espositive-e-musei\/#breadcrumb","itemListElement":[{"@type":"ListItem","position":1,"name":"Portada","item":"https:\/\/www.formentera.es\/it\/"},{"@type":"ListItem","position":2,"name":"Esplorare","item":"https:\/\/www.formentera.es\/explorar\/"},{"@type":"ListItem","position":3,"name":"Cultura e patrimonio","item":"https:\/\/www.formentera.es\/it\/esplorare\/cultura-e-patrimonio\/"},{"@type":"ListItem","position":4,"name":"Sale espositive e musei"}]},{"@type":"WebSite","@id":"https:\/\/www.formentera.es\/#website","url":"https:\/\/www.formentera.es\/","name":"Turismo de Formentera","description":"Web oficial de Turismo de Formentera","potentialAction":[{"@type":"SearchAction","target":{"@type":"EntryPoint","urlTemplate":"https:\/\/www.formentera.es\/?s={search_term_string}"},"query-input":{"@type":"PropertyValueSpecification","valueRequired":true,"valueName":"search_term_string"}}],"inLanguage":"it-IT"}]}},"_links":{"self":[{"href":"https:\/\/www.formentera.es\/it\/wp-json\/wp\/v2\/pages\/6627","targetHints":{"allow":["GET"]}}],"collection":[{"href":"https:\/\/www.formentera.es\/it\/wp-json\/wp\/v2\/pages"}],"about":[{"href":"https:\/\/www.formentera.es\/it\/wp-json\/wp\/v2\/types\/page"}],"author":[{"embeddable":true,"href":"https:\/\/www.formentera.es\/it\/wp-json\/wp\/v2\/users\/1"}],"replies":[{"embeddable":true,"href":"https:\/\/www.formentera.es\/it\/wp-json\/wp\/v2\/comments?post=6627"}],"version-history":[{"count":2,"href":"https:\/\/www.formentera.es\/it\/wp-json\/wp\/v2\/pages\/6627\/revisions"}],"predecessor-version":[{"id":47344,"href":"https:\/\/www.formentera.es\/it\/wp-json\/wp\/v2\/pages\/6627\/revisions\/47344"}],"up":[{"embeddable":true,"href":"https:\/\/www.formentera.es\/it\/wp-json\/wp\/v2\/pages\/6615"}],"wp:featuredmedia":[{"embeddable":true,"href":"https:\/\/www.formentera.es\/it\/wp-json\/wp\/v2\/media\/6628"}],"wp:attachment":[{"href":"https:\/\/www.formentera.es\/it\/wp-json\/wp\/v2\/media?parent=6627"}],"wp:term":[{"taxonomy":"category","embeddable":true,"href":"https:\/\/www.formentera.es\/it\/wp-json\/wp\/v2\/categories?post=6627"}],"curies":[{"name":"wp","href":"https:\/\/api.w.org\/{rel}","templated":true}]}}