{"id":6565,"date":"2018-07-23T12:25:48","date_gmt":"2018-07-23T14:25:48","guid":{"rendered":"https:\/\/www.formentera.es\/esplorare\/paesi\/sant-ferran\/"},"modified":"2019-05-09T13:15:31","modified_gmt":"2019-05-09T11:15:31","slug":"sant-ferran","status":"publish","type":"page","link":"https:\/\/www.formentera.es\/it\/esplorare\/paesi\/sant-ferran\/","title":{"rendered":"Sant Ferran"},"content":{"rendered":"<div class=\"wpb-content-wrapper\"><p>[vc_row full_width=&#8221;stretch_row&#8221;][vc_column width=&#8221;2\/3&#8243; css=&#8221;.vc_custom_1530269560078{padding-right: 5% !important;}&#8221;][vc_column_text el_class=&#8221;texto_ficha&#8221;]<\/p>\n<h2>Un paese dal carattere libero, creativo e festoso.<\/h2>\n<h3>Sant Ferran \u00e8 un paese dell&#8217;entroterra situato nel centro dell&#8217;isola, dove si incrociano le strade che provengono da Sant Francesc, da Es Pujols e da El Pilar de la Mola.<\/h3>\n<p>La strada principale di Formentera segna il confine meridionale del centro urbano, che ha un piccolo centro storico con la chiesa, la piazza e una fitta rete di stradine pedonali ristrutturate negli ultimi anni.<\/p>\n<p>Negli anni \u201870 Sant Ferran de Ses Roques fu il punto d&#8217;incontro di hippy e boh\u00e9mien, che si riunivano nella leggendaria Fonda Pepe, tuttora aperta. Questo carattere libero, creativo e festoso \u00e8 stato mantenuto nei mercati dell&#8217;artigianato e dell&#8217;arte che vengono organizzati nei mesi estivi tutte le sere, tranne il mercoled\u00ec e la domenica.<\/p>\n<p><strong>Cosa vedere: chiesa di Sant Ferran de ses Roques e i dintorni del paese<\/strong><\/p>\n<p>Il decreto che istituisce le parrocchie della Diocesi di Ibiza e Formentera del 1785 prevedeva, oltre a quelle di Sant Francesc Xavier e di Pilar de la Mola, una terza parrocchia sull&#8217;isola di Formentera dedicata a Sant Ferran, con una chiesa da costruire a Las Salinas. Tuttavia, il tempio non venne costruito l\u00ec perch\u00e9 le condizioni non erano adeguate. Alla fine del 1883 iniziarono finalmente i lavori per la costruzione del nuovo edificio religioso, situato nel luogo scelto dai vicini: Ses Roques. La <strong>chiesa di Sant Ferran de Ses Roques<\/strong> fu inaugurata nel 1889 ed \u00e8 la pi\u00f9 piccola delle tre chiese parrocchiali. Ha una pianta a croce latina, con due cappelle ai lati del presbiterio. Nel 1996 \u00e8 stata dichiarata bene di interesse culturale, nella categoria \u201ccomplesso storico\u201d.<\/p>\n<p>Nelle vicinanze di Sant Ferran possiamo visitare la <strong>Torre di difesa di Punta Prima<\/strong> (in direzione nord), i moli di <strong>Cala en Baster<\/strong> e le scogliere di pietra mar\u00e9s (in direzione est), due antichi mulini a vento, il <strong>Mol\u00ed d\u2019en Teuet<\/strong> (a sud) e il <strong>Mol\u00ed de ses Roques<\/strong> (a est) e il <strong>sepolcro megalitico di Ca na Costa<\/strong> (in direzione ovest, dopo il centro abitato di Es Pujols).[\/vc_column_text][\/vc_column][vc_column width=&#8221;1\/3&#8243;][vc_column_text]<div id=\"sidebar_ficha\"><a class=\"sidebar_breadcrumbs\" href=\"https:\/\/www.formentera.es\/it\/esplorare\/paesi\/\"><i class=\"fa fa-angle-left\"><\/i>Torna a Paesi<\/a><div class=\"content_sidebar\"><div class=\"tit_medium\">Informazioni utili<\/div><div id=\"mapaficha\"><a href=\"https:\/\/goo.gl\/maps\/N34DFMm7eDr\" target=\"_blank\"><img decoding=\"async\" src=\"https:\/\/www.formentera.es\/wp-content\/uploads\/2018\/11\/mapasantferran.png\"><\/a><\/div><div class=\"\"><a href=\"https:\/\/www.google.com\/maps?saddr=My+Location&daddr=38.7072859,1.4516996\" target=\"_blank\"><i class=\"fa fa-location-arrow\"><\/i><span>Come arrivare?<\/span><\/a><\/div><div class=\"bloc_share\"><div class=\"blocs1\"><div class=\"tit_medium\">Condividi<\/div><div class=\"redes_ficha\"><div class=\"fa fa-brands fa-x-twitter st-custom-button\" data-network=\"twitter\"><\/div><div class=\"fa fa-facebook st-custom-button\" data-network=\"facebook\"><\/div><div class=\"fa fa-pinterest-p st-custom-button\" data-network=\"pinterest\"><\/div><\/div><\/div><div class=\"blocs2\"><div class=\"tit_medium\">Invia ad un amico<\/div><div class=\"redes_ficha\"><div class=\"fa fa-envelope st-custom-button\" data-network=\"email\"><\/div><div class=\"fa fa-whatsapp st-custom-button\" data-network=\"whatsapp\"><\/div><\/div><\/div><\/div><\/div><\/div>[\/vc_column_text][\/vc_column][\/vc_row][vc_row full_width=&#8221;stretch_row_content_no_spaces&#8221;][vc_column][vc_column_text]<style>#jtg-964 .modula-item .jtg-social a, .lightbox-socials.jtg-social a{ fill: #ffffff; color: #ffffff }#jtg-964 .modula-item .jtg-social-mobile a{ fill: #ffffff; color: #ffffff }#jtg-964 .modula-item .jtg-social svg, .lightbox-socials.jtg-social svg { height: 16px; width: 16px }#jtg-964 .modula-item .jtg-social-mobile svg { height: 16px; width: 16px }#jtg-964 .modula-item .jtg-social a:not(:last-child), .lightbox-socials.jtg-social a:not(:last-child) { margin-right: 10px }#jtg-964 .modula-item .jtg-social-mobile .jtg-social-mobile-icons a:not(:last-child){ margin-right: 10px }#jtg-964 .modula-item .figc {color:#ffffff;}#jtg-964 .modula-item .modula-item-content { transform: scale(1) }#jtg-964 .modula-items .figc p.description { font-size:14px; }#jtg-964 .modula-items .figc p.description { color:#ffffff;}#jtg-964.modula-gallery .modula-item > a, #jtg-964.modula-gallery .modula-item, #jtg-964.modula-gallery .modula-item-content > a:not(.modula-no-follow) { cursor:zoom-in; } #jtg-964.modula-gallery .modula-item-content .modula-no-follow { cursor: default; } #jtg-964 .modula-item { background-color:#000000; }#jtg-964 .modula-item:hover img { opacity: 0.5; }#jtg-964 .modula-item { transform: scale(1) translate(0px,0px) rotate(0deg); }@media screen and (max-width:480px){#jtg-964 .modula-item .figc .jtg-title {  font-size: 12px; }#jtg-964 .modula-items .figc p.description { color:#ffffff;font-size:10px; }}<\/style>\n<div  id=\"jtg-964\" class=\"modula modula-gallery modula-custom-grid\" data-config=\"{&quot;height&quot;:800,&quot;tabletHeight&quot;:800,&quot;mobileHeight&quot;:800,&quot;desktopHeight&quot;:800,&quot;enableTwitter&quot;:false,&quot;enableWhatsapp&quot;:false,&quot;enableFacebook&quot;:false,&quot;enablePinterest&quot;:false,&quot;enableLinkedin&quot;:false,&quot;enableEmail&quot;:false,&quot;randomFactor&quot;:0.5,&quot;type&quot;:&quot;custom-grid&quot;,&quot;columns&quot;:12,&quot;gutter&quot;:10,&quot;mobileGutter&quot;:10,&quot;tabletGutter&quot;:10,&quot;desktopGutter&quot;:10,&quot;enableResponsive&quot;:true,&quot;tabletColumns&quot;:2,&quot;mobileColumns&quot;:1,&quot;lazyLoad&quot;:&quot;0&quot;,&quot;lightboxOpts&quot;:{&quot;animated&quot;:true,&quot;Thumbs&quot;:{&quot;type&quot;:&quot;modern&quot;,&quot;showOnStart&quot;:false},&quot;Toolbar&quot;:{&quot;display&quot;:{&quot;right&quot;:[&quot;close&quot;]},&quot;enabled&quot;:true},&quot;Carousel&quot;:{&quot;Panzoom&quot;:{&quot;touch&quot;:false},&quot;infinite&quot;:false},&quot;keyboard&quot;:{&quot;Escape&quot;:&quot;close&quot;,&quot;Delete&quot;:&quot;close&quot;,&quot;Backspace&quot;:&quot;close&quot;,&quot;PageUp&quot;:false,&quot;PageDown&quot;:false,&quot;ArrowUp&quot;:false,&quot;ArrowDown&quot;:false,&quot;ArrowRight&quot;:false,&quot;ArrowLeft&quot;:false},&quot;touch&quot;:false,&quot;backdropClick&quot;:false,&quot;l10n&quot;:{&quot;CLOSE&quot;:&quot;Close&quot;,&quot;NEXT&quot;:&quot;Next&quot;,&quot;PREV&quot;:&quot;Previous&quot;,&quot;Error&quot;:&quot;The requested content cannot be loaded. Please try again later.&quot;,&quot;PLAY_START&quot;:&quot;Start slideshow&quot;,&quot;PLAY_STOP&quot;:&quot;Pause slideshow&quot;,&quot;FULL_SCREEN&quot;:&quot;Full screen&quot;,&quot;THUMBS&quot;:&quot;Thumbnails&quot;,&quot;DOWNLOAD&quot;:&quot;Download&quot;,&quot;SHARE&quot;:&quot;Share&quot;,&quot;ZOOM&quot;:&quot;Zoom&quot;,&quot;EMAIL&quot;:&quot;Here is the link to the image : %%image_link%% and this is the link to the gallery : %%gallery_link%%&quot;,&quot;MODAL&quot;:&quot;You can close this modal content with the ESC key&quot;,&quot;ERROR&quot;:&quot;Something Went Wrong, Please Try Again Later&quot;,&quot;IMAGE_ERROR&quot;:&quot;Image Not Found&quot;,&quot;ELEMENT_NOT_FOUND&quot;:&quot;HTML Element Not Found&quot;,&quot;AJAX_NOT_FOUND&quot;:&quot;Error Loading AJAX : Not Found&quot;,&quot;AJAX_FORBIDDEN&quot;:&quot;Error Loading AJAX : Forbidden&quot;,&quot;IFRAME_ERROR&quot;:&quot;Error Loading Page&quot;,&quot;TOGGLE_ZOOM&quot;:&quot;Toggle zoom level&quot;,&quot;TOGGLE_THUMBS&quot;:&quot;Toggle thumbnails&quot;,&quot;TOGGLE_SLIDESHOW&quot;:&quot;Toggle slideshow&quot;,&quot;TOGGLE_FULLSCREEN&quot;:&quot;Toggle full-screen mode&quot;},&quot;Images&quot;:{&quot;Panzoom&quot;:{&quot;maxScale&quot;:2}},&quot;mainClass&quot;:&quot;modula-fancybox-container modula-lightbox-jtg-964&quot;,&quot;Html&quot;:{&quot;videoAutoplay&quot;:0,&quot;videoTpl&quot;:&quot;&lt;video class=\\&quot;fancybox__html5video\\&quot; controls muted playsinline controlsList controlsList=\\&quot;nodownload\\&quot; poster=\\&quot;{{poster}}\\&quot; src=\\&quot;{{src}}\\&quot; type=\\&quot;{{format}}\\&quot; &gt;  Sorry, your browser doesn&#039;t support embedded videos, &lt;a href=\\&quot;{{src}}\\&quot;&gt; download &lt;\\\/a&gt; and watch with your favorite video player! &lt;\\\/video&gt;&quot;}},&quot;inView&quot;:false,&quot;email_subject&quot;:&quot;\\u00a1\\u00a1Mira esta impresionante imagen!!&quot;,&quot;email_message&quot;:&quot;Este es el enlace a la imagen: %%image_link%% y este es el enlace a la galer\\u00eda: %%gallery_link%%&quot;,&quot;lightbox&quot;:&quot;fancybox&quot;,&quot;filterClick&quot;:&quot;0&quot;,&quot;defaultActiveFilter&quot;:&quot;all&quot;}\">\n\n\t\n\t<div  class=\"modula-items\">\n\t\t<div class=\"modula-item effect-quiet jtg-filter-all jtg-filter-\" data-width=\"6\" data-height=\"4\" >\n\t<div class=\"modula-item-overlay\"><\/div>\n\n\t<div class=\"modula-item-content\">\n\n\t\t\t\t\n\t\t\t\t\t<a data-image-id=\"994\" tabindex=\"0\" href=\"https:\/\/www.formentera.es\/wp-content\/uploads\/2018\/11\/Musica_a_les_places_Sant_ferran-1.jpg\" rel=\"jtg-964\" data-caption=\"\" aria-label=\"Open image in lightbox\" role=\"button\" data-cyclefilter=\"show\" data-fancybox=\"jtg-964\" class=\"tile-inner modula-item-link\"><\/a>\n\t\t\n\t\t<img loading=\"lazy\" decoding=\"async\" class=\"pic wp-image-994\"  data-valign=\"middle\" data-halign=\"center\" alt=\"\" data-full=\"https:\/\/www.formentera.es\/wp-content\/uploads\/2018\/11\/Musica_a_les_places_Sant_ferran-1.jpg\" title=\"Musica_a_les_places_Sant_ferran (1)\" width=\"1900\" height=\"1275\" src=\"https:\/\/www.formentera.es\/wp-content\/uploads\/2018\/11\/Musica_a_les_places_Sant_ferran-1.jpg\" data-src=\"https:\/\/www.formentera.es\/wp-content\/uploads\/2018\/11\/Musica_a_les_places_Sant_ferran-1.jpg\" data-caption=\"\" srcset=\"https:\/\/www.formentera.es\/wp-content\/uploads\/2018\/11\/Musica_a_les_places_Sant_ferran-1.jpg 1900w, https:\/\/www.formentera.es\/wp-content\/uploads\/2018\/11\/Musica_a_les_places_Sant_ferran-1-300x201.jpg 300w, https:\/\/www.formentera.es\/wp-content\/uploads\/2018\/11\/Musica_a_les_places_Sant_ferran-1-768x515.jpg 768w, https:\/\/www.formentera.es\/wp-content\/uploads\/2018\/11\/Musica_a_les_places_Sant_ferran-1-1024x687.jpg 1024w\" sizes=\"auto, (max-width: 1900px) 100vw, 1900px\" \/>\n\t\t<div class=\"figc no-description\">\n\t\t\t<div class=\"figc-inner\">\n\t\t\t\t\t\t\t\t\t\t\t\t\t\t\t<\/div>\n\t\t<\/div>\n\n\t<\/div>\n\n<\/div><div class=\"modula-item effect-quiet jtg-filter-all jtg-filter-\" data-width=\"6\" data-height=\"4\" >\n\t<div class=\"modula-item-overlay\"><\/div>\n\n\t<div class=\"modula-item-content\">\n\n\t\t\t\t\n\t\t\t\t\t<a data-image-id=\"995\" tabindex=\"0\" href=\"https:\/\/www.formentera.es\/wp-content\/uploads\/2018\/11\/sant-ferran-.jpg\" rel=\"jtg-964\" data-caption=\"\" aria-label=\"Open image in lightbox\" role=\"button\" data-cyclefilter=\"show\" data-fancybox=\"jtg-964\" class=\"tile-inner modula-item-link\"><\/a>\n\t\t\n\t\t<img loading=\"lazy\" decoding=\"async\" class=\"pic wp-image-995\"  data-valign=\"middle\" data-halign=\"center\" alt=\"\" data-full=\"https:\/\/www.formentera.es\/wp-content\/uploads\/2018\/11\/sant-ferran-.jpg\" title=\"sant ferran\" width=\"1900\" height=\"1267\" src=\"https:\/\/www.formentera.es\/wp-content\/uploads\/2018\/11\/sant-ferran-.jpg\" data-src=\"https:\/\/www.formentera.es\/wp-content\/uploads\/2018\/11\/sant-ferran-.jpg\" data-caption=\"\" srcset=\"https:\/\/www.formentera.es\/wp-content\/uploads\/2018\/11\/sant-ferran-.jpg 1900w, https:\/\/www.formentera.es\/wp-content\/uploads\/2018\/11\/sant-ferran--300x200.jpg 300w, https:\/\/www.formentera.es\/wp-content\/uploads\/2018\/11\/sant-ferran--768x512.jpg 768w, https:\/\/www.formentera.es\/wp-content\/uploads\/2018\/11\/sant-ferran--1024x683.jpg 1024w\" sizes=\"auto, (max-width: 1900px) 100vw, 1900px\" \/>\n\t\t<div class=\"figc no-description\">\n\t\t\t<div class=\"figc-inner\">\n\t\t\t\t\t\t\t\t\t\t\t\t\t\t\t<\/div>\n\t\t<\/div>\n\n\t<\/div>\n\n<\/div>\t\t\n\t<\/div>\n\n\t\n\t\n\t<script type=\"application\/ld+json\">\n\t{\n\t\t\"@context\": \"http:\/\/schema.org\",\n\t\t\"@type\"   : \"ImageGallery\",\n\t\t\"id\"      : \"https:\/\/www.formentera.es\/it\/esplorare\/paesi\/sant-ferran\/\",\n\t\t\"url\"     : \"https:\/\/www.formentera.es\/it\/esplorare\/paesi\/sant-ferran\/\"\n\t}\n\n\t<\/script>\n\n\t\n<\/div>\n[\/vc_column_text][\/vc_column][\/vc_row][vc_row][vc_column][vc_column_text]<strong>Arte, artigianato e musica.<\/strong><\/p>\n<p><strong>Il Mercato dell&#8217;Artigianato di Sant Ferran<\/strong> (da maggio a ottobre circa) si trova sulla strada principale che conduce alla chiesa, ed \u00e8 aperto tutti i giorni, tranne il mercoled\u00ec e la domenica, dalle 21:00 alle 24:00. Questo giovane mercato \u00e8 diventato un importante punto vendita di prodotti artigianali, animato ogni sabato da musica dal vivo. Proseguendo sulla stessa via troviamo il <strong>Mercato Artistico<\/strong>, con lo stesso orario di apertura (tutti i giorni, tranne il mercoled\u00ec e la domenica, dalle 21:00 alle 24:00). Si \u00e8 affermato come importante luogo di ritrovo per pittori e artisti che espongono le loro opere ispirate all&#8217;isola. A volte gli artisti organizzano attivit\u00e0 per bambini per stimolare la creativit\u00e0 dei pi\u00f9 piccoli.<\/p>\n<p>Tutti i venerd\u00ec da maggio a ottobre, nell\u2019ambito del circuito \u201cm\u00fasica en las plazas\u201d (musica nelle piazze), sono in programma <strong>concerti di musica dal vivo in Plaza de Sant Ferran<\/strong>. Durante il mese di settembre si svolge anche il <strong>Festival de Guitarras<\/strong> (Festival delle Chitarre), due serate di musica dal vivo di alta qualit\u00e0 con musicisti locali e stranieri.<\/p>\n<p>La Festa di Sant Ferran si svolge il 30 maggio.[\/vc_column_text][\/vc_column][\/vc_row][vc_row full_width=&#8221;stretch_row_content_no_spaces&#8221;][vc_column][vc_single_image image=&#8221;993&#8243; img_size=&#8221;full&#8221; el_class=&#8221;img100&#8243;][\/vc_column][\/vc_row][vc_row][vc_column][vc_column_text]<div id=\"siguexpl\" class=\"container sc\"><h2>Continua ad esplorare<\/h2><div class=\"row\"><a href=\"https:\/\/www.formentera.es\/it\/esplorare\/cultura-e-patrimonio\/\" class=\"col-md-4\">\n\t\t\t\t\t\t<div class=\"row\">\n\t\t\t\t\t\t\t<div class=\"col-sm-4\" style=\"background-image: url(https:\/\/www.formentera.es\/wp-content\/uploads\/2019\/01\/Torre-de-Sa-Gavina_Moonkoala-300x200.jpg)\"><\/div>\n\t\t\t\t\t\t\t<div class=\"col-sm-8\">\n\t\t\t\t\t\t\t\tCultura e patrimonio\n\t\t\t\t\t\t\t\t<i class=\"fa fa-angle-right\"><\/i>\n\t\t\t\t\t\t\t<\/div>\n\t\t\t\t\t\t\t<div class=\"bhover\"><\/div>\n\t\t\t\t\t\t<\/div>\n\t\t\t\t\t\t\n\t\t\t\t\t<\/a><a href=\"https:\/\/www.formentera.es\/it\/esplorare\/spiagge\/\" class=\"col-md-4\">\n\t\t\t\t\t\t<div class=\"row\">\n\t\t\t\t\t\t\t<div class=\"col-sm-4\" style=\"background-image: url(https:\/\/www.formentera.es\/wp-content\/uploads\/2025\/07\/illetas2025-300x225.webp)\"><\/div>\n\t\t\t\t\t\t\t<div class=\"col-sm-8\">\n\t\t\t\t\t\t\t\tSpiagge\n\t\t\t\t\t\t\t\t<i class=\"fa fa-angle-right\"><\/i>\n\t\t\t\t\t\t\t<\/div>\n\t\t\t\t\t\t\t<div class=\"bhover\"><\/div>\n\t\t\t\t\t\t<\/div>\n\t\t\t\t\t\t\n\t\t\t\t\t<\/a><a href=\"https:\/\/www.formentera.es\/it\/esplorare\/paesi\/\" class=\"col-md-4\">\n\t\t\t\t\t\t<div class=\"row\">\n\t\t\t\t\t\t\t<div class=\"col-sm-4\" style=\"background-image: url(https:\/\/www.formentera.es\/wp-content\/uploads\/2018\/11\/1_Esglesia-St.-Francesc-panoramica-300x190.jpg)\"><\/div>\n\t\t\t\t\t\t\t<div class=\"col-sm-8\">\n\t\t\t\t\t\t\t\tPaesi\n\t\t\t\t\t\t\t\t<i class=\"fa fa-angle-right\"><\/i>\n\t\t\t\t\t\t\t<\/div>\n\t\t\t\t\t\t\t<div class=\"bhover\"><\/div>\n\t\t\t\t\t\t<\/div>\n\t\t\t\t\t\t\n\t\t\t\t\t<\/a><\/div><\/div>[\/vc_column_text][\/vc_column][\/vc_row][vc_row full_width=&#8221;stretch_row_content&#8221; equal_height=&#8221;yes&#8221; css=&#8221;.vc_custom_1549021452037{padding-top: 80px !important;}&#8221; el_class=&#8221;bloque_maseventos&#8221;][vc_column][vc_column_text el_class=&#8221;h1&#8243;]<\/p>\n<h2 style=\"text-align: center;\">Eventi a Formentera<\/h2>\n<p>[\/vc_column_text][vc_basic_grid post_type=&#8221;post&#8221; max_items=&#8221;3&#8243; orderby=&#8221;rand&#8221; item=&#8221;1524&#8243; grid_id=&#8221;vc_gid:1557400335859-6deae4ee-d0a3-7&#8243; taxonomies=&#8221;17&#8243;][vc_btn title=&#8221;Pi\u00f9 eventi&#8221; style=&#8221;flat&#8221; shape=&#8221;square&#8221; color=&#8221;white&#8221; size=&#8221;lg&#8221; align=&#8221;center&#8221; i_align=&#8221;right&#8221; i_type=&#8221;entypo&#8221; i_icon_entypo=&#8221;entypo-icon entypo-icon-right-open-big&#8221; add_icon=&#8221;true&#8221; el_class=&#8221;btn_more&#8221; link=&#8221;url:https%3A%2F%2Fwww.formentera.es%2Fit%2Feventi%2F|||&#8221;][\/vc_column][\/vc_row]<\/p>\n<\/div>","protected":false},"excerpt":{"rendered":"<p>[vc_row full_width=&#8221;stretch_row&#8221;][vc_column width=&#8221;2\/3&#8243; css=&#8221;.vc_custom_1530269560078{padding-right: 5% !important;}&#8221;][vc_column_text el_class=&#8221;texto_ficha&#8221;] Un paese dal carattere libero, creativo e festoso. [&hellip;]<\/p>\n","protected":false},"author":1,"featured_media":6566,"parent":6100,"menu_order":0,"comment_status":"closed","ping_status":"closed","template":"page-ficha.php","meta":{"_acf_changed":false,"footnotes":""},"categories":[],"class_list":["post-6565","page","type-page","status-publish","hentry"],"acf":[],"yoast_head":"<!-- This site is optimized with the Yoast SEO plugin v25.5 - https:\/\/yoast.com\/wordpress\/plugins\/seo\/ -->\n<title>Sant Ferran | Turismo de Formentera<\/title>\n<meta name=\"robots\" content=\"index, follow, max-snippet:-1, max-image-preview:large, max-video-preview:-1\" \/>\n<link rel=\"canonical\" href=\"https:\/\/www.formentera.es\/it\/esplorare\/paesi\/sant-ferran\/\" \/>\n<meta property=\"og:locale\" content=\"it_IT\" \/>\n<meta property=\"og:type\" content=\"article\" \/>\n<meta property=\"og:title\" content=\"Sant Ferran | Turismo de Formentera\" \/>\n<meta property=\"og:description\" content=\"[vc_row full_width=&#8221;stretch_row&#8221;][vc_column width=&#8221;2\/3&#8243; css=&#8221;.vc_custom_1530269560078{padding-right: 5% !important;}&#8221;][vc_column_text el_class=&#8221;texto_ficha&#8221;] Un paese dal carattere libero, creativo e festoso. [&hellip;]\" \/>\n<meta property=\"og:url\" content=\"https:\/\/www.formentera.es\/it\/esplorare\/paesi\/sant-ferran\/\" \/>\n<meta property=\"og:site_name\" content=\"Turismo de Formentera\" \/>\n<meta property=\"article:publisher\" content=\"https:\/\/www.facebook.com\/turismoformentera\/\" \/>\n<meta property=\"article:modified_time\" content=\"2019-05-09T11:15:31+00:00\" \/>\n<meta property=\"og:image\" content=\"https:\/\/www.formentera.es\/wp-content\/uploads\/2018\/11\/1_Esglesia-St.-Ferran-panoramica.jpg\" \/>\n\t<meta property=\"og:image:width\" content=\"1900\" \/>\n\t<meta property=\"og:image:height\" content=\"1267\" \/>\n\t<meta property=\"og:image:type\" content=\"image\/jpeg\" \/>\n<meta name=\"twitter:card\" content=\"summary_large_image\" \/>\n<meta name=\"twitter:site\" content=\"@visitformentera\" \/>\n<meta name=\"twitter:label1\" content=\"Tempo di lettura stimato\" \/>\n\t<meta name=\"twitter:data1\" content=\"4 minuti\" \/>\n<script type=\"application\/ld+json\" class=\"yoast-schema-graph\">{\"@context\":\"https:\/\/schema.org\",\"@graph\":[{\"@type\":\"WebPage\",\"@id\":\"https:\/\/www.formentera.es\/it\/esplorare\/paesi\/sant-ferran\/\",\"url\":\"https:\/\/www.formentera.es\/it\/esplorare\/paesi\/sant-ferran\/\",\"name\":\"Sant Ferran | Turismo de Formentera\",\"isPartOf\":{\"@id\":\"https:\/\/www.formentera.es\/#website\"},\"primaryImageOfPage\":{\"@id\":\"https:\/\/www.formentera.es\/it\/esplorare\/paesi\/sant-ferran\/#primaryimage\"},\"image\":{\"@id\":\"https:\/\/www.formentera.es\/it\/esplorare\/paesi\/sant-ferran\/#primaryimage\"},\"thumbnailUrl\":\"https:\/\/www.formentera.es\/wp-content\/uploads\/2018\/11\/1_Esglesia-St.-Ferran-panoramica.jpg\",\"datePublished\":\"2018-07-23T14:25:48+00:00\",\"dateModified\":\"2019-05-09T11:15:31+00:00\",\"breadcrumb\":{\"@id\":\"https:\/\/www.formentera.es\/it\/esplorare\/paesi\/sant-ferran\/#breadcrumb\"},\"inLanguage\":\"it-IT\",\"potentialAction\":[{\"@type\":\"ReadAction\",\"target\":[\"https:\/\/www.formentera.es\/it\/esplorare\/paesi\/sant-ferran\/\"]}]},{\"@type\":\"ImageObject\",\"inLanguage\":\"it-IT\",\"@id\":\"https:\/\/www.formentera.es\/it\/esplorare\/paesi\/sant-ferran\/#primaryimage\",\"url\":\"https:\/\/www.formentera.es\/wp-content\/uploads\/2018\/11\/1_Esglesia-St.-Ferran-panoramica.jpg\",\"contentUrl\":\"https:\/\/www.formentera.es\/wp-content\/uploads\/2018\/11\/1_Esglesia-St.-Ferran-panoramica.jpg\",\"width\":1900,\"height\":1267},{\"@type\":\"BreadcrumbList\",\"@id\":\"https:\/\/www.formentera.es\/it\/esplorare\/paesi\/sant-ferran\/#breadcrumb\",\"itemListElement\":[{\"@type\":\"ListItem\",\"position\":1,\"name\":\"Portada\",\"item\":\"https:\/\/www.formentera.es\/it\/\"},{\"@type\":\"ListItem\",\"position\":2,\"name\":\"Esplorare\",\"item\":\"https:\/\/www.formentera.es\/explorar\/\"},{\"@type\":\"ListItem\",\"position\":3,\"name\":\"Paesi\",\"item\":\"https:\/\/www.formentera.es\/it\/esplorare\/paesi\/\"},{\"@type\":\"ListItem\",\"position\":4,\"name\":\"Sant Ferran\"}]},{\"@type\":\"WebSite\",\"@id\":\"https:\/\/www.formentera.es\/#website\",\"url\":\"https:\/\/www.formentera.es\/\",\"name\":\"Turismo de Formentera\",\"description\":\"Web oficial de Turismo de Formentera\",\"potentialAction\":[{\"@type\":\"SearchAction\",\"target\":{\"@type\":\"EntryPoint\",\"urlTemplate\":\"https:\/\/www.formentera.es\/?s={search_term_string}\"},\"query-input\":{\"@type\":\"PropertyValueSpecification\",\"valueRequired\":true,\"valueName\":\"search_term_string\"}}],\"inLanguage\":\"it-IT\"}]}<\/script>\n<!-- \/ Yoast SEO plugin. -->","yoast_head_json":{"title":"Sant Ferran | Turismo de Formentera","robots":{"index":"index","follow":"follow","max-snippet":"max-snippet:-1","max-image-preview":"max-image-preview:large","max-video-preview":"max-video-preview:-1"},"canonical":"https:\/\/www.formentera.es\/it\/esplorare\/paesi\/sant-ferran\/","og_locale":"it_IT","og_type":"article","og_title":"Sant Ferran | Turismo de Formentera","og_description":"[vc_row full_width=&#8221;stretch_row&#8221;][vc_column width=&#8221;2\/3&#8243; css=&#8221;.vc_custom_1530269560078{padding-right: 5% !important;}&#8221;][vc_column_text el_class=&#8221;texto_ficha&#8221;] Un paese dal carattere libero, creativo e festoso. [&hellip;]","og_url":"https:\/\/www.formentera.es\/it\/esplorare\/paesi\/sant-ferran\/","og_site_name":"Turismo de Formentera","article_publisher":"https:\/\/www.facebook.com\/turismoformentera\/","article_modified_time":"2019-05-09T11:15:31+00:00","og_image":[{"width":1900,"height":1267,"url":"https:\/\/www.formentera.es\/wp-content\/uploads\/2018\/11\/1_Esglesia-St.-Ferran-panoramica.jpg","type":"image\/jpeg"}],"twitter_card":"summary_large_image","twitter_site":"@visitformentera","twitter_misc":{"Tempo di lettura stimato":"4 minuti"},"schema":{"@context":"https:\/\/schema.org","@graph":[{"@type":"WebPage","@id":"https:\/\/www.formentera.es\/it\/esplorare\/paesi\/sant-ferran\/","url":"https:\/\/www.formentera.es\/it\/esplorare\/paesi\/sant-ferran\/","name":"Sant Ferran | Turismo de Formentera","isPartOf":{"@id":"https:\/\/www.formentera.es\/#website"},"primaryImageOfPage":{"@id":"https:\/\/www.formentera.es\/it\/esplorare\/paesi\/sant-ferran\/#primaryimage"},"image":{"@id":"https:\/\/www.formentera.es\/it\/esplorare\/paesi\/sant-ferran\/#primaryimage"},"thumbnailUrl":"https:\/\/www.formentera.es\/wp-content\/uploads\/2018\/11\/1_Esglesia-St.-Ferran-panoramica.jpg","datePublished":"2018-07-23T14:25:48+00:00","dateModified":"2019-05-09T11:15:31+00:00","breadcrumb":{"@id":"https:\/\/www.formentera.es\/it\/esplorare\/paesi\/sant-ferran\/#breadcrumb"},"inLanguage":"it-IT","potentialAction":[{"@type":"ReadAction","target":["https:\/\/www.formentera.es\/it\/esplorare\/paesi\/sant-ferran\/"]}]},{"@type":"ImageObject","inLanguage":"it-IT","@id":"https:\/\/www.formentera.es\/it\/esplorare\/paesi\/sant-ferran\/#primaryimage","url":"https:\/\/www.formentera.es\/wp-content\/uploads\/2018\/11\/1_Esglesia-St.-Ferran-panoramica.jpg","contentUrl":"https:\/\/www.formentera.es\/wp-content\/uploads\/2018\/11\/1_Esglesia-St.-Ferran-panoramica.jpg","width":1900,"height":1267},{"@type":"BreadcrumbList","@id":"https:\/\/www.formentera.es\/it\/esplorare\/paesi\/sant-ferran\/#breadcrumb","itemListElement":[{"@type":"ListItem","position":1,"name":"Portada","item":"https:\/\/www.formentera.es\/it\/"},{"@type":"ListItem","position":2,"name":"Esplorare","item":"https:\/\/www.formentera.es\/explorar\/"},{"@type":"ListItem","position":3,"name":"Paesi","item":"https:\/\/www.formentera.es\/it\/esplorare\/paesi\/"},{"@type":"ListItem","position":4,"name":"Sant Ferran"}]},{"@type":"WebSite","@id":"https:\/\/www.formentera.es\/#website","url":"https:\/\/www.formentera.es\/","name":"Turismo de Formentera","description":"Web oficial de Turismo de Formentera","potentialAction":[{"@type":"SearchAction","target":{"@type":"EntryPoint","urlTemplate":"https:\/\/www.formentera.es\/?s={search_term_string}"},"query-input":{"@type":"PropertyValueSpecification","valueRequired":true,"valueName":"search_term_string"}}],"inLanguage":"it-IT"}]}},"_links":{"self":[{"href":"https:\/\/www.formentera.es\/it\/wp-json\/wp\/v2\/pages\/6565","targetHints":{"allow":["GET"]}}],"collection":[{"href":"https:\/\/www.formentera.es\/it\/wp-json\/wp\/v2\/pages"}],"about":[{"href":"https:\/\/www.formentera.es\/it\/wp-json\/wp\/v2\/types\/page"}],"author":[{"embeddable":true,"href":"https:\/\/www.formentera.es\/it\/wp-json\/wp\/v2\/users\/1"}],"replies":[{"embeddable":true,"href":"https:\/\/www.formentera.es\/it\/wp-json\/wp\/v2\/comments?post=6565"}],"version-history":[{"count":0,"href":"https:\/\/www.formentera.es\/it\/wp-json\/wp\/v2\/pages\/6565\/revisions"}],"up":[{"embeddable":true,"href":"https:\/\/www.formentera.es\/it\/wp-json\/wp\/v2\/pages\/6100"}],"wp:featuredmedia":[{"embeddable":true,"href":"https:\/\/www.formentera.es\/it\/wp-json\/wp\/v2\/media\/6566"}],"wp:attachment":[{"href":"https:\/\/www.formentera.es\/it\/wp-json\/wp\/v2\/media?parent=6565"}],"wp:term":[{"taxonomy":"category","embeddable":true,"href":"https:\/\/www.formentera.es\/it\/wp-json\/wp\/v2\/categories?post=6565"}],"curies":[{"name":"wp","href":"https:\/\/api.w.org\/{rel}","templated":true}]}}