{"id":6546,"date":"2018-06-28T12:03:51","date_gmt":"2018-06-28T14:03:51","guid":{"rendered":"https:\/\/www.formentera.es\/esplorare\/spiagge\/ses-platgetes\/"},"modified":"2024-09-24T09:05:59","modified_gmt":"2024-09-24T07:05:59","slug":"ses-platgetes","status":"publish","type":"page","link":"https:\/\/www.formentera.es\/it\/esplorare\/spiagge\/ses-platgetes\/","title":{"rendered":"Ses Platgetes"},"content":{"rendered":"<div class=\"wpb-content-wrapper\"><p>[vc_row full_width=&#8221;stretch_row&#8221;][vc_column width=&#8221;2\/3&#8243; css=&#8221;.vc_custom_1530269560078{padding-right: 5% !important;}&#8221;][vc_column_text el_class=&#8221;texto_ficha&#8221;]<\/p>\n<h2>Tre spiagge sabbiose in cui godersi il sole, il mare e la cucina di pesce<\/h2>\n<h3>La costa nord di Formentera, che si estende oltre Punta Prima in direzione di La Mola, \u00e8 conosciuta come costa de Tramuntana per il suo orientamento a nord. In questo litorale troviamo un piccolo e affascinante angolo poco frequentato chiamato Ses Platgetes.<\/h3>\n<p>Per raggiungere queste spiagge bisogna arrivare fino al centro abitato di <strong>Es Cal\u00f3 de Sant Agust\u00ed<\/strong>, l\u2019unica localit\u00e0 costiera della zona, particolarmente apprezzata da residenti e visitatori per il porto peschereccio e le sue strutture gastronomiche qualificate. Qui troverete il parcheggio pi\u00f9 vicino a Ses Platgetes, raggiungibili a piedi oppure attraverso uno degli accessi che portano direttamente alla strada.<\/p>\n<p>Il significato del suo nome \u00e8 legato alle piccole dimensioni di queste spiagge che per\u00f2, complessivamente, si estendono per circa 600 metri. Tale denominazione indica l&#8217;intera zona balneare sabbiosa accanto a Cal\u00f3 de Sant Agust\u00ed, ma in passato erano conosciute come Platgeta de Prop, Platgeta d\u2019Enmig e Platgeta de m\u00e9s enll\u00e0 a seconda della distanza che le separava dalla stessa Cal\u00f3. Si tratta, quindi, di tre arenili divisi da zone rocciose, sui quali \u00e8 possibile stendere comodamente l&#8217;asciugamano e godersi la tranquillit\u00e0 e le incredibili viste panoramiche sulle <strong>scogliere di La Mola<\/strong>.<\/p>\n<p>Qui troviamo anche una piccola macchia di ginepri e alcune dune che eviteremo passando sopra le passerelle installate per preservare l\u2019ambiente. L&#8217;alternarsi di sabbia e roccia rende il paesaggio molto vario, come i fondali marini, dove ogni angolo offre uno spettacolo perfetto per chi ama fare snorkeling. L&#8217;unico inconveniente \u00e8 che nei giorni in cui soffia forte il vento di Tramontana, il moto ondoso sul litorale \u00e8 piuttosto intenso, anche se durante i mesi estivi le acque turchesi tipiche dell&#8217;isola sono quasi sempre calme.<\/p>\n<p>E dopo un tuffo in questa zona, non c&#8217;\u00e8 niente di meglio che andare nei ristoranti di <strong>Es Cal\u00f3 de Sant Agust\u00ed<\/strong> per provare la squisita cucina locale a base di pesce. Il mix perfetto di spiaggia e gastronomia e una sosta obbligatoria prima di salire a La Mola.[\/vc_column_text][\/vc_column][vc_column width=&#8221;1\/3&#8243;][vc_column_text]<div id=\"sidebar_ficha\"><a class=\"sidebar_breadcrumbs\" href=\"https:\/\/www.formentera.es\/it\/esplorare\/spiagge\/\"><i class=\"fa fa-angle-left\"><\/i>Torna a Spiagge<\/a><div class=\"content_sidebar\"><div class=\"tit_medium\">Informazioni utili<\/div><div id=\"mapaficha\"><a href=\"https:\/\/goo.gl\/maps\/2xYPz7goN142\" target=\"_blank\"><img decoding=\"async\" src=\"https:\/\/www.formentera.es\/wp-content\/uploads\/2018\/11\/mapa_platgetes.png\"><\/a><\/div><div class=\"\"><a href=\"https:\/\/www.google.com\/maps?saddr=My+Location&daddr=38.6765203,1.5112499\" target=\"_blank\"><i class=\"fa fa-location-arrow\"><\/i><span>Come arrivare?<\/span><\/a><\/div><div class=\"tit_medium\">Downloads<\/div><div class=\"\"><a href=\"https:\/\/www.formentera.es\/wp-content\/uploads\/2024\/09\/GUIDA-ALLE-SPIAGGE_ITA.pdf\" target=\"_blank\"><i class=\"fa fa-arrow-circle-o-down\"><\/i><span>Guida alle spiagge<\/span><\/a><\/div><div class=\"bloc_share\"><div class=\"blocs1\"><div class=\"tit_medium\">Condividi<\/div><div class=\"redes_ficha\"><div class=\"fa fa-brands fa-x-twitter st-custom-button\" data-network=\"twitter\"><\/div><div class=\"fa fa-facebook st-custom-button\" data-network=\"facebook\"><\/div><div class=\"fa fa-pinterest-p st-custom-button\" data-network=\"pinterest\"><\/div><\/div><\/div><div class=\"blocs2\"><div class=\"tit_medium\">Invia ad un amico<\/div><div class=\"redes_ficha\"><div class=\"fa fa-envelope st-custom-button\" data-network=\"email\"><\/div><div class=\"fa fa-whatsapp st-custom-button\" data-network=\"whatsapp\"><\/div><\/div><\/div><\/div><\/div><\/div>[\/vc_column_text][\/vc_column][\/vc_row][vc_row full_width=&#8221;stretch_row_content_no_spaces&#8221;][vc_column][vc_column_text]<style>#jtg-936 .modula-item .jtg-social a, .lightbox-socials.jtg-social a{ fill: #ffffff; color: #ffffff }#jtg-936 .modula-item .jtg-social-mobile a{ fill: #ffffff; color: #ffffff }#jtg-936 .modula-item .jtg-social svg, .lightbox-socials.jtg-social svg { height: 16px; width: 16px }#jtg-936 .modula-item .jtg-social-mobile svg { height: 16px; width: 16px }#jtg-936 .modula-item .jtg-social a:not(:last-child), .lightbox-socials.jtg-social a:not(:last-child) { margin-right: 10px }#jtg-936 .modula-item .jtg-social-mobile .jtg-social-mobile-icons a:not(:last-child){ margin-right: 10px }#jtg-936 .modula-item .figc {color:#ffffff;}#jtg-936 .modula-item .modula-item-content { transform: scale(1) }#jtg-936 .modula-items .figc p.description { font-size:14px; }#jtg-936 .modula-items .figc p.description { color:#ffffff;}#jtg-936.modula-gallery .modula-item > a, #jtg-936.modula-gallery .modula-item, #jtg-936.modula-gallery .modula-item-content > a:not(.modula-no-follow) { cursor:zoom-in; } #jtg-936.modula-gallery .modula-item-content .modula-no-follow { cursor: default; } #jtg-936 .modula-item { background-color:#000000; }#jtg-936 .modula-item:hover img { opacity: 0.5; }#jtg-936 .modula-item { transform: scale(1) translate(0px,0px) rotate(0deg); }@media screen and (max-width:480px){#jtg-936 .modula-item .figc .jtg-title {  font-size: 12px; }#jtg-936 .modula-items .figc p.description { color:#ffffff;font-size:10px; }}<\/style>\n<div  id=\"jtg-936\" class=\"modula modula-gallery modula-custom-grid\" data-config=\"{&quot;height&quot;:800,&quot;tabletHeight&quot;:800,&quot;mobileHeight&quot;:800,&quot;desktopHeight&quot;:800,&quot;enableTwitter&quot;:false,&quot;enableWhatsapp&quot;:false,&quot;enableFacebook&quot;:false,&quot;enablePinterest&quot;:false,&quot;enableLinkedin&quot;:false,&quot;enableEmail&quot;:false,&quot;randomFactor&quot;:0.5,&quot;type&quot;:&quot;custom-grid&quot;,&quot;columns&quot;:12,&quot;gutter&quot;:10,&quot;mobileGutter&quot;:10,&quot;tabletGutter&quot;:10,&quot;desktopGutter&quot;:10,&quot;enableResponsive&quot;:true,&quot;tabletColumns&quot;:2,&quot;mobileColumns&quot;:1,&quot;lazyLoad&quot;:&quot;0&quot;,&quot;lightboxOpts&quot;:{&quot;animated&quot;:true,&quot;Thumbs&quot;:{&quot;type&quot;:&quot;modern&quot;,&quot;showOnStart&quot;:false},&quot;Toolbar&quot;:{&quot;display&quot;:{&quot;right&quot;:[&quot;close&quot;]},&quot;enabled&quot;:true},&quot;Carousel&quot;:{&quot;Panzoom&quot;:{&quot;touch&quot;:false},&quot;infinite&quot;:false},&quot;keyboard&quot;:{&quot;Escape&quot;:&quot;close&quot;,&quot;Delete&quot;:&quot;close&quot;,&quot;Backspace&quot;:&quot;close&quot;,&quot;PageUp&quot;:false,&quot;PageDown&quot;:false,&quot;ArrowUp&quot;:false,&quot;ArrowDown&quot;:false,&quot;ArrowRight&quot;:false,&quot;ArrowLeft&quot;:false},&quot;touch&quot;:false,&quot;backdropClick&quot;:false,&quot;l10n&quot;:{&quot;CLOSE&quot;:&quot;Close&quot;,&quot;NEXT&quot;:&quot;Next&quot;,&quot;PREV&quot;:&quot;Previous&quot;,&quot;Error&quot;:&quot;The requested content cannot be loaded. Please try again later.&quot;,&quot;PLAY_START&quot;:&quot;Start slideshow&quot;,&quot;PLAY_STOP&quot;:&quot;Pause slideshow&quot;,&quot;FULL_SCREEN&quot;:&quot;Full screen&quot;,&quot;THUMBS&quot;:&quot;Thumbnails&quot;,&quot;DOWNLOAD&quot;:&quot;Download&quot;,&quot;SHARE&quot;:&quot;Share&quot;,&quot;ZOOM&quot;:&quot;Zoom&quot;,&quot;EMAIL&quot;:&quot;Here is the link to the image : %%image_link%% and this is the link to the gallery : %%gallery_link%%&quot;,&quot;MODAL&quot;:&quot;You can close this modal content with the ESC key&quot;,&quot;ERROR&quot;:&quot;Something Went Wrong, Please Try Again Later&quot;,&quot;IMAGE_ERROR&quot;:&quot;Image Not Found&quot;,&quot;ELEMENT_NOT_FOUND&quot;:&quot;HTML Element Not Found&quot;,&quot;AJAX_NOT_FOUND&quot;:&quot;Error Loading AJAX : Not Found&quot;,&quot;AJAX_FORBIDDEN&quot;:&quot;Error Loading AJAX : Forbidden&quot;,&quot;IFRAME_ERROR&quot;:&quot;Error Loading Page&quot;,&quot;TOGGLE_ZOOM&quot;:&quot;Toggle zoom level&quot;,&quot;TOGGLE_THUMBS&quot;:&quot;Toggle thumbnails&quot;,&quot;TOGGLE_SLIDESHOW&quot;:&quot;Toggle slideshow&quot;,&quot;TOGGLE_FULLSCREEN&quot;:&quot;Toggle full-screen mode&quot;},&quot;Images&quot;:{&quot;Panzoom&quot;:{&quot;maxScale&quot;:2}},&quot;mainClass&quot;:&quot;modula-fancybox-container modula-lightbox-jtg-936&quot;,&quot;Html&quot;:{&quot;videoAutoplay&quot;:0,&quot;videoTpl&quot;:&quot;&lt;video class=\\&quot;fancybox__html5video\\&quot; controls muted playsinline controlsList controlsList=\\&quot;nodownload\\&quot; poster=\\&quot;{{poster}}\\&quot; src=\\&quot;{{src}}\\&quot; type=\\&quot;{{format}}\\&quot; &gt;  Sorry, your browser doesn&#039;t support embedded videos, &lt;a href=\\&quot;{{src}}\\&quot;&gt; download &lt;\\\/a&gt; and watch with your favorite video player! &lt;\\\/video&gt;&quot;}},&quot;inView&quot;:false,&quot;email_subject&quot;:&quot;\\u00a1\\u00a1Mira esta impresionante imagen!!&quot;,&quot;email_message&quot;:&quot;Este es el enlace a la imagen: %%image_link%% y este es el enlace a la galer\\u00eda: %%gallery_link%%&quot;,&quot;lightbox&quot;:&quot;fancybox&quot;,&quot;filterClick&quot;:&quot;0&quot;,&quot;defaultActiveFilter&quot;:&quot;all&quot;}\">\n\n\t\n\t<div  class=\"modula-items\">\n\t\t<div class=\"modula-item effect-quiet jtg-filter-all jtg-filter-\" data-width=\"6\" data-height=\"4\" >\n\t<div class=\"modula-item-overlay\"><\/div>\n\n\t<div class=\"modula-item-content\">\n\n\t\t\t\t\n\t\t\t\t\t<a data-image-id=\"942\" tabindex=\"0\" href=\"https:\/\/www.formentera.es\/wp-content\/uploads\/2018\/11\/shutterstock_181788581.jpg\" rel=\"jtg-936\" data-caption=\"\" aria-label=\"Open image in lightbox\" role=\"button\" data-cyclefilter=\"show\" data-fancybox=\"jtg-936\" class=\"tile-inner modula-item-link\"><\/a>\n\t\t\n\t\t<img loading=\"lazy\" decoding=\"async\" class=\"pic wp-image-942\"  data-valign=\"middle\" data-halign=\"center\" alt=\"\" data-full=\"https:\/\/www.formentera.es\/wp-content\/uploads\/2018\/11\/shutterstock_181788581.jpg\" title=\"shutterstock_181788581\" width=\"1900\" height=\"1900\" src=\"https:\/\/www.formentera.es\/wp-content\/uploads\/2018\/11\/shutterstock_181788581.jpg\" data-src=\"https:\/\/www.formentera.es\/wp-content\/uploads\/2018\/11\/shutterstock_181788581.jpg\" data-caption=\"\" srcset=\"https:\/\/www.formentera.es\/wp-content\/uploads\/2018\/11\/shutterstock_181788581.jpg 1900w, https:\/\/www.formentera.es\/wp-content\/uploads\/2018\/11\/shutterstock_181788581-150x150.jpg 150w, https:\/\/www.formentera.es\/wp-content\/uploads\/2018\/11\/shutterstock_181788581-300x300.jpg 300w, https:\/\/www.formentera.es\/wp-content\/uploads\/2018\/11\/shutterstock_181788581-768x768.jpg 768w, https:\/\/www.formentera.es\/wp-content\/uploads\/2018\/11\/shutterstock_181788581-1024x1024.jpg 1024w\" sizes=\"auto, (max-width: 1900px) 100vw, 1900px\" \/>\n\t\t<div class=\"figc no-description\">\n\t\t\t<div class=\"figc-inner\">\n\t\t\t\t\t\t\t\t\t\t\t\t\t\t\t<\/div>\n\t\t<\/div>\n\n\t<\/div>\n\n<\/div><div class=\"modula-item effect-quiet jtg-filter-all jtg-filter-\" data-width=\"6\" data-height=\"4\" >\n\t<div class=\"modula-item-overlay\"><\/div>\n\n\t<div class=\"modula-item-content\">\n\n\t\t\t\t\n\t\t\t\t\t<a data-image-id=\"939\" tabindex=\"0\" href=\"https:\/\/www.formentera.es\/wp-content\/uploads\/2018\/11\/escalonens.jpg\" rel=\"jtg-936\" data-caption=\"\" aria-label=\"Open image in lightbox\" role=\"button\" data-cyclefilter=\"show\" data-fancybox=\"jtg-936\" class=\"tile-inner modula-item-link\"><\/a>\n\t\t\n\t\t<img loading=\"lazy\" decoding=\"async\" class=\"pic wp-image-939\"  data-valign=\"middle\" data-halign=\"center\" alt=\"\" data-full=\"https:\/\/www.formentera.es\/wp-content\/uploads\/2018\/11\/escalonens.jpg\" title=\"escalonens\" width=\"1900\" height=\"1380\" src=\"https:\/\/www.formentera.es\/wp-content\/uploads\/2018\/11\/escalonens.jpg\" data-src=\"https:\/\/www.formentera.es\/wp-content\/uploads\/2018\/11\/escalonens.jpg\" data-caption=\"\" srcset=\"https:\/\/www.formentera.es\/wp-content\/uploads\/2018\/11\/escalonens.jpg 1900w, https:\/\/www.formentera.es\/wp-content\/uploads\/2018\/11\/escalonens-300x218.jpg 300w, https:\/\/www.formentera.es\/wp-content\/uploads\/2018\/11\/escalonens-768x558.jpg 768w, https:\/\/www.formentera.es\/wp-content\/uploads\/2018\/11\/escalonens-1024x744.jpg 1024w\" sizes=\"auto, (max-width: 1900px) 100vw, 1900px\" \/>\n\t\t<div class=\"figc no-description\">\n\t\t\t<div class=\"figc-inner\">\n\t\t\t\t\t\t\t\t\t\t\t\t\t\t\t<\/div>\n\t\t<\/div>\n\n\t<\/div>\n\n<\/div><div class=\"modula-item effect-quiet jtg-filter-all jtg-filter-\" data-width=\"4\" data-height=\"3\" >\n\t<div class=\"modula-item-overlay\"><\/div>\n\n\t<div class=\"modula-item-content\">\n\n\t\t\t\t\n\t\t\t\t\t<a data-image-id=\"938\" tabindex=\"0\" href=\"https:\/\/www.formentera.es\/wp-content\/uploads\/2018\/11\/ES-CARNATGE_Moonkoala.jpg\" rel=\"jtg-936\" data-caption=\"\" aria-label=\"Open image in lightbox\" role=\"button\" data-cyclefilter=\"show\" data-fancybox=\"jtg-936\" class=\"tile-inner modula-item-link\"><\/a>\n\t\t\n\t\t<img loading=\"lazy\" decoding=\"async\" class=\"pic wp-image-938\"  data-valign=\"middle\" data-halign=\"center\" alt=\"\" data-full=\"https:\/\/www.formentera.es\/wp-content\/uploads\/2018\/11\/ES-CARNATGE_Moonkoala.jpg\" title=\"ES CARNATGE_Moonkoala\" width=\"1900\" height=\"1267\" src=\"https:\/\/www.formentera.es\/wp-content\/uploads\/2018\/11\/ES-CARNATGE_Moonkoala.jpg\" data-src=\"https:\/\/www.formentera.es\/wp-content\/uploads\/2018\/11\/ES-CARNATGE_Moonkoala.jpg\" data-caption=\"\" srcset=\"https:\/\/www.formentera.es\/wp-content\/uploads\/2018\/11\/ES-CARNATGE_Moonkoala.jpg 1900w, https:\/\/www.formentera.es\/wp-content\/uploads\/2018\/11\/ES-CARNATGE_Moonkoala-300x200.jpg 300w, https:\/\/www.formentera.es\/wp-content\/uploads\/2018\/11\/ES-CARNATGE_Moonkoala-768x512.jpg 768w, https:\/\/www.formentera.es\/wp-content\/uploads\/2018\/11\/ES-CARNATGE_Moonkoala-1024x683.jpg 1024w\" sizes=\"auto, (max-width: 1900px) 100vw, 1900px\" \/>\n\t\t<div class=\"figc no-description\">\n\t\t\t<div class=\"figc-inner\">\n\t\t\t\t\t\t\t\t\t\t\t\t\t\t\t<\/div>\n\t\t<\/div>\n\n\t<\/div>\n\n<\/div><div class=\"modula-item effect-quiet jtg-filter-all jtg-filter-\" data-width=\"4\" data-height=\"3\" >\n\t<div class=\"modula-item-overlay\"><\/div>\n\n\t<div class=\"modula-item-content\">\n\n\t\t\t\t\n\t\t\t\t\t<a data-image-id=\"941\" tabindex=\"0\" href=\"https:\/\/www.formentera.es\/wp-content\/uploads\/2018\/11\/sesplatgetes-1_Laura-Abad.jpg\" rel=\"jtg-936\" data-caption=\"\" aria-label=\"Open image in lightbox\" role=\"button\" data-cyclefilter=\"show\" data-fancybox=\"jtg-936\" class=\"tile-inner modula-item-link\"><\/a>\n\t\t\n\t\t<img loading=\"lazy\" decoding=\"async\" class=\"pic wp-image-941\"  data-valign=\"middle\" data-halign=\"center\" alt=\"\" data-full=\"https:\/\/www.formentera.es\/wp-content\/uploads\/2018\/11\/sesplatgetes-1_Laura-Abad.jpg\" title=\"sesplatgetes-1_Laura Abad\" width=\"1900\" height=\"1231\" src=\"https:\/\/www.formentera.es\/wp-content\/uploads\/2018\/11\/sesplatgetes-1_Laura-Abad.jpg\" data-src=\"https:\/\/www.formentera.es\/wp-content\/uploads\/2018\/11\/sesplatgetes-1_Laura-Abad.jpg\" data-caption=\"\" srcset=\"https:\/\/www.formentera.es\/wp-content\/uploads\/2018\/11\/sesplatgetes-1_Laura-Abad.jpg 1900w, https:\/\/www.formentera.es\/wp-content\/uploads\/2018\/11\/sesplatgetes-1_Laura-Abad-300x194.jpg 300w, https:\/\/www.formentera.es\/wp-content\/uploads\/2018\/11\/sesplatgetes-1_Laura-Abad-768x498.jpg 768w, https:\/\/www.formentera.es\/wp-content\/uploads\/2018\/11\/sesplatgetes-1_Laura-Abad-1024x663.jpg 1024w\" sizes=\"auto, (max-width: 1900px) 100vw, 1900px\" \/>\n\t\t<div class=\"figc no-description\">\n\t\t\t<div class=\"figc-inner\">\n\t\t\t\t\t\t\t\t\t\t\t\t\t\t\t<\/div>\n\t\t<\/div>\n\n\t<\/div>\n\n<\/div><div class=\"modula-item effect-quiet jtg-filter-all jtg-filter-\" data-width=\"4\" data-height=\"3\" >\n\t<div class=\"modula-item-overlay\"><\/div>\n\n\t<div class=\"modula-item-content\">\n\n\t\t\t\t\n\t\t\t\t\t<a data-image-id=\"937\" tabindex=\"0\" href=\"https:\/\/www.formentera.es\/wp-content\/uploads\/2018\/11\/Es-carnatge_aigua_Moonkoala.jpg\" rel=\"jtg-936\" data-caption=\"\" aria-label=\"Open image in lightbox\" role=\"button\" data-cyclefilter=\"show\" data-fancybox=\"jtg-936\" class=\"tile-inner modula-item-link\"><\/a>\n\t\t\n\t\t<img loading=\"lazy\" decoding=\"async\" class=\"pic wp-image-937\"  data-valign=\"middle\" data-halign=\"center\" alt=\"\" data-full=\"https:\/\/www.formentera.es\/wp-content\/uploads\/2018\/11\/Es-carnatge_aigua_Moonkoala.jpg\" title=\"Es carnatge_aigua_Moonkoala\" width=\"1900\" height=\"1251\" src=\"https:\/\/www.formentera.es\/wp-content\/uploads\/2018\/11\/Es-carnatge_aigua_Moonkoala.jpg\" data-src=\"https:\/\/www.formentera.es\/wp-content\/uploads\/2018\/11\/Es-carnatge_aigua_Moonkoala.jpg\" data-caption=\"\" srcset=\"https:\/\/www.formentera.es\/wp-content\/uploads\/2018\/11\/Es-carnatge_aigua_Moonkoala.jpg 1900w, https:\/\/www.formentera.es\/wp-content\/uploads\/2018\/11\/Es-carnatge_aigua_Moonkoala-300x198.jpg 300w, https:\/\/www.formentera.es\/wp-content\/uploads\/2018\/11\/Es-carnatge_aigua_Moonkoala-768x506.jpg 768w, https:\/\/www.formentera.es\/wp-content\/uploads\/2018\/11\/Es-carnatge_aigua_Moonkoala-1024x674.jpg 1024w\" sizes=\"auto, (max-width: 1900px) 100vw, 1900px\" \/>\n\t\t<div class=\"figc no-description\">\n\t\t\t<div class=\"figc-inner\">\n\t\t\t\t\t\t\t\t\t\t\t\t\t\t\t<\/div>\n\t\t<\/div>\n\n\t<\/div>\n\n<\/div>\t\t\n\t<\/div>\n\n\t\n\t\n\t<script type=\"application\/ld+json\">\n\t{\n\t\t\"@context\": \"http:\/\/schema.org\",\n\t\t\"@type\"   : \"ImageGallery\",\n\t\t\"id\"      : \"https:\/\/www.formentera.es\/it\/esplorare\/spiagge\/ses-platgetes\/\",\n\t\t\"url\"     : \"https:\/\/www.formentera.es\/it\/esplorare\/spiagge\/ses-platgetes\/\"\n\t}\n\n\t<\/script>\n\n\t\n<\/div>\n[\/vc_column_text][\/vc_column][\/vc_row][vc_row][vc_column][vc_column_text]<div id=\"siguexpl\" class=\"container sc\"><h2>Continua ad esplorare<\/h2><div class=\"row\"><a href=\"https:\/\/www.formentera.es\/it\/esplorare\/luoghi-di-interesse\/\" class=\"col-md-4\">\n\t\t\t\t\t\t<div class=\"row\">\n\t\t\t\t\t\t\t<div class=\"col-sm-4\" style=\"background-image: url(https:\/\/www.formentera.es\/wp-content\/uploads\/2018\/12\/audio_16-mp3-image-300x297.png)\"><\/div>\n\t\t\t\t\t\t\t<div class=\"col-sm-8\">\n\t\t\t\t\t\t\t\tLuoghi di interesse\n\t\t\t\t\t\t\t\t<i class=\"fa fa-angle-right\"><\/i>\n\t\t\t\t\t\t\t<\/div>\n\t\t\t\t\t\t\t<div class=\"bhover\"><\/div>\n\t\t\t\t\t\t<\/div>\n\t\t\t\t\t\t\n\t\t\t\t\t<\/a><a href=\"https:\/\/www.formentera.es\/it\/lisola\/\" class=\"col-md-4\">\n\t\t\t\t\t\t<div class=\"row\">\n\t\t\t\t\t\t\t<div class=\"col-sm-4\" style=\"background-image: url(https:\/\/www.formentera.es\/wp-content\/uploads\/2019\/01\/AdobeStock_68411178-300x179.jpg)\"><\/div>\n\t\t\t\t\t\t\t<div class=\"col-sm-8\">\n\t\t\t\t\t\t\t\tL\u2019Isola\n\t\t\t\t\t\t\t\t<i class=\"fa fa-angle-right\"><\/i>\n\t\t\t\t\t\t\t<\/div>\n\t\t\t\t\t\t\t<div class=\"bhover\"><\/div>\n\t\t\t\t\t\t<\/div>\n\t\t\t\t\t\t\n\t\t\t\t\t<\/a><a href=\"https:\/\/www.formentera.es\/it\/esplorare\/attivita\/\" class=\"col-md-4\">\n\t\t\t\t\t\t<div class=\"row\">\n\t\t\t\t\t\t\t<div class=\"col-sm-4\" style=\"background-image: url(https:\/\/www.formentera.es\/wp-content\/uploads\/2018\/11\/ESCUELA-MUNICIPAL-DE-VELA-4NOMADAS-jjfoto\u0300graf-16-300x207.jpg)\"><\/div>\n\t\t\t\t\t\t\t<div class=\"col-sm-8\">\n\t\t\t\t\t\t\t\tAttivit\u00e0\n\t\t\t\t\t\t\t\t<i class=\"fa fa-angle-right\"><\/i>\n\t\t\t\t\t\t\t<\/div>\n\t\t\t\t\t\t\t<div class=\"bhover\"><\/div>\n\t\t\t\t\t\t<\/div>\n\t\t\t\t\t\t\n\t\t\t\t\t<\/a><\/div><\/div>[\/vc_column_text][\/vc_column][\/vc_row][vc_row full_width=&#8221;stretch_row_content&#8221; equal_height=&#8221;yes&#8221; css=&#8221;.vc_custom_1549021299498{padding-top: 80px !important;}&#8221; el_class=&#8221;bloque_maseventos&#8221;][vc_column][vc_column_text el_class=&#8221;h1&#8243;]<\/p>\n<h2 style=\"text-align: center;\">Eventi a Formentera<\/h2>\n<p>[\/vc_column_text][vc_basic_grid post_type=&#8221;post&#8221; max_items=&#8221;3&#8243; orderby=&#8221;rand&#8221; item=&#8221;1524&#8243; grid_id=&#8221;vc_gid:1557398870440-1a03c676-5f32-2&#8243; taxonomies=&#8221;17&#8243;][vc_btn title=&#8221;Pi\u00f9 eventi&#8221; style=&#8221;flat&#8221; shape=&#8221;square&#8221; color=&#8221;white&#8221; size=&#8221;lg&#8221; align=&#8221;center&#8221; i_align=&#8221;right&#8221; i_type=&#8221;entypo&#8221; i_icon_entypo=&#8221;entypo-icon entypo-icon-right-open-big&#8221; add_icon=&#8221;true&#8221; el_class=&#8221;btn_more&#8221; link=&#8221;url:https%3A%2F%2Fwww.formentera.es%2Fit%2Feventi%2F|||&#8221;][\/vc_column][\/vc_row]<\/p>\n<\/div>","protected":false},"excerpt":{"rendered":"<p>[vc_row full_width=&#8221;stretch_row&#8221;][vc_column width=&#8221;2\/3&#8243; css=&#8221;.vc_custom_1530269560078{padding-right: 5% !important;}&#8221;][vc_column_text el_class=&#8221;texto_ficha&#8221;] Tre spiagge sabbiose in cui godersi il sole, [&hellip;]<\/p>\n","protected":false},"author":1,"featured_media":33478,"parent":6097,"menu_order":0,"comment_status":"closed","ping_status":"closed","template":"page-ficha.php","meta":{"_acf_changed":false,"footnotes":""},"categories":[],"class_list":["post-6546","page","type-page","status-publish","hentry"],"acf":[],"yoast_head":"<!-- This site is optimized with the Yoast SEO plugin v25.5 - https:\/\/yoast.com\/wordpress\/plugins\/seo\/ -->\n<title>Ses Platgetes | Turismo de Formentera<\/title>\n<meta name=\"robots\" content=\"index, follow, max-snippet:-1, max-image-preview:large, max-video-preview:-1\" \/>\n<link rel=\"canonical\" href=\"https:\/\/www.formentera.es\/it\/esplorare\/spiagge\/ses-platgetes\/\" \/>\n<meta property=\"og:locale\" content=\"it_IT\" \/>\n<meta property=\"og:type\" content=\"article\" \/>\n<meta property=\"og:title\" content=\"Ses Platgetes | Turismo de Formentera\" \/>\n<meta property=\"og:description\" content=\"[vc_row full_width=&#8221;stretch_row&#8221;][vc_column width=&#8221;2\/3&#8243; css=&#8221;.vc_custom_1530269560078{padding-right: 5% !important;}&#8221;][vc_column_text el_class=&#8221;texto_ficha&#8221;] Tre spiagge sabbiose in cui godersi il sole, [&hellip;]\" \/>\n<meta property=\"og:url\" content=\"https:\/\/www.formentera.es\/it\/esplorare\/spiagge\/ses-platgetes\/\" \/>\n<meta property=\"og:site_name\" content=\"Turismo de Formentera\" \/>\n<meta property=\"article:publisher\" content=\"https:\/\/www.facebook.com\/turismoformentera\/\" \/>\n<meta property=\"article:modified_time\" content=\"2024-09-24T07:05:59+00:00\" \/>\n<meta property=\"og:image\" content=\"https:\/\/www.formentera.es\/wp-content\/uploads\/2024\/08\/es-calo-cenital-e1725982375463.jpg\" \/>\n\t<meta property=\"og:image:width\" content=\"2048\" \/>\n\t<meta property=\"og:image:height\" content=\"1152\" \/>\n\t<meta property=\"og:image:type\" content=\"image\/jpeg\" \/>\n<meta name=\"twitter:card\" content=\"summary_large_image\" \/>\n<meta name=\"twitter:site\" content=\"@visitformentera\" \/>\n<meta name=\"twitter:label1\" content=\"Tempo di lettura stimato\" \/>\n\t<meta name=\"twitter:data1\" content=\"3 minuti\" \/>\n<script type=\"application\/ld+json\" class=\"yoast-schema-graph\">{\"@context\":\"https:\/\/schema.org\",\"@graph\":[{\"@type\":\"WebPage\",\"@id\":\"https:\/\/www.formentera.es\/it\/esplorare\/spiagge\/ses-platgetes\/\",\"url\":\"https:\/\/www.formentera.es\/it\/esplorare\/spiagge\/ses-platgetes\/\",\"name\":\"Ses Platgetes | Turismo de Formentera\",\"isPartOf\":{\"@id\":\"https:\/\/www.formentera.es\/#website\"},\"primaryImageOfPage\":{\"@id\":\"https:\/\/www.formentera.es\/it\/esplorare\/spiagge\/ses-platgetes\/#primaryimage\"},\"image\":{\"@id\":\"https:\/\/www.formentera.es\/it\/esplorare\/spiagge\/ses-platgetes\/#primaryimage\"},\"thumbnailUrl\":\"https:\/\/www.formentera.es\/wp-content\/uploads\/2024\/08\/es-calo-cenital-e1725982375463.jpg\",\"datePublished\":\"2018-06-28T14:03:51+00:00\",\"dateModified\":\"2024-09-24T07:05:59+00:00\",\"breadcrumb\":{\"@id\":\"https:\/\/www.formentera.es\/it\/esplorare\/spiagge\/ses-platgetes\/#breadcrumb\"},\"inLanguage\":\"it-IT\",\"potentialAction\":[{\"@type\":\"ReadAction\",\"target\":[\"https:\/\/www.formentera.es\/it\/esplorare\/spiagge\/ses-platgetes\/\"]}]},{\"@type\":\"ImageObject\",\"inLanguage\":\"it-IT\",\"@id\":\"https:\/\/www.formentera.es\/it\/esplorare\/spiagge\/ses-platgetes\/#primaryimage\",\"url\":\"https:\/\/www.formentera.es\/wp-content\/uploads\/2024\/08\/es-calo-cenital-e1725982375463.jpg\",\"contentUrl\":\"https:\/\/www.formentera.es\/wp-content\/uploads\/2024\/08\/es-calo-cenital-e1725982375463.jpg\",\"width\":2048,\"height\":1152,\"caption\":\"default\"},{\"@type\":\"BreadcrumbList\",\"@id\":\"https:\/\/www.formentera.es\/it\/esplorare\/spiagge\/ses-platgetes\/#breadcrumb\",\"itemListElement\":[{\"@type\":\"ListItem\",\"position\":1,\"name\":\"Portada\",\"item\":\"https:\/\/www.formentera.es\/it\/\"},{\"@type\":\"ListItem\",\"position\":2,\"name\":\"Esplorare\",\"item\":\"https:\/\/www.formentera.es\/explorar\/\"},{\"@type\":\"ListItem\",\"position\":3,\"name\":\"Spiagge\",\"item\":\"https:\/\/www.formentera.es\/it\/esplorare\/spiagge\/\"},{\"@type\":\"ListItem\",\"position\":4,\"name\":\"Ses Platgetes\"}]},{\"@type\":\"WebSite\",\"@id\":\"https:\/\/www.formentera.es\/#website\",\"url\":\"https:\/\/www.formentera.es\/\",\"name\":\"Turismo de Formentera\",\"description\":\"Web oficial de Turismo de Formentera\",\"potentialAction\":[{\"@type\":\"SearchAction\",\"target\":{\"@type\":\"EntryPoint\",\"urlTemplate\":\"https:\/\/www.formentera.es\/?s={search_term_string}\"},\"query-input\":{\"@type\":\"PropertyValueSpecification\",\"valueRequired\":true,\"valueName\":\"search_term_string\"}}],\"inLanguage\":\"it-IT\"}]}<\/script>\n<!-- \/ Yoast SEO plugin. -->","yoast_head_json":{"title":"Ses Platgetes | Turismo de Formentera","robots":{"index":"index","follow":"follow","max-snippet":"max-snippet:-1","max-image-preview":"max-image-preview:large","max-video-preview":"max-video-preview:-1"},"canonical":"https:\/\/www.formentera.es\/it\/esplorare\/spiagge\/ses-platgetes\/","og_locale":"it_IT","og_type":"article","og_title":"Ses Platgetes | Turismo de Formentera","og_description":"[vc_row full_width=&#8221;stretch_row&#8221;][vc_column width=&#8221;2\/3&#8243; css=&#8221;.vc_custom_1530269560078{padding-right: 5% !important;}&#8221;][vc_column_text el_class=&#8221;texto_ficha&#8221;] Tre spiagge sabbiose in cui godersi il sole, [&hellip;]","og_url":"https:\/\/www.formentera.es\/it\/esplorare\/spiagge\/ses-platgetes\/","og_site_name":"Turismo de Formentera","article_publisher":"https:\/\/www.facebook.com\/turismoformentera\/","article_modified_time":"2024-09-24T07:05:59+00:00","og_image":[{"width":2048,"height":1152,"url":"https:\/\/www.formentera.es\/wp-content\/uploads\/2024\/08\/es-calo-cenital-e1725982375463.jpg","type":"image\/jpeg"}],"twitter_card":"summary_large_image","twitter_site":"@visitformentera","twitter_misc":{"Tempo di lettura stimato":"3 minuti"},"schema":{"@context":"https:\/\/schema.org","@graph":[{"@type":"WebPage","@id":"https:\/\/www.formentera.es\/it\/esplorare\/spiagge\/ses-platgetes\/","url":"https:\/\/www.formentera.es\/it\/esplorare\/spiagge\/ses-platgetes\/","name":"Ses Platgetes | Turismo de Formentera","isPartOf":{"@id":"https:\/\/www.formentera.es\/#website"},"primaryImageOfPage":{"@id":"https:\/\/www.formentera.es\/it\/esplorare\/spiagge\/ses-platgetes\/#primaryimage"},"image":{"@id":"https:\/\/www.formentera.es\/it\/esplorare\/spiagge\/ses-platgetes\/#primaryimage"},"thumbnailUrl":"https:\/\/www.formentera.es\/wp-content\/uploads\/2024\/08\/es-calo-cenital-e1725982375463.jpg","datePublished":"2018-06-28T14:03:51+00:00","dateModified":"2024-09-24T07:05:59+00:00","breadcrumb":{"@id":"https:\/\/www.formentera.es\/it\/esplorare\/spiagge\/ses-platgetes\/#breadcrumb"},"inLanguage":"it-IT","potentialAction":[{"@type":"ReadAction","target":["https:\/\/www.formentera.es\/it\/esplorare\/spiagge\/ses-platgetes\/"]}]},{"@type":"ImageObject","inLanguage":"it-IT","@id":"https:\/\/www.formentera.es\/it\/esplorare\/spiagge\/ses-platgetes\/#primaryimage","url":"https:\/\/www.formentera.es\/wp-content\/uploads\/2024\/08\/es-calo-cenital-e1725982375463.jpg","contentUrl":"https:\/\/www.formentera.es\/wp-content\/uploads\/2024\/08\/es-calo-cenital-e1725982375463.jpg","width":2048,"height":1152,"caption":"default"},{"@type":"BreadcrumbList","@id":"https:\/\/www.formentera.es\/it\/esplorare\/spiagge\/ses-platgetes\/#breadcrumb","itemListElement":[{"@type":"ListItem","position":1,"name":"Portada","item":"https:\/\/www.formentera.es\/it\/"},{"@type":"ListItem","position":2,"name":"Esplorare","item":"https:\/\/www.formentera.es\/explorar\/"},{"@type":"ListItem","position":3,"name":"Spiagge","item":"https:\/\/www.formentera.es\/it\/esplorare\/spiagge\/"},{"@type":"ListItem","position":4,"name":"Ses Platgetes"}]},{"@type":"WebSite","@id":"https:\/\/www.formentera.es\/#website","url":"https:\/\/www.formentera.es\/","name":"Turismo de Formentera","description":"Web oficial de Turismo de Formentera","potentialAction":[{"@type":"SearchAction","target":{"@type":"EntryPoint","urlTemplate":"https:\/\/www.formentera.es\/?s={search_term_string}"},"query-input":{"@type":"PropertyValueSpecification","valueRequired":true,"valueName":"search_term_string"}}],"inLanguage":"it-IT"}]}},"_links":{"self":[{"href":"https:\/\/www.formentera.es\/it\/wp-json\/wp\/v2\/pages\/6546","targetHints":{"allow":["GET"]}}],"collection":[{"href":"https:\/\/www.formentera.es\/it\/wp-json\/wp\/v2\/pages"}],"about":[{"href":"https:\/\/www.formentera.es\/it\/wp-json\/wp\/v2\/types\/page"}],"author":[{"embeddable":true,"href":"https:\/\/www.formentera.es\/it\/wp-json\/wp\/v2\/users\/1"}],"replies":[{"embeddable":true,"href":"https:\/\/www.formentera.es\/it\/wp-json\/wp\/v2\/comments?post=6546"}],"version-history":[{"count":0,"href":"https:\/\/www.formentera.es\/it\/wp-json\/wp\/v2\/pages\/6546\/revisions"}],"up":[{"embeddable":true,"href":"https:\/\/www.formentera.es\/it\/wp-json\/wp\/v2\/pages\/6097"}],"wp:featuredmedia":[{"embeddable":true,"href":"https:\/\/www.formentera.es\/it\/wp-json\/wp\/v2\/media\/33478"}],"wp:attachment":[{"href":"https:\/\/www.formentera.es\/it\/wp-json\/wp\/v2\/media?parent=6546"}],"wp:term":[{"taxonomy":"category","embeddable":true,"href":"https:\/\/www.formentera.es\/it\/wp-json\/wp\/v2\/categories?post=6546"}],"curies":[{"name":"wp","href":"https:\/\/api.w.org\/{rel}","templated":true}]}}