{"id":6420,"date":"2018-12-12T07:41:57","date_gmt":"2018-12-12T09:41:57","guid":{"rendered":"https:\/\/www.formentera.es\/folletos-mapas-y-guias\/"},"modified":"2026-03-06T14:18:06","modified_gmt":"2026-03-06T13:18:06","slug":"opuscoli-mappe-e-guide","status":"publish","type":"page","link":"https:\/\/www.formentera.es\/it\/pianificazione\/opuscoli-mappe-e-guide\/","title":{"rendered":"Opuscoli, mappe e guide"},"content":{"rendered":"<div class=\"wpb-content-wrapper\"><p>[vc_row css=&#8221;.vc_custom_1547571029760{padding-top: 40px !important;}&#8221;][vc_column][vc_custom_heading source=&#8221;post_title&#8221; font_container=&#8221;tag:h1|text_align:center|color:%232e3a6e&#8221; use_theme_fonts=&#8221;yes&#8221;][vc_column_text css=&#8221;.vc_custom_1644320807014{padding-top: 40px !important;}&#8221;]<\/p>\n<p style=\"text-align: center;\">Abbiamo alcuni cataloghi in diverse lingue. <a href=\"https:\/\/www.formentera.es\/en\/planning\/brochures-maps-and-guides-other-languages\/\">Visita qui<\/a><\/p>\n<p>[\/vc_column_text][\/vc_column][\/vc_row][vc_row full_width=&#8221;stretch_row_content&#8221; gap=&#8221;20&#8243; equal_height=&#8221;yes&#8221; el_class=&#8221;descargas&#8221;][vc_column width=&#8221;1\/4&#8243;][vc_single_image image=&#8221;18853&#8243; img_size=&#8221;full&#8221; alignment=&#8221;center&#8221;][vc_column_text]<\/p>\n<h3>Manuale di turismo<\/h3>\n<p>[\/vc_column_text][vc_message message_box_style=&#8221;outline&#8221; style=&#8221;square&#8221; message_box_color=&#8221;white&#8221; icon_fontawesome=&#8221;fa fa-arrow-circle-o-down&#8221;]<a href=\"https:\/\/www.formentera.es\/wp-content\/uploads\/2024\/08\/Manual-Turista-ITALIANO.pdf\" target=\"_blank\" rel=\"noopener noreferrer\">Scarica PDF<\/a>[\/vc_message][\/vc_column][vc_column width=&#8221;1\/4&#8243;][vc_single_image image=&#8221;18984&#8243; img_size=&#8221;full&#8221; alignment=&#8221;center&#8221;][vc_column_text]<\/p>\n<h3>Circuiti verdi Formentera<\/h3>\n<p>[\/vc_column_text][vc_message message_box_style=&#8221;outline&#8221; style=&#8221;square&#8221; message_box_color=&#8221;white&#8221; icon_fontawesome=&#8221;fa fa-arrow-circle-o-down&#8221;]<a href=\"https:\/\/www.formentera.es\/wp-content\/uploads\/2023\/02\/CIRCUITI-VERDI-FORMENTERA.pdf\" target=\"_blank\" rel=\"noopener noreferrer\">Scarica PDF<\/a>[\/vc_message][\/vc_column][vc_column width=&#8221;1\/4&#8243;][vc_single_image image=&#8221;18948&#8243; img_size=&#8221;full&#8221; alignment=&#8221;center&#8221;][vc_column_text]<\/p>\n<h3>Il patrimonio culturale di Formentera<\/h3>\n<p>[\/vc_column_text][vc_message message_box_style=&#8221;outline&#8221; style=&#8221;square&#8221; message_box_color=&#8221;white&#8221; icon_fontawesome=&#8221;fa fa-arrow-circle-o-down&#8221;]<a href=\"https:\/\/www.formentera.es\/wp-content\/uploads\/2023\/02\/Il-patrimonio-culturale-di-Formentera.pdf\" target=\"_blank\" rel=\"noopener noreferrer\">Scarica PDF<\/a>[\/vc_message][\/vc_column][vc_column width=&#8221;1\/4&#8243;][vc_single_image image=&#8221;35466&#8243; img_size=&#8221;full&#8221; alignment=&#8221;center&#8221;][vc_column_text]<\/p>\n<h3>Guida alle spiagge<\/h3>\n<p>[\/vc_column_text][vc_message message_box_style=&#8221;outline&#8221; style=&#8221;square&#8221; message_box_color=&#8221;white&#8221; icon_fontawesome=&#8221;fa fa-arrow-circle-o-down&#8221;]<a href=\"https:\/\/www.formentera.es\/wp-content\/uploads\/2024\/09\/GUIDA-ALLE-SPIAGGE_ITA.pdf\" target=\"_blank\" rel=\"noopener noreferrer\">Scarica PDF<\/a>[\/vc_message][\/vc_column][\/vc_row][vc_row full_width=&#8221;stretch_row_content&#8221; gap=&#8221;20&#8243; equal_height=&#8221;yes&#8221; el_class=&#8221;descargas&#8221;][vc_column width=&#8221;1\/4&#8243;][vc_single_image image=&#8221;20266&#8243; img_size=&#8221;full&#8221; alignment=&#8221;center&#8221;][vc_column_text]<\/p>\n<h3>Turismo attivo<\/h3>\n<p>[\/vc_column_text][vc_message message_box_style=&#8221;outline&#8221; style=&#8221;square&#8221; message_box_color=&#8221;white&#8221; icon_fontawesome=&#8221;fa fa-arrow-circle-o-down&#8221;]<a href=\"https:\/\/www.formentera.es\/wp-content\/uploads\/2023\/09\/turisme_actiu_IT.pdf\" target=\"_blank\" rel=\"noopener noreferrer\">Scarica PDF<\/a>[\/vc_message][\/vc_column][vc_column width=&#8221;1\/4&#8243;][vc_single_image image=&#8221;20794&#8243; img_size=&#8221;full&#8221; alignment=&#8221;center&#8221;][vc_column_text]<\/p>\n<h3>Immersione subacquea a Formentera<\/h3>\n<p>[\/vc_column_text][vc_message message_box_style=&#8221;outline&#8221; style=&#8221;square&#8221; message_box_color=&#8221;white&#8221; icon_fontawesome=&#8221;fa fa-arrow-circle-o-down&#8221;]<a href=\"https:\/\/www.formentera.es\/wp-content\/uploads\/2023\/11\/cataleg_busseig_ITA.pdf\" target=\"_blank\" rel=\"noopener noreferrer\">Scarica PDF<\/a>[\/vc_message][\/vc_column][vc_column width=&#8221;1\/4&#8243;][vc_single_image image=&#8221;20801&#8243; img_size=&#8221;full&#8221; alignment=&#8221;center&#8221;][vc_column_text]<\/p>\n<h3>Snorkeling a Formentera<\/h3>\n<p>[\/vc_column_text][vc_message message_box_style=&#8221;outline&#8221; style=&#8221;square&#8221; message_box_color=&#8221;white&#8221; icon_fontawesome=&#8221;fa fa-arrow-circle-o-down&#8221;]<a href=\"https:\/\/www.formentera.es\/wp-content\/uploads\/2023\/11\/cataleg_SNORKEL_ITA.pdf\" target=\"_blank\" rel=\"noopener noreferrer\">Scarica PDF<\/a>[\/vc_message][\/vc_column][vc_column width=&#8221;1\/4&#8243;][vc_single_image image=&#8221;18955&#8243; img_size=&#8221;full&#8221; alignment=&#8221;center&#8221;][vc_column_text]<\/p>\n<h3>Formentera, un lusso differente<\/h3>\n<p>[\/vc_column_text][vc_message message_box_style=&#8221;outline&#8221; style=&#8221;square&#8221; message_box_color=&#8221;white&#8221; icon_fontawesome=&#8221;fa fa-arrow-circle-o-down&#8221;]<a href=\"https:\/\/www.formentera.es\/wp-content\/uploads\/2024\/09\/FORMENTERA-UN-LUSSO-DIFERENTE_ITA.pdf\" target=\"_blank\" rel=\"noopener noreferrer\">Scarica PDF<\/a>[\/vc_message][\/vc_column][\/vc_row][vc_row full_width=&#8221;stretch_row_content&#8221; gap=&#8221;20&#8243; equal_height=&#8221;yes&#8221; el_class=&#8221;descargas&#8221;][vc_column width=&#8221;1\/4&#8243;][vc_single_image image=&#8221;17705&#8243; img_size=&#8221;full&#8221; alignment=&#8221;center&#8221;][vc_column_text]<\/p>\n<h3>Formentera in famiglia<\/h3>\n<p>[\/vc_column_text][vc_message message_box_style=&#8221;outline&#8221; style=&#8221;square&#8221; message_box_color=&#8221;white&#8221; icon_fontawesome=&#8221;fa fa-arrow-circle-o-down&#8221;]<a href=\"https:\/\/www.formentera.es\/wp-content\/uploads\/2022\/08\/FORMENTERA-EN-FAMILIA-italiano.pdf\" target=\"_blank\" rel=\"noopener noreferrer\">Scarica PDF<\/a>[\/vc_message][\/vc_column][vc_column width=&#8221;1\/4&#8243;][vc_single_image image=&#8221;17462&#8243; img_size=&#8221;full&#8221; alignment=&#8221;center&#8221;][vc_column_text]<\/p>\n<h3>Formentera per bambini<\/h3>\n<p>[\/vc_column_text][vc_message message_box_style=&#8221;outline&#8221; style=&#8221;square&#8221; message_box_color=&#8221;white&#8221; icon_fontawesome=&#8221;fa fa-arrow-circle-o-down&#8221;]<a href=\"https:\/\/www.formentera.es\/wp-content\/uploads\/2022\/07\/Formentera-nens-i-nenes-2022.pdf\" target=\"_blank\" rel=\"noopener noreferrer\">Scarica PDF<\/a>[\/vc_message][\/vc_column][vc_column width=&#8221;1\/4&#8243;][vc_single_image image=&#8221;15244&#8243; img_size=&#8221;full&#8221; alignment=&#8221;center&#8221;][vc_column_text]<\/p>\n<h3>La flora di Formentera<\/h3>\n<p>[\/vc_column_text][vc_message message_box_style=&#8221;outline&#8221; style=&#8221;square&#8221; message_box_color=&#8221;white&#8221; icon_fontawesome=&#8221;fa fa-arrow-circle-o-down&#8221;]<a href=\"https:\/\/www.formentera.es\/wp-content\/uploads\/2021\/10\/flora-de-formentera_IT.pdf\" target=\"_blank\" rel=\"noopener noreferrer\">Scarica PDF<\/a>[\/vc_message][\/vc_column][vc_column width=&#8221;1\/4&#8243;][vc_single_image image=&#8221;18877&#8243; img_size=&#8221;full&#8221; alignment=&#8221;center&#8221;][vc_column_text]<\/p>\n<h3>Gli uccelli di Formentera<\/h3>\n<p>[\/vc_column_text][vc_message message_box_style=&#8221;outline&#8221; style=&#8221;square&#8221; message_box_color=&#8221;white&#8221; icon_fontawesome=&#8221;fa fa-arrow-circle-o-down&#8221;]<a href=\"https:\/\/www.formentera.es\/wp-content\/uploads\/2023\/01\/GLI-UCCELLI-DI-FORMENTERA.pdf\" target=\"_blank\" rel=\"noopener noreferrer\">Scarica PDF<\/a>[\/vc_message][\/vc_column][\/vc_row][vc_row full_width=&#8221;stretch_row_content&#8221; gap=&#8221;20&#8243; equal_height=&#8221;yes&#8221; el_class=&#8221;descargas&#8221;][vc_column width=&#8221;1\/4&#8243;][vc_single_image image=&#8221;18884&#8243; img_size=&#8221;full&#8221; alignment=&#8221;center&#8221;][vc_column_text]<\/p>\n<h3>Gastronomia di Formentera<\/h3>\n<p>[\/vc_column_text][vc_message message_box_style=&#8221;outline&#8221; style=&#8221;square&#8221; message_box_color=&#8221;white&#8221; icon_fontawesome=&#8221;fa fa-arrow-circle-o-down&#8221;]<a href=\"https:\/\/www.formentera.es\/wp-content\/uploads\/2023\/01\/GASTRONOMIA-DI-FORMENTERA.pdf\" target=\"_blank\" rel=\"noopener noreferrer\">Scarica PDF<\/a>[\/vc_message][\/vc_column][vc_column width=&#8221;1\/4&#8243;][vc_single_image image=&#8221;20808&#8243; img_size=&#8221;full&#8221; alignment=&#8221;center&#8221;][vc_column_text]<\/p>\n<h3>Astroturismo a Formentera<\/h3>\n<p>[\/vc_column_text][vc_message message_box_style=&#8221;outline&#8221; style=&#8221;square&#8221; message_box_color=&#8221;white&#8221; icon_fontawesome=&#8221;fa fa-arrow-circle-o-down&#8221;]<a href=\"https:\/\/www.formentera.es\/wp-content\/uploads\/2023\/11\/ASTRONOM\u00cdA-EN-FORMENTERA_ITA.pdf\" target=\"_blank\" rel=\"noopener noreferrer\">Scarica PDF<\/a>[\/vc_message][\/vc_column][vc_column width=&#8221;1\/4&#8243;][vc_single_image image=&#8221;1718&#8243; img_size=&#8221;full&#8221; alignment=&#8221;center&#8221;][vc_column_text]<\/p>\n<h3>Parque natural de Ses Salines <strong>(Espa\u00f1ol)<\/strong><\/h3>\n<p>[\/vc_column_text][vc_message message_box_style=&#8221;outline&#8221; style=&#8221;square&#8221; message_box_color=&#8221;white&#8221; icon_fontawesome=&#8221;fa fa-arrow-circle-o-down&#8221;]<a href=\"https:\/\/www.formentera.es\/wp-content\/uploads\/2018\/12\/ParqueNaturalSessalines_ES.pdf\" target=\"_blank\" rel=\"noopener noreferrer\">Scarica PDF<\/a>[\/vc_message][\/vc_column][vc_column width=&#8221;1\/4&#8243;][\/vc_column][\/vc_row][vc_row full_width=&#8221;stretch_row_content&#8221; gap=&#8221;20&#8243; equal_height=&#8221;yes&#8221; el_class=&#8221;descargas&#8221;][vc_column][vc_custom_heading text=&#8221;Mappe&#8221; use_theme_fonts=&#8221;yes&#8221;][\/vc_column][\/vc_row][vc_row full_width=&#8221;stretch_row_content&#8221; gap=&#8221;20&#8243; equal_height=&#8221;yes&#8221; el_class=&#8221;descargas&#8221;][vc_column width=&#8221;1\/4&#8243;][vc_single_image image=&#8221;8717&#8243; img_size=&#8221;full&#8221; alignment=&#8221;center&#8221;][vc_column_text]<\/p>\n<h3>Mappa ufficiale di Formentera<\/h3>\n<p>[\/vc_column_text][vc_message message_box_style=&#8221;outline&#8221; style=&#8221;square&#8221; message_box_color=&#8221;white&#8221; icon_fontawesome=&#8221;fa fa-arrow-circle-o-down&#8221;]<a href=\"https:\/\/www.formentera.es\/wp-content\/uploads\/2024\/04\/Mapa_general_Formetera.pdf\" target=\"_blank\" rel=\"noopener noreferrer\">Scarica PDF<\/a>[\/vc_message][\/vc_column][vc_column width=&#8221;1\/4&#8243;][vc_single_image image=&#8221;1717&#8243; img_size=&#8221;full&#8221; alignment=&#8221;center&#8221;][vc_column_text]<\/p>\n<h3>Mapa Rutas verdes <strong>(Esp-Eng)<\/strong><\/h3>\n<p>[\/vc_column_text][vc_message message_box_style=&#8221;outline&#8221; style=&#8221;square&#8221; message_box_color=&#8221;white&#8221; icon_fontawesome=&#8221;fa fa-arrow-circle-o-down&#8221;]<a href=\"https:\/\/www.formentera.es\/wp-content\/uploads\/2024\/04\/mapa_Formentera_rutes_verdes-2023.pdf\" target=\"_blank\" rel=\"noopener noreferrer\">Scarica PDF<\/a>[\/vc_message][\/vc_column][vc_column width=&#8221;1\/4&#8243;][vc_single_image image=&#8221;42694&#8243; img_size=&#8221;full&#8221; alignment=&#8221;center&#8221;][vc_column_text]<\/p>\n<h3>Mappa di Sant Francesc<\/h3>\n<p>[\/vc_column_text][vc_message message_box_style=&#8221;outline&#8221; style=&#8221;square&#8221; message_box_color=&#8221;white&#8221; icon_fontawesome=&#8221;fa fa-arrow-circle-o-down&#8221;]<a href=\"https:\/\/www.formentera.es\/wp-content\/uploads\/2025\/06\/mapa_santfrancesc_2025.pdf\" target=\"_blank\" rel=\"noopener noreferrer\">Scarica PDF<\/a>[\/vc_message][\/vc_column][vc_column width=&#8221;1\/4&#8243;][vc_single_image image=&#8221;42686&#8243; img_size=&#8221;full&#8221; alignment=&#8221;center&#8221;][vc_column_text]<\/p>\n<h3>Mappa di Es Pujols <strong>(Esp-Eng)<\/strong><\/h3>\n<p>[\/vc_column_text][vc_message message_box_style=&#8221;outline&#8221; style=&#8221;square&#8221; message_box_color=&#8221;white&#8221; icon_fontawesome=&#8221;fa fa-arrow-circle-o-down&#8221;]<a href=\"https:\/\/www.formentera.es\/wp-content\/uploads\/2025\/06\/mapa_espujols_2025.pdf\" target=\"_blank\" rel=\"noopener noreferrer\">Scarica PDF<\/a>[\/vc_message][\/vc_column][\/vc_row][vc_row full_width=&#8221;stretch_row_content&#8221; gap=&#8221;20&#8243; equal_height=&#8221;yes&#8221; el_class=&#8221;descargas&#8221;][vc_column width=&#8221;1\/4&#8243;][vc_single_image image=&#8221;14690&#8243; img_size=&#8221;full&#8221; alignment=&#8221;center&#8221;][vc_column_text]<\/p>\n<h3>Metrominut Formentera, better by bike<\/h3>\n<p>[\/vc_column_text][vc_message message_box_style=&#8221;outline&#8221; style=&#8221;square&#8221; message_box_color=&#8221;white&#8221; icon_fontawesome=&#8221;fa fa-arrow-circle-o-down&#8221;]<a href=\"https:\/\/www.formentera.es\/wp-content\/uploads\/2021\/07\/plano-metrominut.pdf\" target=\"_blank\" rel=\"noopener noreferrer\">Scarica PDF<\/a>[\/vc_message][\/vc_column][vc_column width=&#8221;1\/4&#8243;][\/vc_column][vc_column width=&#8221;1\/4&#8243;][\/vc_column][\/vc_row][vc_row full_width=&#8221;stretch_row_content&#8221; gap=&#8221;20&#8243; equal_height=&#8221;yes&#8221; disable_element=&#8221;yes&#8221; el_class=&#8221;descargas&#8221;][vc_column width=&#8221;1\/4&#8243;][vc_single_image image=&#8221;1716&#8243; img_size=&#8221;full&#8221; alignment=&#8221;center&#8221;][vc_column_text]<\/p>\n<h3>Puntos de recarga de veh\u00edculos el\u00e9ctricos <strong>(Esp-Eng)<\/strong><\/h3>\n<p>[\/vc_column_text][vc_message message_box_style=&#8221;outline&#8221; style=&#8221;square&#8221; message_box_color=&#8221;white&#8221; icon_fontawesome=&#8221;fa fa-arrow-circle-o-down&#8221;]<a href=\"https:\/\/www.formentera.es\/wp-content\/uploads\/2019\/01\/mapa_electric.pdf\" target=\"_blank\" rel=\"noopener noreferrer\">Scarica PDF<\/a>[\/vc_message][\/vc_column][vc_column width=&#8221;1\/4&#8243;][vc_single_image image=&#8221;6142&#8243; img_size=&#8221;full&#8221; alignment=&#8221;center&#8221;][vc_column_text]<\/p>\n<h3>Formentera, destino seguro <strong>(Esp-Eng)<\/strong><\/h3>\n<p>[\/vc_column_text][vc_message message_box_style=&#8221;outline&#8221; style=&#8221;square&#8221; message_box_color=&#8221;white&#8221; icon_fontawesome=&#8221;fa fa-arrow-circle-o-down&#8221;]<a href=\"https:\/\/www.formentera.es\/wp-content\/uploads\/2019\/05\/Formentera-destino-seguro-1.pdf\" target=\"_blank\" rel=\"noopener noreferrer\">Scarica PDF<\/a>[\/vc_message][\/vc_column][vc_column width=&#8221;1\/4&#8243;][vc_single_image image=&#8221;2732&#8243; img_size=&#8221;full&#8221; alignment=&#8221;center&#8221;][vc_column_text]<\/p>\n<h3>Guia de alojamientos <strong>(Espa\u00f1ol &#8211; English)<\/strong><\/h3>\n<p>[\/vc_column_text][vc_message message_box_style=&#8221;outline&#8221; style=&#8221;square&#8221; message_box_color=&#8221;white&#8221; icon_fontawesome=&#8221;fa fa-arrow-circle-o-down&#8221;]<a href=\"https:\/\/www.formentera.es\/wp-content\/uploads\/2019\/01\/LISTADO_ALOJAMIENTOS_2015.pdf\" target=\"_blank\" rel=\"noopener noreferrer\">Scarica PDF<\/a>[\/vc_message][\/vc_column][vc_column width=&#8221;1\/4&#8243;][vc_single_image image=&#8221;8775&#8243; img_size=&#8221;full&#8221; alignment=&#8221;center&#8221;][vc_column_text]<\/p>\n<h3>Guida del ristorante <strong>(Espa\u00f1ol &#8211; English)<\/strong><\/h3>\n<p>[\/vc_column_text][vc_message message_box_style=&#8221;outline&#8221; style=&#8221;square&#8221; message_box_color=&#8221;white&#8221; icon_fontawesome=&#8221;fa fa-arrow-circle-o-down&#8221;]<a href=\"https:\/\/www.formentera.es\/wp-content\/uploads\/2019\/08\/GUIA-DE-RESTAURANTS-2019.pdf\" target=\"_blank\" rel=\"noopener noreferrer\">Scarica PDF<\/a>[\/vc_message][\/vc_column][\/vc_row][vc_row full_width=&#8221;stretch_row_content&#8221; gap=&#8221;20&#8243; equal_height=&#8221;yes&#8221; disable_element=&#8221;yes&#8221; el_class=&#8221;descargas&#8221;][vc_column width=&#8221;1\/4&#8243;][vc_single_image image=&#8221;10227&#8243; img_size=&#8221;full&#8221; alignment=&#8221;center&#8221;][vc_column_text]<\/p>\n<h3>Calendario sportivo 2020<\/h3>\n<p>[\/vc_column_text][vc_message message_box_style=&#8221;outline&#8221; style=&#8221;square&#8221; message_box_color=&#8221;white&#8221; icon_fontawesome=&#8221;fa fa-arrow-circle-o-down&#8221;]<a href=\"https:\/\/www.formentera.es\/wp-content\/uploads\/2020\/01\/calendari-2020-IT-DEPORTIVO.pdf\" target=\"_blank\" rel=\"noopener noreferrer\">Scarica PDF<\/a>[\/vc_message][\/vc_column][vc_column width=&#8221;1\/4&#8243; offset=&#8221;vc_hidden-lg vc_hidden-md vc_hidden-sm vc_hidden-xs&#8221;][vc_single_image image=&#8221;15761&#8243; img_size=&#8221;full&#8221; alignment=&#8221;center&#8221;][vc_column_text]<\/p>\n<h3>Calendario degli eventi 2022 <strong>(English)<\/strong><\/h3>\n<p>[\/vc_column_text][vc_message message_box_style=&#8221;outline&#8221; style=&#8221;square&#8221; message_box_color=&#8221;white&#8221; icon_fontawesome=&#8221;fa fa-arrow-circle-o-down&#8221;]<a href=\"https:\/\/www.formentera.es\/wp-content\/uploads\/2022\/04\/calendari2022_eng_def_compressed.pdf\" target=\"_blank\" rel=\"noopener noreferrer\">Scarica PDF<\/a>[\/vc_message][\/vc_column][vc_column width=&#8221;1\/4&#8243; offset=&#8221;vc_hidden-lg vc_hidden-md vc_hidden-sm vc_hidden-xs&#8221;][vc_single_image image=&#8221;6419&#8243; img_size=&#8221;full&#8221; alignment=&#8221;center&#8221;][vc_column_text]<\/p>\n<h3>Kayaking a Formentera<\/h3>\n<p>[\/vc_column_text][vc_message message_box_style=&#8221;outline&#8221; style=&#8221;square&#8221; message_box_color=&#8221;white&#8221; icon_fontawesome=&#8221;fa fa-arrow-circle-o-down&#8221;]<a href=\"https:\/\/www.formentera.es\/wp-content\/uploads\/2019\/05\/KAYAKING-A-FORMENTERA.pdf\" target=\"_blank\" rel=\"noopener noreferrer\">Scarica PDF<\/a>[\/vc_message][\/vc_column][vc_column width=&#8221;1\/4&#8243;][vc_single_image image=&#8221;6366&#8243; img_size=&#8221;full&#8221; alignment=&#8221;center&#8221;][vc_column_text]<\/p>\n<h3>Formentera\u00a0 a cavallo<\/h3>\n<p>[\/vc_column_text][vc_message message_box_style=&#8221;outline&#8221; style=&#8221;square&#8221; message_box_color=&#8221;white&#8221; icon_fontawesome=&#8221;fa fa-arrow-circle-o-down&#8221;]<a href=\"https:\/\/www.formentera.es\/wp-content\/uploads\/2019\/05\/FORMENTERA-A-CAVALLO.pdf\" target=\"_blank\" rel=\"noopener noreferrer\">Scarica PDF<\/a>[\/vc_message][\/vc_column][\/vc_row][vc_row full_width=&#8221;stretch_row_content&#8221; gap=&#8221;20&#8243; equal_height=&#8221;yes&#8221; disable_element=&#8221;yes&#8221; el_class=&#8221;descargas&#8221;][vc_column width=&#8221;1\/4&#8243;][\/vc_column][vc_column width=&#8221;1\/4&#8243;][vc_single_image image=&#8221;8768&#8243; img_size=&#8221;full&#8221; alignment=&#8221;center&#8221;][vc_column_text]<\/p>\n<h3>Formentera con bambini 2019 <strong>(English)<\/strong><\/h3>\n<p>[\/vc_column_text][vc_message message_box_style=&#8221;outline&#8221; style=&#8221;square&#8221; message_box_color=&#8221;white&#8221; icon_fontawesome=&#8221;fa fa-arrow-circle-o-down&#8221;]<a href=\"https:\/\/www.formentera.es\/wp-content\/uploads\/2019\/05\/GASTRONOMIA-DI-FORMENTERA.pdf\" target=\"_blank\" rel=\"noopener noreferrer\">Scarica PDF<\/a>[\/vc_message][\/vc_column][vc_column width=&#8221;1\/4&#8243;][\/vc_column][vc_column width=&#8221;1\/4&#8243;][vc_single_image image=&#8221;8356&#8243; img_size=&#8221;full&#8221; alignment=&#8221;center&#8221;][vc_column_text]<\/p>\n<h3>Mare e terra <strong>(Espa\u00f1ol &#8211; English)<\/strong><\/h3>\n<p>[\/vc_column_text][vc_message message_box_style=&#8221;outline&#8221; style=&#8221;square&#8221; message_box_color=&#8221;white&#8221; icon_fontawesome=&#8221;fa fa-arrow-circle-o-down&#8221;]<a href=\"https:\/\/www.formentera.es\/wp-content\/uploads\/2019\/07\/MAR-Y-TIERRA-2019.pdf\" target=\"_blank\" rel=\"noopener noreferrer\">Scarica PDF<\/a>[\/vc_message][\/vc_column][\/vc_row]<\/p>\n<\/div>","protected":false},"excerpt":{"rendered":"<p>[vc_row css=&#8221;.vc_custom_1547571029760{padding-top: 40px !important;}&#8221;][vc_column][vc_custom_heading source=&#8221;post_title&#8221; font_container=&#8221;tag:h1|text_align:center|color:%232e3a6e&#8221; use_theme_fonts=&#8221;yes&#8221;][vc_column_text css=&#8221;.vc_custom_1644320807014{padding-top: 40px !important;}&#8221;] Abbiamo alcuni cataloghi in diverse [&hellip;]<\/p>\n","protected":false},"author":1,"featured_media":0,"parent":6655,"menu_order":0,"comment_status":"closed","ping_status":"closed","template":"page-gen.php","meta":{"_acf_changed":false,"footnotes":""},"categories":[],"class_list":["post-6420","page","type-page","status-publish","hentry"],"acf":[],"yoast_head":"<!-- This site is optimized with the Yoast SEO plugin v25.5 - https:\/\/yoast.com\/wordpress\/plugins\/seo\/ -->\n<title>Folletos, mapas y gu\u00edas de Formentera | Turismo de Formentera<\/title>\n<meta name=\"description\" content=\"En los folletos, mapas y gu\u00edas oficiales de Turismo en Formentera encontrar\u00e1s toda la informaci\u00f3n necesaria para organizar tu visita a Formentera.\" \/>\n<meta name=\"robots\" content=\"index, follow, max-snippet:-1, max-image-preview:large, max-video-preview:-1\" \/>\n<link rel=\"canonical\" href=\"https:\/\/www.formentera.es\/it\/pianificazione\/opuscoli-mappe-e-guide\/\" \/>\n<meta property=\"og:locale\" content=\"it_IT\" \/>\n<meta property=\"og:type\" content=\"article\" \/>\n<meta property=\"og:title\" content=\"Folletos, mapas y gu\u00edas de Formentera | Turismo de Formentera\" \/>\n<meta property=\"og:description\" content=\"En los folletos, mapas y gu\u00edas oficiales de Turismo en Formentera encontrar\u00e1s toda la informaci\u00f3n necesaria para organizar tu visita a Formentera.\" \/>\n<meta property=\"og:url\" content=\"https:\/\/www.formentera.es\/it\/pianificazione\/opuscoli-mappe-e-guide\/\" \/>\n<meta property=\"og:site_name\" content=\"Turismo de Formentera\" \/>\n<meta property=\"article:publisher\" content=\"https:\/\/www.facebook.com\/turismoformentera\/\" \/>\n<meta property=\"article:modified_time\" content=\"2026-03-06T13:18:06+00:00\" \/>\n<meta name=\"twitter:card\" content=\"summary_large_image\" \/>\n<meta name=\"twitter:site\" content=\"@visitformentera\" \/>\n<meta name=\"twitter:label1\" content=\"Tempo di lettura stimato\" \/>\n\t<meta name=\"twitter:data1\" content=\"5 minuti\" \/>\n<script type=\"application\/ld+json\" class=\"yoast-schema-graph\">{\"@context\":\"https:\/\/schema.org\",\"@graph\":[{\"@type\":\"WebPage\",\"@id\":\"https:\/\/www.formentera.es\/it\/pianificazione\/opuscoli-mappe-e-guide\/\",\"url\":\"https:\/\/www.formentera.es\/it\/pianificazione\/opuscoli-mappe-e-guide\/\",\"name\":\"Folletos, mapas y gu\u00edas de Formentera | Turismo de Formentera\",\"isPartOf\":{\"@id\":\"https:\/\/www.formentera.es\/#website\"},\"datePublished\":\"2018-12-12T09:41:57+00:00\",\"dateModified\":\"2026-03-06T13:18:06+00:00\",\"description\":\"En los folletos, mapas y gu\u00edas oficiales de Turismo en Formentera encontrar\u00e1s toda la informaci\u00f3n necesaria para organizar tu visita a Formentera.\",\"breadcrumb\":{\"@id\":\"https:\/\/www.formentera.es\/it\/pianificazione\/opuscoli-mappe-e-guide\/#breadcrumb\"},\"inLanguage\":\"it-IT\",\"potentialAction\":[{\"@type\":\"ReadAction\",\"target\":[\"https:\/\/www.formentera.es\/it\/pianificazione\/opuscoli-mappe-e-guide\/\"]}]},{\"@type\":\"BreadcrumbList\",\"@id\":\"https:\/\/www.formentera.es\/it\/pianificazione\/opuscoli-mappe-e-guide\/#breadcrumb\",\"itemListElement\":[{\"@type\":\"ListItem\",\"position\":1,\"name\":\"Portada\",\"item\":\"https:\/\/www.formentera.es\/it\/\"},{\"@type\":\"ListItem\",\"position\":2,\"name\":\"Pianificazione\",\"item\":\"https:\/\/www.formentera.es\/it\/pianificazione\/\"},{\"@type\":\"ListItem\",\"position\":3,\"name\":\"Opuscoli, mappe e guide\"}]},{\"@type\":\"WebSite\",\"@id\":\"https:\/\/www.formentera.es\/#website\",\"url\":\"https:\/\/www.formentera.es\/\",\"name\":\"Turismo de Formentera\",\"description\":\"Web oficial de Turismo de Formentera\",\"potentialAction\":[{\"@type\":\"SearchAction\",\"target\":{\"@type\":\"EntryPoint\",\"urlTemplate\":\"https:\/\/www.formentera.es\/?s={search_term_string}\"},\"query-input\":{\"@type\":\"PropertyValueSpecification\",\"valueRequired\":true,\"valueName\":\"search_term_string\"}}],\"inLanguage\":\"it-IT\"}]}<\/script>\n<!-- \/ Yoast SEO plugin. -->","yoast_head_json":{"title":"Folletos, mapas y gu\u00edas de Formentera | Turismo de Formentera","description":"En los folletos, mapas y gu\u00edas oficiales de Turismo en Formentera encontrar\u00e1s toda la informaci\u00f3n necesaria para organizar tu visita a Formentera.","robots":{"index":"index","follow":"follow","max-snippet":"max-snippet:-1","max-image-preview":"max-image-preview:large","max-video-preview":"max-video-preview:-1"},"canonical":"https:\/\/www.formentera.es\/it\/pianificazione\/opuscoli-mappe-e-guide\/","og_locale":"it_IT","og_type":"article","og_title":"Folletos, mapas y gu\u00edas de Formentera | Turismo de Formentera","og_description":"En los folletos, mapas y gu\u00edas oficiales de Turismo en Formentera encontrar\u00e1s toda la informaci\u00f3n necesaria para organizar tu visita a Formentera.","og_url":"https:\/\/www.formentera.es\/it\/pianificazione\/opuscoli-mappe-e-guide\/","og_site_name":"Turismo de Formentera","article_publisher":"https:\/\/www.facebook.com\/turismoformentera\/","article_modified_time":"2026-03-06T13:18:06+00:00","twitter_card":"summary_large_image","twitter_site":"@visitformentera","twitter_misc":{"Tempo di lettura stimato":"5 minuti"},"schema":{"@context":"https:\/\/schema.org","@graph":[{"@type":"WebPage","@id":"https:\/\/www.formentera.es\/it\/pianificazione\/opuscoli-mappe-e-guide\/","url":"https:\/\/www.formentera.es\/it\/pianificazione\/opuscoli-mappe-e-guide\/","name":"Folletos, mapas y gu\u00edas de Formentera | Turismo de Formentera","isPartOf":{"@id":"https:\/\/www.formentera.es\/#website"},"datePublished":"2018-12-12T09:41:57+00:00","dateModified":"2026-03-06T13:18:06+00:00","description":"En los folletos, mapas y gu\u00edas oficiales de Turismo en Formentera encontrar\u00e1s toda la informaci\u00f3n necesaria para organizar tu visita a Formentera.","breadcrumb":{"@id":"https:\/\/www.formentera.es\/it\/pianificazione\/opuscoli-mappe-e-guide\/#breadcrumb"},"inLanguage":"it-IT","potentialAction":[{"@type":"ReadAction","target":["https:\/\/www.formentera.es\/it\/pianificazione\/opuscoli-mappe-e-guide\/"]}]},{"@type":"BreadcrumbList","@id":"https:\/\/www.formentera.es\/it\/pianificazione\/opuscoli-mappe-e-guide\/#breadcrumb","itemListElement":[{"@type":"ListItem","position":1,"name":"Portada","item":"https:\/\/www.formentera.es\/it\/"},{"@type":"ListItem","position":2,"name":"Pianificazione","item":"https:\/\/www.formentera.es\/it\/pianificazione\/"},{"@type":"ListItem","position":3,"name":"Opuscoli, mappe e guide"}]},{"@type":"WebSite","@id":"https:\/\/www.formentera.es\/#website","url":"https:\/\/www.formentera.es\/","name":"Turismo de Formentera","description":"Web oficial de Turismo de Formentera","potentialAction":[{"@type":"SearchAction","target":{"@type":"EntryPoint","urlTemplate":"https:\/\/www.formentera.es\/?s={search_term_string}"},"query-input":{"@type":"PropertyValueSpecification","valueRequired":true,"valueName":"search_term_string"}}],"inLanguage":"it-IT"}]}},"_links":{"self":[{"href":"https:\/\/www.formentera.es\/it\/wp-json\/wp\/v2\/pages\/6420","targetHints":{"allow":["GET"]}}],"collection":[{"href":"https:\/\/www.formentera.es\/it\/wp-json\/wp\/v2\/pages"}],"about":[{"href":"https:\/\/www.formentera.es\/it\/wp-json\/wp\/v2\/types\/page"}],"author":[{"embeddable":true,"href":"https:\/\/www.formentera.es\/it\/wp-json\/wp\/v2\/users\/1"}],"replies":[{"embeddable":true,"href":"https:\/\/www.formentera.es\/it\/wp-json\/wp\/v2\/comments?post=6420"}],"version-history":[{"count":1,"href":"https:\/\/www.formentera.es\/it\/wp-json\/wp\/v2\/pages\/6420\/revisions"}],"predecessor-version":[{"id":56391,"href":"https:\/\/www.formentera.es\/it\/wp-json\/wp\/v2\/pages\/6420\/revisions\/56391"}],"up":[{"embeddable":true,"href":"https:\/\/www.formentera.es\/it\/wp-json\/wp\/v2\/pages\/6655"}],"wp:attachment":[{"href":"https:\/\/www.formentera.es\/it\/wp-json\/wp\/v2\/media?parent=6420"}],"wp:term":[{"taxonomy":"category","embeddable":true,"href":"https:\/\/www.formentera.es\/it\/wp-json\/wp\/v2\/categories?post=6420"}],"curies":[{"name":"wp","href":"https:\/\/api.w.org\/{rel}","templated":true}]}}