{"id":12059,"date":"2020-04-16T10:33:01","date_gmt":"2020-04-16T08:33:01","guid":{"rendered":"https:\/\/www.formentera.es\/esplorare\/attivita\/percorsi-verdi\/cami-de-sa-pujada\/"},"modified":"2020-04-21T12:18:09","modified_gmt":"2020-04-21T10:18:09","slug":"cami-de-sa-pujada","status":"publish","type":"page","link":"https:\/\/www.formentera.es\/it\/esplorare\/attivita\/percorsi-verdi\/cami-de-sa-pujada\/","title":{"rendered":"Cam\u00ed de sa Pujada"},"content":{"rendered":"<div class=\"wpb-content-wrapper\"><p>[vc_row][vc_column width=&#8221;8\/12&#8243;][vc_column_text]La caratteristica distintiva di questo circuito \u00e8 il fatto che percorre totalmente il sentiero storico che va su verso <a href=\"https:\/\/www.formentera.es\/it\/esplorare\/paesi\/el-pilar-de-la-mola\/\">La Mola<\/a>, conosciuto come il Cam\u00ed de Sa Pujada. Inizieremo da Es Cal\u00f3, un piccolo villaggio tradizionalmente di pescatori con un incantevole molo in grado di attirare l\u2019attenzione di chiunque, in estate e in inverno. Gli scivoli in legno per tirare in secca le barche, la cui funzione \u00e8 quella di proteggere le piccole imbarcazioni dall\u2019acqua salata, nel 2002 sono stati dichiarati luoghi di interesse culturale. Cominceremo a salire dal Cam\u00ed de Sa Pujada, utilizzato prima della costruzione dell\u2019attuale strada. Man mano che si va verso su potremo apprezzare le migliori viste panoramiche di tutta l&#8217;isola, del Rac\u00f3 de Sa Pujada e del Pou des Verro. Un itinerario che unisce patrimonio e natura, pietra e mare, passato e presente.<\/p>\n<p>Una volta raggiunto l&#8217;altopiano di La Mola, continueremo il nostro percorso attraverso i vigneti della cantina Terramoll, che produce vini con variet\u00e0 di vitigni locali. Le origini di questa tradizione vinicola risalgono al XIII secolo, quando Guillem de Montgr\u00ed don\u00f2 un vigneto ai monaci che fondarono il Monastero di Santa Maria sulla parte pi\u00f9 alta di La Mola. Il percorso si conclude nella localit\u00e0 di El Pilar, da dove iniziano sei nuovi circuiti per conoscere pi\u00f9 in particolare La Mola.[\/vc_column_text][\/vc_column][vc_column width=&#8221;4\/12&#8243;][vc_column_text]<div id=\"back_blue\"><h3>Scarica il percorso<\/h3><div><img decoding=\"async\" src=\"https:\/\/www.formentera.es\/wp-content\/themes\/Formentera\/img\/mapas-de-google-w.svg\"><a href=\"https:\/\/www.google.com\/maps\/d\/u\/0\/embed?mid=1dVrSzUXQW2NcZ313K0RmG58IUvpHKrMc\" target=\"_blank\">Vedi il percorso su Google Maps<\/a><\/div><div><img decoding=\"async\" src=\"https:\/\/www.formentera.es\/wp-content\/themes\/Formentera\/img\/maps-and-location-w.svg\" class=\"pl_5\"><a href=\"https:\/\/www.formentera.es\/wp-content\/uploads\/2020\/04\/Cami\u0301-de-sa-pujada.gpx.zip\" target=\"_blank\">Scarica il percorso per il GPS<\/a><\/div><div><img decoding=\"async\" src=\"https:\/\/www.formentera.es\/wp-content\/themes\/Formentera\/img\/pin-w.svg\"><a href=\"https:\/\/es.wikiloc.com\/rutas-senderismo\/ruta-25-cami-de-sa-pujada-48443167\" target=\"_blank\">Vedere l'itinerario sulla Wikiloc<\/a><\/div><div><img decoding=\"async\" src=\"https:\/\/www.formentera.es\/wp-content\/themes\/Formentera\/img\/descarga-w.svg\"><a href=\"Array\" target=\"_blank\">Scarica il file<\/a><\/div><\/div><div id=\"como_llegar\"><a href=\"https:\/\/www.google.com\/maps?saddr=My+Location&daddr=38.67658,1.51854\" target=\"_blank\">Come arrivare al punto di partenza?<\/a><img decoding=\"async\" src=\"https:\/\/www.formentera.es\/wp-content\/themes\/Formentera\/img\/start.svg\"><\/div>[\/vc_column_text][\/vc_column][\/vc_row][vc_row][vc_column][vc_gmaps link=&#8221;#E-8_JTNDaWZyYW1lJTIwc3JjJTNEJTIyaHR0cHMlM0ElMkYlMkZ3d3cuZ29vZ2xlLmNvbSUyRm1hcHMlMkZkJTJGdSUyRjAlMkZlbWJlZCUzRm1pZCUzRDFkVnJTelVYUVcyTmNaMzEzSzBSbUc1OElVdnBIS3JNYyUyMiUyMCUyMHdpZHRoJTNEJTIyNjAwJTIyJTIwaGVpZ2h0JTNEJTIyNDUwJTIyJTIwZnJhbWVib3JkZXIlM0QlMjIwJTIyJTIwc3R5bGUlM0QlMjJib3JkZXIlM0EwJTIyJTIwYWxsb3dmdWxsc2NyZWVuJTNFJTNDJTJGaWZyYW1lJTNF&#8221; size=&#8221;&#8221;][\/vc_column][\/vc_row][vc_row full_width=&#8221;stretch_row_content_no_spaces&#8221;][vc_column][vc_column_text]<style>#jtg-11663 .modula-item .jtg-social a, .lightbox-socials.jtg-social a{ fill: #ffffff; color: #ffffff }#jtg-11663 .modula-item .jtg-social-mobile a{ fill: #ffffff; color: #ffffff }#jtg-11663 .modula-item .jtg-social svg, .lightbox-socials.jtg-social svg { height: 16px; width: 16px }#jtg-11663 .modula-item .jtg-social-mobile svg { height: 16px; width: 16px }#jtg-11663 .modula-item .jtg-social a:not(:last-child), .lightbox-socials.jtg-social a:not(:last-child) { margin-right: 10px }#jtg-11663 .modula-item .jtg-social-mobile .jtg-social-mobile-icons a:not(:last-child){ margin-right: 10px }#jtg-11663 .modula-item .figc {color:#ffffff;}#jtg-11663 .modula-item .modula-item-content { transform: scale(1) }#jtg-11663 .modula-items .figc p.description { font-size:14px; }#jtg-11663 .modula-items .figc p.description { color:#ffffff;}#jtg-11663.modula-gallery .modula-item > a, #jtg-11663.modula-gallery .modula-item, #jtg-11663.modula-gallery .modula-item-content > a:not(.modula-no-follow) { cursor:zoom-in; } #jtg-11663.modula-gallery .modula-item-content .modula-no-follow { cursor: default; } #jtg-11663 .modula-item { background-color:#ffffff; }#jtg-11663 .modula-item:hover img { opacity: 0.5; }#jtg-11663 .modula-item { transform: scale(1) translate(0px,0px) rotate(0deg); }@media screen and (max-width:480px){#jtg-11663 .modula-item .figc .jtg-title {  font-size: 12px; }#jtg-11663 .modula-items .figc p.description { color:#ffffff;font-size:10px; }}#jtg-11663 .modula-items .modula-item:hover img{opacity:1;}<\/style>\n<div  id=\"jtg-11663\" class=\"modula modula-gallery modula-custom-grid\" data-config=\"{&quot;height&quot;:800,&quot;tabletHeight&quot;:800,&quot;mobileHeight&quot;:800,&quot;desktopHeight&quot;:800,&quot;enableTwitter&quot;:true,&quot;enableWhatsapp&quot;:false,&quot;enableFacebook&quot;:true,&quot;enablePinterest&quot;:true,&quot;enableLinkedin&quot;:true,&quot;enableEmail&quot;:false,&quot;randomFactor&quot;:0.5,&quot;type&quot;:&quot;custom-grid&quot;,&quot;columns&quot;:12,&quot;gutter&quot;:10,&quot;mobileGutter&quot;:10,&quot;tabletGutter&quot;:10,&quot;desktopGutter&quot;:10,&quot;enableResponsive&quot;:true,&quot;tabletColumns&quot;:2,&quot;mobileColumns&quot;:1,&quot;lazyLoad&quot;:&quot;0&quot;,&quot;lightboxOpts&quot;:{&quot;animated&quot;:true,&quot;Thumbs&quot;:{&quot;type&quot;:&quot;modern&quot;,&quot;showOnStart&quot;:false},&quot;Toolbar&quot;:{&quot;display&quot;:{&quot;right&quot;:[&quot;close&quot;]},&quot;enabled&quot;:true},&quot;Carousel&quot;:{&quot;Panzoom&quot;:{&quot;touch&quot;:false},&quot;infinite&quot;:false},&quot;keyboard&quot;:{&quot;Escape&quot;:&quot;close&quot;,&quot;Delete&quot;:&quot;close&quot;,&quot;Backspace&quot;:&quot;close&quot;,&quot;PageUp&quot;:false,&quot;PageDown&quot;:false,&quot;ArrowUp&quot;:false,&quot;ArrowDown&quot;:false,&quot;ArrowRight&quot;:false,&quot;ArrowLeft&quot;:false},&quot;touch&quot;:false,&quot;backdropClick&quot;:false,&quot;l10n&quot;:{&quot;CLOSE&quot;:&quot;Close&quot;,&quot;NEXT&quot;:&quot;Next&quot;,&quot;PREV&quot;:&quot;Previous&quot;,&quot;Error&quot;:&quot;The requested content cannot be loaded. Please try again later.&quot;,&quot;PLAY_START&quot;:&quot;Start slideshow&quot;,&quot;PLAY_STOP&quot;:&quot;Pause slideshow&quot;,&quot;FULL_SCREEN&quot;:&quot;Full screen&quot;,&quot;THUMBS&quot;:&quot;Thumbnails&quot;,&quot;DOWNLOAD&quot;:&quot;Download&quot;,&quot;SHARE&quot;:&quot;Share&quot;,&quot;ZOOM&quot;:&quot;Zoom&quot;,&quot;EMAIL&quot;:&quot;Here is the link to the image : %%image_link%% and this is the link to the gallery : %%gallery_link%%&quot;,&quot;MODAL&quot;:&quot;You can close this modal content with the ESC key&quot;,&quot;ERROR&quot;:&quot;Something Went Wrong, Please Try Again Later&quot;,&quot;IMAGE_ERROR&quot;:&quot;Image Not Found&quot;,&quot;ELEMENT_NOT_FOUND&quot;:&quot;HTML Element Not Found&quot;,&quot;AJAX_NOT_FOUND&quot;:&quot;Error Loading AJAX : Not Found&quot;,&quot;AJAX_FORBIDDEN&quot;:&quot;Error Loading AJAX : Forbidden&quot;,&quot;IFRAME_ERROR&quot;:&quot;Error Loading Page&quot;,&quot;TOGGLE_ZOOM&quot;:&quot;Toggle zoom level&quot;,&quot;TOGGLE_THUMBS&quot;:&quot;Toggle thumbnails&quot;,&quot;TOGGLE_SLIDESHOW&quot;:&quot;Toggle slideshow&quot;,&quot;TOGGLE_FULLSCREEN&quot;:&quot;Toggle full-screen mode&quot;},&quot;Images&quot;:{&quot;Panzoom&quot;:{&quot;maxScale&quot;:2}},&quot;mainClass&quot;:&quot;modula-fancybox-container modula-lightbox-jtg-11663&quot;,&quot;Html&quot;:{&quot;videoAutoplay&quot;:0,&quot;videoTpl&quot;:&quot;&lt;video class=\\&quot;fancybox__html5video\\&quot; controls muted playsinline controlsList controlsList=\\&quot;nodownload\\&quot; poster=\\&quot;{{poster}}\\&quot; src=\\&quot;{{src}}\\&quot; type=\\&quot;{{format}}\\&quot; &gt;  Sorry, your browser doesn&#039;t support embedded videos, &lt;a href=\\&quot;{{src}}\\&quot;&gt; download &lt;\\\/a&gt; and watch with your favorite video player! &lt;\\\/video&gt;&quot;}},&quot;inView&quot;:false,&quot;email_subject&quot;:&quot;\\u00a1\\u00a1Mira esta impresionante imagen!!&quot;,&quot;email_message&quot;:&quot;Este es el enlace a la imagen: %%image_link%% y este es el enlace a la galer\\u00eda: %%gallery_link%%&quot;,&quot;lightbox&quot;:&quot;fancybox&quot;,&quot;filterClick&quot;:&quot;0&quot;,&quot;defaultActiveFilter&quot;:&quot;all&quot;}\">\n\n\t\n\t<div  class=\"modula-items\">\n\t\t<div class=\"modula-item jtg-filter-all jtg-filter-\" data-width=\"12\" data-height=\"6\" >\n\t<div class=\"modula-item-content\">\n\t\t\n\t\t\t\t\t<a data-image-id=\"11678\" tabindex=\"0\" href=\"https:\/\/www.formentera.es\/wp-content\/uploads\/2020\/04\/shutterstock_1168032664.jpg\" rel=\"jtg-11663\" data-caption=\"\" aria-label=\"Open image in lightbox\" role=\"button\" data-cyclefilter=\"show\" data-fancybox=\"jtg-11663\" class=\"tile-inner modula-item-link\"><\/a>\n\t\t\n\t\t<img loading=\"lazy\" decoding=\"async\" class=\"pic wp-image-11678\"  data-valign=\"middle\" data-halign=\"center\" alt=\"\" data-full=\"https:\/\/www.formentera.es\/wp-content\/uploads\/2020\/04\/shutterstock_1168032664.jpg\" title=\"shutterstock_1168032664\" width=\"1593\" height=\"894\" src=\"https:\/\/www.formentera.es\/wp-content\/uploads\/2020\/04\/shutterstock_1168032664.jpg\" data-src=\"https:\/\/www.formentera.es\/wp-content\/uploads\/2020\/04\/shutterstock_1168032664.jpg\" data-caption=\"\" srcset=\"https:\/\/www.formentera.es\/wp-content\/uploads\/2020\/04\/shutterstock_1168032664.jpg 1593w, https:\/\/www.formentera.es\/wp-content\/uploads\/2020\/04\/shutterstock_1168032664-300x168.jpg 300w, https:\/\/www.formentera.es\/wp-content\/uploads\/2020\/04\/shutterstock_1168032664-768x431.jpg 768w, https:\/\/www.formentera.es\/wp-content\/uploads\/2020\/04\/shutterstock_1168032664-1024x575.jpg 1024w\" sizes=\"auto, (max-width: 1593px) 100vw, 1593px\" \/>\n\t<\/div>\n\n<\/div><div class=\"modula-item jtg-filter-all jtg-filter-\" data-width=\"5\" data-height=\"4\" >\n\t<div class=\"modula-item-content\">\n\t\t\n\t\t\t\t\t<a data-image-id=\"11664\" tabindex=\"0\" href=\"https:\/\/www.formentera.es\/wp-content\/uploads\/2020\/04\/shutterstock_472712428.jpg\" rel=\"jtg-11663\" data-caption=\"\" aria-label=\"Open image in lightbox\" role=\"button\" data-cyclefilter=\"show\" data-fancybox=\"jtg-11663\" class=\"tile-inner modula-item-link\"><\/a>\n\t\t\n\t\t<img loading=\"lazy\" decoding=\"async\" class=\"pic wp-image-11664\"  data-valign=\"middle\" data-halign=\"center\" alt=\"\" data-full=\"https:\/\/www.formentera.es\/wp-content\/uploads\/2020\/04\/shutterstock_472712428.jpg\" title=\"shutterstock_472712428\" width=\"1600\" height=\"1063\" src=\"https:\/\/www.formentera.es\/wp-content\/uploads\/2020\/04\/shutterstock_472712428.jpg\" data-src=\"https:\/\/www.formentera.es\/wp-content\/uploads\/2020\/04\/shutterstock_472712428.jpg\" data-caption=\"\" srcset=\"https:\/\/www.formentera.es\/wp-content\/uploads\/2020\/04\/shutterstock_472712428.jpg 1600w, https:\/\/www.formentera.es\/wp-content\/uploads\/2020\/04\/shutterstock_472712428-300x199.jpg 300w, https:\/\/www.formentera.es\/wp-content\/uploads\/2020\/04\/shutterstock_472712428-768x510.jpg 768w, https:\/\/www.formentera.es\/wp-content\/uploads\/2020\/04\/shutterstock_472712428-1024x680.jpg 1024w\" sizes=\"auto, (max-width: 1600px) 100vw, 1600px\" \/>\n\t<\/div>\n\n<\/div><div class=\"modula-item jtg-filter-all jtg-filter-\" data-width=\"7\" data-height=\"4\" >\n\t<div class=\"modula-item-content\">\n\t\t\n\t\t\t\t\t<a data-image-id=\"11671\" tabindex=\"0\" href=\"https:\/\/www.formentera.es\/wp-content\/uploads\/2020\/04\/shutterstock_1168032655.jpg\" rel=\"jtg-11663\" data-caption=\"\" aria-label=\"Open image in lightbox\" role=\"button\" data-cyclefilter=\"show\" data-fancybox=\"jtg-11663\" class=\"tile-inner modula-item-link\"><\/a>\n\t\t\n\t\t<img loading=\"lazy\" decoding=\"async\" class=\"pic wp-image-11671\"  data-valign=\"middle\" data-halign=\"center\" alt=\"\" data-full=\"https:\/\/www.formentera.es\/wp-content\/uploads\/2020\/04\/shutterstock_1168032655.jpg\" title=\"shutterstock_1168032655\" width=\"1600\" height=\"899\" src=\"https:\/\/www.formentera.es\/wp-content\/uploads\/2020\/04\/shutterstock_1168032655.jpg\" data-src=\"https:\/\/www.formentera.es\/wp-content\/uploads\/2020\/04\/shutterstock_1168032655.jpg\" data-caption=\"\" srcset=\"https:\/\/www.formentera.es\/wp-content\/uploads\/2020\/04\/shutterstock_1168032655.jpg 1600w, https:\/\/www.formentera.es\/wp-content\/uploads\/2020\/04\/shutterstock_1168032655-300x169.jpg 300w, https:\/\/www.formentera.es\/wp-content\/uploads\/2020\/04\/shutterstock_1168032655-768x432.jpg 768w, https:\/\/www.formentera.es\/wp-content\/uploads\/2020\/04\/shutterstock_1168032655-1024x575.jpg 1024w\" sizes=\"auto, (max-width: 1600px) 100vw, 1600px\" \/>\n\t<\/div>\n\n<\/div><div class=\"modula-item jtg-filter-all jtg-filter-\" data-width=\"7\" data-height=\"4\" >\n\t<div class=\"modula-item-content\">\n\t\t\n\t\t\t\t\t<a data-image-id=\"11274\" tabindex=\"0\" href=\"https:\/\/www.formentera.es\/wp-content\/uploads\/2020\/04\/pla_de_la_mola.jpg\" rel=\"jtg-11663\" data-caption=\"\" aria-label=\"Open image in lightbox\" role=\"button\" data-cyclefilter=\"show\" data-fancybox=\"jtg-11663\" class=\"tile-inner modula-item-link\"><\/a>\n\t\t\n\t\t<img loading=\"lazy\" decoding=\"async\" class=\"pic wp-image-11274\"  data-valign=\"middle\" data-halign=\"center\" alt=\"\" data-full=\"https:\/\/www.formentera.es\/wp-content\/uploads\/2020\/04\/pla_de_la_mola.jpg\" title=\"pla_de_la_mola\" width=\"1600\" height=\"1067\" src=\"https:\/\/www.formentera.es\/wp-content\/uploads\/2020\/04\/pla_de_la_mola.jpg\" data-src=\"https:\/\/www.formentera.es\/wp-content\/uploads\/2020\/04\/pla_de_la_mola.jpg\" data-caption=\"\" srcset=\"https:\/\/www.formentera.es\/wp-content\/uploads\/2020\/04\/pla_de_la_mola.jpg 1600w, https:\/\/www.formentera.es\/wp-content\/uploads\/2020\/04\/pla_de_la_mola-300x200.jpg 300w, https:\/\/www.formentera.es\/wp-content\/uploads\/2020\/04\/pla_de_la_mola-768x512.jpg 768w, https:\/\/www.formentera.es\/wp-content\/uploads\/2020\/04\/pla_de_la_mola-1024x683.jpg 1024w\" sizes=\"auto, (max-width: 1600px) 100vw, 1600px\" \/>\n\t<\/div>\n\n<\/div><div class=\"modula-item jtg-filter-all jtg-filter-\" data-width=\"5\" data-height=\"4\" >\n\t<div class=\"modula-item-content\">\n\t\t\n\t\t\t\t\t<a data-image-id=\"11267\" tabindex=\"0\" href=\"https:\/\/www.formentera.es\/wp-content\/uploads\/2020\/04\/6328_terramoll.jpg\" rel=\"jtg-11663\" data-caption=\"\" aria-label=\"Open image in lightbox\" role=\"button\" data-cyclefilter=\"show\" data-fancybox=\"jtg-11663\" class=\"tile-inner modula-item-link\"><\/a>\n\t\t\n\t\t<img loading=\"lazy\" decoding=\"async\" class=\"pic wp-image-11267\"  data-valign=\"middle\" data-halign=\"center\" alt=\"\" data-full=\"https:\/\/www.formentera.es\/wp-content\/uploads\/2020\/04\/6328_terramoll.jpg\" title=\"6328_terramoll\" width=\"1600\" height=\"900\" src=\"https:\/\/www.formentera.es\/wp-content\/uploads\/2020\/04\/6328_terramoll.jpg\" data-src=\"https:\/\/www.formentera.es\/wp-content\/uploads\/2020\/04\/6328_terramoll.jpg\" data-caption=\"\" srcset=\"https:\/\/www.formentera.es\/wp-content\/uploads\/2020\/04\/6328_terramoll.jpg 1600w, https:\/\/www.formentera.es\/wp-content\/uploads\/2020\/04\/6328_terramoll-300x169.jpg 300w, https:\/\/www.formentera.es\/wp-content\/uploads\/2020\/04\/6328_terramoll-768x432.jpg 768w, https:\/\/www.formentera.es\/wp-content\/uploads\/2020\/04\/6328_terramoll-1024x576.jpg 1024w\" sizes=\"auto, (max-width: 1600px) 100vw, 1600px\" \/>\n\t<\/div>\n\n<\/div>\t\t\n\t<\/div>\n\n\t\n\t\n\t<script type=\"application\/ld+json\">\n\t{\n\t\t\"@context\": \"http:\/\/schema.org\",\n\t\t\"@type\"   : \"ImageGallery\",\n\t\t\"id\"      : \"https:\/\/www.formentera.es\/it\/esplorare\/attivita\/percorsi-verdi\/cami-de-sa-pujada\/\",\n\t\t\"url\"     : \"https:\/\/www.formentera.es\/it\/esplorare\/attivita\/percorsi-verdi\/cami-de-sa-pujada\/\"\n\t}\n\n\t<\/script>\n\n\t\n<\/div>\n[\/vc_column_text][\/vc_column][\/vc_row][vc_row][vc_column][vc_column_text]<div id=\"mas_rutas\" class=\"container sc\"><h2>Altre rotte a Formentera<\/h2><div class=\"row\"><div class=\"col-md-6 col-lg-4\">\n\t\t\t\t\t\t\t<a href=\"https:\/\/www.formentera.es\/it\/esplorare\/attivita\/percorsi-verdi\/sant-ferran-cala-en-baster-platja-de-migjorn\/\" class=\"img_ruta\"  style=\"background-image: url(https:\/\/www.formentera.es\/wp-content\/uploads\/2020\/04\/shutterstock_1604448322-300x200.jpg)\"><\/a>\n\t\t\t\t\t\t\t\n\t\t\t\t\t\t\t<div class=\"col-sm-12\">\n\t\t\t\t\t\t\t\t<a href=\"https:\/\/www.formentera.es\/it\/esplorare\/attivita\/percorsi-verdi\/sant-ferran-cala-en-baster-platja-de-migjorn\/\">Sant Ferran  &#8211;  Cala En Baster  &#8211;  Platja De Migjorn<\/a><div><img decoding=\"async\" src=\"https:\/\/www.formentera.es\/wp-content\/themes\/Formentera\/img\/bicib.png\">20 min.<\/div><div><img decoding=\"async\" src=\"https:\/\/www.formentera.es\/wp-content\/themes\/Formentera\/img\/caminarb.png\">60 min.<\/div><\/div>\n\t\t\t\t\t\t<\/div><div class=\"col-md-6 col-lg-4\">\n\t\t\t\t\t\t\t<a href=\"https:\/\/www.formentera.es\/it\/esplorare\/attivita\/percorsi-verdi\/la-savina-sant-francesc-es-pujols\/\" class=\"img_ruta\"  style=\"background-image: url(https:\/\/www.formentera.es\/wp-content\/uploads\/2020\/04\/shutterstock_789778957-1-300x200.jpg)\"><\/a>\n\t\t\t\t\t\t\t\n\t\t\t\t\t\t\t<div class=\"col-sm-12\">\n\t\t\t\t\t\t\t\t<a href=\"https:\/\/www.formentera.es\/it\/esplorare\/attivita\/percorsi-verdi\/la-savina-sant-francesc-es-pujols\/\">La Savina &#8211; Sant Francesc &#8211; Es Pujols<\/a><div><img decoding=\"async\" src=\"https:\/\/www.formentera.es\/wp-content\/themes\/Formentera\/img\/bicib.png\">30 min.<\/div><div><img decoding=\"async\" src=\"https:\/\/www.formentera.es\/wp-content\/themes\/Formentera\/img\/caminarb.png\">85 min.<\/div><\/div>\n\t\t\t\t\t\t<\/div><div class=\"col-md-6 col-lg-4\">\n\t\t\t\t\t\t\t<a href=\"https:\/\/www.formentera.es\/it\/esplorare\/attivita\/percorsi-verdi\/sant-ferran-de-ses-roques-es-pujols-punta-prima\/\" class=\"img_ruta\"  style=\"background-image: url(https:\/\/www.formentera.es\/wp-content\/uploads\/2020\/04\/P1170741-1-300x225.jpg)\"><\/a>\n\t\t\t\t\t\t\t\n\t\t\t\t\t\t\t<div class=\"col-sm-12\">\n\t\t\t\t\t\t\t\t<a href=\"https:\/\/www.formentera.es\/it\/esplorare\/attivita\/percorsi-verdi\/sant-ferran-de-ses-roques-es-pujols-punta-prima\/\">Sant Ferran De Ses Roques  &#8211;  Es Pujols  &#8211;  Punta Prima<\/a><div><img decoding=\"async\" src=\"https:\/\/www.formentera.es\/wp-content\/themes\/Formentera\/img\/bicib.png\">15 min.<\/div><div><img decoding=\"async\" src=\"https:\/\/www.formentera.es\/wp-content\/themes\/Formentera\/img\/caminarb.png\">40 min.<\/div><\/div>\n\t\t\t\t\t\t<\/div><\/div><a class=\"text-center\" href=\"\">Vedi tutti i percorsi<\/a><\/div>[\/vc_column_text][\/vc_column][\/vc_row]<\/p>\n<\/div>","protected":false},"excerpt":{"rendered":"<p>[vc_row][vc_column width=&#8221;8\/12&#8243;][vc_column_text]La caratteristica distintiva di questo circuito \u00e8 il fatto che percorre totalmente il sentiero [&hellip;]<\/p>\n","protected":false},"author":1,"featured_media":11706,"parent":6477,"menu_order":0,"comment_status":"closed","ping_status":"closed","template":"page-ruta.php","meta":{"_acf_changed":false,"footnotes":""},"categories":[],"class_list":["post-12059","page","type-page","status-publish","hentry"],"acf":[],"yoast_head":"<!-- This site is optimized with the Yoast SEO plugin v25.5 - https:\/\/yoast.com\/wordpress\/plugins\/seo\/ -->\n<title>Cam\u00ed de sa Pujada | Turismo de Formentera<\/title>\n<meta name=\"robots\" content=\"index, follow, max-snippet:-1, max-image-preview:large, max-video-preview:-1\" \/>\n<link rel=\"canonical\" href=\"https:\/\/www.formentera.es\/it\/esplorare\/attivita\/percorsi-verdi\/cami-de-sa-pujada\/\" \/>\n<meta property=\"og:locale\" content=\"it_IT\" \/>\n<meta property=\"og:type\" content=\"article\" \/>\n<meta property=\"og:title\" content=\"Cam\u00ed de sa Pujada | Turismo de Formentera\" \/>\n<meta property=\"og:description\" content=\"[vc_row][vc_column width=&#8221;8\/12&#8243;][vc_column_text]La caratteristica distintiva di questo circuito \u00e8 il fatto che percorre totalmente il sentiero [&hellip;]\" \/>\n<meta property=\"og:url\" content=\"https:\/\/www.formentera.es\/it\/esplorare\/attivita\/percorsi-verdi\/cami-de-sa-pujada\/\" \/>\n<meta property=\"og:site_name\" content=\"Turismo de Formentera\" \/>\n<meta property=\"article:publisher\" content=\"https:\/\/www.facebook.com\/turismoformentera\/\" \/>\n<meta property=\"article:modified_time\" content=\"2020-04-21T10:18:09+00:00\" \/>\n<meta property=\"og:image\" content=\"https:\/\/www.formentera.es\/wp-content\/uploads\/2020\/04\/shutterstock_1168032664-1.jpg\" \/>\n\t<meta property=\"og:image:width\" content=\"1593\" \/>\n\t<meta property=\"og:image:height\" content=\"894\" \/>\n\t<meta property=\"og:image:type\" content=\"image\/jpeg\" \/>\n<meta name=\"twitter:card\" content=\"summary_large_image\" \/>\n<meta name=\"twitter:site\" content=\"@visitformentera\" \/>\n<meta name=\"twitter:label1\" content=\"Tempo di lettura stimato\" \/>\n\t<meta name=\"twitter:data1\" content=\"2 minuti\" \/>\n<script type=\"application\/ld+json\" class=\"yoast-schema-graph\">{\"@context\":\"https:\/\/schema.org\",\"@graph\":[{\"@type\":\"WebPage\",\"@id\":\"https:\/\/www.formentera.es\/it\/esplorare\/attivita\/percorsi-verdi\/cami-de-sa-pujada\/\",\"url\":\"https:\/\/www.formentera.es\/it\/esplorare\/attivita\/percorsi-verdi\/cami-de-sa-pujada\/\",\"name\":\"Cam\u00ed de sa Pujada | Turismo de Formentera\",\"isPartOf\":{\"@id\":\"https:\/\/www.formentera.es\/#website\"},\"primaryImageOfPage\":{\"@id\":\"https:\/\/www.formentera.es\/it\/esplorare\/attivita\/percorsi-verdi\/cami-de-sa-pujada\/#primaryimage\"},\"image\":{\"@id\":\"https:\/\/www.formentera.es\/it\/esplorare\/attivita\/percorsi-verdi\/cami-de-sa-pujada\/#primaryimage\"},\"thumbnailUrl\":\"https:\/\/www.formentera.es\/wp-content\/uploads\/2020\/04\/shutterstock_1168032664-1.jpg\",\"datePublished\":\"2020-04-16T08:33:01+00:00\",\"dateModified\":\"2020-04-21T10:18:09+00:00\",\"breadcrumb\":{\"@id\":\"https:\/\/www.formentera.es\/it\/esplorare\/attivita\/percorsi-verdi\/cami-de-sa-pujada\/#breadcrumb\"},\"inLanguage\":\"it-IT\",\"potentialAction\":[{\"@type\":\"ReadAction\",\"target\":[\"https:\/\/www.formentera.es\/it\/esplorare\/attivita\/percorsi-verdi\/cami-de-sa-pujada\/\"]}]},{\"@type\":\"ImageObject\",\"inLanguage\":\"it-IT\",\"@id\":\"https:\/\/www.formentera.es\/it\/esplorare\/attivita\/percorsi-verdi\/cami-de-sa-pujada\/#primaryimage\",\"url\":\"https:\/\/www.formentera.es\/wp-content\/uploads\/2020\/04\/shutterstock_1168032664-1.jpg\",\"contentUrl\":\"https:\/\/www.formentera.es\/wp-content\/uploads\/2020\/04\/shutterstock_1168032664-1.jpg\",\"width\":1593,\"height\":894},{\"@type\":\"BreadcrumbList\",\"@id\":\"https:\/\/www.formentera.es\/it\/esplorare\/attivita\/percorsi-verdi\/cami-de-sa-pujada\/#breadcrumb\",\"itemListElement\":[{\"@type\":\"ListItem\",\"position\":1,\"name\":\"Portada\",\"item\":\"https:\/\/www.formentera.es\/it\/\"},{\"@type\":\"ListItem\",\"position\":2,\"name\":\"Esplorare\",\"item\":\"https:\/\/www.formentera.es\/explorar\/\"},{\"@type\":\"ListItem\",\"position\":3,\"name\":\"Attivit\u00e0\",\"item\":\"https:\/\/www.formentera.es\/it\/esplorare\/attivita\/\"},{\"@type\":\"ListItem\",\"position\":4,\"name\":\"Percorsi verdi\",\"item\":\"https:\/\/www.formentera.es\/it\/esplorare\/attivita\/percorsi-verdi\/\"},{\"@type\":\"ListItem\",\"position\":5,\"name\":\"Cam\u00ed de sa Pujada\"}]},{\"@type\":\"WebSite\",\"@id\":\"https:\/\/www.formentera.es\/#website\",\"url\":\"https:\/\/www.formentera.es\/\",\"name\":\"Turismo de Formentera\",\"description\":\"Web oficial de Turismo de Formentera\",\"potentialAction\":[{\"@type\":\"SearchAction\",\"target\":{\"@type\":\"EntryPoint\",\"urlTemplate\":\"https:\/\/www.formentera.es\/?s={search_term_string}\"},\"query-input\":{\"@type\":\"PropertyValueSpecification\",\"valueRequired\":true,\"valueName\":\"search_term_string\"}}],\"inLanguage\":\"it-IT\"}]}<\/script>\n<!-- \/ Yoast SEO plugin. -->","yoast_head_json":{"title":"Cam\u00ed de sa Pujada | Turismo de Formentera","robots":{"index":"index","follow":"follow","max-snippet":"max-snippet:-1","max-image-preview":"max-image-preview:large","max-video-preview":"max-video-preview:-1"},"canonical":"https:\/\/www.formentera.es\/it\/esplorare\/attivita\/percorsi-verdi\/cami-de-sa-pujada\/","og_locale":"it_IT","og_type":"article","og_title":"Cam\u00ed de sa Pujada | Turismo de Formentera","og_description":"[vc_row][vc_column width=&#8221;8\/12&#8243;][vc_column_text]La caratteristica distintiva di questo circuito \u00e8 il fatto che percorre totalmente il sentiero [&hellip;]","og_url":"https:\/\/www.formentera.es\/it\/esplorare\/attivita\/percorsi-verdi\/cami-de-sa-pujada\/","og_site_name":"Turismo de Formentera","article_publisher":"https:\/\/www.facebook.com\/turismoformentera\/","article_modified_time":"2020-04-21T10:18:09+00:00","og_image":[{"width":1593,"height":894,"url":"https:\/\/www.formentera.es\/wp-content\/uploads\/2020\/04\/shutterstock_1168032664-1.jpg","type":"image\/jpeg"}],"twitter_card":"summary_large_image","twitter_site":"@visitformentera","twitter_misc":{"Tempo di lettura stimato":"2 minuti"},"schema":{"@context":"https:\/\/schema.org","@graph":[{"@type":"WebPage","@id":"https:\/\/www.formentera.es\/it\/esplorare\/attivita\/percorsi-verdi\/cami-de-sa-pujada\/","url":"https:\/\/www.formentera.es\/it\/esplorare\/attivita\/percorsi-verdi\/cami-de-sa-pujada\/","name":"Cam\u00ed de sa Pujada | Turismo de Formentera","isPartOf":{"@id":"https:\/\/www.formentera.es\/#website"},"primaryImageOfPage":{"@id":"https:\/\/www.formentera.es\/it\/esplorare\/attivita\/percorsi-verdi\/cami-de-sa-pujada\/#primaryimage"},"image":{"@id":"https:\/\/www.formentera.es\/it\/esplorare\/attivita\/percorsi-verdi\/cami-de-sa-pujada\/#primaryimage"},"thumbnailUrl":"https:\/\/www.formentera.es\/wp-content\/uploads\/2020\/04\/shutterstock_1168032664-1.jpg","datePublished":"2020-04-16T08:33:01+00:00","dateModified":"2020-04-21T10:18:09+00:00","breadcrumb":{"@id":"https:\/\/www.formentera.es\/it\/esplorare\/attivita\/percorsi-verdi\/cami-de-sa-pujada\/#breadcrumb"},"inLanguage":"it-IT","potentialAction":[{"@type":"ReadAction","target":["https:\/\/www.formentera.es\/it\/esplorare\/attivita\/percorsi-verdi\/cami-de-sa-pujada\/"]}]},{"@type":"ImageObject","inLanguage":"it-IT","@id":"https:\/\/www.formentera.es\/it\/esplorare\/attivita\/percorsi-verdi\/cami-de-sa-pujada\/#primaryimage","url":"https:\/\/www.formentera.es\/wp-content\/uploads\/2020\/04\/shutterstock_1168032664-1.jpg","contentUrl":"https:\/\/www.formentera.es\/wp-content\/uploads\/2020\/04\/shutterstock_1168032664-1.jpg","width":1593,"height":894},{"@type":"BreadcrumbList","@id":"https:\/\/www.formentera.es\/it\/esplorare\/attivita\/percorsi-verdi\/cami-de-sa-pujada\/#breadcrumb","itemListElement":[{"@type":"ListItem","position":1,"name":"Portada","item":"https:\/\/www.formentera.es\/it\/"},{"@type":"ListItem","position":2,"name":"Esplorare","item":"https:\/\/www.formentera.es\/explorar\/"},{"@type":"ListItem","position":3,"name":"Attivit\u00e0","item":"https:\/\/www.formentera.es\/it\/esplorare\/attivita\/"},{"@type":"ListItem","position":4,"name":"Percorsi verdi","item":"https:\/\/www.formentera.es\/it\/esplorare\/attivita\/percorsi-verdi\/"},{"@type":"ListItem","position":5,"name":"Cam\u00ed de sa Pujada"}]},{"@type":"WebSite","@id":"https:\/\/www.formentera.es\/#website","url":"https:\/\/www.formentera.es\/","name":"Turismo de Formentera","description":"Web oficial de Turismo de Formentera","potentialAction":[{"@type":"SearchAction","target":{"@type":"EntryPoint","urlTemplate":"https:\/\/www.formentera.es\/?s={search_term_string}"},"query-input":{"@type":"PropertyValueSpecification","valueRequired":true,"valueName":"search_term_string"}}],"inLanguage":"it-IT"}]}},"_links":{"self":[{"href":"https:\/\/www.formentera.es\/it\/wp-json\/wp\/v2\/pages\/12059","targetHints":{"allow":["GET"]}}],"collection":[{"href":"https:\/\/www.formentera.es\/it\/wp-json\/wp\/v2\/pages"}],"about":[{"href":"https:\/\/www.formentera.es\/it\/wp-json\/wp\/v2\/types\/page"}],"author":[{"embeddable":true,"href":"https:\/\/www.formentera.es\/it\/wp-json\/wp\/v2\/users\/1"}],"replies":[{"embeddable":true,"href":"https:\/\/www.formentera.es\/it\/wp-json\/wp\/v2\/comments?post=12059"}],"version-history":[{"count":0,"href":"https:\/\/www.formentera.es\/it\/wp-json\/wp\/v2\/pages\/12059\/revisions"}],"up":[{"embeddable":true,"href":"https:\/\/www.formentera.es\/it\/wp-json\/wp\/v2\/pages\/6477"}],"wp:featuredmedia":[{"embeddable":true,"href":"https:\/\/www.formentera.es\/it\/wp-json\/wp\/v2\/media\/11706"}],"wp:attachment":[{"href":"https:\/\/www.formentera.es\/it\/wp-json\/wp\/v2\/media?parent=12059"}],"wp:term":[{"taxonomy":"category","embeddable":true,"href":"https:\/\/www.formentera.es\/it\/wp-json\/wp\/v2\/categories?post=12059"}],"curies":[{"name":"wp","href":"https:\/\/api.w.org\/{rel}","templated":true}]}}