{"id":12027,"date":"2020-04-15T16:51:42","date_gmt":"2020-04-15T14:51:42","guid":{"rendered":"https:\/\/www.formentera.es\/esplorare\/attivita\/percorsi-verdi\/es-pujols-es-ca-mari\/"},"modified":"2020-04-21T12:09:07","modified_gmt":"2020-04-21T10:09:07","slug":"es-pujols-es-ca-mari","status":"publish","type":"page","link":"https:\/\/www.formentera.es\/it\/esplorare\/attivita\/percorsi-verdi\/es-pujols-es-ca-mari\/","title":{"rendered":"Es Pujols  &#8211;  Es Ca Mar\u00ed"},"content":{"rendered":"<div class=\"wpb-content-wrapper\"><p>[vc_row][vc_column width=&#8221;8\/12&#8243;][vc_column_text]Con poco pi\u00f9 di 5 chilometri, questo completo circuito collega direttamente due delle coste dell&#8217;isola,<a href=\"https:\/\/www.formentera.es\/it\/esplorare\/spiagge\/llevant\/\"> Llevant<\/a> e <a href=\"https:\/\/www.formentera.es\/it\/esplorare\/spiagge\/migjorn\/\">Migjorn<\/a>, tracciando una linea verticale che va da<a href=\"https:\/\/www.formentera.es\/it\/esplorare\/paesi\/es-pujols\/\"> Es Pujols<\/a> fino a Ca Mar\u00ed. In una passeggiata \u00e8 possibile apprezzare paesaggi molto diversi, dalla spiaggia incontaminata di Es Pujols all&#8217;aspetto pi\u00f9 selvaggio di quella di Migjorn, passando attraverso il carattere rurale delle strade d\u2019entroterra. Inoltre, questo percorso prevede alcuni punti di interesse del patrimonio, come ad esempio gli scivoli per tirare in secca le barche di Es Pujols, i muretti di pietra a secco e la torre di vedetta di Es Pi des Catal\u00e0.<\/p>\n<p>Il circuito inizia nella famosa localit\u00e0 turistica di Es Pujols, con le sue casette con scivoli per tirare in secca le barche che ci trasportano ad un passato non cos\u00ec lontano prima dell\u2019irruzione turistica. Tuttavia, la sua attrazione principale \u00e8 la fantastica spiaggia di sabbia bianca con formazioni rocciose e piccoli isolotti disposti fortuitamente in acqua. Il nostro percorso proseguir\u00e0 verso sud, attraversando sentieri lontani dal trambusto estivo, un ambiente rurale e d\u2019entroterra radicalmente diverso, soprattutto in estate. Infine giungeremo a Es Ca Mar\u00ed, presso l\u2019altra grande spiaggia di sabbia dell\u2019isola: la spiaggia di Migjorn. Molto vicino c\u2019\u00e8 una delle cinque torri di vedetta, quella di Es Pi des Catal\u00e0, da dove possiamo contemplare una splendida vista sui due promontori dell&#8217;isola: Es Cap e l\u2019altopiano di <a href=\"https:\/\/www.formentera.es\/it\/esplorare\/paesi\/el-pilar-de-la-mola\/\">La Mola.<\/a>[\/vc_column_text][\/vc_column][vc_column width=&#8221;4\/12&#8243;][vc_column_text]<div id=\"back_blue\"><h3>Scarica il percorso<\/h3><div><img decoding=\"async\" src=\"https:\/\/www.formentera.es\/wp-content\/themes\/Formentera\/img\/mapas-de-google-w.svg\"><a href=\"https:\/\/www.google.com\/maps\/d\/u\/0\/embed?mid=1yq9pkm7FScQXtftL5OmQDvJrVKL2fwiu\" target=\"_blank\">Vedi il percorso su Google Maps<\/a><\/div><div><img decoding=\"async\" src=\"https:\/\/www.formentera.es\/wp-content\/themes\/Formentera\/img\/maps-and-location-w.svg\" class=\"pl_5\"><a href=\"https:\/\/www.formentera.es\/wp-content\/uploads\/2020\/04\/20.-Es-Pujols-Es-Ca-Mari\u0301.gpx.zip\" target=\"_blank\">Scarica il percorso per il GPS<\/a><\/div><div><img decoding=\"async\" src=\"https:\/\/www.formentera.es\/wp-content\/themes\/Formentera\/img\/pin-w.svg\"><a href=\"https:\/\/es.wikiloc.com\/rutas-senderismo\/ruta-20-es-pujols-es-ca-mari-48413053\" target=\"_blank\">Vedere l'itinerario sulla Wikiloc<\/a><\/div><div><img decoding=\"async\" src=\"https:\/\/www.formentera.es\/wp-content\/themes\/Formentera\/img\/descarga-w.svg\"><a href=\"Array\" target=\"_blank\">Scarica il file<\/a><\/div><\/div><div id=\"como_llegar\"><a href=\"https:\/\/www.google.com\/maps?saddr=My+Location&daddr=38.72027, ,1.45855\" target=\"_blank\">Come arrivare al punto di partenza?<\/a><img decoding=\"async\" src=\"https:\/\/www.formentera.es\/wp-content\/themes\/Formentera\/img\/start.svg\"><\/div>[\/vc_column_text][\/vc_column][\/vc_row][vc_row][vc_column][vc_gmaps link=&#8221;#E-8_JTNDaWZyYW1lJTIwc3JjJTNEJTIyaHR0cHMlM0ElMkYlMkZ3d3cuZ29vZ2xlLmNvbSUyRm1hcHMlMkZkJTJGdSUyRjAlMkZlbWJlZCUzRm1pZCUzRDF5cTlwa203RlNjUVh0ZnRMNU9tUUR2SnJWS0wyZndpdSUyMiUyMCUyMHdpZHRoJTNEJTIyNjAwJTIyJTIwaGVpZ2h0JTNEJTIyNDUwJTIyJTIwZnJhbWVib3JkZXIlM0QlMjIwJTIyJTIwc3R5bGUlM0QlMjJib3JkZXIlM0EwJTIyJTIwYWxsb3dmdWxsc2NyZWVuJTNFJTNDJTJGaWZyYW1lJTNF&#8221; size=&#8221;&#8221;][\/vc_column][\/vc_row][vc_row full_width=&#8221;stretch_row_content_no_spaces&#8221;][vc_column][vc_column_text]<style>#jtg-11090 .modula-item .jtg-social a, .lightbox-socials.jtg-social a{ fill: #ffffff; color: #ffffff }#jtg-11090 .modula-item .jtg-social-mobile a{ fill: #ffffff; color: #ffffff }#jtg-11090 .modula-item .jtg-social svg, .lightbox-socials.jtg-social svg { height: 16px; width: 16px }#jtg-11090 .modula-item .jtg-social-mobile svg { height: 16px; width: 16px }#jtg-11090 .modula-item .jtg-social a:not(:last-child), .lightbox-socials.jtg-social a:not(:last-child) { margin-right: 10px }#jtg-11090 .modula-item .jtg-social-mobile .jtg-social-mobile-icons a:not(:last-child){ margin-right: 10px }#jtg-11090 .modula-item .figc {color:#ffffff;}#jtg-11090 .modula-item .modula-item-content { transform: scale(1) }#jtg-11090 .modula-items .figc p.description { font-size:14px; }#jtg-11090 .modula-items .figc p.description { color:#ffffff;}#jtg-11090.modula-gallery .modula-item > a, #jtg-11090.modula-gallery .modula-item, #jtg-11090.modula-gallery .modula-item-content > a:not(.modula-no-follow) { cursor:zoom-in; } #jtg-11090.modula-gallery .modula-item-content .modula-no-follow { cursor: default; } #jtg-11090 .modula-item { background-color:#ffffff; }#jtg-11090 .modula-item:hover img { opacity: 0.5; }#jtg-11090 .modula-item { transform: scale(1) translate(0px,0px) rotate(0deg); }@media screen and (max-width:480px){#jtg-11090 .modula-item .figc .jtg-title {  font-size: 12px; }#jtg-11090 .modula-items .figc p.description { color:#ffffff;font-size:10px; }}#jtg-11090 .modula-items .modula-item:hover img{opacity:1;}<\/style>\n<div  id=\"jtg-11090\" class=\"modula modula-gallery modula-custom-grid\" data-config=\"{&quot;height&quot;:800,&quot;tabletHeight&quot;:800,&quot;mobileHeight&quot;:800,&quot;desktopHeight&quot;:800,&quot;enableTwitter&quot;:true,&quot;enableWhatsapp&quot;:false,&quot;enableFacebook&quot;:true,&quot;enablePinterest&quot;:true,&quot;enableLinkedin&quot;:true,&quot;enableEmail&quot;:false,&quot;randomFactor&quot;:0.5,&quot;type&quot;:&quot;custom-grid&quot;,&quot;columns&quot;:12,&quot;gutter&quot;:10,&quot;mobileGutter&quot;:10,&quot;tabletGutter&quot;:10,&quot;desktopGutter&quot;:10,&quot;enableResponsive&quot;:&quot;0&quot;,&quot;tabletColumns&quot;:2,&quot;mobileColumns&quot;:1,&quot;lazyLoad&quot;:&quot;0&quot;,&quot;lightboxOpts&quot;:{&quot;animated&quot;:true,&quot;Thumbs&quot;:{&quot;type&quot;:&quot;modern&quot;,&quot;showOnStart&quot;:false},&quot;Toolbar&quot;:{&quot;display&quot;:{&quot;right&quot;:[&quot;close&quot;]},&quot;enabled&quot;:true},&quot;Carousel&quot;:{&quot;Panzoom&quot;:{&quot;touch&quot;:false},&quot;infinite&quot;:false},&quot;keyboard&quot;:{&quot;Escape&quot;:&quot;close&quot;,&quot;Delete&quot;:&quot;close&quot;,&quot;Backspace&quot;:&quot;close&quot;,&quot;PageUp&quot;:false,&quot;PageDown&quot;:false,&quot;ArrowUp&quot;:false,&quot;ArrowDown&quot;:false,&quot;ArrowRight&quot;:false,&quot;ArrowLeft&quot;:false},&quot;touch&quot;:false,&quot;backdropClick&quot;:false,&quot;l10n&quot;:{&quot;CLOSE&quot;:&quot;Close&quot;,&quot;NEXT&quot;:&quot;Next&quot;,&quot;PREV&quot;:&quot;Previous&quot;,&quot;Error&quot;:&quot;The requested content cannot be loaded. Please try again later.&quot;,&quot;PLAY_START&quot;:&quot;Start slideshow&quot;,&quot;PLAY_STOP&quot;:&quot;Pause slideshow&quot;,&quot;FULL_SCREEN&quot;:&quot;Full screen&quot;,&quot;THUMBS&quot;:&quot;Thumbnails&quot;,&quot;DOWNLOAD&quot;:&quot;Download&quot;,&quot;SHARE&quot;:&quot;Share&quot;,&quot;ZOOM&quot;:&quot;Zoom&quot;,&quot;EMAIL&quot;:&quot;Here is the link to the image : %%image_link%% and this is the link to the gallery : %%gallery_link%%&quot;,&quot;MODAL&quot;:&quot;You can close this modal content with the ESC key&quot;,&quot;ERROR&quot;:&quot;Something Went Wrong, Please Try Again Later&quot;,&quot;IMAGE_ERROR&quot;:&quot;Image Not Found&quot;,&quot;ELEMENT_NOT_FOUND&quot;:&quot;HTML Element Not Found&quot;,&quot;AJAX_NOT_FOUND&quot;:&quot;Error Loading AJAX : Not Found&quot;,&quot;AJAX_FORBIDDEN&quot;:&quot;Error Loading AJAX : Forbidden&quot;,&quot;IFRAME_ERROR&quot;:&quot;Error Loading Page&quot;,&quot;TOGGLE_ZOOM&quot;:&quot;Toggle zoom level&quot;,&quot;TOGGLE_THUMBS&quot;:&quot;Toggle thumbnails&quot;,&quot;TOGGLE_SLIDESHOW&quot;:&quot;Toggle slideshow&quot;,&quot;TOGGLE_FULLSCREEN&quot;:&quot;Toggle full-screen mode&quot;},&quot;Images&quot;:{&quot;Panzoom&quot;:{&quot;maxScale&quot;:2}},&quot;mainClass&quot;:&quot;modula-fancybox-container modula-lightbox-jtg-11090&quot;,&quot;Html&quot;:{&quot;videoAutoplay&quot;:0,&quot;videoTpl&quot;:&quot;&lt;video class=\\&quot;fancybox__html5video\\&quot; controls muted playsinline controlsList controlsList=\\&quot;nodownload\\&quot; poster=\\&quot;{{poster}}\\&quot; src=\\&quot;{{src}}\\&quot; type=\\&quot;{{format}}\\&quot; &gt;  Sorry, your browser doesn&#039;t support embedded videos, &lt;a href=\\&quot;{{src}}\\&quot;&gt; download &lt;\\\/a&gt; and watch with your favorite video player! &lt;\\\/video&gt;&quot;}},&quot;inView&quot;:false,&quot;email_subject&quot;:&quot;\\u00a1\\u00a1Mira esta impresionante imagen!!&quot;,&quot;email_message&quot;:&quot;Este es el enlace a la imagen: %%image_link%% y este es el enlace a la galer\\u00eda: %%gallery_link%%&quot;,&quot;lightbox&quot;:&quot;fancybox&quot;,&quot;filterClick&quot;:&quot;0&quot;,&quot;defaultActiveFilter&quot;:&quot;all&quot;}\">\n\n\t\n\t<div  class=\"modula-items\">\n\t\t<div class=\"modula-item jtg-filter-all jtg-filter-\" data-width=\"5\" data-height=\"5\" >\n\t<div class=\"modula-item-content\">\n\t\t\n\t\t\t\t\t<a data-image-id=\"1011\" tabindex=\"0\" href=\"https:\/\/www.formentera.es\/wp-content\/uploads\/2018\/11\/es-pujols-2.jpg\" rel=\"jtg-11090\" data-caption=\"\" aria-label=\"Open image in lightbox\" role=\"button\" data-cyclefilter=\"show\" data-fancybox=\"jtg-11090\" class=\"tile-inner modula-item-link\"><\/a>\n\t\t\n\t\t<img loading=\"lazy\" decoding=\"async\" class=\"pic wp-image-1011\"  data-valign=\"middle\" data-halign=\"center\" alt=\"\" data-full=\"https:\/\/www.formentera.es\/wp-content\/uploads\/2018\/11\/es-pujols-2.jpg\" title=\"es pujols (2)\" width=\"1900\" height=\"1900\" src=\"https:\/\/www.formentera.es\/wp-content\/uploads\/2018\/11\/es-pujols-2.jpg\" data-src=\"https:\/\/www.formentera.es\/wp-content\/uploads\/2018\/11\/es-pujols-2.jpg\" data-caption=\"\" srcset=\"https:\/\/www.formentera.es\/wp-content\/uploads\/2018\/11\/es-pujols-2.jpg 1900w, https:\/\/www.formentera.es\/wp-content\/uploads\/2018\/11\/es-pujols-2-150x150.jpg 150w, https:\/\/www.formentera.es\/wp-content\/uploads\/2018\/11\/es-pujols-2-300x300.jpg 300w, https:\/\/www.formentera.es\/wp-content\/uploads\/2018\/11\/es-pujols-2-768x768.jpg 768w, https:\/\/www.formentera.es\/wp-content\/uploads\/2018\/11\/es-pujols-2-1024x1024.jpg 1024w\" sizes=\"auto, (max-width: 1900px) 100vw, 1900px\" \/>\n\t<\/div>\n\n<\/div><div class=\"modula-item jtg-filter-all jtg-filter-\" data-width=\"7\" data-height=\"5\" >\n\t<div class=\"modula-item-content\">\n\t\t\n\t\t\t\t\t<a data-image-id=\"913\" tabindex=\"0\" href=\"https:\/\/www.formentera.es\/wp-content\/uploads\/2018\/11\/1-shutterstock_1370es-pujols-55761.jpg\" rel=\"jtg-11090\" data-caption=\"\" aria-label=\"Open image in lightbox\" role=\"button\" data-cyclefilter=\"show\" data-fancybox=\"jtg-11090\" class=\"tile-inner modula-item-link\"><\/a>\n\t\t\n\t\t<img loading=\"lazy\" decoding=\"async\" class=\"pic wp-image-913\"  data-valign=\"middle\" data-halign=\"center\" alt=\"\" data-full=\"https:\/\/www.formentera.es\/wp-content\/uploads\/2018\/11\/1-shutterstock_1370es-pujols-55761.jpg\" title=\"1-shutterstock_1370es pujols 55761\" width=\"1900\" height=\"1265\" src=\"https:\/\/www.formentera.es\/wp-content\/uploads\/2018\/11\/1-shutterstock_1370es-pujols-55761.jpg\" data-src=\"https:\/\/www.formentera.es\/wp-content\/uploads\/2018\/11\/1-shutterstock_1370es-pujols-55761.jpg\" data-caption=\"\" srcset=\"https:\/\/www.formentera.es\/wp-content\/uploads\/2018\/11\/1-shutterstock_1370es-pujols-55761.jpg 1900w, https:\/\/www.formentera.es\/wp-content\/uploads\/2018\/11\/1-shutterstock_1370es-pujols-55761-300x200.jpg 300w, https:\/\/www.formentera.es\/wp-content\/uploads\/2018\/11\/1-shutterstock_1370es-pujols-55761-768x511.jpg 768w, https:\/\/www.formentera.es\/wp-content\/uploads\/2018\/11\/1-shutterstock_1370es-pujols-55761-1024x682.jpg 1024w\" sizes=\"auto, (max-width: 1900px) 100vw, 1900px\" \/>\n\t<\/div>\n\n<\/div><div class=\"modula-item jtg-filter-all jtg-filter-\" data-width=\"7\" data-height=\"5\" >\n\t<div class=\"modula-item-content\">\n\t\t\n\t\t\t\t\t<a data-image-id=\"11091\" tabindex=\"0\" href=\"https:\/\/www.formentera.es\/wp-content\/uploads\/2020\/04\/IMG_7569_migjorn.jpg\" rel=\"jtg-11090\" data-caption=\"\" aria-label=\"Open image in lightbox\" role=\"button\" data-cyclefilter=\"show\" data-fancybox=\"jtg-11090\" class=\"tile-inner modula-item-link\"><\/a>\n\t\t\n\t\t<img loading=\"lazy\" decoding=\"async\" class=\"pic wp-image-11091\"  data-valign=\"middle\" data-halign=\"center\" alt=\"\" data-full=\"https:\/\/www.formentera.es\/wp-content\/uploads\/2020\/04\/IMG_7569_migjorn.jpg\" title=\"IMG_7569_migjorn\" width=\"1600\" height=\"1067\" src=\"https:\/\/www.formentera.es\/wp-content\/uploads\/2020\/04\/IMG_7569_migjorn.jpg\" data-src=\"https:\/\/www.formentera.es\/wp-content\/uploads\/2020\/04\/IMG_7569_migjorn.jpg\" data-caption=\"\" srcset=\"https:\/\/www.formentera.es\/wp-content\/uploads\/2020\/04\/IMG_7569_migjorn.jpg 1600w, https:\/\/www.formentera.es\/wp-content\/uploads\/2020\/04\/IMG_7569_migjorn-300x200.jpg 300w, https:\/\/www.formentera.es\/wp-content\/uploads\/2020\/04\/IMG_7569_migjorn-768x512.jpg 768w, https:\/\/www.formentera.es\/wp-content\/uploads\/2020\/04\/IMG_7569_migjorn-1024x683.jpg 1024w\" sizes=\"auto, (max-width: 1600px) 100vw, 1600px\" \/>\n\t<\/div>\n\n<\/div><div class=\"modula-item jtg-filter-all jtg-filter-\" data-width=\"5\" data-height=\"5\" >\n\t<div class=\"modula-item-content\">\n\t\t\n\t\t\t\t\t<a data-image-id=\"11105\" tabindex=\"0\" href=\"https:\/\/www.formentera.es\/wp-content\/uploads\/2020\/04\/shutterstock_1233747628.jpg\" rel=\"jtg-11090\" data-caption=\"\" aria-label=\"Open image in lightbox\" role=\"button\" data-cyclefilter=\"show\" data-fancybox=\"jtg-11090\" class=\"tile-inner modula-item-link\"><\/a>\n\t\t\n\t\t<img loading=\"lazy\" decoding=\"async\" class=\"pic wp-image-11105\"  data-valign=\"middle\" data-halign=\"center\" alt=\"\" data-full=\"https:\/\/www.formentera.es\/wp-content\/uploads\/2020\/04\/shutterstock_1233747628.jpg\" title=\"shutterstock_1233747628\" width=\"1600\" height=\"1067\" src=\"https:\/\/www.formentera.es\/wp-content\/uploads\/2020\/04\/shutterstock_1233747628.jpg\" data-src=\"https:\/\/www.formentera.es\/wp-content\/uploads\/2020\/04\/shutterstock_1233747628.jpg\" data-caption=\"\" srcset=\"https:\/\/www.formentera.es\/wp-content\/uploads\/2020\/04\/shutterstock_1233747628.jpg 1600w, https:\/\/www.formentera.es\/wp-content\/uploads\/2020\/04\/shutterstock_1233747628-300x200.jpg 300w, https:\/\/www.formentera.es\/wp-content\/uploads\/2020\/04\/shutterstock_1233747628-768x512.jpg 768w, https:\/\/www.formentera.es\/wp-content\/uploads\/2020\/04\/shutterstock_1233747628-1024x683.jpg 1024w\" sizes=\"auto, (max-width: 1600px) 100vw, 1600px\" \/>\n\t<\/div>\n\n<\/div>\t\t\n\t<\/div>\n\n\t\n\t\n\t<script type=\"application\/ld+json\">\n\t{\n\t\t\"@context\": \"http:\/\/schema.org\",\n\t\t\"@type\"   : \"ImageGallery\",\n\t\t\"id\"      : \"https:\/\/www.formentera.es\/it\/esplorare\/attivita\/percorsi-verdi\/es-pujols-es-ca-mari\/\",\n\t\t\"url\"     : \"https:\/\/www.formentera.es\/it\/esplorare\/attivita\/percorsi-verdi\/es-pujols-es-ca-mari\/\"\n\t}\n\n\t<\/script>\n\n\t\n<\/div>\n[\/vc_column_text][\/vc_column][\/vc_row][vc_row][vc_column][vc_column_text]<div id=\"mas_rutas\" class=\"container sc\"><h2>Altre rotte a Formentera<\/h2><div class=\"row\"><div class=\"col-md-6 col-lg-4\">\n\t\t\t\t\t\t\t<a href=\"https:\/\/www.formentera.es\/it\/esplorare\/attivita\/percorsi-verdi\/raco-de-sa-pujada-es-ram\/\" class=\"img_ruta\"  style=\"background-image: url(https:\/\/www.formentera.es\/wp-content\/uploads\/2020\/04\/shutterstock_471650345-300x199.jpg)\"><\/a>\n\t\t\t\t\t\t\t\n\t\t\t\t\t\t\t<div class=\"col-sm-12\">\n\t\t\t\t\t\t\t\t<a href=\"https:\/\/www.formentera.es\/it\/esplorare\/attivita\/percorsi-verdi\/raco-de-sa-pujada-es-ram\/\">Rac\u00f3 De Sa Pujada  &#8211;  Es Ram<\/a><div><img decoding=\"async\" src=\"https:\/\/www.formentera.es\/wp-content\/themes\/Formentera\/img\/caminarb.png\">50 min.<\/div><\/div>\n\t\t\t\t\t\t<\/div><div class=\"col-md-6 col-lg-4\">\n\t\t\t\t\t\t\t<a href=\"https:\/\/www.formentera.es\/it\/esplorare\/attivita\/percorsi-verdi\/es-mal-pas-far-de-barbaria\/\" class=\"img_ruta\"  style=\"background-image: url(https:\/\/www.formentera.es\/wp-content\/uploads\/2020\/04\/shutterstock_1136161889-300x200.jpg)\"><\/a>\n\t\t\t\t\t\t\t\n\t\t\t\t\t\t\t<div class=\"col-sm-12\">\n\t\t\t\t\t\t\t\t<a href=\"https:\/\/www.formentera.es\/it\/esplorare\/attivita\/percorsi-verdi\/es-mal-pas-far-de-barbaria\/\">Es Mal Pas &#8211; Far De Barbaria<\/a><div><img decoding=\"async\" src=\"https:\/\/www.formentera.es\/wp-content\/themes\/Formentera\/img\/bicib.png\">60 min.<\/div><div><img decoding=\"async\" src=\"https:\/\/www.formentera.es\/wp-content\/themes\/Formentera\/img\/caminarb.png\">170 min.<\/div><\/div>\n\t\t\t\t\t\t<\/div><div class=\"col-md-6 col-lg-4\">\n\t\t\t\t\t\t\t<a href=\"https:\/\/www.formentera.es\/it\/esplorare\/attivita\/percorsi-verdi\/sant-francesc-la-mola\/\" class=\"img_ruta\"  style=\"background-image: url(https:\/\/www.formentera.es\/wp-content\/uploads\/2020\/04\/shutterstock_665897719-300x200.jpg)\"><\/a>\n\t\t\t\t\t\t\t\n\t\t\t\t\t\t\t<div class=\"col-sm-12\">\n\t\t\t\t\t\t\t\t<a href=\"https:\/\/www.formentera.es\/it\/esplorare\/attivita\/percorsi-verdi\/sant-francesc-la-mola\/\">Sant Francesc  &#8211; La Mola<\/a><div><img decoding=\"async\" src=\"https:\/\/www.formentera.es\/wp-content\/themes\/Formentera\/img\/bicib.png\">45 min.<\/div><div><img decoding=\"async\" src=\"https:\/\/www.formentera.es\/wp-content\/themes\/Formentera\/img\/caminarb.png\">135 min.<\/div><\/div>\n\t\t\t\t\t\t<\/div><\/div><a class=\"text-center\" href=\"\">Vedi tutti i percorsi<\/a><\/div>[\/vc_column_text][\/vc_column][\/vc_row]<\/p>\n<\/div>","protected":false},"excerpt":{"rendered":"<p>[vc_row][vc_column width=&#8221;8\/12&#8243;][vc_column_text]Con poco pi\u00f9 di 5 chilometri, questo completo circuito collega direttamente due delle coste [&hellip;]<\/p>\n","protected":false},"author":1,"featured_media":11097,"parent":6477,"menu_order":0,"comment_status":"closed","ping_status":"closed","template":"page-ruta.php","meta":{"_acf_changed":false,"footnotes":""},"categories":[],"class_list":["post-12027","page","type-page","status-publish","hentry"],"acf":[],"yoast_head":"<!-- This site is optimized with the Yoast SEO plugin v25.5 - https:\/\/yoast.com\/wordpress\/plugins\/seo\/ -->\n<title>Es Pujols - Es Ca Mar\u00ed | Turismo de Formentera<\/title>\n<meta name=\"robots\" content=\"index, follow, max-snippet:-1, max-image-preview:large, max-video-preview:-1\" \/>\n<link rel=\"canonical\" href=\"https:\/\/www.formentera.es\/it\/esplorare\/attivita\/percorsi-verdi\/es-pujols-es-ca-mari\/\" \/>\n<meta property=\"og:locale\" content=\"it_IT\" \/>\n<meta property=\"og:type\" content=\"article\" \/>\n<meta property=\"og:title\" content=\"Es Pujols - Es Ca Mar\u00ed | Turismo de Formentera\" \/>\n<meta property=\"og:description\" content=\"[vc_row][vc_column width=&#8221;8\/12&#8243;][vc_column_text]Con poco pi\u00f9 di 5 chilometri, questo completo circuito collega direttamente due delle coste [&hellip;]\" \/>\n<meta property=\"og:url\" content=\"https:\/\/www.formentera.es\/it\/esplorare\/attivita\/percorsi-verdi\/es-pujols-es-ca-mari\/\" \/>\n<meta property=\"og:site_name\" content=\"Turismo de Formentera\" \/>\n<meta property=\"article:publisher\" content=\"https:\/\/www.facebook.com\/turismoformentera\/\" \/>\n<meta property=\"article:modified_time\" content=\"2020-04-21T10:09:07+00:00\" \/>\n<meta property=\"og:image\" content=\"https:\/\/www.formentera.es\/wp-content\/uploads\/2020\/04\/IMG_7569_migjorn.jpg\" \/>\n\t<meta property=\"og:image:width\" content=\"1600\" \/>\n\t<meta property=\"og:image:height\" content=\"1067\" \/>\n\t<meta property=\"og:image:type\" content=\"image\/jpeg\" \/>\n<meta name=\"twitter:card\" content=\"summary_large_image\" \/>\n<meta name=\"twitter:site\" content=\"@visitformentera\" \/>\n<meta name=\"twitter:label1\" content=\"Tempo di lettura stimato\" \/>\n\t<meta name=\"twitter:data1\" content=\"2 minuti\" \/>\n<script type=\"application\/ld+json\" class=\"yoast-schema-graph\">{\"@context\":\"https:\/\/schema.org\",\"@graph\":[{\"@type\":\"WebPage\",\"@id\":\"https:\/\/www.formentera.es\/it\/esplorare\/attivita\/percorsi-verdi\/es-pujols-es-ca-mari\/\",\"url\":\"https:\/\/www.formentera.es\/it\/esplorare\/attivita\/percorsi-verdi\/es-pujols-es-ca-mari\/\",\"name\":\"Es Pujols - Es Ca Mar\u00ed | Turismo de Formentera\",\"isPartOf\":{\"@id\":\"https:\/\/www.formentera.es\/#website\"},\"primaryImageOfPage\":{\"@id\":\"https:\/\/www.formentera.es\/it\/esplorare\/attivita\/percorsi-verdi\/es-pujols-es-ca-mari\/#primaryimage\"},\"image\":{\"@id\":\"https:\/\/www.formentera.es\/it\/esplorare\/attivita\/percorsi-verdi\/es-pujols-es-ca-mari\/#primaryimage\"},\"thumbnailUrl\":\"https:\/\/www.formentera.es\/wp-content\/uploads\/2020\/04\/IMG_7569_migjorn.jpg\",\"datePublished\":\"2020-04-15T14:51:42+00:00\",\"dateModified\":\"2020-04-21T10:09:07+00:00\",\"breadcrumb\":{\"@id\":\"https:\/\/www.formentera.es\/it\/esplorare\/attivita\/percorsi-verdi\/es-pujols-es-ca-mari\/#breadcrumb\"},\"inLanguage\":\"it-IT\",\"potentialAction\":[{\"@type\":\"ReadAction\",\"target\":[\"https:\/\/www.formentera.es\/it\/esplorare\/attivita\/percorsi-verdi\/es-pujols-es-ca-mari\/\"]}]},{\"@type\":\"ImageObject\",\"inLanguage\":\"it-IT\",\"@id\":\"https:\/\/www.formentera.es\/it\/esplorare\/attivita\/percorsi-verdi\/es-pujols-es-ca-mari\/#primaryimage\",\"url\":\"https:\/\/www.formentera.es\/wp-content\/uploads\/2020\/04\/IMG_7569_migjorn.jpg\",\"contentUrl\":\"https:\/\/www.formentera.es\/wp-content\/uploads\/2020\/04\/IMG_7569_migjorn.jpg\",\"width\":1600,\"height\":1067},{\"@type\":\"BreadcrumbList\",\"@id\":\"https:\/\/www.formentera.es\/it\/esplorare\/attivita\/percorsi-verdi\/es-pujols-es-ca-mari\/#breadcrumb\",\"itemListElement\":[{\"@type\":\"ListItem\",\"position\":1,\"name\":\"Portada\",\"item\":\"https:\/\/www.formentera.es\/it\/\"},{\"@type\":\"ListItem\",\"position\":2,\"name\":\"Esplorare\",\"item\":\"https:\/\/www.formentera.es\/explorar\/\"},{\"@type\":\"ListItem\",\"position\":3,\"name\":\"Attivit\u00e0\",\"item\":\"https:\/\/www.formentera.es\/it\/esplorare\/attivita\/\"},{\"@type\":\"ListItem\",\"position\":4,\"name\":\"Percorsi verdi\",\"item\":\"https:\/\/www.formentera.es\/it\/esplorare\/attivita\/percorsi-verdi\/\"},{\"@type\":\"ListItem\",\"position\":5,\"name\":\"Es Pujols &#8211; Es Ca Mar\u00ed\"}]},{\"@type\":\"WebSite\",\"@id\":\"https:\/\/www.formentera.es\/#website\",\"url\":\"https:\/\/www.formentera.es\/\",\"name\":\"Turismo de Formentera\",\"description\":\"Web oficial de Turismo de Formentera\",\"potentialAction\":[{\"@type\":\"SearchAction\",\"target\":{\"@type\":\"EntryPoint\",\"urlTemplate\":\"https:\/\/www.formentera.es\/?s={search_term_string}\"},\"query-input\":{\"@type\":\"PropertyValueSpecification\",\"valueRequired\":true,\"valueName\":\"search_term_string\"}}],\"inLanguage\":\"it-IT\"}]}<\/script>\n<!-- \/ Yoast SEO plugin. -->","yoast_head_json":{"title":"Es Pujols - Es Ca Mar\u00ed | Turismo de Formentera","robots":{"index":"index","follow":"follow","max-snippet":"max-snippet:-1","max-image-preview":"max-image-preview:large","max-video-preview":"max-video-preview:-1"},"canonical":"https:\/\/www.formentera.es\/it\/esplorare\/attivita\/percorsi-verdi\/es-pujols-es-ca-mari\/","og_locale":"it_IT","og_type":"article","og_title":"Es Pujols - Es Ca Mar\u00ed | Turismo de Formentera","og_description":"[vc_row][vc_column width=&#8221;8\/12&#8243;][vc_column_text]Con poco pi\u00f9 di 5 chilometri, questo completo circuito collega direttamente due delle coste [&hellip;]","og_url":"https:\/\/www.formentera.es\/it\/esplorare\/attivita\/percorsi-verdi\/es-pujols-es-ca-mari\/","og_site_name":"Turismo de Formentera","article_publisher":"https:\/\/www.facebook.com\/turismoformentera\/","article_modified_time":"2020-04-21T10:09:07+00:00","og_image":[{"width":1600,"height":1067,"url":"https:\/\/www.formentera.es\/wp-content\/uploads\/2020\/04\/IMG_7569_migjorn.jpg","type":"image\/jpeg"}],"twitter_card":"summary_large_image","twitter_site":"@visitformentera","twitter_misc":{"Tempo di lettura stimato":"2 minuti"},"schema":{"@context":"https:\/\/schema.org","@graph":[{"@type":"WebPage","@id":"https:\/\/www.formentera.es\/it\/esplorare\/attivita\/percorsi-verdi\/es-pujols-es-ca-mari\/","url":"https:\/\/www.formentera.es\/it\/esplorare\/attivita\/percorsi-verdi\/es-pujols-es-ca-mari\/","name":"Es Pujols - Es Ca Mar\u00ed | Turismo de Formentera","isPartOf":{"@id":"https:\/\/www.formentera.es\/#website"},"primaryImageOfPage":{"@id":"https:\/\/www.formentera.es\/it\/esplorare\/attivita\/percorsi-verdi\/es-pujols-es-ca-mari\/#primaryimage"},"image":{"@id":"https:\/\/www.formentera.es\/it\/esplorare\/attivita\/percorsi-verdi\/es-pujols-es-ca-mari\/#primaryimage"},"thumbnailUrl":"https:\/\/www.formentera.es\/wp-content\/uploads\/2020\/04\/IMG_7569_migjorn.jpg","datePublished":"2020-04-15T14:51:42+00:00","dateModified":"2020-04-21T10:09:07+00:00","breadcrumb":{"@id":"https:\/\/www.formentera.es\/it\/esplorare\/attivita\/percorsi-verdi\/es-pujols-es-ca-mari\/#breadcrumb"},"inLanguage":"it-IT","potentialAction":[{"@type":"ReadAction","target":["https:\/\/www.formentera.es\/it\/esplorare\/attivita\/percorsi-verdi\/es-pujols-es-ca-mari\/"]}]},{"@type":"ImageObject","inLanguage":"it-IT","@id":"https:\/\/www.formentera.es\/it\/esplorare\/attivita\/percorsi-verdi\/es-pujols-es-ca-mari\/#primaryimage","url":"https:\/\/www.formentera.es\/wp-content\/uploads\/2020\/04\/IMG_7569_migjorn.jpg","contentUrl":"https:\/\/www.formentera.es\/wp-content\/uploads\/2020\/04\/IMG_7569_migjorn.jpg","width":1600,"height":1067},{"@type":"BreadcrumbList","@id":"https:\/\/www.formentera.es\/it\/esplorare\/attivita\/percorsi-verdi\/es-pujols-es-ca-mari\/#breadcrumb","itemListElement":[{"@type":"ListItem","position":1,"name":"Portada","item":"https:\/\/www.formentera.es\/it\/"},{"@type":"ListItem","position":2,"name":"Esplorare","item":"https:\/\/www.formentera.es\/explorar\/"},{"@type":"ListItem","position":3,"name":"Attivit\u00e0","item":"https:\/\/www.formentera.es\/it\/esplorare\/attivita\/"},{"@type":"ListItem","position":4,"name":"Percorsi verdi","item":"https:\/\/www.formentera.es\/it\/esplorare\/attivita\/percorsi-verdi\/"},{"@type":"ListItem","position":5,"name":"Es Pujols &#8211; Es Ca Mar\u00ed"}]},{"@type":"WebSite","@id":"https:\/\/www.formentera.es\/#website","url":"https:\/\/www.formentera.es\/","name":"Turismo de Formentera","description":"Web oficial de Turismo de Formentera","potentialAction":[{"@type":"SearchAction","target":{"@type":"EntryPoint","urlTemplate":"https:\/\/www.formentera.es\/?s={search_term_string}"},"query-input":{"@type":"PropertyValueSpecification","valueRequired":true,"valueName":"search_term_string"}}],"inLanguage":"it-IT"}]}},"_links":{"self":[{"href":"https:\/\/www.formentera.es\/it\/wp-json\/wp\/v2\/pages\/12027","targetHints":{"allow":["GET"]}}],"collection":[{"href":"https:\/\/www.formentera.es\/it\/wp-json\/wp\/v2\/pages"}],"about":[{"href":"https:\/\/www.formentera.es\/it\/wp-json\/wp\/v2\/types\/page"}],"author":[{"embeddable":true,"href":"https:\/\/www.formentera.es\/it\/wp-json\/wp\/v2\/users\/1"}],"replies":[{"embeddable":true,"href":"https:\/\/www.formentera.es\/it\/wp-json\/wp\/v2\/comments?post=12027"}],"version-history":[{"count":0,"href":"https:\/\/www.formentera.es\/it\/wp-json\/wp\/v2\/pages\/12027\/revisions"}],"up":[{"embeddable":true,"href":"https:\/\/www.formentera.es\/it\/wp-json\/wp\/v2\/pages\/6477"}],"wp:featuredmedia":[{"embeddable":true,"href":"https:\/\/www.formentera.es\/it\/wp-json\/wp\/v2\/media\/11097"}],"wp:attachment":[{"href":"https:\/\/www.formentera.es\/it\/wp-json\/wp\/v2\/media?parent=12027"}],"wp:term":[{"taxonomy":"category","embeddable":true,"href":"https:\/\/www.formentera.es\/it\/wp-json\/wp\/v2\/categories?post=12027"}],"curies":[{"name":"wp","href":"https:\/\/api.w.org\/{rel}","templated":true}]}}