{"id":5626,"date":"2018-12-12T07:43:42","date_gmt":"2018-12-12T09:43:42","guid":{"rendered":"https:\/\/www.formentera.es\/audioguias\/"},"modified":"2022-04-20T12:29:24","modified_gmt":"2022-04-20T10:29:24","slug":"audioguides","status":"publish","type":"page","link":"https:\/\/www.formentera.es\/fr\/planifier\/audioguides\/","title":{"rendered":"Audioguides"},"content":{"rendered":"<div class=\"wpb-content-wrapper\"><p>[vc_row css=\u00a0\u00bb.vc_custom_1547571073394{padding-top: 40px !important;}\u00a0\u00bb][vc_column alignment=\u00a0\u00bbcenter\u00a0\u00bb][vc_custom_heading source=\u00a0\u00bbpost_title\u00a0\u00bb font_container=\u00a0\u00bbtag:h1|text_align:center|color:%232e3a6e\u00a0\u00bb use_theme_fonts=\u00a0\u00bbyes\u00a0\u00bb][vc_column_text el_class=\u00a0\u00bbsubtexto\u00a0\u00bb]Dans les offices de tourisme de Formentera, des <strong>audioguides<\/strong> sont \u00e0 la disposition des visiteurs qui souhaitent conna\u00eetre le patrimoine de l&rsquo;\u00eele gr\u00e2ce \u00e0 un accompagnement guid\u00e9.[\/vc_column_text][\/vc_column][\/vc_row][vc_row full_width=\u00a0\u00bbstretch_row_content\u00a0\u00bb gap=\u00a0\u00bb20&Prime; equal_height=\u00a0\u00bbyes\u00a0\u00bb el_class=\u00a0\u00bbaudioguias descargas\u00a0\u00bb][vc_column width=\u00a0\u00bb1\/4&Prime;][vc_single_image image=\u00a0\u00bb1432&Prime; img_size=\u00a0\u00bbfull\u00a0\u00bb alignment=\u00a0\u00bbcenter\u00a0\u00bb][vc_column_text el_class=\u00a0\u00bbbox_audio\u00a0\u00bb]<\/p>\n<!--[if lt IE 9]><script>document.createElement('audio');<\/script><![endif]-->\n<audio class=\"wp-audio-shortcode\" id=\"audio-5626-1\" preload=\"none\" style=\"width: 100%;\" controls=\"controls\"><source type=\"audio\/mpeg\" src=\"https:\/\/www.formentera.es\/wp-content\/uploads\/2019\/03\/FRA-1.mp3?_=1\" \/><a href=\"https:\/\/www.formentera.es\/wp-content\/uploads\/2019\/03\/FRA-1.mp3\">https:\/\/www.formentera.es\/wp-content\/uploads\/2019\/03\/FRA-1.mp3<\/a><\/audio>\n<p>[\/vc_column_text][vc_column_text]<\/p>\n<h3>1. Introduction<\/h3>\n<p>[\/vc_column_text][vc_message message_box_style=\u00a0\u00bboutline\u00a0\u00bb style=\u00a0\u00bbsquare\u00a0\u00bb message_box_color=\u00a0\u00bbwhite\u00a0\u00bb icon_fontawesome=\u00a0\u00bbfa fa-arrow-circle-o-down\u00a0\u00bb]<a href=\"https:\/\/www.formentera.es\/wp-content\/uploads\/2019\/03\/FRA-1.mp3\" target=\"_blank\" rel=\"noopener noreferrer\" download=\"Audio1\">T\u00e9l\u00e9charger l&rsquo;audio<\/a>[\/vc_message][\/vc_column][vc_column width=\u00a0\u00bb1\/4&Prime;][vc_single_image image=\u00a0\u00bb1435&Prime; img_size=\u00a0\u00bbfull\u00a0\u00bb alignment=\u00a0\u00bbcenter\u00a0\u00bb][vc_column_text el_class=\u00a0\u00bbbox_audio\u00a0\u00bb]<\/p>\n<audio class=\"wp-audio-shortcode\" id=\"audio-5626-2\" preload=\"none\" style=\"width: 100%;\" controls=\"controls\"><source type=\"audio\/mpeg\" src=\"https:\/\/www.formentera.es\/wp-content\/uploads\/2019\/03\/FRA-2.mp3?_=2\" \/><a href=\"https:\/\/www.formentera.es\/wp-content\/uploads\/2019\/03\/FRA-2.mp3\">https:\/\/www.formentera.es\/wp-content\/uploads\/2019\/03\/FRA-2.mp3<\/a><\/audio>\n<p>[\/vc_column_text][vc_column_text]<\/p>\n<h3>2. Description de la route<\/h3>\n<p>[\/vc_column_text][vc_message message_box_style=\u00a0\u00bboutline\u00a0\u00bb style=\u00a0\u00bbsquare\u00a0\u00bb message_box_color=\u00a0\u00bbwhite\u00a0\u00bb icon_fontawesome=\u00a0\u00bbfa fa-arrow-circle-o-down\u00a0\u00bb]<a href=\"https:\/\/www.formentera.es\/wp-content\/uploads\/2019\/03\/FRA-2.mp3\" target=\"_blank\" rel=\"noopener noreferrer\" download=\"Audio2\">T\u00e9l\u00e9charger l&rsquo;audio<\/a>[\/vc_message][\/vc_column][vc_column width=\u00a0\u00bb1\/4&Prime;][vc_single_image image=\u00a0\u00bb1437&Prime; img_size=\u00a0\u00bbfull\u00a0\u00bb alignment=\u00a0\u00bbcenter\u00a0\u00bb][vc_column_text el_class=\u00a0\u00bbbox_audio\u00a0\u00bb]<\/p>\n<audio class=\"wp-audio-shortcode\" id=\"audio-5626-3\" preload=\"none\" style=\"width: 100%;\" controls=\"controls\"><source type=\"audio\/mpeg\" src=\"https:\/\/www.formentera.es\/wp-content\/uploads\/2019\/03\/FRA-3.mp3?_=3\" \/><a href=\"https:\/\/www.formentera.es\/wp-content\/uploads\/2019\/03\/FRA-3.mp3\">https:\/\/www.formentera.es\/wp-content\/uploads\/2019\/03\/FRA-3.mp3<\/a><\/audio>\n<p>[\/vc_column_text][vc_column_text]<\/p>\n<h3>3. Sur le chemin de quelque part, l&rsquo;histoire de l&rsquo;\u00eele<\/h3>\n<p>[\/vc_column_text][vc_message message_box_style=\u00a0\u00bboutline\u00a0\u00bb style=\u00a0\u00bbsquare\u00a0\u00bb message_box_color=\u00a0\u00bbwhite\u00a0\u00bb icon_fontawesome=\u00a0\u00bbfa fa-arrow-circle-o-down\u00a0\u00bb]<a href=\"https:\/\/www.formentera.es\/wp-content\/uploads\/2019\/03\/FRA-3.mp3\" target=\"_blank\" rel=\"noopener noreferrer\" download=\"Audio3\">T\u00e9l\u00e9charger l&rsquo;audio<\/a>[\/vc_message][\/vc_column][vc_column width=\u00a0\u00bb1\/4&Prime;][vc_single_image image=\u00a0\u00bb1439&Prime; img_size=\u00a0\u00bbfull\u00a0\u00bb alignment=\u00a0\u00bbcenter\u00a0\u00bb][vc_column_text el_class=\u00a0\u00bbbox_audio\u00a0\u00bb]<\/p>\n<audio class=\"wp-audio-shortcode\" id=\"audio-5626-4\" preload=\"none\" style=\"width: 100%;\" controls=\"controls\"><source type=\"audio\/mpeg\" src=\"https:\/\/www.formentera.es\/wp-content\/uploads\/2019\/03\/FRA-4.mp3?_=4\" \/><a href=\"https:\/\/www.formentera.es\/wp-content\/uploads\/2019\/03\/FRA-4.mp3\">https:\/\/www.formentera.es\/wp-content\/uploads\/2019\/03\/FRA-4.mp3<\/a><\/audio>\n<p>[\/vc_column_text][vc_column_text]<\/p>\n<h3>4. Es mirador<\/h3>\n<p>[\/vc_column_text][vc_message message_box_style=\u00a0\u00bboutline\u00a0\u00bb style=\u00a0\u00bbsquare\u00a0\u00bb message_box_color=\u00a0\u00bbwhite\u00a0\u00bb icon_fontawesome=\u00a0\u00bbfa fa-arrow-circle-o-down\u00a0\u00bb]<a href=\"https:\/\/www.formentera.es\/wp-content\/uploads\/2019\/03\/FRA-4.mp3\" target=\"_blank\" rel=\"noopener noreferrer\" download=\"Audio4\">T\u00e9l\u00e9charger l&rsquo;audio<\/a>[\/vc_message][\/vc_column][\/vc_row][vc_row full_width=\u00a0\u00bbstretch_row_content\u00a0\u00bb gap=\u00a0\u00bb20&Prime; equal_height=\u00a0\u00bbyes\u00a0\u00bb el_class=\u00a0\u00bbaudioguias descargas\u00a0\u00bb][vc_column width=\u00a0\u00bb1\/4&Prime;][vc_single_image image=\u00a0\u00bb1441&Prime; img_size=\u00a0\u00bbfull\u00a0\u00bb alignment=\u00a0\u00bbcenter\u00a0\u00bb][vc_column_text el_class=\u00a0\u00bbbox_audio\u00a0\u00bb]<\/p>\n<audio class=\"wp-audio-shortcode\" id=\"audio-5626-5\" preload=\"none\" style=\"width: 100%;\" controls=\"controls\"><source type=\"audio\/mpeg\" src=\"https:\/\/www.formentera.es\/wp-content\/uploads\/2019\/03\/FRA-5.mp3?_=5\" \/><a href=\"https:\/\/www.formentera.es\/wp-content\/uploads\/2019\/03\/FRA-5.mp3\">https:\/\/www.formentera.es\/wp-content\/uploads\/2019\/03\/FRA-5.mp3<\/a><\/audio>\n<p>[\/vc_column_text][vc_column_text]<\/p>\n<h3>5. Pilier de la Mola. March\u00e9. Artisanat. Histoire<\/h3>\n<p>[\/vc_column_text][vc_message message_box_style=\u00a0\u00bboutline\u00a0\u00bb style=\u00a0\u00bbsquare\u00a0\u00bb message_box_color=\u00a0\u00bbwhite\u00a0\u00bb icon_fontawesome=\u00a0\u00bbfa fa-arrow-circle-o-down\u00a0\u00bb]<a href=\"https:\/\/www.formentera.es\/wp-content\/uploads\/2019\/03\/FRA-5.mp3\" target=\"_blank\" rel=\"noopener noreferrer\" download=\"Audio5\">T\u00e9l\u00e9charger l&rsquo;audio<\/a>[\/vc_message][\/vc_column][vc_column width=\u00a0\u00bb1\/4&Prime;][vc_single_image image=\u00a0\u00bb1443&Prime; img_size=\u00a0\u00bbfull\u00a0\u00bb alignment=\u00a0\u00bbcenter\u00a0\u00bb][vc_column_text el_class=\u00a0\u00bbbox_audio\u00a0\u00bb]<\/p>\n<audio class=\"wp-audio-shortcode\" id=\"audio-5626-6\" preload=\"none\" style=\"width: 100%;\" controls=\"controls\"><source type=\"audio\/mpeg\" src=\"https:\/\/www.formentera.es\/wp-content\/uploads\/2019\/03\/FRA-6.mp3?_=6\" \/><a href=\"https:\/\/www.formentera.es\/wp-content\/uploads\/2019\/03\/FRA-6.mp3\">https:\/\/www.formentera.es\/wp-content\/uploads\/2019\/03\/FRA-6.mp3<\/a><\/audio>\n<p>[\/vc_column_text][vc_column_text]<\/p>\n<h3>6. Phare de la Mola<\/h3>\n<p>[\/vc_column_text][vc_message message_box_style=\u00a0\u00bboutline\u00a0\u00bb style=\u00a0\u00bbsquare\u00a0\u00bb message_box_color=\u00a0\u00bbwhite\u00a0\u00bb icon_fontawesome=\u00a0\u00bbfa fa-arrow-circle-o-down\u00a0\u00bb]<a href=\"https:\/\/www.formentera.es\/wp-content\/uploads\/2019\/03\/FRA-6.mp3\" target=\"_blank\" rel=\"noopener noreferrer\" download=\"Audio6\">T\u00e9l\u00e9charger l&rsquo;audio<\/a>[\/vc_message][\/vc_column][vc_column width=\u00a0\u00bb1\/4&Prime;][vc_single_image image=\u00a0\u00bb1445&Prime; img_size=\u00a0\u00bbfull\u00a0\u00bb alignment=\u00a0\u00bbcenter\u00a0\u00bb][vc_column_text el_class=\u00a0\u00bbbox_audio\u00a0\u00bb]<\/p>\n<audio class=\"wp-audio-shortcode\" id=\"audio-5626-7\" preload=\"none\" style=\"width: 100%;\" controls=\"controls\"><source type=\"audio\/mpeg\" src=\"https:\/\/www.formentera.es\/wp-content\/uploads\/2019\/03\/FRA-7.mp3?_=7\" \/><a href=\"https:\/\/www.formentera.es\/wp-content\/uploads\/2019\/03\/FRA-7.mp3\">https:\/\/www.formentera.es\/wp-content\/uploads\/2019\/03\/FRA-7.mp3<\/a><\/audio>\n<p>[\/vc_column_text][vc_column_text]<\/p>\n<h3>7. Vieux moulin de la Mola<\/h3>\n<p>[\/vc_column_text][vc_message message_box_style=\u00a0\u00bboutline\u00a0\u00bb style=\u00a0\u00bbsquare\u00a0\u00bb message_box_color=\u00a0\u00bbwhite\u00a0\u00bb icon_fontawesome=\u00a0\u00bbfa fa-arrow-circle-o-down\u00a0\u00bb]<a href=\"https:\/\/www.formentera.es\/wp-content\/uploads\/2019\/03\/FRA-7.mp3\" target=\"_blank\" rel=\"noopener noreferrer\" download=\"Audio7\">T\u00e9l\u00e9charger l&rsquo;audio<\/a>[\/vc_message][\/vc_column][vc_column width=\u00a0\u00bb1\/4&Prime;][vc_single_image image=\u00a0\u00bb1447&Prime; img_size=\u00a0\u00bbfull\u00a0\u00bb alignment=\u00a0\u00bbcenter\u00a0\u00bb][vc_column_text el_class=\u00a0\u00bbbox_audio\u00a0\u00bb]<\/p>\n<audio class=\"wp-audio-shortcode\" id=\"audio-5626-8\" preload=\"none\" style=\"width: 100%;\" controls=\"controls\"><source type=\"audio\/mpeg\" src=\"https:\/\/www.formentera.es\/wp-content\/uploads\/2019\/03\/FRA-8.mp3?_=8\" \/><a href=\"https:\/\/www.formentera.es\/wp-content\/uploads\/2019\/03\/FRA-8.mp3\">https:\/\/www.formentera.es\/wp-content\/uploads\/2019\/03\/FRA-8.mp3<\/a><\/audio>\n<p>[\/vc_column_text][vc_column_text]<\/p>\n<h3>8. Gastronomie. Plats et produits<\/h3>\n<p>[\/vc_column_text][vc_message message_box_style=\u00a0\u00bboutline\u00a0\u00bb style=\u00a0\u00bbsquare\u00a0\u00bb message_box_color=\u00a0\u00bbwhite\u00a0\u00bb icon_fontawesome=\u00a0\u00bbfa fa-arrow-circle-o-down\u00a0\u00bb]<a href=\"https:\/\/www.formentera.es\/wp-content\/uploads\/2019\/03\/FRA-8.mp3\" target=\"_blank\" rel=\"noopener noreferrer\" download=\"Audio8\">T\u00e9l\u00e9charger l&rsquo;audio<\/a>[\/vc_message][\/vc_column][\/vc_row][vc_row full_width=\u00a0\u00bbstretch_row_content\u00a0\u00bb gap=\u00a0\u00bb20&Prime; equal_height=\u00a0\u00bbyes\u00a0\u00bb el_class=\u00a0\u00bbaudioguias descargas\u00a0\u00bb][vc_column width=\u00a0\u00bb1\/4&Prime;][vc_single_image image=\u00a0\u00bb1449&Prime; img_size=\u00a0\u00bbfull\u00a0\u00bb alignment=\u00a0\u00bbcenter\u00a0\u00bb][vc_column_text el_class=\u00a0\u00bbbox_audio\u00a0\u00bb]<\/p>\n<audio class=\"wp-audio-shortcode\" id=\"audio-5626-9\" preload=\"none\" style=\"width: 100%;\" controls=\"controls\"><source type=\"audio\/mpeg\" src=\"https:\/\/www.formentera.es\/wp-content\/uploads\/2019\/03\/FRA-9.mp3?_=9\" \/><a href=\"https:\/\/www.formentera.es\/wp-content\/uploads\/2019\/03\/FRA-9.mp3\">https:\/\/www.formentera.es\/wp-content\/uploads\/2019\/03\/FRA-9.mp3<\/a><\/audio>\n<p>[\/vc_column_text][vc_column_text]<\/p>\n<h3>9. Castellum romain de \u00ab\u00a0Can Blai\u00a0\u00bb<\/h3>\n<p>[\/vc_column_text][vc_message message_box_style=\u00a0\u00bboutline\u00a0\u00bb style=\u00a0\u00bbsquare\u00a0\u00bb message_box_color=\u00a0\u00bbwhite\u00a0\u00bb icon_fontawesome=\u00a0\u00bbfa fa-arrow-circle-o-down\u00a0\u00bb]<a href=\"https:\/\/www.formentera.es\/wp-content\/uploads\/2019\/03\/FRA-9.mp3\" target=\"_blank\" rel=\"noopener noreferrer\" download=\"Audio9\">T\u00e9l\u00e9charger l&rsquo;audio<\/a>[\/vc_message][\/vc_column][vc_column width=\u00a0\u00bb1\/4&Prime;][vc_single_image image=\u00a0\u00bb1451&Prime; img_size=\u00a0\u00bbfull\u00a0\u00bb alignment=\u00a0\u00bbcenter\u00a0\u00bb][vc_column_text el_class=\u00a0\u00bbbox_audio\u00a0\u00bb]<\/p>\n<audio class=\"wp-audio-shortcode\" id=\"audio-5626-10\" preload=\"none\" style=\"width: 100%;\" controls=\"controls\"><source type=\"audio\/mpeg\" src=\"https:\/\/www.formentera.es\/wp-content\/uploads\/2019\/03\/FRA-10.mp3?_=10\" \/><a href=\"https:\/\/www.formentera.es\/wp-content\/uploads\/2019\/03\/FRA-10.mp3\">https:\/\/www.formentera.es\/wp-content\/uploads\/2019\/03\/FRA-10.mp3<\/a><\/audio>\n<p>[\/vc_column_text][vc_column_text]<\/p>\n<h3>10. La plage de Migjorn<\/h3>\n<p>[\/vc_column_text][vc_message message_box_style=\u00a0\u00bboutline\u00a0\u00bb style=\u00a0\u00bbsquare\u00a0\u00bb message_box_color=\u00a0\u00bbwhite\u00a0\u00bb icon_fontawesome=\u00a0\u00bbfa fa-arrow-circle-o-down\u00a0\u00bb]<a href=\"https:\/\/www.formentera.es\/wp-content\/uploads\/2019\/03\/FRA-10.mp3\" target=\"_blank\" rel=\"noopener noreferrer\" download=\"Audio10\">T\u00e9l\u00e9charger l&rsquo;audio<\/a>[\/vc_message][\/vc_column][vc_column width=\u00a0\u00bb1\/4&Prime;][vc_single_image image=\u00a0\u00bb1453&Prime; img_size=\u00a0\u00bbfull\u00a0\u00bb alignment=\u00a0\u00bbcenter\u00a0\u00bb][vc_column_text el_class=\u00a0\u00bbbox_audio\u00a0\u00bb]<\/p>\n<audio class=\"wp-audio-shortcode\" id=\"audio-5626-11\" preload=\"none\" style=\"width: 100%;\" controls=\"controls\"><source type=\"audio\/mpeg\" src=\"https:\/\/www.formentera.es\/wp-content\/uploads\/2019\/03\/FRA-11.mp3?_=11\" \/><a href=\"https:\/\/www.formentera.es\/wp-content\/uploads\/2019\/03\/FRA-11.mp3\">https:\/\/www.formentera.es\/wp-content\/uploads\/2019\/03\/FRA-11.mp3<\/a><\/audio>\n<p>[\/vc_column_text][vc_column_text]<\/p>\n<h3>11. Sant Ferr\u00e1n et le mouvement hippy<\/h3>\n<p>[\/vc_column_text][vc_message message_box_style=\u00a0\u00bboutline\u00a0\u00bb style=\u00a0\u00bbsquare\u00a0\u00bb message_box_color=\u00a0\u00bbwhite\u00a0\u00bb icon_fontawesome=\u00a0\u00bbfa fa-arrow-circle-o-down\u00a0\u00bb]<a href=\"https:\/\/www.formentera.es\/wp-content\/uploads\/2019\/03\/FRA-11.mp3\" target=\"_blank\" rel=\"noopener noreferrer\" download=\"Audio11\">T\u00e9l\u00e9charger l&rsquo;audio<\/a>[\/vc_message][\/vc_column][vc_column width=\u00a0\u00bb1\/4&Prime;][vc_single_image image=\u00a0\u00bb1455&Prime; img_size=\u00a0\u00bbfull\u00a0\u00bb alignment=\u00a0\u00bbcenter\u00a0\u00bb][vc_column_text el_class=\u00a0\u00bbbox_audio\u00a0\u00bb]<\/p>\n<audio class=\"wp-audio-shortcode\" id=\"audio-5626-12\" preload=\"none\" style=\"width: 100%;\" controls=\"controls\"><source type=\"audio\/mpeg\" src=\"https:\/\/www.formentera.es\/wp-content\/uploads\/2019\/03\/FRA-12.mp3?_=12\" \/><a href=\"https:\/\/www.formentera.es\/wp-content\/uploads\/2019\/03\/FRA-12.mp3\">https:\/\/www.formentera.es\/wp-content\/uploads\/2019\/03\/FRA-12.mp3<\/a><\/audio>\n<p>[\/vc_column_text][vc_column_text]<\/p>\n<h3>12. Sant Francesc Xavier<\/h3>\n<p>[\/vc_column_text][vc_message message_box_style=\u00a0\u00bboutline\u00a0\u00bb style=\u00a0\u00bbsquare\u00a0\u00bb message_box_color=\u00a0\u00bbwhite\u00a0\u00bb icon_fontawesome=\u00a0\u00bbfa fa-arrow-circle-o-down\u00a0\u00bb]<a href=\"https:\/\/www.formentera.es\/wp-content\/uploads\/2019\/03\/FRA-12.mp3\" target=\"_blank\" rel=\"noopener noreferrer\" download=\"Audio12\">T\u00e9l\u00e9charger l&rsquo;audio<\/a>[\/vc_message][\/vc_column][\/vc_row][vc_row full_width=\u00a0\u00bbstretch_row_content\u00a0\u00bb gap=\u00a0\u00bb20&Prime; equal_height=\u00a0\u00bbyes\u00a0\u00bb el_class=\u00a0\u00bbaudioguias descargas\u00a0\u00bb][vc_column width=\u00a0\u00bb1\/4&Prime;][vc_single_image image=\u00a0\u00bb1457&Prime; img_size=\u00a0\u00bbfull\u00a0\u00bb alignment=\u00a0\u00bbcenter\u00a0\u00bb][vc_column_text el_class=\u00a0\u00bbbox_audio\u00a0\u00bb]<\/p>\n<audio class=\"wp-audio-shortcode\" id=\"audio-5626-13\" preload=\"none\" style=\"width: 100%;\" controls=\"controls\"><source type=\"audio\/mpeg\" src=\"https:\/\/www.formentera.es\/wp-content\/uploads\/2019\/03\/FRA-13.mp3?_=13\" \/><a href=\"https:\/\/www.formentera.es\/wp-content\/uploads\/2019\/03\/FRA-13.mp3\">https:\/\/www.formentera.es\/wp-content\/uploads\/2019\/03\/FRA-13.mp3<\/a><\/audio>\n<p>[\/vc_column_text][vc_column_text]<\/p>\n<h3>13. F\u00eates<\/h3>\n<p>[\/vc_column_text][vc_message message_box_style=\u00a0\u00bboutline\u00a0\u00bb style=\u00a0\u00bbsquare\u00a0\u00bb message_box_color=\u00a0\u00bbwhite\u00a0\u00bb icon_fontawesome=\u00a0\u00bbfa fa-arrow-circle-o-down\u00a0\u00bb]<a href=\"https:\/\/www.formentera.es\/wp-content\/uploads\/2019\/03\/FRA-13.mp3\" target=\"_blank\" rel=\"noopener noreferrer\" download=\"Audio13\">T\u00e9l\u00e9charger l&rsquo;audio<\/a>[\/vc_message][\/vc_column][vc_column width=\u00a0\u00bb1\/4&Prime;][vc_single_image image=\u00a0\u00bb1459&Prime; img_size=\u00a0\u00bbfull\u00a0\u00bb alignment=\u00a0\u00bbcenter\u00a0\u00bb][vc_column_text el_class=\u00a0\u00bbbox_audio\u00a0\u00bb]<\/p>\n<audio class=\"wp-audio-shortcode\" id=\"audio-5626-14\" preload=\"none\" style=\"width: 100%;\" controls=\"controls\"><source type=\"audio\/mpeg\" src=\"https:\/\/www.formentera.es\/wp-content\/uploads\/2019\/03\/FRA-14.mp3?_=14\" \/><a href=\"https:\/\/www.formentera.es\/wp-content\/uploads\/2019\/03\/FRA-14.mp3\">https:\/\/www.formentera.es\/wp-content\/uploads\/2019\/03\/FRA-14.mp3<\/a><\/audio>\n<p>[\/vc_column_text][vc_column_text]<\/p>\n<h3>14. \u00c9glise et place de la Mairie<\/h3>\n<p>[\/vc_column_text][vc_message message_box_style=\u00a0\u00bboutline\u00a0\u00bb style=\u00a0\u00bbsquare\u00a0\u00bb message_box_color=\u00a0\u00bbwhite\u00a0\u00bb icon_fontawesome=\u00a0\u00bbfa fa-arrow-circle-o-down\u00a0\u00bb]<a href=\"https:\/\/www.formentera.es\/wp-content\/uploads\/2019\/03\/FRA-14.mp3\" target=\"_blank\" rel=\"noopener noreferrer\" download=\"Audio14\">T\u00e9l\u00e9charger l&rsquo;audio<\/a>[\/vc_message][\/vc_column][vc_column width=\u00a0\u00bb1\/4&Prime;][vc_single_image image=\u00a0\u00bb1461&Prime; img_size=\u00a0\u00bbfull\u00a0\u00bb alignment=\u00a0\u00bbcenter\u00a0\u00bb][vc_column_text el_class=\u00a0\u00bbbox_audio\u00a0\u00bb]<\/p>\n<audio class=\"wp-audio-shortcode\" id=\"audio-5626-15\" preload=\"none\" style=\"width: 100%;\" controls=\"controls\"><source type=\"audio\/mpeg\" src=\"https:\/\/www.formentera.es\/wp-content\/uploads\/2019\/03\/FRA-15.mp3?_=15\" \/><a href=\"https:\/\/www.formentera.es\/wp-content\/uploads\/2019\/03\/FRA-15.mp3\">https:\/\/www.formentera.es\/wp-content\/uploads\/2019\/03\/FRA-15.mp3<\/a><\/audio>\n<p>[\/vc_column_text][vc_column_text]<\/p>\n<h3>15. Mus\u00e9e d&rsquo;Etnographie d&rsquo;Ibiza et Formentera<\/h3>\n<p>[\/vc_column_text][vc_message message_box_style=\u00a0\u00bboutline\u00a0\u00bb style=\u00a0\u00bbsquare\u00a0\u00bb message_box_color=\u00a0\u00bbwhite\u00a0\u00bb icon_fontawesome=\u00a0\u00bbfa fa-arrow-circle-o-down\u00a0\u00bb]<a href=\"https:\/\/www.formentera.es\/wp-content\/uploads\/2019\/03\/FRA-15.mp3\" target=\"_blank\" rel=\"noopener noreferrer\" download=\"Audio15\">T\u00e9l\u00e9charger l&rsquo;audio<\/a>[\/vc_message][\/vc_column][vc_column width=\u00a0\u00bb1\/4&Prime;][vc_single_image image=\u00a0\u00bb1463&Prime; img_size=\u00a0\u00bbfull\u00a0\u00bb alignment=\u00a0\u00bbcenter\u00a0\u00bb][vc_column_text el_class=\u00a0\u00bbbox_audio\u00a0\u00bb]<\/p>\n<audio class=\"wp-audio-shortcode\" id=\"audio-5626-16\" preload=\"none\" style=\"width: 100%;\" controls=\"controls\"><source type=\"audio\/mpeg\" src=\"https:\/\/www.formentera.es\/wp-content\/uploads\/2019\/03\/FRA-16.mp3?_=16\" \/><a href=\"https:\/\/www.formentera.es\/wp-content\/uploads\/2019\/03\/FRA-16.mp3\">https:\/\/www.formentera.es\/wp-content\/uploads\/2019\/03\/FRA-16.mp3<\/a><\/audio>\n<p>[\/vc_column_text][vc_column_text]<\/p>\n<h3>16. Le chemin vers le phare de Cap de Barbaria<\/h3>\n<p>[\/vc_column_text][vc_message message_box_style=\u00a0\u00bboutline\u00a0\u00bb style=\u00a0\u00bbsquare\u00a0\u00bb message_box_color=\u00a0\u00bbwhite\u00a0\u00bb icon_fontawesome=\u00a0\u00bbfa fa-arrow-circle-o-down\u00a0\u00bb]<a href=\"https:\/\/www.formentera.es\/wp-content\/uploads\/2019\/03\/FRA-16.mp3\" target=\"_blank\" rel=\"noopener noreferrer\" download=\"Audio16\">T\u00e9l\u00e9charger l&rsquo;audio<\/a>[\/vc_message][\/vc_column][\/vc_row][vc_row full_width=\u00a0\u00bbstretch_row_content\u00a0\u00bb gap=\u00a0\u00bb20&Prime; equal_height=\u00a0\u00bbyes\u00a0\u00bb el_class=\u00a0\u00bbaudioguias descargas\u00a0\u00bb][vc_column width=\u00a0\u00bb1\/4&Prime;][vc_single_image image=\u00a0\u00bb1465&Prime; img_size=\u00a0\u00bbfull\u00a0\u00bb alignment=\u00a0\u00bbcenter\u00a0\u00bb][vc_column_text el_class=\u00a0\u00bbbox_audio\u00a0\u00bb]<\/p>\n<audio class=\"wp-audio-shortcode\" id=\"audio-5626-17\" preload=\"none\" style=\"width: 100%;\" controls=\"controls\"><source type=\"audio\/mpeg\" src=\"https:\/\/www.formentera.es\/wp-content\/uploads\/2019\/03\/FRA-17.mp3?_=17\" \/><a href=\"https:\/\/www.formentera.es\/wp-content\/uploads\/2019\/03\/FRA-17.mp3\">https:\/\/www.formentera.es\/wp-content\/uploads\/2019\/03\/FRA-17.mp3<\/a><\/audio>\n<p>[\/vc_column_text][vc_column_text]<\/p>\n<h3>17. Phare Cap de Barbaria<\/h3>\n<p>[\/vc_column_text][vc_message message_box_style=\u00a0\u00bboutline\u00a0\u00bb style=\u00a0\u00bbsquare\u00a0\u00bb message_box_color=\u00a0\u00bbwhite\u00a0\u00bb icon_fontawesome=\u00a0\u00bbfa fa-arrow-circle-o-down\u00a0\u00bb]<a href=\"https:\/\/www.formentera.es\/wp-content\/uploads\/2019\/03\/FRA-17.mp3\" target=\"_blank\" rel=\"noopener noreferrer\" download=\"Audio17\">T\u00e9l\u00e9charger l&rsquo;audio<\/a>[\/vc_message][\/vc_column][vc_column width=\u00a0\u00bb1\/4&Prime;][vc_single_image image=\u00a0\u00bb1467&Prime; img_size=\u00a0\u00bbfull\u00a0\u00bb alignment=\u00a0\u00bbcenter\u00a0\u00bb][vc_column_text el_class=\u00a0\u00bbbox_audio\u00a0\u00bb]<\/p>\n<audio class=\"wp-audio-shortcode\" id=\"audio-5626-18\" preload=\"none\" style=\"width: 100%;\" controls=\"controls\"><source type=\"audio\/mpeg\" src=\"https:\/\/www.formentera.es\/wp-content\/uploads\/2019\/03\/FRA-18.mp3?_=18\" \/><a href=\"https:\/\/www.formentera.es\/wp-content\/uploads\/2019\/03\/FRA-18.mp3\">https:\/\/www.formentera.es\/wp-content\/uploads\/2019\/03\/FRA-18.mp3<\/a><\/audio>\n<p>[\/vc_column_text][vc_column_text]<\/p>\n<h3>18. Maison traditionnelle<\/h3>\n<p>[\/vc_column_text][vc_message message_box_style=\u00a0\u00bboutline\u00a0\u00bb style=\u00a0\u00bbsquare\u00a0\u00bb message_box_color=\u00a0\u00bbwhite\u00a0\u00bb icon_fontawesome=\u00a0\u00bbfa fa-arrow-circle-o-down\u00a0\u00bb]<a href=\"https:\/\/www.formentera.es\/wp-content\/uploads\/2019\/03\/FRA-18.mp3\" target=\"_blank\" rel=\"noopener noreferrer\" download=\"Audio18\">T\u00e9l\u00e9charger l&rsquo;audio<\/a>[\/vc_message][\/vc_column][vc_column width=\u00a0\u00bb1\/4&Prime;][vc_single_image image=\u00a0\u00bb1469&Prime; img_size=\u00a0\u00bbfull\u00a0\u00bb alignment=\u00a0\u00bbcenter\u00a0\u00bb][vc_column_text el_class=\u00a0\u00bbbox_audio\u00a0\u00bb]<\/p>\n<audio class=\"wp-audio-shortcode\" id=\"audio-5626-19\" preload=\"none\" style=\"width: 100%;\" controls=\"controls\"><source type=\"audio\/mpeg\" src=\"https:\/\/www.formentera.es\/wp-content\/uploads\/2019\/03\/FRA-19.mp3?_=19\" \/><a href=\"https:\/\/www.formentera.es\/wp-content\/uploads\/2019\/03\/FRA-19.mp3\">https:\/\/www.formentera.es\/wp-content\/uploads\/2019\/03\/FRA-19.mp3<\/a><\/audio>\n<p>[\/vc_column_text][vc_column_text]<\/p>\n<h3>19. Ses Salines de Formentera<\/h3>\n<p>[\/vc_column_text][vc_message message_box_style=\u00a0\u00bboutline\u00a0\u00bb style=\u00a0\u00bbsquare\u00a0\u00bb message_box_color=\u00a0\u00bbwhite\u00a0\u00bb icon_fontawesome=\u00a0\u00bbfa fa-arrow-circle-o-down\u00a0\u00bb]<a href=\"https:\/\/www.formentera.es\/wp-content\/uploads\/2019\/03\/FRA-19.mp3\" target=\"_blank\" rel=\"noopener noreferrer\" download=\"Audio19\">T\u00e9l\u00e9charger l&rsquo;audio<\/a>[\/vc_message][\/vc_column][vc_column width=\u00a0\u00bb1\/4&Prime;][vc_single_image image=\u00a0\u00bb1471&Prime; img_size=\u00a0\u00bbfull\u00a0\u00bb alignment=\u00a0\u00bbcenter\u00a0\u00bb][vc_column_text el_class=\u00a0\u00bbbox_audio\u00a0\u00bb]<\/p>\n<audio class=\"wp-audio-shortcode\" id=\"audio-5626-20\" preload=\"none\" style=\"width: 100%;\" controls=\"controls\"><source type=\"audio\/mpeg\" src=\"https:\/\/www.formentera.es\/wp-content\/uploads\/2019\/03\/FRA-20.mp3?_=20\" \/><a href=\"https:\/\/www.formentera.es\/wp-content\/uploads\/2019\/03\/FRA-20.mp3\">https:\/\/www.formentera.es\/wp-content\/uploads\/2019\/03\/FRA-20.mp3<\/a><\/audio>\n<p>[\/vc_column_text][vc_column_text]<\/p>\n<h3>20. Sepulcre m\u00e9galithique de Ca Na Nostra<\/h3>\n<p>[\/vc_column_text][vc_message message_box_style=\u00a0\u00bboutline\u00a0\u00bb style=\u00a0\u00bbsquare\u00a0\u00bb message_box_color=\u00a0\u00bbwhite\u00a0\u00bb icon_fontawesome=\u00a0\u00bbfa fa-arrow-circle-o-down\u00a0\u00bb]<a href=\"https:\/\/www.formentera.es\/wp-content\/uploads\/2019\/03\/FRA-20.mp3\" target=\"_blank\" rel=\"noopener noreferrer\" download=\"Audio20\">T\u00e9l\u00e9charger l&rsquo;audio<\/a>[\/vc_message][\/vc_column][\/vc_row][vc_row full_width=\u00a0\u00bbstretch_row_content\u00a0\u00bb gap=\u00a0\u00bb20&Prime; equal_height=\u00a0\u00bbyes\u00a0\u00bb el_class=\u00a0\u00bbaudioguias descargas\u00a0\u00bb][vc_column width=\u00a0\u00bb1\/4&Prime;][vc_single_image image=\u00a0\u00bb1473&Prime; img_size=\u00a0\u00bbfull\u00a0\u00bb alignment=\u00a0\u00bbcenter\u00a0\u00bb][vc_column_text el_class=\u00a0\u00bbbox_audio\u00a0\u00bb]<\/p>\n<audio class=\"wp-audio-shortcode\" id=\"audio-5626-21\" preload=\"none\" style=\"width: 100%;\" controls=\"controls\"><source type=\"audio\/mpeg\" src=\"https:\/\/www.formentera.es\/wp-content\/uploads\/2019\/03\/FRA-21.mp3?_=21\" \/><a href=\"https:\/\/www.formentera.es\/wp-content\/uploads\/2019\/03\/FRA-21.mp3\">https:\/\/www.formentera.es\/wp-content\/uploads\/2019\/03\/FRA-21.mp3<\/a><\/audio>\n<p>[\/vc_column_text][vc_column_text]<\/p>\n<h3>21. Port de la Savina<\/h3>\n<p>[\/vc_column_text][vc_message message_box_style=\u00a0\u00bboutline\u00a0\u00bb style=\u00a0\u00bbsquare\u00a0\u00bb message_box_color=\u00a0\u00bbwhite\u00a0\u00bb icon_fontawesome=\u00a0\u00bbfa fa-arrow-circle-o-down\u00a0\u00bb]<a href=\"https:\/\/www.formentera.es\/wp-content\/uploads\/2019\/03\/FRA-21.mp3\" target=\"_blank\" rel=\"noopener noreferrer\" download=\"Audio21\">T\u00e9l\u00e9charger l&rsquo;audio<\/a>[\/vc_message][\/vc_column][vc_column width=\u00a0\u00bb1\/4&Prime;][\/vc_column][vc_column width=\u00a0\u00bb1\/4&Prime;][\/vc_column][vc_column width=\u00a0\u00bb1\/4&Prime;][\/vc_column][\/vc_row]<\/p>\n<\/div>","protected":false},"excerpt":{"rendered":"<p>[vc_row css=\u00a0\u00bb.vc_custom_1547571073394{padding-top: 40px !important;}\u00a0\u00bb][vc_column alignment=\u00a0\u00bbcenter\u00a0\u00bb][vc_custom_heading source=\u00a0\u00bbpost_title\u00a0\u00bb font_container=\u00a0\u00bbtag:h1|text_align:center|color:%232e3a6e\u00a0\u00bb use_theme_fonts=\u00a0\u00bbyes\u00a0\u00bb][vc_column_text el_class=\u00a0\u00bbsubtexto\u00a0\u00bb]Dans les offices de tourisme de Formentera, [&hellip;]<\/p>\n","protected":false},"author":1,"featured_media":0,"parent":6153,"menu_order":0,"comment_status":"closed","ping_status":"closed","template":"page-gen.php","meta":{"_acf_changed":false,"footnotes":""},"categories":[],"class_list":["post-5626","page","type-page","status-publish","hentry"],"acf":[],"yoast_head":"<!-- This site is optimized with the Yoast SEO plugin v25.5 - https:\/\/yoast.com\/wordpress\/plugins\/seo\/ -->\n<title>Audiogu\u00edas para conocer Formentera | Turismo de Formentera<\/title>\n<meta name=\"description\" content=\"Conoce un poco m\u00e1s a fondo la isla con esta lista de audiogu\u00edas sobre Formentera y sus distintos puntos de inter\u00e9s.\" \/>\n<meta name=\"robots\" content=\"index, follow, max-snippet:-1, max-image-preview:large, max-video-preview:-1\" \/>\n<link rel=\"canonical\" href=\"https:\/\/www.formentera.es\/planifica\/audioguias\/\" \/>\n<meta property=\"og:locale\" content=\"fr_FR\" \/>\n<meta property=\"og:type\" content=\"article\" \/>\n<meta property=\"og:title\" content=\"Audiogu\u00edas para conocer Formentera | Turismo de Formentera\" \/>\n<meta property=\"og:description\" content=\"Conoce un poco m\u00e1s a fondo la isla con esta lista de audiogu\u00edas sobre Formentera y sus distintos puntos de inter\u00e9s.\" \/>\n<meta property=\"og:url\" content=\"https:\/\/www.formentera.es\/planifica\/audioguias\/\" \/>\n<meta property=\"og:site_name\" content=\"Turismo de Formentera\" \/>\n<meta property=\"article:publisher\" content=\"https:\/\/www.facebook.com\/turismoformentera\/\" \/>\n<meta property=\"article:modified_time\" content=\"2022-04-20T10:29:24+00:00\" \/>\n<meta name=\"twitter:card\" content=\"summary_large_image\" \/>\n<meta name=\"twitter:site\" content=\"@visitformentera\" \/>\n<meta name=\"twitter:label1\" content=\"Dur\u00e9e de lecture estim\u00e9e\" \/>\n\t<meta name=\"twitter:data1\" content=\"8 minutes\" \/>\n<script type=\"application\/ld+json\" class=\"yoast-schema-graph\">{\"@context\":\"https:\/\/schema.org\",\"@graph\":[{\"@type\":\"WebPage\",\"@id\":\"https:\/\/www.formentera.es\/planifica\/audioguias\/\",\"url\":\"https:\/\/www.formentera.es\/planifica\/audioguias\/\",\"name\":\"Audiogu\u00edas para conocer Formentera | Turismo de Formentera\",\"isPartOf\":{\"@id\":\"https:\/\/www.formentera.es\/#website\"},\"datePublished\":\"2018-12-12T09:43:42+00:00\",\"dateModified\":\"2022-04-20T10:29:24+00:00\",\"description\":\"Conoce un poco m\u00e1s a fondo la isla con esta lista de audiogu\u00edas sobre Formentera y sus distintos puntos de inter\u00e9s.\",\"breadcrumb\":{\"@id\":\"https:\/\/www.formentera.es\/planifica\/audioguias\/#breadcrumb\"},\"inLanguage\":\"fr-FR\",\"potentialAction\":[{\"@type\":\"ReadAction\",\"target\":[\"https:\/\/www.formentera.es\/planifica\/audioguias\/\"]}]},{\"@type\":\"BreadcrumbList\",\"@id\":\"https:\/\/www.formentera.es\/planifica\/audioguias\/#breadcrumb\",\"itemListElement\":[{\"@type\":\"ListItem\",\"position\":1,\"name\":\"Portada\",\"item\":\"https:\/\/www.formentera.es\/fr\/\"},{\"@type\":\"ListItem\",\"position\":2,\"name\":\"Planifier\",\"item\":\"https:\/\/www.formentera.es\/fr\/planifier\/\"},{\"@type\":\"ListItem\",\"position\":3,\"name\":\"Audioguides\"}]},{\"@type\":\"WebSite\",\"@id\":\"https:\/\/www.formentera.es\/#website\",\"url\":\"https:\/\/www.formentera.es\/\",\"name\":\"Turismo de Formentera\",\"description\":\"Web oficial de Turismo de Formentera\",\"potentialAction\":[{\"@type\":\"SearchAction\",\"target\":{\"@type\":\"EntryPoint\",\"urlTemplate\":\"https:\/\/www.formentera.es\/?s={search_term_string}\"},\"query-input\":{\"@type\":\"PropertyValueSpecification\",\"valueRequired\":true,\"valueName\":\"search_term_string\"}}],\"inLanguage\":\"fr-FR\"}]}<\/script>\n<!-- \/ Yoast SEO plugin. -->","yoast_head_json":{"title":"Audiogu\u00edas para conocer Formentera | Turismo de Formentera","description":"Conoce un poco m\u00e1s a fondo la isla con esta lista de audiogu\u00edas sobre Formentera y sus distintos puntos de inter\u00e9s.","robots":{"index":"index","follow":"follow","max-snippet":"max-snippet:-1","max-image-preview":"max-image-preview:large","max-video-preview":"max-video-preview:-1"},"canonical":"https:\/\/www.formentera.es\/planifica\/audioguias\/","og_locale":"fr_FR","og_type":"article","og_title":"Audiogu\u00edas para conocer Formentera | Turismo de Formentera","og_description":"Conoce un poco m\u00e1s a fondo la isla con esta lista de audiogu\u00edas sobre Formentera y sus distintos puntos de inter\u00e9s.","og_url":"https:\/\/www.formentera.es\/planifica\/audioguias\/","og_site_name":"Turismo de Formentera","article_publisher":"https:\/\/www.facebook.com\/turismoformentera\/","article_modified_time":"2022-04-20T10:29:24+00:00","twitter_card":"summary_large_image","twitter_site":"@visitformentera","twitter_misc":{"Dur\u00e9e de lecture estim\u00e9e":"8 minutes"},"schema":{"@context":"https:\/\/schema.org","@graph":[{"@type":"WebPage","@id":"https:\/\/www.formentera.es\/planifica\/audioguias\/","url":"https:\/\/www.formentera.es\/planifica\/audioguias\/","name":"Audiogu\u00edas para conocer Formentera | Turismo de Formentera","isPartOf":{"@id":"https:\/\/www.formentera.es\/#website"},"datePublished":"2018-12-12T09:43:42+00:00","dateModified":"2022-04-20T10:29:24+00:00","description":"Conoce un poco m\u00e1s a fondo la isla con esta lista de audiogu\u00edas sobre Formentera y sus distintos puntos de inter\u00e9s.","breadcrumb":{"@id":"https:\/\/www.formentera.es\/planifica\/audioguias\/#breadcrumb"},"inLanguage":"fr-FR","potentialAction":[{"@type":"ReadAction","target":["https:\/\/www.formentera.es\/planifica\/audioguias\/"]}]},{"@type":"BreadcrumbList","@id":"https:\/\/www.formentera.es\/planifica\/audioguias\/#breadcrumb","itemListElement":[{"@type":"ListItem","position":1,"name":"Portada","item":"https:\/\/www.formentera.es\/fr\/"},{"@type":"ListItem","position":2,"name":"Planifier","item":"https:\/\/www.formentera.es\/fr\/planifier\/"},{"@type":"ListItem","position":3,"name":"Audioguides"}]},{"@type":"WebSite","@id":"https:\/\/www.formentera.es\/#website","url":"https:\/\/www.formentera.es\/","name":"Turismo de Formentera","description":"Web oficial de Turismo de Formentera","potentialAction":[{"@type":"SearchAction","target":{"@type":"EntryPoint","urlTemplate":"https:\/\/www.formentera.es\/?s={search_term_string}"},"query-input":{"@type":"PropertyValueSpecification","valueRequired":true,"valueName":"search_term_string"}}],"inLanguage":"fr-FR"}]}},"_links":{"self":[{"href":"https:\/\/www.formentera.es\/fr\/wp-json\/wp\/v2\/pages\/5626","targetHints":{"allow":["GET"]}}],"collection":[{"href":"https:\/\/www.formentera.es\/fr\/wp-json\/wp\/v2\/pages"}],"about":[{"href":"https:\/\/www.formentera.es\/fr\/wp-json\/wp\/v2\/types\/page"}],"author":[{"embeddable":true,"href":"https:\/\/www.formentera.es\/fr\/wp-json\/wp\/v2\/users\/1"}],"replies":[{"embeddable":true,"href":"https:\/\/www.formentera.es\/fr\/wp-json\/wp\/v2\/comments?post=5626"}],"version-history":[{"count":0,"href":"https:\/\/www.formentera.es\/fr\/wp-json\/wp\/v2\/pages\/5626\/revisions"}],"up":[{"embeddable":true,"href":"https:\/\/www.formentera.es\/fr\/wp-json\/wp\/v2\/pages\/6153"}],"wp:attachment":[{"href":"https:\/\/www.formentera.es\/fr\/wp-json\/wp\/v2\/media?parent=5626"}],"wp:term":[{"taxonomy":"category","embeddable":true,"href":"https:\/\/www.formentera.es\/fr\/wp-json\/wp\/v2\/categories?post=5626"}],"curies":[{"name":"wp","href":"https:\/\/api.w.org\/{rel}","templated":true}]}}