{"id":5620,"date":"2018-12-12T07:42:29","date_gmt":"2018-12-12T09:42:29","guid":{"rendered":"https:\/\/www.formentera.es\/como-moverse\/"},"modified":"2024-09-26T11:57:57","modified_gmt":"2024-09-26T09:57:57","slug":"comment-se-deplacer","status":"publish","type":"page","link":"https:\/\/www.formentera.es\/fr\/planifier\/comment-se-deplacer\/","title":{"rendered":"Comment se d\u00e9placer ?"},"content":{"rendered":"<div class=\"wpb-content-wrapper\"><p>[vc_row full_width=\u00a0\u00bbstretch_row_content_no_spaces\u00a0\u00bb content_placement=\u00a0\u00bbmiddle\u00a0\u00bb css=\u00a0\u00bb.vc_custom_1549362738562{background-image: url(https:\/\/www.formentera.es\/wp-content\/uploads\/2019\/01\/Formentera_Barbaria_Moto.jpg?id=2037) !important;background-position: center !important;background-repeat: no-repeat !important;background-size: cover !important;}\u00a0\u00bb el_id=\u00a0\u00bbtop_categoria\u00a0\u00bb el_class=\u00a0\u00bbplanifica\u00a0\u00bb][vc_column][vc_column_text]<\/p>\n<h1><b>Comment se d\u00e9placer<\/b>?<\/h1>\n<p>[\/vc_column_text][\/vc_column][\/vc_row][vc_row el_class=\u00a0\u00bbbgen\u00a0\u00bb][vc_column width=\u00a0\u00bb2\/3&Prime;][vc_column_text]Depuis le site Internet du d\u00e9partement de tourisme de Formentera nous misons sur un transport durable, non polluant et respectueux de l\u2019environnement. <strong>Nous pr\u00e9conisons tout particuli\u00e8rement l\u2019usage du v\u00e9lo pour se d\u00e9placer dans l\u2019\u00eele, qui dans la plupart des endroits est accessible et plane, et l\u2019usage des bus publics pour les d\u00e9placements plus longs ou fatigants, comme la mont\u00e9e \u00e0 la Mola.<\/strong> Nous pouvons d\u00e9couvrir en p\u00e9dalant la Formentera la plus authentique, celle que l\u2019on ne voit pas depuis la route et l\u2019appr\u00e9cier sous un autre angle et \u00e0 un autre rythme.<\/p>\n<p><strong>Metrominut Formentera, better by bike<\/strong><br \/>\nDans le but de promouvoir la mobilit\u00e9 \u00e0 bicyclette, le Consell Insular de Formentera a \u00e9dit\u00e9 <a href=\"https:\/\/www.formentera.es\/wp-content\/uploads\/2021\/07\/plano-metrominut.pdf\" target=\"_blank\" rel=\"noopener noreferrer\">cette carte<\/a> qui indique huit itin\u00e9raires \u00e0 bicyclette, proches du port de la Sabina, indiquant la distance et le temps qu\u2019il faut habituellement pour les parcourir.<\/p>\n<p><strong>BUS PUBLICS<\/strong><br \/>\nFormentera dispose de lignes r\u00e9guli\u00e8res de bus pendant toute l\u2019ann\u00e9e, les renfor\u00e7ant pendant les mois d\u2019\u00e9t\u00e9. Il existe en outre un minibus adapt\u00e9 pour les personnes avec des besoins sp\u00e9ciaux de mobilit\u00e9. Horaires et d\u00e9tails : Autocares Paya : +34 971 323 181 | <a href=\"http:\/\/busformentera.com\/\">www.busformentera.com<\/a><\/p>\n<p><strong>TAXIS<\/strong><br \/>\nIl existe \u00e9galement un service de taxis avec des arr\u00eats au port de la Savina et dans tous les noyaux urbains, l\u2019un des taxis \u00e9tant adapt\u00e9 pour les personnes handicap\u00e9es. Il existe \u00e9galement un service de taxi nautique priv\u00e9, pour les d\u00e9placements en bateau entre Ibiza et Formentera<\/p>\n<p>Es Pujols : +34 971 328 016 | Puerto de la Sabina : +34 971 322 002 | San Francisco : +34 971 322 016 | Radio Taxi : +34 971 322 342<\/p>\n<p><strong>V\u00c9HICULES \u00c9LECTRIQUES<\/strong><br \/>\nIl existe actuellement trois entreprises avec des v\u00e9hicules \u00e9lectriques dans l\u2019\u00eele de Formentera.<\/p>\n<ul>\n<li>EUROPCAR. Son bureau se trouve au port de la Savina avec des v\u00e9hicules en location 100 % \u00e9lectrique, un compact automatique avec z\u00e9ro \u00e9mission polluante. T\u00e9l\u00e9phone : +34 971 322 031 | <a href=\"http:\/\/www.europcar.es\/\">www.europcar.es<\/a><\/li>\n<li>COOLTRA. Entreprise qui se trouve dans le port de la Savina dont la moiti\u00e9 de sa flotte se compose de motos \u00e9lectriques. Calle Almadrava 6 &#8211; 07860 La Savina, <a href=\"http:\/\/www.cooltra.com\/es\">www.cooltra.com\/es<\/a><\/li>\n<li>ESFORMENTERA.COM. Entreprise locale situ\u00e9e sur la premi\u00e8re ligne du port de La Savina. Gamme de voitures \u00e9lectriques sans \u00e9mission de gaz polluants. Tel: <a href=\"tel:+34971800229\" target=\"_blank\" rel=\"noopener noreferrer\">971 800 229<\/a> | <a href=\"https:\/\/www.esformentera.com\/en\/electric_cars_formentera\/\" target=\"_blank\" rel=\"noopener noreferrer\">www.esformentera.com<\/a><\/li>\n<li>FORMOTOR. Entreprise locale de location de voitures qui dispose de 6 bureaux et d&rsquo;un atelier r\u00e9partis sur l&rsquo;\u00eele de Formentera. C\/Almadrava, n\u00ba11 &#8211; 13, La Savina. T\u00e9l\u00e9phone : +34 971 32 29 29 <a href=\"https:\/\/formotor.com\/\">www.formotor.com<\/a><\/li>\n<\/ul>\n<p>Plan des points de recharge <a href=\"https:\/\/www.formentera.es\/wp-content\/uploads\/2019\/01\/mapa_electric.pdf\">ici<\/a>.<\/p>\n<p><strong>TRANSPORT SP\u00c9CIAL DE PASSAGERS<\/strong><\/p>\n<ul>\n<li>Pit\u00fcsa Sud : (+34) 971 329 033 \u00b7 <a href=\"http:\/\/www.autocarespitiusasud.com\/\">www.autocarespitiusasud.com<\/a><\/li>\n<li>Formentera Solbus : (+34) 971 323 181\u00b7 autocarespaya.com<\/li>\n<\/ul>\n<p><strong>LOCATION DE V\u00c9HICULES<\/strong><br \/>\nVous pourrez trouver diff\u00e9rents types de v\u00e9hicules dans les \u00e9tablissements de l\u2019\u00eele, dont beaucoup se trouvent situ\u00e9s \u00e0 proximit\u00e9 du port.<\/p>\n<p><a href=\"https:\/\/www.formentera.es\/wp-content\/uploads\/2023\/08\/LOCATION-DE-VOITURES.pdf\" target=\"_blank\" rel=\"noopener noreferrer\">Liste des soci\u00e9t\u00e9s de location de voitures<\/a><\/p>\n<p><strong>TAXIS NAUTIQUES<\/strong><\/p>\n<ul>\n<li>Barco Salao : (+34) 609 847 116 | <a href=\"http:\/\/www.formenterawatertaxi.es\/\">www.formenterawatertaxi.es<\/a><\/li>\n<\/ul>\n<p><strong>ACC\u00c8S AU PARC NATUREL DE SES SALINES DE FORMENTERA<\/strong><\/p>\n<p>Sur ce <a href=\"https:\/\/www.formentera.es\/wp-content\/uploads\/2024\/09\/Acces_Parc-Natural-de-ses-Salines.pdf\">lien<\/a>, vous trouverez toutes les informations concernant les droits d&rsquo;entr\u00e9e et d&rsquo;acc\u00e8s pour les diff\u00e9rents v\u00e9hicules aux plages du parc naturel de Ses Salines.[\/vc_column_text][vc_single_image image=\u00a0\u00bb19838&Prime; img_size=\u00a0\u00bbfull\u00a0\u00bb onclick=\u00a0\u00bbcustom_link\u00a0\u00bb link=\u00a0\u00bbhttps:\/\/www.formentera.es\/fr\/reglement-de-lentree-des-vehicules-a-formentera\/\u00a0\u00bb][vc_column_text]<strong>Traffic restrictions for vehicles from 1 June to 30 September (inclusive)<\/strong><\/p>\n<p>In application of the Law for the environmental and economic\u00a0\u00a0 sustainability of the island of Formentera, the entry, movement, circulation and parking of all types of motor vehicles is regulated.<\/p>\n<p>Visitors who come <strong>with their own<\/strong> vehicle can make their application on the website <a href=\"https:\/\/www.formentera.eco\/fr\/\" target=\"_blank\" rel=\"noopener noreferrer\" data-saferedirecturl=\"https:\/\/www.google.com\/url?q=http:\/\/www.formentera.eco&amp;source=gmail&amp;ust=1686647964273000&amp;usg=AOvVaw0Yau3PLSUUXgUwfroOAzd8\">www.formentera.eco<\/a>.[\/vc_column_text][\/vc_column][vc_column width=\u00a0\u00bb1\/3&Prime;][vc_wp_custommenu title=\u00a0\u00bbPlanifiez votre voyage\u00a0\u00bb nav_menu=\u00a0\u00bb1329&Prime;][vc_column_text]<div id=\"sidebar_ficha\"><a class=\"sidebar_breadcrumbs\" href=\"https:\/\/www.formentera.es\/fr\/planifier\/\"><i class=\"fa fa-angle-left\"><\/i>Retourner \u00e0 Planifier<\/a><div class=\"content_sidebar\"><div class=\"bloc_share\"><div class=\"blocs1\"><div class=\"tit_medium\">Partager<\/div><div class=\"redes_ficha\"><div class=\"fa fa-brands fa-x-twitter st-custom-button\" data-network=\"twitter\"><\/div><div class=\"fa fa-facebook st-custom-button\" data-network=\"facebook\"><\/div><div class=\"fa fa-pinterest-p st-custom-button\" data-network=\"pinterest\"><\/div><\/div><\/div><div class=\"blocs2\"><div class=\"tit_medium\">Envoyer \u00e0 un ami<\/div><div class=\"redes_ficha\"><div class=\"fa fa-envelope st-custom-button\" data-network=\"email\"><\/div><div class=\"fa fa-whatsapp st-custom-button\" data-network=\"whatsapp\"><\/div><\/div><\/div><\/div><\/div><\/div>[\/vc_column_text][\/vc_column][\/vc_row][vc_row][vc_column][vc_column_text]<div id=\"siguexpl\" class=\"container sc\"><h2>Continuez \u00e0 explorer<\/h2><div class=\"row\"><a href=\"https:\/\/www.formentera.es\/fr\/explorer\/culture-et-patrimoine\/\" class=\"col-md-4\">\n\t\t\t\t\t\t<div class=\"row\">\n\t\t\t\t\t\t\t<div class=\"col-sm-4\" style=\"background-image: url(https:\/\/www.formentera.es\/wp-content\/uploads\/2019\/01\/Torre-de-Sa-Gavina_Moonkoala-300x200.jpg)\"><\/div>\n\t\t\t\t\t\t\t<div class=\"col-sm-8\">\n\t\t\t\t\t\t\t\tCulture et patrimoine\n\t\t\t\t\t\t\t\t<i class=\"fa fa-angle-right\"><\/i>\n\t\t\t\t\t\t\t<\/div>\n\t\t\t\t\t\t\t<div class=\"bhover\"><\/div>\n\t\t\t\t\t\t<\/div>\n\t\t\t\t\t\t\n\t\t\t\t\t<\/a><a href=\"https:\/\/www.formentera.es\/fr\/lile\/\" class=\"col-md-4\">\n\t\t\t\t\t\t<div class=\"row\">\n\t\t\t\t\t\t\t<div class=\"col-sm-4\" style=\"background-image: url(https:\/\/www.formentera.es\/wp-content\/uploads\/2019\/01\/AdobeStock_68411178-300x179.jpg)\"><\/div>\n\t\t\t\t\t\t\t<div class=\"col-sm-8\">\n\t\t\t\t\t\t\t\tL\u2019\u00eele\n\t\t\t\t\t\t\t\t<i class=\"fa fa-angle-right\"><\/i>\n\t\t\t\t\t\t\t<\/div>\n\t\t\t\t\t\t\t<div class=\"bhover\"><\/div>\n\t\t\t\t\t\t<\/div>\n\t\t\t\t\t\t\n\t\t\t\t\t<\/a><a href=\"https:\/\/www.formentera.es\/fr\/explorer\/lieux-dinteret-touristique\/\" class=\"col-md-4\">\n\t\t\t\t\t\t<div class=\"row\">\n\t\t\t\t\t\t\t<div class=\"col-sm-4\" style=\"background-image: url(https:\/\/www.formentera.es\/wp-content\/uploads\/2018\/12\/audio_16-mp3-image-300x297.png)\"><\/div>\n\t\t\t\t\t\t\t<div class=\"col-sm-8\">\n\t\t\t\t\t\t\t\tLieux d\u2019int\u00e9r\u00eat touristique\n\t\t\t\t\t\t\t\t<i class=\"fa fa-angle-right\"><\/i>\n\t\t\t\t\t\t\t<\/div>\n\t\t\t\t\t\t\t<div class=\"bhover\"><\/div>\n\t\t\t\t\t\t<\/div>\n\t\t\t\t\t\t\n\t\t\t\t\t<\/a><\/div><\/div>[\/vc_column_text][\/vc_column][\/vc_row]<\/p>\n<\/div>","protected":false},"excerpt":{"rendered":"<p>[vc_row full_width=\u00a0\u00bbstretch_row_content_no_spaces\u00a0\u00bb content_placement=\u00a0\u00bbmiddle\u00a0\u00bb css=\u00a0\u00bb.vc_custom_1549362738562{background-image: url(https:\/\/www.formentera.es\/wp-content\/uploads\/2019\/01\/Formentera_Barbaria_Moto.jpg?id=2037) !important;background-position: center !important;background-repeat: no-repeat !important;background-size: cover !important;}\u00a0\u00bb el_id=\u00a0\u00bbtop_categoria\u00a0\u00bb el_class=\u00a0\u00bbplanifica\u00a0\u00bb][vc_column][vc_column_text] Comment [&hellip;]<\/p>\n","protected":false},"author":1,"featured_media":0,"parent":6153,"menu_order":0,"comment_status":"closed","ping_status":"closed","template":"page-gen.php","meta":{"_acf_changed":false,"footnotes":""},"categories":[],"class_list":["post-5620","page","type-page","status-publish","hentry"],"acf":[],"yoast_head":"<!-- This site is optimized with the Yoast SEO plugin v25.5 - https:\/\/yoast.com\/wordpress\/plugins\/seo\/ -->\n<title>\u00bfC\u00f3mo moverse en Formentera? | Turismo de Formentera<\/title>\n<meta name=\"description\" content=\"Desde la web oficial de turismo de Formentera apostamos por un transporte sostenible, no contaminante y respetuoso con el medio ambiente.\" \/>\n<meta name=\"robots\" content=\"index, follow, max-snippet:-1, max-image-preview:large, max-video-preview:-1\" \/>\n<link rel=\"canonical\" href=\"https:\/\/www.formentera.es\/fr\/planifier\/comment-se-deplacer\/\" \/>\n<meta property=\"og:locale\" content=\"fr_FR\" \/>\n<meta property=\"og:type\" content=\"article\" \/>\n<meta property=\"og:title\" content=\"\u00bfC\u00f3mo moverse en Formentera? | Turismo de Formentera\" \/>\n<meta property=\"og:description\" content=\"Desde la web oficial de turismo de Formentera apostamos por un transporte sostenible, no contaminante y respetuoso con el medio ambiente.\" \/>\n<meta property=\"og:url\" content=\"https:\/\/www.formentera.es\/fr\/planifier\/comment-se-deplacer\/\" \/>\n<meta property=\"og:site_name\" content=\"Turismo de Formentera\" \/>\n<meta property=\"article:publisher\" content=\"https:\/\/www.facebook.com\/turismoformentera\/\" \/>\n<meta property=\"article:modified_time\" content=\"2024-09-26T09:57:57+00:00\" \/>\n<meta name=\"twitter:card\" content=\"summary_large_image\" \/>\n<meta name=\"twitter:site\" content=\"@visitformentera\" \/>\n<meta name=\"twitter:label1\" content=\"Dur\u00e9e de lecture estim\u00e9e\" \/>\n\t<meta name=\"twitter:data1\" content=\"4 minutes\" \/>\n<script type=\"application\/ld+json\" class=\"yoast-schema-graph\">{\"@context\":\"https:\/\/schema.org\",\"@graph\":[{\"@type\":\"WebPage\",\"@id\":\"https:\/\/www.formentera.es\/fr\/planifier\/comment-se-deplacer\/\",\"url\":\"https:\/\/www.formentera.es\/fr\/planifier\/comment-se-deplacer\/\",\"name\":\"\u00bfC\u00f3mo moverse en Formentera? | Turismo de Formentera\",\"isPartOf\":{\"@id\":\"https:\/\/www.formentera.es\/#website\"},\"datePublished\":\"2018-12-12T09:42:29+00:00\",\"dateModified\":\"2024-09-26T09:57:57+00:00\",\"description\":\"Desde la web oficial de turismo de Formentera apostamos por un transporte sostenible, no contaminante y respetuoso con el medio ambiente.\",\"breadcrumb\":{\"@id\":\"https:\/\/www.formentera.es\/fr\/planifier\/comment-se-deplacer\/#breadcrumb\"},\"inLanguage\":\"fr-FR\",\"potentialAction\":[{\"@type\":\"ReadAction\",\"target\":[\"https:\/\/www.formentera.es\/fr\/planifier\/comment-se-deplacer\/\"]}]},{\"@type\":\"BreadcrumbList\",\"@id\":\"https:\/\/www.formentera.es\/fr\/planifier\/comment-se-deplacer\/#breadcrumb\",\"itemListElement\":[{\"@type\":\"ListItem\",\"position\":1,\"name\":\"Portada\",\"item\":\"https:\/\/www.formentera.es\/fr\/\"},{\"@type\":\"ListItem\",\"position\":2,\"name\":\"Planifier\",\"item\":\"https:\/\/www.formentera.es\/fr\/planifier\/\"},{\"@type\":\"ListItem\",\"position\":3,\"name\":\"Comment se d\u00e9placer ?\"}]},{\"@type\":\"WebSite\",\"@id\":\"https:\/\/www.formentera.es\/#website\",\"url\":\"https:\/\/www.formentera.es\/\",\"name\":\"Turismo de Formentera\",\"description\":\"Web oficial de Turismo de Formentera\",\"potentialAction\":[{\"@type\":\"SearchAction\",\"target\":{\"@type\":\"EntryPoint\",\"urlTemplate\":\"https:\/\/www.formentera.es\/?s={search_term_string}\"},\"query-input\":{\"@type\":\"PropertyValueSpecification\",\"valueRequired\":true,\"valueName\":\"search_term_string\"}}],\"inLanguage\":\"fr-FR\"}]}<\/script>\n<!-- \/ Yoast SEO plugin. -->","yoast_head_json":{"title":"\u00bfC\u00f3mo moverse en Formentera? | Turismo de Formentera","description":"Desde la web oficial de turismo de Formentera apostamos por un transporte sostenible, no contaminante y respetuoso con el medio ambiente.","robots":{"index":"index","follow":"follow","max-snippet":"max-snippet:-1","max-image-preview":"max-image-preview:large","max-video-preview":"max-video-preview:-1"},"canonical":"https:\/\/www.formentera.es\/fr\/planifier\/comment-se-deplacer\/","og_locale":"fr_FR","og_type":"article","og_title":"\u00bfC\u00f3mo moverse en Formentera? | Turismo de Formentera","og_description":"Desde la web oficial de turismo de Formentera apostamos por un transporte sostenible, no contaminante y respetuoso con el medio ambiente.","og_url":"https:\/\/www.formentera.es\/fr\/planifier\/comment-se-deplacer\/","og_site_name":"Turismo de Formentera","article_publisher":"https:\/\/www.facebook.com\/turismoformentera\/","article_modified_time":"2024-09-26T09:57:57+00:00","twitter_card":"summary_large_image","twitter_site":"@visitformentera","twitter_misc":{"Dur\u00e9e de lecture estim\u00e9e":"4 minutes"},"schema":{"@context":"https:\/\/schema.org","@graph":[{"@type":"WebPage","@id":"https:\/\/www.formentera.es\/fr\/planifier\/comment-se-deplacer\/","url":"https:\/\/www.formentera.es\/fr\/planifier\/comment-se-deplacer\/","name":"\u00bfC\u00f3mo moverse en Formentera? | Turismo de Formentera","isPartOf":{"@id":"https:\/\/www.formentera.es\/#website"},"datePublished":"2018-12-12T09:42:29+00:00","dateModified":"2024-09-26T09:57:57+00:00","description":"Desde la web oficial de turismo de Formentera apostamos por un transporte sostenible, no contaminante y respetuoso con el medio ambiente.","breadcrumb":{"@id":"https:\/\/www.formentera.es\/fr\/planifier\/comment-se-deplacer\/#breadcrumb"},"inLanguage":"fr-FR","potentialAction":[{"@type":"ReadAction","target":["https:\/\/www.formentera.es\/fr\/planifier\/comment-se-deplacer\/"]}]},{"@type":"BreadcrumbList","@id":"https:\/\/www.formentera.es\/fr\/planifier\/comment-se-deplacer\/#breadcrumb","itemListElement":[{"@type":"ListItem","position":1,"name":"Portada","item":"https:\/\/www.formentera.es\/fr\/"},{"@type":"ListItem","position":2,"name":"Planifier","item":"https:\/\/www.formentera.es\/fr\/planifier\/"},{"@type":"ListItem","position":3,"name":"Comment se d\u00e9placer ?"}]},{"@type":"WebSite","@id":"https:\/\/www.formentera.es\/#website","url":"https:\/\/www.formentera.es\/","name":"Turismo de Formentera","description":"Web oficial de Turismo de Formentera","potentialAction":[{"@type":"SearchAction","target":{"@type":"EntryPoint","urlTemplate":"https:\/\/www.formentera.es\/?s={search_term_string}"},"query-input":{"@type":"PropertyValueSpecification","valueRequired":true,"valueName":"search_term_string"}}],"inLanguage":"fr-FR"}]}},"_links":{"self":[{"href":"https:\/\/www.formentera.es\/fr\/wp-json\/wp\/v2\/pages\/5620","targetHints":{"allow":["GET"]}}],"collection":[{"href":"https:\/\/www.formentera.es\/fr\/wp-json\/wp\/v2\/pages"}],"about":[{"href":"https:\/\/www.formentera.es\/fr\/wp-json\/wp\/v2\/types\/page"}],"author":[{"embeddable":true,"href":"https:\/\/www.formentera.es\/fr\/wp-json\/wp\/v2\/users\/1"}],"replies":[{"embeddable":true,"href":"https:\/\/www.formentera.es\/fr\/wp-json\/wp\/v2\/comments?post=5620"}],"version-history":[{"count":0,"href":"https:\/\/www.formentera.es\/fr\/wp-json\/wp\/v2\/pages\/5620\/revisions"}],"up":[{"embeddable":true,"href":"https:\/\/www.formentera.es\/fr\/wp-json\/wp\/v2\/pages\/6153"}],"wp:attachment":[{"href":"https:\/\/www.formentera.es\/fr\/wp-json\/wp\/v2\/media?parent=5620"}],"wp:term":[{"taxonomy":"category","embeddable":true,"href":"https:\/\/www.formentera.es\/fr\/wp-json\/wp\/v2\/categories?post=5620"}],"curies":[{"name":"wp","href":"https:\/\/api.w.org\/{rel}","templated":true}]}}