{"id":5455,"date":"2018-11-26T15:08:47","date_gmt":"2018-11-26T17:08:47","guid":{"rendered":"https:\/\/www.formentera.es\/explorer\/culture-et-patrimoine\/sala-de-exposiciones-y-museos\/"},"modified":"2025-11-07T09:04:33","modified_gmt":"2025-11-07T08:04:33","slug":"salle-dexpositions-et-musees","status":"publish","type":"page","link":"https:\/\/www.formentera.es\/fr\/explorer\/culture-et-patrimoine\/salle-dexpositions-et-musees\/","title":{"rendered":"Salle d\u2019expositions et mus\u00e9es"},"content":{"rendered":"<div class=\"wpb-content-wrapper\"><p>[vc_row full_width=\u00a0\u00bbstretch_row\u00a0\u00bb][vc_column width=\u00a0\u00bb2\/3&Prime; css=\u00a0\u00bb.vc_custom_1530269560078{padding-right: 5% !important;}\u00a0\u00bb][vc_column_text css=\u00a0\u00bb\u00a0\u00bb el_class=\u00a0\u00bbtexto_ficha\u00a0\u00bb]<\/p>\n<h2>Un cadre inspirateur pour les artistes et artisans<\/h2>\n<h3>La lumi\u00e8re et la beaut\u00e9 incomparable de la nature de Formentera ont \u00e9t\u00e9 pour les artistes, artisans et cr\u00e9ateurs une source d\u2019inspiration.<\/h3>\n<p>Depuis la d\u00e9cennie des ann\u00e9es 60, Formentera accueille des personnes venues du monde entier qui installent leur atelier de cr\u00e9ation \u00e0 Formentera, cr\u00e9ant un tissu social cosmopolite et tout particuli\u00e8rement prolifique en mati\u00e8re d\u2019artisanat, art et cr\u00e9ation. Les artistes locaux ont jusqu\u2019\u00e0 trois salles o\u00f9 exposer leur \u0153uvre parmi lesquelles se distinguent la Sala d\u2019Exposicions Ajuntament Vell (Salle des Expositions de la Vieille Mairie).<\/p>\n<p>Forte d\u2019une programmation stable sans interruption de plus de 10 ans, la <strong>Sala d\u2019Exposicions Ajuntament Vell<\/strong>, situ\u00e9e \u00e0 la plaza de la Constituci\u00f3n de Sant Francesc Xavier, est un espace destin\u00e9 \u00e0 accueillir des expositions d\u2019artistes, collectivit\u00e9s et associations culturelles aussi bien locales qu\u2019ext\u00e9rieures \u00e0 l\u2019\u00eele. Elle est g\u00e9r\u00e9e par le d\u00e9partement de la Culture et du Patrimoine. La salle offre une programmation d\u2019expositions temporaires pendant toute l\u2019ann\u00e9e. Les inaugurations ont lieu g\u00e9n\u00e9ralement le lundi \u00e0 20h00. L\u2019entr\u00e9e est gratuite.<\/p>\n<p><strong>Le Centre Antoni Tur \u00ab\u00a0Gabrielet\u00a0\u00bb<\/strong> est un espace d\u2019exposition et r\u00e9alisation d\u2019ateliers en relation avec l\u2019artisanat local. En outre, l\u2019une de ses ailes abrite le march\u00e9 de vente d\u2019aliments produits dans l\u2019\u00eele. Il est ouvert du lundi au samedi.<\/p>\n<p><strong>Phare de la Mola.<\/strong> Depuis 2019, le phare accueille un espace culturel et de diffusion pour le patrimoine maritime de Formentera, un espace d\u2019exposition, un espace polyvalent pour des concerts, des conf\u00e9rences ou des pi\u00e8ces de petit format.<br \/>\nLes heures d&rsquo;ouverture a l&rsquo;\u00e9t\u00e9 sont du mardi au dimanche de 10 \u00e0 14 heures. Ferm\u00e9 le lundi. Du 15 octobre au 30 novembre, les horaires d\u2019ouverture sont du mardi au dimanche, de 9 h \u00e0 14 h. Ferm\u00e9 le lundi. Ferm\u00e9 du 1er d\u00e9cembre au 11 f\u00e9vrier. L\u2019entr\u00e9e g\u00e9n\u00e9rale est au prix de 4,5 euros. Pour les r\u00e9sidents, les mineurs de 18 ans et les personnes en situation du ch\u00f4mage l\u2019entr\u00e9e est gratuite, les retrait\u00e9s et les \u00e9tudiants paieront un prix r\u00e9duit de 2,5 euros.<\/p>\n<p><strong>La Collection Ethnographique de Formentera<\/strong> se trouve calle de Santa Maria, 16 (premier \u00e9tage, \u00e0 droite). Il y a une exposition permanente d\u2019outils, ustensiles, mobiliers, v\u00eatements et instruments qui illustrent largement comment \u00e9tait la vie dans l\u2019\u00eele jusque vers la moiti\u00e9 du XXe si\u00e8cle. Heures d&rsquo;ouverture : du lundi au vendredi de 10h00 \u00e0 14h00.[\/vc_column_text][\/vc_column][vc_column width=\u00a0\u00bb1\/3&Prime;][vc_column_text]<div id=\"sidebar_ficha\"><a class=\"sidebar_breadcrumbs\" href=\"https:\/\/www.formentera.es\/fr\/explorer\/culture-et-patrimoine\/\"><i class=\"fa fa-angle-left\"><\/i>Retourner \u00e0 Culture et patrimoine<\/a><div class=\"content_sidebar\"><div class=\"bloc_share\"><div class=\"blocs1\"><div class=\"tit_medium\">Partager<\/div><div class=\"redes_ficha\"><div class=\"fa fa-brands fa-x-twitter st-custom-button\" data-network=\"twitter\"><\/div><div class=\"fa fa-facebook st-custom-button\" data-network=\"facebook\"><\/div><div class=\"fa fa-pinterest-p st-custom-button\" data-network=\"pinterest\"><\/div><\/div><\/div><div class=\"blocs2\"><div class=\"tit_medium\">Envoyer \u00e0 un ami<\/div><div class=\"redes_ficha\"><div class=\"fa fa-envelope st-custom-button\" data-network=\"email\"><\/div><div class=\"fa fa-whatsapp st-custom-button\" data-network=\"whatsapp\"><\/div><\/div><\/div><\/div><\/div><\/div>[\/vc_column_text][\/vc_column][\/vc_row][vc_row full_width=\u00a0\u00bbstretch_row_content_no_spaces\u00a0\u00bb][vc_column][vc_column_text]<style>#jtg-1638 .modula-item .jtg-social a, .lightbox-socials.jtg-social a{ fill: #ffffff; color: #ffffff }#jtg-1638 .modula-item .jtg-social-mobile a{ fill: #ffffff; color: #ffffff }#jtg-1638 .modula-item .jtg-social svg, .lightbox-socials.jtg-social svg { height: 16px; width: 16px }#jtg-1638 .modula-item .jtg-social-mobile svg { height: 16px; width: 16px }#jtg-1638 .modula-item .jtg-social a:not(:last-child), .lightbox-socials.jtg-social a:not(:last-child) { margin-right: 10px }#jtg-1638 .modula-item .jtg-social-mobile .jtg-social-mobile-icons a:not(:last-child){ margin-right: 10px }#jtg-1638 .modula-item .figc {color:#ffffff;}#jtg-1638 .modula-item .modula-item-content { transform: scale(1) }#jtg-1638 .modula-items .figc p.description { font-size:14px; }#jtg-1638 .modula-items .figc p.description { color:#ffffff;}#jtg-1638.modula-gallery .modula-item > a, #jtg-1638.modula-gallery .modula-item, #jtg-1638.modula-gallery .modula-item-content > a:not(.modula-no-follow) { cursor:zoom-in; } #jtg-1638.modula-gallery .modula-item-content .modula-no-follow { cursor: default; } #jtg-1638 .modula-item { background-color:#000000; }#jtg-1638 .modula-item:hover img { opacity: 0.5; }#jtg-1638 .modula-item { transform: scale(1) translate(0px,0px) rotate(0deg); }@media screen and (max-width:480px){#jtg-1638 .modula-item .figc .jtg-title {  font-size: 12px; }#jtg-1638 .modula-items .figc p.description { color:#ffffff;font-size:10px; }}<\/style>\n<div  id=\"jtg-1638\" class=\"modula modula-gallery modula-custom-grid\" data-config=\"{&quot;height&quot;:800,&quot;tabletHeight&quot;:800,&quot;mobileHeight&quot;:800,&quot;desktopHeight&quot;:800,&quot;enableTwitter&quot;:false,&quot;enableWhatsapp&quot;:false,&quot;enableFacebook&quot;:false,&quot;enablePinterest&quot;:false,&quot;enableLinkedin&quot;:false,&quot;enableEmail&quot;:false,&quot;randomFactor&quot;:0.5,&quot;type&quot;:&quot;custom-grid&quot;,&quot;columns&quot;:12,&quot;gutter&quot;:10,&quot;mobileGutter&quot;:10,&quot;tabletGutter&quot;:10,&quot;desktopGutter&quot;:10,&quot;enableResponsive&quot;:true,&quot;tabletColumns&quot;:2,&quot;mobileColumns&quot;:1,&quot;lazyLoad&quot;:&quot;0&quot;,&quot;lightboxOpts&quot;:{&quot;animated&quot;:true,&quot;Thumbs&quot;:{&quot;type&quot;:&quot;modern&quot;,&quot;showOnStart&quot;:false},&quot;Toolbar&quot;:{&quot;display&quot;:{&quot;right&quot;:[&quot;close&quot;]},&quot;enabled&quot;:true},&quot;Carousel&quot;:{&quot;Panzoom&quot;:{&quot;touch&quot;:false},&quot;infinite&quot;:false},&quot;keyboard&quot;:{&quot;Escape&quot;:&quot;close&quot;,&quot;Delete&quot;:&quot;close&quot;,&quot;Backspace&quot;:&quot;close&quot;,&quot;PageUp&quot;:false,&quot;PageDown&quot;:false,&quot;ArrowUp&quot;:false,&quot;ArrowDown&quot;:false,&quot;ArrowRight&quot;:false,&quot;ArrowLeft&quot;:false},&quot;touch&quot;:false,&quot;backdropClick&quot;:false,&quot;l10n&quot;:{&quot;CLOSE&quot;:&quot;Close&quot;,&quot;NEXT&quot;:&quot;Next&quot;,&quot;PREV&quot;:&quot;Previous&quot;,&quot;Error&quot;:&quot;The requested content cannot be loaded. Please try again later.&quot;,&quot;PLAY_START&quot;:&quot;Start slideshow&quot;,&quot;PLAY_STOP&quot;:&quot;Pause slideshow&quot;,&quot;FULL_SCREEN&quot;:&quot;Full screen&quot;,&quot;THUMBS&quot;:&quot;Thumbnails&quot;,&quot;DOWNLOAD&quot;:&quot;Download&quot;,&quot;SHARE&quot;:&quot;Share&quot;,&quot;ZOOM&quot;:&quot;Zoom&quot;,&quot;EMAIL&quot;:&quot;Here is the link to the image : %%image_link%% and this is the link to the gallery : %%gallery_link%%&quot;,&quot;MODAL&quot;:&quot;You can close this modal content with the ESC key&quot;,&quot;ERROR&quot;:&quot;Something Went Wrong, Please Try Again Later&quot;,&quot;IMAGE_ERROR&quot;:&quot;Image Not Found&quot;,&quot;ELEMENT_NOT_FOUND&quot;:&quot;HTML Element Not Found&quot;,&quot;AJAX_NOT_FOUND&quot;:&quot;Error Loading AJAX : Not Found&quot;,&quot;AJAX_FORBIDDEN&quot;:&quot;Error Loading AJAX : Forbidden&quot;,&quot;IFRAME_ERROR&quot;:&quot;Error Loading Page&quot;,&quot;TOGGLE_ZOOM&quot;:&quot;Toggle zoom level&quot;,&quot;TOGGLE_THUMBS&quot;:&quot;Toggle thumbnails&quot;,&quot;TOGGLE_SLIDESHOW&quot;:&quot;Toggle slideshow&quot;,&quot;TOGGLE_FULLSCREEN&quot;:&quot;Toggle full-screen mode&quot;},&quot;Images&quot;:{&quot;Panzoom&quot;:{&quot;maxScale&quot;:2}},&quot;mainClass&quot;:&quot;modula-fancybox-container modula-lightbox-jtg-1638&quot;,&quot;Html&quot;:{&quot;videoAutoplay&quot;:0,&quot;videoTpl&quot;:&quot;&lt;video class=\\&quot;fancybox__html5video\\&quot; controls muted playsinline controlsList controlsList=\\&quot;nodownload\\&quot; poster=\\&quot;{{poster}}\\&quot; src=\\&quot;{{src}}\\&quot; type=\\&quot;{{format}}\\&quot; &gt;  Sorry, your browser doesn&#039;t support embedded videos, &lt;a href=\\&quot;{{src}}\\&quot;&gt; download &lt;\\\/a&gt; and watch with your favorite video player! &lt;\\\/video&gt;&quot;}},&quot;inView&quot;:false,&quot;email_subject&quot;:&quot;\\u00a1\\u00a1Mira esta impresionante imagen!!&quot;,&quot;email_message&quot;:&quot;Este es el enlace a la imagen: %%image_link%% y este es el enlace a la galer\\u00eda: %%gallery_link%%&quot;,&quot;lightbox&quot;:&quot;fancybox&quot;,&quot;filterClick&quot;:&quot;0&quot;,&quot;defaultActiveFilter&quot;:&quot;all&quot;}\">\n\n\t\n\t<div  class=\"modula-items\">\n\t\t<div class=\"modula-item effect-quiet jtg-filter-all jtg-filter-\" data-width=\"8\" data-height=\"6\" >\n\t<div class=\"modula-item-overlay\"><\/div>\n\n\t<div class=\"modula-item-content\">\n\n\t\t\t\t\n\t\t\t\t\t<a data-image-id=\"1642\" tabindex=\"0\" href=\"https:\/\/www.formentera.es\/wp-content\/uploads\/2019\/01\/sala-exposicions-David-Shaw-02.jpg\" rel=\"jtg-1638\" data-caption=\"\" aria-label=\"Open image in lightbox\" role=\"button\" data-cyclefilter=\"show\" data-fancybox=\"jtg-1638\" class=\"tile-inner modula-item-link\"><\/a>\n\t\t\n\t\t<img loading=\"lazy\" decoding=\"async\" class=\"pic wp-image-1642\"  data-valign=\"middle\" data-halign=\"center\" alt=\"\" data-full=\"https:\/\/www.formentera.es\/wp-content\/uploads\/2019\/01\/sala-exposicions-David-Shaw-02.jpg\" title=\"sala exposicions David Shaw 02\" width=\"1900\" height=\"1267\" src=\"https:\/\/www.formentera.es\/wp-content\/uploads\/2019\/01\/sala-exposicions-David-Shaw-02.jpg\" data-src=\"https:\/\/www.formentera.es\/wp-content\/uploads\/2019\/01\/sala-exposicions-David-Shaw-02.jpg\" data-caption=\"\" srcset=\"https:\/\/www.formentera.es\/wp-content\/uploads\/2019\/01\/sala-exposicions-David-Shaw-02.jpg 1900w, https:\/\/www.formentera.es\/wp-content\/uploads\/2019\/01\/sala-exposicions-David-Shaw-02-300x200.jpg 300w, https:\/\/www.formentera.es\/wp-content\/uploads\/2019\/01\/sala-exposicions-David-Shaw-02-768x512.jpg 768w, https:\/\/www.formentera.es\/wp-content\/uploads\/2019\/01\/sala-exposicions-David-Shaw-02-1024x683.jpg 1024w\" sizes=\"auto, (max-width: 1900px) 100vw, 1900px\" \/>\n\t\t<div class=\"figc no-description\">\n\t\t\t<div class=\"figc-inner\">\n\t\t\t\t\t\t\t\t\t\t\t\t\t\t\t<\/div>\n\t\t<\/div>\n\n\t<\/div>\n\n<\/div><div class=\"modula-item effect-quiet jtg-filter-all jtg-filter-\" data-width=\"4\" data-height=\"6\" >\n\t<div class=\"modula-item-overlay\"><\/div>\n\n\t<div class=\"modula-item-content\">\n\n\t\t\t\t\n\t\t\t\t\t<a data-image-id=\"2011\" tabindex=\"0\" href=\"https:\/\/www.formentera.es\/wp-content\/uploads\/2019\/01\/sala-ajuntament-vell-4.jpg\" rel=\"jtg-1638\" data-caption=\"\" aria-label=\"Open image in lightbox\" role=\"button\" data-cyclefilter=\"show\" data-fancybox=\"jtg-1638\" class=\"tile-inner modula-item-link\"><\/a>\n\t\t\n\t\t<img loading=\"lazy\" decoding=\"async\" class=\"pic wp-image-2011\"  data-valign=\"middle\" data-halign=\"center\" alt=\"\" data-full=\"https:\/\/www.formentera.es\/wp-content\/uploads\/2019\/01\/sala-ajuntament-vell-4.jpg\" title=\"sala ajuntament vell\" width=\"1769\" height=\"2404\" src=\"https:\/\/www.formentera.es\/wp-content\/uploads\/2019\/01\/sala-ajuntament-vell-4.jpg\" data-src=\"https:\/\/www.formentera.es\/wp-content\/uploads\/2019\/01\/sala-ajuntament-vell-4.jpg\" data-caption=\"\" srcset=\"https:\/\/www.formentera.es\/wp-content\/uploads\/2019\/01\/sala-ajuntament-vell-4.jpg 1769w, https:\/\/www.formentera.es\/wp-content\/uploads\/2019\/01\/sala-ajuntament-vell-4-221x300.jpg 221w, https:\/\/www.formentera.es\/wp-content\/uploads\/2019\/01\/sala-ajuntament-vell-4-768x1044.jpg 768w, https:\/\/www.formentera.es\/wp-content\/uploads\/2019\/01\/sala-ajuntament-vell-4-754x1024.jpg 754w\" sizes=\"auto, (max-width: 1769px) 100vw, 1769px\" \/>\n\t\t<div class=\"figc no-description\">\n\t\t\t<div class=\"figc-inner\">\n\t\t\t\t\t\t\t\t\t\t\t\t\t\t\t<\/div>\n\t\t<\/div>\n\n\t<\/div>\n\n<\/div><div class=\"modula-item effect-quiet jtg-filter-all jtg-filter-\" data-width=\"7\" data-height=\"5\" >\n\t<div class=\"modula-item-overlay\"><\/div>\n\n\t<div class=\"modula-item-content\">\n\n\t\t\t\t\n\t\t\t\t\t<a data-image-id=\"1641\" tabindex=\"0\" href=\"https:\/\/www.formentera.es\/wp-content\/uploads\/2019\/01\/sala-exposicions-David-Shaw-01.jpg\" rel=\"jtg-1638\" data-caption=\"\" aria-label=\"Open image in lightbox\" role=\"button\" data-cyclefilter=\"show\" data-fancybox=\"jtg-1638\" class=\"tile-inner modula-item-link\"><\/a>\n\t\t\n\t\t<img loading=\"lazy\" decoding=\"async\" class=\"pic wp-image-1641\"  data-valign=\"middle\" data-halign=\"center\" alt=\"\" data-full=\"https:\/\/www.formentera.es\/wp-content\/uploads\/2019\/01\/sala-exposicions-David-Shaw-01.jpg\" title=\"sala exposicions David Shaw 01\" width=\"1900\" height=\"1249\" src=\"https:\/\/www.formentera.es\/wp-content\/uploads\/2019\/01\/sala-exposicions-David-Shaw-01.jpg\" data-src=\"https:\/\/www.formentera.es\/wp-content\/uploads\/2019\/01\/sala-exposicions-David-Shaw-01.jpg\" data-caption=\"\" srcset=\"https:\/\/www.formentera.es\/wp-content\/uploads\/2019\/01\/sala-exposicions-David-Shaw-01.jpg 1900w, https:\/\/www.formentera.es\/wp-content\/uploads\/2019\/01\/sala-exposicions-David-Shaw-01-300x197.jpg 300w, https:\/\/www.formentera.es\/wp-content\/uploads\/2019\/01\/sala-exposicions-David-Shaw-01-768x505.jpg 768w, https:\/\/www.formentera.es\/wp-content\/uploads\/2019\/01\/sala-exposicions-David-Shaw-01-1024x673.jpg 1024w\" sizes=\"auto, (max-width: 1900px) 100vw, 1900px\" \/>\n\t\t<div class=\"figc no-description\">\n\t\t\t<div class=\"figc-inner\">\n\t\t\t\t\t\t\t\t\t\t\t\t\t\t\t<\/div>\n\t\t<\/div>\n\n\t<\/div>\n\n<\/div><div class=\"modula-item effect-quiet jtg-filter-all jtg-filter-\" data-width=\"5\" data-height=\"5\" >\n\t<div class=\"modula-item-overlay\"><\/div>\n\n\t<div class=\"modula-item-content\">\n\n\t\t\t\t\n\t\t\t\t\t<a data-image-id=\"1643\" tabindex=\"0\" href=\"https:\/\/www.formentera.es\/wp-content\/uploads\/2019\/01\/sala-exposicions-David-Shaw-03.jpg\" rel=\"jtg-1638\" data-caption=\"\" aria-label=\"Open image in lightbox\" role=\"button\" data-cyclefilter=\"show\" data-fancybox=\"jtg-1638\" class=\"tile-inner modula-item-link\"><\/a>\n\t\t\n\t\t<img loading=\"lazy\" decoding=\"async\" class=\"pic wp-image-1643\"  data-valign=\"middle\" data-halign=\"center\" alt=\"\" data-full=\"https:\/\/www.formentera.es\/wp-content\/uploads\/2019\/01\/sala-exposicions-David-Shaw-03.jpg\" title=\"sala exposicions David Shaw 03\" width=\"1900\" height=\"1900\" src=\"https:\/\/www.formentera.es\/wp-content\/uploads\/2019\/01\/sala-exposicions-David-Shaw-03.jpg\" data-src=\"https:\/\/www.formentera.es\/wp-content\/uploads\/2019\/01\/sala-exposicions-David-Shaw-03.jpg\" data-caption=\"\" srcset=\"https:\/\/www.formentera.es\/wp-content\/uploads\/2019\/01\/sala-exposicions-David-Shaw-03.jpg 1900w, https:\/\/www.formentera.es\/wp-content\/uploads\/2019\/01\/sala-exposicions-David-Shaw-03-150x150.jpg 150w, https:\/\/www.formentera.es\/wp-content\/uploads\/2019\/01\/sala-exposicions-David-Shaw-03-300x300.jpg 300w, https:\/\/www.formentera.es\/wp-content\/uploads\/2019\/01\/sala-exposicions-David-Shaw-03-768x768.jpg 768w, https:\/\/www.formentera.es\/wp-content\/uploads\/2019\/01\/sala-exposicions-David-Shaw-03-1024x1024.jpg 1024w\" sizes=\"auto, (max-width: 1900px) 100vw, 1900px\" \/>\n\t\t<div class=\"figc no-description\">\n\t\t\t<div class=\"figc-inner\">\n\t\t\t\t\t\t\t\t\t\t\t\t\t\t\t<\/div>\n\t\t<\/div>\n\n\t<\/div>\n\n<\/div><div class=\"modula-item effect-quiet jtg-filter-all jtg-filter-\" data-width=\"12\" data-height=\"7\" >\n\t<div class=\"modula-item-overlay\"><\/div>\n\n\t<div class=\"modula-item-content\">\n\n\t\t\t\t\n\t\t\t\t\t<a data-image-id=\"2109\" tabindex=\"0\" href=\"https:\/\/www.formentera.es\/wp-content\/uploads\/2019\/01\/shutterstock_108092789.jpg\" rel=\"jtg-1638\" data-caption=\"\" aria-label=\"Open image in lightbox\" role=\"button\" data-cyclefilter=\"show\" data-fancybox=\"jtg-1638\" class=\"tile-inner modula-item-link\"><\/a>\n\t\t\n\t\t<img loading=\"lazy\" decoding=\"async\" class=\"pic wp-image-2109\"  data-valign=\"middle\" data-halign=\"center\" alt=\"\" data-full=\"https:\/\/www.formentera.es\/wp-content\/uploads\/2019\/01\/shutterstock_108092789.jpg\" title=\"shutterstock_108092789\" width=\"1900\" height=\"1900\" src=\"https:\/\/www.formentera.es\/wp-content\/uploads\/2019\/01\/shutterstock_108092789.jpg\" data-src=\"https:\/\/www.formentera.es\/wp-content\/uploads\/2019\/01\/shutterstock_108092789.jpg\" data-caption=\"\" srcset=\"https:\/\/www.formentera.es\/wp-content\/uploads\/2019\/01\/shutterstock_108092789.jpg 1900w, https:\/\/www.formentera.es\/wp-content\/uploads\/2019\/01\/shutterstock_108092789-150x150.jpg 150w, https:\/\/www.formentera.es\/wp-content\/uploads\/2019\/01\/shutterstock_108092789-300x300.jpg 300w, https:\/\/www.formentera.es\/wp-content\/uploads\/2019\/01\/shutterstock_108092789-768x768.jpg 768w, https:\/\/www.formentera.es\/wp-content\/uploads\/2019\/01\/shutterstock_108092789-1024x1024.jpg 1024w\" sizes=\"auto, (max-width: 1900px) 100vw, 1900px\" \/>\n\t\t<div class=\"figc no-description\">\n\t\t\t<div class=\"figc-inner\">\n\t\t\t\t\t\t\t\t\t\t\t\t\t\t\t<\/div>\n\t\t<\/div>\n\n\t<\/div>\n\n<\/div><div class=\"modula-item effect-quiet jtg-filter-all jtg-filter-\" data-width=\"6\" data-height=\"5\" >\n\t<div class=\"modula-item-overlay\"><\/div>\n\n\t<div class=\"modula-item-content\">\n\n\t\t\t\t\n\t\t\t\t\t<a data-image-id=\"8660\" tabindex=\"0\" href=\"https:\/\/www.formentera.es\/wp-content\/uploads\/2019\/07\/Faro-de-la-Mola-2019-3.jpeg\" rel=\"jtg-1638\" data-caption=\"\" aria-label=\"Open image in lightbox\" role=\"button\" data-cyclefilter=\"show\" data-fancybox=\"jtg-1638\" class=\"tile-inner modula-item-link\"><\/a>\n\t\t\n\t\t<img loading=\"lazy\" decoding=\"async\" class=\"pic wp-image-8660\"  data-valign=\"middle\" data-halign=\"center\" alt=\"\" data-full=\"https:\/\/www.formentera.es\/wp-content\/uploads\/2019\/07\/Faro-de-la-Mola-2019-3.jpeg\" title=\"Faro de la Mola 2019 (3)\" width=\"1600\" height=\"1200\" src=\"https:\/\/www.formentera.es\/wp-content\/uploads\/2019\/07\/Faro-de-la-Mola-2019-3.jpeg\" data-src=\"https:\/\/www.formentera.es\/wp-content\/uploads\/2019\/07\/Faro-de-la-Mola-2019-3.jpeg\" data-caption=\"\" srcset=\"https:\/\/www.formentera.es\/wp-content\/uploads\/2019\/07\/Faro-de-la-Mola-2019-3.jpeg 1600w, https:\/\/www.formentera.es\/wp-content\/uploads\/2019\/07\/Faro-de-la-Mola-2019-3-300x225.jpeg 300w, https:\/\/www.formentera.es\/wp-content\/uploads\/2019\/07\/Faro-de-la-Mola-2019-3-768x576.jpeg 768w, https:\/\/www.formentera.es\/wp-content\/uploads\/2019\/07\/Faro-de-la-Mola-2019-3-1024x768.jpeg 1024w\" sizes=\"auto, (max-width: 1600px) 100vw, 1600px\" \/>\n\t\t<div class=\"figc no-description\">\n\t\t\t<div class=\"figc-inner\">\n\t\t\t\t\t\t\t\t\t\t\t\t\t\t\t<\/div>\n\t\t<\/div>\n\n\t<\/div>\n\n<\/div><div class=\"modula-item effect-quiet jtg-filter-all jtg-filter-\" data-width=\"6\" data-height=\"5\" >\n\t<div class=\"modula-item-overlay\"><\/div>\n\n\t<div class=\"modula-item-content\">\n\n\t\t\t\t\n\t\t\t\t\t<a data-image-id=\"8690\" tabindex=\"0\" href=\"https:\/\/www.formentera.es\/wp-content\/uploads\/2019\/07\/formentera-vuurtoren-far-de-la-mola-2-1024x683.jpg\" rel=\"jtg-1638\" data-caption=\"\" aria-label=\"Open image in lightbox\" role=\"button\" data-cyclefilter=\"show\" data-fancybox=\"jtg-1638\" class=\"tile-inner modula-item-link\"><\/a>\n\t\t\n\t\t<img loading=\"lazy\" decoding=\"async\" class=\"pic wp-image-8690\"  data-valign=\"middle\" data-halign=\"center\" alt=\"\" data-full=\"https:\/\/www.formentera.es\/wp-content\/uploads\/2019\/07\/formentera-vuurtoren-far-de-la-mola-2-1024x683.jpg\" title=\"formentera-vuurtoren-far-de-la-mola-2-1024&#215;683\" width=\"1024\" height=\"683\" src=\"https:\/\/www.formentera.es\/wp-content\/uploads\/2019\/07\/formentera-vuurtoren-far-de-la-mola-2-1024x683.jpg\" data-src=\"https:\/\/www.formentera.es\/wp-content\/uploads\/2019\/07\/formentera-vuurtoren-far-de-la-mola-2-1024x683.jpg\" data-caption=\"\" srcset=\"https:\/\/www.formentera.es\/wp-content\/uploads\/2019\/07\/formentera-vuurtoren-far-de-la-mola-2-1024x683.jpg 1024w, https:\/\/www.formentera.es\/wp-content\/uploads\/2019\/07\/formentera-vuurtoren-far-de-la-mola-2-1024x683-300x200.jpg 300w, https:\/\/www.formentera.es\/wp-content\/uploads\/2019\/07\/formentera-vuurtoren-far-de-la-mola-2-1024x683-768x512.jpg 768w\" sizes=\"auto, (max-width: 1024px) 100vw, 1024px\" \/>\n\t\t<div class=\"figc no-description\">\n\t\t\t<div class=\"figc-inner\">\n\t\t\t\t\t\t\t\t\t\t\t\t\t\t\t<\/div>\n\t\t<\/div>\n\n\t<\/div>\n\n<\/div>\t\t\n\t<\/div>\n\n\t\n\t\n\t<script type=\"application\/ld+json\">\n\t{\n\t\t\"@context\": \"http:\/\/schema.org\",\n\t\t\"@type\"   : \"ImageGallery\",\n\t\t\"id\"      : \"https:\/\/www.formentera.es\/fr\/explorer\/culture-et-patrimoine\/salle-dexpositions-et-musees\/\",\n\t\t\"url\"     : \"https:\/\/www.formentera.es\/fr\/explorer\/culture-et-patrimoine\/salle-dexpositions-et-musees\/\"\n\t}\n\n\t<\/script>\n\n\t\n<\/div>\n[\/vc_column_text][\/vc_column][\/vc_row][vc_row][vc_column][vc_column_text]<div id=\"siguexpl\" class=\"container sc\"><h2>Continuez \u00e0 explorer<\/h2><div class=\"row\"><a href=\"https:\/\/www.formentera.es\/fr\/explorer\/activites\/\" class=\"col-md-4\">\n\t\t\t\t\t\t<div class=\"row\">\n\t\t\t\t\t\t\t<div class=\"col-sm-4\" style=\"background-image: url(https:\/\/www.formentera.es\/wp-content\/uploads\/2018\/11\/ESCUELA-MUNICIPAL-DE-VELA-4NOMADAS-jjfoto\u0300graf-16-300x207.jpg)\"><\/div>\n\t\t\t\t\t\t\t<div class=\"col-sm-8\">\n\t\t\t\t\t\t\t\tActivit\u00e9s\n\t\t\t\t\t\t\t\t<i class=\"fa fa-angle-right\"><\/i>\n\t\t\t\t\t\t\t<\/div>\n\t\t\t\t\t\t\t<div class=\"bhover\"><\/div>\n\t\t\t\t\t\t<\/div>\n\t\t\t\t\t\t\n\t\t\t\t\t<\/a><a href=\"https:\/\/www.formentera.es\/fr\/explorer\/plages\/\" class=\"col-md-4\">\n\t\t\t\t\t\t<div class=\"row\">\n\t\t\t\t\t\t\t<div class=\"col-sm-4\" style=\"background-image: url(https:\/\/www.formentera.es\/wp-content\/uploads\/2025\/07\/illetas2025-300x225.webp)\"><\/div>\n\t\t\t\t\t\t\t<div class=\"col-sm-8\">\n\t\t\t\t\t\t\t\tPlages\n\t\t\t\t\t\t\t\t<i class=\"fa fa-angle-right\"><\/i>\n\t\t\t\t\t\t\t<\/div>\n\t\t\t\t\t\t\t<div class=\"bhover\"><\/div>\n\t\t\t\t\t\t<\/div>\n\t\t\t\t\t\t\n\t\t\t\t\t<\/a><a href=\"https:\/\/www.formentera.es\/fr\/explorer\/villages\/\" class=\"col-md-4\">\n\t\t\t\t\t\t<div class=\"row\">\n\t\t\t\t\t\t\t<div class=\"col-sm-4\" style=\"background-image: url(https:\/\/www.formentera.es\/wp-content\/uploads\/2018\/11\/1_Esglesia-St.-Francesc-panoramica-300x190.jpg)\"><\/div>\n\t\t\t\t\t\t\t<div class=\"col-sm-8\">\n\t\t\t\t\t\t\t\tVillages\n\t\t\t\t\t\t\t\t<i class=\"fa fa-angle-right\"><\/i>\n\t\t\t\t\t\t\t<\/div>\n\t\t\t\t\t\t\t<div class=\"bhover\"><\/div>\n\t\t\t\t\t\t<\/div>\n\t\t\t\t\t\t\n\t\t\t\t\t<\/a><\/div><\/div>[\/vc_column_text][\/vc_column][\/vc_row][vc_row full_width=\u00a0\u00bbstretch_row_content\u00a0\u00bb equal_height=\u00a0\u00bbyes\u00a0\u00bb css=\u00a0\u00bb.vc_custom_1549020876465{padding-top: 80px !important;}\u00a0\u00bb el_class=\u00a0\u00bbbloque_maseventos\u00a0\u00bb][vc_column][vc_column_text el_class=\u00a0\u00bbh1&Prime;]<\/p>\n<h2 style=\"text-align: center;\">\u00c9v\u00e9nements \u00e0 Formentera<\/h2>\n<p>[\/vc_column_text][vc_basic_grid post_type=\u00a0\u00bbpost\u00a0\u00bb max_items=\u00a0\u00bb3&Prime; orderby=\u00a0\u00bbrand\u00a0\u00bb item=\u00a0\u00bb1524&Prime; grid_id=\u00a0\u00bbvc_gid:1762502635051-f8a2718b-e17f-5&Prime; taxonomies=\u00a0\u00bb17&Prime;][vc_btn title=\u00a0\u00bbPlus d&rsquo;\u00e9v\u00e9nements\u00a0\u00bb style=\u00a0\u00bbflat\u00a0\u00bb shape=\u00a0\u00bbsquare\u00a0\u00bb color=\u00a0\u00bbwhite\u00a0\u00bb size=\u00a0\u00bblg\u00a0\u00bb align=\u00a0\u00bbcenter\u00a0\u00bb i_align=\u00a0\u00bbright\u00a0\u00bb i_type=\u00a0\u00bbentypo\u00a0\u00bb i_icon_entypo=\u00a0\u00bbentypo-icon entypo-icon-right-open-big\u00a0\u00bb add_icon=\u00a0\u00bbtrue\u00a0\u00bb el_class=\u00a0\u00bbbtn_more\u00a0\u00bb link=\u00a0\u00bburl:https%3A%2F%2Fwww.formentera.es%2Ffr%2Fevenements|||\u00a0\u00bb][\/vc_column][\/vc_row]<\/p>\n<\/div>","protected":false},"excerpt":{"rendered":"<p>[vc_row full_width=\u00a0\u00bbstretch_row\u00a0\u00bb][vc_column width=\u00a0\u00bb2\/3&Prime; css=\u00a0\u00bb.vc_custom_1530269560078{padding-right: 5% !important;}\u00a0\u00bb][vc_column_text css=\u00a0\u00bb\u00a0\u00bb el_class=\u00a0\u00bbtexto_ficha\u00a0\u00bb] Un cadre inspirateur pour les artistes et [&hellip;]<\/p>\n","protected":false},"author":1,"featured_media":5456,"parent":5443,"menu_order":0,"comment_status":"closed","ping_status":"closed","template":"page-ficha.php","meta":{"_acf_changed":false,"footnotes":""},"categories":[],"class_list":["post-5455","page","type-page","status-publish","hentry"],"acf":[],"yoast_head":"<!-- This site is optimized with the Yoast SEO plugin v25.5 - https:\/\/yoast.com\/wordpress\/plugins\/seo\/ -->\n<title>Salle d\u2019expositions et mus\u00e9es | Turismo de Formentera<\/title>\n<meta name=\"robots\" content=\"index, follow, max-snippet:-1, max-image-preview:large, max-video-preview:-1\" \/>\n<link rel=\"canonical\" href=\"https:\/\/www.formentera.es\/fr\/explorer\/culture-et-patrimoine\/salle-dexpositions-et-musees\/\" \/>\n<meta property=\"og:locale\" content=\"fr_FR\" \/>\n<meta property=\"og:type\" content=\"article\" \/>\n<meta property=\"og:title\" content=\"Salle d\u2019expositions et mus\u00e9es | Turismo de Formentera\" \/>\n<meta property=\"og:description\" content=\"[vc_row full_width=\u00a0\u00bbstretch_row\u00a0\u00bb][vc_column width=\u00a0\u00bb2\/3&Prime; css=\u00a0\u00bb.vc_custom_1530269560078{padding-right: 5% !important;}\u00a0\u00bb][vc_column_text css=\u00a0\u00bb\u00a0\u00bb el_class=\u00a0\u00bbtexto_ficha\u00a0\u00bb] Un cadre inspirateur pour les artistes et [&hellip;]\" \/>\n<meta property=\"og:url\" content=\"https:\/\/www.formentera.es\/fr\/explorer\/culture-et-patrimoine\/salle-dexpositions-et-musees\/\" \/>\n<meta property=\"og:site_name\" content=\"Turismo de Formentera\" \/>\n<meta property=\"article:publisher\" content=\"https:\/\/www.facebook.com\/turismoformentera\/\" \/>\n<meta property=\"article:modified_time\" content=\"2025-11-07T08:04:33+00:00\" \/>\n<meta property=\"og:image\" content=\"https:\/\/www.formentera.es\/wp-content\/uploads\/2018\/11\/sala-exposicions-David-Shaw-04.jpg\" \/>\n\t<meta property=\"og:image:width\" content=\"1125\" \/>\n\t<meta property=\"og:image:height\" content=\"750\" \/>\n\t<meta property=\"og:image:type\" content=\"image\/jpeg\" \/>\n<meta name=\"twitter:card\" content=\"summary_large_image\" \/>\n<meta name=\"twitter:site\" content=\"@visitformentera\" \/>\n<meta name=\"twitter:label1\" content=\"Dur\u00e9e de lecture estim\u00e9e\" \/>\n\t<meta name=\"twitter:data1\" content=\"3 minutes\" \/>\n<script type=\"application\/ld+json\" class=\"yoast-schema-graph\">{\"@context\":\"https:\/\/schema.org\",\"@graph\":[{\"@type\":\"WebPage\",\"@id\":\"https:\/\/www.formentera.es\/fr\/explorer\/culture-et-patrimoine\/salle-dexpositions-et-musees\/\",\"url\":\"https:\/\/www.formentera.es\/fr\/explorer\/culture-et-patrimoine\/salle-dexpositions-et-musees\/\",\"name\":\"Salle d\u2019expositions et mus\u00e9es | Turismo de Formentera\",\"isPartOf\":{\"@id\":\"https:\/\/www.formentera.es\/#website\"},\"primaryImageOfPage\":{\"@id\":\"https:\/\/www.formentera.es\/fr\/explorer\/culture-et-patrimoine\/salle-dexpositions-et-musees\/#primaryimage\"},\"image\":{\"@id\":\"https:\/\/www.formentera.es\/fr\/explorer\/culture-et-patrimoine\/salle-dexpositions-et-musees\/#primaryimage\"},\"thumbnailUrl\":\"https:\/\/www.formentera.es\/wp-content\/uploads\/2018\/11\/sala-exposicions-David-Shaw-04.jpg\",\"datePublished\":\"2018-11-26T17:08:47+00:00\",\"dateModified\":\"2025-11-07T08:04:33+00:00\",\"breadcrumb\":{\"@id\":\"https:\/\/www.formentera.es\/fr\/explorer\/culture-et-patrimoine\/salle-dexpositions-et-musees\/#breadcrumb\"},\"inLanguage\":\"fr-FR\",\"potentialAction\":[{\"@type\":\"ReadAction\",\"target\":[\"https:\/\/www.formentera.es\/fr\/explorer\/culture-et-patrimoine\/salle-dexpositions-et-musees\/\"]}]},{\"@type\":\"ImageObject\",\"inLanguage\":\"fr-FR\",\"@id\":\"https:\/\/www.formentera.es\/fr\/explorer\/culture-et-patrimoine\/salle-dexpositions-et-musees\/#primaryimage\",\"url\":\"https:\/\/www.formentera.es\/wp-content\/uploads\/2018\/11\/sala-exposicions-David-Shaw-04.jpg\",\"contentUrl\":\"https:\/\/www.formentera.es\/wp-content\/uploads\/2018\/11\/sala-exposicions-David-Shaw-04.jpg\",\"width\":1125,\"height\":750},{\"@type\":\"BreadcrumbList\",\"@id\":\"https:\/\/www.formentera.es\/fr\/explorer\/culture-et-patrimoine\/salle-dexpositions-et-musees\/#breadcrumb\",\"itemListElement\":[{\"@type\":\"ListItem\",\"position\":1,\"name\":\"Portada\",\"item\":\"https:\/\/www.formentera.es\/fr\/\"},{\"@type\":\"ListItem\",\"position\":2,\"name\":\"Explorer\",\"item\":\"https:\/\/www.formentera.es\/explorar\/\"},{\"@type\":\"ListItem\",\"position\":3,\"name\":\"Culture et patrimoine\",\"item\":\"https:\/\/www.formentera.es\/fr\/explorer\/culture-et-patrimoine\/\"},{\"@type\":\"ListItem\",\"position\":4,\"name\":\"Salle d\u2019expositions et mus\u00e9es\"}]},{\"@type\":\"WebSite\",\"@id\":\"https:\/\/www.formentera.es\/#website\",\"url\":\"https:\/\/www.formentera.es\/\",\"name\":\"Turismo de Formentera\",\"description\":\"Web oficial de Turismo de Formentera\",\"potentialAction\":[{\"@type\":\"SearchAction\",\"target\":{\"@type\":\"EntryPoint\",\"urlTemplate\":\"https:\/\/www.formentera.es\/?s={search_term_string}\"},\"query-input\":{\"@type\":\"PropertyValueSpecification\",\"valueRequired\":true,\"valueName\":\"search_term_string\"}}],\"inLanguage\":\"fr-FR\"}]}<\/script>\n<!-- \/ Yoast SEO plugin. -->","yoast_head_json":{"title":"Salle d\u2019expositions et mus\u00e9es | Turismo de Formentera","robots":{"index":"index","follow":"follow","max-snippet":"max-snippet:-1","max-image-preview":"max-image-preview:large","max-video-preview":"max-video-preview:-1"},"canonical":"https:\/\/www.formentera.es\/fr\/explorer\/culture-et-patrimoine\/salle-dexpositions-et-musees\/","og_locale":"fr_FR","og_type":"article","og_title":"Salle d\u2019expositions et mus\u00e9es | Turismo de Formentera","og_description":"[vc_row full_width=\u00a0\u00bbstretch_row\u00a0\u00bb][vc_column width=\u00a0\u00bb2\/3&Prime; css=\u00a0\u00bb.vc_custom_1530269560078{padding-right: 5% !important;}\u00a0\u00bb][vc_column_text css=\u00a0\u00bb\u00a0\u00bb el_class=\u00a0\u00bbtexto_ficha\u00a0\u00bb] Un cadre inspirateur pour les artistes et [&hellip;]","og_url":"https:\/\/www.formentera.es\/fr\/explorer\/culture-et-patrimoine\/salle-dexpositions-et-musees\/","og_site_name":"Turismo de Formentera","article_publisher":"https:\/\/www.facebook.com\/turismoformentera\/","article_modified_time":"2025-11-07T08:04:33+00:00","og_image":[{"width":1125,"height":750,"url":"https:\/\/www.formentera.es\/wp-content\/uploads\/2018\/11\/sala-exposicions-David-Shaw-04.jpg","type":"image\/jpeg"}],"twitter_card":"summary_large_image","twitter_site":"@visitformentera","twitter_misc":{"Dur\u00e9e de lecture estim\u00e9e":"3 minutes"},"schema":{"@context":"https:\/\/schema.org","@graph":[{"@type":"WebPage","@id":"https:\/\/www.formentera.es\/fr\/explorer\/culture-et-patrimoine\/salle-dexpositions-et-musees\/","url":"https:\/\/www.formentera.es\/fr\/explorer\/culture-et-patrimoine\/salle-dexpositions-et-musees\/","name":"Salle d\u2019expositions et mus\u00e9es | Turismo de Formentera","isPartOf":{"@id":"https:\/\/www.formentera.es\/#website"},"primaryImageOfPage":{"@id":"https:\/\/www.formentera.es\/fr\/explorer\/culture-et-patrimoine\/salle-dexpositions-et-musees\/#primaryimage"},"image":{"@id":"https:\/\/www.formentera.es\/fr\/explorer\/culture-et-patrimoine\/salle-dexpositions-et-musees\/#primaryimage"},"thumbnailUrl":"https:\/\/www.formentera.es\/wp-content\/uploads\/2018\/11\/sala-exposicions-David-Shaw-04.jpg","datePublished":"2018-11-26T17:08:47+00:00","dateModified":"2025-11-07T08:04:33+00:00","breadcrumb":{"@id":"https:\/\/www.formentera.es\/fr\/explorer\/culture-et-patrimoine\/salle-dexpositions-et-musees\/#breadcrumb"},"inLanguage":"fr-FR","potentialAction":[{"@type":"ReadAction","target":["https:\/\/www.formentera.es\/fr\/explorer\/culture-et-patrimoine\/salle-dexpositions-et-musees\/"]}]},{"@type":"ImageObject","inLanguage":"fr-FR","@id":"https:\/\/www.formentera.es\/fr\/explorer\/culture-et-patrimoine\/salle-dexpositions-et-musees\/#primaryimage","url":"https:\/\/www.formentera.es\/wp-content\/uploads\/2018\/11\/sala-exposicions-David-Shaw-04.jpg","contentUrl":"https:\/\/www.formentera.es\/wp-content\/uploads\/2018\/11\/sala-exposicions-David-Shaw-04.jpg","width":1125,"height":750},{"@type":"BreadcrumbList","@id":"https:\/\/www.formentera.es\/fr\/explorer\/culture-et-patrimoine\/salle-dexpositions-et-musees\/#breadcrumb","itemListElement":[{"@type":"ListItem","position":1,"name":"Portada","item":"https:\/\/www.formentera.es\/fr\/"},{"@type":"ListItem","position":2,"name":"Explorer","item":"https:\/\/www.formentera.es\/explorar\/"},{"@type":"ListItem","position":3,"name":"Culture et patrimoine","item":"https:\/\/www.formentera.es\/fr\/explorer\/culture-et-patrimoine\/"},{"@type":"ListItem","position":4,"name":"Salle d\u2019expositions et mus\u00e9es"}]},{"@type":"WebSite","@id":"https:\/\/www.formentera.es\/#website","url":"https:\/\/www.formentera.es\/","name":"Turismo de Formentera","description":"Web oficial de Turismo de Formentera","potentialAction":[{"@type":"SearchAction","target":{"@type":"EntryPoint","urlTemplate":"https:\/\/www.formentera.es\/?s={search_term_string}"},"query-input":{"@type":"PropertyValueSpecification","valueRequired":true,"valueName":"search_term_string"}}],"inLanguage":"fr-FR"}]}},"_links":{"self":[{"href":"https:\/\/www.formentera.es\/fr\/wp-json\/wp\/v2\/pages\/5455","targetHints":{"allow":["GET"]}}],"collection":[{"href":"https:\/\/www.formentera.es\/fr\/wp-json\/wp\/v2\/pages"}],"about":[{"href":"https:\/\/www.formentera.es\/fr\/wp-json\/wp\/v2\/types\/page"}],"author":[{"embeddable":true,"href":"https:\/\/www.formentera.es\/fr\/wp-json\/wp\/v2\/users\/1"}],"replies":[{"embeddable":true,"href":"https:\/\/www.formentera.es\/fr\/wp-json\/wp\/v2\/comments?post=5455"}],"version-history":[{"count":2,"href":"https:\/\/www.formentera.es\/fr\/wp-json\/wp\/v2\/pages\/5455\/revisions"}],"predecessor-version":[{"id":47342,"href":"https:\/\/www.formentera.es\/fr\/wp-json\/wp\/v2\/pages\/5455\/revisions\/47342"}],"up":[{"embeddable":true,"href":"https:\/\/www.formentera.es\/fr\/wp-json\/wp\/v2\/pages\/5443"}],"wp:featuredmedia":[{"embeddable":true,"href":"https:\/\/www.formentera.es\/fr\/wp-json\/wp\/v2\/media\/5456"}],"wp:attachment":[{"href":"https:\/\/www.formentera.es\/fr\/wp-json\/wp\/v2\/media?parent=5455"}],"wp:term":[{"taxonomy":"category","embeddable":true,"href":"https:\/\/www.formentera.es\/fr\/wp-json\/wp\/v2\/categories?post=5455"}],"curies":[{"name":"wp","href":"https:\/\/api.w.org\/{rel}","templated":true}]}}