{"id":5443,"date":"2018-11-26T12:51:36","date_gmt":"2018-11-26T14:51:36","guid":{"rendered":"https:\/\/www.formentera.es\/explorer\/cultura-y-patrimonio\/"},"modified":"2025-09-09T16:39:44","modified_gmt":"2025-09-09T14:39:44","slug":"culture-et-patrimoine","status":"publish","type":"page","link":"https:\/\/www.formentera.es\/fr\/explorer\/culture-et-patrimoine\/","title":{"rendered":"Culture et patrimoine"},"content":{"rendered":"<div class=\"wpb-content-wrapper\"><p>[vc_row full_width=\u00a0\u00bbstretch_row_content_no_spaces\u00a0\u00bb equal_height=\u00a0\u00bbyes\u00a0\u00bb content_placement=\u00a0\u00bbbottom\u00a0\u00bb css=\u00a0\u00bb.vc_custom_1546432535287{background-position: center !important;background-repeat: no-repeat !important;background-size: cover !important;}\u00a0\u00bb el_id=\u00a0\u00bbtop_categoria\u00a0\u00bb el_class=\u00a0\u00bbcategoria2&Prime;][vc_column width=\u00a0\u00bb1\/2&Prime; css=\u00a0\u00bb.vc_custom_1546432660675{background-image: url(https:\/\/www.formentera.es\/wp-content\/uploads\/2018\/11\/Torres-de-defensa-panoramica.jpg?id=1146) !important;background-position: center !important;background-repeat: no-repeat !important;background-size: cover !important;}\u00a0\u00bb][vc_column_text]<\/p>\n<h1>Culture et patrimoine de Formentera<\/h1>\n<p>[\/vc_column_text][\/vc_column][vc_column width=\u00a0\u00bb1\/2&Prime; css=\u00a0\u00bb.vc_custom_1757428779048{background-color: #30A8A2 !important;}\u00a0\u00bb][vc_column_text css=\u00a0\u00bb\u00a0\u00bb el_class=\u00a0\u00bbenlaceblanco\u00a0\u00bb]Sur une partie du territoire si petite comme l\u2019est Formentera, o\u00f9 les ressources terrestres et marines ont conditionn\u00e9 consid\u00e9rablement la vie dans l\u2019\u00eele, la fronti\u00e8re entre la valeur culturelle et la valeur naturelle est tr\u00e8s souvent diffuse. La preuve en est l\u2019ampleur de notre patrimoine ethnologique, qui repr\u00e9sente un recueil d\u2019exploitation durable des diff\u00e9rentes ressources naturelles de l\u2019\u00eele.<\/p>\n<p>Formentera compte trois<b> ensembles historiques <\/b>: Sant Francesc Xavier, Sant Ferran de ses Roques et le Pilar de la Mola. Leur \u00e9picentre et b\u00e2timent le plus important est leur \u00e9glise paroissiale respective. Il y a tout un r\u00e9seau de places et de ruelles autour, dont la plupart co\u00efncident avec les anciens chemins qui reliaient les zones de population dispers\u00e9e avec les temples religieux.<\/p>\n<p>Des \u00e9l\u00e9ments de d\u00e9fense et signalisation c\u00f4ti\u00e8re (tours de d\u00e9fense et phares), lieux historiques (Ses Salines, Colonie p\u00e9nitentiaire de Formentera), chemins et divisions territoriales (Cam\u00ed de sa Pujada, Mojones, murs de pierre s\u00e8che) ainsi que des maisons, moulins \u00e0 farine, r\u00e9servoirs et citernes, puits, norias, arbres particuliers, ou <i>escars<\/i> (petites cabanes de p\u00eacheurs), entre autres biens, font \u00e9galement partie du<b> patrimoine culturel <\/b>de Formentera.<\/p>\n<p>En ce qui concerne le<b> patrimoine immat\u00e9riel,<\/b> il y a <i>las ballades<\/i> et <i>las cantades,<\/i> des \u00e9l\u00e9ments musicaux qui ont eu un poids important sur la soci\u00e9t\u00e9 insulaire jusque vers la moiti\u00e9 du XXe si\u00e8cle. Il est \u00e9galement indispensable de mentionner <b>les Caramelles<\/b>, des chants interpr\u00e9t\u00e9s par des hommes accompagn\u00e9s d\u2019instruments qui sont \u00e9troitement li\u00e9s \u00e0 deux f\u00eates cl\u00e9s du calendrier liturgique\u00a0: No\u00ebl et P\u00e2ques.<\/p>\n<p>Vous trouverez de plus amples renseignements dans le <a href=\"https:\/\/www.formentera.es\/wp-content\/uploads\/2019\/03\/LE-PATRIMOINE-CULTUREL_web.pdf\">Catalogue du Patrimoine<\/a>.[\/vc_column_text][\/vc_column][\/vc_row][vc_row full_width=\u00a0\u00bbstretch_row_content\u00a0\u00bb equal_height=\u00a0\u00bbyes\u00a0\u00bb][vc_column][vc_column_text el_class=\u00a0\u00bbh1&Prime;]<\/p>\n<h2>Culture et patrimoine<\/h2>\n<p>[\/vc_column_text][\/vc_column][\/vc_row][vc_row full_width=\u00a0\u00bbstretch_row_content\u00a0\u00bb][vc_column][vc_basic_grid post_type=\u00a0\u00bbids\u00a0\u00bb item=\u00a0\u00bb60&Prime; grid_id=\u00a0\u00bbvc_gid:1757428766106-d5b1a9ed-a1ae-10&Prime; include=\u00a0\u00bb5191, 5455, 5452, 5459, 5448&Prime;][\/vc_column][\/vc_row][vc_row full_width=\u00a0\u00bbstretch_row_content\u00a0\u00bb css=\u00a0\u00bb.vc_custom_1548954740584{padding-top: 80px !important;}\u00a0\u00bb el_class=\u00a0\u00bbbloque_maseventos\u00a0\u00bb][vc_column][vc_column_text el_class=\u00a0\u00bbh1&Prime;]<\/p>\n<h2>\u00c9v\u00e9nements \u00e0 Formentera<\/h2>\n<p>[\/vc_column_text][vc_basic_grid post_type=\u00a0\u00bbpost\u00a0\u00bb max_items=\u00a0\u00bb2&Prime; element_width=\u00a0\u00bb6&Prime; orderby=\u00a0\u00bbrand\u00a0\u00bb item=\u00a0\u00bb1532&Prime; grid_id=\u00a0\u00bbvc_gid:1757428766107-76fad5f2-cd19-7&Prime; taxonomies=\u00a0\u00bb17&Prime;][vc_btn title=\u00a0\u00bbPlus d&rsquo;\u00e9v\u00e9nements\u00a0\u00bb style=\u00a0\u00bbflat\u00a0\u00bb shape=\u00a0\u00bbsquare\u00a0\u00bb color=\u00a0\u00bbwhite\u00a0\u00bb size=\u00a0\u00bblg\u00a0\u00bb align=\u00a0\u00bbcenter\u00a0\u00bb i_align=\u00a0\u00bbright\u00a0\u00bb i_type=\u00a0\u00bbentypo\u00a0\u00bb i_icon_entypo=\u00a0\u00bbentypo-icon entypo-icon-right-open-big\u00a0\u00bb add_icon=\u00a0\u00bbtrue\u00a0\u00bb el_class=\u00a0\u00bbbtn_more\u00a0\u00bb link=\u00a0\u00bburl:https%3A%2F%2Fwww.formentera.es%2Ffr%2Fevenements|||\u00a0\u00bb][\/vc_column][\/vc_row]<\/p>\n<\/div>","protected":false},"excerpt":{"rendered":"<p>[vc_row full_width=\u00a0\u00bbstretch_row_content_no_spaces\u00a0\u00bb equal_height=\u00a0\u00bbyes\u00a0\u00bb content_placement=\u00a0\u00bbbottom\u00a0\u00bb css=\u00a0\u00bb.vc_custom_1546432535287{background-position: center !important;background-repeat: no-repeat !important;background-size: cover !important;}\u00a0\u00bb el_id=\u00a0\u00bbtop_categoria\u00a0\u00bb el_class=\u00a0\u00bbcategoria2&Prime;][vc_column width=\u00a0\u00bb1\/2&Prime; css=\u00a0\u00bb.vc_custom_1546432660675{background-image: [&hellip;]<\/p>\n","protected":false},"author":1,"featured_media":5445,"parent":5183,"menu_order":0,"comment_status":"closed","ping_status":"closed","template":"","meta":{"_acf_changed":false,"footnotes":""},"categories":[],"class_list":["post-5443","page","type-page","status-publish","hentry"],"acf":[],"yoast_head":"<!-- This site is optimized with the Yoast SEO plugin v25.5 - https:\/\/yoast.com\/wordpress\/plugins\/seo\/ -->\n<title>Cultura y patrimonio de Formentera | Turismo de Formentera<\/title>\n<meta name=\"description\" content=\"Descubre el valor cultura y el valor natural que posee la isla en la p\u00e1gina de Cultura y Patrimonio de Formentera.\" \/>\n<meta name=\"robots\" content=\"index, follow, max-snippet:-1, max-image-preview:large, max-video-preview:-1\" \/>\n<link rel=\"canonical\" href=\"https:\/\/www.formentera.es\/fr\/explorer\/culture-et-patrimoine\/\" \/>\n<meta property=\"og:locale\" content=\"fr_FR\" \/>\n<meta property=\"og:type\" content=\"article\" \/>\n<meta property=\"og:title\" content=\"Cultura y patrimonio de Formentera | Turismo de Formentera\" \/>\n<meta property=\"og:description\" content=\"Descubre el valor cultura y el valor natural que posee la isla en la p\u00e1gina de Cultura y Patrimonio de Formentera.\" \/>\n<meta property=\"og:url\" content=\"https:\/\/www.formentera.es\/fr\/explorer\/culture-et-patrimoine\/\" \/>\n<meta property=\"og:site_name\" content=\"Turismo de Formentera\" \/>\n<meta property=\"article:publisher\" content=\"https:\/\/www.facebook.com\/turismoformentera\/\" \/>\n<meta property=\"article:modified_time\" content=\"2025-09-09T14:39:44+00:00\" \/>\n<meta property=\"og:image\" content=\"https:\/\/www.formentera.es\/wp-content\/uploads\/2019\/01\/Torre-de-Sa-Gavina_Moonkoala.jpg\" \/>\n\t<meta property=\"og:image:width\" content=\"1900\" \/>\n\t<meta property=\"og:image:height\" content=\"1267\" \/>\n\t<meta property=\"og:image:type\" content=\"image\/jpeg\" \/>\n<meta name=\"twitter:card\" content=\"summary_large_image\" \/>\n<meta name=\"twitter:site\" content=\"@visitformentera\" \/>\n<meta name=\"twitter:label1\" content=\"Dur\u00e9e de lecture estim\u00e9e\" \/>\n\t<meta name=\"twitter:data1\" content=\"2 minutes\" \/>\n<script type=\"application\/ld+json\" class=\"yoast-schema-graph\">{\"@context\":\"https:\/\/schema.org\",\"@graph\":[{\"@type\":\"WebPage\",\"@id\":\"https:\/\/www.formentera.es\/fr\/explorer\/culture-et-patrimoine\/\",\"url\":\"https:\/\/www.formentera.es\/fr\/explorer\/culture-et-patrimoine\/\",\"name\":\"Cultura y patrimonio de Formentera | Turismo de Formentera\",\"isPartOf\":{\"@id\":\"https:\/\/www.formentera.es\/#website\"},\"primaryImageOfPage\":{\"@id\":\"https:\/\/www.formentera.es\/fr\/explorer\/culture-et-patrimoine\/#primaryimage\"},\"image\":{\"@id\":\"https:\/\/www.formentera.es\/fr\/explorer\/culture-et-patrimoine\/#primaryimage\"},\"thumbnailUrl\":\"https:\/\/www.formentera.es\/wp-content\/uploads\/2019\/01\/Torre-de-Sa-Gavina_Moonkoala.jpg\",\"datePublished\":\"2018-11-26T14:51:36+00:00\",\"dateModified\":\"2025-09-09T14:39:44+00:00\",\"description\":\"Descubre el valor cultura y el valor natural que posee la isla en la p\u00e1gina de Cultura y Patrimonio de Formentera.\",\"breadcrumb\":{\"@id\":\"https:\/\/www.formentera.es\/fr\/explorer\/culture-et-patrimoine\/#breadcrumb\"},\"inLanguage\":\"fr-FR\",\"potentialAction\":[{\"@type\":\"ReadAction\",\"target\":[\"https:\/\/www.formentera.es\/fr\/explorer\/culture-et-patrimoine\/\"]}]},{\"@type\":\"ImageObject\",\"inLanguage\":\"fr-FR\",\"@id\":\"https:\/\/www.formentera.es\/fr\/explorer\/culture-et-patrimoine\/#primaryimage\",\"url\":\"https:\/\/www.formentera.es\/wp-content\/uploads\/2019\/01\/Torre-de-Sa-Gavina_Moonkoala.jpg\",\"contentUrl\":\"https:\/\/www.formentera.es\/wp-content\/uploads\/2019\/01\/Torre-de-Sa-Gavina_Moonkoala.jpg\",\"width\":1900,\"height\":1267},{\"@type\":\"BreadcrumbList\",\"@id\":\"https:\/\/www.formentera.es\/fr\/explorer\/culture-et-patrimoine\/#breadcrumb\",\"itemListElement\":[{\"@type\":\"ListItem\",\"position\":1,\"name\":\"Portada\",\"item\":\"https:\/\/www.formentera.es\/fr\/\"},{\"@type\":\"ListItem\",\"position\":2,\"name\":\"Explorer\",\"item\":\"https:\/\/www.formentera.es\/explorar\/\"},{\"@type\":\"ListItem\",\"position\":3,\"name\":\"Culture et patrimoine\"}]},{\"@type\":\"WebSite\",\"@id\":\"https:\/\/www.formentera.es\/#website\",\"url\":\"https:\/\/www.formentera.es\/\",\"name\":\"Turismo de Formentera\",\"description\":\"Web oficial de Turismo de Formentera\",\"potentialAction\":[{\"@type\":\"SearchAction\",\"target\":{\"@type\":\"EntryPoint\",\"urlTemplate\":\"https:\/\/www.formentera.es\/?s={search_term_string}\"},\"query-input\":{\"@type\":\"PropertyValueSpecification\",\"valueRequired\":true,\"valueName\":\"search_term_string\"}}],\"inLanguage\":\"fr-FR\"}]}<\/script>\n<!-- \/ Yoast SEO plugin. -->","yoast_head_json":{"title":"Cultura y patrimonio de Formentera | Turismo de Formentera","description":"Descubre el valor cultura y el valor natural que posee la isla en la p\u00e1gina de Cultura y Patrimonio de Formentera.","robots":{"index":"index","follow":"follow","max-snippet":"max-snippet:-1","max-image-preview":"max-image-preview:large","max-video-preview":"max-video-preview:-1"},"canonical":"https:\/\/www.formentera.es\/fr\/explorer\/culture-et-patrimoine\/","og_locale":"fr_FR","og_type":"article","og_title":"Cultura y patrimonio de Formentera | Turismo de Formentera","og_description":"Descubre el valor cultura y el valor natural que posee la isla en la p\u00e1gina de Cultura y Patrimonio de Formentera.","og_url":"https:\/\/www.formentera.es\/fr\/explorer\/culture-et-patrimoine\/","og_site_name":"Turismo de Formentera","article_publisher":"https:\/\/www.facebook.com\/turismoformentera\/","article_modified_time":"2025-09-09T14:39:44+00:00","og_image":[{"width":1900,"height":1267,"url":"https:\/\/www.formentera.es\/wp-content\/uploads\/2019\/01\/Torre-de-Sa-Gavina_Moonkoala.jpg","type":"image\/jpeg"}],"twitter_card":"summary_large_image","twitter_site":"@visitformentera","twitter_misc":{"Dur\u00e9e de lecture estim\u00e9e":"2 minutes"},"schema":{"@context":"https:\/\/schema.org","@graph":[{"@type":"WebPage","@id":"https:\/\/www.formentera.es\/fr\/explorer\/culture-et-patrimoine\/","url":"https:\/\/www.formentera.es\/fr\/explorer\/culture-et-patrimoine\/","name":"Cultura y patrimonio de Formentera | Turismo de Formentera","isPartOf":{"@id":"https:\/\/www.formentera.es\/#website"},"primaryImageOfPage":{"@id":"https:\/\/www.formentera.es\/fr\/explorer\/culture-et-patrimoine\/#primaryimage"},"image":{"@id":"https:\/\/www.formentera.es\/fr\/explorer\/culture-et-patrimoine\/#primaryimage"},"thumbnailUrl":"https:\/\/www.formentera.es\/wp-content\/uploads\/2019\/01\/Torre-de-Sa-Gavina_Moonkoala.jpg","datePublished":"2018-11-26T14:51:36+00:00","dateModified":"2025-09-09T14:39:44+00:00","description":"Descubre el valor cultura y el valor natural que posee la isla en la p\u00e1gina de Cultura y Patrimonio de Formentera.","breadcrumb":{"@id":"https:\/\/www.formentera.es\/fr\/explorer\/culture-et-patrimoine\/#breadcrumb"},"inLanguage":"fr-FR","potentialAction":[{"@type":"ReadAction","target":["https:\/\/www.formentera.es\/fr\/explorer\/culture-et-patrimoine\/"]}]},{"@type":"ImageObject","inLanguage":"fr-FR","@id":"https:\/\/www.formentera.es\/fr\/explorer\/culture-et-patrimoine\/#primaryimage","url":"https:\/\/www.formentera.es\/wp-content\/uploads\/2019\/01\/Torre-de-Sa-Gavina_Moonkoala.jpg","contentUrl":"https:\/\/www.formentera.es\/wp-content\/uploads\/2019\/01\/Torre-de-Sa-Gavina_Moonkoala.jpg","width":1900,"height":1267},{"@type":"BreadcrumbList","@id":"https:\/\/www.formentera.es\/fr\/explorer\/culture-et-patrimoine\/#breadcrumb","itemListElement":[{"@type":"ListItem","position":1,"name":"Portada","item":"https:\/\/www.formentera.es\/fr\/"},{"@type":"ListItem","position":2,"name":"Explorer","item":"https:\/\/www.formentera.es\/explorar\/"},{"@type":"ListItem","position":3,"name":"Culture et patrimoine"}]},{"@type":"WebSite","@id":"https:\/\/www.formentera.es\/#website","url":"https:\/\/www.formentera.es\/","name":"Turismo de Formentera","description":"Web oficial de Turismo de Formentera","potentialAction":[{"@type":"SearchAction","target":{"@type":"EntryPoint","urlTemplate":"https:\/\/www.formentera.es\/?s={search_term_string}"},"query-input":{"@type":"PropertyValueSpecification","valueRequired":true,"valueName":"search_term_string"}}],"inLanguage":"fr-FR"}]}},"_links":{"self":[{"href":"https:\/\/www.formentera.es\/fr\/wp-json\/wp\/v2\/pages\/5443","targetHints":{"allow":["GET"]}}],"collection":[{"href":"https:\/\/www.formentera.es\/fr\/wp-json\/wp\/v2\/pages"}],"about":[{"href":"https:\/\/www.formentera.es\/fr\/wp-json\/wp\/v2\/types\/page"}],"author":[{"embeddable":true,"href":"https:\/\/www.formentera.es\/fr\/wp-json\/wp\/v2\/users\/1"}],"replies":[{"embeddable":true,"href":"https:\/\/www.formentera.es\/fr\/wp-json\/wp\/v2\/comments?post=5443"}],"version-history":[{"count":1,"href":"https:\/\/www.formentera.es\/fr\/wp-json\/wp\/v2\/pages\/5443\/revisions"}],"predecessor-version":[{"id":45275,"href":"https:\/\/www.formentera.es\/fr\/wp-json\/wp\/v2\/pages\/5443\/revisions\/45275"}],"up":[{"embeddable":true,"href":"https:\/\/www.formentera.es\/fr\/wp-json\/wp\/v2\/pages\/5183"}],"wp:featuredmedia":[{"embeddable":true,"href":"https:\/\/www.formentera.es\/fr\/wp-json\/wp\/v2\/media\/5445"}],"wp:attachment":[{"href":"https:\/\/www.formentera.es\/fr\/wp-json\/wp\/v2\/media?parent=5443"}],"wp:term":[{"taxonomy":"category","embeddable":true,"href":"https:\/\/www.formentera.es\/fr\/wp-json\/wp\/v2\/categories?post=5443"}],"curies":[{"name":"wp","href":"https:\/\/api.w.org\/{rel}","templated":true}]}}