{"id":5393,"date":"2018-07-23T12:25:00","date_gmt":"2018-07-23T14:25:00","guid":{"rendered":"https:\/\/www.formentera.es\/explorer\/villages\/sant-francesc\/"},"modified":"2025-02-21T09:10:27","modified_gmt":"2025-02-21T08:10:27","slug":"sant-francesc","status":"publish","type":"page","link":"https:\/\/www.formentera.es\/fr\/explorer\/villages\/sant-francesc\/","title":{"rendered":"Sant Francesc"},"content":{"rendered":"<div class=\"wpb-content-wrapper\"><p>[vc_row full_width=\u00a0\u00bbstretch_row\u00a0\u00bb][vc_column width=\u00a0\u00bb2\/3&Prime; css=\u00a0\u00bb.vc_custom_1530269560078{padding-right: 5% !important;}\u00a0\u00bb][vc_column_text el_class=\u00a0\u00bbtexto_ficha\u00a0\u00bb]<\/p>\n<h2>La principale ville de l\u2019\u00eele<\/h2>\n<h3>Sant Francesc Xavier est la <b>capitale de Formentera<\/b>, la principale ville de l\u2019\u00eele. Le si\u00e8ge du Consell Insular (mairie) et les principaux services de l\u2019\u00eele se trouvent \u00e0 Sant Francesc.<\/h3>\n<p><strong><b>Quoi voir : la place et le centre historique<\/b><\/strong><\/p>\n<p>L\u2019\u00e9picentre et immeuble le plus important est l\u2019<b>\u00e9glise<\/b> paroissiale. L\u2019aspect aust\u00e8re de l\u2019\u00e9glise est d\u00fb au fait que l\u2019\u00e9difice a \u00e9t\u00e9 \u00e9rig\u00e9 comme temple religieux et comme forteresse de d\u00e9fense, \u00e0 une \u00e9poque o\u00f9 le souvenir de la piraterie \u00e9tait encore tr\u00e8s pr\u00e9sent. Sa porte recouverte de plaques de fer se distingue. L\u2019\u00e9glise a \u00e9t\u00e9 termin\u00e9e en 1738 et se trouve situ\u00e9e face au Consell Insular (mairie). \u00c0 San Francesc, nous trouvons \u00e9galement la <b>chapelle de sa Tanca Vella<\/b>, de petite taille, couverte d\u2019une vo\u00fbte en berceau. La Chapelle de sa Tanca Vella, date du XIIIe ou XIVe si\u00e8cle. Avec le repeuplement du XVIIIe si\u00e8cle elle est devenue trop petite, il a donc fallu construire l\u2019\u00e9glise de Sant Francesc. Elle n\u2019est actuellement plus utilis\u00e9e, mais elle a \u00e9t\u00e9 restaur\u00e9e et l\u2019ext\u00e9rieur peut se visiter du mardi au samedi de 10 heures \u00e0 14 heures.<\/p>\n<p>Apr\u00e8s avoir parcouru la place et la partie est de <b>sa Raval<\/b>, nous pourrons visiter le <b>Fossar Vell<\/b>, ouvert du mardi au samedi de 10 heures \u00e0 14 heures. Ce cimeti\u00e8re a \u00e9t\u00e9 restaur\u00e9 par l\u2019architecte de Formentera Mari\u00e0 Castell\u00f3 avec une intervention qui s\u2019est av\u00e9r\u00e9e finaliste pour les prix FAD d\u2019architecture en 2017.<\/p>\n<p>On acc\u00e8de au cin\u00e9ma, \u00e0 la biblioth\u00e8que, \u00e0 la piscine et au palais gymnase municipal ainsi qu\u2019au Centre Social Es Mol\u00ed par l\u2019avenida Portossal\u00e8.<\/p>\n<p>Pr\u00e8s de Sant Francesc Xavier, nous trouvons les <b>moulins de sa Mirada ou de sa Miranda<\/b>. Le premier que nous trouvons (Mol\u00ed d\u2019en Mateu) fait partie d\u2019une maison priv\u00e9e alors que l\u2019on peut acc\u00e9der facilement au second, d\u00e9nomm\u00e9 Mol\u00ed d\u2019en Jeroni. Ils ont \u00e9t\u00e9 construits au XIXe si\u00e8cle et ont cess\u00e9 de fonctionner dans les ann\u00e9es 50. Il y a une grande vue panoramique depuis les moulins dans laquelle se succ\u00e8dent des bras de terre et de mer : pour appr\u00e9cier l\u2019Estany des Peix et La Savina, l\u2019\u00eele d\u2019Ibiza et l\u2019\u00eelot d\u2019Es Vedr\u00e0.<\/p>\n<p>[\/vc_column_text][\/vc_column][vc_column width=\u00a0\u00bb1\/3&Prime;][vc_column_text]<div id=\"sidebar_ficha\"><a class=\"sidebar_breadcrumbs\" href=\"https:\/\/www.formentera.es\/fr\/explorer\/villages\/\"><i class=\"fa fa-angle-left\"><\/i>Retourner \u00e0 Villages<\/a><div class=\"content_sidebar\"><div class=\"tit_medium\">Information utile<\/div><div id=\"mapaficha\"><a href=\"https:\/\/goo.gl\/maps\/2QgzuiePqks\" target=\"_blank\"><img decoding=\"async\" src=\"https:\/\/www.formentera.es\/wp-content\/uploads\/2018\/11\/mapasantfrancesc.png\"><\/a><\/div><div class=\"\"><a href=\"https:\/\/www.google.com\/maps?saddr=My+Location&daddr=38.7063355,1.4266206\" target=\"_blank\"><i class=\"fa fa-location-arrow\"><\/i><span>Comment arriver?<\/span><\/a><\/div><div class=\"bloc_share\"><div class=\"blocs1\"><div class=\"tit_medium\">Partager<\/div><div class=\"redes_ficha\"><div class=\"fa fa-brands fa-x-twitter st-custom-button\" data-network=\"twitter\"><\/div><div class=\"fa fa-facebook st-custom-button\" data-network=\"facebook\"><\/div><div class=\"fa fa-pinterest-p st-custom-button\" data-network=\"pinterest\"><\/div><\/div><\/div><div class=\"blocs2\"><div class=\"tit_medium\">Envoyer \u00e0 un ami<\/div><div class=\"redes_ficha\"><div class=\"fa fa-envelope st-custom-button\" data-network=\"email\"><\/div><div class=\"fa fa-whatsapp st-custom-button\" data-network=\"whatsapp\"><\/div><\/div><\/div><\/div><\/div><\/div>[\/vc_column_text][\/vc_column][\/vc_row][vc_row full_width=\u00a0\u00bbstretch_row_content_no_spaces\u00a0\u00bb][vc_column][vc_column_text]<style>#jtg-967 .modula-item .jtg-social a, .lightbox-socials.jtg-social a{ fill: #ffffff; color: #ffffff }#jtg-967 .modula-item .jtg-social-mobile a{ fill: #ffffff; color: #ffffff }#jtg-967 .modula-item .jtg-social svg, .lightbox-socials.jtg-social svg { height: 16px; width: 16px }#jtg-967 .modula-item .jtg-social-mobile svg { height: 16px; width: 16px }#jtg-967 .modula-item .jtg-social a:not(:last-child), .lightbox-socials.jtg-social a:not(:last-child) { margin-right: 10px }#jtg-967 .modula-item .jtg-social-mobile .jtg-social-mobile-icons a:not(:last-child){ margin-right: 10px }#jtg-967 .modula-item .figc {color:#ffffff;}#jtg-967 .modula-item .modula-item-content { transform: scale(1) }#jtg-967 .modula-items .figc p.description { font-size:14px; }#jtg-967 .modula-items .figc p.description { color:#ffffff;}#jtg-967.modula-gallery .modula-item > a, #jtg-967.modula-gallery .modula-item, #jtg-967.modula-gallery .modula-item-content > a:not(.modula-no-follow) { cursor:zoom-in; } #jtg-967.modula-gallery .modula-item-content .modula-no-follow { cursor: default; } #jtg-967 .modula-item { background-color:#000000; }#jtg-967 .modula-item:hover img { opacity: 0.5; }#jtg-967 .modula-item { transform: scale(1) translate(0px,0px) rotate(0deg); }@media screen and (max-width:480px){#jtg-967 .modula-item .figc .jtg-title {  font-size: 12px; }#jtg-967 .modula-items .figc p.description { color:#ffffff;font-size:10px; }}<\/style>\n<div  id=\"jtg-967\" class=\"modula modula-gallery modula-custom-grid\" data-config=\"{&quot;height&quot;:800,&quot;tabletHeight&quot;:800,&quot;mobileHeight&quot;:800,&quot;desktopHeight&quot;:800,&quot;enableTwitter&quot;:false,&quot;enableWhatsapp&quot;:false,&quot;enableFacebook&quot;:false,&quot;enablePinterest&quot;:false,&quot;enableLinkedin&quot;:false,&quot;enableEmail&quot;:false,&quot;randomFactor&quot;:0.5,&quot;type&quot;:&quot;custom-grid&quot;,&quot;columns&quot;:12,&quot;gutter&quot;:10,&quot;mobileGutter&quot;:10,&quot;tabletGutter&quot;:10,&quot;desktopGutter&quot;:10,&quot;enableResponsive&quot;:true,&quot;tabletColumns&quot;:2,&quot;mobileColumns&quot;:1,&quot;lazyLoad&quot;:&quot;0&quot;,&quot;lightboxOpts&quot;:{&quot;animated&quot;:true,&quot;Thumbs&quot;:{&quot;type&quot;:&quot;modern&quot;,&quot;showOnStart&quot;:false},&quot;Toolbar&quot;:{&quot;display&quot;:{&quot;right&quot;:[&quot;close&quot;]},&quot;enabled&quot;:true},&quot;Carousel&quot;:{&quot;Panzoom&quot;:{&quot;touch&quot;:false},&quot;infinite&quot;:false},&quot;keyboard&quot;:{&quot;Escape&quot;:&quot;close&quot;,&quot;Delete&quot;:&quot;close&quot;,&quot;Backspace&quot;:&quot;close&quot;,&quot;PageUp&quot;:false,&quot;PageDown&quot;:false,&quot;ArrowUp&quot;:false,&quot;ArrowDown&quot;:false,&quot;ArrowRight&quot;:false,&quot;ArrowLeft&quot;:false},&quot;touch&quot;:false,&quot;backdropClick&quot;:false,&quot;l10n&quot;:{&quot;CLOSE&quot;:&quot;Close&quot;,&quot;NEXT&quot;:&quot;Next&quot;,&quot;PREV&quot;:&quot;Previous&quot;,&quot;Error&quot;:&quot;The requested content cannot be loaded. Please try again later.&quot;,&quot;PLAY_START&quot;:&quot;Start slideshow&quot;,&quot;PLAY_STOP&quot;:&quot;Pause slideshow&quot;,&quot;FULL_SCREEN&quot;:&quot;Full screen&quot;,&quot;THUMBS&quot;:&quot;Thumbnails&quot;,&quot;DOWNLOAD&quot;:&quot;Download&quot;,&quot;SHARE&quot;:&quot;Share&quot;,&quot;ZOOM&quot;:&quot;Zoom&quot;,&quot;EMAIL&quot;:&quot;Here is the link to the image : %%image_link%% and this is the link to the gallery : %%gallery_link%%&quot;,&quot;MODAL&quot;:&quot;You can close this modal content with the ESC key&quot;,&quot;ERROR&quot;:&quot;Something Went Wrong, Please Try Again Later&quot;,&quot;IMAGE_ERROR&quot;:&quot;Image Not Found&quot;,&quot;ELEMENT_NOT_FOUND&quot;:&quot;HTML Element Not Found&quot;,&quot;AJAX_NOT_FOUND&quot;:&quot;Error Loading AJAX : Not Found&quot;,&quot;AJAX_FORBIDDEN&quot;:&quot;Error Loading AJAX : Forbidden&quot;,&quot;IFRAME_ERROR&quot;:&quot;Error Loading Page&quot;,&quot;TOGGLE_ZOOM&quot;:&quot;Toggle zoom level&quot;,&quot;TOGGLE_THUMBS&quot;:&quot;Toggle thumbnails&quot;,&quot;TOGGLE_SLIDESHOW&quot;:&quot;Toggle slideshow&quot;,&quot;TOGGLE_FULLSCREEN&quot;:&quot;Toggle full-screen mode&quot;},&quot;Images&quot;:{&quot;Panzoom&quot;:{&quot;maxScale&quot;:2}},&quot;mainClass&quot;:&quot;modula-fancybox-container modula-lightbox-jtg-967&quot;,&quot;Html&quot;:{&quot;videoAutoplay&quot;:0,&quot;videoTpl&quot;:&quot;&lt;video class=\\&quot;fancybox__html5video\\&quot; controls muted playsinline controlsList controlsList=\\&quot;nodownload\\&quot; poster=\\&quot;{{poster}}\\&quot; src=\\&quot;{{src}}\\&quot; type=\\&quot;{{format}}\\&quot; &gt;  Sorry, your browser doesn&#039;t support embedded videos, &lt;a href=\\&quot;{{src}}\\&quot;&gt; download &lt;\\\/a&gt; and watch with your favorite video player! &lt;\\\/video&gt;&quot;}},&quot;inView&quot;:false,&quot;email_subject&quot;:&quot;\\u00a1\\u00a1Mira esta impresionante imagen!!&quot;,&quot;email_message&quot;:&quot;Este es el enlace a la imagen: %%image_link%% y este es el enlace a la galer\\u00eda: %%gallery_link%%&quot;,&quot;lightbox&quot;:&quot;fancybox&quot;,&quot;filterClick&quot;:&quot;0&quot;,&quot;defaultActiveFilter&quot;:&quot;all&quot;}\">\n\n\t\n\t<div  class=\"modula-items\">\n\t\t<div class=\"modula-item effect-quiet jtg-filter-all jtg-filter-\" data-width=\"6\" data-height=\"4\" >\n\t<div class=\"modula-item-overlay\"><\/div>\n\n\t<div class=\"modula-item-content\">\n\n\t\t\t\t\n\t\t\t\t\t<a data-image-id=\"977\" tabindex=\"0\" href=\"https:\/\/www.formentera.es\/wp-content\/uploads\/2018\/11\/Arquitectura-urbana-panoramica.jpg\" rel=\"jtg-967\" data-caption=\"\" aria-label=\"Open image in lightbox\" role=\"button\" data-cyclefilter=\"show\" data-fancybox=\"jtg-967\" class=\"tile-inner modula-item-link\"><\/a>\n\t\t\n\t\t<img loading=\"lazy\" decoding=\"async\" class=\"pic wp-image-977\"  data-valign=\"middle\" data-halign=\"center\" alt=\"\" data-full=\"https:\/\/www.formentera.es\/wp-content\/uploads\/2018\/11\/Arquitectura-urbana-panoramica.jpg\" title=\"Arquitectura urbana (panoramica)\" width=\"1900\" height=\"1267\" src=\"https:\/\/www.formentera.es\/wp-content\/uploads\/2018\/11\/Arquitectura-urbana-panoramica.jpg\" data-src=\"https:\/\/www.formentera.es\/wp-content\/uploads\/2018\/11\/Arquitectura-urbana-panoramica.jpg\" data-caption=\"\" srcset=\"https:\/\/www.formentera.es\/wp-content\/uploads\/2018\/11\/Arquitectura-urbana-panoramica.jpg 1900w, https:\/\/www.formentera.es\/wp-content\/uploads\/2018\/11\/Arquitectura-urbana-panoramica-300x200.jpg 300w, https:\/\/www.formentera.es\/wp-content\/uploads\/2018\/11\/Arquitectura-urbana-panoramica-768x512.jpg 768w, https:\/\/www.formentera.es\/wp-content\/uploads\/2018\/11\/Arquitectura-urbana-panoramica-1024x683.jpg 1024w\" sizes=\"auto, (max-width: 1900px) 100vw, 1900px\" \/>\n\t\t<div class=\"figc no-description\">\n\t\t\t<div class=\"figc-inner\">\n\t\t\t\t\t\t\t\t\t\t\t\t\t\t\t<\/div>\n\t\t<\/div>\n\n\t<\/div>\n\n<\/div><div class=\"modula-item effect-quiet jtg-filter-all jtg-filter-\" data-width=\"6\" data-height=\"4\" >\n\t<div class=\"modula-item-overlay\"><\/div>\n\n\t<div class=\"modula-item-content\">\n\n\t\t\t\t\n\t\t\t\t\t<a data-image-id=\"981\" tabindex=\"0\" href=\"https:\/\/www.formentera.es\/wp-content\/uploads\/2018\/11\/Detall_creu_esglesia-sant-francesc_alfredo-montero.jpg\" rel=\"jtg-967\" data-caption=\"\" aria-label=\"Open image in lightbox\" role=\"button\" data-cyclefilter=\"show\" data-fancybox=\"jtg-967\" class=\"tile-inner modula-item-link\"><\/a>\n\t\t\n\t\t<img loading=\"lazy\" decoding=\"async\" class=\"pic wp-image-981\"  data-valign=\"middle\" data-halign=\"center\" alt=\"\" data-full=\"https:\/\/www.formentera.es\/wp-content\/uploads\/2018\/11\/Detall_creu_esglesia-sant-francesc_alfredo-montero.jpg\" title=\"Detall_creu_esglesia sant francesc_alfredo montero\" width=\"1900\" height=\"1267\" src=\"https:\/\/www.formentera.es\/wp-content\/uploads\/2018\/11\/Detall_creu_esglesia-sant-francesc_alfredo-montero.jpg\" data-src=\"https:\/\/www.formentera.es\/wp-content\/uploads\/2018\/11\/Detall_creu_esglesia-sant-francesc_alfredo-montero.jpg\" data-caption=\"\" srcset=\"https:\/\/www.formentera.es\/wp-content\/uploads\/2018\/11\/Detall_creu_esglesia-sant-francesc_alfredo-montero.jpg 1900w, https:\/\/www.formentera.es\/wp-content\/uploads\/2018\/11\/Detall_creu_esglesia-sant-francesc_alfredo-montero-300x200.jpg 300w, https:\/\/www.formentera.es\/wp-content\/uploads\/2018\/11\/Detall_creu_esglesia-sant-francesc_alfredo-montero-768x512.jpg 768w, https:\/\/www.formentera.es\/wp-content\/uploads\/2018\/11\/Detall_creu_esglesia-sant-francesc_alfredo-montero-1024x683.jpg 1024w\" sizes=\"auto, (max-width: 1900px) 100vw, 1900px\" \/>\n\t\t<div class=\"figc no-description\">\n\t\t\t<div class=\"figc-inner\">\n\t\t\t\t\t\t\t\t\t\t\t\t\t\t\t<\/div>\n\t\t<\/div>\n\n\t<\/div>\n\n<\/div><div class=\"modula-item effect-quiet jtg-filter-all jtg-filter-\" data-width=\"4\" data-height=\"4\" >\n\t<div class=\"modula-item-overlay\"><\/div>\n\n\t<div class=\"modula-item-content\">\n\n\t\t\t\t\n\t\t\t\t\t<a data-image-id=\"988\" tabindex=\"0\" href=\"https:\/\/www.formentera.es\/wp-content\/uploads\/2018\/11\/Sant-Francesc_OIT-17.jpg\" rel=\"jtg-967\" data-caption=\"\" aria-label=\"Open image in lightbox\" role=\"button\" data-cyclefilter=\"show\" data-fancybox=\"jtg-967\" class=\"tile-inner modula-item-link\"><\/a>\n\t\t\n\t\t<img loading=\"lazy\" decoding=\"async\" class=\"pic wp-image-988\"  data-valign=\"middle\" data-halign=\"center\" alt=\"\" data-full=\"https:\/\/www.formentera.es\/wp-content\/uploads\/2018\/11\/Sant-Francesc_OIT-17.jpg\" title=\"Sant Francesc_OIT (17)\" width=\"1900\" height=\"1267\" src=\"https:\/\/www.formentera.es\/wp-content\/uploads\/2018\/11\/Sant-Francesc_OIT-17.jpg\" data-src=\"https:\/\/www.formentera.es\/wp-content\/uploads\/2018\/11\/Sant-Francesc_OIT-17.jpg\" data-caption=\"\" srcset=\"https:\/\/www.formentera.es\/wp-content\/uploads\/2018\/11\/Sant-Francesc_OIT-17.jpg 1900w, https:\/\/www.formentera.es\/wp-content\/uploads\/2018\/11\/Sant-Francesc_OIT-17-300x200.jpg 300w, https:\/\/www.formentera.es\/wp-content\/uploads\/2018\/11\/Sant-Francesc_OIT-17-768x512.jpg 768w, https:\/\/www.formentera.es\/wp-content\/uploads\/2018\/11\/Sant-Francesc_OIT-17-1024x683.jpg 1024w\" sizes=\"auto, (max-width: 1900px) 100vw, 1900px\" \/>\n\t\t<div class=\"figc no-description\">\n\t\t\t<div class=\"figc-inner\">\n\t\t\t\t\t\t\t\t\t\t\t\t\t\t\t<\/div>\n\t\t<\/div>\n\n\t<\/div>\n\n<\/div><div class=\"modula-item effect-quiet jtg-filter-all jtg-filter-\" data-width=\"4\" data-height=\"4\" >\n\t<div class=\"modula-item-overlay\"><\/div>\n\n\t<div class=\"modula-item-content\">\n\n\t\t\t\t\n\t\t\t\t\t<a data-image-id=\"985\" tabindex=\"0\" href=\"https:\/\/www.formentera.es\/wp-content\/uploads\/2018\/11\/Sa-Tanca-Vella-1.jpg\" rel=\"jtg-967\" data-caption=\"\" aria-label=\"Open image in lightbox\" role=\"button\" data-cyclefilter=\"show\" data-fancybox=\"jtg-967\" class=\"tile-inner modula-item-link\"><\/a>\n\t\t\n\t\t<img loading=\"lazy\" decoding=\"async\" class=\"pic wp-image-985\"  data-valign=\"middle\" data-halign=\"center\" alt=\"\" data-full=\"https:\/\/www.formentera.es\/wp-content\/uploads\/2018\/11\/Sa-Tanca-Vella-1.jpg\" title=\"Sa Tanca Vella (1)\" width=\"1900\" height=\"1267\" src=\"https:\/\/www.formentera.es\/wp-content\/uploads\/2018\/11\/Sa-Tanca-Vella-1.jpg\" data-src=\"https:\/\/www.formentera.es\/wp-content\/uploads\/2018\/11\/Sa-Tanca-Vella-1.jpg\" data-caption=\"\" srcset=\"https:\/\/www.formentera.es\/wp-content\/uploads\/2018\/11\/Sa-Tanca-Vella-1.jpg 1900w, https:\/\/www.formentera.es\/wp-content\/uploads\/2018\/11\/Sa-Tanca-Vella-1-300x200.jpg 300w, https:\/\/www.formentera.es\/wp-content\/uploads\/2018\/11\/Sa-Tanca-Vella-1-768x512.jpg 768w, https:\/\/www.formentera.es\/wp-content\/uploads\/2018\/11\/Sa-Tanca-Vella-1-1024x683.jpg 1024w\" sizes=\"auto, (max-width: 1900px) 100vw, 1900px\" \/>\n\t\t<div class=\"figc no-description\">\n\t\t\t<div class=\"figc-inner\">\n\t\t\t\t\t\t\t\t\t\t\t\t\t\t\t<\/div>\n\t\t<\/div>\n\n\t<\/div>\n\n<\/div><div class=\"modula-item effect-quiet jtg-filter-all jtg-filter-\" data-width=\"4\" data-height=\"4\" >\n\t<div class=\"modula-item-overlay\"><\/div>\n\n\t<div class=\"modula-item-content\">\n\n\t\t\t\t\n\t\t\t\t\t<a data-image-id=\"986\" tabindex=\"0\" href=\"https:\/\/www.formentera.es\/wp-content\/uploads\/2018\/11\/sant-francesc-barda.jpg\" rel=\"jtg-967\" data-caption=\"\" aria-label=\"Open image in lightbox\" role=\"button\" data-cyclefilter=\"show\" data-fancybox=\"jtg-967\" class=\"tile-inner modula-item-link\"><\/a>\n\t\t\n\t\t<img loading=\"lazy\" decoding=\"async\" class=\"pic wp-image-986\"  data-valign=\"middle\" data-halign=\"center\" alt=\"\" data-full=\"https:\/\/www.formentera.es\/wp-content\/uploads\/2018\/11\/sant-francesc-barda.jpg\" title=\"sant francesc barda\" width=\"1900\" height=\"1267\" src=\"https:\/\/www.formentera.es\/wp-content\/uploads\/2018\/11\/sant-francesc-barda.jpg\" data-src=\"https:\/\/www.formentera.es\/wp-content\/uploads\/2018\/11\/sant-francesc-barda.jpg\" data-caption=\"\" srcset=\"https:\/\/www.formentera.es\/wp-content\/uploads\/2018\/11\/sant-francesc-barda.jpg 1900w, https:\/\/www.formentera.es\/wp-content\/uploads\/2018\/11\/sant-francesc-barda-300x200.jpg 300w, https:\/\/www.formentera.es\/wp-content\/uploads\/2018\/11\/sant-francesc-barda-768x512.jpg 768w, https:\/\/www.formentera.es\/wp-content\/uploads\/2018\/11\/sant-francesc-barda-1024x683.jpg 1024w\" sizes=\"auto, (max-width: 1900px) 100vw, 1900px\" \/>\n\t\t<div class=\"figc no-description\">\n\t\t\t<div class=\"figc-inner\">\n\t\t\t\t\t\t\t\t\t\t\t\t\t\t\t<\/div>\n\t\t<\/div>\n\n\t<\/div>\n\n<\/div><div class=\"modula-item effect-quiet jtg-filter-all jtg-filter-\" data-width=\"5\" data-height=\"3\" >\n\t<div class=\"modula-item-overlay\"><\/div>\n\n\t<div class=\"modula-item-content\">\n\n\t\t\t\t\n\t\t\t\t\t<a data-image-id=\"982\" tabindex=\"0\" href=\"https:\/\/www.formentera.es\/wp-content\/uploads\/2018\/11\/Dia_de_les_balears01_moonkoala.jpg\" rel=\"jtg-967\" data-caption=\"\" aria-label=\"Open image in lightbox\" role=\"button\" data-cyclefilter=\"show\" data-fancybox=\"jtg-967\" class=\"tile-inner modula-item-link\"><\/a>\n\t\t\n\t\t<img loading=\"lazy\" decoding=\"async\" class=\"pic wp-image-982\"  data-valign=\"middle\" data-halign=\"center\" alt=\"\" data-full=\"https:\/\/www.formentera.es\/wp-content\/uploads\/2018\/11\/Dia_de_les_balears01_moonkoala.jpg\" title=\"Dia_de_les_balears01_moonkoala\" width=\"1900\" height=\"2850\" src=\"https:\/\/www.formentera.es\/wp-content\/uploads\/2018\/11\/Dia_de_les_balears01_moonkoala.jpg\" data-src=\"https:\/\/www.formentera.es\/wp-content\/uploads\/2018\/11\/Dia_de_les_balears01_moonkoala.jpg\" data-caption=\"\" srcset=\"https:\/\/www.formentera.es\/wp-content\/uploads\/2018\/11\/Dia_de_les_balears01_moonkoala.jpg 1900w, https:\/\/www.formentera.es\/wp-content\/uploads\/2018\/11\/Dia_de_les_balears01_moonkoala-200x300.jpg 200w, https:\/\/www.formentera.es\/wp-content\/uploads\/2018\/11\/Dia_de_les_balears01_moonkoala-768x1152.jpg 768w, https:\/\/www.formentera.es\/wp-content\/uploads\/2018\/11\/Dia_de_les_balears01_moonkoala-683x1024.jpg 683w\" sizes=\"auto, (max-width: 1900px) 100vw, 1900px\" \/>\n\t\t<div class=\"figc no-description\">\n\t\t\t<div class=\"figc-inner\">\n\t\t\t\t\t\t\t\t\t\t\t\t\t\t\t<\/div>\n\t\t<\/div>\n\n\t<\/div>\n\n<\/div><div class=\"modula-item effect-quiet jtg-filter-all jtg-filter-\" data-width=\"4\" data-height=\"3\" >\n\t<div class=\"modula-item-overlay\"><\/div>\n\n\t<div class=\"modula-item-content\">\n\n\t\t\t\t\n\t\t\t\t\t<a data-image-id=\"983\" tabindex=\"0\" href=\"https:\/\/www.formentera.es\/wp-content\/uploads\/2018\/11\/Moonkoala_OCTUBRE.jpg\" rel=\"jtg-967\" data-caption=\"\" aria-label=\"Open image in lightbox\" role=\"button\" data-cyclefilter=\"show\" data-fancybox=\"jtg-967\" class=\"tile-inner modula-item-link\"><\/a>\n\t\t\n\t\t<img loading=\"lazy\" decoding=\"async\" class=\"pic wp-image-983\"  data-valign=\"middle\" data-halign=\"center\" alt=\"\" data-full=\"https:\/\/www.formentera.es\/wp-content\/uploads\/2018\/11\/Moonkoala_OCTUBRE.jpg\" title=\"Moonkoala_OCTUBRE\" width=\"1900\" height=\"1330\" src=\"https:\/\/www.formentera.es\/wp-content\/uploads\/2018\/11\/Moonkoala_OCTUBRE.jpg\" data-src=\"https:\/\/www.formentera.es\/wp-content\/uploads\/2018\/11\/Moonkoala_OCTUBRE.jpg\" data-caption=\"\" srcset=\"https:\/\/www.formentera.es\/wp-content\/uploads\/2018\/11\/Moonkoala_OCTUBRE.jpg 1900w, https:\/\/www.formentera.es\/wp-content\/uploads\/2018\/11\/Moonkoala_OCTUBRE-300x210.jpg 300w, https:\/\/www.formentera.es\/wp-content\/uploads\/2018\/11\/Moonkoala_OCTUBRE-768x538.jpg 768w, https:\/\/www.formentera.es\/wp-content\/uploads\/2018\/11\/Moonkoala_OCTUBRE-1024x717.jpg 1024w\" sizes=\"auto, (max-width: 1900px) 100vw, 1900px\" \/>\n\t\t<div class=\"figc no-description\">\n\t\t\t<div class=\"figc-inner\">\n\t\t\t\t\t\t\t\t\t\t\t\t\t\t\t<\/div>\n\t\t<\/div>\n\n\t<\/div>\n\n<\/div><div class=\"modula-item effect-quiet jtg-filter-all jtg-filter-\" data-width=\"3\" data-height=\"3\" >\n\t<div class=\"modula-item-overlay\"><\/div>\n\n\t<div class=\"modula-item-content\">\n\n\t\t\t\t\n\t\t\t\t\t<a data-image-id=\"979\" tabindex=\"0\" href=\"https:\/\/www.formentera.es\/wp-content\/uploads\/2018\/11\/Ballada_pagesa_santjaume2016_05_ElenaM.jpg\" rel=\"jtg-967\" data-caption=\"\" aria-label=\"Open image in lightbox\" role=\"button\" data-cyclefilter=\"show\" data-fancybox=\"jtg-967\" class=\"tile-inner modula-item-link\"><\/a>\n\t\t\n\t\t<img loading=\"lazy\" decoding=\"async\" class=\"pic wp-image-979\"  data-valign=\"middle\" data-halign=\"center\" alt=\"\" data-full=\"https:\/\/www.formentera.es\/wp-content\/uploads\/2018\/11\/Ballada_pagesa_santjaume2016_05_ElenaM.jpg\" title=\"Ballada_pagesa_santjaume2016_05_ElenaM\" width=\"1900\" height=\"1267\" src=\"https:\/\/www.formentera.es\/wp-content\/uploads\/2018\/11\/Ballada_pagesa_santjaume2016_05_ElenaM.jpg\" data-src=\"https:\/\/www.formentera.es\/wp-content\/uploads\/2018\/11\/Ballada_pagesa_santjaume2016_05_ElenaM.jpg\" data-caption=\"\" srcset=\"https:\/\/www.formentera.es\/wp-content\/uploads\/2018\/11\/Ballada_pagesa_santjaume2016_05_ElenaM.jpg 1900w, https:\/\/www.formentera.es\/wp-content\/uploads\/2018\/11\/Ballada_pagesa_santjaume2016_05_ElenaM-300x200.jpg 300w, https:\/\/www.formentera.es\/wp-content\/uploads\/2018\/11\/Ballada_pagesa_santjaume2016_05_ElenaM-768x512.jpg 768w, https:\/\/www.formentera.es\/wp-content\/uploads\/2018\/11\/Ballada_pagesa_santjaume2016_05_ElenaM-1024x683.jpg 1024w\" sizes=\"auto, (max-width: 1900px) 100vw, 1900px\" \/>\n\t\t<div class=\"figc no-description\">\n\t\t\t<div class=\"figc-inner\">\n\t\t\t\t\t\t\t\t\t\t\t\t\t\t\t<\/div>\n\t\t<\/div>\n\n\t<\/div>\n\n<\/div>\t\t\n\t<\/div>\n\n\t\n\t\n\t<script type=\"application\/ld+json\">\n\t{\n\t\t\"@context\": \"http:\/\/schema.org\",\n\t\t\"@type\"   : \"ImageGallery\",\n\t\t\"id\"      : \"https:\/\/www.formentera.es\/fr\/explorer\/villages\/sant-francesc\/\",\n\t\t\"url\"     : \"https:\/\/www.formentera.es\/fr\/explorer\/villages\/sant-francesc\/\"\n\t}\n\n\t<\/script>\n\n\t\n<\/div>\n[\/vc_column_text][\/vc_column][\/vc_row][vc_row][vc_column][vc_column_text]<b>Salle des expositions <\/b><br \/>\nSant Francesc est \u00e9galement l\u2019endroit o\u00f9 se concentrent les salles d\u2019exposition. Avec une programmation stable ininterrompue de plus de 10 ans, la <b>Sala d\u2019Exposicions Ajuntament Vell (Salle des Expositions de la Vieille Mairie)<\/b>, se trouve \u00e0 la plaza de la Constituci\u00f3n. Les inaugurations ont g\u00e9n\u00e9ralement lieu les lundis \u00e0 20h00 et l\u2019entr\u00e9e est gratuite. Le <b>Centre Antoni Tur \u00ab\u00a0Gabrielet\u00a0\u00bb<\/b> est un espace d\u2019exposition et r\u00e9alisation d\u2019ateliers associ\u00e9s \u00e0 l\u2019artisanat local. Ouvert du lundi au samedi.<\/p>\n<p>La <b>Collection Ethnographique de Formentera<\/b> se situe calle de Jaume I, 15 (premier \u00e9tage). Elle compte une exposition permanente d\u2019outils, ustensiles, meubles, v\u00eatements et instruments qui illustrent largement comment \u00e9tait la vie dans l\u2019\u00eele jusqu\u2019\u00e0 la moiti\u00e9 du XXe si\u00e8cle : une collection d\u2019ustensiles bien repr\u00e9sentative de la vie quotidienne de l\u2019\u00eele de Formentera traditionnelle. Les horaires sont de 10h00 \u00e0 14h00 du lundi au vendredi.<\/p>\n<p><b>Achats<\/b><br \/>\nSant Francesc Xavier est aujourd\u2019hui le centre commercial de la mode et dans ses rues centrales, il y a des petits magasins avec une d\u00e9coration int\u00e9rieure personnelle et un choix m\u00e9ticuleux d\u2019articles comme des v\u00eatements, de la d\u00e9coration et des bijoux. \u00a0De mai \u00e0 octobre, des petits stands s\u2019installent dans les rues, certains de ces stands de bijouteries ou d\u2019articles de cuir proposent de l\u2019artisanat fait \u00e0 la main \u00e0 Formentera. Les mardis et samedis (matin) au Jard\u00ed de Ses Eres (derri\u00e8re l\u2019\u00e9glise) nous pouvons trouver un march\u00e9 de v\u00eatements, de livres et d\u2019articles d\u2019occasion.<\/p>\n<p><b>F\u00eates \u00e0 Sant Francesc<\/b><\/p>\n<ul>\n<li>25 juillet, f\u00eate de Sant Jaume, patron de Formentera.<\/li>\n<li>5 ao\u00fbt, Santa Mar\u00eda, f\u00eates de la Terre.<\/li>\n<li>3 d\u00e9cembre, f\u00eate de San Francisco Javier.<\/li>\n<\/ul>\n<p>[\/vc_column_text][\/vc_column][\/vc_row][vc_row full_width=\u00a0\u00bbstretch_row_content_no_spaces\u00a0\u00bb][vc_column width=\u00a0\u00bb1\/2&Prime;][vc_single_image image=\u00a0\u00bb987&Prime; img_size=\u00a0\u00bbfull\u00a0\u00bb add_caption=\u00a0\u00bbyes\u00a0\u00bb el_class=\u00a0\u00bbimg100&Prime;][\/vc_column][vc_column width=\u00a0\u00bb1\/2&Prime;][vc_single_image image=\u00a0\u00bb980&Prime; img_size=\u00a0\u00bbfull\u00a0\u00bb add_caption=\u00a0\u00bbyes\u00a0\u00bb el_class=\u00a0\u00bbimg100&Prime;][\/vc_column][\/vc_row][vc_row][vc_column][vc_column_text]<div id=\"siguexpl\" class=\"container sc\"><h2>Continuez \u00e0 explorer<\/h2><div class=\"row\"><a href=\"https:\/\/www.formentera.es\/fr\/explorer\/culture-et-patrimoine\/\" class=\"col-md-4\">\n\t\t\t\t\t\t<div class=\"row\">\n\t\t\t\t\t\t\t<div class=\"col-sm-4\" style=\"background-image: url(https:\/\/www.formentera.es\/wp-content\/uploads\/2019\/01\/Torre-de-Sa-Gavina_Moonkoala-300x200.jpg)\"><\/div>\n\t\t\t\t\t\t\t<div class=\"col-sm-8\">\n\t\t\t\t\t\t\t\tCulture et patrimoine\n\t\t\t\t\t\t\t\t<i class=\"fa fa-angle-right\"><\/i>\n\t\t\t\t\t\t\t<\/div>\n\t\t\t\t\t\t\t<div class=\"bhover\"><\/div>\n\t\t\t\t\t\t<\/div>\n\t\t\t\t\t\t\n\t\t\t\t\t<\/a><a href=\"https:\/\/www.formentera.es\/fr\/explorer\/lieux-dinteret-touristique\/\" class=\"col-md-4\">\n\t\t\t\t\t\t<div class=\"row\">\n\t\t\t\t\t\t\t<div class=\"col-sm-4\" style=\"background-image: url(https:\/\/www.formentera.es\/wp-content\/uploads\/2018\/12\/audio_16-mp3-image-300x297.png)\"><\/div>\n\t\t\t\t\t\t\t<div class=\"col-sm-8\">\n\t\t\t\t\t\t\t\tLieux d\u2019int\u00e9r\u00eat touristique\n\t\t\t\t\t\t\t\t<i class=\"fa fa-angle-right\"><\/i>\n\t\t\t\t\t\t\t<\/div>\n\t\t\t\t\t\t\t<div class=\"bhover\"><\/div>\n\t\t\t\t\t\t<\/div>\n\t\t\t\t\t\t\n\t\t\t\t\t<\/a><a href=\"https:\/\/www.formentera.es\/fr\/explorer\/villages\/\" class=\"col-md-4\">\n\t\t\t\t\t\t<div class=\"row\">\n\t\t\t\t\t\t\t<div class=\"col-sm-4\" style=\"background-image: url(https:\/\/www.formentera.es\/wp-content\/uploads\/2018\/11\/1_Esglesia-St.-Francesc-panoramica-300x190.jpg)\"><\/div>\n\t\t\t\t\t\t\t<div class=\"col-sm-8\">\n\t\t\t\t\t\t\t\tVillages\n\t\t\t\t\t\t\t\t<i class=\"fa fa-angle-right\"><\/i>\n\t\t\t\t\t\t\t<\/div>\n\t\t\t\t\t\t\t<div class=\"bhover\"><\/div>\n\t\t\t\t\t\t<\/div>\n\t\t\t\t\t\t\n\t\t\t\t\t<\/a><\/div><\/div>[\/vc_column_text][\/vc_column][\/vc_row][vc_row full_width=\u00a0\u00bbstretch_row_content\u00a0\u00bb equal_height=\u00a0\u00bbyes\u00a0\u00bb css=\u00a0\u00bb.vc_custom_1549021463311{padding-top: 80px !important;}\u00a0\u00bb el_class=\u00a0\u00bbbloque_maseventos\u00a0\u00bb][vc_column][vc_column_text el_class=\u00a0\u00bbh1&Prime;]<\/p>\n<h2 style=\"text-align: center;\">\u00c9v\u00e9nements \u00e0 Formentera<\/h2>\n<p>[\/vc_column_text][vc_basic_grid post_type=\u00a0\u00bbpost\u00a0\u00bb max_items=\u00a0\u00bb3&Prime; orderby=\u00a0\u00bbrand\u00a0\u00bb item=\u00a0\u00bb1524&Prime; grid_id=\u00a0\u00bbvc_gid:1740125382022-66692b80-0094-9&Prime; taxonomies=\u00a0\u00bb17&Prime;][vc_btn title=\u00a0\u00bbPlus d&rsquo;\u00e9v\u00e9nements\u00a0\u00bb style=\u00a0\u00bbflat\u00a0\u00bb shape=\u00a0\u00bbsquare\u00a0\u00bb color=\u00a0\u00bbwhite\u00a0\u00bb size=\u00a0\u00bblg\u00a0\u00bb align=\u00a0\u00bbcenter\u00a0\u00bb i_align=\u00a0\u00bbright\u00a0\u00bb i_type=\u00a0\u00bbentypo\u00a0\u00bb i_icon_entypo=\u00a0\u00bbentypo-icon entypo-icon-right-open-big\u00a0\u00bb add_icon=\u00a0\u00bbtrue\u00a0\u00bb el_class=\u00a0\u00bbbtn_more\u00a0\u00bb link=\u00a0\u00bburl:https%3A%2F%2Fwww.formentera.es%2Ffr%2Fevenements|||\u00a0\u00bb][\/vc_column][\/vc_row]<\/p>\n<\/div>","protected":false},"excerpt":{"rendered":"<p>[vc_row full_width=\u00a0\u00bbstretch_row\u00a0\u00bb][vc_column width=\u00a0\u00bb2\/3&Prime; css=\u00a0\u00bb.vc_custom_1530269560078{padding-right: 5% !important;}\u00a0\u00bb][vc_column_text el_class=\u00a0\u00bbtexto_ficha\u00a0\u00bb] La principale ville de l\u2019\u00eele Sant Francesc Xavier [&hellip;]<\/p>\n","protected":false},"author":1,"featured_media":5111,"parent":5109,"menu_order":0,"comment_status":"closed","ping_status":"closed","template":"page-ficha.php","meta":{"_acf_changed":false,"footnotes":""},"categories":[],"class_list":["post-5393","page","type-page","status-publish","hentry"],"acf":[],"yoast_head":"<!-- This site is optimized with the Yoast SEO plugin v25.5 - https:\/\/yoast.com\/wordpress\/plugins\/seo\/ -->\n<title>Sant Francesc | Turismo de Formentera<\/title>\n<meta name=\"robots\" content=\"index, follow, max-snippet:-1, max-image-preview:large, max-video-preview:-1\" \/>\n<link rel=\"canonical\" href=\"https:\/\/www.formentera.es\/explorar\/pueblos\/sant-francesc\/\" \/>\n<meta property=\"og:locale\" content=\"fr_FR\" \/>\n<meta property=\"og:type\" content=\"article\" \/>\n<meta property=\"og:title\" content=\"Sant Francesc | Turismo de Formentera\" \/>\n<meta property=\"og:description\" content=\"[vc_row full_width=\u00a0\u00bbstretch_row\u00a0\u00bb][vc_column width=\u00a0\u00bb2\/3&Prime; css=\u00a0\u00bb.vc_custom_1530269560078{padding-right: 5% !important;}\u00a0\u00bb][vc_column_text el_class=\u00a0\u00bbtexto_ficha\u00a0\u00bb] La principale ville de l\u2019\u00eele Sant Francesc Xavier [&hellip;]\" \/>\n<meta property=\"og:url\" content=\"https:\/\/www.formentera.es\/explorar\/pueblos\/sant-francesc\/\" \/>\n<meta property=\"og:site_name\" content=\"Turismo de Formentera\" \/>\n<meta property=\"article:publisher\" content=\"https:\/\/www.facebook.com\/turismoformentera\/\" \/>\n<meta property=\"article:modified_time\" content=\"2025-02-21T08:10:27+00:00\" \/>\n<meta property=\"og:image\" content=\"https:\/\/www.formentera.es\/wp-content\/uploads\/2018\/11\/1_Esglesia-St.-Francesc-panoramica.jpg\" \/>\n\t<meta property=\"og:image:width\" content=\"1900\" \/>\n\t<meta property=\"og:image:height\" content=\"1202\" \/>\n\t<meta property=\"og:image:type\" content=\"image\/jpeg\" \/>\n<meta name=\"twitter:card\" content=\"summary_large_image\" \/>\n<meta name=\"twitter:site\" content=\"@visitformentera\" \/>\n<meta name=\"twitter:label1\" content=\"Dur\u00e9e de lecture estim\u00e9e\" \/>\n\t<meta name=\"twitter:data1\" content=\"5 minutes\" \/>\n<script type=\"application\/ld+json\" class=\"yoast-schema-graph\">{\"@context\":\"https:\/\/schema.org\",\"@graph\":[{\"@type\":\"WebPage\",\"@id\":\"https:\/\/www.formentera.es\/explorar\/pueblos\/sant-francesc\/\",\"url\":\"https:\/\/www.formentera.es\/explorar\/pueblos\/sant-francesc\/\",\"name\":\"Sant Francesc | Turismo de Formentera\",\"isPartOf\":{\"@id\":\"https:\/\/www.formentera.es\/#website\"},\"primaryImageOfPage\":{\"@id\":\"https:\/\/www.formentera.es\/explorar\/pueblos\/sant-francesc\/#primaryimage\"},\"image\":{\"@id\":\"https:\/\/www.formentera.es\/explorar\/pueblos\/sant-francesc\/#primaryimage\"},\"thumbnailUrl\":\"https:\/\/www.formentera.es\/wp-content\/uploads\/2018\/11\/1_Esglesia-St.-Francesc-panoramica.jpg\",\"datePublished\":\"2018-07-23T14:25:00+00:00\",\"dateModified\":\"2025-02-21T08:10:27+00:00\",\"breadcrumb\":{\"@id\":\"https:\/\/www.formentera.es\/explorar\/pueblos\/sant-francesc\/#breadcrumb\"},\"inLanguage\":\"fr-FR\",\"potentialAction\":[{\"@type\":\"ReadAction\",\"target\":[\"https:\/\/www.formentera.es\/explorar\/pueblos\/sant-francesc\/\"]}]},{\"@type\":\"ImageObject\",\"inLanguage\":\"fr-FR\",\"@id\":\"https:\/\/www.formentera.es\/explorar\/pueblos\/sant-francesc\/#primaryimage\",\"url\":\"https:\/\/www.formentera.es\/wp-content\/uploads\/2018\/11\/1_Esglesia-St.-Francesc-panoramica.jpg\",\"contentUrl\":\"https:\/\/www.formentera.es\/wp-content\/uploads\/2018\/11\/1_Esglesia-St.-Francesc-panoramica.jpg\",\"width\":1900,\"height\":1202},{\"@type\":\"BreadcrumbList\",\"@id\":\"https:\/\/www.formentera.es\/explorar\/pueblos\/sant-francesc\/#breadcrumb\",\"itemListElement\":[{\"@type\":\"ListItem\",\"position\":1,\"name\":\"Portada\",\"item\":\"https:\/\/www.formentera.es\/fr\/\"},{\"@type\":\"ListItem\",\"position\":2,\"name\":\"Explorer\",\"item\":\"https:\/\/www.formentera.es\/explorar\/\"},{\"@type\":\"ListItem\",\"position\":3,\"name\":\"Villages\",\"item\":\"https:\/\/www.formentera.es\/fr\/explorer\/villages\/\"},{\"@type\":\"ListItem\",\"position\":4,\"name\":\"Sant Francesc\"}]},{\"@type\":\"WebSite\",\"@id\":\"https:\/\/www.formentera.es\/#website\",\"url\":\"https:\/\/www.formentera.es\/\",\"name\":\"Turismo de Formentera\",\"description\":\"Web oficial de Turismo de Formentera\",\"potentialAction\":[{\"@type\":\"SearchAction\",\"target\":{\"@type\":\"EntryPoint\",\"urlTemplate\":\"https:\/\/www.formentera.es\/?s={search_term_string}\"},\"query-input\":{\"@type\":\"PropertyValueSpecification\",\"valueRequired\":true,\"valueName\":\"search_term_string\"}}],\"inLanguage\":\"fr-FR\"}]}<\/script>\n<!-- \/ Yoast SEO plugin. -->","yoast_head_json":{"title":"Sant Francesc | Turismo de Formentera","robots":{"index":"index","follow":"follow","max-snippet":"max-snippet:-1","max-image-preview":"max-image-preview:large","max-video-preview":"max-video-preview:-1"},"canonical":"https:\/\/www.formentera.es\/explorar\/pueblos\/sant-francesc\/","og_locale":"fr_FR","og_type":"article","og_title":"Sant Francesc | Turismo de Formentera","og_description":"[vc_row full_width=\u00a0\u00bbstretch_row\u00a0\u00bb][vc_column width=\u00a0\u00bb2\/3&Prime; css=\u00a0\u00bb.vc_custom_1530269560078{padding-right: 5% !important;}\u00a0\u00bb][vc_column_text el_class=\u00a0\u00bbtexto_ficha\u00a0\u00bb] La principale ville de l\u2019\u00eele Sant Francesc Xavier [&hellip;]","og_url":"https:\/\/www.formentera.es\/explorar\/pueblos\/sant-francesc\/","og_site_name":"Turismo de Formentera","article_publisher":"https:\/\/www.facebook.com\/turismoformentera\/","article_modified_time":"2025-02-21T08:10:27+00:00","og_image":[{"width":1900,"height":1202,"url":"https:\/\/www.formentera.es\/wp-content\/uploads\/2018\/11\/1_Esglesia-St.-Francesc-panoramica.jpg","type":"image\/jpeg"}],"twitter_card":"summary_large_image","twitter_site":"@visitformentera","twitter_misc":{"Dur\u00e9e de lecture estim\u00e9e":"5 minutes"},"schema":{"@context":"https:\/\/schema.org","@graph":[{"@type":"WebPage","@id":"https:\/\/www.formentera.es\/explorar\/pueblos\/sant-francesc\/","url":"https:\/\/www.formentera.es\/explorar\/pueblos\/sant-francesc\/","name":"Sant Francesc | Turismo de Formentera","isPartOf":{"@id":"https:\/\/www.formentera.es\/#website"},"primaryImageOfPage":{"@id":"https:\/\/www.formentera.es\/explorar\/pueblos\/sant-francesc\/#primaryimage"},"image":{"@id":"https:\/\/www.formentera.es\/explorar\/pueblos\/sant-francesc\/#primaryimage"},"thumbnailUrl":"https:\/\/www.formentera.es\/wp-content\/uploads\/2018\/11\/1_Esglesia-St.-Francesc-panoramica.jpg","datePublished":"2018-07-23T14:25:00+00:00","dateModified":"2025-02-21T08:10:27+00:00","breadcrumb":{"@id":"https:\/\/www.formentera.es\/explorar\/pueblos\/sant-francesc\/#breadcrumb"},"inLanguage":"fr-FR","potentialAction":[{"@type":"ReadAction","target":["https:\/\/www.formentera.es\/explorar\/pueblos\/sant-francesc\/"]}]},{"@type":"ImageObject","inLanguage":"fr-FR","@id":"https:\/\/www.formentera.es\/explorar\/pueblos\/sant-francesc\/#primaryimage","url":"https:\/\/www.formentera.es\/wp-content\/uploads\/2018\/11\/1_Esglesia-St.-Francesc-panoramica.jpg","contentUrl":"https:\/\/www.formentera.es\/wp-content\/uploads\/2018\/11\/1_Esglesia-St.-Francesc-panoramica.jpg","width":1900,"height":1202},{"@type":"BreadcrumbList","@id":"https:\/\/www.formentera.es\/explorar\/pueblos\/sant-francesc\/#breadcrumb","itemListElement":[{"@type":"ListItem","position":1,"name":"Portada","item":"https:\/\/www.formentera.es\/fr\/"},{"@type":"ListItem","position":2,"name":"Explorer","item":"https:\/\/www.formentera.es\/explorar\/"},{"@type":"ListItem","position":3,"name":"Villages","item":"https:\/\/www.formentera.es\/fr\/explorer\/villages\/"},{"@type":"ListItem","position":4,"name":"Sant Francesc"}]},{"@type":"WebSite","@id":"https:\/\/www.formentera.es\/#website","url":"https:\/\/www.formentera.es\/","name":"Turismo de Formentera","description":"Web oficial de Turismo de Formentera","potentialAction":[{"@type":"SearchAction","target":{"@type":"EntryPoint","urlTemplate":"https:\/\/www.formentera.es\/?s={search_term_string}"},"query-input":{"@type":"PropertyValueSpecification","valueRequired":true,"valueName":"search_term_string"}}],"inLanguage":"fr-FR"}]}},"_links":{"self":[{"href":"https:\/\/www.formentera.es\/fr\/wp-json\/wp\/v2\/pages\/5393","targetHints":{"allow":["GET"]}}],"collection":[{"href":"https:\/\/www.formentera.es\/fr\/wp-json\/wp\/v2\/pages"}],"about":[{"href":"https:\/\/www.formentera.es\/fr\/wp-json\/wp\/v2\/types\/page"}],"author":[{"embeddable":true,"href":"https:\/\/www.formentera.es\/fr\/wp-json\/wp\/v2\/users\/1"}],"replies":[{"embeddable":true,"href":"https:\/\/www.formentera.es\/fr\/wp-json\/wp\/v2\/comments?post=5393"}],"version-history":[{"count":0,"href":"https:\/\/www.formentera.es\/fr\/wp-json\/wp\/v2\/pages\/5393\/revisions"}],"up":[{"embeddable":true,"href":"https:\/\/www.formentera.es\/fr\/wp-json\/wp\/v2\/pages\/5109"}],"wp:featuredmedia":[{"embeddable":true,"href":"https:\/\/www.formentera.es\/fr\/wp-json\/wp\/v2\/media\/5111"}],"wp:attachment":[{"href":"https:\/\/www.formentera.es\/fr\/wp-json\/wp\/v2\/media?parent=5393"}],"wp:term":[{"taxonomy":"category","embeddable":true,"href":"https:\/\/www.formentera.es\/fr\/wp-json\/wp\/v2\/categories?post=5393"}],"curies":[{"name":"wp","href":"https:\/\/api.w.org\/{rel}","templated":true}]}}