{"id":5348,"date":"2018-06-28T12:02:33","date_gmt":"2018-06-28T14:02:33","guid":{"rendered":"https:\/\/www.formentera.es\/explorer\/plages\/cavall-den-borras\/"},"modified":"2024-09-23T17:50:39","modified_gmt":"2024-09-23T15:50:39","slug":"cavall-den-borras","status":"publish","type":"page","link":"https:\/\/www.formentera.es\/fr\/explorer\/plages\/cavall-den-borras\/","title":{"rendered":"Cavall d&rsquo;en Borr\u00e0s"},"content":{"rendered":"<div class=\"wpb-content-wrapper\"><p>[vc_row full_width=\u00a0\u00bbstretch_row\u00a0\u00bb][vc_column width=\u00a0\u00bb2\/3&Prime; css=\u00a0\u00bb.vc_custom_1530269560078{padding-right: 5% !important;}\u00a0\u00bb][vc_column_text el_class=\u00a0\u00bbtexto_ficha\u00a0\u00bb]<\/p>\n<h2>Eaux turquoise et un bois luxuriant de gen\u00e9vriers dans le fond.<\/h2>\n<h3>La premi\u00e8re plage en rentrant dans le <b>Parc Naturel des Marais salants d\u2019Ibiza et de Formentera<\/b> que nous trouvons s\u2019appelle Cavall d\u2019en Borr\u00e0s, un endroit moins populaire que sa plage voisine d\u2019Illetes mais qui tout comme elle, conserve une beaut\u00e9 sauvage aux eaux cristallines et au sable fin blanc qui se m\u00e9lange \u00e0 la posidonie.<\/h3>\n<p>Ici, l\u2019orientation nord-est est id\u00e9ale pour admirer <b>les \u00eelots d\u2019es Vedr\u00e0 et d\u2019es Vedranell <\/b>que l\u2019on aper\u00e7oit de loin depuis la c\u00f4te d\u2019Ibiza, un cadre id\u00e9al pour profiter d\u2019un magnifique coucher de soleil depuis le bord de mer de Cavall d\u2019en Borr\u00e0s. Un autre de ses points forts est le bois luxuriant de gen\u00e9vriers qui l\u2019abrite, qui, avec le syst\u00e8me dunaire prot\u00e9g\u00e9, forme un paysage idyllique d\u2019une plage sauvage. Ses eaux peu profondes et l\u2019absence de vagues en font la destination id\u00e9ale aussi bien pour des familles avec des enfants que pour les gens qui cherchent \u00e0 se d\u00e9tendre en pleine nature.<\/p>\n<p>Le nom de cette plage vient de la pointe rocheuse qui porte le m\u00eame nom qui a \u00e9t\u00e9 baptis\u00e9 ainsi en l\u2019honneur du propri\u00e9taire du marais salant de Formentera de la fin du XIXe si\u00e8cle. Au nord, nous trouvons la partie rocheuse de la <b>plage des Carregador<\/b> alors que si nous continuons vers le sud, nous trouvons <b>sa Sequi<\/b>, le canal qui a \u00e9t\u00e9 construit pour \u00e9vacuer vers la mer les eaux stagnantes de l\u2019Estany Pudent.<\/p>\n<p>Le port se trouve tellement \u00e0 proximit\u00e9, qu\u2019en marchant \u00e0 peine 2 km, nous arrivons \u00e0 cette plage, elle est donc id\u00e9ale pour ceux qui ne disposent pas beaucoup de temps dans l\u2019\u00eele ou bien qui ne disposent pas d\u2019un moyen de transport pour visiter une plage plus \u00e9loign\u00e9e. Y arriver \u00e0 pied ou en v\u00e9lo est une excursion tr\u00e8s simple qui vous permet d\u2019admirer tranquillement le charme du paysage de cette partie de la c\u00f4te. Si l\u2019on pr\u00e9f\u00e8re y acc\u00e9der en v\u00e9hicule motoris\u00e9, il faudra suivre la route qui longe l\u2019\u00e9tang Pudent o\u00f9 se trouve l\u2019entr\u00e9e du <b>parc naturel <\/b>pour prendre ensuite la premi\u00e8re d\u00e9viation indiqu\u00e9e vers l\u2019ouest.<\/p>\n<p>Et si vous souhaitez savourer un d\u00e9licieux plat de cuisine marine en bord de mer, \u00e0 Cavall d\u2019en Borr\u00e0s vous trouverez plusieurs \u00e9tablissements pour tous les go\u00fbts o\u00f9 vous faire ce petit plaisir. Bien qu\u2019elle ne soit pas aussi populaire que la c\u00e9l\u00e8bre plage d\u2019<b>lletas<\/b>, c\u2019est \u00e9galement l\u2019une de celles pr\u00e9f\u00e9r\u00e9es des visiteurs, car elle offre le meilleur du paysage de Formentera sans avoir \u00e0 peine \u00e0 s\u2019\u00e9loigner du port.<\/p>\n<p>[\/vc_column_text][\/vc_column][vc_column width=\u00a0\u00bb1\/3&Prime;][vc_column_text]<div id=\"sidebar_ficha\"><a class=\"sidebar_breadcrumbs\" href=\"https:\/\/www.formentera.es\/fr\/explorer\/plages\/\"><i class=\"fa fa-angle-left\"><\/i>Retourner \u00e0 Plages<\/a><div class=\"content_sidebar\"><div class=\"tit_medium\">Information utile<\/div><div id=\"mapaficha\"><a href=\"https:\/\/goo.gl\/maps\/datM3ezvzbK2\" target=\"_blank\"><img decoding=\"async\" src=\"https:\/\/www.formentera.es\/wp-content\/uploads\/2018\/11\/mapa_cavallborras.png\"><\/a><\/div><div class=\"\"><a href=\"https:\/\/www.google.com\/maps?saddr=My+Location&daddr=38.7392352,1.4268533\" target=\"_blank\"><i class=\"fa fa-location-arrow\"><\/i><span>Comment arriver?<\/span><\/a><\/div><div class=\"tit_medium\">T\u00e9l\u00e9chargements<\/div><div class=\"\"><a href=\"https:\/\/www.formentera.es\/wp-content\/uploads\/2024\/09\/GUIDE-DES-PLAGES_FR.pdf\" target=\"_blank\"><i class=\"fa fa-arrow-circle-o-down\"><\/i><span>Guide des plages<\/span><\/a><\/div><div class=\"\"><a href=\"https:\/\/www.formentera.es\/wp-content\/uploads\/2024\/09\/Acces_Parc-Natural-de-ses-Salines.pdf\" target=\"_blank\"><i class=\"fa fa-arrow-circle-o-down\"><\/i><span>Informations sur l&rsquo;acc\u00e8s au parc naturel de Ses Salines de Formentera<\/span><\/a><\/div><div class=\"bloc_share\"><div class=\"blocs1\"><div class=\"tit_medium\">Partager<\/div><div class=\"redes_ficha\"><div class=\"fa fa-brands fa-x-twitter st-custom-button\" data-network=\"twitter\"><\/div><div class=\"fa fa-facebook st-custom-button\" data-network=\"facebook\"><\/div><div class=\"fa fa-pinterest-p st-custom-button\" data-network=\"pinterest\"><\/div><\/div><\/div><div class=\"blocs2\"><div class=\"tit_medium\">Envoyer \u00e0 un ami<\/div><div class=\"redes_ficha\"><div class=\"fa fa-envelope st-custom-button\" data-network=\"email\"><\/div><div class=\"fa fa-whatsapp st-custom-button\" data-network=\"whatsapp\"><\/div><\/div><\/div><\/div><\/div><\/div>[\/vc_column_text][\/vc_column][\/vc_row][vc_row full_width=\u00a0\u00bbstretch_row_content_no_spaces\u00a0\u00bb][vc_column][vc_column_text]<style>#jtg-877 .modula-item .jtg-social a, .lightbox-socials.jtg-social a{ fill: #ffffff; color: #ffffff }#jtg-877 .modula-item .jtg-social-mobile a{ fill: #ffffff; color: #ffffff }#jtg-877 .modula-item .jtg-social svg, .lightbox-socials.jtg-social svg { height: 16px; width: 16px }#jtg-877 .modula-item .jtg-social-mobile svg { height: 16px; width: 16px }#jtg-877 .modula-item .jtg-social a:not(:last-child), .lightbox-socials.jtg-social a:not(:last-child) { margin-right: 10px }#jtg-877 .modula-item .jtg-social-mobile .jtg-social-mobile-icons a:not(:last-child){ margin-right: 10px }#jtg-877 .modula-item .figc {color:#ffffff;}#jtg-877 .modula-item .modula-item-content { transform: scale(1) }#jtg-877 .modula-items .figc p.description { font-size:14px; }#jtg-877 .modula-items .figc p.description { color:#ffffff;}#jtg-877.modula-gallery .modula-item > a, #jtg-877.modula-gallery .modula-item, #jtg-877.modula-gallery .modula-item-content > a:not(.modula-no-follow) { cursor:zoom-in; } #jtg-877.modula-gallery .modula-item-content .modula-no-follow { cursor: default; } #jtg-877 .modula-item { background-color:#000000; }#jtg-877 .modula-item:hover img { opacity: 0.5; }#jtg-877 .modula-item { transform: scale(1) translate(0px,0px) rotate(0deg); }@media screen and (max-width:480px){#jtg-877 .modula-item .figc .jtg-title {  font-size: 12px; }#jtg-877 .modula-items .figc p.description { color:#ffffff;font-size:10px; }}<\/style>\n<div  id=\"jtg-877\" class=\"modula modula-gallery modula-custom-grid\" data-config=\"{&quot;height&quot;:800,&quot;tabletHeight&quot;:800,&quot;mobileHeight&quot;:800,&quot;desktopHeight&quot;:800,&quot;enableTwitter&quot;:false,&quot;enableWhatsapp&quot;:false,&quot;enableFacebook&quot;:false,&quot;enablePinterest&quot;:false,&quot;enableLinkedin&quot;:false,&quot;enableEmail&quot;:false,&quot;randomFactor&quot;:0.5,&quot;type&quot;:&quot;custom-grid&quot;,&quot;columns&quot;:12,&quot;gutter&quot;:10,&quot;mobileGutter&quot;:10,&quot;tabletGutter&quot;:10,&quot;desktopGutter&quot;:10,&quot;enableResponsive&quot;:true,&quot;tabletColumns&quot;:2,&quot;mobileColumns&quot;:1,&quot;lazyLoad&quot;:&quot;0&quot;,&quot;lightboxOpts&quot;:{&quot;animated&quot;:true,&quot;Thumbs&quot;:{&quot;type&quot;:&quot;modern&quot;,&quot;showOnStart&quot;:false},&quot;Toolbar&quot;:{&quot;display&quot;:{&quot;right&quot;:[&quot;close&quot;]},&quot;enabled&quot;:true},&quot;Carousel&quot;:{&quot;Panzoom&quot;:{&quot;touch&quot;:false},&quot;infinite&quot;:false},&quot;keyboard&quot;:{&quot;Escape&quot;:&quot;close&quot;,&quot;Delete&quot;:&quot;close&quot;,&quot;Backspace&quot;:&quot;close&quot;,&quot;PageUp&quot;:false,&quot;PageDown&quot;:false,&quot;ArrowUp&quot;:false,&quot;ArrowDown&quot;:false,&quot;ArrowRight&quot;:false,&quot;ArrowLeft&quot;:false},&quot;touch&quot;:false,&quot;backdropClick&quot;:false,&quot;l10n&quot;:{&quot;CLOSE&quot;:&quot;Close&quot;,&quot;NEXT&quot;:&quot;Next&quot;,&quot;PREV&quot;:&quot;Previous&quot;,&quot;Error&quot;:&quot;The requested content cannot be loaded. Please try again later.&quot;,&quot;PLAY_START&quot;:&quot;Start slideshow&quot;,&quot;PLAY_STOP&quot;:&quot;Pause slideshow&quot;,&quot;FULL_SCREEN&quot;:&quot;Full screen&quot;,&quot;THUMBS&quot;:&quot;Thumbnails&quot;,&quot;DOWNLOAD&quot;:&quot;Download&quot;,&quot;SHARE&quot;:&quot;Share&quot;,&quot;ZOOM&quot;:&quot;Zoom&quot;,&quot;EMAIL&quot;:&quot;Here is the link to the image : %%image_link%% and this is the link to the gallery : %%gallery_link%%&quot;,&quot;MODAL&quot;:&quot;You can close this modal content with the ESC key&quot;,&quot;ERROR&quot;:&quot;Something Went Wrong, Please Try Again Later&quot;,&quot;IMAGE_ERROR&quot;:&quot;Image Not Found&quot;,&quot;ELEMENT_NOT_FOUND&quot;:&quot;HTML Element Not Found&quot;,&quot;AJAX_NOT_FOUND&quot;:&quot;Error Loading AJAX : Not Found&quot;,&quot;AJAX_FORBIDDEN&quot;:&quot;Error Loading AJAX : Forbidden&quot;,&quot;IFRAME_ERROR&quot;:&quot;Error Loading Page&quot;,&quot;TOGGLE_ZOOM&quot;:&quot;Toggle zoom level&quot;,&quot;TOGGLE_THUMBS&quot;:&quot;Toggle thumbnails&quot;,&quot;TOGGLE_SLIDESHOW&quot;:&quot;Toggle slideshow&quot;,&quot;TOGGLE_FULLSCREEN&quot;:&quot;Toggle full-screen mode&quot;},&quot;Images&quot;:{&quot;Panzoom&quot;:{&quot;maxScale&quot;:2}},&quot;mainClass&quot;:&quot;modula-fancybox-container modula-lightbox-jtg-877&quot;,&quot;Html&quot;:{&quot;videoAutoplay&quot;:0,&quot;videoTpl&quot;:&quot;&lt;video class=\\&quot;fancybox__html5video\\&quot; controls muted playsinline controlsList controlsList=\\&quot;nodownload\\&quot; poster=\\&quot;{{poster}}\\&quot; src=\\&quot;{{src}}\\&quot; type=\\&quot;{{format}}\\&quot; &gt;  Sorry, your browser doesn&#039;t support embedded videos, &lt;a href=\\&quot;{{src}}\\&quot;&gt; download &lt;\\\/a&gt; and watch with your favorite video player! &lt;\\\/video&gt;&quot;}},&quot;inView&quot;:false,&quot;email_subject&quot;:&quot;\\u00a1\\u00a1Mira esta impresionante imagen!!&quot;,&quot;email_message&quot;:&quot;Este es el enlace a la imagen: %%image_link%% y este es el enlace a la galer\\u00eda: %%gallery_link%%&quot;,&quot;lightbox&quot;:&quot;fancybox&quot;,&quot;filterClick&quot;:&quot;0&quot;,&quot;defaultActiveFilter&quot;:&quot;all&quot;}\">\n\n\t\n\t<div  class=\"modula-items\">\n\t\t<div class=\"modula-item effect-quiet jtg-filter-all jtg-filter-\" data-width=\"7\" data-height=\"4\" >\n\t<div class=\"modula-item-overlay\"><\/div>\n\n\t<div class=\"modula-item-content\">\n\n\t\t\t\t\n\t\t\t\t\t<a data-image-id=\"885\" tabindex=\"0\" href=\"https:\/\/www.formentera.es\/wp-content\/uploads\/2018\/11\/cavall-borras-moli-de-sal.jpg\" rel=\"jtg-877\" data-caption=\"\" aria-label=\"Open image in lightbox\" role=\"button\" data-cyclefilter=\"show\" data-fancybox=\"jtg-877\" class=\"tile-inner modula-item-link\"><\/a>\n\t\t\n\t\t<img loading=\"lazy\" decoding=\"async\" class=\"pic wp-image-885\"  data-valign=\"middle\" data-halign=\"center\" alt=\"\" data-full=\"https:\/\/www.formentera.es\/wp-content\/uploads\/2018\/11\/cavall-borras-moli-de-sal.jpg\" title=\"cavall borras moli de sal\" width=\"1900\" height=\"1556\" src=\"https:\/\/www.formentera.es\/wp-content\/uploads\/2018\/11\/cavall-borras-moli-de-sal.jpg\" data-src=\"https:\/\/www.formentera.es\/wp-content\/uploads\/2018\/11\/cavall-borras-moli-de-sal.jpg\" data-caption=\"\" srcset=\"https:\/\/www.formentera.es\/wp-content\/uploads\/2018\/11\/cavall-borras-moli-de-sal.jpg 1900w, https:\/\/www.formentera.es\/wp-content\/uploads\/2018\/11\/cavall-borras-moli-de-sal-300x246.jpg 300w, https:\/\/www.formentera.es\/wp-content\/uploads\/2018\/11\/cavall-borras-moli-de-sal-768x629.jpg 768w, https:\/\/www.formentera.es\/wp-content\/uploads\/2018\/11\/cavall-borras-moli-de-sal-1024x839.jpg 1024w\" sizes=\"auto, (max-width: 1900px) 100vw, 1900px\" \/>\n\t\t<div class=\"figc no-description\">\n\t\t\t<div class=\"figc-inner\">\n\t\t\t\t\t\t\t\t\t\t\t\t\t\t\t<\/div>\n\t\t<\/div>\n\n\t<\/div>\n\n<\/div><div class=\"modula-item effect-quiet jtg-filter-all jtg-filter-\" data-width=\"5\" data-height=\"4\" >\n\t<div class=\"modula-item-overlay\"><\/div>\n\n\t<div class=\"modula-item-content\">\n\n\t\t\t\t\n\t\t\t\t\t<a data-image-id=\"888\" tabindex=\"0\" href=\"https:\/\/www.formentera.es\/wp-content\/uploads\/2018\/11\/ramon-turb.jpg\" rel=\"jtg-877\" data-caption=\"\" aria-label=\"Open image in lightbox\" role=\"button\" data-cyclefilter=\"show\" data-fancybox=\"jtg-877\" class=\"tile-inner modula-item-link\"><\/a>\n\t\t\n\t\t<img loading=\"lazy\" decoding=\"async\" class=\"pic wp-image-888\"  data-valign=\"middle\" data-halign=\"center\" alt=\"\" data-full=\"https:\/\/www.formentera.es\/wp-content\/uploads\/2018\/11\/ramon-turb.jpg\" title=\"Playa de Illetes. Formentera\" width=\"1900\" height=\"1267\" src=\"https:\/\/www.formentera.es\/wp-content\/uploads\/2018\/11\/ramon-turb.jpg\" data-src=\"https:\/\/www.formentera.es\/wp-content\/uploads\/2018\/11\/ramon-turb.jpg\" data-caption=\"\" srcset=\"https:\/\/www.formentera.es\/wp-content\/uploads\/2018\/11\/ramon-turb.jpg 1900w, https:\/\/www.formentera.es\/wp-content\/uploads\/2018\/11\/ramon-turb-300x200.jpg 300w, https:\/\/www.formentera.es\/wp-content\/uploads\/2018\/11\/ramon-turb-768x512.jpg 768w, https:\/\/www.formentera.es\/wp-content\/uploads\/2018\/11\/ramon-turb-1024x683.jpg 1024w\" sizes=\"auto, (max-width: 1900px) 100vw, 1900px\" \/>\n\t\t<div class=\"figc no-description\">\n\t\t\t<div class=\"figc-inner\">\n\t\t\t\t\t\t\t\t\t\t\t\t\t\t\t<\/div>\n\t\t<\/div>\n\n\t<\/div>\n\n<\/div><div class=\"modula-item effect-quiet jtg-filter-all jtg-filter-\" data-width=\"6\" data-height=\"5\" >\n\t<div class=\"modula-item-overlay\"><\/div>\n\n\t<div class=\"modula-item-content\">\n\n\t\t\t\t\n\t\t\t\t\t<a data-image-id=\"889\" tabindex=\"0\" href=\"https:\/\/www.formentera.es\/wp-content\/uploads\/2018\/11\/cavall-d-en-borras-2.jpg\" rel=\"jtg-877\" data-caption=\"\" aria-label=\"Open image in lightbox\" role=\"button\" data-cyclefilter=\"show\" data-fancybox=\"jtg-877\" class=\"tile-inner modula-item-link\"><\/a>\n\t\t\n\t\t<img loading=\"lazy\" decoding=\"async\" class=\"pic wp-image-889\"  data-valign=\"middle\" data-halign=\"center\" alt=\"\" data-full=\"https:\/\/www.formentera.es\/wp-content\/uploads\/2018\/11\/cavall-d-en-borras-2.jpg\" title=\"cavall d en borras 2\" width=\"1900\" height=\"1069\" src=\"https:\/\/www.formentera.es\/wp-content\/uploads\/2018\/11\/cavall-d-en-borras-2.jpg\" data-src=\"https:\/\/www.formentera.es\/wp-content\/uploads\/2018\/11\/cavall-d-en-borras-2.jpg\" data-caption=\"\" srcset=\"https:\/\/www.formentera.es\/wp-content\/uploads\/2018\/11\/cavall-d-en-borras-2.jpg 1900w, https:\/\/www.formentera.es\/wp-content\/uploads\/2018\/11\/cavall-d-en-borras-2-300x169.jpg 300w, https:\/\/www.formentera.es\/wp-content\/uploads\/2018\/11\/cavall-d-en-borras-2-768x432.jpg 768w, https:\/\/www.formentera.es\/wp-content\/uploads\/2018\/11\/cavall-d-en-borras-2-1024x576.jpg 1024w\" sizes=\"auto, (max-width: 1900px) 100vw, 1900px\" \/>\n\t\t<div class=\"figc no-description\">\n\t\t\t<div class=\"figc-inner\">\n\t\t\t\t\t\t\t\t\t\t\t\t\t\t\t<\/div>\n\t\t<\/div>\n\n\t<\/div>\n\n<\/div><div class=\"modula-item effect-quiet jtg-filter-all jtg-filter-\" data-width=\"6\" data-height=\"5\" >\n\t<div class=\"modula-item-overlay\"><\/div>\n\n\t<div class=\"modula-item-content\">\n\n\t\t\t\t\n\t\t\t\t\t<a data-image-id=\"887\" tabindex=\"0\" href=\"https:\/\/www.formentera.es\/wp-content\/uploads\/2018\/11\/2-cavall.jpg\" rel=\"jtg-877\" data-caption=\"\" aria-label=\"Open image in lightbox\" role=\"button\" data-cyclefilter=\"show\" data-fancybox=\"jtg-877\" class=\"tile-inner modula-item-link\"><\/a>\n\t\t\n\t\t<img loading=\"lazy\" decoding=\"async\" class=\"pic wp-image-887\"  data-valign=\"middle\" data-halign=\"center\" alt=\"\" data-full=\"https:\/\/www.formentera.es\/wp-content\/uploads\/2018\/11\/2-cavall.jpg\" title=\"2 cavall\" width=\"1900\" height=\"1267\" src=\"https:\/\/www.formentera.es\/wp-content\/uploads\/2018\/11\/2-cavall.jpg\" data-src=\"https:\/\/www.formentera.es\/wp-content\/uploads\/2018\/11\/2-cavall.jpg\" data-caption=\"\" srcset=\"https:\/\/www.formentera.es\/wp-content\/uploads\/2018\/11\/2-cavall.jpg 1900w, https:\/\/www.formentera.es\/wp-content\/uploads\/2018\/11\/2-cavall-300x200.jpg 300w, https:\/\/www.formentera.es\/wp-content\/uploads\/2018\/11\/2-cavall-768x512.jpg 768w, https:\/\/www.formentera.es\/wp-content\/uploads\/2018\/11\/2-cavall-1024x683.jpg 1024w\" sizes=\"auto, (max-width: 1900px) 100vw, 1900px\" \/>\n\t\t<div class=\"figc no-description\">\n\t\t\t<div class=\"figc-inner\">\n\t\t\t\t\t\t\t\t\t\t\t\t\t\t\t<\/div>\n\t\t<\/div>\n\n\t<\/div>\n\n<\/div><div class=\"modula-item effect-quiet jtg-filter-all jtg-filter-\" data-width=\"12\" data-height=\"8\" >\n\t<div class=\"modula-item-overlay\"><\/div>\n\n\t<div class=\"modula-item-content\">\n\n\t\t\t\t\n\t\t\t\t\t<a data-image-id=\"886\" tabindex=\"0\" href=\"https:\/\/www.formentera.es\/wp-content\/uploads\/2018\/11\/cavall-d-en-borras.jpg\" rel=\"jtg-877\" data-caption=\"\" aria-label=\"Open image in lightbox\" role=\"button\" data-cyclefilter=\"show\" data-fancybox=\"jtg-877\" class=\"tile-inner modula-item-link\"><\/a>\n\t\t\n\t\t<img loading=\"lazy\" decoding=\"async\" class=\"pic wp-image-886\"  data-valign=\"middle\" data-halign=\"center\" alt=\"\" data-full=\"https:\/\/www.formentera.es\/wp-content\/uploads\/2018\/11\/cavall-d-en-borras.jpg\" title=\"cavall d en borras\" width=\"1900\" height=\"1900\" src=\"https:\/\/www.formentera.es\/wp-content\/uploads\/2018\/11\/cavall-d-en-borras.jpg\" data-src=\"https:\/\/www.formentera.es\/wp-content\/uploads\/2018\/11\/cavall-d-en-borras.jpg\" data-caption=\"\" srcset=\"https:\/\/www.formentera.es\/wp-content\/uploads\/2018\/11\/cavall-d-en-borras.jpg 1900w, https:\/\/www.formentera.es\/wp-content\/uploads\/2018\/11\/cavall-d-en-borras-150x150.jpg 150w, https:\/\/www.formentera.es\/wp-content\/uploads\/2018\/11\/cavall-d-en-borras-300x300.jpg 300w, https:\/\/www.formentera.es\/wp-content\/uploads\/2018\/11\/cavall-d-en-borras-768x768.jpg 768w, https:\/\/www.formentera.es\/wp-content\/uploads\/2018\/11\/cavall-d-en-borras-1024x1024.jpg 1024w\" sizes=\"auto, (max-width: 1900px) 100vw, 1900px\" \/>\n\t\t<div class=\"figc no-description\">\n\t\t\t<div class=\"figc-inner\">\n\t\t\t\t\t\t\t\t\t\t\t\t\t\t\t<\/div>\n\t\t<\/div>\n\n\t<\/div>\n\n<\/div>\t\t\n\t<\/div>\n\n\t\n\t\n\t<script type=\"application\/ld+json\">\n\t{\n\t\t\"@context\": \"http:\/\/schema.org\",\n\t\t\"@type\"   : \"ImageGallery\",\n\t\t\"id\"      : \"https:\/\/www.formentera.es\/fr\/explorer\/plages\/cavall-den-borras\/\",\n\t\t\"url\"     : \"https:\/\/www.formentera.es\/fr\/explorer\/plages\/cavall-den-borras\/\"\n\t}\n\n\t<\/script>\n\n\t\n<\/div>\n[\/vc_column_text][\/vc_column][\/vc_row][vc_row][vc_column][vc_column_text]<div id=\"siguexpl\" class=\"container sc\"><h2>Continuez \u00e0 explorer<\/h2><div class=\"row\"><a href=\"https:\/\/www.formentera.es\/fr\/explorer\/culture-et-patrimoine\/\" class=\"col-md-4\">\n\t\t\t\t\t\t<div class=\"row\">\n\t\t\t\t\t\t\t<div class=\"col-sm-4\" style=\"background-image: url(https:\/\/www.formentera.es\/wp-content\/uploads\/2019\/01\/Torre-de-Sa-Gavina_Moonkoala-300x200.jpg)\"><\/div>\n\t\t\t\t\t\t\t<div class=\"col-sm-8\">\n\t\t\t\t\t\t\t\tCulture et patrimoine\n\t\t\t\t\t\t\t\t<i class=\"fa fa-angle-right\"><\/i>\n\t\t\t\t\t\t\t<\/div>\n\t\t\t\t\t\t\t<div class=\"bhover\"><\/div>\n\t\t\t\t\t\t<\/div>\n\t\t\t\t\t\t\n\t\t\t\t\t<\/a><a href=\"https:\/\/www.formentera.es\/fr\/explorer\/villages\/\" class=\"col-md-4\">\n\t\t\t\t\t\t<div class=\"row\">\n\t\t\t\t\t\t\t<div class=\"col-sm-4\" style=\"background-image: url(https:\/\/www.formentera.es\/wp-content\/uploads\/2018\/11\/1_Esglesia-St.-Francesc-panoramica-300x190.jpg)\"><\/div>\n\t\t\t\t\t\t\t<div class=\"col-sm-8\">\n\t\t\t\t\t\t\t\tVillages\n\t\t\t\t\t\t\t\t<i class=\"fa fa-angle-right\"><\/i>\n\t\t\t\t\t\t\t<\/div>\n\t\t\t\t\t\t\t<div class=\"bhover\"><\/div>\n\t\t\t\t\t\t<\/div>\n\t\t\t\t\t\t\n\t\t\t\t\t<\/a><a href=\"https:\/\/www.formentera.es\/fr\/explorer\/lieux-dinteret-touristique\/\" class=\"col-md-4\">\n\t\t\t\t\t\t<div class=\"row\">\n\t\t\t\t\t\t\t<div class=\"col-sm-4\" style=\"background-image: url(https:\/\/www.formentera.es\/wp-content\/uploads\/2018\/12\/audio_16-mp3-image-300x297.png)\"><\/div>\n\t\t\t\t\t\t\t<div class=\"col-sm-8\">\n\t\t\t\t\t\t\t\tLieux d\u2019int\u00e9r\u00eat touristique\n\t\t\t\t\t\t\t\t<i class=\"fa fa-angle-right\"><\/i>\n\t\t\t\t\t\t\t<\/div>\n\t\t\t\t\t\t\t<div class=\"bhover\"><\/div>\n\t\t\t\t\t\t<\/div>\n\t\t\t\t\t\t\n\t\t\t\t\t<\/a><\/div><\/div>[\/vc_column_text][\/vc_column][\/vc_row][vc_row full_width=\u00a0\u00bbstretch_row_content\u00a0\u00bb equal_height=\u00a0\u00bbyes\u00a0\u00bb css=\u00a0\u00bb.vc_custom_1549021252754{padding-top: 80px !important;}\u00a0\u00bb el_class=\u00a0\u00bbbloque_maseventos\u00a0\u00bb][vc_column][vc_column_text el_class=\u00a0\u00bbh1&Prime;]<\/p>\n<h2 style=\"text-align: center;\">\u00c9v\u00e9nements \u00e0 Formentera<\/h2>\n<p>[\/vc_column_text][vc_basic_grid post_type=\u00a0\u00bbpost\u00a0\u00bb max_items=\u00a0\u00bb3&Prime; orderby=\u00a0\u00bbrand\u00a0\u00bb item=\u00a0\u00bb1524&Prime; grid_id=\u00a0\u00bbvc_gid:1553597460979-25ede1fb-d65a-3&Prime; taxonomies=\u00a0\u00bb17&Prime;][vc_btn title=\u00a0\u00bb Plus d&rsquo;\u00e9v\u00e9nements\u00a0\u00bb style=\u00a0\u00bbflat\u00a0\u00bb shape=\u00a0\u00bbsquare\u00a0\u00bb color=\u00a0\u00bbwhite\u00a0\u00bb size=\u00a0\u00bblg\u00a0\u00bb align=\u00a0\u00bbcenter\u00a0\u00bb i_align=\u00a0\u00bbright\u00a0\u00bb i_type=\u00a0\u00bbentypo\u00a0\u00bb i_icon_entypo=\u00a0\u00bbentypo-icon entypo-icon-right-open-big\u00a0\u00bb add_icon=\u00a0\u00bbtrue\u00a0\u00bb el_class=\u00a0\u00bbbtn_more\u00a0\u00bb link=\u00a0\u00bburl:https%3A%2F%2Fwww.formentera.es%2Ffr%2Fevenements|||\u00a0\u00bb][\/vc_column][\/vc_row]<\/p>\n<\/div>","protected":false},"excerpt":{"rendered":"<p>[vc_row full_width=\u00a0\u00bbstretch_row\u00a0\u00bb][vc_column width=\u00a0\u00bb2\/3&Prime; css=\u00a0\u00bb.vc_custom_1530269560078{padding-right: 5% !important;}\u00a0\u00bb][vc_column_text el_class=\u00a0\u00bbtexto_ficha\u00a0\u00bb] Eaux turquoise et un bois luxuriant de gen\u00e9vriers [&hellip;]<\/p>\n","protected":false},"author":1,"featured_media":5350,"parent":5116,"menu_order":0,"comment_status":"closed","ping_status":"closed","template":"page-ficha.php","meta":{"_acf_changed":false,"footnotes":""},"categories":[],"class_list":["post-5348","page","type-page","status-publish","hentry"],"acf":[],"yoast_head":"<!-- This site is optimized with the Yoast SEO plugin v25.5 - https:\/\/yoast.com\/wordpress\/plugins\/seo\/ -->\n<title>Cavall d&#039;en Borr\u00e0s | Turismo de Formentera<\/title>\n<meta name=\"robots\" content=\"index, follow, max-snippet:-1, max-image-preview:large, max-video-preview:-1\" \/>\n<link rel=\"canonical\" href=\"https:\/\/www.formentera.es\/fr\/explorer\/plages\/cavall-den-borras\/\" \/>\n<meta property=\"og:locale\" content=\"fr_FR\" \/>\n<meta property=\"og:type\" content=\"article\" \/>\n<meta property=\"og:title\" content=\"Cavall d&#039;en Borr\u00e0s | Turismo de Formentera\" \/>\n<meta property=\"og:description\" content=\"[vc_row full_width=\u00a0\u00bbstretch_row\u00a0\u00bb][vc_column width=\u00a0\u00bb2\/3&Prime; css=\u00a0\u00bb.vc_custom_1530269560078{padding-right: 5% !important;}\u00a0\u00bb][vc_column_text el_class=\u00a0\u00bbtexto_ficha\u00a0\u00bb] Eaux turquoise et un bois luxuriant de gen\u00e9vriers [&hellip;]\" \/>\n<meta property=\"og:url\" content=\"https:\/\/www.formentera.es\/fr\/explorer\/plages\/cavall-den-borras\/\" \/>\n<meta property=\"og:site_name\" content=\"Turismo de Formentera\" \/>\n<meta property=\"article:publisher\" content=\"https:\/\/www.facebook.com\/turismoformentera\/\" \/>\n<meta property=\"article:modified_time\" content=\"2024-09-23T15:50:39+00:00\" \/>\n<meta property=\"og:image\" content=\"https:\/\/www.formentera.es\/wp-content\/uploads\/2018\/11\/1_cavall-d-en-borras.jpg\" \/>\n\t<meta property=\"og:image:width\" content=\"1900\" \/>\n\t<meta property=\"og:image:height\" content=\"1425\" \/>\n\t<meta property=\"og:image:type\" content=\"image\/jpeg\" \/>\n<meta name=\"twitter:card\" content=\"summary_large_image\" \/>\n<meta name=\"twitter:site\" content=\"@visitformentera\" \/>\n<meta name=\"twitter:label1\" content=\"Dur\u00e9e de lecture estim\u00e9e\" \/>\n\t<meta name=\"twitter:data1\" content=\"3 minutes\" \/>\n<script type=\"application\/ld+json\" class=\"yoast-schema-graph\">{\"@context\":\"https:\/\/schema.org\",\"@graph\":[{\"@type\":\"WebPage\",\"@id\":\"https:\/\/www.formentera.es\/fr\/explorer\/plages\/cavall-den-borras\/\",\"url\":\"https:\/\/www.formentera.es\/fr\/explorer\/plages\/cavall-den-borras\/\",\"name\":\"Cavall d'en Borr\u00e0s | Turismo de Formentera\",\"isPartOf\":{\"@id\":\"https:\/\/www.formentera.es\/#website\"},\"primaryImageOfPage\":{\"@id\":\"https:\/\/www.formentera.es\/fr\/explorer\/plages\/cavall-den-borras\/#primaryimage\"},\"image\":{\"@id\":\"https:\/\/www.formentera.es\/fr\/explorer\/plages\/cavall-den-borras\/#primaryimage\"},\"thumbnailUrl\":\"https:\/\/www.formentera.es\/wp-content\/uploads\/2018\/11\/1_cavall-d-en-borras.jpg\",\"datePublished\":\"2018-06-28T14:02:33+00:00\",\"dateModified\":\"2024-09-23T15:50:39+00:00\",\"breadcrumb\":{\"@id\":\"https:\/\/www.formentera.es\/fr\/explorer\/plages\/cavall-den-borras\/#breadcrumb\"},\"inLanguage\":\"fr-FR\",\"potentialAction\":[{\"@type\":\"ReadAction\",\"target\":[\"https:\/\/www.formentera.es\/fr\/explorer\/plages\/cavall-den-borras\/\"]}]},{\"@type\":\"ImageObject\",\"inLanguage\":\"fr-FR\",\"@id\":\"https:\/\/www.formentera.es\/fr\/explorer\/plages\/cavall-den-borras\/#primaryimage\",\"url\":\"https:\/\/www.formentera.es\/wp-content\/uploads\/2018\/11\/1_cavall-d-en-borras.jpg\",\"contentUrl\":\"https:\/\/www.formentera.es\/wp-content\/uploads\/2018\/11\/1_cavall-d-en-borras.jpg\",\"width\":1900,\"height\":1425},{\"@type\":\"BreadcrumbList\",\"@id\":\"https:\/\/www.formentera.es\/fr\/explorer\/plages\/cavall-den-borras\/#breadcrumb\",\"itemListElement\":[{\"@type\":\"ListItem\",\"position\":1,\"name\":\"Portada\",\"item\":\"https:\/\/www.formentera.es\/fr\/\"},{\"@type\":\"ListItem\",\"position\":2,\"name\":\"Explorer\",\"item\":\"https:\/\/www.formentera.es\/explorar\/\"},{\"@type\":\"ListItem\",\"position\":3,\"name\":\"Plages\",\"item\":\"https:\/\/www.formentera.es\/fr\/explorer\/plages\/\"},{\"@type\":\"ListItem\",\"position\":4,\"name\":\"Cavall d&rsquo;en Borr\u00e0s\"}]},{\"@type\":\"WebSite\",\"@id\":\"https:\/\/www.formentera.es\/#website\",\"url\":\"https:\/\/www.formentera.es\/\",\"name\":\"Turismo de Formentera\",\"description\":\"Web oficial de Turismo de Formentera\",\"potentialAction\":[{\"@type\":\"SearchAction\",\"target\":{\"@type\":\"EntryPoint\",\"urlTemplate\":\"https:\/\/www.formentera.es\/?s={search_term_string}\"},\"query-input\":{\"@type\":\"PropertyValueSpecification\",\"valueRequired\":true,\"valueName\":\"search_term_string\"}}],\"inLanguage\":\"fr-FR\"}]}<\/script>\n<!-- \/ Yoast SEO plugin. -->","yoast_head_json":{"title":"Cavall d'en Borr\u00e0s | Turismo de Formentera","robots":{"index":"index","follow":"follow","max-snippet":"max-snippet:-1","max-image-preview":"max-image-preview:large","max-video-preview":"max-video-preview:-1"},"canonical":"https:\/\/www.formentera.es\/fr\/explorer\/plages\/cavall-den-borras\/","og_locale":"fr_FR","og_type":"article","og_title":"Cavall d'en Borr\u00e0s | Turismo de Formentera","og_description":"[vc_row full_width=\u00a0\u00bbstretch_row\u00a0\u00bb][vc_column width=\u00a0\u00bb2\/3&Prime; css=\u00a0\u00bb.vc_custom_1530269560078{padding-right: 5% !important;}\u00a0\u00bb][vc_column_text el_class=\u00a0\u00bbtexto_ficha\u00a0\u00bb] Eaux turquoise et un bois luxuriant de gen\u00e9vriers [&hellip;]","og_url":"https:\/\/www.formentera.es\/fr\/explorer\/plages\/cavall-den-borras\/","og_site_name":"Turismo de Formentera","article_publisher":"https:\/\/www.facebook.com\/turismoformentera\/","article_modified_time":"2024-09-23T15:50:39+00:00","og_image":[{"width":1900,"height":1425,"url":"https:\/\/www.formentera.es\/wp-content\/uploads\/2018\/11\/1_cavall-d-en-borras.jpg","type":"image\/jpeg"}],"twitter_card":"summary_large_image","twitter_site":"@visitformentera","twitter_misc":{"Dur\u00e9e de lecture estim\u00e9e":"3 minutes"},"schema":{"@context":"https:\/\/schema.org","@graph":[{"@type":"WebPage","@id":"https:\/\/www.formentera.es\/fr\/explorer\/plages\/cavall-den-borras\/","url":"https:\/\/www.formentera.es\/fr\/explorer\/plages\/cavall-den-borras\/","name":"Cavall d'en Borr\u00e0s | Turismo de Formentera","isPartOf":{"@id":"https:\/\/www.formentera.es\/#website"},"primaryImageOfPage":{"@id":"https:\/\/www.formentera.es\/fr\/explorer\/plages\/cavall-den-borras\/#primaryimage"},"image":{"@id":"https:\/\/www.formentera.es\/fr\/explorer\/plages\/cavall-den-borras\/#primaryimage"},"thumbnailUrl":"https:\/\/www.formentera.es\/wp-content\/uploads\/2018\/11\/1_cavall-d-en-borras.jpg","datePublished":"2018-06-28T14:02:33+00:00","dateModified":"2024-09-23T15:50:39+00:00","breadcrumb":{"@id":"https:\/\/www.formentera.es\/fr\/explorer\/plages\/cavall-den-borras\/#breadcrumb"},"inLanguage":"fr-FR","potentialAction":[{"@type":"ReadAction","target":["https:\/\/www.formentera.es\/fr\/explorer\/plages\/cavall-den-borras\/"]}]},{"@type":"ImageObject","inLanguage":"fr-FR","@id":"https:\/\/www.formentera.es\/fr\/explorer\/plages\/cavall-den-borras\/#primaryimage","url":"https:\/\/www.formentera.es\/wp-content\/uploads\/2018\/11\/1_cavall-d-en-borras.jpg","contentUrl":"https:\/\/www.formentera.es\/wp-content\/uploads\/2018\/11\/1_cavall-d-en-borras.jpg","width":1900,"height":1425},{"@type":"BreadcrumbList","@id":"https:\/\/www.formentera.es\/fr\/explorer\/plages\/cavall-den-borras\/#breadcrumb","itemListElement":[{"@type":"ListItem","position":1,"name":"Portada","item":"https:\/\/www.formentera.es\/fr\/"},{"@type":"ListItem","position":2,"name":"Explorer","item":"https:\/\/www.formentera.es\/explorar\/"},{"@type":"ListItem","position":3,"name":"Plages","item":"https:\/\/www.formentera.es\/fr\/explorer\/plages\/"},{"@type":"ListItem","position":4,"name":"Cavall d&rsquo;en Borr\u00e0s"}]},{"@type":"WebSite","@id":"https:\/\/www.formentera.es\/#website","url":"https:\/\/www.formentera.es\/","name":"Turismo de Formentera","description":"Web oficial de Turismo de Formentera","potentialAction":[{"@type":"SearchAction","target":{"@type":"EntryPoint","urlTemplate":"https:\/\/www.formentera.es\/?s={search_term_string}"},"query-input":{"@type":"PropertyValueSpecification","valueRequired":true,"valueName":"search_term_string"}}],"inLanguage":"fr-FR"}]}},"_links":{"self":[{"href":"https:\/\/www.formentera.es\/fr\/wp-json\/wp\/v2\/pages\/5348","targetHints":{"allow":["GET"]}}],"collection":[{"href":"https:\/\/www.formentera.es\/fr\/wp-json\/wp\/v2\/pages"}],"about":[{"href":"https:\/\/www.formentera.es\/fr\/wp-json\/wp\/v2\/types\/page"}],"author":[{"embeddable":true,"href":"https:\/\/www.formentera.es\/fr\/wp-json\/wp\/v2\/users\/1"}],"replies":[{"embeddable":true,"href":"https:\/\/www.formentera.es\/fr\/wp-json\/wp\/v2\/comments?post=5348"}],"version-history":[{"count":0,"href":"https:\/\/www.formentera.es\/fr\/wp-json\/wp\/v2\/pages\/5348\/revisions"}],"up":[{"embeddable":true,"href":"https:\/\/www.formentera.es\/fr\/wp-json\/wp\/v2\/pages\/5116"}],"wp:featuredmedia":[{"embeddable":true,"href":"https:\/\/www.formentera.es\/fr\/wp-json\/wp\/v2\/media\/5350"}],"wp:attachment":[{"href":"https:\/\/www.formentera.es\/fr\/wp-json\/wp\/v2\/media?parent=5348"}],"wp:term":[{"taxonomy":"category","embeddable":true,"href":"https:\/\/www.formentera.es\/fr\/wp-json\/wp\/v2\/categories?post=5348"}],"curies":[{"name":"wp","href":"https:\/\/api.w.org\/{rel}","templated":true}]}}