{"id":5144,"date":"2018-12-12T13:15:26","date_gmt":"2018-12-12T15:15:26","guid":{"rendered":"https:\/\/www.formentera.es\/lile\/flore-et-faune\/reserva-marina-de-la-punta-de-sa-creu\/"},"modified":"2019-03-21T12:20:24","modified_gmt":"2019-03-21T14:20:24","slug":"reserve-marine-de-la-punta-de-sa-creu","status":"publish","type":"page","link":"https:\/\/www.formentera.es\/fr\/lile\/flore-et-faune\/reserve-marine-de-la-punta-de-sa-creu\/","title":{"rendered":"R\u00e9serve Marine de la Punta de Sa creu"},"content":{"rendered":"<div class=\"wpb-content-wrapper\"><p>[vc_row full_width=\u00a0\u00bbstretch_row\u00a0\u00bb][vc_column width=\u00a0\u00bb2\/3&Prime; css=\u00a0\u00bb.vc_custom_1530269560078{padding-right: 5% !important;}\u00a0\u00bb][vc_column_text el_class=\u00a0\u00bbtexto_ficha\u00a0\u00bb]<\/p>\n<h2><b>P\u00eacher la R\u00e9serve Marine de Sa Punta de sa Creu<\/b><\/h2>\n<p><strong><b>Que dois-je faire ?<\/b><\/strong><\/p>\n<ul>\n<li>Disposer d\u2019un permis de p\u00eache de loisirs pour bateau.<\/li>\n<li>Obtenir l\u2019autorisation de p\u00eache depuis un bateau dans la R\u00e9serve Marine.<\/li>\n<li>D\u00e9clarer les proies p\u00each\u00e9es.<\/li>\n<\/ul>\n<p><strong>P<\/strong><b>articularit\u00e9 <\/b>:<\/p>\n<ul>\n<li>La p\u00eache maritime et aux fruits de mer, quel que soit le mode, entre la ligne de c\u00f4te et les 10 m de profondeur est interdite.<\/li>\n<li>Pour la p\u00eache r\u00e9cr\u00e9ative depuis un bateau, les seuls outils permis sont la canne \u00e0 p\u00eache\/bombette (max. 1 ligne par p\u00eacheur), la turlutte (m\u00e1x.1 ligne avec deux turluttes par p\u00eacheur) et la \u00ab\u00a0fluixa\u00a0\u00bb ou leurre Devon en surface (max. 2 lignes par bateau).<\/li>\n<li>La p\u00eache r\u00e9cr\u00e9ative et la p\u00eache aux fruits de mer r\u00e9cr\u00e9ative ne peuvent se pratiquer que depuis un bateau, du 1er juillet au 31 mars.<\/li>\n<li>En en aucun cas des poissons ou c\u00e9phalopodes vivants ne pourront \u00eatre utilis\u00e9s comme app\u00e2t.<\/li>\n<\/ul>\n<p>[\/vc_column_text][\/vc_column][vc_column width=\u00a0\u00bb1\/3&Prime;][vc_column_text]<div id=\"sidebar_ficha\"><a class=\"sidebar_breadcrumbs\" href=\"https:\/\/www.formentera.es\/fr\/lile\/flore-et-faune\/\"><i class=\"fa fa-angle-left\"><\/i>Retourner \u00e0 Flore et faune<\/a><div class=\"content_sidebar\"><div class=\"bloc_share\"><div class=\"blocs1\"><div class=\"tit_medium\">Partager<\/div><div class=\"redes_ficha\"><div class=\"fa fa-brands fa-x-twitter st-custom-button\" data-network=\"twitter\"><\/div><div class=\"fa fa-facebook st-custom-button\" data-network=\"facebook\"><\/div><div class=\"fa fa-pinterest-p st-custom-button\" data-network=\"pinterest\"><\/div><\/div><\/div><div class=\"blocs2\"><div class=\"tit_medium\">Envoyer \u00e0 un ami<\/div><div class=\"redes_ficha\"><div class=\"fa fa-envelope st-custom-button\" data-network=\"email\"><\/div><div class=\"fa fa-whatsapp st-custom-button\" data-network=\"whatsapp\"><\/div><\/div><\/div><\/div><\/div><\/div>[\/vc_column_text][\/vc_column][\/vc_row][vc_row full_width=\u00a0\u00bbstretch_row_content_no_spaces\u00a0\u00bb][vc_column][vc_column_text]<style>#jtg-1482 .modula-item .jtg-social a, .lightbox-socials.jtg-social a{ fill: #ffffff; color: #ffffff }#jtg-1482 .modula-item .jtg-social-mobile a{ fill: #ffffff; color: #ffffff }#jtg-1482 .modula-item .jtg-social svg, .lightbox-socials.jtg-social svg { height: 16px; width: 16px }#jtg-1482 .modula-item .jtg-social-mobile svg { height: 16px; width: 16px }#jtg-1482 .modula-item .jtg-social a:not(:last-child), .lightbox-socials.jtg-social a:not(:last-child) { margin-right: 10px }#jtg-1482 .modula-item .jtg-social-mobile .jtg-social-mobile-icons a:not(:last-child){ margin-right: 10px }#jtg-1482 .modula-item .figc {color:#ffffff;}#jtg-1482 .modula-item .modula-item-content { transform: scale(1) }#jtg-1482 .modula-items .figc p.description { font-size:14px; }#jtg-1482 .modula-items .figc p.description { color:#ffffff;}#jtg-1482.modula-gallery .modula-item > a, #jtg-1482.modula-gallery .modula-item, #jtg-1482.modula-gallery .modula-item-content > a:not(.modula-no-follow) { cursor:zoom-in; } #jtg-1482.modula-gallery .modula-item-content .modula-no-follow { cursor: default; } #jtg-1482 .modula-item { background-color:#000000; }#jtg-1482 .modula-item:hover img { opacity: 0.5; }#jtg-1482 .modula-item { transform: scale(1) translate(0px,0px) rotate(0deg); }@media screen and (max-width:480px){#jtg-1482 .modula-item .figc .jtg-title {  font-size: 12px; }#jtg-1482 .modula-items .figc p.description { color:#ffffff;font-size:10px; }}<\/style>\n<div  id=\"jtg-1482\" class=\"modula modula-gallery modula-custom-grid\" data-config=\"{&quot;height&quot;:800,&quot;tabletHeight&quot;:800,&quot;mobileHeight&quot;:800,&quot;desktopHeight&quot;:800,&quot;enableTwitter&quot;:false,&quot;enableWhatsapp&quot;:false,&quot;enableFacebook&quot;:false,&quot;enablePinterest&quot;:false,&quot;enableLinkedin&quot;:false,&quot;enableEmail&quot;:false,&quot;randomFactor&quot;:0.5,&quot;type&quot;:&quot;custom-grid&quot;,&quot;columns&quot;:12,&quot;gutter&quot;:10,&quot;mobileGutter&quot;:10,&quot;tabletGutter&quot;:10,&quot;desktopGutter&quot;:10,&quot;enableResponsive&quot;:true,&quot;tabletColumns&quot;:2,&quot;mobileColumns&quot;:1,&quot;lazyLoad&quot;:&quot;0&quot;,&quot;lightboxOpts&quot;:{&quot;animated&quot;:true,&quot;Thumbs&quot;:{&quot;type&quot;:&quot;modern&quot;,&quot;showOnStart&quot;:false},&quot;Toolbar&quot;:{&quot;display&quot;:{&quot;right&quot;:[&quot;close&quot;]},&quot;enabled&quot;:true},&quot;Carousel&quot;:{&quot;Panzoom&quot;:{&quot;touch&quot;:false},&quot;infinite&quot;:false},&quot;keyboard&quot;:{&quot;Escape&quot;:&quot;close&quot;,&quot;Delete&quot;:&quot;close&quot;,&quot;Backspace&quot;:&quot;close&quot;,&quot;PageUp&quot;:false,&quot;PageDown&quot;:false,&quot;ArrowUp&quot;:false,&quot;ArrowDown&quot;:false,&quot;ArrowRight&quot;:false,&quot;ArrowLeft&quot;:false},&quot;touch&quot;:false,&quot;backdropClick&quot;:false,&quot;l10n&quot;:{&quot;CLOSE&quot;:&quot;Close&quot;,&quot;NEXT&quot;:&quot;Next&quot;,&quot;PREV&quot;:&quot;Previous&quot;,&quot;Error&quot;:&quot;The requested content cannot be loaded. Please try again later.&quot;,&quot;PLAY_START&quot;:&quot;Start slideshow&quot;,&quot;PLAY_STOP&quot;:&quot;Pause slideshow&quot;,&quot;FULL_SCREEN&quot;:&quot;Full screen&quot;,&quot;THUMBS&quot;:&quot;Thumbnails&quot;,&quot;DOWNLOAD&quot;:&quot;Download&quot;,&quot;SHARE&quot;:&quot;Share&quot;,&quot;ZOOM&quot;:&quot;Zoom&quot;,&quot;EMAIL&quot;:&quot;Here is the link to the image : %%image_link%% and this is the link to the gallery : %%gallery_link%%&quot;,&quot;MODAL&quot;:&quot;You can close this modal content with the ESC key&quot;,&quot;ERROR&quot;:&quot;Something Went Wrong, Please Try Again Later&quot;,&quot;IMAGE_ERROR&quot;:&quot;Image Not Found&quot;,&quot;ELEMENT_NOT_FOUND&quot;:&quot;HTML Element Not Found&quot;,&quot;AJAX_NOT_FOUND&quot;:&quot;Error Loading AJAX : Not Found&quot;,&quot;AJAX_FORBIDDEN&quot;:&quot;Error Loading AJAX : Forbidden&quot;,&quot;IFRAME_ERROR&quot;:&quot;Error Loading Page&quot;,&quot;TOGGLE_ZOOM&quot;:&quot;Toggle zoom level&quot;,&quot;TOGGLE_THUMBS&quot;:&quot;Toggle thumbnails&quot;,&quot;TOGGLE_SLIDESHOW&quot;:&quot;Toggle slideshow&quot;,&quot;TOGGLE_FULLSCREEN&quot;:&quot;Toggle full-screen mode&quot;},&quot;Images&quot;:{&quot;Panzoom&quot;:{&quot;maxScale&quot;:2}},&quot;mainClass&quot;:&quot;modula-fancybox-container modula-lightbox-jtg-1482&quot;,&quot;Html&quot;:{&quot;videoAutoplay&quot;:0,&quot;videoTpl&quot;:&quot;&lt;video class=\\&quot;fancybox__html5video\\&quot; controls muted playsinline controlsList controlsList=\\&quot;nodownload\\&quot; poster=\\&quot;{{poster}}\\&quot; src=\\&quot;{{src}}\\&quot; type=\\&quot;{{format}}\\&quot; &gt;  Sorry, your browser doesn&#039;t support embedded videos, &lt;a href=\\&quot;{{src}}\\&quot;&gt; download &lt;\\\/a&gt; and watch with your favorite video player! &lt;\\\/video&gt;&quot;}},&quot;inView&quot;:false,&quot;email_subject&quot;:&quot;\\u00a1\\u00a1Mira esta impresionante imagen!!&quot;,&quot;email_message&quot;:&quot;Este es el enlace a la imagen: %%image_link%% y este es el enlace a la galer\\u00eda: %%gallery_link%%&quot;,&quot;lightbox&quot;:&quot;fancybox&quot;,&quot;filterClick&quot;:&quot;0&quot;,&quot;defaultActiveFilter&quot;:&quot;all&quot;}\">\n\n\t\n\t<div  class=\"modula-items\">\n\t\t<div class=\"modula-item effect-quiet jtg-filter-all jtg-filter-\" data-width=\"7\" data-height=\"5\" >\n\t<div class=\"modula-item-overlay\"><\/div>\n\n\t<div class=\"modula-item-content\">\n\n\t\t\t\t\n\t\t\t\t\t<a data-image-id=\"1484\" tabindex=\"0\" href=\"https:\/\/www.formentera.es\/wp-content\/uploads\/2018\/12\/Sergio-Arribas-1.jpg\" rel=\"jtg-1482\" data-caption=\"\" aria-label=\"Open image in lightbox\" role=\"button\" data-cyclefilter=\"show\" data-fancybox=\"jtg-1482\" class=\"tile-inner modula-item-link\"><\/a>\n\t\t\n\t\t<img loading=\"lazy\" decoding=\"async\" class=\"pic wp-image-1484\"  data-valign=\"middle\" data-halign=\"center\" alt=\"\" data-full=\"https:\/\/www.formentera.es\/wp-content\/uploads\/2018\/12\/Sergio-Arribas-1.jpg\" title=\"Sergio Arribas-1\" width=\"1900\" height=\"1425\" src=\"https:\/\/www.formentera.es\/wp-content\/uploads\/2018\/12\/Sergio-Arribas-1.jpg\" data-src=\"https:\/\/www.formentera.es\/wp-content\/uploads\/2018\/12\/Sergio-Arribas-1.jpg\" data-caption=\"\" srcset=\"https:\/\/www.formentera.es\/wp-content\/uploads\/2018\/12\/Sergio-Arribas-1.jpg 1900w, https:\/\/www.formentera.es\/wp-content\/uploads\/2018\/12\/Sergio-Arribas-1-300x225.jpg 300w, https:\/\/www.formentera.es\/wp-content\/uploads\/2018\/12\/Sergio-Arribas-1-768x576.jpg 768w, https:\/\/www.formentera.es\/wp-content\/uploads\/2018\/12\/Sergio-Arribas-1-1024x768.jpg 1024w\" sizes=\"auto, (max-width: 1900px) 100vw, 1900px\" \/>\n\t\t<div class=\"figc no-description\">\n\t\t\t<div class=\"figc-inner\">\n\t\t\t\t\t\t\t\t\t\t\t\t\t\t\t<\/div>\n\t\t<\/div>\n\n\t<\/div>\n\n<\/div><div class=\"modula-item effect-quiet jtg-filter-all jtg-filter-\" data-width=\"5\" data-height=\"5\" >\n\t<div class=\"modula-item-overlay\"><\/div>\n\n\t<div class=\"modula-item-content\">\n\n\t\t\t\t\n\t\t\t\t\t<a data-image-id=\"1485\" tabindex=\"0\" href=\"https:\/\/www.formentera.es\/wp-content\/uploads\/2018\/12\/shutterstock_39079966.jpg\" rel=\"jtg-1482\" data-caption=\"\" aria-label=\"Open image in lightbox\" role=\"button\" data-cyclefilter=\"show\" data-fancybox=\"jtg-1482\" class=\"tile-inner modula-item-link\"><\/a>\n\t\t\n\t\t<img loading=\"lazy\" decoding=\"async\" class=\"pic wp-image-1485\"  data-valign=\"middle\" data-halign=\"center\" alt=\"\" data-full=\"https:\/\/www.formentera.es\/wp-content\/uploads\/2018\/12\/shutterstock_39079966.jpg\" title=\"shutterstock_39079966\" width=\"1900\" height=\"1264\" src=\"https:\/\/www.formentera.es\/wp-content\/uploads\/2018\/12\/shutterstock_39079966.jpg\" data-src=\"https:\/\/www.formentera.es\/wp-content\/uploads\/2018\/12\/shutterstock_39079966.jpg\" data-caption=\"\" srcset=\"https:\/\/www.formentera.es\/wp-content\/uploads\/2018\/12\/shutterstock_39079966.jpg 1900w, https:\/\/www.formentera.es\/wp-content\/uploads\/2018\/12\/shutterstock_39079966-300x200.jpg 300w, https:\/\/www.formentera.es\/wp-content\/uploads\/2018\/12\/shutterstock_39079966-768x511.jpg 768w, https:\/\/www.formentera.es\/wp-content\/uploads\/2018\/12\/shutterstock_39079966-1024x681.jpg 1024w\" sizes=\"auto, (max-width: 1900px) 100vw, 1900px\" \/>\n\t\t<div class=\"figc no-description\">\n\t\t\t<div class=\"figc-inner\">\n\t\t\t\t\t\t\t\t\t\t\t\t\t\t\t<\/div>\n\t\t<\/div>\n\n\t<\/div>\n\n<\/div><div class=\"modula-item effect-quiet jtg-filter-all jtg-filter-\" data-width=\"12\" data-height=\"7\" >\n\t<div class=\"modula-item-overlay\"><\/div>\n\n\t<div class=\"modula-item-content\">\n\n\t\t\t\t\n\t\t\t\t\t<a data-image-id=\"1486\" tabindex=\"0\" href=\"https:\/\/www.formentera.es\/wp-content\/uploads\/2018\/12\/UpsideDown-Javier-Rodri\u0301guez-Pandozi7-1.jpg\" rel=\"jtg-1482\" data-caption=\"\" aria-label=\"Open image in lightbox\" role=\"button\" data-cyclefilter=\"show\" data-fancybox=\"jtg-1482\" class=\"tile-inner modula-item-link\"><\/a>\n\t\t\n\t\t<img loading=\"lazy\" decoding=\"async\" class=\"pic wp-image-1486\"  data-valign=\"middle\" data-halign=\"center\" alt=\"\" data-full=\"https:\/\/www.formentera.es\/wp-content\/uploads\/2018\/12\/UpsideDown-Javier-Rodri\u0301guez-Pandozi7-1.jpg\" title=\"UpsideDown Javier Rodri\u0301guez Pandozi7 (1)\" width=\"1900\" height=\"1267\" src=\"https:\/\/www.formentera.es\/wp-content\/uploads\/2018\/12\/UpsideDown-Javier-Rodri\u0301guez-Pandozi7-1.jpg\" data-src=\"https:\/\/www.formentera.es\/wp-content\/uploads\/2018\/12\/UpsideDown-Javier-Rodri\u0301guez-Pandozi7-1.jpg\" data-caption=\"\" srcset=\"https:\/\/www.formentera.es\/wp-content\/uploads\/2018\/12\/UpsideDown-Javier-Rodri\u0301guez-Pandozi7-1.jpg 1900w, https:\/\/www.formentera.es\/wp-content\/uploads\/2018\/12\/UpsideDown-Javier-Rodri\u0301guez-Pandozi7-1-300x200.jpg 300w, https:\/\/www.formentera.es\/wp-content\/uploads\/2018\/12\/UpsideDown-Javier-Rodri\u0301guez-Pandozi7-1-768x512.jpg 768w, https:\/\/www.formentera.es\/wp-content\/uploads\/2018\/12\/UpsideDown-Javier-Rodri\u0301guez-Pandozi7-1-1024x683.jpg 1024w\" sizes=\"auto, (max-width: 1900px) 100vw, 1900px\" \/>\n\t\t<div class=\"figc no-description\">\n\t\t\t<div class=\"figc-inner\">\n\t\t\t\t\t\t\t\t\t\t\t\t\t\t\t<\/div>\n\t\t<\/div>\n\n\t<\/div>\n\n<\/div>\t\t\n\t<\/div>\n\n\t\n\t\n\t<script type=\"application\/ld+json\">\n\t{\n\t\t\"@context\": \"http:\/\/schema.org\",\n\t\t\"@type\"   : \"ImageGallery\",\n\t\t\"id\"      : \"https:\/\/www.formentera.es\/fr\/lile\/flore-et-faune\/reserve-marine-de-la-punta-de-sa-creu\/\",\n\t\t\"url\"     : \"https:\/\/www.formentera.es\/fr\/lile\/flore-et-faune\/reserve-marine-de-la-punta-de-sa-creu\/\"\n\t}\n\n\t<\/script>\n\n\t\n<\/div>\n[\/vc_column_text][\/vc_column][\/vc_row][vc_row][vc_column][vc_column_text]<div id=\"siguexpl\" class=\"container sc\"><h2>Continuez \u00e0 explorer<\/h2><div class=\"row\"><a href=\"https:\/\/www.formentera.es\/fr\/explorer\/plages\/\" class=\"col-md-4\">\n\t\t\t\t\t\t<div class=\"row\">\n\t\t\t\t\t\t\t<div class=\"col-sm-4\" style=\"background-image: url(https:\/\/www.formentera.es\/wp-content\/uploads\/2025\/07\/illetas2025-300x225.webp)\"><\/div>\n\t\t\t\t\t\t\t<div class=\"col-sm-8\">\n\t\t\t\t\t\t\t\tPlages\n\t\t\t\t\t\t\t\t<i class=\"fa fa-angle-right\"><\/i>\n\t\t\t\t\t\t\t<\/div>\n\t\t\t\t\t\t\t<div class=\"bhover\"><\/div>\n\t\t\t\t\t\t<\/div>\n\t\t\t\t\t\t\n\t\t\t\t\t<\/a><a href=\"https:\/\/www.formentera.es\/fr\/lile\/\" class=\"col-md-4\">\n\t\t\t\t\t\t<div class=\"row\">\n\t\t\t\t\t\t\t<div class=\"col-sm-4\" style=\"background-image: url(https:\/\/www.formentera.es\/wp-content\/uploads\/2019\/01\/AdobeStock_68411178-300x179.jpg)\"><\/div>\n\t\t\t\t\t\t\t<div class=\"col-sm-8\">\n\t\t\t\t\t\t\t\tL\u2019\u00eele\n\t\t\t\t\t\t\t\t<i class=\"fa fa-angle-right\"><\/i>\n\t\t\t\t\t\t\t<\/div>\n\t\t\t\t\t\t\t<div class=\"bhover\"><\/div>\n\t\t\t\t\t\t<\/div>\n\t\t\t\t\t\t\n\t\t\t\t\t<\/a><a href=\"https:\/\/www.formentera.es\/fr\/explorer\/activites\/\" class=\"col-md-4\">\n\t\t\t\t\t\t<div class=\"row\">\n\t\t\t\t\t\t\t<div class=\"col-sm-4\" style=\"background-image: url(https:\/\/www.formentera.es\/wp-content\/uploads\/2018\/11\/ESCUELA-MUNICIPAL-DE-VELA-4NOMADAS-jjfoto\u0300graf-16-300x207.jpg)\"><\/div>\n\t\t\t\t\t\t\t<div class=\"col-sm-8\">\n\t\t\t\t\t\t\t\tActivit\u00e9s\n\t\t\t\t\t\t\t\t<i class=\"fa fa-angle-right\"><\/i>\n\t\t\t\t\t\t\t<\/div>\n\t\t\t\t\t\t\t<div class=\"bhover\"><\/div>\n\t\t\t\t\t\t<\/div>\n\t\t\t\t\t\t\n\t\t\t\t\t<\/a><\/div><\/div>[\/vc_column_text][\/vc_column][\/vc_row][vc_row full_width=\u00a0\u00bbstretch_row_content\u00a0\u00bb equal_height=\u00a0\u00bbyes\u00a0\u00bb css=\u00a0\u00bb.vc_custom_1549021610907{padding-top: 80px !important;}\u00a0\u00bb el_class=\u00a0\u00bbbloque_maseventos\u00a0\u00bb][vc_column][vc_column_text el_class=\u00a0\u00bbh1&Prime;]<\/p>\n<h2 style=\"text-align: center;\">\u00c9v\u00e9nements \u00e0 Formentera<\/h2>\n<p>[\/vc_column_text][vc_basic_grid post_type=\u00a0\u00bbpost\u00a0\u00bb max_items=\u00a0\u00bb3&Prime; orderby=\u00a0\u00bbrand\u00a0\u00bb item=\u00a0\u00bb1524&Prime; grid_id=\u00a0\u00bbvc_gid:1553177922405-1135ecd9-3962-7&Prime; taxonomies=\u00a0\u00bb17&Prime;][vc_btn title=\u00a0\u00bbPlus d&rsquo;\u00e9v\u00e9nements\u00a0\u00bb style=\u00a0\u00bbflat\u00a0\u00bb shape=\u00a0\u00bbsquare\u00a0\u00bb color=\u00a0\u00bbwhite\u00a0\u00bb size=\u00a0\u00bblg\u00a0\u00bb align=\u00a0\u00bbcenter\u00a0\u00bb i_align=\u00a0\u00bbright\u00a0\u00bb i_type=\u00a0\u00bbentypo\u00a0\u00bb i_icon_entypo=\u00a0\u00bbentypo-icon entypo-icon-right-open-big\u00a0\u00bb add_icon=\u00a0\u00bbtrue\u00a0\u00bb el_class=\u00a0\u00bbbtn_more\u00a0\u00bb link=\u00a0\u00bburl:https%3A%2F%2Fwww.formentera.es%2Ffr%2Fevenements|||\u00a0\u00bb][\/vc_column][\/vc_row]<\/p>\n<\/div>","protected":false},"excerpt":{"rendered":"<p>[vc_row full_width=\u00a0\u00bbstretch_row\u00a0\u00bb][vc_column width=\u00a0\u00bb2\/3&Prime; css=\u00a0\u00bb.vc_custom_1530269560078{padding-right: 5% !important;}\u00a0\u00bb][vc_column_text el_class=\u00a0\u00bbtexto_ficha\u00a0\u00bb] P\u00eacher la R\u00e9serve Marine de Sa Punta de [&hellip;]<\/p>\n","protected":false},"author":1,"featured_media":5145,"parent":5122,"menu_order":0,"comment_status":"closed","ping_status":"closed","template":"page-ficha.php","meta":{"_acf_changed":false,"footnotes":""},"categories":[],"class_list":["post-5144","page","type-page","status-publish","hentry"],"acf":[],"yoast_head":"<!-- This site is optimized with the Yoast SEO plugin v25.5 - https:\/\/yoast.com\/wordpress\/plugins\/seo\/ -->\n<title>R\u00e9serve Marine de la Punta de Sa creu | Turismo de Formentera<\/title>\n<meta name=\"robots\" content=\"index, follow, max-snippet:-1, max-image-preview:large, max-video-preview:-1\" \/>\n<link rel=\"canonical\" href=\"https:\/\/www.formentera.es\/la-isla\/flora-y-fauna\/reserva-marina-de-la-punta-de-sa-creu\/\" \/>\n<meta property=\"og:locale\" content=\"fr_FR\" \/>\n<meta property=\"og:type\" content=\"article\" \/>\n<meta property=\"og:title\" content=\"R\u00e9serve Marine de la Punta de Sa creu | Turismo de Formentera\" \/>\n<meta property=\"og:description\" content=\"[vc_row full_width=\u00a0\u00bbstretch_row\u00a0\u00bb][vc_column width=\u00a0\u00bb2\/3&Prime; css=\u00a0\u00bb.vc_custom_1530269560078{padding-right: 5% !important;}\u00a0\u00bb][vc_column_text el_class=\u00a0\u00bbtexto_ficha\u00a0\u00bb] P\u00eacher la R\u00e9serve Marine de Sa Punta de [&hellip;]\" \/>\n<meta property=\"og:url\" content=\"https:\/\/www.formentera.es\/la-isla\/flora-y-fauna\/reserva-marina-de-la-punta-de-sa-creu\/\" \/>\n<meta property=\"og:site_name\" content=\"Turismo de Formentera\" \/>\n<meta property=\"article:publisher\" content=\"https:\/\/www.facebook.com\/turismoformentera\/\" \/>\n<meta property=\"article:modified_time\" content=\"2019-03-21T14:20:24+00:00\" \/>\n<meta property=\"og:image\" content=\"https:\/\/www.formentera.es\/wp-content\/uploads\/2019\/01\/LLAUD-1-ALEX-MARTIN-E.jpg\" \/>\n\t<meta property=\"og:image:width\" content=\"1900\" \/>\n\t<meta property=\"og:image:height\" content=\"1425\" \/>\n\t<meta property=\"og:image:type\" content=\"image\/jpeg\" \/>\n<meta name=\"twitter:card\" content=\"summary_large_image\" \/>\n<meta name=\"twitter:site\" content=\"@visitformentera\" \/>\n<meta name=\"twitter:label1\" content=\"Dur\u00e9e de lecture estim\u00e9e\" \/>\n\t<meta name=\"twitter:data1\" content=\"2 minutes\" \/>\n<script type=\"application\/ld+json\" class=\"yoast-schema-graph\">{\"@context\":\"https:\/\/schema.org\",\"@graph\":[{\"@type\":\"WebPage\",\"@id\":\"https:\/\/www.formentera.es\/la-isla\/flora-y-fauna\/reserva-marina-de-la-punta-de-sa-creu\/\",\"url\":\"https:\/\/www.formentera.es\/la-isla\/flora-y-fauna\/reserva-marina-de-la-punta-de-sa-creu\/\",\"name\":\"R\u00e9serve Marine de la Punta de Sa creu | Turismo de Formentera\",\"isPartOf\":{\"@id\":\"https:\/\/www.formentera.es\/#website\"},\"primaryImageOfPage\":{\"@id\":\"https:\/\/www.formentera.es\/la-isla\/flora-y-fauna\/reserva-marina-de-la-punta-de-sa-creu\/#primaryimage\"},\"image\":{\"@id\":\"https:\/\/www.formentera.es\/la-isla\/flora-y-fauna\/reserva-marina-de-la-punta-de-sa-creu\/#primaryimage\"},\"thumbnailUrl\":\"https:\/\/www.formentera.es\/wp-content\/uploads\/2019\/01\/LLAUD-1-ALEX-MARTIN-E.jpg\",\"datePublished\":\"2018-12-12T15:15:26+00:00\",\"dateModified\":\"2019-03-21T14:20:24+00:00\",\"breadcrumb\":{\"@id\":\"https:\/\/www.formentera.es\/la-isla\/flora-y-fauna\/reserva-marina-de-la-punta-de-sa-creu\/#breadcrumb\"},\"inLanguage\":\"fr-FR\",\"potentialAction\":[{\"@type\":\"ReadAction\",\"target\":[\"https:\/\/www.formentera.es\/la-isla\/flora-y-fauna\/reserva-marina-de-la-punta-de-sa-creu\/\"]}]},{\"@type\":\"ImageObject\",\"inLanguage\":\"fr-FR\",\"@id\":\"https:\/\/www.formentera.es\/la-isla\/flora-y-fauna\/reserva-marina-de-la-punta-de-sa-creu\/#primaryimage\",\"url\":\"https:\/\/www.formentera.es\/wp-content\/uploads\/2019\/01\/LLAUD-1-ALEX-MARTIN-E.jpg\",\"contentUrl\":\"https:\/\/www.formentera.es\/wp-content\/uploads\/2019\/01\/LLAUD-1-ALEX-MARTIN-E.jpg\",\"width\":1900,\"height\":1425},{\"@type\":\"BreadcrumbList\",\"@id\":\"https:\/\/www.formentera.es\/la-isla\/flora-y-fauna\/reserva-marina-de-la-punta-de-sa-creu\/#breadcrumb\",\"itemListElement\":[{\"@type\":\"ListItem\",\"position\":1,\"name\":\"Portada\",\"item\":\"https:\/\/www.formentera.es\/fr\/\"},{\"@type\":\"ListItem\",\"position\":2,\"name\":\"L\u2019\u00eele\",\"item\":\"https:\/\/www.formentera.es\/fr\/lile\/\"},{\"@type\":\"ListItem\",\"position\":3,\"name\":\"Flore et faune\",\"item\":\"https:\/\/www.formentera.es\/fr\/lile\/flore-et-faune\/\"},{\"@type\":\"ListItem\",\"position\":4,\"name\":\"R\u00e9serve Marine de la Punta de Sa creu\"}]},{\"@type\":\"WebSite\",\"@id\":\"https:\/\/www.formentera.es\/#website\",\"url\":\"https:\/\/www.formentera.es\/\",\"name\":\"Turismo de Formentera\",\"description\":\"Web oficial de Turismo de Formentera\",\"potentialAction\":[{\"@type\":\"SearchAction\",\"target\":{\"@type\":\"EntryPoint\",\"urlTemplate\":\"https:\/\/www.formentera.es\/?s={search_term_string}\"},\"query-input\":{\"@type\":\"PropertyValueSpecification\",\"valueRequired\":true,\"valueName\":\"search_term_string\"}}],\"inLanguage\":\"fr-FR\"}]}<\/script>\n<!-- \/ Yoast SEO plugin. -->","yoast_head_json":{"title":"R\u00e9serve Marine de la Punta de Sa creu | Turismo de Formentera","robots":{"index":"index","follow":"follow","max-snippet":"max-snippet:-1","max-image-preview":"max-image-preview:large","max-video-preview":"max-video-preview:-1"},"canonical":"https:\/\/www.formentera.es\/la-isla\/flora-y-fauna\/reserva-marina-de-la-punta-de-sa-creu\/","og_locale":"fr_FR","og_type":"article","og_title":"R\u00e9serve Marine de la Punta de Sa creu | Turismo de Formentera","og_description":"[vc_row full_width=\u00a0\u00bbstretch_row\u00a0\u00bb][vc_column width=\u00a0\u00bb2\/3&Prime; css=\u00a0\u00bb.vc_custom_1530269560078{padding-right: 5% !important;}\u00a0\u00bb][vc_column_text el_class=\u00a0\u00bbtexto_ficha\u00a0\u00bb] P\u00eacher la R\u00e9serve Marine de Sa Punta de [&hellip;]","og_url":"https:\/\/www.formentera.es\/la-isla\/flora-y-fauna\/reserva-marina-de-la-punta-de-sa-creu\/","og_site_name":"Turismo de Formentera","article_publisher":"https:\/\/www.facebook.com\/turismoformentera\/","article_modified_time":"2019-03-21T14:20:24+00:00","og_image":[{"width":1900,"height":1425,"url":"https:\/\/www.formentera.es\/wp-content\/uploads\/2019\/01\/LLAUD-1-ALEX-MARTIN-E.jpg","type":"image\/jpeg"}],"twitter_card":"summary_large_image","twitter_site":"@visitformentera","twitter_misc":{"Dur\u00e9e de lecture estim\u00e9e":"2 minutes"},"schema":{"@context":"https:\/\/schema.org","@graph":[{"@type":"WebPage","@id":"https:\/\/www.formentera.es\/la-isla\/flora-y-fauna\/reserva-marina-de-la-punta-de-sa-creu\/","url":"https:\/\/www.formentera.es\/la-isla\/flora-y-fauna\/reserva-marina-de-la-punta-de-sa-creu\/","name":"R\u00e9serve Marine de la Punta de Sa creu | Turismo de Formentera","isPartOf":{"@id":"https:\/\/www.formentera.es\/#website"},"primaryImageOfPage":{"@id":"https:\/\/www.formentera.es\/la-isla\/flora-y-fauna\/reserva-marina-de-la-punta-de-sa-creu\/#primaryimage"},"image":{"@id":"https:\/\/www.formentera.es\/la-isla\/flora-y-fauna\/reserva-marina-de-la-punta-de-sa-creu\/#primaryimage"},"thumbnailUrl":"https:\/\/www.formentera.es\/wp-content\/uploads\/2019\/01\/LLAUD-1-ALEX-MARTIN-E.jpg","datePublished":"2018-12-12T15:15:26+00:00","dateModified":"2019-03-21T14:20:24+00:00","breadcrumb":{"@id":"https:\/\/www.formentera.es\/la-isla\/flora-y-fauna\/reserva-marina-de-la-punta-de-sa-creu\/#breadcrumb"},"inLanguage":"fr-FR","potentialAction":[{"@type":"ReadAction","target":["https:\/\/www.formentera.es\/la-isla\/flora-y-fauna\/reserva-marina-de-la-punta-de-sa-creu\/"]}]},{"@type":"ImageObject","inLanguage":"fr-FR","@id":"https:\/\/www.formentera.es\/la-isla\/flora-y-fauna\/reserva-marina-de-la-punta-de-sa-creu\/#primaryimage","url":"https:\/\/www.formentera.es\/wp-content\/uploads\/2019\/01\/LLAUD-1-ALEX-MARTIN-E.jpg","contentUrl":"https:\/\/www.formentera.es\/wp-content\/uploads\/2019\/01\/LLAUD-1-ALEX-MARTIN-E.jpg","width":1900,"height":1425},{"@type":"BreadcrumbList","@id":"https:\/\/www.formentera.es\/la-isla\/flora-y-fauna\/reserva-marina-de-la-punta-de-sa-creu\/#breadcrumb","itemListElement":[{"@type":"ListItem","position":1,"name":"Portada","item":"https:\/\/www.formentera.es\/fr\/"},{"@type":"ListItem","position":2,"name":"L\u2019\u00eele","item":"https:\/\/www.formentera.es\/fr\/lile\/"},{"@type":"ListItem","position":3,"name":"Flore et faune","item":"https:\/\/www.formentera.es\/fr\/lile\/flore-et-faune\/"},{"@type":"ListItem","position":4,"name":"R\u00e9serve Marine de la Punta de Sa creu"}]},{"@type":"WebSite","@id":"https:\/\/www.formentera.es\/#website","url":"https:\/\/www.formentera.es\/","name":"Turismo de Formentera","description":"Web oficial de Turismo de Formentera","potentialAction":[{"@type":"SearchAction","target":{"@type":"EntryPoint","urlTemplate":"https:\/\/www.formentera.es\/?s={search_term_string}"},"query-input":{"@type":"PropertyValueSpecification","valueRequired":true,"valueName":"search_term_string"}}],"inLanguage":"fr-FR"}]}},"_links":{"self":[{"href":"https:\/\/www.formentera.es\/fr\/wp-json\/wp\/v2\/pages\/5144","targetHints":{"allow":["GET"]}}],"collection":[{"href":"https:\/\/www.formentera.es\/fr\/wp-json\/wp\/v2\/pages"}],"about":[{"href":"https:\/\/www.formentera.es\/fr\/wp-json\/wp\/v2\/types\/page"}],"author":[{"embeddable":true,"href":"https:\/\/www.formentera.es\/fr\/wp-json\/wp\/v2\/users\/1"}],"replies":[{"embeddable":true,"href":"https:\/\/www.formentera.es\/fr\/wp-json\/wp\/v2\/comments?post=5144"}],"version-history":[{"count":0,"href":"https:\/\/www.formentera.es\/fr\/wp-json\/wp\/v2\/pages\/5144\/revisions"}],"up":[{"embeddable":true,"href":"https:\/\/www.formentera.es\/fr\/wp-json\/wp\/v2\/pages\/5122"}],"wp:featuredmedia":[{"embeddable":true,"href":"https:\/\/www.formentera.es\/fr\/wp-json\/wp\/v2\/media\/5145"}],"wp:attachment":[{"href":"https:\/\/www.formentera.es\/fr\/wp-json\/wp\/v2\/media?parent=5144"}],"wp:term":[{"taxonomy":"category","embeddable":true,"href":"https:\/\/www.formentera.es\/fr\/wp-json\/wp\/v2\/categories?post=5144"}],"curies":[{"name":"wp","href":"https:\/\/api.w.org\/{rel}","templated":true}]}}