{"id":5122,"date":"2018-12-12T07:34:30","date_gmt":"2018-12-12T09:34:30","guid":{"rendered":"https:\/\/www.formentera.es\/lile\/flora-y-fauna\/"},"modified":"2025-09-04T12:23:17","modified_gmt":"2025-09-04T10:23:17","slug":"flore-et-faune","status":"publish","type":"page","link":"https:\/\/www.formentera.es\/fr\/lile\/flore-et-faune\/","title":{"rendered":"Flore et faune"},"content":{"rendered":"<div class=\"wpb-content-wrapper\"><p>[vc_row full_width=\u00a0\u00bbstretch_row_content_no_spaces\u00a0\u00bb equal_height=\u00a0\u00bbyes\u00a0\u00bb content_placement=\u00a0\u00bbbottom\u00a0\u00bb css=\u00a0\u00bb.vc_custom_1546502656253{background-image: url(https:\/\/www.formentera.es\/wp-content\/uploads\/2019\/01\/florayfaunaformentera_header.jpg?id=1689) !important;background-position: center !important;background-repeat: no-repeat !important;background-size: cover !important;}\u00a0\u00bb el_id=\u00a0\u00bbtop_categoria\u00a0\u00bb el_class=\u00a0\u00bbcategoria2&Prime;][vc_column width=\u00a0\u00bb1\/2&Prime; css=\u00a0\u00bb.vc_custom_1546502335334{background-position: center !important;background-repeat: no-repeat !important;background-size: cover !important;}\u00a0\u00bb][vc_column_text]<\/p>\n<h1>Flore et faune de Formentera<\/h1>\n<p>[\/vc_column_text][\/vc_column][vc_column width=\u00a0\u00bb1\/2&Prime; css=\u00a0\u00bb.vc_custom_1756981395581{background-color: #30A8A2 !important;}\u00a0\u00bb][vc_column_text]La petite \u00eele de Formentera a toujours attir\u00e9 l\u2019attention pour ses paysages m\u00e9diterran\u00e9ens incroyables qui ont attir\u00e9 tant de visiteurs. Sans aucun doute, rentrer dans le <strong>Parc Naturel de Ses Salines d\u2019Eivissa et Formentera<\/strong> est la meilleure fa\u00e7on de d\u00e9couvrir la faune et la flore vari\u00e9es, propres aux \u00eeles Pitiusas.<\/p>\n<p>Des pins et des gen\u00e9vriers forment le paysage des for\u00eats alors que les dunes et les arbustes longent les plages et les \u00e9tangs de la c\u00f4te. Nous trouverons \u00e9galement sous la mer l\u2019un des protagonistes essentiels de cet \u00e9cosyst\u00e8me, la <strong>Posidonie<\/strong>, plante marine sans laquelle cette \u00eele ne serait pas la m\u00eame.<\/p>\n<p>La faune de l\u2019\u00eele est \u00e9galement tr\u00e8s vari\u00e9e, avec plus de 210 types d\u2019oiseaux recens\u00e9s qui ont trouv\u00e9 ici leur foyer, que ce soit de fa\u00e7on permanente ou en faisant un arr\u00eat pendant leurs longs voyages migratoires. Les l\u00e9zards autochtones aux couleurs voyantes sont \u00e9galement l\u2019un des animaux les plus embl\u00e9matiques de l\u2019\u00eele que l\u2019on peut d\u00e9couvrir facilement en train de prendre le soleil \u00e0 n\u2019importe quel endroit de l\u2019\u00eele.<\/p>\n<p>En d\u00e9finitive, Formentera, et tout particuli\u00e8rement le parc naturel, est une visite unique pour ceux qui souhaitent d\u00e9couvrir la M\u00e9diterran\u00e9e et sa vaste biodiversit\u00e9.<br \/>\n[\/vc_column_text][\/vc_column][\/vc_row][vc_row full_width=\u00a0\u00bbstretch_row_content\u00a0\u00bb equal_height=\u00a0\u00bbyes\u00a0\u00bb][vc_column][vc_column_text el_class=\u00a0\u00bbh1&Prime;]<\/p>\n<h2>Flore et faune. Parc Naturel.<\/h2>\n<p>[\/vc_column_text][\/vc_column][\/vc_row][vc_row full_width=\u00a0\u00bbstretch_row_content\u00a0\u00bb][vc_column][vc_basic_grid post_type=\u00a0\u00bbcustom\u00a0\u00bb item=\u00a0\u00bb60&Prime; grid_id=\u00a0\u00bbvc_gid:1756981386562-d4f8a6c9-fb91-7&Prime; custom_query=\u00a0\u00bbpost_type=page&amp;post_parent=1331&amp;orderby=rand\u00a0\u00bb][\/vc_column][\/vc_row][vc_row full_width=\u00a0\u00bbstretch_row_content\u00a0\u00bb css=\u00a0\u00bb.vc_custom_1548954435133{padding-top: 80px !important;}\u00a0\u00bb el_class=\u00a0\u00bbbloque_maseventos\u00a0\u00bb][vc_column][vc_column_text el_class=\u00a0\u00bbh1&Prime;]<\/p>\n<h2>\u00c9v\u00e9nements \u00e0 Formentera<\/h2>\n<p>[\/vc_column_text][vc_basic_grid post_type=\u00a0\u00bbpost\u00a0\u00bb max_items=\u00a0\u00bb2&Prime; element_width=\u00a0\u00bb6&Prime; orderby=\u00a0\u00bbrand\u00a0\u00bb item=\u00a0\u00bb1532&Prime; grid_id=\u00a0\u00bbvc_gid:1756981386562-66e089fb-af65-8&Prime; taxonomies=\u00a0\u00bb17&Prime;][vc_btn title=\u00a0\u00bbPlus d&rsquo;\u00e9v\u00e9nements\u00a0\u00bb style=\u00a0\u00bbflat\u00a0\u00bb shape=\u00a0\u00bbsquare\u00a0\u00bb color=\u00a0\u00bbwhite\u00a0\u00bb size=\u00a0\u00bblg\u00a0\u00bb align=\u00a0\u00bbcenter\u00a0\u00bb i_align=\u00a0\u00bbright\u00a0\u00bb i_type=\u00a0\u00bbentypo\u00a0\u00bb i_icon_entypo=\u00a0\u00bbentypo-icon entypo-icon-right-open-big\u00a0\u00bb add_icon=\u00a0\u00bbtrue\u00a0\u00bb el_class=\u00a0\u00bbbtn_more\u00a0\u00bb link=\u00a0\u00bburl:https%3A%2F%2Fwww.formentera.es%2Feventos%2F|||\u00a0\u00bb][\/vc_column][\/vc_row]<\/p>\n<\/div>","protected":false},"excerpt":{"rendered":"<p>[vc_row full_width=\u00a0\u00bbstretch_row_content_no_spaces\u00a0\u00bb equal_height=\u00a0\u00bbyes\u00a0\u00bb content_placement=\u00a0\u00bbbottom\u00a0\u00bb css=\u00a0\u00bb.vc_custom_1546502656253{background-image: url(https:\/\/www.formentera.es\/wp-content\/uploads\/2019\/01\/florayfaunaformentera_header.jpg?id=1689) !important;background-position: center !important;background-repeat: no-repeat !important;background-size: cover !important;}\u00a0\u00bb el_id=\u00a0\u00bbtop_categoria\u00a0\u00bb el_class=\u00a0\u00bbcategoria2&Prime;][vc_column [&hellip;]<\/p>\n","protected":false},"author":1,"featured_media":5124,"parent":5096,"menu_order":0,"comment_status":"closed","ping_status":"closed","template":"","meta":{"_acf_changed":false,"footnotes":""},"categories":[],"class_list":["post-5122","page","type-page","status-publish","hentry"],"acf":[],"yoast_head":"<!-- This site is optimized with the Yoast SEO plugin v25.5 - https:\/\/yoast.com\/wordpress\/plugins\/seo\/ -->\n<title>La flora y fauna de Formentera | Turismo de Formentera<\/title>\n<meta name=\"description\" content=\"Descubre la flora y fauna aut\u00f3ctona de Formentera. Uuna visita \u00fanica para aquellos que quieran conocer el Mediterr\u00e1neo y su amplia biodiversidad.\" \/>\n<meta name=\"robots\" content=\"index, follow, max-snippet:-1, max-image-preview:large, max-video-preview:-1\" \/>\n<link rel=\"canonical\" href=\"https:\/\/www.formentera.es\/fr\/lile\/flore-et-faune\/\" \/>\n<meta property=\"og:locale\" content=\"fr_FR\" \/>\n<meta property=\"og:type\" content=\"article\" \/>\n<meta property=\"og:title\" content=\"La flora y fauna de Formentera | Turismo de Formentera\" \/>\n<meta property=\"og:description\" content=\"Descubre la flora y fauna aut\u00f3ctona de Formentera. Uuna visita \u00fanica para aquellos que quieran conocer el Mediterr\u00e1neo y su amplia biodiversidad.\" \/>\n<meta property=\"og:url\" content=\"https:\/\/www.formentera.es\/fr\/lile\/flore-et-faune\/\" \/>\n<meta property=\"og:site_name\" content=\"Turismo de Formentera\" \/>\n<meta property=\"article:publisher\" content=\"https:\/\/www.facebook.com\/turismoformentera\/\" \/>\n<meta property=\"article:modified_time\" content=\"2025-09-04T10:23:17+00:00\" \/>\n<meta property=\"og:image\" content=\"https:\/\/www.formentera.es\/wp-content\/uploads\/2018\/11\/Flamencos-Jose-A.-Arribas-Beni2008.jpg\" \/>\n\t<meta property=\"og:image:width\" content=\"1900\" \/>\n\t<meta property=\"og:image:height\" content=\"950\" \/>\n\t<meta property=\"og:image:type\" content=\"image\/jpeg\" \/>\n<meta name=\"twitter:card\" content=\"summary_large_image\" \/>\n<meta name=\"twitter:site\" content=\"@visitformentera\" \/>\n<meta name=\"twitter:label1\" content=\"Dur\u00e9e de lecture estim\u00e9e\" \/>\n\t<meta name=\"twitter:data1\" content=\"2 minutes\" \/>\n<script type=\"application\/ld+json\" class=\"yoast-schema-graph\">{\"@context\":\"https:\/\/schema.org\",\"@graph\":[{\"@type\":\"WebPage\",\"@id\":\"https:\/\/www.formentera.es\/fr\/lile\/flore-et-faune\/\",\"url\":\"https:\/\/www.formentera.es\/fr\/lile\/flore-et-faune\/\",\"name\":\"La flora y fauna de Formentera | Turismo de Formentera\",\"isPartOf\":{\"@id\":\"https:\/\/www.formentera.es\/#website\"},\"primaryImageOfPage\":{\"@id\":\"https:\/\/www.formentera.es\/fr\/lile\/flore-et-faune\/#primaryimage\"},\"image\":{\"@id\":\"https:\/\/www.formentera.es\/fr\/lile\/flore-et-faune\/#primaryimage\"},\"thumbnailUrl\":\"https:\/\/www.formentera.es\/wp-content\/uploads\/2018\/11\/Flamencos-Jose-A.-Arribas-Beni2008.jpg\",\"datePublished\":\"2018-12-12T09:34:30+00:00\",\"dateModified\":\"2025-09-04T10:23:17+00:00\",\"description\":\"Descubre la flora y fauna aut\u00f3ctona de Formentera. Uuna visita \u00fanica para aquellos que quieran conocer el Mediterr\u00e1neo y su amplia biodiversidad.\",\"breadcrumb\":{\"@id\":\"https:\/\/www.formentera.es\/fr\/lile\/flore-et-faune\/#breadcrumb\"},\"inLanguage\":\"fr-FR\",\"potentialAction\":[{\"@type\":\"ReadAction\",\"target\":[\"https:\/\/www.formentera.es\/fr\/lile\/flore-et-faune\/\"]}]},{\"@type\":\"ImageObject\",\"inLanguage\":\"fr-FR\",\"@id\":\"https:\/\/www.formentera.es\/fr\/lile\/flore-et-faune\/#primaryimage\",\"url\":\"https:\/\/www.formentera.es\/wp-content\/uploads\/2018\/11\/Flamencos-Jose-A.-Arribas-Beni2008.jpg\",\"contentUrl\":\"https:\/\/www.formentera.es\/wp-content\/uploads\/2018\/11\/Flamencos-Jose-A.-Arribas-Beni2008.jpg\",\"width\":1900,\"height\":950},{\"@type\":\"BreadcrumbList\",\"@id\":\"https:\/\/www.formentera.es\/fr\/lile\/flore-et-faune\/#breadcrumb\",\"itemListElement\":[{\"@type\":\"ListItem\",\"position\":1,\"name\":\"Portada\",\"item\":\"https:\/\/www.formentera.es\/fr\/\"},{\"@type\":\"ListItem\",\"position\":2,\"name\":\"L\u2019\u00eele\",\"item\":\"https:\/\/www.formentera.es\/fr\/lile\/\"},{\"@type\":\"ListItem\",\"position\":3,\"name\":\"Flore et faune\"}]},{\"@type\":\"WebSite\",\"@id\":\"https:\/\/www.formentera.es\/#website\",\"url\":\"https:\/\/www.formentera.es\/\",\"name\":\"Turismo de Formentera\",\"description\":\"Web oficial de Turismo de Formentera\",\"potentialAction\":[{\"@type\":\"SearchAction\",\"target\":{\"@type\":\"EntryPoint\",\"urlTemplate\":\"https:\/\/www.formentera.es\/?s={search_term_string}\"},\"query-input\":{\"@type\":\"PropertyValueSpecification\",\"valueRequired\":true,\"valueName\":\"search_term_string\"}}],\"inLanguage\":\"fr-FR\"}]}<\/script>\n<!-- \/ Yoast SEO plugin. -->","yoast_head_json":{"title":"La flora y fauna de Formentera | Turismo de Formentera","description":"Descubre la flora y fauna aut\u00f3ctona de Formentera. Uuna visita \u00fanica para aquellos que quieran conocer el Mediterr\u00e1neo y su amplia biodiversidad.","robots":{"index":"index","follow":"follow","max-snippet":"max-snippet:-1","max-image-preview":"max-image-preview:large","max-video-preview":"max-video-preview:-1"},"canonical":"https:\/\/www.formentera.es\/fr\/lile\/flore-et-faune\/","og_locale":"fr_FR","og_type":"article","og_title":"La flora y fauna de Formentera | Turismo de Formentera","og_description":"Descubre la flora y fauna aut\u00f3ctona de Formentera. Uuna visita \u00fanica para aquellos que quieran conocer el Mediterr\u00e1neo y su amplia biodiversidad.","og_url":"https:\/\/www.formentera.es\/fr\/lile\/flore-et-faune\/","og_site_name":"Turismo de Formentera","article_publisher":"https:\/\/www.facebook.com\/turismoformentera\/","article_modified_time":"2025-09-04T10:23:17+00:00","og_image":[{"width":1900,"height":950,"url":"https:\/\/www.formentera.es\/wp-content\/uploads\/2018\/11\/Flamencos-Jose-A.-Arribas-Beni2008.jpg","type":"image\/jpeg"}],"twitter_card":"summary_large_image","twitter_site":"@visitformentera","twitter_misc":{"Dur\u00e9e de lecture estim\u00e9e":"2 minutes"},"schema":{"@context":"https:\/\/schema.org","@graph":[{"@type":"WebPage","@id":"https:\/\/www.formentera.es\/fr\/lile\/flore-et-faune\/","url":"https:\/\/www.formentera.es\/fr\/lile\/flore-et-faune\/","name":"La flora y fauna de Formentera | Turismo de Formentera","isPartOf":{"@id":"https:\/\/www.formentera.es\/#website"},"primaryImageOfPage":{"@id":"https:\/\/www.formentera.es\/fr\/lile\/flore-et-faune\/#primaryimage"},"image":{"@id":"https:\/\/www.formentera.es\/fr\/lile\/flore-et-faune\/#primaryimage"},"thumbnailUrl":"https:\/\/www.formentera.es\/wp-content\/uploads\/2018\/11\/Flamencos-Jose-A.-Arribas-Beni2008.jpg","datePublished":"2018-12-12T09:34:30+00:00","dateModified":"2025-09-04T10:23:17+00:00","description":"Descubre la flora y fauna aut\u00f3ctona de Formentera. Uuna visita \u00fanica para aquellos que quieran conocer el Mediterr\u00e1neo y su amplia biodiversidad.","breadcrumb":{"@id":"https:\/\/www.formentera.es\/fr\/lile\/flore-et-faune\/#breadcrumb"},"inLanguage":"fr-FR","potentialAction":[{"@type":"ReadAction","target":["https:\/\/www.formentera.es\/fr\/lile\/flore-et-faune\/"]}]},{"@type":"ImageObject","inLanguage":"fr-FR","@id":"https:\/\/www.formentera.es\/fr\/lile\/flore-et-faune\/#primaryimage","url":"https:\/\/www.formentera.es\/wp-content\/uploads\/2018\/11\/Flamencos-Jose-A.-Arribas-Beni2008.jpg","contentUrl":"https:\/\/www.formentera.es\/wp-content\/uploads\/2018\/11\/Flamencos-Jose-A.-Arribas-Beni2008.jpg","width":1900,"height":950},{"@type":"BreadcrumbList","@id":"https:\/\/www.formentera.es\/fr\/lile\/flore-et-faune\/#breadcrumb","itemListElement":[{"@type":"ListItem","position":1,"name":"Portada","item":"https:\/\/www.formentera.es\/fr\/"},{"@type":"ListItem","position":2,"name":"L\u2019\u00eele","item":"https:\/\/www.formentera.es\/fr\/lile\/"},{"@type":"ListItem","position":3,"name":"Flore et faune"}]},{"@type":"WebSite","@id":"https:\/\/www.formentera.es\/#website","url":"https:\/\/www.formentera.es\/","name":"Turismo de Formentera","description":"Web oficial de Turismo de Formentera","potentialAction":[{"@type":"SearchAction","target":{"@type":"EntryPoint","urlTemplate":"https:\/\/www.formentera.es\/?s={search_term_string}"},"query-input":{"@type":"PropertyValueSpecification","valueRequired":true,"valueName":"search_term_string"}}],"inLanguage":"fr-FR"}]}},"_links":{"self":[{"href":"https:\/\/www.formentera.es\/fr\/wp-json\/wp\/v2\/pages\/5122","targetHints":{"allow":["GET"]}}],"collection":[{"href":"https:\/\/www.formentera.es\/fr\/wp-json\/wp\/v2\/pages"}],"about":[{"href":"https:\/\/www.formentera.es\/fr\/wp-json\/wp\/v2\/types\/page"}],"author":[{"embeddable":true,"href":"https:\/\/www.formentera.es\/fr\/wp-json\/wp\/v2\/users\/1"}],"replies":[{"embeddable":true,"href":"https:\/\/www.formentera.es\/fr\/wp-json\/wp\/v2\/comments?post=5122"}],"version-history":[{"count":1,"href":"https:\/\/www.formentera.es\/fr\/wp-json\/wp\/v2\/pages\/5122\/revisions"}],"predecessor-version":[{"id":45194,"href":"https:\/\/www.formentera.es\/fr\/wp-json\/wp\/v2\/pages\/5122\/revisions\/45194"}],"up":[{"embeddable":true,"href":"https:\/\/www.formentera.es\/fr\/wp-json\/wp\/v2\/pages\/5096"}],"wp:featuredmedia":[{"embeddable":true,"href":"https:\/\/www.formentera.es\/fr\/wp-json\/wp\/v2\/media\/5124"}],"wp:attachment":[{"href":"https:\/\/www.formentera.es\/fr\/wp-json\/wp\/v2\/media?parent=5122"}],"wp:term":[{"taxonomy":"category","embeddable":true,"href":"https:\/\/www.formentera.es\/fr\/wp-json\/wp\/v2\/categories?post=5122"}],"curies":[{"name":"wp","href":"https:\/\/api.w.org\/{rel}","templated":true}]}}