{"id":13671,"date":"2020-08-14T09:02:05","date_gmt":"2020-08-14T07:02:05","guid":{"rendered":"https:\/\/www.formentera.es\/planifier\/guia-5-dias-en-formentera\/"},"modified":"2022-07-01T14:26:25","modified_gmt":"2022-07-01T12:26:25","slug":"formentera-en-5-jours","status":"publish","type":"page","link":"https:\/\/www.formentera.es\/fr\/planifier\/formentera-en-5-jours\/","title":{"rendered":"Formentera en 5 jours"},"content":{"rendered":"<div class=\"wpb-content-wrapper\"><p>[vc_row][vc_column][vc_column_text]Bienvenue ! Si vous lisez cet article, c\u2019est que vous allez tr\u00e8s prochainement vous rendre sur l\u2019\u00eele de Formentera et que vous voulez vraisemblablement que nous vous donnions un avant-go\u00fbt de votre s\u00e9jour pour vous organiser.<\/p>\n<p>Formentera est une \u00eele de petite taille, mais nous vous recommandons de bien planifier votre voyage pour pouvoir en profiter pleinement : outre les nombreux conseils \u00e0 suivre avant de vous rendre dans ce paradis, sachez que cette terre regorge de lieux idylliques et de bons plans en tout genre.<\/p>\n<p>Vous trouverez ci-dessous une id\u00e9e de voyage pour vous permettre de d\u00e9finir votre propre circuit \u00e0 l\u2019occasion d\u2019une escapade de 5 jours. Bonne lecture ! [\/vc_column_text][\/vc_column][\/vc_row][vc_row css=\u00a0\u00bb.vc_custom_1597391103518{margin-top: 30px !important;}\u00a0\u00bb][vc_column][vc_custom_heading text=\u00a0\u00bbJOUR 1&Prime; use_theme_fonts=\u00a0\u00bbyes\u00a0\u00bb][vc_custom_heading text=\u00a0\u00bbArriv\u00e9e \u2013 Port de La Savina\u00a0\u00bb font_container=\u00a0\u00bbtag:h3|text_align:left\u00a0\u00bb use_theme_fonts=\u00a0\u00bbyes\u00a0\u00bb][vc_column_text]Formentera ne poss\u00e9dant aucune infrastructure a\u00e9roportuaire, le seul moyen de se rendre sur l\u2019\u00eele reste le ferry en provenance d\u2019Ibiza. Le port de La Savina sera donc votre premier arr\u00eat.<\/p>\n<p>\u00c0 votre arriv\u00e9e, nous vous recommandons de nous rendre visite \u00e0 l\u2019Office de tourisme pour vous procurer une carte de l\u2019\u00eele ainsi qu\u2019un plan des routes vertes. Formentera fourmille de recoins naturels qui vous faudra \u00e0 tout prix d\u00e9couvrir. Nous en profiterons \u00e9galement pour vous fournir toutes les informations concernant l\u2019agenda des <a href=\"https:\/\/www.agendaformentera.cat\/?lang=en\" target=\"_blank\" rel=\"noopener noreferrer\">activit\u00e9s et \u00e9v\u00e9nements<\/a>.<\/p>\n<p>Vous pouvez \u00e9galement acc\u00e9der \u00e0 d\u2019autres services propos\u00e9s par le d\u00e9partement de tourisme de Formentera pour mieux profiter de l\u2019\u00eele et vous organiser de fa\u00e7on optimale\u00a0:<\/p>\n<ul>\n<li><a href=\"https:\/\/www.formentera.es\/fr\/planifier\/audioguides\/\" target=\"_blank\" rel=\"noopener noreferrer\">Audioguides<\/a>\u00a0: d\u00e9couvrez le patrimoine de l\u2019\u00eele gr\u00e2ce \u00e0 un accompagnement guid\u00e9.<\/li>\n<li><a href=\"https:\/\/www.formentera.es\/fr\/lile\/webcams\/\" target=\"_blank\" rel=\"noopener noreferrer\">Web Cams en direct<\/a>\u00a0: le meilleur moyen de se faire une id\u00e9e des principales plages de l\u2019\u00eele avant de les visiter.<\/li>\n<li><a href=\"https:\/\/www.formentera.es\/fr\/planifier\/formentera-whatsapp\/\" target=\"_blank\" rel=\"noopener noreferrer\">WhatsApp (+34 607 111 716)<\/a>\u00a0: le d\u00e9partement de tourisme de Formentera r\u00e9pond \u00e0 vos questions via l\u2019application WhatsApp.<\/li>\n<\/ul>\n<p>[\/vc_column_text][vc_custom_heading text=\u00a0\u00bbSant Francesc\u00a0\u00bb font_container=\u00a0\u00bbtag:h3|text_align:left\u00a0\u00bb use_theme_fonts=\u00a0\u00bbyes\u00a0\u00bb][vc_column_text]Nous allons tout d\u2019abord faire une halte dans la capitale de Formentera, Sant Francesc. Ce village se distingue par son ensemble historique. Promenez-vous dans ses ruelles et visitez l\u2019\u00e9glise paroissiale de Sant Francesc, le monument le plus embl\u00e9matique de la localit\u00e9 dont la construction fut achev\u00e9e en 1738. Vous pourrez \u00e9galement aller faire un tour au Mus\u00e9e d\u2019ethnographie pour en savoir un peu plus sur l\u2019histoire de l\u2019\u00eele.[\/vc_column_text][vc_single_image image=\u00a0\u00bb13458&Prime; img_size=\u00a0\u00bbfull\u00a0\u00bb add_caption=\u00a0\u00bbyes\u00a0\u00bb][vc_column_text]Du lundi au samedi et de mai \u00e0 octobre, un march\u00e9 artisanal vient animer les rues de la ville avec tout type de cr\u00e9ations confectionn\u00e9es par des artisans de l\u2019\u00eele. Par ailleurs, un march\u00e9 de l\u2019occasion se tient tous les mardis et samedis matin dans le Jard\u00ed de Ses Eres (derri\u00e8re l\u2019\u00e9glise).<\/p>\n<p>Si vous \u00eates un(e) passionn\u00e9(e) d\u2019art, faites donc un d\u00e9tour dans les salles d\u2019exposition de l\u2019Ajuntament Vell et du Centre Gabrielet.<\/p>\n<p>Ah\u00a0! Et n\u2019oubliez pas de prendre un bon petit d\u00e9jeuner, un <i>brunch<\/i> ou un repas sur l\u2019une des terrasses de la ville.[\/vc_column_text][vc_single_image image=\u00a0\u00bb13599&Prime; img_size=\u00a0\u00bbfull\u00a0\u00bb add_caption=\u00a0\u00bbyes\u00a0\u00bb][vc_column_text]\u00c0 noter que pendant la p\u00e9riode estivale, le Jard\u00ed de Ses Eres (derri\u00e8re l\u2019\u00e9glise) ouvre ses portes tous les mardis pour la projection de films classiques et contemporains du cin\u00e9ma national et international. Des concerts de Jazz sont \u00e9galement organis\u00e9s tous les samedis \u00e0 partir de 22\u00a0h sur la place centrale de la ville.[\/vc_column_text][vc_custom_heading text=\u00a0\u00bbCala Saona\u00a0\u00bb font_container=\u00a0\u00bbtag:h3|text_align:left\u00a0\u00bb use_theme_fonts=\u00a0\u00bbyes\u00a0\u00bb][vc_column_text]L\u2019heure est venue d\u2019aller visiter l\u2019une des criques les plus c\u00e9l\u00e8bres de l\u2019\u00eele. En raison de sa proximit\u00e9 et pour que votre premier jour soit une v\u00e9ritable r\u00e9ussite, nous vous invitons \u00e0 vous rendre \u00e0 Cala Saona.<\/p>\n<p>R\u00e9put\u00e9 pour \u00eatre le bijou de la c\u00f4te ouest de Formentera, ce coin de baignade est la seule plage de sable qui se cache entre les falaises qui s\u2019\u00e9tirent sur tout le sud-ouest de l\u2019\u00eele. Contrairement aux plages ouvertes du reste de Formentera, il s\u2019agit d\u2019une crique, une petite baie bord\u00e9e de falaises aux terres rouge\u00e2tres qui d\u00e9tonnent avec la couleur turquoise des eaux. Vous allez tomber sous le charme de cet endroit f\u00e9\u00e9rique.[\/vc_column_text][vc_single_image image=\u00a0\u00bb13474&Prime; img_size=\u00a0\u00bbfull\u00a0\u00bb add_caption=\u00a0\u00bbyes\u00a0\u00bb][vc_column_text]<i>Comment s\u2019y rendre\u00a0?<\/i><\/p>\n<p>Quittez Sant Francesc en direction du Cap de Barbaria jusqu\u2019\u00e0 ce que vous tombiez sur une bifurcation signalis\u00e9e \u00e0 mi-chemin qui se dirige vers l\u2019ouest. Une fois la route goudronn\u00e9e termin\u00e9e, stationnez votre v\u00e9hicule sur le parking vous permettant de rejoindre la plage sans aucune difficult\u00e9.[\/vc_column_text][vc_custom_heading text=\u00a0\u00bbEs Cap de Barbaria\u00a0\u00bb font_container=\u00a0\u00bbtag:h3|text_align:left\u00a0\u00bb use_theme_fonts=\u00a0\u00bbyes\u00a0\u00bb][vc_column_text]Et pour terminer la journ\u00e9e, rien de tel qu\u2019un superbe coucher de soleil \u00e0 Es Cap de Barbaria.<\/p>\n<p>Paysage presque d\u00e9sertique, route d\u2019acc\u00e8s \u00e9troite et phare se dressant au loin au centre d\u2019un panorama ayant pour toile de fond la couleur bleue de la mer&#8230; Tous ces \u00e9l\u00e9ments font de ce coin de paradis un v\u00e9ritable d\u00e9cor cin\u00e9matographique de r\u00eave. Le cin\u00e9aste Julio Medem conna\u00eet parfaitement cet endroit idyllique qu\u2019il a utilis\u00e9 pour son c\u00e9l\u00e8bre film <i>Lucia et le Sexe<\/i>. Ce cadre vous dit d\u00e9sormais quelque chose\u00a0?<\/p>\n<p>N\u2019oubliez pas que de mai \u00e0 octobre, les 2\u00a0derniers kilom\u00e8tres sont \u00e0 parcourir \u00e0 pied. Les v\u00e9hicules doivent \u00eatre stationn\u00e9s sur le parking am\u00e9nag\u00e9 \u00e0 cet effet (consulter les horaires d\u2019ouverture de la barri\u00e8re pour les personnes \u00e0 mobilit\u00e9 r\u00e9duite)[\/vc_column_text][vc_single_image image=\u00a0\u00bb13481&Prime; img_size=\u00a0\u00bblarge\u00a0\u00bb add_caption=\u00a0\u00bbyes\u00a0\u00bb][vc_column_text]Dans les environs du phare se trouve une autre id\u00e9e de visite\u00a0: <strong>Cova Foradada<\/strong>. Cette grotte d\u00e9bouche sur un mirador bien particulier. Pour y acc\u00e9der, il vous faudra passer \u00e0 travers un trou de petites dimensions. La visite de cet endroit requiert la plus grande vigilance.<\/p>\n<p><i>Interm\u00e8de arch\u00e9ologique\u00a0: \u00e0 l\u2019\u00c2ge du bronze (1600-1000\u00a0av. J.-C.), cette zone \u00e9tait dens\u00e9ment peupl\u00e9e, comme peuvent en t\u00e9moigner les sites qu\u2019il est possible de visiter.<\/i><\/p>\n<p>Et pour les passionn\u00e9s de bon vin, cette partie de l\u2019\u00eele offre \u00e9galement la possibilit\u00e9 de visiter la cave <strong>Cap de Barbaria<\/strong>, un excellent choix pour une d\u00e9gustation (<a href=\"http:\/\/www.capdebarbaria.com\/?lang=fr\" target=\"_blank\" rel=\"noopener noreferrer\">www.capdebarbaria.com<\/a>).[\/vc_column_text][\/vc_column][\/vc_row][vc_row css=\u00a0\u00bb.vc_custom_1597391113020{margin-top: 30px !important;}\u00a0\u00bb][vc_column][vc_custom_heading text=\u00a0\u00bbJOUR 2&Prime; use_theme_fonts=\u00a0\u00bbyes\u00a0\u00bb][vc_custom_heading text=\u00a0\u00bbEstany Pudent (Route Verte no 2)\u00a0\u00bb font_container=\u00a0\u00bbtag:h3|text_align:left\u00a0\u00bb use_theme_fonts=\u00a0\u00bbyes\u00a0\u00bb][vc_column_text]<strong>Distance\u00a0: 5,6\u00a0km \/ D\u00e9nivel\u00e9\u00a0: 23\u00a0m \/ Difficult\u00e9\u00a0: facile<\/strong><\/p>\n<p>La journ\u00e9e commence par une sortie \u00e0 v\u00e9lo dans les environs de l\u2019<strong>Estany Pudent (Route Verte no\u00a02)<\/strong>, le site de l\u2019\u00eele qui abrite la plus grande biodiversit\u00e9 et qui offre le plus grand nombre de possibilit\u00e9s pour l\u2019observation des oiseaux.[\/vc_column_text][vc_single_image image=\u00a0\u00bb13613&Prime; img_size=\u00a0\u00bbfull\u00a0\u00bb add_caption=\u00a0\u00bbyes\u00a0\u00bb el_class=\u00a0\u00bbimg100&Prime;][vc_column_text]Cette \u00e9tendue d\u2019eau sert de refuge \u00e0 l\u2019une des plus importantes concentrations de gr\u00e8bes \u00e0 cou noir d\u2019Europe. Observez-les un jour de mer d\u2019huile, lorsque les eaux de la lagune s\u2019apparentent \u00e0 un miroir, et vous aurez droit \u00e0 un spectacle des plus surprenants.<\/p>\n<p>Pour de plus amples informations, t\u00e9l\u00e9chargez le <a href=\"https:\/\/www.formentera.es\/wp-content\/uploads\/2019\/03\/ROUTES_VERTES_FORMENTERA_web.pdf\" target=\"_blank\" rel=\"noopener noreferrer\">Guide des Routes Vertes<\/a> et le <a href=\"https:\/\/www.formentera.es\/wp-content\/uploads\/2019\/03\/LES-OISEAUX-DE-FORMENTERA_web.pdf\" target=\"_blank\" rel=\"noopener noreferrer\">Catalogue des oiseaux<\/a> de Formentera.[\/vc_column_text][vc_custom_heading text=\u00a0\u00bbLa Savina et Ses Illetes (Route Verte no 1)\u00a0\u00bb font_container=\u00a0\u00bbtag:h3|text_align:left\u00a0\u00bb use_theme_fonts=\u00a0\u00bbyes\u00a0\u00bb][vc_column_text]<strong>Distance\u00a0: 3,4\u00a0km \/ D\u00e9nivel\u00e9\u00a0: 4\u00a0m \/ Difficult\u00e9\u00a0: facile<\/strong><\/p>\n<p>Continuons la d\u00e9couverte de l\u2019\u00eele \u00e0 v\u00e9lo en empruntant la <strong>Route Verte\u00a0no\u00a01<\/strong> (La Savina &#8211; Ses Illetes). Rejoindre cette route depuis l\u2019Estany Pudent, en suivant le chemin de Sa Guia pour profiter d\u2019un paysage de sabines, d\u2019arbustes, de dunes et d\u2019eaux turquoise.<\/p>\n<p>Au cours de cette excursion, la premi\u00e8re plage \u00e0 visiter est celle de <strong>Cavall d\u2019en Borr\u00e0s<\/strong>, qui se distingue par ses eaux cristallines lui conf\u00e9rant un aspect de piscine naturelle. Vient ensuite la c\u00e9l\u00e8bre plage de <strong>Ses Illetes<\/strong>, qui tient son nom des petites \u00eeles qui la longent. \u00c0 noter que ce lieu est consid\u00e9r\u00e9 comme l\u2019une des plus belles plages du monde par de nombreux guides (<i>Lonely Planet<\/i>, par exemple).[\/vc_column_text][vc_single_image image=\u00a0\u00bb13497&Prime; img_size=\u00a0\u00bbfull\u00a0\u00bb add_caption=\u00a0\u00bbyes\u00a0\u00bb][vc_column_text]Si la motivation est l\u00e0, il est possible de poursuivre l\u2019itin\u00e9raire en marchant jusqu\u2019\u00e0 <strong>Es Trucadors<\/strong>, une longue bande de sable o\u00f9 se rejoignent la c\u00f4te est et la c\u00f4te ouest de l\u2019\u00eele. Des vues spectaculaires sur l\u2019\u00eele voisine de <strong>S\u2019Espalmador<\/strong>* vous attendent tout au bout de ce chemin de sable et de rochers flanqu\u00e9 par les eaux de la mer.<\/p>\n<p>*La visite de cette \u00eele ne peut se faire que par bateau.<\/p>\n<p>Une fois l\u2019itin\u00e9raire termin\u00e9, choisissez l\u2019une des paillotes et\/ou l\u2019un des restaurants de la zone pour vous d\u00e9lecter d\u2019un bon repas au milieu des eaux[\/vc_column_text][vc_single_image image=\u00a0\u00bb13620&Prime; img_size=\u00a0\u00bbfull\u00a0\u00bb add_caption=\u00a0\u00bbyes\u00a0\u00bb][vc_custom_heading text=\u00a0\u00bbSant Ferran\u00a0\u00bb font_container=\u00a0\u00bbtag:h3|text_align:left\u00a0\u00bb use_theme_fonts=\u00a0\u00bbyes\u00a0\u00bb][vc_column_text]Ce deuxi\u00e8me jour a \u00e9t\u00e9 long et vous \u00eates sans doute plus fatigu\u00e9(e) que de coutume. Nous vous recommandons donc de terminer la journ\u00e9e en fl\u00e2nant au <strong>march\u00e9 artisanal et artistique de Sant Ferran<\/strong> et en go\u00fbtant \u00e0 la gastronomie de Formentera dans l\u2019un des restaurants de cette localit\u00e9.[\/vc_column_text][vc_single_image image=\u00a0\u00bb13511&Prime; img_size=\u00a0\u00bbfull\u00a0\u00bb add_caption=\u00a0\u00bbyes\u00a0\u00bb][vc_column_text]Si vous \u00eates un v\u00e9ritable cin\u00e9phile, sachez \u00e9galement qu\u2019une s\u00e9ance de cin\u00e9ma \u00e0 la belle \u00e9toile, un classique de l\u2019\u00e9t\u00e9 de Formentera, vous attend tous les jeudis sur la place de l\u2019\u00e9glise de Sant Ferran. Et si vous venez visiter la ville un vendredi, vous aurez la chance de pouvoir assister \u00e0 un concert donn\u00e9 sur la place principale\u00a0: le meilleur moyen de finir la journ\u00e9e en beaut\u00e9\u00a0![\/vc_column_text][\/vc_column][\/vc_row][vc_row css=\u00a0\u00bb.vc_custom_1597391123399{margin-top: 30px !important;}\u00a0\u00bb][vc_column][vc_custom_heading text=\u00a0\u00bbJOUR 3&Prime; use_theme_fonts=\u00a0\u00bbyes\u00a0\u00bb][vc_custom_heading text=\u00a0\u00bbEs Cal\u00f3 de Sant Agust\u00ed\u00a0\u00bb font_container=\u00a0\u00bbtag:h3|text_align:left\u00a0\u00bb use_theme_fonts=\u00a0\u00bbyes\u00a0\u00bb][vc_column_text]Aujourd\u2019hui, la grasse matin\u00e9e n\u2019est pas de mise puisque vous vous rendrez \u00e0 la <strong>plage d\u2019Es Carnatge<\/strong>, \u00e9galement connue sous le nom de <strong>Costa des Carnatge<\/strong>. Espace naturel et silencieux, cette plage se caract\u00e9rise par son principal attrait qui n\u2019est autre que le petit village de p\u00eacheurs d\u2019Es Cal\u00f3 de Sant Agust\u00ed.[\/vc_column_text][vc_single_image image=\u00a0\u00bb13518&Prime; img_size=\u00a0\u00bbfull\u00a0\u00bb add_caption=\u00a0\u00bbyes\u00a0\u00bb][vc_column_text]Apr\u00e8s avoir visit\u00e9 la plage, laissez-vous \u00e9blouir par l\u2019atmosph\u00e8re d\u00e9tendue de cette petite localit\u00e9 de tradition de p\u00eache, dont le port naturel si particulier conserve encore son \u00e2me maritime, avec son quai et ses cales de halage en bois d\u00e9clar\u00e9s lieu d\u2019int\u00e9r\u00eat culturel en 2002.<\/p>\n<p>Nous vous recommandons de faire une halte pour vous offrir un incroyable festin gastronomique dans l\u2019un des restaurants traditionnels de la ville. La surprise sera de taille\u00a0![\/vc_column_text][vc_custom_heading text=\u00a0\u00bbSes Platgetes\u00a0\u00bb font_container=\u00a0\u00bbtag:h3|text_align:left\u00a0\u00bb use_theme_fonts=\u00a0\u00bbyes\u00a0\u00bb][vc_column_text]Environ 50 m\u00e8tres plus loin, vous pourrez vous relaxer \u00e0 Ses Platgetes, un petit coin plein de charme et peu fr\u00e9quent\u00e9 o\u00f9 trois bancs de sable vous permettront de profiter pleinement du soleil et de la plage.<\/p>\n<p>Gr\u00e2ce \u00e0 la posidonie de M\u00e9diterran\u00e9e, la visibilit\u00e9 des eaux turquoise et cristallines peut aller jusqu\u2019\u00e0 environ 50\u00a0m\u00e8tres. Nous vous recommandons de vous \u00e9quiper de votre masque et de votre tuba pour vous \u00e9merveiller des effets de cette plante sur l\u2019\u00e9cosyst\u00e8me.[\/vc_column_text][vc_single_image image=\u00a0\u00bb13526&Prime; img_size=\u00a0\u00bbfull\u00a0\u00bb add_caption=\u00a0\u00bbyes\u00a0\u00bb][vc_column_text]S\u2019il vous reste encore des forces, allez faire un peu d\u2019exercice en parcourant la <strong>Route Verte\u00a0no\u00a025 (Es Cal\u00f3 de Sant Agust\u00ed &#8211; El Pilar de la Mola)<\/strong>, l\u2019ancienne route des habitants de La Mola, une balade alliant patrimoine et nature, rocher et mer, pass\u00e9 et pr\u00e9sent. Au fur et \u00e0 mesure de votre ascension, laissez-vous \u00e9galement surprendre par les plus belles vues panoramiques de l\u2019\u00eele, du <strong>Rac\u00f3 de Sa Pujada<\/strong> et du <strong>Pou des Verro<\/strong> (chaussures de sport pr\u00e9conis\u00e9es).[\/vc_column_text][vc_custom_heading text=\u00a0\u00bbEl Pilar de la Mola\u00a0\u00bb font_container=\u00a0\u00bbtag:h3|text_align:left\u00a0\u00bb use_theme_fonts=\u00a0\u00bbyes\u00a0\u00bb][vc_column_text]El Pilar de la Mola, un village paisible plein de charme et de personnalit\u00e9. Nous vous recommandons la visite de la <strong>cave Terramoll<\/strong> (<a href=\"http:\/\/www.terramoll.es\/php\/sl.php?shop.showpage&amp;nt=7459&amp;namepage=Vinos.htm&amp;lang=2\" target=\"_blank\" rel=\"noopener noreferrer\">www.terramoll.es<\/a>) pour profiter de la deuxi\u00e8me d\u00e9gustation de vins de votre s\u00e9jour.<\/p>\n<p>Nous vous conseillons \u00e9galement d\u2019aller faire un tour \u00e0 l\u2019<strong>\u00e9glise du Pilar<\/strong>, \u00e9rig\u00e9e au xviiie\u00a0si\u00e8cle pour r\u00e9pondre aux besoins spirituels des habitants de cette localit\u00e9 quelque peu isol\u00e9e. Profitez \u00e9galement du d\u00e9placement pour vous rendre au <strong>Mol\u00ed Vell<\/strong>, construction d\u00e9clar\u00e9e bien d\u2019int\u00e9r\u00eat culturel, ainsi que pour visiter le mus\u00e9e qui lui est consacr\u00e9. Il est ouvert de 17\u00a0h \u00e0 20\u00a0h les mercredis, vendredis et dimanches (entr\u00e9e gratuite).[\/vc_column_text][vc_single_image image=\u00a0\u00bb13533&Prime; img_size=\u00a0\u00bbfull\u00a0\u00bb add_caption=\u00a0\u00bbyes\u00a0\u00bb][vc_column_text]La visite du <strong>march\u00e9 artisanal<\/strong>, qui se tient les mercredis et dimanches de 16\u00a0h\u00a030 \u00e0 22\u00a0h\u00a030, de mai \u00e0 octobre, vaut elle aussi le d\u00e9tour. Vous y trouverez des pi\u00e8ces authentiques d\u2019art ainsi que des objets d\u2019artisanat traditionnel ou local\u00a0: paniers, espadrilles, bijouterie, textile, cr\u00e9ations en verre, c\u00e9ramique, cuir, peinture et \u0153uvres r\u00e9alis\u00e9es par des artistes de l\u2019\u00eele. Cette exp\u00e9rience est par ailleurs anim\u00e9e par des groupes de musique se produisant en direct.<\/p>\n<p>Pour terminer la journ\u00e9e, rendez-vous au c\u00e9l\u00e8bre <strong>phare<\/strong> de cette petite ville situ\u00e9 \u00e0 2\u00a0kilom\u00e8tres \u00e0 peine en suivant la route principale. Laissez-vous envo\u00fbter par les vues imprenables que vous pourrez contempler depuis les falaises spectaculaires. \u00c0 noter qu\u2019un mus\u00e9e consacr\u00e9 \u00e0 la mer peut y \u00eatre visit\u00e9.[\/vc_column_text][vc_single_image image=\u00a0\u00bb13540&Prime; img_size=\u00a0\u00bblarge\u00a0\u00bb add_caption=\u00a0\u00bbyes\u00a0\u00bb][\/vc_column][\/vc_row][vc_row css=\u00a0\u00bb.vc_custom_1597391132240{margin-top: 30px !important;}\u00a0\u00bb][vc_column][vc_custom_heading text=\u00a0\u00bbJOUR 4&Prime; use_theme_fonts=\u00a0\u00bbyes\u00a0\u00bb][vc_custom_heading text=\u00a0\u00bbEs Pujols\u00a0\u00bb font_container=\u00a0\u00bbtag:h3|text_align:left\u00a0\u00bb use_theme_fonts=\u00a0\u00bbyes\u00a0\u00bb][vc_column_text]Le jour est venu de plonger dans les eaux paradisiaques de l\u2019\u00eele\u00a0! Nous vous proposons une matin\u00e9e d\u2019activit\u00e9s aquatiques dans les environs de la <strong>plage de Llevant\/Es Pujols.<\/strong><\/p>\n<p>Les bapt\u00eames et les cours de plong\u00e9e, tout comme les cours d\u2019initiation au kayak, \u00e0 la voile, \u00e0 la planche \u00e0 voile, \u00e0 l\u2019Optimist, au Laser ou au catamaran sont disponibles \u00e0 des prix tr\u00e8s abordables et garantissent une exp\u00e9rience inoubliable[\/vc_column_text][vc_single_image image=\u00a0\u00bb13547&Prime; img_size=\u00a0\u00bbfull\u00a0\u00bb add_caption=\u00a0\u00bbyes\u00a0\u00bb][vc_column_text]Si le sport est votre seconde nature, consultez ce <a href=\"https:\/\/www.formentera.es\/wp-content\/uploads\/2020\/08\/TURISMO-ACTIVO-2019-FRANCES.pdf\" target=\"_blank\" rel=\"noopener noreferrer\">catalogue<\/a> regroupant les informations les plus d\u00e9taill\u00e9es sur toutes les activit\u00e9s propos\u00e9es par les entreprises sp\u00e9cialis\u00e9es de l\u2019\u00eele.<\/p>\n<p>Les restaurants constituent \u00e9galement un autre des principaux attraits de ce site. On y trouve des \u00e9tablissements de toutes sortes proposant des plats allant de la gastronomie locale \u00e0 la cuisine internationale. Nous vous recommandons de vous balader dans la ville pour choisir le restaurant qui saura le mieux satisfaire votre app\u00e9tit, les emplacements privil\u00e9gi\u00e9s \u00e9tant occup\u00e9s par les \u00e9tablissements dont la terrasse offre une vue sur la plage[\/vc_column_text][vc_custom_heading text=\u00a0\u00bbRoute Verte no 19 : Es Pujols &#8211; Sa Roqueta &#8211; Ses Illetes\u00a0\u00bb font_container=\u00a0\u00bbtag:h3|text_align:left\u00a0\u00bb use_theme_fonts=\u00a0\u00bbyes\u00a0\u00bb][vc_column_text]<strong>Distance\u00a0: 4,6\u00a0km \/ D\u00e9nivel\u00e9\u00a0: 5\u00a0m \/ Difficult\u00e9\u00a0: mod\u00e9r\u00e9e<\/strong><\/p>\n<p>L\u2019apr\u00e8s-midi, l\u2019heure est venue de se d\u00e9gourdir les jambes sur la Route Verte\u00a0no\u00a019 (<strong>Es Pujols &#8211; Sa Roqueta &#8211; Ses Illetes<\/strong>), un itin\u00e9raire id\u00e9al pour les passionn\u00e9s de course \u00e0 pied et le meilleur moyen de relier Es Pujols \u00e0 la plage de Ses Illetes.<\/p>\n<p>Vous parcourrez toute la c\u00f4te est et terminerez votre journ\u00e9e \u00e0 la pointe nord de l\u2019\u00eele pour admirer un coucher de soleil spectaculaire sur la plage de Ses Illetes. Contempler le soleil plonger dans la mer vous fera vivre une exp\u00e9rience \u00e0 couper le souffle.<\/p>\n<p>La nuit tomb\u00e9e, la ville d\u2019Es Pujols ne vous laissera pas indiff\u00e9rent(e) avec son march\u00e9 anim\u00e9 par de la musique jou\u00e9e en direct\u00a0! Pendant la p\u00e9riode estivale (de mai \u00e0 octobre), le march\u00e9 est ouvert du lundi au dimanche de 19\u00a0h\u00a030 \u00e0 23\u00a0h\u00a030, et, tous les jeudis, la place Plaza Europa se remplit d\u2019artistes jouant de la musique en direct.[\/vc_column_text][\/vc_column][\/vc_row][vc_row css=\u00a0\u00bb.vc_custom_1597391140850{margin-top: 30px !important;}\u00a0\u00bb][vc_column][vc_custom_heading text=\u00a0\u00bbJOUR 5&Prime; use_theme_fonts=\u00a0\u00bbyes\u00a0\u00bb][vc_custom_heading text=\u00a0\u00bbPlage de Migjorn\u00a0\u00bb font_container=\u00a0\u00bbtag:h3|text_align:left\u00a0\u00bb use_theme_fonts=\u00a0\u00bbyes\u00a0\u00bb][vc_column_text]Votre dernier jour pour profiter de Formentera\u00a0! Et si on commen\u00e7ait la journ\u00e9e dans la zone de Migjorn\u00a0? Nous vous recommandons de parcourir la c\u00f4te sud de Formentera dont les plages paradisiaques s\u2019\u00e9tendent sur cinq kilom\u00e8tres. Vous profiterez d\u2019une grande diversit\u00e9 de paysages aux eaux cristallines et turquoise, avec ce bleu Formentera unique qui caract\u00e9rise toutes les plages de l\u2019\u00eele.<\/p>\n<p>Compos\u00e9e de plusieurs criques entrecoup\u00e9es de zones de sable et de rochers qui se chevauchent, cette plage est la plus \u00e9tendue de tout Formentera. Chaque crique porte son propre nom et dispose de plusieurs acc\u00e8s.[\/vc_column_text][vc_single_image image=\u00a0\u00bb13627&Prime; img_size=\u00a0\u00bbfull\u00a0\u00bb add_caption=\u00a0\u00bbyes\u00a0\u00bb][vc_column_text]Cette zone propose un grand nombre de buvettes, de paillotes et de restaurants typiques de Formentera o\u00f9 vous pourrez vous d\u00e9lecter d\u2019une succulente paella ou d\u2019une cassolette de langouste \u00e0 toute heure de la journ\u00e9e, en ayant bien \u00e9videmment la possibilit\u00e9 de porter votre choix sur d\u2019autres plats excellents\u00a0!<\/p>\n<p>Nous esp\u00e9rons que ce guide vous aura \u00e9t\u00e9 d\u2019une aide pr\u00e9cieuse. Pour de plus amples informations sur chaque endroit et lieu \u00e0 visiter, nous vous recommandons de cliquer sur les liens de l\u2019article et de t\u00e9l\u00e9charger les autres guides, brochures et cartes en vous rendant sur ce <a href=\"https:\/\/www.formentera.es\/fr\/planifier\/brochures-cartes-et-guides\/\" target=\"_blank\" rel=\"noopener noreferrer\">lien<\/a>. Nous vous attendons \u00e0 Formentera\u00a0![\/vc_column_text][\/vc_column][\/vc_row]<\/p>\n<\/div>","protected":false},"excerpt":{"rendered":"<p>[vc_row][vc_column][vc_column_text]Bienvenue ! Si vous lisez cet article, c\u2019est que vous allez tr\u00e8s prochainement vous rendre [&hellip;]<\/p>\n","protected":false},"author":1,"featured_media":13453,"parent":6153,"menu_order":0,"comment_status":"closed","ping_status":"closed","template":"page-ficha.php","meta":{"_acf_changed":false,"footnotes":""},"categories":[],"class_list":["post-13671","page","type-page","status-publish","hentry"],"acf":[],"yoast_head":"<!-- This site is optimized with the Yoast SEO plugin v25.5 - https:\/\/yoast.com\/wordpress\/plugins\/seo\/ -->\n<title>Formentera en 5 jours | Turismo de Formentera<\/title>\n<meta name=\"robots\" content=\"index, follow, max-snippet:-1, max-image-preview:large, max-video-preview:-1\" \/>\n<link rel=\"canonical\" href=\"https:\/\/www.formentera.es\/fr\/planifier\/formentera-en-5-jours\/\" \/>\n<meta property=\"og:locale\" content=\"fr_FR\" \/>\n<meta property=\"og:type\" content=\"article\" \/>\n<meta property=\"og:title\" content=\"Formentera en 5 jours | Turismo de Formentera\" \/>\n<meta property=\"og:description\" content=\"[vc_row][vc_column][vc_column_text]Bienvenue ! Si vous lisez cet article, c\u2019est que vous allez tr\u00e8s prochainement vous rendre [&hellip;]\" \/>\n<meta property=\"og:url\" content=\"https:\/\/www.formentera.es\/fr\/planifier\/formentera-en-5-jours\/\" \/>\n<meta property=\"og:site_name\" content=\"Turismo de Formentera\" \/>\n<meta property=\"article:publisher\" content=\"https:\/\/www.facebook.com\/turismoformentera\/\" \/>\n<meta property=\"article:modified_time\" content=\"2022-07-01T12:26:25+00:00\" \/>\n<meta property=\"og:image\" content=\"https:\/\/www.formentera.es\/wp-content\/uploads\/2020\/08\/1-guiaFormentera.jpg\" \/>\n\t<meta property=\"og:image:width\" content=\"1900\" \/>\n\t<meta property=\"og:image:height\" content=\"1267\" \/>\n\t<meta property=\"og:image:type\" content=\"image\/jpeg\" \/>\n<meta name=\"twitter:card\" content=\"summary_large_image\" \/>\n<meta name=\"twitter:site\" content=\"@visitformentera\" \/>\n<meta name=\"twitter:label1\" content=\"Dur\u00e9e de lecture estim\u00e9e\" \/>\n\t<meta name=\"twitter:data1\" content=\"16 minutes\" \/>\n<script type=\"application\/ld+json\" class=\"yoast-schema-graph\">{\"@context\":\"https:\/\/schema.org\",\"@graph\":[{\"@type\":\"WebPage\",\"@id\":\"https:\/\/www.formentera.es\/fr\/planifier\/formentera-en-5-jours\/\",\"url\":\"https:\/\/www.formentera.es\/fr\/planifier\/formentera-en-5-jours\/\",\"name\":\"Formentera en 5 jours | Turismo de Formentera\",\"isPartOf\":{\"@id\":\"https:\/\/www.formentera.es\/#website\"},\"primaryImageOfPage\":{\"@id\":\"https:\/\/www.formentera.es\/fr\/planifier\/formentera-en-5-jours\/#primaryimage\"},\"image\":{\"@id\":\"https:\/\/www.formentera.es\/fr\/planifier\/formentera-en-5-jours\/#primaryimage\"},\"thumbnailUrl\":\"https:\/\/www.formentera.es\/wp-content\/uploads\/2020\/08\/1-guiaFormentera.jpg\",\"datePublished\":\"2020-08-14T07:02:05+00:00\",\"dateModified\":\"2022-07-01T12:26:25+00:00\",\"breadcrumb\":{\"@id\":\"https:\/\/www.formentera.es\/fr\/planifier\/formentera-en-5-jours\/#breadcrumb\"},\"inLanguage\":\"fr-FR\",\"potentialAction\":[{\"@type\":\"ReadAction\",\"target\":[\"https:\/\/www.formentera.es\/fr\/planifier\/formentera-en-5-jours\/\"]}]},{\"@type\":\"ImageObject\",\"inLanguage\":\"fr-FR\",\"@id\":\"https:\/\/www.formentera.es\/fr\/planifier\/formentera-en-5-jours\/#primaryimage\",\"url\":\"https:\/\/www.formentera.es\/wp-content\/uploads\/2020\/08\/1-guiaFormentera.jpg\",\"contentUrl\":\"https:\/\/www.formentera.es\/wp-content\/uploads\/2020\/08\/1-guiaFormentera.jpg\",\"width\":1900,\"height\":1267},{\"@type\":\"BreadcrumbList\",\"@id\":\"https:\/\/www.formentera.es\/fr\/planifier\/formentera-en-5-jours\/#breadcrumb\",\"itemListElement\":[{\"@type\":\"ListItem\",\"position\":1,\"name\":\"Portada\",\"item\":\"https:\/\/www.formentera.es\/fr\/\"},{\"@type\":\"ListItem\",\"position\":2,\"name\":\"Planifier\",\"item\":\"https:\/\/www.formentera.es\/fr\/planifier\/\"},{\"@type\":\"ListItem\",\"position\":3,\"name\":\"Formentera en 5 jours\"}]},{\"@type\":\"WebSite\",\"@id\":\"https:\/\/www.formentera.es\/#website\",\"url\":\"https:\/\/www.formentera.es\/\",\"name\":\"Turismo de Formentera\",\"description\":\"Web oficial de Turismo de Formentera\",\"potentialAction\":[{\"@type\":\"SearchAction\",\"target\":{\"@type\":\"EntryPoint\",\"urlTemplate\":\"https:\/\/www.formentera.es\/?s={search_term_string}\"},\"query-input\":{\"@type\":\"PropertyValueSpecification\",\"valueRequired\":true,\"valueName\":\"search_term_string\"}}],\"inLanguage\":\"fr-FR\"}]}<\/script>\n<!-- \/ Yoast SEO plugin. -->","yoast_head_json":{"title":"Formentera en 5 jours | Turismo de Formentera","robots":{"index":"index","follow":"follow","max-snippet":"max-snippet:-1","max-image-preview":"max-image-preview:large","max-video-preview":"max-video-preview:-1"},"canonical":"https:\/\/www.formentera.es\/fr\/planifier\/formentera-en-5-jours\/","og_locale":"fr_FR","og_type":"article","og_title":"Formentera en 5 jours | Turismo de Formentera","og_description":"[vc_row][vc_column][vc_column_text]Bienvenue ! Si vous lisez cet article, c\u2019est que vous allez tr\u00e8s prochainement vous rendre [&hellip;]","og_url":"https:\/\/www.formentera.es\/fr\/planifier\/formentera-en-5-jours\/","og_site_name":"Turismo de Formentera","article_publisher":"https:\/\/www.facebook.com\/turismoformentera\/","article_modified_time":"2022-07-01T12:26:25+00:00","og_image":[{"width":1900,"height":1267,"url":"https:\/\/www.formentera.es\/wp-content\/uploads\/2020\/08\/1-guiaFormentera.jpg","type":"image\/jpeg"}],"twitter_card":"summary_large_image","twitter_site":"@visitformentera","twitter_misc":{"Dur\u00e9e de lecture estim\u00e9e":"16 minutes"},"schema":{"@context":"https:\/\/schema.org","@graph":[{"@type":"WebPage","@id":"https:\/\/www.formentera.es\/fr\/planifier\/formentera-en-5-jours\/","url":"https:\/\/www.formentera.es\/fr\/planifier\/formentera-en-5-jours\/","name":"Formentera en 5 jours | Turismo de Formentera","isPartOf":{"@id":"https:\/\/www.formentera.es\/#website"},"primaryImageOfPage":{"@id":"https:\/\/www.formentera.es\/fr\/planifier\/formentera-en-5-jours\/#primaryimage"},"image":{"@id":"https:\/\/www.formentera.es\/fr\/planifier\/formentera-en-5-jours\/#primaryimage"},"thumbnailUrl":"https:\/\/www.formentera.es\/wp-content\/uploads\/2020\/08\/1-guiaFormentera.jpg","datePublished":"2020-08-14T07:02:05+00:00","dateModified":"2022-07-01T12:26:25+00:00","breadcrumb":{"@id":"https:\/\/www.formentera.es\/fr\/planifier\/formentera-en-5-jours\/#breadcrumb"},"inLanguage":"fr-FR","potentialAction":[{"@type":"ReadAction","target":["https:\/\/www.formentera.es\/fr\/planifier\/formentera-en-5-jours\/"]}]},{"@type":"ImageObject","inLanguage":"fr-FR","@id":"https:\/\/www.formentera.es\/fr\/planifier\/formentera-en-5-jours\/#primaryimage","url":"https:\/\/www.formentera.es\/wp-content\/uploads\/2020\/08\/1-guiaFormentera.jpg","contentUrl":"https:\/\/www.formentera.es\/wp-content\/uploads\/2020\/08\/1-guiaFormentera.jpg","width":1900,"height":1267},{"@type":"BreadcrumbList","@id":"https:\/\/www.formentera.es\/fr\/planifier\/formentera-en-5-jours\/#breadcrumb","itemListElement":[{"@type":"ListItem","position":1,"name":"Portada","item":"https:\/\/www.formentera.es\/fr\/"},{"@type":"ListItem","position":2,"name":"Planifier","item":"https:\/\/www.formentera.es\/fr\/planifier\/"},{"@type":"ListItem","position":3,"name":"Formentera en 5 jours"}]},{"@type":"WebSite","@id":"https:\/\/www.formentera.es\/#website","url":"https:\/\/www.formentera.es\/","name":"Turismo de Formentera","description":"Web oficial de Turismo de Formentera","potentialAction":[{"@type":"SearchAction","target":{"@type":"EntryPoint","urlTemplate":"https:\/\/www.formentera.es\/?s={search_term_string}"},"query-input":{"@type":"PropertyValueSpecification","valueRequired":true,"valueName":"search_term_string"}}],"inLanguage":"fr-FR"}]}},"_links":{"self":[{"href":"https:\/\/www.formentera.es\/fr\/wp-json\/wp\/v2\/pages\/13671","targetHints":{"allow":["GET"]}}],"collection":[{"href":"https:\/\/www.formentera.es\/fr\/wp-json\/wp\/v2\/pages"}],"about":[{"href":"https:\/\/www.formentera.es\/fr\/wp-json\/wp\/v2\/types\/page"}],"author":[{"embeddable":true,"href":"https:\/\/www.formentera.es\/fr\/wp-json\/wp\/v2\/users\/1"}],"replies":[{"embeddable":true,"href":"https:\/\/www.formentera.es\/fr\/wp-json\/wp\/v2\/comments?post=13671"}],"version-history":[{"count":0,"href":"https:\/\/www.formentera.es\/fr\/wp-json\/wp\/v2\/pages\/13671\/revisions"}],"up":[{"embeddable":true,"href":"https:\/\/www.formentera.es\/fr\/wp-json\/wp\/v2\/pages\/6153"}],"wp:featuredmedia":[{"embeddable":true,"href":"https:\/\/www.formentera.es\/fr\/wp-json\/wp\/v2\/media\/13453"}],"wp:attachment":[{"href":"https:\/\/www.formentera.es\/fr\/wp-json\/wp\/v2\/media?parent=13671"}],"wp:term":[{"taxonomy":"category","embeddable":true,"href":"https:\/\/www.formentera.es\/fr\/wp-json\/wp\/v2\/categories?post=13671"}],"curies":[{"name":"wp","href":"https:\/\/api.w.org\/{rel}","templated":true}]}}