{"id":12067,"date":"2020-04-16T10:44:58","date_gmt":"2020-04-16T08:44:58","guid":{"rendered":"https:\/\/www.formentera.es\/explorer\/activites\/routes-vertes\/el-pilar-de-la-mola-sestufador-es-ram\/"},"modified":"2020-04-21T15:19:30","modified_gmt":"2020-04-21T13:19:30","slug":"el-pilar-de-la-mola-sestufador-es-ram","status":"publish","type":"page","link":"https:\/\/www.formentera.es\/fr\/explorer\/activites\/routes-vertes\/el-pilar-de-la-mola-sestufador-es-ram\/","title":{"rendered":"El Pilar De La Mola  &#8211;  S&rsquo;Estufador  &#8211;  Es Ram"},"content":{"rendered":"<div class=\"wpb-content-wrapper\"><p>[vc_row][vc_column width=\u00a0\u00bb8\/12&Prime;][vc_column_text]Ce parcours, d&rsquo;un peu plus de 4 kilom\u00e8tres, est particulier car il p\u00e9n\u00e8tre dans un paysage bois\u00e9 devenant atypique \u00e0 certains endroits, \u00e0 la surprise des randonneurs. Cette promenade permet de s&rsquo;\u00e9loigner de l&rsquo;agitation estivale et de l&rsquo;effervescence touristique tout en d\u00e9couvrant une grande vari\u00e9t\u00e9 de paysages. \u00c0 la sortie de l&rsquo;\u00e9glise du <a href=\"https:\/\/www.formentera.es\/fr\/explorer\/villages\/el-pilar-de-la-mola\/\">Pilar de La Mola<\/a>, l&rsquo;itin\u00e9raire part d&rsquo;une zone plane entour\u00e9e de champs de culture. Il passe ensuite dans une for\u00eat pr\u00e9sentant un fort d\u00e9nivel\u00e9, o\u00f9 l&rsquo;on d\u00e9couvre une s\u00e9rie de torrents naturels par lesquels les eaux pluviales se jettent dans la mer. En sortant de cette for\u00eat m\u00e9diterran\u00e9enne dense, caract\u00e9ristique du plateau de La Mola, vous arriverez finalement \u00e0 S&rsquo;Estufador. L\u00e0, le paysage change et prend une couleur ocre. On y trouve des rochers aux formes irr\u00e9guli\u00e8res faits d&rsquo;un mat\u00e9riau tr\u00e8s utilis\u00e9 traditionnellement : le <i>mar\u00e8s<\/i>. Il s&rsquo;agit d&rsquo;une pierre calcaire pouvant tr\u00e8s facilement s&rsquo;\u00e9roder, facile \u00e0 manipuler, qui \u00e9tait tr\u00e8s utilis\u00e9e dans les constructions de l&rsquo;\u00eele avant l&rsquo;arriv\u00e9e des mat\u00e9riaux modernes, au cours du XXe si\u00e8cle.<\/p>\n<p>En continuant \u00e0 marcher parall\u00e8lement \u00e0 la mer, on acc\u00e8de \u00e0 un chemin menant \u00e0 Es Ram. Il est si \u00e9troit qu&rsquo;il doit \u00eatre emprunt\u00e9 en file indienne.[\/vc_column_text][\/vc_column][vc_column width=\u00a0\u00bb4\/12&Prime;][vc_column_text]<div id=\"back_blue\"><h3>T\u00e9l\u00e9chargez l'itin\u00e9raire<\/h3><div><img decoding=\"async\" src=\"https:\/\/www.formentera.es\/wp-content\/themes\/Formentera\/img\/mapas-de-google-w.svg\"><a href=\"https:\/\/www.google.com\/maps\/d\/u\/0\/embed?mid=1hk_8RF_6Bvf0PRFqHWrh73iVdW7nhmAz\" target=\"_blank\">Voir l'itin\u00e9raire sur Google Maps<\/a><\/div><div><img decoding=\"async\" src=\"https:\/\/www.formentera.es\/wp-content\/themes\/Formentera\/img\/maps-and-location-w.svg\" class=\"pl_5\"><a href=\"https:\/\/www.formentera.es\/wp-content\/uploads\/2020\/04\/27.-El-Pilar-De-La-Mola-SEstufador-Es-Ram.gpx.zip\" target=\"_blank\">T\u00e9l\u00e9chargez l'itin\u00e9raire pour le GPS<\/a><\/div><div><img decoding=\"async\" src=\"https:\/\/www.formentera.es\/wp-content\/themes\/Formentera\/img\/pin-w.svg\"><a href=\"https:\/\/es.wikiloc.com\/rutas-senderismo\/ruta-27-el-pilar-de-la-mola-es-ram-48414201\" target=\"_blank\">Voir l'itin\u00e9raire sur Wikiloc<\/a><\/div><div><img decoding=\"async\" src=\"https:\/\/www.formentera.es\/wp-content\/themes\/Formentera\/img\/descarga-w.svg\"><a href=\"Array\" target=\"_blank\">T\u00e9l\u00e9chargez le fichier<\/a><\/div><\/div><div id=\"como_llegar\"><a href=\"https:\/\/www.google.com\/maps?saddr=My+Location&daddr=38.65427,1.52371\" target=\"_blank\">Comment arriver au point de d\u00e9part?<\/a><img decoding=\"async\" src=\"https:\/\/www.formentera.es\/wp-content\/themes\/Formentera\/img\/start.svg\"><\/div>[\/vc_column_text][\/vc_column][\/vc_row][vc_row][vc_column][vc_gmaps link=\u00a0\u00bb#E-8_JTNDaWZyYW1lJTIwc3JjJTNEJTIyaHR0cHMlM0ElMkYlMkZ3d3cuZ29vZ2xlLmNvbSUyRm1hcHMlMkZkJTJGdSUyRjAlMkZlbWJlZCUzRm1pZCUzRDFoa184UkZfNkJ2ZjBQUkZxSFdyaDczaVZkVzduaG1BeiUyMiUyMCUyMHdpZHRoJTNEJTIyNjAwJTIyJTIwaGVpZ2h0JTNEJTIyNDUwJTIyJTIwZnJhbWVib3JkZXIlM0QlMjIwJTIyJTIwc3R5bGUlM0QlMjJib3JkZXIlM0EwJTIyJTIwYWxsb3dmdWxsc2NyZWVuJTNFJTNDJTJGaWZyYW1lJTNFJTBB\u00a0\u00bb size=\u00a0\u00bb\u00a0\u00bb][\/vc_column][\/vc_row][vc_row full_width=\u00a0\u00bbstretch_row_content_no_spaces\u00a0\u00bb][vc_column][vc_column_text]<style>#jtg-11191 .modula-item .jtg-social a, .lightbox-socials.jtg-social a{ fill: #ffffff; color: #ffffff }#jtg-11191 .modula-item .jtg-social-mobile a{ fill: #ffffff; color: #ffffff }#jtg-11191 .modula-item .jtg-social svg, .lightbox-socials.jtg-social svg { height: 16px; width: 16px }#jtg-11191 .modula-item .jtg-social-mobile svg { height: 16px; width: 16px }#jtg-11191 .modula-item .jtg-social a:not(:last-child), .lightbox-socials.jtg-social a:not(:last-child) { margin-right: 10px }#jtg-11191 .modula-item .jtg-social-mobile .jtg-social-mobile-icons a:not(:last-child){ margin-right: 10px }#jtg-11191 .modula-item .figc {color:#ffffff;}#jtg-11191 .modula-item .modula-item-content { transform: scale(1) }#jtg-11191 .modula-items .figc p.description { font-size:14px; }#jtg-11191 .modula-items .figc p.description { color:#ffffff;}#jtg-11191.modula-gallery .modula-item > a, #jtg-11191.modula-gallery .modula-item, #jtg-11191.modula-gallery .modula-item-content > a:not(.modula-no-follow) { cursor:zoom-in; } #jtg-11191.modula-gallery .modula-item-content .modula-no-follow { cursor: default; } #jtg-11191 .modula-item { background-color:#ffffff; }#jtg-11191 .modula-item:hover img { opacity: 0.5; }#jtg-11191 .modula-item { transform: scale(1) translate(0px,0px) rotate(0deg); }@media screen and (max-width:480px){#jtg-11191 .modula-item .figc .jtg-title {  font-size: 12px; }#jtg-11191 .modula-items .figc p.description { color:#ffffff;font-size:10px; }}#jtg-11191 .modula-items .modula-item:hover img{opacity:1;}<\/style>\n<div  id=\"jtg-11191\" class=\"modula modula-gallery modula-custom-grid\" data-config=\"{&quot;height&quot;:800,&quot;tabletHeight&quot;:800,&quot;mobileHeight&quot;:800,&quot;desktopHeight&quot;:800,&quot;enableTwitter&quot;:true,&quot;enableWhatsapp&quot;:false,&quot;enableFacebook&quot;:true,&quot;enablePinterest&quot;:true,&quot;enableLinkedin&quot;:true,&quot;enableEmail&quot;:false,&quot;randomFactor&quot;:0.5,&quot;type&quot;:&quot;custom-grid&quot;,&quot;columns&quot;:12,&quot;gutter&quot;:10,&quot;mobileGutter&quot;:10,&quot;tabletGutter&quot;:10,&quot;desktopGutter&quot;:10,&quot;enableResponsive&quot;:&quot;0&quot;,&quot;tabletColumns&quot;:2,&quot;mobileColumns&quot;:1,&quot;lazyLoad&quot;:&quot;0&quot;,&quot;lightboxOpts&quot;:{&quot;animated&quot;:true,&quot;Thumbs&quot;:{&quot;type&quot;:&quot;modern&quot;,&quot;showOnStart&quot;:false},&quot;Toolbar&quot;:{&quot;display&quot;:{&quot;right&quot;:[&quot;close&quot;]},&quot;enabled&quot;:true},&quot;Carousel&quot;:{&quot;Panzoom&quot;:{&quot;touch&quot;:false},&quot;infinite&quot;:false},&quot;keyboard&quot;:{&quot;Escape&quot;:&quot;close&quot;,&quot;Delete&quot;:&quot;close&quot;,&quot;Backspace&quot;:&quot;close&quot;,&quot;PageUp&quot;:false,&quot;PageDown&quot;:false,&quot;ArrowUp&quot;:false,&quot;ArrowDown&quot;:false,&quot;ArrowRight&quot;:false,&quot;ArrowLeft&quot;:false},&quot;touch&quot;:false,&quot;backdropClick&quot;:false,&quot;l10n&quot;:{&quot;CLOSE&quot;:&quot;Close&quot;,&quot;NEXT&quot;:&quot;Next&quot;,&quot;PREV&quot;:&quot;Previous&quot;,&quot;Error&quot;:&quot;The requested content cannot be loaded. Please try again later.&quot;,&quot;PLAY_START&quot;:&quot;Start slideshow&quot;,&quot;PLAY_STOP&quot;:&quot;Pause slideshow&quot;,&quot;FULL_SCREEN&quot;:&quot;Full screen&quot;,&quot;THUMBS&quot;:&quot;Thumbnails&quot;,&quot;DOWNLOAD&quot;:&quot;Download&quot;,&quot;SHARE&quot;:&quot;Share&quot;,&quot;ZOOM&quot;:&quot;Zoom&quot;,&quot;EMAIL&quot;:&quot;Here is the link to the image : %%image_link%% and this is the link to the gallery : %%gallery_link%%&quot;,&quot;MODAL&quot;:&quot;You can close this modal content with the ESC key&quot;,&quot;ERROR&quot;:&quot;Something Went Wrong, Please Try Again Later&quot;,&quot;IMAGE_ERROR&quot;:&quot;Image Not Found&quot;,&quot;ELEMENT_NOT_FOUND&quot;:&quot;HTML Element Not Found&quot;,&quot;AJAX_NOT_FOUND&quot;:&quot;Error Loading AJAX : Not Found&quot;,&quot;AJAX_FORBIDDEN&quot;:&quot;Error Loading AJAX : Forbidden&quot;,&quot;IFRAME_ERROR&quot;:&quot;Error Loading Page&quot;,&quot;TOGGLE_ZOOM&quot;:&quot;Toggle zoom level&quot;,&quot;TOGGLE_THUMBS&quot;:&quot;Toggle thumbnails&quot;,&quot;TOGGLE_SLIDESHOW&quot;:&quot;Toggle slideshow&quot;,&quot;TOGGLE_FULLSCREEN&quot;:&quot;Toggle full-screen mode&quot;},&quot;Images&quot;:{&quot;Panzoom&quot;:{&quot;maxScale&quot;:2}},&quot;mainClass&quot;:&quot;modula-fancybox-container modula-lightbox-jtg-11191&quot;,&quot;Html&quot;:{&quot;videoAutoplay&quot;:0,&quot;videoTpl&quot;:&quot;&lt;video class=\\&quot;fancybox__html5video\\&quot; controls muted playsinline controlsList controlsList=\\&quot;nodownload\\&quot; poster=\\&quot;{{poster}}\\&quot; src=\\&quot;{{src}}\\&quot; type=\\&quot;{{format}}\\&quot; &gt;  Sorry, your browser doesn&#039;t support embedded videos, &lt;a href=\\&quot;{{src}}\\&quot;&gt; download &lt;\\\/a&gt; and watch with your favorite video player! &lt;\\\/video&gt;&quot;}},&quot;inView&quot;:false,&quot;email_subject&quot;:&quot;\\u00a1\\u00a1Mira esta impresionante imagen!!&quot;,&quot;email_message&quot;:&quot;Este es el enlace a la imagen: %%image_link%% y este es el enlace a la galer\\u00eda: %%gallery_link%%&quot;,&quot;lightbox&quot;:&quot;fancybox&quot;,&quot;filterClick&quot;:&quot;0&quot;,&quot;defaultActiveFilter&quot;:&quot;all&quot;}\">\n\n\t\n\t<div  class=\"modula-items\">\n\t\t<div class=\"modula-item jtg-filter-all jtg-filter-\" data-width=\"6\" data-height=\"5\" >\n\t<div class=\"modula-item-content\">\n\t\t\n\t\t\t\t\t<a data-image-id=\"11199\" tabindex=\"0\" href=\"https:\/\/www.formentera.es\/wp-content\/uploads\/2020\/04\/shutterstock_471665738.jpg\" rel=\"jtg-11191\" data-caption=\"\" aria-label=\"Open image in lightbox\" role=\"button\" data-cyclefilter=\"show\" data-fancybox=\"jtg-11191\" class=\"tile-inner modula-item-link\"><\/a>\n\t\t\n\t\t<img loading=\"lazy\" decoding=\"async\" class=\"pic wp-image-11199\"  data-valign=\"middle\" data-halign=\"center\" alt=\"\" data-full=\"https:\/\/www.formentera.es\/wp-content\/uploads\/2020\/04\/shutterstock_471665738.jpg\" title=\"shutterstock_471665738\" width=\"1600\" height=\"1063\" src=\"https:\/\/www.formentera.es\/wp-content\/uploads\/2020\/04\/shutterstock_471665738.jpg\" data-src=\"https:\/\/www.formentera.es\/wp-content\/uploads\/2020\/04\/shutterstock_471665738.jpg\" data-caption=\"\" srcset=\"https:\/\/www.formentera.es\/wp-content\/uploads\/2020\/04\/shutterstock_471665738.jpg 1600w, https:\/\/www.formentera.es\/wp-content\/uploads\/2020\/04\/shutterstock_471665738-300x199.jpg 300w, https:\/\/www.formentera.es\/wp-content\/uploads\/2020\/04\/shutterstock_471665738-768x510.jpg 768w, https:\/\/www.formentera.es\/wp-content\/uploads\/2020\/04\/shutterstock_471665738-1024x680.jpg 1024w\" sizes=\"auto, (max-width: 1600px) 100vw, 1600px\" \/>\n\t<\/div>\n\n<\/div><div class=\"modula-item jtg-filter-all jtg-filter-\" data-width=\"12\" data-height=\"8\" >\n\t<div class=\"modula-item-content\">\n\t\t\n\t\t\t\t\t<a data-image-id=\"11206\" tabindex=\"0\" href=\"https:\/\/www.formentera.es\/wp-content\/uploads\/2020\/04\/shutterstock_556674763.jpg\" rel=\"jtg-11191\" data-caption=\"\" aria-label=\"Open image in lightbox\" role=\"button\" data-cyclefilter=\"show\" data-fancybox=\"jtg-11191\" class=\"tile-inner modula-item-link\"><\/a>\n\t\t\n\t\t<img loading=\"lazy\" decoding=\"async\" class=\"pic wp-image-11206\"  data-valign=\"middle\" data-halign=\"center\" alt=\"\" data-full=\"https:\/\/www.formentera.es\/wp-content\/uploads\/2020\/04\/shutterstock_556674763.jpg\" title=\"shutterstock_556674763\" width=\"1600\" height=\"1067\" src=\"https:\/\/www.formentera.es\/wp-content\/uploads\/2020\/04\/shutterstock_556674763.jpg\" data-src=\"https:\/\/www.formentera.es\/wp-content\/uploads\/2020\/04\/shutterstock_556674763.jpg\" data-caption=\"\" srcset=\"https:\/\/www.formentera.es\/wp-content\/uploads\/2020\/04\/shutterstock_556674763.jpg 1600w, https:\/\/www.formentera.es\/wp-content\/uploads\/2020\/04\/shutterstock_556674763-300x200.jpg 300w, https:\/\/www.formentera.es\/wp-content\/uploads\/2020\/04\/shutterstock_556674763-768x512.jpg 768w, https:\/\/www.formentera.es\/wp-content\/uploads\/2020\/04\/shutterstock_556674763-1024x683.jpg 1024w\" sizes=\"auto, (max-width: 1600px) 100vw, 1600px\" \/>\n\t<\/div>\n\n<\/div><div class=\"modula-item jtg-filter-all jtg-filter-\" data-width=\"6\" data-height=\"5\" >\n\t<div class=\"modula-item-content\">\n\t\t\n\t\t\t\t\t<a data-image-id=\"13835\" tabindex=\"0\" href=\"https:\/\/www.formentera.es\/wp-content\/uploads\/2020\/11\/EL-PILAR-DE-LA-MOLA-ESTUFADOR.-ES-RAM.jpg\" rel=\"jtg-11191\" data-caption=\"\" aria-label=\"Open image in lightbox\" role=\"button\" data-cyclefilter=\"show\" data-fancybox=\"jtg-11191\" class=\"tile-inner modula-item-link\"><\/a>\n\t\t\n\t\t<img loading=\"lazy\" decoding=\"async\" class=\"pic wp-image-13835\"  data-valign=\"middle\" data-halign=\"center\" alt=\"\" data-full=\"https:\/\/www.formentera.es\/wp-content\/uploads\/2020\/11\/EL-PILAR-DE-LA-MOLA-ESTUFADOR.-ES-RAM.jpg\" title=\"EL-PILAR-DE-LA-MOLA-ESTUFADOR.-ES-RAM\" width=\"1600\" height=\"1066\" src=\"https:\/\/www.formentera.es\/wp-content\/uploads\/2020\/11\/EL-PILAR-DE-LA-MOLA-ESTUFADOR.-ES-RAM.jpg\" data-src=\"https:\/\/www.formentera.es\/wp-content\/uploads\/2020\/11\/EL-PILAR-DE-LA-MOLA-ESTUFADOR.-ES-RAM.jpg\" data-caption=\"\" srcset=\"https:\/\/www.formentera.es\/wp-content\/uploads\/2020\/11\/EL-PILAR-DE-LA-MOLA-ESTUFADOR.-ES-RAM.jpg 1600w, https:\/\/www.formentera.es\/wp-content\/uploads\/2020\/11\/EL-PILAR-DE-LA-MOLA-ESTUFADOR.-ES-RAM-300x200.jpg 300w, https:\/\/www.formentera.es\/wp-content\/uploads\/2020\/11\/EL-PILAR-DE-LA-MOLA-ESTUFADOR.-ES-RAM-768x512.jpg 768w, https:\/\/www.formentera.es\/wp-content\/uploads\/2020\/11\/EL-PILAR-DE-LA-MOLA-ESTUFADOR.-ES-RAM-1024x682.jpg 1024w\" sizes=\"auto, (max-width: 1600px) 100vw, 1600px\" \/>\n\t<\/div>\n\n<\/div>\t\t\n\t<\/div>\n\n\t\n\t\n\t<script type=\"application\/ld+json\">\n\t{\n\t\t\"@context\": \"http:\/\/schema.org\",\n\t\t\"@type\"   : \"ImageGallery\",\n\t\t\"id\"      : \"https:\/\/www.formentera.es\/fr\/explorer\/activites\/routes-vertes\/el-pilar-de-la-mola-sestufador-es-ram\/\",\n\t\t\"url\"     : \"https:\/\/www.formentera.es\/fr\/explorer\/activites\/routes-vertes\/el-pilar-de-la-mola-sestufador-es-ram\/\"\n\t}\n\n\t<\/script>\n\n\t\n<\/div>\n[\/vc_column_text][\/vc_column][\/vc_row][vc_row][vc_column][vc_column_text]<div id=\"mas_rutas\" class=\"container sc\"><h2>Autres itin\u00e9raires \u00e0 Formentera<\/h2><div class=\"row\"><div class=\"col-md-6 col-lg-4\">\n\t\t\t\t\t\t\t<a href=\"https:\/\/www.formentera.es\/fr\/explorer\/activites\/routes-vertes\/la-savina-sant-francesc-es-pujols\/\" class=\"img_ruta\"  style=\"background-image: url(https:\/\/www.formentera.es\/wp-content\/uploads\/2020\/04\/shutterstock_789778957-1-300x200.jpg)\"><\/a>\n\t\t\t\t\t\t\t\n\t\t\t\t\t\t\t<div class=\"col-sm-12\">\n\t\t\t\t\t\t\t\t<a href=\"https:\/\/www.formentera.es\/fr\/explorer\/activites\/routes-vertes\/la-savina-sant-francesc-es-pujols\/\">La Savina &#8211; Sant Francesc &#8211; Es Pujols<\/a><div><img decoding=\"async\" src=\"https:\/\/www.formentera.es\/wp-content\/themes\/Formentera\/img\/bicib.png\">30 min.<\/div><div><img decoding=\"async\" src=\"https:\/\/www.formentera.es\/wp-content\/themes\/Formentera\/img\/caminarb.png\">85 min.<\/div><\/div>\n\t\t\t\t\t\t<\/div><div class=\"col-md-6 col-lg-4\">\n\t\t\t\t\t\t\t<a href=\"https:\/\/www.formentera.es\/fr\/explorer\/activites\/routes-vertes\/sant-francesc-ses-bardetes-cala-saona\/\" class=\"img_ruta\"  style=\"background-image: url(https:\/\/www.formentera.es\/wp-content\/uploads\/2020\/04\/shutterstock_138601028-300x200.jpg)\"><\/a>\n\t\t\t\t\t\t\t\n\t\t\t\t\t\t\t<div class=\"col-sm-12\">\n\t\t\t\t\t\t\t\t<a href=\"https:\/\/www.formentera.es\/fr\/explorer\/activites\/routes-vertes\/sant-francesc-ses-bardetes-cala-saona\/\">Sant Francesc &#8211;  Ses Bardetes &#8211; Cala Saona<\/a><div><img decoding=\"async\" src=\"https:\/\/www.formentera.es\/wp-content\/themes\/Formentera\/img\/bicib.png\">20 min.<\/div><div><img decoding=\"async\" src=\"https:\/\/www.formentera.es\/wp-content\/themes\/Formentera\/img\/caminarb.png\">65 min.<\/div><\/div>\n\t\t\t\t\t\t<\/div><div class=\"col-md-6 col-lg-4\">\n\t\t\t\t\t\t\t<a href=\"https:\/\/www.formentera.es\/fr\/explorer\/activites\/routes-vertes\/es-pujols-es-ca-mari\/\" class=\"img_ruta\"  style=\"background-image: url(https:\/\/www.formentera.es\/wp-content\/uploads\/2020\/04\/IMG_7569_migjorn-300x200.jpg)\"><\/a>\n\t\t\t\t\t\t\t\n\t\t\t\t\t\t\t<div class=\"col-sm-12\">\n\t\t\t\t\t\t\t\t<a href=\"https:\/\/www.formentera.es\/fr\/explorer\/activites\/routes-vertes\/es-pujols-es-ca-mari\/\">Es Pujols  &#8211;  Es Ca Mar\u00ed<\/a><div><img decoding=\"async\" src=\"https:\/\/www.formentera.es\/wp-content\/themes\/Formentera\/img\/bicib.png\">35 min.<\/div><div><img decoding=\"async\" src=\"https:\/\/www.formentera.es\/wp-content\/themes\/Formentera\/img\/caminarb.png\">90 min.<\/div><\/div>\n\t\t\t\t\t\t<\/div><\/div><a class=\"text-center\" href=\"\">Voir toutes les routes<\/a><\/div>[\/vc_column_text][\/vc_column][\/vc_row]<\/p>\n<\/div>","protected":false},"excerpt":{"rendered":"<p>[vc_row][vc_column width=\u00a0\u00bb8\/12&Prime;][vc_column_text]Ce parcours, d&rsquo;un peu plus de 4 kilom\u00e8tres, est particulier car il p\u00e9n\u00e8tre dans [&hellip;]<\/p>\n","protected":false},"author":1,"featured_media":13839,"parent":5251,"menu_order":0,"comment_status":"closed","ping_status":"closed","template":"page-ruta.php","meta":{"_acf_changed":false,"footnotes":""},"categories":[],"class_list":["post-12067","page","type-page","status-publish","hentry"],"acf":[],"yoast_head":"<!-- This site is optimized with the Yoast SEO plugin v25.5 - https:\/\/yoast.com\/wordpress\/plugins\/seo\/ -->\n<title>El Pilar De La Mola - S&#039;Estufador - Es Ram | Turismo de Formentera<\/title>\n<meta name=\"robots\" content=\"index, follow, max-snippet:-1, max-image-preview:large, max-video-preview:-1\" \/>\n<link rel=\"canonical\" href=\"https:\/\/www.formentera.es\/fr\/explorer\/activites\/routes-vertes\/el-pilar-de-la-mola-sestufador-es-ram\/\" \/>\n<meta property=\"og:locale\" content=\"fr_FR\" \/>\n<meta property=\"og:type\" content=\"article\" \/>\n<meta property=\"og:title\" content=\"El Pilar De La Mola - S&#039;Estufador - Es Ram | Turismo de Formentera\" \/>\n<meta property=\"og:description\" content=\"[vc_row][vc_column width=\u00a0\u00bb8\/12&Prime;][vc_column_text]Ce parcours, d&rsquo;un peu plus de 4 kilom\u00e8tres, est particulier car il p\u00e9n\u00e8tre dans [&hellip;]\" \/>\n<meta property=\"og:url\" content=\"https:\/\/www.formentera.es\/fr\/explorer\/activites\/routes-vertes\/el-pilar-de-la-mola-sestufador-es-ram\/\" \/>\n<meta property=\"og:site_name\" content=\"Turismo de Formentera\" \/>\n<meta property=\"article:publisher\" content=\"https:\/\/www.facebook.com\/turismoformentera\/\" \/>\n<meta property=\"article:modified_time\" content=\"2020-04-21T13:19:30+00:00\" \/>\n<meta property=\"og:image\" content=\"https:\/\/www.formentera.es\/wp-content\/uploads\/2020\/11\/EL-PILAR-DE-LA-MOLA-ESTUFADOR.-ES-RAM.jpg\" \/>\n\t<meta property=\"og:image:width\" content=\"1600\" \/>\n\t<meta property=\"og:image:height\" content=\"1066\" \/>\n\t<meta property=\"og:image:type\" content=\"image\/jpeg\" \/>\n<meta name=\"twitter:card\" content=\"summary_large_image\" \/>\n<meta name=\"twitter:site\" content=\"@visitformentera\" \/>\n<meta name=\"twitter:label1\" content=\"Dur\u00e9e de lecture estim\u00e9e\" \/>\n\t<meta name=\"twitter:data1\" content=\"2 minutes\" \/>\n<script type=\"application\/ld+json\" class=\"yoast-schema-graph\">{\"@context\":\"https:\/\/schema.org\",\"@graph\":[{\"@type\":\"WebPage\",\"@id\":\"https:\/\/www.formentera.es\/fr\/explorer\/activites\/routes-vertes\/el-pilar-de-la-mola-sestufador-es-ram\/\",\"url\":\"https:\/\/www.formentera.es\/fr\/explorer\/activites\/routes-vertes\/el-pilar-de-la-mola-sestufador-es-ram\/\",\"name\":\"El Pilar De La Mola - S'Estufador - Es Ram | Turismo de Formentera\",\"isPartOf\":{\"@id\":\"https:\/\/www.formentera.es\/#website\"},\"primaryImageOfPage\":{\"@id\":\"https:\/\/www.formentera.es\/fr\/explorer\/activites\/routes-vertes\/el-pilar-de-la-mola-sestufador-es-ram\/#primaryimage\"},\"image\":{\"@id\":\"https:\/\/www.formentera.es\/fr\/explorer\/activites\/routes-vertes\/el-pilar-de-la-mola-sestufador-es-ram\/#primaryimage\"},\"thumbnailUrl\":\"https:\/\/www.formentera.es\/wp-content\/uploads\/2020\/11\/EL-PILAR-DE-LA-MOLA-ESTUFADOR.-ES-RAM.jpg\",\"datePublished\":\"2020-04-16T08:44:58+00:00\",\"dateModified\":\"2020-04-21T13:19:30+00:00\",\"breadcrumb\":{\"@id\":\"https:\/\/www.formentera.es\/fr\/explorer\/activites\/routes-vertes\/el-pilar-de-la-mola-sestufador-es-ram\/#breadcrumb\"},\"inLanguage\":\"fr-FR\",\"potentialAction\":[{\"@type\":\"ReadAction\",\"target\":[\"https:\/\/www.formentera.es\/fr\/explorer\/activites\/routes-vertes\/el-pilar-de-la-mola-sestufador-es-ram\/\"]}]},{\"@type\":\"ImageObject\",\"inLanguage\":\"fr-FR\",\"@id\":\"https:\/\/www.formentera.es\/fr\/explorer\/activites\/routes-vertes\/el-pilar-de-la-mola-sestufador-es-ram\/#primaryimage\",\"url\":\"https:\/\/www.formentera.es\/wp-content\/uploads\/2020\/11\/EL-PILAR-DE-LA-MOLA-ESTUFADOR.-ES-RAM.jpg\",\"contentUrl\":\"https:\/\/www.formentera.es\/wp-content\/uploads\/2020\/11\/EL-PILAR-DE-LA-MOLA-ESTUFADOR.-ES-RAM.jpg\",\"width\":1600,\"height\":1066},{\"@type\":\"BreadcrumbList\",\"@id\":\"https:\/\/www.formentera.es\/fr\/explorer\/activites\/routes-vertes\/el-pilar-de-la-mola-sestufador-es-ram\/#breadcrumb\",\"itemListElement\":[{\"@type\":\"ListItem\",\"position\":1,\"name\":\"Portada\",\"item\":\"https:\/\/www.formentera.es\/fr\/\"},{\"@type\":\"ListItem\",\"position\":2,\"name\":\"Explorer\",\"item\":\"https:\/\/www.formentera.es\/explorar\/\"},{\"@type\":\"ListItem\",\"position\":3,\"name\":\"Activit\u00e9s\",\"item\":\"https:\/\/www.formentera.es\/fr\/explorer\/activites\/\"},{\"@type\":\"ListItem\",\"position\":4,\"name\":\"Routes vertes\",\"item\":\"https:\/\/www.formentera.es\/fr\/explorer\/activites\/routes-vertes\/\"},{\"@type\":\"ListItem\",\"position\":5,\"name\":\"El Pilar De La Mola &#8211; S&#8217;Estufador &#8211; Es Ram\"}]},{\"@type\":\"WebSite\",\"@id\":\"https:\/\/www.formentera.es\/#website\",\"url\":\"https:\/\/www.formentera.es\/\",\"name\":\"Turismo de Formentera\",\"description\":\"Web oficial de Turismo de Formentera\",\"potentialAction\":[{\"@type\":\"SearchAction\",\"target\":{\"@type\":\"EntryPoint\",\"urlTemplate\":\"https:\/\/www.formentera.es\/?s={search_term_string}\"},\"query-input\":{\"@type\":\"PropertyValueSpecification\",\"valueRequired\":true,\"valueName\":\"search_term_string\"}}],\"inLanguage\":\"fr-FR\"}]}<\/script>\n<!-- \/ Yoast SEO plugin. -->","yoast_head_json":{"title":"El Pilar De La Mola - S'Estufador - Es Ram | Turismo de Formentera","robots":{"index":"index","follow":"follow","max-snippet":"max-snippet:-1","max-image-preview":"max-image-preview:large","max-video-preview":"max-video-preview:-1"},"canonical":"https:\/\/www.formentera.es\/fr\/explorer\/activites\/routes-vertes\/el-pilar-de-la-mola-sestufador-es-ram\/","og_locale":"fr_FR","og_type":"article","og_title":"El Pilar De La Mola - S'Estufador - Es Ram | Turismo de Formentera","og_description":"[vc_row][vc_column width=\u00a0\u00bb8\/12&Prime;][vc_column_text]Ce parcours, d&rsquo;un peu plus de 4 kilom\u00e8tres, est particulier car il p\u00e9n\u00e8tre dans [&hellip;]","og_url":"https:\/\/www.formentera.es\/fr\/explorer\/activites\/routes-vertes\/el-pilar-de-la-mola-sestufador-es-ram\/","og_site_name":"Turismo de Formentera","article_publisher":"https:\/\/www.facebook.com\/turismoformentera\/","article_modified_time":"2020-04-21T13:19:30+00:00","og_image":[{"width":1600,"height":1066,"url":"https:\/\/www.formentera.es\/wp-content\/uploads\/2020\/11\/EL-PILAR-DE-LA-MOLA-ESTUFADOR.-ES-RAM.jpg","type":"image\/jpeg"}],"twitter_card":"summary_large_image","twitter_site":"@visitformentera","twitter_misc":{"Dur\u00e9e de lecture estim\u00e9e":"2 minutes"},"schema":{"@context":"https:\/\/schema.org","@graph":[{"@type":"WebPage","@id":"https:\/\/www.formentera.es\/fr\/explorer\/activites\/routes-vertes\/el-pilar-de-la-mola-sestufador-es-ram\/","url":"https:\/\/www.formentera.es\/fr\/explorer\/activites\/routes-vertes\/el-pilar-de-la-mola-sestufador-es-ram\/","name":"El Pilar De La Mola - S'Estufador - Es Ram | Turismo de Formentera","isPartOf":{"@id":"https:\/\/www.formentera.es\/#website"},"primaryImageOfPage":{"@id":"https:\/\/www.formentera.es\/fr\/explorer\/activites\/routes-vertes\/el-pilar-de-la-mola-sestufador-es-ram\/#primaryimage"},"image":{"@id":"https:\/\/www.formentera.es\/fr\/explorer\/activites\/routes-vertes\/el-pilar-de-la-mola-sestufador-es-ram\/#primaryimage"},"thumbnailUrl":"https:\/\/www.formentera.es\/wp-content\/uploads\/2020\/11\/EL-PILAR-DE-LA-MOLA-ESTUFADOR.-ES-RAM.jpg","datePublished":"2020-04-16T08:44:58+00:00","dateModified":"2020-04-21T13:19:30+00:00","breadcrumb":{"@id":"https:\/\/www.formentera.es\/fr\/explorer\/activites\/routes-vertes\/el-pilar-de-la-mola-sestufador-es-ram\/#breadcrumb"},"inLanguage":"fr-FR","potentialAction":[{"@type":"ReadAction","target":["https:\/\/www.formentera.es\/fr\/explorer\/activites\/routes-vertes\/el-pilar-de-la-mola-sestufador-es-ram\/"]}]},{"@type":"ImageObject","inLanguage":"fr-FR","@id":"https:\/\/www.formentera.es\/fr\/explorer\/activites\/routes-vertes\/el-pilar-de-la-mola-sestufador-es-ram\/#primaryimage","url":"https:\/\/www.formentera.es\/wp-content\/uploads\/2020\/11\/EL-PILAR-DE-LA-MOLA-ESTUFADOR.-ES-RAM.jpg","contentUrl":"https:\/\/www.formentera.es\/wp-content\/uploads\/2020\/11\/EL-PILAR-DE-LA-MOLA-ESTUFADOR.-ES-RAM.jpg","width":1600,"height":1066},{"@type":"BreadcrumbList","@id":"https:\/\/www.formentera.es\/fr\/explorer\/activites\/routes-vertes\/el-pilar-de-la-mola-sestufador-es-ram\/#breadcrumb","itemListElement":[{"@type":"ListItem","position":1,"name":"Portada","item":"https:\/\/www.formentera.es\/fr\/"},{"@type":"ListItem","position":2,"name":"Explorer","item":"https:\/\/www.formentera.es\/explorar\/"},{"@type":"ListItem","position":3,"name":"Activit\u00e9s","item":"https:\/\/www.formentera.es\/fr\/explorer\/activites\/"},{"@type":"ListItem","position":4,"name":"Routes vertes","item":"https:\/\/www.formentera.es\/fr\/explorer\/activites\/routes-vertes\/"},{"@type":"ListItem","position":5,"name":"El Pilar De La Mola &#8211; S&#8217;Estufador &#8211; Es Ram"}]},{"@type":"WebSite","@id":"https:\/\/www.formentera.es\/#website","url":"https:\/\/www.formentera.es\/","name":"Turismo de Formentera","description":"Web oficial de Turismo de Formentera","potentialAction":[{"@type":"SearchAction","target":{"@type":"EntryPoint","urlTemplate":"https:\/\/www.formentera.es\/?s={search_term_string}"},"query-input":{"@type":"PropertyValueSpecification","valueRequired":true,"valueName":"search_term_string"}}],"inLanguage":"fr-FR"}]}},"_links":{"self":[{"href":"https:\/\/www.formentera.es\/fr\/wp-json\/wp\/v2\/pages\/12067","targetHints":{"allow":["GET"]}}],"collection":[{"href":"https:\/\/www.formentera.es\/fr\/wp-json\/wp\/v2\/pages"}],"about":[{"href":"https:\/\/www.formentera.es\/fr\/wp-json\/wp\/v2\/types\/page"}],"author":[{"embeddable":true,"href":"https:\/\/www.formentera.es\/fr\/wp-json\/wp\/v2\/users\/1"}],"replies":[{"embeddable":true,"href":"https:\/\/www.formentera.es\/fr\/wp-json\/wp\/v2\/comments?post=12067"}],"version-history":[{"count":0,"href":"https:\/\/www.formentera.es\/fr\/wp-json\/wp\/v2\/pages\/12067\/revisions"}],"up":[{"embeddable":true,"href":"https:\/\/www.formentera.es\/fr\/wp-json\/wp\/v2\/pages\/5251"}],"wp:featuredmedia":[{"embeddable":true,"href":"https:\/\/www.formentera.es\/fr\/wp-json\/wp\/v2\/media\/13839"}],"wp:attachment":[{"href":"https:\/\/www.formentera.es\/fr\/wp-json\/wp\/v2\/media?parent=12067"}],"wp:term":[{"taxonomy":"category","embeddable":true,"href":"https:\/\/www.formentera.es\/fr\/wp-json\/wp\/v2\/categories?post=12067"}],"curies":[{"name":"wp","href":"https:\/\/api.w.org\/{rel}","templated":true}]}}