{"id":11984,"date":"2020-04-15T16:13:53","date_gmt":"2020-04-15T14:13:53","guid":{"rendered":"https:\/\/www.formentera.es\/explorer\/activites\/routes-vertes\/sant-francesc-la-mola\/"},"modified":"2020-05-07T16:24:13","modified_gmt":"2020-05-07T14:24:13","slug":"sant-francesc-la-mola","status":"publish","type":"page","link":"https:\/\/www.formentera.es\/fr\/explorer\/activites\/routes-vertes\/sant-francesc-la-mola\/","title":{"rendered":"Sant Francesc  &#8211; La Mola"},"content":{"rendered":"<div class=\"wpb-content-wrapper\"><p>[vc_row][vc_column width=\u00a0\u00bb8\/12&Prime;][vc_column_text]La route 15 est l&rsquo;un des circuits verts les plus longs de Formentera. Elle relie <a href=\"https:\/\/www.formentera.es\/fr\/explorer\/villages\/sant-francesc\/\">Sant Francesc Xavier<\/a> et La Mola. Le parcours d\u00e9bute par l&rsquo;ancien chemin vers <a href=\"https:\/\/www.formentera.es\/fr\/explorer\/villages\/el-pilar-de-la-mola\/\">La Mola<\/a>, parall\u00e8le \u00e0 la route principale. Il est goudronn\u00e9 sur son premier tron\u00e7on. Cette randonn\u00e9e permet d&rsquo;observer des paysages ruraux typiques : murs en pierre, b\u00e9tail et figuiers, dont certains de tr\u00e8s grande taille. Cette pratique ancestrale a de multiples fonctions : apporter de l&rsquo;ombre au b\u00e9tail, emp\u00eacher que les branches ne s&rsquo;enracinent \u00e0 nouveau, faciliter la cueillette des figues, \u00e9viter que les brebis et les ch\u00e8vres ne puissent atteindre les fruits, rendre la cime du figuier plus r\u00e9sistante face aux forts vents fr\u00e9quents sur l&rsquo;\u00eele. Le plus grand figuier, appel\u00e9 \u00ab\u00a0Blanca d&rsquo;en Mestre\u00a0\u00bb, se trouve \u00e0 Can Mestre. Il cr\u00e9e sous sa cime un tr\u00e8s grand espace soutenu par un syst\u00e8me en spirale de bois et de ferrures. Cette structure interne a \u00e9t\u00e9 analys\u00e9e par Mari\u00e0 Castell\u00f3, architecte de Formentera, en tant que mod\u00e8le de construction organique et artificiel.<\/p>\n<p>Avant d&rsquo;arriver \u00e0 Es Cal\u00f3, vous avez la possibilit\u00e9 de visiter le <i>castellum<\/i> romain de Can Blai, vestiges d&rsquo;une construction fortifi\u00e9e de l&rsquo;\u00e9poque romaine. En poursuivant par la route principale, vous arriverez au village de p\u00eacheurs d&rsquo;Es Cal\u00f3 de Sant Agust\u00ed o\u00f9 vous appr\u00e9cierez l&rsquo;ambiance marin. Il est vivement recommand\u00e9 de se rendre au port naturel et dans les restaurants de cuisine traditionnelle de la r\u00e9gion. Apr\u00e8s Es Cal\u00f3, la route 15 se termine au d\u00e9but du chemin de Sa Pujada qui m\u00e8ne \u00e0 El Pilar de La Mola.[\/vc_column_text][\/vc_column][vc_column width=\u00a0\u00bb4\/12&Prime;][vc_column_text]<div id=\"back_blue\"><h3>T\u00e9l\u00e9chargez l'itin\u00e9raire<\/h3><div><img decoding=\"async\" src=\"https:\/\/www.formentera.es\/wp-content\/themes\/Formentera\/img\/mapas-de-google-w.svg\"><a href=\"https:\/\/www.google.com\/maps\/d\/u\/0\/embed?mid=1OF7kbTSGNFPzbmWtO3o10PMGQ4PW7vF2\" target=\"_blank\">Voir l'itin\u00e9raire sur Google Maps<\/a><\/div><div><img decoding=\"async\" src=\"https:\/\/www.formentera.es\/wp-content\/themes\/Formentera\/img\/maps-and-location-w.svg\" class=\"pl_5\"><a href=\"https:\/\/www.formentera.es\/wp-content\/uploads\/2020\/04\/15.-Sant-Francesc-La-Mola.gpx.zip\" target=\"_blank\">T\u00e9l\u00e9chargez l'itin\u00e9raire pour le GPS<\/a><\/div><div><img decoding=\"async\" src=\"https:\/\/www.formentera.es\/wp-content\/themes\/Formentera\/img\/pin-w.svg\"><a href=\"https:\/\/es.wikiloc.com\/rutas-senderismo\/ruta-15-sant-francesc-es-calo-la-mola-48412448\" target=\"_blank\">Voir l'itin\u00e9raire sur Wikiloc<\/a><\/div><div><img decoding=\"async\" src=\"https:\/\/www.formentera.es\/wp-content\/themes\/Formentera\/img\/descarga-w.svg\"><a href=\"Array\" target=\"_blank\">T\u00e9l\u00e9chargez le fichier<\/a><\/div><\/div><div id=\"como_llegar\"><a href=\"https:\/\/www.google.com\/maps?saddr=My+Location&daddr=38.70515,1.43275\" target=\"_blank\">Comment arriver au point de d\u00e9part?<\/a><img decoding=\"async\" src=\"https:\/\/www.formentera.es\/wp-content\/themes\/Formentera\/img\/start.svg\"><\/div>[\/vc_column_text][\/vc_column][\/vc_row][vc_row][vc_column][vc_gmaps link=\u00a0\u00bb#E-8_JTNDaWZyYW1lJTIwc3JjJTNEJTIyaHR0cHMlM0ElMkYlMkZ3d3cuZ29vZ2xlLmNvbSUyRm1hcHMlMkZkJTJGdSUyRjAlMkZlbWJlZCUzRm1pZCUzRDFPRjdrYlRTR05GUHpibVd0TzNvMTBQTUdRNFBXN3ZGMiUyMiUyMCUyMHdpZHRoJTNEJTIyNjAwJTIyJTIwaGVpZ2h0JTNEJTIyNDUwJTIyJTIwZnJhbWVib3JkZXIlM0QlMjIwJTIyJTIwc3R5bGUlM0QlMjJib3JkZXIlM0EwJTIyJTIwYWxsb3dmdWxsc2NyZWVuJTNFJTNDJTJGaWZyYW1lJTNFJTBB\u00a0\u00bb size=\u00a0\u00bb\u00a0\u00bb][\/vc_column][\/vc_row][vc_row full_width=\u00a0\u00bbstretch_row_content_no_spaces\u00a0\u00bb][vc_column][vc_column_text]<style>#jtg-10940 .modula-item .jtg-social a, .lightbox-socials.jtg-social a{ fill: #ffffff; color: #ffffff }#jtg-10940 .modula-item .jtg-social-mobile a{ fill: #ffffff; color: #ffffff }#jtg-10940 .modula-item .jtg-social svg, .lightbox-socials.jtg-social svg { height: 16px; width: 16px }#jtg-10940 .modula-item .jtg-social-mobile svg { height: 16px; width: 16px }#jtg-10940 .modula-item .jtg-social a:not(:last-child), .lightbox-socials.jtg-social a:not(:last-child) { margin-right: 10px }#jtg-10940 .modula-item .jtg-social-mobile .jtg-social-mobile-icons a:not(:last-child){ margin-right: 10px }#jtg-10940 .modula-item .figc {color:#ffffff;}#jtg-10940 .modula-item .modula-item-content { transform: scale(1) }#jtg-10940 .modula-items .figc p.description { font-size:14px; }#jtg-10940 .modula-items .figc p.description { color:#ffffff;}#jtg-10940.modula-gallery .modula-item > a, #jtg-10940.modula-gallery .modula-item, #jtg-10940.modula-gallery .modula-item-content > a:not(.modula-no-follow) { cursor:zoom-in; } #jtg-10940.modula-gallery .modula-item-content .modula-no-follow { cursor: default; } #jtg-10940 .modula-item { background-color:#ffffff; }#jtg-10940 .modula-item:hover img { opacity: 0.5; }#jtg-10940 .modula-item { transform: scale(1) translate(0px,0px) rotate(0deg); }@media screen and (max-width:480px){#jtg-10940 .modula-item .figc .jtg-title {  font-size: 12px; }#jtg-10940 .modula-items .figc p.description { color:#ffffff;font-size:10px; }}#jtg-10940 .modula-items .modula-item:hover img{opacity:1;}<\/style>\n<div  id=\"jtg-10940\" class=\"modula modula-gallery modula-custom-grid\" data-config=\"{&quot;height&quot;:800,&quot;tabletHeight&quot;:800,&quot;mobileHeight&quot;:800,&quot;desktopHeight&quot;:800,&quot;enableTwitter&quot;:true,&quot;enableWhatsapp&quot;:false,&quot;enableFacebook&quot;:true,&quot;enablePinterest&quot;:true,&quot;enableLinkedin&quot;:true,&quot;enableEmail&quot;:false,&quot;randomFactor&quot;:0.5,&quot;type&quot;:&quot;custom-grid&quot;,&quot;columns&quot;:12,&quot;gutter&quot;:10,&quot;mobileGutter&quot;:10,&quot;tabletGutter&quot;:10,&quot;desktopGutter&quot;:10,&quot;enableResponsive&quot;:&quot;0&quot;,&quot;tabletColumns&quot;:2,&quot;mobileColumns&quot;:1,&quot;lazyLoad&quot;:&quot;0&quot;,&quot;lightboxOpts&quot;:{&quot;animated&quot;:true,&quot;Thumbs&quot;:{&quot;type&quot;:&quot;modern&quot;,&quot;showOnStart&quot;:false},&quot;Toolbar&quot;:{&quot;display&quot;:{&quot;right&quot;:[&quot;close&quot;]},&quot;enabled&quot;:true},&quot;Carousel&quot;:{&quot;Panzoom&quot;:{&quot;touch&quot;:false},&quot;infinite&quot;:false},&quot;keyboard&quot;:{&quot;Escape&quot;:&quot;close&quot;,&quot;Delete&quot;:&quot;close&quot;,&quot;Backspace&quot;:&quot;close&quot;,&quot;PageUp&quot;:false,&quot;PageDown&quot;:false,&quot;ArrowUp&quot;:false,&quot;ArrowDown&quot;:false,&quot;ArrowRight&quot;:false,&quot;ArrowLeft&quot;:false},&quot;touch&quot;:false,&quot;backdropClick&quot;:false,&quot;l10n&quot;:{&quot;CLOSE&quot;:&quot;Close&quot;,&quot;NEXT&quot;:&quot;Next&quot;,&quot;PREV&quot;:&quot;Previous&quot;,&quot;Error&quot;:&quot;The requested content cannot be loaded. Please try again later.&quot;,&quot;PLAY_START&quot;:&quot;Start slideshow&quot;,&quot;PLAY_STOP&quot;:&quot;Pause slideshow&quot;,&quot;FULL_SCREEN&quot;:&quot;Full screen&quot;,&quot;THUMBS&quot;:&quot;Thumbnails&quot;,&quot;DOWNLOAD&quot;:&quot;Download&quot;,&quot;SHARE&quot;:&quot;Share&quot;,&quot;ZOOM&quot;:&quot;Zoom&quot;,&quot;EMAIL&quot;:&quot;Here is the link to the image : %%image_link%% and this is the link to the gallery : %%gallery_link%%&quot;,&quot;MODAL&quot;:&quot;You can close this modal content with the ESC key&quot;,&quot;ERROR&quot;:&quot;Something Went Wrong, Please Try Again Later&quot;,&quot;IMAGE_ERROR&quot;:&quot;Image Not Found&quot;,&quot;ELEMENT_NOT_FOUND&quot;:&quot;HTML Element Not Found&quot;,&quot;AJAX_NOT_FOUND&quot;:&quot;Error Loading AJAX : Not Found&quot;,&quot;AJAX_FORBIDDEN&quot;:&quot;Error Loading AJAX : Forbidden&quot;,&quot;IFRAME_ERROR&quot;:&quot;Error Loading Page&quot;,&quot;TOGGLE_ZOOM&quot;:&quot;Toggle zoom level&quot;,&quot;TOGGLE_THUMBS&quot;:&quot;Toggle thumbnails&quot;,&quot;TOGGLE_SLIDESHOW&quot;:&quot;Toggle slideshow&quot;,&quot;TOGGLE_FULLSCREEN&quot;:&quot;Toggle full-screen mode&quot;},&quot;Images&quot;:{&quot;Panzoom&quot;:{&quot;maxScale&quot;:2}},&quot;mainClass&quot;:&quot;modula-fancybox-container modula-lightbox-jtg-10940&quot;,&quot;Html&quot;:{&quot;videoAutoplay&quot;:0,&quot;videoTpl&quot;:&quot;&lt;video class=\\&quot;fancybox__html5video\\&quot; controls muted playsinline controlsList controlsList=\\&quot;nodownload\\&quot; poster=\\&quot;{{poster}}\\&quot; src=\\&quot;{{src}}\\&quot; type=\\&quot;{{format}}\\&quot; &gt;  Sorry, your browser doesn&#039;t support embedded videos, &lt;a href=\\&quot;{{src}}\\&quot;&gt; download &lt;\\\/a&gt; and watch with your favorite video player! &lt;\\\/video&gt;&quot;}},&quot;inView&quot;:false,&quot;email_subject&quot;:&quot;\\u00a1\\u00a1Mira esta impresionante imagen!!&quot;,&quot;email_message&quot;:&quot;Este es el enlace a la imagen: %%image_link%% y este es el enlace a la galer\\u00eda: %%gallery_link%%&quot;,&quot;lightbox&quot;:&quot;fancybox&quot;,&quot;filterClick&quot;:&quot;0&quot;,&quot;defaultActiveFilter&quot;:&quot;all&quot;}\">\n\n\t\n\t<div  class=\"modula-items\">\n\t\t<div class=\"modula-item jtg-filter-all jtg-filter-\" data-width=\"6\" data-height=\"5\" >\n\t<div class=\"modula-item-content\">\n\t\t\n\t\t\t\t\t<a data-image-id=\"10941\" tabindex=\"0\" href=\"https:\/\/www.formentera.es\/wp-content\/uploads\/2020\/04\/P1170790.jpg\" rel=\"jtg-10940\" data-caption=\"\" aria-label=\"Open image in lightbox\" role=\"button\" data-cyclefilter=\"show\" data-fancybox=\"jtg-10940\" class=\"tile-inner modula-item-link\"><\/a>\n\t\t\n\t\t<img loading=\"lazy\" decoding=\"async\" class=\"pic wp-image-10941\"  data-valign=\"middle\" data-halign=\"center\" alt=\"\" data-full=\"https:\/\/www.formentera.es\/wp-content\/uploads\/2020\/04\/P1170790.jpg\" title=\"P1170790\" width=\"1600\" height=\"1200\" src=\"https:\/\/www.formentera.es\/wp-content\/uploads\/2020\/04\/P1170790.jpg\" data-src=\"https:\/\/www.formentera.es\/wp-content\/uploads\/2020\/04\/P1170790.jpg\" data-caption=\"\" srcset=\"https:\/\/www.formentera.es\/wp-content\/uploads\/2020\/04\/P1170790.jpg 1600w, https:\/\/www.formentera.es\/wp-content\/uploads\/2020\/04\/P1170790-300x225.jpg 300w, https:\/\/www.formentera.es\/wp-content\/uploads\/2020\/04\/P1170790-768x576.jpg 768w, https:\/\/www.formentera.es\/wp-content\/uploads\/2020\/04\/P1170790-1024x768.jpg 1024w\" sizes=\"auto, (max-width: 1600px) 100vw, 1600px\" \/>\n\t<\/div>\n\n<\/div><div class=\"modula-item jtg-filter-all jtg-filter-\" data-width=\"6\" data-height=\"5\" >\n\t<div class=\"modula-item-content\">\n\t\t\n\t\t\t\t\t<a data-image-id=\"10955\" tabindex=\"0\" href=\"https:\/\/www.formentera.es\/wp-content\/uploads\/2020\/04\/shutterstock_367662158-1.jpg\" rel=\"jtg-10940\" data-caption=\"\" aria-label=\"Open image in lightbox\" role=\"button\" data-cyclefilter=\"show\" data-fancybox=\"jtg-10940\" class=\"tile-inner modula-item-link\"><\/a>\n\t\t\n\t\t<img loading=\"lazy\" decoding=\"async\" class=\"pic wp-image-10955\"  data-valign=\"middle\" data-halign=\"center\" alt=\"\" data-full=\"https:\/\/www.formentera.es\/wp-content\/uploads\/2020\/04\/shutterstock_367662158-1.jpg\" title=\"shutterstock_367662158 (1)\" width=\"1600\" height=\"1200\" src=\"https:\/\/www.formentera.es\/wp-content\/uploads\/2020\/04\/shutterstock_367662158-1.jpg\" data-src=\"https:\/\/www.formentera.es\/wp-content\/uploads\/2020\/04\/shutterstock_367662158-1.jpg\" data-caption=\"\" srcset=\"https:\/\/www.formentera.es\/wp-content\/uploads\/2020\/04\/shutterstock_367662158-1.jpg 1600w, https:\/\/www.formentera.es\/wp-content\/uploads\/2020\/04\/shutterstock_367662158-1-300x225.jpg 300w, https:\/\/www.formentera.es\/wp-content\/uploads\/2020\/04\/shutterstock_367662158-1-768x576.jpg 768w, https:\/\/www.formentera.es\/wp-content\/uploads\/2020\/04\/shutterstock_367662158-1-1024x768.jpg 1024w\" sizes=\"auto, (max-width: 1600px) 100vw, 1600px\" \/>\n\t<\/div>\n\n<\/div><div class=\"modula-item jtg-filter-all jtg-filter-\" data-width=\"12\" data-height=\"6\" >\n\t<div class=\"modula-item-content\">\n\t\t\n\t\t\t\t\t<a data-image-id=\"10962\" tabindex=\"0\" href=\"https:\/\/www.formentera.es\/wp-content\/uploads\/2020\/04\/shutterstock_540699745-1.jpg\" rel=\"jtg-10940\" data-caption=\"\" aria-label=\"Open image in lightbox\" role=\"button\" data-cyclefilter=\"show\" data-fancybox=\"jtg-10940\" class=\"tile-inner modula-item-link\"><\/a>\n\t\t\n\t\t<img loading=\"lazy\" decoding=\"async\" class=\"pic wp-image-10962\"  data-valign=\"middle\" data-halign=\"center\" alt=\"\" data-full=\"https:\/\/www.formentera.es\/wp-content\/uploads\/2020\/04\/shutterstock_540699745-1.jpg\" title=\"shutterstock_540699745 (1)\" width=\"1600\" height=\"874\" src=\"https:\/\/www.formentera.es\/wp-content\/uploads\/2020\/04\/shutterstock_540699745-1.jpg\" data-src=\"https:\/\/www.formentera.es\/wp-content\/uploads\/2020\/04\/shutterstock_540699745-1.jpg\" data-caption=\"\" srcset=\"https:\/\/www.formentera.es\/wp-content\/uploads\/2020\/04\/shutterstock_540699745-1.jpg 1600w, https:\/\/www.formentera.es\/wp-content\/uploads\/2020\/04\/shutterstock_540699745-1-300x164.jpg 300w, https:\/\/www.formentera.es\/wp-content\/uploads\/2020\/04\/shutterstock_540699745-1-768x420.jpg 768w, https:\/\/www.formentera.es\/wp-content\/uploads\/2020\/04\/shutterstock_540699745-1-1024x559.jpg 1024w\" sizes=\"auto, (max-width: 1600px) 100vw, 1600px\" \/>\n\t<\/div>\n\n<\/div><div class=\"modula-item jtg-filter-all jtg-filter-\" data-width=\"7\" data-height=\"5\" >\n\t<div class=\"modula-item-content\">\n\t\t\n\t\t\t\t\t<a data-image-id=\"10969\" tabindex=\"0\" href=\"https:\/\/www.formentera.es\/wp-content\/uploads\/2020\/04\/shutterstock_665897719.jpg\" rel=\"jtg-10940\" data-caption=\"\" aria-label=\"Open image in lightbox\" role=\"button\" data-cyclefilter=\"show\" data-fancybox=\"jtg-10940\" class=\"tile-inner modula-item-link\"><\/a>\n\t\t\n\t\t<img loading=\"lazy\" decoding=\"async\" class=\"pic wp-image-10969\"  data-valign=\"middle\" data-halign=\"center\" alt=\"\" data-full=\"https:\/\/www.formentera.es\/wp-content\/uploads\/2020\/04\/shutterstock_665897719.jpg\" title=\"shutterstock_665897719\" width=\"1600\" height=\"1068\" src=\"https:\/\/www.formentera.es\/wp-content\/uploads\/2020\/04\/shutterstock_665897719.jpg\" data-src=\"https:\/\/www.formentera.es\/wp-content\/uploads\/2020\/04\/shutterstock_665897719.jpg\" data-caption=\"\" srcset=\"https:\/\/www.formentera.es\/wp-content\/uploads\/2020\/04\/shutterstock_665897719.jpg 1600w, https:\/\/www.formentera.es\/wp-content\/uploads\/2020\/04\/shutterstock_665897719-300x200.jpg 300w, https:\/\/www.formentera.es\/wp-content\/uploads\/2020\/04\/shutterstock_665897719-768x513.jpg 768w, https:\/\/www.formentera.es\/wp-content\/uploads\/2020\/04\/shutterstock_665897719-1024x684.jpg 1024w\" sizes=\"auto, (max-width: 1600px) 100vw, 1600px\" \/>\n\t<\/div>\n\n<\/div><div class=\"modula-item jtg-filter-all jtg-filter-\" data-width=\"5\" data-height=\"5\" >\n\t<div class=\"modula-item-content\">\n\t\t\n\t\t\t\t\t<a data-image-id=\"10976\" tabindex=\"0\" href=\"https:\/\/www.formentera.es\/wp-content\/uploads\/2020\/04\/shutterstock_1660498429.jpg\" rel=\"jtg-10940\" data-caption=\"\" aria-label=\"Open image in lightbox\" role=\"button\" data-cyclefilter=\"show\" data-fancybox=\"jtg-10940\" class=\"tile-inner modula-item-link\"><\/a>\n\t\t\n\t\t<img loading=\"lazy\" decoding=\"async\" class=\"pic wp-image-10976\"  data-valign=\"middle\" data-halign=\"center\" alt=\"\" data-full=\"https:\/\/www.formentera.es\/wp-content\/uploads\/2020\/04\/shutterstock_1660498429.jpg\" title=\"shutterstock_1660498429\" width=\"1600\" height=\"1000\" src=\"https:\/\/www.formentera.es\/wp-content\/uploads\/2020\/04\/shutterstock_1660498429.jpg\" data-src=\"https:\/\/www.formentera.es\/wp-content\/uploads\/2020\/04\/shutterstock_1660498429.jpg\" data-caption=\"\" srcset=\"https:\/\/www.formentera.es\/wp-content\/uploads\/2020\/04\/shutterstock_1660498429.jpg 1600w, https:\/\/www.formentera.es\/wp-content\/uploads\/2020\/04\/shutterstock_1660498429-300x188.jpg 300w, https:\/\/www.formentera.es\/wp-content\/uploads\/2020\/04\/shutterstock_1660498429-768x480.jpg 768w, https:\/\/www.formentera.es\/wp-content\/uploads\/2020\/04\/shutterstock_1660498429-1024x640.jpg 1024w\" sizes=\"auto, (max-width: 1600px) 100vw, 1600px\" \/>\n\t<\/div>\n\n<\/div>\t\t\n\t<\/div>\n\n\t\n\t\n\t<script type=\"application\/ld+json\">\n\t{\n\t\t\"@context\": \"http:\/\/schema.org\",\n\t\t\"@type\"   : \"ImageGallery\",\n\t\t\"id\"      : \"https:\/\/www.formentera.es\/fr\/explorer\/activites\/routes-vertes\/sant-francesc-la-mola\/\",\n\t\t\"url\"     : \"https:\/\/www.formentera.es\/fr\/explorer\/activites\/routes-vertes\/sant-francesc-la-mola\/\"\n\t}\n\n\t<\/script>\n\n\t\n<\/div>\n[\/vc_column_text][\/vc_column][\/vc_row][vc_row][vc_column][vc_column_text]<div id=\"mas_rutas\" class=\"container sc\"><h2>Autres itin\u00e9raires \u00e0 Formentera<\/h2><div class=\"row\"><div class=\"col-md-6 col-lg-4\">\n\t\t\t\t\t\t\t<a href=\"https:\/\/www.formentera.es\/fr\/explorer\/activites\/routes-vertes\/es-carnatge-es-arenals\/\" class=\"img_ruta\"  style=\"background-image: url(https:\/\/www.formentera.es\/wp-content\/uploads\/2020\/11\/ES-CARNATGE_02_Moonkoala-300x200.jpg)\"><\/a>\n\t\t\t\t\t\t\t\n\t\t\t\t\t\t\t<div class=\"col-sm-12\">\n\t\t\t\t\t\t\t\t<a href=\"https:\/\/www.formentera.es\/fr\/explorer\/activites\/routes-vertes\/es-carnatge-es-arenals\/\">Es Carnatge  &#8211;  Es Arenals<\/a><div><img decoding=\"async\" src=\"https:\/\/www.formentera.es\/wp-content\/themes\/Formentera\/img\/bicib.png\">10 min.<\/div><div><img decoding=\"async\" src=\"https:\/\/www.formentera.es\/wp-content\/themes\/Formentera\/img\/caminarb.png\">25 min.<\/div><\/div>\n\t\t\t\t\t\t<\/div><div class=\"col-md-6 col-lg-4\">\n\t\t\t\t\t\t\t<a href=\"https:\/\/www.formentera.es\/fr\/explorer\/activites\/routes-vertes\/el-pilar-de-la-mola-es-monestir\/\" class=\"img_ruta\"  style=\"background-image: url(https:\/\/www.formentera.es\/wp-content\/uploads\/2020\/04\/pla_de_la_mola-300x200.jpg)\"><\/a>\n\t\t\t\t\t\t\t\n\t\t\t\t\t\t\t<div class=\"col-sm-12\">\n\t\t\t\t\t\t\t\t<a href=\"https:\/\/www.formentera.es\/fr\/explorer\/activites\/routes-vertes\/el-pilar-de-la-mola-es-monestir\/\">El Pilar De La Mola  &#8211;  Es Monestir<\/a><div><img decoding=\"async\" src=\"https:\/\/www.formentera.es\/wp-content\/themes\/Formentera\/img\/bicib.png\">15 min.<\/div><div><img decoding=\"async\" src=\"https:\/\/www.formentera.es\/wp-content\/themes\/Formentera\/img\/caminarb.png\">45 min.<\/div><\/div>\n\t\t\t\t\t\t<\/div><div class=\"col-md-6 col-lg-4\">\n\t\t\t\t\t\t\t<a href=\"https:\/\/www.formentera.es\/fr\/explorer\/activites\/routes-vertes\/sant-francesc-es-mal-pas\/\" class=\"img_ruta\"  style=\"background-image: url(https:\/\/www.formentera.es\/wp-content\/uploads\/2018\/11\/migjorn-arenals-300x200.jpg)\"><\/a>\n\t\t\t\t\t\t\t\n\t\t\t\t\t\t\t<div class=\"col-sm-12\">\n\t\t\t\t\t\t\t\t<a href=\"https:\/\/www.formentera.es\/fr\/explorer\/activites\/routes-vertes\/sant-francesc-es-mal-pas\/\">Sant Francesc &#8211;  Es Mal Pas<\/a><div><img decoding=\"async\" src=\"https:\/\/www.formentera.es\/wp-content\/themes\/Formentera\/img\/bicib.png\">30 min.<\/div><div><img decoding=\"async\" src=\"https:\/\/www.formentera.es\/wp-content\/themes\/Formentera\/img\/caminarb.png\">45 min.<\/div><\/div>\n\t\t\t\t\t\t<\/div><\/div><a class=\"text-center\" href=\"\">Voir toutes les routes<\/a><\/div>[\/vc_column_text][\/vc_column][\/vc_row]<\/p>\n<\/div>","protected":false},"excerpt":{"rendered":"<p>[vc_row][vc_column width=\u00a0\u00bb8\/12&Prime;][vc_column_text]La route 15 est l&rsquo;un des circuits verts les plus longs de Formentera. Elle [&hellip;]<\/p>\n","protected":false},"author":1,"featured_media":10973,"parent":5251,"menu_order":0,"comment_status":"closed","ping_status":"closed","template":"page-ruta.php","meta":{"_acf_changed":false,"footnotes":""},"categories":[],"class_list":["post-11984","page","type-page","status-publish","hentry"],"acf":[],"yoast_head":"<!-- This site is optimized with the Yoast SEO plugin v25.5 - https:\/\/yoast.com\/wordpress\/plugins\/seo\/ -->\n<title>Sant Francesc - La Mola | Turismo de Formentera<\/title>\n<meta name=\"robots\" content=\"index, follow, max-snippet:-1, max-image-preview:large, max-video-preview:-1\" \/>\n<link rel=\"canonical\" href=\"https:\/\/www.formentera.es\/fr\/explorer\/activites\/routes-vertes\/sant-francesc-la-mola\/\" \/>\n<meta property=\"og:locale\" content=\"fr_FR\" \/>\n<meta property=\"og:type\" content=\"article\" \/>\n<meta property=\"og:title\" content=\"Sant Francesc - La Mola | Turismo de Formentera\" \/>\n<meta property=\"og:description\" content=\"[vc_row][vc_column width=\u00a0\u00bb8\/12&Prime;][vc_column_text]La route 15 est l&rsquo;un des circuits verts les plus longs de Formentera. Elle [&hellip;]\" \/>\n<meta property=\"og:url\" content=\"https:\/\/www.formentera.es\/fr\/explorer\/activites\/routes-vertes\/sant-francesc-la-mola\/\" \/>\n<meta property=\"og:site_name\" content=\"Turismo de Formentera\" \/>\n<meta property=\"article:publisher\" content=\"https:\/\/www.facebook.com\/turismoformentera\/\" \/>\n<meta property=\"article:modified_time\" content=\"2020-05-07T14:24:13+00:00\" \/>\n<meta property=\"og:image\" content=\"https:\/\/www.formentera.es\/wp-content\/uploads\/2020\/04\/shutterstock_665897719.jpg\" \/>\n\t<meta property=\"og:image:width\" content=\"1600\" \/>\n\t<meta property=\"og:image:height\" content=\"1068\" \/>\n\t<meta property=\"og:image:type\" content=\"image\/jpeg\" \/>\n<meta name=\"twitter:card\" content=\"summary_large_image\" \/>\n<meta name=\"twitter:site\" content=\"@visitformentera\" \/>\n<meta name=\"twitter:label1\" content=\"Dur\u00e9e de lecture estim\u00e9e\" \/>\n\t<meta name=\"twitter:data1\" content=\"2 minutes\" \/>\n<script type=\"application\/ld+json\" class=\"yoast-schema-graph\">{\"@context\":\"https:\/\/schema.org\",\"@graph\":[{\"@type\":\"WebPage\",\"@id\":\"https:\/\/www.formentera.es\/fr\/explorer\/activites\/routes-vertes\/sant-francesc-la-mola\/\",\"url\":\"https:\/\/www.formentera.es\/fr\/explorer\/activites\/routes-vertes\/sant-francesc-la-mola\/\",\"name\":\"Sant Francesc - La Mola | Turismo de Formentera\",\"isPartOf\":{\"@id\":\"https:\/\/www.formentera.es\/#website\"},\"primaryImageOfPage\":{\"@id\":\"https:\/\/www.formentera.es\/fr\/explorer\/activites\/routes-vertes\/sant-francesc-la-mola\/#primaryimage\"},\"image\":{\"@id\":\"https:\/\/www.formentera.es\/fr\/explorer\/activites\/routes-vertes\/sant-francesc-la-mola\/#primaryimage\"},\"thumbnailUrl\":\"https:\/\/www.formentera.es\/wp-content\/uploads\/2020\/04\/shutterstock_665897719.jpg\",\"datePublished\":\"2020-04-15T14:13:53+00:00\",\"dateModified\":\"2020-05-07T14:24:13+00:00\",\"breadcrumb\":{\"@id\":\"https:\/\/www.formentera.es\/fr\/explorer\/activites\/routes-vertes\/sant-francesc-la-mola\/#breadcrumb\"},\"inLanguage\":\"fr-FR\",\"potentialAction\":[{\"@type\":\"ReadAction\",\"target\":[\"https:\/\/www.formentera.es\/fr\/explorer\/activites\/routes-vertes\/sant-francesc-la-mola\/\"]}]},{\"@type\":\"ImageObject\",\"inLanguage\":\"fr-FR\",\"@id\":\"https:\/\/www.formentera.es\/fr\/explorer\/activites\/routes-vertes\/sant-francesc-la-mola\/#primaryimage\",\"url\":\"https:\/\/www.formentera.es\/wp-content\/uploads\/2020\/04\/shutterstock_665897719.jpg\",\"contentUrl\":\"https:\/\/www.formentera.es\/wp-content\/uploads\/2020\/04\/shutterstock_665897719.jpg\",\"width\":1600,\"height\":1068},{\"@type\":\"BreadcrumbList\",\"@id\":\"https:\/\/www.formentera.es\/fr\/explorer\/activites\/routes-vertes\/sant-francesc-la-mola\/#breadcrumb\",\"itemListElement\":[{\"@type\":\"ListItem\",\"position\":1,\"name\":\"Portada\",\"item\":\"https:\/\/www.formentera.es\/fr\/\"},{\"@type\":\"ListItem\",\"position\":2,\"name\":\"Explorer\",\"item\":\"https:\/\/www.formentera.es\/explorar\/\"},{\"@type\":\"ListItem\",\"position\":3,\"name\":\"Activit\u00e9s\",\"item\":\"https:\/\/www.formentera.es\/fr\/explorer\/activites\/\"},{\"@type\":\"ListItem\",\"position\":4,\"name\":\"Routes vertes\",\"item\":\"https:\/\/www.formentera.es\/fr\/explorer\/activites\/routes-vertes\/\"},{\"@type\":\"ListItem\",\"position\":5,\"name\":\"Sant Francesc &#8211; La Mola\"}]},{\"@type\":\"WebSite\",\"@id\":\"https:\/\/www.formentera.es\/#website\",\"url\":\"https:\/\/www.formentera.es\/\",\"name\":\"Turismo de Formentera\",\"description\":\"Web oficial de Turismo de Formentera\",\"potentialAction\":[{\"@type\":\"SearchAction\",\"target\":{\"@type\":\"EntryPoint\",\"urlTemplate\":\"https:\/\/www.formentera.es\/?s={search_term_string}\"},\"query-input\":{\"@type\":\"PropertyValueSpecification\",\"valueRequired\":true,\"valueName\":\"search_term_string\"}}],\"inLanguage\":\"fr-FR\"}]}<\/script>\n<!-- \/ Yoast SEO plugin. -->","yoast_head_json":{"title":"Sant Francesc - La Mola | Turismo de Formentera","robots":{"index":"index","follow":"follow","max-snippet":"max-snippet:-1","max-image-preview":"max-image-preview:large","max-video-preview":"max-video-preview:-1"},"canonical":"https:\/\/www.formentera.es\/fr\/explorer\/activites\/routes-vertes\/sant-francesc-la-mola\/","og_locale":"fr_FR","og_type":"article","og_title":"Sant Francesc - La Mola | Turismo de Formentera","og_description":"[vc_row][vc_column width=\u00a0\u00bb8\/12&Prime;][vc_column_text]La route 15 est l&rsquo;un des circuits verts les plus longs de Formentera. Elle [&hellip;]","og_url":"https:\/\/www.formentera.es\/fr\/explorer\/activites\/routes-vertes\/sant-francesc-la-mola\/","og_site_name":"Turismo de Formentera","article_publisher":"https:\/\/www.facebook.com\/turismoformentera\/","article_modified_time":"2020-05-07T14:24:13+00:00","og_image":[{"width":1600,"height":1068,"url":"https:\/\/www.formentera.es\/wp-content\/uploads\/2020\/04\/shutterstock_665897719.jpg","type":"image\/jpeg"}],"twitter_card":"summary_large_image","twitter_site":"@visitformentera","twitter_misc":{"Dur\u00e9e de lecture estim\u00e9e":"2 minutes"},"schema":{"@context":"https:\/\/schema.org","@graph":[{"@type":"WebPage","@id":"https:\/\/www.formentera.es\/fr\/explorer\/activites\/routes-vertes\/sant-francesc-la-mola\/","url":"https:\/\/www.formentera.es\/fr\/explorer\/activites\/routes-vertes\/sant-francesc-la-mola\/","name":"Sant Francesc - La Mola | Turismo de Formentera","isPartOf":{"@id":"https:\/\/www.formentera.es\/#website"},"primaryImageOfPage":{"@id":"https:\/\/www.formentera.es\/fr\/explorer\/activites\/routes-vertes\/sant-francesc-la-mola\/#primaryimage"},"image":{"@id":"https:\/\/www.formentera.es\/fr\/explorer\/activites\/routes-vertes\/sant-francesc-la-mola\/#primaryimage"},"thumbnailUrl":"https:\/\/www.formentera.es\/wp-content\/uploads\/2020\/04\/shutterstock_665897719.jpg","datePublished":"2020-04-15T14:13:53+00:00","dateModified":"2020-05-07T14:24:13+00:00","breadcrumb":{"@id":"https:\/\/www.formentera.es\/fr\/explorer\/activites\/routes-vertes\/sant-francesc-la-mola\/#breadcrumb"},"inLanguage":"fr-FR","potentialAction":[{"@type":"ReadAction","target":["https:\/\/www.formentera.es\/fr\/explorer\/activites\/routes-vertes\/sant-francesc-la-mola\/"]}]},{"@type":"ImageObject","inLanguage":"fr-FR","@id":"https:\/\/www.formentera.es\/fr\/explorer\/activites\/routes-vertes\/sant-francesc-la-mola\/#primaryimage","url":"https:\/\/www.formentera.es\/wp-content\/uploads\/2020\/04\/shutterstock_665897719.jpg","contentUrl":"https:\/\/www.formentera.es\/wp-content\/uploads\/2020\/04\/shutterstock_665897719.jpg","width":1600,"height":1068},{"@type":"BreadcrumbList","@id":"https:\/\/www.formentera.es\/fr\/explorer\/activites\/routes-vertes\/sant-francesc-la-mola\/#breadcrumb","itemListElement":[{"@type":"ListItem","position":1,"name":"Portada","item":"https:\/\/www.formentera.es\/fr\/"},{"@type":"ListItem","position":2,"name":"Explorer","item":"https:\/\/www.formentera.es\/explorar\/"},{"@type":"ListItem","position":3,"name":"Activit\u00e9s","item":"https:\/\/www.formentera.es\/fr\/explorer\/activites\/"},{"@type":"ListItem","position":4,"name":"Routes vertes","item":"https:\/\/www.formentera.es\/fr\/explorer\/activites\/routes-vertes\/"},{"@type":"ListItem","position":5,"name":"Sant Francesc &#8211; La Mola"}]},{"@type":"WebSite","@id":"https:\/\/www.formentera.es\/#website","url":"https:\/\/www.formentera.es\/","name":"Turismo de Formentera","description":"Web oficial de Turismo de Formentera","potentialAction":[{"@type":"SearchAction","target":{"@type":"EntryPoint","urlTemplate":"https:\/\/www.formentera.es\/?s={search_term_string}"},"query-input":{"@type":"PropertyValueSpecification","valueRequired":true,"valueName":"search_term_string"}}],"inLanguage":"fr-FR"}]}},"_links":{"self":[{"href":"https:\/\/www.formentera.es\/fr\/wp-json\/wp\/v2\/pages\/11984","targetHints":{"allow":["GET"]}}],"collection":[{"href":"https:\/\/www.formentera.es\/fr\/wp-json\/wp\/v2\/pages"}],"about":[{"href":"https:\/\/www.formentera.es\/fr\/wp-json\/wp\/v2\/types\/page"}],"author":[{"embeddable":true,"href":"https:\/\/www.formentera.es\/fr\/wp-json\/wp\/v2\/users\/1"}],"replies":[{"embeddable":true,"href":"https:\/\/www.formentera.es\/fr\/wp-json\/wp\/v2\/comments?post=11984"}],"version-history":[{"count":0,"href":"https:\/\/www.formentera.es\/fr\/wp-json\/wp\/v2\/pages\/11984\/revisions"}],"up":[{"embeddable":true,"href":"https:\/\/www.formentera.es\/fr\/wp-json\/wp\/v2\/pages\/5251"}],"wp:featuredmedia":[{"embeddable":true,"href":"https:\/\/www.formentera.es\/fr\/wp-json\/wp\/v2\/media\/10973"}],"wp:attachment":[{"href":"https:\/\/www.formentera.es\/fr\/wp-json\/wp\/v2\/media?parent=11984"}],"wp:term":[{"taxonomy":"category","embeddable":true,"href":"https:\/\/www.formentera.es\/fr\/wp-json\/wp\/v2\/categories?post=11984"}],"curies":[{"name":"wp","href":"https:\/\/api.w.org\/{rel}","templated":true}]}}