{"id":3657,"date":"2018-12-12T07:43:42","date_gmt":"2018-12-12T09:43:42","guid":{"rendered":"https:\/\/www.formentera.es\/audioguias\/"},"modified":"2022-04-20T12:28:49","modified_gmt":"2022-04-20T10:28:49","slug":"audioguides","status":"publish","type":"page","link":"https:\/\/www.formentera.es\/en\/planning\/audioguides\/","title":{"rendered":"Audioguides"},"content":{"rendered":"<div class=\"wpb-content-wrapper\"><p>[vc_row css=&#8221;.vc_custom_1547571073394{padding-top: 40px !important;}&#8221;][vc_column alignment=&#8221;center&#8221;][vc_custom_heading source=&#8221;post_title&#8221; font_container=&#8221;tag:h1|text_align:center|color:%232e3a6e&#8221; use_theme_fonts=&#8221;yes&#8221;][vc_column_text el_class=&#8221;subtexto&#8221;]<span class=\"tlid-translation translation\"><span class=\"\" title=\"\">In the tourist offices of Formentera <strong>Audioguides<\/strong> are available to visitors who wish to know the heritage of the island in a guided support.<\/span><\/span>[\/vc_column_text][\/vc_column][\/vc_row][vc_row full_width=&#8221;stretch_row_content&#8221; gap=&#8221;20&#8243; equal_height=&#8221;yes&#8221; el_class=&#8221;audioguias descargas&#8221;][vc_column width=&#8221;1\/4&#8243;][vc_single_image image=&#8221;1432&#8243; img_size=&#8221;full&#8221; alignment=&#8221;center&#8221;][vc_column_text el_class=&#8221;box_audio&#8221;]<\/p>\n<!--[if lt IE 9]><script>document.createElement('audio');<\/script><![endif]-->\n<audio class=\"wp-audio-shortcode\" id=\"audio-3657-1\" preload=\"none\" style=\"width: 100%;\" controls=\"controls\"><source type=\"audio\/mpeg\" src=\"https:\/\/www.formentera.es\/wp-content\/uploads\/2019\/02\/ENG-1.mp3?_=1\" \/><a href=\"https:\/\/www.formentera.es\/wp-content\/uploads\/2019\/02\/ENG-1.mp3\">https:\/\/www.formentera.es\/wp-content\/uploads\/2019\/02\/ENG-1.mp3<\/a><\/audio>\n<p>[\/vc_column_text][vc_column_text]<\/p>\n<h3>1. Introduction<\/h3>\n<p>[\/vc_column_text][vc_message message_box_style=&#8221;outline&#8221; style=&#8221;square&#8221; message_box_color=&#8221;white&#8221; icon_fontawesome=&#8221;fa fa-arrow-circle-o-down&#8221;]<a href=\"https:\/\/www.formentera.es\/wp-content\/uploads\/2019\/02\/ENG-1.mp3\" target=\"_blank\" rel=\"noopener noreferrer\" download=\"Audio1\">Download audio<\/a>[\/vc_message][\/vc_column][vc_column width=&#8221;1\/4&#8243;][vc_single_image image=&#8221;1435&#8243; img_size=&#8221;full&#8221; alignment=&#8221;center&#8221;][vc_column_text el_class=&#8221;box_audio&#8221;]<\/p>\n<audio class=\"wp-audio-shortcode\" id=\"audio-3657-2\" preload=\"none\" style=\"width: 100%;\" controls=\"controls\"><source type=\"audio\/mpeg\" src=\"https:\/\/www.formentera.es\/wp-content\/uploads\/2019\/02\/ENG-2.mp3?_=2\" \/><a href=\"https:\/\/www.formentera.es\/wp-content\/uploads\/2019\/02\/ENG-2.mp3\">https:\/\/www.formentera.es\/wp-content\/uploads\/2019\/02\/ENG-2.mp3<\/a><\/audio>\n<p>[\/vc_column_text][vc_column_text]<\/p>\n<h3>2. Description of tour<\/h3>\n<p>[\/vc_column_text][vc_message message_box_style=&#8221;outline&#8221; style=&#8221;square&#8221; message_box_color=&#8221;white&#8221; icon_fontawesome=&#8221;fa fa-arrow-circle-o-down&#8221;]<a href=\"https:\/\/www.formentera.es\/wp-content\/uploads\/2019\/02\/ENG-2.mp3\" target=\"_blank\" rel=\"noopener noreferrer\" download=\"Audio2\">Download audio<\/a>[\/vc_message][\/vc_column][vc_column width=&#8221;1\/4&#8243;][vc_single_image image=&#8221;1437&#8243; img_size=&#8221;full&#8221; alignment=&#8221;center&#8221;][vc_column_text el_class=&#8221;box_audio&#8221;]<\/p>\n<audio class=\"wp-audio-shortcode\" id=\"audio-3657-3\" preload=\"none\" style=\"width: 100%;\" controls=\"controls\"><source type=\"audio\/mpeg\" src=\"https:\/\/www.formentera.es\/wp-content\/uploads\/2019\/02\/ENG-3.mp3?_=3\" \/><a href=\"https:\/\/www.formentera.es\/wp-content\/uploads\/2019\/02\/ENG-3.mp3\">https:\/\/www.formentera.es\/wp-content\/uploads\/2019\/02\/ENG-3.mp3<\/a><\/audio>\n<p>[\/vc_column_text][vc_column_text]<\/p>\n<h3>3. On the way to somewhere, the history of the island<\/h3>\n<p>[\/vc_column_text][vc_message message_box_style=&#8221;outline&#8221; style=&#8221;square&#8221; message_box_color=&#8221;white&#8221; icon_fontawesome=&#8221;fa fa-arrow-circle-o-down&#8221;]<a href=\"https:\/\/www.formentera.es\/wp-content\/uploads\/2019\/02\/ENG-3.mp3\" target=\"_blank\" rel=\"noopener noreferrer\" download=\"Audio3\">Download audio<\/a>[\/vc_message][\/vc_column][vc_column width=&#8221;1\/4&#8243;][vc_single_image image=&#8221;1439&#8243; img_size=&#8221;full&#8221; alignment=&#8221;center&#8221;][vc_column_text el_class=&#8221;box_audio&#8221;]<\/p>\n<audio class=\"wp-audio-shortcode\" id=\"audio-3657-4\" preload=\"none\" style=\"width: 100%;\" controls=\"controls\"><source type=\"audio\/mpeg\" src=\"https:\/\/www.formentera.es\/wp-content\/uploads\/2019\/02\/ENG-4.mp3?_=4\" \/><a href=\"https:\/\/www.formentera.es\/wp-content\/uploads\/2019\/02\/ENG-4.mp3\">https:\/\/www.formentera.es\/wp-content\/uploads\/2019\/02\/ENG-4.mp3<\/a><\/audio>\n<p>[\/vc_column_text][vc_column_text]<\/p>\n<h3>4. The viewpoint<\/h3>\n<p>[\/vc_column_text][vc_message message_box_style=&#8221;outline&#8221; style=&#8221;square&#8221; message_box_color=&#8221;white&#8221; icon_fontawesome=&#8221;fa fa-arrow-circle-o-down&#8221;]<a href=\"https:\/\/www.formentera.es\/wp-content\/uploads\/2019\/02\/ENG-4.mp3\" target=\"_blank\" rel=\"noopener noreferrer\" download=\"Audio4\">Download audio<\/a>[\/vc_message][\/vc_column][\/vc_row][vc_row full_width=&#8221;stretch_row_content&#8221; gap=&#8221;20&#8243; equal_height=&#8221;yes&#8221; el_class=&#8221;audioguias descargas&#8221;][vc_column width=&#8221;1\/4&#8243;][vc_single_image image=&#8221;1441&#8243; img_size=&#8221;full&#8221; alignment=&#8221;center&#8221;][vc_column_text el_class=&#8221;box_audio&#8221;]<\/p>\n<audio class=\"wp-audio-shortcode\" id=\"audio-3657-5\" preload=\"none\" style=\"width: 100%;\" controls=\"controls\"><source type=\"audio\/mpeg\" src=\"https:\/\/www.formentera.es\/wp-content\/uploads\/2019\/02\/ENG-5.mp3?_=5\" \/><a href=\"https:\/\/www.formentera.es\/wp-content\/uploads\/2019\/02\/ENG-5.mp3\">https:\/\/www.formentera.es\/wp-content\/uploads\/2019\/02\/ENG-5.mp3<\/a><\/audio>\n<p>[\/vc_column_text][vc_column_text]<\/p>\n<h3>5. El Pilar de la Mola. Hippie Market. Craftsmanship and history<\/h3>\n<p>[\/vc_column_text][vc_message message_box_style=&#8221;outline&#8221; style=&#8221;square&#8221; message_box_color=&#8221;white&#8221; icon_fontawesome=&#8221;fa fa-arrow-circle-o-down&#8221;]<a href=\"https:\/\/www.formentera.es\/wp-content\/uploads\/2019\/02\/ENG-5.mp3\" target=\"_blank\" rel=\"noopener noreferrer\" download=\"Audio5\">Download audio<\/a>[\/vc_message][\/vc_column][vc_column width=&#8221;1\/4&#8243;][vc_single_image image=&#8221;1443&#8243; img_size=&#8221;full&#8221; alignment=&#8221;center&#8221;][vc_column_text el_class=&#8221;box_audio&#8221;]<\/p>\n<audio class=\"wp-audio-shortcode\" id=\"audio-3657-6\" preload=\"none\" style=\"width: 100%;\" controls=\"controls\"><source type=\"audio\/mpeg\" src=\"https:\/\/www.formentera.es\/wp-content\/uploads\/2019\/02\/ENG-6.mp3?_=6\" \/><a href=\"https:\/\/www.formentera.es\/wp-content\/uploads\/2019\/02\/ENG-6.mp3\">https:\/\/www.formentera.es\/wp-content\/uploads\/2019\/02\/ENG-6.mp3<\/a><\/audio>\n<p>[\/vc_column_text][vc_column_text]<\/p>\n<h3>6. La Mola Lighthouse<\/h3>\n<p>[\/vc_column_text][vc_message message_box_style=&#8221;outline&#8221; style=&#8221;square&#8221; message_box_color=&#8221;white&#8221; icon_fontawesome=&#8221;fa fa-arrow-circle-o-down&#8221;]<a href=\"https:\/\/www.formentera.es\/wp-content\/uploads\/2019\/02\/ENG-6.mp3\" target=\"_blank\" rel=\"noopener noreferrer\" download=\"Audio6\">Download audio<\/a>[\/vc_message][\/vc_column][vc_column width=&#8221;1\/4&#8243;][vc_single_image image=&#8221;1445&#8243; img_size=&#8221;full&#8221; alignment=&#8221;center&#8221;][vc_column_text el_class=&#8221;box_audio&#8221;]<\/p>\n<audio class=\"wp-audio-shortcode\" id=\"audio-3657-7\" preload=\"none\" style=\"width: 100%;\" controls=\"controls\"><source type=\"audio\/mpeg\" src=\"https:\/\/www.formentera.es\/wp-content\/uploads\/2019\/02\/ENG-7.mp3?_=7\" \/><a href=\"https:\/\/www.formentera.es\/wp-content\/uploads\/2019\/02\/ENG-7.mp3\">https:\/\/www.formentera.es\/wp-content\/uploads\/2019\/02\/ENG-7.mp3<\/a><\/audio>\n<p>[\/vc_column_text][vc_column_text]<\/p>\n<h3>7. Old mill of La Mola<\/h3>\n<p>[\/vc_column_text][vc_message message_box_style=&#8221;outline&#8221; style=&#8221;square&#8221; message_box_color=&#8221;white&#8221; icon_fontawesome=&#8221;fa fa-arrow-circle-o-down&#8221;]<a href=\"https:\/\/www.formentera.es\/wp-content\/uploads\/2019\/02\/ENG-7.mp3\" target=\"_blank\" rel=\"noopener noreferrer\" download=\"Audio7\">Download audio<\/a>[\/vc_message][\/vc_column][vc_column width=&#8221;1\/4&#8243;][vc_single_image image=&#8221;1447&#8243; img_size=&#8221;full&#8221; alignment=&#8221;center&#8221;][vc_column_text el_class=&#8221;box_audio&#8221;]<\/p>\n<audio class=\"wp-audio-shortcode\" id=\"audio-3657-8\" preload=\"none\" style=\"width: 100%;\" controls=\"controls\"><source type=\"audio\/mpeg\" src=\"https:\/\/www.formentera.es\/wp-content\/uploads\/2019\/02\/ENG-8.mp3?_=8\" \/><a href=\"https:\/\/www.formentera.es\/wp-content\/uploads\/2019\/02\/ENG-8.mp3\">https:\/\/www.formentera.es\/wp-content\/uploads\/2019\/02\/ENG-8.mp3<\/a><\/audio>\n<p>[\/vc_column_text][vc_column_text]<\/p>\n<h3>8. Cuisine. Dishes and products<\/h3>\n<p>[\/vc_column_text][vc_message message_box_style=&#8221;outline&#8221; style=&#8221;square&#8221; message_box_color=&#8221;white&#8221; icon_fontawesome=&#8221;fa fa-arrow-circle-o-down&#8221;]<a href=\"https:\/\/www.formentera.es\/wp-content\/uploads\/2019\/02\/ENG-8.mp3\" target=\"_blank\" rel=\"noopener noreferrer\" download=\"Audio8\">Download<\/a><a href=\"https:\/\/www.formentera.es\/wp-content\/uploads\/2019\/02\/ENG-8.mp3\" target=\"_blank\" rel=\"noopener noreferrer\"> audio<\/a>[\/vc_message][\/vc_column][\/vc_row][vc_row full_width=&#8221;stretch_row_content&#8221; gap=&#8221;20&#8243; equal_height=&#8221;yes&#8221; el_class=&#8221;audioguias descargas&#8221;][vc_column width=&#8221;1\/4&#8243;][vc_single_image image=&#8221;1449&#8243; img_size=&#8221;full&#8221; alignment=&#8221;center&#8221;][vc_column_text el_class=&#8221;box_audio&#8221;]<\/p>\n<audio class=\"wp-audio-shortcode\" id=\"audio-3657-9\" preload=\"none\" style=\"width: 100%;\" controls=\"controls\"><source type=\"audio\/mpeg\" src=\"https:\/\/www.formentera.es\/wp-content\/uploads\/2019\/02\/ENG-9.mp3?_=9\" \/><a href=\"https:\/\/www.formentera.es\/wp-content\/uploads\/2019\/02\/ENG-9.mp3\">https:\/\/www.formentera.es\/wp-content\/uploads\/2019\/02\/ENG-9.mp3<\/a><\/audio>\n<p>[\/vc_column_text][vc_column_text]<\/p>\n<h3>9. &#8220;Can Blai&#8221; Roman Castle.<\/h3>\n<p>[\/vc_column_text][vc_message message_box_style=&#8221;outline&#8221; style=&#8221;square&#8221; message_box_color=&#8221;white&#8221; icon_fontawesome=&#8221;fa fa-arrow-circle-o-down&#8221;]<a href=\"https:\/\/www.formentera.es\/wp-content\/uploads\/2019\/02\/ENG-9.mp3\" target=\"_blank\" rel=\"noopener noreferrer\" download=\"Audio9\">Download audio<\/a>[\/vc_message][\/vc_column][vc_column width=&#8221;1\/4&#8243;][vc_single_image image=&#8221;1451&#8243; img_size=&#8221;full&#8221; alignment=&#8221;center&#8221;][vc_column_text el_class=&#8221;box_audio&#8221;]<\/p>\n<audio class=\"wp-audio-shortcode\" id=\"audio-3657-10\" preload=\"none\" style=\"width: 100%;\" controls=\"controls\"><source type=\"audio\/mpeg\" src=\"https:\/\/www.formentera.es\/wp-content\/uploads\/2019\/02\/ENG-10.mp3?_=10\" \/><a href=\"https:\/\/www.formentera.es\/wp-content\/uploads\/2019\/02\/ENG-10.mp3\">https:\/\/www.formentera.es\/wp-content\/uploads\/2019\/02\/ENG-10.mp3<\/a><\/audio>\n<p>[\/vc_column_text][vc_column_text]<\/p>\n<h3>10. Mitjorn Beach<\/h3>\n<p>[\/vc_column_text][vc_message message_box_style=&#8221;outline&#8221; style=&#8221;square&#8221; message_box_color=&#8221;white&#8221; icon_fontawesome=&#8221;fa fa-arrow-circle-o-down&#8221;]<a href=\"https:\/\/www.formentera.es\/wp-content\/uploads\/2019\/02\/ENG-10.mp3\" target=\"_blank\" rel=\"noopener noreferrer\" download=\"Audio10\">Download audio<\/a>[\/vc_message][\/vc_column][vc_column width=&#8221;1\/4&#8243;][vc_single_image image=&#8221;1453&#8243; img_size=&#8221;full&#8221; alignment=&#8221;center&#8221;][vc_column_text el_class=&#8221;box_audio&#8221;]<\/p>\n<audio class=\"wp-audio-shortcode\" id=\"audio-3657-11\" preload=\"none\" style=\"width: 100%;\" controls=\"controls\"><source type=\"audio\/mpeg\" src=\"https:\/\/www.formentera.es\/wp-content\/uploads\/2019\/02\/ENG-11.mp3?_=11\" \/><a href=\"https:\/\/www.formentera.es\/wp-content\/uploads\/2019\/02\/ENG-11.mp3\">https:\/\/www.formentera.es\/wp-content\/uploads\/2019\/02\/ENG-11.mp3<\/a><\/audio>\n<p>[\/vc_column_text][vc_column_text]<\/p>\n<h3>11. Sant Ferran and the Hippie movement<\/h3>\n<p>[\/vc_column_text][vc_message message_box_style=&#8221;outline&#8221; style=&#8221;square&#8221; message_box_color=&#8221;white&#8221; icon_fontawesome=&#8221;fa fa-arrow-circle-o-down&#8221;]<a href=\"https:\/\/www.formentera.es\/wp-content\/uploads\/2019\/02\/ENG-11.mp3\" target=\"_blank\" rel=\"noopener noreferrer\" download=\"Audio11\">Download audio<\/a>[\/vc_message][\/vc_column][vc_column width=&#8221;1\/4&#8243;][vc_single_image image=&#8221;1455&#8243; img_size=&#8221;full&#8221; alignment=&#8221;center&#8221;][vc_column_text el_class=&#8221;box_audio&#8221;]<\/p>\n<audio class=\"wp-audio-shortcode\" id=\"audio-3657-12\" preload=\"none\" style=\"width: 100%;\" controls=\"controls\"><source type=\"audio\/mpeg\" src=\"https:\/\/www.formentera.es\/wp-content\/uploads\/2019\/02\/ENG-12.mp3?_=12\" \/><a href=\"https:\/\/www.formentera.es\/wp-content\/uploads\/2019\/02\/ENG-12.mp3\">https:\/\/www.formentera.es\/wp-content\/uploads\/2019\/02\/ENG-12.mp3<\/a><\/audio>\n<p>[\/vc_column_text][vc_column_text]<\/p>\n<h3>12. Sant Francesc Xavier<\/h3>\n<p>[\/vc_column_text][vc_message message_box_style=&#8221;outline&#8221; style=&#8221;square&#8221; message_box_color=&#8221;white&#8221; icon_fontawesome=&#8221;fa fa-arrow-circle-o-down&#8221;]<a href=\"https:\/\/www.formentera.es\/wp-content\/uploads\/2019\/02\/ENG-12.mp3\" target=\"_blank\" rel=\"noopener noreferrer\" download=\"Audio12\">Download audio<\/a>[\/vc_message][\/vc_column][\/vc_row][vc_row full_width=&#8221;stretch_row_content&#8221; gap=&#8221;20&#8243; equal_height=&#8221;yes&#8221; el_class=&#8221;audioguias descargas&#8221;][vc_column width=&#8221;1\/4&#8243;][vc_single_image image=&#8221;1457&#8243; img_size=&#8221;full&#8221; alignment=&#8221;center&#8221;][vc_column_text el_class=&#8221;box_audio&#8221;]<\/p>\n<audio class=\"wp-audio-shortcode\" id=\"audio-3657-13\" preload=\"none\" style=\"width: 100%;\" controls=\"controls\"><source type=\"audio\/mpeg\" src=\"https:\/\/www.formentera.es\/wp-content\/uploads\/2019\/02\/ENG-13.mp3?_=13\" \/><a href=\"https:\/\/www.formentera.es\/wp-content\/uploads\/2019\/02\/ENG-13.mp3\">https:\/\/www.formentera.es\/wp-content\/uploads\/2019\/02\/ENG-13.mp3<\/a><\/audio>\n<p>[\/vc_column_text][vc_column_text]<\/p>\n<h3>13. Celebration<\/h3>\n<p>[\/vc_column_text][vc_message message_box_style=&#8221;outline&#8221; style=&#8221;square&#8221; message_box_color=&#8221;white&#8221; icon_fontawesome=&#8221;fa fa-arrow-circle-o-down&#8221;]<a href=\"https:\/\/www.formentera.es\/wp-content\/uploads\/2019\/02\/ENG-13.mp3\" target=\"_blank\" rel=\"noopener noreferrer\" download=\"Audio13\">Download audio<\/a>[\/vc_message][\/vc_column][vc_column width=&#8221;1\/4&#8243;][vc_single_image image=&#8221;1459&#8243; img_size=&#8221;full&#8221; alignment=&#8221;center&#8221;][vc_column_text el_class=&#8221;box_audio&#8221;]<\/p>\n<audio class=\"wp-audio-shortcode\" id=\"audio-3657-14\" preload=\"none\" style=\"width: 100%;\" controls=\"controls\"><source type=\"audio\/mpeg\" src=\"https:\/\/www.formentera.es\/wp-content\/uploads\/2019\/02\/ENG-14.mp3?_=14\" \/><a href=\"https:\/\/www.formentera.es\/wp-content\/uploads\/2019\/02\/ENG-14.mp3\">https:\/\/www.formentera.es\/wp-content\/uploads\/2019\/02\/ENG-14.mp3<\/a><\/audio>\n<p>[\/vc_column_text][vc_column_text]<\/p>\n<h3>14. Church and town hall square<\/h3>\n<p>[\/vc_column_text][vc_message message_box_style=&#8221;outline&#8221; style=&#8221;square&#8221; message_box_color=&#8221;white&#8221; icon_fontawesome=&#8221;fa fa-arrow-circle-o-down&#8221;]<a href=\"https:\/\/www.formentera.es\/wp-content\/uploads\/2019\/02\/ENG-14.mp3\" target=\"_blank\" rel=\"noopener noreferrer\" download=\"Audio14\">Download audio<\/a>[\/vc_message][\/vc_column][vc_column width=&#8221;1\/4&#8243;][vc_single_image image=&#8221;1461&#8243; img_size=&#8221;full&#8221; alignment=&#8221;center&#8221;][vc_column_text el_class=&#8221;box_audio&#8221;]<\/p>\n<audio class=\"wp-audio-shortcode\" id=\"audio-3657-15\" preload=\"none\" style=\"width: 100%;\" controls=\"controls\"><source type=\"audio\/mpeg\" src=\"https:\/\/www.formentera.es\/wp-content\/uploads\/2019\/02\/ENG-15.mp3?_=15\" \/><a href=\"https:\/\/www.formentera.es\/wp-content\/uploads\/2019\/02\/ENG-15.mp3\">https:\/\/www.formentera.es\/wp-content\/uploads\/2019\/02\/ENG-15.mp3<\/a><\/audio>\n<p>[\/vc_column_text][vc_column_text]<\/p>\n<h3>15. Formentera Ethnography Museum<\/h3>\n<p>[\/vc_column_text][vc_message message_box_style=&#8221;outline&#8221; style=&#8221;square&#8221; message_box_color=&#8221;white&#8221; icon_fontawesome=&#8221;fa fa-arrow-circle-o-down&#8221;]<a href=\"https:\/\/www.formentera.es\/wp-content\/uploads\/2019\/02\/ENG-15.mp3\" target=\"_blank\" rel=\"noopener noreferrer\" download=\"Audio15\">Download audio<\/a>[\/vc_message][\/vc_column][vc_column width=&#8221;1\/4&#8243;][vc_single_image image=&#8221;1463&#8243; img_size=&#8221;full&#8221; alignment=&#8221;center&#8221;][vc_column_text el_class=&#8221;box_audio&#8221;]<\/p>\n<audio class=\"wp-audio-shortcode\" id=\"audio-3657-16\" preload=\"none\" style=\"width: 100%;\" controls=\"controls\"><source type=\"audio\/mpeg\" src=\"https:\/\/www.formentera.es\/wp-content\/uploads\/2019\/02\/ENG-16.mp3?_=16\" \/><a href=\"https:\/\/www.formentera.es\/wp-content\/uploads\/2019\/02\/ENG-16.mp3\">https:\/\/www.formentera.es\/wp-content\/uploads\/2019\/02\/ENG-16.mp3<\/a><\/audio>\n<p>[\/vc_column_text][vc_column_text]<\/p>\n<h3>16. On the way to the Cap de Barberia Lighthouse<\/h3>\n<p>[\/vc_column_text][vc_message message_box_style=&#8221;outline&#8221; style=&#8221;square&#8221; message_box_color=&#8221;white&#8221; icon_fontawesome=&#8221;fa fa-arrow-circle-o-down&#8221;]<a href=\"https:\/\/www.formentera.es\/wp-content\/uploads\/2019\/02\/ENG-16.mp3r\" download=\"Audio16\">Download audio<\/a>[\/vc_message][\/vc_column][\/vc_row][vc_row full_width=&#8221;stretch_row_content&#8221; gap=&#8221;20&#8243; equal_height=&#8221;yes&#8221; el_class=&#8221;audioguias descargas&#8221;][vc_column width=&#8221;1\/4&#8243;][vc_single_image image=&#8221;1465&#8243; img_size=&#8221;full&#8221; alignment=&#8221;center&#8221;][vc_column_text el_class=&#8221;box_audio&#8221;]<\/p>\n<audio class=\"wp-audio-shortcode\" id=\"audio-3657-17\" preload=\"none\" style=\"width: 100%;\" controls=\"controls\"><source type=\"audio\/mpeg\" src=\"https:\/\/www.formentera.es\/wp-content\/uploads\/2019\/02\/ENG-17.mp3?_=17\" \/><a href=\"https:\/\/www.formentera.es\/wp-content\/uploads\/2019\/02\/ENG-17.mp3\">https:\/\/www.formentera.es\/wp-content\/uploads\/2019\/02\/ENG-17.mp3<\/a><\/audio>\n<p>[\/vc_column_text][vc_column_text]<\/p>\n<h3>17. Cap de Barber\u00eda Lighthouse<\/h3>\n<p>[\/vc_column_text][vc_message message_box_style=&#8221;outline&#8221; style=&#8221;square&#8221; message_box_color=&#8221;white&#8221; icon_fontawesome=&#8221;fa fa-arrow-circle-o-down&#8221;]<a href=\"https:\/\/www.formentera.es\/wp-content\/uploads\/2019\/02\/ENG-17.mp3\" target=\"_blank\" rel=\"noopener noreferrer\" download=\"Audio17\">Download audio<\/a>[\/vc_message][\/vc_column][vc_column width=&#8221;1\/4&#8243;][vc_single_image image=&#8221;1467&#8243; img_size=&#8221;full&#8221; alignment=&#8221;center&#8221;][vc_column_text el_class=&#8221;box_audio&#8221;]<\/p>\n<audio class=\"wp-audio-shortcode\" id=\"audio-3657-18\" preload=\"none\" style=\"width: 100%;\" controls=\"controls\"><source type=\"audio\/mpeg\" src=\"https:\/\/www.formentera.es\/wp-content\/uploads\/2019\/02\/ENG-18.mp3?_=18\" \/><a href=\"https:\/\/www.formentera.es\/wp-content\/uploads\/2019\/02\/ENG-18.mp3\">https:\/\/www.formentera.es\/wp-content\/uploads\/2019\/02\/ENG-18.mp3<\/a><\/audio>\n<p>[\/vc_column_text][vc_column_text]<\/p>\n<h3>18. Traditional house<\/h3>\n<p>[\/vc_column_text][vc_message message_box_style=&#8221;outline&#8221; style=&#8221;square&#8221; message_box_color=&#8221;white&#8221; icon_fontawesome=&#8221;fa fa-arrow-circle-o-down&#8221;]<a href=\"https:\/\/www.formentera.es\/wp-content\/uploads\/2019\/02\/ENG-18.mp3\" target=\"_blank\" rel=\"noopener noreferrer\" download=\"Audio18\">Download audio<\/a>[\/vc_message][\/vc_column][vc_column width=&#8221;1\/4&#8243;][vc_single_image image=&#8221;1469&#8243; img_size=&#8221;full&#8221; alignment=&#8221;center&#8221;][vc_column_text el_class=&#8221;box_audio&#8221;]<\/p>\n<audio class=\"wp-audio-shortcode\" id=\"audio-3657-19\" preload=\"none\" style=\"width: 100%;\" controls=\"controls\"><source type=\"audio\/mpeg\" src=\"https:\/\/www.formentera.es\/wp-content\/uploads\/2019\/02\/ENG-19.mp3?_=19\" \/><a href=\"https:\/\/www.formentera.es\/wp-content\/uploads\/2019\/02\/ENG-19.mp3\">https:\/\/www.formentera.es\/wp-content\/uploads\/2019\/02\/ENG-19.mp3<\/a><\/audio>\n<p>[\/vc_column_text][vc_column_text]<\/p>\n<h3>19. The Formentera salt flats<\/h3>\n<p>[\/vc_column_text][vc_message message_box_style=&#8221;outline&#8221; style=&#8221;square&#8221; message_box_color=&#8221;white&#8221; icon_fontawesome=&#8221;fa fa-arrow-circle-o-down&#8221;]<a href=\"https:\/\/www.formentera.es\/wp-content\/uploads\/2019\/02\/ENG-19.mp3\" target=\"_blank\" rel=\"noopener noreferrer\" download=\"Audio19\">Download audio<\/a>[\/vc_message][\/vc_column][vc_column width=&#8221;1\/4&#8243;][vc_single_image image=&#8221;1471&#8243; img_size=&#8221;full&#8221; alignment=&#8221;center&#8221;][vc_column_text el_class=&#8221;box_audio&#8221;]<\/p>\n<audio class=\"wp-audio-shortcode\" id=\"audio-3657-20\" preload=\"none\" style=\"width: 100%;\" controls=\"controls\"><source type=\"audio\/mpeg\" src=\"https:\/\/www.formentera.es\/wp-content\/uploads\/2019\/02\/ENG-20.mp3?_=20\" \/><a href=\"https:\/\/www.formentera.es\/wp-content\/uploads\/2019\/02\/ENG-20.mp3\">https:\/\/www.formentera.es\/wp-content\/uploads\/2019\/02\/ENG-20.mp3<\/a><\/audio>\n<p>[\/vc_column_text][vc_column_text]<\/p>\n<h3>20. Ca Na Costa megalithic tomb<\/h3>\n<p>[\/vc_column_text][vc_message message_box_style=&#8221;outline&#8221; style=&#8221;square&#8221; message_box_color=&#8221;white&#8221; icon_fontawesome=&#8221;fa fa-arrow-circle-o-down&#8221;]<a href=\"https:\/\/www.formentera.es\/wp-content\/uploads\/2019\/02\/ENG-20.mp3\" target=\"_blank\" rel=\"noopener noreferrer\" download=\"Audio20\">Download audio<\/a>[\/vc_message][\/vc_column][\/vc_row][vc_row full_width=&#8221;stretch_row_content&#8221; gap=&#8221;20&#8243; equal_height=&#8221;yes&#8221; el_class=&#8221;audioguias descargas&#8221;][vc_column width=&#8221;1\/4&#8243;][vc_single_image image=&#8221;1473&#8243; img_size=&#8221;full&#8221; alignment=&#8221;center&#8221;][vc_column_text el_class=&#8221;box_audio&#8221;]<\/p>\n<audio class=\"wp-audio-shortcode\" id=\"audio-3657-21\" preload=\"none\" style=\"width: 100%;\" controls=\"controls\"><source type=\"audio\/mpeg\" src=\"https:\/\/www.formentera.es\/wp-content\/uploads\/2019\/02\/ENG-21.mp3?_=21\" \/><a href=\"https:\/\/www.formentera.es\/wp-content\/uploads\/2019\/02\/ENG-21.mp3\">https:\/\/www.formentera.es\/wp-content\/uploads\/2019\/02\/ENG-21.mp3<\/a><\/audio>\n<p>[\/vc_column_text][vc_column_text]<\/p>\n<h3>21. Port of La Savina<\/h3>\n<p>[\/vc_column_text][vc_message message_box_style=&#8221;outline&#8221; style=&#8221;square&#8221; message_box_color=&#8221;white&#8221; icon_fontawesome=&#8221;fa fa-arrow-circle-o-down&#8221;]<a href=\"https:\/\/www.formentera.es\/wp-content\/uploads\/2019\/02\/ENG-21.mp3\" target=\"_blank\" rel=\"noopener noreferrer\" download=\"Audio21\">Dowload audio<\/a>[\/vc_message][\/vc_column][vc_column width=&#8221;1\/4&#8243;][\/vc_column][vc_column width=&#8221;1\/4&#8243;][\/vc_column][vc_column width=&#8221;1\/4&#8243;][\/vc_column][\/vc_row]<\/p>\n<\/div>","protected":false},"excerpt":{"rendered":"<p>[vc_row css=&#8221;.vc_custom_1547571073394{padding-top: 40px !important;}&#8221;][vc_column alignment=&#8221;center&#8221;][vc_custom_heading source=&#8221;post_title&#8221; font_container=&#8221;tag:h1|text_align:center|color:%232e3a6e&#8221; use_theme_fonts=&#8221;yes&#8221;][vc_column_text el_class=&#8221;subtexto&#8221;]In the tourist offices of Formentera Audioguides [&hellip;]<\/p>\n","protected":false},"author":1,"featured_media":0,"parent":5029,"menu_order":0,"comment_status":"closed","ping_status":"closed","template":"page-gen.php","meta":{"_acf_changed":false,"footnotes":""},"categories":[],"class_list":["post-3657","page","type-page","status-publish","hentry"],"acf":[],"yoast_head":"<!-- This site is optimized with the Yoast SEO plugin v25.5 - https:\/\/yoast.com\/wordpress\/plugins\/seo\/ -->\n<title>Audiogu\u00edas para conocer Formentera | Turismo de Formentera<\/title>\n<meta name=\"description\" content=\"Conoce un poco m\u00e1s a fondo la isla con esta lista de audiogu\u00edas sobre Formentera y sus distintos puntos de inter\u00e9s.\" \/>\n<meta name=\"robots\" content=\"index, follow, max-snippet:-1, max-image-preview:large, max-video-preview:-1\" \/>\n<link rel=\"canonical\" href=\"https:\/\/www.formentera.es\/planifica\/audioguias\/\" \/>\n<meta property=\"og:locale\" content=\"en_US\" \/>\n<meta property=\"og:type\" content=\"article\" \/>\n<meta property=\"og:title\" content=\"Audiogu\u00edas para conocer Formentera | Turismo de Formentera\" \/>\n<meta property=\"og:description\" content=\"Conoce un poco m\u00e1s a fondo la isla con esta lista de audiogu\u00edas sobre Formentera y sus distintos puntos de inter\u00e9s.\" \/>\n<meta property=\"og:url\" content=\"https:\/\/www.formentera.es\/planifica\/audioguias\/\" \/>\n<meta property=\"og:site_name\" content=\"Turismo de Formentera\" \/>\n<meta property=\"article:publisher\" content=\"https:\/\/www.facebook.com\/turismoformentera\/\" \/>\n<meta property=\"article:modified_time\" content=\"2022-04-20T10:28:49+00:00\" \/>\n<meta name=\"twitter:card\" content=\"summary_large_image\" \/>\n<meta name=\"twitter:site\" content=\"@visitformentera\" \/>\n<meta name=\"twitter:label1\" content=\"Est. reading time\" \/>\n\t<meta name=\"twitter:data1\" content=\"8 minutes\" \/>\n<script type=\"application\/ld+json\" class=\"yoast-schema-graph\">{\"@context\":\"https:\/\/schema.org\",\"@graph\":[{\"@type\":\"WebPage\",\"@id\":\"https:\/\/www.formentera.es\/planifica\/audioguias\/\",\"url\":\"https:\/\/www.formentera.es\/planifica\/audioguias\/\",\"name\":\"Audiogu\u00edas para conocer Formentera | Turismo de Formentera\",\"isPartOf\":{\"@id\":\"https:\/\/www.formentera.es\/#website\"},\"datePublished\":\"2018-12-12T09:43:42+00:00\",\"dateModified\":\"2022-04-20T10:28:49+00:00\",\"description\":\"Conoce un poco m\u00e1s a fondo la isla con esta lista de audiogu\u00edas sobre Formentera y sus distintos puntos de inter\u00e9s.\",\"breadcrumb\":{\"@id\":\"https:\/\/www.formentera.es\/planifica\/audioguias\/#breadcrumb\"},\"inLanguage\":\"en-US\",\"potentialAction\":[{\"@type\":\"ReadAction\",\"target\":[\"https:\/\/www.formentera.es\/planifica\/audioguias\/\"]}]},{\"@type\":\"BreadcrumbList\",\"@id\":\"https:\/\/www.formentera.es\/planifica\/audioguias\/#breadcrumb\",\"itemListElement\":[{\"@type\":\"ListItem\",\"position\":1,\"name\":\"Portada\",\"item\":\"https:\/\/www.formentera.es\/en\/\"},{\"@type\":\"ListItem\",\"position\":2,\"name\":\"Planning\",\"item\":\"https:\/\/www.formentera.es\/en\/planning\/\"},{\"@type\":\"ListItem\",\"position\":3,\"name\":\"Audioguides\"}]},{\"@type\":\"WebSite\",\"@id\":\"https:\/\/www.formentera.es\/#website\",\"url\":\"https:\/\/www.formentera.es\/\",\"name\":\"Turismo de Formentera\",\"description\":\"Web oficial de Turismo de Formentera\",\"potentialAction\":[{\"@type\":\"SearchAction\",\"target\":{\"@type\":\"EntryPoint\",\"urlTemplate\":\"https:\/\/www.formentera.es\/?s={search_term_string}\"},\"query-input\":{\"@type\":\"PropertyValueSpecification\",\"valueRequired\":true,\"valueName\":\"search_term_string\"}}],\"inLanguage\":\"en-US\"}]}<\/script>\n<!-- \/ Yoast SEO plugin. -->","yoast_head_json":{"title":"Audiogu\u00edas para conocer Formentera | Turismo de Formentera","description":"Conoce un poco m\u00e1s a fondo la isla con esta lista de audiogu\u00edas sobre Formentera y sus distintos puntos de inter\u00e9s.","robots":{"index":"index","follow":"follow","max-snippet":"max-snippet:-1","max-image-preview":"max-image-preview:large","max-video-preview":"max-video-preview:-1"},"canonical":"https:\/\/www.formentera.es\/planifica\/audioguias\/","og_locale":"en_US","og_type":"article","og_title":"Audiogu\u00edas para conocer Formentera | Turismo de Formentera","og_description":"Conoce un poco m\u00e1s a fondo la isla con esta lista de audiogu\u00edas sobre Formentera y sus distintos puntos de inter\u00e9s.","og_url":"https:\/\/www.formentera.es\/planifica\/audioguias\/","og_site_name":"Turismo de Formentera","article_publisher":"https:\/\/www.facebook.com\/turismoformentera\/","article_modified_time":"2022-04-20T10:28:49+00:00","twitter_card":"summary_large_image","twitter_site":"@visitformentera","twitter_misc":{"Est. reading time":"8 minutes"},"schema":{"@context":"https:\/\/schema.org","@graph":[{"@type":"WebPage","@id":"https:\/\/www.formentera.es\/planifica\/audioguias\/","url":"https:\/\/www.formentera.es\/planifica\/audioguias\/","name":"Audiogu\u00edas para conocer Formentera | Turismo de Formentera","isPartOf":{"@id":"https:\/\/www.formentera.es\/#website"},"datePublished":"2018-12-12T09:43:42+00:00","dateModified":"2022-04-20T10:28:49+00:00","description":"Conoce un poco m\u00e1s a fondo la isla con esta lista de audiogu\u00edas sobre Formentera y sus distintos puntos de inter\u00e9s.","breadcrumb":{"@id":"https:\/\/www.formentera.es\/planifica\/audioguias\/#breadcrumb"},"inLanguage":"en-US","potentialAction":[{"@type":"ReadAction","target":["https:\/\/www.formentera.es\/planifica\/audioguias\/"]}]},{"@type":"BreadcrumbList","@id":"https:\/\/www.formentera.es\/planifica\/audioguias\/#breadcrumb","itemListElement":[{"@type":"ListItem","position":1,"name":"Portada","item":"https:\/\/www.formentera.es\/en\/"},{"@type":"ListItem","position":2,"name":"Planning","item":"https:\/\/www.formentera.es\/en\/planning\/"},{"@type":"ListItem","position":3,"name":"Audioguides"}]},{"@type":"WebSite","@id":"https:\/\/www.formentera.es\/#website","url":"https:\/\/www.formentera.es\/","name":"Turismo de Formentera","description":"Web oficial de Turismo de Formentera","potentialAction":[{"@type":"SearchAction","target":{"@type":"EntryPoint","urlTemplate":"https:\/\/www.formentera.es\/?s={search_term_string}"},"query-input":{"@type":"PropertyValueSpecification","valueRequired":true,"valueName":"search_term_string"}}],"inLanguage":"en-US"}]}},"_links":{"self":[{"href":"https:\/\/www.formentera.es\/en\/wp-json\/wp\/v2\/pages\/3657","targetHints":{"allow":["GET"]}}],"collection":[{"href":"https:\/\/www.formentera.es\/en\/wp-json\/wp\/v2\/pages"}],"about":[{"href":"https:\/\/www.formentera.es\/en\/wp-json\/wp\/v2\/types\/page"}],"author":[{"embeddable":true,"href":"https:\/\/www.formentera.es\/en\/wp-json\/wp\/v2\/users\/1"}],"replies":[{"embeddable":true,"href":"https:\/\/www.formentera.es\/en\/wp-json\/wp\/v2\/comments?post=3657"}],"version-history":[{"count":0,"href":"https:\/\/www.formentera.es\/en\/wp-json\/wp\/v2\/pages\/3657\/revisions"}],"up":[{"embeddable":true,"href":"https:\/\/www.formentera.es\/en\/wp-json\/wp\/v2\/pages\/5029"}],"wp:attachment":[{"href":"https:\/\/www.formentera.es\/en\/wp-json\/wp\/v2\/media?parent=3657"}],"wp:term":[{"taxonomy":"category","embeddable":true,"href":"https:\/\/www.formentera.es\/en\/wp-json\/wp\/v2\/categories?post=3657"}],"curies":[{"name":"wp","href":"https:\/\/api.w.org\/{rel}","templated":true}]}}