{"id":7640,"date":"2018-11-26T15:17:49","date_gmt":"2018-11-26T17:17:49","guid":{"rendered":"https:\/\/www.formentera.es\/kultur-und-kulturerbe\/catalogo-de-patrimonio\/"},"modified":"2025-09-30T09:10:59","modified_gmt":"2025-09-30T07:10:59","slug":"katalog-ueber-das-kulturerbe","status":"publish","type":"page","link":"https:\/\/www.formentera.es\/de\/erkunden\/kultur-und-kulturerbe\/katalog-ueber-das-kulturerbe\/","title":{"rendered":"Katalog \u00fcber das Kulturerbe"},"content":{"rendered":"<div class=\"wpb-content-wrapper\"><p>[vc_row full_width=&#8220;stretch_row&#8220;][vc_column width=&#8220;2\/3&#8243; css=&#8220;.vc_custom_1530269560078{padding-right: 5% !important;}&#8220;][vc_column_text el_class=&#8220;texto_ficha&#8220;]<\/p>\n<h2>Lebendige Geschichte der Insel<\/h2>\n<h3>Wenngleich Formentera weithin f\u00fcr die atemberaubende Naturkulisse bekannt ist, verbirgt die Insel auch zahlreiche historische \u00dcberreste, die belegen, dass diese Mittelmeerinsel bereits in der Antike ein von verschiedenen V\u00f6lkern besiedelter Ort war.<\/h3>\n<p>Die ersten Anzeichen einer Besiedlung Formenteras gehen auf das dritte Jahrtausend vor Christus zur\u00fcck und seitdem wechselten sich verschiedene M\u00e4chte ab, welche die kleine Insel ihr Zuhause nannten. <b>Punier, R\u00f6mer, Araber<\/b> sind die V\u00f6lker, die aufeinanderfolgten. Nach der Epoche der Araber wurden Ibiza und Formentera im Jahr 1235 der Krone von Arag\u00f3n unterstellt. Allerdings verst\u00e4rkten sich die Schwierigkeiten bei der Ansiedlung der neuen Bev\u00f6lkerung auf der Insel insbesondere ab der zweiten H\u00e4lfte des 14. Jahrhunderts aufgrund der Pest bzw. des schwarzen Todes, wie diese Krankheit auch bezeichnet wird, und sp\u00e4ter wegen der drohenden Gefahr durch Piratenangriffe. Es wurden unz\u00e4hlige Versuche unternommen, Formentera zu besiedeln, jedoch blieben diese bis zum Ende des 17.\u00a0Jahrhunderts ohne Erfolg. Die Anstrengungen waren letzten Endes nicht umsonst: Im Laufe des 18. Jahrhunderts siedelten sich schlie\u00dflich Ibizenker auf der Insel an.<\/p>\n<ol>\n<li><\/li>\n<\/ol>\n<p>Die zweite H\u00e4lfte des 20. Jahrhunderts ist auf Formentera gekennzeichnet von einer Phase erheblicher und rascher Ver\u00e4nderungen auf \u00f6kologischer, gesellschaftlicher und kultureller Ebene. Ausgehend von einer Lebensweise, die man als traditionell beschreiben k\u00f6nnte und die sich auf die wirtschaftliche Selbstversorgung st\u00fctzte, entwickelte sich ein auf dem Dienstleistungssektor basierendes System rund um den Tourismus als Hauptwirtschaftsmotor. Dieser Umstand ging einher mit der zunehmenden Aufgabe fr\u00fcherer Praktiken zugunsten anderer, die eher einer globalisierten Welt entsprechen. Der Tourismus ver\u00e4nderte auf radikale Weise die Wirtschaft und die Gesellschaft auf der Insel.<\/p>\n<p>F\u00fcr vertiefende Informationen zur Geschichte von Formentera empfehlen wir Ihnen die Enzyklop\u00e4die\u00a0<a href=\"http:\/\/www.eeif.es\/\" target=\"_blank\" rel=\"noopener noreferrer\">Enciclopedia de Eivissa i Formentera<\/a>, unseren <a href=\"https:\/\/www.formentera.es\/wp-content\/uploads\/2019\/05\/2018-DAS-KULTURELLE-ERBE-VON-FORMENTERA.pdf\"><b>Katalog \u00fcber das Kulturerbe<\/b><\/a>, einen Besuch der ethnografischen Sammlung von Formentera oder des <b>Bild- und Tonarchivs von Formentera<\/b>.[\/vc_column_text][\/vc_column][vc_column width=&#8220;1\/3&#8243;][vc_column_text]<div id=\"sidebar_ficha\"><a class=\"sidebar_breadcrumbs\" href=\"https:\/\/www.formentera.es\/de\/erkunden\/kultur-und-kulturerbe\/\"><i class=\"fa fa-angle-left\"><\/i>Zur\u00fcck zu Kultur und Kulturerbe<\/a><div class=\"content_sidebar\"><div class=\"tit_medium\">Downloads<\/div><div class=\"\"><a href=\"https:\/\/www.formentera.es\/wp-content\/uploads\/2019\/05\/2018-DAS-KULTURELLE-ERBE-VON-FORMENTERA.pdf\" target=\"_blank\"><i class=\"fa fa-arrow-circle-o-down\"><\/i><span>Das kulturelle erbe von Formentera<\/span><\/a><\/div><div class=\"bloc_share\"><div class=\"blocs1\"><div class=\"tit_medium\">Teilen\r\n\u00fcbersetzungen<\/div><div class=\"redes_ficha\"><div class=\"fa fa-brands fa-x-twitter st-custom-button\" data-network=\"twitter\"><\/div><div class=\"fa fa-facebook st-custom-button\" data-network=\"facebook\"><\/div><div class=\"fa fa-pinterest-p st-custom-button\" data-network=\"pinterest\"><\/div><\/div><\/div><div class=\"blocs2\"><div class=\"tit_medium\">An einen Freund senden<\/div><div class=\"redes_ficha\"><div class=\"fa fa-envelope st-custom-button\" data-network=\"email\"><\/div><div class=\"fa fa-whatsapp st-custom-button\" data-network=\"whatsapp\"><\/div><\/div><\/div><\/div><\/div><\/div>[\/vc_column_text][vc_single_image image=&#8220;45826&#8243; img_size=&#8220;large&#8220; onclick=&#8220;link_image&#8220; css=&#8220;&#8220; el_class=&#8220;sidebar60&#8243;][\/vc_column][\/vc_row][vc_row full_width=&#8220;stretch_row_content_no_spaces&#8220;][vc_column][vc_column_text]<style>#jtg-1647 .modula-item .jtg-social a, .lightbox-socials.jtg-social a{ fill: #ffffff; color: #ffffff }#jtg-1647 .modula-item .jtg-social-mobile a{ fill: #ffffff; color: #ffffff }#jtg-1647 .modula-item .jtg-social svg, .lightbox-socials.jtg-social svg { height: 16px; width: 16px }#jtg-1647 .modula-item .jtg-social-mobile svg { height: 16px; width: 16px }#jtg-1647 .modula-item .jtg-social a:not(:last-child), .lightbox-socials.jtg-social a:not(:last-child) { margin-right: 10px }#jtg-1647 .modula-item .jtg-social-mobile .jtg-social-mobile-icons a:not(:last-child){ margin-right: 10px }#jtg-1647 .modula-item .figc {color:#ffffff;}#jtg-1647 .modula-item .modula-item-content { transform: scale(1) }#jtg-1647 .modula-items .figc p.description { font-size:14px; }#jtg-1647 .modula-items .figc p.description { color:#ffffff;}#jtg-1647.modula-gallery .modula-item > a, #jtg-1647.modula-gallery .modula-item, #jtg-1647.modula-gallery .modula-item-content > a:not(.modula-no-follow) { cursor:zoom-in; } #jtg-1647.modula-gallery .modula-item-content .modula-no-follow { cursor: default; } #jtg-1647 .modula-item { background-color:#000000; }#jtg-1647 .modula-item:hover img { opacity: 0.5; }#jtg-1647 .modula-item { transform: scale(1) translate(0px,0px) rotate(0deg); }@media screen and (max-width:480px){#jtg-1647 .modula-item .figc .jtg-title {  font-size: 12px; }#jtg-1647 .modula-items .figc p.description { color:#ffffff;font-size:10px; }}<\/style>\n<div  id=\"jtg-1647\" class=\"modula modula-gallery modula-custom-grid\" data-config=\"{&quot;height&quot;:800,&quot;tabletHeight&quot;:800,&quot;mobileHeight&quot;:800,&quot;desktopHeight&quot;:800,&quot;enableTwitter&quot;:false,&quot;enableWhatsapp&quot;:false,&quot;enableFacebook&quot;:false,&quot;enablePinterest&quot;:false,&quot;enableLinkedin&quot;:false,&quot;enableEmail&quot;:false,&quot;randomFactor&quot;:0.5,&quot;type&quot;:&quot;custom-grid&quot;,&quot;columns&quot;:12,&quot;gutter&quot;:10,&quot;mobileGutter&quot;:10,&quot;tabletGutter&quot;:10,&quot;desktopGutter&quot;:10,&quot;enableResponsive&quot;:true,&quot;tabletColumns&quot;:2,&quot;mobileColumns&quot;:1,&quot;lazyLoad&quot;:&quot;0&quot;,&quot;lightboxOpts&quot;:{&quot;animated&quot;:true,&quot;Thumbs&quot;:{&quot;type&quot;:&quot;modern&quot;,&quot;showOnStart&quot;:false},&quot;Toolbar&quot;:{&quot;display&quot;:{&quot;right&quot;:[&quot;close&quot;]},&quot;enabled&quot;:true},&quot;Carousel&quot;:{&quot;Panzoom&quot;:{&quot;touch&quot;:false},&quot;infinite&quot;:false},&quot;keyboard&quot;:{&quot;Escape&quot;:&quot;close&quot;,&quot;Delete&quot;:&quot;close&quot;,&quot;Backspace&quot;:&quot;close&quot;,&quot;PageUp&quot;:false,&quot;PageDown&quot;:false,&quot;ArrowUp&quot;:false,&quot;ArrowDown&quot;:false,&quot;ArrowRight&quot;:false,&quot;ArrowLeft&quot;:false},&quot;touch&quot;:false,&quot;backdropClick&quot;:false,&quot;l10n&quot;:{&quot;CLOSE&quot;:&quot;Close&quot;,&quot;NEXT&quot;:&quot;Next&quot;,&quot;PREV&quot;:&quot;Previous&quot;,&quot;Error&quot;:&quot;The requested content cannot be loaded. Please try again later.&quot;,&quot;PLAY_START&quot;:&quot;Start slideshow&quot;,&quot;PLAY_STOP&quot;:&quot;Pause slideshow&quot;,&quot;FULL_SCREEN&quot;:&quot;Full screen&quot;,&quot;THUMBS&quot;:&quot;Thumbnails&quot;,&quot;DOWNLOAD&quot;:&quot;Download&quot;,&quot;SHARE&quot;:&quot;Share&quot;,&quot;ZOOM&quot;:&quot;Zoom&quot;,&quot;EMAIL&quot;:&quot;Here is the link to the image : %%image_link%% and this is the link to the gallery : %%gallery_link%%&quot;,&quot;MODAL&quot;:&quot;You can close this modal content with the ESC key&quot;,&quot;ERROR&quot;:&quot;Something Went Wrong, Please Try Again Later&quot;,&quot;IMAGE_ERROR&quot;:&quot;Image Not Found&quot;,&quot;ELEMENT_NOT_FOUND&quot;:&quot;HTML Element Not Found&quot;,&quot;AJAX_NOT_FOUND&quot;:&quot;Error Loading AJAX : Not Found&quot;,&quot;AJAX_FORBIDDEN&quot;:&quot;Error Loading AJAX : Forbidden&quot;,&quot;IFRAME_ERROR&quot;:&quot;Error Loading Page&quot;,&quot;TOGGLE_ZOOM&quot;:&quot;Toggle zoom level&quot;,&quot;TOGGLE_THUMBS&quot;:&quot;Toggle thumbnails&quot;,&quot;TOGGLE_SLIDESHOW&quot;:&quot;Toggle slideshow&quot;,&quot;TOGGLE_FULLSCREEN&quot;:&quot;Toggle full-screen mode&quot;},&quot;Images&quot;:{&quot;Panzoom&quot;:{&quot;maxScale&quot;:2}},&quot;mainClass&quot;:&quot;modula-fancybox-container modula-lightbox-jtg-1647&quot;,&quot;Html&quot;:{&quot;videoAutoplay&quot;:0,&quot;videoTpl&quot;:&quot;&lt;video class=\\&quot;fancybox__html5video\\&quot; controls muted playsinline controlsList controlsList=\\&quot;nodownload\\&quot; poster=\\&quot;{{poster}}\\&quot; src=\\&quot;{{src}}\\&quot; type=\\&quot;{{format}}\\&quot; &gt;  Sorry, your browser doesn&#039;t support embedded videos, &lt;a href=\\&quot;{{src}}\\&quot;&gt; download &lt;\\\/a&gt; and watch with your favorite video player! &lt;\\\/video&gt;&quot;}},&quot;inView&quot;:false,&quot;email_subject&quot;:&quot;\\u00a1\\u00a1Mira esta impresionante imagen!!&quot;,&quot;email_message&quot;:&quot;Este es el enlace a la imagen: %%image_link%% y este es el enlace a la galer\\u00eda: %%gallery_link%%&quot;,&quot;lightbox&quot;:&quot;fancybox&quot;,&quot;filterClick&quot;:&quot;0&quot;,&quot;defaultActiveFilter&quot;:&quot;all&quot;}\">\n\n\t\n\t<div  class=\"modula-items\">\n\t\t<div class=\"modula-item effect-quiet jtg-filter-all jtg-filter-\" data-width=\"8\" data-height=\"5\" >\n\t<div class=\"modula-item-overlay\"><\/div>\n\n\t<div class=\"modula-item-content\">\n\n\t\t\t\t\n\t\t\t\t\t<a data-image-id=\"1657\" tabindex=\"0\" href=\"https:\/\/www.formentera.es\/wp-content\/uploads\/2019\/01\/Esgle\u0301sia-St.-Francesc-panora\u0300mica.jpg\" rel=\"jtg-1647\" data-caption=\"\" aria-label=\"Open image in lightbox\" role=\"button\" data-cyclefilter=\"show\" data-fancybox=\"jtg-1647\" class=\"tile-inner modula-item-link\"><\/a>\n\t\t\n\t\t<img loading=\"lazy\" decoding=\"async\" class=\"pic wp-image-1657\"  data-valign=\"middle\" data-halign=\"center\" alt=\"\" data-full=\"https:\/\/www.formentera.es\/wp-content\/uploads\/2019\/01\/Esgle\u0301sia-St.-Francesc-panora\u0300mica.jpg\" title=\"Esgle\u0301sia St. Francesc (panora\u0300mica)\" width=\"1900\" height=\"1202\" src=\"https:\/\/www.formentera.es\/wp-content\/uploads\/2019\/01\/Esgle\u0301sia-St.-Francesc-panora\u0300mica.jpg\" data-src=\"https:\/\/www.formentera.es\/wp-content\/uploads\/2019\/01\/Esgle\u0301sia-St.-Francesc-panora\u0300mica.jpg\" data-caption=\"\" srcset=\"https:\/\/www.formentera.es\/wp-content\/uploads\/2019\/01\/Esgle\u0301sia-St.-Francesc-panora\u0300mica.jpg 1900w, https:\/\/www.formentera.es\/wp-content\/uploads\/2019\/01\/Esgle\u0301sia-St.-Francesc-panora\u0300mica-300x190.jpg 300w, https:\/\/www.formentera.es\/wp-content\/uploads\/2019\/01\/Esgle\u0301sia-St.-Francesc-panora\u0300mica-768x486.jpg 768w, https:\/\/www.formentera.es\/wp-content\/uploads\/2019\/01\/Esgle\u0301sia-St.-Francesc-panora\u0300mica-1024x648.jpg 1024w\" sizes=\"auto, (max-width: 1900px) 100vw, 1900px\" \/>\n\t\t<div class=\"figc no-description\">\n\t\t\t<div class=\"figc-inner\">\n\t\t\t\t\t\t\t\t\t\t\t\t\t\t\t<\/div>\n\t\t<\/div>\n\n\t<\/div>\n\n<\/div><div class=\"modula-item effect-quiet jtg-filter-all jtg-filter-\" data-width=\"4\" data-height=\"5\" >\n\t<div class=\"modula-item-overlay\"><\/div>\n\n\t<div class=\"modula-item-content\">\n\n\t\t\t\t\n\t\t\t\t\t<a data-image-id=\"1659\" tabindex=\"0\" href=\"https:\/\/www.formentera.es\/wp-content\/uploads\/2019\/01\/Gonella_Alfredo-Montero.jpg\" rel=\"jtg-1647\" data-caption=\"\" aria-label=\"Open image in lightbox\" role=\"button\" data-cyclefilter=\"show\" data-fancybox=\"jtg-1647\" class=\"tile-inner modula-item-link\"><\/a>\n\t\t\n\t\t<img loading=\"lazy\" decoding=\"async\" class=\"pic wp-image-1659\"  data-valign=\"middle\" data-halign=\"center\" alt=\"\" data-full=\"https:\/\/www.formentera.es\/wp-content\/uploads\/2019\/01\/Gonella_Alfredo-Montero.jpg\" title=\"Gonella_Alfredo Montero\" width=\"1900\" height=\"2250\" src=\"https:\/\/www.formentera.es\/wp-content\/uploads\/2019\/01\/Gonella_Alfredo-Montero.jpg\" data-src=\"https:\/\/www.formentera.es\/wp-content\/uploads\/2019\/01\/Gonella_Alfredo-Montero.jpg\" data-caption=\"\" srcset=\"https:\/\/www.formentera.es\/wp-content\/uploads\/2019\/01\/Gonella_Alfredo-Montero.jpg 1900w, https:\/\/www.formentera.es\/wp-content\/uploads\/2019\/01\/Gonella_Alfredo-Montero-253x300.jpg 253w, https:\/\/www.formentera.es\/wp-content\/uploads\/2019\/01\/Gonella_Alfredo-Montero-768x909.jpg 768w, https:\/\/www.formentera.es\/wp-content\/uploads\/2019\/01\/Gonella_Alfredo-Montero-865x1024.jpg 865w\" sizes=\"auto, (max-width: 1900px) 100vw, 1900px\" \/>\n\t\t<div class=\"figc no-description\">\n\t\t\t<div class=\"figc-inner\">\n\t\t\t\t\t\t\t\t\t\t\t\t\t\t\t<\/div>\n\t\t<\/div>\n\n\t<\/div>\n\n<\/div><div class=\"modula-item effect-quiet jtg-filter-all jtg-filter-\" data-width=\"4\" data-height=\"4\" >\n\t<div class=\"modula-item-overlay\"><\/div>\n\n\t<div class=\"modula-item-content\">\n\n\t\t\t\t\n\t\t\t\t\t<a data-image-id=\"1664\" tabindex=\"0\" href=\"https:\/\/www.formentera.es\/wp-content\/uploads\/2019\/01\/Ses-Salines-detall.jpg\" rel=\"jtg-1647\" data-caption=\"\" aria-label=\"Open image in lightbox\" role=\"button\" data-cyclefilter=\"show\" data-fancybox=\"jtg-1647\" class=\"tile-inner modula-item-link\"><\/a>\n\t\t\n\t\t<img loading=\"lazy\" decoding=\"async\" class=\"pic wp-image-1664\"  data-valign=\"middle\" data-halign=\"center\" alt=\"\" data-full=\"https:\/\/www.formentera.es\/wp-content\/uploads\/2019\/01\/Ses-Salines-detall.jpg\" title=\"Ses Salines (detall)\" width=\"1900\" height=\"1267\" src=\"https:\/\/www.formentera.es\/wp-content\/uploads\/2019\/01\/Ses-Salines-detall.jpg\" data-src=\"https:\/\/www.formentera.es\/wp-content\/uploads\/2019\/01\/Ses-Salines-detall.jpg\" data-caption=\"\" srcset=\"https:\/\/www.formentera.es\/wp-content\/uploads\/2019\/01\/Ses-Salines-detall.jpg 1900w, https:\/\/www.formentera.es\/wp-content\/uploads\/2019\/01\/Ses-Salines-detall-300x200.jpg 300w, https:\/\/www.formentera.es\/wp-content\/uploads\/2019\/01\/Ses-Salines-detall-768x512.jpg 768w, https:\/\/www.formentera.es\/wp-content\/uploads\/2019\/01\/Ses-Salines-detall-1024x683.jpg 1024w\" sizes=\"auto, (max-width: 1900px) 100vw, 1900px\" \/>\n\t\t<div class=\"figc no-description\">\n\t\t\t<div class=\"figc-inner\">\n\t\t\t\t\t\t\t\t\t\t\t\t\t\t\t<\/div>\n\t\t<\/div>\n\n\t<\/div>\n\n<\/div><div class=\"modula-item effect-quiet jtg-filter-all jtg-filter-\" data-width=\"4\" data-height=\"4\" >\n\t<div class=\"modula-item-overlay\"><\/div>\n\n\t<div class=\"modula-item-content\">\n\n\t\t\t\t\n\t\t\t\t\t<a data-image-id=\"1653\" tabindex=\"0\" href=\"https:\/\/www.formentera.es\/wp-content\/uploads\/2019\/01\/Cisternes-i-aljubs-panora\u0300mica-ruta-31.jpg\" rel=\"jtg-1647\" data-caption=\"\" aria-label=\"Open image in lightbox\" role=\"button\" data-cyclefilter=\"show\" data-fancybox=\"jtg-1647\" class=\"tile-inner modula-item-link\"><\/a>\n\t\t\n\t\t<img loading=\"lazy\" decoding=\"async\" class=\"pic wp-image-1653\"  data-valign=\"middle\" data-halign=\"center\" alt=\"\" data-full=\"https:\/\/www.formentera.es\/wp-content\/uploads\/2019\/01\/Cisternes-i-aljubs-panora\u0300mica-ruta-31.jpg\" title=\"Cisternes i aljubs (panora\u0300mica) ruta 31\" width=\"1900\" height=\"1267\" src=\"https:\/\/www.formentera.es\/wp-content\/uploads\/2019\/01\/Cisternes-i-aljubs-panora\u0300mica-ruta-31.jpg\" data-src=\"https:\/\/www.formentera.es\/wp-content\/uploads\/2019\/01\/Cisternes-i-aljubs-panora\u0300mica-ruta-31.jpg\" data-caption=\"\" srcset=\"https:\/\/www.formentera.es\/wp-content\/uploads\/2019\/01\/Cisternes-i-aljubs-panora\u0300mica-ruta-31.jpg 1900w, https:\/\/www.formentera.es\/wp-content\/uploads\/2019\/01\/Cisternes-i-aljubs-panora\u0300mica-ruta-31-300x200.jpg 300w, https:\/\/www.formentera.es\/wp-content\/uploads\/2019\/01\/Cisternes-i-aljubs-panora\u0300mica-ruta-31-768x512.jpg 768w, https:\/\/www.formentera.es\/wp-content\/uploads\/2019\/01\/Cisternes-i-aljubs-panora\u0300mica-ruta-31-1024x683.jpg 1024w\" sizes=\"auto, (max-width: 1900px) 100vw, 1900px\" \/>\n\t\t<div class=\"figc no-description\">\n\t\t\t<div class=\"figc-inner\">\n\t\t\t\t\t\t\t\t\t\t\t\t\t\t\t<\/div>\n\t\t<\/div>\n\n\t<\/div>\n\n<\/div><div class=\"modula-item effect-quiet jtg-filter-all jtg-filter-\" data-width=\"4\" data-height=\"4\" >\n\t<div class=\"modula-item-overlay\"><\/div>\n\n\t<div class=\"modula-item-content\">\n\n\t\t\t\t\n\t\t\t\t\t<a data-image-id=\"1660\" tabindex=\"0\" href=\"https:\/\/www.formentera.es\/wp-content\/uploads\/2019\/01\/i24h9-1.jpg\" rel=\"jtg-1647\" data-caption=\"\" aria-label=\"Open image in lightbox\" role=\"button\" data-cyclefilter=\"show\" data-fancybox=\"jtg-1647\" class=\"tile-inner modula-item-link\"><\/a>\n\t\t\n\t\t<img loading=\"lazy\" decoding=\"async\" class=\"pic wp-image-1660\"  data-valign=\"middle\" data-halign=\"center\" alt=\"\" data-full=\"https:\/\/www.formentera.es\/wp-content\/uploads\/2019\/01\/i24h9-1.jpg\" title=\"i24h9\" width=\"1900\" height=\"1406\" src=\"https:\/\/www.formentera.es\/wp-content\/uploads\/2019\/01\/i24h9-1.jpg\" data-src=\"https:\/\/www.formentera.es\/wp-content\/uploads\/2019\/01\/i24h9-1.jpg\" data-caption=\"\" srcset=\"https:\/\/www.formentera.es\/wp-content\/uploads\/2019\/01\/i24h9-1.jpg 1900w, https:\/\/www.formentera.es\/wp-content\/uploads\/2019\/01\/i24h9-1-300x222.jpg 300w, https:\/\/www.formentera.es\/wp-content\/uploads\/2019\/01\/i24h9-1-768x568.jpg 768w, https:\/\/www.formentera.es\/wp-content\/uploads\/2019\/01\/i24h9-1-1024x758.jpg 1024w\" sizes=\"auto, (max-width: 1900px) 100vw, 1900px\" \/>\n\t\t<div class=\"figc no-description\">\n\t\t\t<div class=\"figc-inner\">\n\t\t\t\t\t\t\t\t\t\t\t\t\t\t\t<\/div>\n\t\t<\/div>\n\n\t<\/div>\n\n<\/div><div class=\"modula-item effect-quiet jtg-filter-all jtg-filter-\" data-width=\"6\" data-height=\"4\" >\n\t<div class=\"modula-item-overlay\"><\/div>\n\n\t<div class=\"modula-item-content\">\n\n\t\t\t\t\n\t\t\t\t\t<a data-image-id=\"1658\" tabindex=\"0\" href=\"https:\/\/www.formentera.es\/wp-content\/uploads\/2019\/01\/Fars-panora\u0300mica.jpg\" rel=\"jtg-1647\" data-caption=\"\" aria-label=\"Open image in lightbox\" role=\"button\" data-cyclefilter=\"show\" data-fancybox=\"jtg-1647\" class=\"tile-inner modula-item-link\"><\/a>\n\t\t\n\t\t<img loading=\"lazy\" decoding=\"async\" class=\"pic wp-image-1658\"  data-valign=\"middle\" data-halign=\"center\" alt=\"\" data-full=\"https:\/\/www.formentera.es\/wp-content\/uploads\/2019\/01\/Fars-panora\u0300mica.jpg\" title=\"Fars (panora\u0300mica)\" width=\"1900\" height=\"1267\" src=\"https:\/\/www.formentera.es\/wp-content\/uploads\/2019\/01\/Fars-panora\u0300mica.jpg\" data-src=\"https:\/\/www.formentera.es\/wp-content\/uploads\/2019\/01\/Fars-panora\u0300mica.jpg\" data-caption=\"\" srcset=\"https:\/\/www.formentera.es\/wp-content\/uploads\/2019\/01\/Fars-panora\u0300mica.jpg 1900w, https:\/\/www.formentera.es\/wp-content\/uploads\/2019\/01\/Fars-panora\u0300mica-300x200.jpg 300w, https:\/\/www.formentera.es\/wp-content\/uploads\/2019\/01\/Fars-panora\u0300mica-768x512.jpg 768w, https:\/\/www.formentera.es\/wp-content\/uploads\/2019\/01\/Fars-panora\u0300mica-1024x683.jpg 1024w\" sizes=\"auto, (max-width: 1900px) 100vw, 1900px\" \/>\n\t\t<div class=\"figc no-description\">\n\t\t\t<div class=\"figc-inner\">\n\t\t\t\t\t\t\t\t\t\t\t\t\t\t\t<\/div>\n\t\t<\/div>\n\n\t<\/div>\n\n<\/div><div class=\"modula-item effect-quiet jtg-filter-all jtg-filter-\" data-width=\"6\" data-height=\"4\" >\n\t<div class=\"modula-item-overlay\"><\/div>\n\n\t<div class=\"modula-item-content\">\n\n\t\t\t\t\n\t\t\t\t\t<a data-image-id=\"1648\" tabindex=\"0\" href=\"https:\/\/www.formentera.es\/wp-content\/uploads\/2019\/01\/MG_9432.jpg\" rel=\"jtg-1647\" data-caption=\"\" aria-label=\"Open image in lightbox\" role=\"button\" data-cyclefilter=\"show\" data-fancybox=\"jtg-1647\" class=\"tile-inner modula-item-link\"><\/a>\n\t\t\n\t\t<img loading=\"lazy\" decoding=\"async\" class=\"pic wp-image-1648\"  data-valign=\"middle\" data-halign=\"center\" alt=\"\" data-full=\"https:\/\/www.formentera.es\/wp-content\/uploads\/2019\/01\/MG_9432.jpg\" title=\"_MG_9432\" width=\"1900\" height=\"1267\" src=\"https:\/\/www.formentera.es\/wp-content\/uploads\/2019\/01\/MG_9432.jpg\" data-src=\"https:\/\/www.formentera.es\/wp-content\/uploads\/2019\/01\/MG_9432.jpg\" data-caption=\"\" srcset=\"https:\/\/www.formentera.es\/wp-content\/uploads\/2019\/01\/MG_9432.jpg 1900w, https:\/\/www.formentera.es\/wp-content\/uploads\/2019\/01\/MG_9432-300x200.jpg 300w, https:\/\/www.formentera.es\/wp-content\/uploads\/2019\/01\/MG_9432-768x512.jpg 768w, https:\/\/www.formentera.es\/wp-content\/uploads\/2019\/01\/MG_9432-1024x683.jpg 1024w\" sizes=\"auto, (max-width: 1900px) 100vw, 1900px\" \/>\n\t\t<div class=\"figc no-description\">\n\t\t\t<div class=\"figc-inner\">\n\t\t\t\t\t\t\t\t\t\t\t\t\t\t\t<\/div>\n\t\t<\/div>\n\n\t<\/div>\n\n<\/div>\t\t\n\t<\/div>\n\n\t\n\t\n\t<script type=\"application\/ld+json\">\n\t{\n\t\t\"@context\": \"http:\/\/schema.org\",\n\t\t\"@type\"   : \"ImageGallery\",\n\t\t\"id\"      : \"https:\/\/www.formentera.es\/de\/erkunden\/kultur-und-kulturerbe\/katalog-ueber-das-kulturerbe\/\",\n\t\t\"url\"     : \"https:\/\/www.formentera.es\/de\/erkunden\/kultur-und-kulturerbe\/katalog-ueber-das-kulturerbe\/\"\n\t}\n\n\t<\/script>\n\n\t\n<\/div>\n[\/vc_column_text][\/vc_column][\/vc_row][vc_row][vc_column][vc_column_text]<div id=\"siguexpl\" class=\"container sc\"><h2>Erforschen Sie weiter<\/h2><div class=\"row\"><a href=\"https:\/\/www.formentera.es\/de\/erkunden\/straende\/\" class=\"col-md-4\">\n\t\t\t\t\t\t<div class=\"row\">\n\t\t\t\t\t\t\t<div class=\"col-sm-4\" style=\"background-image: url(https:\/\/www.formentera.es\/wp-content\/uploads\/2025\/07\/illetas2025-300x225.webp)\"><\/div>\n\t\t\t\t\t\t\t<div class=\"col-sm-8\">\n\t\t\t\t\t\t\t\tStr\u00e4nde\n\t\t\t\t\t\t\t\t<i class=\"fa fa-angle-right\"><\/i>\n\t\t\t\t\t\t\t<\/div>\n\t\t\t\t\t\t\t<div class=\"bhover\"><\/div>\n\t\t\t\t\t\t<\/div>\n\t\t\t\t\t\t\n\t\t\t\t\t<\/a><a href=\"https:\/\/www.formentera.es\/de\/erkunden\/kultur-und-kulturerbe\/\" class=\"col-md-4\">\n\t\t\t\t\t\t<div class=\"row\">\n\t\t\t\t\t\t\t<div class=\"col-sm-4\" style=\"background-image: url(https:\/\/www.formentera.es\/wp-content\/uploads\/2019\/01\/Torre-de-Sa-Gavina_Moonkoala-300x200.jpg)\"><\/div>\n\t\t\t\t\t\t\t<div class=\"col-sm-8\">\n\t\t\t\t\t\t\t\tKultur und Kulturerbe\n\t\t\t\t\t\t\t\t<i class=\"fa fa-angle-right\"><\/i>\n\t\t\t\t\t\t\t<\/div>\n\t\t\t\t\t\t\t<div class=\"bhover\"><\/div>\n\t\t\t\t\t\t<\/div>\n\t\t\t\t\t\t\n\t\t\t\t\t<\/a><a href=\"https:\/\/www.formentera.es\/de\/die-insel\/\" class=\"col-md-4\">\n\t\t\t\t\t\t<div class=\"row\">\n\t\t\t\t\t\t\t<div class=\"col-sm-4\" style=\"background-image: url(https:\/\/www.formentera.es\/wp-content\/uploads\/2019\/01\/AdobeStock_68411178-300x179.jpg)\"><\/div>\n\t\t\t\t\t\t\t<div class=\"col-sm-8\">\n\t\t\t\t\t\t\t\tDie Insel\n\t\t\t\t\t\t\t\t<i class=\"fa fa-angle-right\"><\/i>\n\t\t\t\t\t\t\t<\/div>\n\t\t\t\t\t\t\t<div class=\"bhover\"><\/div>\n\t\t\t\t\t\t<\/div>\n\t\t\t\t\t\t\n\t\t\t\t\t<\/a><\/div><\/div>[\/vc_column_text][\/vc_column][\/vc_row][vc_row full_width=&#8220;stretch_row_content&#8220; equal_height=&#8220;yes&#8220; css=&#8220;.vc_custom_1549020848902{padding-top: 80px !important;}&#8220; el_class=&#8220;bloque_maseventos&#8220;][vc_column][vc_column_text el_class=&#8220;h1&#8243;]<\/p>\n<h2 style=\"text-align: center;\">Veranstaltungen in Formentera<\/h2>\n<p>[\/vc_column_text][vc_basic_grid post_type=&#8220;post&#8220; max_items=&#8220;3&#8243; orderby=&#8220;rand&#8220; item=&#8220;1524&#8243; grid_id=&#8220;vc_gid:1759216254369-3c8c8e7d-637c-1&#8243; taxonomies=&#8220;17&#8243;][vc_btn title=&#8220;Weitere Veranstaltungen&#8220; style=&#8220;flat&#8220; shape=&#8220;square&#8220; color=&#8220;white&#8220; size=&#8220;lg&#8220; align=&#8220;center&#8220; i_align=&#8220;right&#8220; i_type=&#8220;entypo&#8220; i_icon_entypo=&#8220;entypo-icon entypo-icon-right-open-big&#8220; add_icon=&#8220;true&#8220; el_class=&#8220;btn_more&#8220; link=&#8220;url:https%3A%2F%2Fwww.formentera.es%2Fveranstaltungen|||&#8220;][\/vc_column][\/vc_row]<\/p>\n<\/div>","protected":false},"excerpt":{"rendered":"<p>[vc_row full_width=&#8220;stretch_row&#8220;][vc_column width=&#8220;2\/3&#8243; css=&#8220;.vc_custom_1530269560078{padding-right: 5% !important;}&#8220;][vc_column_text el_class=&#8220;texto_ficha&#8220;] Lebendige Geschichte der Insel Wenngleich Formentera weithin f\u00fcr [&hellip;]<\/p>\n","protected":false},"author":1,"featured_media":7625,"parent":7624,"menu_order":0,"comment_status":"closed","ping_status":"closed","template":"page-ficha.php","meta":{"_acf_changed":false,"footnotes":""},"categories":[],"class_list":["post-7640","page","type-page","status-publish","hentry"],"acf":[],"yoast_head":"<!-- This site is optimized with the Yoast SEO plugin v25.5 - https:\/\/yoast.com\/wordpress\/plugins\/seo\/ -->\n<title>Katalog \u00fcber das Kulturerbe | Turismo de Formentera<\/title>\n<meta name=\"robots\" content=\"index, follow, max-snippet:-1, max-image-preview:large, max-video-preview:-1\" \/>\n<link rel=\"canonical\" href=\"https:\/\/www.formentera.es\/de\/erkunden\/kultur-und-kulturerbe\/katalog-ueber-das-kulturerbe\/\" \/>\n<meta property=\"og:locale\" content=\"de_DE\" \/>\n<meta property=\"og:type\" content=\"article\" \/>\n<meta property=\"og:title\" content=\"Katalog \u00fcber das Kulturerbe | Turismo de Formentera\" \/>\n<meta property=\"og:description\" content=\"[vc_row full_width=&#8220;stretch_row&#8220;][vc_column width=&#8220;2\/3&#8243; css=&#8220;.vc_custom_1530269560078{padding-right: 5% !important;}&#8220;][vc_column_text el_class=&#8220;texto_ficha&#8220;] Lebendige Geschichte der Insel Wenngleich Formentera weithin f\u00fcr [&hellip;]\" \/>\n<meta property=\"og:url\" content=\"https:\/\/www.formentera.es\/de\/erkunden\/kultur-und-kulturerbe\/katalog-ueber-das-kulturerbe\/\" \/>\n<meta property=\"og:site_name\" content=\"Turismo de Formentera\" \/>\n<meta property=\"article:publisher\" content=\"https:\/\/www.facebook.com\/turismoformentera\/\" \/>\n<meta property=\"article:modified_time\" content=\"2025-09-30T07:10:59+00:00\" \/>\n<meta property=\"og:image\" content=\"https:\/\/www.formentera.es\/wp-content\/uploads\/2018\/11\/Pous-II.jpg\" \/>\n\t<meta property=\"og:image:width\" content=\"1900\" \/>\n\t<meta property=\"og:image:height\" content=\"1267\" \/>\n\t<meta property=\"og:image:type\" content=\"image\/jpeg\" \/>\n<meta name=\"twitter:card\" content=\"summary_large_image\" \/>\n<meta name=\"twitter:site\" content=\"@visitformentera\" \/>\n<meta name=\"twitter:label1\" content=\"Gesch\u00e4tzte Lesezeit\" \/>\n\t<meta name=\"twitter:data1\" content=\"2\u00a0Minuten\" \/>\n<script type=\"application\/ld+json\" class=\"yoast-schema-graph\">{\"@context\":\"https:\/\/schema.org\",\"@graph\":[{\"@type\":\"WebPage\",\"@id\":\"https:\/\/www.formentera.es\/de\/erkunden\/kultur-und-kulturerbe\/katalog-ueber-das-kulturerbe\/\",\"url\":\"https:\/\/www.formentera.es\/de\/erkunden\/kultur-und-kulturerbe\/katalog-ueber-das-kulturerbe\/\",\"name\":\"Katalog \u00fcber das Kulturerbe | Turismo de Formentera\",\"isPartOf\":{\"@id\":\"https:\/\/www.formentera.es\/#website\"},\"primaryImageOfPage\":{\"@id\":\"https:\/\/www.formentera.es\/de\/erkunden\/kultur-und-kulturerbe\/katalog-ueber-das-kulturerbe\/#primaryimage\"},\"image\":{\"@id\":\"https:\/\/www.formentera.es\/de\/erkunden\/kultur-und-kulturerbe\/katalog-ueber-das-kulturerbe\/#primaryimage\"},\"thumbnailUrl\":\"https:\/\/www.formentera.es\/wp-content\/uploads\/2018\/11\/Pous-II.jpg\",\"datePublished\":\"2018-11-26T17:17:49+00:00\",\"dateModified\":\"2025-09-30T07:10:59+00:00\",\"breadcrumb\":{\"@id\":\"https:\/\/www.formentera.es\/de\/erkunden\/kultur-und-kulturerbe\/katalog-ueber-das-kulturerbe\/#breadcrumb\"},\"inLanguage\":\"de\",\"potentialAction\":[{\"@type\":\"ReadAction\",\"target\":[\"https:\/\/www.formentera.es\/de\/erkunden\/kultur-und-kulturerbe\/katalog-ueber-das-kulturerbe\/\"]}]},{\"@type\":\"ImageObject\",\"inLanguage\":\"de\",\"@id\":\"https:\/\/www.formentera.es\/de\/erkunden\/kultur-und-kulturerbe\/katalog-ueber-das-kulturerbe\/#primaryimage\",\"url\":\"https:\/\/www.formentera.es\/wp-content\/uploads\/2018\/11\/Pous-II.jpg\",\"contentUrl\":\"https:\/\/www.formentera.es\/wp-content\/uploads\/2018\/11\/Pous-II.jpg\",\"width\":1900,\"height\":1267},{\"@type\":\"BreadcrumbList\",\"@id\":\"https:\/\/www.formentera.es\/de\/erkunden\/kultur-und-kulturerbe\/katalog-ueber-das-kulturerbe\/#breadcrumb\",\"itemListElement\":[{\"@type\":\"ListItem\",\"position\":1,\"name\":\"Portada\",\"item\":\"https:\/\/www.formentera.es\/de\/\"},{\"@type\":\"ListItem\",\"position\":2,\"name\":\"Erkunden\",\"item\":\"https:\/\/www.formentera.es\/erkunden\/\"},{\"@type\":\"ListItem\",\"position\":3,\"name\":\"Kultur und Kulturerbe\",\"item\":\"https:\/\/www.formentera.es\/de\/erkunden\/kultur-und-kulturerbe\/\"},{\"@type\":\"ListItem\",\"position\":4,\"name\":\"Katalog \u00fcber das Kulturerbe\"}]},{\"@type\":\"WebSite\",\"@id\":\"https:\/\/www.formentera.es\/#website\",\"url\":\"https:\/\/www.formentera.es\/\",\"name\":\"Turismo de Formentera\",\"description\":\"Web oficial de Turismo de Formentera\",\"potentialAction\":[{\"@type\":\"SearchAction\",\"target\":{\"@type\":\"EntryPoint\",\"urlTemplate\":\"https:\/\/www.formentera.es\/?s={search_term_string}\"},\"query-input\":{\"@type\":\"PropertyValueSpecification\",\"valueRequired\":true,\"valueName\":\"search_term_string\"}}],\"inLanguage\":\"de\"}]}<\/script>\n<!-- \/ Yoast SEO plugin. -->","yoast_head_json":{"title":"Katalog \u00fcber das Kulturerbe | Turismo de Formentera","robots":{"index":"index","follow":"follow","max-snippet":"max-snippet:-1","max-image-preview":"max-image-preview:large","max-video-preview":"max-video-preview:-1"},"canonical":"https:\/\/www.formentera.es\/de\/erkunden\/kultur-und-kulturerbe\/katalog-ueber-das-kulturerbe\/","og_locale":"de_DE","og_type":"article","og_title":"Katalog \u00fcber das Kulturerbe | Turismo de Formentera","og_description":"[vc_row full_width=&#8220;stretch_row&#8220;][vc_column width=&#8220;2\/3&#8243; css=&#8220;.vc_custom_1530269560078{padding-right: 5% !important;}&#8220;][vc_column_text el_class=&#8220;texto_ficha&#8220;] Lebendige Geschichte der Insel Wenngleich Formentera weithin f\u00fcr [&hellip;]","og_url":"https:\/\/www.formentera.es\/de\/erkunden\/kultur-und-kulturerbe\/katalog-ueber-das-kulturerbe\/","og_site_name":"Turismo de Formentera","article_publisher":"https:\/\/www.facebook.com\/turismoformentera\/","article_modified_time":"2025-09-30T07:10:59+00:00","og_image":[{"width":1900,"height":1267,"url":"https:\/\/www.formentera.es\/wp-content\/uploads\/2018\/11\/Pous-II.jpg","type":"image\/jpeg"}],"twitter_card":"summary_large_image","twitter_site":"@visitformentera","twitter_misc":{"Gesch\u00e4tzte Lesezeit":"2\u00a0Minuten"},"schema":{"@context":"https:\/\/schema.org","@graph":[{"@type":"WebPage","@id":"https:\/\/www.formentera.es\/de\/erkunden\/kultur-und-kulturerbe\/katalog-ueber-das-kulturerbe\/","url":"https:\/\/www.formentera.es\/de\/erkunden\/kultur-und-kulturerbe\/katalog-ueber-das-kulturerbe\/","name":"Katalog \u00fcber das Kulturerbe | Turismo de Formentera","isPartOf":{"@id":"https:\/\/www.formentera.es\/#website"},"primaryImageOfPage":{"@id":"https:\/\/www.formentera.es\/de\/erkunden\/kultur-und-kulturerbe\/katalog-ueber-das-kulturerbe\/#primaryimage"},"image":{"@id":"https:\/\/www.formentera.es\/de\/erkunden\/kultur-und-kulturerbe\/katalog-ueber-das-kulturerbe\/#primaryimage"},"thumbnailUrl":"https:\/\/www.formentera.es\/wp-content\/uploads\/2018\/11\/Pous-II.jpg","datePublished":"2018-11-26T17:17:49+00:00","dateModified":"2025-09-30T07:10:59+00:00","breadcrumb":{"@id":"https:\/\/www.formentera.es\/de\/erkunden\/kultur-und-kulturerbe\/katalog-ueber-das-kulturerbe\/#breadcrumb"},"inLanguage":"de","potentialAction":[{"@type":"ReadAction","target":["https:\/\/www.formentera.es\/de\/erkunden\/kultur-und-kulturerbe\/katalog-ueber-das-kulturerbe\/"]}]},{"@type":"ImageObject","inLanguage":"de","@id":"https:\/\/www.formentera.es\/de\/erkunden\/kultur-und-kulturerbe\/katalog-ueber-das-kulturerbe\/#primaryimage","url":"https:\/\/www.formentera.es\/wp-content\/uploads\/2018\/11\/Pous-II.jpg","contentUrl":"https:\/\/www.formentera.es\/wp-content\/uploads\/2018\/11\/Pous-II.jpg","width":1900,"height":1267},{"@type":"BreadcrumbList","@id":"https:\/\/www.formentera.es\/de\/erkunden\/kultur-und-kulturerbe\/katalog-ueber-das-kulturerbe\/#breadcrumb","itemListElement":[{"@type":"ListItem","position":1,"name":"Portada","item":"https:\/\/www.formentera.es\/de\/"},{"@type":"ListItem","position":2,"name":"Erkunden","item":"https:\/\/www.formentera.es\/erkunden\/"},{"@type":"ListItem","position":3,"name":"Kultur und Kulturerbe","item":"https:\/\/www.formentera.es\/de\/erkunden\/kultur-und-kulturerbe\/"},{"@type":"ListItem","position":4,"name":"Katalog \u00fcber das Kulturerbe"}]},{"@type":"WebSite","@id":"https:\/\/www.formentera.es\/#website","url":"https:\/\/www.formentera.es\/","name":"Turismo de Formentera","description":"Web oficial de Turismo de Formentera","potentialAction":[{"@type":"SearchAction","target":{"@type":"EntryPoint","urlTemplate":"https:\/\/www.formentera.es\/?s={search_term_string}"},"query-input":{"@type":"PropertyValueSpecification","valueRequired":true,"valueName":"search_term_string"}}],"inLanguage":"de"}]}},"_links":{"self":[{"href":"https:\/\/www.formentera.es\/de\/wp-json\/wp\/v2\/pages\/7640","targetHints":{"allow":["GET"]}}],"collection":[{"href":"https:\/\/www.formentera.es\/de\/wp-json\/wp\/v2\/pages"}],"about":[{"href":"https:\/\/www.formentera.es\/de\/wp-json\/wp\/v2\/types\/page"}],"author":[{"embeddable":true,"href":"https:\/\/www.formentera.es\/de\/wp-json\/wp\/v2\/users\/1"}],"replies":[{"embeddable":true,"href":"https:\/\/www.formentera.es\/de\/wp-json\/wp\/v2\/comments?post=7640"}],"version-history":[{"count":1,"href":"https:\/\/www.formentera.es\/de\/wp-json\/wp\/v2\/pages\/7640\/revisions"}],"predecessor-version":[{"id":45851,"href":"https:\/\/www.formentera.es\/de\/wp-json\/wp\/v2\/pages\/7640\/revisions\/45851"}],"up":[{"embeddable":true,"href":"https:\/\/www.formentera.es\/de\/wp-json\/wp\/v2\/pages\/7624"}],"wp:featuredmedia":[{"embeddable":true,"href":"https:\/\/www.formentera.es\/de\/wp-json\/wp\/v2\/media\/7625"}],"wp:attachment":[{"href":"https:\/\/www.formentera.es\/de\/wp-json\/wp\/v2\/media?parent=7640"}],"wp:term":[{"taxonomy":"category","embeddable":true,"href":"https:\/\/www.formentera.es\/de\/wp-json\/wp\/v2\/categories?post=7640"}],"curies":[{"name":"wp","href":"https:\/\/api.w.org\/{rel}","templated":true}]}}