{"id":7624,"date":"2018-11-26T12:51:36","date_gmt":"2018-11-26T14:51:36","guid":{"rendered":"https:\/\/www.formentera.es\/cultura-y-patrimonio\/"},"modified":"2025-09-09T16:40:11","modified_gmt":"2025-09-09T14:40:11","slug":"kultur-und-kulturerbe","status":"publish","type":"page","link":"https:\/\/www.formentera.es\/de\/erkunden\/kultur-und-kulturerbe\/","title":{"rendered":"Kultur und Kulturerbe"},"content":{"rendered":"<div class=\"wpb-content-wrapper\"><p>[vc_row full_width=&#8220;stretch_row_content_no_spaces&#8220; equal_height=&#8220;yes&#8220; content_placement=&#8220;bottom&#8220; css=&#8220;.vc_custom_1546432535287{background-position: center !important;background-repeat: no-repeat !important;background-size: cover !important;}&#8220; el_id=&#8220;top_categoria&#8220; el_class=&#8220;categoria2&#8243;][vc_column width=&#8220;1\/2&#8243; css=&#8220;.vc_custom_1546432660675{background-image: url(https:\/\/www.formentera.es\/wp-content\/uploads\/2018\/11\/Torres-de-defensa-panoramica.jpg?id=1146) !important;background-position: center !important;background-repeat: no-repeat !important;background-size: cover !important;}&#8220;][vc_column_text]<\/p>\n<h1>Kultur und Kulturerbe in Formentera<\/h1>\n<p>[\/vc_column_text][\/vc_column][vc_column width=&#8220;1\/2&#8243; css=&#8220;.vc_custom_1757428809821{background-color: #30A8A2 !important;}&#8220;][vc_column_text css=&#8220;&#8220; el_class=&#8220;enlaceblanco&#8220;]Auf einer so kleinen Fl\u00e4che wie Formentera, auf der die Ressourcen zu Land und zu Wasser so erheblich das Leben auf der Insel bedingen, verschwimmt oft die Grenze zwischen kulturellem und nat\u00fcrlichem Wert. Ein Beweis daf\u00fcr ist die Vielfalt unseres ethnologischen Erbes, welches ein Sinnbild der nachhaltigen Nutzung der verschiedenen nat\u00fcrlichen Ressourcen auf der Insel ist.<\/p>\n<p>Formentera besitzt drei <b>historische Dorfkerne<\/b>: Sant Francesc Xavier, Sant Ferran de ses Roques und El Pilar de la Mola. Im Mittelpunkt aller drei befindet sich das wichtigste Geb\u00e4ude, die jeweilige Pfarrkirche. Diese wird von einer Anordnung aus Pl\u00e4tzen und Stra\u00dfen umgeben, deren Gro\u00dfteil mit den alten Wegen \u00fcbereinstimmt, welche die verstreuten Siedlungen damals mit den Gottesh\u00e4usern verbanden.<\/p>\n<p>Zum <b>kulturellen Erbe<\/b> Formenteras z\u00e4hlen auch Verteidigungselemente und Elemente zur Weitergabe von Informationen entlang der K\u00fcste (Wehrt\u00fcrme und Leuchtt\u00fcrme), historische St\u00e4tten (Ses Salines, Strafkolonie von Formentera), Wege und Grenzen (Cam\u00ed de sa Pujada, Mojones, Trockensteinmauern) sowie H\u00e4user, Mehlm\u00fchlen, Zisternen und Wassertanks, Brunnen, Wasserr\u00e4der, einzigartige B\u00e4ume und Trockendocks (<i>escars<\/i>) und vieles mehr.<\/p>\n<p>Was das <b>immaterielle Erbe<\/b> betrifft, so sind Balladen (<i>ballades<\/i>) und Ges\u00e4nge (<i>cantades<\/i>) hervorzuheben, bei denen es sich um musikalische Ausdrucksformen handelt, die bis Mitte des 20. Jahrhunderts eine wichtige Rolle f\u00fcr die Gesellschaft auf der Insel spielten. Auch die Erw\u00e4hnung der <b>Caramelles<\/b> darf nicht vergessen werden: Ges\u00e4nge, die von M\u00e4nnern mit musikalischer Begleitung vorgetragen werden und die eng mit den zwei wichtigsten Feierlichkeiten des liturgischen Kalenders zusammenh\u00e4ngen &#8211; Weihnachten und Ostern.<\/p>\n<p>N\u00e4here Informationen finden Sie im <a href=\"https:\/\/www.formentera.es\/wp-content\/uploads\/2019\/05\/2018-DAS-KULTURELLE-ERBE-VON-FORMENTERA.pdf\"><strong>Katalog \u00fcber das Kulturerbe<\/strong><\/a>.[\/vc_column_text][\/vc_column][\/vc_row][vc_row full_width=&#8220;stretch_row_content&#8220; equal_height=&#8220;yes&#8220;][vc_column][vc_column_text el_class=&#8220;h1&#8243;]<\/p>\n<h2>Kultur und Kulturerbe<\/h2>\n<p>[\/vc_column_text][\/vc_column][\/vc_row][vc_row full_width=&#8220;stretch_row_content&#8220;][vc_column][vc_basic_grid post_type=&#8220;ids&#8220; item=&#8220;60&#8243; grid_id=&#8220;vc_gid:1757428796027-cd31cbb4-bb35-5&#8243; include=&#8220;7077, 7627, 7634, 7640, 7633&#8243;][\/vc_column][\/vc_row][vc_row full_width=&#8220;stretch_row_content&#8220; css=&#8220;.vc_custom_1548954740584{padding-top: 80px !important;}&#8220; el_class=&#8220;bloque_maseventos&#8220;][vc_column][vc_column_text el_class=&#8220;h1&#8243;]<\/p>\n<h2>Veranstaltungen in Formentera<\/h2>\n<p>[\/vc_column_text][vc_basic_grid post_type=&#8220;post&#8220; max_items=&#8220;2&#8243; element_width=&#8220;6&#8243; orderby=&#8220;rand&#8220; item=&#8220;1532&#8243; grid_id=&#8220;vc_gid:1757428796028-53eaf227-8e3b-5&#8243; taxonomies=&#8220;17&#8243;][vc_btn title=&#8220;Weitere Veranstaltungen&#8220; style=&#8220;flat&#8220; shape=&#8220;square&#8220; color=&#8220;white&#8220; size=&#8220;lg&#8220; align=&#8220;center&#8220; i_align=&#8220;right&#8220; i_type=&#8220;entypo&#8220; i_icon_entypo=&#8220;entypo-icon entypo-icon-right-open-big&#8220; add_icon=&#8220;true&#8220; el_class=&#8220;btn_more&#8220; link=&#8220;url:https%3A%2F%2Fwww.formentera.es%2Fde%2Fveranstaltungen|||&#8220;][\/vc_column][\/vc_row]<\/p>\n<\/div>","protected":false},"excerpt":{"rendered":"<p>[vc_row full_width=&#8220;stretch_row_content_no_spaces&#8220; equal_height=&#8220;yes&#8220; content_placement=&#8220;bottom&#8220; css=&#8220;.vc_custom_1546432535287{background-position: center !important;background-repeat: no-repeat !important;background-size: cover !important;}&#8220; el_id=&#8220;top_categoria&#8220; el_class=&#8220;categoria2&#8243;][vc_column width=&#8220;1\/2&#8243; css=&#8220;.vc_custom_1546432660675{background-image: [&hellip;]<\/p>\n","protected":false},"author":1,"featured_media":7626,"parent":7691,"menu_order":0,"comment_status":"closed","ping_status":"closed","template":"","meta":{"_acf_changed":false,"footnotes":""},"categories":[],"class_list":["post-7624","page","type-page","status-publish","hentry"],"acf":[],"yoast_head":"<!-- This site is optimized with the Yoast SEO plugin v25.5 - https:\/\/yoast.com\/wordpress\/plugins\/seo\/ -->\n<title>Cultura y patrimonio de Formentera | Turismo de Formentera<\/title>\n<meta name=\"description\" content=\"Descubre el valor cultura y el valor natural que posee la isla en la p\u00e1gina de Cultura y Patrimonio de Formentera.\" \/>\n<meta name=\"robots\" content=\"index, follow, max-snippet:-1, max-image-preview:large, max-video-preview:-1\" \/>\n<link rel=\"canonical\" href=\"https:\/\/www.formentera.es\/de\/erkunden\/kultur-und-kulturerbe\/\" \/>\n<meta property=\"og:locale\" content=\"de_DE\" \/>\n<meta property=\"og:type\" content=\"article\" \/>\n<meta property=\"og:title\" content=\"Cultura y patrimonio de Formentera | Turismo de Formentera\" \/>\n<meta property=\"og:description\" content=\"Descubre el valor cultura y el valor natural que posee la isla en la p\u00e1gina de Cultura y Patrimonio de Formentera.\" \/>\n<meta property=\"og:url\" content=\"https:\/\/www.formentera.es\/de\/erkunden\/kultur-und-kulturerbe\/\" \/>\n<meta property=\"og:site_name\" content=\"Turismo de Formentera\" \/>\n<meta property=\"article:publisher\" content=\"https:\/\/www.facebook.com\/turismoformentera\/\" \/>\n<meta property=\"article:modified_time\" content=\"2025-09-09T14:40:11+00:00\" \/>\n<meta property=\"og:image\" content=\"https:\/\/www.formentera.es\/wp-content\/uploads\/2019\/01\/Torre-de-Sa-Gavina_Moonkoala.jpg\" \/>\n\t<meta property=\"og:image:width\" content=\"1900\" \/>\n\t<meta property=\"og:image:height\" content=\"1267\" \/>\n\t<meta property=\"og:image:type\" content=\"image\/jpeg\" \/>\n<meta name=\"twitter:card\" content=\"summary_large_image\" \/>\n<meta name=\"twitter:site\" content=\"@visitformentera\" \/>\n<meta name=\"twitter:label1\" content=\"Gesch\u00e4tzte Lesezeit\" \/>\n\t<meta name=\"twitter:data1\" content=\"2\u00a0Minuten\" \/>\n<script type=\"application\/ld+json\" class=\"yoast-schema-graph\">{\"@context\":\"https:\/\/schema.org\",\"@graph\":[{\"@type\":\"WebPage\",\"@id\":\"https:\/\/www.formentera.es\/de\/erkunden\/kultur-und-kulturerbe\/\",\"url\":\"https:\/\/www.formentera.es\/de\/erkunden\/kultur-und-kulturerbe\/\",\"name\":\"Cultura y patrimonio de Formentera | Turismo de Formentera\",\"isPartOf\":{\"@id\":\"https:\/\/www.formentera.es\/#website\"},\"primaryImageOfPage\":{\"@id\":\"https:\/\/www.formentera.es\/de\/erkunden\/kultur-und-kulturerbe\/#primaryimage\"},\"image\":{\"@id\":\"https:\/\/www.formentera.es\/de\/erkunden\/kultur-und-kulturerbe\/#primaryimage\"},\"thumbnailUrl\":\"https:\/\/www.formentera.es\/wp-content\/uploads\/2019\/01\/Torre-de-Sa-Gavina_Moonkoala.jpg\",\"datePublished\":\"2018-11-26T14:51:36+00:00\",\"dateModified\":\"2025-09-09T14:40:11+00:00\",\"description\":\"Descubre el valor cultura y el valor natural que posee la isla en la p\u00e1gina de Cultura y Patrimonio de Formentera.\",\"breadcrumb\":{\"@id\":\"https:\/\/www.formentera.es\/de\/erkunden\/kultur-und-kulturerbe\/#breadcrumb\"},\"inLanguage\":\"de\",\"potentialAction\":[{\"@type\":\"ReadAction\",\"target\":[\"https:\/\/www.formentera.es\/de\/erkunden\/kultur-und-kulturerbe\/\"]}]},{\"@type\":\"ImageObject\",\"inLanguage\":\"de\",\"@id\":\"https:\/\/www.formentera.es\/de\/erkunden\/kultur-und-kulturerbe\/#primaryimage\",\"url\":\"https:\/\/www.formentera.es\/wp-content\/uploads\/2019\/01\/Torre-de-Sa-Gavina_Moonkoala.jpg\",\"contentUrl\":\"https:\/\/www.formentera.es\/wp-content\/uploads\/2019\/01\/Torre-de-Sa-Gavina_Moonkoala.jpg\",\"width\":1900,\"height\":1267},{\"@type\":\"BreadcrumbList\",\"@id\":\"https:\/\/www.formentera.es\/de\/erkunden\/kultur-und-kulturerbe\/#breadcrumb\",\"itemListElement\":[{\"@type\":\"ListItem\",\"position\":1,\"name\":\"Portada\",\"item\":\"https:\/\/www.formentera.es\/de\/\"},{\"@type\":\"ListItem\",\"position\":2,\"name\":\"Erkunden\",\"item\":\"https:\/\/www.formentera.es\/erkunden\/\"},{\"@type\":\"ListItem\",\"position\":3,\"name\":\"Kultur und Kulturerbe\"}]},{\"@type\":\"WebSite\",\"@id\":\"https:\/\/www.formentera.es\/#website\",\"url\":\"https:\/\/www.formentera.es\/\",\"name\":\"Turismo de Formentera\",\"description\":\"Web oficial de Turismo de Formentera\",\"potentialAction\":[{\"@type\":\"SearchAction\",\"target\":{\"@type\":\"EntryPoint\",\"urlTemplate\":\"https:\/\/www.formentera.es\/?s={search_term_string}\"},\"query-input\":{\"@type\":\"PropertyValueSpecification\",\"valueRequired\":true,\"valueName\":\"search_term_string\"}}],\"inLanguage\":\"de\"}]}<\/script>\n<!-- \/ Yoast SEO plugin. -->","yoast_head_json":{"title":"Cultura y patrimonio de Formentera | Turismo de Formentera","description":"Descubre el valor cultura y el valor natural que posee la isla en la p\u00e1gina de Cultura y Patrimonio de Formentera.","robots":{"index":"index","follow":"follow","max-snippet":"max-snippet:-1","max-image-preview":"max-image-preview:large","max-video-preview":"max-video-preview:-1"},"canonical":"https:\/\/www.formentera.es\/de\/erkunden\/kultur-und-kulturerbe\/","og_locale":"de_DE","og_type":"article","og_title":"Cultura y patrimonio de Formentera | Turismo de Formentera","og_description":"Descubre el valor cultura y el valor natural que posee la isla en la p\u00e1gina de Cultura y Patrimonio de Formentera.","og_url":"https:\/\/www.formentera.es\/de\/erkunden\/kultur-und-kulturerbe\/","og_site_name":"Turismo de Formentera","article_publisher":"https:\/\/www.facebook.com\/turismoformentera\/","article_modified_time":"2025-09-09T14:40:11+00:00","og_image":[{"width":1900,"height":1267,"url":"https:\/\/www.formentera.es\/wp-content\/uploads\/2019\/01\/Torre-de-Sa-Gavina_Moonkoala.jpg","type":"image\/jpeg"}],"twitter_card":"summary_large_image","twitter_site":"@visitformentera","twitter_misc":{"Gesch\u00e4tzte Lesezeit":"2\u00a0Minuten"},"schema":{"@context":"https:\/\/schema.org","@graph":[{"@type":"WebPage","@id":"https:\/\/www.formentera.es\/de\/erkunden\/kultur-und-kulturerbe\/","url":"https:\/\/www.formentera.es\/de\/erkunden\/kultur-und-kulturerbe\/","name":"Cultura y patrimonio de Formentera | Turismo de Formentera","isPartOf":{"@id":"https:\/\/www.formentera.es\/#website"},"primaryImageOfPage":{"@id":"https:\/\/www.formentera.es\/de\/erkunden\/kultur-und-kulturerbe\/#primaryimage"},"image":{"@id":"https:\/\/www.formentera.es\/de\/erkunden\/kultur-und-kulturerbe\/#primaryimage"},"thumbnailUrl":"https:\/\/www.formentera.es\/wp-content\/uploads\/2019\/01\/Torre-de-Sa-Gavina_Moonkoala.jpg","datePublished":"2018-11-26T14:51:36+00:00","dateModified":"2025-09-09T14:40:11+00:00","description":"Descubre el valor cultura y el valor natural que posee la isla en la p\u00e1gina de Cultura y Patrimonio de Formentera.","breadcrumb":{"@id":"https:\/\/www.formentera.es\/de\/erkunden\/kultur-und-kulturerbe\/#breadcrumb"},"inLanguage":"de","potentialAction":[{"@type":"ReadAction","target":["https:\/\/www.formentera.es\/de\/erkunden\/kultur-und-kulturerbe\/"]}]},{"@type":"ImageObject","inLanguage":"de","@id":"https:\/\/www.formentera.es\/de\/erkunden\/kultur-und-kulturerbe\/#primaryimage","url":"https:\/\/www.formentera.es\/wp-content\/uploads\/2019\/01\/Torre-de-Sa-Gavina_Moonkoala.jpg","contentUrl":"https:\/\/www.formentera.es\/wp-content\/uploads\/2019\/01\/Torre-de-Sa-Gavina_Moonkoala.jpg","width":1900,"height":1267},{"@type":"BreadcrumbList","@id":"https:\/\/www.formentera.es\/de\/erkunden\/kultur-und-kulturerbe\/#breadcrumb","itemListElement":[{"@type":"ListItem","position":1,"name":"Portada","item":"https:\/\/www.formentera.es\/de\/"},{"@type":"ListItem","position":2,"name":"Erkunden","item":"https:\/\/www.formentera.es\/erkunden\/"},{"@type":"ListItem","position":3,"name":"Kultur und Kulturerbe"}]},{"@type":"WebSite","@id":"https:\/\/www.formentera.es\/#website","url":"https:\/\/www.formentera.es\/","name":"Turismo de Formentera","description":"Web oficial de Turismo de Formentera","potentialAction":[{"@type":"SearchAction","target":{"@type":"EntryPoint","urlTemplate":"https:\/\/www.formentera.es\/?s={search_term_string}"},"query-input":{"@type":"PropertyValueSpecification","valueRequired":true,"valueName":"search_term_string"}}],"inLanguage":"de"}]}},"_links":{"self":[{"href":"https:\/\/www.formentera.es\/de\/wp-json\/wp\/v2\/pages\/7624","targetHints":{"allow":["GET"]}}],"collection":[{"href":"https:\/\/www.formentera.es\/de\/wp-json\/wp\/v2\/pages"}],"about":[{"href":"https:\/\/www.formentera.es\/de\/wp-json\/wp\/v2\/types\/page"}],"author":[{"embeddable":true,"href":"https:\/\/www.formentera.es\/de\/wp-json\/wp\/v2\/users\/1"}],"replies":[{"embeddable":true,"href":"https:\/\/www.formentera.es\/de\/wp-json\/wp\/v2\/comments?post=7624"}],"version-history":[{"count":1,"href":"https:\/\/www.formentera.es\/de\/wp-json\/wp\/v2\/pages\/7624\/revisions"}],"predecessor-version":[{"id":45276,"href":"https:\/\/www.formentera.es\/de\/wp-json\/wp\/v2\/pages\/7624\/revisions\/45276"}],"up":[{"embeddable":true,"href":"https:\/\/www.formentera.es\/de\/wp-json\/wp\/v2\/pages\/7691"}],"wp:featuredmedia":[{"embeddable":true,"href":"https:\/\/www.formentera.es\/de\/wp-json\/wp\/v2\/media\/7626"}],"wp:attachment":[{"href":"https:\/\/www.formentera.es\/de\/wp-json\/wp\/v2\/media?parent=7624"}],"wp:term":[{"taxonomy":"category","embeddable":true,"href":"https:\/\/www.formentera.es\/de\/wp-json\/wp\/v2\/categories?post=7624"}],"curies":[{"name":"wp","href":"https:\/\/api.w.org\/{rel}","templated":true}]}}