{"id":7450,"date":"2018-06-28T12:03:29","date_gmt":"2018-06-28T14:03:29","guid":{"rendered":"https:\/\/www.formentera.es\/straende\/cala-saona\/"},"modified":"2024-09-24T08:56:20","modified_gmt":"2024-09-24T06:56:20","slug":"cala-saona","status":"publish","type":"page","link":"https:\/\/www.formentera.es\/de\/erkunden\/straende\/cala-saona\/","title":{"rendered":"Cala Saona"},"content":{"rendered":"<div class=\"wpb-content-wrapper\"><p>[vc_row full_width=&#8220;stretch_row&#8220;][vc_column width=&#8220;2\/3&#8243; css=&#8220;.vc_custom_1530269560078{padding-right: 5% !important;}&#8220;][vc_column_text el_class=&#8220;texto_ficha&#8220;]<\/p>\n<h2>T\u00fcrkisblaues Wasser und r\u00f6tliche Erde an der Westk\u00fcste Formenteras<\/h2>\n<h3>Cala Saona ist bekannt als das Schmuckst\u00fcck der Westk\u00fcste Formenteras. Die Bucht besitzt den einzigen Sandstrand, der sich zwischen den Klippen verbirgt, die sich eindrucksvoll im gesamten S\u00fcdosten der Insel erheben.<\/h3>\n<p>Im Unterschied zu den ansonsten offenen Str\u00e4nden auf der Insel handelt es sich bei Cala Saona um eine gesch\u00fctzte Bucht, die von Klippen umgeben ist.<\/p>\n<p>Es gibt verschiedene M\u00f6glichkeiten, um nach Cala Saona zu gelangen. Sie k\u00f6nnen den Pfaden folgen, die nach S\u00fcden f\u00fchren und dabei den l\u00e4ndlicheren Teil der Insel voller Kiefernw\u00e4lder und Trockensteinmauern erkunden. Diese sind ohne Zweifel die beste Zufahrtsm\u00f6glichkeit f\u00fcr all jene, die einen Ausflug mit dem Fahrrad ausgehend vom Hafen La Savina unternehmen m\u00f6chten.<\/p>\n<p>Die andere Option ist \u00fcber die Stra\u00dfe, die von Sant Francesc in Richtung Cap de Barbaria verl\u00e4uft, wo wir in der Mitte des Weges zwischen den zwei Orten eine beschilderte Abzweigung vorfinden, die uns nach Westen f\u00fchrt. Am Ende der asphaltierten Stra\u00dfe gibt es einen Parkplatz, auf dem Sie Ihr Fahrzeug abstellen k\u00f6nnen. Der Strand ist von dort leicht zu Fu\u00df erreichbar.<\/p>\n<p>Das Erste, das uns bei der Ankunft in <b>Cala Saona<\/b> ins Auge sticht, ist, dass sie ein Hotel besitzt, welches jedoch nicht nachteilig die Kulisse st\u00f6rt, die sich uns beim Zugang zum Strand bietet. Die gesamte K\u00fcste ist mit Ausnahme von Cala Saona voller Klippen. Der Strand befindet sich in einer kleinen Bucht zwischen <b>Punta Rasa<\/b> im S\u00fcden und <b>Cal\u00f3 d\u2019en Trull<\/b> im Norden. Er ist ungef\u00e4hr 140 m lang und ziemlich breit und z\u00e4hlt zu einem der beliebtesten Str\u00e4nde Formenteras, sodass sich dort viele Besucher tummeln.<\/p>\n<p>Ein weiteres Merkmal dieses Strandes ist sein sandiger Meeresgrund und das t\u00fcrkisblaue Wasser, das wir bereits von den anderen Str\u00e4nden Formenteras kennen und sch\u00e4tzen gelernt haben. Von hier aus kann man zudem einen der sch\u00f6nsten Sonnenunterg\u00e4nge der gesamten Insel beobachten, da die Sonne am Horizont verschwindet. Da es sich um eine gesch\u00fctzte gelegene Bucht handelt, nutzte man sie fr\u00fcher zur Errichtung vieler Bootsh\u00e4uschen bzw. Trockendocks, welche die traditionellen Fischerboote <b><i>llauts<\/i><\/b> beherbergen und dieser Ecke Formenteras ihren besonderen Charme verleihen.<\/p>\n<p>Ein Besuch dieses Strands empfiehlt sich nicht nur wegen der Landschaft, sondern auch aufgrund des vielseitigen Angebots an Aktivit\u00e4ten, wie Stand Up Paddling, Kajakfahren oder Schnorcheln. Einer der besten Ausfl\u00fcge von diesem Strand aus mit dem Kajak oder dem Stand Up Paddle f\u00fchrt zu den Klippen von Punta Rasa, wo sich einzigartige Unterwasserh\u00f6hlen verbergen, die einen Besuch wert sind.<\/p>\n<p>Wenn Sie auf der Suche nach einem abgelegenen Ort sind, an dem Sie das Beste genie\u00dfen k\u00f6nnen, was der Westen Formenteras zu bieten hat, ist Cala Saona ein Pflichtstopp. Bleiben Sie zum Sonnenuntergang, der diesen Teil der K\u00fcste in ein unvergessliches Farbenmeer taucht.[\/vc_column_text][\/vc_column][vc_column width=&#8220;1\/3&#8243;][vc_column_text]<div id=\"sidebar_ficha\"><a class=\"sidebar_breadcrumbs\" href=\"https:\/\/www.formentera.es\/de\/erkunden\/straende\/\"><i class=\"fa fa-angle-left\"><\/i>Zur\u00fcck zu Str\u00e4nde<\/a><div class=\"content_sidebar\"><div class=\"tit_medium\">N\u00fctzliche Informationen<\/div><div id=\"mapaficha\"><a href=\"https:\/\/goo.gl\/maps\/Qe5RfwVKZzK2\" target=\"_blank\"><img decoding=\"async\" src=\"https:\/\/www.formentera.es\/wp-content\/uploads\/2018\/11\/mapa_calasaona.png\"><\/a><\/div><div class=\"\"><a href=\"https:\/\/www.google.com\/maps?saddr=My+Location&daddr=38.6933817,1.3806192\" target=\"_blank\"><i class=\"fa fa-location-arrow\"><\/i><span>Wie komme ich dorthin?<\/span><\/a><\/div><div class=\"tit_medium\">Downloads<\/div><div class=\"\"><a href=\"https:\/\/www.formentera.es\/wp-content\/uploads\/2024\/09\/STRANDFU\u0308HRER_DE.pdf\" target=\"_blank\"><i class=\"fa fa-arrow-circle-o-down\"><\/i><span>Strandf\u00fchrer<\/span><\/a><\/div><div class=\"bloc_share\"><div class=\"blocs1\"><div class=\"tit_medium\">Teilen\r\n\u00fcbersetzungen<\/div><div class=\"redes_ficha\"><div class=\"fa fa-brands fa-x-twitter st-custom-button\" data-network=\"twitter\"><\/div><div class=\"fa fa-facebook st-custom-button\" data-network=\"facebook\"><\/div><div class=\"fa fa-pinterest-p st-custom-button\" data-network=\"pinterest\"><\/div><\/div><\/div><div class=\"blocs2\"><div class=\"tit_medium\">An einen Freund senden<\/div><div class=\"redes_ficha\"><div class=\"fa fa-envelope st-custom-button\" data-network=\"email\"><\/div><div class=\"fa fa-whatsapp st-custom-button\" data-network=\"whatsapp\"><\/div><\/div><\/div><\/div><\/div><\/div>[\/vc_column_text][\/vc_column][\/vc_row][vc_row full_width=&#8220;stretch_row_content_no_spaces&#8220;][vc_column][vc_column_text]<style>#jtg-859 .modula-item .jtg-social a, .lightbox-socials.jtg-social a{ fill: #ffffff; color: #ffffff }#jtg-859 .modula-item .jtg-social-mobile a{ fill: #ffffff; color: #ffffff }#jtg-859 .modula-item .jtg-social svg, .lightbox-socials.jtg-social svg { height: 16px; width: 16px }#jtg-859 .modula-item .jtg-social-mobile svg { height: 16px; width: 16px }#jtg-859 .modula-item .jtg-social a:not(:last-child), .lightbox-socials.jtg-social a:not(:last-child) { margin-right: 10px }#jtg-859 .modula-item .jtg-social-mobile .jtg-social-mobile-icons a:not(:last-child){ margin-right: 10px }#jtg-859 .modula-item .figc {color:#ffffff;}#jtg-859 .modula-item .modula-item-content { transform: scale(1) }#jtg-859 .modula-items .figc p.description { font-size:14px; }#jtg-859 .modula-items .figc p.description { color:#ffffff;}#jtg-859.modula-gallery .modula-item > a, #jtg-859.modula-gallery .modula-item, #jtg-859.modula-gallery .modula-item-content > a:not(.modula-no-follow) { cursor:zoom-in; } #jtg-859.modula-gallery .modula-item-content .modula-no-follow { cursor: default; } #jtg-859 .modula-item { background-color:#000000; }#jtg-859 .modula-item:hover img { opacity: 0.5; }#jtg-859 .modula-item { transform: scale(1) translate(0px,0px) rotate(0deg); }@media screen and (max-width:480px){#jtg-859 .modula-item .figc .jtg-title {  font-size: 12px; }#jtg-859 .modula-items .figc p.description { color:#ffffff;font-size:10px; }}<\/style>\n<div  id=\"jtg-859\" class=\"modula modula-gallery modula-custom-grid\" data-config=\"{&quot;height&quot;:750,&quot;tabletHeight&quot;:750,&quot;mobileHeight&quot;:750,&quot;desktopHeight&quot;:750,&quot;enableTwitter&quot;:false,&quot;enableWhatsapp&quot;:false,&quot;enableFacebook&quot;:false,&quot;enablePinterest&quot;:false,&quot;enableLinkedin&quot;:false,&quot;enableEmail&quot;:false,&quot;randomFactor&quot;:0.5,&quot;type&quot;:&quot;custom-grid&quot;,&quot;columns&quot;:12,&quot;gutter&quot;:10,&quot;mobileGutter&quot;:10,&quot;tabletGutter&quot;:10,&quot;desktopGutter&quot;:10,&quot;enableResponsive&quot;:true,&quot;tabletColumns&quot;:2,&quot;mobileColumns&quot;:1,&quot;lazyLoad&quot;:&quot;0&quot;,&quot;lightboxOpts&quot;:{&quot;animated&quot;:true,&quot;Thumbs&quot;:{&quot;type&quot;:&quot;modern&quot;,&quot;showOnStart&quot;:false},&quot;Toolbar&quot;:{&quot;display&quot;:{&quot;right&quot;:[&quot;close&quot;]},&quot;enabled&quot;:true},&quot;Carousel&quot;:{&quot;Panzoom&quot;:{&quot;touch&quot;:false},&quot;infinite&quot;:false},&quot;keyboard&quot;:{&quot;Escape&quot;:&quot;close&quot;,&quot;Delete&quot;:&quot;close&quot;,&quot;Backspace&quot;:&quot;close&quot;,&quot;PageUp&quot;:false,&quot;PageDown&quot;:false,&quot;ArrowUp&quot;:false,&quot;ArrowDown&quot;:false,&quot;ArrowRight&quot;:false,&quot;ArrowLeft&quot;:false},&quot;touch&quot;:false,&quot;backdropClick&quot;:false,&quot;l10n&quot;:{&quot;CLOSE&quot;:&quot;Close&quot;,&quot;NEXT&quot;:&quot;Next&quot;,&quot;PREV&quot;:&quot;Previous&quot;,&quot;Error&quot;:&quot;The requested content cannot be loaded. Please try again later.&quot;,&quot;PLAY_START&quot;:&quot;Start slideshow&quot;,&quot;PLAY_STOP&quot;:&quot;Pause slideshow&quot;,&quot;FULL_SCREEN&quot;:&quot;Full screen&quot;,&quot;THUMBS&quot;:&quot;Thumbnails&quot;,&quot;DOWNLOAD&quot;:&quot;Download&quot;,&quot;SHARE&quot;:&quot;Share&quot;,&quot;ZOOM&quot;:&quot;Zoom&quot;,&quot;EMAIL&quot;:&quot;Here is the link to the image : %%image_link%% and this is the link to the gallery : %%gallery_link%%&quot;,&quot;MODAL&quot;:&quot;You can close this modal content with the ESC key&quot;,&quot;ERROR&quot;:&quot;Something Went Wrong, Please Try Again Later&quot;,&quot;IMAGE_ERROR&quot;:&quot;Image Not Found&quot;,&quot;ELEMENT_NOT_FOUND&quot;:&quot;HTML Element Not Found&quot;,&quot;AJAX_NOT_FOUND&quot;:&quot;Error Loading AJAX : Not Found&quot;,&quot;AJAX_FORBIDDEN&quot;:&quot;Error Loading AJAX : Forbidden&quot;,&quot;IFRAME_ERROR&quot;:&quot;Error Loading Page&quot;,&quot;TOGGLE_ZOOM&quot;:&quot;Toggle zoom level&quot;,&quot;TOGGLE_THUMBS&quot;:&quot;Toggle thumbnails&quot;,&quot;TOGGLE_SLIDESHOW&quot;:&quot;Toggle slideshow&quot;,&quot;TOGGLE_FULLSCREEN&quot;:&quot;Toggle full-screen mode&quot;},&quot;Images&quot;:{&quot;Panzoom&quot;:{&quot;maxScale&quot;:2}},&quot;mainClass&quot;:&quot;modula-fancybox-container modula-lightbox-jtg-859&quot;,&quot;Html&quot;:{&quot;videoAutoplay&quot;:0,&quot;videoTpl&quot;:&quot;&lt;video class=\\&quot;fancybox__html5video\\&quot; controls muted playsinline controlsList controlsList=\\&quot;nodownload\\&quot; poster=\\&quot;{{poster}}\\&quot; src=\\&quot;{{src}}\\&quot; type=\\&quot;{{format}}\\&quot; &gt;  Sorry, your browser doesn&#039;t support embedded videos, &lt;a href=\\&quot;{{src}}\\&quot;&gt; download &lt;\\\/a&gt; and watch with your favorite video player! &lt;\\\/video&gt;&quot;}},&quot;inView&quot;:false,&quot;email_subject&quot;:&quot;\\u00a1\\u00a1Mira esta impresionante imagen!!&quot;,&quot;email_message&quot;:&quot;Este es el enlace a la imagen: %%image_link%% y este es el enlace a la galer\\u00eda: %%gallery_link%%&quot;,&quot;lightbox&quot;:&quot;fancybox&quot;,&quot;filterClick&quot;:&quot;0&quot;,&quot;defaultActiveFilter&quot;:&quot;all&quot;}\">\n\n\t\n\t<div  class=\"modula-items\">\n\t\t<div class=\"modula-item effect-quiet jtg-filter-all jtg-filter-\" data-width=\"8\" data-height=\"5\" >\n\t<div class=\"modula-item-overlay\"><\/div>\n\n\t<div class=\"modula-item-content\">\n\n\t\t\t\t\n\t\t\t\t\t<a data-image-id=\"898\" tabindex=\"0\" href=\"https:\/\/www.formentera.es\/wp-content\/uploads\/2018\/11\/shutterstock_224939881-1-1.jpg\" rel=\"jtg-859\" data-caption=\"\" aria-label=\"Open image in lightbox\" role=\"button\" data-cyclefilter=\"show\" data-fancybox=\"jtg-859\" class=\"tile-inner modula-item-link\"><\/a>\n\t\t\n\t\t<img loading=\"lazy\" decoding=\"async\" class=\"pic wp-image-898\"  data-valign=\"middle\" data-halign=\"center\" alt=\"\" data-full=\"https:\/\/www.formentera.es\/wp-content\/uploads\/2018\/11\/shutterstock_224939881-1-1.jpg\" title=\"shutterstock_224939881 (1)\" width=\"1900\" height=\"1152\" src=\"https:\/\/www.formentera.es\/wp-content\/uploads\/2018\/11\/shutterstock_224939881-1-1.jpg\" data-src=\"https:\/\/www.formentera.es\/wp-content\/uploads\/2018\/11\/shutterstock_224939881-1-1.jpg\" data-caption=\"\" srcset=\"https:\/\/www.formentera.es\/wp-content\/uploads\/2018\/11\/shutterstock_224939881-1-1.jpg 1900w, https:\/\/www.formentera.es\/wp-content\/uploads\/2018\/11\/shutterstock_224939881-1-1-300x182.jpg 300w, https:\/\/www.formentera.es\/wp-content\/uploads\/2018\/11\/shutterstock_224939881-1-1-768x466.jpg 768w, https:\/\/www.formentera.es\/wp-content\/uploads\/2018\/11\/shutterstock_224939881-1-1-1024x621.jpg 1024w\" sizes=\"auto, (max-width: 1900px) 100vw, 1900px\" \/>\n\t\t<div class=\"figc no-description\">\n\t\t\t<div class=\"figc-inner\">\n\t\t\t\t\t\t\t\t\t\t\t\t\t\t\t<\/div>\n\t\t<\/div>\n\n\t<\/div>\n\n<\/div><div class=\"modula-item effect-quiet jtg-filter-all jtg-filter-\" data-width=\"4\" data-height=\"5\" >\n\t<div class=\"modula-item-overlay\"><\/div>\n\n\t<div class=\"modula-item-content\">\n\n\t\t\t\t\n\t\t\t\t\t<a data-image-id=\"894\" tabindex=\"0\" href=\"https:\/\/www.formentera.es\/wp-content\/uploads\/2018\/11\/CALA-SAONA-ES-CALO-DES-OLI_Moonkoala.jpg\" rel=\"jtg-859\" data-caption=\"\" aria-label=\"Open image in lightbox\" role=\"button\" data-cyclefilter=\"show\" data-fancybox=\"jtg-859\" class=\"tile-inner modula-item-link\"><\/a>\n\t\t\n\t\t<img loading=\"lazy\" decoding=\"async\" class=\"pic wp-image-894\"  data-valign=\"middle\" data-halign=\"center\" alt=\"\" data-full=\"https:\/\/www.formentera.es\/wp-content\/uploads\/2018\/11\/CALA-SAONA-ES-CALO-DES-OLI_Moonkoala.jpg\" title=\"CALA SAONA-ES CALO DES OLI_Moonkoala\" width=\"1868\" height=\"1246\" src=\"https:\/\/www.formentera.es\/wp-content\/uploads\/2018\/11\/CALA-SAONA-ES-CALO-DES-OLI_Moonkoala.jpg\" data-src=\"https:\/\/www.formentera.es\/wp-content\/uploads\/2018\/11\/CALA-SAONA-ES-CALO-DES-OLI_Moonkoala.jpg\" data-caption=\"\" srcset=\"https:\/\/www.formentera.es\/wp-content\/uploads\/2018\/11\/CALA-SAONA-ES-CALO-DES-OLI_Moonkoala.jpg 1868w, https:\/\/www.formentera.es\/wp-content\/uploads\/2018\/11\/CALA-SAONA-ES-CALO-DES-OLI_Moonkoala-300x200.jpg 300w, https:\/\/www.formentera.es\/wp-content\/uploads\/2018\/11\/CALA-SAONA-ES-CALO-DES-OLI_Moonkoala-768x512.jpg 768w, https:\/\/www.formentera.es\/wp-content\/uploads\/2018\/11\/CALA-SAONA-ES-CALO-DES-OLI_Moonkoala-1024x683.jpg 1024w\" sizes=\"auto, (max-width: 1868px) 100vw, 1868px\" \/>\n\t\t<div class=\"figc no-description\">\n\t\t\t<div class=\"figc-inner\">\n\t\t\t\t\t\t\t\t\t\t\t\t\t\t\t<\/div>\n\t\t<\/div>\n\n\t<\/div>\n\n<\/div><div class=\"modula-item effect-quiet jtg-filter-all jtg-filter-\" data-width=\"4\" data-height=\"4\" >\n\t<div class=\"modula-item-overlay\"><\/div>\n\n\t<div class=\"modula-item-content\">\n\n\t\t\t\t\n\t\t\t\t\t<a data-image-id=\"897\" tabindex=\"0\" href=\"https:\/\/www.formentera.es\/wp-content\/uploads\/2018\/11\/shutterstock_139624379-1.jpg\" rel=\"jtg-859\" data-caption=\"\" aria-label=\"Open image in lightbox\" role=\"button\" data-cyclefilter=\"show\" data-fancybox=\"jtg-859\" class=\"tile-inner modula-item-link\"><\/a>\n\t\t\n\t\t<img loading=\"lazy\" decoding=\"async\" class=\"pic wp-image-897\"  data-valign=\"middle\" data-halign=\"center\" alt=\"\" data-full=\"https:\/\/www.formentera.es\/wp-content\/uploads\/2018\/11\/shutterstock_139624379-1.jpg\" title=\"shutterstock_139624379\" width=\"1900\" height=\"1900\" src=\"https:\/\/www.formentera.es\/wp-content\/uploads\/2018\/11\/shutterstock_139624379-1.jpg\" data-src=\"https:\/\/www.formentera.es\/wp-content\/uploads\/2018\/11\/shutterstock_139624379-1.jpg\" data-caption=\"\" srcset=\"https:\/\/www.formentera.es\/wp-content\/uploads\/2018\/11\/shutterstock_139624379-1.jpg 1900w, https:\/\/www.formentera.es\/wp-content\/uploads\/2018\/11\/shutterstock_139624379-1-150x150.jpg 150w, https:\/\/www.formentera.es\/wp-content\/uploads\/2018\/11\/shutterstock_139624379-1-300x300.jpg 300w, https:\/\/www.formentera.es\/wp-content\/uploads\/2018\/11\/shutterstock_139624379-1-768x768.jpg 768w, https:\/\/www.formentera.es\/wp-content\/uploads\/2018\/11\/shutterstock_139624379-1-1024x1024.jpg 1024w\" sizes=\"auto, (max-width: 1900px) 100vw, 1900px\" \/>\n\t\t<div class=\"figc no-description\">\n\t\t\t<div class=\"figc-inner\">\n\t\t\t\t\t\t\t\t\t\t\t\t\t\t\t<\/div>\n\t\t<\/div>\n\n\t<\/div>\n\n<\/div><div class=\"modula-item effect-quiet jtg-filter-all jtg-filter-\" data-width=\"4\" data-height=\"4\" >\n\t<div class=\"modula-item-overlay\"><\/div>\n\n\t<div class=\"modula-item-content\">\n\n\t\t\t\t\n\t\t\t\t\t<a data-image-id=\"899\" tabindex=\"0\" href=\"https:\/\/www.formentera.es\/wp-content\/uploads\/2018\/11\/acantilados-punta-rasa-shutterstock_228329848-1.jpg\" rel=\"jtg-859\" data-caption=\"\" aria-label=\"Open image in lightbox\" role=\"button\" data-cyclefilter=\"show\" data-fancybox=\"jtg-859\" class=\"tile-inner modula-item-link\"><\/a>\n\t\t\n\t\t<img loading=\"lazy\" decoding=\"async\" class=\"pic wp-image-899\"  data-valign=\"middle\" data-halign=\"center\" alt=\"\" data-full=\"https:\/\/www.formentera.es\/wp-content\/uploads\/2018\/11\/acantilados-punta-rasa-shutterstock_228329848-1.jpg\" title=\"acantilados punta rasa shutterstock_228329848\" width=\"1900\" height=\"1079\" src=\"https:\/\/www.formentera.es\/wp-content\/uploads\/2018\/11\/acantilados-punta-rasa-shutterstock_228329848-1.jpg\" data-src=\"https:\/\/www.formentera.es\/wp-content\/uploads\/2018\/11\/acantilados-punta-rasa-shutterstock_228329848-1.jpg\" data-caption=\"\" srcset=\"https:\/\/www.formentera.es\/wp-content\/uploads\/2018\/11\/acantilados-punta-rasa-shutterstock_228329848-1.jpg 1900w, https:\/\/www.formentera.es\/wp-content\/uploads\/2018\/11\/acantilados-punta-rasa-shutterstock_228329848-1-300x170.jpg 300w, https:\/\/www.formentera.es\/wp-content\/uploads\/2018\/11\/acantilados-punta-rasa-shutterstock_228329848-1-768x436.jpg 768w, https:\/\/www.formentera.es\/wp-content\/uploads\/2018\/11\/acantilados-punta-rasa-shutterstock_228329848-1-1024x582.jpg 1024w\" sizes=\"auto, (max-width: 1900px) 100vw, 1900px\" \/>\n\t\t<div class=\"figc no-description\">\n\t\t\t<div class=\"figc-inner\">\n\t\t\t\t\t\t\t\t\t\t\t\t\t\t\t<\/div>\n\t\t<\/div>\n\n\t<\/div>\n\n<\/div><div class=\"modula-item effect-quiet jtg-filter-all jtg-filter-\" data-width=\"4\" data-height=\"4\" >\n\t<div class=\"modula-item-overlay\"><\/div>\n\n\t<div class=\"modula-item-content\">\n\n\t\t\t\t\n\t\t\t\t\t<a data-image-id=\"895\" tabindex=\"0\" href=\"https:\/\/www.formentera.es\/wp-content\/uploads\/2018\/11\/fotos-de-jj-1.jpg\" rel=\"jtg-859\" data-caption=\"\" aria-label=\"Open image in lightbox\" role=\"button\" data-cyclefilter=\"show\" data-fancybox=\"jtg-859\" class=\"tile-inner modula-item-link\"><\/a>\n\t\t\n\t\t<img loading=\"lazy\" decoding=\"async\" class=\"pic wp-image-895\"  data-valign=\"middle\" data-halign=\"center\" alt=\"\" data-full=\"https:\/\/www.formentera.es\/wp-content\/uploads\/2018\/11\/fotos-de-jj-1.jpg\" title=\"fotos de jj\" width=\"1900\" height=\"1267\" src=\"https:\/\/www.formentera.es\/wp-content\/uploads\/2018\/11\/fotos-de-jj-1.jpg\" data-src=\"https:\/\/www.formentera.es\/wp-content\/uploads\/2018\/11\/fotos-de-jj-1.jpg\" data-caption=\"\" srcset=\"https:\/\/www.formentera.es\/wp-content\/uploads\/2018\/11\/fotos-de-jj-1.jpg 1900w, https:\/\/www.formentera.es\/wp-content\/uploads\/2018\/11\/fotos-de-jj-1-300x200.jpg 300w, https:\/\/www.formentera.es\/wp-content\/uploads\/2018\/11\/fotos-de-jj-1-768x512.jpg 768w, https:\/\/www.formentera.es\/wp-content\/uploads\/2018\/11\/fotos-de-jj-1-1024x683.jpg 1024w\" sizes=\"auto, (max-width: 1900px) 100vw, 1900px\" \/>\n\t\t<div class=\"figc no-description\">\n\t\t\t<div class=\"figc-inner\">\n\t\t\t\t\t\t\t\t\t\t\t\t\t\t\t<\/div>\n\t\t<\/div>\n\n\t<\/div>\n\n<\/div>\t\t\n\t<\/div>\n\n\t\n\t\n\t<script type=\"application\/ld+json\">\n\t{\n\t\t\"@context\": \"http:\/\/schema.org\",\n\t\t\"@type\"   : \"ImageGallery\",\n\t\t\"id\"      : \"https:\/\/www.formentera.es\/de\/erkunden\/straende\/cala-saona\/\",\n\t\t\"url\"     : \"https:\/\/www.formentera.es\/de\/erkunden\/straende\/cala-saona\/\"\n\t}\n\n\t<\/script>\n\n\t\n<\/div>\n[\/vc_column_text][\/vc_column][\/vc_row][vc_row][vc_column][vc_column_text]<div id=\"siguexpl\" class=\"container sc\"><h2>Erforschen Sie weiter<\/h2><div class=\"row\"><a href=\"https:\/\/www.formentera.es\/de\/erkunden\/sehenswerte-orte\/\" class=\"col-md-4\">\n\t\t\t\t\t\t<div class=\"row\">\n\t\t\t\t\t\t\t<div class=\"col-sm-4\" style=\"background-image: url(https:\/\/www.formentera.es\/wp-content\/uploads\/2018\/12\/audio_16-mp3-image-300x297.png)\"><\/div>\n\t\t\t\t\t\t\t<div class=\"col-sm-8\">\n\t\t\t\t\t\t\t\tSehenswerte Orte\n\t\t\t\t\t\t\t\t<i class=\"fa fa-angle-right\"><\/i>\n\t\t\t\t\t\t\t<\/div>\n\t\t\t\t\t\t\t<div class=\"bhover\"><\/div>\n\t\t\t\t\t\t<\/div>\n\t\t\t\t\t\t\n\t\t\t\t\t<\/a><a href=\"https:\/\/www.formentera.es\/de\/erkunden\/aktivitaeten\/\" class=\"col-md-4\">\n\t\t\t\t\t\t<div class=\"row\">\n\t\t\t\t\t\t\t<div class=\"col-sm-4\" style=\"background-image: url(https:\/\/www.formentera.es\/wp-content\/uploads\/2018\/11\/ESCUELA-MUNICIPAL-DE-VELA-4NOMADAS-jjfoto\u0300graf-16-300x207.jpg)\"><\/div>\n\t\t\t\t\t\t\t<div class=\"col-sm-8\">\n\t\t\t\t\t\t\t\tAktivit\u00e4ten\n\t\t\t\t\t\t\t\t<i class=\"fa fa-angle-right\"><\/i>\n\t\t\t\t\t\t\t<\/div>\n\t\t\t\t\t\t\t<div class=\"bhover\"><\/div>\n\t\t\t\t\t\t<\/div>\n\t\t\t\t\t\t\n\t\t\t\t\t<\/a><a href=\"https:\/\/www.formentera.es\/de\/erkunden\/kultur-und-kulturerbe\/\" class=\"col-md-4\">\n\t\t\t\t\t\t<div class=\"row\">\n\t\t\t\t\t\t\t<div class=\"col-sm-4\" style=\"background-image: url(https:\/\/www.formentera.es\/wp-content\/uploads\/2019\/01\/Torre-de-Sa-Gavina_Moonkoala-300x200.jpg)\"><\/div>\n\t\t\t\t\t\t\t<div class=\"col-sm-8\">\n\t\t\t\t\t\t\t\tKultur und Kulturerbe\n\t\t\t\t\t\t\t\t<i class=\"fa fa-angle-right\"><\/i>\n\t\t\t\t\t\t\t<\/div>\n\t\t\t\t\t\t\t<div class=\"bhover\"><\/div>\n\t\t\t\t\t\t<\/div>\n\t\t\t\t\t\t\n\t\t\t\t\t<\/a><\/div><\/div>[\/vc_column_text][\/vc_column][\/vc_row][vc_row full_width=&#8220;stretch_row_content&#8220; equal_height=&#8220;yes&#8220; css=&#8220;.vc_custom_1549021243615{padding-top: 80px !important;}&#8220; el_class=&#8220;bloque_maseventos&#8220;][vc_column][vc_column_text el_class=&#8220;h1&#8243;]<\/p>\n<h2 style=\"text-align: center;\">Veranstaltungen in Formentera<\/h2>\n<p>[\/vc_column_text][vc_basic_grid post_type=&#8220;post&#8220; max_items=&#8220;3&#8243; orderby=&#8220;rand&#8220; item=&#8220;1524&#8243; grid_id=&#8220;vc_gid:1559820239599-103de792-7e63-9&#8243; taxonomies=&#8220;17&#8243;][vc_btn title=&#8220;Weitere Veranstaltungen&#8220; style=&#8220;flat&#8220; shape=&#8220;square&#8220; color=&#8220;white&#8220; size=&#8220;lg&#8220; align=&#8220;center&#8220; i_align=&#8220;right&#8220; i_type=&#8220;entypo&#8220; i_icon_entypo=&#8220;entypo-icon entypo-icon-right-open-big&#8220; add_icon=&#8220;true&#8220; el_class=&#8220;btn_more&#8220; link=&#8220;url:https%3A%2F%2Fwww.formentera.es%2Fde%2Fveranstaltungen|||&#8220;][\/vc_column][\/vc_row]<\/p>\n<\/div>","protected":false},"excerpt":{"rendered":"<p>[vc_row full_width=&#8220;stretch_row&#8220;][vc_column width=&#8220;2\/3&#8243; css=&#8220;.vc_custom_1530269560078{padding-right: 5% !important;}&#8220;][vc_column_text el_class=&#8220;texto_ficha&#8220;] T\u00fcrkisblaues Wasser und r\u00f6tliche Erde an der Westk\u00fcste [&hellip;]<\/p>\n","protected":false},"author":1,"featured_media":7452,"parent":6927,"menu_order":0,"comment_status":"closed","ping_status":"closed","template":"page-ficha.php","meta":{"_acf_changed":false,"footnotes":""},"categories":[],"class_list":["post-7450","page","type-page","status-publish","hentry"],"acf":[],"yoast_head":"<!-- This site is optimized with the Yoast SEO plugin v25.5 - https:\/\/yoast.com\/wordpress\/plugins\/seo\/ -->\n<title>Cala Saona | Turismo de Formentera<\/title>\n<meta name=\"robots\" content=\"index, follow, max-snippet:-1, max-image-preview:large, max-video-preview:-1\" \/>\n<link rel=\"canonical\" href=\"https:\/\/www.formentera.es\/de\/erkunden\/straende\/cala-saona\/\" \/>\n<meta property=\"og:locale\" content=\"de_DE\" \/>\n<meta property=\"og:type\" content=\"article\" \/>\n<meta property=\"og:title\" content=\"Cala Saona | Turismo de Formentera\" \/>\n<meta property=\"og:description\" content=\"[vc_row full_width=&#8220;stretch_row&#8220;][vc_column width=&#8220;2\/3&#8243; css=&#8220;.vc_custom_1530269560078{padding-right: 5% !important;}&#8220;][vc_column_text el_class=&#8220;texto_ficha&#8220;] T\u00fcrkisblaues Wasser und r\u00f6tliche Erde an der Westk\u00fcste [&hellip;]\" \/>\n<meta property=\"og:url\" content=\"https:\/\/www.formentera.es\/de\/erkunden\/straende\/cala-saona\/\" \/>\n<meta property=\"og:site_name\" content=\"Turismo de Formentera\" \/>\n<meta property=\"article:publisher\" content=\"https:\/\/www.facebook.com\/turismoformentera\/\" \/>\n<meta property=\"article:modified_time\" content=\"2024-09-24T06:56:20+00:00\" \/>\n<meta property=\"og:image\" content=\"https:\/\/www.formentera.es\/wp-content\/uploads\/2018\/11\/1_fotos-de-jj-1.jpg\" \/>\n\t<meta property=\"og:image:width\" content=\"1900\" \/>\n\t<meta property=\"og:image:height\" content=\"1267\" \/>\n\t<meta property=\"og:image:type\" content=\"image\/jpeg\" \/>\n<meta name=\"twitter:card\" content=\"summary_large_image\" \/>\n<meta name=\"twitter:site\" content=\"@visitformentera\" \/>\n<meta name=\"twitter:label1\" content=\"Gesch\u00e4tzte Lesezeit\" \/>\n\t<meta name=\"twitter:data1\" content=\"3\u00a0Minuten\" \/>\n<script type=\"application\/ld+json\" class=\"yoast-schema-graph\">{\"@context\":\"https:\/\/schema.org\",\"@graph\":[{\"@type\":\"WebPage\",\"@id\":\"https:\/\/www.formentera.es\/de\/erkunden\/straende\/cala-saona\/\",\"url\":\"https:\/\/www.formentera.es\/de\/erkunden\/straende\/cala-saona\/\",\"name\":\"Cala Saona | Turismo de Formentera\",\"isPartOf\":{\"@id\":\"https:\/\/www.formentera.es\/#website\"},\"primaryImageOfPage\":{\"@id\":\"https:\/\/www.formentera.es\/de\/erkunden\/straende\/cala-saona\/#primaryimage\"},\"image\":{\"@id\":\"https:\/\/www.formentera.es\/de\/erkunden\/straende\/cala-saona\/#primaryimage\"},\"thumbnailUrl\":\"https:\/\/www.formentera.es\/wp-content\/uploads\/2018\/11\/1_fotos-de-jj-1.jpg\",\"datePublished\":\"2018-06-28T14:03:29+00:00\",\"dateModified\":\"2024-09-24T06:56:20+00:00\",\"breadcrumb\":{\"@id\":\"https:\/\/www.formentera.es\/de\/erkunden\/straende\/cala-saona\/#breadcrumb\"},\"inLanguage\":\"de\",\"potentialAction\":[{\"@type\":\"ReadAction\",\"target\":[\"https:\/\/www.formentera.es\/de\/erkunden\/straende\/cala-saona\/\"]}]},{\"@type\":\"ImageObject\",\"inLanguage\":\"de\",\"@id\":\"https:\/\/www.formentera.es\/de\/erkunden\/straende\/cala-saona\/#primaryimage\",\"url\":\"https:\/\/www.formentera.es\/wp-content\/uploads\/2018\/11\/1_fotos-de-jj-1.jpg\",\"contentUrl\":\"https:\/\/www.formentera.es\/wp-content\/uploads\/2018\/11\/1_fotos-de-jj-1.jpg\",\"width\":1900,\"height\":1267},{\"@type\":\"BreadcrumbList\",\"@id\":\"https:\/\/www.formentera.es\/de\/erkunden\/straende\/cala-saona\/#breadcrumb\",\"itemListElement\":[{\"@type\":\"ListItem\",\"position\":1,\"name\":\"Portada\",\"item\":\"https:\/\/www.formentera.es\/de\/\"},{\"@type\":\"ListItem\",\"position\":2,\"name\":\"Erkunden\",\"item\":\"https:\/\/www.formentera.es\/erkunden\/\"},{\"@type\":\"ListItem\",\"position\":3,\"name\":\"Str\u00e4nde\",\"item\":\"https:\/\/www.formentera.es\/de\/erkunden\/straende\/\"},{\"@type\":\"ListItem\",\"position\":4,\"name\":\"Cala Saona\"}]},{\"@type\":\"WebSite\",\"@id\":\"https:\/\/www.formentera.es\/#website\",\"url\":\"https:\/\/www.formentera.es\/\",\"name\":\"Turismo de Formentera\",\"description\":\"Web oficial de Turismo de Formentera\",\"potentialAction\":[{\"@type\":\"SearchAction\",\"target\":{\"@type\":\"EntryPoint\",\"urlTemplate\":\"https:\/\/www.formentera.es\/?s={search_term_string}\"},\"query-input\":{\"@type\":\"PropertyValueSpecification\",\"valueRequired\":true,\"valueName\":\"search_term_string\"}}],\"inLanguage\":\"de\"}]}<\/script>\n<!-- \/ Yoast SEO plugin. -->","yoast_head_json":{"title":"Cala Saona | Turismo de Formentera","robots":{"index":"index","follow":"follow","max-snippet":"max-snippet:-1","max-image-preview":"max-image-preview:large","max-video-preview":"max-video-preview:-1"},"canonical":"https:\/\/www.formentera.es\/de\/erkunden\/straende\/cala-saona\/","og_locale":"de_DE","og_type":"article","og_title":"Cala Saona | Turismo de Formentera","og_description":"[vc_row full_width=&#8220;stretch_row&#8220;][vc_column width=&#8220;2\/3&#8243; css=&#8220;.vc_custom_1530269560078{padding-right: 5% !important;}&#8220;][vc_column_text el_class=&#8220;texto_ficha&#8220;] T\u00fcrkisblaues Wasser und r\u00f6tliche Erde an der Westk\u00fcste [&hellip;]","og_url":"https:\/\/www.formentera.es\/de\/erkunden\/straende\/cala-saona\/","og_site_name":"Turismo de Formentera","article_publisher":"https:\/\/www.facebook.com\/turismoformentera\/","article_modified_time":"2024-09-24T06:56:20+00:00","og_image":[{"width":1900,"height":1267,"url":"https:\/\/www.formentera.es\/wp-content\/uploads\/2018\/11\/1_fotos-de-jj-1.jpg","type":"image\/jpeg"}],"twitter_card":"summary_large_image","twitter_site":"@visitformentera","twitter_misc":{"Gesch\u00e4tzte Lesezeit":"3\u00a0Minuten"},"schema":{"@context":"https:\/\/schema.org","@graph":[{"@type":"WebPage","@id":"https:\/\/www.formentera.es\/de\/erkunden\/straende\/cala-saona\/","url":"https:\/\/www.formentera.es\/de\/erkunden\/straende\/cala-saona\/","name":"Cala Saona | Turismo de Formentera","isPartOf":{"@id":"https:\/\/www.formentera.es\/#website"},"primaryImageOfPage":{"@id":"https:\/\/www.formentera.es\/de\/erkunden\/straende\/cala-saona\/#primaryimage"},"image":{"@id":"https:\/\/www.formentera.es\/de\/erkunden\/straende\/cala-saona\/#primaryimage"},"thumbnailUrl":"https:\/\/www.formentera.es\/wp-content\/uploads\/2018\/11\/1_fotos-de-jj-1.jpg","datePublished":"2018-06-28T14:03:29+00:00","dateModified":"2024-09-24T06:56:20+00:00","breadcrumb":{"@id":"https:\/\/www.formentera.es\/de\/erkunden\/straende\/cala-saona\/#breadcrumb"},"inLanguage":"de","potentialAction":[{"@type":"ReadAction","target":["https:\/\/www.formentera.es\/de\/erkunden\/straende\/cala-saona\/"]}]},{"@type":"ImageObject","inLanguage":"de","@id":"https:\/\/www.formentera.es\/de\/erkunden\/straende\/cala-saona\/#primaryimage","url":"https:\/\/www.formentera.es\/wp-content\/uploads\/2018\/11\/1_fotos-de-jj-1.jpg","contentUrl":"https:\/\/www.formentera.es\/wp-content\/uploads\/2018\/11\/1_fotos-de-jj-1.jpg","width":1900,"height":1267},{"@type":"BreadcrumbList","@id":"https:\/\/www.formentera.es\/de\/erkunden\/straende\/cala-saona\/#breadcrumb","itemListElement":[{"@type":"ListItem","position":1,"name":"Portada","item":"https:\/\/www.formentera.es\/de\/"},{"@type":"ListItem","position":2,"name":"Erkunden","item":"https:\/\/www.formentera.es\/erkunden\/"},{"@type":"ListItem","position":3,"name":"Str\u00e4nde","item":"https:\/\/www.formentera.es\/de\/erkunden\/straende\/"},{"@type":"ListItem","position":4,"name":"Cala Saona"}]},{"@type":"WebSite","@id":"https:\/\/www.formentera.es\/#website","url":"https:\/\/www.formentera.es\/","name":"Turismo de Formentera","description":"Web oficial de Turismo de Formentera","potentialAction":[{"@type":"SearchAction","target":{"@type":"EntryPoint","urlTemplate":"https:\/\/www.formentera.es\/?s={search_term_string}"},"query-input":{"@type":"PropertyValueSpecification","valueRequired":true,"valueName":"search_term_string"}}],"inLanguage":"de"}]}},"_links":{"self":[{"href":"https:\/\/www.formentera.es\/de\/wp-json\/wp\/v2\/pages\/7450","targetHints":{"allow":["GET"]}}],"collection":[{"href":"https:\/\/www.formentera.es\/de\/wp-json\/wp\/v2\/pages"}],"about":[{"href":"https:\/\/www.formentera.es\/de\/wp-json\/wp\/v2\/types\/page"}],"author":[{"embeddable":true,"href":"https:\/\/www.formentera.es\/de\/wp-json\/wp\/v2\/users\/1"}],"replies":[{"embeddable":true,"href":"https:\/\/www.formentera.es\/de\/wp-json\/wp\/v2\/comments?post=7450"}],"version-history":[{"count":0,"href":"https:\/\/www.formentera.es\/de\/wp-json\/wp\/v2\/pages\/7450\/revisions"}],"up":[{"embeddable":true,"href":"https:\/\/www.formentera.es\/de\/wp-json\/wp\/v2\/pages\/6927"}],"wp:featuredmedia":[{"embeddable":true,"href":"https:\/\/www.formentera.es\/de\/wp-json\/wp\/v2\/media\/7452"}],"wp:attachment":[{"href":"https:\/\/www.formentera.es\/de\/wp-json\/wp\/v2\/media?parent=7450"}],"wp:term":[{"taxonomy":"category","embeddable":true,"href":"https:\/\/www.formentera.es\/de\/wp-json\/wp\/v2\/categories?post=7450"}],"curies":[{"name":"wp","href":"https:\/\/api.w.org\/{rel}","templated":true}]}}