{"id":6922,"date":"2018-12-12T07:34:30","date_gmt":"2018-12-12T09:34:30","guid":{"rendered":"https:\/\/www.formentera.es\/die-insel\/flora-y-fauna\/"},"modified":"2025-09-04T12:23:37","modified_gmt":"2025-09-04T10:23:37","slug":"flora-und-fauna","status":"publish","type":"page","link":"https:\/\/www.formentera.es\/de\/die-insel\/flora-und-fauna\/","title":{"rendered":"Flora und Fauna"},"content":{"rendered":"<div class=\"wpb-content-wrapper\"><p>[vc_row full_width=&#8220;stretch_row_content_no_spaces&#8220; equal_height=&#8220;yes&#8220; content_placement=&#8220;bottom&#8220; css=&#8220;.vc_custom_1546502656253{background-image: url(https:\/\/www.formentera.es\/wp-content\/uploads\/2019\/01\/florayfaunaformentera_header.jpg?id=1689) !important;background-position: center !important;background-repeat: no-repeat !important;background-size: cover !important;}&#8220; el_id=&#8220;top_categoria&#8220; el_class=&#8220;categoria2&#8243;][vc_column width=&#8220;1\/2&#8243; css=&#8220;.vc_custom_1546502335334{background-position: center !important;background-repeat: no-repeat !important;background-size: cover !important;}&#8220;][vc_column_text]<\/p>\n<h1>Flora und Fauna von Formentera<\/h1>\n<p>[\/vc_column_text][\/vc_column][vc_column width=&#8220;1\/2&#8243; css=&#8220;.vc_custom_1756981415733{background-color: #30A8A2 !important;}&#8220;][vc_column_text]Die kleine Insel Formentera hat seit jeher dank ihrer bemerkenswerten Mittelmeerlandschaften viel Aufmerksamkeit genossen und zahlreiche Besucher angezogen. Sich in das Naturschutzgebiet <i>Parc Natural de Ses Salines d\u2019Eivissa i Formentera<\/i> zu begeben, ist zweifelsohne die beste Art und Weise, um die vielf\u00e4ltige Flora und Fauna, die den Pityusen vorbehalten ist, kennen zu lernen.<\/p>\n<p>Kiefern und Sadeb\u00e4ume bilden die W\u00e4lder, w\u00e4hrend D\u00fcnen und B\u00fcsche die Str\u00e4nde und Lagunen entlang der K\u00fcste zieren. Auch unter Wasser finden wir einen wesentlichen Bestandteil des \u00d6kosystems, das <b>Posidonia-Seegras<\/b>. Ohne diese Meerespflanze w\u00e4re die Insel nicht, was sie ist.<\/p>\n<p>Zudem ist die Fauna der Insel sehr vielf\u00e4ltig, mit \u00fcber 210 gez\u00e4hlten Vogelarten, die hier dauerhaft oder als Zwischenstopp auf ihrem langen Vogelzug ein Zuhause gefunden haben. Auch die auf der Insel einheimischen Eidechsen in auff\u00e4lligen Farben stehen f\u00fcr Formentera wie keine andere Tiergattung. Sie sind auf der gesamten Insel leicht an sonnigen Pl\u00e4tzchen anzutreffen.<\/p>\n<p>Formentera und insbesondere das Naturschutzgebiet sind jederzeit einen Besuch wert, der einen guten Einblick in die gro\u00dfe Biodiversit\u00e4t des Mittelmeers gibt.[\/vc_column_text][\/vc_column][\/vc_row][vc_row full_width=&#8220;stretch_row_content&#8220; equal_height=&#8220;yes&#8220;][vc_column][vc_column_text el_class=&#8220;h1&#8243;]<\/p>\n<h2>Flora y fauna. Parque Natural<\/h2>\n<p>[\/vc_column_text][\/vc_column][\/vc_row][vc_row full_width=&#8220;stretch_row_content&#8220;][vc_column][vc_basic_grid post_type=&#8220;custom&#8220; item=&#8220;60&#8243; grid_id=&#8220;vc_gid:1756981406597-294bf7a9-7f27-7&#8243; custom_query=&#8220;post_type=page&amp;post_parent=1331&amp;orderby=rand&#8220;][\/vc_column][\/vc_row][vc_row full_width=&#8220;stretch_row_content&#8220; css=&#8220;.vc_custom_1548954435133{padding-top: 80px !important;}&#8220; el_class=&#8220;bloque_maseventos&#8220;][vc_column][vc_column_text el_class=&#8220;h1&#8243;]<\/p>\n<h2>Veranstaltungen in Formentera<\/h2>\n<p>[\/vc_column_text][vc_basic_grid post_type=&#8220;post&#8220; max_items=&#8220;2&#8243; element_width=&#8220;6&#8243; orderby=&#8220;rand&#8220; item=&#8220;1532&#8243; grid_id=&#8220;vc_gid:1756981406597-31139cfa-74ec-2&#8243; taxonomies=&#8220;17&#8243;][vc_btn title=&#8220;Weitere Veranstaltungen&#8220; style=&#8220;flat&#8220; shape=&#8220;square&#8220; color=&#8220;white&#8220; size=&#8220;lg&#8220; align=&#8220;center&#8220; i_align=&#8220;right&#8220; i_type=&#8220;entypo&#8220; i_icon_entypo=&#8220;entypo-icon entypo-icon-right-open-big&#8220; add_icon=&#8220;true&#8220; el_class=&#8220;btn_more&#8220; link=&#8220;url:https%3A%2F%2Fwww.formentera.es%2Fveranstaltungen|||&#8220;][\/vc_column][\/vc_row]<\/p>\n<\/div>","protected":false},"excerpt":{"rendered":"<p>[vc_row full_width=&#8220;stretch_row_content_no_spaces&#8220; equal_height=&#8220;yes&#8220; content_placement=&#8220;bottom&#8220; css=&#8220;.vc_custom_1546502656253{background-image: url(https:\/\/www.formentera.es\/wp-content\/uploads\/2019\/01\/florayfaunaformentera_header.jpg?id=1689) !important;background-position: center !important;background-repeat: no-repeat !important;background-size: cover !important;}&#8220; el_id=&#8220;top_categoria&#8220; el_class=&#8220;categoria2&#8243;][vc_column [&hellip;]<\/p>\n","protected":false},"author":1,"featured_media":6924,"parent":6901,"menu_order":0,"comment_status":"closed","ping_status":"closed","template":"","meta":{"_acf_changed":false,"footnotes":""},"categories":[],"class_list":["post-6922","page","type-page","status-publish","hentry"],"acf":[],"yoast_head":"<!-- This site is optimized with the Yoast SEO plugin v25.5 - https:\/\/yoast.com\/wordpress\/plugins\/seo\/ -->\n<title>La flora y fauna de Formentera | Turismo de Formentera<\/title>\n<meta name=\"description\" content=\"Descubre la flora y fauna aut\u00f3ctona de Formentera. Uuna visita \u00fanica para aquellos que quieran conocer el Mediterr\u00e1neo y su amplia biodiversidad.\" \/>\n<meta name=\"robots\" content=\"index, follow, max-snippet:-1, max-image-preview:large, max-video-preview:-1\" \/>\n<link rel=\"canonical\" href=\"https:\/\/www.formentera.es\/de\/die-insel\/flora-und-fauna\/\" \/>\n<meta property=\"og:locale\" content=\"de_DE\" \/>\n<meta property=\"og:type\" content=\"article\" \/>\n<meta property=\"og:title\" content=\"La flora y fauna de Formentera | Turismo de Formentera\" \/>\n<meta property=\"og:description\" content=\"Descubre la flora y fauna aut\u00f3ctona de Formentera. Uuna visita \u00fanica para aquellos que quieran conocer el Mediterr\u00e1neo y su amplia biodiversidad.\" \/>\n<meta property=\"og:url\" content=\"https:\/\/www.formentera.es\/de\/die-insel\/flora-und-fauna\/\" \/>\n<meta property=\"og:site_name\" content=\"Turismo de Formentera\" \/>\n<meta property=\"article:publisher\" content=\"https:\/\/www.facebook.com\/turismoformentera\/\" \/>\n<meta property=\"article:modified_time\" content=\"2025-09-04T10:23:37+00:00\" \/>\n<meta property=\"og:image\" content=\"https:\/\/www.formentera.es\/wp-content\/uploads\/2018\/11\/Flamencos-Jose-A.-Arribas-Beni2008.jpg\" \/>\n\t<meta property=\"og:image:width\" content=\"1900\" \/>\n\t<meta property=\"og:image:height\" content=\"950\" \/>\n\t<meta property=\"og:image:type\" content=\"image\/jpeg\" \/>\n<meta name=\"twitter:card\" content=\"summary_large_image\" \/>\n<meta name=\"twitter:site\" content=\"@visitformentera\" \/>\n<meta name=\"twitter:label1\" content=\"Gesch\u00e4tzte Lesezeit\" \/>\n\t<meta name=\"twitter:data1\" content=\"2\u00a0Minuten\" \/>\n<script type=\"application\/ld+json\" class=\"yoast-schema-graph\">{\"@context\":\"https:\/\/schema.org\",\"@graph\":[{\"@type\":\"WebPage\",\"@id\":\"https:\/\/www.formentera.es\/de\/die-insel\/flora-und-fauna\/\",\"url\":\"https:\/\/www.formentera.es\/de\/die-insel\/flora-und-fauna\/\",\"name\":\"La flora y fauna de Formentera | Turismo de Formentera\",\"isPartOf\":{\"@id\":\"https:\/\/www.formentera.es\/#website\"},\"primaryImageOfPage\":{\"@id\":\"https:\/\/www.formentera.es\/de\/die-insel\/flora-und-fauna\/#primaryimage\"},\"image\":{\"@id\":\"https:\/\/www.formentera.es\/de\/die-insel\/flora-und-fauna\/#primaryimage\"},\"thumbnailUrl\":\"https:\/\/www.formentera.es\/wp-content\/uploads\/2018\/11\/Flamencos-Jose-A.-Arribas-Beni2008.jpg\",\"datePublished\":\"2018-12-12T09:34:30+00:00\",\"dateModified\":\"2025-09-04T10:23:37+00:00\",\"description\":\"Descubre la flora y fauna aut\u00f3ctona de Formentera. Uuna visita \u00fanica para aquellos que quieran conocer el Mediterr\u00e1neo y su amplia biodiversidad.\",\"breadcrumb\":{\"@id\":\"https:\/\/www.formentera.es\/de\/die-insel\/flora-und-fauna\/#breadcrumb\"},\"inLanguage\":\"de\",\"potentialAction\":[{\"@type\":\"ReadAction\",\"target\":[\"https:\/\/www.formentera.es\/de\/die-insel\/flora-und-fauna\/\"]}]},{\"@type\":\"ImageObject\",\"inLanguage\":\"de\",\"@id\":\"https:\/\/www.formentera.es\/de\/die-insel\/flora-und-fauna\/#primaryimage\",\"url\":\"https:\/\/www.formentera.es\/wp-content\/uploads\/2018\/11\/Flamencos-Jose-A.-Arribas-Beni2008.jpg\",\"contentUrl\":\"https:\/\/www.formentera.es\/wp-content\/uploads\/2018\/11\/Flamencos-Jose-A.-Arribas-Beni2008.jpg\",\"width\":1900,\"height\":950},{\"@type\":\"BreadcrumbList\",\"@id\":\"https:\/\/www.formentera.es\/de\/die-insel\/flora-und-fauna\/#breadcrumb\",\"itemListElement\":[{\"@type\":\"ListItem\",\"position\":1,\"name\":\"Portada\",\"item\":\"https:\/\/www.formentera.es\/de\/\"},{\"@type\":\"ListItem\",\"position\":2,\"name\":\"Die Insel\",\"item\":\"https:\/\/www.formentera.es\/die-insel\/\"},{\"@type\":\"ListItem\",\"position\":3,\"name\":\"Flora und Fauna\"}]},{\"@type\":\"WebSite\",\"@id\":\"https:\/\/www.formentera.es\/#website\",\"url\":\"https:\/\/www.formentera.es\/\",\"name\":\"Turismo de Formentera\",\"description\":\"Web oficial de Turismo de Formentera\",\"potentialAction\":[{\"@type\":\"SearchAction\",\"target\":{\"@type\":\"EntryPoint\",\"urlTemplate\":\"https:\/\/www.formentera.es\/?s={search_term_string}\"},\"query-input\":{\"@type\":\"PropertyValueSpecification\",\"valueRequired\":true,\"valueName\":\"search_term_string\"}}],\"inLanguage\":\"de\"}]}<\/script>\n<!-- \/ Yoast SEO plugin. -->","yoast_head_json":{"title":"La flora y fauna de Formentera | Turismo de Formentera","description":"Descubre la flora y fauna aut\u00f3ctona de Formentera. Uuna visita \u00fanica para aquellos que quieran conocer el Mediterr\u00e1neo y su amplia biodiversidad.","robots":{"index":"index","follow":"follow","max-snippet":"max-snippet:-1","max-image-preview":"max-image-preview:large","max-video-preview":"max-video-preview:-1"},"canonical":"https:\/\/www.formentera.es\/de\/die-insel\/flora-und-fauna\/","og_locale":"de_DE","og_type":"article","og_title":"La flora y fauna de Formentera | Turismo de Formentera","og_description":"Descubre la flora y fauna aut\u00f3ctona de Formentera. Uuna visita \u00fanica para aquellos que quieran conocer el Mediterr\u00e1neo y su amplia biodiversidad.","og_url":"https:\/\/www.formentera.es\/de\/die-insel\/flora-und-fauna\/","og_site_name":"Turismo de Formentera","article_publisher":"https:\/\/www.facebook.com\/turismoformentera\/","article_modified_time":"2025-09-04T10:23:37+00:00","og_image":[{"width":1900,"height":950,"url":"https:\/\/www.formentera.es\/wp-content\/uploads\/2018\/11\/Flamencos-Jose-A.-Arribas-Beni2008.jpg","type":"image\/jpeg"}],"twitter_card":"summary_large_image","twitter_site":"@visitformentera","twitter_misc":{"Gesch\u00e4tzte Lesezeit":"2\u00a0Minuten"},"schema":{"@context":"https:\/\/schema.org","@graph":[{"@type":"WebPage","@id":"https:\/\/www.formentera.es\/de\/die-insel\/flora-und-fauna\/","url":"https:\/\/www.formentera.es\/de\/die-insel\/flora-und-fauna\/","name":"La flora y fauna de Formentera | Turismo de Formentera","isPartOf":{"@id":"https:\/\/www.formentera.es\/#website"},"primaryImageOfPage":{"@id":"https:\/\/www.formentera.es\/de\/die-insel\/flora-und-fauna\/#primaryimage"},"image":{"@id":"https:\/\/www.formentera.es\/de\/die-insel\/flora-und-fauna\/#primaryimage"},"thumbnailUrl":"https:\/\/www.formentera.es\/wp-content\/uploads\/2018\/11\/Flamencos-Jose-A.-Arribas-Beni2008.jpg","datePublished":"2018-12-12T09:34:30+00:00","dateModified":"2025-09-04T10:23:37+00:00","description":"Descubre la flora y fauna aut\u00f3ctona de Formentera. Uuna visita \u00fanica para aquellos que quieran conocer el Mediterr\u00e1neo y su amplia biodiversidad.","breadcrumb":{"@id":"https:\/\/www.formentera.es\/de\/die-insel\/flora-und-fauna\/#breadcrumb"},"inLanguage":"de","potentialAction":[{"@type":"ReadAction","target":["https:\/\/www.formentera.es\/de\/die-insel\/flora-und-fauna\/"]}]},{"@type":"ImageObject","inLanguage":"de","@id":"https:\/\/www.formentera.es\/de\/die-insel\/flora-und-fauna\/#primaryimage","url":"https:\/\/www.formentera.es\/wp-content\/uploads\/2018\/11\/Flamencos-Jose-A.-Arribas-Beni2008.jpg","contentUrl":"https:\/\/www.formentera.es\/wp-content\/uploads\/2018\/11\/Flamencos-Jose-A.-Arribas-Beni2008.jpg","width":1900,"height":950},{"@type":"BreadcrumbList","@id":"https:\/\/www.formentera.es\/de\/die-insel\/flora-und-fauna\/#breadcrumb","itemListElement":[{"@type":"ListItem","position":1,"name":"Portada","item":"https:\/\/www.formentera.es\/de\/"},{"@type":"ListItem","position":2,"name":"Die Insel","item":"https:\/\/www.formentera.es\/die-insel\/"},{"@type":"ListItem","position":3,"name":"Flora und Fauna"}]},{"@type":"WebSite","@id":"https:\/\/www.formentera.es\/#website","url":"https:\/\/www.formentera.es\/","name":"Turismo de Formentera","description":"Web oficial de Turismo de Formentera","potentialAction":[{"@type":"SearchAction","target":{"@type":"EntryPoint","urlTemplate":"https:\/\/www.formentera.es\/?s={search_term_string}"},"query-input":{"@type":"PropertyValueSpecification","valueRequired":true,"valueName":"search_term_string"}}],"inLanguage":"de"}]}},"_links":{"self":[{"href":"https:\/\/www.formentera.es\/de\/wp-json\/wp\/v2\/pages\/6922","targetHints":{"allow":["GET"]}}],"collection":[{"href":"https:\/\/www.formentera.es\/de\/wp-json\/wp\/v2\/pages"}],"about":[{"href":"https:\/\/www.formentera.es\/de\/wp-json\/wp\/v2\/types\/page"}],"author":[{"embeddable":true,"href":"https:\/\/www.formentera.es\/de\/wp-json\/wp\/v2\/users\/1"}],"replies":[{"embeddable":true,"href":"https:\/\/www.formentera.es\/de\/wp-json\/wp\/v2\/comments?post=6922"}],"version-history":[{"count":2,"href":"https:\/\/www.formentera.es\/de\/wp-json\/wp\/v2\/pages\/6922\/revisions"}],"predecessor-version":[{"id":45196,"href":"https:\/\/www.formentera.es\/de\/wp-json\/wp\/v2\/pages\/6922\/revisions\/45196"}],"up":[{"embeddable":true,"href":"https:\/\/www.formentera.es\/de\/wp-json\/wp\/v2\/pages\/6901"}],"wp:featuredmedia":[{"embeddable":true,"href":"https:\/\/www.formentera.es\/de\/wp-json\/wp\/v2\/media\/6924"}],"wp:attachment":[{"href":"https:\/\/www.formentera.es\/de\/wp-json\/wp\/v2\/media?parent=6922"}],"wp:term":[{"taxonomy":"category","embeddable":true,"href":"https:\/\/www.formentera.es\/de\/wp-json\/wp\/v2\/categories?post=6922"}],"curies":[{"name":"wp","href":"https:\/\/api.w.org\/{rel}","templated":true}]}}