{"id":12068,"date":"2020-04-16T10:44:58","date_gmt":"2020-04-16T08:44:58","guid":{"rendered":"https:\/\/www.formentera.es\/erkunden\/aktivitaeten\/gruene-routen\/el-pilar-de-la-mola-sestufador-es-ram\/"},"modified":"2020-04-25T10:01:09","modified_gmt":"2020-04-25T08:01:09","slug":"el-pilar-de-la-mola-sestufador-es-ram","status":"publish","type":"page","link":"https:\/\/www.formentera.es\/de\/erkunden\/aktivitaeten\/gruene-routen\/el-pilar-de-la-mola-sestufador-es-ram\/","title":{"rendered":"El Pilar De La Mola  &#8211;  S&#8217;Estufador  &#8211;  Es Ram"},"content":{"rendered":"<div class=\"wpb-content-wrapper\"><p>[vc_row][vc_column width=&#8220;8\/12&#8243;][vc_column_text]Das Besondere an diesem kaum mehr als 4 Kilometer langen Wanderweg ist die waldreiche Landschaft, die uns an einigen Punkten vergessen l\u00e4sst, dass wir uns auf Formentera befinden. Die Qualit\u00e4t dieser Wanderung spiegelt sich nicht nur in der Tatsache wider, dass Sie dem sommerlichen Tumult und dem touristischen Treiben entkommen, sondern dadurch, dass diese Route viele Landschaften in einem einzigen Weg verbindet. Die Wanderung beginnt an der Kirche <a href=\"https:\/\/www.formentera.es\/de\/erkunden\/ortschaften\/el-pilar-de-la-mola\/\">El Pilar de la Mola<\/a>, wo die Route in einem flachen Gebiet beginnt, das von Anbaufeldern umgeben ist. Wir wandern weiter durch einen aufsteigenden Wald, wo wir eine Reihe von nat\u00fcrlichen Wildb\u00e4chen entdecken werden, die das Regenwasser ins Meer flie\u00dfen lassen. Nachdem wir den dichten mediterranen Wald, der typisch f\u00fcr die Hochebene der Mola ist, hinter uns gelassen haben, kommen wir endlich in s&#8217;Estufador an. Hier erh\u00e4lt die Landschaft eine goldbraune Farbe voller phantasievollem Gestein, das aus einem seither bekannten Material besteht, und zwar aus Mar\u00e9s. Es handelt sich hierbei um einen sehr erodierbaren Kalkstein, der leicht zu bearbeiten ist. Aus diesem Grund wurde er f\u00fcr den Bau auf der Insel verwendet, bevor schlie\u00dflich der Zement im 20.\u00a0Jahrhundert verwendet wurde.<\/p>\n<p>Wenn wir weiter parallel am Meer entlang laufen, gelangen wir auf einen schmalen Pfad, der nur so breit ist, dass eine Person durchlaufen kann. Dieser Pfad f\u00fchrt uns bis nach Es Ram.[\/vc_column_text][\/vc_column][vc_column width=&#8220;4\/12&#8243;][vc_column_text]<div id=\"back_blue\"><h3>Laden Sie die Route herunter<\/h3><div><img decoding=\"async\" src=\"https:\/\/www.formentera.es\/wp-content\/themes\/Formentera\/img\/mapas-de-google-w.svg\"><a href=\"https:\/\/www.google.com\/maps\/d\/u\/0\/embed?mid=1hk_8RF_6Bvf0PRFqHWrh73iVdW7nhmAz\" target=\"_blank\">Sehen Sie sich die Route in Google Maps<\/a><\/div><div><img decoding=\"async\" src=\"https:\/\/www.formentera.es\/wp-content\/themes\/Formentera\/img\/maps-and-location-w.svg\" class=\"pl_5\"><a href=\"https:\/\/www.formentera.es\/wp-content\/uploads\/2020\/04\/27.-El-Pilar-De-La-Mola-SEstufador-Es-Ram.gpx.zip\" target=\"_blank\">Laden Sie die Route f\u00fcr GPS<\/a><\/div><div><img decoding=\"async\" src=\"https:\/\/www.formentera.es\/wp-content\/themes\/Formentera\/img\/pin-w.svg\"><a href=\"https:\/\/es.wikiloc.com\/rutas-senderismo\/ruta-27-el-pilar-de-la-mola-es-ram-48414201\" target=\"_blank\">Siehe die Route auf Wikiloc<\/a><\/div><div><img decoding=\"async\" src=\"https:\/\/www.formentera.es\/wp-content\/themes\/Formentera\/img\/descarga-w.svg\"><a href=\"Array\" target=\"_blank\">Download-Datei<\/a><\/div><\/div><div id=\"como_llegar\"><a href=\"https:\/\/www.google.com\/maps?saddr=My+Location&daddr=38.65427,1.52371\" target=\"_blank\">Wie komme ich zum Ausgangspunkt?<\/a><img decoding=\"async\" src=\"https:\/\/www.formentera.es\/wp-content\/themes\/Formentera\/img\/start.svg\"><\/div>[\/vc_column_text][\/vc_column][\/vc_row][vc_row][vc_column][vc_gmaps link=&#8220;#E-8_JTNDaWZyYW1lJTIwc3JjJTNEJTIyaHR0cHMlM0ElMkYlMkZ3d3cuZ29vZ2xlLmNvbSUyRm1hcHMlMkZkJTJGdSUyRjAlMkZlbWJlZCUzRm1pZCUzRDFoa184UkZfNkJ2ZjBQUkZxSFdyaDczaVZkVzduaG1BeiUyMiUyMCUyMHdpZHRoJTNEJTIyNjAwJTIyJTIwaGVpZ2h0JTNEJTIyNDUwJTIyJTIwZnJhbWVib3JkZXIlM0QlMjIwJTIyJTIwc3R5bGUlM0QlMjJib3JkZXIlM0EwJTIyJTIwYWxsb3dmdWxsc2NyZWVuJTNFJTNDJTJGaWZyYW1lJTNFJTBB&#8220; size=&#8220;&#8220;][\/vc_column][\/vc_row][vc_row full_width=&#8220;stretch_row_content_no_spaces&#8220;][vc_column][vc_column_text]<style>#jtg-11191 .modula-item .jtg-social a, .lightbox-socials.jtg-social a{ fill: #ffffff; color: #ffffff }#jtg-11191 .modula-item .jtg-social-mobile a{ fill: #ffffff; color: #ffffff }#jtg-11191 .modula-item .jtg-social svg, .lightbox-socials.jtg-social svg { height: 16px; width: 16px }#jtg-11191 .modula-item .jtg-social-mobile svg { height: 16px; width: 16px }#jtg-11191 .modula-item .jtg-social a:not(:last-child), .lightbox-socials.jtg-social a:not(:last-child) { margin-right: 10px }#jtg-11191 .modula-item .jtg-social-mobile .jtg-social-mobile-icons a:not(:last-child){ margin-right: 10px }#jtg-11191 .modula-item .figc {color:#ffffff;}#jtg-11191 .modula-item .modula-item-content { transform: scale(1) }#jtg-11191 .modula-items .figc p.description { font-size:14px; }#jtg-11191 .modula-items .figc p.description { color:#ffffff;}#jtg-11191.modula-gallery .modula-item > a, #jtg-11191.modula-gallery .modula-item, #jtg-11191.modula-gallery .modula-item-content > a:not(.modula-no-follow) { cursor:zoom-in; } #jtg-11191.modula-gallery .modula-item-content .modula-no-follow { cursor: default; } #jtg-11191 .modula-item { background-color:#ffffff; }#jtg-11191 .modula-item:hover img { opacity: 0.5; }#jtg-11191 .modula-item { transform: scale(1) translate(0px,0px) rotate(0deg); }@media screen and (max-width:480px){#jtg-11191 .modula-item .figc .jtg-title {  font-size: 12px; }#jtg-11191 .modula-items .figc p.description { color:#ffffff;font-size:10px; }}#jtg-11191 .modula-items .modula-item:hover img{opacity:1;}<\/style>\n<div  id=\"jtg-11191\" class=\"modula modula-gallery modula-custom-grid\" data-config=\"{&quot;height&quot;:800,&quot;tabletHeight&quot;:800,&quot;mobileHeight&quot;:800,&quot;desktopHeight&quot;:800,&quot;enableTwitter&quot;:true,&quot;enableWhatsapp&quot;:false,&quot;enableFacebook&quot;:true,&quot;enablePinterest&quot;:true,&quot;enableLinkedin&quot;:true,&quot;enableEmail&quot;:false,&quot;randomFactor&quot;:0.5,&quot;type&quot;:&quot;custom-grid&quot;,&quot;columns&quot;:12,&quot;gutter&quot;:10,&quot;mobileGutter&quot;:10,&quot;tabletGutter&quot;:10,&quot;desktopGutter&quot;:10,&quot;enableResponsive&quot;:&quot;0&quot;,&quot;tabletColumns&quot;:2,&quot;mobileColumns&quot;:1,&quot;lazyLoad&quot;:&quot;0&quot;,&quot;lightboxOpts&quot;:{&quot;animated&quot;:true,&quot;Thumbs&quot;:{&quot;type&quot;:&quot;modern&quot;,&quot;showOnStart&quot;:false},&quot;Toolbar&quot;:{&quot;display&quot;:{&quot;right&quot;:[&quot;close&quot;]},&quot;enabled&quot;:true},&quot;Carousel&quot;:{&quot;Panzoom&quot;:{&quot;touch&quot;:false},&quot;infinite&quot;:false},&quot;keyboard&quot;:{&quot;Escape&quot;:&quot;close&quot;,&quot;Delete&quot;:&quot;close&quot;,&quot;Backspace&quot;:&quot;close&quot;,&quot;PageUp&quot;:false,&quot;PageDown&quot;:false,&quot;ArrowUp&quot;:false,&quot;ArrowDown&quot;:false,&quot;ArrowRight&quot;:false,&quot;ArrowLeft&quot;:false},&quot;touch&quot;:false,&quot;backdropClick&quot;:false,&quot;l10n&quot;:{&quot;CLOSE&quot;:&quot;Close&quot;,&quot;NEXT&quot;:&quot;Next&quot;,&quot;PREV&quot;:&quot;Previous&quot;,&quot;Error&quot;:&quot;The requested content cannot be loaded. Please try again later.&quot;,&quot;PLAY_START&quot;:&quot;Start slideshow&quot;,&quot;PLAY_STOP&quot;:&quot;Pause slideshow&quot;,&quot;FULL_SCREEN&quot;:&quot;Full screen&quot;,&quot;THUMBS&quot;:&quot;Thumbnails&quot;,&quot;DOWNLOAD&quot;:&quot;Download&quot;,&quot;SHARE&quot;:&quot;Share&quot;,&quot;ZOOM&quot;:&quot;Zoom&quot;,&quot;EMAIL&quot;:&quot;Here is the link to the image : %%image_link%% and this is the link to the gallery : %%gallery_link%%&quot;,&quot;MODAL&quot;:&quot;You can close this modal content with the ESC key&quot;,&quot;ERROR&quot;:&quot;Something Went Wrong, Please Try Again Later&quot;,&quot;IMAGE_ERROR&quot;:&quot;Image Not Found&quot;,&quot;ELEMENT_NOT_FOUND&quot;:&quot;HTML Element Not Found&quot;,&quot;AJAX_NOT_FOUND&quot;:&quot;Error Loading AJAX : Not Found&quot;,&quot;AJAX_FORBIDDEN&quot;:&quot;Error Loading AJAX : Forbidden&quot;,&quot;IFRAME_ERROR&quot;:&quot;Error Loading Page&quot;,&quot;TOGGLE_ZOOM&quot;:&quot;Toggle zoom level&quot;,&quot;TOGGLE_THUMBS&quot;:&quot;Toggle thumbnails&quot;,&quot;TOGGLE_SLIDESHOW&quot;:&quot;Toggle slideshow&quot;,&quot;TOGGLE_FULLSCREEN&quot;:&quot;Toggle full-screen mode&quot;},&quot;Images&quot;:{&quot;Panzoom&quot;:{&quot;maxScale&quot;:2}},&quot;mainClass&quot;:&quot;modula-fancybox-container modula-lightbox-jtg-11191&quot;,&quot;Html&quot;:{&quot;videoAutoplay&quot;:0,&quot;videoTpl&quot;:&quot;&lt;video class=\\&quot;fancybox__html5video\\&quot; controls muted playsinline controlsList controlsList=\\&quot;nodownload\\&quot; poster=\\&quot;{{poster}}\\&quot; src=\\&quot;{{src}}\\&quot; type=\\&quot;{{format}}\\&quot; &gt;  Sorry, your browser doesn&#039;t support embedded videos, &lt;a href=\\&quot;{{src}}\\&quot;&gt; download &lt;\\\/a&gt; and watch with your favorite video player! &lt;\\\/video&gt;&quot;}},&quot;inView&quot;:false,&quot;email_subject&quot;:&quot;\\u00a1\\u00a1Mira esta impresionante imagen!!&quot;,&quot;email_message&quot;:&quot;Este es el enlace a la imagen: %%image_link%% y este es el enlace a la galer\\u00eda: %%gallery_link%%&quot;,&quot;lightbox&quot;:&quot;fancybox&quot;,&quot;filterClick&quot;:&quot;0&quot;,&quot;defaultActiveFilter&quot;:&quot;all&quot;}\">\n\n\t\n\t<div  class=\"modula-items\">\n\t\t<div class=\"modula-item jtg-filter-all jtg-filter-\" data-width=\"6\" data-height=\"5\" >\n\t<div class=\"modula-item-content\">\n\t\t\n\t\t\t\t\t<a data-image-id=\"11199\" tabindex=\"0\" href=\"https:\/\/www.formentera.es\/wp-content\/uploads\/2020\/04\/shutterstock_471665738.jpg\" rel=\"jtg-11191\" data-caption=\"\" aria-label=\"Open image in lightbox\" role=\"button\" data-cyclefilter=\"show\" data-fancybox=\"jtg-11191\" class=\"tile-inner modula-item-link\"><\/a>\n\t\t\n\t\t<img loading=\"lazy\" decoding=\"async\" class=\"pic wp-image-11199\"  data-valign=\"middle\" data-halign=\"center\" alt=\"\" data-full=\"https:\/\/www.formentera.es\/wp-content\/uploads\/2020\/04\/shutterstock_471665738.jpg\" title=\"shutterstock_471665738\" width=\"1600\" height=\"1063\" src=\"https:\/\/www.formentera.es\/wp-content\/uploads\/2020\/04\/shutterstock_471665738.jpg\" data-src=\"https:\/\/www.formentera.es\/wp-content\/uploads\/2020\/04\/shutterstock_471665738.jpg\" data-caption=\"\" srcset=\"https:\/\/www.formentera.es\/wp-content\/uploads\/2020\/04\/shutterstock_471665738.jpg 1600w, https:\/\/www.formentera.es\/wp-content\/uploads\/2020\/04\/shutterstock_471665738-300x199.jpg 300w, https:\/\/www.formentera.es\/wp-content\/uploads\/2020\/04\/shutterstock_471665738-768x510.jpg 768w, https:\/\/www.formentera.es\/wp-content\/uploads\/2020\/04\/shutterstock_471665738-1024x680.jpg 1024w\" sizes=\"auto, (max-width: 1600px) 100vw, 1600px\" \/>\n\t<\/div>\n\n<\/div><div class=\"modula-item jtg-filter-all jtg-filter-\" data-width=\"12\" data-height=\"8\" >\n\t<div class=\"modula-item-content\">\n\t\t\n\t\t\t\t\t<a data-image-id=\"11206\" tabindex=\"0\" href=\"https:\/\/www.formentera.es\/wp-content\/uploads\/2020\/04\/shutterstock_556674763.jpg\" rel=\"jtg-11191\" data-caption=\"\" aria-label=\"Open image in lightbox\" role=\"button\" data-cyclefilter=\"show\" data-fancybox=\"jtg-11191\" class=\"tile-inner modula-item-link\"><\/a>\n\t\t\n\t\t<img loading=\"lazy\" decoding=\"async\" class=\"pic wp-image-11206\"  data-valign=\"middle\" data-halign=\"center\" alt=\"\" data-full=\"https:\/\/www.formentera.es\/wp-content\/uploads\/2020\/04\/shutterstock_556674763.jpg\" title=\"shutterstock_556674763\" width=\"1600\" height=\"1067\" src=\"https:\/\/www.formentera.es\/wp-content\/uploads\/2020\/04\/shutterstock_556674763.jpg\" data-src=\"https:\/\/www.formentera.es\/wp-content\/uploads\/2020\/04\/shutterstock_556674763.jpg\" data-caption=\"\" srcset=\"https:\/\/www.formentera.es\/wp-content\/uploads\/2020\/04\/shutterstock_556674763.jpg 1600w, https:\/\/www.formentera.es\/wp-content\/uploads\/2020\/04\/shutterstock_556674763-300x200.jpg 300w, https:\/\/www.formentera.es\/wp-content\/uploads\/2020\/04\/shutterstock_556674763-768x512.jpg 768w, https:\/\/www.formentera.es\/wp-content\/uploads\/2020\/04\/shutterstock_556674763-1024x683.jpg 1024w\" sizes=\"auto, (max-width: 1600px) 100vw, 1600px\" \/>\n\t<\/div>\n\n<\/div><div class=\"modula-item jtg-filter-all jtg-filter-\" data-width=\"6\" data-height=\"5\" >\n\t<div class=\"modula-item-content\">\n\t\t\n\t\t\t\t\t<a data-image-id=\"13835\" tabindex=\"0\" href=\"https:\/\/www.formentera.es\/wp-content\/uploads\/2020\/11\/EL-PILAR-DE-LA-MOLA-ESTUFADOR.-ES-RAM.jpg\" rel=\"jtg-11191\" data-caption=\"\" aria-label=\"Open image in lightbox\" role=\"button\" data-cyclefilter=\"show\" data-fancybox=\"jtg-11191\" class=\"tile-inner modula-item-link\"><\/a>\n\t\t\n\t\t<img loading=\"lazy\" decoding=\"async\" class=\"pic wp-image-13835\"  data-valign=\"middle\" data-halign=\"center\" alt=\"\" data-full=\"https:\/\/www.formentera.es\/wp-content\/uploads\/2020\/11\/EL-PILAR-DE-LA-MOLA-ESTUFADOR.-ES-RAM.jpg\" title=\"EL-PILAR-DE-LA-MOLA-ESTUFADOR.-ES-RAM\" width=\"1600\" height=\"1066\" src=\"https:\/\/www.formentera.es\/wp-content\/uploads\/2020\/11\/EL-PILAR-DE-LA-MOLA-ESTUFADOR.-ES-RAM.jpg\" data-src=\"https:\/\/www.formentera.es\/wp-content\/uploads\/2020\/11\/EL-PILAR-DE-LA-MOLA-ESTUFADOR.-ES-RAM.jpg\" data-caption=\"\" srcset=\"https:\/\/www.formentera.es\/wp-content\/uploads\/2020\/11\/EL-PILAR-DE-LA-MOLA-ESTUFADOR.-ES-RAM.jpg 1600w, https:\/\/www.formentera.es\/wp-content\/uploads\/2020\/11\/EL-PILAR-DE-LA-MOLA-ESTUFADOR.-ES-RAM-300x200.jpg 300w, https:\/\/www.formentera.es\/wp-content\/uploads\/2020\/11\/EL-PILAR-DE-LA-MOLA-ESTUFADOR.-ES-RAM-768x512.jpg 768w, https:\/\/www.formentera.es\/wp-content\/uploads\/2020\/11\/EL-PILAR-DE-LA-MOLA-ESTUFADOR.-ES-RAM-1024x682.jpg 1024w\" sizes=\"auto, (max-width: 1600px) 100vw, 1600px\" \/>\n\t<\/div>\n\n<\/div>\t\t\n\t<\/div>\n\n\t\n\t\n\t<script type=\"application\/ld+json\">\n\t{\n\t\t\"@context\": \"http:\/\/schema.org\",\n\t\t\"@type\"   : \"ImageGallery\",\n\t\t\"id\"      : \"https:\/\/www.formentera.es\/de\/erkunden\/aktivitaeten\/gruene-routen\/el-pilar-de-la-mola-sestufador-es-ram\/\",\n\t\t\"url\"     : \"https:\/\/www.formentera.es\/de\/erkunden\/aktivitaeten\/gruene-routen\/el-pilar-de-la-mola-sestufador-es-ram\/\"\n\t}\n\n\t<\/script>\n\n\t\n<\/div>\n[\/vc_column_text][\/vc_column][\/vc_row][vc_row][vc_column][vc_column_text]<div id=\"mas_rutas\" class=\"container sc\"><h2>Andere Routen in Formentera<\/h2><div class=\"row\"><div class=\"col-md-6 col-lg-4\">\n\t\t\t\t\t\t\t<a href=\"https:\/\/www.formentera.es\/de\/erkunden\/aktivitaeten\/gruene-routen\/sant-ferran-de-ses-roques-es-pujols-punta-prima\/\" class=\"img_ruta\"  style=\"background-image: url(https:\/\/www.formentera.es\/wp-content\/uploads\/2020\/04\/P1170741-1-300x225.jpg)\"><\/a>\n\t\t\t\t\t\t\t\n\t\t\t\t\t\t\t<div class=\"col-sm-12\">\n\t\t\t\t\t\t\t\t<a href=\"https:\/\/www.formentera.es\/de\/erkunden\/aktivitaeten\/gruene-routen\/sant-ferran-de-ses-roques-es-pujols-punta-prima\/\">Sant Ferran De Ses Roques  &#8211;  Es Pujols  &#8211;  Punta Prima<\/a><div><img decoding=\"async\" src=\"https:\/\/www.formentera.es\/wp-content\/themes\/Formentera\/img\/bicib.png\">15 min.<\/div><div><img decoding=\"async\" src=\"https:\/\/www.formentera.es\/wp-content\/themes\/Formentera\/img\/caminarb.png\">40 min.<\/div><\/div>\n\t\t\t\t\t\t<\/div><div class=\"col-md-6 col-lg-4\">\n\t\t\t\t\t\t\t<a href=\"https:\/\/www.formentera.es\/de\/erkunden\/aktivitaeten\/gruene-routen\/ruta-3-la-savina-cala-saona\/\" class=\"img_ruta\"  style=\"background-image: url(https:\/\/www.formentera.es\/wp-content\/uploads\/2018\/11\/CalaSaona-300x200.jpg)\"><\/a>\n\t\t\t\t\t\t\t\n\t\t\t\t\t\t\t<div class=\"col-sm-12\">\n\t\t\t\t\t\t\t\t<a href=\"https:\/\/www.formentera.es\/de\/erkunden\/aktivitaeten\/gruene-routen\/ruta-3-la-savina-cala-saona\/\">La Savina  &#8211;  Cala Saona<\/a><div><img decoding=\"async\" src=\"https:\/\/www.formentera.es\/wp-content\/themes\/Formentera\/img\/bicib.png\">35 min.<\/div><div><img decoding=\"async\" src=\"https:\/\/www.formentera.es\/wp-content\/themes\/Formentera\/img\/caminarb.png\">95 min.<\/div><\/div>\n\t\t\t\t\t\t<\/div><div class=\"col-md-6 col-lg-4\">\n\t\t\t\t\t\t\t<a href=\"https:\/\/www.formentera.es\/de\/erkunden\/aktivitaeten\/gruene-routen\/es-calo-maryland\/\" class=\"img_ruta\"  style=\"background-image: url(https:\/\/www.formentera.es\/wp-content\/uploads\/2020\/04\/shutterstock_1037432575-300x200.jpg)\"><\/a>\n\t\t\t\t\t\t\t\n\t\t\t\t\t\t\t<div class=\"col-sm-12\">\n\t\t\t\t\t\t\t\t<a href=\"https:\/\/www.formentera.es\/de\/erkunden\/aktivitaeten\/gruene-routen\/es-calo-maryland\/\">Es Cal\u00f3 &#8211; Maryland<\/a><div><img decoding=\"async\" src=\"https:\/\/www.formentera.es\/wp-content\/themes\/Formentera\/img\/bicib.png\">10 min.<\/div><div><img decoding=\"async\" src=\"https:\/\/www.formentera.es\/wp-content\/themes\/Formentera\/img\/caminarb.png\">25 min.<\/div><\/div>\n\t\t\t\t\t\t<\/div><\/div><a class=\"text-center\" href=\"\">Alle Routen anzeigen<\/a><\/div>[\/vc_column_text][\/vc_column][\/vc_row]<\/p>\n<\/div>","protected":false},"excerpt":{"rendered":"<p>[vc_row][vc_column width=&#8220;8\/12&#8243;][vc_column_text]Das Besondere an diesem kaum mehr als 4 Kilometer langen Wanderweg ist die waldreiche [&hellip;]<\/p>\n","protected":false},"author":1,"featured_media":13840,"parent":7170,"menu_order":0,"comment_status":"closed","ping_status":"closed","template":"page-ruta.php","meta":{"_acf_changed":false,"footnotes":""},"categories":[],"class_list":["post-12068","page","type-page","status-publish","hentry"],"acf":[],"yoast_head":"<!-- This site is optimized with the Yoast SEO plugin v25.5 - https:\/\/yoast.com\/wordpress\/plugins\/seo\/ -->\n<title>El Pilar De La Mola - S&#039;Estufador - Es Ram | Turismo de Formentera<\/title>\n<meta name=\"robots\" content=\"index, follow, max-snippet:-1, max-image-preview:large, max-video-preview:-1\" \/>\n<link rel=\"canonical\" href=\"https:\/\/www.formentera.es\/de\/erkunden\/aktivitaeten\/gruene-routen\/el-pilar-de-la-mola-sestufador-es-ram\/\" \/>\n<meta property=\"og:locale\" content=\"de_DE\" \/>\n<meta property=\"og:type\" content=\"article\" \/>\n<meta property=\"og:title\" content=\"El Pilar De La Mola - S&#039;Estufador - Es Ram | Turismo de Formentera\" \/>\n<meta property=\"og:description\" content=\"[vc_row][vc_column width=&#8220;8\/12&#8243;][vc_column_text]Das Besondere an diesem kaum mehr als 4 Kilometer langen Wanderweg ist die waldreiche [&hellip;]\" \/>\n<meta property=\"og:url\" content=\"https:\/\/www.formentera.es\/de\/erkunden\/aktivitaeten\/gruene-routen\/el-pilar-de-la-mola-sestufador-es-ram\/\" \/>\n<meta property=\"og:site_name\" content=\"Turismo de Formentera\" \/>\n<meta property=\"article:publisher\" content=\"https:\/\/www.facebook.com\/turismoformentera\/\" \/>\n<meta property=\"article:modified_time\" content=\"2020-04-25T08:01:09+00:00\" \/>\n<meta property=\"og:image\" content=\"https:\/\/www.formentera.es\/wp-content\/uploads\/2020\/11\/EL-PILAR-DE-LA-MOLA-ESTUFADOR.-ES-RAM.jpg\" \/>\n\t<meta property=\"og:image:width\" content=\"1600\" \/>\n\t<meta property=\"og:image:height\" content=\"1066\" \/>\n\t<meta property=\"og:image:type\" content=\"image\/jpeg\" \/>\n<meta name=\"twitter:card\" content=\"summary_large_image\" \/>\n<meta name=\"twitter:site\" content=\"@visitformentera\" \/>\n<meta name=\"twitter:label1\" content=\"Gesch\u00e4tzte Lesezeit\" \/>\n\t<meta name=\"twitter:data1\" content=\"2\u00a0Minuten\" \/>\n<script type=\"application\/ld+json\" class=\"yoast-schema-graph\">{\"@context\":\"https:\/\/schema.org\",\"@graph\":[{\"@type\":\"WebPage\",\"@id\":\"https:\/\/www.formentera.es\/de\/erkunden\/aktivitaeten\/gruene-routen\/el-pilar-de-la-mola-sestufador-es-ram\/\",\"url\":\"https:\/\/www.formentera.es\/de\/erkunden\/aktivitaeten\/gruene-routen\/el-pilar-de-la-mola-sestufador-es-ram\/\",\"name\":\"El Pilar De La Mola - S'Estufador - Es Ram | Turismo de Formentera\",\"isPartOf\":{\"@id\":\"https:\/\/www.formentera.es\/#website\"},\"primaryImageOfPage\":{\"@id\":\"https:\/\/www.formentera.es\/de\/erkunden\/aktivitaeten\/gruene-routen\/el-pilar-de-la-mola-sestufador-es-ram\/#primaryimage\"},\"image\":{\"@id\":\"https:\/\/www.formentera.es\/de\/erkunden\/aktivitaeten\/gruene-routen\/el-pilar-de-la-mola-sestufador-es-ram\/#primaryimage\"},\"thumbnailUrl\":\"https:\/\/www.formentera.es\/wp-content\/uploads\/2020\/11\/EL-PILAR-DE-LA-MOLA-ESTUFADOR.-ES-RAM.jpg\",\"datePublished\":\"2020-04-16T08:44:58+00:00\",\"dateModified\":\"2020-04-25T08:01:09+00:00\",\"breadcrumb\":{\"@id\":\"https:\/\/www.formentera.es\/de\/erkunden\/aktivitaeten\/gruene-routen\/el-pilar-de-la-mola-sestufador-es-ram\/#breadcrumb\"},\"inLanguage\":\"de\",\"potentialAction\":[{\"@type\":\"ReadAction\",\"target\":[\"https:\/\/www.formentera.es\/de\/erkunden\/aktivitaeten\/gruene-routen\/el-pilar-de-la-mola-sestufador-es-ram\/\"]}]},{\"@type\":\"ImageObject\",\"inLanguage\":\"de\",\"@id\":\"https:\/\/www.formentera.es\/de\/erkunden\/aktivitaeten\/gruene-routen\/el-pilar-de-la-mola-sestufador-es-ram\/#primaryimage\",\"url\":\"https:\/\/www.formentera.es\/wp-content\/uploads\/2020\/11\/EL-PILAR-DE-LA-MOLA-ESTUFADOR.-ES-RAM.jpg\",\"contentUrl\":\"https:\/\/www.formentera.es\/wp-content\/uploads\/2020\/11\/EL-PILAR-DE-LA-MOLA-ESTUFADOR.-ES-RAM.jpg\",\"width\":1600,\"height\":1066},{\"@type\":\"BreadcrumbList\",\"@id\":\"https:\/\/www.formentera.es\/de\/erkunden\/aktivitaeten\/gruene-routen\/el-pilar-de-la-mola-sestufador-es-ram\/#breadcrumb\",\"itemListElement\":[{\"@type\":\"ListItem\",\"position\":1,\"name\":\"Portada\",\"item\":\"https:\/\/www.formentera.es\/de\/\"},{\"@type\":\"ListItem\",\"position\":2,\"name\":\"Erkunden\",\"item\":\"https:\/\/www.formentera.es\/erkunden\/\"},{\"@type\":\"ListItem\",\"position\":3,\"name\":\"Aktivit\u00e4ten\",\"item\":\"https:\/\/www.formentera.es\/de\/erkunden\/aktivitaeten\/\"},{\"@type\":\"ListItem\",\"position\":4,\"name\":\"Gr\u00fcne Routen\",\"item\":\"https:\/\/www.formentera.es\/de\/erkunden\/aktivitaeten\/gruene-routen\/\"},{\"@type\":\"ListItem\",\"position\":5,\"name\":\"El Pilar De La Mola &#8211; S&#8217;Estufador &#8211; Es Ram\"}]},{\"@type\":\"WebSite\",\"@id\":\"https:\/\/www.formentera.es\/#website\",\"url\":\"https:\/\/www.formentera.es\/\",\"name\":\"Turismo de Formentera\",\"description\":\"Web oficial de Turismo de Formentera\",\"potentialAction\":[{\"@type\":\"SearchAction\",\"target\":{\"@type\":\"EntryPoint\",\"urlTemplate\":\"https:\/\/www.formentera.es\/?s={search_term_string}\"},\"query-input\":{\"@type\":\"PropertyValueSpecification\",\"valueRequired\":true,\"valueName\":\"search_term_string\"}}],\"inLanguage\":\"de\"}]}<\/script>\n<!-- \/ Yoast SEO plugin. -->","yoast_head_json":{"title":"El Pilar De La Mola - S'Estufador - Es Ram | Turismo de Formentera","robots":{"index":"index","follow":"follow","max-snippet":"max-snippet:-1","max-image-preview":"max-image-preview:large","max-video-preview":"max-video-preview:-1"},"canonical":"https:\/\/www.formentera.es\/de\/erkunden\/aktivitaeten\/gruene-routen\/el-pilar-de-la-mola-sestufador-es-ram\/","og_locale":"de_DE","og_type":"article","og_title":"El Pilar De La Mola - S'Estufador - Es Ram | Turismo de Formentera","og_description":"[vc_row][vc_column width=&#8220;8\/12&#8243;][vc_column_text]Das Besondere an diesem kaum mehr als 4 Kilometer langen Wanderweg ist die waldreiche [&hellip;]","og_url":"https:\/\/www.formentera.es\/de\/erkunden\/aktivitaeten\/gruene-routen\/el-pilar-de-la-mola-sestufador-es-ram\/","og_site_name":"Turismo de Formentera","article_publisher":"https:\/\/www.facebook.com\/turismoformentera\/","article_modified_time":"2020-04-25T08:01:09+00:00","og_image":[{"width":1600,"height":1066,"url":"https:\/\/www.formentera.es\/wp-content\/uploads\/2020\/11\/EL-PILAR-DE-LA-MOLA-ESTUFADOR.-ES-RAM.jpg","type":"image\/jpeg"}],"twitter_card":"summary_large_image","twitter_site":"@visitformentera","twitter_misc":{"Gesch\u00e4tzte Lesezeit":"2\u00a0Minuten"},"schema":{"@context":"https:\/\/schema.org","@graph":[{"@type":"WebPage","@id":"https:\/\/www.formentera.es\/de\/erkunden\/aktivitaeten\/gruene-routen\/el-pilar-de-la-mola-sestufador-es-ram\/","url":"https:\/\/www.formentera.es\/de\/erkunden\/aktivitaeten\/gruene-routen\/el-pilar-de-la-mola-sestufador-es-ram\/","name":"El Pilar De La Mola - S'Estufador - Es Ram | Turismo de Formentera","isPartOf":{"@id":"https:\/\/www.formentera.es\/#website"},"primaryImageOfPage":{"@id":"https:\/\/www.formentera.es\/de\/erkunden\/aktivitaeten\/gruene-routen\/el-pilar-de-la-mola-sestufador-es-ram\/#primaryimage"},"image":{"@id":"https:\/\/www.formentera.es\/de\/erkunden\/aktivitaeten\/gruene-routen\/el-pilar-de-la-mola-sestufador-es-ram\/#primaryimage"},"thumbnailUrl":"https:\/\/www.formentera.es\/wp-content\/uploads\/2020\/11\/EL-PILAR-DE-LA-MOLA-ESTUFADOR.-ES-RAM.jpg","datePublished":"2020-04-16T08:44:58+00:00","dateModified":"2020-04-25T08:01:09+00:00","breadcrumb":{"@id":"https:\/\/www.formentera.es\/de\/erkunden\/aktivitaeten\/gruene-routen\/el-pilar-de-la-mola-sestufador-es-ram\/#breadcrumb"},"inLanguage":"de","potentialAction":[{"@type":"ReadAction","target":["https:\/\/www.formentera.es\/de\/erkunden\/aktivitaeten\/gruene-routen\/el-pilar-de-la-mola-sestufador-es-ram\/"]}]},{"@type":"ImageObject","inLanguage":"de","@id":"https:\/\/www.formentera.es\/de\/erkunden\/aktivitaeten\/gruene-routen\/el-pilar-de-la-mola-sestufador-es-ram\/#primaryimage","url":"https:\/\/www.formentera.es\/wp-content\/uploads\/2020\/11\/EL-PILAR-DE-LA-MOLA-ESTUFADOR.-ES-RAM.jpg","contentUrl":"https:\/\/www.formentera.es\/wp-content\/uploads\/2020\/11\/EL-PILAR-DE-LA-MOLA-ESTUFADOR.-ES-RAM.jpg","width":1600,"height":1066},{"@type":"BreadcrumbList","@id":"https:\/\/www.formentera.es\/de\/erkunden\/aktivitaeten\/gruene-routen\/el-pilar-de-la-mola-sestufador-es-ram\/#breadcrumb","itemListElement":[{"@type":"ListItem","position":1,"name":"Portada","item":"https:\/\/www.formentera.es\/de\/"},{"@type":"ListItem","position":2,"name":"Erkunden","item":"https:\/\/www.formentera.es\/erkunden\/"},{"@type":"ListItem","position":3,"name":"Aktivit\u00e4ten","item":"https:\/\/www.formentera.es\/de\/erkunden\/aktivitaeten\/"},{"@type":"ListItem","position":4,"name":"Gr\u00fcne Routen","item":"https:\/\/www.formentera.es\/de\/erkunden\/aktivitaeten\/gruene-routen\/"},{"@type":"ListItem","position":5,"name":"El Pilar De La Mola &#8211; S&#8217;Estufador &#8211; Es Ram"}]},{"@type":"WebSite","@id":"https:\/\/www.formentera.es\/#website","url":"https:\/\/www.formentera.es\/","name":"Turismo de Formentera","description":"Web oficial de Turismo de Formentera","potentialAction":[{"@type":"SearchAction","target":{"@type":"EntryPoint","urlTemplate":"https:\/\/www.formentera.es\/?s={search_term_string}"},"query-input":{"@type":"PropertyValueSpecification","valueRequired":true,"valueName":"search_term_string"}}],"inLanguage":"de"}]}},"_links":{"self":[{"href":"https:\/\/www.formentera.es\/de\/wp-json\/wp\/v2\/pages\/12068","targetHints":{"allow":["GET"]}}],"collection":[{"href":"https:\/\/www.formentera.es\/de\/wp-json\/wp\/v2\/pages"}],"about":[{"href":"https:\/\/www.formentera.es\/de\/wp-json\/wp\/v2\/types\/page"}],"author":[{"embeddable":true,"href":"https:\/\/www.formentera.es\/de\/wp-json\/wp\/v2\/users\/1"}],"replies":[{"embeddable":true,"href":"https:\/\/www.formentera.es\/de\/wp-json\/wp\/v2\/comments?post=12068"}],"version-history":[{"count":0,"href":"https:\/\/www.formentera.es\/de\/wp-json\/wp\/v2\/pages\/12068\/revisions"}],"up":[{"embeddable":true,"href":"https:\/\/www.formentera.es\/de\/wp-json\/wp\/v2\/pages\/7170"}],"wp:featuredmedia":[{"embeddable":true,"href":"https:\/\/www.formentera.es\/de\/wp-json\/wp\/v2\/media\/13840"}],"wp:attachment":[{"href":"https:\/\/www.formentera.es\/de\/wp-json\/wp\/v2\/media?parent=12068"}],"wp:term":[{"taxonomy":"category","embeddable":true,"href":"https:\/\/www.formentera.es\/de\/wp-json\/wp\/v2\/categories?post=12068"}],"curies":[{"name":"wp","href":"https:\/\/api.w.org\/{rel}","templated":true}]}}