{"id":12002,"date":"2020-04-15T16:37:08","date_gmt":"2020-04-15T14:37:08","guid":{"rendered":"https:\/\/www.formentera.es\/erkunden\/aktivitaeten\/gruene-routen\/sant-ferran-es-pujols-estany-pudent\/"},"modified":"2020-04-25T11:06:23","modified_gmt":"2020-04-25T09:06:23","slug":"sant-ferran-es-pujols-estany-pudent","status":"publish","type":"page","link":"https:\/\/www.formentera.es\/de\/erkunden\/aktivitaeten\/gruene-routen\/sant-ferran-es-pujols-estany-pudent\/","title":{"rendered":"Sant Ferran  &#8211;  Es Pujols &#8211;  Estany Pudent"},"content":{"rendered":"<div class=\"wpb-content-wrapper\"><p>[vc_row][vc_column width=&#8220;8\/12&#8243;][vc_column_text]Diese Strecke verbindet die <a href=\"https:\/\/www.formentera.es\/de\/erkunden\/ortschaften\/sant-ferran\/\">D\u00f6rfer Sant Ferran<\/a> und <a href=\"https:\/\/www.formentera.es\/de\/erkunden\/ortschaften\/es-pujols\/\">Es Pujols<\/a> miteinander und bietet, abgesehen von einem Ausgangs &#8211; und einem Bestimmungsort, die M\u00f6glichkeit, die gro\u00dfe Salzwasserlagune zu besuchen, die bekannt ist unter dem Namen <a href=\"https:\/\/www.formentera.es\/de\/erkunden\/sehenswerte-orte\/estany-pudent-und-ses-salines\/\">Estany Pudent<\/a>. Diese Wanderung verl\u00e4uft \u00fcber den kurvenreichen und schmalen historischen Weg Ses Vinyes, der beidseitig von Trockensteinmauern ges\u00e4umt ist.<\/p>\n<p>Das Dorf Sant Ferran de Ses Roques war in den 70er Jahren ein Treffpunkt f\u00fcr Hippies und Bohemiens mit seiner legend\u00e4ren Fonda Pepe, die heute noch ge\u00f6ffnet ist. Dieses freie, kreative und fr\u00f6hliche Ambiente ist noch auf den M\u00e4rkten der K\u00fcnstler und Kunsthandwerker zu sp\u00fcren, die in den Sommermonaten jeden Donnerstag, Freitag und Samstag am Abend stattfinden, sowie auf den Konzerten mit Livemusik jeden Freitag auf der Plaza.<\/p>\n<p>Es Pujols wiederum ist der Ort der Insel mit den meisten Touristen, hat aber etwas von seinem Charme als Fischerdorf behalten, etwa durch die Bootsh\u00fctten am h\u00fcbschen Strand, wo es sich empfiehlt, ein erholsames Bad zu nehmen.<\/p>\n<p>Zum Abschluss dieser Wanderung k\u00f6nnen wir uns zur Salzwasserlagune Estany Pudent begeben, einem Ort von gro\u00dfer landschaftlicher und ornitologischer Bedeutung, der gut zu Fu\u00df oder mit dem Fahrrad erkundet werden kann. Von diesem Punkt aus k\u00f6nnen wir \u00fcber die Route 2 nach Sant Francesc oder La Savina gelangen.[\/vc_column_text][\/vc_column][vc_column width=&#8220;4\/12&#8243;][vc_column_text]<div id=\"back_blue\"><h3>Laden Sie die Route herunter<\/h3><div><img decoding=\"async\" src=\"https:\/\/www.formentera.es\/wp-content\/themes\/Formentera\/img\/mapas-de-google-w.svg\"><a href=\"https:\/\/www.google.com\/maps\/d\/u\/0\/embed?mid=1xosiAP1NkxNKvMM52E4WzxIOYEoW853t\" target=\"_blank\">Sehen Sie sich die Route in Google Maps<\/a><\/div><div><img decoding=\"async\" src=\"https:\/\/www.formentera.es\/wp-content\/themes\/Formentera\/img\/maps-and-location-w.svg\" class=\"pl_5\"><a href=\"https:\/\/www.formentera.es\/wp-content\/uploads\/2020\/04\/17.-Sant-Ferran-Es-Pujols-Estany-Pudent.gpx.zip\" target=\"_blank\">Laden Sie die Route f\u00fcr GPS<\/a><\/div><div><img decoding=\"async\" src=\"https:\/\/www.formentera.es\/wp-content\/themes\/Formentera\/img\/pin-w.svg\"><a href=\"https:\/\/es.wikiloc.com\/rutas-senderismo\/ruta-17-a-sant-ferran-es-pujols-48412607\" target=\"_blank\">Siehe die Route auf Wikiloc<\/a><\/div><div><img decoding=\"async\" src=\"https:\/\/www.formentera.es\/wp-content\/themes\/Formentera\/img\/descarga-w.svg\"><a href=\"Array\" target=\"_blank\">Download-Datei<\/a><\/div><\/div><div id=\"como_llegar\"><a href=\"https:\/\/www.google.com\/maps?saddr=My+Location&daddr=38.70879,1.4561\" target=\"_blank\">Wie komme ich zum Ausgangspunkt?<\/a><img decoding=\"async\" src=\"https:\/\/www.formentera.es\/wp-content\/themes\/Formentera\/img\/start.svg\"><\/div>[\/vc_column_text][\/vc_column][\/vc_row][vc_row][vc_column][vc_gmaps link=&#8220;#E-8_JTNDaWZyYW1lJTIwc3JjJTNEJTIyaHR0cHMlM0ElMkYlMkZ3d3cuZ29vZ2xlLmNvbSUyRm1hcHMlMkZkJTJGdSUyRjAlMkZlbWJlZCUzRm1pZCUzRDF4b3NpQVAxTmt4Tkt2TU01MkU0V3p4SU9ZRW9XODUzdCUyMiUyMCUyMHdpZHRoJTNEJTIyNjAwJTIyJTIwaGVpZ2h0JTNEJTIyNDUwJTIyJTIwZnJhbWVib3JkZXIlM0QlMjIwJTIyJTIwc3R5bGUlM0QlMjJib3JkZXIlM0EwJTIyJTIwYWxsb3dmdWxsc2NyZWVuJTNFJTNDJTJGaWZyYW1lJTNFJTBB&#8220; size=&#8220;&#8220;][\/vc_column][\/vc_row][vc_row full_width=&#8220;stretch_row_content_no_spaces&#8220;][vc_column][vc_column_text]<style>#jtg-11014 .modula-item .jtg-social a, .lightbox-socials.jtg-social a{ fill: #ffffff; color: #ffffff }#jtg-11014 .modula-item .jtg-social-mobile a{ fill: #ffffff; color: #ffffff }#jtg-11014 .modula-item .jtg-social svg, .lightbox-socials.jtg-social svg { height: 16px; width: 16px }#jtg-11014 .modula-item .jtg-social-mobile svg { height: 16px; width: 16px }#jtg-11014 .modula-item .jtg-social a:not(:last-child), .lightbox-socials.jtg-social a:not(:last-child) { margin-right: 10px }#jtg-11014 .modula-item .jtg-social-mobile .jtg-social-mobile-icons a:not(:last-child){ margin-right: 10px }#jtg-11014 .modula-item .figc {color:#ffffff;}#jtg-11014 .modula-item .modula-item-content { transform: scale(1) }#jtg-11014 .modula-items .figc p.description { font-size:14px; }#jtg-11014 .modula-items .figc p.description { color:#ffffff;}#jtg-11014.modula-gallery .modula-item > a, #jtg-11014.modula-gallery .modula-item, #jtg-11014.modula-gallery .modula-item-content > a:not(.modula-no-follow) { cursor:zoom-in; } #jtg-11014.modula-gallery .modula-item-content .modula-no-follow { cursor: default; } #jtg-11014 .modula-item { background-color:#ffffff; }#jtg-11014 .modula-item:hover img { opacity: 0.5; }#jtg-11014 .modula-item { transform: scale(1) translate(0px,0px) rotate(0deg); }@media screen and (max-width:480px){#jtg-11014 .modula-item .figc .jtg-title {  font-size: 12px; }#jtg-11014 .modula-items .figc p.description { color:#ffffff;font-size:10px; }}#jtg-11014 .modula-items .modula-item:hover img{opacity:1;}<\/style>\n<div  id=\"jtg-11014\" class=\"modula modula-gallery modula-custom-grid\" data-config=\"{&quot;height&quot;:800,&quot;tabletHeight&quot;:800,&quot;mobileHeight&quot;:800,&quot;desktopHeight&quot;:800,&quot;enableTwitter&quot;:true,&quot;enableWhatsapp&quot;:false,&quot;enableFacebook&quot;:true,&quot;enablePinterest&quot;:true,&quot;enableLinkedin&quot;:true,&quot;enableEmail&quot;:false,&quot;randomFactor&quot;:0.5,&quot;type&quot;:&quot;custom-grid&quot;,&quot;columns&quot;:12,&quot;gutter&quot;:10,&quot;mobileGutter&quot;:10,&quot;tabletGutter&quot;:10,&quot;desktopGutter&quot;:10,&quot;enableResponsive&quot;:&quot;0&quot;,&quot;tabletColumns&quot;:2,&quot;mobileColumns&quot;:1,&quot;lazyLoad&quot;:&quot;0&quot;,&quot;lightboxOpts&quot;:{&quot;animated&quot;:true,&quot;Thumbs&quot;:{&quot;type&quot;:&quot;modern&quot;,&quot;showOnStart&quot;:false},&quot;Toolbar&quot;:{&quot;display&quot;:{&quot;right&quot;:[&quot;close&quot;]},&quot;enabled&quot;:true},&quot;Carousel&quot;:{&quot;Panzoom&quot;:{&quot;touch&quot;:false},&quot;infinite&quot;:false},&quot;keyboard&quot;:{&quot;Escape&quot;:&quot;close&quot;,&quot;Delete&quot;:&quot;close&quot;,&quot;Backspace&quot;:&quot;close&quot;,&quot;PageUp&quot;:false,&quot;PageDown&quot;:false,&quot;ArrowUp&quot;:false,&quot;ArrowDown&quot;:false,&quot;ArrowRight&quot;:false,&quot;ArrowLeft&quot;:false},&quot;touch&quot;:false,&quot;backdropClick&quot;:false,&quot;l10n&quot;:{&quot;CLOSE&quot;:&quot;Close&quot;,&quot;NEXT&quot;:&quot;Next&quot;,&quot;PREV&quot;:&quot;Previous&quot;,&quot;Error&quot;:&quot;The requested content cannot be loaded. Please try again later.&quot;,&quot;PLAY_START&quot;:&quot;Start slideshow&quot;,&quot;PLAY_STOP&quot;:&quot;Pause slideshow&quot;,&quot;FULL_SCREEN&quot;:&quot;Full screen&quot;,&quot;THUMBS&quot;:&quot;Thumbnails&quot;,&quot;DOWNLOAD&quot;:&quot;Download&quot;,&quot;SHARE&quot;:&quot;Share&quot;,&quot;ZOOM&quot;:&quot;Zoom&quot;,&quot;EMAIL&quot;:&quot;Here is the link to the image : %%image_link%% and this is the link to the gallery : %%gallery_link%%&quot;,&quot;MODAL&quot;:&quot;You can close this modal content with the ESC key&quot;,&quot;ERROR&quot;:&quot;Something Went Wrong, Please Try Again Later&quot;,&quot;IMAGE_ERROR&quot;:&quot;Image Not Found&quot;,&quot;ELEMENT_NOT_FOUND&quot;:&quot;HTML Element Not Found&quot;,&quot;AJAX_NOT_FOUND&quot;:&quot;Error Loading AJAX : Not Found&quot;,&quot;AJAX_FORBIDDEN&quot;:&quot;Error Loading AJAX : Forbidden&quot;,&quot;IFRAME_ERROR&quot;:&quot;Error Loading Page&quot;,&quot;TOGGLE_ZOOM&quot;:&quot;Toggle zoom level&quot;,&quot;TOGGLE_THUMBS&quot;:&quot;Toggle thumbnails&quot;,&quot;TOGGLE_SLIDESHOW&quot;:&quot;Toggle slideshow&quot;,&quot;TOGGLE_FULLSCREEN&quot;:&quot;Toggle full-screen mode&quot;},&quot;Images&quot;:{&quot;Panzoom&quot;:{&quot;maxScale&quot;:2}},&quot;mainClass&quot;:&quot;modula-fancybox-container modula-lightbox-jtg-11014&quot;,&quot;Html&quot;:{&quot;videoAutoplay&quot;:0,&quot;videoTpl&quot;:&quot;&lt;video class=\\&quot;fancybox__html5video\\&quot; controls muted playsinline controlsList controlsList=\\&quot;nodownload\\&quot; poster=\\&quot;{{poster}}\\&quot; src=\\&quot;{{src}}\\&quot; type=\\&quot;{{format}}\\&quot; &gt;  Sorry, your browser doesn&#039;t support embedded videos, &lt;a href=\\&quot;{{src}}\\&quot;&gt; download &lt;\\\/a&gt; and watch with your favorite video player! &lt;\\\/video&gt;&quot;}},&quot;inView&quot;:false,&quot;email_subject&quot;:&quot;\\u00a1\\u00a1Mira esta impresionante imagen!!&quot;,&quot;email_message&quot;:&quot;Este es el enlace a la imagen: %%image_link%% y este es el enlace a la galer\\u00eda: %%gallery_link%%&quot;,&quot;lightbox&quot;:&quot;fancybox&quot;,&quot;filterClick&quot;:&quot;0&quot;,&quot;defaultActiveFilter&quot;:&quot;all&quot;}\">\n\n\t\n\t<div  class=\"modula-items\">\n\t\t<div class=\"modula-item jtg-filter-all jtg-filter-\" data-width=\"6\" data-height=\"6\" >\n\t<div class=\"modula-item-content\">\n\t\t\n\t\t\t\t\t<a data-image-id=\"11015\" tabindex=\"0\" href=\"https:\/\/www.formentera.es\/wp-content\/uploads\/2020\/04\/shutterstock_87231541.jpg\" rel=\"jtg-11014\" data-caption=\"\" aria-label=\"Open image in lightbox\" role=\"button\" data-cyclefilter=\"show\" data-fancybox=\"jtg-11014\" class=\"tile-inner modula-item-link\"><\/a>\n\t\t\n\t\t<img loading=\"lazy\" decoding=\"async\" class=\"pic wp-image-11015\"  data-valign=\"middle\" data-halign=\"center\" alt=\"\" data-full=\"https:\/\/www.formentera.es\/wp-content\/uploads\/2020\/04\/shutterstock_87231541.jpg\" title=\"shutterstock_87231541\" width=\"1600\" height=\"1067\" src=\"https:\/\/www.formentera.es\/wp-content\/uploads\/2020\/04\/shutterstock_87231541.jpg\" data-src=\"https:\/\/www.formentera.es\/wp-content\/uploads\/2020\/04\/shutterstock_87231541.jpg\" data-caption=\"\" srcset=\"https:\/\/www.formentera.es\/wp-content\/uploads\/2020\/04\/shutterstock_87231541.jpg 1600w, https:\/\/www.formentera.es\/wp-content\/uploads\/2020\/04\/shutterstock_87231541-300x200.jpg 300w, https:\/\/www.formentera.es\/wp-content\/uploads\/2020\/04\/shutterstock_87231541-768x512.jpg 768w, https:\/\/www.formentera.es\/wp-content\/uploads\/2020\/04\/shutterstock_87231541-1024x683.jpg 1024w\" sizes=\"auto, (max-width: 1600px) 100vw, 1600px\" \/>\n\t<\/div>\n\n<\/div><div class=\"modula-item jtg-filter-all jtg-filter-\" data-width=\"6\" data-height=\"6\" >\n\t<div class=\"modula-item-content\">\n\t\t\n\t\t\t\t\t<a data-image-id=\"11022\" tabindex=\"0\" href=\"https:\/\/www.formentera.es\/wp-content\/uploads\/2020\/04\/shutterstock_90032677-1.jpg\" rel=\"jtg-11014\" data-caption=\"\" aria-label=\"Open image in lightbox\" role=\"button\" data-cyclefilter=\"show\" data-fancybox=\"jtg-11014\" class=\"tile-inner modula-item-link\"><\/a>\n\t\t\n\t\t<img loading=\"lazy\" decoding=\"async\" class=\"pic wp-image-11022\"  data-valign=\"middle\" data-halign=\"center\" alt=\"\" data-full=\"https:\/\/www.formentera.es\/wp-content\/uploads\/2020\/04\/shutterstock_90032677-1.jpg\" title=\"shutterstock_90032677 (1)\" width=\"1600\" height=\"1067\" src=\"https:\/\/www.formentera.es\/wp-content\/uploads\/2020\/04\/shutterstock_90032677-1.jpg\" data-src=\"https:\/\/www.formentera.es\/wp-content\/uploads\/2020\/04\/shutterstock_90032677-1.jpg\" data-caption=\"\" srcset=\"https:\/\/www.formentera.es\/wp-content\/uploads\/2020\/04\/shutterstock_90032677-1.jpg 1600w, https:\/\/www.formentera.es\/wp-content\/uploads\/2020\/04\/shutterstock_90032677-1-300x200.jpg 300w, https:\/\/www.formentera.es\/wp-content\/uploads\/2020\/04\/shutterstock_90032677-1-768x512.jpg 768w, https:\/\/www.formentera.es\/wp-content\/uploads\/2020\/04\/shutterstock_90032677-1-1024x683.jpg 1024w\" sizes=\"auto, (max-width: 1600px) 100vw, 1600px\" \/>\n\t<\/div>\n\n<\/div><div class=\"modula-item jtg-filter-all jtg-filter-\" data-width=\"8\" data-height=\"5\" >\n\t<div class=\"modula-item-content\">\n\t\t\n\t\t\t\t\t<a data-image-id=\"11029\" tabindex=\"0\" href=\"https:\/\/www.formentera.es\/wp-content\/uploads\/2020\/04\/shutterstock_1241127682.jpg\" rel=\"jtg-11014\" data-caption=\"\" aria-label=\"Open image in lightbox\" role=\"button\" data-cyclefilter=\"show\" data-fancybox=\"jtg-11014\" class=\"tile-inner modula-item-link\"><\/a>\n\t\t\n\t\t<img loading=\"lazy\" decoding=\"async\" class=\"pic wp-image-11029\"  data-valign=\"middle\" data-halign=\"center\" alt=\"\" data-full=\"https:\/\/www.formentera.es\/wp-content\/uploads\/2020\/04\/shutterstock_1241127682.jpg\" title=\"shutterstock_1241127682\" width=\"1600\" height=\"1200\" src=\"https:\/\/www.formentera.es\/wp-content\/uploads\/2020\/04\/shutterstock_1241127682.jpg\" data-src=\"https:\/\/www.formentera.es\/wp-content\/uploads\/2020\/04\/shutterstock_1241127682.jpg\" data-caption=\"\" srcset=\"https:\/\/www.formentera.es\/wp-content\/uploads\/2020\/04\/shutterstock_1241127682.jpg 1600w, https:\/\/www.formentera.es\/wp-content\/uploads\/2020\/04\/shutterstock_1241127682-300x225.jpg 300w, https:\/\/www.formentera.es\/wp-content\/uploads\/2020\/04\/shutterstock_1241127682-768x576.jpg 768w, https:\/\/www.formentera.es\/wp-content\/uploads\/2020\/04\/shutterstock_1241127682-1024x768.jpg 1024w\" sizes=\"auto, (max-width: 1600px) 100vw, 1600px\" \/>\n\t<\/div>\n\n<\/div><div class=\"modula-item jtg-filter-all jtg-filter-\" data-width=\"4\" data-height=\"5\" >\n\t<div class=\"modula-item-content\">\n\t\t\n\t\t\t\t\t<a data-image-id=\"1123\" tabindex=\"0\" href=\"https:\/\/www.formentera.es\/wp-content\/uploads\/2018\/11\/ESTANY-PUDENT-TERRA.jpg\" rel=\"jtg-11014\" data-caption=\"\" aria-label=\"Open image in lightbox\" role=\"button\" data-cyclefilter=\"show\" data-fancybox=\"jtg-11014\" class=\"tile-inner modula-item-link\"><\/a>\n\t\t\n\t\t<img loading=\"lazy\" decoding=\"async\" class=\"pic wp-image-1123\"  data-valign=\"middle\" data-halign=\"center\" alt=\"\" data-full=\"https:\/\/www.formentera.es\/wp-content\/uploads\/2018\/11\/ESTANY-PUDENT-TERRA.jpg\" title=\"ESTANY PUDENT TERRA\" width=\"1900\" height=\"1267\" src=\"https:\/\/www.formentera.es\/wp-content\/uploads\/2018\/11\/ESTANY-PUDENT-TERRA.jpg\" data-src=\"https:\/\/www.formentera.es\/wp-content\/uploads\/2018\/11\/ESTANY-PUDENT-TERRA.jpg\" data-caption=\"\" srcset=\"https:\/\/www.formentera.es\/wp-content\/uploads\/2018\/11\/ESTANY-PUDENT-TERRA.jpg 1900w, https:\/\/www.formentera.es\/wp-content\/uploads\/2018\/11\/ESTANY-PUDENT-TERRA-300x200.jpg 300w, https:\/\/www.formentera.es\/wp-content\/uploads\/2018\/11\/ESTANY-PUDENT-TERRA-768x512.jpg 768w, https:\/\/www.formentera.es\/wp-content\/uploads\/2018\/11\/ESTANY-PUDENT-TERRA-1024x683.jpg 1024w\" sizes=\"auto, (max-width: 1900px) 100vw, 1900px\" \/>\n\t<\/div>\n\n<\/div>\t\t\n\t<\/div>\n\n\t\n\t\n\t<script type=\"application\/ld+json\">\n\t{\n\t\t\"@context\": \"http:\/\/schema.org\",\n\t\t\"@type\"   : \"ImageGallery\",\n\t\t\"id\"      : \"https:\/\/www.formentera.es\/de\/erkunden\/aktivitaeten\/gruene-routen\/sant-ferran-es-pujols-estany-pudent\/\",\n\t\t\"url\"     : \"https:\/\/www.formentera.es\/de\/erkunden\/aktivitaeten\/gruene-routen\/sant-ferran-es-pujols-estany-pudent\/\"\n\t}\n\n\t<\/script>\n\n\t\n<\/div>\n[\/vc_column_text][\/vc_column][\/vc_row][vc_row][vc_column][vc_column_text]<div id=\"mas_rutas\" class=\"container sc\"><h2>Andere Routen in Formentera<\/h2><div class=\"row\"><div class=\"col-md-6 col-lg-4\">\n\t\t\t\t\t\t\t<a href=\"https:\/\/www.formentera.es\/de\/erkunden\/aktivitaeten\/gruene-routen\/es-pujols-es-ca-mari\/\" class=\"img_ruta\"  style=\"background-image: url(https:\/\/www.formentera.es\/wp-content\/uploads\/2020\/04\/IMG_7569_migjorn-300x200.jpg)\"><\/a>\n\t\t\t\t\t\t\t\n\t\t\t\t\t\t\t<div class=\"col-sm-12\">\n\t\t\t\t\t\t\t\t<a href=\"https:\/\/www.formentera.es\/de\/erkunden\/aktivitaeten\/gruene-routen\/es-pujols-es-ca-mari\/\">Es Pujols  &#8211;  Es Ca Mar\u00ed<\/a><div><img decoding=\"async\" src=\"https:\/\/www.formentera.es\/wp-content\/themes\/Formentera\/img\/bicib.png\">35 min.<\/div><div><img decoding=\"async\" src=\"https:\/\/www.formentera.es\/wp-content\/themes\/Formentera\/img\/caminarb.png\">90 min.<\/div><\/div>\n\t\t\t\t\t\t<\/div><div class=\"col-md-6 col-lg-4\">\n\t\t\t\t\t\t\t<a href=\"https:\/\/www.formentera.es\/de\/erkunden\/aktivitaeten\/gruene-routen\/es-cap-punta-rasa\/\" class=\"img_ruta\"  style=\"background-image: url(https:\/\/www.formentera.es\/wp-content\/uploads\/2020\/11\/ES-CAP-PUNTA-RASA-300x200.jpg)\"><\/a>\n\t\t\t\t\t\t\t\n\t\t\t\t\t\t\t<div class=\"col-sm-12\">\n\t\t\t\t\t\t\t\t<a href=\"https:\/\/www.formentera.es\/de\/erkunden\/aktivitaeten\/gruene-routen\/es-cap-punta-rasa\/\">Es Cap  &#8211;  Punta Rasa<\/a><div><img decoding=\"async\" src=\"https:\/\/www.formentera.es\/wp-content\/themes\/Formentera\/img\/bicib.png\">10 min.<\/div><div><img decoding=\"async\" src=\"https:\/\/www.formentera.es\/wp-content\/themes\/Formentera\/img\/caminarb.png\">30 min.<\/div><\/div>\n\t\t\t\t\t\t<\/div><div class=\"col-md-6 col-lg-4\">\n\t\t\t\t\t\t\t<a href=\"https:\/\/www.formentera.es\/de\/erkunden\/aktivitaeten\/gruene-routen\/sant-francesc-portossale\/\" class=\"img_ruta\"  style=\"background-image: url(https:\/\/www.formentera.es\/wp-content\/uploads\/2019\/01\/Esgle\u0301sia-St.-Francesc-panora\u0300mica-300x190.jpg)\"><\/a>\n\t\t\t\t\t\t\t\n\t\t\t\t\t\t\t<div class=\"col-sm-12\">\n\t\t\t\t\t\t\t\t<a href=\"https:\/\/www.formentera.es\/de\/erkunden\/aktivitaeten\/gruene-routen\/sant-francesc-portossale\/\">Sant Francesc &#8211; Portossal\u00e9<\/a><div><img decoding=\"async\" src=\"https:\/\/www.formentera.es\/wp-content\/themes\/Formentera\/img\/bicib.png\">20 min.<\/div><div><img decoding=\"async\" src=\"https:\/\/www.formentera.es\/wp-content\/themes\/Formentera\/img\/caminarb.png\">40 min.<\/div><\/div>\n\t\t\t\t\t\t<\/div><\/div><a class=\"text-center\" href=\"\">Alle Routen anzeigen<\/a><\/div>[\/vc_column_text][\/vc_column][\/vc_row]<\/p>\n<\/div>","protected":false},"excerpt":{"rendered":"<p>[vc_row][vc_column width=&#8220;8\/12&#8243;][vc_column_text]Diese Strecke verbindet die D\u00f6rfer Sant Ferran und Es Pujols miteinander und bietet, abgesehen [&hellip;]<\/p>\n","protected":false},"author":1,"featured_media":12003,"parent":7170,"menu_order":0,"comment_status":"closed","ping_status":"closed","template":"page-ruta.php","meta":{"_acf_changed":false,"footnotes":""},"categories":[],"class_list":["post-12002","page","type-page","status-publish","hentry"],"acf":[],"yoast_head":"<!-- This site is optimized with the Yoast SEO plugin v25.5 - https:\/\/yoast.com\/wordpress\/plugins\/seo\/ -->\n<title>Sant Ferran - Es Pujols - Estany Pudent | Turismo de Formentera<\/title>\n<meta name=\"robots\" content=\"index, follow, max-snippet:-1, max-image-preview:large, max-video-preview:-1\" \/>\n<link rel=\"canonical\" href=\"https:\/\/www.formentera.es\/de\/erkunden\/aktivitaeten\/gruene-routen\/sant-ferran-es-pujols-estany-pudent\/\" \/>\n<meta property=\"og:locale\" content=\"de_DE\" \/>\n<meta property=\"og:type\" content=\"article\" \/>\n<meta property=\"og:title\" content=\"Sant Ferran - Es Pujols - Estany Pudent | Turismo de Formentera\" \/>\n<meta property=\"og:description\" content=\"[vc_row][vc_column width=&#8220;8\/12&#8243;][vc_column_text]Diese Strecke verbindet die D\u00f6rfer Sant Ferran und Es Pujols miteinander und bietet, abgesehen [&hellip;]\" \/>\n<meta property=\"og:url\" content=\"https:\/\/www.formentera.es\/de\/erkunden\/aktivitaeten\/gruene-routen\/sant-ferran-es-pujols-estany-pudent\/\" \/>\n<meta property=\"og:site_name\" content=\"Turismo de Formentera\" \/>\n<meta property=\"article:publisher\" content=\"https:\/\/www.facebook.com\/turismoformentera\/\" \/>\n<meta property=\"article:modified_time\" content=\"2020-04-25T09:06:23+00:00\" \/>\n<meta property=\"og:image\" content=\"https:\/\/www.formentera.es\/wp-content\/uploads\/2019\/01\/cami-estany.jpg\" \/>\n\t<meta property=\"og:image:width\" content=\"1900\" \/>\n\t<meta property=\"og:image:height\" content=\"1267\" \/>\n\t<meta property=\"og:image:type\" content=\"image\/jpeg\" \/>\n<meta name=\"twitter:card\" content=\"summary_large_image\" \/>\n<meta name=\"twitter:site\" content=\"@visitformentera\" \/>\n<meta name=\"twitter:label1\" content=\"Gesch\u00e4tzte Lesezeit\" \/>\n\t<meta name=\"twitter:data1\" content=\"2\u00a0Minuten\" \/>\n<script type=\"application\/ld+json\" class=\"yoast-schema-graph\">{\"@context\":\"https:\/\/schema.org\",\"@graph\":[{\"@type\":\"WebPage\",\"@id\":\"https:\/\/www.formentera.es\/de\/erkunden\/aktivitaeten\/gruene-routen\/sant-ferran-es-pujols-estany-pudent\/\",\"url\":\"https:\/\/www.formentera.es\/de\/erkunden\/aktivitaeten\/gruene-routen\/sant-ferran-es-pujols-estany-pudent\/\",\"name\":\"Sant Ferran - Es Pujols - Estany Pudent | Turismo de Formentera\",\"isPartOf\":{\"@id\":\"https:\/\/www.formentera.es\/#website\"},\"primaryImageOfPage\":{\"@id\":\"https:\/\/www.formentera.es\/de\/erkunden\/aktivitaeten\/gruene-routen\/sant-ferran-es-pujols-estany-pudent\/#primaryimage\"},\"image\":{\"@id\":\"https:\/\/www.formentera.es\/de\/erkunden\/aktivitaeten\/gruene-routen\/sant-ferran-es-pujols-estany-pudent\/#primaryimage\"},\"thumbnailUrl\":\"https:\/\/www.formentera.es\/wp-content\/uploads\/2019\/01\/cami-estany.jpg\",\"datePublished\":\"2020-04-15T14:37:08+00:00\",\"dateModified\":\"2020-04-25T09:06:23+00:00\",\"breadcrumb\":{\"@id\":\"https:\/\/www.formentera.es\/de\/erkunden\/aktivitaeten\/gruene-routen\/sant-ferran-es-pujols-estany-pudent\/#breadcrumb\"},\"inLanguage\":\"de\",\"potentialAction\":[{\"@type\":\"ReadAction\",\"target\":[\"https:\/\/www.formentera.es\/de\/erkunden\/aktivitaeten\/gruene-routen\/sant-ferran-es-pujols-estany-pudent\/\"]}]},{\"@type\":\"ImageObject\",\"inLanguage\":\"de\",\"@id\":\"https:\/\/www.formentera.es\/de\/erkunden\/aktivitaeten\/gruene-routen\/sant-ferran-es-pujols-estany-pudent\/#primaryimage\",\"url\":\"https:\/\/www.formentera.es\/wp-content\/uploads\/2019\/01\/cami-estany.jpg\",\"contentUrl\":\"https:\/\/www.formentera.es\/wp-content\/uploads\/2019\/01\/cami-estany.jpg\",\"width\":1900,\"height\":1267},{\"@type\":\"BreadcrumbList\",\"@id\":\"https:\/\/www.formentera.es\/de\/erkunden\/aktivitaeten\/gruene-routen\/sant-ferran-es-pujols-estany-pudent\/#breadcrumb\",\"itemListElement\":[{\"@type\":\"ListItem\",\"position\":1,\"name\":\"Portada\",\"item\":\"https:\/\/www.formentera.es\/de\/\"},{\"@type\":\"ListItem\",\"position\":2,\"name\":\"Erkunden\",\"item\":\"https:\/\/www.formentera.es\/erkunden\/\"},{\"@type\":\"ListItem\",\"position\":3,\"name\":\"Aktivit\u00e4ten\",\"item\":\"https:\/\/www.formentera.es\/de\/erkunden\/aktivitaeten\/\"},{\"@type\":\"ListItem\",\"position\":4,\"name\":\"Gr\u00fcne Routen\",\"item\":\"https:\/\/www.formentera.es\/de\/erkunden\/aktivitaeten\/gruene-routen\/\"},{\"@type\":\"ListItem\",\"position\":5,\"name\":\"Sant Ferran &#8211; Es Pujols &#8211; Estany Pudent\"}]},{\"@type\":\"WebSite\",\"@id\":\"https:\/\/www.formentera.es\/#website\",\"url\":\"https:\/\/www.formentera.es\/\",\"name\":\"Turismo de Formentera\",\"description\":\"Web oficial de Turismo de Formentera\",\"potentialAction\":[{\"@type\":\"SearchAction\",\"target\":{\"@type\":\"EntryPoint\",\"urlTemplate\":\"https:\/\/www.formentera.es\/?s={search_term_string}\"},\"query-input\":{\"@type\":\"PropertyValueSpecification\",\"valueRequired\":true,\"valueName\":\"search_term_string\"}}],\"inLanguage\":\"de\"}]}<\/script>\n<!-- \/ Yoast SEO plugin. -->","yoast_head_json":{"title":"Sant Ferran - Es Pujols - Estany Pudent | Turismo de Formentera","robots":{"index":"index","follow":"follow","max-snippet":"max-snippet:-1","max-image-preview":"max-image-preview:large","max-video-preview":"max-video-preview:-1"},"canonical":"https:\/\/www.formentera.es\/de\/erkunden\/aktivitaeten\/gruene-routen\/sant-ferran-es-pujols-estany-pudent\/","og_locale":"de_DE","og_type":"article","og_title":"Sant Ferran - Es Pujols - Estany Pudent | Turismo de Formentera","og_description":"[vc_row][vc_column width=&#8220;8\/12&#8243;][vc_column_text]Diese Strecke verbindet die D\u00f6rfer Sant Ferran und Es Pujols miteinander und bietet, abgesehen [&hellip;]","og_url":"https:\/\/www.formentera.es\/de\/erkunden\/aktivitaeten\/gruene-routen\/sant-ferran-es-pujols-estany-pudent\/","og_site_name":"Turismo de Formentera","article_publisher":"https:\/\/www.facebook.com\/turismoformentera\/","article_modified_time":"2020-04-25T09:06:23+00:00","og_image":[{"width":1900,"height":1267,"url":"https:\/\/www.formentera.es\/wp-content\/uploads\/2019\/01\/cami-estany.jpg","type":"image\/jpeg"}],"twitter_card":"summary_large_image","twitter_site":"@visitformentera","twitter_misc":{"Gesch\u00e4tzte Lesezeit":"2\u00a0Minuten"},"schema":{"@context":"https:\/\/schema.org","@graph":[{"@type":"WebPage","@id":"https:\/\/www.formentera.es\/de\/erkunden\/aktivitaeten\/gruene-routen\/sant-ferran-es-pujols-estany-pudent\/","url":"https:\/\/www.formentera.es\/de\/erkunden\/aktivitaeten\/gruene-routen\/sant-ferran-es-pujols-estany-pudent\/","name":"Sant Ferran - Es Pujols - Estany Pudent | Turismo de Formentera","isPartOf":{"@id":"https:\/\/www.formentera.es\/#website"},"primaryImageOfPage":{"@id":"https:\/\/www.formentera.es\/de\/erkunden\/aktivitaeten\/gruene-routen\/sant-ferran-es-pujols-estany-pudent\/#primaryimage"},"image":{"@id":"https:\/\/www.formentera.es\/de\/erkunden\/aktivitaeten\/gruene-routen\/sant-ferran-es-pujols-estany-pudent\/#primaryimage"},"thumbnailUrl":"https:\/\/www.formentera.es\/wp-content\/uploads\/2019\/01\/cami-estany.jpg","datePublished":"2020-04-15T14:37:08+00:00","dateModified":"2020-04-25T09:06:23+00:00","breadcrumb":{"@id":"https:\/\/www.formentera.es\/de\/erkunden\/aktivitaeten\/gruene-routen\/sant-ferran-es-pujols-estany-pudent\/#breadcrumb"},"inLanguage":"de","potentialAction":[{"@type":"ReadAction","target":["https:\/\/www.formentera.es\/de\/erkunden\/aktivitaeten\/gruene-routen\/sant-ferran-es-pujols-estany-pudent\/"]}]},{"@type":"ImageObject","inLanguage":"de","@id":"https:\/\/www.formentera.es\/de\/erkunden\/aktivitaeten\/gruene-routen\/sant-ferran-es-pujols-estany-pudent\/#primaryimage","url":"https:\/\/www.formentera.es\/wp-content\/uploads\/2019\/01\/cami-estany.jpg","contentUrl":"https:\/\/www.formentera.es\/wp-content\/uploads\/2019\/01\/cami-estany.jpg","width":1900,"height":1267},{"@type":"BreadcrumbList","@id":"https:\/\/www.formentera.es\/de\/erkunden\/aktivitaeten\/gruene-routen\/sant-ferran-es-pujols-estany-pudent\/#breadcrumb","itemListElement":[{"@type":"ListItem","position":1,"name":"Portada","item":"https:\/\/www.formentera.es\/de\/"},{"@type":"ListItem","position":2,"name":"Erkunden","item":"https:\/\/www.formentera.es\/erkunden\/"},{"@type":"ListItem","position":3,"name":"Aktivit\u00e4ten","item":"https:\/\/www.formentera.es\/de\/erkunden\/aktivitaeten\/"},{"@type":"ListItem","position":4,"name":"Gr\u00fcne Routen","item":"https:\/\/www.formentera.es\/de\/erkunden\/aktivitaeten\/gruene-routen\/"},{"@type":"ListItem","position":5,"name":"Sant Ferran &#8211; Es Pujols &#8211; Estany Pudent"}]},{"@type":"WebSite","@id":"https:\/\/www.formentera.es\/#website","url":"https:\/\/www.formentera.es\/","name":"Turismo de Formentera","description":"Web oficial de Turismo de Formentera","potentialAction":[{"@type":"SearchAction","target":{"@type":"EntryPoint","urlTemplate":"https:\/\/www.formentera.es\/?s={search_term_string}"},"query-input":{"@type":"PropertyValueSpecification","valueRequired":true,"valueName":"search_term_string"}}],"inLanguage":"de"}]}},"_links":{"self":[{"href":"https:\/\/www.formentera.es\/de\/wp-json\/wp\/v2\/pages\/12002","targetHints":{"allow":["GET"]}}],"collection":[{"href":"https:\/\/www.formentera.es\/de\/wp-json\/wp\/v2\/pages"}],"about":[{"href":"https:\/\/www.formentera.es\/de\/wp-json\/wp\/v2\/types\/page"}],"author":[{"embeddable":true,"href":"https:\/\/www.formentera.es\/de\/wp-json\/wp\/v2\/users\/1"}],"replies":[{"embeddable":true,"href":"https:\/\/www.formentera.es\/de\/wp-json\/wp\/v2\/comments?post=12002"}],"version-history":[{"count":0,"href":"https:\/\/www.formentera.es\/de\/wp-json\/wp\/v2\/pages\/12002\/revisions"}],"up":[{"embeddable":true,"href":"https:\/\/www.formentera.es\/de\/wp-json\/wp\/v2\/pages\/7170"}],"wp:featuredmedia":[{"embeddable":true,"href":"https:\/\/www.formentera.es\/de\/wp-json\/wp\/v2\/media\/12003"}],"wp:attachment":[{"href":"https:\/\/www.formentera.es\/de\/wp-json\/wp\/v2\/media?parent=12002"}],"wp:term":[{"taxonomy":"category","embeddable":true,"href":"https:\/\/www.formentera.es\/de\/wp-json\/wp\/v2\/categories?post=12002"}],"curies":[{"name":"wp","href":"https:\/\/api.w.org\/{rel}","templated":true}]}}