{"id":11873,"date":"2020-04-13T17:02:15","date_gmt":"2020-04-13T15:02:15","guid":{"rendered":"https:\/\/www.formentera.es\/erkunden\/aktivitaeten\/gruene-routen\/la-savina-sant-francesc-es-pujols\/"},"modified":"2020-04-25T10:43:55","modified_gmt":"2020-04-25T08:43:55","slug":"la-savina-sant-francesc-es-pujols","status":"publish","type":"page","link":"https:\/\/www.formentera.es\/de\/erkunden\/aktivitaeten\/gruene-routen\/la-savina-sant-francesc-es-pujols\/","title":{"rendered":"La Savina &#8211; Sant Francesc &#8211; Es Pujols"},"content":{"rendered":"<div class=\"wpb-content-wrapper\"><p>[vc_row][vc_column width=&#8220;8\/12&#8243;][vc_column_text]Im Hafen von La Savina beginnend, ums\u00e4umt die Route die gro\u00dfe Salzlagune, die unter dem Namen \u201e<a href=\"https:\/\/www.formentera.es\/de\/erkunden\/sehenswerte-orte\/estany-pudent-und-ses-salines\/\">Estany Pudent<\/a>\u201c bekannt ist. Gleichzeitig erm\u00f6glicht sie uns, Ses Salines kennenzulernen, die sich vor allem im Sommer aufgrund ihrer Sch\u00f6nheit mit ihren rosafarbenen und violetten Farben auszeichnen. Sie sind Kulturerbe von Formentera, und in der vortouristischen Zeit waren sie der einzige Wirtschaftsmotor der Insel.<\/p>\n<p>Auf unserer Route k\u00f6nnen wir die Salzlagune Estany Pudent besuchen, die sich im n\u00f6rdlichen Bereich der Insel zwischen den Ortschaften La Savina und Es Pujols befindet. Der Weg d&#8217;es Brolls, der einen Gro\u00dfteil der Lagune ums\u00e4umt, ist ein einzigartiger Ort zum Spazierengehen, weil er, wie sein Name schon sagt, unterirdische Springquellen aus S\u00fc\u00dfwasser hat, die eine ideale Vegetation erm\u00f6glichen, damit die V\u00f6gel dort nisten. Im Winter ist es \u00fcblich, Flamingos sowie Fischreiher und Stockenten zu sehen. In dieser speziellen Umgebung gedeihen Binsen und Schilf neben der an die salzige Umgebung angepasste Vegetation und bilden richtige Sumpfgebiete.<\/p>\n<p>Dieser Rundgang erm\u00f6glicht uns, anhand einer Umwegs zur wichtigsten Ortschaft von Formentera zu kommen, <a href=\"https:\/\/www.formentera.es\/de\/erkunden\/ortschaften\/sant-francesc\/\">Sant Francesc Xavier<\/a>, sowie zum K\u00fcstenort Es Pujols.[\/vc_column_text][\/vc_column][vc_column width=&#8220;4\/12&#8243;][vc_column_text]<div id=\"back_blue\"><h3>Laden Sie die Route herunter<\/h3><div><img decoding=\"async\" src=\"https:\/\/www.formentera.es\/wp-content\/themes\/Formentera\/img\/mapas-de-google-w.svg\"><a href=\"https:\/\/drive.google.com\/open?id=1aoOEhxfXcFkMKCV0AwPXcS_1hYzKqSql&usp=sharing\" target=\"_blank\">Sehen Sie sich die Route in Google Maps<\/a><\/div><div><img decoding=\"async\" src=\"https:\/\/www.formentera.es\/wp-content\/themes\/Formentera\/img\/maps-and-location-w.svg\" class=\"pl_5\"><a href=\"https:\/\/www.formentera.es\/wp-content\/uploads\/2020\/04\/2.-La-Savina-Sant-Francesc-Es-Pujols.gpx.zip\" target=\"_blank\">Laden Sie die Route f\u00fcr GPS<\/a><\/div><div><img decoding=\"async\" src=\"https:\/\/www.formentera.es\/wp-content\/themes\/Formentera\/img\/pin-w.svg\"><a href=\"https:\/\/es.wikiloc.com\/rutas-senderismo\/la-savina-es-pujols-48395398\" target=\"_blank\">Siehe die Route auf Wikiloc<\/a><\/div><div><img decoding=\"async\" src=\"https:\/\/www.formentera.es\/wp-content\/themes\/Formentera\/img\/descarga-w.svg\"><a href=\"Array\" target=\"_blank\">Download-Datei<\/a><\/div><\/div><div id=\"como_llegar\"><a href=\"https:\/\/www.google.com\/maps?saddr=My+Location&daddr=38.732578,1.421142\" target=\"_blank\">Wie komme ich zum Ausgangspunkt?<\/a><img decoding=\"async\" src=\"https:\/\/www.formentera.es\/wp-content\/themes\/Formentera\/img\/start.svg\"><\/div>[\/vc_column_text][\/vc_column][\/vc_row][vc_row][vc_column][vc_gmaps link=&#8220;#E-8_JTNDaWZyYW1lJTIwc3JjJTNEJTIyaHR0cHMlM0ElMkYlMkZ3d3cuZ29vZ2xlLmNvbSUyRm1hcHMlMkZkJTJGdSUyRjAlMkZlbWJlZCUzRm1pZCUzRDFhb09FaHhmWGNGa01LQ1YwQXdQWGNTXzFoWXpLcVNxbCUyMiUyMHdpZHRoJTNEJTIyNjAwJTIyJTIwaGVpZ2h0JTNEJTIyNDUwJTIyJTIwZnJhbWVib3JkZXIlM0QlMjIwJTIyJTIwc3R5bGUlM0QlMjJib3JkZXIlM0EwJTIyJTIwYWxsb3dmdWxsc2NyZWVuJTNFJTNDJTJGaWZyYW1lJTNF&#8220; size=&#8220;&#8220;][\/vc_column][\/vc_row][vc_row full_width=&#8220;stretch_row_content_no_spaces&#8220;][vc_column][vc_column_text]<style>#jtg-10642 .modula-item .jtg-social a, .lightbox-socials.jtg-social a{ fill: #ffffff; color: #ffffff }#jtg-10642 .modula-item .jtg-social-mobile a{ fill: #ffffff; color: #ffffff }#jtg-10642 .modula-item .jtg-social svg, .lightbox-socials.jtg-social svg { height: 16px; width: 16px }#jtg-10642 .modula-item .jtg-social-mobile svg { height: 16px; width: 16px }#jtg-10642 .modula-item .jtg-social a:not(:last-child), .lightbox-socials.jtg-social a:not(:last-child) { margin-right: 10px }#jtg-10642 .modula-item .jtg-social-mobile .jtg-social-mobile-icons a:not(:last-child){ margin-right: 10px }#jtg-10642 .modula-item .figc {color:#ffffff;}#jtg-10642 .modula-item .modula-item-content { transform: scale(1) }#jtg-10642 .modula-items .figc p.description { font-size:14px; }#jtg-10642 .modula-items .figc p.description { color:#ffffff;}#jtg-10642.modula-gallery .modula-item > a, #jtg-10642.modula-gallery .modula-item, #jtg-10642.modula-gallery .modula-item-content > a:not(.modula-no-follow) { cursor:zoom-in; } #jtg-10642.modula-gallery .modula-item-content .modula-no-follow { cursor: default; } #jtg-10642 .modula-item { background-color:#ffffff; }#jtg-10642 .modula-item:hover img { opacity: 0.5; }#jtg-10642 .modula-item { transform: scale(1) translate(0px,0px) rotate(0deg); }@media screen and (max-width:480px){#jtg-10642 .modula-item .figc .jtg-title {  font-size: 12px; }#jtg-10642 .modula-items .figc p.description { color:#ffffff;font-size:10px; }}#jtg-10642 .modula-items .modula-item:hover img{opacity:1;}<\/style>\n<div  id=\"jtg-10642\" class=\"modula modula-gallery modula-custom-grid\" data-config=\"{&quot;height&quot;:800,&quot;tabletHeight&quot;:800,&quot;mobileHeight&quot;:800,&quot;desktopHeight&quot;:800,&quot;enableTwitter&quot;:true,&quot;enableWhatsapp&quot;:false,&quot;enableFacebook&quot;:true,&quot;enablePinterest&quot;:true,&quot;enableLinkedin&quot;:true,&quot;enableEmail&quot;:false,&quot;randomFactor&quot;:0.5,&quot;type&quot;:&quot;custom-grid&quot;,&quot;columns&quot;:12,&quot;gutter&quot;:10,&quot;mobileGutter&quot;:10,&quot;tabletGutter&quot;:10,&quot;desktopGutter&quot;:10,&quot;enableResponsive&quot;:&quot;0&quot;,&quot;tabletColumns&quot;:2,&quot;mobileColumns&quot;:1,&quot;lazyLoad&quot;:&quot;0&quot;,&quot;lightboxOpts&quot;:{&quot;animated&quot;:true,&quot;Thumbs&quot;:{&quot;type&quot;:&quot;modern&quot;,&quot;showOnStart&quot;:false},&quot;Toolbar&quot;:{&quot;display&quot;:{&quot;right&quot;:[&quot;close&quot;]},&quot;enabled&quot;:true},&quot;Carousel&quot;:{&quot;Panzoom&quot;:{&quot;touch&quot;:false},&quot;infinite&quot;:false},&quot;keyboard&quot;:{&quot;Escape&quot;:&quot;close&quot;,&quot;Delete&quot;:&quot;close&quot;,&quot;Backspace&quot;:&quot;close&quot;,&quot;PageUp&quot;:false,&quot;PageDown&quot;:false,&quot;ArrowUp&quot;:false,&quot;ArrowDown&quot;:false,&quot;ArrowRight&quot;:false,&quot;ArrowLeft&quot;:false},&quot;touch&quot;:false,&quot;backdropClick&quot;:false,&quot;l10n&quot;:{&quot;CLOSE&quot;:&quot;Close&quot;,&quot;NEXT&quot;:&quot;Next&quot;,&quot;PREV&quot;:&quot;Previous&quot;,&quot;Error&quot;:&quot;The requested content cannot be loaded. Please try again later.&quot;,&quot;PLAY_START&quot;:&quot;Start slideshow&quot;,&quot;PLAY_STOP&quot;:&quot;Pause slideshow&quot;,&quot;FULL_SCREEN&quot;:&quot;Full screen&quot;,&quot;THUMBS&quot;:&quot;Thumbnails&quot;,&quot;DOWNLOAD&quot;:&quot;Download&quot;,&quot;SHARE&quot;:&quot;Share&quot;,&quot;ZOOM&quot;:&quot;Zoom&quot;,&quot;EMAIL&quot;:&quot;Here is the link to the image : %%image_link%% and this is the link to the gallery : %%gallery_link%%&quot;,&quot;MODAL&quot;:&quot;You can close this modal content with the ESC key&quot;,&quot;ERROR&quot;:&quot;Something Went Wrong, Please Try Again Later&quot;,&quot;IMAGE_ERROR&quot;:&quot;Image Not Found&quot;,&quot;ELEMENT_NOT_FOUND&quot;:&quot;HTML Element Not Found&quot;,&quot;AJAX_NOT_FOUND&quot;:&quot;Error Loading AJAX : Not Found&quot;,&quot;AJAX_FORBIDDEN&quot;:&quot;Error Loading AJAX : Forbidden&quot;,&quot;IFRAME_ERROR&quot;:&quot;Error Loading Page&quot;,&quot;TOGGLE_ZOOM&quot;:&quot;Toggle zoom level&quot;,&quot;TOGGLE_THUMBS&quot;:&quot;Toggle thumbnails&quot;,&quot;TOGGLE_SLIDESHOW&quot;:&quot;Toggle slideshow&quot;,&quot;TOGGLE_FULLSCREEN&quot;:&quot;Toggle full-screen mode&quot;},&quot;Images&quot;:{&quot;Panzoom&quot;:{&quot;maxScale&quot;:2}},&quot;mainClass&quot;:&quot;modula-fancybox-container modula-lightbox-jtg-10642&quot;,&quot;Html&quot;:{&quot;videoAutoplay&quot;:0,&quot;videoTpl&quot;:&quot;&lt;video class=\\&quot;fancybox__html5video\\&quot; controls muted playsinline controlsList controlsList=\\&quot;nodownload\\&quot; poster=\\&quot;{{poster}}\\&quot; src=\\&quot;{{src}}\\&quot; type=\\&quot;{{format}}\\&quot; &gt;  Sorry, your browser doesn&#039;t support embedded videos, &lt;a href=\\&quot;{{src}}\\&quot;&gt; download &lt;\\\/a&gt; and watch with your favorite video player! &lt;\\\/video&gt;&quot;}},&quot;inView&quot;:false,&quot;email_subject&quot;:&quot;\\u00a1\\u00a1Mira esta impresionante imagen!!&quot;,&quot;email_message&quot;:&quot;Este es el enlace a la imagen: %%image_link%% y este es el enlace a la galer\\u00eda: %%gallery_link%%&quot;,&quot;lightbox&quot;:&quot;fancybox&quot;,&quot;filterClick&quot;:&quot;0&quot;,&quot;defaultActiveFilter&quot;:&quot;all&quot;}\">\n\n\t\n\t<div  class=\"modula-items\">\n\t\t<div class=\"modula-item jtg-filter-all jtg-filter-\" data-width=\"5\" data-height=\"5\" >\n\t<div class=\"modula-item-content\">\n\t\t\n\t\t\t\t\t<a data-image-id=\"10651\" tabindex=\"0\" href=\"https:\/\/www.formentera.es\/wp-content\/uploads\/2020\/04\/shutterstock_136426340.jpg\" rel=\"jtg-10642\" data-caption=\"\" aria-label=\"Open image in lightbox\" role=\"button\" data-cyclefilter=\"show\" data-fancybox=\"jtg-10642\" class=\"tile-inner modula-item-link\"><\/a>\n\t\t\n\t\t<img loading=\"lazy\" decoding=\"async\" class=\"pic wp-image-10651\"  data-valign=\"middle\" data-halign=\"center\" alt=\"\" data-full=\"https:\/\/www.formentera.es\/wp-content\/uploads\/2020\/04\/shutterstock_136426340.jpg\" title=\"shutterstock_136426340\" width=\"1600\" height=\"1065\" src=\"https:\/\/www.formentera.es\/wp-content\/uploads\/2020\/04\/shutterstock_136426340.jpg\" data-src=\"https:\/\/www.formentera.es\/wp-content\/uploads\/2020\/04\/shutterstock_136426340.jpg\" data-caption=\"\" srcset=\"https:\/\/www.formentera.es\/wp-content\/uploads\/2020\/04\/shutterstock_136426340.jpg 1600w, https:\/\/www.formentera.es\/wp-content\/uploads\/2020\/04\/shutterstock_136426340-300x200.jpg 300w, https:\/\/www.formentera.es\/wp-content\/uploads\/2020\/04\/shutterstock_136426340-768x511.jpg 768w, https:\/\/www.formentera.es\/wp-content\/uploads\/2020\/04\/shutterstock_136426340-1024x682.jpg 1024w\" sizes=\"auto, (max-width: 1600px) 100vw, 1600px\" \/>\n\t<\/div>\n\n<\/div><div class=\"modula-item jtg-filter-all jtg-filter-\" data-width=\"7\" data-height=\"5\" >\n\t<div class=\"modula-item-content\">\n\t\t\n\t\t\t\t\t<a data-image-id=\"10658\" tabindex=\"0\" href=\"https:\/\/www.formentera.es\/wp-content\/uploads\/2020\/04\/shutterstock_367662155.jpg\" rel=\"jtg-10642\" data-caption=\"\" aria-label=\"Open image in lightbox\" role=\"button\" data-cyclefilter=\"show\" data-fancybox=\"jtg-10642\" class=\"tile-inner modula-item-link\"><\/a>\n\t\t\n\t\t<img loading=\"lazy\" decoding=\"async\" class=\"pic wp-image-10658\"  data-valign=\"middle\" data-halign=\"center\" alt=\"\" data-full=\"https:\/\/www.formentera.es\/wp-content\/uploads\/2020\/04\/shutterstock_367662155.jpg\" title=\"shutterstock_367662155\" width=\"1600\" height=\"1200\" src=\"https:\/\/www.formentera.es\/wp-content\/uploads\/2020\/04\/shutterstock_367662155.jpg\" data-src=\"https:\/\/www.formentera.es\/wp-content\/uploads\/2020\/04\/shutterstock_367662155.jpg\" data-caption=\"\" srcset=\"https:\/\/www.formentera.es\/wp-content\/uploads\/2020\/04\/shutterstock_367662155.jpg 1600w, https:\/\/www.formentera.es\/wp-content\/uploads\/2020\/04\/shutterstock_367662155-300x225.jpg 300w, https:\/\/www.formentera.es\/wp-content\/uploads\/2020\/04\/shutterstock_367662155-768x576.jpg 768w, https:\/\/www.formentera.es\/wp-content\/uploads\/2020\/04\/shutterstock_367662155-1024x768.jpg 1024w\" sizes=\"auto, (max-width: 1600px) 100vw, 1600px\" \/>\n\t<\/div>\n\n<\/div><div class=\"modula-item jtg-filter-all jtg-filter-\" data-width=\"4\" data-height=\"5\" >\n\t<div class=\"modula-item-content\">\n\t\t\n\t\t\t\t\t<a data-image-id=\"10687\" tabindex=\"0\" href=\"https:\/\/www.formentera.es\/wp-content\/uploads\/2020\/04\/shutterstock_789778957-1-1.jpg\" rel=\"jtg-10642\" data-caption=\"\" aria-label=\"Open image in lightbox\" role=\"button\" data-cyclefilter=\"show\" data-fancybox=\"jtg-10642\" class=\"tile-inner modula-item-link\"><\/a>\n\t\t\n\t\t<img loading=\"lazy\" decoding=\"async\" class=\"pic wp-image-10687\"  data-valign=\"middle\" data-halign=\"center\" alt=\"\" data-full=\"https:\/\/www.formentera.es\/wp-content\/uploads\/2020\/04\/shutterstock_789778957-1-1.jpg\" title=\"shutterstock_789778957 (1)\" width=\"1600\" height=\"1068\" src=\"https:\/\/www.formentera.es\/wp-content\/uploads\/2020\/04\/shutterstock_789778957-1-1.jpg\" data-src=\"https:\/\/www.formentera.es\/wp-content\/uploads\/2020\/04\/shutterstock_789778957-1-1.jpg\" data-caption=\"\" srcset=\"https:\/\/www.formentera.es\/wp-content\/uploads\/2020\/04\/shutterstock_789778957-1-1.jpg 1600w, https:\/\/www.formentera.es\/wp-content\/uploads\/2020\/04\/shutterstock_789778957-1-1-300x200.jpg 300w, https:\/\/www.formentera.es\/wp-content\/uploads\/2020\/04\/shutterstock_789778957-1-1-768x513.jpg 768w, https:\/\/www.formentera.es\/wp-content\/uploads\/2020\/04\/shutterstock_789778957-1-1-1024x684.jpg 1024w\" sizes=\"auto, (max-width: 1600px) 100vw, 1600px\" \/>\n\t<\/div>\n\n<\/div><div class=\"modula-item jtg-filter-all jtg-filter-\" data-width=\"8\" data-height=\"5\" >\n\t<div class=\"modula-item-content\">\n\t\t\n\t\t\t\t\t<a data-image-id=\"10673\" tabindex=\"0\" href=\"https:\/\/www.formentera.es\/wp-content\/uploads\/2020\/04\/shutterstock_476452699.jpg\" rel=\"jtg-10642\" data-caption=\"\" aria-label=\"Open image in lightbox\" role=\"button\" data-cyclefilter=\"show\" data-fancybox=\"jtg-10642\" class=\"tile-inner modula-item-link\"><\/a>\n\t\t\n\t\t<img loading=\"lazy\" decoding=\"async\" class=\"pic wp-image-10673\"  data-valign=\"middle\" data-halign=\"center\" alt=\"\" data-full=\"https:\/\/www.formentera.es\/wp-content\/uploads\/2020\/04\/shutterstock_476452699.jpg\" title=\"shutterstock_476452699\" width=\"1600\" height=\"942\" src=\"https:\/\/www.formentera.es\/wp-content\/uploads\/2020\/04\/shutterstock_476452699.jpg\" data-src=\"https:\/\/www.formentera.es\/wp-content\/uploads\/2020\/04\/shutterstock_476452699.jpg\" data-caption=\"\" srcset=\"https:\/\/www.formentera.es\/wp-content\/uploads\/2020\/04\/shutterstock_476452699.jpg 1600w, https:\/\/www.formentera.es\/wp-content\/uploads\/2020\/04\/shutterstock_476452699-300x177.jpg 300w, https:\/\/www.formentera.es\/wp-content\/uploads\/2020\/04\/shutterstock_476452699-768x452.jpg 768w, https:\/\/www.formentera.es\/wp-content\/uploads\/2020\/04\/shutterstock_476452699-1024x603.jpg 1024w\" sizes=\"auto, (max-width: 1600px) 100vw, 1600px\" \/>\n\t<\/div>\n\n<\/div>\t\t\n\t<\/div>\n\n\t\n\t\n\t<script type=\"application\/ld+json\">\n\t{\n\t\t\"@context\": \"http:\/\/schema.org\",\n\t\t\"@type\"   : \"ImageGallery\",\n\t\t\"id\"      : \"https:\/\/www.formentera.es\/de\/erkunden\/aktivitaeten\/gruene-routen\/la-savina-sant-francesc-es-pujols\/\",\n\t\t\"url\"     : \"https:\/\/www.formentera.es\/de\/erkunden\/aktivitaeten\/gruene-routen\/la-savina-sant-francesc-es-pujols\/\"\n\t}\n\n\t<\/script>\n\n\t\n<\/div>\n[\/vc_column_text][\/vc_column][\/vc_row][vc_row][vc_column][vc_column_text]<div id=\"mas_rutas\" class=\"container sc\"><h2>Andere Routen in Formentera<\/h2><div class=\"row\"><div class=\"col-md-6 col-lg-4\">\n\t\t\t\t\t\t\t<a href=\"https:\/\/www.formentera.es\/de\/erkunden\/aktivitaeten\/gruene-routen\/la-savina-ses-illetes\/\" class=\"img_ruta\"  style=\"background-image: url(https:\/\/www.formentera.es\/wp-content\/uploads\/2020\/04\/shutterstock_1086852479-300x200.jpg)\"><\/a>\n\t\t\t\t\t\t\t\n\t\t\t\t\t\t\t<div class=\"col-sm-12\">\n\t\t\t\t\t\t\t\t<a href=\"https:\/\/www.formentera.es\/de\/erkunden\/aktivitaeten\/gruene-routen\/la-savina-ses-illetes\/\">La Savina &#8211; Ses Illetes<\/a><div><img decoding=\"async\" src=\"https:\/\/www.formentera.es\/wp-content\/themes\/Formentera\/img\/bicib.png\">15 min.<\/div><div><img decoding=\"async\" src=\"https:\/\/www.formentera.es\/wp-content\/themes\/Formentera\/img\/caminarb.png\">50 min.<\/div><\/div>\n\t\t\t\t\t\t<\/div><div class=\"col-md-6 col-lg-4\">\n\t\t\t\t\t\t\t<a href=\"https:\/\/www.formentera.es\/de\/erkunden\/aktivitaeten\/gruene-routen\/el-pilar-de-la-mola-far-de-la-mola\/\" class=\"img_ruta\"  style=\"background-image: url(https:\/\/www.formentera.es\/wp-content\/uploads\/2020\/04\/shutterstock_1167885022-300x169.jpg)\"><\/a>\n\t\t\t\t\t\t\t\n\t\t\t\t\t\t\t<div class=\"col-sm-12\">\n\t\t\t\t\t\t\t\t<a href=\"https:\/\/www.formentera.es\/de\/erkunden\/aktivitaeten\/gruene-routen\/el-pilar-de-la-mola-far-de-la-mola\/\">El Pilar De La Mola  &#8211;  Far De La Mola<\/a><div><img decoding=\"async\" src=\"https:\/\/www.formentera.es\/wp-content\/themes\/Formentera\/img\/bicib.png\">10 min.<\/div><div><img decoding=\"async\" src=\"https:\/\/www.formentera.es\/wp-content\/themes\/Formentera\/img\/caminarb.png\">35 min.<\/div><\/div>\n\t\t\t\t\t\t<\/div><div class=\"col-md-6 col-lg-4\">\n\t\t\t\t\t\t\t<a href=\"https:\/\/www.formentera.es\/de\/erkunden\/aktivitaeten\/gruene-routen\/es-pujols-illetes\/\" class=\"img_ruta\"  style=\"background-image: url(https:\/\/www.formentera.es\/wp-content\/uploads\/2018\/11\/2-illetes-shutterstock_81240787-1-300x200.jpg)\"><\/a>\n\t\t\t\t\t\t\t\n\t\t\t\t\t\t\t<div class=\"col-sm-12\">\n\t\t\t\t\t\t\t\t<a href=\"https:\/\/www.formentera.es\/de\/erkunden\/aktivitaeten\/gruene-routen\/es-pujols-illetes\/\">Es Pujols  &#8211; Illetes<\/a><div><img decoding=\"async\" src=\"https:\/\/www.formentera.es\/wp-content\/themes\/Formentera\/img\/caminarb.png\">90 min.<\/div><\/div>\n\t\t\t\t\t\t<\/div><\/div><a class=\"text-center\" href=\"\">Alle Routen anzeigen<\/a><\/div>[\/vc_column_text][\/vc_column][\/vc_row]<\/p>\n<\/div>","protected":false},"excerpt":{"rendered":"<p>[vc_row][vc_column width=&#8220;8\/12&#8243;][vc_column_text]Im Hafen von La Savina beginnend, ums\u00e4umt die Route die gro\u00dfe Salzlagune, die unter [&hellip;]<\/p>\n","protected":false},"author":1,"featured_media":10626,"parent":7170,"menu_order":0,"comment_status":"closed","ping_status":"closed","template":"page-ruta.php","meta":{"_acf_changed":false,"footnotes":""},"categories":[],"class_list":["post-11873","page","type-page","status-publish","hentry"],"acf":[],"yoast_head":"<!-- This site is optimized with the Yoast SEO plugin v25.5 - https:\/\/yoast.com\/wordpress\/plugins\/seo\/ -->\n<title>La Savina - Sant Francesc - Es Pujols | Turismo de Formentera<\/title>\n<meta name=\"robots\" content=\"index, follow, max-snippet:-1, max-image-preview:large, max-video-preview:-1\" \/>\n<link rel=\"canonical\" href=\"https:\/\/www.formentera.es\/de\/erkunden\/aktivitaeten\/gruene-routen\/la-savina-sant-francesc-es-pujols\/\" \/>\n<meta property=\"og:locale\" content=\"de_DE\" \/>\n<meta property=\"og:type\" content=\"article\" \/>\n<meta property=\"og:title\" content=\"La Savina - Sant Francesc - Es Pujols | Turismo de Formentera\" \/>\n<meta property=\"og:description\" content=\"[vc_row][vc_column width=&#8220;8\/12&#8243;][vc_column_text]Im Hafen von La Savina beginnend, ums\u00e4umt die Route die gro\u00dfe Salzlagune, die unter [&hellip;]\" \/>\n<meta property=\"og:url\" content=\"https:\/\/www.formentera.es\/de\/erkunden\/aktivitaeten\/gruene-routen\/la-savina-sant-francesc-es-pujols\/\" \/>\n<meta property=\"og:site_name\" content=\"Turismo de Formentera\" \/>\n<meta property=\"article:publisher\" content=\"https:\/\/www.facebook.com\/turismoformentera\/\" \/>\n<meta property=\"article:modified_time\" content=\"2020-04-25T08:43:55+00:00\" \/>\n<meta property=\"og:image\" content=\"https:\/\/www.formentera.es\/wp-content\/uploads\/2020\/04\/shutterstock_789778957-1.jpg\" \/>\n\t<meta property=\"og:image:width\" content=\"1600\" \/>\n\t<meta property=\"og:image:height\" content=\"1068\" \/>\n\t<meta property=\"og:image:type\" content=\"image\/jpeg\" \/>\n<meta name=\"twitter:card\" content=\"summary_large_image\" \/>\n<meta name=\"twitter:site\" content=\"@visitformentera\" \/>\n<meta name=\"twitter:label1\" content=\"Gesch\u00e4tzte Lesezeit\" \/>\n\t<meta name=\"twitter:data1\" content=\"1\u00a0Minute\" \/>\n<script type=\"application\/ld+json\" class=\"yoast-schema-graph\">{\"@context\":\"https:\/\/schema.org\",\"@graph\":[{\"@type\":\"WebPage\",\"@id\":\"https:\/\/www.formentera.es\/de\/erkunden\/aktivitaeten\/gruene-routen\/la-savina-sant-francesc-es-pujols\/\",\"url\":\"https:\/\/www.formentera.es\/de\/erkunden\/aktivitaeten\/gruene-routen\/la-savina-sant-francesc-es-pujols\/\",\"name\":\"La Savina - Sant Francesc - Es Pujols | Turismo de Formentera\",\"isPartOf\":{\"@id\":\"https:\/\/www.formentera.es\/#website\"},\"primaryImageOfPage\":{\"@id\":\"https:\/\/www.formentera.es\/de\/erkunden\/aktivitaeten\/gruene-routen\/la-savina-sant-francesc-es-pujols\/#primaryimage\"},\"image\":{\"@id\":\"https:\/\/www.formentera.es\/de\/erkunden\/aktivitaeten\/gruene-routen\/la-savina-sant-francesc-es-pujols\/#primaryimage\"},\"thumbnailUrl\":\"https:\/\/www.formentera.es\/wp-content\/uploads\/2020\/04\/shutterstock_789778957-1.jpg\",\"datePublished\":\"2020-04-13T15:02:15+00:00\",\"dateModified\":\"2020-04-25T08:43:55+00:00\",\"breadcrumb\":{\"@id\":\"https:\/\/www.formentera.es\/de\/erkunden\/aktivitaeten\/gruene-routen\/la-savina-sant-francesc-es-pujols\/#breadcrumb\"},\"inLanguage\":\"de\",\"potentialAction\":[{\"@type\":\"ReadAction\",\"target\":[\"https:\/\/www.formentera.es\/de\/erkunden\/aktivitaeten\/gruene-routen\/la-savina-sant-francesc-es-pujols\/\"]}]},{\"@type\":\"ImageObject\",\"inLanguage\":\"de\",\"@id\":\"https:\/\/www.formentera.es\/de\/erkunden\/aktivitaeten\/gruene-routen\/la-savina-sant-francesc-es-pujols\/#primaryimage\",\"url\":\"https:\/\/www.formentera.es\/wp-content\/uploads\/2020\/04\/shutterstock_789778957-1.jpg\",\"contentUrl\":\"https:\/\/www.formentera.es\/wp-content\/uploads\/2020\/04\/shutterstock_789778957-1.jpg\",\"width\":1600,\"height\":1068},{\"@type\":\"BreadcrumbList\",\"@id\":\"https:\/\/www.formentera.es\/de\/erkunden\/aktivitaeten\/gruene-routen\/la-savina-sant-francesc-es-pujols\/#breadcrumb\",\"itemListElement\":[{\"@type\":\"ListItem\",\"position\":1,\"name\":\"Portada\",\"item\":\"https:\/\/www.formentera.es\/de\/\"},{\"@type\":\"ListItem\",\"position\":2,\"name\":\"Erkunden\",\"item\":\"https:\/\/www.formentera.es\/erkunden\/\"},{\"@type\":\"ListItem\",\"position\":3,\"name\":\"Aktivit\u00e4ten\",\"item\":\"https:\/\/www.formentera.es\/de\/erkunden\/aktivitaeten\/\"},{\"@type\":\"ListItem\",\"position\":4,\"name\":\"Gr\u00fcne Routen\",\"item\":\"https:\/\/www.formentera.es\/de\/erkunden\/aktivitaeten\/gruene-routen\/\"},{\"@type\":\"ListItem\",\"position\":5,\"name\":\"La Savina &#8211; Sant Francesc &#8211; Es Pujols\"}]},{\"@type\":\"WebSite\",\"@id\":\"https:\/\/www.formentera.es\/#website\",\"url\":\"https:\/\/www.formentera.es\/\",\"name\":\"Turismo de Formentera\",\"description\":\"Web oficial de Turismo de Formentera\",\"potentialAction\":[{\"@type\":\"SearchAction\",\"target\":{\"@type\":\"EntryPoint\",\"urlTemplate\":\"https:\/\/www.formentera.es\/?s={search_term_string}\"},\"query-input\":{\"@type\":\"PropertyValueSpecification\",\"valueRequired\":true,\"valueName\":\"search_term_string\"}}],\"inLanguage\":\"de\"}]}<\/script>\n<!-- \/ Yoast SEO plugin. -->","yoast_head_json":{"title":"La Savina - Sant Francesc - Es Pujols | Turismo de Formentera","robots":{"index":"index","follow":"follow","max-snippet":"max-snippet:-1","max-image-preview":"max-image-preview:large","max-video-preview":"max-video-preview:-1"},"canonical":"https:\/\/www.formentera.es\/de\/erkunden\/aktivitaeten\/gruene-routen\/la-savina-sant-francesc-es-pujols\/","og_locale":"de_DE","og_type":"article","og_title":"La Savina - Sant Francesc - Es Pujols | Turismo de Formentera","og_description":"[vc_row][vc_column width=&#8220;8\/12&#8243;][vc_column_text]Im Hafen von La Savina beginnend, ums\u00e4umt die Route die gro\u00dfe Salzlagune, die unter [&hellip;]","og_url":"https:\/\/www.formentera.es\/de\/erkunden\/aktivitaeten\/gruene-routen\/la-savina-sant-francesc-es-pujols\/","og_site_name":"Turismo de Formentera","article_publisher":"https:\/\/www.facebook.com\/turismoformentera\/","article_modified_time":"2020-04-25T08:43:55+00:00","og_image":[{"width":1600,"height":1068,"url":"https:\/\/www.formentera.es\/wp-content\/uploads\/2020\/04\/shutterstock_789778957-1.jpg","type":"image\/jpeg"}],"twitter_card":"summary_large_image","twitter_site":"@visitformentera","twitter_misc":{"Gesch\u00e4tzte Lesezeit":"1\u00a0Minute"},"schema":{"@context":"https:\/\/schema.org","@graph":[{"@type":"WebPage","@id":"https:\/\/www.formentera.es\/de\/erkunden\/aktivitaeten\/gruene-routen\/la-savina-sant-francesc-es-pujols\/","url":"https:\/\/www.formentera.es\/de\/erkunden\/aktivitaeten\/gruene-routen\/la-savina-sant-francesc-es-pujols\/","name":"La Savina - Sant Francesc - Es Pujols | Turismo de Formentera","isPartOf":{"@id":"https:\/\/www.formentera.es\/#website"},"primaryImageOfPage":{"@id":"https:\/\/www.formentera.es\/de\/erkunden\/aktivitaeten\/gruene-routen\/la-savina-sant-francesc-es-pujols\/#primaryimage"},"image":{"@id":"https:\/\/www.formentera.es\/de\/erkunden\/aktivitaeten\/gruene-routen\/la-savina-sant-francesc-es-pujols\/#primaryimage"},"thumbnailUrl":"https:\/\/www.formentera.es\/wp-content\/uploads\/2020\/04\/shutterstock_789778957-1.jpg","datePublished":"2020-04-13T15:02:15+00:00","dateModified":"2020-04-25T08:43:55+00:00","breadcrumb":{"@id":"https:\/\/www.formentera.es\/de\/erkunden\/aktivitaeten\/gruene-routen\/la-savina-sant-francesc-es-pujols\/#breadcrumb"},"inLanguage":"de","potentialAction":[{"@type":"ReadAction","target":["https:\/\/www.formentera.es\/de\/erkunden\/aktivitaeten\/gruene-routen\/la-savina-sant-francesc-es-pujols\/"]}]},{"@type":"ImageObject","inLanguage":"de","@id":"https:\/\/www.formentera.es\/de\/erkunden\/aktivitaeten\/gruene-routen\/la-savina-sant-francesc-es-pujols\/#primaryimage","url":"https:\/\/www.formentera.es\/wp-content\/uploads\/2020\/04\/shutterstock_789778957-1.jpg","contentUrl":"https:\/\/www.formentera.es\/wp-content\/uploads\/2020\/04\/shutterstock_789778957-1.jpg","width":1600,"height":1068},{"@type":"BreadcrumbList","@id":"https:\/\/www.formentera.es\/de\/erkunden\/aktivitaeten\/gruene-routen\/la-savina-sant-francesc-es-pujols\/#breadcrumb","itemListElement":[{"@type":"ListItem","position":1,"name":"Portada","item":"https:\/\/www.formentera.es\/de\/"},{"@type":"ListItem","position":2,"name":"Erkunden","item":"https:\/\/www.formentera.es\/erkunden\/"},{"@type":"ListItem","position":3,"name":"Aktivit\u00e4ten","item":"https:\/\/www.formentera.es\/de\/erkunden\/aktivitaeten\/"},{"@type":"ListItem","position":4,"name":"Gr\u00fcne Routen","item":"https:\/\/www.formentera.es\/de\/erkunden\/aktivitaeten\/gruene-routen\/"},{"@type":"ListItem","position":5,"name":"La Savina &#8211; Sant Francesc &#8211; Es Pujols"}]},{"@type":"WebSite","@id":"https:\/\/www.formentera.es\/#website","url":"https:\/\/www.formentera.es\/","name":"Turismo de Formentera","description":"Web oficial de Turismo de Formentera","potentialAction":[{"@type":"SearchAction","target":{"@type":"EntryPoint","urlTemplate":"https:\/\/www.formentera.es\/?s={search_term_string}"},"query-input":{"@type":"PropertyValueSpecification","valueRequired":true,"valueName":"search_term_string"}}],"inLanguage":"de"}]}},"_links":{"self":[{"href":"https:\/\/www.formentera.es\/de\/wp-json\/wp\/v2\/pages\/11873","targetHints":{"allow":["GET"]}}],"collection":[{"href":"https:\/\/www.formentera.es\/de\/wp-json\/wp\/v2\/pages"}],"about":[{"href":"https:\/\/www.formentera.es\/de\/wp-json\/wp\/v2\/types\/page"}],"author":[{"embeddable":true,"href":"https:\/\/www.formentera.es\/de\/wp-json\/wp\/v2\/users\/1"}],"replies":[{"embeddable":true,"href":"https:\/\/www.formentera.es\/de\/wp-json\/wp\/v2\/comments?post=11873"}],"version-history":[{"count":0,"href":"https:\/\/www.formentera.es\/de\/wp-json\/wp\/v2\/pages\/11873\/revisions"}],"up":[{"embeddable":true,"href":"https:\/\/www.formentera.es\/de\/wp-json\/wp\/v2\/pages\/7170"}],"wp:featuredmedia":[{"embeddable":true,"href":"https:\/\/www.formentera.es\/de\/wp-json\/wp\/v2\/media\/10626"}],"wp:attachment":[{"href":"https:\/\/www.formentera.es\/de\/wp-json\/wp\/v2\/media?parent=11873"}],"wp:term":[{"taxonomy":"category","embeddable":true,"href":"https:\/\/www.formentera.es\/de\/wp-json\/wp\/v2\/categories?post=11873"}],"curies":[{"name":"wp","href":"https:\/\/api.w.org\/{rel}","templated":true}]}}