{"id":5988,"date":"2019-03-21T08:25:05","date_gmt":"2019-03-21T10:25:05","guid":{"rendered":"https:\/\/www.formentera.es\/regulacion-de-entrada-de-coches-a-formentera\/"},"modified":"2024-07-15T15:49:13","modified_gmt":"2024-07-15T13:49:13","slug":"regulacio-dentrada-de-cotxes-a-formentera","status":"publish","type":"page","link":"https:\/\/www.formentera.es\/ca\/regulacio-dentrada-de-cotxes-a-formentera\/","title":{"rendered":"Regulaci\u00f3 d&#8217;entrada de vehicles a Formentera"},"content":{"rendered":"<div class=\"wpb-content-wrapper\"><p>[vc_row full_width=&#8221;stretch_row_content_no_spaces&#8221; content_placement=&#8221;middle&#8221; css=&#8221;.vc_custom_1553165750025{background-image: url(https:\/\/www.formentera.es\/wp-content\/uploads\/2019\/03\/regulacio-vehicles-shutterstock_107516234.jpg?id=5074) !important;background-position: center !important;background-repeat: no-repeat !important;background-size: cover !important;}&#8221; el_id=&#8221;top_categoria&#8221;][vc_column][vc_column_text]<\/p>\n<h1>Regulaci\u00f3 d&#8217;entrada de vehicles a Formentera<\/h1>\n<p>[\/vc_column_text][\/vc_column][\/vc_row][vc_row el_class=&#8221;bgen&#8221;][vc_column width=&#8221;2\/3&#8243;][vc_column_text el_class=&#8221;h1&#8243;]L&#8217;any 2019 va entrar en vigor per primera vegada la proposta de regular l&#8217;entrada, circulaci\u00f3 i estacionament de vehicles a l&#8217;illa en temporada alta. Amb aquesta mesura pionera es vol salvaguardar el medi ambient i rebaixar la pressi\u00f3 als gaireb\u00e9 40 km de xarxa vi\u00e0ria de l&#8217;illa. Es tracta d&#8217;una mesura d&#8217;inter\u00e8s general, pensada perqu\u00e8 Formentera continu\u00ef sent l&#8217;illa tranquil\u00b7la que visitants i residents esperen trobar.<\/p>\n<p><a href=\"https:\/\/www.youtube.com\/watch?v=J5-uZuHRvUY\" target=\"_blank\" rel=\"noopener noreferrer\">V\u00eddeo www.formentera.eco<\/a><\/p>\n<p><strong>Quan s&#8217;aplicar\u00e0?<\/strong><br \/>\nLa norma s&#8217;aplicar\u00e0 de l&#8217;1 de juny al 30 de setembre (ambd\u00f3s inclosos).<\/p>\n<p><strong>A qui afecta?<\/strong><br \/>\nAquesta normativa afecta a residents, empreses de lloguer i vehicles de turistes i visitants.<\/p>\n<p><strong>Taxes, bonificacions i exempci\u00f3 de taxes<\/strong><br \/>\nEls vehicles que pagaran taxa seran sol els dels visitants de fora de les Illes Balears, que hauran d&#8217;abonar 6,00\u20ac\/dia per turismes amb un import m\u00ednim de 30,00\u20ac i 3,00\u20ac\/dia per motos (motocicletes i ciclomotors) amb un import m\u00ednim de 15,00\u20ac els mesos de juny i setembre. Pels mesos de juliol i agost la tarifa ser\u00e0 de 9,00\u20ac\/dia per a turismes amb un import m\u00ednim de 45,00\u20ac i 4,50\u20ac\/dia per a motos (motocicletes i ciclomotors) amb un import m\u00ednim de 22,50 \u20ac.<\/p>\n<p>Els vehicles h\u00edbrids dels visitants de fora de les illes estaran bonificats al 50% i els el\u00e8ctrics bonificats al 100%. Tampoc pagaran taxa, els residents de les Illes Balears, els propietaris d&#8217;una segona resid\u00e8ncia a l&#8217;illa, els residents a Eivissa que treballen a Formentera, els vehicles de lloguer autoritzats, els vehicles de visitants residents a Eivissa, Menorca o Mallorca i els vehicles hist\u00f2rics associats a clubs de vehicles cl\u00e0ssics.<\/p>\n<p>Tamb\u00e9 estan exemptes de pagament les Persones amb Mobilitat Redu\u00efda, els vehicles oficials, els de serveis d&#8217;inter\u00e8s p\u00fablics, els de transport de mercaderies i la maquin\u00e0ria industrial.<\/p>\n<p><strong>Com procedir?<\/strong><br \/>\nEl Consell Insular de Formentera ha creat la web <a href=\"http:\/\/www.formentera.eco\" target=\"_blank\" rel=\"noopener noreferrer\">www.formentera.eco<\/a> on tots els interessats en circular, en els mesos d&#8217;aplicaci\u00f3, hauran d&#8217;aportar les seves dades per a aconseguir l&#8217;autoritzaci\u00f3 per a circular.<\/p>\n<p><strong>Turistes i visitants<\/strong><\/p>\n<p>Els visitants podran realitzar la pre reserva en la web <a href=\"http:\/\/www.formentera.eco\" target=\"_blank\" rel=\"noopener noreferrer\">www.formentera.eco<\/a>.<\/p>\n<p>Els turistes i visitants hauran d&#8217;entrar en la p\u00e0gina web <a href=\"http:\/\/www.formentera.eco\">www.formentera.eco<\/a>, on informaran de quin dia a quin dia volen venir a Formentera i indicar el tipus de vehicle. El sistema inform\u00e0tic comprovar\u00e0 que durant el per\u00edode sol\u00b7licitat el contingent m\u00e0xim de vehicles permesos a l&#8217;illa no estigui cobert. En aquest cas, el turista haur\u00e0 de pagar la taxa corresponent. Llavors rebr\u00e0 un rebut electr\u00f2nic conforme pot circular.<\/p>\n<p><strong>Residents<\/strong><br \/>\nEls residents a Formentera podran tramitar per mitj\u00e0 d&#8217;una plataforma web una \u00fanica autoritzaci\u00f3 per a poder circular durant els mesos de la regulaci\u00f3. Els vehicles que tinguin autoritzaci\u00f3 per a aparcar en la zona blava seran inclosos per defecte en el llistat de vehicles autoritzats per circular.[\/vc_column_text][\/vc_column][vc_column width=&#8221;1\/3&#8243;][vc_wp_custommenu nav_menu=&#8221;371&#8243; title=&#8221;Planifica el teu viatge&#8221;][vc_column_text]<div id=\"sidebar_ficha\"><a class=\"sidebar_breadcrumbs\" href=\"https:\/\/www.formentera.es\/ca\/regulacio-dentrada-de-cotxes-a-formentera\/\"><i class=\"fa fa-angle-left\"><\/i>Tornar a Regulaci\u00f3 d&#8217;entrada de vehicles a Formentera<\/a><div class=\"content_sidebar\"><div class=\"bloc_share\"><div class=\"blocs1\"><div class=\"tit_medium\">Compartir <\/div><div class=\"redes_ficha\"><div class=\"fa fa-brands fa-x-twitter st-custom-button\" data-network=\"twitter\"><\/div><div class=\"fa fa-facebook st-custom-button\" data-network=\"facebook\"><\/div><div class=\"fa fa-pinterest-p st-custom-button\" data-network=\"pinterest\"><\/div><\/div><\/div><div class=\"blocs2\"><div class=\"tit_medium\">Enviar a un amic<\/div><div class=\"redes_ficha\"><div class=\"fa fa-envelope st-custom-button\" data-network=\"email\"><\/div><div class=\"fa fa-whatsapp st-custom-button\" data-network=\"whatsapp\"><\/div><\/div><\/div><\/div><\/div><\/div>[\/vc_column_text][\/vc_column][\/vc_row][vc_row][vc_column][vc_column_text]<div id=\"siguexpl\" class=\"container sc\"><h2>Segueix explorant<\/h2><div class=\"row\"><a href=\"https:\/\/www.formentera.es\/ca\/explorar\/llocs-dinteres\/\" class=\"col-md-4\">\n\t\t\t\t\t\t<div class=\"row\">\n\t\t\t\t\t\t\t<div class=\"col-sm-4\" style=\"background-image: url(https:\/\/www.formentera.es\/wp-content\/uploads\/2018\/12\/audio_16-mp3-image-300x297.png)\"><\/div>\n\t\t\t\t\t\t\t<div class=\"col-sm-8\">\n\t\t\t\t\t\t\t\tLlocs d&#8217;inter\u00e9s\n\t\t\t\t\t\t\t\t<i class=\"fa fa-angle-right\"><\/i>\n\t\t\t\t\t\t\t<\/div>\n\t\t\t\t\t\t\t<div class=\"bhover\"><\/div>\n\t\t\t\t\t\t<\/div>\n\t\t\t\t\t\t\n\t\t\t\t\t<\/a><a href=\"https:\/\/www.formentera.es\/ca\/explorar\/cultura-i-patrimoni\/\" class=\"col-md-4\">\n\t\t\t\t\t\t<div class=\"row\">\n\t\t\t\t\t\t\t<div class=\"col-sm-4\" style=\"background-image: url(https:\/\/www.formentera.es\/wp-content\/uploads\/2019\/01\/Torre-de-Sa-Gavina_Moonkoala-300x200.jpg)\"><\/div>\n\t\t\t\t\t\t\t<div class=\"col-sm-8\">\n\t\t\t\t\t\t\t\tCultura i patrimoni\n\t\t\t\t\t\t\t\t<i class=\"fa fa-angle-right\"><\/i>\n\t\t\t\t\t\t\t<\/div>\n\t\t\t\t\t\t\t<div class=\"bhover\"><\/div>\n\t\t\t\t\t\t<\/div>\n\t\t\t\t\t\t\n\t\t\t\t\t<\/a><a href=\"https:\/\/www.formentera.es\/ca\/explorar\/activitats\/\" class=\"col-md-4\">\n\t\t\t\t\t\t<div class=\"row\">\n\t\t\t\t\t\t\t<div class=\"col-sm-4\" style=\"background-image: url(https:\/\/www.formentera.es\/wp-content\/uploads\/2018\/11\/ESCUELA-MUNICIPAL-DE-VELA-4NOMADAS-jjfoto\u0300graf-16-300x207.jpg)\"><\/div>\n\t\t\t\t\t\t\t<div class=\"col-sm-8\">\n\t\t\t\t\t\t\t\tActivitats\n\t\t\t\t\t\t\t\t<i class=\"fa fa-angle-right\"><\/i>\n\t\t\t\t\t\t\t<\/div>\n\t\t\t\t\t\t\t<div class=\"bhover\"><\/div>\n\t\t\t\t\t\t<\/div>\n\t\t\t\t\t\t\n\t\t\t\t\t<\/a><\/div><\/div>[\/vc_column_text][\/vc_column][\/vc_row]<\/p>\n<\/div>","protected":false},"excerpt":{"rendered":"<p>[vc_row full_width=&#8221;stretch_row_content_no_spaces&#8221; content_placement=&#8221;middle&#8221; css=&#8221;.vc_custom_1553165750025{background-image: url(https:\/\/www.formentera.es\/wp-content\/uploads\/2019\/03\/regulacio-vehicles-shutterstock_107516234.jpg?id=5074) !important;background-position: center !important;background-repeat: no-repeat !important;background-size: cover !important;}&#8221; el_id=&#8221;top_categoria&#8221;][vc_column][vc_column_text] Regulaci\u00f3 d&#8217;entrada [&hellip;]<\/p>\n","protected":false},"author":1,"featured_media":0,"parent":0,"menu_order":0,"comment_status":"closed","ping_status":"closed","template":"page-gen.php","meta":{"_acf_changed":false,"footnotes":""},"categories":[],"class_list":["post-5988","page","type-page","status-publish","hentry"],"acf":[],"yoast_head":"<!-- This site is optimized with the Yoast SEO plugin v25.5 - https:\/\/yoast.com\/wordpress\/plugins\/seo\/ -->\n<title>Regulaci\u00f3 d&#039;entrada de vehicles a Formentera | Turismo de Formentera<\/title>\n<meta name=\"robots\" content=\"index, follow, max-snippet:-1, max-image-preview:large, max-video-preview:-1\" \/>\n<link rel=\"canonical\" href=\"https:\/\/www.formentera.es\/ca\/regulacio-dentrada-de-cotxes-a-formentera\/\" \/>\n<meta property=\"og:locale\" content=\"ca_ES\" \/>\n<meta property=\"og:type\" content=\"article\" \/>\n<meta property=\"og:title\" content=\"Regulaci\u00f3 d&#039;entrada de vehicles a Formentera | Turismo de Formentera\" \/>\n<meta property=\"og:description\" content=\"[vc_row full_width=&#8221;stretch_row_content_no_spaces&#8221; content_placement=&#8221;middle&#8221; css=&#8221;.vc_custom_1553165750025{background-image: url(https:\/\/www.formentera.es\/wp-content\/uploads\/2019\/03\/regulacio-vehicles-shutterstock_107516234.jpg?id=5074) !important;background-position: center !important;background-repeat: no-repeat !important;background-size: cover !important;}&#8221; el_id=&#8221;top_categoria&#8221;][vc_column][vc_column_text] Regulaci\u00f3 d&#8217;entrada [&hellip;]\" \/>\n<meta property=\"og:url\" content=\"https:\/\/www.formentera.es\/ca\/regulacio-dentrada-de-cotxes-a-formentera\/\" \/>\n<meta property=\"og:site_name\" content=\"Turismo de Formentera\" \/>\n<meta property=\"article:publisher\" content=\"https:\/\/www.facebook.com\/turismoformentera\/\" \/>\n<meta property=\"article:modified_time\" content=\"2024-07-15T13:49:13+00:00\" \/>\n<meta name=\"twitter:card\" content=\"summary_large_image\" \/>\n<meta name=\"twitter:site\" content=\"@visitformentera\" \/>\n<meta name=\"twitter:label1\" content=\"Temps estimat de lectura\" \/>\n\t<meta name=\"twitter:data1\" content=\"3 minuts\" \/>\n<script type=\"application\/ld+json\" class=\"yoast-schema-graph\">{\"@context\":\"https:\/\/schema.org\",\"@graph\":[{\"@type\":\"WebPage\",\"@id\":\"https:\/\/www.formentera.es\/ca\/regulacio-dentrada-de-cotxes-a-formentera\/\",\"url\":\"https:\/\/www.formentera.es\/ca\/regulacio-dentrada-de-cotxes-a-formentera\/\",\"name\":\"Regulaci\u00f3 d'entrada de vehicles a Formentera | Turismo de Formentera\",\"isPartOf\":{\"@id\":\"https:\/\/www.formentera.es\/#website\"},\"datePublished\":\"2019-03-21T10:25:05+00:00\",\"dateModified\":\"2024-07-15T13:49:13+00:00\",\"breadcrumb\":{\"@id\":\"https:\/\/www.formentera.es\/ca\/regulacio-dentrada-de-cotxes-a-formentera\/#breadcrumb\"},\"inLanguage\":\"ca\",\"potentialAction\":[{\"@type\":\"ReadAction\",\"target\":[\"https:\/\/www.formentera.es\/ca\/regulacio-dentrada-de-cotxes-a-formentera\/\"]}]},{\"@type\":\"BreadcrumbList\",\"@id\":\"https:\/\/www.formentera.es\/ca\/regulacio-dentrada-de-cotxes-a-formentera\/#breadcrumb\",\"itemListElement\":[{\"@type\":\"ListItem\",\"position\":1,\"name\":\"Portada\",\"item\":\"https:\/\/www.formentera.es\/ca\/\"},{\"@type\":\"ListItem\",\"position\":2,\"name\":\"Regulaci\u00f3 d&#8217;entrada de vehicles a Formentera\"}]},{\"@type\":\"WebSite\",\"@id\":\"https:\/\/www.formentera.es\/#website\",\"url\":\"https:\/\/www.formentera.es\/\",\"name\":\"Turismo de Formentera\",\"description\":\"Web oficial de Turismo de Formentera\",\"potentialAction\":[{\"@type\":\"SearchAction\",\"target\":{\"@type\":\"EntryPoint\",\"urlTemplate\":\"https:\/\/www.formentera.es\/?s={search_term_string}\"},\"query-input\":{\"@type\":\"PropertyValueSpecification\",\"valueRequired\":true,\"valueName\":\"search_term_string\"}}],\"inLanguage\":\"ca\"}]}<\/script>\n<!-- \/ Yoast SEO plugin. -->","yoast_head_json":{"title":"Regulaci\u00f3 d'entrada de vehicles a Formentera | Turismo de Formentera","robots":{"index":"index","follow":"follow","max-snippet":"max-snippet:-1","max-image-preview":"max-image-preview:large","max-video-preview":"max-video-preview:-1"},"canonical":"https:\/\/www.formentera.es\/ca\/regulacio-dentrada-de-cotxes-a-formentera\/","og_locale":"ca_ES","og_type":"article","og_title":"Regulaci\u00f3 d'entrada de vehicles a Formentera | Turismo de Formentera","og_description":"[vc_row full_width=&#8221;stretch_row_content_no_spaces&#8221; content_placement=&#8221;middle&#8221; css=&#8221;.vc_custom_1553165750025{background-image: url(https:\/\/www.formentera.es\/wp-content\/uploads\/2019\/03\/regulacio-vehicles-shutterstock_107516234.jpg?id=5074) !important;background-position: center !important;background-repeat: no-repeat !important;background-size: cover !important;}&#8221; el_id=&#8221;top_categoria&#8221;][vc_column][vc_column_text] Regulaci\u00f3 d&#8217;entrada [&hellip;]","og_url":"https:\/\/www.formentera.es\/ca\/regulacio-dentrada-de-cotxes-a-formentera\/","og_site_name":"Turismo de Formentera","article_publisher":"https:\/\/www.facebook.com\/turismoformentera\/","article_modified_time":"2024-07-15T13:49:13+00:00","twitter_card":"summary_large_image","twitter_site":"@visitformentera","twitter_misc":{"Temps estimat de lectura":"3 minuts"},"schema":{"@context":"https:\/\/schema.org","@graph":[{"@type":"WebPage","@id":"https:\/\/www.formentera.es\/ca\/regulacio-dentrada-de-cotxes-a-formentera\/","url":"https:\/\/www.formentera.es\/ca\/regulacio-dentrada-de-cotxes-a-formentera\/","name":"Regulaci\u00f3 d'entrada de vehicles a Formentera | Turismo de Formentera","isPartOf":{"@id":"https:\/\/www.formentera.es\/#website"},"datePublished":"2019-03-21T10:25:05+00:00","dateModified":"2024-07-15T13:49:13+00:00","breadcrumb":{"@id":"https:\/\/www.formentera.es\/ca\/regulacio-dentrada-de-cotxes-a-formentera\/#breadcrumb"},"inLanguage":"ca","potentialAction":[{"@type":"ReadAction","target":["https:\/\/www.formentera.es\/ca\/regulacio-dentrada-de-cotxes-a-formentera\/"]}]},{"@type":"BreadcrumbList","@id":"https:\/\/www.formentera.es\/ca\/regulacio-dentrada-de-cotxes-a-formentera\/#breadcrumb","itemListElement":[{"@type":"ListItem","position":1,"name":"Portada","item":"https:\/\/www.formentera.es\/ca\/"},{"@type":"ListItem","position":2,"name":"Regulaci\u00f3 d&#8217;entrada de vehicles a Formentera"}]},{"@type":"WebSite","@id":"https:\/\/www.formentera.es\/#website","url":"https:\/\/www.formentera.es\/","name":"Turismo de Formentera","description":"Web oficial de Turismo de Formentera","potentialAction":[{"@type":"SearchAction","target":{"@type":"EntryPoint","urlTemplate":"https:\/\/www.formentera.es\/?s={search_term_string}"},"query-input":{"@type":"PropertyValueSpecification","valueRequired":true,"valueName":"search_term_string"}}],"inLanguage":"ca"}]}},"_links":{"self":[{"href":"https:\/\/www.formentera.es\/ca\/wp-json\/wp\/v2\/pages\/5988","targetHints":{"allow":["GET"]}}],"collection":[{"href":"https:\/\/www.formentera.es\/ca\/wp-json\/wp\/v2\/pages"}],"about":[{"href":"https:\/\/www.formentera.es\/ca\/wp-json\/wp\/v2\/types\/page"}],"author":[{"embeddable":true,"href":"https:\/\/www.formentera.es\/ca\/wp-json\/wp\/v2\/users\/1"}],"replies":[{"embeddable":true,"href":"https:\/\/www.formentera.es\/ca\/wp-json\/wp\/v2\/comments?post=5988"}],"version-history":[{"count":0,"href":"https:\/\/www.formentera.es\/ca\/wp-json\/wp\/v2\/pages\/5988\/revisions"}],"wp:attachment":[{"href":"https:\/\/www.formentera.es\/ca\/wp-json\/wp\/v2\/media?parent=5988"}],"wp:term":[{"taxonomy":"category","embeddable":true,"href":"https:\/\/www.formentera.es\/ca\/wp-json\/wp\/v2\/categories?post=5988"}],"curies":[{"name":"wp","href":"https:\/\/api.w.org\/{rel}","templated":true}]}}