{"id":2514,"date":"2018-12-12T07:43:42","date_gmt":"2018-12-12T09:43:42","guid":{"rendered":"https:\/\/www.formentera.es\/planifica-el-viatge\/audioguias\/"},"modified":"2022-04-20T12:27:58","modified_gmt":"2022-04-20T10:27:58","slug":"audioguies","status":"publish","type":"page","link":"https:\/\/www.formentera.es\/ca\/planifica-el-viatge\/audioguies\/","title":{"rendered":"Audioguies"},"content":{"rendered":"<div class=\"wpb-content-wrapper\"><p>[vc_row css=&#8221;.vc_custom_1547571073394{padding-top: 40px !important;}&#8221;][vc_column alignment=&#8221;center&#8221;][vc_custom_heading source=&#8221;post_title&#8221; font_container=&#8221;tag:h1|text_align:center|color:%232e3a6e&#8221; use_theme_fonts=&#8221;yes&#8221;][vc_column_text el_class=&#8221;subtexto&#8221;]<span class=\"tlid-translation translation\"><span title=\"\">A les oficines de<\/span> <span title=\"\">turisme<\/span> <span title=\"\">de Formentera<\/span> <span title=\"\">es<\/span> <span title=\"\">troben<\/span> <strong><span title=\"\">Audioguies<\/span><\/strong> <span title=\"\">a disposici\u00f3 dels<\/span> <span title=\"\">visitants que<\/span> <span class=\"\" title=\"\">desitgin con\u00e8ixer<\/span> <span title=\"\">el patrimoni<\/span> <span title=\"\">de l&#8217;illa<\/span> <span title=\"\">en suport<\/span> <span class=\"\" title=\"\">guiat.<\/span><\/span>[\/vc_column_text][\/vc_column][\/vc_row][vc_row full_width=&#8221;stretch_row_content&#8221; gap=&#8221;20&#8243; equal_height=&#8221;yes&#8221; el_class=&#8221;audioguias descargas&#8221;][vc_column width=&#8221;1\/4&#8243;][vc_single_image image=&#8221;1432&#8243; img_size=&#8221;full&#8221; alignment=&#8221;center&#8221;][vc_column_text el_class=&#8221;box_audio&#8221;]<\/p>\n<!--[if lt IE 9]><script>document.createElement('audio');<\/script><![endif]-->\n<audio class=\"wp-audio-shortcode\" id=\"audio-2514-1\" preload=\"none\" style=\"width: 100%;\" controls=\"controls\"><source type=\"audio\/mpeg\" src=\"https:\/\/www.formentera.es\/wp-content\/uploads\/2019\/01\/CAT-1.mp3?_=1\" \/><a href=\"https:\/\/www.formentera.es\/wp-content\/uploads\/2019\/01\/CAT-1.mp3\">https:\/\/www.formentera.es\/wp-content\/uploads\/2019\/01\/CAT-1.mp3<\/a><\/audio>\n<p>[\/vc_column_text][vc_column_text]<\/p>\n<h3>1. Introducci\u00f3<\/h3>\n<p>[\/vc_column_text][vc_message message_box_style=&#8221;outline&#8221; style=&#8221;square&#8221; message_box_color=&#8221;white&#8221; icon_fontawesome=&#8221;fa fa-arrow-circle-o-down&#8221;]<a href=\"https:\/\/www.formentera.es\/wp-content\/uploads\/2019\/01\/CAT-1.mp3\" target=\"_blank\" rel=\"noopener noreferrer\" download=\"Audio1\">Descarregar \u00e0udio<\/a>[\/vc_message][\/vc_column][vc_column width=&#8221;1\/4&#8243;][vc_single_image image=&#8221;1435&#8243; img_size=&#8221;full&#8221; alignment=&#8221;center&#8221;][vc_column_text el_class=&#8221;box_audio&#8221;]<\/p>\n<audio class=\"wp-audio-shortcode\" id=\"audio-2514-2\" preload=\"none\" style=\"width: 100%;\" controls=\"controls\"><source type=\"audio\/mpeg\" src=\"https:\/\/www.formentera.es\/wp-content\/uploads\/2019\/01\/CAT-2.mp3?_=2\" \/><a href=\"https:\/\/www.formentera.es\/wp-content\/uploads\/2019\/01\/CAT-2.mp3\">https:\/\/www.formentera.es\/wp-content\/uploads\/2019\/01\/CAT-2.mp3<\/a><\/audio>\n<p>[\/vc_column_text][vc_column_text]<\/p>\n<h3>2. <span class=\"tlid-translation translation\"><span title=\"\">Descripci\u00f3<\/span> <span class=\"\" title=\"\">de ruta<\/span><\/span><\/h3>\n<p>[\/vc_column_text][vc_message message_box_style=&#8221;outline&#8221; style=&#8221;square&#8221; message_box_color=&#8221;white&#8221; icon_fontawesome=&#8221;fa fa-arrow-circle-o-down&#8221;]<a href=\"https:\/\/www.formentera.es\/wp-content\/uploads\/2019\/01\/CAT-2.mp3\" target=\"_blank\" rel=\"noopener noreferrer\" download=\"Audio2\">Descarregar \u00e0udio<\/a>[\/vc_message][\/vc_column][vc_column width=&#8221;1\/4&#8243;][vc_single_image image=&#8221;1437&#8243; img_size=&#8221;full&#8221; alignment=&#8221;center&#8221;][vc_column_text el_class=&#8221;box_audio&#8221;]<\/p>\n<audio class=\"wp-audio-shortcode\" id=\"audio-2514-3\" preload=\"none\" style=\"width: 100%;\" controls=\"controls\"><source type=\"audio\/mpeg\" src=\"https:\/\/www.formentera.es\/wp-content\/uploads\/2019\/01\/CAT-3.mp3?_=3\" \/><a href=\"https:\/\/www.formentera.es\/wp-content\/uploads\/2019\/01\/CAT-3.mp3\">https:\/\/www.formentera.es\/wp-content\/uploads\/2019\/01\/CAT-3.mp3<\/a><\/audio>\n<p>[\/vc_column_text][vc_column_text]<\/p>\n<h3>3. <span class=\"tlid-translation translation\"><span class=\"\" title=\"\">De cam\u00ed a<\/span> <span class=\"\" title=\"\">algun<\/span> <span class=\"\" title=\"\">lloc, la<\/span> <span class=\"\" title=\"\">hist\u00f2ria<\/span> <span class=\"\" title=\"\">de l&#8217;illa<\/span><\/span><\/h3>\n<p>[\/vc_column_text][vc_message message_box_style=&#8221;outline&#8221; style=&#8221;square&#8221; message_box_color=&#8221;white&#8221; icon_fontawesome=&#8221;fa fa-arrow-circle-o-down&#8221;]<a href=\"https:\/\/www.formentera.es\/wp-content\/uploads\/2019\/01\/CAT-3.mp3\" target=\"_blank\" rel=\"noopener noreferrer\" download=\"Audio3\">Descarregar \u00e0udio<\/a>[\/vc_message][\/vc_column][vc_column width=&#8221;1\/4&#8243;][vc_single_image image=&#8221;1439&#8243; img_size=&#8221;full&#8221; alignment=&#8221;center&#8221;][vc_column_text el_class=&#8221;box_audio&#8221;]<\/p>\n<audio class=\"wp-audio-shortcode\" id=\"audio-2514-4\" preload=\"none\" style=\"width: 100%;\" controls=\"controls\"><source type=\"audio\/mpeg\" src=\"https:\/\/www.formentera.es\/wp-content\/uploads\/2019\/01\/CAT-4.mp3?_=4\" \/><a href=\"https:\/\/www.formentera.es\/wp-content\/uploads\/2019\/01\/CAT-4.mp3\">https:\/\/www.formentera.es\/wp-content\/uploads\/2019\/01\/CAT-4.mp3<\/a><\/audio>\n<p>[\/vc_column_text][vc_column_text]<\/p>\n<h3>4. Es mirador<\/h3>\n<p>[\/vc_column_text][vc_message message_box_style=&#8221;outline&#8221; style=&#8221;square&#8221; message_box_color=&#8221;white&#8221; icon_fontawesome=&#8221;fa fa-arrow-circle-o-down&#8221;]<a href=\"https:\/\/www.formentera.es\/wp-content\/uploads\/2019\/01\/CAT-4.mp3\" target=\"_blank\" rel=\"noopener noreferrer\" download=\"Audio4\">Descarregar \u00e0udio<\/a>[\/vc_message][\/vc_column][\/vc_row][vc_row full_width=&#8221;stretch_row_content&#8221; gap=&#8221;20&#8243; equal_height=&#8221;yes&#8221; el_class=&#8221;audioguias descargas&#8221;][vc_column width=&#8221;1\/4&#8243;][vc_single_image image=&#8221;1441&#8243; img_size=&#8221;full&#8221; alignment=&#8221;center&#8221;][vc_column_text el_class=&#8221;box_audio&#8221;]<\/p>\n<audio class=\"wp-audio-shortcode\" id=\"audio-2514-5\" preload=\"none\" style=\"width: 100%;\" controls=\"controls\"><source type=\"audio\/mpeg\" src=\"https:\/\/www.formentera.es\/wp-content\/uploads\/2019\/01\/CAT-5.mp3?_=5\" \/><a href=\"https:\/\/www.formentera.es\/wp-content\/uploads\/2019\/01\/CAT-5.mp3\">https:\/\/www.formentera.es\/wp-content\/uploads\/2019\/01\/CAT-5.mp3<\/a><\/audio>\n<p>[\/vc_column_text][vc_column_text]<\/p>\n<h3>5. El pilar de la Mola. Mercat Hippie. Artesania i hist\u00f2ria<\/h3>\n<p>[\/vc_column_text][vc_message message_box_style=&#8221;outline&#8221; style=&#8221;square&#8221; message_box_color=&#8221;white&#8221; icon_fontawesome=&#8221;fa fa-arrow-circle-o-down&#8221;]<a href=\"https:\/\/www.formentera.es\/wp-content\/uploads\/2019\/01\/CAT-5.mp3\" target=\"_blank\" rel=\"noopener noreferrer\" download=\"Audio5\">Descarregar \u00e0udio<\/a>[\/vc_message][\/vc_column][vc_column width=&#8221;1\/4&#8243;][vc_single_image image=&#8221;1443&#8243; img_size=&#8221;full&#8221; alignment=&#8221;center&#8221;][vc_column_text el_class=&#8221;box_audio&#8221;]<\/p>\n<audio class=\"wp-audio-shortcode\" id=\"audio-2514-6\" preload=\"none\" style=\"width: 100%;\" controls=\"controls\"><source type=\"audio\/mpeg\" src=\"https:\/\/www.formentera.es\/wp-content\/uploads\/2019\/01\/CAT-6.mp3?_=6\" \/><a href=\"https:\/\/www.formentera.es\/wp-content\/uploads\/2019\/01\/CAT-6.mp3\">https:\/\/www.formentera.es\/wp-content\/uploads\/2019\/01\/CAT-6.mp3<\/a><\/audio>\n<p>[\/vc_column_text][vc_column_text]<\/p>\n<h3>6. Far de la Mola<\/h3>\n<p>[\/vc_column_text][vc_message message_box_style=&#8221;outline&#8221; style=&#8221;square&#8221; message_box_color=&#8221;white&#8221; icon_fontawesome=&#8221;fa fa-arrow-circle-o-down&#8221;]<a href=\"https:\/\/www.formentera.es\/wp-content\/uploads\/2019\/01\/CAT-6.mp3\" target=\"_blank\" rel=\"noopener noreferrer\" download=\"Audio6\">Descarregar \u00e0udio<\/a>[\/vc_message][\/vc_column][vc_column width=&#8221;1\/4&#8243;][vc_single_image image=&#8221;1445&#8243; img_size=&#8221;full&#8221; alignment=&#8221;center&#8221;][vc_column_text el_class=&#8221;box_audio&#8221;]<\/p>\n<audio class=\"wp-audio-shortcode\" id=\"audio-2514-7\" preload=\"none\" style=\"width: 100%;\" controls=\"controls\"><source type=\"audio\/mpeg\" src=\"https:\/\/www.formentera.es\/wp-content\/uploads\/2018\/12\/audio_7.mp3?_=7\" \/><a href=\"https:\/\/www.formentera.es\/wp-content\/uploads\/2018\/12\/audio_7.mp3\">https:\/\/www.formentera.es\/wp-content\/uploads\/2018\/12\/audio_7.mp3<\/a><\/audio>\n<p>[\/vc_column_text][vc_column_text]<\/p>\n<h3>7. Mol\u00ed de la Mola<\/h3>\n<p>[\/vc_column_text][vc_message message_box_style=&#8221;outline&#8221; style=&#8221;square&#8221; message_box_color=&#8221;white&#8221; icon_fontawesome=&#8221;fa fa-arrow-circle-o-down&#8221;]<a href=\"https:\/\/www.formentera.es\/wp-content\/uploads\/2018\/12\/audio_7.mp3\" target=\"_blank\" rel=\"noopener noreferrer\" download=\"Audio7\">Descarregar \u00e0udio<\/a>[\/vc_message][\/vc_column][vc_column width=&#8221;1\/4&#8243;][vc_single_image image=&#8221;1447&#8243; img_size=&#8221;full&#8221; alignment=&#8221;center&#8221;][vc_column_text el_class=&#8221;box_audio&#8221;]<\/p>\n<audio class=\"wp-audio-shortcode\" id=\"audio-2514-8\" preload=\"none\" style=\"width: 100%;\" controls=\"controls\"><source type=\"audio\/mpeg\" src=\"https:\/\/www.formentera.es\/wp-content\/uploads\/2019\/01\/CAT-8.mp3?_=8\" \/><a href=\"https:\/\/www.formentera.es\/wp-content\/uploads\/2019\/01\/CAT-8.mp3\">https:\/\/www.formentera.es\/wp-content\/uploads\/2019\/01\/CAT-8.mp3<\/a><\/audio>\n<p>[\/vc_column_text][vc_column_text]<\/p>\n<h3>8. Gastronomia. Plats y productes<\/h3>\n<p>[\/vc_column_text][vc_message message_box_style=&#8221;outline&#8221; style=&#8221;square&#8221; message_box_color=&#8221;white&#8221; icon_fontawesome=&#8221;fa fa-arrow-circle-o-down&#8221;]<a href=\"https:\/\/www.formentera.es\/wp-content\/uploads\/2019\/01\/CAT-8.mp3\" target=\"_blank\" rel=\"noopener noreferrer\" download=\"Audio8\">Descarregar \u00e0udio<\/a>[\/vc_message][\/vc_column][\/vc_row][vc_row full_width=&#8221;stretch_row_content&#8221; gap=&#8221;20&#8243; equal_height=&#8221;yes&#8221; el_class=&#8221;audioguias descargas&#8221;][vc_column width=&#8221;1\/4&#8243;][vc_single_image image=&#8221;1449&#8243; img_size=&#8221;full&#8221; alignment=&#8221;center&#8221;][vc_column_text el_class=&#8221;box_audio&#8221;]<\/p>\n<audio class=\"wp-audio-shortcode\" id=\"audio-2514-9\" preload=\"none\" style=\"width: 100%;\" controls=\"controls\"><source type=\"audio\/mpeg\" src=\"https:\/\/www.formentera.es\/wp-content\/uploads\/2019\/01\/CAT-9.mp3?_=9\" \/><a href=\"https:\/\/www.formentera.es\/wp-content\/uploads\/2019\/01\/CAT-9.mp3\">https:\/\/www.formentera.es\/wp-content\/uploads\/2019\/01\/CAT-9.mp3<\/a><\/audio>\n<p>[\/vc_column_text][vc_column_text]<\/p>\n<h3>9. <em>Castellum<\/em> Rom\u00e0 de Can Blai<\/h3>\n<p>[\/vc_column_text][vc_message message_box_style=&#8221;outline&#8221; style=&#8221;square&#8221; message_box_color=&#8221;white&#8221; icon_fontawesome=&#8221;fa fa-arrow-circle-o-down&#8221;]<a href=\"https:\/\/www.formentera.es\/wp-content\/uploads\/2019\/01\/CAT-9.mp3\" target=\"_blank\" rel=\"noopener noreferrer\" download=\"Audio9\">Descarregar \u00e0udio<\/a>[\/vc_message][\/vc_column][vc_column width=&#8221;1\/4&#8243;][vc_single_image image=&#8221;1451&#8243; img_size=&#8221;full&#8221; alignment=&#8221;center&#8221;][vc_column_text el_class=&#8221;box_audio&#8221;]<\/p>\n<audio class=\"wp-audio-shortcode\" id=\"audio-2514-10\" preload=\"none\" style=\"width: 100%;\" controls=\"controls\"><source type=\"audio\/mpeg\" src=\"https:\/\/www.formentera.es\/wp-content\/uploads\/2019\/01\/CAT-10.mp3?_=10\" \/><a href=\"https:\/\/www.formentera.es\/wp-content\/uploads\/2019\/01\/CAT-10.mp3\">https:\/\/www.formentera.es\/wp-content\/uploads\/2019\/01\/CAT-10.mp3<\/a><\/audio>\n<p>[\/vc_column_text][vc_column_text]<\/p>\n<h3>10. La platja de Migjorn<\/h3>\n<p>[\/vc_column_text][vc_message message_box_style=&#8221;outline&#8221; style=&#8221;square&#8221; message_box_color=&#8221;white&#8221; icon_fontawesome=&#8221;fa fa-arrow-circle-o-down&#8221;]<a href=\"https:\/\/www.formentera.es\/wp-content\/uploads\/2019\/01\/CAT-10.mp3\" target=\"_blank\" rel=\"noopener noreferrer\" download=\"Audio10\">Descarregar \u00e0udio<\/a>[\/vc_message][\/vc_column][vc_column width=&#8221;1\/4&#8243;][vc_single_image image=&#8221;1453&#8243; img_size=&#8221;full&#8221; alignment=&#8221;center&#8221;][vc_column_text el_class=&#8221;box_audio&#8221;]<\/p>\n<audio class=\"wp-audio-shortcode\" id=\"audio-2514-11\" preload=\"none\" style=\"width: 100%;\" controls=\"controls\"><source type=\"audio\/mpeg\" src=\"https:\/\/www.formentera.es\/wp-content\/uploads\/2019\/01\/CAT-11.mp3?_=11\" \/><a href=\"https:\/\/www.formentera.es\/wp-content\/uploads\/2019\/01\/CAT-11.mp3\">https:\/\/www.formentera.es\/wp-content\/uploads\/2019\/01\/CAT-11.mp3<\/a><\/audio>\n<p>[\/vc_column_text][vc_column_text]<\/p>\n<h3>11. Sant Ferran i el moviment Hippie<\/h3>\n<p>[\/vc_column_text][vc_message message_box_style=&#8221;outline&#8221; style=&#8221;square&#8221; message_box_color=&#8221;white&#8221; icon_fontawesome=&#8221;fa fa-arrow-circle-o-down&#8221;]<a href=\"https:\/\/www.formentera.es\/wp-content\/uploads\/2019\/01\/CAT-11.mp3\" target=\"_blank\" rel=\"noopener noreferrer\" download=\"Audio11\">Descarregar \u00e0udio<\/a>[\/vc_message][\/vc_column][vc_column width=&#8221;1\/4&#8243;][vc_single_image image=&#8221;1455&#8243; img_size=&#8221;full&#8221; alignment=&#8221;center&#8221;][vc_column_text el_class=&#8221;box_audio&#8221;]<\/p>\n<audio class=\"wp-audio-shortcode\" id=\"audio-2514-12\" preload=\"none\" style=\"width: 100%;\" controls=\"controls\"><source type=\"audio\/mpeg\" src=\"https:\/\/www.formentera.es\/wp-content\/uploads\/2019\/01\/CAT-12.mp3?_=12\" \/><a href=\"https:\/\/www.formentera.es\/wp-content\/uploads\/2019\/01\/CAT-12.mp3\">https:\/\/www.formentera.es\/wp-content\/uploads\/2019\/01\/CAT-12.mp3<\/a><\/audio>\n<p>[\/vc_column_text][vc_column_text]<\/p>\n<h3>12. Sant Francesc Xavier<\/h3>\n<p>[\/vc_column_text][vc_message message_box_style=&#8221;outline&#8221; style=&#8221;square&#8221; message_box_color=&#8221;white&#8221; icon_fontawesome=&#8221;fa fa-arrow-circle-o-down&#8221;]<a href=\"https:\/\/www.formentera.es\/wp-content\/uploads\/2019\/01\/CAT-12.mp3\" target=\"_blank\" rel=\"noopener noreferrer\" download=\"Audio12\">Descarregar \u00e0udio<\/a>[\/vc_message][\/vc_column][\/vc_row][vc_row full_width=&#8221;stretch_row_content&#8221; gap=&#8221;20&#8243; equal_height=&#8221;yes&#8221; el_class=&#8221;audioguias descargas&#8221;][vc_column width=&#8221;1\/4&#8243;][vc_single_image image=&#8221;1457&#8243; img_size=&#8221;full&#8221; alignment=&#8221;center&#8221;][vc_column_text el_class=&#8221;box_audio&#8221;]<\/p>\n<audio class=\"wp-audio-shortcode\" id=\"audio-2514-13\" preload=\"none\" style=\"width: 100%;\" controls=\"controls\"><source type=\"audio\/mpeg\" src=\"https:\/\/www.formentera.es\/wp-content\/uploads\/2019\/01\/CAT-13.mp3?_=13\" \/><a href=\"https:\/\/www.formentera.es\/wp-content\/uploads\/2019\/01\/CAT-13.mp3\">https:\/\/www.formentera.es\/wp-content\/uploads\/2019\/01\/CAT-13.mp3<\/a><\/audio>\n<p>[\/vc_column_text][vc_column_text]<\/p>\n<h3>13. Festes<\/h3>\n<p>[\/vc_column_text][vc_message message_box_style=&#8221;outline&#8221; style=&#8221;square&#8221; message_box_color=&#8221;white&#8221; icon_fontawesome=&#8221;fa fa-arrow-circle-o-down&#8221;]<a href=\"https:\/\/www.formentera.es\/wp-content\/uploads\/2019\/01\/CAT-13.mp3\" target=\"_blank\" rel=\"noopener noreferrer\" download=\"Audio13\">Descarregar \u00e0udio<\/a>[\/vc_message][\/vc_column][vc_column width=&#8221;1\/4&#8243;][vc_single_image image=&#8221;1459&#8243; img_size=&#8221;full&#8221; alignment=&#8221;center&#8221;][vc_column_text el_class=&#8221;box_audio&#8221;]<\/p>\n<audio class=\"wp-audio-shortcode\" id=\"audio-2514-14\" preload=\"none\" style=\"width: 100%;\" controls=\"controls\"><source type=\"audio\/mpeg\" src=\"https:\/\/www.formentera.es\/wp-content\/uploads\/2019\/01\/CAT-14.mp3?_=14\" \/><a href=\"https:\/\/www.formentera.es\/wp-content\/uploads\/2019\/01\/CAT-14.mp3\">https:\/\/www.formentera.es\/wp-content\/uploads\/2019\/01\/CAT-14.mp3<\/a><\/audio>\n<p>[\/vc_column_text][vc_column_text]<\/p>\n<h3>14. Esgl\u00e9sia i pla\u00e7a de l&#8217;ajuntament<\/h3>\n<p>[\/vc_column_text][vc_message message_box_style=&#8221;outline&#8221; style=&#8221;square&#8221; message_box_color=&#8221;white&#8221; icon_fontawesome=&#8221;fa fa-arrow-circle-o-down&#8221;]<a href=\"https:\/\/www.formentera.es\/wp-content\/uploads\/2019\/01\/CAT-14.mp3\" target=\"_blank\" rel=\"noopener noreferrer\" download=\"Audio14\">Descarregar \u00e0udio<\/a>[\/vc_message][\/vc_column][vc_column width=&#8221;1\/4&#8243;][vc_single_image image=&#8221;1461&#8243; img_size=&#8221;full&#8221; alignment=&#8221;center&#8221;][vc_column_text el_class=&#8221;box_audio&#8221;]<\/p>\n<audio class=\"wp-audio-shortcode\" id=\"audio-2514-15\" preload=\"none\" style=\"width: 100%;\" controls=\"controls\"><source type=\"audio\/mpeg\" src=\"https:\/\/www.formentera.es\/wp-content\/uploads\/2019\/01\/CAT-15.mp3?_=15\" \/><a href=\"https:\/\/www.formentera.es\/wp-content\/uploads\/2019\/01\/CAT-15.mp3\">https:\/\/www.formentera.es\/wp-content\/uploads\/2019\/01\/CAT-15.mp3<\/a><\/audio>\n<p>[\/vc_column_text][vc_column_text]<\/p>\n<h3>15. Museu d&#8217;Etnografia de Formentera<\/h3>\n<p>[\/vc_column_text][vc_message message_box_style=&#8221;outline&#8221; style=&#8221;square&#8221; message_box_color=&#8221;white&#8221; icon_fontawesome=&#8221;fa fa-arrow-circle-o-down&#8221;]<a href=\"https:\/\/www.formentera.es\/wp-content\/uploads\/2019\/01\/CAT-15.mp3\" target=\"_blank\" rel=\"noopener noreferrer\" download=\"Audio15\">Descarregar \u00e0udio<\/a>[\/vc_message][\/vc_column][vc_column width=&#8221;1\/4&#8243;][vc_single_image image=&#8221;1463&#8243; img_size=&#8221;full&#8221; alignment=&#8221;center&#8221;][vc_column_text el_class=&#8221;box_audio&#8221;]<\/p>\n<audio class=\"wp-audio-shortcode\" id=\"audio-2514-16\" preload=\"none\" style=\"width: 100%;\" controls=\"controls\"><source type=\"audio\/mpeg\" src=\"https:\/\/www.formentera.es\/wp-content\/uploads\/2019\/01\/CAT-16.mp3?_=16\" \/><a href=\"https:\/\/www.formentera.es\/wp-content\/uploads\/2019\/01\/CAT-16.mp3\">https:\/\/www.formentera.es\/wp-content\/uploads\/2019\/01\/CAT-16.mp3<\/a><\/audio>\n<p>[\/vc_column_text][vc_column_text]<\/p>\n<h3>16. De cami al Far de Cap de Barbaria<\/h3>\n<p>[\/vc_column_text][vc_message message_box_style=&#8221;outline&#8221; style=&#8221;square&#8221; message_box_color=&#8221;white&#8221; icon_fontawesome=&#8221;fa fa-arrow-circle-o-down&#8221;]<a href=\"https:\/\/www.formentera.es\/wp-content\/uploads\/2019\/01\/CAT-16.mp3\" target=\"_blank\" rel=\"noopener noreferrer\" download=\"Audio16\">Descarregar \u00e0udio<\/a>[\/vc_message][\/vc_column][\/vc_row][vc_row full_width=&#8221;stretch_row_content&#8221; gap=&#8221;20&#8243; equal_height=&#8221;yes&#8221; el_class=&#8221;audioguias descargas&#8221;][vc_column width=&#8221;1\/4&#8243;][vc_single_image image=&#8221;1465&#8243; img_size=&#8221;full&#8221; alignment=&#8221;center&#8221;][vc_column_text el_class=&#8221;box_audio&#8221;]<\/p>\n<audio class=\"wp-audio-shortcode\" id=\"audio-2514-17\" preload=\"none\" style=\"width: 100%;\" controls=\"controls\"><source type=\"audio\/mpeg\" src=\"https:\/\/www.formentera.es\/wp-content\/uploads\/2019\/01\/CAT-17.mp3?_=17\" \/><a href=\"https:\/\/www.formentera.es\/wp-content\/uploads\/2019\/01\/CAT-17.mp3\">https:\/\/www.formentera.es\/wp-content\/uploads\/2019\/01\/CAT-17.mp3<\/a><\/audio>\n<p>[\/vc_column_text][vc_column_text]<\/p>\n<h3>17. Far Cap de Barbaria<\/h3>\n<p>[\/vc_column_text][vc_message message_box_style=&#8221;outline&#8221; style=&#8221;square&#8221; message_box_color=&#8221;white&#8221; icon_fontawesome=&#8221;fa fa-arrow-circle-o-down&#8221;]<a href=\"https:\/\/www.formentera.es\/wp-content\/uploads\/2019\/01\/CAT-17.mp3\" target=\"_blank\" rel=\"noopener noreferrer\" download=\"Audio17\">Descarregar \u00e0udio<\/a>[\/vc_message][\/vc_column][vc_column width=&#8221;1\/4&#8243;][vc_single_image image=&#8221;1467&#8243; img_size=&#8221;full&#8221; alignment=&#8221;center&#8221;][vc_column_text el_class=&#8221;box_audio&#8221;]<\/p>\n<audio class=\"wp-audio-shortcode\" id=\"audio-2514-18\" preload=\"none\" style=\"width: 100%;\" controls=\"controls\"><source type=\"audio\/mpeg\" src=\"https:\/\/www.formentera.es\/wp-content\/uploads\/2019\/01\/CAT-18.mp3?_=18\" \/><a href=\"https:\/\/www.formentera.es\/wp-content\/uploads\/2019\/01\/CAT-18.mp3\">https:\/\/www.formentera.es\/wp-content\/uploads\/2019\/01\/CAT-18.mp3<\/a><\/audio>\n<p>[\/vc_column_text][vc_column_text]<\/p>\n<h3>18. Casa tradicional<\/h3>\n<p>[\/vc_column_text][vc_message message_box_style=&#8221;outline&#8221; style=&#8221;square&#8221; message_box_color=&#8221;white&#8221; icon_fontawesome=&#8221;fa fa-arrow-circle-o-down&#8221;]<a href=\"https:\/\/www.formentera.es\/wp-content\/uploads\/2019\/01\/CAT-18.mp3\" target=\"_blank\" rel=\"noopener noreferrer\" download=\"Audio18\">Descarregar \u00e0udio<\/a>[\/vc_message][\/vc_column][vc_column width=&#8221;1\/4&#8243;][vc_single_image image=&#8221;1469&#8243; img_size=&#8221;full&#8221; alignment=&#8221;center&#8221;][vc_column_text el_class=&#8221;box_audio&#8221;]<\/p>\n<audio class=\"wp-audio-shortcode\" id=\"audio-2514-19\" preload=\"none\" style=\"width: 100%;\" controls=\"controls\"><source type=\"audio\/mpeg\" src=\"https:\/\/www.formentera.es\/wp-content\/uploads\/2019\/01\/CAT-19.mp3?_=19\" \/><a href=\"https:\/\/www.formentera.es\/wp-content\/uploads\/2019\/01\/CAT-19.mp3\">https:\/\/www.formentera.es\/wp-content\/uploads\/2019\/01\/CAT-19.mp3<\/a><\/audio>\n<p>[\/vc_column_text][vc_column_text]<\/p>\n<h3>19. Les salines de Formentera<\/h3>\n<p>[\/vc_column_text][vc_message message_box_style=&#8221;outline&#8221; style=&#8221;square&#8221; message_box_color=&#8221;white&#8221; icon_fontawesome=&#8221;fa fa-arrow-circle-o-down&#8221;]<a href=\"https:\/\/www.formentera.es\/wp-content\/uploads\/2019\/01\/CAT-19.mp3\" target=\"_blank\" rel=\"noopener noreferrer\" download=\"Audio19\">Descarregar \u00e0udio<\/a>[\/vc_message][\/vc_column][vc_column width=&#8221;1\/4&#8243;][vc_single_image image=&#8221;1471&#8243; img_size=&#8221;full&#8221; alignment=&#8221;center&#8221;][vc_column_text el_class=&#8221;box_audio&#8221;]<\/p>\n<audio class=\"wp-audio-shortcode\" id=\"audio-2514-20\" preload=\"none\" style=\"width: 100%;\" controls=\"controls\"><source type=\"audio\/mpeg\" src=\"https:\/\/www.formentera.es\/wp-content\/uploads\/2019\/01\/CAT-20.mp3?_=20\" \/><a href=\"https:\/\/www.formentera.es\/wp-content\/uploads\/2019\/01\/CAT-20.mp3\">https:\/\/www.formentera.es\/wp-content\/uploads\/2019\/01\/CAT-20.mp3<\/a><\/audio>\n<p>[\/vc_column_text][vc_column_text]<\/p>\n<h3>20. Sepulcre megalitic de Ca Na Costa<\/h3>\n<p>[\/vc_column_text][vc_message message_box_style=&#8221;outline&#8221; style=&#8221;square&#8221; message_box_color=&#8221;white&#8221; icon_fontawesome=&#8221;fa fa-arrow-circle-o-down&#8221;]<a href=\"https:\/\/www.formentera.es\/wp-content\/uploads\/2019\/01\/CAT-20.mp3\" target=\"_blank\" rel=\"noopener noreferrer\" download=\"Audio20\">Descarregar \u00e0udio<\/a>[\/vc_message][\/vc_column][\/vc_row][vc_row full_width=&#8221;stretch_row_content&#8221; gap=&#8221;20&#8243; equal_height=&#8221;yes&#8221; el_class=&#8221;audioguias descargas&#8221;][vc_column width=&#8221;1\/4&#8243;][vc_single_image image=&#8221;1473&#8243; img_size=&#8221;full&#8221; alignment=&#8221;center&#8221;][vc_column_text el_class=&#8221;box_audio&#8221;]<\/p>\n<audio class=\"wp-audio-shortcode\" id=\"audio-2514-21\" preload=\"none\" style=\"width: 100%;\" controls=\"controls\"><source type=\"audio\/mpeg\" src=\"https:\/\/www.formentera.es\/wp-content\/uploads\/2019\/01\/CAT-21.mp3?_=21\" \/><a href=\"https:\/\/www.formentera.es\/wp-content\/uploads\/2019\/01\/CAT-21.mp3\">https:\/\/www.formentera.es\/wp-content\/uploads\/2019\/01\/CAT-21.mp3<\/a><\/audio>\n<p>[\/vc_column_text][vc_column_text]<\/p>\n<h3>21. Port de La Savina<\/h3>\n<p>[\/vc_column_text][vc_message message_box_style=&#8221;outline&#8221; style=&#8221;square&#8221; message_box_color=&#8221;white&#8221; icon_fontawesome=&#8221;fa fa-arrow-circle-o-down&#8221;]<a href=\"https:\/\/www.formentera.es\/wp-content\/uploads\/2019\/01\/CAT-21.mp3\" target=\"_blank\" rel=\"noopener noreferrer\" download=\"Audio21\">Descarregar \u00e0udio<\/a>[\/vc_message][\/vc_column][vc_column width=&#8221;1\/4&#8243;][\/vc_column][vc_column width=&#8221;1\/4&#8243;][\/vc_column][vc_column width=&#8221;1\/4&#8243;][\/vc_column][\/vc_row]<\/p>\n<\/div>","protected":false},"excerpt":{"rendered":"<p>[vc_row css=&#8221;.vc_custom_1547571073394{padding-top: 40px !important;}&#8221;][vc_column alignment=&#8221;center&#8221;][vc_custom_heading source=&#8221;post_title&#8221; font_container=&#8221;tag:h1|text_align:center|color:%232e3a6e&#8221; use_theme_fonts=&#8221;yes&#8221;][vc_column_text el_class=&#8221;subtexto&#8221;]A les oficines de turisme de Formentera [&hellip;]<\/p>\n","protected":false},"author":1,"featured_media":0,"parent":2447,"menu_order":0,"comment_status":"closed","ping_status":"closed","template":"page-gen.php","meta":{"_acf_changed":false,"footnotes":""},"categories":[],"class_list":["post-2514","page","type-page","status-publish","hentry"],"acf":[],"yoast_head":"<!-- This site is optimized with the Yoast SEO plugin v25.5 - https:\/\/yoast.com\/wordpress\/plugins\/seo\/ -->\n<title>Audioguies per con\u00e8ixer Formentera | Turismo de Formentera<\/title>\n<meta name=\"description\" content=\"Coneix una mica m\u00e9s a fons l&#039;illa amb aquesta llista d&#039;audioguies sobre Formentera i els seus diferents punts d&#039;inter\u00e8s.\" \/>\n<meta name=\"robots\" content=\"index, follow, max-snippet:-1, max-image-preview:large, max-video-preview:-1\" \/>\n<link rel=\"canonical\" href=\"https:\/\/www.formentera.es\/planifica\/audioguias\/\" \/>\n<meta property=\"og:locale\" content=\"ca_ES\" \/>\n<meta property=\"og:type\" content=\"article\" \/>\n<meta property=\"og:title\" content=\"Audioguies per con\u00e8ixer Formentera | Turismo de Formentera\" \/>\n<meta property=\"og:description\" content=\"Coneix una mica m\u00e9s a fons l&#039;illa amb aquesta llista d&#039;audioguies sobre Formentera i els seus diferents punts d&#039;inter\u00e8s.\" \/>\n<meta property=\"og:url\" content=\"https:\/\/www.formentera.es\/planifica\/audioguias\/\" \/>\n<meta property=\"og:site_name\" content=\"Turismo de Formentera\" \/>\n<meta property=\"article:publisher\" content=\"https:\/\/www.facebook.com\/turismoformentera\/\" \/>\n<meta property=\"article:modified_time\" content=\"2022-04-20T10:27:58+00:00\" \/>\n<meta name=\"twitter:card\" content=\"summary_large_image\" \/>\n<meta name=\"twitter:site\" content=\"@visitformentera\" \/>\n<meta name=\"twitter:label1\" content=\"Temps estimat de lectura\" \/>\n\t<meta name=\"twitter:data1\" content=\"8 minuts\" \/>\n<script type=\"application\/ld+json\" class=\"yoast-schema-graph\">{\"@context\":\"https:\/\/schema.org\",\"@graph\":[{\"@type\":\"WebPage\",\"@id\":\"https:\/\/www.formentera.es\/planifica\/audioguias\/\",\"url\":\"https:\/\/www.formentera.es\/planifica\/audioguias\/\",\"name\":\"Audioguies per con\u00e8ixer Formentera | Turismo de Formentera\",\"isPartOf\":{\"@id\":\"https:\/\/www.formentera.es\/#website\"},\"datePublished\":\"2018-12-12T09:43:42+00:00\",\"dateModified\":\"2022-04-20T10:27:58+00:00\",\"description\":\"Coneix una mica m\u00e9s a fons l'illa amb aquesta llista d'audioguies sobre Formentera i els seus diferents punts d'inter\u00e8s.\",\"breadcrumb\":{\"@id\":\"https:\/\/www.formentera.es\/planifica\/audioguias\/#breadcrumb\"},\"inLanguage\":\"ca\",\"potentialAction\":[{\"@type\":\"ReadAction\",\"target\":[\"https:\/\/www.formentera.es\/planifica\/audioguias\/\"]}]},{\"@type\":\"BreadcrumbList\",\"@id\":\"https:\/\/www.formentera.es\/planifica\/audioguias\/#breadcrumb\",\"itemListElement\":[{\"@type\":\"ListItem\",\"position\":1,\"name\":\"Portada\",\"item\":\"https:\/\/www.formentera.es\/ca\/\"},{\"@type\":\"ListItem\",\"position\":2,\"name\":\"Planifica el viatge\",\"item\":\"https:\/\/www.formentera.es\/planifica\/\"},{\"@type\":\"ListItem\",\"position\":3,\"name\":\"Audioguies\"}]},{\"@type\":\"WebSite\",\"@id\":\"https:\/\/www.formentera.es\/#website\",\"url\":\"https:\/\/www.formentera.es\/\",\"name\":\"Turismo de Formentera\",\"description\":\"Web oficial de Turismo de Formentera\",\"potentialAction\":[{\"@type\":\"SearchAction\",\"target\":{\"@type\":\"EntryPoint\",\"urlTemplate\":\"https:\/\/www.formentera.es\/?s={search_term_string}\"},\"query-input\":{\"@type\":\"PropertyValueSpecification\",\"valueRequired\":true,\"valueName\":\"search_term_string\"}}],\"inLanguage\":\"ca\"}]}<\/script>\n<!-- \/ Yoast SEO plugin. -->","yoast_head_json":{"title":"Audioguies per con\u00e8ixer Formentera | Turismo de Formentera","description":"Coneix una mica m\u00e9s a fons l'illa amb aquesta llista d'audioguies sobre Formentera i els seus diferents punts d'inter\u00e8s.","robots":{"index":"index","follow":"follow","max-snippet":"max-snippet:-1","max-image-preview":"max-image-preview:large","max-video-preview":"max-video-preview:-1"},"canonical":"https:\/\/www.formentera.es\/planifica\/audioguias\/","og_locale":"ca_ES","og_type":"article","og_title":"Audioguies per con\u00e8ixer Formentera | Turismo de Formentera","og_description":"Coneix una mica m\u00e9s a fons l'illa amb aquesta llista d'audioguies sobre Formentera i els seus diferents punts d'inter\u00e8s.","og_url":"https:\/\/www.formentera.es\/planifica\/audioguias\/","og_site_name":"Turismo de Formentera","article_publisher":"https:\/\/www.facebook.com\/turismoformentera\/","article_modified_time":"2022-04-20T10:27:58+00:00","twitter_card":"summary_large_image","twitter_site":"@visitformentera","twitter_misc":{"Temps estimat de lectura":"8 minuts"},"schema":{"@context":"https:\/\/schema.org","@graph":[{"@type":"WebPage","@id":"https:\/\/www.formentera.es\/planifica\/audioguias\/","url":"https:\/\/www.formentera.es\/planifica\/audioguias\/","name":"Audioguies per con\u00e8ixer Formentera | Turismo de Formentera","isPartOf":{"@id":"https:\/\/www.formentera.es\/#website"},"datePublished":"2018-12-12T09:43:42+00:00","dateModified":"2022-04-20T10:27:58+00:00","description":"Coneix una mica m\u00e9s a fons l'illa amb aquesta llista d'audioguies sobre Formentera i els seus diferents punts d'inter\u00e8s.","breadcrumb":{"@id":"https:\/\/www.formentera.es\/planifica\/audioguias\/#breadcrumb"},"inLanguage":"ca","potentialAction":[{"@type":"ReadAction","target":["https:\/\/www.formentera.es\/planifica\/audioguias\/"]}]},{"@type":"BreadcrumbList","@id":"https:\/\/www.formentera.es\/planifica\/audioguias\/#breadcrumb","itemListElement":[{"@type":"ListItem","position":1,"name":"Portada","item":"https:\/\/www.formentera.es\/ca\/"},{"@type":"ListItem","position":2,"name":"Planifica el viatge","item":"https:\/\/www.formentera.es\/planifica\/"},{"@type":"ListItem","position":3,"name":"Audioguies"}]},{"@type":"WebSite","@id":"https:\/\/www.formentera.es\/#website","url":"https:\/\/www.formentera.es\/","name":"Turismo de Formentera","description":"Web oficial de Turismo de Formentera","potentialAction":[{"@type":"SearchAction","target":{"@type":"EntryPoint","urlTemplate":"https:\/\/www.formentera.es\/?s={search_term_string}"},"query-input":{"@type":"PropertyValueSpecification","valueRequired":true,"valueName":"search_term_string"}}],"inLanguage":"ca"}]}},"_links":{"self":[{"href":"https:\/\/www.formentera.es\/ca\/wp-json\/wp\/v2\/pages\/2514","targetHints":{"allow":["GET"]}}],"collection":[{"href":"https:\/\/www.formentera.es\/ca\/wp-json\/wp\/v2\/pages"}],"about":[{"href":"https:\/\/www.formentera.es\/ca\/wp-json\/wp\/v2\/types\/page"}],"author":[{"embeddable":true,"href":"https:\/\/www.formentera.es\/ca\/wp-json\/wp\/v2\/users\/1"}],"replies":[{"embeddable":true,"href":"https:\/\/www.formentera.es\/ca\/wp-json\/wp\/v2\/comments?post=2514"}],"version-history":[{"count":0,"href":"https:\/\/www.formentera.es\/ca\/wp-json\/wp\/v2\/pages\/2514\/revisions"}],"up":[{"embeddable":true,"href":"https:\/\/www.formentera.es\/ca\/wp-json\/wp\/v2\/pages\/2447"}],"wp:attachment":[{"href":"https:\/\/www.formentera.es\/ca\/wp-json\/wp\/v2\/media?parent=2514"}],"wp:term":[{"taxonomy":"category","embeddable":true,"href":"https:\/\/www.formentera.es\/ca\/wp-json\/wp\/v2\/categories?post=2514"}],"curies":[{"name":"wp","href":"https:\/\/api.w.org\/{rel}","templated":true}]}}