{"id":2428,"date":"2018-11-26T12:51:36","date_gmt":"2018-11-26T14:51:36","guid":{"rendered":"https:\/\/www.formentera.es\/cultura-y-patrimonio\/"},"modified":"2025-09-09T16:37:40","modified_gmt":"2025-09-09T14:37:40","slug":"cultura-i-patrimoni","status":"publish","type":"page","link":"https:\/\/www.formentera.es\/ca\/explorar\/cultura-i-patrimoni\/","title":{"rendered":"Cultura i patrimoni"},"content":{"rendered":"<div class=\"wpb-content-wrapper\"><p>[vc_row full_width=&#8221;stretch_row_content_no_spaces&#8221; equal_height=&#8221;yes&#8221; content_placement=&#8221;bottom&#8221; css=&#8221;.vc_custom_1546432535287{background-position: center !important;background-repeat: no-repeat !important;background-size: cover !important;}&#8221; el_id=&#8221;top_categoria&#8221; el_class=&#8221;categoria2&#8243;][vc_column width=&#8221;1\/2&#8243; css=&#8221;.vc_custom_1546432660675{background-image: url(https:\/\/www.formentera.es\/wp-content\/uploads\/2018\/11\/Torres-de-defensa-panoramica.jpg?id=1146) !important;background-position: center !important;background-repeat: no-repeat !important;background-size: cover !important;}&#8221;][vc_column_text]<\/p>\n<h1>Cultura i patrimoni de Formentera<\/h1>\n<p>[\/vc_column_text][\/vc_column][vc_column width=&#8221;1\/2&#8243; css=&#8221;.vc_custom_1757428653027{background-color: #30A8A2 !important;}&#8221;][vc_column_text css=&#8221;&#8221; el_class=&#8221;enlaceblanco&#8221;]En una porci\u00f3 de territori tan petita com \u00e9s Formentera, on els recursos terrestres i marins han condicionat notablement la vida a l\u2019illa, la frontera entre valor cultural i valor natural moltes vegades \u00e9s difusa. Bona prova d\u2019aix\u00f2 \u00e9s l\u2019amplitud del nostre patrimoni etnol\u00f2gic, que constitueix un compendi d\u2019aprofitament sostenible dels diferents recursos naturals de l\u2019illa.<\/p>\n<p>Formentera compta amb tres <b>conjunts hist\u00f2rics<\/b>: Sant Francesc Xavier, Sant Ferran de ses Roques i el Pilar de la Mola. En tots ells l\u2019epicentre i edifici m\u00e9s rellevant \u00e9s la respectiva esgl\u00e9sia parroquial. Al seu voltant es configura tota una trama de places i vies, la major part de les quals coincideixen amb els antics camins que unien les zones de poblaci\u00f3 dispersa amb els temples religiosos.<\/p>\n<p>Pertanyen tamb\u00e9 al <b>patrimoni cultural <\/b>de Formentera elements de defensa i senyalitzaci\u00f3 costanera (torres de defensa i fars), llocs hist\u00f2rics (ses Salines, Col\u00f2nia penitenci\u00e0ria de Formentera), camins i divisi\u00f3 territorial (cam\u00ed de sa Pujada, fites, parets de pedra seca) aix\u00ed com cases, molins fariners, cisternes i aljubs, pous, s\u00ednies, arbres singulars, o escars (varadors), entre d\u2019altres b\u00e9ns.<\/p>\n<p>En l\u2019\u00e0mbit del <b>patrimoni immaterial <\/b>destaquen les ballades i les cantades, manifestacions musicals que tenien un pes important en la societat insular fins a mitjan segle XX. Tamb\u00e9 es fa imprescindible esmentar <b>les caramelles<\/b>, cants interpretats per homes amb acompanyament instrumental que van estretament lligats a dues celebracions clau del calendari lit\u00fargic: Nadal i Pasqua.<\/p>\n<p>M\u00e9s informaci\u00f3 en el <a href=\"https:\/\/www.formentera.es\/wp-content\/uploads\/2018\/12\/PATRIMONI_ESCAEN.pdf\" target=\"_blank\" rel=\"noopener noreferrer\">Cat\u00e0leg de Patrimoni<\/a>.[\/vc_column_text][\/vc_column][\/vc_row][vc_row full_width=&#8221;stretch_row_content&#8221; equal_height=&#8221;yes&#8221;][vc_column][vc_column_text el_class=&#8221;h1&#8243;]<\/p>\n<h2>Cultura i patrimoni<\/h2>\n<p>[\/vc_column_text][\/vc_column][\/vc_row][vc_row full_width=&#8221;stretch_row_content&#8221;][vc_column][vc_basic_grid post_type=&#8221;ids&#8221; item=&#8221;60&#8243; grid_id=&#8221;vc_gid:1757428622693-9e7d4533-3541-4&#8243; include=&#8221;2216, 2432, 2443, 2439, 2436&#8243;][\/vc_column][\/vc_row][vc_row full_width=&#8221;stretch_row_content&#8221; css=&#8221;.vc_custom_1548954762320{padding-top: 80px !important;}&#8221; el_class=&#8221;bloque_maseventos&#8221;][vc_column][vc_column_text el_class=&#8221;h1&#8243;]<\/p>\n<h2>Esdeveniments a Formentera<\/h2>\n<p>[\/vc_column_text][vc_basic_grid post_type=&#8221;post&#8221; max_items=&#8221;2&#8243; element_width=&#8221;6&#8243; orderby=&#8221;rand&#8221; item=&#8221;1532&#8243; grid_id=&#8221;vc_gid:1757428622694-78ac4cb5-159b-2&#8243; taxonomies=&#8221;17&#8243;][vc_btn title=&#8221;M\u00e9s esdeveniments&#8221; style=&#8221;flat&#8221; shape=&#8221;square&#8221; color=&#8221;white&#8221; size=&#8221;lg&#8221; align=&#8221;center&#8221; i_align=&#8221;right&#8221; i_type=&#8221;entypo&#8221; i_icon_entypo=&#8221;entypo-icon entypo-icon-right-open-big&#8221; add_icon=&#8221;true&#8221; el_class=&#8221;btn_more&#8221; link=&#8221;url:https%3A%2F%2Fwww.formentera.es%2Fca%2Feventos%2F|||&#8221;][\/vc_column][\/vc_row]<\/p>\n<\/div>","protected":false},"excerpt":{"rendered":"<p>[vc_row full_width=&#8221;stretch_row_content_no_spaces&#8221; equal_height=&#8221;yes&#8221; content_placement=&#8221;bottom&#8221; css=&#8221;.vc_custom_1546432535287{background-position: center !important;background-repeat: no-repeat !important;background-size: cover !important;}&#8221; el_id=&#8221;top_categoria&#8221; el_class=&#8221;categoria2&#8243;][vc_column width=&#8221;1\/2&#8243; css=&#8221;.vc_custom_1546432660675{background-image: [&hellip;]<\/p>\n","protected":false},"author":1,"featured_media":2429,"parent":2485,"menu_order":0,"comment_status":"closed","ping_status":"closed","template":"","meta":{"_acf_changed":false,"footnotes":""},"categories":[],"class_list":["post-2428","page","type-page","status-publish","hentry"],"acf":[],"yoast_head":"<!-- This site is optimized with the Yoast SEO plugin v25.5 - https:\/\/yoast.com\/wordpress\/plugins\/seo\/ -->\n<title>Cultura i patrimoni de Formentera | Turismo de Formentera<\/title>\n<meta name=\"description\" content=\"Descobreix el valor cultura i el valor natural que posseeix l&#039;illa a la p\u00e0gina de Cultura i Patrimoni de Formentera.\" \/>\n<meta name=\"robots\" content=\"index, follow, max-snippet:-1, max-image-preview:large, max-video-preview:-1\" \/>\n<link rel=\"canonical\" href=\"https:\/\/www.formentera.es\/ca\/explorar\/cultura-i-patrimoni\/\" \/>\n<meta property=\"og:locale\" content=\"ca_ES\" \/>\n<meta property=\"og:type\" content=\"article\" \/>\n<meta property=\"og:title\" content=\"Cultura i patrimoni de Formentera | Turismo de Formentera\" \/>\n<meta property=\"og:description\" content=\"Descobreix el valor cultura i el valor natural que posseeix l&#039;illa a la p\u00e0gina de Cultura i Patrimoni de Formentera.\" \/>\n<meta property=\"og:url\" content=\"https:\/\/www.formentera.es\/ca\/explorar\/cultura-i-patrimoni\/\" \/>\n<meta property=\"og:site_name\" content=\"Turismo de Formentera\" \/>\n<meta property=\"article:publisher\" content=\"https:\/\/www.facebook.com\/turismoformentera\/\" \/>\n<meta property=\"article:modified_time\" content=\"2025-09-09T14:37:40+00:00\" \/>\n<meta property=\"og:image\" content=\"https:\/\/www.formentera.es\/wp-content\/uploads\/2019\/01\/Torre-de-Sa-Gavina_Moonkoala.jpg\" \/>\n\t<meta property=\"og:image:width\" content=\"1900\" \/>\n\t<meta property=\"og:image:height\" content=\"1267\" \/>\n\t<meta property=\"og:image:type\" content=\"image\/jpeg\" \/>\n<meta name=\"twitter:card\" content=\"summary_large_image\" \/>\n<meta name=\"twitter:site\" content=\"@visitformentera\" \/>\n<meta name=\"twitter:label1\" content=\"Temps estimat de lectura\" \/>\n\t<meta name=\"twitter:data1\" content=\"2 minuts\" \/>\n<script type=\"application\/ld+json\" class=\"yoast-schema-graph\">{\"@context\":\"https:\/\/schema.org\",\"@graph\":[{\"@type\":\"WebPage\",\"@id\":\"https:\/\/www.formentera.es\/ca\/explorar\/cultura-i-patrimoni\/\",\"url\":\"https:\/\/www.formentera.es\/ca\/explorar\/cultura-i-patrimoni\/\",\"name\":\"Cultura i patrimoni de Formentera | Turismo de Formentera\",\"isPartOf\":{\"@id\":\"https:\/\/www.formentera.es\/#website\"},\"primaryImageOfPage\":{\"@id\":\"https:\/\/www.formentera.es\/ca\/explorar\/cultura-i-patrimoni\/#primaryimage\"},\"image\":{\"@id\":\"https:\/\/www.formentera.es\/ca\/explorar\/cultura-i-patrimoni\/#primaryimage\"},\"thumbnailUrl\":\"https:\/\/www.formentera.es\/wp-content\/uploads\/2019\/01\/Torre-de-Sa-Gavina_Moonkoala.jpg\",\"datePublished\":\"2018-11-26T14:51:36+00:00\",\"dateModified\":\"2025-09-09T14:37:40+00:00\",\"description\":\"Descobreix el valor cultura i el valor natural que posseeix l'illa a la p\u00e0gina de Cultura i Patrimoni de Formentera.\",\"breadcrumb\":{\"@id\":\"https:\/\/www.formentera.es\/ca\/explorar\/cultura-i-patrimoni\/#breadcrumb\"},\"inLanguage\":\"ca\",\"potentialAction\":[{\"@type\":\"ReadAction\",\"target\":[\"https:\/\/www.formentera.es\/ca\/explorar\/cultura-i-patrimoni\/\"]}]},{\"@type\":\"ImageObject\",\"inLanguage\":\"ca\",\"@id\":\"https:\/\/www.formentera.es\/ca\/explorar\/cultura-i-patrimoni\/#primaryimage\",\"url\":\"https:\/\/www.formentera.es\/wp-content\/uploads\/2019\/01\/Torre-de-Sa-Gavina_Moonkoala.jpg\",\"contentUrl\":\"https:\/\/www.formentera.es\/wp-content\/uploads\/2019\/01\/Torre-de-Sa-Gavina_Moonkoala.jpg\",\"width\":1900,\"height\":1267},{\"@type\":\"BreadcrumbList\",\"@id\":\"https:\/\/www.formentera.es\/ca\/explorar\/cultura-i-patrimoni\/#breadcrumb\",\"itemListElement\":[{\"@type\":\"ListItem\",\"position\":1,\"name\":\"Portada\",\"item\":\"https:\/\/www.formentera.es\/ca\/\"},{\"@type\":\"ListItem\",\"position\":2,\"name\":\"Explorar\",\"item\":\"https:\/\/www.formentera.es\/ca\/explorar\/\"},{\"@type\":\"ListItem\",\"position\":3,\"name\":\"Cultura i patrimoni\"}]},{\"@type\":\"WebSite\",\"@id\":\"https:\/\/www.formentera.es\/#website\",\"url\":\"https:\/\/www.formentera.es\/\",\"name\":\"Turismo de Formentera\",\"description\":\"Web oficial de Turismo de Formentera\",\"potentialAction\":[{\"@type\":\"SearchAction\",\"target\":{\"@type\":\"EntryPoint\",\"urlTemplate\":\"https:\/\/www.formentera.es\/?s={search_term_string}\"},\"query-input\":{\"@type\":\"PropertyValueSpecification\",\"valueRequired\":true,\"valueName\":\"search_term_string\"}}],\"inLanguage\":\"ca\"}]}<\/script>\n<!-- \/ Yoast SEO plugin. -->","yoast_head_json":{"title":"Cultura i patrimoni de Formentera | Turismo de Formentera","description":"Descobreix el valor cultura i el valor natural que posseeix l'illa a la p\u00e0gina de Cultura i Patrimoni de Formentera.","robots":{"index":"index","follow":"follow","max-snippet":"max-snippet:-1","max-image-preview":"max-image-preview:large","max-video-preview":"max-video-preview:-1"},"canonical":"https:\/\/www.formentera.es\/ca\/explorar\/cultura-i-patrimoni\/","og_locale":"ca_ES","og_type":"article","og_title":"Cultura i patrimoni de Formentera | Turismo de Formentera","og_description":"Descobreix el valor cultura i el valor natural que posseeix l'illa a la p\u00e0gina de Cultura i Patrimoni de Formentera.","og_url":"https:\/\/www.formentera.es\/ca\/explorar\/cultura-i-patrimoni\/","og_site_name":"Turismo de Formentera","article_publisher":"https:\/\/www.facebook.com\/turismoformentera\/","article_modified_time":"2025-09-09T14:37:40+00:00","og_image":[{"width":1900,"height":1267,"url":"https:\/\/www.formentera.es\/wp-content\/uploads\/2019\/01\/Torre-de-Sa-Gavina_Moonkoala.jpg","type":"image\/jpeg"}],"twitter_card":"summary_large_image","twitter_site":"@visitformentera","twitter_misc":{"Temps estimat de lectura":"2 minuts"},"schema":{"@context":"https:\/\/schema.org","@graph":[{"@type":"WebPage","@id":"https:\/\/www.formentera.es\/ca\/explorar\/cultura-i-patrimoni\/","url":"https:\/\/www.formentera.es\/ca\/explorar\/cultura-i-patrimoni\/","name":"Cultura i patrimoni de Formentera | Turismo de Formentera","isPartOf":{"@id":"https:\/\/www.formentera.es\/#website"},"primaryImageOfPage":{"@id":"https:\/\/www.formentera.es\/ca\/explorar\/cultura-i-patrimoni\/#primaryimage"},"image":{"@id":"https:\/\/www.formentera.es\/ca\/explorar\/cultura-i-patrimoni\/#primaryimage"},"thumbnailUrl":"https:\/\/www.formentera.es\/wp-content\/uploads\/2019\/01\/Torre-de-Sa-Gavina_Moonkoala.jpg","datePublished":"2018-11-26T14:51:36+00:00","dateModified":"2025-09-09T14:37:40+00:00","description":"Descobreix el valor cultura i el valor natural que posseeix l'illa a la p\u00e0gina de Cultura i Patrimoni de Formentera.","breadcrumb":{"@id":"https:\/\/www.formentera.es\/ca\/explorar\/cultura-i-patrimoni\/#breadcrumb"},"inLanguage":"ca","potentialAction":[{"@type":"ReadAction","target":["https:\/\/www.formentera.es\/ca\/explorar\/cultura-i-patrimoni\/"]}]},{"@type":"ImageObject","inLanguage":"ca","@id":"https:\/\/www.formentera.es\/ca\/explorar\/cultura-i-patrimoni\/#primaryimage","url":"https:\/\/www.formentera.es\/wp-content\/uploads\/2019\/01\/Torre-de-Sa-Gavina_Moonkoala.jpg","contentUrl":"https:\/\/www.formentera.es\/wp-content\/uploads\/2019\/01\/Torre-de-Sa-Gavina_Moonkoala.jpg","width":1900,"height":1267},{"@type":"BreadcrumbList","@id":"https:\/\/www.formentera.es\/ca\/explorar\/cultura-i-patrimoni\/#breadcrumb","itemListElement":[{"@type":"ListItem","position":1,"name":"Portada","item":"https:\/\/www.formentera.es\/ca\/"},{"@type":"ListItem","position":2,"name":"Explorar","item":"https:\/\/www.formentera.es\/ca\/explorar\/"},{"@type":"ListItem","position":3,"name":"Cultura i patrimoni"}]},{"@type":"WebSite","@id":"https:\/\/www.formentera.es\/#website","url":"https:\/\/www.formentera.es\/","name":"Turismo de Formentera","description":"Web oficial de Turismo de Formentera","potentialAction":[{"@type":"SearchAction","target":{"@type":"EntryPoint","urlTemplate":"https:\/\/www.formentera.es\/?s={search_term_string}"},"query-input":{"@type":"PropertyValueSpecification","valueRequired":true,"valueName":"search_term_string"}}],"inLanguage":"ca"}]}},"_links":{"self":[{"href":"https:\/\/www.formentera.es\/ca\/wp-json\/wp\/v2\/pages\/2428","targetHints":{"allow":["GET"]}}],"collection":[{"href":"https:\/\/www.formentera.es\/ca\/wp-json\/wp\/v2\/pages"}],"about":[{"href":"https:\/\/www.formentera.es\/ca\/wp-json\/wp\/v2\/types\/page"}],"author":[{"embeddable":true,"href":"https:\/\/www.formentera.es\/ca\/wp-json\/wp\/v2\/users\/1"}],"replies":[{"embeddable":true,"href":"https:\/\/www.formentera.es\/ca\/wp-json\/wp\/v2\/comments?post=2428"}],"version-history":[{"count":1,"href":"https:\/\/www.formentera.es\/ca\/wp-json\/wp\/v2\/pages\/2428\/revisions"}],"predecessor-version":[{"id":45272,"href":"https:\/\/www.formentera.es\/ca\/wp-json\/wp\/v2\/pages\/2428\/revisions\/45272"}],"up":[{"embeddable":true,"href":"https:\/\/www.formentera.es\/ca\/wp-json\/wp\/v2\/pages\/2485"}],"wp:featuredmedia":[{"embeddable":true,"href":"https:\/\/www.formentera.es\/ca\/wp-json\/wp\/v2\/media\/2429"}],"wp:attachment":[{"href":"https:\/\/www.formentera.es\/ca\/wp-json\/wp\/v2\/media?parent=2428"}],"wp:term":[{"taxonomy":"category","embeddable":true,"href":"https:\/\/www.formentera.es\/ca\/wp-json\/wp\/v2\/categories?post=2428"}],"curies":[{"name":"wp","href":"https:\/\/api.w.org\/{rel}","templated":true}]}}