{"id":2415,"date":"2018-07-23T12:27:54","date_gmt":"2018-07-23T14:27:54","guid":{"rendered":"https:\/\/www.formentera.es\/pobles\/la-savina\/"},"modified":"2019-02-01T09:45:19","modified_gmt":"2019-02-01T11:45:19","slug":"la-savina","status":"publish","type":"page","link":"https:\/\/www.formentera.es\/ca\/explorar\/pobles\/la-savina\/","title":{"rendered":"La Savina"},"content":{"rendered":"<div class=\"wpb-content-wrapper\"><p>[vc_row full_width=&#8221;stretch_row&#8221;][vc_column width=&#8221;2\/3&#8243; css=&#8221;.vc_custom_1530269560078{padding-right: 5% !important;}&#8221;][vc_column_text el_class=&#8221;texto_ficha&#8221;]<\/p>\n<h2>Lloc de connexi\u00f3 per a tots els residents i visitants<\/h2>\n<h3>A l\u2019extrem occidental de l\u2019illa trobam el port de la Savina, un lloc de pas obligat per a tots els visitants ja que aqu\u00ed \u00e9s on atraquen tots els vaixells procedents d\u2019Eivissa. Aquest port s\u2019est\u00e9n des de l\u2019estany des Peix i acaba a sa S\u00e8quia.<\/h3>\n<p>Aquest petit port va ser creat a final del segle XIX i principi del XX, amb l\u2019objectiu d\u2019oferir al propietaris de les embarcacions amarrades al estany des Peix un lloc alternatiu on protegir-se. Amb els anys va esdevenir un <b>punt clau <\/b>per exportar la sal que es recol\u00b7lectava i es varen anar desenvolupant tota mena d\u2019infraestructures per afavorir el seu transport. Avui dia totes aquestes instal\u00b7lacions s\u2019han reconvertit per enfocar-se al turisme i el port \u00e9s el <b>principal via de prove\u00efment <\/b>per a tota l\u2019illa.<\/p>\n<p>En tractar-se del lloc de connexi\u00f3 per a tots els residents i visitants, a l\u2019estiu \u00e9s molt habitual topar-se amb un constant tr\u00e0fec de persones que van i venen. Aqu\u00ed atraquen diverses companyies navilieres que compten amb diversos trajectes per mantenir l\u2019illa connectada al llarg de tot el dia. Excepcionalment, el mal temps pot interrompre aquests serveis, sobretot en els mesos d\u2019hivern.<\/p>\n<p>Un cop es desembarca a aquest encantador port trobam la seva renovada estaci\u00f3 mar\u00edtima on fer les reserves de bitllets o prendre algun refrigeri. Al costat d\u2019ella es desplega un ampli port esportiu on tamb\u00e9 es poden amarrar barques particulars o llogar-per gaudir d\u2019un dia de navegaci\u00f3 a les aig\u00fces de Formentera. Si seguim el passeig que voreja el port anem trobant diferents establiments que des de primera hora del dia ofereixen vehicles de tota mena per poder ser llogats. Tamb\u00e9 hi ha diversos bars i restaurants on prendre alguna cosa mentre es gaudeix de l\u2019ambient del port. Despr\u00e9s de tots aquests edificis, trobam els dics que protegeixen la Savina dels temporals mar\u00edtims.<\/p>\n<p>Si continuam passejant pel port seguirem trobant m\u00e9s establiments de lloguer de vehicles, restaurants, hotels &#8230; per\u00f2 el detall amb m\u00e9s encant d\u2019aquesta zona \u00e9s el seu petit <b>mercat d\u2019estil hippy <\/b>que obre les portes cada tarda.<\/p>\n<p>L\u2019estampa d\u2019aquest port es completa amb les restes de l\u2019antic dic que ocupen l\u2019extrem sud-est del port i des d\u2019on comen\u00e7a una bella ruta per a bicicletes cap al <b>Parc Natural<\/b>. I com a colof\u00f3 final, res millor que contemplar la posta de sol al costat de ponent del port, la millor manera de acomiadar-se de l\u2019illa abans de marxar.[\/vc_column_text][\/vc_column][vc_column width=&#8221;1\/3&#8243;][vc_column_text]<div id=\"sidebar_ficha\"><a class=\"sidebar_breadcrumbs\" href=\"https:\/\/www.formentera.es\/ca\/explorar\/pobles\/\"><i class=\"fa fa-angle-left\"><\/i>Tornar a Pobles<\/a><div class=\"content_sidebar\"><div class=\"tit_medium\">Informaci\u00f3 \u00fatil<\/div><div id=\"mapaficha\"><a href=\"https:\/\/goo.gl\/maps\/pq1i7KWAkQD2\" target=\"_blank\"><img decoding=\"async\" src=\"https:\/\/www.formentera.es\/wp-content\/uploads\/2018\/11\/mapalasavina.png\"><\/a><\/div><div class=\"\"><a href=\"https:\/\/www.google.com\/maps?saddr=My+Location&daddr=38.7310055,1.415283\" target=\"_blank\"><i class=\"fa fa-location-arrow\"><\/i><span>Com arribar-hi?<\/span><\/a><\/div><div class=\"bloc_share\"><div class=\"blocs1\"><div class=\"tit_medium\">Compartir <\/div><div class=\"redes_ficha\"><div class=\"fa fa-brands fa-x-twitter st-custom-button\" data-network=\"twitter\"><\/div><div class=\"fa fa-facebook st-custom-button\" data-network=\"facebook\"><\/div><div class=\"fa fa-pinterest-p st-custom-button\" data-network=\"pinterest\"><\/div><\/div><\/div><div class=\"blocs2\"><div class=\"tit_medium\">Enviar a un amic<\/div><div class=\"redes_ficha\"><div class=\"fa fa-envelope st-custom-button\" data-network=\"email\"><\/div><div class=\"fa fa-whatsapp st-custom-button\" data-network=\"whatsapp\"><\/div><\/div><\/div><\/div><\/div><\/div>[\/vc_column_text][\/vc_column][\/vc_row][vc_row full_width=&#8221;stretch_row_content_no_spaces&#8221;][vc_column][vc_column_text]<style>#jtg-961 .modula-item .jtg-social a, .lightbox-socials.jtg-social a{ fill: #ffffff; color: #ffffff }#jtg-961 .modula-item .jtg-social-mobile a{ fill: #ffffff; color: #ffffff }#jtg-961 .modula-item .jtg-social svg, .lightbox-socials.jtg-social svg { height: 16px; width: 16px }#jtg-961 .modula-item .jtg-social-mobile svg { height: 16px; width: 16px }#jtg-961 .modula-item .jtg-social a:not(:last-child), .lightbox-socials.jtg-social a:not(:last-child) { margin-right: 10px }#jtg-961 .modula-item .jtg-social-mobile .jtg-social-mobile-icons a:not(:last-child){ margin-right: 10px }#jtg-961 .modula-item .figc {color:#ffffff;}#jtg-961 .modula-item .modula-item-content { transform: scale(1) }#jtg-961 .modula-items .figc p.description { font-size:14px; }#jtg-961 .modula-items .figc p.description { color:#ffffff;}#jtg-961.modula-gallery .modula-item > a, #jtg-961.modula-gallery .modula-item, #jtg-961.modula-gallery .modula-item-content > a:not(.modula-no-follow) { cursor:zoom-in; } #jtg-961.modula-gallery .modula-item-content .modula-no-follow { cursor: default; } #jtg-961 .modula-item { background-color:#000000; }#jtg-961 .modula-item:hover img { opacity: 0.5; }#jtg-961 .modula-item { transform: scale(1) translate(0px,0px) rotate(0deg); }@media screen and (max-width:480px){#jtg-961 .modula-item .figc .jtg-title {  font-size: 12px; }#jtg-961 .modula-items .figc p.description { color:#ffffff;font-size:10px; }}<\/style>\n<div  id=\"jtg-961\" class=\"modula modula-gallery modula-custom-grid\" data-config=\"{&quot;height&quot;:800,&quot;tabletHeight&quot;:800,&quot;mobileHeight&quot;:800,&quot;desktopHeight&quot;:800,&quot;enableTwitter&quot;:false,&quot;enableWhatsapp&quot;:false,&quot;enableFacebook&quot;:false,&quot;enablePinterest&quot;:false,&quot;enableLinkedin&quot;:false,&quot;enableEmail&quot;:false,&quot;randomFactor&quot;:0.5,&quot;type&quot;:&quot;custom-grid&quot;,&quot;columns&quot;:12,&quot;gutter&quot;:10,&quot;mobileGutter&quot;:10,&quot;tabletGutter&quot;:10,&quot;desktopGutter&quot;:10,&quot;enableResponsive&quot;:true,&quot;tabletColumns&quot;:2,&quot;mobileColumns&quot;:1,&quot;lazyLoad&quot;:&quot;0&quot;,&quot;lightboxOpts&quot;:{&quot;animated&quot;:true,&quot;Thumbs&quot;:{&quot;type&quot;:&quot;modern&quot;,&quot;showOnStart&quot;:false},&quot;Toolbar&quot;:{&quot;display&quot;:{&quot;right&quot;:[&quot;close&quot;]},&quot;enabled&quot;:true},&quot;Carousel&quot;:{&quot;Panzoom&quot;:{&quot;touch&quot;:false},&quot;infinite&quot;:false},&quot;keyboard&quot;:{&quot;Escape&quot;:&quot;close&quot;,&quot;Delete&quot;:&quot;close&quot;,&quot;Backspace&quot;:&quot;close&quot;,&quot;PageUp&quot;:false,&quot;PageDown&quot;:false,&quot;ArrowUp&quot;:false,&quot;ArrowDown&quot;:false,&quot;ArrowRight&quot;:false,&quot;ArrowLeft&quot;:false},&quot;touch&quot;:false,&quot;backdropClick&quot;:false,&quot;l10n&quot;:{&quot;CLOSE&quot;:&quot;Close&quot;,&quot;NEXT&quot;:&quot;Next&quot;,&quot;PREV&quot;:&quot;Previous&quot;,&quot;Error&quot;:&quot;The requested content cannot be loaded. Please try again later.&quot;,&quot;PLAY_START&quot;:&quot;Start slideshow&quot;,&quot;PLAY_STOP&quot;:&quot;Pause slideshow&quot;,&quot;FULL_SCREEN&quot;:&quot;Full screen&quot;,&quot;THUMBS&quot;:&quot;Thumbnails&quot;,&quot;DOWNLOAD&quot;:&quot;Download&quot;,&quot;SHARE&quot;:&quot;Share&quot;,&quot;ZOOM&quot;:&quot;Zoom&quot;,&quot;EMAIL&quot;:&quot;Here is the link to the image : %%image_link%% and this is the link to the gallery : %%gallery_link%%&quot;,&quot;MODAL&quot;:&quot;You can close this modal content with the ESC key&quot;,&quot;ERROR&quot;:&quot;Something Went Wrong, Please Try Again Later&quot;,&quot;IMAGE_ERROR&quot;:&quot;Image Not Found&quot;,&quot;ELEMENT_NOT_FOUND&quot;:&quot;HTML Element Not Found&quot;,&quot;AJAX_NOT_FOUND&quot;:&quot;Error Loading AJAX : Not Found&quot;,&quot;AJAX_FORBIDDEN&quot;:&quot;Error Loading AJAX : Forbidden&quot;,&quot;IFRAME_ERROR&quot;:&quot;Error Loading Page&quot;,&quot;TOGGLE_ZOOM&quot;:&quot;Toggle zoom level&quot;,&quot;TOGGLE_THUMBS&quot;:&quot;Toggle thumbnails&quot;,&quot;TOGGLE_SLIDESHOW&quot;:&quot;Toggle slideshow&quot;,&quot;TOGGLE_FULLSCREEN&quot;:&quot;Toggle full-screen mode&quot;},&quot;Images&quot;:{&quot;Panzoom&quot;:{&quot;maxScale&quot;:2}},&quot;mainClass&quot;:&quot;modula-fancybox-container modula-lightbox-jtg-961&quot;,&quot;Html&quot;:{&quot;videoAutoplay&quot;:0,&quot;videoTpl&quot;:&quot;&lt;video class=\\&quot;fancybox__html5video\\&quot; controls muted playsinline controlsList controlsList=\\&quot;nodownload\\&quot; poster=\\&quot;{{poster}}\\&quot; src=\\&quot;{{src}}\\&quot; type=\\&quot;{{format}}\\&quot; &gt;  Sorry, your browser doesn&#039;t support embedded videos, &lt;a href=\\&quot;{{src}}\\&quot;&gt; download &lt;\\\/a&gt; and watch with your favorite video player! &lt;\\\/video&gt;&quot;}},&quot;inView&quot;:false,&quot;email_subject&quot;:&quot;\\u00a1\\u00a1Mira esta impresionante imagen!!&quot;,&quot;email_message&quot;:&quot;Este es el enlace a la imagen: %%image_link%% y este es el enlace a la galer\\u00eda: %%gallery_link%%&quot;,&quot;lightbox&quot;:&quot;fancybox&quot;,&quot;filterClick&quot;:&quot;0&quot;,&quot;defaultActiveFilter&quot;:&quot;all&quot;}\">\n\n\t\n\t<div  class=\"modula-items\">\n\t\t<div class=\"modula-item effect-quiet jtg-filter-all jtg-filter-\" data-width=\"7\" data-height=\"6\" >\n\t<div class=\"modula-item-overlay\"><\/div>\n\n\t<div class=\"modula-item-content\">\n\n\t\t\t\t\n\t\t\t\t\t<a data-image-id=\"1006\" tabindex=\"0\" href=\"https:\/\/www.formentera.es\/wp-content\/uploads\/2018\/11\/VELERS-2.jpg\" rel=\"jtg-961\" data-caption=\"\" aria-label=\"Open image in lightbox\" role=\"button\" data-cyclefilter=\"show\" data-fancybox=\"jtg-961\" class=\"tile-inner modula-item-link\"><\/a>\n\t\t\n\t\t<img loading=\"lazy\" decoding=\"async\" class=\"pic wp-image-1006\"  data-valign=\"middle\" data-halign=\"center\" alt=\"\" data-full=\"https:\/\/www.formentera.es\/wp-content\/uploads\/2018\/11\/VELERS-2.jpg\" title=\"VELERS (2)\" width=\"1900\" height=\"1425\" src=\"https:\/\/www.formentera.es\/wp-content\/uploads\/2018\/11\/VELERS-2.jpg\" data-src=\"https:\/\/www.formentera.es\/wp-content\/uploads\/2018\/11\/VELERS-2.jpg\" data-caption=\"\" srcset=\"https:\/\/www.formentera.es\/wp-content\/uploads\/2018\/11\/VELERS-2.jpg 1900w, https:\/\/www.formentera.es\/wp-content\/uploads\/2018\/11\/VELERS-2-300x225.jpg 300w, https:\/\/www.formentera.es\/wp-content\/uploads\/2018\/11\/VELERS-2-768x576.jpg 768w, https:\/\/www.formentera.es\/wp-content\/uploads\/2018\/11\/VELERS-2-1024x768.jpg 1024w\" sizes=\"auto, (max-width: 1900px) 100vw, 1900px\" \/>\n\t\t<div class=\"figc no-description\">\n\t\t\t<div class=\"figc-inner\">\n\t\t\t\t\t\t\t\t\t\t\t\t\t\t\t<\/div>\n\t\t<\/div>\n\n\t<\/div>\n\n<\/div><div class=\"modula-item effect-quiet jtg-filter-all jtg-filter-\" data-width=\"5\" data-height=\"4\" >\n\t<div class=\"modula-item-overlay\"><\/div>\n\n\t<div class=\"modula-item-content\">\n\n\t\t\t\t\n\t\t\t\t\t<a data-image-id=\"1007\" tabindex=\"0\" href=\"https:\/\/www.formentera.es\/wp-content\/uploads\/2018\/11\/VELERS-3.jpg\" rel=\"jtg-961\" data-caption=\"\" aria-label=\"Open image in lightbox\" role=\"button\" data-cyclefilter=\"show\" data-fancybox=\"jtg-961\" class=\"tile-inner modula-item-link\"><\/a>\n\t\t\n\t\t<img loading=\"lazy\" decoding=\"async\" class=\"pic wp-image-1007\"  data-valign=\"middle\" data-halign=\"center\" alt=\"\" data-full=\"https:\/\/www.formentera.es\/wp-content\/uploads\/2018\/11\/VELERS-3.jpg\" title=\"VELERS (3)\" width=\"1900\" height=\"1425\" src=\"https:\/\/www.formentera.es\/wp-content\/uploads\/2018\/11\/VELERS-3.jpg\" data-src=\"https:\/\/www.formentera.es\/wp-content\/uploads\/2018\/11\/VELERS-3.jpg\" data-caption=\"\" srcset=\"https:\/\/www.formentera.es\/wp-content\/uploads\/2018\/11\/VELERS-3.jpg 1900w, https:\/\/www.formentera.es\/wp-content\/uploads\/2018\/11\/VELERS-3-300x225.jpg 300w, https:\/\/www.formentera.es\/wp-content\/uploads\/2018\/11\/VELERS-3-768x576.jpg 768w, https:\/\/www.formentera.es\/wp-content\/uploads\/2018\/11\/VELERS-3-1024x768.jpg 1024w\" sizes=\"auto, (max-width: 1900px) 100vw, 1900px\" \/>\n\t\t<div class=\"figc no-description\">\n\t\t\t<div class=\"figc-inner\">\n\t\t\t\t\t\t\t\t\t\t\t\t\t\t\t<\/div>\n\t\t<\/div>\n\n\t<\/div>\n\n<\/div><div class=\"modula-item effect-quiet jtg-filter-all jtg-filter-\" data-width=\"5\" data-height=\"4\" >\n\t<div class=\"modula-item-overlay\"><\/div>\n\n\t<div class=\"modula-item-content\">\n\n\t\t\t\t\n\t\t\t\t\t<a data-image-id=\"1001\" tabindex=\"0\" href=\"https:\/\/www.formentera.es\/wp-content\/uploads\/2018\/11\/Mercat-la-savina-48.jpg\" rel=\"jtg-961\" data-caption=\"\" aria-label=\"Open image in lightbox\" role=\"button\" data-cyclefilter=\"show\" data-fancybox=\"jtg-961\" class=\"tile-inner modula-item-link\"><\/a>\n\t\t\n\t\t<img loading=\"lazy\" decoding=\"async\" class=\"pic wp-image-1001\"  data-valign=\"middle\" data-halign=\"center\" alt=\"\" data-full=\"https:\/\/www.formentera.es\/wp-content\/uploads\/2018\/11\/Mercat-la-savina-48.jpg\" title=\"Mercat la savina (48)\" width=\"1900\" height=\"1136\" src=\"https:\/\/www.formentera.es\/wp-content\/uploads\/2018\/11\/Mercat-la-savina-48.jpg\" data-src=\"https:\/\/www.formentera.es\/wp-content\/uploads\/2018\/11\/Mercat-la-savina-48.jpg\" data-caption=\"\" srcset=\"https:\/\/www.formentera.es\/wp-content\/uploads\/2018\/11\/Mercat-la-savina-48.jpg 1900w, https:\/\/www.formentera.es\/wp-content\/uploads\/2018\/11\/Mercat-la-savina-48-300x179.jpg 300w, https:\/\/www.formentera.es\/wp-content\/uploads\/2018\/11\/Mercat-la-savina-48-768x459.jpg 768w, https:\/\/www.formentera.es\/wp-content\/uploads\/2018\/11\/Mercat-la-savina-48-1024x612.jpg 1024w\" sizes=\"auto, (max-width: 1900px) 100vw, 1900px\" \/>\n\t\t<div class=\"figc no-description\">\n\t\t\t<div class=\"figc-inner\">\n\t\t\t\t\t\t\t\t\t\t\t\t\t\t\t<\/div>\n\t\t<\/div>\n\n\t<\/div>\n\n<\/div><div class=\"modula-item effect-quiet jtg-filter-all jtg-filter-\" data-width=\"7\" data-height=\"5\" >\n\t<div class=\"modula-item-overlay\"><\/div>\n\n\t<div class=\"modula-item-content\">\n\n\t\t\t\t\n\t\t\t\t\t<a data-image-id=\"1002\" tabindex=\"0\" href=\"https:\/\/www.formentera.es\/wp-content\/uploads\/2018\/11\/Pano_Estacio-Mari\u0301tima_Alfredo-Montero.jpg\" rel=\"jtg-961\" data-caption=\"\" aria-label=\"Open image in lightbox\" role=\"button\" data-cyclefilter=\"show\" data-fancybox=\"jtg-961\" class=\"tile-inner modula-item-link\"><\/a>\n\t\t\n\t\t<img loading=\"lazy\" decoding=\"async\" class=\"pic wp-image-1002\"  data-valign=\"middle\" data-halign=\"center\" alt=\"\" data-full=\"https:\/\/www.formentera.es\/wp-content\/uploads\/2018\/11\/Pano_Estacio-Mari\u0301tima_Alfredo-Montero.jpg\" title=\"Pano_Estacio Mari\u0301tima_Alfredo Montero\" width=\"1900\" height=\"869\" src=\"https:\/\/www.formentera.es\/wp-content\/uploads\/2018\/11\/Pano_Estacio-Mari\u0301tima_Alfredo-Montero.jpg\" data-src=\"https:\/\/www.formentera.es\/wp-content\/uploads\/2018\/11\/Pano_Estacio-Mari\u0301tima_Alfredo-Montero.jpg\" data-caption=\"\" srcset=\"https:\/\/www.formentera.es\/wp-content\/uploads\/2018\/11\/Pano_Estacio-Mari\u0301tima_Alfredo-Montero.jpg 1900w, https:\/\/www.formentera.es\/wp-content\/uploads\/2018\/11\/Pano_Estacio-Mari\u0301tima_Alfredo-Montero-300x137.jpg 300w, https:\/\/www.formentera.es\/wp-content\/uploads\/2018\/11\/Pano_Estacio-Mari\u0301tima_Alfredo-Montero-768x351.jpg 768w, https:\/\/www.formentera.es\/wp-content\/uploads\/2018\/11\/Pano_Estacio-Mari\u0301tima_Alfredo-Montero-1024x468.jpg 1024w\" sizes=\"auto, (max-width: 1900px) 100vw, 1900px\" \/>\n\t\t<div class=\"figc no-description\">\n\t\t\t<div class=\"figc-inner\">\n\t\t\t\t\t\t\t\t\t\t\t\t\t\t\t<\/div>\n\t\t<\/div>\n\n\t<\/div>\n\n<\/div><div class=\"modula-item effect-quiet jtg-filter-all jtg-filter-\" data-width=\"5\" data-height=\"4\" >\n\t<div class=\"modula-item-overlay\"><\/div>\n\n\t<div class=\"modula-item-content\">\n\n\t\t\t\t\n\t\t\t\t\t<a data-image-id=\"1003\" tabindex=\"0\" href=\"https:\/\/www.formentera.es\/wp-content\/uploads\/2018\/11\/port-shutterstock_87209608.jpg\" rel=\"jtg-961\" data-caption=\"\" aria-label=\"Open image in lightbox\" role=\"button\" data-cyclefilter=\"show\" data-fancybox=\"jtg-961\" class=\"tile-inner modula-item-link\"><\/a>\n\t\t\n\t\t<img loading=\"lazy\" decoding=\"async\" class=\"pic wp-image-1003\"  data-valign=\"middle\" data-halign=\"center\" alt=\"\" data-full=\"https:\/\/www.formentera.es\/wp-content\/uploads\/2018\/11\/port-shutterstock_87209608.jpg\" title=\"port shutterstock_87209608\" width=\"1900\" height=\"1267\" src=\"https:\/\/www.formentera.es\/wp-content\/uploads\/2018\/11\/port-shutterstock_87209608.jpg\" data-src=\"https:\/\/www.formentera.es\/wp-content\/uploads\/2018\/11\/port-shutterstock_87209608.jpg\" data-caption=\"\" srcset=\"https:\/\/www.formentera.es\/wp-content\/uploads\/2018\/11\/port-shutterstock_87209608.jpg 1900w, https:\/\/www.formentera.es\/wp-content\/uploads\/2018\/11\/port-shutterstock_87209608-300x200.jpg 300w, https:\/\/www.formentera.es\/wp-content\/uploads\/2018\/11\/port-shutterstock_87209608-768x512.jpg 768w, https:\/\/www.formentera.es\/wp-content\/uploads\/2018\/11\/port-shutterstock_87209608-1024x683.jpg 1024w\" sizes=\"auto, (max-width: 1900px) 100vw, 1900px\" \/>\n\t\t<div class=\"figc no-description\">\n\t\t\t<div class=\"figc-inner\">\n\t\t\t\t\t\t\t\t\t\t\t\t\t\t\t<\/div>\n\t\t<\/div>\n\n\t<\/div>\n\n<\/div><div class=\"modula-item effect-quiet jtg-filter-all jtg-filter-\" data-width=\"7\" data-height=\"5\" >\n\t<div class=\"modula-item-overlay\"><\/div>\n\n\t<div class=\"modula-item-content\">\n\n\t\t\t\t\n\t\t\t\t\t<a data-image-id=\"1000\" tabindex=\"0\" href=\"https:\/\/www.formentera.es\/wp-content\/uploads\/2018\/11\/FARO-LA-SAVINA-ALEX-MARTIN-E.jpg\" rel=\"jtg-961\" data-caption=\"\" aria-label=\"Open image in lightbox\" role=\"button\" data-cyclefilter=\"show\" data-fancybox=\"jtg-961\" class=\"tile-inner modula-item-link\"><\/a>\n\t\t\n\t\t<img loading=\"lazy\" decoding=\"async\" class=\"pic wp-image-1000\"  data-valign=\"middle\" data-halign=\"center\" alt=\"\" data-full=\"https:\/\/www.formentera.es\/wp-content\/uploads\/2018\/11\/FARO-LA-SAVINA-ALEX-MARTIN-E.jpg\" title=\"FARO LA SAVINA, ALEX MARTIN E\" width=\"1900\" height=\"1425\" src=\"https:\/\/www.formentera.es\/wp-content\/uploads\/2018\/11\/FARO-LA-SAVINA-ALEX-MARTIN-E.jpg\" data-src=\"https:\/\/www.formentera.es\/wp-content\/uploads\/2018\/11\/FARO-LA-SAVINA-ALEX-MARTIN-E.jpg\" data-caption=\"\" srcset=\"https:\/\/www.formentera.es\/wp-content\/uploads\/2018\/11\/FARO-LA-SAVINA-ALEX-MARTIN-E.jpg 1900w, https:\/\/www.formentera.es\/wp-content\/uploads\/2018\/11\/FARO-LA-SAVINA-ALEX-MARTIN-E-300x225.jpg 300w, https:\/\/www.formentera.es\/wp-content\/uploads\/2018\/11\/FARO-LA-SAVINA-ALEX-MARTIN-E-768x576.jpg 768w, https:\/\/www.formentera.es\/wp-content\/uploads\/2018\/11\/FARO-LA-SAVINA-ALEX-MARTIN-E-1024x768.jpg 1024w\" sizes=\"auto, (max-width: 1900px) 100vw, 1900px\" \/>\n\t\t<div class=\"figc no-description\">\n\t\t\t<div class=\"figc-inner\">\n\t\t\t\t\t\t\t\t\t\t\t\t\t\t\t<\/div>\n\t\t<\/div>\n\n\t<\/div>\n\n<\/div><div class=\"modula-item effect-quiet jtg-filter-all jtg-filter-\" data-width=\"5\" data-height=\"4\" >\n\t<div class=\"modula-item-overlay\"><\/div>\n\n\t<div class=\"modula-item-content\">\n\n\t\t\t\t\n\t\t\t\t\t<a data-image-id=\"1004\" tabindex=\"0\" href=\"https:\/\/www.formentera.es\/wp-content\/uploads\/2018\/11\/SAViNA.jpg\" rel=\"jtg-961\" data-caption=\"\" aria-label=\"Open image in lightbox\" role=\"button\" data-cyclefilter=\"show\" data-fancybox=\"jtg-961\" class=\"tile-inner modula-item-link\"><\/a>\n\t\t\n\t\t<img loading=\"lazy\" decoding=\"async\" class=\"pic wp-image-1004\"  data-valign=\"middle\" data-halign=\"center\" alt=\"\" data-full=\"https:\/\/www.formentera.es\/wp-content\/uploads\/2018\/11\/SAViNA.jpg\" title=\"SAViNA\" width=\"1900\" height=\"2851\" src=\"https:\/\/www.formentera.es\/wp-content\/uploads\/2018\/11\/SAViNA.jpg\" data-src=\"https:\/\/www.formentera.es\/wp-content\/uploads\/2018\/11\/SAViNA.jpg\" data-caption=\"\" srcset=\"https:\/\/www.formentera.es\/wp-content\/uploads\/2018\/11\/SAViNA.jpg 1900w, https:\/\/www.formentera.es\/wp-content\/uploads\/2018\/11\/SAViNA-200x300.jpg 200w, https:\/\/www.formentera.es\/wp-content\/uploads\/2018\/11\/SAViNA-768x1152.jpg 768w, https:\/\/www.formentera.es\/wp-content\/uploads\/2018\/11\/SAViNA-682x1024.jpg 682w\" sizes=\"auto, (max-width: 1900px) 100vw, 1900px\" \/>\n\t\t<div class=\"figc no-description\">\n\t\t\t<div class=\"figc-inner\">\n\t\t\t\t\t\t\t\t\t\t\t\t\t\t\t<\/div>\n\t\t<\/div>\n\n\t<\/div>\n\n<\/div>\t\t\n\t<\/div>\n\n\t\n\t\n\t<script type=\"application\/ld+json\">\n\t{\n\t\t\"@context\": \"http:\/\/schema.org\",\n\t\t\"@type\"   : \"ImageGallery\",\n\t\t\"id\"      : \"https:\/\/www.formentera.es\/ca\/explorar\/pobles\/la-savina\/\",\n\t\t\"url\"     : \"https:\/\/www.formentera.es\/ca\/explorar\/pobles\/la-savina\/\"\n\t}\n\n\t<\/script>\n\n\t\n<\/div>\n[\/vc_column_text][\/vc_column][\/vc_row][vc_row][vc_column][vc_column_text]<div id=\"siguexpl\" class=\"container sc\"><h2>Segueix explorant<\/h2><div class=\"row\"><a href=\"https:\/\/www.formentera.es\/ca\/explorar\/pobles\/\" class=\"col-md-4\">\n\t\t\t\t\t\t<div class=\"row\">\n\t\t\t\t\t\t\t<div class=\"col-sm-4\" style=\"background-image: url(https:\/\/www.formentera.es\/wp-content\/uploads\/2018\/11\/1_Esglesia-St.-Francesc-panoramica-300x190.jpg)\"><\/div>\n\t\t\t\t\t\t\t<div class=\"col-sm-8\">\n\t\t\t\t\t\t\t\tPobles\n\t\t\t\t\t\t\t\t<i class=\"fa fa-angle-right\"><\/i>\n\t\t\t\t\t\t\t<\/div>\n\t\t\t\t\t\t\t<div class=\"bhover\"><\/div>\n\t\t\t\t\t\t<\/div>\n\t\t\t\t\t\t\n\t\t\t\t\t<\/a><a href=\"https:\/\/www.formentera.es\/ca\/explorar\/cultura-i-patrimoni\/\" class=\"col-md-4\">\n\t\t\t\t\t\t<div class=\"row\">\n\t\t\t\t\t\t\t<div class=\"col-sm-4\" style=\"background-image: url(https:\/\/www.formentera.es\/wp-content\/uploads\/2019\/01\/Torre-de-Sa-Gavina_Moonkoala-300x200.jpg)\"><\/div>\n\t\t\t\t\t\t\t<div class=\"col-sm-8\">\n\t\t\t\t\t\t\t\tCultura i patrimoni\n\t\t\t\t\t\t\t\t<i class=\"fa fa-angle-right\"><\/i>\n\t\t\t\t\t\t\t<\/div>\n\t\t\t\t\t\t\t<div class=\"bhover\"><\/div>\n\t\t\t\t\t\t<\/div>\n\t\t\t\t\t\t\n\t\t\t\t\t<\/a><a href=\"https:\/\/www.formentera.es\/ca\/explorar\/llocs-dinteres\/\" class=\"col-md-4\">\n\t\t\t\t\t\t<div class=\"row\">\n\t\t\t\t\t\t\t<div class=\"col-sm-4\" style=\"background-image: url(https:\/\/www.formentera.es\/wp-content\/uploads\/2018\/12\/audio_16-mp3-image-300x297.png)\"><\/div>\n\t\t\t\t\t\t\t<div class=\"col-sm-8\">\n\t\t\t\t\t\t\t\tLlocs d&#8217;inter\u00e9s\n\t\t\t\t\t\t\t\t<i class=\"fa fa-angle-right\"><\/i>\n\t\t\t\t\t\t\t<\/div>\n\t\t\t\t\t\t\t<div class=\"bhover\"><\/div>\n\t\t\t\t\t\t<\/div>\n\t\t\t\t\t\t\n\t\t\t\t\t<\/a><\/div><\/div>[\/vc_column_text][\/vc_column][\/vc_row][vc_row full_width=&#8221;stretch_row_content&#8221; equal_height=&#8221;yes&#8221; css=&#8221;.vc_custom_1549021515263{padding-top: 80px !important;}&#8221; el_class=&#8221;bloque_maseventos&#8221;][vc_column][vc_column_text el_class=&#8221;h1&#8243;]<\/p>\n<h2 style=\"text-align: center;\">Esdeveniments a Formenteraa<\/h2>\n<p>[\/vc_column_text][vc_basic_grid post_type=&#8221;post&#8221; max_items=&#8221;3&#8243; orderby=&#8221;rand&#8221; item=&#8221;1524&#8243; grid_id=&#8221;vc_gid:1549021480854-1c51f2c7-02a1-2&#8243; taxonomies=&#8221;17&#8243;][vc_btn title=&#8221;M\u00e1s eventos&#8221; style=&#8221;flat&#8221; shape=&#8221;square&#8221; color=&#8221;white&#8221; size=&#8221;lg&#8221; align=&#8221;center&#8221; i_align=&#8221;right&#8221; i_type=&#8221;entypo&#8221; i_icon_entypo=&#8221;entypo-icon entypo-icon-right-open-big&#8221; add_icon=&#8221;true&#8221; el_class=&#8221;btn_more&#8221; link=&#8221;url:https%3A%2F%2Fwww.formentera.es%2Feventos%2F|||&#8221;][\/vc_column][\/vc_row]<\/p>\n<\/div>","protected":false},"excerpt":{"rendered":"<p>[vc_row full_width=&#8221;stretch_row&#8221;][vc_column width=&#8221;2\/3&#8243; css=&#8221;.vc_custom_1530269560078{padding-right: 5% !important;}&#8221;][vc_column_text el_class=&#8221;texto_ficha&#8221;] Lloc de connexi\u00f3 per a tots els residents [&hellip;]<\/p>\n","protected":false},"author":1,"featured_media":2416,"parent":2361,"menu_order":0,"comment_status":"closed","ping_status":"closed","template":"page-ficha.php","meta":{"_acf_changed":false,"footnotes":""},"categories":[],"class_list":["post-2415","page","type-page","status-publish","hentry"],"acf":[],"yoast_head":"<!-- This site is optimized with the Yoast SEO plugin v25.5 - https:\/\/yoast.com\/wordpress\/plugins\/seo\/ -->\n<title>La Savina | Turismo de Formentera<\/title>\n<meta name=\"robots\" content=\"index, follow, max-snippet:-1, max-image-preview:large, max-video-preview:-1\" \/>\n<link rel=\"canonical\" href=\"https:\/\/www.formentera.es\/ca\/explorar\/pobles\/la-savina\/\" \/>\n<meta property=\"og:locale\" content=\"ca_ES\" \/>\n<meta property=\"og:type\" content=\"article\" \/>\n<meta property=\"og:title\" content=\"La Savina | Turismo de Formentera\" \/>\n<meta property=\"og:description\" content=\"[vc_row full_width=&#8221;stretch_row&#8221;][vc_column width=&#8221;2\/3&#8243; css=&#8221;.vc_custom_1530269560078{padding-right: 5% !important;}&#8221;][vc_column_text el_class=&#8221;texto_ficha&#8221;] Lloc de connexi\u00f3 per a tots els residents [&hellip;]\" \/>\n<meta property=\"og:url\" content=\"https:\/\/www.formentera.es\/ca\/explorar\/pobles\/la-savina\/\" \/>\n<meta property=\"og:site_name\" content=\"Turismo de Formentera\" \/>\n<meta property=\"article:publisher\" content=\"https:\/\/www.facebook.com\/turismoformentera\/\" \/>\n<meta property=\"article:modified_time\" content=\"2019-02-01T11:45:19+00:00\" \/>\n<meta property=\"og:image\" content=\"https:\/\/www.formentera.es\/wp-content\/uploads\/2018\/11\/1_La-savina-Javi-Asensio.jpg\" \/>\n\t<meta property=\"og:image:width\" content=\"1900\" \/>\n\t<meta property=\"og:image:height\" content=\"1069\" \/>\n\t<meta property=\"og:image:type\" content=\"image\/jpeg\" \/>\n<meta name=\"twitter:card\" content=\"summary_large_image\" \/>\n<meta name=\"twitter:site\" content=\"@visitformentera\" \/>\n<meta name=\"twitter:label1\" content=\"Temps estimat de lectura\" \/>\n\t<meta name=\"twitter:data1\" content=\"3 minuts\" \/>\n<script type=\"application\/ld+json\" class=\"yoast-schema-graph\">{\"@context\":\"https:\/\/schema.org\",\"@graph\":[{\"@type\":\"WebPage\",\"@id\":\"https:\/\/www.formentera.es\/ca\/explorar\/pobles\/la-savina\/\",\"url\":\"https:\/\/www.formentera.es\/ca\/explorar\/pobles\/la-savina\/\",\"name\":\"La Savina | Turismo de Formentera\",\"isPartOf\":{\"@id\":\"https:\/\/www.formentera.es\/#website\"},\"primaryImageOfPage\":{\"@id\":\"https:\/\/www.formentera.es\/ca\/explorar\/pobles\/la-savina\/#primaryimage\"},\"image\":{\"@id\":\"https:\/\/www.formentera.es\/ca\/explorar\/pobles\/la-savina\/#primaryimage\"},\"thumbnailUrl\":\"https:\/\/www.formentera.es\/wp-content\/uploads\/2018\/11\/1_La-savina-Javi-Asensio.jpg\",\"datePublished\":\"2018-07-23T14:27:54+00:00\",\"dateModified\":\"2019-02-01T11:45:19+00:00\",\"breadcrumb\":{\"@id\":\"https:\/\/www.formentera.es\/ca\/explorar\/pobles\/la-savina\/#breadcrumb\"},\"inLanguage\":\"ca\",\"potentialAction\":[{\"@type\":\"ReadAction\",\"target\":[\"https:\/\/www.formentera.es\/ca\/explorar\/pobles\/la-savina\/\"]}]},{\"@type\":\"ImageObject\",\"inLanguage\":\"ca\",\"@id\":\"https:\/\/www.formentera.es\/ca\/explorar\/pobles\/la-savina\/#primaryimage\",\"url\":\"https:\/\/www.formentera.es\/wp-content\/uploads\/2018\/11\/1_La-savina-Javi-Asensio.jpg\",\"contentUrl\":\"https:\/\/www.formentera.es\/wp-content\/uploads\/2018\/11\/1_La-savina-Javi-Asensio.jpg\",\"width\":1900,\"height\":1069},{\"@type\":\"BreadcrumbList\",\"@id\":\"https:\/\/www.formentera.es\/ca\/explorar\/pobles\/la-savina\/#breadcrumb\",\"itemListElement\":[{\"@type\":\"ListItem\",\"position\":1,\"name\":\"Portada\",\"item\":\"https:\/\/www.formentera.es\/ca\/\"},{\"@type\":\"ListItem\",\"position\":2,\"name\":\"Explorar\",\"item\":\"https:\/\/www.formentera.es\/ca\/explorar\/\"},{\"@type\":\"ListItem\",\"position\":3,\"name\":\"Pobles\",\"item\":\"https:\/\/www.formentera.es\/ca\/explorar\/pobles\/\"},{\"@type\":\"ListItem\",\"position\":4,\"name\":\"La Savina\"}]},{\"@type\":\"WebSite\",\"@id\":\"https:\/\/www.formentera.es\/#website\",\"url\":\"https:\/\/www.formentera.es\/\",\"name\":\"Turismo de Formentera\",\"description\":\"Web oficial de Turismo de Formentera\",\"potentialAction\":[{\"@type\":\"SearchAction\",\"target\":{\"@type\":\"EntryPoint\",\"urlTemplate\":\"https:\/\/www.formentera.es\/?s={search_term_string}\"},\"query-input\":{\"@type\":\"PropertyValueSpecification\",\"valueRequired\":true,\"valueName\":\"search_term_string\"}}],\"inLanguage\":\"ca\"}]}<\/script>\n<!-- \/ Yoast SEO plugin. -->","yoast_head_json":{"title":"La Savina | Turismo de Formentera","robots":{"index":"index","follow":"follow","max-snippet":"max-snippet:-1","max-image-preview":"max-image-preview:large","max-video-preview":"max-video-preview:-1"},"canonical":"https:\/\/www.formentera.es\/ca\/explorar\/pobles\/la-savina\/","og_locale":"ca_ES","og_type":"article","og_title":"La Savina | Turismo de Formentera","og_description":"[vc_row full_width=&#8221;stretch_row&#8221;][vc_column width=&#8221;2\/3&#8243; css=&#8221;.vc_custom_1530269560078{padding-right: 5% !important;}&#8221;][vc_column_text el_class=&#8221;texto_ficha&#8221;] Lloc de connexi\u00f3 per a tots els residents [&hellip;]","og_url":"https:\/\/www.formentera.es\/ca\/explorar\/pobles\/la-savina\/","og_site_name":"Turismo de Formentera","article_publisher":"https:\/\/www.facebook.com\/turismoformentera\/","article_modified_time":"2019-02-01T11:45:19+00:00","og_image":[{"width":1900,"height":1069,"url":"https:\/\/www.formentera.es\/wp-content\/uploads\/2018\/11\/1_La-savina-Javi-Asensio.jpg","type":"image\/jpeg"}],"twitter_card":"summary_large_image","twitter_site":"@visitformentera","twitter_misc":{"Temps estimat de lectura":"3 minuts"},"schema":{"@context":"https:\/\/schema.org","@graph":[{"@type":"WebPage","@id":"https:\/\/www.formentera.es\/ca\/explorar\/pobles\/la-savina\/","url":"https:\/\/www.formentera.es\/ca\/explorar\/pobles\/la-savina\/","name":"La Savina | Turismo de Formentera","isPartOf":{"@id":"https:\/\/www.formentera.es\/#website"},"primaryImageOfPage":{"@id":"https:\/\/www.formentera.es\/ca\/explorar\/pobles\/la-savina\/#primaryimage"},"image":{"@id":"https:\/\/www.formentera.es\/ca\/explorar\/pobles\/la-savina\/#primaryimage"},"thumbnailUrl":"https:\/\/www.formentera.es\/wp-content\/uploads\/2018\/11\/1_La-savina-Javi-Asensio.jpg","datePublished":"2018-07-23T14:27:54+00:00","dateModified":"2019-02-01T11:45:19+00:00","breadcrumb":{"@id":"https:\/\/www.formentera.es\/ca\/explorar\/pobles\/la-savina\/#breadcrumb"},"inLanguage":"ca","potentialAction":[{"@type":"ReadAction","target":["https:\/\/www.formentera.es\/ca\/explorar\/pobles\/la-savina\/"]}]},{"@type":"ImageObject","inLanguage":"ca","@id":"https:\/\/www.formentera.es\/ca\/explorar\/pobles\/la-savina\/#primaryimage","url":"https:\/\/www.formentera.es\/wp-content\/uploads\/2018\/11\/1_La-savina-Javi-Asensio.jpg","contentUrl":"https:\/\/www.formentera.es\/wp-content\/uploads\/2018\/11\/1_La-savina-Javi-Asensio.jpg","width":1900,"height":1069},{"@type":"BreadcrumbList","@id":"https:\/\/www.formentera.es\/ca\/explorar\/pobles\/la-savina\/#breadcrumb","itemListElement":[{"@type":"ListItem","position":1,"name":"Portada","item":"https:\/\/www.formentera.es\/ca\/"},{"@type":"ListItem","position":2,"name":"Explorar","item":"https:\/\/www.formentera.es\/ca\/explorar\/"},{"@type":"ListItem","position":3,"name":"Pobles","item":"https:\/\/www.formentera.es\/ca\/explorar\/pobles\/"},{"@type":"ListItem","position":4,"name":"La Savina"}]},{"@type":"WebSite","@id":"https:\/\/www.formentera.es\/#website","url":"https:\/\/www.formentera.es\/","name":"Turismo de Formentera","description":"Web oficial de Turismo de Formentera","potentialAction":[{"@type":"SearchAction","target":{"@type":"EntryPoint","urlTemplate":"https:\/\/www.formentera.es\/?s={search_term_string}"},"query-input":{"@type":"PropertyValueSpecification","valueRequired":true,"valueName":"search_term_string"}}],"inLanguage":"ca"}]}},"_links":{"self":[{"href":"https:\/\/www.formentera.es\/ca\/wp-json\/wp\/v2\/pages\/2415","targetHints":{"allow":["GET"]}}],"collection":[{"href":"https:\/\/www.formentera.es\/ca\/wp-json\/wp\/v2\/pages"}],"about":[{"href":"https:\/\/www.formentera.es\/ca\/wp-json\/wp\/v2\/types\/page"}],"author":[{"embeddable":true,"href":"https:\/\/www.formentera.es\/ca\/wp-json\/wp\/v2\/users\/1"}],"replies":[{"embeddable":true,"href":"https:\/\/www.formentera.es\/ca\/wp-json\/wp\/v2\/comments?post=2415"}],"version-history":[{"count":0,"href":"https:\/\/www.formentera.es\/ca\/wp-json\/wp\/v2\/pages\/2415\/revisions"}],"up":[{"embeddable":true,"href":"https:\/\/www.formentera.es\/ca\/wp-json\/wp\/v2\/pages\/2361"}],"wp:featuredmedia":[{"embeddable":true,"href":"https:\/\/www.formentera.es\/ca\/wp-json\/wp\/v2\/media\/2416"}],"wp:attachment":[{"href":"https:\/\/www.formentera.es\/ca\/wp-json\/wp\/v2\/media?parent=2415"}],"wp:term":[{"taxonomy":"category","embeddable":true,"href":"https:\/\/www.formentera.es\/ca\/wp-json\/wp\/v2\/categories?post=2415"}],"curies":[{"name":"wp","href":"https:\/\/api.w.org\/{rel}","templated":true}]}}