{"id":2319,"date":"2018-06-28T12:02:52","date_gmt":"2018-06-28T14:02:52","guid":{"rendered":"https:\/\/www.formentera.es\/platges\/ses-illetes\/"},"modified":"2024-09-23T17:40:11","modified_gmt":"2024-09-23T15:40:11","slug":"ses-illetes","status":"publish","type":"page","link":"https:\/\/www.formentera.es\/ca\/explorar\/platges\/ses-illetes\/","title":{"rendered":"Ses Illetes"},"content":{"rendered":"<div class=\"wpb-content-wrapper\"><p>[vc_row full_width=&#8221;stretch_row&#8221;][vc_column width=&#8221;2\/3&#8243; css=&#8221;.vc_custom_1530269560078{padding-right: 5% !important;}&#8221;][vc_column_text el_class=&#8221;texto_ficha&#8221;]<\/p>\n<h2>La platja m\u00e9s ic\u00f2nica de Formentera<\/h2>\n<h3>Declarada en m\u00e9s d\u2019una ocasi\u00f3 com una de les platges m\u00e9s belles del m\u00f3n, la platja de ses Illetes \u00e9s probablement el paisatge m\u00e9s representatiu de l\u2019espectacular costa de Formentera.<\/h3>\n<p>Aquesta platja se situa dins el <b>Parc Natural de ses Salines d\u2019Eivissa i Formentera i <\/b>ocupa gran part de la pen\u00ednsula des <b>Trucadors<\/b>, extrem nord de l\u2019illa de Formentera, i amb orientaci\u00f3 cap a ponent. S\u00f3n m\u00e9s de <b>450 metres de platja <\/b>que es divideixen en dos a causa d\u2019una petita zona rocosa que es troba enmig. El seu nom fa refer\u00e8ncia a diversos illots que es despleguen davant d\u2019aquesta costa i aquestes s\u00f3n conegudes amb els noms de: illa de Tramuntana, illa des Forn, escull des Pou, illa Redona i escull d\u2019en Palla. La seva pres\u00e8ncia fa que el paisatge d\u2019aquesta platja sigui encara m\u00e9s singular.<\/p>\n<p>El m\u00e9s destacable d\u2019aquesta platja s\u00f3n les seves aig\u00fces tranquil\u00b7les, poc profundes i de colors turqueses que al costat de l\u2019arena blanca de la riba la converteixen en un paisatge paradis\u00edac. A m\u00e9s, en tractar-se d\u2019un parc natural, als voltants estan degudament cuidades amb zones de protecci\u00f3 dunar, passarel\u00b7les d\u2019acc\u00e9s i zones espec\u00edfiques on estacionar sense causar impacte en el terreny. Tamb\u00e9 hi ha diversos restaurants de diferents estils que es reparteixen al llarg d\u2019aquestes costes. Per tant, es tracta d\u2019una platja ideal tamb\u00e9 per als nens per la seva seguretat i els diferents serveis a disposici\u00f3 dels visitants.<\/p>\n<p>La gran extensi\u00f3 que ocupa aquesta platja permet que els visitants s\u2019instal\u00b7lin sobre l\u2019arena sense la dificultat de trobar grans aglomeracions, especialment a la zona nord on la pen\u00ednsula des Trucadors es converteix en un bra\u00e7 d\u2019arena que connecta amb la ve\u00efna platja de Llevant. Si es continua en direcci\u00f3 nord arribarem a l\u2019extrem de l\u2019illa des d\u2019on contemplar l\u2019illa de s\u2019Espalmador que es troba a molt pocs metres de Formentera. Al sud la seg\u00fcent platja que trobarem ser\u00e0 el <a href=\"https:\/\/www.formentera.es\/ca\/platges\/cavall-den-borras\/\">Cavall d\u2019en Borr\u00e0s<\/a> separada per una zona rocosa coneguda com es Pujol des Palo i la petita platja des Carregador.<\/p>\n<p>Ses Illetes \u00e9s, sense cap dubte, una de les platges m\u00e9s cridaneres de tota la costa de Formentera i \u00e9s un lloc ideal tant per a fer un bany en els mesos estiuencs com per fer llargues passejades durant els mesos m\u00e9s freds de l\u2019any.<\/p>\n<p>Per accedir al parc natural amb cotxe o moto, cal abonar una petita taxa a l\u2019entrada. L\u2019acc\u00e9s a peu o en bicicleta \u00e9s gratu\u00eft.[\/vc_column_text][\/vc_column][vc_column width=&#8221;1\/3&#8243;][vc_column_text]<div id=\"sidebar_ficha\"><a class=\"sidebar_breadcrumbs\" href=\"https:\/\/www.formentera.es\/ca\/explorar\/platges\/\"><i class=\"fa fa-angle-left\"><\/i>Tornar a Platges<\/a><div class=\"content_sidebar\"><div class=\"tit_medium\">Informaci\u00f3 \u00fatil<\/div><div id=\"mapaficha\"><a href=\"https:\/\/goo.gl\/maps\/kxtbe3zRUAD2\" target=\"_blank\"><img decoding=\"async\" src=\"https:\/\/www.formentera.es\/wp-content\/uploads\/2018\/11\/illetes.png\"><\/a><\/div><div class=\"\"><a href=\"https:\/\/www.google.com\/maps?saddr=My+Location&daddr=38.7582616,1.43504\" target=\"_blank\"><i class=\"fa fa-location-arrow\"><\/i><span>Com arribar-hi?<\/span><\/a><\/div><div class=\"tit_medium\">Desc\u00e0rregues<\/div><div class=\"\"><a href=\"https:\/\/www.formentera.es\/wp-content\/uploads\/2024\/09\/GUIA-DE-PLATGES_CAT.pdf\" target=\"_blank\"><i class=\"fa fa-arrow-circle-o-down\"><\/i><span>Guia de platges<\/span><\/a><\/div><div class=\"\"><a href=\"https:\/\/www.formentera.es\/wp-content\/uploads\/2024\/09\/Acces_Parc-Natural-de-ses-Salines.pdf\" target=\"_blank\"><i class=\"fa fa-arrow-circle-o-down\"><\/i><span>Informaci\u00f3 acc\u00e9s Parc Natural de Ses Salines de Formentera<\/span><\/a><\/div><div class=\"bloc_share\"><div class=\"blocs1\"><div class=\"tit_medium\">Compartir <\/div><div class=\"redes_ficha\"><div class=\"fa fa-brands fa-x-twitter st-custom-button\" data-network=\"twitter\"><\/div><div class=\"fa fa-facebook st-custom-button\" data-network=\"facebook\"><\/div><div class=\"fa fa-pinterest-p st-custom-button\" data-network=\"pinterest\"><\/div><\/div><\/div><div class=\"blocs2\"><div class=\"tit_medium\">Enviar a un amic<\/div><div class=\"redes_ficha\"><div class=\"fa fa-envelope st-custom-button\" data-network=\"email\"><\/div><div class=\"fa fa-whatsapp st-custom-button\" data-network=\"whatsapp\"><\/div><\/div><\/div><\/div><\/div><\/div>[\/vc_column_text][\/vc_column][\/vc_row][vc_row full_width=&#8221;stretch_row_content_no_spaces&#8221;][vc_column][vc_column_text]<style>#jtg-854 .modula-item .jtg-social a, .lightbox-socials.jtg-social a{ fill: #ffffff; color: #ffffff }#jtg-854 .modula-item .jtg-social-mobile a{ fill: #ffffff; color: #ffffff }#jtg-854 .modula-item .jtg-social svg, .lightbox-socials.jtg-social svg { height: 16px; width: 16px }#jtg-854 .modula-item .jtg-social-mobile svg { height: 16px; width: 16px }#jtg-854 .modula-item .jtg-social a:not(:last-child), .lightbox-socials.jtg-social a:not(:last-child) { margin-right: 10px }#jtg-854 .modula-item .jtg-social-mobile .jtg-social-mobile-icons a:not(:last-child){ margin-right: 10px }#jtg-854 .modula-item .figc {color:#ffffff;}#jtg-854 .modula-item .figc .jtg-title {  font-size: 16px; }#jtg-854 .modula-item .modula-item-content { transform: scale(1) }#jtg-854 .modula-items .figc p.description { font-size:14px; }#jtg-854 .modula-items .figc p.description { color:#ffffff;}#jtg-854.modula-gallery .modula-item > a, #jtg-854.modula-gallery .modula-item, #jtg-854.modula-gallery .modula-item-content > a:not(.modula-no-follow) { cursor:zoom-in; } #jtg-854.modula-gallery .modula-item-content .modula-no-follow { cursor: default; } #jtg-854 .modula-item { background-color:#000000; }#jtg-854 .modula-item:hover img { opacity: 0.5; }#jtg-854 .modula-item { transform: scale(1) translate(0px,0px) rotate(0deg); }@media screen and (max-width:480px){#jtg-854 .modula-item .figc .jtg-title {  font-size: 12px; }#jtg-854 .modula-items .figc p.description { color:#ffffff;font-size:10px; }}<\/style>\n<div  id=\"jtg-854\" class=\"modula modula-gallery modula-custom-grid\" data-config=\"{&quot;height&quot;:1000,&quot;tabletHeight&quot;:1000,&quot;mobileHeight&quot;:1000,&quot;desktopHeight&quot;:1000,&quot;enableTwitter&quot;:false,&quot;enableWhatsapp&quot;:false,&quot;enableFacebook&quot;:false,&quot;enablePinterest&quot;:false,&quot;enableLinkedin&quot;:false,&quot;enableEmail&quot;:false,&quot;randomFactor&quot;:0.5,&quot;type&quot;:&quot;custom-grid&quot;,&quot;columns&quot;:12,&quot;gutter&quot;:10,&quot;mobileGutter&quot;:10,&quot;tabletGutter&quot;:10,&quot;desktopGutter&quot;:10,&quot;enableResponsive&quot;:true,&quot;tabletColumns&quot;:2,&quot;mobileColumns&quot;:1,&quot;lazyLoad&quot;:&quot;0&quot;,&quot;lightboxOpts&quot;:{&quot;animated&quot;:true,&quot;Thumbs&quot;:{&quot;type&quot;:&quot;modern&quot;,&quot;showOnStart&quot;:false},&quot;Toolbar&quot;:{&quot;display&quot;:{&quot;right&quot;:[&quot;close&quot;]},&quot;enabled&quot;:true},&quot;Carousel&quot;:{&quot;Panzoom&quot;:{&quot;touch&quot;:false},&quot;infinite&quot;:false},&quot;keyboard&quot;:{&quot;Escape&quot;:&quot;close&quot;,&quot;Delete&quot;:&quot;close&quot;,&quot;Backspace&quot;:&quot;close&quot;,&quot;PageUp&quot;:false,&quot;PageDown&quot;:false,&quot;ArrowUp&quot;:false,&quot;ArrowDown&quot;:false,&quot;ArrowRight&quot;:false,&quot;ArrowLeft&quot;:false},&quot;touch&quot;:false,&quot;backdropClick&quot;:false,&quot;l10n&quot;:{&quot;CLOSE&quot;:&quot;Close&quot;,&quot;NEXT&quot;:&quot;Next&quot;,&quot;PREV&quot;:&quot;Previous&quot;,&quot;Error&quot;:&quot;The requested content cannot be loaded. Please try again later.&quot;,&quot;PLAY_START&quot;:&quot;Start slideshow&quot;,&quot;PLAY_STOP&quot;:&quot;Pause slideshow&quot;,&quot;FULL_SCREEN&quot;:&quot;Full screen&quot;,&quot;THUMBS&quot;:&quot;Thumbnails&quot;,&quot;DOWNLOAD&quot;:&quot;Download&quot;,&quot;SHARE&quot;:&quot;Share&quot;,&quot;ZOOM&quot;:&quot;Zoom&quot;,&quot;EMAIL&quot;:&quot;Here is the link to the image : %%image_link%% and this is the link to the gallery : %%gallery_link%%&quot;,&quot;MODAL&quot;:&quot;You can close this modal content with the ESC key&quot;,&quot;ERROR&quot;:&quot;Something Went Wrong, Please Try Again Later&quot;,&quot;IMAGE_ERROR&quot;:&quot;Image Not Found&quot;,&quot;ELEMENT_NOT_FOUND&quot;:&quot;HTML Element Not Found&quot;,&quot;AJAX_NOT_FOUND&quot;:&quot;Error Loading AJAX : Not Found&quot;,&quot;AJAX_FORBIDDEN&quot;:&quot;Error Loading AJAX : Forbidden&quot;,&quot;IFRAME_ERROR&quot;:&quot;Error Loading Page&quot;,&quot;TOGGLE_ZOOM&quot;:&quot;Toggle zoom level&quot;,&quot;TOGGLE_THUMBS&quot;:&quot;Toggle thumbnails&quot;,&quot;TOGGLE_SLIDESHOW&quot;:&quot;Toggle slideshow&quot;,&quot;TOGGLE_FULLSCREEN&quot;:&quot;Toggle full-screen mode&quot;},&quot;Images&quot;:{&quot;Panzoom&quot;:{&quot;maxScale&quot;:2}},&quot;mainClass&quot;:&quot;modula-fancybox-container modula-lightbox-jtg-854&quot;,&quot;Html&quot;:{&quot;videoAutoplay&quot;:0,&quot;videoTpl&quot;:&quot;&lt;video class=\\&quot;fancybox__html5video\\&quot; controls muted playsinline controlsList controlsList=\\&quot;nodownload\\&quot; poster=\\&quot;{{poster}}\\&quot; src=\\&quot;{{src}}\\&quot; type=\\&quot;{{format}}\\&quot; &gt;  Sorry, your browser doesn&#039;t support embedded videos, &lt;a href=\\&quot;{{src}}\\&quot;&gt; download &lt;\\\/a&gt; and watch with your favorite video player! &lt;\\\/video&gt;&quot;}},&quot;inView&quot;:false,&quot;email_subject&quot;:&quot;\\u00a1\\u00a1Mira esta impresionante imagen!!&quot;,&quot;email_message&quot;:&quot;Este es el enlace a la imagen: %%image_link%% y este es el enlace a la galer\\u00eda: %%gallery_link%%&quot;,&quot;lightbox&quot;:&quot;fancybox&quot;,&quot;filterClick&quot;:&quot;0&quot;,&quot;defaultActiveFilter&quot;:&quot;all&quot;}\">\n\n\t\n\t<div  class=\"modula-items\">\n\t\t<div class=\"modula-item effect-quiet jtg-filter-all jtg-filter-\" data-width=\"8\" data-height=\"4\" >\n\t<div class=\"modula-item-overlay\"><\/div>\n\n\t<div class=\"modula-item-content\">\n\n\t\t\t\t\n\t\t\t\t\t<a data-image-id=\"850\" tabindex=\"0\" href=\"https:\/\/www.formentera.es\/wp-content\/uploads\/2018\/11\/2-illetes-es-ministreshutterstock_185530808-1.jpg\" rel=\"jtg-854\" data-caption=\"\" aria-label=\"Open image in lightbox\" role=\"button\" data-cyclefilter=\"show\" data-fancybox=\"jtg-854\" class=\"tile-inner modula-item-link\"><\/a>\n\t\t\n\t\t<img loading=\"lazy\" decoding=\"async\" class=\"pic wp-image-850\"  data-valign=\"middle\" data-halign=\"center\" alt=\"\" data-full=\"https:\/\/www.formentera.es\/wp-content\/uploads\/2018\/11\/2-illetes-es-ministreshutterstock_185530808-1.jpg\" title=\"2 illetes es ministreshutterstock_185530808\" width=\"1900\" height=\"1267\" src=\"https:\/\/www.formentera.es\/wp-content\/uploads\/2018\/11\/2-illetes-es-ministreshutterstock_185530808-1.jpg\" data-src=\"https:\/\/www.formentera.es\/wp-content\/uploads\/2018\/11\/2-illetes-es-ministreshutterstock_185530808-1.jpg\" data-caption=\"\" srcset=\"https:\/\/www.formentera.es\/wp-content\/uploads\/2018\/11\/2-illetes-es-ministreshutterstock_185530808-1.jpg 1900w, https:\/\/www.formentera.es\/wp-content\/uploads\/2018\/11\/2-illetes-es-ministreshutterstock_185530808-1-300x200.jpg 300w, https:\/\/www.formentera.es\/wp-content\/uploads\/2018\/11\/2-illetes-es-ministreshutterstock_185530808-1-768x512.jpg 768w, https:\/\/www.formentera.es\/wp-content\/uploads\/2018\/11\/2-illetes-es-ministreshutterstock_185530808-1-1024x683.jpg 1024w\" sizes=\"auto, (max-width: 1900px) 100vw, 1900px\" \/>\n\t\t<div class=\"figc no-description\">\n\t\t\t<div class=\"figc-inner\">\n\t\t\t\t\t\t\t\t\t\t\t\t\t\t\t<\/div>\n\t\t<\/div>\n\n\t<\/div>\n\n<\/div><div class=\"modula-item effect-quiet jtg-filter-all jtg-filter-\" data-width=\"4\" data-height=\"4\" >\n\t<div class=\"modula-item-overlay\"><\/div>\n\n\t<div class=\"modula-item-content\">\n\n\t\t\t\t\n\t\t\t\t\t<a data-image-id=\"843\" tabindex=\"0\" href=\"https:\/\/www.formentera.es\/wp-content\/uploads\/2018\/11\/ILLETAS-20E-JORGE-JIMENEZ.jpg\" rel=\"jtg-854\" data-caption=\"\" aria-label=\"Open image in lightbox\" role=\"button\" data-cyclefilter=\"show\" data-fancybox=\"jtg-854\" class=\"tile-inner modula-item-link\"><\/a>\n\t\t\n\t\t<img loading=\"lazy\" decoding=\"async\" class=\"pic wp-image-843\"  data-valign=\"middle\" data-halign=\"center\" alt=\"\" data-full=\"https:\/\/www.formentera.es\/wp-content\/uploads\/2018\/11\/ILLETAS-20E-JORGE-JIMENEZ.jpg\" title=\"ILLETAS 20E, JORGE JIMENEZ\" width=\"800\" height=\"1203\" src=\"https:\/\/www.formentera.es\/wp-content\/uploads\/2018\/11\/ILLETAS-20E-JORGE-JIMENEZ.jpg\" data-src=\"https:\/\/www.formentera.es\/wp-content\/uploads\/2018\/11\/ILLETAS-20E-JORGE-JIMENEZ.jpg\" data-caption=\"\" srcset=\"https:\/\/www.formentera.es\/wp-content\/uploads\/2018\/11\/ILLETAS-20E-JORGE-JIMENEZ.jpg 800w, https:\/\/www.formentera.es\/wp-content\/uploads\/2018\/11\/ILLETAS-20E-JORGE-JIMENEZ-200x300.jpg 200w, https:\/\/www.formentera.es\/wp-content\/uploads\/2018\/11\/ILLETAS-20E-JORGE-JIMENEZ-768x1155.jpg 768w, https:\/\/www.formentera.es\/wp-content\/uploads\/2018\/11\/ILLETAS-20E-JORGE-JIMENEZ-681x1024.jpg 681w\" sizes=\"auto, (max-width: 800px) 100vw, 800px\" \/>\n\t\t<div class=\"figc no-description\">\n\t\t\t<div class=\"figc-inner\">\n\t\t\t\t\t\t\t\t\t\t\t\t\t\t\t<\/div>\n\t\t<\/div>\n\n\t<\/div>\n\n<\/div><div class=\"modula-item effect-quiet jtg-filter-all jtg-filter-\" data-width=\"4\" data-height=\"4\" >\n\t<div class=\"modula-item-overlay\"><\/div>\n\n\t<div class=\"modula-item-content\">\n\n\t\t\t\t\n\t\t\t\t\t<a data-image-id=\"845\" tabindex=\"0\" href=\"https:\/\/www.formentera.es\/wp-content\/uploads\/2018\/11\/illetes_ismael_iban\u0303ez2-1.jpg\" rel=\"jtg-854\" data-caption=\"\" aria-label=\"Open image in lightbox\" role=\"button\" data-cyclefilter=\"show\" data-fancybox=\"jtg-854\" class=\"tile-inner modula-item-link\"><\/a>\n\t\t\n\t\t<img loading=\"lazy\" decoding=\"async\" class=\"pic wp-image-845\"  data-valign=\"middle\" data-halign=\"center\" alt=\"\" data-full=\"https:\/\/www.formentera.es\/wp-content\/uploads\/2018\/11\/illetes_ismael_iban\u0303ez2-1.jpg\" title=\"illetes_ismael_iban\u0303ez2\" width=\"1900\" height=\"1531\" src=\"https:\/\/www.formentera.es\/wp-content\/uploads\/2018\/11\/illetes_ismael_iban\u0303ez2-1.jpg\" data-src=\"https:\/\/www.formentera.es\/wp-content\/uploads\/2018\/11\/illetes_ismael_iban\u0303ez2-1.jpg\" data-caption=\"\" srcset=\"https:\/\/www.formentera.es\/wp-content\/uploads\/2018\/11\/illetes_ismael_iban\u0303ez2-1.jpg 1900w, https:\/\/www.formentera.es\/wp-content\/uploads\/2018\/11\/illetes_ismael_iban\u0303ez2-1-300x242.jpg 300w, https:\/\/www.formentera.es\/wp-content\/uploads\/2018\/11\/illetes_ismael_iban\u0303ez2-1-768x619.jpg 768w, https:\/\/www.formentera.es\/wp-content\/uploads\/2018\/11\/illetes_ismael_iban\u0303ez2-1-1024x825.jpg 1024w\" sizes=\"auto, (max-width: 1900px) 100vw, 1900px\" \/>\n\t\t<div class=\"figc no-description\">\n\t\t\t<div class=\"figc-inner\">\n\t\t\t\t\t\t\t\t\t\t\t\t\t\t\t<\/div>\n\t\t<\/div>\n\n\t<\/div>\n\n<\/div><div class=\"modula-item effect-quiet jtg-filter-all jtg-filter-\" data-width=\"4\" data-height=\"4\" >\n\t<div class=\"modula-item-overlay\"><\/div>\n\n\t<div class=\"modula-item-content\">\n\n\t\t\t\t\n\t\t\t\t\t<a data-image-id=\"848\" tabindex=\"0\" href=\"https:\/\/www.formentera.es\/wp-content\/uploads\/2018\/11\/2-illetes-shutterstock_81240787-1.jpg\" rel=\"jtg-854\" data-caption=\"\" aria-label=\"Open image in lightbox\" role=\"button\" data-cyclefilter=\"show\" data-fancybox=\"jtg-854\" class=\"tile-inner modula-item-link\"><\/a>\n\t\t\n\t\t<img loading=\"lazy\" decoding=\"async\" class=\"pic wp-image-848\"  data-valign=\"middle\" data-halign=\"center\" alt=\"\" data-full=\"https:\/\/www.formentera.es\/wp-content\/uploads\/2018\/11\/2-illetes-shutterstock_81240787-1.jpg\" title=\"2 illetes shutterstock_81240787\" width=\"1900\" height=\"1267\" src=\"https:\/\/www.formentera.es\/wp-content\/uploads\/2018\/11\/2-illetes-shutterstock_81240787-1.jpg\" data-src=\"https:\/\/www.formentera.es\/wp-content\/uploads\/2018\/11\/2-illetes-shutterstock_81240787-1.jpg\" data-caption=\"\" srcset=\"https:\/\/www.formentera.es\/wp-content\/uploads\/2018\/11\/2-illetes-shutterstock_81240787-1.jpg 1900w, https:\/\/www.formentera.es\/wp-content\/uploads\/2018\/11\/2-illetes-shutterstock_81240787-1-300x200.jpg 300w, https:\/\/www.formentera.es\/wp-content\/uploads\/2018\/11\/2-illetes-shutterstock_81240787-1-768x512.jpg 768w, https:\/\/www.formentera.es\/wp-content\/uploads\/2018\/11\/2-illetes-shutterstock_81240787-1-1024x683.jpg 1024w\" sizes=\"auto, (max-width: 1900px) 100vw, 1900px\" \/>\n\t\t<div class=\"figc no-description\">\n\t\t\t<div class=\"figc-inner\">\n\t\t\t\t\t\t\t\t\t\t\t\t\t\t\t<\/div>\n\t\t<\/div>\n\n\t<\/div>\n\n<\/div><div class=\"modula-item effect-quiet jtg-filter-all jtg-filter-\" data-width=\"4\" data-height=\"4\" >\n\t<div class=\"modula-item-overlay\"><\/div>\n\n\t<div class=\"modula-item-content\">\n\n\t\t\t\t\n\t\t\t\t\t<a data-image-id=\"846\" tabindex=\"0\" href=\"https:\/\/www.formentera.es\/wp-content\/uploads\/2018\/11\/illetes-shutterstock_87621046.jpg\" rel=\"jtg-854\" data-caption=\"\" aria-label=\"Open image in lightbox\" role=\"button\" data-cyclefilter=\"show\" data-fancybox=\"jtg-854\" class=\"tile-inner modula-item-link\"><\/a>\n\t\t\n\t\t<img loading=\"lazy\" decoding=\"async\" class=\"pic wp-image-846\"  data-valign=\"middle\" data-halign=\"center\" alt=\"\" data-full=\"https:\/\/www.formentera.es\/wp-content\/uploads\/2018\/11\/illetes-shutterstock_87621046.jpg\" title=\"illetes shutterstock_87621046\" width=\"1900\" height=\"2850\" src=\"https:\/\/www.formentera.es\/wp-content\/uploads\/2018\/11\/illetes-shutterstock_87621046.jpg\" data-src=\"https:\/\/www.formentera.es\/wp-content\/uploads\/2018\/11\/illetes-shutterstock_87621046.jpg\" data-caption=\"\" srcset=\"https:\/\/www.formentera.es\/wp-content\/uploads\/2018\/11\/illetes-shutterstock_87621046.jpg 1900w, https:\/\/www.formentera.es\/wp-content\/uploads\/2018\/11\/illetes-shutterstock_87621046-200x300.jpg 200w, https:\/\/www.formentera.es\/wp-content\/uploads\/2018\/11\/illetes-shutterstock_87621046-768x1152.jpg 768w, https:\/\/www.formentera.es\/wp-content\/uploads\/2018\/11\/illetes-shutterstock_87621046-683x1024.jpg 683w\" sizes=\"auto, (max-width: 1900px) 100vw, 1900px\" \/>\n\t\t<div class=\"figc no-description\">\n\t\t\t<div class=\"figc-inner\">\n\t\t\t\t\t\t\t\t\t\t\t\t\t\t\t<\/div>\n\t\t<\/div>\n\n\t<\/div>\n\n<\/div><div class=\"modula-item effect-quiet jtg-filter-all jtg-filter-\" data-width=\"12\" data-height=\"6\" >\n\t<div class=\"modula-item-overlay\"><\/div>\n\n\t<div class=\"modula-item-content\">\n\n\t\t\t\t\n\t\t\t\t\t<a data-image-id=\"816\" tabindex=\"0\" href=\"https:\/\/www.formentera.es\/wp-content\/uploads\/2018\/11\/DJI_0006.jpg\" rel=\"jtg-854\" data-caption=\"\" aria-label=\"Open image in lightbox\" role=\"button\" data-cyclefilter=\"show\" data-fancybox=\"jtg-854\" class=\"tile-inner modula-item-link\"><\/a>\n\t\t\n\t\t<img loading=\"lazy\" decoding=\"async\" class=\"pic wp-image-816\"  data-valign=\"middle\" data-halign=\"center\" alt=\"\" data-full=\"https:\/\/www.formentera.es\/wp-content\/uploads\/2018\/11\/DJI_0006.jpg\" title=\"DJI_0006\" width=\"1900\" height=\"1424\" src=\"https:\/\/www.formentera.es\/wp-content\/uploads\/2018\/11\/DJI_0006.jpg\" data-src=\"https:\/\/www.formentera.es\/wp-content\/uploads\/2018\/11\/DJI_0006.jpg\" data-caption=\"\" srcset=\"https:\/\/www.formentera.es\/wp-content\/uploads\/2018\/11\/DJI_0006.jpg 1900w, https:\/\/www.formentera.es\/wp-content\/uploads\/2018\/11\/DJI_0006-300x225.jpg 300w, https:\/\/www.formentera.es\/wp-content\/uploads\/2018\/11\/DJI_0006-768x576.jpg 768w, https:\/\/www.formentera.es\/wp-content\/uploads\/2018\/11\/DJI_0006-1024x767.jpg 1024w\" sizes=\"auto, (max-width: 1900px) 100vw, 1900px\" \/>\n\t\t<div class=\"figc no-description\">\n\t\t\t<div class=\"figc-inner\">\n\t\t\t\t\t\t\t\t\t\t\t\t\t\t\t<\/div>\n\t\t<\/div>\n\n\t<\/div>\n\n<\/div><div class=\"modula-item effect-quiet jtg-filter-all jtg-filter-\" data-width=\"4\" data-height=\"4\" >\n\t<div class=\"modula-item-overlay\"><\/div>\n\n\t<div class=\"modula-item-content\">\n\n\t\t\t\t\n\t\t\t\t\t<a data-image-id=\"844\" tabindex=\"0\" href=\"https:\/\/www.formentera.es\/wp-content\/uploads\/2018\/11\/illetes_ramon-tur-1.jpg\" rel=\"jtg-854\" data-caption=\"\" aria-label=\"Open image in lightbox\" role=\"button\" data-cyclefilter=\"show\" data-fancybox=\"jtg-854\" class=\"tile-inner modula-item-link\"><\/a>\n\t\t\n\t\t<img loading=\"lazy\" decoding=\"async\" class=\"pic wp-image-844\"  data-valign=\"middle\" data-halign=\"center\" alt=\"\" data-full=\"https:\/\/www.formentera.es\/wp-content\/uploads\/2018\/11\/illetes_ramon-tur-1.jpg\" title=\"illetes_ramon tur (1)\" width=\"1900\" height=\"1267\" src=\"https:\/\/www.formentera.es\/wp-content\/uploads\/2018\/11\/illetes_ramon-tur-1.jpg\" data-src=\"https:\/\/www.formentera.es\/wp-content\/uploads\/2018\/11\/illetes_ramon-tur-1.jpg\" data-caption=\"\" srcset=\"https:\/\/www.formentera.es\/wp-content\/uploads\/2018\/11\/illetes_ramon-tur-1.jpg 1900w, https:\/\/www.formentera.es\/wp-content\/uploads\/2018\/11\/illetes_ramon-tur-1-300x200.jpg 300w, https:\/\/www.formentera.es\/wp-content\/uploads\/2018\/11\/illetes_ramon-tur-1-768x512.jpg 768w, https:\/\/www.formentera.es\/wp-content\/uploads\/2018\/11\/illetes_ramon-tur-1-1024x683.jpg 1024w\" sizes=\"auto, (max-width: 1900px) 100vw, 1900px\" \/>\n\t\t<div class=\"figc no-description\">\n\t\t\t<div class=\"figc-inner\">\n\t\t\t\t\t\t\t\t\t\t\t\t\t\t\t<\/div>\n\t\t<\/div>\n\n\t<\/div>\n\n<\/div><div class=\"modula-item effect-quiet jtg-filter-all jtg-filter-\" data-width=\"4\" data-height=\"4\" >\n\t<div class=\"modula-item-overlay\"><\/div>\n\n\t<div class=\"modula-item-content\">\n\n\t\t\t\t\n\t\t\t\t\t<a data-image-id=\"849\" tabindex=\"0\" href=\"https:\/\/www.formentera.es\/wp-content\/uploads\/2018\/11\/ILLETAS-4E-JORGE-JIMENEZ-1.jpg\" rel=\"jtg-854\" data-caption=\"\" aria-label=\"Open image in lightbox\" role=\"button\" data-cyclefilter=\"show\" data-fancybox=\"jtg-854\" class=\"tile-inner modula-item-link\"><\/a>\n\t\t\n\t\t<img loading=\"lazy\" decoding=\"async\" class=\"pic wp-image-849\"  data-valign=\"middle\" data-halign=\"center\" alt=\"\" data-full=\"https:\/\/www.formentera.es\/wp-content\/uploads\/2018\/11\/ILLETAS-4E-JORGE-JIMENEZ-1.jpg\" title=\"ILLETAS 4E, JORGE JIMENEZ\" width=\"1900\" height=\"1263\" src=\"https:\/\/www.formentera.es\/wp-content\/uploads\/2018\/11\/ILLETAS-4E-JORGE-JIMENEZ-1.jpg\" data-src=\"https:\/\/www.formentera.es\/wp-content\/uploads\/2018\/11\/ILLETAS-4E-JORGE-JIMENEZ-1.jpg\" data-caption=\"\" srcset=\"https:\/\/www.formentera.es\/wp-content\/uploads\/2018\/11\/ILLETAS-4E-JORGE-JIMENEZ-1.jpg 1900w, https:\/\/www.formentera.es\/wp-content\/uploads\/2018\/11\/ILLETAS-4E-JORGE-JIMENEZ-1-300x199.jpg 300w, https:\/\/www.formentera.es\/wp-content\/uploads\/2018\/11\/ILLETAS-4E-JORGE-JIMENEZ-1-768x511.jpg 768w, https:\/\/www.formentera.es\/wp-content\/uploads\/2018\/11\/ILLETAS-4E-JORGE-JIMENEZ-1-1024x681.jpg 1024w\" sizes=\"auto, (max-width: 1900px) 100vw, 1900px\" \/>\n\t\t<div class=\"figc no-description\">\n\t\t\t<div class=\"figc-inner\">\n\t\t\t\t\t\t\t\t\t\t\t\t\t\t\t<\/div>\n\t\t<\/div>\n\n\t<\/div>\n\n<\/div><div class=\"modula-item effect-quiet jtg-filter-all jtg-filter-\" data-width=\"4\" data-height=\"4\" >\n\t<div class=\"modula-item-overlay\"><\/div>\n\n\t<div class=\"modula-item-content\">\n\n\t\t\t\t\n\t\t\t\t\t<a data-image-id=\"847\" tabindex=\"0\" href=\"https:\/\/www.formentera.es\/wp-content\/uploads\/2018\/11\/Illetes-nueva_Amparo-Arias-1.jpg\" rel=\"jtg-854\" data-caption=\"\" aria-label=\"Open image in lightbox\" role=\"button\" data-cyclefilter=\"show\" data-fancybox=\"jtg-854\" class=\"tile-inner modula-item-link\"><\/a>\n\t\t\n\t\t<img loading=\"lazy\" decoding=\"async\" class=\"pic wp-image-847\"  data-valign=\"middle\" data-halign=\"center\" alt=\"\" data-full=\"https:\/\/www.formentera.es\/wp-content\/uploads\/2018\/11\/Illetes-nueva_Amparo-Arias-1.jpg\" title=\"Illetes (nueva)_Amparo Arias\" width=\"1900\" height=\"1222\" src=\"https:\/\/www.formentera.es\/wp-content\/uploads\/2018\/11\/Illetes-nueva_Amparo-Arias-1.jpg\" data-src=\"https:\/\/www.formentera.es\/wp-content\/uploads\/2018\/11\/Illetes-nueva_Amparo-Arias-1.jpg\" data-caption=\"\" srcset=\"https:\/\/www.formentera.es\/wp-content\/uploads\/2018\/11\/Illetes-nueva_Amparo-Arias-1.jpg 1900w, https:\/\/www.formentera.es\/wp-content\/uploads\/2018\/11\/Illetes-nueva_Amparo-Arias-1-300x193.jpg 300w, https:\/\/www.formentera.es\/wp-content\/uploads\/2018\/11\/Illetes-nueva_Amparo-Arias-1-768x494.jpg 768w, https:\/\/www.formentera.es\/wp-content\/uploads\/2018\/11\/Illetes-nueva_Amparo-Arias-1-1024x659.jpg 1024w\" sizes=\"auto, (max-width: 1900px) 100vw, 1900px\" \/>\n\t\t<div class=\"figc no-description\">\n\t\t\t<div class=\"figc-inner\">\n\t\t\t\t\t\t\t\t\t\t\t\t\t\t\t<\/div>\n\t\t<\/div>\n\n\t<\/div>\n\n<\/div>\t\t\n\t<\/div>\n\n\t\n\t\n\t<script type=\"application\/ld+json\">\n\t{\n\t\t\"@context\": \"http:\/\/schema.org\",\n\t\t\"@type\"   : \"ImageGallery\",\n\t\t\"id\"      : \"https:\/\/www.formentera.es\/ca\/explorar\/platges\/ses-illetes\/\",\n\t\t\"url\"     : \"https:\/\/www.formentera.es\/ca\/explorar\/platges\/ses-illetes\/\"\n\t}\n\n\t<\/script>\n\n\t\n<\/div>\n[\/vc_column_text][\/vc_column][\/vc_row][vc_row][vc_column][vc_column_text]<div id=\"siguexpl\" class=\"container sc\"><h2>Segueix explorant<\/h2><div class=\"row\"><a href=\"https:\/\/www.formentera.es\/ca\/explorar\/activitats\/\" class=\"col-md-4\">\n\t\t\t\t\t\t<div class=\"row\">\n\t\t\t\t\t\t\t<div class=\"col-sm-4\" style=\"background-image: url(https:\/\/www.formentera.es\/wp-content\/uploads\/2018\/11\/ESCUELA-MUNICIPAL-DE-VELA-4NOMADAS-jjfoto\u0300graf-16-300x207.jpg)\"><\/div>\n\t\t\t\t\t\t\t<div class=\"col-sm-8\">\n\t\t\t\t\t\t\t\tActivitats\n\t\t\t\t\t\t\t\t<i class=\"fa fa-angle-right\"><\/i>\n\t\t\t\t\t\t\t<\/div>\n\t\t\t\t\t\t\t<div class=\"bhover\"><\/div>\n\t\t\t\t\t\t<\/div>\n\t\t\t\t\t\t\n\t\t\t\t\t<\/a><a href=\"https:\/\/www.formentera.es\/ca\/explorar\/llocs-dinteres\/\" class=\"col-md-4\">\n\t\t\t\t\t\t<div class=\"row\">\n\t\t\t\t\t\t\t<div class=\"col-sm-4\" style=\"background-image: url(https:\/\/www.formentera.es\/wp-content\/uploads\/2018\/12\/audio_16-mp3-image-300x297.png)\"><\/div>\n\t\t\t\t\t\t\t<div class=\"col-sm-8\">\n\t\t\t\t\t\t\t\tLlocs d&#8217;inter\u00e9s\n\t\t\t\t\t\t\t\t<i class=\"fa fa-angle-right\"><\/i>\n\t\t\t\t\t\t\t<\/div>\n\t\t\t\t\t\t\t<div class=\"bhover\"><\/div>\n\t\t\t\t\t\t<\/div>\n\t\t\t\t\t\t\n\t\t\t\t\t<\/a><a href=\"https:\/\/www.formentera.es\/ca\/lilla\/\" class=\"col-md-4\">\n\t\t\t\t\t\t<div class=\"row\">\n\t\t\t\t\t\t\t<div class=\"col-sm-4\" style=\"background-image: url(https:\/\/www.formentera.es\/wp-content\/uploads\/2019\/01\/AdobeStock_68411178-300x179.jpg)\"><\/div>\n\t\t\t\t\t\t\t<div class=\"col-sm-8\">\n\t\t\t\t\t\t\t\tL\u2019illa\n\t\t\t\t\t\t\t\t<i class=\"fa fa-angle-right\"><\/i>\n\t\t\t\t\t\t\t<\/div>\n\t\t\t\t\t\t\t<div class=\"bhover\"><\/div>\n\t\t\t\t\t\t<\/div>\n\t\t\t\t\t\t\n\t\t\t\t\t<\/a><\/div><\/div>[\/vc_column_text][\/vc_column][\/vc_row][vc_row full_width=&#8221;stretch_row_content&#8221; equal_height=&#8221;yes&#8221; css=&#8221;.vc_custom_1549021383572{padding-top: 80px !important;}&#8221; el_class=&#8221;bloque_maseventos&#8221;][vc_column][vc_column_text el_class=&#8221;h1&#8243;]<\/p>\n<h2 style=\"text-align: center;\">Esdeveniments a Formentera<\/h2>\n<p>[\/vc_column_text][vc_basic_grid post_type=&#8221;post&#8221; max_items=&#8221;3&#8243; orderby=&#8221;rand&#8221; item=&#8221;1524&#8243; grid_id=&#8221;vc_gid:1663143504750-929bc709-ecdb-0&#8243; taxonomies=&#8221;17&#8243;][vc_btn title=&#8221;M\u00e9s esdeveniments&#8221; style=&#8221;flat&#8221; shape=&#8221;square&#8221; color=&#8221;white&#8221; size=&#8221;lg&#8221; align=&#8221;center&#8221; i_align=&#8221;right&#8221; i_type=&#8221;entypo&#8221; i_icon_entypo=&#8221;entypo-icon entypo-icon-right-open-big&#8221; add_icon=&#8221;true&#8221; el_class=&#8221;btn_more&#8221; link=&#8221;url:https%3A%2F%2Fwww.formentera.es%2Feventos%2F|||&#8221;][\/vc_column][\/vc_row]<\/p>\n<\/div>","protected":false},"excerpt":{"rendered":"<p>[vc_row full_width=&#8221;stretch_row&#8221;][vc_column width=&#8221;2\/3&#8243; css=&#8221;.vc_custom_1530269560078{padding-right: 5% !important;}&#8221;][vc_column_text el_class=&#8221;texto_ficha&#8221;] La platja m\u00e9s ic\u00f2nica de Formentera Declarada en [&hellip;]<\/p>\n","protected":false},"author":1,"featured_media":2291,"parent":2289,"menu_order":0,"comment_status":"closed","ping_status":"closed","template":"page-ficha.php","meta":{"_acf_changed":false,"footnotes":""},"categories":[],"class_list":["post-2319","page","type-page","status-publish","hentry"],"acf":[],"yoast_head":"<!-- This site is optimized with the Yoast SEO plugin v25.5 - https:\/\/yoast.com\/wordpress\/plugins\/seo\/ -->\n<title>Ses Illetes | Turismo de Formentera<\/title>\n<meta name=\"robots\" content=\"index, follow, max-snippet:-1, max-image-preview:large, max-video-preview:-1\" \/>\n<link rel=\"canonical\" href=\"https:\/\/www.formentera.es\/ca\/explorar\/platges\/ses-illetes\/\" \/>\n<meta property=\"og:locale\" content=\"ca_ES\" \/>\n<meta property=\"og:type\" content=\"article\" \/>\n<meta property=\"og:title\" content=\"Ses Illetes | Turismo de Formentera\" \/>\n<meta property=\"og:description\" content=\"[vc_row full_width=&#8221;stretch_row&#8221;][vc_column width=&#8221;2\/3&#8243; css=&#8221;.vc_custom_1530269560078{padding-right: 5% !important;}&#8221;][vc_column_text el_class=&#8221;texto_ficha&#8221;] La platja m\u00e9s ic\u00f2nica de Formentera Declarada en [&hellip;]\" \/>\n<meta property=\"og:url\" content=\"https:\/\/www.formentera.es\/ca\/explorar\/platges\/ses-illetes\/\" \/>\n<meta property=\"og:site_name\" content=\"Turismo de Formentera\" \/>\n<meta property=\"article:publisher\" content=\"https:\/\/www.facebook.com\/turismoformentera\/\" \/>\n<meta property=\"article:modified_time\" content=\"2024-09-23T15:40:11+00:00\" \/>\n<meta property=\"og:image\" content=\"https:\/\/www.formentera.es\/wp-content\/uploads\/2018\/11\/DJI_0004.jpg\" \/>\n\t<meta property=\"og:image:width\" content=\"1900\" \/>\n\t<meta property=\"og:image:height\" content=\"1424\" \/>\n\t<meta property=\"og:image:type\" content=\"image\/jpeg\" \/>\n<meta name=\"twitter:card\" content=\"summary_large_image\" \/>\n<meta name=\"twitter:site\" content=\"@visitformentera\" \/>\n<meta name=\"twitter:label1\" content=\"Temps estimat de lectura\" \/>\n\t<meta name=\"twitter:data1\" content=\"3 minuts\" \/>\n<script type=\"application\/ld+json\" class=\"yoast-schema-graph\">{\"@context\":\"https:\/\/schema.org\",\"@graph\":[{\"@type\":\"WebPage\",\"@id\":\"https:\/\/www.formentera.es\/ca\/explorar\/platges\/ses-illetes\/\",\"url\":\"https:\/\/www.formentera.es\/ca\/explorar\/platges\/ses-illetes\/\",\"name\":\"Ses Illetes | Turismo de Formentera\",\"isPartOf\":{\"@id\":\"https:\/\/www.formentera.es\/#website\"},\"primaryImageOfPage\":{\"@id\":\"https:\/\/www.formentera.es\/ca\/explorar\/platges\/ses-illetes\/#primaryimage\"},\"image\":{\"@id\":\"https:\/\/www.formentera.es\/ca\/explorar\/platges\/ses-illetes\/#primaryimage\"},\"thumbnailUrl\":\"https:\/\/www.formentera.es\/wp-content\/uploads\/2018\/11\/DJI_0004.jpg\",\"datePublished\":\"2018-06-28T14:02:52+00:00\",\"dateModified\":\"2024-09-23T15:40:11+00:00\",\"breadcrumb\":{\"@id\":\"https:\/\/www.formentera.es\/ca\/explorar\/platges\/ses-illetes\/#breadcrumb\"},\"inLanguage\":\"ca\",\"potentialAction\":[{\"@type\":\"ReadAction\",\"target\":[\"https:\/\/www.formentera.es\/ca\/explorar\/platges\/ses-illetes\/\"]}]},{\"@type\":\"ImageObject\",\"inLanguage\":\"ca\",\"@id\":\"https:\/\/www.formentera.es\/ca\/explorar\/platges\/ses-illetes\/#primaryimage\",\"url\":\"https:\/\/www.formentera.es\/wp-content\/uploads\/2018\/11\/DJI_0004.jpg\",\"contentUrl\":\"https:\/\/www.formentera.es\/wp-content\/uploads\/2018\/11\/DJI_0004.jpg\",\"width\":1900,\"height\":1424},{\"@type\":\"BreadcrumbList\",\"@id\":\"https:\/\/www.formentera.es\/ca\/explorar\/platges\/ses-illetes\/#breadcrumb\",\"itemListElement\":[{\"@type\":\"ListItem\",\"position\":1,\"name\":\"Portada\",\"item\":\"https:\/\/www.formentera.es\/ca\/\"},{\"@type\":\"ListItem\",\"position\":2,\"name\":\"Explorar\",\"item\":\"https:\/\/www.formentera.es\/ca\/explorar\/\"},{\"@type\":\"ListItem\",\"position\":3,\"name\":\"Platges\",\"item\":\"https:\/\/www.formentera.es\/ca\/explorar\/platges\/\"},{\"@type\":\"ListItem\",\"position\":4,\"name\":\"Ses Illetes\"}]},{\"@type\":\"WebSite\",\"@id\":\"https:\/\/www.formentera.es\/#website\",\"url\":\"https:\/\/www.formentera.es\/\",\"name\":\"Turismo de Formentera\",\"description\":\"Web oficial de Turismo de Formentera\",\"potentialAction\":[{\"@type\":\"SearchAction\",\"target\":{\"@type\":\"EntryPoint\",\"urlTemplate\":\"https:\/\/www.formentera.es\/?s={search_term_string}\"},\"query-input\":{\"@type\":\"PropertyValueSpecification\",\"valueRequired\":true,\"valueName\":\"search_term_string\"}}],\"inLanguage\":\"ca\"}]}<\/script>\n<!-- \/ Yoast SEO plugin. -->","yoast_head_json":{"title":"Ses Illetes | Turismo de Formentera","robots":{"index":"index","follow":"follow","max-snippet":"max-snippet:-1","max-image-preview":"max-image-preview:large","max-video-preview":"max-video-preview:-1"},"canonical":"https:\/\/www.formentera.es\/ca\/explorar\/platges\/ses-illetes\/","og_locale":"ca_ES","og_type":"article","og_title":"Ses Illetes | Turismo de Formentera","og_description":"[vc_row full_width=&#8221;stretch_row&#8221;][vc_column width=&#8221;2\/3&#8243; css=&#8221;.vc_custom_1530269560078{padding-right: 5% !important;}&#8221;][vc_column_text el_class=&#8221;texto_ficha&#8221;] La platja m\u00e9s ic\u00f2nica de Formentera Declarada en [&hellip;]","og_url":"https:\/\/www.formentera.es\/ca\/explorar\/platges\/ses-illetes\/","og_site_name":"Turismo de Formentera","article_publisher":"https:\/\/www.facebook.com\/turismoformentera\/","article_modified_time":"2024-09-23T15:40:11+00:00","og_image":[{"width":1900,"height":1424,"url":"https:\/\/www.formentera.es\/wp-content\/uploads\/2018\/11\/DJI_0004.jpg","type":"image\/jpeg"}],"twitter_card":"summary_large_image","twitter_site":"@visitformentera","twitter_misc":{"Temps estimat de lectura":"3 minuts"},"schema":{"@context":"https:\/\/schema.org","@graph":[{"@type":"WebPage","@id":"https:\/\/www.formentera.es\/ca\/explorar\/platges\/ses-illetes\/","url":"https:\/\/www.formentera.es\/ca\/explorar\/platges\/ses-illetes\/","name":"Ses Illetes | Turismo de Formentera","isPartOf":{"@id":"https:\/\/www.formentera.es\/#website"},"primaryImageOfPage":{"@id":"https:\/\/www.formentera.es\/ca\/explorar\/platges\/ses-illetes\/#primaryimage"},"image":{"@id":"https:\/\/www.formentera.es\/ca\/explorar\/platges\/ses-illetes\/#primaryimage"},"thumbnailUrl":"https:\/\/www.formentera.es\/wp-content\/uploads\/2018\/11\/DJI_0004.jpg","datePublished":"2018-06-28T14:02:52+00:00","dateModified":"2024-09-23T15:40:11+00:00","breadcrumb":{"@id":"https:\/\/www.formentera.es\/ca\/explorar\/platges\/ses-illetes\/#breadcrumb"},"inLanguage":"ca","potentialAction":[{"@type":"ReadAction","target":["https:\/\/www.formentera.es\/ca\/explorar\/platges\/ses-illetes\/"]}]},{"@type":"ImageObject","inLanguage":"ca","@id":"https:\/\/www.formentera.es\/ca\/explorar\/platges\/ses-illetes\/#primaryimage","url":"https:\/\/www.formentera.es\/wp-content\/uploads\/2018\/11\/DJI_0004.jpg","contentUrl":"https:\/\/www.formentera.es\/wp-content\/uploads\/2018\/11\/DJI_0004.jpg","width":1900,"height":1424},{"@type":"BreadcrumbList","@id":"https:\/\/www.formentera.es\/ca\/explorar\/platges\/ses-illetes\/#breadcrumb","itemListElement":[{"@type":"ListItem","position":1,"name":"Portada","item":"https:\/\/www.formentera.es\/ca\/"},{"@type":"ListItem","position":2,"name":"Explorar","item":"https:\/\/www.formentera.es\/ca\/explorar\/"},{"@type":"ListItem","position":3,"name":"Platges","item":"https:\/\/www.formentera.es\/ca\/explorar\/platges\/"},{"@type":"ListItem","position":4,"name":"Ses Illetes"}]},{"@type":"WebSite","@id":"https:\/\/www.formentera.es\/#website","url":"https:\/\/www.formentera.es\/","name":"Turismo de Formentera","description":"Web oficial de Turismo de Formentera","potentialAction":[{"@type":"SearchAction","target":{"@type":"EntryPoint","urlTemplate":"https:\/\/www.formentera.es\/?s={search_term_string}"},"query-input":{"@type":"PropertyValueSpecification","valueRequired":true,"valueName":"search_term_string"}}],"inLanguage":"ca"}]}},"_links":{"self":[{"href":"https:\/\/www.formentera.es\/ca\/wp-json\/wp\/v2\/pages\/2319","targetHints":{"allow":["GET"]}}],"collection":[{"href":"https:\/\/www.formentera.es\/ca\/wp-json\/wp\/v2\/pages"}],"about":[{"href":"https:\/\/www.formentera.es\/ca\/wp-json\/wp\/v2\/types\/page"}],"author":[{"embeddable":true,"href":"https:\/\/www.formentera.es\/ca\/wp-json\/wp\/v2\/users\/1"}],"replies":[{"embeddable":true,"href":"https:\/\/www.formentera.es\/ca\/wp-json\/wp\/v2\/comments?post=2319"}],"version-history":[{"count":0,"href":"https:\/\/www.formentera.es\/ca\/wp-json\/wp\/v2\/pages\/2319\/revisions"}],"up":[{"embeddable":true,"href":"https:\/\/www.formentera.es\/ca\/wp-json\/wp\/v2\/pages\/2289"}],"wp:featuredmedia":[{"embeddable":true,"href":"https:\/\/www.formentera.es\/ca\/wp-json\/wp\/v2\/media\/2291"}],"wp:attachment":[{"href":"https:\/\/www.formentera.es\/ca\/wp-json\/wp\/v2\/media?parent=2319"}],"wp:term":[{"taxonomy":"category","embeddable":true,"href":"https:\/\/www.formentera.es\/ca\/wp-json\/wp\/v2\/categories?post=2319"}],"curies":[{"name":"wp","href":"https:\/\/api.w.org\/{rel}","templated":true}]}}