{"id":2197,"date":"2018-12-12T13:15:26","date_gmt":"2018-12-12T15:15:26","guid":{"rendered":"https:\/\/www.formentera.es\/lilla\/flora-y-fauna\/reserva-marina-de-la-punta-de-sa-creu\/"},"modified":"2019-02-01T09:49:51","modified_gmt":"2019-02-01T11:49:51","slug":"reserva-marina-de-la-punta-de-sa-creu","status":"publish","type":"page","link":"https:\/\/www.formentera.es\/ca\/lilla\/flora-i-fauna\/reserva-marina-de-la-punta-de-sa-creu\/","title":{"rendered":"Reserva Marina de la Punta de sa Creu"},"content":{"rendered":"<div class=\"wpb-content-wrapper\"><p>[vc_row full_width=&#8221;stretch_row&#8221;][vc_column width=&#8221;2\/3&#8243; css=&#8221;.vc_custom_1530269560078{padding-right: 5% !important;}&#8221;][vc_column_text el_class=&#8221;texto_ficha&#8221;]<\/p>\n<h2>Pescar a la Reserva marina de la Punta de sa Creu<\/h2>\n<p><strong>Qu\u00e8 he de fer?<\/strong><\/p>\n<ul>\n<li>Disposar de la llic\u00e8ncia de pesca recreativa per a embarcaci\u00f3.<\/li>\n<li>Obtenir l\u2019autoritzaci\u00f3 de pesca des d\u2019embarcaci\u00f3 a la Reserva Marina.<\/li>\n<li>Declarar les captures.<\/li>\n<\/ul>\n<p><strong>Particularitats<\/strong>:<\/p>\n<ul>\n<li>Prohibida tota classe de pesca mar\u00edtima i de marisqueig entre la l\u00ednia de costa i els deu metres d\u2019Profunditat.<\/li>\n<li>En la pesca recreativa des d\u2019embarcaci\u00f3 els \u00fanics ormeigs permesos s\u00f3n la canya \/ el volant\u00ed (m\u00e0x. una l\u00ednia per pescador), la potera (m\u00e1x.una l\u00ednia amb dos poteres per pescador) i la fluixa (m\u00e0x. dos l\u00ednies per embarcaci\u00f3).<\/li>\n<li>La pesca recreativa i el marisqueig recreatiu nom\u00e9s es poden practicar des d\u2019embarcaci\u00f3, entre l\u20191 de juliol i el 31 de mar\u00e7.<\/li>\n<li>En cap cas es podran utilitzar peixos o cefal\u00f2podes vius com a esquero.<\/li>\n<\/ul>\n<p>&nbsp;<\/p>\n<p><strong>M\u00e9s informaci\u00f3 aqu\u00ed:<\/strong><\/p>\n<p><a href=\"http:\/\/www.caib.es\/govern\/sac\/fitxa.do?codi=32337&amp;estua=12&amp;coduo=12&amp;lang=es\" target=\"_blank\" rel=\"noopener\">&#8211; Cuaderno de pesca recreativa de la Direcci\u00f3n General de Pesca y Medio Marino<\/a>. (<a href=\"http:\/\/www.caib.es\/govern\/organigrama\/area.do?coduo=1160&amp;lang=es\">http:\/\/recmar.caib.es<\/a>)<br \/>\n<a href=\"http:\/\/www.caib.es\/eboibfront\/pdf\/es\/2018\/144\/1021848\" target=\"_blank\" rel=\"noopener\">&#8211; Decreto 38\/2018, de 16 de noviembre, por el que se establece la Reserva Marina de la Punta de sa Creu (BOIB n\u00fam. 144 de 17\/11\/2018).<\/a><br \/>\n<a href=\"http:\/\/conselldeformentera.cat\/images\/stories\/descarregues\/agricultura\/pesca\/tr%C3%ADptic_RM_punta_de_sa_Creu_cast_2-R.pdf\" target=\"_blank\" rel=\"noopener\">&#8211; Tr\u00edptico RM punta de sa Creu<\/a><br \/>\n<a href=\"http:\/\/conselldeformentera.cat\/images\/stories\/descarregues\/agricultura\/pesca\/Coordenades_geografiques_Reserva_marina_Punta_de_sa_Creu_2.jpg\" target=\"_blank\" rel=\"noopener\">&#8211; Cartograf\u00eda (coordenadas geogr\u00e1ficas RM punta de sa Creu)<\/a><br \/>\n<a href=\"http:\/\/conselldeformentera.cat\/images\/stories\/descarregues\/agricultura\/pesca\/Sol_Llic%C3%A8ncia_Embarcaci%C3%B3_PSC_cat_es-1.pdf\" target=\"_blank\" rel=\"noopener\">&#8211; Solicitud Licencia embarcaci\u00f3n RM punta de sa Creu<\/a><br \/>\n<a href=\"http:\/\/conselldeformentera.cat\/images\/stories\/descarregues\/agricultura\/pesca\/Sol._Diari_de_Pesca_Recreativa_RM_de_la_Punta_de_sa_Creu.pdf\" target=\"_blank\" rel=\"noopener\">&#8211; Solicitud Diario de pesca recreativa RM punta de sa Creu<\/a>[\/vc_column_text][\/vc_column][vc_column width=&#8221;1\/3&#8243;][vc_column_text]<div id=\"sidebar_ficha\"><a class=\"sidebar_breadcrumbs\" href=\"https:\/\/www.formentera.es\/ca\/lilla\/flora-i-fauna\/\"><i class=\"fa fa-angle-left\"><\/i>Tornar a Flora i fauna<\/a><div class=\"content_sidebar\"><div class=\"bloc_share\"><div class=\"blocs1\"><div class=\"tit_medium\">Compartir <\/div><div class=\"redes_ficha\"><div class=\"fa fa-brands fa-x-twitter st-custom-button\" data-network=\"twitter\"><\/div><div class=\"fa fa-facebook st-custom-button\" data-network=\"facebook\"><\/div><div class=\"fa fa-pinterest-p st-custom-button\" data-network=\"pinterest\"><\/div><\/div><\/div><div class=\"blocs2\"><div class=\"tit_medium\">Enviar a un amic<\/div><div class=\"redes_ficha\"><div class=\"fa fa-envelope st-custom-button\" data-network=\"email\"><\/div><div class=\"fa fa-whatsapp st-custom-button\" data-network=\"whatsapp\"><\/div><\/div><\/div><\/div><\/div><\/div>[\/vc_column_text][\/vc_column][\/vc_row][vc_row full_width=&#8221;stretch_row_content_no_spaces&#8221;][vc_column][vc_column_text]Gallery not found.[\/vc_column_text][\/vc_column][\/vc_row][vc_row][vc_column][vc_column_text]<div id=\"siguexpl\" class=\"container sc\"><h2>Segueix explorant<\/h2><div class=\"row\"><a href=\"https:\/\/www.formentera.es\/ca\/explorar\/cultura-i-patrimoni\/\" class=\"col-md-4\">\n\t\t\t\t\t\t<div class=\"row\">\n\t\t\t\t\t\t\t<div class=\"col-sm-4\" style=\"background-image: url(https:\/\/www.formentera.es\/wp-content\/uploads\/2019\/01\/Torre-de-Sa-Gavina_Moonkoala-300x200.jpg)\"><\/div>\n\t\t\t\t\t\t\t<div class=\"col-sm-8\">\n\t\t\t\t\t\t\t\tCultura i patrimoni\n\t\t\t\t\t\t\t\t<i class=\"fa fa-angle-right\"><\/i>\n\t\t\t\t\t\t\t<\/div>\n\t\t\t\t\t\t\t<div class=\"bhover\"><\/div>\n\t\t\t\t\t\t<\/div>\n\t\t\t\t\t\t\n\t\t\t\t\t<\/a><a href=\"https:\/\/www.formentera.es\/ca\/explorar\/pobles\/\" class=\"col-md-4\">\n\t\t\t\t\t\t<div class=\"row\">\n\t\t\t\t\t\t\t<div class=\"col-sm-4\" style=\"background-image: url(https:\/\/www.formentera.es\/wp-content\/uploads\/2018\/11\/1_Esglesia-St.-Francesc-panoramica-300x190.jpg)\"><\/div>\n\t\t\t\t\t\t\t<div class=\"col-sm-8\">\n\t\t\t\t\t\t\t\tPobles\n\t\t\t\t\t\t\t\t<i class=\"fa fa-angle-right\"><\/i>\n\t\t\t\t\t\t\t<\/div>\n\t\t\t\t\t\t\t<div class=\"bhover\"><\/div>\n\t\t\t\t\t\t<\/div>\n\t\t\t\t\t\t\n\t\t\t\t\t<\/a><a href=\"https:\/\/www.formentera.es\/ca\/explorar\/llocs-dinteres\/\" class=\"col-md-4\">\n\t\t\t\t\t\t<div class=\"row\">\n\t\t\t\t\t\t\t<div class=\"col-sm-4\" style=\"background-image: url(https:\/\/www.formentera.es\/wp-content\/uploads\/2018\/12\/audio_16-mp3-image-300x297.png)\"><\/div>\n\t\t\t\t\t\t\t<div class=\"col-sm-8\">\n\t\t\t\t\t\t\t\tLlocs d&#8217;inter\u00e9s\n\t\t\t\t\t\t\t\t<i class=\"fa fa-angle-right\"><\/i>\n\t\t\t\t\t\t\t<\/div>\n\t\t\t\t\t\t\t<div class=\"bhover\"><\/div>\n\t\t\t\t\t\t<\/div>\n\t\t\t\t\t\t\n\t\t\t\t\t<\/a><\/div><\/div>[\/vc_column_text][\/vc_column][\/vc_row][vc_row full_width=&#8221;stretch_row_content&#8221; equal_height=&#8221;yes&#8221; css=&#8221;.vc_custom_1549021777966{padding-top: 80px !important;}&#8221; el_class=&#8221;bloque_maseventos&#8221;][vc_column][vc_column_text el_class=&#8221;h1&#8243;]<\/p>\n<h2 style=\"text-align: center;\">Esdeveniments a Formentera<\/h2>\n<p>[\/vc_column_text][vc_basic_grid post_type=&#8221;post&#8221; max_items=&#8221;3&#8243; orderby=&#8221;rand&#8221; item=&#8221;1524&#8243; grid_id=&#8221;vc_gid:1549021643099-a9a08160-09d6-10&#8243; taxonomies=&#8221;17&#8243;][vc_btn title=&#8221;M\u00e1s eventos&#8221; style=&#8221;flat&#8221; shape=&#8221;square&#8221; color=&#8221;white&#8221; size=&#8221;lg&#8221; align=&#8221;center&#8221; i_align=&#8221;right&#8221; i_type=&#8221;entypo&#8221; i_icon_entypo=&#8221;entypo-icon entypo-icon-right-open-big&#8221; add_icon=&#8221;true&#8221; el_class=&#8221;btn_more&#8221; link=&#8221;url:https%3A%2F%2Fwww.formentera.es%2Feventos%2F|||&#8221;][\/vc_column][\/vc_row]<\/p>\n<\/div>","protected":false},"excerpt":{"rendered":"<p>[vc_row full_width=&#8221;stretch_row&#8221;][vc_column width=&#8221;2\/3&#8243; css=&#8221;.vc_custom_1530269560078{padding-right: 5% !important;}&#8221;][vc_column_text el_class=&#8221;texto_ficha&#8221;] Pescar a la Reserva marina de la Punta [&hellip;]<\/p>\n","protected":false},"author":1,"featured_media":2198,"parent":2176,"menu_order":0,"comment_status":"closed","ping_status":"closed","template":"page-ficha.php","meta":{"_acf_changed":false,"footnotes":""},"categories":[],"class_list":["post-2197","page","type-page","status-publish","hentry"],"acf":[],"yoast_head":"<!-- This site is optimized with the Yoast SEO plugin v25.5 - https:\/\/yoast.com\/wordpress\/plugins\/seo\/ -->\n<title>Reserva Marina de la Punta de sa Creu | Turismo de Formentera<\/title>\n<meta name=\"robots\" content=\"index, follow, max-snippet:-1, max-image-preview:large, max-video-preview:-1\" \/>\n<link rel=\"canonical\" href=\"https:\/\/www.formentera.es\/ca\/lilla\/flora-i-fauna\/reserva-marina-de-la-punta-de-sa-creu\/\" \/>\n<meta property=\"og:locale\" content=\"ca_ES\" \/>\n<meta property=\"og:type\" content=\"article\" \/>\n<meta property=\"og:title\" content=\"Reserva Marina de la Punta de sa Creu | Turismo de Formentera\" \/>\n<meta property=\"og:description\" content=\"[vc_row full_width=&#8221;stretch_row&#8221;][vc_column width=&#8221;2\/3&#8243; css=&#8221;.vc_custom_1530269560078{padding-right: 5% !important;}&#8221;][vc_column_text el_class=&#8221;texto_ficha&#8221;] Pescar a la Reserva marina de la Punta [&hellip;]\" \/>\n<meta property=\"og:url\" content=\"https:\/\/www.formentera.es\/ca\/lilla\/flora-i-fauna\/reserva-marina-de-la-punta-de-sa-creu\/\" \/>\n<meta property=\"og:site_name\" content=\"Turismo de Formentera\" \/>\n<meta property=\"article:publisher\" content=\"https:\/\/www.facebook.com\/turismoformentera\/\" \/>\n<meta property=\"article:modified_time\" content=\"2019-02-01T11:49:51+00:00\" \/>\n<meta property=\"og:image\" content=\"https:\/\/www.formentera.es\/wp-content\/uploads\/2019\/01\/LLAUD-1-ALEX-MARTIN-E.jpg\" \/>\n\t<meta property=\"og:image:width\" content=\"1900\" \/>\n\t<meta property=\"og:image:height\" content=\"1425\" \/>\n\t<meta property=\"og:image:type\" content=\"image\/jpeg\" \/>\n<meta name=\"twitter:card\" content=\"summary_large_image\" \/>\n<meta name=\"twitter:site\" content=\"@visitformentera\" \/>\n<meta name=\"twitter:label1\" content=\"Temps estimat de lectura\" \/>\n\t<meta name=\"twitter:data1\" content=\"2 minuts\" \/>\n<script type=\"application\/ld+json\" class=\"yoast-schema-graph\">{\"@context\":\"https:\/\/schema.org\",\"@graph\":[{\"@type\":\"WebPage\",\"@id\":\"https:\/\/www.formentera.es\/ca\/lilla\/flora-i-fauna\/reserva-marina-de-la-punta-de-sa-creu\/\",\"url\":\"https:\/\/www.formentera.es\/ca\/lilla\/flora-i-fauna\/reserva-marina-de-la-punta-de-sa-creu\/\",\"name\":\"Reserva Marina de la Punta de sa Creu | Turismo de Formentera\",\"isPartOf\":{\"@id\":\"https:\/\/www.formentera.es\/#website\"},\"primaryImageOfPage\":{\"@id\":\"https:\/\/www.formentera.es\/ca\/lilla\/flora-i-fauna\/reserva-marina-de-la-punta-de-sa-creu\/#primaryimage\"},\"image\":{\"@id\":\"https:\/\/www.formentera.es\/ca\/lilla\/flora-i-fauna\/reserva-marina-de-la-punta-de-sa-creu\/#primaryimage\"},\"thumbnailUrl\":\"https:\/\/www.formentera.es\/wp-content\/uploads\/2019\/01\/LLAUD-1-ALEX-MARTIN-E.jpg\",\"datePublished\":\"2018-12-12T15:15:26+00:00\",\"dateModified\":\"2019-02-01T11:49:51+00:00\",\"breadcrumb\":{\"@id\":\"https:\/\/www.formentera.es\/ca\/lilla\/flora-i-fauna\/reserva-marina-de-la-punta-de-sa-creu\/#breadcrumb\"},\"inLanguage\":\"ca\",\"potentialAction\":[{\"@type\":\"ReadAction\",\"target\":[\"https:\/\/www.formentera.es\/ca\/lilla\/flora-i-fauna\/reserva-marina-de-la-punta-de-sa-creu\/\"]}]},{\"@type\":\"ImageObject\",\"inLanguage\":\"ca\",\"@id\":\"https:\/\/www.formentera.es\/ca\/lilla\/flora-i-fauna\/reserva-marina-de-la-punta-de-sa-creu\/#primaryimage\",\"url\":\"https:\/\/www.formentera.es\/wp-content\/uploads\/2019\/01\/LLAUD-1-ALEX-MARTIN-E.jpg\",\"contentUrl\":\"https:\/\/www.formentera.es\/wp-content\/uploads\/2019\/01\/LLAUD-1-ALEX-MARTIN-E.jpg\",\"width\":1900,\"height\":1425},{\"@type\":\"BreadcrumbList\",\"@id\":\"https:\/\/www.formentera.es\/ca\/lilla\/flora-i-fauna\/reserva-marina-de-la-punta-de-sa-creu\/#breadcrumb\",\"itemListElement\":[{\"@type\":\"ListItem\",\"position\":1,\"name\":\"Portada\",\"item\":\"https:\/\/www.formentera.es\/ca\/\"},{\"@type\":\"ListItem\",\"position\":2,\"name\":\"L\u2019illa\",\"item\":\"https:\/\/www.formentera.es\/la-isla\/\"},{\"@type\":\"ListItem\",\"position\":3,\"name\":\"Flora i fauna\",\"item\":\"https:\/\/www.formentera.es\/ca\/lilla\/flora-i-fauna\/\"},{\"@type\":\"ListItem\",\"position\":4,\"name\":\"Reserva Marina de la Punta de sa Creu\"}]},{\"@type\":\"WebSite\",\"@id\":\"https:\/\/www.formentera.es\/#website\",\"url\":\"https:\/\/www.formentera.es\/\",\"name\":\"Turismo de Formentera\",\"description\":\"Web oficial de Turismo de Formentera\",\"potentialAction\":[{\"@type\":\"SearchAction\",\"target\":{\"@type\":\"EntryPoint\",\"urlTemplate\":\"https:\/\/www.formentera.es\/?s={search_term_string}\"},\"query-input\":{\"@type\":\"PropertyValueSpecification\",\"valueRequired\":true,\"valueName\":\"search_term_string\"}}],\"inLanguage\":\"ca\"}]}<\/script>\n<!-- \/ Yoast SEO plugin. -->","yoast_head_json":{"title":"Reserva Marina de la Punta de sa Creu | Turismo de Formentera","robots":{"index":"index","follow":"follow","max-snippet":"max-snippet:-1","max-image-preview":"max-image-preview:large","max-video-preview":"max-video-preview:-1"},"canonical":"https:\/\/www.formentera.es\/ca\/lilla\/flora-i-fauna\/reserva-marina-de-la-punta-de-sa-creu\/","og_locale":"ca_ES","og_type":"article","og_title":"Reserva Marina de la Punta de sa Creu | Turismo de Formentera","og_description":"[vc_row full_width=&#8221;stretch_row&#8221;][vc_column width=&#8221;2\/3&#8243; css=&#8221;.vc_custom_1530269560078{padding-right: 5% !important;}&#8221;][vc_column_text el_class=&#8221;texto_ficha&#8221;] Pescar a la Reserva marina de la Punta [&hellip;]","og_url":"https:\/\/www.formentera.es\/ca\/lilla\/flora-i-fauna\/reserva-marina-de-la-punta-de-sa-creu\/","og_site_name":"Turismo de Formentera","article_publisher":"https:\/\/www.facebook.com\/turismoformentera\/","article_modified_time":"2019-02-01T11:49:51+00:00","og_image":[{"width":1900,"height":1425,"url":"https:\/\/www.formentera.es\/wp-content\/uploads\/2019\/01\/LLAUD-1-ALEX-MARTIN-E.jpg","type":"image\/jpeg"}],"twitter_card":"summary_large_image","twitter_site":"@visitformentera","twitter_misc":{"Temps estimat de lectura":"2 minuts"},"schema":{"@context":"https:\/\/schema.org","@graph":[{"@type":"WebPage","@id":"https:\/\/www.formentera.es\/ca\/lilla\/flora-i-fauna\/reserva-marina-de-la-punta-de-sa-creu\/","url":"https:\/\/www.formentera.es\/ca\/lilla\/flora-i-fauna\/reserva-marina-de-la-punta-de-sa-creu\/","name":"Reserva Marina de la Punta de sa Creu | Turismo de Formentera","isPartOf":{"@id":"https:\/\/www.formentera.es\/#website"},"primaryImageOfPage":{"@id":"https:\/\/www.formentera.es\/ca\/lilla\/flora-i-fauna\/reserva-marina-de-la-punta-de-sa-creu\/#primaryimage"},"image":{"@id":"https:\/\/www.formentera.es\/ca\/lilla\/flora-i-fauna\/reserva-marina-de-la-punta-de-sa-creu\/#primaryimage"},"thumbnailUrl":"https:\/\/www.formentera.es\/wp-content\/uploads\/2019\/01\/LLAUD-1-ALEX-MARTIN-E.jpg","datePublished":"2018-12-12T15:15:26+00:00","dateModified":"2019-02-01T11:49:51+00:00","breadcrumb":{"@id":"https:\/\/www.formentera.es\/ca\/lilla\/flora-i-fauna\/reserva-marina-de-la-punta-de-sa-creu\/#breadcrumb"},"inLanguage":"ca","potentialAction":[{"@type":"ReadAction","target":["https:\/\/www.formentera.es\/ca\/lilla\/flora-i-fauna\/reserva-marina-de-la-punta-de-sa-creu\/"]}]},{"@type":"ImageObject","inLanguage":"ca","@id":"https:\/\/www.formentera.es\/ca\/lilla\/flora-i-fauna\/reserva-marina-de-la-punta-de-sa-creu\/#primaryimage","url":"https:\/\/www.formentera.es\/wp-content\/uploads\/2019\/01\/LLAUD-1-ALEX-MARTIN-E.jpg","contentUrl":"https:\/\/www.formentera.es\/wp-content\/uploads\/2019\/01\/LLAUD-1-ALEX-MARTIN-E.jpg","width":1900,"height":1425},{"@type":"BreadcrumbList","@id":"https:\/\/www.formentera.es\/ca\/lilla\/flora-i-fauna\/reserva-marina-de-la-punta-de-sa-creu\/#breadcrumb","itemListElement":[{"@type":"ListItem","position":1,"name":"Portada","item":"https:\/\/www.formentera.es\/ca\/"},{"@type":"ListItem","position":2,"name":"L\u2019illa","item":"https:\/\/www.formentera.es\/la-isla\/"},{"@type":"ListItem","position":3,"name":"Flora i fauna","item":"https:\/\/www.formentera.es\/ca\/lilla\/flora-i-fauna\/"},{"@type":"ListItem","position":4,"name":"Reserva Marina de la Punta de sa Creu"}]},{"@type":"WebSite","@id":"https:\/\/www.formentera.es\/#website","url":"https:\/\/www.formentera.es\/","name":"Turismo de Formentera","description":"Web oficial de Turismo de Formentera","potentialAction":[{"@type":"SearchAction","target":{"@type":"EntryPoint","urlTemplate":"https:\/\/www.formentera.es\/?s={search_term_string}"},"query-input":{"@type":"PropertyValueSpecification","valueRequired":true,"valueName":"search_term_string"}}],"inLanguage":"ca"}]}},"_links":{"self":[{"href":"https:\/\/www.formentera.es\/ca\/wp-json\/wp\/v2\/pages\/2197","targetHints":{"allow":["GET"]}}],"collection":[{"href":"https:\/\/www.formentera.es\/ca\/wp-json\/wp\/v2\/pages"}],"about":[{"href":"https:\/\/www.formentera.es\/ca\/wp-json\/wp\/v2\/types\/page"}],"author":[{"embeddable":true,"href":"https:\/\/www.formentera.es\/ca\/wp-json\/wp\/v2\/users\/1"}],"replies":[{"embeddable":true,"href":"https:\/\/www.formentera.es\/ca\/wp-json\/wp\/v2\/comments?post=2197"}],"version-history":[{"count":0,"href":"https:\/\/www.formentera.es\/ca\/wp-json\/wp\/v2\/pages\/2197\/revisions"}],"up":[{"embeddable":true,"href":"https:\/\/www.formentera.es\/ca\/wp-json\/wp\/v2\/pages\/2176"}],"wp:featuredmedia":[{"embeddable":true,"href":"https:\/\/www.formentera.es\/ca\/wp-json\/wp\/v2\/media\/2198"}],"wp:attachment":[{"href":"https:\/\/www.formentera.es\/ca\/wp-json\/wp\/v2\/media?parent=2197"}],"wp:term":[{"taxonomy":"category","embeddable":true,"href":"https:\/\/www.formentera.es\/ca\/wp-json\/wp\/v2\/categories?post=2197"}],"curies":[{"name":"wp","href":"https:\/\/api.w.org\/{rel}","templated":true}]}}