{"id":2176,"date":"2018-12-12T07:34:30","date_gmt":"2018-12-12T09:34:30","guid":{"rendered":"https:\/\/www.formentera.es\/lilla\/flora-y-fauna\/"},"modified":"2025-09-04T12:21:21","modified_gmt":"2025-09-04T10:21:21","slug":"flora-i-fauna","status":"publish","type":"page","link":"https:\/\/www.formentera.es\/ca\/lilla\/flora-i-fauna\/","title":{"rendered":"Flora i fauna"},"content":{"rendered":"<div class=\"wpb-content-wrapper\"><p>[vc_row full_width=&#8221;stretch_row_content_no_spaces&#8221; equal_height=&#8221;yes&#8221; content_placement=&#8221;bottom&#8221; css=&#8221;.vc_custom_1546502656253{background-image: url(https:\/\/www.formentera.es\/wp-content\/uploads\/2019\/01\/florayfaunaformentera_header.jpg?id=1689) !important;background-position: center !important;background-repeat: no-repeat !important;background-size: cover !important;}&#8221; el_id=&#8221;top_categoria&#8221; el_class=&#8221;categoria2&#8243;][vc_column width=&#8221;1\/2&#8243; css=&#8221;.vc_custom_1546502335334{background-position: center !important;background-repeat: no-repeat !important;background-size: cover !important;}&#8221;][vc_column_text]<\/p>\n<h1>Flora i fauna de Formentera<\/h1>\n<p>[\/vc_column_text][\/vc_column][vc_column width=&#8221;1\/2&#8243; css=&#8221;.vc_custom_1756981279123{background-color: #30A8A2 !important;}&#8221;][vc_column_text]La petita illa de Formentera sempre ha cridat l\u2019atenci\u00f3 pels seus incre\u00efbles paisatges mediterranis. Sens subte, endinsar-se al Parc Natural de ses Salines d\u2019Eivissa i Formentera \u00e9s la millor manera de descobrir la variada fauna i flora, pr\u00f2pia de les illes Piti\u00fcses.<\/p>\n<p>Pins i savines conformen el paisatge dels boscos mentre que les dunes i els arbustos voregen les platges i els estanys de la costa. Tamb\u00e9 sota la mar trobam una de les protagonistes essencials d\u2019aquest ecosistema, la posid\u00f2nia, planta marina sense la qual aquesta illa no seria la mateixa.<\/p>\n<p>La fauna de l\u2019illa tamb\u00e9 \u00e9s molt variada, amb m\u00e9s de dos-centes tipus d\u2019aus censades que han trobat aqu\u00ed la seva llar, ja sigui de forma permanent o fent parada dels seus llargs viatges migratoris. Tamb\u00e9 les sargantanes aut\u00f2ctones de colors vistosos s\u00f3n un dels animals m\u00e9s emblem\u00e0tics de l\u2019illa que f\u00e0cilment es poden trobar prenent el sol a qualsevol punt de l\u2019illa.<\/p>\n<p>En definitiva, Formentera, i el parc natural especialment, \u00e9s una visita \u00fanica per a aquells que vulguin con\u00e8ixer la Mediterr\u00e0nia i la seva \u00e0mplia biodiversitat.[\/vc_column_text][\/vc_column][\/vc_row][vc_row full_width=&#8221;stretch_row_content&#8221; equal_height=&#8221;yes&#8221;][vc_column][vc_column_text el_class=&#8221;h1&#8243;]<\/p>\n<h2>Flora i fauna. Parc Natural<\/h2>\n<p>[\/vc_column_text][\/vc_column][\/vc_row][vc_row full_width=&#8221;stretch_row_content&#8221;][vc_column][vc_basic_grid post_type=&#8221;custom&#8221; item=&#8221;60&#8243; grid_id=&#8221;vc_gid:1756981270266-5f2a275e-885f-9&#8243; custom_query=&#8221;post_type=page&amp;post_parent=1331&amp;orderby=rand&#8221;][\/vc_column][\/vc_row][vc_row full_width=&#8221;stretch_row_content&#8221; css=&#8221;.vc_custom_1548954461779{padding-top: 80px !important;}&#8221; el_class=&#8221;bloque_maseventos&#8221;][vc_column][vc_column_text el_class=&#8221;h1&#8243;]<\/p>\n<h2>Events a Formentera<\/h2>\n<p>[\/vc_column_text][vc_basic_grid post_type=&#8221;post&#8221; max_items=&#8221;2&#8243; element_width=&#8221;6&#8243; orderby=&#8221;rand&#8221; item=&#8221;1532&#8243; grid_id=&#8221;vc_gid:1756981270267-d89e03ca-f051-6&#8243; taxonomies=&#8221;17&#8243;][vc_btn title=&#8221;M\u00e9s esdeveniments&#8221; style=&#8221;flat&#8221; shape=&#8221;square&#8221; color=&#8221;white&#8221; size=&#8221;lg&#8221; align=&#8221;center&#8221; i_align=&#8221;right&#8221; i_type=&#8221;entypo&#8221; i_icon_entypo=&#8221;entypo-icon entypo-icon-right-open-big&#8221; add_icon=&#8221;true&#8221; el_class=&#8221;btn_more&#8221; link=&#8221;url:https%3A%2F%2Fwww.formentera.es%2Fca%2Feventos%2F|||&#8221;][\/vc_column][\/vc_row]<\/p>\n<\/div>","protected":false},"excerpt":{"rendered":"<p>[vc_row full_width=&#8221;stretch_row_content_no_spaces&#8221; equal_height=&#8221;yes&#8221; content_placement=&#8221;bottom&#8221; css=&#8221;.vc_custom_1546502656253{background-image: url(https:\/\/www.formentera.es\/wp-content\/uploads\/2019\/01\/florayfaunaformentera_header.jpg?id=1689) !important;background-position: center !important;background-repeat: no-repeat !important;background-size: cover !important;}&#8221; el_id=&#8221;top_categoria&#8221; el_class=&#8221;categoria2&#8243;][vc_column [&hellip;]<\/p>\n","protected":false},"author":1,"featured_media":2178,"parent":2167,"menu_order":0,"comment_status":"closed","ping_status":"closed","template":"","meta":{"_acf_changed":false,"footnotes":""},"categories":[],"class_list":["post-2176","page","type-page","status-publish","hentry"],"acf":[],"yoast_head":"<!-- This site is optimized with the Yoast SEO plugin v25.5 - https:\/\/yoast.com\/wordpress\/plugins\/seo\/ -->\n<title>La flora i fauna de Formentera | Turismo de Formentera<\/title>\n<meta name=\"description\" content=\"Descobreix la flora i fauna aut\u00f2ctona de Formentera. Uuna visita \u00fanica per a aquells que vulguin con\u00e8ixer la Mediterr\u00e0nia i la seva \u00e0mplia biodiversitat.\" \/>\n<meta name=\"robots\" content=\"index, follow, max-snippet:-1, max-image-preview:large, max-video-preview:-1\" \/>\n<link rel=\"canonical\" href=\"https:\/\/www.formentera.es\/ca\/lilla\/flora-i-fauna\/\" \/>\n<meta property=\"og:locale\" content=\"ca_ES\" \/>\n<meta property=\"og:type\" content=\"article\" \/>\n<meta property=\"og:title\" content=\"La flora i fauna de Formentera | Turismo de Formentera\" \/>\n<meta property=\"og:description\" content=\"Descobreix la flora i fauna aut\u00f2ctona de Formentera. Uuna visita \u00fanica per a aquells que vulguin con\u00e8ixer la Mediterr\u00e0nia i la seva \u00e0mplia biodiversitat.\" \/>\n<meta property=\"og:url\" content=\"https:\/\/www.formentera.es\/ca\/lilla\/flora-i-fauna\/\" \/>\n<meta property=\"og:site_name\" content=\"Turismo de Formentera\" \/>\n<meta property=\"article:publisher\" content=\"https:\/\/www.facebook.com\/turismoformentera\/\" \/>\n<meta property=\"article:modified_time\" content=\"2025-09-04T10:21:21+00:00\" \/>\n<meta property=\"og:image\" content=\"https:\/\/www.formentera.es\/wp-content\/uploads\/2018\/11\/Flamencos-Jose-A.-Arribas-Beni2008.jpg\" \/>\n\t<meta property=\"og:image:width\" content=\"1900\" \/>\n\t<meta property=\"og:image:height\" content=\"950\" \/>\n\t<meta property=\"og:image:type\" content=\"image\/jpeg\" \/>\n<meta name=\"twitter:card\" content=\"summary_large_image\" \/>\n<meta name=\"twitter:site\" content=\"@visitformentera\" \/>\n<meta name=\"twitter:label1\" content=\"Temps estimat de lectura\" \/>\n\t<meta name=\"twitter:data1\" content=\"2 minuts\" \/>\n<script type=\"application\/ld+json\" class=\"yoast-schema-graph\">{\"@context\":\"https:\/\/schema.org\",\"@graph\":[{\"@type\":\"WebPage\",\"@id\":\"https:\/\/www.formentera.es\/ca\/lilla\/flora-i-fauna\/\",\"url\":\"https:\/\/www.formentera.es\/ca\/lilla\/flora-i-fauna\/\",\"name\":\"La flora i fauna de Formentera | Turismo de Formentera\",\"isPartOf\":{\"@id\":\"https:\/\/www.formentera.es\/#website\"},\"primaryImageOfPage\":{\"@id\":\"https:\/\/www.formentera.es\/ca\/lilla\/flora-i-fauna\/#primaryimage\"},\"image\":{\"@id\":\"https:\/\/www.formentera.es\/ca\/lilla\/flora-i-fauna\/#primaryimage\"},\"thumbnailUrl\":\"https:\/\/www.formentera.es\/wp-content\/uploads\/2018\/11\/Flamencos-Jose-A.-Arribas-Beni2008.jpg\",\"datePublished\":\"2018-12-12T09:34:30+00:00\",\"dateModified\":\"2025-09-04T10:21:21+00:00\",\"description\":\"Descobreix la flora i fauna aut\u00f2ctona de Formentera. Uuna visita \u00fanica per a aquells que vulguin con\u00e8ixer la Mediterr\u00e0nia i la seva \u00e0mplia biodiversitat.\",\"breadcrumb\":{\"@id\":\"https:\/\/www.formentera.es\/ca\/lilla\/flora-i-fauna\/#breadcrumb\"},\"inLanguage\":\"ca\",\"potentialAction\":[{\"@type\":\"ReadAction\",\"target\":[\"https:\/\/www.formentera.es\/ca\/lilla\/flora-i-fauna\/\"]}]},{\"@type\":\"ImageObject\",\"inLanguage\":\"ca\",\"@id\":\"https:\/\/www.formentera.es\/ca\/lilla\/flora-i-fauna\/#primaryimage\",\"url\":\"https:\/\/www.formentera.es\/wp-content\/uploads\/2018\/11\/Flamencos-Jose-A.-Arribas-Beni2008.jpg\",\"contentUrl\":\"https:\/\/www.formentera.es\/wp-content\/uploads\/2018\/11\/Flamencos-Jose-A.-Arribas-Beni2008.jpg\",\"width\":1900,\"height\":950},{\"@type\":\"BreadcrumbList\",\"@id\":\"https:\/\/www.formentera.es\/ca\/lilla\/flora-i-fauna\/#breadcrumb\",\"itemListElement\":[{\"@type\":\"ListItem\",\"position\":1,\"name\":\"Portada\",\"item\":\"https:\/\/www.formentera.es\/ca\/\"},{\"@type\":\"ListItem\",\"position\":2,\"name\":\"L\u2019illa\",\"item\":\"https:\/\/www.formentera.es\/la-isla\/\"},{\"@type\":\"ListItem\",\"position\":3,\"name\":\"Flora i fauna\"}]},{\"@type\":\"WebSite\",\"@id\":\"https:\/\/www.formentera.es\/#website\",\"url\":\"https:\/\/www.formentera.es\/\",\"name\":\"Turismo de Formentera\",\"description\":\"Web oficial de Turismo de Formentera\",\"potentialAction\":[{\"@type\":\"SearchAction\",\"target\":{\"@type\":\"EntryPoint\",\"urlTemplate\":\"https:\/\/www.formentera.es\/?s={search_term_string}\"},\"query-input\":{\"@type\":\"PropertyValueSpecification\",\"valueRequired\":true,\"valueName\":\"search_term_string\"}}],\"inLanguage\":\"ca\"}]}<\/script>\n<!-- \/ Yoast SEO plugin. -->","yoast_head_json":{"title":"La flora i fauna de Formentera | Turismo de Formentera","description":"Descobreix la flora i fauna aut\u00f2ctona de Formentera. Uuna visita \u00fanica per a aquells que vulguin con\u00e8ixer la Mediterr\u00e0nia i la seva \u00e0mplia biodiversitat.","robots":{"index":"index","follow":"follow","max-snippet":"max-snippet:-1","max-image-preview":"max-image-preview:large","max-video-preview":"max-video-preview:-1"},"canonical":"https:\/\/www.formentera.es\/ca\/lilla\/flora-i-fauna\/","og_locale":"ca_ES","og_type":"article","og_title":"La flora i fauna de Formentera | Turismo de Formentera","og_description":"Descobreix la flora i fauna aut\u00f2ctona de Formentera. Uuna visita \u00fanica per a aquells que vulguin con\u00e8ixer la Mediterr\u00e0nia i la seva \u00e0mplia biodiversitat.","og_url":"https:\/\/www.formentera.es\/ca\/lilla\/flora-i-fauna\/","og_site_name":"Turismo de Formentera","article_publisher":"https:\/\/www.facebook.com\/turismoformentera\/","article_modified_time":"2025-09-04T10:21:21+00:00","og_image":[{"width":1900,"height":950,"url":"https:\/\/www.formentera.es\/wp-content\/uploads\/2018\/11\/Flamencos-Jose-A.-Arribas-Beni2008.jpg","type":"image\/jpeg"}],"twitter_card":"summary_large_image","twitter_site":"@visitformentera","twitter_misc":{"Temps estimat de lectura":"2 minuts"},"schema":{"@context":"https:\/\/schema.org","@graph":[{"@type":"WebPage","@id":"https:\/\/www.formentera.es\/ca\/lilla\/flora-i-fauna\/","url":"https:\/\/www.formentera.es\/ca\/lilla\/flora-i-fauna\/","name":"La flora i fauna de Formentera | Turismo de Formentera","isPartOf":{"@id":"https:\/\/www.formentera.es\/#website"},"primaryImageOfPage":{"@id":"https:\/\/www.formentera.es\/ca\/lilla\/flora-i-fauna\/#primaryimage"},"image":{"@id":"https:\/\/www.formentera.es\/ca\/lilla\/flora-i-fauna\/#primaryimage"},"thumbnailUrl":"https:\/\/www.formentera.es\/wp-content\/uploads\/2018\/11\/Flamencos-Jose-A.-Arribas-Beni2008.jpg","datePublished":"2018-12-12T09:34:30+00:00","dateModified":"2025-09-04T10:21:21+00:00","description":"Descobreix la flora i fauna aut\u00f2ctona de Formentera. Uuna visita \u00fanica per a aquells que vulguin con\u00e8ixer la Mediterr\u00e0nia i la seva \u00e0mplia biodiversitat.","breadcrumb":{"@id":"https:\/\/www.formentera.es\/ca\/lilla\/flora-i-fauna\/#breadcrumb"},"inLanguage":"ca","potentialAction":[{"@type":"ReadAction","target":["https:\/\/www.formentera.es\/ca\/lilla\/flora-i-fauna\/"]}]},{"@type":"ImageObject","inLanguage":"ca","@id":"https:\/\/www.formentera.es\/ca\/lilla\/flora-i-fauna\/#primaryimage","url":"https:\/\/www.formentera.es\/wp-content\/uploads\/2018\/11\/Flamencos-Jose-A.-Arribas-Beni2008.jpg","contentUrl":"https:\/\/www.formentera.es\/wp-content\/uploads\/2018\/11\/Flamencos-Jose-A.-Arribas-Beni2008.jpg","width":1900,"height":950},{"@type":"BreadcrumbList","@id":"https:\/\/www.formentera.es\/ca\/lilla\/flora-i-fauna\/#breadcrumb","itemListElement":[{"@type":"ListItem","position":1,"name":"Portada","item":"https:\/\/www.formentera.es\/ca\/"},{"@type":"ListItem","position":2,"name":"L\u2019illa","item":"https:\/\/www.formentera.es\/la-isla\/"},{"@type":"ListItem","position":3,"name":"Flora i fauna"}]},{"@type":"WebSite","@id":"https:\/\/www.formentera.es\/#website","url":"https:\/\/www.formentera.es\/","name":"Turismo de Formentera","description":"Web oficial de Turismo de Formentera","potentialAction":[{"@type":"SearchAction","target":{"@type":"EntryPoint","urlTemplate":"https:\/\/www.formentera.es\/?s={search_term_string}"},"query-input":{"@type":"PropertyValueSpecification","valueRequired":true,"valueName":"search_term_string"}}],"inLanguage":"ca"}]}},"_links":{"self":[{"href":"https:\/\/www.formentera.es\/ca\/wp-json\/wp\/v2\/pages\/2176","targetHints":{"allow":["GET"]}}],"collection":[{"href":"https:\/\/www.formentera.es\/ca\/wp-json\/wp\/v2\/pages"}],"about":[{"href":"https:\/\/www.formentera.es\/ca\/wp-json\/wp\/v2\/types\/page"}],"author":[{"embeddable":true,"href":"https:\/\/www.formentera.es\/ca\/wp-json\/wp\/v2\/users\/1"}],"replies":[{"embeddable":true,"href":"https:\/\/www.formentera.es\/ca\/wp-json\/wp\/v2\/comments?post=2176"}],"version-history":[{"count":1,"href":"https:\/\/www.formentera.es\/ca\/wp-json\/wp\/v2\/pages\/2176\/revisions"}],"predecessor-version":[{"id":45189,"href":"https:\/\/www.formentera.es\/ca\/wp-json\/wp\/v2\/pages\/2176\/revisions\/45189"}],"up":[{"embeddable":true,"href":"https:\/\/www.formentera.es\/ca\/wp-json\/wp\/v2\/pages\/2167"}],"wp:featuredmedia":[{"embeddable":true,"href":"https:\/\/www.formentera.es\/ca\/wp-json\/wp\/v2\/media\/2178"}],"wp:attachment":[{"href":"https:\/\/www.formentera.es\/ca\/wp-json\/wp\/v2\/media?parent=2176"}],"wp:term":[{"taxonomy":"category","embeddable":true,"href":"https:\/\/www.formentera.es\/ca\/wp-json\/wp\/v2\/categories?post=2176"}],"curies":[{"name":"wp","href":"https:\/\/api.w.org\/{rel}","templated":true}]}}