{"id":16538,"date":"2022-02-15T13:04:15","date_gmt":"2022-02-15T12:04:15","guid":{"rendered":"https:\/\/www.formentera.es\/la-ruta-de-los-faros\/"},"modified":"2025-09-26T13:13:47","modified_gmt":"2025-09-26T11:13:47","slug":"la-ruta-dels-fars-de-formentera","status":"publish","type":"page","link":"https:\/\/www.formentera.es\/ca\/la-ruta-dels-fars-de-formentera\/","title":{"rendered":"La Ruta dels Fars de Formentera"},"content":{"rendered":"<div class=\"wpb-content-wrapper\"><p>[vc_row el_id=&#8221;paginafaros&#8221;][vc_column]<div id=\"fullpage\"><section id=\"section0\" class=\"vertical-scrolling\" style=\"background:  url(https:\/\/www.formentera.es\/wp-content\/uploads\/2022\/02\/CapdeBarbaria4.jpg);  background-repeat: no-repeat; -webkit-background-size: cover; -moz-background-size: cover; -o-background-size: cover; background-size: cover; background-position: center center; height: 100%; overflow: hidden; background-attachment: scroll;\">[vc_single_image image=&#8221;15986&#8243; img_size=&#8221;full&#8221; alignment=&#8221;center&#8221; el_id=&#8221;logofaros&#8221;][vc_column_text]<\/p>\n<p style=\"text-align: center;\">La Ruta dels Fars \u00e9s un atractiu m\u00e9s de Formentera, l&#8217;illa perfecta per gaudir en qualsevol \u00e8poca de l&#8217;any<\/p>\n<p>[\/vc_column_text][vc_btn title=&#8221;Comen\u00e7a la ruta&#8221; shape=&#8221;round&#8221; color=&#8221;blue&#8221; align=&#8221;center&#8221; css=&#8221;&#8221; link=&#8221;url:%232&#8243;][vc_single_image image=&#8221;16057&#8243; img_size=&#8221;full&#8221; alignment=&#8221;center&#8221; onclick=&#8221;custom_link&#8221; css=&#8221;&#8221; link=&#8221;#2&#8243; el_class=&#8221;imgscroll&#8221;]<\/section><section id=\"section1\" class=\"vertical-scrolling\" style=\"background: #ffffff url();  background-repeat: no-repeat; -webkit-background-size: cover; -moz-background-size: cover; -o-background-size: cover; background-size: cover; background-position: center center; height: 100%; overflow: hidden; background-attachment: scroll;\">[vc_row_inner equal_height=&#8221;yes&#8221; el_id=&#8221;faro2&#8243;][vc_column_inner el_class=&#8221;bloquetexto&#8221; width=&#8221;1\/2&#8243;][vc_single_image image=&#8221;45611&#8243; img_size=&#8221;full&#8221; alignment=&#8221;right&#8221; css=&#8221;&#8221; el_class=&#8221;logofarosblue&#8221;][vc_custom_heading text=&#8221;On la terra i la mar conflueixen&#8221; use_theme_fonts=&#8221;yes&#8221;][vc_column_text]La influ\u00e8ncia de la mar en una petita illa com Formentera \u00e9s evident. I quina millor manera de sentir-la que con\u00e8ixer-ne els fars, elements clau per als navegants en el passat i el present, i descobrir-ne les siluetes a l&#8217;alba o al sol post en entorns inigualables.<\/p>\n<p>Precisament la Ruta dels Fars de Formentera ha rebut el guard\u00f3 Nit del Turisme 2021, reconeguda per ser una experi\u00e8ncia que, a m\u00e9s de connectar de manera significativa amb les persones, posa en valor els recursos del territori sempre sota criteris de sostenibilitat i qualitat en tots els sentits.[\/vc_column_text][\/vc_column_inner][vc_column_inner width=&#8221;1\/2&#8243; css=&#8221;.vc_custom_1646391383592{background: #d2ecfc url(https:\/\/www.formentera.es\/wp-content\/uploads\/2022\/03\/FONDO-1.png?id=16142) !important;background-position: center !important;background-repeat: no-repeat !important;background-size: contain !important;}&#8221;][vc_single_image image=&#8221;45619&#8243; img_size=&#8221;medium&#8221; onclick=&#8221;custom_link&#8221; css=&#8221;&#8221; el_class=&#8221;foto1&#8243; link=&#8221;#21&#8243;][vc_single_image image=&#8221;45627&#8243; img_size=&#8221;medium&#8221; onclick=&#8221;custom_link&#8221; css=&#8221;&#8221; el_class=&#8221;foto2&#8243; link=&#8221;#81&#8243;][vc_single_image image=&#8221;45635&#8243; img_size=&#8221;medium&#8221; onclick=&#8221;custom_link&#8221; css=&#8221;&#8221; el_class=&#8221;foto3&#8243; link=&#8221;#41&#8243;][\/vc_column_inner][\/vc_row_inner]<\/section><section id=\"section2\" class=\"vertical-scrolling\" style=\"background: #ffffff url();  background-repeat: no-repeat; -webkit-background-size: cover; -moz-background-size: cover; -o-background-size: cover; background-size: cover; background-position: center center; height: 100%; overflow: hidden; background-attachment: scroll;\">[vc_row_inner equal_height=&#8221;yes&#8221; el_id=&#8221;faro-savina1&#8243;][vc_column_inner el_class=&#8221;bloquetexto&#8221; width=&#8221;1\/2&#8243;][vc_single_image image=&#8221;45611&#8243; img_size=&#8221;full&#8221; alignment=&#8221;right&#8221; css=&#8221;&#8221; el_class=&#8221;logofarosblue&#8221;][vc_column_text el_class=&#8221;titup&#8221;]Far de la Savina[\/vc_column_text][vc_custom_heading text=&#8221;Un element clau del port de la Savina&#8221; use_theme_fonts=&#8221;yes&#8221;][vc_column_text]Els jaciments prehist\u00f2rics de l&#8217;illa de Formentera indueixen a pensar que aquesta petita illa disposava ja en l&#8217;\u00e8poca prehist\u00f2rica de punts de connexi\u00f3 amb l&#8217;exterior. El paratge del port de la Savina comptava amb un cert recer dels temporals, i aviat es va convertir en port mercantil per al comer\u00e7 de la sal.<\/p>\n<p>Aix\u00ed, amb l&#8217;augment de passatgers i comerciants, l&#8217;any 1926 es va inaugurar el far de la Savina, un element clau, ja que oferia la senyalitzaci\u00f3 de l&#8217;entrada del port als navegants de la zona. [\/vc_column_text][\/vc_column_inner][vc_column_inner el_class=&#8221;colpiefoto&#8221; width=&#8221;1\/2&#8243; css=&#8221;.vc_custom_1646389184955{background: #f8f5f0 url(https:\/\/www.formentera.es\/wp-content\/uploads\/2022\/03\/La-Savina4.jpg?id=16157) !important;background-position: center !important;background-repeat: no-repeat !important;background-size: cover !important;}&#8221;][vc_column_text el_class=&#8221;piefoto&#8221;][\/vc_column_text][\/vc_column_inner][\/vc_row_inner]<\/section><section id=\"section3\" class=\"vertical-scrolling\" style=\"background: #ffffff url();  background-repeat: no-repeat; -webkit-background-size: cover; -moz-background-size: cover; -o-background-size: cover; background-size: cover; background-position: center center; height: 100%; overflow: hidden; background-attachment: scroll;\">[vc_row_inner equal_height=&#8221;yes&#8221; el_id=&#8221;faro-savina2&#8243;][vc_column_inner el_class=&#8221;bloquetexto&#8221; width=&#8221;1\/2&#8243;][vc_single_image image=&#8221;45611&#8243; img_size=&#8221;full&#8221; alignment=&#8221;right&#8221; css=&#8221;&#8221; el_class=&#8221;logofarosblue&#8221;][vc_column_text el_class=&#8221;titup&#8221;]Far de la Savina[\/vc_column_text][vc_custom_heading text=&#8221;El far de la Savina dona la benvinguda als visitants&#8221; use_theme_fonts=&#8221;yes&#8221;][vc_column_text]Aquest modest per\u00f2 peculiar far es troba al mateix port de la Savina i prop de s&#8217;Estany des Peix. Est\u00e0 envoltat d&#8217;un entorn cuidat, amb una passarel\u00b7la d&#8217;acc\u00e9s directe que condueix fins a la mateixa porta i a trav\u00e9s de la qual es pot gaudir d&#8217;un agradable passeig.<\/p>\n<p>No s\u2019hi pot accedir, per\u00f2 des dels voltants es pot veure una posta de sol espectacular, en la qual el perfil de l&#8217;illa d&#8217;Eivissa i l&#8217;illot des Vedr\u00e0 s\u00f3n perfectament visibles els dies de cel ser\u00e8.[\/vc_column_text][vc_column_text css=&#8221;.vc_custom_1718636149533{padding-top: 20px !important;}&#8221; el_class=&#8221;vergalsavina linkfaro&#8221;]<a href=\"#\"><i class=\"fa fa-camera\"><\/i>Vegeu la galeria<\/a>[\/vc_column_text][\/vc_column_inner][vc_column_inner width=&#8221;1\/2&#8243; css=&#8221;.vc_custom_1646389280925{padding-bottom: 100% !important;background: #f8f5f0 url(https:\/\/www.formentera.es\/wp-content\/uploads\/2022\/03\/La-Savina2.jpg?id=16164) !important;}&#8221;][\/vc_column_inner][\/vc_row_inner]<\/section><section id=\"section4\" class=\"vertical-scrolling\" style=\"background: #ffffff url();  background-repeat: no-repeat; -webkit-background-size: cover; -moz-background-size: cover; -o-background-size: cover; background-size: cover; background-position: center center; height: 100%; overflow: hidden; background-attachment: scroll;\">[vc_row_inner equal_height=&#8221;yes&#8221; el_id=&#8221;faro3&#8243;][vc_column_inner el_class=&#8221;bloquetexto&#8221; width=&#8221;1\/2&#8243;][vc_single_image image=&#8221;45611&#8243; img_size=&#8221;full&#8221; alignment=&#8221;right&#8221; css=&#8221;&#8221; el_class=&#8221;logofarosblue&#8221;][vc_column_text el_class=&#8221;titup&#8221;]Far de la Mola[\/vc_column_text][vc_custom_heading text=&#8221;El lloc que m\u00e9s m\u00e0gia despr\u00e8n de tota l&#8217;illa&#8221; use_theme_fonts=&#8221;yes&#8221;][vc_column_text]\u00c9s un dels llocs m\u00e9s espectaculars de tota l&#8217;illa. El far \u00e9s a la vora d&#8217;un penya-segat a 120 metres sobre el nivell de la mar, sobre l&#8217;altipl\u00e0 de la Mola, en el qual tamb\u00e9 trobam el punt m\u00e9s alt de l&#8217;illa: sa Talaiassa, a 192 m sobre la mar. Un dels aspectes m\u00e9s destacats d&#8217;aquest indret s\u00f3n les vistes al Mediterrani, realment impressionants. Tamb\u00e9 \u00e9s molt recomanable gaudir d&#8217;aquest entorn natural durant la sortida o la posta del sol.<\/p>\n<p>El far de la Mola \u00e9s un element d&#8217;alt valor patrimonial, ja que \u00e9s un dels pocs exemples arquitect\u00f2nics de t\u00e8cnica civil de la segona meitat del segle XIX a Formentera, un element rellevant del patrimoni cultural i paisatg\u00edstic de l&#8217;illa, del qual el Consell de Formentera garanteix la protecci\u00f3 i conservaci\u00f3.[\/vc_column_text][vc_column_text css=&#8221;.vc_custom_1718636180659{padding-top: 20px !important;}&#8221; el_class=&#8221;vergalamola linkfaro&#8221;]Vegeu la galeria[\/vc_column_text][\/vc_column_inner][vc_column_inner width=&#8221;1\/2&#8243; css=&#8221;.vc_custom_1645454806741{background-color: #f8f5f0 !important;}&#8221;][vc_single_image image=&#8221;16024&#8243; img_size=&#8221;full&#8221; alignment=&#8221;center&#8221; css_animation=&#8221;none&#8221; el_class=&#8221;foto1&#8243;][vc_single_image image=&#8221;16017&#8243; img_size=&#8221;full&#8221; alignment=&#8221;right&#8221; css_animation=&#8221;none&#8221; el_class=&#8221;foto2&#8243;][vc_single_image image=&#8221;16010&#8243; img_size=&#8221;full&#8221; el_class=&#8221;foto3&#8243;][\/vc_column_inner][\/vc_row_inner]<\/section><section id=\"section5\" class=\"vertical-scrolling\" style=\"background: #ffffff url();  background-repeat: no-repeat; -webkit-background-size: cover; -moz-background-size: cover; -o-background-size: cover; background-size: cover; background-position: center center; height: 100%; overflow: hidden; background-attachment: scroll;\">[vc_row_inner equal_height=&#8221;yes&#8221; el_id=&#8221;faro-lamola1&#8243;][vc_column_inner el_class=&#8221;bloquetexto&#8221; width=&#8221;1\/2&#8243;][vc_single_image image=&#8221;45611&#8243; img_size=&#8221;full&#8221; alignment=&#8221;right&#8221; css=&#8221;&#8221; el_class=&#8221;logofarosblue&#8221;][vc_column_text el_class=&#8221;titup&#8221;]Far de la Mola[\/vc_column_text][vc_custom_heading text=&#8221;Cent seixanta anys il\u00b7luminant la part m\u00e9s meridional de les Illes Balears&#8221; use_theme_fonts=&#8221;yes&#8221;][vc_column_text]El 1847, sota el regnat d&#8217;Isabel II, es va ordenar la construcci\u00f3 del far de la Mola, per\u00f2 no es va iniciar fins al 25 d&#8217;agost de 1860, i el 30 de novembre de 1861 va comen\u00e7ar a funcionar oficialment. El far de la Mola va ser projectat per l&#8217;enginyer Emili Poy i Bonet, redactor d&#8217;altres projectes de fars a les illes Piti\u00fcses. Un segle i mig despr\u00e9s, els dotze feixos de llum que projecta l&#8217;\u00f2ptica original, tallada a m\u00e0, d&#8217;aquest far de segon ordre atreuen encara no nom\u00e9s els vaixells que passen per sota dels penya-segats de l&#8217;est de Formentera, sin\u00f3 tamb\u00e9 els milers de turistes que venen a observar aquest monument, declarat B\u00e9 d&#8217;Inter\u00e8s Cultural.<\/p>\n<p>El far s&#8217;eleva 142 metres sobre el nivell de la mar gr\u00e0cies a la torre de color blanc, que mesura 22 metres. L&#8217;abast de la llum arriba a les 23 milles n\u00e0utiques, amb un centelleig cada cinc segons.[\/vc_column_text][\/vc_column_inner][vc_column_inner width=&#8221;1\/2&#8243; css=&#8221;.vc_custom_1646389351850{padding-bottom: 100% !important;background: #f8f5f0 url(https:\/\/www.formentera.es\/wp-content\/uploads\/2022\/03\/La-Mola1.jpg?id=16171) !important;background-position: center !important;background-repeat: no-repeat !important;background-size: cover !important;}&#8221;][\/vc_column_inner][\/vc_row_inner]<\/section><section id=\"section6\" class=\"vertical-scrolling\" style=\"background: #ffffff url();  background-repeat: no-repeat; -webkit-background-size: cover; -moz-background-size: cover; -o-background-size: cover; background-size: cover; background-position: center center; height: 100%; overflow: hidden; background-attachment: scroll;\">[vc_row_inner equal_height=&#8221;yes&#8221; el_id=&#8221;faro-lamola2&#8243;][vc_column_inner el_class=&#8221;bloquetexto&#8221; width=&#8221;1\/2&#8243;][vc_single_image image=&#8221;45611&#8243; img_size=&#8221;full&#8221; alignment=&#8221;right&#8221; css=&#8221;&#8221; el_class=&#8221;logofarosblue&#8221;][vc_column_text el_class=&#8221;titup&#8221;]Far de la Mola[\/vc_column_text][vc_custom_heading text=&#8221;D&#8217;un antic far a un espai cultural \u00fanic&#8221; use_theme_fonts=&#8221;yes&#8221;][vc_column_text css=&#8221;&#8221;]El 2019 s\u2019hi va dur a terme un projecte d&#8217;adequaci\u00f3 i rehabilitaci\u00f3 de la planta baixa i la fa\u00e7ana. L&#8217;objectiu principal de la remodelaci\u00f3 del far va ser concentrar, en un mateix espai, un centre d&#8217;interpretaci\u00f3 dels fars de Formentera i una exposici\u00f3 permanent que t\u00e9 com a tem\u00e0tica principal la relaci\u00f3 dels formenterers amb la mar al llarg de la hist\u00f2ria. A m\u00e9s, \u00e9s un espai polivalent perfecte per a la realitzaci\u00f3 d&#8217;esdeveniments culturals com ara concerts o representacions. La zona exterior tamb\u00e9 s&#8217;ha rehabilitat per acollir actes culturals i educatius a l&#8217;aire lliure.<\/p>\n<p>L&#8217;horari d&#8217;obertura a l&#8217;estiu \u00e9s de dimarts a diumenge d&#8217;11.00 h a 14.00 h, i els dimecres i els diumenges, a m\u00e9s, de 17.00 h a 21.00 h. Els dilluns \u00e9s tancat. L&#8217;horari a partir del 20 de setembre \u00e9s de dimarts a diumenge, de 10.00 h a 14.00 h. Els dilluns i els dies festius \u00e9s tancat.[\/vc_column_text][vc_column_text el_class=&#8221;linkfaro&#8221;]<a href=\"https:\/\/www.formentera.es\/wp-content\/uploads\/2022\/03\/triptic_far.pdf\" target=\"_blank\" rel=\"noopener noreferrer\">Vegeu el fullet<\/a>[\/vc_column_text][\/vc_column_inner][vc_column_inner width=&#8221;1\/2&#8243; css=&#8221;.vc_custom_1646389386623{padding-bottom: 100% !important;background: #f8f5f0 url(https:\/\/www.formentera.es\/wp-content\/uploads\/2022\/03\/La-Mola2.jpg?id=16178) !important;background-position: center !important;background-repeat: no-repeat !important;background-size: cover !important;}&#8221;][\/vc_column_inner][\/vc_row_inner]<\/section><section id=\"section7\" class=\"vertical-scrolling\" style=\"background: #ffffff url();  background-repeat: no-repeat; -webkit-background-size: cover; -moz-background-size: cover; -o-background-size: cover; background-size: cover; background-position: center center; height: 100%; overflow: hidden; background-attachment: scroll;\">[vc_row_inner equal_height=&#8221;yes&#8221; el_id=&#8221;faro-lamola3&#8243;][vc_column_inner el_class=&#8221;bloquetexto&#8221; width=&#8221;1\/2&#8243;][vc_single_image image=&#8221;45611&#8243; img_size=&#8221;full&#8221; alignment=&#8221;right&#8221; css=&#8221;&#8221; el_class=&#8221;logofarosblue&#8221;][vc_column_text el_class=&#8221;titup&#8221;]Far de la Mola[\/vc_column_text][vc_custom_heading text=&#8221;Jules Verne i el seu amor pel Far de la Mola&#8221; use_theme_fonts=&#8221;yes&#8221;][vc_column_text]Jules Verne se sentia profundament atret per l\u2019illa de Formentera, encara que mai la va visitar en persona. Li fascinava, en especial, la seua forma, plana i amb un pendent que arribava fins als penya-segats de la Mola, la qual cosa li semblava que era una rampa de \u00abllan\u00e7ament de qualsevol tipus de nau\u00bb. El mateix Verne parlava del far com \u00abun lloc des d&#8217;on mesurar el m\u00f3n\u00bb.<\/p>\n<p>Una placa commemorativa situada prop del far recorda que l&#8217;escriptor va convertir la Mola en el lloc on transcorre l&#8217;acci\u00f3 de la seua novel\u00b7la <i>H\u00e9ctor Servadac<\/i> , i que segurament tamb\u00e9 va inspirar la seua obra <i>El far de la fi del m\u00f3n<\/i>.[\/vc_column_text][\/vc_column_inner][vc_column_inner width=&#8221;1\/2&#8243; css=&#8221;.vc_custom_1646389425057{padding-bottom: 100% !important;background: #f8f5f0 url(https:\/\/www.formentera.es\/wp-content\/uploads\/2022\/03\/La-Mola3.jpg?id=16185) !important;background-position: center !important;background-repeat: no-repeat !important;background-size: cover !important;}&#8221;][\/vc_column_inner][\/vc_row_inner]<\/section><section id=\"section8\" class=\"vertical-scrolling\" style=\"background: #ffffff url();  background-repeat: no-repeat; -webkit-background-size: cover; -moz-background-size: cover; -o-background-size: cover; background-size: cover; background-position: center center; height: 100%; overflow: hidden; background-attachment: scroll;\">[vc_row_inner equal_height=&#8221;yes&#8221; el_id=&#8221;faro4&#8243;][vc_column_inner el_class=&#8221;bloquetexto&#8221; width=&#8221;1\/2&#8243;][vc_single_image image=&#8221;45611&#8243; img_size=&#8221;full&#8221; alignment=&#8221;right&#8221; css=&#8221;&#8221; el_class=&#8221;logofarosblue&#8221;][vc_column_text el_class=&#8221;titup&#8221;]Far des Cap de Barbaria[\/vc_column_text][vc_custom_heading text=&#8221;Imatge ic\u00f2nica de Formentera&#8221; use_theme_fonts=&#8221;yes&#8221;][vc_column_text]Es Cap de Barbaria \u00e9s l&#8217;elevaci\u00f3 rocosa situada m\u00e9s al sud de l&#8217;illa i de totes les Illes Balears, ja que \u00e9s el punt geogr\u00e0fic m\u00e9s pr\u00f2xim a les costes africanes. El far des Cap de Barbaria presideix aquest impressionant penya-segat vertical de 100 metres sobre el nivell de la mar. El far es va inaugurar el 1971, encara que el projecte es remunta a l&#8217;any 1924. Amb una altura de poc m\u00e9s de 17 metres, t\u00e9 un di\u00e0metre d&#8217;uns 3 metres i la seua funci\u00f3 era servir de senyal mar\u00edtim.<\/p>\n<p>Per arribar-hi, els visitants sortegen la petita lloma del puig d&#8217;en Guillem i travessen una zona boscosa fins a arribar a un paisatge semilunar, sense gaire vegetaci\u00f3. I, all\u00e0, al final de la carretera, emergeix el far, la silueta del qual contrasta amb la mar.<br \/>\n[\/vc_column_text][vc_column_text el_class=&#8221;vergalescap linkfaro&#8221;]Vegeu la galeria[\/vc_column_text][\/vc_column_inner][vc_column_inner width=&#8221;1\/2&#8243; css=&#8221;.vc_custom_1645446931160{padding-bottom: 100% !important;background-color: #f8f5f0 !important;}&#8221;][vc_single_image image=&#8221;16047&#8243; img_size=&#8221;full&#8221; el_class=&#8221;foto1&#8243;][vc_single_image image=&#8221;16033&#8243; img_size=&#8221;full&#8221; alignment=&#8221;right&#8221; el_class=&#8221;foto2&#8243;][vc_single_image image=&#8221;16107&#8243; img_size=&#8221;full&#8221; el_class=&#8221;foto3&#8243;][\/vc_column_inner][\/vc_row_inner]<\/section><section id=\"section9\" class=\"vertical-scrolling\" style=\"background: #ffffff url();  background-repeat: no-repeat; -webkit-background-size: cover; -moz-background-size: cover; -o-background-size: cover; background-size: cover; background-position: center center; height: 100%; overflow: hidden; background-attachment: scroll;\">[vc_row_inner equal_height=&#8221;yes&#8221; el_id=&#8221;faro-cap1&#8243;][vc_column_inner el_class=&#8221;bloquetexto&#8221; width=&#8221;1\/2&#8243;][vc_single_image image=&#8221;45611&#8243; img_size=&#8221;full&#8221; alignment=&#8221;right&#8221; css=&#8221;&#8221; el_class=&#8221;logofarosblue&#8221;][vc_column_text el_class=&#8221;titup&#8221;]Far des Cap de Barbaria[\/vc_column_text][vc_custom_heading text=&#8221;Els voltants&#8221; use_theme_fonts=&#8221;yes&#8221;][vc_column_text]La vegetaci\u00f3 d&#8217;aquesta zona \u00e9s \u00e0rida i escassa, capa\u00e7 d&#8217;aguantar els forts vents que sofreix el penya-segat. Als voltants del far trobam dos punts m\u00e9s de recomanable visita. El primer \u00e9s la cova Foradada, una gruta que condueix a un mirador molt especial. Per accedir a aquesta gruta haurem d&#8217;introduir-nos a trav\u00e9s d&#8217;un forat. Recomanam visitar aquest lloc amb especial cura.<\/p>\n<p>L&#8217;altre punt d&#8217;inter\u00e8s es troba a uns 150 metres cap a l&#8217;oest: la torre des Garroveret. Una de les torres de defensa repartides pel litoral piti\u00fas que es varen comen\u00e7ar a construir al segle XVIII amb la finalitat de vigilar les possibles aparicions de naviliers pirates sarra\u00efns. Per alertar de l&#8217;albirament d&#8217;una d&#8217;aquestes naus, els talaiers o guaites utilitzaven un codi de senyals de fum des de les torres.<\/p>\n<p>Als voltants del far tamb\u00e9 trobam els jaciments megal\u00edtics de fa 3800 anys.<br \/>\n[\/vc_column_text][\/vc_column_inner][vc_column_inner width=&#8221;1\/2&#8243; css=&#8221;.vc_custom_1646389473134{padding-bottom: 100% !important;background: #f8f5f0 url(https:\/\/www.formentera.es\/wp-content\/uploads\/2022\/03\/CapdeBarbaria4.jpg?id=16192) !important;background-position: center !important;background-repeat: no-repeat !important;background-size: cover !important;}&#8221;][\/vc_column_inner][\/vc_row_inner]<\/section><section id=\"section10\" class=\"vertical-scrolling\" style=\"background: #ffffff url();  background-repeat: no-repeat; -webkit-background-size: cover; -moz-background-size: cover; -o-background-size: cover; background-size: cover; background-position: center center; height: 100%; overflow: hidden; background-attachment: scroll;\">[vc_row_inner equal_height=&#8221;yes&#8221; el_id=&#8221;faro-cap2&#8243;][vc_column_inner el_class=&#8221;bloquetexto&#8221; width=&#8221;1\/2&#8243;][vc_single_image image=&#8221;45611&#8243; img_size=&#8221;full&#8221; alignment=&#8221;right&#8221; css=&#8221;&#8221; el_class=&#8221;logofarosblue&#8221;][vc_column_text el_class=&#8221;titup&#8221;]Far des Cap de Barbaria[\/vc_column_text][vc_custom_heading text=&#8221;Una posta de sol inoblidable&#8221; use_theme_fonts=&#8221;yes&#8221;][vc_column_text]Des d&#8217;aquest lloc m\u00e0gic podem veure una de les millors postes de sol del Mediterrani. La puresa del cel i la brisa que arriba directament de la mar fan que la llum reflecteixi sobre l&#8217;aigua i el cel d&#8217;una manera molt especial. En dies molt clars, i a causa de l&#8217;altura a la qual es troba es Cap de Barbaria, \u00e9s possible distingir algunes muntanyes a l&#8217;horitz\u00f3, per sobre de la mar: \u00e9s la pen\u00ednsula Ib\u00e8rica, que es troba a pr\u00e0cticament 100 quil\u00f2metres de dist\u00e0ncia.<\/p>\n<p>La imatge d&#8217;un paisatge gaireb\u00e9 des\u00e8rtic, una carretera estreta, el far lluny\u00e0 al centre i el blau de la mar al fons, tots aquests elements formen part de l&#8217;imaginari cinematogr\u00e0fic col\u00b7lectiu. El far protagonista d&#8217;aquesta fotografia captada per Julio Medem a la pel\u00b7l\u00edcula <i>Luc\u00eda i el sexe<\/i> \u00e9s el des Cap de Barbaria, situat a l&#8217;extrem sud-oest de l&#8217;illa.[\/vc_column_text][\/vc_column_inner][vc_column_inner width=&#8221;1\/2&#8243; css=&#8221;.vc_custom_1646390596492{padding-bottom: 100% !important;background: #f8f5f0 url(https:\/\/www.formentera.es\/wp-content\/uploads\/2022\/03\/capdebarbaria2.jpg?id=16291) !important;background-position: center !important;background-repeat: no-repeat !important;background-size: cover !important;}&#8221;][\/vc_column_inner][\/vc_row_inner]<\/section><section id=\"section11\" class=\"vertical-scrolling\" style=\"background: #ffffff url();  background-repeat: no-repeat; -webkit-background-size: cover; -moz-background-size: cover; -o-background-size: cover; background-size: cover; background-position: center center; height: 100%; overflow: hidden; background-attachment: scroll;\">[vc_row_inner equal_height=&#8221;yes&#8221; el_id=&#8221;faro-cap3&#8243;][vc_column_inner el_class=&#8221;bloquetexto&#8221; width=&#8221;1\/2&#8243;][vc_single_image image=&#8221;45611&#8243; img_size=&#8221;full&#8221; alignment=&#8221;right&#8221; css=&#8221;&#8221; el_class=&#8221;logofarosblue&#8221;][vc_column_text el_class=&#8221;titup&#8221;]Far des Cap de Barbaria[\/vc_column_text][vc_custom_heading text=&#8221;Acc\u00e9s regulat a vehicles de motor&#8221; use_theme_fonts=&#8221;yes&#8221;][vc_column_text]El far des Cap de Barbaria no est\u00e0 obert al p\u00fablic, per\u00f2 s\u00ed que es pot accedir als seus voltants. A causa de les aglomeracions que es generen en aquesta petita carretera que arriba fins al far, l\u2019entrada amb vehicles de motor est\u00e0 regulada des del 15 de maig fins al 15 d&#8217;octubre. L\u2019acc\u00e9s es tanca a partir de l&#8217;aparcament situat al quil\u00f2metre 6,5. Aix\u00f2 significa que els cotxes i les motos no podran circular durant els 2,5\u202fkm que resten fins a arribar al far.<\/p>\n<p>Abans de la tanca hi ha un aparcament perqu\u00e8 els visitants puguin deixar els vehicles i vagin caminant o amb bicicleta fins al far. En l&#8217;horari de m\u00e0xima aflu\u00e8ncia, d&#8217;11.00 h a 13.00 h i de 18.00 h a 22.00 h, hi haur\u00e0 vigil\u00e0ncia.<br \/>\n[\/vc_column_text][\/vc_column_inner][vc_column_inner width=&#8221;1\/2&#8243; css=&#8221;.vc_custom_1646390615849{padding-bottom: 100% !important;background: #f8f5f0 url(https:\/\/www.formentera.es\/wp-content\/uploads\/2022\/03\/shutterstock_2016384755.jpg?id=16298) !important;background-position: center !important;background-repeat: no-repeat !important;background-size: cover !important;}&#8221;][\/vc_column_inner][\/vc_row_inner]<\/section><\/div>[\/vc_column][\/vc_row]<\/p>\n<\/div>","protected":false},"excerpt":{"rendered":"<p>[vc_row el_id=&#8221;paginafaros&#8221;][vc_column][\/vc_column][\/vc_row]<\/p>\n","protected":false},"author":1,"featured_media":0,"parent":0,"menu_order":0,"comment_status":"closed","ping_status":"closed","template":"","meta":{"_acf_changed":false,"footnotes":""},"categories":[],"class_list":["post-16538","page","type-page","status-publish","hentry"],"acf":[],"yoast_head":"<!-- This site is optimized with the Yoast SEO plugin v25.5 - https:\/\/yoast.com\/wordpress\/plugins\/seo\/ -->\n<title>La Ruta dels Fars de Formentera | Turismo de Formentera<\/title>\n<meta name=\"robots\" content=\"index, follow, max-snippet:-1, max-image-preview:large, max-video-preview:-1\" \/>\n<link rel=\"canonical\" href=\"https:\/\/www.formentera.es\/ca\/la-ruta-dels-fars-de-formentera\/\" \/>\n<meta property=\"og:locale\" content=\"ca_ES\" \/>\n<meta property=\"og:type\" content=\"article\" \/>\n<meta property=\"og:title\" content=\"La Ruta dels Fars de Formentera | Turismo de Formentera\" \/>\n<meta property=\"og:description\" content=\"[vc_row el_id=&#8221;paginafaros&#8221;][vc_column][\/vc_column][\/vc_row]\" \/>\n<meta property=\"og:url\" content=\"https:\/\/www.formentera.es\/ca\/la-ruta-dels-fars-de-formentera\/\" \/>\n<meta property=\"og:site_name\" content=\"Turismo de Formentera\" \/>\n<meta property=\"article:publisher\" content=\"https:\/\/www.facebook.com\/turismoformentera\/\" \/>\n<meta property=\"article:modified_time\" content=\"2025-09-26T11:13:47+00:00\" \/>\n<meta name=\"twitter:card\" content=\"summary_large_image\" \/>\n<meta name=\"twitter:site\" content=\"@visitformentera\" \/>\n<meta name=\"twitter:label1\" content=\"Temps estimat de lectura\" \/>\n\t<meta name=\"twitter:data1\" content=\"14 minuts\" \/>\n<script type=\"application\/ld+json\" class=\"yoast-schema-graph\">{\"@context\":\"https:\/\/schema.org\",\"@graph\":[{\"@type\":\"WebPage\",\"@id\":\"https:\/\/www.formentera.es\/ca\/la-ruta-dels-fars-de-formentera\/\",\"url\":\"https:\/\/www.formentera.es\/ca\/la-ruta-dels-fars-de-formentera\/\",\"name\":\"La Ruta dels Fars de Formentera | Turismo de Formentera\",\"isPartOf\":{\"@id\":\"https:\/\/www.formentera.es\/#website\"},\"datePublished\":\"2022-02-15T12:04:15+00:00\",\"dateModified\":\"2025-09-26T11:13:47+00:00\",\"breadcrumb\":{\"@id\":\"https:\/\/www.formentera.es\/ca\/la-ruta-dels-fars-de-formentera\/#breadcrumb\"},\"inLanguage\":\"ca\",\"potentialAction\":[{\"@type\":\"ReadAction\",\"target\":[\"https:\/\/www.formentera.es\/ca\/la-ruta-dels-fars-de-formentera\/\"]}]},{\"@type\":\"BreadcrumbList\",\"@id\":\"https:\/\/www.formentera.es\/ca\/la-ruta-dels-fars-de-formentera\/#breadcrumb\",\"itemListElement\":[{\"@type\":\"ListItem\",\"position\":1,\"name\":\"Portada\",\"item\":\"https:\/\/www.formentera.es\/ca\/\"},{\"@type\":\"ListItem\",\"position\":2,\"name\":\"La Ruta dels Fars de Formentera\"}]},{\"@type\":\"WebSite\",\"@id\":\"https:\/\/www.formentera.es\/#website\",\"url\":\"https:\/\/www.formentera.es\/\",\"name\":\"Turismo de Formentera\",\"description\":\"Web oficial de Turismo de Formentera\",\"potentialAction\":[{\"@type\":\"SearchAction\",\"target\":{\"@type\":\"EntryPoint\",\"urlTemplate\":\"https:\/\/www.formentera.es\/?s={search_term_string}\"},\"query-input\":{\"@type\":\"PropertyValueSpecification\",\"valueRequired\":true,\"valueName\":\"search_term_string\"}}],\"inLanguage\":\"ca\"}]}<\/script>\n<!-- \/ Yoast SEO plugin. -->","yoast_head_json":{"title":"La Ruta dels Fars de Formentera | Turismo de Formentera","robots":{"index":"index","follow":"follow","max-snippet":"max-snippet:-1","max-image-preview":"max-image-preview:large","max-video-preview":"max-video-preview:-1"},"canonical":"https:\/\/www.formentera.es\/ca\/la-ruta-dels-fars-de-formentera\/","og_locale":"ca_ES","og_type":"article","og_title":"La Ruta dels Fars de Formentera | Turismo de Formentera","og_description":"[vc_row el_id=&#8221;paginafaros&#8221;][vc_column][\/vc_column][\/vc_row]","og_url":"https:\/\/www.formentera.es\/ca\/la-ruta-dels-fars-de-formentera\/","og_site_name":"Turismo de Formentera","article_publisher":"https:\/\/www.facebook.com\/turismoformentera\/","article_modified_time":"2025-09-26T11:13:47+00:00","twitter_card":"summary_large_image","twitter_site":"@visitformentera","twitter_misc":{"Temps estimat de lectura":"14 minuts"},"schema":{"@context":"https:\/\/schema.org","@graph":[{"@type":"WebPage","@id":"https:\/\/www.formentera.es\/ca\/la-ruta-dels-fars-de-formentera\/","url":"https:\/\/www.formentera.es\/ca\/la-ruta-dels-fars-de-formentera\/","name":"La Ruta dels Fars de Formentera | Turismo de Formentera","isPartOf":{"@id":"https:\/\/www.formentera.es\/#website"},"datePublished":"2022-02-15T12:04:15+00:00","dateModified":"2025-09-26T11:13:47+00:00","breadcrumb":{"@id":"https:\/\/www.formentera.es\/ca\/la-ruta-dels-fars-de-formentera\/#breadcrumb"},"inLanguage":"ca","potentialAction":[{"@type":"ReadAction","target":["https:\/\/www.formentera.es\/ca\/la-ruta-dels-fars-de-formentera\/"]}]},{"@type":"BreadcrumbList","@id":"https:\/\/www.formentera.es\/ca\/la-ruta-dels-fars-de-formentera\/#breadcrumb","itemListElement":[{"@type":"ListItem","position":1,"name":"Portada","item":"https:\/\/www.formentera.es\/ca\/"},{"@type":"ListItem","position":2,"name":"La Ruta dels Fars de Formentera"}]},{"@type":"WebSite","@id":"https:\/\/www.formentera.es\/#website","url":"https:\/\/www.formentera.es\/","name":"Turismo de Formentera","description":"Web oficial de Turismo de Formentera","potentialAction":[{"@type":"SearchAction","target":{"@type":"EntryPoint","urlTemplate":"https:\/\/www.formentera.es\/?s={search_term_string}"},"query-input":{"@type":"PropertyValueSpecification","valueRequired":true,"valueName":"search_term_string"}}],"inLanguage":"ca"}]}},"_links":{"self":[{"href":"https:\/\/www.formentera.es\/ca\/wp-json\/wp\/v2\/pages\/16538","targetHints":{"allow":["GET"]}}],"collection":[{"href":"https:\/\/www.formentera.es\/ca\/wp-json\/wp\/v2\/pages"}],"about":[{"href":"https:\/\/www.formentera.es\/ca\/wp-json\/wp\/v2\/types\/page"}],"author":[{"embeddable":true,"href":"https:\/\/www.formentera.es\/ca\/wp-json\/wp\/v2\/users\/1"}],"replies":[{"embeddable":true,"href":"https:\/\/www.formentera.es\/ca\/wp-json\/wp\/v2\/comments?post=16538"}],"version-history":[{"count":4,"href":"https:\/\/www.formentera.es\/ca\/wp-json\/wp\/v2\/pages\/16538\/revisions"}],"predecessor-version":[{"id":45789,"href":"https:\/\/www.formentera.es\/ca\/wp-json\/wp\/v2\/pages\/16538\/revisions\/45789"}],"wp:attachment":[{"href":"https:\/\/www.formentera.es\/ca\/wp-json\/wp\/v2\/media?parent=16538"}],"wp:term":[{"taxonomy":"category","embeddable":true,"href":"https:\/\/www.formentera.es\/ca\/wp-json\/wp\/v2\/categories?post=16538"}],"curies":[{"name":"wp","href":"https:\/\/api.w.org\/{rel}","templated":true}]}}