{"id":12095,"date":"2020-04-16T11:12:09","date_gmt":"2020-04-16T09:12:09","guid":{"rendered":"https:\/\/www.formentera.es\/explorar\/activitats\/rutes-verdes\/pla-de-la-mola\/"},"modified":"2020-04-21T10:58:13","modified_gmt":"2020-04-21T08:58:13","slug":"pla-de-la-mola","status":"publish","type":"page","link":"https:\/\/www.formentera.es\/ca\/explorar\/activitats\/rutes-verdes\/pla-de-la-mola\/","title":{"rendered":"Pla De La Mola"},"content":{"rendered":"<div class=\"wpb-content-wrapper\"><p>[vc_row][vc_column width=&#8221;8\/12&#8243;][vc_column_text]Amb m\u00e9s de 12 quil\u00f2metres de dist\u00e0ncia, aquesta ruta \u00e9s la m\u00e9s llarga de les 32 rutes verdes de Formentera. Aquest recorregut ens permet rec\u00f3rrer tota la plana de la Mola, i est\u00e0 pensada per fer-se amb bicicleta ja que \u00e9s molt accessible per a tots els nivells. Aquest passeig alterna molts paisatges: camps de conreu, terrenys d&#8217;interior, vinyes i zones boscoses, aix\u00ed com accessos al mar amb colpidores vistes panor\u00e0miques des dels majestuosos penya-segats de la Mola. Alguns trams s\u00f3n camins hist\u00f2rics que mai han estat modificats i alguns d&#8217;ells mai han estat transitats per cotxes. Aquest passeig tamb\u00e9 compr\u00e8n els principals atractius de la Mola: el far, l&#8217;encantadora esgl\u00e9sia del Pilar, l&#8217;explotaci\u00f3 vin\u00edcola del <strong>Celler Terramoll<\/strong> i <strong>el Mercat Artesanal<\/strong>, que t\u00e9 lloc els dimecres i diumenges a la tarda de maig a octubre.<\/p>\n<p>N&#8217;hi ha que parlen de la Mola com &#8220;una illa dins d&#8217;una illa&#8221;, pels seus trets diferencials pel que fa a paisatge i la seva forta personalitat. La ruta 32 ens ofereix la possibilitat d&#8217;entendre en profunditat el sentit d&#8217;aquesta afirmaci\u00f3, aix\u00ed com de gaudir de l&#8217;illa m\u00e9s aut\u00e8ntica i singular, allunyada de la bull\u00edcia tur\u00edstica estiuenca. Formentera com era[\/vc_column_text][\/vc_column][vc_column width=&#8221;4\/12&#8243;][vc_column_text]<div id=\"back_blue\"><h3>Descarregar la ruta<\/h3><div><img decoding=\"async\" src=\"https:\/\/www.formentera.es\/wp-content\/themes\/Formentera\/img\/mapas-de-google-w.svg\"><a href=\"https:\/\/www.google.com\/maps\/d\/u\/0\/embed?mid=1Mj1D3dW0zTEmbpYL6SFJ2EGGZ_8h-Ldb\" target=\"_blank\">Veure la ruta a Google Maps<\/a><\/div><div><img decoding=\"async\" src=\"https:\/\/www.formentera.es\/wp-content\/themes\/Formentera\/img\/maps-and-location-w.svg\" class=\"pl_5\"><a href=\"https:\/\/www.formentera.es\/wp-content\/uploads\/2020\/04\/32.-Pla-De-La-Mola.gpx.zip\" target=\"_blank\">Descarregar la ruta per a GPS<\/a><\/div><div><img decoding=\"async\" src=\"https:\/\/www.formentera.es\/wp-content\/themes\/Formentera\/img\/pin-w.svg\"><a href=\"https:\/\/es.wikiloc.com\/rutas-senderismo\/ruta-32-pla-de-la-mola-48414594\" target=\"_blank\">Veure la ruta a Wikiloc<\/a><\/div><div><img decoding=\"async\" src=\"https:\/\/www.formentera.es\/wp-content\/themes\/Formentera\/img\/descarga-w.svg\"><a href=\"Array\" target=\"_blank\">Descarregar arxiu<\/a><\/div><\/div><div id=\"como_llegar\"><a href=\"https:\/\/www.google.com\/maps?saddr=My+Location&daddr=38.67008,1.55376\" target=\"_blank\">Com arribar a un punt de partida?<\/a><img decoding=\"async\" src=\"https:\/\/www.formentera.es\/wp-content\/themes\/Formentera\/img\/start.svg\"><\/div>[\/vc_column_text][\/vc_column][\/vc_row][vc_row][vc_column][vc_gmaps link=&#8221;#E-8_JTNDaWZyYW1lJTIwc3JjJTNEJTIyaHR0cHMlM0ElMkYlMkZ3d3cuZ29vZ2xlLmNvbSUyRm1hcHMlMkZkJTJGdSUyRjAlMkZlbWJlZCUzRm1pZCUzRDFNajFEM2RXMHpURW1icFlMNlNGSjJFR0daXzhoLUxkYiUyMiUyMCUyMHdpZHRoJTNEJTIyNjAwJTIyJTIwaGVpZ2h0JTNEJTIyNDUwJTIyJTIwZnJhbWVib3JkZXIlM0QlMjIwJTIyJTIwc3R5bGUlM0QlMjJib3JkZXIlM0EwJTIyJTIwYWxsb3dmdWxsc2NyZWVuJTNFJTNDJTJGaWZyYW1lJTNF&#8221; size=&#8221;&#8221;][\/vc_column][\/vc_row][vc_row full_width=&#8221;stretch_row_content_no_spaces&#8221;][vc_column][vc_column_text]<style>#jtg-11266 .modula-item .jtg-social a, .lightbox-socials.jtg-social a{ fill: #ffffff; color: #ffffff }#jtg-11266 .modula-item .jtg-social-mobile a{ fill: #ffffff; color: #ffffff }#jtg-11266 .modula-item .jtg-social svg, .lightbox-socials.jtg-social svg { height: 16px; width: 16px }#jtg-11266 .modula-item .jtg-social-mobile svg { height: 16px; width: 16px }#jtg-11266 .modula-item .jtg-social a:not(:last-child), .lightbox-socials.jtg-social a:not(:last-child) { margin-right: 10px }#jtg-11266 .modula-item .jtg-social-mobile .jtg-social-mobile-icons a:not(:last-child){ margin-right: 10px }#jtg-11266 .modula-item .figc {color:#ffffff;}#jtg-11266 .modula-item .modula-item-content { transform: scale(1) }#jtg-11266 .modula-items .figc p.description { font-size:14px; }#jtg-11266 .modula-items .figc p.description { color:#ffffff;}#jtg-11266.modula-gallery .modula-item > a, #jtg-11266.modula-gallery .modula-item, #jtg-11266.modula-gallery .modula-item-content > a:not(.modula-no-follow) { cursor:zoom-in; } #jtg-11266.modula-gallery .modula-item-content .modula-no-follow { cursor: default; } #jtg-11266 .modula-item { background-color:#ffffff; }#jtg-11266 .modula-item:hover img { opacity: 0.5; }#jtg-11266 .modula-item { transform: scale(1) translate(0px,0px) rotate(0deg); }@media screen and (max-width:480px){#jtg-11266 .modula-item .figc .jtg-title {  font-size: 12px; }#jtg-11266 .modula-items .figc p.description { color:#ffffff;font-size:10px; }}#jtg-11266 .modula-items .modula-item:hover img{opacity:1;}<\/style>\n<div  id=\"jtg-11266\" class=\"modula modula-gallery modula-custom-grid\" data-config=\"{&quot;height&quot;:800,&quot;tabletHeight&quot;:800,&quot;mobileHeight&quot;:800,&quot;desktopHeight&quot;:800,&quot;enableTwitter&quot;:true,&quot;enableWhatsapp&quot;:false,&quot;enableFacebook&quot;:true,&quot;enablePinterest&quot;:true,&quot;enableLinkedin&quot;:true,&quot;enableEmail&quot;:false,&quot;randomFactor&quot;:0.5,&quot;type&quot;:&quot;custom-grid&quot;,&quot;columns&quot;:12,&quot;gutter&quot;:10,&quot;mobileGutter&quot;:10,&quot;tabletGutter&quot;:10,&quot;desktopGutter&quot;:10,&quot;enableResponsive&quot;:&quot;0&quot;,&quot;tabletColumns&quot;:2,&quot;mobileColumns&quot;:1,&quot;lazyLoad&quot;:&quot;0&quot;,&quot;lightboxOpts&quot;:{&quot;animated&quot;:true,&quot;Thumbs&quot;:{&quot;type&quot;:&quot;modern&quot;,&quot;showOnStart&quot;:false},&quot;Toolbar&quot;:{&quot;display&quot;:{&quot;right&quot;:[&quot;close&quot;]},&quot;enabled&quot;:true},&quot;Carousel&quot;:{&quot;Panzoom&quot;:{&quot;touch&quot;:false},&quot;infinite&quot;:false},&quot;keyboard&quot;:{&quot;Escape&quot;:&quot;close&quot;,&quot;Delete&quot;:&quot;close&quot;,&quot;Backspace&quot;:&quot;close&quot;,&quot;PageUp&quot;:false,&quot;PageDown&quot;:false,&quot;ArrowUp&quot;:false,&quot;ArrowDown&quot;:false,&quot;ArrowRight&quot;:false,&quot;ArrowLeft&quot;:false},&quot;touch&quot;:false,&quot;backdropClick&quot;:false,&quot;l10n&quot;:{&quot;CLOSE&quot;:&quot;Close&quot;,&quot;NEXT&quot;:&quot;Next&quot;,&quot;PREV&quot;:&quot;Previous&quot;,&quot;Error&quot;:&quot;The requested content cannot be loaded. Please try again later.&quot;,&quot;PLAY_START&quot;:&quot;Start slideshow&quot;,&quot;PLAY_STOP&quot;:&quot;Pause slideshow&quot;,&quot;FULL_SCREEN&quot;:&quot;Full screen&quot;,&quot;THUMBS&quot;:&quot;Thumbnails&quot;,&quot;DOWNLOAD&quot;:&quot;Download&quot;,&quot;SHARE&quot;:&quot;Share&quot;,&quot;ZOOM&quot;:&quot;Zoom&quot;,&quot;EMAIL&quot;:&quot;Here is the link to the image : %%image_link%% and this is the link to the gallery : %%gallery_link%%&quot;,&quot;MODAL&quot;:&quot;You can close this modal content with the ESC key&quot;,&quot;ERROR&quot;:&quot;Something Went Wrong, Please Try Again Later&quot;,&quot;IMAGE_ERROR&quot;:&quot;Image Not Found&quot;,&quot;ELEMENT_NOT_FOUND&quot;:&quot;HTML Element Not Found&quot;,&quot;AJAX_NOT_FOUND&quot;:&quot;Error Loading AJAX : Not Found&quot;,&quot;AJAX_FORBIDDEN&quot;:&quot;Error Loading AJAX : Forbidden&quot;,&quot;IFRAME_ERROR&quot;:&quot;Error Loading Page&quot;,&quot;TOGGLE_ZOOM&quot;:&quot;Toggle zoom level&quot;,&quot;TOGGLE_THUMBS&quot;:&quot;Toggle thumbnails&quot;,&quot;TOGGLE_SLIDESHOW&quot;:&quot;Toggle slideshow&quot;,&quot;TOGGLE_FULLSCREEN&quot;:&quot;Toggle full-screen mode&quot;},&quot;Images&quot;:{&quot;Panzoom&quot;:{&quot;maxScale&quot;:2}},&quot;mainClass&quot;:&quot;modula-fancybox-container modula-lightbox-jtg-11266&quot;,&quot;Html&quot;:{&quot;videoAutoplay&quot;:0,&quot;videoTpl&quot;:&quot;&lt;video class=\\&quot;fancybox__html5video\\&quot; controls muted playsinline controlsList controlsList=\\&quot;nodownload\\&quot; poster=\\&quot;{{poster}}\\&quot; src=\\&quot;{{src}}\\&quot; type=\\&quot;{{format}}\\&quot; &gt;  Sorry, your browser doesn&#039;t support embedded videos, &lt;a href=\\&quot;{{src}}\\&quot;&gt; download &lt;\\\/a&gt; and watch with your favorite video player! &lt;\\\/video&gt;&quot;}},&quot;inView&quot;:false,&quot;email_subject&quot;:&quot;\\u00a1\\u00a1Mira esta impresionante imagen!!&quot;,&quot;email_message&quot;:&quot;Este es el enlace a la imagen: %%image_link%% y este es el enlace a la galer\\u00eda: %%gallery_link%%&quot;,&quot;lightbox&quot;:&quot;fancybox&quot;,&quot;filterClick&quot;:&quot;0&quot;,&quot;defaultActiveFilter&quot;:&quot;all&quot;}\">\n\n\t\n\t<div  class=\"modula-items\">\n\t\t<div class=\"modula-item jtg-filter-all jtg-filter-\" data-width=\"7\" data-height=\"5\" >\n\t<div class=\"modula-item-content\">\n\t\t\n\t\t\t\t\t<a data-image-id=\"11274\" tabindex=\"0\" href=\"https:\/\/www.formentera.es\/wp-content\/uploads\/2020\/04\/pla_de_la_mola.jpg\" rel=\"jtg-11266\" data-caption=\"\" aria-label=\"Open image in lightbox\" role=\"button\" data-cyclefilter=\"show\" data-fancybox=\"jtg-11266\" class=\"tile-inner modula-item-link\"><\/a>\n\t\t\n\t\t<img loading=\"lazy\" decoding=\"async\" class=\"pic wp-image-11274\"  data-valign=\"middle\" data-halign=\"center\" alt=\"\" data-full=\"https:\/\/www.formentera.es\/wp-content\/uploads\/2020\/04\/pla_de_la_mola.jpg\" title=\"pla_de_la_mola\" width=\"1600\" height=\"1067\" src=\"https:\/\/www.formentera.es\/wp-content\/uploads\/2020\/04\/pla_de_la_mola.jpg\" data-src=\"https:\/\/www.formentera.es\/wp-content\/uploads\/2020\/04\/pla_de_la_mola.jpg\" data-caption=\"\" srcset=\"https:\/\/www.formentera.es\/wp-content\/uploads\/2020\/04\/pla_de_la_mola.jpg 1600w, https:\/\/www.formentera.es\/wp-content\/uploads\/2020\/04\/pla_de_la_mola-300x200.jpg 300w, https:\/\/www.formentera.es\/wp-content\/uploads\/2020\/04\/pla_de_la_mola-768x512.jpg 768w, https:\/\/www.formentera.es\/wp-content\/uploads\/2020\/04\/pla_de_la_mola-1024x683.jpg 1024w\" sizes=\"auto, (max-width: 1600px) 100vw, 1600px\" \/>\n\t<\/div>\n\n<\/div><div class=\"modula-item jtg-filter-all jtg-filter-\" data-width=\"5\" data-height=\"5\" >\n\t<div class=\"modula-item-content\">\n\t\t\n\t\t\t\t\t<a data-image-id=\"11288\" tabindex=\"0\" href=\"https:\/\/www.formentera.es\/wp-content\/uploads\/2020\/04\/shutterstock_1658427019.jpg\" rel=\"jtg-11266\" data-caption=\"\" aria-label=\"Open image in lightbox\" role=\"button\" data-cyclefilter=\"show\" data-fancybox=\"jtg-11266\" class=\"tile-inner modula-item-link\"><\/a>\n\t\t\n\t\t<img loading=\"lazy\" decoding=\"async\" class=\"pic wp-image-11288\"  data-valign=\"middle\" data-halign=\"center\" alt=\"\" data-full=\"https:\/\/www.formentera.es\/wp-content\/uploads\/2020\/04\/shutterstock_1658427019.jpg\" title=\"shutterstock_1658427019\" width=\"1600\" height=\"838\" src=\"https:\/\/www.formentera.es\/wp-content\/uploads\/2020\/04\/shutterstock_1658427019.jpg\" data-src=\"https:\/\/www.formentera.es\/wp-content\/uploads\/2020\/04\/shutterstock_1658427019.jpg\" data-caption=\"\" srcset=\"https:\/\/www.formentera.es\/wp-content\/uploads\/2020\/04\/shutterstock_1658427019.jpg 1600w, https:\/\/www.formentera.es\/wp-content\/uploads\/2020\/04\/shutterstock_1658427019-300x157.jpg 300w, https:\/\/www.formentera.es\/wp-content\/uploads\/2020\/04\/shutterstock_1658427019-768x402.jpg 768w, https:\/\/www.formentera.es\/wp-content\/uploads\/2020\/04\/shutterstock_1658427019-1024x536.jpg 1024w\" sizes=\"auto, (max-width: 1600px) 100vw, 1600px\" \/>\n\t<\/div>\n\n<\/div><div class=\"modula-item jtg-filter-all jtg-filter-\" data-width=\"6\" data-height=\"5\" >\n\t<div class=\"modula-item-content\">\n\t\t\n\t\t\t\t\t<a data-image-id=\"11281\" tabindex=\"0\" href=\"https:\/\/www.formentera.es\/wp-content\/uploads\/2020\/04\/shutterstock_752221792.jpg\" rel=\"jtg-11266\" data-caption=\"\" aria-label=\"Open image in lightbox\" role=\"button\" data-cyclefilter=\"show\" data-fancybox=\"jtg-11266\" class=\"tile-inner modula-item-link\"><\/a>\n\t\t\n\t\t<img loading=\"lazy\" decoding=\"async\" class=\"pic wp-image-11281\"  data-valign=\"middle\" data-halign=\"center\" alt=\"\" data-full=\"https:\/\/www.formentera.es\/wp-content\/uploads\/2020\/04\/shutterstock_752221792.jpg\" title=\"shutterstock_752221792\" width=\"1600\" height=\"1063\" src=\"https:\/\/www.formentera.es\/wp-content\/uploads\/2020\/04\/shutterstock_752221792.jpg\" data-src=\"https:\/\/www.formentera.es\/wp-content\/uploads\/2020\/04\/shutterstock_752221792.jpg\" data-caption=\"\" srcset=\"https:\/\/www.formentera.es\/wp-content\/uploads\/2020\/04\/shutterstock_752221792.jpg 1600w, https:\/\/www.formentera.es\/wp-content\/uploads\/2020\/04\/shutterstock_752221792-300x199.jpg 300w, https:\/\/www.formentera.es\/wp-content\/uploads\/2020\/04\/shutterstock_752221792-768x510.jpg 768w, https:\/\/www.formentera.es\/wp-content\/uploads\/2020\/04\/shutterstock_752221792-1024x680.jpg 1024w\" sizes=\"auto, (max-width: 1600px) 100vw, 1600px\" \/>\n\t<\/div>\n\n<\/div><div class=\"modula-item jtg-filter-all jtg-filter-\" data-width=\"6\" data-height=\"5\" >\n\t<div class=\"modula-item-content\">\n\t\t\n\t\t\t\t\t<a data-image-id=\"11295\" tabindex=\"0\" href=\"https:\/\/www.formentera.es\/wp-content\/uploads\/2020\/04\/vell-la-mola-4_alfredo_montero.jpg\" rel=\"jtg-11266\" data-caption=\"\" aria-label=\"Open image in lightbox\" role=\"button\" data-cyclefilter=\"show\" data-fancybox=\"jtg-11266\" class=\"tile-inner modula-item-link\"><\/a>\n\t\t\n\t\t<img loading=\"lazy\" decoding=\"async\" class=\"pic wp-image-11295\"  data-valign=\"middle\" data-halign=\"center\" alt=\"\" data-full=\"https:\/\/www.formentera.es\/wp-content\/uploads\/2020\/04\/vell-la-mola-4_alfredo_montero.jpg\" title=\"vell-la-mola-4_alfredo_montero\" width=\"1600\" height=\"1067\" src=\"https:\/\/www.formentera.es\/wp-content\/uploads\/2020\/04\/vell-la-mola-4_alfredo_montero.jpg\" data-src=\"https:\/\/www.formentera.es\/wp-content\/uploads\/2020\/04\/vell-la-mola-4_alfredo_montero.jpg\" data-caption=\"\" srcset=\"https:\/\/www.formentera.es\/wp-content\/uploads\/2020\/04\/vell-la-mola-4_alfredo_montero.jpg 1600w, https:\/\/www.formentera.es\/wp-content\/uploads\/2020\/04\/vell-la-mola-4_alfredo_montero-300x200.jpg 300w, https:\/\/www.formentera.es\/wp-content\/uploads\/2020\/04\/vell-la-mola-4_alfredo_montero-768x512.jpg 768w, https:\/\/www.formentera.es\/wp-content\/uploads\/2020\/04\/vell-la-mola-4_alfredo_montero-1024x683.jpg 1024w\" sizes=\"auto, (max-width: 1600px) 100vw, 1600px\" \/>\n\t<\/div>\n\n<\/div>\t\t\n\t<\/div>\n\n\t\n\t\n\t<script type=\"application\/ld+json\">\n\t{\n\t\t\"@context\": \"http:\/\/schema.org\",\n\t\t\"@type\"   : \"ImageGallery\",\n\t\t\"id\"      : \"https:\/\/www.formentera.es\/ca\/explorar\/activitats\/rutes-verdes\/pla-de-la-mola\/\",\n\t\t\"url\"     : \"https:\/\/www.formentera.es\/ca\/explorar\/activitats\/rutes-verdes\/pla-de-la-mola\/\"\n\t}\n\n\t<\/script>\n\n\t\n<\/div>\n[\/vc_column_text][\/vc_column][\/vc_row][vc_row][vc_column][vc_column_text]<div id=\"mas_rutas\" class=\"container sc\"><h2>Altres rutes a Formentera<\/h2><div class=\"row\"><div class=\"col-md-6 col-lg-4\">\n\t\t\t\t\t\t\t<a href=\"https:\/\/www.formentera.es\/ca\/explorar\/activitats\/rutes-verdes\/es-cap-es-garroveret\/\" class=\"img_ruta\"  style=\"background-image: url(https:\/\/www.formentera.es\/wp-content\/uploads\/2020\/11\/ES-CAP-ES-ARROVERET-300x200.jpg)\"><\/a>\n\t\t\t\t\t\t\t\n\t\t\t\t\t\t\t<div class=\"col-sm-12\">\n\t\t\t\t\t\t\t\t<a href=\"https:\/\/www.formentera.es\/ca\/explorar\/activitats\/rutes-verdes\/es-cap-es-garroveret\/\">Es Cap &#8211; Es Garroveret<\/a><div><img decoding=\"async\" src=\"https:\/\/www.formentera.es\/wp-content\/themes\/Formentera\/img\/bicib.png\">55 min.<\/div><div><img decoding=\"async\" src=\"https:\/\/www.formentera.es\/wp-content\/themes\/Formentera\/img\/caminarb.png\">165 min.<\/div><\/div>\n\t\t\t\t\t\t<\/div><div class=\"col-md-6 col-lg-4\">\n\t\t\t\t\t\t\t<a href=\"https:\/\/www.formentera.es\/ca\/explorar\/activitats\/rutes-verdes\/la-savina-sant-francesc-es-pujols\/\" class=\"img_ruta\"  style=\"background-image: url(https:\/\/www.formentera.es\/wp-content\/uploads\/2020\/04\/shutterstock_789778957-1-300x200.jpg)\"><\/a>\n\t\t\t\t\t\t\t\n\t\t\t\t\t\t\t<div class=\"col-sm-12\">\n\t\t\t\t\t\t\t\t<a href=\"https:\/\/www.formentera.es\/ca\/explorar\/activitats\/rutes-verdes\/la-savina-sant-francesc-es-pujols\/\">La Savina &#8211; Sant Francesc &#8211; Es Pujols<\/a><div><img decoding=\"async\" src=\"https:\/\/www.formentera.es\/wp-content\/themes\/Formentera\/img\/bicib.png\">30 min.<\/div><div><img decoding=\"async\" src=\"https:\/\/www.formentera.es\/wp-content\/themes\/Formentera\/img\/caminarb.png\">85 min.<\/div><\/div>\n\t\t\t\t\t\t<\/div><div class=\"col-md-6 col-lg-4\">\n\t\t\t\t\t\t\t<a href=\"https:\/\/www.formentera.es\/ca\/explorar\/activitats\/rutes-verdes\/el-pilar-de-la-mola-sestufador-es-ram\/\" class=\"img_ruta\"  style=\"background-image: url(https:\/\/www.formentera.es\/wp-content\/uploads\/2020\/11\/EL-PILAR-DE-LA-MOLA-ESTUFADOR.-ES-RAM-300x200.jpg)\"><\/a>\n\t\t\t\t\t\t\t\n\t\t\t\t\t\t\t<div class=\"col-sm-12\">\n\t\t\t\t\t\t\t\t<a href=\"https:\/\/www.formentera.es\/ca\/explorar\/activitats\/rutes-verdes\/el-pilar-de-la-mola-sestufador-es-ram\/\">El Pilar De La Mola  &#8211;  S&#8217;Estufador  &#8211;  Es Ram<\/a><div><img decoding=\"async\" src=\"https:\/\/www.formentera.es\/wp-content\/themes\/Formentera\/img\/caminarb.png\">85 min.<\/div><\/div>\n\t\t\t\t\t\t<\/div><\/div><a class=\"text-center\" href=\"\">Veure totes les rutes<\/a><\/div>[\/vc_column_text][\/vc_column][\/vc_row]<\/p>\n<\/div>","protected":false},"excerpt":{"rendered":"<p>[vc_row][vc_column width=&#8221;8\/12&#8243;][vc_column_text]Amb m\u00e9s de 12 quil\u00f2metres de dist\u00e0ncia, aquesta ruta \u00e9s la m\u00e9s llarga de [&hellip;]<\/p>\n","protected":false},"author":1,"featured_media":11818,"parent":2262,"menu_order":0,"comment_status":"closed","ping_status":"closed","template":"page-ruta.php","meta":{"_acf_changed":false,"footnotes":""},"categories":[],"class_list":["post-12095","page","type-page","status-publish","hentry"],"acf":[],"yoast_head":"<!-- This site is optimized with the Yoast SEO plugin v25.5 - https:\/\/yoast.com\/wordpress\/plugins\/seo\/ -->\n<title>Pla De La Mola | Turismo de Formentera<\/title>\n<meta name=\"robots\" content=\"index, follow, max-snippet:-1, max-image-preview:large, max-video-preview:-1\" \/>\n<link rel=\"canonical\" href=\"https:\/\/www.formentera.es\/ca\/explorar\/activitats\/rutes-verdes\/pla-de-la-mola\/\" \/>\n<meta property=\"og:locale\" content=\"ca_ES\" \/>\n<meta property=\"og:type\" content=\"article\" \/>\n<meta property=\"og:title\" content=\"Pla De La Mola | Turismo de Formentera\" \/>\n<meta property=\"og:description\" content=\"[vc_row][vc_column width=&#8221;8\/12&#8243;][vc_column_text]Amb m\u00e9s de 12 quil\u00f2metres de dist\u00e0ncia, aquesta ruta \u00e9s la m\u00e9s llarga de [&hellip;]\" \/>\n<meta property=\"og:url\" content=\"https:\/\/www.formentera.es\/ca\/explorar\/activitats\/rutes-verdes\/pla-de-la-mola\/\" \/>\n<meta property=\"og:site_name\" content=\"Turismo de Formentera\" \/>\n<meta property=\"article:publisher\" content=\"https:\/\/www.facebook.com\/turismoformentera\/\" \/>\n<meta property=\"article:modified_time\" content=\"2020-04-21T08:58:13+00:00\" \/>\n<meta property=\"og:image\" content=\"https:\/\/www.formentera.es\/wp-content\/uploads\/2020\/04\/shutterstock_1167885031.jpg\" \/>\n\t<meta property=\"og:image:width\" content=\"1800\" \/>\n\t<meta property=\"og:image:height\" content=\"1012\" \/>\n\t<meta property=\"og:image:type\" content=\"image\/jpeg\" \/>\n<meta name=\"twitter:card\" content=\"summary_large_image\" \/>\n<meta name=\"twitter:site\" content=\"@visitformentera\" \/>\n<meta name=\"twitter:label1\" content=\"Temps estimat de lectura\" \/>\n\t<meta name=\"twitter:data1\" content=\"2 minuts\" \/>\n<script type=\"application\/ld+json\" class=\"yoast-schema-graph\">{\"@context\":\"https:\/\/schema.org\",\"@graph\":[{\"@type\":\"WebPage\",\"@id\":\"https:\/\/www.formentera.es\/ca\/explorar\/activitats\/rutes-verdes\/pla-de-la-mola\/\",\"url\":\"https:\/\/www.formentera.es\/ca\/explorar\/activitats\/rutes-verdes\/pla-de-la-mola\/\",\"name\":\"Pla De La Mola | Turismo de Formentera\",\"isPartOf\":{\"@id\":\"https:\/\/www.formentera.es\/#website\"},\"primaryImageOfPage\":{\"@id\":\"https:\/\/www.formentera.es\/ca\/explorar\/activitats\/rutes-verdes\/pla-de-la-mola\/#primaryimage\"},\"image\":{\"@id\":\"https:\/\/www.formentera.es\/ca\/explorar\/activitats\/rutes-verdes\/pla-de-la-mola\/#primaryimage\"},\"thumbnailUrl\":\"https:\/\/www.formentera.es\/wp-content\/uploads\/2020\/04\/shutterstock_1167885031.jpg\",\"datePublished\":\"2020-04-16T09:12:09+00:00\",\"dateModified\":\"2020-04-21T08:58:13+00:00\",\"breadcrumb\":{\"@id\":\"https:\/\/www.formentera.es\/ca\/explorar\/activitats\/rutes-verdes\/pla-de-la-mola\/#breadcrumb\"},\"inLanguage\":\"ca\",\"potentialAction\":[{\"@type\":\"ReadAction\",\"target\":[\"https:\/\/www.formentera.es\/ca\/explorar\/activitats\/rutes-verdes\/pla-de-la-mola\/\"]}]},{\"@type\":\"ImageObject\",\"inLanguage\":\"ca\",\"@id\":\"https:\/\/www.formentera.es\/ca\/explorar\/activitats\/rutes-verdes\/pla-de-la-mola\/#primaryimage\",\"url\":\"https:\/\/www.formentera.es\/wp-content\/uploads\/2020\/04\/shutterstock_1167885031.jpg\",\"contentUrl\":\"https:\/\/www.formentera.es\/wp-content\/uploads\/2020\/04\/shutterstock_1167885031.jpg\",\"width\":1800,\"height\":1012},{\"@type\":\"BreadcrumbList\",\"@id\":\"https:\/\/www.formentera.es\/ca\/explorar\/activitats\/rutes-verdes\/pla-de-la-mola\/#breadcrumb\",\"itemListElement\":[{\"@type\":\"ListItem\",\"position\":1,\"name\":\"Portada\",\"item\":\"https:\/\/www.formentera.es\/ca\/\"},{\"@type\":\"ListItem\",\"position\":2,\"name\":\"Explorar\",\"item\":\"https:\/\/www.formentera.es\/ca\/explorar\/\"},{\"@type\":\"ListItem\",\"position\":3,\"name\":\"Activitats\",\"item\":\"https:\/\/www.formentera.es\/ca\/explorar\/activitats\/\"},{\"@type\":\"ListItem\",\"position\":4,\"name\":\"Rutes verdes\",\"item\":\"https:\/\/www.formentera.es\/ca\/explorar\/activitats\/rutes-verdes\/\"},{\"@type\":\"ListItem\",\"position\":5,\"name\":\"Pla De La Mola\"}]},{\"@type\":\"WebSite\",\"@id\":\"https:\/\/www.formentera.es\/#website\",\"url\":\"https:\/\/www.formentera.es\/\",\"name\":\"Turismo de Formentera\",\"description\":\"Web oficial de Turismo de Formentera\",\"potentialAction\":[{\"@type\":\"SearchAction\",\"target\":{\"@type\":\"EntryPoint\",\"urlTemplate\":\"https:\/\/www.formentera.es\/?s={search_term_string}\"},\"query-input\":{\"@type\":\"PropertyValueSpecification\",\"valueRequired\":true,\"valueName\":\"search_term_string\"}}],\"inLanguage\":\"ca\"}]}<\/script>\n<!-- \/ Yoast SEO plugin. -->","yoast_head_json":{"title":"Pla De La Mola | Turismo de Formentera","robots":{"index":"index","follow":"follow","max-snippet":"max-snippet:-1","max-image-preview":"max-image-preview:large","max-video-preview":"max-video-preview:-1"},"canonical":"https:\/\/www.formentera.es\/ca\/explorar\/activitats\/rutes-verdes\/pla-de-la-mola\/","og_locale":"ca_ES","og_type":"article","og_title":"Pla De La Mola | Turismo de Formentera","og_description":"[vc_row][vc_column width=&#8221;8\/12&#8243;][vc_column_text]Amb m\u00e9s de 12 quil\u00f2metres de dist\u00e0ncia, aquesta ruta \u00e9s la m\u00e9s llarga de [&hellip;]","og_url":"https:\/\/www.formentera.es\/ca\/explorar\/activitats\/rutes-verdes\/pla-de-la-mola\/","og_site_name":"Turismo de Formentera","article_publisher":"https:\/\/www.facebook.com\/turismoformentera\/","article_modified_time":"2020-04-21T08:58:13+00:00","og_image":[{"width":1800,"height":1012,"url":"https:\/\/www.formentera.es\/wp-content\/uploads\/2020\/04\/shutterstock_1167885031.jpg","type":"image\/jpeg"}],"twitter_card":"summary_large_image","twitter_site":"@visitformentera","twitter_misc":{"Temps estimat de lectura":"2 minuts"},"schema":{"@context":"https:\/\/schema.org","@graph":[{"@type":"WebPage","@id":"https:\/\/www.formentera.es\/ca\/explorar\/activitats\/rutes-verdes\/pla-de-la-mola\/","url":"https:\/\/www.formentera.es\/ca\/explorar\/activitats\/rutes-verdes\/pla-de-la-mola\/","name":"Pla De La Mola | Turismo de Formentera","isPartOf":{"@id":"https:\/\/www.formentera.es\/#website"},"primaryImageOfPage":{"@id":"https:\/\/www.formentera.es\/ca\/explorar\/activitats\/rutes-verdes\/pla-de-la-mola\/#primaryimage"},"image":{"@id":"https:\/\/www.formentera.es\/ca\/explorar\/activitats\/rutes-verdes\/pla-de-la-mola\/#primaryimage"},"thumbnailUrl":"https:\/\/www.formentera.es\/wp-content\/uploads\/2020\/04\/shutterstock_1167885031.jpg","datePublished":"2020-04-16T09:12:09+00:00","dateModified":"2020-04-21T08:58:13+00:00","breadcrumb":{"@id":"https:\/\/www.formentera.es\/ca\/explorar\/activitats\/rutes-verdes\/pla-de-la-mola\/#breadcrumb"},"inLanguage":"ca","potentialAction":[{"@type":"ReadAction","target":["https:\/\/www.formentera.es\/ca\/explorar\/activitats\/rutes-verdes\/pla-de-la-mola\/"]}]},{"@type":"ImageObject","inLanguage":"ca","@id":"https:\/\/www.formentera.es\/ca\/explorar\/activitats\/rutes-verdes\/pla-de-la-mola\/#primaryimage","url":"https:\/\/www.formentera.es\/wp-content\/uploads\/2020\/04\/shutterstock_1167885031.jpg","contentUrl":"https:\/\/www.formentera.es\/wp-content\/uploads\/2020\/04\/shutterstock_1167885031.jpg","width":1800,"height":1012},{"@type":"BreadcrumbList","@id":"https:\/\/www.formentera.es\/ca\/explorar\/activitats\/rutes-verdes\/pla-de-la-mola\/#breadcrumb","itemListElement":[{"@type":"ListItem","position":1,"name":"Portada","item":"https:\/\/www.formentera.es\/ca\/"},{"@type":"ListItem","position":2,"name":"Explorar","item":"https:\/\/www.formentera.es\/ca\/explorar\/"},{"@type":"ListItem","position":3,"name":"Activitats","item":"https:\/\/www.formentera.es\/ca\/explorar\/activitats\/"},{"@type":"ListItem","position":4,"name":"Rutes verdes","item":"https:\/\/www.formentera.es\/ca\/explorar\/activitats\/rutes-verdes\/"},{"@type":"ListItem","position":5,"name":"Pla De La Mola"}]},{"@type":"WebSite","@id":"https:\/\/www.formentera.es\/#website","url":"https:\/\/www.formentera.es\/","name":"Turismo de Formentera","description":"Web oficial de Turismo de Formentera","potentialAction":[{"@type":"SearchAction","target":{"@type":"EntryPoint","urlTemplate":"https:\/\/www.formentera.es\/?s={search_term_string}"},"query-input":{"@type":"PropertyValueSpecification","valueRequired":true,"valueName":"search_term_string"}}],"inLanguage":"ca"}]}},"_links":{"self":[{"href":"https:\/\/www.formentera.es\/ca\/wp-json\/wp\/v2\/pages\/12095","targetHints":{"allow":["GET"]}}],"collection":[{"href":"https:\/\/www.formentera.es\/ca\/wp-json\/wp\/v2\/pages"}],"about":[{"href":"https:\/\/www.formentera.es\/ca\/wp-json\/wp\/v2\/types\/page"}],"author":[{"embeddable":true,"href":"https:\/\/www.formentera.es\/ca\/wp-json\/wp\/v2\/users\/1"}],"replies":[{"embeddable":true,"href":"https:\/\/www.formentera.es\/ca\/wp-json\/wp\/v2\/comments?post=12095"}],"version-history":[{"count":0,"href":"https:\/\/www.formentera.es\/ca\/wp-json\/wp\/v2\/pages\/12095\/revisions"}],"up":[{"embeddable":true,"href":"https:\/\/www.formentera.es\/ca\/wp-json\/wp\/v2\/pages\/2262"}],"wp:featuredmedia":[{"embeddable":true,"href":"https:\/\/www.formentera.es\/ca\/wp-json\/wp\/v2\/media\/11818"}],"wp:attachment":[{"href":"https:\/\/www.formentera.es\/ca\/wp-json\/wp\/v2\/media?parent=12095"}],"wp:term":[{"taxonomy":"category","embeddable":true,"href":"https:\/\/www.formentera.es\/ca\/wp-json\/wp\/v2\/categories?post=12095"}],"curies":[{"name":"wp","href":"https:\/\/api.w.org\/{rel}","templated":true}]}}